{"id":843,"date":"2022-05-06T18:56:44","date_gmt":"2022-05-07T04:56:44","guid":{"rendered":"https:\/\/www.service-public.pf\/art\/?page_id=843"},"modified":"2024-09-27T18:57:46","modified_gmt":"2024-09-28T04:57:46","slug":"le-service-de-lartisanat","status":"publish","type":"page","link":"https:\/\/www.service-public.pf\/art\/le-service-de-lartisanat\/","title":{"rendered":"Le service de l&rsquo;artisanat traditionnel"},"content":{"rendered":"<p><div class=\"fusion-fullwidth fullwidth-box fusion-builder-row-1 fusion-flex-container fusion-parallax-none nonhundred-percent-fullwidth non-hundred-percent-height-scrolling\" style=\"--awb-border-radius-top-left:0px;--awb-border-radius-top-right:0px;--awb-border-radius-bottom-right:0px;--awb-border-radius-bottom-left:0px;--awb-padding-top:5%;--awb-padding-bottom:5%;--awb-padding-left:5%;--awb-background-image:url(&quot;https:\/\/www.service-public.pf\/art\/wp-content\/uploads\/sites\/55\/2022\/07\/IMG-0416-1.jpg&quot;);--awb-background-size:cover;--awb-flex-wrap:wrap;\" ><div class=\"fusion-builder-row fusion-row fusion-flex-align-items-flex-start fusion-flex-content-wrap\" style=\"max-width:104%;margin-left: calc(-4% \/ 2 );margin-right: calc(-4% \/ 2 );\"><div class=\"fusion-layout-column fusion_builder_column fusion-builder-column-0 fusion_builder_column_1_1 1_1 fusion-flex-column\" style=\"--awb-bg-size:cover;--awb-width-large:100%;--awb-margin-top-large:0px;--awb-spacing-right-large:1.92%;--awb-margin-bottom-large:20px;--awb-spacing-left-large:1.92%;--awb-width-medium:100%;--awb-order-medium:0;--awb-spacing-right-medium:1.92%;--awb-spacing-left-medium:1.92%;--awb-width-small:100%;--awb-order-small:0;--awb-spacing-right-small:1.92%;--awb-spacing-left-small:1.92%;\"><div class=\"fusion-column-wrapper fusion-column-has-shadow fusion-flex-justify-content-flex-start fusion-content-layout-column\"><div class=\"fusion-title title fusion-title-1 fusion-sep-none fusion-title-text fusion-title-size-one\" style=\"--awb-text-color:#ffffff;--awb-margin-top-small:10px;--awb-margin-right-small:0px;--awb-margin-bottom-small:10px;--awb-margin-left-small:0px;\"><h1 class=\"fusion-title-heading title-heading-left\" style=\"margin:0;\">Le service de l&rsquo;artisanat traditionnel<\/h1><\/div><\/div><\/div><\/div><\/div><div class=\"fusion-fullwidth fullwidth-box fusion-builder-row-2 fusion-flex-container fusion-parallax-none nonhundred-percent-fullwidth non-hundred-percent-height-scrolling\" style=\"--awb-border-radius-top-left:0px;--awb-border-radius-top-right:0px;--awb-border-radius-bottom-right:0px;--awb-border-radius-bottom-left:0px;--awb-padding-top:3%;--awb-background-image:url(&quot;https:\/\/www.service-public.pf\/art\/wp-content\/uploads\/sites\/55\/2022\/04\/motif-background-300x126.png&quot;);--awb-background-size:cover;--awb-flex-wrap:wrap;\" ><div class=\"fusion-builder-row fusion-row fusion-flex-align-items-flex-start fusion-flex-content-wrap\" style=\"max-width:104%;margin-left: calc(-4% \/ 2 );margin-right: calc(-4% \/ 2 );\"><div class=\"fusion-layout-column fusion_builder_column fusion-builder-column-1 fusion_builder_column_2_3 2_3 fusion-flex-column\" style=\"--awb-bg-size:cover;--awb-width-large:66.666666666667%;--awb-margin-top-large:0px;--awb-spacing-right-large:2.88%;--awb-margin-bottom-large:20px;--awb-spacing-left-large:2.88%;--awb-width-medium:66.666666666667%;--awb-order-medium:0;--awb-spacing-right-medium:2.88%;--awb-spacing-left-medium:2.88%;--awb-width-small:100%;--awb-order-small:0;--awb-spacing-right-small:1.92%;--awb-spacing-left-small:1.92%;\"><div class=\"fusion-column-wrapper fusion-column-has-shadow fusion-flex-justify-content-flex-start fusion-content-layout-column\"><div class=\"fusion-title title fusion-title-2 fusion-sep-none fusion-title-center fusion-title-text fusion-title-size-two vct_title vct_title_center\" style=\"--awb-text-color:#0fb9e8;--awb-margin-bottom:5px;--awb-margin-top-small:10px;--awb-margin-right-small:0px;--awb-margin-bottom-small:10px;--awb-margin-left-small:0px;\"><h2 class=\"fusion-title-heading title-heading-center\" style=\"margin:0;\"><strong>LES MISSIONS DU SERVICE<\/strong><\/h2><\/div><div class=\"fusion-separator\" style=\"align-self: center;margin-left: auto;margin-right: auto;width:100%;max-width:10%;\"><div class=\"fusion-separator-border sep-single sep-solid\" style=\"--awb-height:20px;--awb-amount:20px;--awb-sep-color:#0fb9e8;border-color:#0fb9e8;border-top-width:2px;\"><\/div><\/div><\/div><\/div><div class=\"fusion-layout-column fusion_builder_column fusion-builder-column-2 fusion_builder_column_1_3 1_3 fusion-flex-column\" style=\"--awb-bg-size:cover;--awb-width-large:33.333333333333%;--awb-margin-top-large:0px;--awb-spacing-right-large:5.76%;--awb-margin-bottom-large:20px;--awb-spacing-left-large:5.76%;--awb-width-medium:33.333333333333%;--awb-order-medium:0;--awb-spacing-right-medium:5.76%;--awb-spacing-left-medium:5.76%;--awb-width-small:100%;--awb-order-small:0;--awb-spacing-right-small:1.92%;--awb-spacing-left-small:1.92%;\"><div class=\"fusion-column-wrapper fusion-column-has-shadow fusion-flex-justify-content-flex-start fusion-content-layout-column\"><div class=\"fusion-title title fusion-title-3 fusion-sep-none fusion-title-center fusion-title-text fusion-title-size-two vct_title vct_title_center\" style=\"--awb-text-color:#0fb9e8;--awb-margin-bottom:5px;--awb-margin-top-small:10px;--awb-margin-right-small:0px;--awb-margin-bottom-small:10px;--awb-margin-left-small:0px;\"><h2 class=\"fusion-title-heading title-heading-center\" style=\"margin:0;\"><strong>TEXTES REGLEMENTAIRES<\/strong><\/h2><\/div><div class=\"fusion-separator\" style=\"align-self: center;margin-left: auto;margin-right: auto;width:100%;max-width:10%;\"><div class=\"fusion-separator-border sep-single sep-solid\" style=\"--awb-height:20px;--awb-amount:20px;--awb-sep-color:#0fb9e8;border-color:#0fb9e8;border-top-width:2px;\"><\/div><\/div><\/div><\/div><\/div><\/div><div class=\"fusion-fullwidth fullwidth-box fusion-builder-row-3 fusion-flex-container nonhundred-percent-fullwidth non-hundred-percent-height-scrolling\" style=\"--awb-border-radius-top-left:0px;--awb-border-radius-top-right:0px;--awb-border-radius-bottom-right:0px;--awb-border-radius-bottom-left:0px;--awb-padding-right:10%;--awb-padding-left:10%;--awb-flex-wrap:wrap;\" ><div class=\"fusion-builder-row fusion-row fusion-flex-align-items-flex-start fusion-flex-content-wrap\" style=\"max-width:104%;margin-left: calc(-4% \/ 2 );margin-right: calc(-4% \/ 2 );\"><div class=\"fusion-layout-column fusion_builder_column fusion-builder-column-3 fusion_builder_column_2_3 2_3 fusion-flex-column\" style=\"--awb-bg-size:cover;--awb-width-large:66.666666666667%;--awb-margin-top-large:0px;--awb-spacing-right-large:2.88%;--awb-margin-bottom-large:20px;--awb-spacing-left-large:7.2%;--awb-width-medium:66.666666666667%;--awb-order-medium:0;--awb-spacing-right-medium:2.88%;--awb-spacing-left-medium:7.2%;--awb-width-small:100%;--awb-order-small:0;--awb-spacing-right-small:1.92%;--awb-spacing-left-small:1.92%;\"><div class=\"fusion-column-wrapper fusion-column-has-shadow fusion-flex-justify-content-flex-start fusion-content-layout-column\"><div class=\"fusion-text fusion-text-1\"><p>Le Service de l\u2019artisanat traditionnel &#8211; Te p\u016b ohipa rima\u2019\u012b est une administration de proximit\u00e9 qui dispose d\u2019une comp\u00e9tence g\u00e9n\u00e9rale en mati\u00e8re d\u2019artisanat traditionnel.<\/p>\n<p>Dans ce cadre, il pilote et met en \u0153uvre les orientations et la programmation annuelle du gouvernement de la Polyn\u00e9sie fran\u00e7aise avec pour objectifs principaux la professionnalisation et la promotion du secteur de l\u2019artisanat traditionnel, et l\u2019am\u00e9lioration du d\u00e9veloppement \u00e9conomique du secteur.<\/p>\n<p>Voici les missions qui lui sont confi\u00e9es :<\/p>\n<\/div><div class=\"accordian fusion-accordian\" style=\"--awb-border-size:1px;--awb-icon-size:16px;--awb-content-font-size:16px;--awb-icon-alignment:left;--awb-hover-color:#f9f9fb;--awb-border-color:#e2e2e2;--awb-background-color:#ffffff;--awb-divider-color:#e2e2e2;--awb-divider-hover-color:#e2e2e2;--awb-icon-color:#fff9f9;--awb-title-color:#212934;--awb-content-color:#4a4e57;--awb-icon-box-color:#005f8c;--awb-toggle-hover-accent-color:#005f8c;--awb-toggle-active-accent-color:#005f8c;--awb-title-font-family:&quot;Josefin Sans&quot;;--awb-title-font-weight:400;--awb-title-font-style:normal;--awb-title-font-size:20px;--awb-content-font-family:&quot;Open Sans&quot;;--awb-content-font-style:normal;--awb-content-font-weight:400;\"><div class=\"panel-group fusion-toggle-icon-boxed\" id=\"accordion-843-1\"><div class=\"fusion-panel panel-default vct_toggle_dark_blue panel-82062aac64a9d322a fusion-toggle-has-divider\"><div class=\"panel-heading\"><h4 class=\"panel-title toggle\" id=\"toggle_82062aac64a9d322a\"><a aria-expanded=\"false\" aria-controls=\"82062aac64a9d322a\" role=\"button\" data-toggle=\"collapse\" data-parent=\"#accordion-843-1\" data-target=\"#82062aac64a9d322a\" href=\"#82062aac64a9d322a\"><span class=\"fusion-toggle-icon-wrapper\" aria-hidden=\"true\"><i class=\"fa-fusion-box active-icon awb-icon-minus\" aria-hidden=\"true\"><\/i><i class=\"fa-fusion-box inactive-icon awb-icon-plus\" aria-hidden=\"true\"><\/i><\/span><span class=\"fusion-toggle-heading\">Structurer, professionnaliser et promouvoir le secteur<\/span><\/a><\/h4><\/div><div id=\"82062aac64a9d322a\" class=\"panel-collapse collapse \" aria-labelledby=\"toggle_82062aac64a9d322a\"><div class=\"panel-body toggle-content fusion-clearfix\">\n<ul>\n<li>Mener les \u00e9tudes n\u00e9cessaires \u00e0 l\u2019\u00e9laboration des programmes relatifs au d\u00e9veloppement et \u00e0 l\u2019am\u00e9nagement de centres \u00e0 vocation artisanale sur l\u2019ensemble du territoire de la Polyn\u00e9sie fran\u00e7aise<\/li>\n<li>Proposer et pr\u00e9parer tout projet de cr\u00e9ation ou modification de textes r\u00e9glementant le secteur de l\u2019artisanat traditionnel et\/ou la profession d\u2019artisan traditionnel<\/li>\n<li>R\u00e9unir et traiter toute information relative \u00e0 l\u2019artisanat traditionnel en Polyn\u00e9sie fran\u00e7aise et \u00e0 ses produits, d\u00e9terminer les besoins ; proc\u00e9der aux \u00e9tudes n\u00e9cessaires et transmettre les informations au minist\u00e8re de tutelle<\/li>\n<li>Conseiller les acteurs du secteur de l\u2019artisanat en mati\u00e8re de gestion et d\u2019organisation de leurs structures et de leurs \u00e9v\u00e9nements<\/li>\n<li>Informer par tous moyens les artisans des textes, dispositifs et contraintes qui s&rsquo;appliquent \u00e0 leur activit\u00e9<\/li>\n<\/ul>\n<\/div><\/div><\/div><div class=\"fusion-panel panel-default vct_toggle_dark_blue panel-8b606b3ebb4ff804f fusion-toggle-has-divider\" style=\"--awb-title-color:#212934;--awb-content-color:#4a4e57;\"><div class=\"panel-heading\"><h4 class=\"panel-title toggle\" id=\"toggle_8b606b3ebb4ff804f\"><a aria-expanded=\"false\" aria-controls=\"8b606b3ebb4ff804f\" role=\"button\" data-toggle=\"collapse\" data-parent=\"#accordion-843-1\" data-target=\"#8b606b3ebb4ff804f\" href=\"#8b606b3ebb4ff804f\"><span class=\"fusion-toggle-icon-wrapper\" aria-hidden=\"true\"><i class=\"fa-fusion-box active-icon awb-icon-minus\" aria-hidden=\"true\"><\/i><i class=\"fa-fusion-box inactive-icon awb-icon-plus\" aria-hidden=\"true\"><\/i><\/span><span class=\"fusion-toggle-heading\">Accompagner le d\u00e9veloppement \u00e9conomique et social du secteur<\/span><\/a><\/h4><\/div><div id=\"8b606b3ebb4ff804f\" class=\"panel-collapse collapse \" aria-labelledby=\"toggle_8b606b3ebb4ff804f\"><div class=\"panel-body toggle-content fusion-clearfix\">\n<ul>\n<li>Traiter toute demande \u00e9manant du secteur, et notamment celles relevant de l&rsquo;acc\u00e8s aux dispositifs individuels ainsi qu&rsquo;aux aides individuelles et collectives<\/li>\n<li>Proposer, organiser et financer des formations adapt\u00e9es aux enjeux et besoins du secteur et de ses professionnels<\/li>\n<li>Elaborer et proposer aux autorit\u00e9s comp\u00e9tentes un programme de manifestations int\u00e9rieures et ext\u00e9rieures ; en assurer le suivi en lien avec les organisateurs, publics ou priv\u00e9s<\/li>\n<li>Participer \u00e0 la prospection des march\u00e9s potentiels tant sur le plan local qu\u2019ext\u00e9rieur, afin de d\u00e9finir et\/ou d\u00e9velopper de nouveaux r\u00e9seaux de promotion et de vente<\/li>\n<li>Faire toutes propositions et mener toutes actions propres \u00e0<span style=\"font-size: 12pt\"> d\u00e9velopper <\/span>l\u2019animation artisanale<\/li>\n<li>Accompagner les artisans dans l&rsquo;approvisionnement et la gestion des mati\u00e8res premi\u00e8res et des produits finis<\/li>\n<\/ul>\n<\/div><\/div><\/div><div class=\"fusion-panel panel-default vct_toggle_dark_blue panel-9831ecf2df276318d fusion-toggle-has-divider\" style=\"--awb-title-color:#212934;--awb-content-color:#4a4e57;\"><div class=\"panel-heading\"><h4 class=\"panel-title toggle\" id=\"toggle_9831ecf2df276318d\"><a aria-expanded=\"false\" aria-controls=\"9831ecf2df276318d\" role=\"button\" data-toggle=\"collapse\" data-parent=\"#accordion-843-1\" data-target=\"#9831ecf2df276318d\" href=\"#9831ecf2df276318d\"><span class=\"fusion-toggle-icon-wrapper\" aria-hidden=\"true\"><i class=\"fa-fusion-box active-icon awb-icon-minus\" aria-hidden=\"true\"><\/i><i class=\"fa-fusion-box inactive-icon awb-icon-plus\" aria-hidden=\"true\"><\/i><\/span><span class=\"fusion-toggle-heading\">Contr\u00f4ler la qualit\u00e9 des produits ainsi que des dispositifs de soutien<\/span><\/a><\/h4><\/div><div id=\"9831ecf2df276318d\" class=\"panel-collapse collapse \" aria-labelledby=\"toggle_9831ecf2df276318d\"><div class=\"panel-body toggle-content fusion-clearfix\">\n<ul>\n<li>D\u00e9finir, en lien avec les services comp\u00e9tents, tout dispositif permettant la protection des produits de l\u2019artisanat traditionnel<\/li>\n<li><span style=\"font-size: 18pt;color: #99cc00\"><strong>Contr\u00f4ler<\/strong><\/span> toute utilisation des dispositifs mis en \u0153uvre au b\u00e9n\u00e9fice de l&rsquo;artisanat traditionnel, des structures \u00e0 vocation artisanale, des aides allou\u00e9es au secteur<\/li>\n<li>Constater les manquements aux r\u00e8glementations ci-dessus, adresser aux professionnels des recommandations et donner les suites qui s\u2019imposent<\/li>\n<\/ul>\n<\/div><\/div><\/div><div class=\"fusion-panel panel-default vct_toggle_dark_blue panel-8865127eeddf87ec6 fusion-toggle-has-divider\" style=\"--awb-title-color:#212934;--awb-content-color:#4a4e57;\"><div class=\"panel-heading\"><h4 class=\"panel-title toggle\" id=\"toggle_8865127eeddf87ec6\"><a aria-expanded=\"false\" aria-controls=\"8865127eeddf87ec6\" role=\"button\" data-toggle=\"collapse\" data-parent=\"#accordion-843-1\" data-target=\"#8865127eeddf87ec6\" href=\"#8865127eeddf87ec6\"><span class=\"fusion-toggle-icon-wrapper\" aria-hidden=\"true\"><i class=\"fa-fusion-box active-icon awb-icon-minus\" aria-hidden=\"true\"><\/i><i class=\"fa-fusion-box inactive-icon awb-icon-plus\" aria-hidden=\"true\"><\/i><\/span><span class=\"fusion-toggle-heading\">Favoriser et impulser les d\u00e9marches innovantes, concepts, \u00e9v\u00e9nements et outils utiles \u00e0 la bonne sant\u00e9 du secteur<\/span><\/a><\/h4><\/div><div id=\"8865127eeddf87ec6\" class=\"panel-collapse collapse \" aria-labelledby=\"toggle_8865127eeddf87ec6\"><div class=\"panel-body toggle-content fusion-clearfix\">\n<ul>\n<li>Initier et <span style=\"color: #3366ff;font-size: 18pt\"><strong>d\u00e9velopper<\/strong><\/span>, sur tout support et en tout lieu, des concepts, \u00e9v\u00e9nements et rendez-vous ayant pour objectif la professionnalisation du secteur de l&rsquo;artisanat traditionnel ; la promotion du secteur et de ses produits ; la diversification du secteur ; la cr\u00e9ation d\u2019opportunit\u00e9s d&rsquo;expositions, de formation et\/ou de vente de produits.<\/li>\n<li>Initier la cr\u00e9ation de structures et outils utiles au bon fonctionnement et au d\u00e9veloppement du secteur, notamment s&rsquo;agissant de la p\u00e9rennit\u00e9 de l&rsquo;approvisionnement en mati\u00e8res premi\u00e8res et de la transmission des savoir-faire traditionnels<\/li>\n<\/ul>\n<\/div><\/div><\/div><\/div><\/div><div class=\"fusion-text fusion-text-2\" style=\"--awb-margin-top:30px;\"><p>Vous souhaitez nous rejoindre ? Consultez le <a href=\"https:\/\/dgrhpf-career.talent-soft.com\/accueil.aspx?LCID=1036\" target=\"_blank\" rel=\"noopener\"><strong>site d\u2019offres d\u2019emploi DGRH (talent-soft.com)<\/strong><\/a><\/p>\n<\/div><\/div><\/div><div class=\"fusion-layout-column fusion_builder_column fusion-builder-column-4 fusion_builder_column_1_3 1_3 fusion-flex-column\" style=\"--awb-bg-size:cover;--awb-width-large:33.333333333333%;--awb-margin-top-large:0px;--awb-spacing-right-large:5.76%;--awb-margin-bottom-large:20px;--awb-spacing-left-large:5.76%;--awb-width-medium:33.333333333333%;--awb-order-medium:0;--awb-spacing-right-medium:5.76%;--awb-spacing-left-medium:5.76%;--awb-width-small:100%;--awb-order-small:0;--awb-spacing-right-small:1.92%;--awb-spacing-left-small:1.92%;\"><div class=\"fusion-column-wrapper fusion-column-has-shadow fusion-flex-justify-content-flex-start fusion-content-layout-column\"><div class=\"fusion-text fusion-text-3 fusion-text-no-margin vct_download_documents\" style=\"--awb-margin-bottom:10%;\"><p><a href=\"https:\/\/www.service-public.pf\/art\/wp-content\/uploads\/sites\/55\/2022\/05\/LP-STATUT-Loi-du-Pays-n\u00b0-2022-14-du-04_02_2022.pdf\">Loi du Pays relative au statut de l&rsquo;artisan traditionnel de Polyn\u00e9sie fran\u00e7aise<\/a><\/p>\n<p><a href=\"https:\/\/www.service-public.pf\/art\/wp-content\/uploads\/sites\/55\/2022\/05\/2-STATUT-ATE-Arrete-n\u00b0-479-CM-du-31-03-2022-Light-min.pdf\">Arr\u00eat\u00e9 d&rsquo;application de la Loi du Pays \u00ab\u00a0Statut\u00a0\u00bb<\/a><\/p>\n<p><a href=\"https:\/\/www.service-public.pf\/art\/wp-content\/uploads\/sites\/55\/2022\/05\/LP-AIDES-Loi-du-Pays-n\u00b0-2022-15-du-04-02-2022.pdf\">Loi du Pays relative aux aides au secteur de l&rsquo;artisanat traditionnel<\/a><\/p>\n<p><a href=\"https:\/\/www.service-public.pf\/art\/wp-content\/uploads\/sites\/55\/2022\/05\/4-AIDES-ATE-Arrete-n\u00b0-648-CM-du-05-mai-2022.pdf\">Arr\u00eat\u00e9 d&rsquo;application de la Loi du Pays \u00ab\u00a0Aides au secteur\u00a0\u00bb<\/a><\/p>\n<p><a href=\"https:\/\/www.service-public.pf\/art\/wp-content\/uploads\/sites\/55\/2022\/05\/da-liba-ration-11-10-1984.original.pdf\">D\u00e9lib\u00e9ration portant cr\u00e9ation du service de l&rsquo;artisanat traditionnel de Polyn\u00e9sie fran\u00e7aise<\/a><\/p>\n<p><a href=\"https:\/\/www.service-public.pf\/art\/wp-content\/uploads\/sites\/55\/2022\/05\/da-liba-ration-11-10-1984.original.pdf\">Arr\u00eat\u00e9 relatif \u00e0 l&rsquo;organisation et au fonctionnement du service de l&rsquo;artisanat traditionnel<\/a><\/p>\n<\/div><\/div><\/div><\/div><\/div><\/p>\n","protected":false},"excerpt":{"rendered":"","protected":false},"author":245,"featured_media":1459,"parent":0,"menu_order":0,"comment_status":"closed","ping_status":"closed","template":"","meta":{"_seopress_robots_primary_cat":"","_seopress_titles_title":"","_seopress_titles_desc":"","_seopress_robots_index":"","footnotes":""},"class_list":["post-843","page","type-page","status-publish","has-post-thumbnail","hentry"],"_links":{"self":[{"href":"https:\/\/www.service-public.pf\/art\/wp-json\/wp\/v2\/pages\/843","targetHints":{"allow":["GET"]}}],"collection":[{"href":"https:\/\/www.service-public.pf\/art\/wp-json\/wp\/v2\/pages"}],"about":[{"href":"https:\/\/www.service-public.pf\/art\/wp-json\/wp\/v2\/types\/page"}],"author":[{"embeddable":true,"href":"https:\/\/www.service-public.pf\/art\/wp-json\/wp\/v2\/users\/245"}],"replies":[{"embeddable":true,"href":"https:\/\/www.service-public.pf\/art\/wp-json\/wp\/v2\/comments?post=843"}],"version-history":[{"count":4,"href":"https:\/\/www.service-public.pf\/art\/wp-json\/wp\/v2\/pages\/843\/revisions"}],"predecessor-version":[{"id":6277,"href":"https:\/\/www.service-public.pf\/art\/wp-json\/wp\/v2\/pages\/843\/revisions\/6277"}],"wp:featuredmedia":[{"embeddable":true,"href":"https:\/\/www.service-public.pf\/art\/wp-json\/wp\/v2\/media\/1459"}],"wp:attachment":[{"href":"https:\/\/www.service-public.pf\/art\/wp-json\/wp\/v2\/media?parent=843"}],"curies":[{"name":"wp","href":"https:\/\/api.w.org\/{rel}","templated":true}]}}