{"id":1641,"date":"2017-09-26T22:04:55","date_gmt":"2017-09-26T20:04:55","guid":{"rendered":"https:\/\/www.service-public.pf\/sdr\/?page_id=1641"},"modified":"2022-02-22T11:20:19","modified_gmt":"2022-02-22T21:20:19","slug":"foncier","status":"publish","type":"page","link":"https:\/\/www.service-public.pf\/dag\/foncier\/","title":{"rendered":"Foncier agricole"},"content":{"rendered":"<div class=\"fusion-fullwidth fullwidth-box fusion-builder-row-1 nonhundred-percent-fullwidth non-hundred-percent-height-scrolling\" style=\"--awb-background-position:left top;--awb-border-sizes-top:0px;--awb-border-sizes-bottom:0px;--awb-border-sizes-left:0px;--awb-border-sizes-right:0px;--awb-border-color:#eaeaea;--awb-border-radius-top-left:0px;--awb-border-radius-top-right:0px;--awb-border-radius-bottom-right:0px;--awb-border-radius-bottom-left:0px;--awb-padding-top:30px;--awb-padding-bottom:0px;--awb-background-color:#ffffff;--awb-flex-wrap:wrap;\" ><div class=\"fusion-builder-row fusion-row\"><div class=\"fusion-layout-column fusion_builder_column fusion-builder-column-0 fusion_builder_column_1_1 1_1 fusion-one-full fusion-column-first fusion-column-last fusion-column-no-min-height\" style=\"--awb-bg-size:cover;--awb-margin-bottom:0px;\"><div class=\"fusion-column-wrapper fusion-flex-column-wrapper-legacy\"><div class=\"fusion-tabs fusion-tabs-1 classic nav-is-justified dag-flip horizontal-tabs icon-position-left mobile-mode-accordion\" style=\"--awb-title-border-radius-top-left:0px;--awb-title-border-radius-top-right:0px;--awb-title-border-radius-bottom-right:0px;--awb-title-border-radius-bottom-left:0px;--awb-inactive-color:#9e1f62;--awb-background-color:rgba(158,31,98,0.06);--awb-border-color:#ebeaea;--awb-active-border-color:#9e1f62;\"><div class=\"nav\"><ul class=\"nav-tabs nav-justified\" role=\"tablist\" aria-orientation=\"horizontal\"><li class=\"active\" role=\"presentation\"><a class=\"tab-link\" data-toggle=\"tab\" role=\"tab\" aria-controls=\"tab-c95923e753280ec3c97\" aria-selected=\"true\" tabindex=\"0\" id=\"fusion-tab-c95923e753280ec3c97\" href=\"#tab-c95923e753280ec3c97\"><h4 class=\"fusion-tab-heading\">Les lotissements agricoles<\/h4><\/a><\/li><li  role=\"presentation\"><a class=\"tab-link\" data-toggle=\"tab\" role=\"tab\" aria-controls=\"tab-1089b0fa2b5176fb28c\" aria-selected=\"false\" tabindex=\"-1\" id=\"fusion-tab-1089b0fa2b5176fb28c\" href=\"#tab-1089b0fa2b5176fb28c\"><h4 class=\"fusion-tab-heading\">Comment obtenir une terre ? <\/h4><\/a><\/li><\/ul><\/div><div class=\"tab-content\"><div class=\"nav fusion-mobile-tab-nav\"><ul class=\"nav-tabs nav-justified\" role=\"tablist\" aria-orientation=\"horizontal\"><li class=\"active\" role=\"presentation\"><a class=\"tab-link\" data-toggle=\"tab\" role=\"tab\" aria-controls=\"tab-c95923e753280ec3c97\" aria-selected=\"true\" tabindex=\"0\" id=\"mobile-fusion-tab-c95923e753280ec3c97\" href=\"#tab-c95923e753280ec3c97\"><h4 class=\"fusion-tab-heading\">Les lotissements agricoles<\/h4><\/a><\/li><\/ul><\/div><div class=\"tab-pane fade fusion-clearfix in active\" role=\"tabpanel\" tabindex=\"0\" aria-labelledby=\"fusion-tab-c95923e753280ec3c97\" id=\"tab-c95923e753280ec3c97\">\n<div class=\"fusion-content-boxes content-boxes columns row fusion-columns-3 fusion-columns-total-3 fusion-content-boxes-1 content-boxes-icon-on-top content-left\" style=\"--awb-backgroundcolor:transparent;--awb-iconcolor:#9e1f62;--awb-hover-accent-color:#9e1f62;--awb-circle-hover-accent-color:transparent;\" data-animationOffset=\"top-into-view\"><div style=\"--awb-backgroundcolor:transparent;--awb-iconcolor:#9e1f62;\" class=\"fusion-column content-box-column content-box-column content-box-column-1 col-lg-4 col-md-4 col-sm-4 fusion-content-box-hover content-box-column-first-in-row\"><div class=\"col content-box-wrapper content-wrapper link-area-box link-type-text icon-hover-animation-fade\" data-link=\"https:\/\/www.service-public.pf\/sdr\/wp-content\/uploads\/sites\/28\/2017\/09\/presentation_lotissements_agricoles_aer_-_foire_2011_1_2_2_.ppt\" data-link-target=\"_self\" data-animationOffset=\"top-into-view\"><div class=\"heading heading-with-icon icon-left\"><a class=\"heading-link\" href=\"https:\/\/www.service-public.pf\/sdr\/wp-content\/uploads\/sites\/28\/2017\/09\/presentation_lotissements_agricoles_aer_-_foire_2011_1_2_2_.ppt\" target=\"_self\"><div class=\"icon\"><i style=\"background-color:transparent;border-color:transparent;height:auto;width: 80px;line-height:normal;font-size:80px;\" aria-hidden=\"true\" class=\"fontawesome-icon fa fa-file-powerpoint-o circle-no\"><\/i><\/div><h2 class=\"content-box-heading\" style=\"--h2_typography-font-size:21px;line-height:26px;\">Cartographie et fiche signal\u00e9tique des lotissements agricoles en Polyn\u00e9sie Fran\u00e7aise 1\/2<\/h2><\/a><\/div><\/div><\/div><div style=\"--awb-backgroundcolor:transparent;--awb-iconcolor:#9e1f62;\" class=\"fusion-column content-box-column content-box-column content-box-column-2 col-lg-4 col-md-4 col-sm-4 fusion-content-box-hover \"><div class=\"col content-box-wrapper content-wrapper link-area-box link-type-text icon-hover-animation-fade\" data-link=\"https:\/\/www.service-public.pf\/sdr\/wp-content\/uploads\/sites\/28\/2017\/09\/presentation_lotissements_agricoles_aer_-_foire_2011_2_2.pdf\" data-link-target=\"_blank\" data-animationOffset=\"top-into-view\"><div class=\"heading heading-with-icon icon-left\"><a class=\"heading-link\" href=\"https:\/\/www.service-public.pf\/sdr\/wp-content\/uploads\/sites\/28\/2017\/09\/presentation_lotissements_agricoles_aer_-_foire_2011_2_2.pdf\" target=\"_blank\" rel=\"noopener noreferrer\"><div class=\"icon\"><i style=\"background-color:transparent;border-color:transparent;height:auto;width: 80px;line-height:normal;font-size:80px;\" aria-hidden=\"true\" class=\"fontawesome-icon fa fa-file-pdf-o circle-no\"><\/i><\/div><h2 class=\"content-box-heading\" style=\"--h2_typography-font-size:21px;line-height:26px;\">Cartographie et fiche signal\u00e9tique des lotissements agricoles en Polyn\u00e9sie Fran\u00e7aise 2\/2<\/h2><\/a><\/div><\/div><\/div><div style=\"--awb-backgroundcolor:transparent;--awb-iconcolor:#9e1f62;\" class=\"fusion-column content-box-column content-box-column content-box-column-3 col-lg-4 col-md-4 col-sm-4 fusion-content-box-hover content-box-column-last content-box-column-last-in-row\"><div class=\"col content-box-wrapper content-wrapper link-area-box link-type-text icon-hover-animation-fade\" data-link=\"https:\/\/www.service-public.pf\/sdr\/wp-content\/uploads\/sites\/28\/2017\/09\/lotissement_agricole_marumarutua-2.pdf\" data-link-target=\"_blank\" data-animationOffset=\"top-into-view\"><div class=\"heading heading-with-icon icon-left\"><a class=\"heading-link\" href=\"https:\/\/www.service-public.pf\/sdr\/wp-content\/uploads\/sites\/28\/2017\/09\/lotissement_agricole_marumarutua-2.pdf\" target=\"_blank\" rel=\"noopener noreferrer\"><div class=\"icon\"><i style=\"background-color:transparent;border-color:transparent;height:auto;width: 80px;line-height:normal;font-size:80px;\" aria-hidden=\"true\" class=\"fontawesome-icon fa fa-file-pdf-o circle-no\"><\/i><\/div><h2 class=\"content-box-heading\" style=\"--h2_typography-font-size:21px;line-height:26px;\">Lotissement_Agricole_Marumarutua<\/h2><\/a><\/div><\/div><\/div><div class=\"fusion-clearfix\"><\/div><\/div>\n<\/div><div class=\"nav fusion-mobile-tab-nav\"><ul class=\"nav-tabs nav-justified\" role=\"tablist\" aria-orientation=\"horizontal\"><li  role=\"presentation\"><a class=\"tab-link\" data-toggle=\"tab\" role=\"tab\" aria-controls=\"tab-1089b0fa2b5176fb28c\" aria-selected=\"false\" tabindex=\"-1\" id=\"mobile-fusion-tab-1089b0fa2b5176fb28c\" href=\"#tab-1089b0fa2b5176fb28c\"><h4 class=\"fusion-tab-heading\">Comment obtenir une terre ? <\/h4><\/a><\/li><\/ul><\/div><div class=\"tab-pane fade fusion-clearfix\" role=\"tabpanel\" tabindex=\"0\" aria-labelledby=\"fusion-tab-1089b0fa2b5176fb28c\" id=\"tab-1089b0fa2b5176fb28c\">\n<div class=\"fusion-title title fusion-title-1 fusion-sep-none fusion-title-text fusion-title-size-four\" style=\"--awb-margin-top-small:0px;--awb-margin-right-small:0px;--awb-margin-bottom-small:20px;--awb-margin-left-small:0px;\"><h4 class=\"fusion-title-heading title-heading-left\" style=\"margin:0;\">La CALLA et la Commission de domaine<\/h4><\/div>\n<ul style=\"--awb-size:16px;--awb-line-height:27.2px;--awb-icon-width:27.2px;--awb-icon-height:27.2px;--awb-icon-margin:11.2px;--awb-content-margin:38.4px;\" class=\"fusion-checklist fusion-checklist-1 fusion-checklist-default type-icons\"><li class=\"fusion-li-item\" style=\"\"><span class=\"icon-wrapper circle-no\"><i class=\"fusion-li-icon fa fa-angle-double-right\" aria-hidden=\"true\"><\/i><\/span><div class=\"fusion-li-item-content\">CALLA concerne les lotissements agricole,<\/div><\/li><li class=\"fusion-li-item\" style=\"\"><span class=\"icon-wrapper circle-no\"><i class=\"fusion-li-icon fa fa-angle-double-right\" aria-hidden=\"true\"><\/i><\/span><div class=\"fusion-li-item-content\">CEI concerne les terres domaniales pouvant appartenir au SDR mais hors lotissement agricole.<\/div><\/li><\/ul>\n<div class=\"fusion-title title fusion-title-2 fusion-sep-none fusion-title-text fusion-title-size-four\" style=\"--awb-margin-top-small:0px;--awb-margin-right-small:0px;--awb-margin-bottom-small:20px;--awb-margin-left-small:0px;\"><h4 class=\"fusion-title-heading title-heading-left\" style=\"margin:0;\">LA CALLA<\/h4><\/div>\n<ul style=\"--awb-size:16px;--awb-line-height:27.2px;--awb-icon-width:27.2px;--awb-icon-height:27.2px;--awb-icon-margin:11.2px;--awb-content-margin:38.4px;\" class=\"fusion-checklist fusion-checklist-2 fusion-checklist-default type-icons\"><li class=\"fusion-li-item\" style=\"\"><span class=\"icon-wrapper circle-no\"><i class=\"fusion-li-icon fa fa-angle-double-right\" aria-hidden=\"true\"><\/i><\/span><div class=\"fusion-li-item-content\">Etablir une demande de terre domaniale (si l\u2019int\u00e9ress\u00e9(e) est agriculteur ou non, imprimer le formulaire ad\u00e9quat et le remplir),<\/div><\/li><li class=\"fusion-li-item\" style=\"\"><span class=\"icon-wrapper circle-no\"><i class=\"fusion-li-icon fa fa-angle-double-right\" aria-hidden=\"true\"><\/i><\/span><div class=\"fusion-li-item-content\">D\u00e9poser le formulaire renseign\u00e9 et compl\u00e9t\u00e9 des pi\u00e8ces jointes dans une antenne du SDR,<\/div><\/li><li class=\"fusion-li-item\" style=\"\"><span class=\"icon-wrapper circle-no\"><i class=\"fusion-li-icon fa fa-angle-double-right\" aria-hidden=\"true\"><\/i><\/span><div class=\"fusion-li-item-content\">Le dossier sera pr\u00e9sent\u00e9 en CALLA qui rendra un avis (Commission d\u2019Attribution des Lots des Lotissements Agricoles),<\/div><\/li><li class=\"fusion-li-item\" style=\"\"><span class=\"icon-wrapper circle-no\"><i class=\"fusion-li-icon fa fa-angle-double-right\" aria-hidden=\"true\"><\/i><\/span><div class=\"fusion-li-item-content\">L\u2019int\u00e9ress\u00e9(e) re\u00e7oit un courrier pour lui notifier l\u2019avis de la CALLA (favorable ou non),<\/div><\/li><li class=\"fusion-li-item\" style=\"\"><span class=\"icon-wrapper circle-no\"><i class=\"fusion-li-icon fa fa-angle-double-right\" aria-hidden=\"true\"><\/i><\/span><div class=\"fusion-li-item-content\">D\u00e8s lors que le bail est sign\u00e9, l\u2019occupation du sol peut se faire par l\u2019int\u00e9ress\u00e9(e).<\/div><\/li><\/ul>\n<div class=\"fusion-content-boxes content-boxes columns row fusion-columns-3 fusion-columns-total-3 fusion-content-boxes-2 content-boxes-icon-on-top content-left\" style=\"--awb-backgroundcolor:transparent;--awb-iconcolor:#9e1f62;--awb-hover-accent-color:#9e1f62;--awb-circle-hover-accent-color:transparent;\" data-animationOffset=\"top-into-view\"><div style=\"--awb-backgroundcolor:transparent;--awb-iconcolor:#9e1f62;\" class=\"fusion-column content-box-column content-box-column content-box-column-1 col-lg-4 col-md-4 col-sm-4 fusion-content-box-hover content-box-column-first-in-row\"><div class=\"col content-box-wrapper content-wrapper link-area-box link-type-text icon-hover-animation-fade\" data-link=\"https:\/\/www.service-public.pf\/sdr\/wp-content\/uploads\/sites\/28\/2017\/09\/formulaire_dde_de_td__exploitant__sdr.pdf\" data-link-target=\"_self\" data-animationOffset=\"top-into-view\"><div class=\"heading heading-with-icon icon-left\"><a class=\"heading-link\" href=\"https:\/\/www.service-public.pf\/sdr\/wp-content\/uploads\/sites\/28\/2017\/09\/formulaire_dde_de_td__exploitant__sdr.pdf\" target=\"_self\"><div class=\"icon\"><i style=\"background-color:transparent;border-color:transparent;height:auto;width: 80px;line-height:normal;font-size:80px;\" aria-hidden=\"true\" class=\"fontawesome-icon fa fa-file-pdf-o circle-no\"><\/i><\/div><h2 class=\"content-box-heading\" style=\"--h2_typography-font-size:21px;line-height:26px;\">Formulaire de demande exploitant agricole<\/h2><\/a><\/div><\/div><\/div><div style=\"--awb-backgroundcolor:transparent;--awb-iconcolor:#9e1f62;\" class=\"fusion-column content-box-column content-box-column content-box-column-2 col-lg-4 col-md-4 col-sm-4 fusion-content-box-hover \"><div class=\"col content-box-wrapper content-wrapper link-area-box link-type-text icon-hover-animation-fade\" data-link=\"https:\/\/www.service-public.pf\/dag\/wp-content\/uploads\/sites\/28\/2019\/12\/Formulaire-de-demande-de-agricoles-pour-futurs-exploitants.pdf\" data-link-target=\"_blank\" data-animationOffset=\"top-into-view\"><div class=\"heading heading-with-icon icon-left\"><a class=\"heading-link\" href=\"https:\/\/www.service-public.pf\/dag\/wp-content\/uploads\/sites\/28\/2019\/12\/Formulaire-de-demande-de-agricoles-pour-futurs-exploitants.pdf\" target=\"_blank\" rel=\"noopener noreferrer\"><div class=\"icon\"><i style=\"background-color:transparent;border-color:transparent;height:auto;width: 80px;line-height:normal;font-size:80px;\" aria-hidden=\"true\" class=\"fontawesome-icon fa fa-file-pdf-o circle-no\"><\/i><\/div><h2 class=\"content-box-heading\" style=\"--h2_typography-font-size:21px;line-height:26px;\">Formulaire de demande de location de lots agricoles<\/h2><\/a><\/div><\/div><\/div><div style=\"--awb-backgroundcolor:transparent;--awb-iconcolor:#9e1f62;\" class=\"fusion-column content-box-column content-box-column content-box-column-3 col-lg-4 col-md-4 col-sm-4 fusion-content-box-hover content-box-column-last content-box-column-last-in-row\"><div class=\"col content-box-wrapper content-wrapper link-area-box link-type-text icon-hover-animation-fade\" data-link=\"https:\/\/www.service-public.pf\/sdr\/wp-content\/uploads\/sites\/28\/2017\/09\/arrete_no_1334_cm_du_08_09_2015.pdf\" data-link-target=\"_blank\" data-animationOffset=\"top-into-view\"><div class=\"heading heading-with-icon icon-left\"><a class=\"heading-link\" href=\"https:\/\/www.service-public.pf\/sdr\/wp-content\/uploads\/sites\/28\/2017\/09\/arrete_no_1334_cm_du_08_09_2015.pdf\" target=\"_blank\" rel=\"noopener noreferrer\"><div class=\"icon\"><i style=\"background-color:transparent;border-color:transparent;height:auto;width: 80px;line-height:normal;font-size:80px;\" aria-hidden=\"true\" class=\"fontawesome-icon fa fa-file-pdf-o circle-no\"><\/i><\/div><h2 class=\"content-box-heading\" style=\"--h2_typography-font-size:21px;line-height:26px;\">ARRETE n\u00b01334 CM du 8 septembre 2015 relatif \u00e0 l\u2019acquisition, la gestion et la cession du domaine public et priv\u00e9 de la Polyn\u00e9sie fran\u00e7aise.<\/h2><\/a><\/div><\/div><\/div><div class=\"fusion-clearfix\"><\/div><\/div>\n<\/div><\/div><\/div><div class=\"fusion-clearfix\"><\/div><\/div><\/div><div class=\"fusion-layout-column fusion_builder_column fusion-builder-column-1 fusion_builder_column_1_4 1_4 fusion-one-fourth fusion-column-first\" style=\"--awb-bg-size:cover;width:25%;width:calc(25% - ( ( 4% + 4% ) * 0.25 ) );margin-right: 4%;\"><div class=\"fusion-column-wrapper fusion-flex-column-wrapper-legacy\"><div class=\"fusion-clearfix\"><\/div><\/div><\/div><div class=\"fusion-layout-column fusion_builder_column fusion-builder-column-2 fusion_builder_column_1_2 1_2 fusion-one-half\" style=\"--awb-bg-size:cover;--awb-margin-bottom:0px;width:50%;width:calc(50% - ( ( 4% + 4% ) * 0.5 ) );margin-right: 4%;\"><div class=\"fusion-column-wrapper fusion-flex-column-wrapper-legacy\"><div class=\"fusion-content-boxes content-boxes columns row fusion-columns-1 fusion-columns-total-1 fusion-content-boxes-3 content-boxes-icon-on-top content-left\" style=\"--awb-backgroundcolor:rgba(249,242,246,0);--awb-iconcolor:#9e1f62;--awb-hover-accent-color:#9e1f62;--awb-circle-hover-accent-color:transparent;--awb-item-margin-bottom:40px;\" data-animationOffset=\"top-into-view\"><div style=\"--awb-backgroundcolor:rgba(249,242,246,0);--awb-iconcolor:#9e1f62;\" class=\"fusion-column content-box-column content-box-column content-box-column-1 col-lg-12 col-md-12 col-sm-12 fusion-content-box-hover content-box-column-last content-box-column-last-in-row\"><div class=\"col content-box-wrapper content-wrapper link-area-link-icon link-type-text icon-hover-animation-fade\" data-animationOffset=\"top-into-view\"><div class=\"heading heading-with-icon icon-left\"><a class=\"heading-link\" href=\"https:\/\/www.service-public.pf\/dag\/wp-content\/uploads\/sites\/28\/2022\/02\/03_Loi-du-Pays-n\u00b0-2021-53-du-21_12_2021.pdf\" target=\"_blank\" rel=\"noopener noreferrer\"><div class=\"icon\"><i style=\"background-color:transparent;border-color:transparent;height:auto;width: 80px;line-height:normal;font-size:80px;\" aria-hidden=\"true\" class=\"fontawesome-icon fa-file-pdf far circle-no\"><\/i><\/div><h2 class=\"content-box-heading\" style=\"--h2_typography-font-size:21px;line-height:26px;\"> loi du pays n\u00b0 2021-53 du 21 d\u00e9cembre 2021 relative au domaine priv\u00e9 de la Polyn\u00e9sie fran\u00e7aise<\/h2><\/a><\/div><\/div><\/div><div class=\"fusion-clearfix\"><\/div><\/div><div class=\"fusion-clearfix\"><\/div><\/div><\/div><div class=\"fusion-layout-column fusion_builder_column fusion-builder-column-3 fusion_builder_column_1_4 1_4 fusion-one-fourth fusion-column-last\" style=\"--awb-bg-size:cover;width:25%;width:calc(25% - ( ( 4% + 4% ) * 0.25 ) );\"><div class=\"fusion-column-wrapper fusion-flex-column-wrapper-legacy\"><div class=\"fusion-clearfix\"><\/div><\/div><\/div><\/div><\/div>\n","protected":false},"excerpt":{"rendered":"","protected":false},"author":15,"featured_media":0,"parent":0,"menu_order":0,"comment_status":"closed","ping_status":"closed","template":"","meta":{"_acf_changed":false,"_seopress_robots_primary_cat":"","_seopress_titles_title":"","_seopress_titles_desc":"","_seopress_robots_index":"","footnotes":""},"class_list":["post-1641","page","type-page","status-publish","hentry"],"acf":[],"_links":{"self":[{"href":"https:\/\/www.service-public.pf\/dag\/wp-json\/wp\/v2\/pages\/1641","targetHints":{"allow":["GET"]}}],"collection":[{"href":"https:\/\/www.service-public.pf\/dag\/wp-json\/wp\/v2\/pages"}],"about":[{"href":"https:\/\/www.service-public.pf\/dag\/wp-json\/wp\/v2\/types\/page"}],"author":[{"embeddable":true,"href":"https:\/\/www.service-public.pf\/dag\/wp-json\/wp\/v2\/users\/15"}],"replies":[{"embeddable":true,"href":"https:\/\/www.service-public.pf\/dag\/wp-json\/wp\/v2\/comments?post=1641"}],"version-history":[{"count":1,"href":"https:\/\/www.service-public.pf\/dag\/wp-json\/wp\/v2\/pages\/1641\/revisions"}],"predecessor-version":[{"id":6942,"href":"https:\/\/www.service-public.pf\/dag\/wp-json\/wp\/v2\/pages\/1641\/revisions\/6942"}],"wp:attachment":[{"href":"https:\/\/www.service-public.pf\/dag\/wp-json\/wp\/v2\/media?parent=1641"}],"curies":[{"name":"wp","href":"https:\/\/api.w.org\/{rel}","templated":true}]}}