{"id":984,"date":"2017-06-14T21:23:43","date_gmt":"2017-06-15T07:23:43","guid":{"rendered":"https:\/\/www.service-public.pf\/sdr\/?page_id=984"},"modified":"2022-11-21T11:19:34","modified_gmt":"2022-11-21T21:19:34","slug":"foret-agriculture-polynesie-francaise","status":"publish","type":"page","link":"https:\/\/www.service-public.pf\/dag\/filiere-vegetale-agriculture-polynesie-francaise\/foret-agriculture-polynesie-francaise\/","title":{"rendered":"For\u00eat"},"content":{"rendered":"<p><div class=\"fusion-fullwidth fullwidth-box fusion-builder-row-1 nonhundred-percent-fullwidth non-hundred-percent-height-scrolling\" style=\"--awb-border-radius-top-left:0px;--awb-border-radius-top-right:0px;--awb-border-radius-bottom-right:0px;--awb-border-radius-bottom-left:0px;--awb-flex-wrap:wrap;\" ><div class=\"fusion-builder-row fusion-row\"><div class=\"fusion-layout-column fusion_builder_column fusion-builder-column-0 fusion_builder_column_1_2 1_2 fusion-one-half fusion-column-first\" style=\"--awb-bg-size:cover;width:50%;width:calc(50% - ( ( 4% ) * 0.5 ) );margin-right: 4%;\"><div class=\"fusion-column-wrapper fusion-flex-column-wrapper-legacy\"><div class=\"fusion-text fusion-text-1\"><p style=\"text-align: justify\">La <strong>for\u00eat de Polyn\u00e9sie Fran\u00e7aise<\/strong> est mal connue. Aucun inventaire forestier n\u2019a jamais \u00e9t\u00e9 r\u00e9alis\u00e9, aussi les surfaces des diff\u00e9rents types de for\u00eats primaires et secondaires ne sont actuellement qu\u2019estim\u00e9es.<\/p>\n<p style=\"text-align: justify\">La <strong>surface bois\u00e9e (y compris les plantations foresti\u00e8res et les cocoteraies)<\/strong> est estim\u00e9e \u00e0 environ 200 000 hectares soit un taux de boisement de 57 %. Seules les plantations foresti\u00e8res ont pu \u00eatre chiffr\u00e9es de fa\u00e7on fiable mais dans une moindre mesure pour les cocoteraies implant\u00e9es depuis plus d\u2019une centaine d\u2019ann\u00e9es pour la production de coprah.<\/p>\n<p style=\"text-align: justify\"><strong>La r\u00e9partition des types forestiers et des types de v\u00e9g\u00e9tation<\/strong> (v\u00e9g\u00e9tation littorale, for\u00eats supra-littorale, semi-s\u00e8che, m\u00e9sophile, hygrophile et ombrophile, maquis sommitaux) entre archipels est \u00e9galement tr\u00e8s variable du fait des <strong>caract\u00e9ristiques \u00e9cologiques sp\u00e9cifiques \u00e0 chaque archipel ou \u00eele<\/strong> et de leurs potentialit\u00e9s agricoles et foresti\u00e8res.<\/p>\n<p style=\"text-align: justify\">Les for\u00eats littorales, de plaines et de vall\u00e9es ont \u00e9t\u00e9 <strong>modifi\u00e9es depuis l\u2019arriv\u00e9e des premiers polyn\u00e9siens.<\/strong> Ceux-ci ont introduit <strong>diverses plantes \u00e0 fruits<\/strong> (\u2018Uru, Bananier, Kava, M\u0101p\u0113\u2026) et se sont int\u00e9ress\u00e9s aux plantes fournissant des fibres pour leurs filets et lignes, pour la fabrication de pirogues (P\u016brau , \u2018Uru\u2026) et l\u2019emploi de plantes ichtyotoxiques pour la p\u00eache (Hotu). <strong>Des esp\u00e8ces indig\u00e8nes ou introduites<\/strong> furent et sont encore utilis\u00e9es dans la m\u00e9decine traditionnelle (T\u0101manu, Santal, Miro\u2026), dans la confection d\u2019\u00e9toffes (Banyan, \u2018Uru), pour la teinture. De <strong>nombreuses autres esp\u00e8ces ont \u00e9t\u00e9 introduites depuis l\u2019arriv\u00e9e des Europ\u00e9ens<\/strong> et certaines comme le Miconia sont devenues envahissantes.<\/p>\n<\/div><div class=\"fusion-clearfix\"><\/div><\/div><\/div><div class=\"fusion-layout-column fusion_builder_column fusion-builder-column-1 fusion_builder_column_1_2 1_2 fusion-one-half fusion-column-last fusion-column-no-min-height\" style=\"--awb-bg-size:cover;width:50%;width:calc(50% - ( ( 4% ) * 0.5 ) );\"><div class=\"fusion-column-wrapper fusion-column-has-shadow fusion-flex-column-wrapper-legacy\"><div class=\"fusion-image-element in-legacy-container\" style=\"--awb-caption-title-font-family:var(--h2_typography-font-family);--awb-caption-title-font-weight:var(--h2_typography-font-weight);--awb-caption-title-font-style:var(--h2_typography-font-style);--awb-caption-title-size:var(--h2_typography-font-size);--awb-caption-title-transform:var(--h2_typography-text-transform);--awb-caption-title-line-height:var(--h2_typography-line-height);--awb-caption-title-letter-spacing:var(--h2_typography-letter-spacing);\"><span class=\" fusion-imageframe imageframe-none imageframe-1 hover-type-none\"><img decoding=\"async\" width=\"709\" height=\"1067\" alt=\"slider4 id\u00e9e du texte : nous apportant un soutient technique dans les fili\u00e8res animales proposition d&#039;image :\" title=\"Pin\" src=\"https:\/\/www.service-public.pf\/dag\/wp-content\/uploads\/sites\/28\/2018\/12\/hivaoa_forestier_foretPinus160623-e1580516711588.jpg\" class=\"img-responsive wp-image-3057\" srcset=\"https:\/\/www.service-public.pf\/dag\/wp-content\/uploads\/sites\/28\/2018\/12\/hivaoa_forestier_foretPinus160623-e1580516711588-200x301.jpg 200w, https:\/\/www.service-public.pf\/dag\/wp-content\/uploads\/sites\/28\/2018\/12\/hivaoa_forestier_foretPinus160623-e1580516711588-400x602.jpg 400w, https:\/\/www.service-public.pf\/dag\/wp-content\/uploads\/sites\/28\/2018\/12\/hivaoa_forestier_foretPinus160623-e1580516711588-600x903.jpg 600w, https:\/\/www.service-public.pf\/dag\/wp-content\/uploads\/sites\/28\/2018\/12\/hivaoa_forestier_foretPinus160623-e1580516711588.jpg 709w\" sizes=\"(max-width: 800px) 100vw, 600px\" \/><\/span><\/div><div class=\"fusion-clearfix\"><\/div><\/div><\/div><\/div><\/div><div class=\"fusion-fullwidth fullwidth-box fusion-builder-row-2 nonhundred-percent-fullwidth non-hundred-percent-height-scrolling\" style=\"--awb-border-radius-top-left:0px;--awb-border-radius-top-right:0px;--awb-border-radius-bottom-right:0px;--awb-border-radius-bottom-left:0px;--awb-flex-wrap:wrap;\" ><div class=\"fusion-builder-row fusion-row\"><div class=\"fusion-layout-column fusion_builder_column fusion-builder-column-2 fusion_builder_column_1_1 1_1 fusion-one-full fusion-column-first fusion-column-last\" style=\"--awb-bg-size:cover;\"><div class=\"fusion-column-wrapper fusion-flex-column-wrapper-legacy\"><div class=\"fusion-text fusion-text-2\"><p style=\"text-align: left\">Les <strong>principales menaces<\/strong> qui p\u00e8sent sur la for\u00eat sont li\u00e9es \u00e0 la pr\u00e9sence et \u00e0 la progression de nombreuses <strong>esp\u00e8ces envahissantes<\/strong> tant <strong>animales<\/strong> (surp\u00e2turages des mammif\u00e8res herbivores, pr\u00e9dations de semences par les rats ou les insectes) que <strong>v\u00e9g\u00e9tales<\/strong> (comp\u00e9tition avec les esp\u00e8ces indig\u00e8nes). Seules les for\u00eats d\u2019altitude et plus largement celles couvrant les pentes tr\u00e8s fortes sont encore peu perturb\u00e9es directement par les activit\u00e9s humaines (d\u00e9forestation, feux).<\/p>\n<\/div><div class=\"fusion-clearfix\"><\/div><\/div><\/div><\/div><\/div><div class=\"fusion-fullwidth fullwidth-box fusion-builder-row-3 nonhundred-percent-fullwidth non-hundred-percent-height-scrolling\" style=\"--awb-border-radius-top-left:0px;--awb-border-radius-top-right:0px;--awb-border-radius-bottom-right:0px;--awb-border-radius-bottom-left:0px;--awb-flex-wrap:wrap;\" ><div class=\"fusion-builder-row fusion-row\"><div class=\"fusion-layout-column fusion_builder_column fusion-builder-column-3 fusion_builder_column_1_2 1_2 fusion-one-half fusion-column-first\" style=\"--awb-bg-size:cover;width:50%;width:calc(50% - ( ( 4% ) * 0.5 ) );margin-right: 4%;\"><div class=\"fusion-column-wrapper fusion-flex-column-wrapper-legacy\"><div class=\"fusion-image-element in-legacy-container\" style=\"--awb-caption-title-font-family:var(--h2_typography-font-family);--awb-caption-title-font-weight:var(--h2_typography-font-weight);--awb-caption-title-font-style:var(--h2_typography-font-style);--awb-caption-title-size:var(--h2_typography-font-size);--awb-caption-title-transform:var(--h2_typography-text-transform);--awb-caption-title-line-height:var(--h2_typography-line-height);--awb-caption-title-letter-spacing:var(--h2_typography-letter-spacing);\"><span class=\" fusion-imageframe imageframe-none imageframe-2 hover-type-none\"><img decoding=\"async\" width=\"490\" height=\"468\" title=\"Pin\" src=\"https:\/\/www.service-public.pf\/dag\/wp-content\/uploads\/sites\/28\/2019\/01\/pin-caraibes-tahiti-dag-foret-2.jpg\" alt class=\"img-responsive wp-image-3696\" srcset=\"https:\/\/www.service-public.pf\/dag\/wp-content\/uploads\/sites\/28\/2019\/01\/pin-caraibes-tahiti-dag-foret-2-200x191.jpg 200w, https:\/\/www.service-public.pf\/dag\/wp-content\/uploads\/sites\/28\/2019\/01\/pin-caraibes-tahiti-dag-foret-2-400x382.jpg 400w, https:\/\/www.service-public.pf\/dag\/wp-content\/uploads\/sites\/28\/2019\/01\/pin-caraibes-tahiti-dag-foret-2.jpg 490w\" sizes=\"(max-width: 800px) 100vw, 490px\" \/><\/span><\/div><div class=\"fusion-clearfix\"><\/div><\/div><\/div><div class=\"fusion-layout-column fusion_builder_column fusion-builder-column-4 fusion_builder_column_1_2 1_2 fusion-one-half fusion-column-last\" style=\"--awb-bg-size:cover;width:50%;width:calc(50% - ( ( 4% ) * 0.5 ) );\"><div class=\"fusion-column-wrapper fusion-flex-column-wrapper-legacy\"><div class=\"fusion-text fusion-text-3\"><p style=\"text-align: left\">Des <strong>essais de plantation de Pin des Cara\u00efbes<\/strong> ont \u00e9t\u00e9 r\u00e9alis\u00e9s en 1 966. Il s\u2019ensuivit un <strong>programme de reboisement<\/strong> en pin qui couvrent actuellement 5 900 ha. Ces plantations ont \u00e9t\u00e9 r\u00e9alis\u00e9es sur les landes d\u00e9grad\u00e9es \u00e0 foug\u00e8res, parfois sur des terrains \u00e0 tr\u00e8s forte pente et peu accessibles. Le choix de cette essence a \u00e9t\u00e9 heureux puisque ces arbres \u00e0 croissance rapide et \u00e0 faibles exigences se d\u00e9veloppe de fa\u00e7on tr\u00e8s satisfaisante sur les sols les plus difficiles avec un diam\u00e8tre moyen de 45 cm \u00e0 30 ans.<\/p>\n<p style=\"text-align: left\">\u00c0 partir de 1 977, la <strong>politique foresti\u00e8re s\u2019est traduite par des plantations dans tous les archipels afin de produire du bois d\u2019\u0153uvre<\/strong> (Pin des Cara\u00efbes \u2013 Pinus caribaea) localement pour limiter les importations, de restaurer les sols \u00e9rod\u00e9s par les feux et le surp\u00e2turage (plantations de Bois de fer \u2013 Casuarina equisetifolia, de Falcata \u2013 Falcataria moluccana et de pins) et de cr\u00e9er une fili\u00e8re bois et des emplois dans les archipels \u00e9loign\u00e9s.<\/p>\n<\/div><div class=\"fusion-clearfix\"><\/div><\/div><\/div><\/div><\/div><div class=\"fusion-fullwidth fullwidth-box fusion-builder-row-4 nonhundred-percent-fullwidth non-hundred-percent-height-scrolling\" style=\"--awb-border-radius-top-left:0px;--awb-border-radius-top-right:0px;--awb-border-radius-bottom-right:0px;--awb-border-radius-bottom-left:0px;--awb-flex-wrap:wrap;\" ><div class=\"fusion-builder-row fusion-row\"><div class=\"fusion-layout-column fusion_builder_column fusion-builder-column-5 fusion_builder_column_1_1 1_1 fusion-one-full fusion-column-first fusion-column-last\" style=\"--awb-bg-size:cover;\"><div class=\"fusion-column-wrapper fusion-column-has-shadow fusion-flex-column-wrapper-legacy\"><div class=\"fusion-sep-clear\"><\/div><div class=\"fusion-separator fusion-full-width-sep\" style=\"margin-left: auto;margin-right: auto;margin-top:30px;margin-bottom:30px;width:100%;\"><div class=\"fusion-separator-border sep-single\" style=\"--awb-height:20px;--awb-amount:20px;border-color:rgba(158,83,111,0.49);border-top-width:1px;\"><\/div><\/div><div class=\"fusion-sep-clear\"><\/div><div class=\"fusion-clearfix\"><\/div><\/div><\/div><\/div><\/div><div class=\"fusion-fullwidth fullwidth-box fusion-builder-row-5 nonhundred-percent-fullwidth non-hundred-percent-height-scrolling\" style=\"--awb-border-radius-top-left:0px;--awb-border-radius-top-right:0px;--awb-border-radius-bottom-right:0px;--awb-border-radius-bottom-left:0px;--awb-flex-wrap:wrap;\" ><div class=\"fusion-builder-row fusion-row\"><div class=\"fusion-layout-column fusion_builder_column fusion-builder-column-6 fusion_builder_column_1_1 1_1 fusion-one-full fusion-column-first fusion-column-last\" style=\"--awb-bg-size:cover;\"><div class=\"fusion-column-wrapper fusion-column-has-shadow fusion-flex-column-wrapper-legacy\"><div class=\"fusion-text fusion-text-4\"><p style=\"text-align: center\"><strong><span style=\"font-size: 14pt;color: #993366\">D\u00e9couvrez dans les deux vid\u00e9os suivantes un aper\u00e7u de la transformation du bois (de la coupe jusqu&rsquo;au produit final) et des formations sup\u00e9rieures dans la fili\u00e8re bois.<\/span><\/strong><\/p>\n<\/div><div class=\"fusion-clearfix\"><\/div><\/div><\/div><\/div><\/div><div class=\"fusion-fullwidth fullwidth-box fusion-builder-row-6 nonhundred-percent-fullwidth non-hundred-percent-height-scrolling\" style=\"--awb-border-radius-top-left:0px;--awb-border-radius-top-right:0px;--awb-border-radius-bottom-right:0px;--awb-border-radius-bottom-left:0px;--awb-flex-wrap:wrap;\" ><div class=\"fusion-builder-row fusion-row\"><div class=\"fusion-layout-column fusion_builder_column fusion-builder-column-7 fusion_builder_column_1_1 1_1 fusion-one-full fusion-column-first fusion-column-last\" style=\"--awb-bg-size:cover;\"><div class=\"fusion-column-wrapper fusion-column-has-shadow fusion-flex-column-wrapper-legacy\"><div class=\"awb-gallery-wrapper awb-gallery-wrapper-1 button-span-no\"><div style=\"margin:-5px;--awb-bordersize:0px;\" class=\"fusion-gallery fusion-gallery-container fusion-grid-2 fusion-columns-total-2 fusion-gallery-layout-grid fusion-gallery-1\"><div style=\"padding:5px;\" class=\"fusion-grid-column fusion-gallery-column fusion-gallery-column-2 hover-type-none\"><div class=\"fusion-gallery-image\"><a href=\"https:\/\/www.youtube.com\/watch?v=OAbhChGkn18\" rel=\"noreferrer\" data-rel=\"iLightbox[gallery_image_1]\" class=\"fusion-lightbox\" target=\"_self\"><img decoding=\"async\" src=\"https:\/\/www.service-public.pf\/dag\/wp-content\/uploads\/sites\/28\/2020\/01\/Capture-2.jpg\" width=\"1254\" height=\"663\" alt=\"\" title=\"Parcours du Bois\" aria-label=\"Parcours du Bois\" class=\"img-responsive wp-image-4911\" srcset=\"https:\/\/www.service-public.pf\/dag\/wp-content\/uploads\/sites\/28\/2020\/01\/Capture-2-200x106.jpg 200w, https:\/\/www.service-public.pf\/dag\/wp-content\/uploads\/sites\/28\/2020\/01\/Capture-2-400x211.jpg 400w, https:\/\/www.service-public.pf\/dag\/wp-content\/uploads\/sites\/28\/2020\/01\/Capture-2-600x317.jpg 600w, https:\/\/www.service-public.pf\/dag\/wp-content\/uploads\/sites\/28\/2020\/01\/Capture-2-800x423.jpg 800w, https:\/\/www.service-public.pf\/dag\/wp-content\/uploads\/sites\/28\/2020\/01\/Capture-2-1200x634.jpg 1200w, https:\/\/www.service-public.pf\/dag\/wp-content\/uploads\/sites\/28\/2020\/01\/Capture-2.jpg 1254w\" sizes=\"(min-width: 2200px) 100vw, (min-width: 712px) 548px, (min-width: 640px) 712px, \" \/><\/a><\/div><\/div><div style=\"padding:5px;\" class=\"fusion-grid-column fusion-gallery-column fusion-gallery-column-2 hover-type-none\"><div class=\"fusion-gallery-image\"><a href=\"https:\/\/www.youtube.com\/watch?v=ixVK2mY7QkU&amp;t=8s\" rel=\"noreferrer\" data-rel=\"iLightbox[gallery_image_1]\" class=\"fusion-lightbox\" target=\"_self\"><img decoding=\"async\" src=\"https:\/\/www.service-public.pf\/dag\/wp-content\/uploads\/sites\/28\/2020\/01\/Capture-3.jpg\" width=\"1253\" height=\"663\" alt=\"\" title=\"Formation &#8211; Fili\u00e8re bois\" aria-label=\"Formation &#8211; Fili\u00e8re bois\" class=\"img-responsive wp-image-4912\" srcset=\"https:\/\/www.service-public.pf\/dag\/wp-content\/uploads\/sites\/28\/2020\/01\/Capture-3-200x106.jpg 200w, https:\/\/www.service-public.pf\/dag\/wp-content\/uploads\/sites\/28\/2020\/01\/Capture-3-400x212.jpg 400w, https:\/\/www.service-public.pf\/dag\/wp-content\/uploads\/sites\/28\/2020\/01\/Capture-3-600x317.jpg 600w, https:\/\/www.service-public.pf\/dag\/wp-content\/uploads\/sites\/28\/2020\/01\/Capture-3-800x423.jpg 800w, https:\/\/www.service-public.pf\/dag\/wp-content\/uploads\/sites\/28\/2020\/01\/Capture-3-1200x635.jpg 1200w, https:\/\/www.service-public.pf\/dag\/wp-content\/uploads\/sites\/28\/2020\/01\/Capture-3.jpg 1253w\" sizes=\"(min-width: 2200px) 100vw, (min-width: 712px) 548px, (min-width: 640px) 712px, \" \/><\/a><\/div><\/div><div class=\"clearfix\"><\/div><\/div><\/div><div class=\"fusion-sep-clear\"><\/div><div class=\"fusion-separator fusion-full-width-sep\" style=\"margin-left: auto;margin-right: auto;margin-top:15px;margin-bottom:15px;width:100%;\"><div class=\"fusion-separator-border sep-single\" style=\"--awb-height:20px;--awb-amount:20px;--awb-sep-color:rgba(255,255,255,0.49);border-color:rgba(255,255,255,0.49);border-top-width:1px;\"><\/div><\/div><div class=\"fusion-sep-clear\"><\/div><div class=\"fusion-clearfix\"><\/div><\/div><\/div><\/div><\/div><div class=\"fusion-fullwidth fullwidth-box fusion-builder-row-7 nonhundred-percent-fullwidth non-hundred-percent-height-scrolling\" style=\"--awb-border-radius-top-left:0px;--awb-border-radius-top-right:0px;--awb-border-radius-bottom-right:0px;--awb-border-radius-bottom-left:0px;--awb-flex-wrap:wrap;\" ><div class=\"fusion-builder-row fusion-row\"><div class=\"fusion-layout-column fusion_builder_column fusion-builder-column-8 fusion_builder_column_1_1 1_1 fusion-one-full fusion-column-first fusion-column-last\" style=\"--awb-bg-size:cover;\"><div class=\"fusion-column-wrapper fusion-column-has-shadow fusion-flex-column-wrapper-legacy\"><div class=\"fusion-sep-clear\"><\/div><div class=\"fusion-separator fusion-full-width-sep\" style=\"margin-left: auto;margin-right: auto;margin-top:15px;margin-bottom:15px;width:100%;\"><div class=\"fusion-separator-border sep-single\" style=\"--awb-height:20px;--awb-amount:20px;--awb-sep-color:rgba(255,255,255,0.49);border-color:rgba(255,255,255,0.49);border-top-width:1px;\"><\/div><\/div><div class=\"fusion-sep-clear\"><\/div><div class=\"fusion-text fusion-text-5\"><p style=\"text-align: center\"><span style=\"font-size: 14pt\"><strong><span style=\"color: #993366\">D\u00e9couvrez des acteurs de la fili\u00e8re bois en Polyn\u00e9sie fran\u00e7aise avec l&#8217;emission Fa&rsquo;ahotu 2: le bois.<\/span><\/strong><\/span><\/p>\n<\/div><div class=\"awb-gallery-wrapper awb-gallery-wrapper-2 button-span-no\"><div style=\"margin:-5px;--awb-bordersize:0px;\" class=\"fusion-gallery fusion-gallery-container fusion-grid-1 fusion-columns-total-1 fusion-gallery-layout-grid fusion-gallery-2\"><div style=\"padding:5px;\" class=\"fusion-grid-column fusion-gallery-column fusion-gallery-column-1 hover-type-none\"><div class=\"fusion-gallery-image\"><a href=\"https:\/\/www.youtube.com\/watch?v=ZFfj147kshg\" rel=\"noreferrer\" data-rel=\"iLightbox[gallery_image_2]\" class=\"fusion-lightbox\" target=\"_self\"><img decoding=\"async\" src=\"https:\/\/www.service-public.pf\/dag\/wp-content\/uploads\/sites\/28\/2021\/05\/Capture.jpg\" width=\"1239\" height=\"551\" alt=\"\" title=\"Capture\" aria-label=\"Capture\" class=\"img-responsive wp-image-5516\" srcset=\"https:\/\/www.service-public.pf\/dag\/wp-content\/uploads\/sites\/28\/2021\/05\/Capture-200x89.jpg 200w, https:\/\/www.service-public.pf\/dag\/wp-content\/uploads\/sites\/28\/2021\/05\/Capture-400x178.jpg 400w, https:\/\/www.service-public.pf\/dag\/wp-content\/uploads\/sites\/28\/2021\/05\/Capture-600x267.jpg 600w, https:\/\/www.service-public.pf\/dag\/wp-content\/uploads\/sites\/28\/2021\/05\/Capture-800x356.jpg 800w, https:\/\/www.service-public.pf\/dag\/wp-content\/uploads\/sites\/28\/2021\/05\/Capture-1200x534.jpg 1200w, https:\/\/www.service-public.pf\/dag\/wp-content\/uploads\/sites\/28\/2021\/05\/Capture.jpg 1239w\" sizes=\"(min-width: 2200px) 100vw, (min-width: 640px) 1100px, \" \/><\/a><\/div><\/div><div class=\"clearfix\"><\/div><\/div><\/div><div class=\"fusion-clearfix\"><\/div><\/div><\/div><\/div><\/div><div class=\"fusion-fullwidth fullwidth-box fusion-builder-row-8 nonhundred-percent-fullwidth non-hundred-percent-height-scrolling\" style=\"--awb-border-radius-top-left:0px;--awb-border-radius-top-right:0px;--awb-border-radius-bottom-right:0px;--awb-border-radius-bottom-left:0px;--awb-flex-wrap:wrap;\" ><div class=\"fusion-builder-row fusion-row\"><div class=\"fusion-layout-column fusion_builder_column fusion-builder-column-9 fusion_builder_column_1_1 1_1 fusion-one-full fusion-column-first fusion-column-last\" style=\"--awb-bg-size:cover;\"><div class=\"fusion-column-wrapper fusion-column-has-shadow fusion-flex-column-wrapper-legacy\"><div class=\"fusion-sep-clear\"><\/div><div class=\"fusion-separator fusion-full-width-sep\" style=\"margin-left: auto;margin-right: auto;margin-top:15px;margin-bottom:15px;width:100%;\"><div class=\"fusion-separator-border sep-single\" style=\"--awb-height:20px;--awb-amount:20px;--awb-sep-color:rgba(255,255,255,0.49);border-color:rgba(255,255,255,0.49);border-top-width:1px;\"><\/div><\/div><div class=\"fusion-sep-clear\"><\/div><div class=\"fusion-text fusion-text-6\"><p style=\"text-align: center\"><span style=\"font-size: 14pt\"><span style=\"color: #993366\"><span style=\"font-size: 14pt;color: #993366\"><b>D\u00e9couvrez la fili\u00e8re bois aux Australes avec l&rsquo;<\/b><\/span><span style=\"color: #993366\"><span style=\"font-size: 18.6667px\"><b>\u00e9mission<\/b><\/span><\/span><span style=\"font-size: 14pt;color: #993366\"><b>\u00a0Ca Pousse Au Fenua: Le Mag.<\/b><\/span><\/span><\/span><\/p>\n<\/div><div class=\"awb-gallery-wrapper awb-gallery-wrapper-3 button-span-no\" style=\"--more-btn-alignment:center;\"><div style=\"margin:-5px;--awb-bordersize:0px;\" class=\"fusion-gallery fusion-gallery-container fusion-grid-1 fusion-columns-total-1 fusion-gallery-layout-grid fusion-gallery-3\"><div style=\"padding:5px;\" class=\"fusion-grid-column fusion-gallery-column fusion-gallery-column-1 hover-type-none\"><div class=\"fusion-gallery-image\"><a href=\"https:\/\/www.youtube.com\/watch?v=gCqIy6d3-Qg\" rel=\"noreferrer\" data-rel=\"iLightbox[gallery_image_3]\" class=\"fusion-lightbox\" target=\"_self\"><img decoding=\"async\" src=\"https:\/\/www.service-public.pf\/dag\/wp-content\/uploads\/sites\/28\/2022\/11\/Le-bois.png\" width=\"1299\" height=\"726\" alt=\"\" title=\"Le Bois\" aria-label=\"Le Bois\" class=\"img-responsive wp-image-6009\" srcset=\"https:\/\/www.service-public.pf\/dag\/wp-content\/uploads\/sites\/28\/2022\/11\/Le-bois-200x112.png 200w, https:\/\/www.service-public.pf\/dag\/wp-content\/uploads\/sites\/28\/2022\/11\/Le-bois-400x224.png 400w, https:\/\/www.service-public.pf\/dag\/wp-content\/uploads\/sites\/28\/2022\/11\/Le-bois-600x335.png 600w, https:\/\/www.service-public.pf\/dag\/wp-content\/uploads\/sites\/28\/2022\/11\/Le-bois-800x447.png 800w, https:\/\/www.service-public.pf\/dag\/wp-content\/uploads\/sites\/28\/2022\/11\/Le-bois-1200x671.png 1200w, https:\/\/www.service-public.pf\/dag\/wp-content\/uploads\/sites\/28\/2022\/11\/Le-bois.png 1299w\" sizes=\"(min-width: 2200px) 100vw, (min-width: 640px) 1100px, \" \/><\/a><\/div><\/div><div class=\"clearfix\"><\/div><\/div><\/div><div class=\"fusion-clearfix\"><\/div><\/div><\/div><\/div><\/div><div class=\"fusion-fullwidth fullwidth-box fusion-builder-row-9 nonhundred-percent-fullwidth non-hundred-percent-height-scrolling\" style=\"--awb-border-radius-top-left:0px;--awb-border-radius-top-right:0px;--awb-border-radius-bottom-right:0px;--awb-border-radius-bottom-left:0px;--awb-flex-wrap:wrap;\" ><div class=\"fusion-builder-row fusion-row\"><div class=\"fusion-layout-column fusion_builder_column fusion-builder-column-10 fusion_builder_column_1_1 1_1 fusion-one-full fusion-column-first fusion-column-last\" style=\"--awb-bg-size:cover;\"><div class=\"fusion-column-wrapper fusion-column-has-shadow fusion-flex-column-wrapper-legacy\"><div class=\"fusion-sep-clear\"><\/div><div class=\"fusion-separator fusion-full-width-sep\" style=\"margin-left: auto;margin-right: auto;margin-top:5px;margin-bottom:5px;width:100%;\"><div class=\"fusion-separator-border sep-single\" style=\"--awb-height:20px;--awb-amount:20px;border-color:rgba(158,83,111,0.49);border-top-width:1px;\"><\/div><\/div><div class=\"fusion-sep-clear\"><\/div><div class=\"fusion-clearfix\"><\/div><\/div><\/div><\/div><\/div><div class=\"fusion-fullwidth fullwidth-box fusion-builder-row-10 nonhundred-percent-fullwidth non-hundred-percent-height-scrolling\" style=\"--awb-border-radius-top-left:0px;--awb-border-radius-top-right:0px;--awb-border-radius-bottom-right:0px;--awb-border-radius-bottom-left:0px;--awb-flex-wrap:wrap;\" ><div class=\"fusion-builder-row fusion-row\"><div class=\"fusion-layout-column fusion_builder_column fusion-builder-column-11 fusion_builder_column_1_1 1_1 fusion-one-full fusion-column-first fusion-column-last\" style=\"--awb-bg-size:cover;\"><div class=\"fusion-column-wrapper fusion-column-has-shadow fusion-flex-column-wrapper-legacy\"><div class=\"fusion-sep-clear\"><\/div><div class=\"fusion-separator fusion-full-width-sep\" style=\"margin-left: auto;margin-right: auto;width:100%;\"><div class=\"fusion-separator-border sep-single\" style=\"--awb-height:20px;--awb-amount:20px;--awb-sep-color:rgba(255,255,255,0.49);border-color:rgba(255,255,255,0.49);border-top-width:1px;\"><\/div><\/div><div class=\"fusion-sep-clear\"><\/div><div class=\"fusion-text fusion-text-7\"><p style=\"text-align: center\"><span style=\"font-size: 14pt\"><strong><span style=\"color: #993366\">Le cycle de gestion durable de la foresti\u00e8re que la DAG m\u00e8ne sur ses plantations foresti\u00e8res.<\/span><\/strong><\/span><\/p>\n<\/div><div class=\"fusion-image-element in-legacy-container\" style=\"--awb-caption-title-font-family:var(--h2_typography-font-family);--awb-caption-title-font-weight:var(--h2_typography-font-weight);--awb-caption-title-font-style:var(--h2_typography-font-style);--awb-caption-title-size:var(--h2_typography-font-size);--awb-caption-title-transform:var(--h2_typography-text-transform);--awb-caption-title-line-height:var(--h2_typography-line-height);--awb-caption-title-letter-spacing:var(--h2_typography-letter-spacing);\"><span class=\" fusion-imageframe imageframe-none imageframe-3 hover-type-none\"><img decoding=\"async\" width=\"1023\" height=\"722\" title=\"Cycle De La For\u00eat En Gestion Durable Dessin\" src=\"https:\/\/www.service-public.pf\/dag\/wp-content\/uploads\/sites\/28\/2020\/10\/Cycle-de-la-for\u00eat-en-gestion-durable-dessin.jpg\" alt class=\"img-responsive wp-image-5217\" srcset=\"https:\/\/www.service-public.pf\/dag\/wp-content\/uploads\/sites\/28\/2020\/10\/Cycle-de-la-for\u00eat-en-gestion-durable-dessin-200x141.jpg 200w, https:\/\/www.service-public.pf\/dag\/wp-content\/uploads\/sites\/28\/2020\/10\/Cycle-de-la-for\u00eat-en-gestion-durable-dessin-400x282.jpg 400w, https:\/\/www.service-public.pf\/dag\/wp-content\/uploads\/sites\/28\/2020\/10\/Cycle-de-la-for\u00eat-en-gestion-durable-dessin-600x423.jpg 600w, https:\/\/www.service-public.pf\/dag\/wp-content\/uploads\/sites\/28\/2020\/10\/Cycle-de-la-for\u00eat-en-gestion-durable-dessin-800x565.jpg 800w, https:\/\/www.service-public.pf\/dag\/wp-content\/uploads\/sites\/28\/2020\/10\/Cycle-de-la-for\u00eat-en-gestion-durable-dessin.jpg 1023w\" sizes=\"(max-width: 800px) 100vw, 1023px\" \/><\/span><\/div><div class=\"fusion-clearfix\"><\/div><\/div><\/div><\/div><\/div><div class=\"fusion-fullwidth fullwidth-box fusion-builder-row-11 nonhundred-percent-fullwidth non-hundred-percent-height-scrolling\" style=\"--awb-border-radius-top-left:0px;--awb-border-radius-top-right:0px;--awb-border-radius-bottom-right:0px;--awb-border-radius-bottom-left:0px;--awb-flex-wrap:wrap;\" ><div class=\"fusion-builder-row fusion-row\"><div class=\"fusion-layout-column fusion_builder_column fusion-builder-column-12 fusion_builder_column_1_1 1_1 fusion-one-full fusion-column-first fusion-column-last\" style=\"--awb-bg-size:cover;\"><div class=\"fusion-column-wrapper fusion-column-has-shadow fusion-flex-column-wrapper-legacy\"><div class=\"fusion-sep-clear\"><\/div><div class=\"fusion-separator fusion-full-width-sep\" style=\"margin-left: auto;margin-right: auto;margin-top:5px;margin-bottom:5px;width:100%;\"><div class=\"fusion-separator-border sep-single\" style=\"--awb-height:20px;--awb-amount:20px;--awb-sep-color:rgba(255,255,255,0.49);border-color:rgba(255,255,255,0.49);border-top-width:1px;\"><\/div><\/div><div class=\"fusion-sep-clear\"><\/div><div class=\"fusion-clearfix\"><\/div><\/div><\/div><\/div><\/div><div class=\"fusion-fullwidth fullwidth-box fusion-builder-row-12 nonhundred-percent-fullwidth non-hundred-percent-height-scrolling\" style=\"--awb-border-radius-top-left:0px;--awb-border-radius-top-right:0px;--awb-border-radius-bottom-right:0px;--awb-border-radius-bottom-left:0px;--awb-padding-top:0px;--awb-padding-bottom:0px;--awb-margin-top:100px;--awb-margin-bottom:100px;--awb-background-color:#b4adb0;--awb-flex-wrap:wrap;\" ><div class=\"fusion-builder-row fusion-row\"><div class=\"fusion-layout-column fusion_builder_column fusion-builder-column-13 fusion_builder_column_1_1 1_1 fusion-one-full fusion-column-first fusion-column-last\" style=\"--awb-padding-top:0px;--awb-padding-bottom:0px;--awb-bg-size:cover;--awb-margin-bottom:0px;\"><div class=\"fusion-column-wrapper fusion-flex-column-wrapper-legacy\"><div class=\"fusion-sep-clear\"><\/div><div class=\"fusion-separator fusion-full-width-sep\" style=\"margin-left: auto;margin-right: auto;width:100%;\"><div class=\"fusion-separator-border sep-single\" style=\"--awb-height:20px;--awb-amount:20px;border-color:rgba(158,83,111,0.49);border-top-width:1px;\"><\/div><\/div><div class=\"fusion-sep-clear\"><\/div><div class=\"fusion-clearfix\"><\/div><\/div><\/div><\/div><\/div>\n<div class=\"fusion-fullwidth fullwidth-box fusion-builder-row-13 nonhundred-percent-fullwidth non-hundred-percent-height-scrolling\" style=\"--awb-border-radius-top-left:0px;--awb-border-radius-top-right:0px;--awb-border-radius-bottom-right:0px;--awb-border-radius-bottom-left:0px;--awb-flex-wrap:wrap;\" ><div class=\"fusion-builder-row fusion-row\"><div class=\"fusion-layout-column fusion_builder_column fusion-builder-column-14 fusion_builder_column_1_1 1_1 fusion-one-full fusion-column-first fusion-column-last fusion-column-no-min-height\" style=\"--awb-bg-size:cover;\"><div class=\"fusion-column-wrapper fusion-flex-column-wrapper-legacy\"><div class=\"fusion-content-boxes content-boxes columns row fusion-columns-6 fusion-columns-total-6 fusion-content-boxes-1 content-boxes-icon-boxed content-left\" style=\"--awb-title-color:#000000;--awb-margin-top:70px;--awb-hover-accent-color:#b9397b;--awb-circle-hover-accent-color:#b9397b;\" data-animationOffset=\"top-into-view\"><div style=\"--awb-backgroundcolor:#f8f3f6;\" class=\"fusion-column content-box-column content-box-column content-box-column-1 col-lg-2 col-md-2 col-sm-2 fusion-content-box-hover content-box-column-first-in-row\"><div class=\"col content-box-wrapper content-wrapper-background content-wrapper-boxed link-area-link-icon link-type-button-bar icon-hover-animation-fade\" data-animationOffset=\"top-into-view\"><div class=\"heading heading-with-icon icon-left\"><a class=\"heading-link\" href=\"https:\/\/www.service-public.pf\/dag\/wp-content\/uploads\/sites\/28\/2021\/12\/Bois-un-grand-pas-vers-lautosuffisance.pdf\" target=\"_blank\" rel=\"noopener noreferrer\"><div class=\"icon\"><i style=\"border-color:#922d61;border-width:0px;background-color:#922d61;box-sizing:content-box;height:42px;width:42px;line-height:42px;top:-71px;margin-left:-21px;border-radius:50%;font-size:21px;\" aria-hidden=\"true\" class=\"fontawesome-icon fa-file far circle-yes\"><\/i><\/div><\/a><\/div><div class=\"fusion-clearfix\"><\/div><div class=\"content-container\">\n<h2><img decoding=\"async\" class=\"size-full wp-image-5840 aligncenter\" src=\"https:\/\/www.service-public.pf\/dag\/wp-content\/uploads\/sites\/28\/2021\/12\/Capture-3.jpg\" alt=\"\" width=\"568\" height=\"383\" srcset=\"https:\/\/www.service-public.pf\/dag\/wp-content\/uploads\/sites\/28\/2021\/12\/Capture-3-200x135.jpg 200w, https:\/\/www.service-public.pf\/dag\/wp-content\/uploads\/sites\/28\/2021\/12\/Capture-3-300x202.jpg 300w, https:\/\/www.service-public.pf\/dag\/wp-content\/uploads\/sites\/28\/2021\/12\/Capture-3-400x270.jpg 400w, https:\/\/www.service-public.pf\/dag\/wp-content\/uploads\/sites\/28\/2021\/12\/Capture-3.jpg 568w\" sizes=\"(max-width: 568px) 100vw, 568px\" \/><\/h2>\n<h2 class=\"content-box-heading cus-tab-title\" style=\"font-size: 21px;line-height: 26px;text-align: center\"><a href=\"https:\/\/www.service-public.pf\/dag\/wp-content\/uploads\/sites\/28\/2021\/12\/Bois-un-grand-pas-vers-lautosuffisance.pdf\" target=\"_blank\" rel=\"noopener noreferrer\">Bois, un grand pas vers l&rsquo;autosuffisance<\/a><\/h2>\n<h2 class=\"content-box-heading cus-tab-title\" style=\"font-size: 21px;line-height: 26px\"><\/h2>\n<\/div><div class=\"fusion-clearfix\"><\/div><a class=\" fusion-read-more fusion-button-bar\" href=\"https:\/\/www.service-public.pf\/dag\/wp-content\/uploads\/sites\/28\/2021\/12\/Bois-un-grand-pas-vers-lautosuffisance.pdf\" target=\"_blank\" rel=\"noopener noreferrer\">Voir le fichier<\/a><div class=\"fusion-clearfix\"><\/div><\/div><\/div><div style=\"--awb-backgroundcolor:#f8f3f6;\" class=\"fusion-column content-box-column content-box-column content-box-column-2 col-lg-2 col-md-2 col-sm-2 fusion-content-box-hover \"><div class=\"col content-box-wrapper content-wrapper-background content-wrapper-boxed link-area-link-icon link-type-button-bar icon-hover-animation-fade\" data-animationOffset=\"top-into-view\"><div class=\"heading heading-with-icon icon-left\"><a class=\"heading-link\" href=\"https:\/\/www.service-public.pf\/dag\/wp-content\/uploads\/sites\/28\/2019\/01\/santalPolynesien_fiche-generalite_JFButaud-sdrFoger-jGerard-dGuibal_vf-nd.pdf\" target=\"_blank\" rel=\"noopener noreferrer\"><div class=\"icon\"><i style=\"border-color:#922d61;border-width:0px;background-color:#922d61;box-sizing:content-box;height:42px;width:42px;line-height:42px;top:-71px;margin-left:-21px;border-radius:50%;font-size:21px;\" aria-hidden=\"true\" class=\"fontawesome-icon fa fa-file-o circle-yes\"><\/i><\/div><\/a><\/div><div class=\"fusion-clearfix\"><\/div><div class=\"content-container\"><a href=\"https:\/\/www.service-public.pf\/dag\/wp-content\/uploads\/sites\/28\/2019\/01\/santalPolynesien_fiche-generalite_JFButaud-sdrFoger-jGerard-dGuibal_vf-nd.pdf\" target=\"_blank\" rel=\"noopener noreferrer\"><img decoding=\"async\" class=\"size-medium wp-image-1005 aligncenter\" src=\"https:\/\/www.service-public.pf\/sdr\/wp-content\/uploads\/sites\/28\/2017\/06\/Santal-300x225.jpg\" alt=\"\" width=\"300\" height=\"225\" srcset=\"https:\/\/www.service-public.pf\/dag\/wp-content\/uploads\/sites\/28\/2017\/06\/Santal-200x150.jpg 200w, https:\/\/www.service-public.pf\/dag\/wp-content\/uploads\/sites\/28\/2017\/06\/Santal-300x225.jpg 300w, https:\/\/www.service-public.pf\/dag\/wp-content\/uploads\/sites\/28\/2017\/06\/Santal.jpg 400w\" sizes=\"(max-width: 300px) 100vw, 300px\" \/><\/a><\/p>\n<h2 class=\"content-box-heading cus-tab-title\" style=\"font-size: 21px;line-height: 26px\"><a href=\"https:\/\/www.service-public.pf\/dag\/wp-content\/uploads\/sites\/28\/2019\/01\/santalPolynesien_fiche-generalite_JFButaud-sdrFoger-jGerard-dGuibal_vf-nd.pdf\" target=\"_blank\" rel=\"noopener noreferrer\">Santal polyn\u00e9sien<\/a><\/h2>\n<\/div><div class=\"fusion-clearfix\"><\/div><a class=\" fusion-read-more fusion-button-bar\" href=\"https:\/\/www.service-public.pf\/dag\/wp-content\/uploads\/sites\/28\/2019\/01\/santalPolynesien_fiche-generalite_JFButaud-sdrFoger-jGerard-dGuibal_vf-nd.pdf\" target=\"_blank\" rel=\"noopener noreferrer\">Voir le fichier<\/a><div class=\"fusion-clearfix\"><\/div><\/div><\/div><div style=\"--awb-backgroundcolor:#f8f3f6;\" class=\"fusion-column content-box-column content-box-column content-box-column-3 col-lg-2 col-md-2 col-sm-2 fusion-content-box-hover \"><div class=\"col content-box-wrapper content-wrapper-background content-wrapper-boxed link-area-link-icon link-type-button-bar icon-hover-animation-fade\" data-animationOffset=\"top-into-view\"><div class=\"heading heading-with-icon icon-left\"><a class=\"heading-link\" href=\"https:\/\/www.service-public.pf\/dag\/wp-content\/uploads\/sites\/28\/2019\/01\/tamanu-calophyllum-inophyllum-fiche-generalite_Flaure-JFButaud-JGerard-DGuibal-SDRFoger_vf-080807.pdf\" target=\"_self\"><div class=\"icon\"><i style=\"border-color:#922d61;border-width:0px;background-color:#922d61;box-sizing:content-box;height:42px;width:42px;line-height:42px;top:-71px;margin-left:-21px;border-radius:50%;font-size:21px;\" aria-hidden=\"true\" class=\"fontawesome-icon fa fa-file-o circle-yes\"><\/i><\/div><\/a><\/div><div class=\"fusion-clearfix\"><\/div><div class=\"content-container\"><a href=\"https:\/\/www.service-public.pf\/dag\/wp-content\/uploads\/sites\/28\/2019\/01\/tamanu-calophyllum-inophyllum-fiche-generalite_Flaure-JFButaud-JGerard-DGuibal-SDRFoger_vf-080807.pdf\" target=\"_blank\" rel=\"noopener noreferrer\"><img decoding=\"async\" class=\"alignnone wp-image-1008 size-medium\" src=\"https:\/\/www.service-public.pf\/sdr\/wp-content\/uploads\/sites\/28\/2017\/06\/tamanu-300x225.jpg\" alt=\"\" width=\"300\" height=\"225\" srcset=\"https:\/\/www.service-public.pf\/dag\/wp-content\/uploads\/sites\/28\/2017\/06\/tamanu-200x150.jpg 200w, https:\/\/www.service-public.pf\/dag\/wp-content\/uploads\/sites\/28\/2017\/06\/tamanu-300x225.jpg 300w, https:\/\/www.service-public.pf\/dag\/wp-content\/uploads\/sites\/28\/2017\/06\/tamanu.jpg 400w\" sizes=\"(max-width: 300px) 100vw, 300px\" \/><\/a><\/p>\n<h2 class=\"content-box-heading cus-tab-title\" style=\"font-size: 21px;line-height: 26px\"><a href=\"https:\/\/www.service-public.pf\/dag\/wp-content\/uploads\/sites\/28\/2019\/01\/tamanu-calophyllum-inophyllum-fiche-generalite_Flaure-JFButaud-JGerard-DGuibal-SDRFoger_vf-080807.pdf\" target=\"_blank\" rel=\"noopener noreferrer\">Le T\u0101manu<\/a><\/h2>\n<\/div><div class=\"fusion-clearfix\"><\/div><a class=\" fusion-read-more fusion-button-bar\" href=\"https:\/\/www.service-public.pf\/dag\/wp-content\/uploads\/sites\/28\/2019\/01\/tamanu-calophyllum-inophyllum-fiche-generalite_Flaure-JFButaud-JGerard-DGuibal-SDRFoger_vf-080807.pdf\" target=\"_self\">Voir le fichier<\/a><div class=\"fusion-clearfix\"><\/div><\/div><\/div><div style=\"--awb-backgroundcolor:#f8f3f6;\" class=\"fusion-column content-box-column content-box-column content-box-column-4 col-lg-2 col-md-2 col-sm-2 fusion-content-box-hover \"><div class=\"col content-box-wrapper content-wrapper-background content-wrapper-boxed link-area-link-icon link-type-button-bar icon-hover-animation-fade\" data-animationOffset=\"top-into-view\"><div class=\"heading heading-with-icon icon-left\"><a class=\"heading-link\" href=\"https:\/\/www.service-public.pf\/dag\/wp-content\/uploads\/sites\/28\/2019\/01\/pandanus_extrait-livre-arbre-en-polynesie_-ISBN978-2-9156-5437-0-_20071029.pdf\" target=\"_blank\" rel=\"noopener noreferrer\"><div class=\"icon\"><i style=\"border-color:#922d61;border-width:0px;background-color:#922d61;box-sizing:content-box;height:42px;width:42px;line-height:42px;top:-71px;margin-left:-21px;border-radius:50%;font-size:21px;\" aria-hidden=\"true\" class=\"fontawesome-icon fa fa-file-o circle-yes\"><\/i><\/div><\/a><\/div><div class=\"fusion-clearfix\"><\/div><div class=\"content-container\"><a href=\"https:\/\/www.service-public.pf\/dag\/wp-content\/uploads\/sites\/28\/2019\/01\/pandanus_extrait-livre-arbre-en-polynesie_-ISBN978-2-9156-5437-0-_20071029.pdf\" target=\"_blank\" rel=\"noopener noreferrer\"><img decoding=\"async\" class=\"alignnone size-medium wp-image-1010\" src=\"https:\/\/www.service-public.pf\/sdr\/wp-content\/uploads\/sites\/28\/2017\/06\/pandanus-300x225.jpg\" alt=\"\" width=\"300\" height=\"225\" srcset=\"https:\/\/www.service-public.pf\/dag\/wp-content\/uploads\/sites\/28\/2017\/06\/pandanus-200x150.jpg 200w, https:\/\/www.service-public.pf\/dag\/wp-content\/uploads\/sites\/28\/2017\/06\/pandanus-300x225.jpg 300w, https:\/\/www.service-public.pf\/dag\/wp-content\/uploads\/sites\/28\/2017\/06\/pandanus.jpg 400w\" sizes=\"(max-width: 300px) 100vw, 300px\" \/><\/a><\/p>\n<h2 class=\"content-box-heading cus-tab-title\" style=\"font-size: 21px;line-height: 26px\"><a href=\"https:\/\/www.service-public.pf\/dag\/wp-content\/uploads\/sites\/28\/2019\/01\/pandanus_extrait-livre-arbre-en-polynesie_-ISBN978-2-9156-5437-0-_20071029.pdf\" target=\"_blank\" rel=\"noopener noreferrer\">Pandanus<\/a><\/h2>\n<\/div><div class=\"fusion-clearfix\"><\/div><a class=\" fusion-read-more fusion-button-bar\" href=\"https:\/\/www.service-public.pf\/dag\/wp-content\/uploads\/sites\/28\/2019\/01\/pandanus_extrait-livre-arbre-en-polynesie_-ISBN978-2-9156-5437-0-_20071029.pdf\" target=\"_blank\" rel=\"noopener noreferrer\">Voir le fichier<\/a><div class=\"fusion-clearfix\"><\/div><\/div><\/div><div style=\"--awb-backgroundcolor:rgb(248, 243, 246);\" class=\"fusion-column content-box-column content-box-column content-box-column-5 col-lg-2 col-md-2 col-sm-2 fusion-content-box-hover \"><div class=\"col content-box-wrapper content-wrapper-background content-wrapper-boxed link-area-link-icon link-type-button-bar icon-hover-animation-fade\" data-animationOffset=\"top-into-view\"><div class=\"heading heading-with-icon icon-left\"><a class=\"heading-link\" href=\"https:\/\/www.service-public.pf\/dag\/wp-content\/uploads\/sites\/28\/2019\/01\/pin-caraibes-PF_guide-exploitation-transformation_sdrFOGER-JFButaud_20081121.pdf\" target=\"_blank\" rel=\"noopener noreferrer\"><div class=\"icon\"><i style=\"border-color:#922d61;border-width:0px;background-color:#922d61;box-sizing:content-box;height:42px;width:42px;line-height:42px;top:-71px;margin-left:-21px;border-radius:50%;font-size:21px;\" aria-hidden=\"true\" class=\"fontawesome-icon fa fa-file-o circle-yes\"><\/i><\/div><\/a><\/div><div class=\"fusion-clearfix\"><\/div><div class=\"content-container\"><a href=\"https:\/\/www.service-public.pf\/sdr\/wp-content\/uploads\/sites\/28\/2017\/06\/guide_exploitation_pin_des_caraibes-1.pdf\" target=\"_blank\" rel=\"noopener noreferrer\"><img decoding=\"async\" class=\"size-medium wp-image-1016 aligncenter\" src=\"https:\/\/www.service-public.pf\/sdr\/wp-content\/uploads\/sites\/28\/2017\/06\/guide_pins_des_caraibes-300x225.jpg\" alt=\"\" width=\"300\" height=\"225\" srcset=\"https:\/\/www.service-public.pf\/dag\/wp-content\/uploads\/sites\/28\/2017\/06\/guide_pins_des_caraibes-200x150.jpg 200w, https:\/\/www.service-public.pf\/dag\/wp-content\/uploads\/sites\/28\/2017\/06\/guide_pins_des_caraibes-300x225.jpg 300w, https:\/\/www.service-public.pf\/dag\/wp-content\/uploads\/sites\/28\/2017\/06\/guide_pins_des_caraibes.jpg 400w\" sizes=\"(max-width: 300px) 100vw, 300px\" \/><\/a><\/p>\n<h2 class=\"content-box-heading cus-tab-title\" style=\"font-size: 21px;line-height: 26px\"><a href=\"https:\/\/www.service-public.pf\/sdr\/wp-content\/uploads\/sites\/28\/2017\/06\/guide_exploitation_pin_des_caraibes-1.pdf\" target=\"_blank\" rel=\"noopener noreferrer\">Guide exploitation Pin des Cara\u00efbes<\/a><\/h2>\n<\/div><div class=\"fusion-clearfix\"><\/div><a class=\" fusion-read-more fusion-button-bar\" href=\"https:\/\/www.service-public.pf\/dag\/wp-content\/uploads\/sites\/28\/2019\/01\/pin-caraibes-PF_guide-exploitation-transformation_sdrFOGER-JFButaud_20081121.pdf\" target=\"_blank\" rel=\"noopener noreferrer\">Voir le fichier<\/a><div class=\"fusion-clearfix\"><\/div><\/div><\/div><div style=\"--awb-backgroundcolor:#f8f3f6;\" class=\"fusion-column content-box-column content-box-column content-box-column-6 col-lg-2 col-md-2 col-sm-2 fusion-content-box-hover content-box-column-last content-box-column-last-in-row\"><div class=\"col content-box-wrapper content-wrapper-background content-wrapper-boxed link-area-link-icon link-type-button-bar icon-hover-animation-fade\" data-animationOffset=\"top-into-view\"><div class=\"heading heading-with-icon icon-left\"><a class=\"heading-link\" href=\"https:\/\/www.service-public.pf\/dag\/wp-content\/uploads\/sites\/28\/2019\/01\/foret-polynesienne_scan-depliant_SDR-foger-siteDAG_vf-nd.pdf\" target=\"_blank\" rel=\"noopener noreferrer\"><div class=\"icon\"><i style=\"border-color:#922d61;border-width:0px;background-color:#922d61;box-sizing:content-box;height:42px;width:42px;line-height:42px;top:-71px;margin-left:-21px;border-radius:50%;font-size:21px;\" aria-hidden=\"true\" class=\"fontawesome-icon fa-file far circle-yes\"><\/i><\/div><\/a><\/div><div class=\"fusion-clearfix\"><\/div><div class=\"content-container\">\n<p><a href=\"https:\/\/www.service-public.pf\/dag\/wp-content\/uploads\/sites\/28\/2019\/01\/foret-polynesienne_scan-depliant_SDR-foger-siteDAG_vf-nd.pdf\" target=\"_blank\" rel=\"noopener noreferrer\"><img decoding=\"async\" class=\"size-medium wp-image-1020 aligncenter\" src=\"https:\/\/www.service-public.pf\/sdr\/wp-content\/uploads\/sites\/28\/2017\/06\/ressource-300x225.jpg\" alt=\"\" width=\"300\" height=\"225\" \/><\/a><\/p>\n<h2 class=\"content-box-heading cus-tab-title\" style=\"font-size: 21px;line-height: 26px\"><a href=\"https:\/\/www.service-public.pf\/dag\/wp-content\/uploads\/sites\/28\/2019\/01\/foret-polynesienne_scan-depliant_SDR-foger-siteDAG_vf-nd.pdf\" target=\"_blank\" rel=\"noopener noreferrer\">La for\u00eat polyn\u00e9sienne, une ressource \u00e0 d\u00e9velopper<\/a><\/h2>\n<\/div><div class=\"fusion-clearfix\"><\/div><a class=\" fusion-read-more fusion-button-bar\" href=\"https:\/\/www.service-public.pf\/dag\/wp-content\/uploads\/sites\/28\/2019\/01\/foret-polynesienne_scan-depliant_SDR-foger-siteDAG_vf-nd.pdf\" target=\"_blank\" rel=\"noopener noreferrer\">Voir le fichier<\/a><div class=\"fusion-clearfix\"><\/div><\/div><\/div><div class=\"fusion-clearfix\"><\/div><\/div><div class=\"fusion-clearfix\"><\/div><\/div><\/div><\/div><\/div><\/p>\n","protected":false},"excerpt":{"rendered":"","protected":false},"author":98,"featured_media":0,"parent":4262,"menu_order":0,"comment_status":"closed","ping_status":"closed","template":"100-width.php","meta":{"_acf_changed":false,"_seopress_robots_primary_cat":"","_seopress_titles_title":"","_seopress_titles_desc":"","_seopress_robots_index":"","footnotes":""},"class_list":["post-984","page","type-page","status-publish","hentry"],"acf":[],"_links":{"self":[{"href":"https:\/\/www.service-public.pf\/dag\/wp-json\/wp\/v2\/pages\/984","targetHints":{"allow":["GET"]}}],"collection":[{"href":"https:\/\/www.service-public.pf\/dag\/wp-json\/wp\/v2\/pages"}],"about":[{"href":"https:\/\/www.service-public.pf\/dag\/wp-json\/wp\/v2\/types\/page"}],"author":[{"embeddable":true,"href":"https:\/\/www.service-public.pf\/dag\/wp-json\/wp\/v2\/users\/98"}],"replies":[{"embeddable":true,"href":"https:\/\/www.service-public.pf\/dag\/wp-json\/wp\/v2\/comments?post=984"}],"version-history":[{"count":0,"href":"https:\/\/www.service-public.pf\/dag\/wp-json\/wp\/v2\/pages\/984\/revisions"}],"up":[{"embeddable":true,"href":"https:\/\/www.service-public.pf\/dag\/wp-json\/wp\/v2\/pages\/4262"}],"wp:attachment":[{"href":"https:\/\/www.service-public.pf\/dag\/wp-json\/wp\/v2\/media?parent=984"}],"curies":[{"name":"wp","href":"https:\/\/api.w.org\/{rel}","templated":true}]}}