{"id":12464,"date":"2026-09-02T13:49:01","date_gmt":"2026-09-02T23:49:01","guid":{"rendered":"https:\/\/www.service-public.pf\/dcp\/?page_id=12464"},"modified":"2026-09-02T14:40:41","modified_gmt":"2026-09-03T00:40:41","slug":"decouvrir-mq-2","status":"publish","type":"page","link":"https:\/\/www.service-public.pf\/dcp\/decouvrir-mq-2\/","title":{"rendered":"D\u00e9couvrir"},"content":{"rendered":"<div class=\"fusion-fullwidth fullwidth-box fusion-builder-row-1 fusion-flex-container has-pattern-background has-mask-background nonhundred-percent-fullwidth non-hundred-percent-height-scrolling\" style=\"--awb-border-radius-top-left:0px;--awb-border-radius-top-right:0px;--awb-border-radius-bottom-right:0px;--awb-border-radius-bottom-left:0px;--awb-flex-wrap:wrap;\" ><div class=\"fusion-builder-row fusion-row fusion-flex-align-items-flex-start fusion-flex-content-wrap\" style=\"max-width:104%;margin-left: calc(-4% \/ 2 );margin-right: calc(-4% \/ 2 );\"><div class=\"fusion-layout-column fusion_builder_column fusion-builder-column-0 fusion_builder_column_1_1 1_1 fusion-flex-column\" style=\"--awb-bg-size:cover;--awb-width-large:100%;--awb-margin-top-large:0px;--awb-spacing-right-large:1.92%;--awb-margin-bottom-large:20px;--awb-spacing-left-large:1.92%;--awb-width-medium:100%;--awb-order-medium:0;--awb-spacing-right-medium:1.92%;--awb-spacing-left-medium:1.92%;--awb-width-small:100%;--awb-order-small:0;--awb-spacing-right-small:1.92%;--awb-spacing-left-small:1.92%;\"><div class=\"fusion-column-wrapper fusion-column-has-shadow fusion-flex-justify-content-flex-start fusion-content-layout-column\"><div class=\"fusion-text fusion-text-1\"><h3><span style=\"text-decoration: underline\"><strong>1- Un projet d&rsquo;envergure<\/strong><\/span><\/h3>\n<\/div><div class=\"fusion-text fusion-text-2\"><div class=\"title uppercase\">Le mot du Pr\u00e9sident<\/div>\n<div class=\"content\">Le Pr\u00e9sident de la Polyn\u00e9sie Fran\u00e7aise, Monsieur Edouard Fritch, est heureux que ce projet d&rsquo;inscription des \u00eeles Marquises sur la Liste du Patrimoine mondial soit d&rsquo;abord port\u00e9 par la communaut\u00e9 marquisienne. Le Pays souhaite que ce projet ambitieux soit moteur d&rsquo;un d\u00e9veloppement durable pour l&rsquo;archipel.<\/div>\n<\/div><div class=\"fusion-video fusion-youtube\" style=\"--awb-max-width:600px;--awb-max-height:350px;\"><div class=\"video-shortcode\"><div class=\"fluid-width-video-wrapper\" style=\"padding-top:58.33%;\" ><iframe title=\"YouTube video player 1\" src=\"https:\/\/www.youtube.com\/embed\/?wmode=transparent&autoplay=0\" width=\"600\" height=\"350\" allowfullscreen allow=\"autoplay; clipboard-write; encrypted-media; gyroscope; picture-in-picture;\"><\/iframe><\/div><\/div><\/div><div class=\"fusion-text fusion-text-3\"><h4 class=\"title\">Une inscription en tant que \u00ab\u00a0Bien Mixte\u00a0\u00bb<\/h4>\n<div class=\"text\">\n<div>\n<p class=\"text-align-justify\">Les \u00eeles Marquises sont inscrites sur la liste indicative des biens fran\u00e7ais depuis 1996 en tant que bien culturel. En 2010, elles font l\u2019objet d\u2019une nouvelle inscription en tant que bien mixte.<\/p>\n<p class=\"text-align-justify\">Initie\u0301 a\u0300 la demande des Marquisiens en 1996, la candidature de l\u2019archipel sur la Liste du patrimoine mondial a \u00e9volu\u00e9 au fil des ans.<\/p>\n<p class=\"text-align-justify\">Aux pr\u00e9mices du projet, la demande d\u2019inscription sur la liste indicative des \u201cbiens fran\u00e7ais\u201d comprenait uniquement la partie culture. Il s\u2019agissait donc \u00e0 cette \u00e9poque d\u2019une candidature en tant que \u201cbien culturel\u201d.<\/p>\n<p class=\"text-align-justify\">Dor\u00e9navant, et ce depuis 2010, les Marquises font l\u2019objet d\u2019une nouvelle inscription. La candidature associe \u00e0 la fois la culture et la nature ; on parle d\u00e9sormais de \u201cbien mixte\u201d.<\/p>\n<p class=\"text-align-justify\">Pour pr\u00e9tendre \u00e0 une inscription sur la liste du Patrimoine mondial,\u00a0<em>Te Henua \u00c8nata<\/em>\u00a0&#8211; les \u00eeles Marquises, doivent justifier d\u2019une Valeur Universelle Exceptionnelle** (V.U.E). Pour ce faire, la candidature doit r\u00e9pondre \u00e0 au moins un des dix crit\u00e8res de s\u00e9lection d\u00e9finis par l\u2019UNESCO* (5 crit\u00e8res nature, 5 crit\u00e8res culture). Dans le cadre du dossier de candidature de l\u2019archipel marquisien, celui-ci r\u00e9pond \u00e0 6 crit\u00e8res (3 culture, 3 nature).<\/p>\n<p class=\"text-align-justify\">Te\u00a0<em>Henua \u00c8nata<\/em>\u00a0&#8211; les \u00eeles Marquises, sont d\u00e9j\u00e0 reconnues pour leurs paysages spectaculaires et pour la diversit\u00e9 de la faune et de la flore terrestre et marine. Cependant cette faune et cette flore \u00e9voluent sur des territoires tr\u00e8s petits, les rendant vuln\u00e9rables. Avec l&rsquo;inscription sur la liste du Patrimoine mondial, Te\u00a0<em>Henua \u00c8nata<\/em>\u00a0&#8211; les \u00eeles Marquises pourraient ainsi devenir un exemple unique au monde d&rsquo;un territoire insulaire ayant su sauvegarder sa richesse oc\u00e9anographique et botanique. L\u2019assurance donc d\u2019une visibilit\u00e9 internationale et d&rsquo;un nouveau regard des habitants sur cette richesse qui les entoure tout en les encourageant \u00e0 la pr\u00e9server.<\/p>\n<p class=\"text-align-justify\">A l\u2019\u00e9chelle locale, cette adhe\u0301sion a pour envergure d\u2019associer la protection du patrimoine culturel et naturel, d\u2019encourager le maintien et la transmission des connaissances traditionnelles et ainsi de pre\u0301server cet he\u0301ritage, les fondements de l\u2019identite\u0301 marquisienne, pour les ge\u0301ne\u0301rations a\u0300 venir. L&rsquo;inscription doit alors concilier protection et de\u0301veloppement e\u0301conomique, a\u0300 la condition de mettre en place un plan de gestion adapte\u0301 et approuve\u0301 par tous.<\/p>\n<p class=\"text-align-justify\">Ce projet est men\u00e9 gr\u00e2ce \u00e0 l\u2019implication de la population marquisienne, en concertation avec les institutions du Pays et avec le soutien du Pre\u0301sident de la Re\u0301publique.<\/p>\n<p class=\"text-align-justify\"><a href=\"https:\/\/whc.unesco.org\/fr\/etatsparties\/fr\">D\u00e9couvrez la liste des biens fran\u00e7ais inscrits<\/a><\/p>\n<hr \/>\n<p class=\"text-align-justify\"><em>*L\u2019Unesco: (Organisation des Nations Unies pour l&rsquo;E\u0301ducation, la Science et la Culture) se manifeste notamment par la protection et la pre\u0301servation du patrimoine culturel et naturel a\u0300 travers le monde, conside\u0301re\u0301 comme ayant une valeur exceptionnelle pour l\u2019humanite\u0301.<\/em><\/p>\n<p class=\"text-align-justify\"><em>**La Valeur Universelle Exceptionnelle: \u201cLa VUE signifie une importance culturelle et\/ou naturelle tellement exceptionnelle qu\u2019elle transcende les fronti\u00e8res nationales et qu\u2019elle pr\u00e9sente le m\u00eame caract\u00e8re inestimable pour les g\u00e9n\u00e9rations actuelles et futures de l\u2019ensemble de l\u2019humanit\u00e9.\u201d\u00a0<\/em><\/p>\n<\/div>\n<\/div>\n<\/div><div class=\"accordian fusion-accordian\" style=\"--awb-border-size:1px;--awb-icon-size:13px;--awb-content-font-size:15px;--awb-icon-alignment:left;--awb-hover-color:#f9f9f9;--awb-border-color:#cccccc;--awb-background-color:#ffffff;--awb-divider-color:#e0dede;--awb-divider-hover-color:#e0dede;--awb-icon-color:#ffffff;--awb-title-color:#1f383f;--awb-content-color:#333333;--awb-icon-box-color:#333333;--awb-toggle-hover-accent-color:#ad101e;--awb-title-font-family:&quot;Roboto&quot;;--awb-title-font-weight:700;--awb-title-font-style:normal;--awb-title-font-size:18px;--awb-content-font-family:&quot;Open Sans&quot;;--awb-content-font-style:normal;--awb-content-font-weight:400;\"><div class=\"panel-group fusion-toggle-icon-boxed\" id=\"accordion-12464-1\"><div class=\"fusion-panel panel-default panel-e828905dcdd14b406 fusion-toggle-has-divider\" style=\"--awb-title-color:#1f383f;--awb-content-color:#333333;\"><div class=\"panel-heading\"><h4 class=\"panel-title toggle\" id=\"toggle_e828905dcdd14b406\"><a aria-expanded=\"false\" aria-controls=\"e828905dcdd14b406\" role=\"button\" data-toggle=\"collapse\" data-parent=\"#accordion-12464-1\" data-target=\"#e828905dcdd14b406\" href=\"#e828905dcdd14b406\"><span class=\"fusion-toggle-icon-wrapper\" aria-hidden=\"true\"><i class=\"fa-fusion-box active-icon awb-icon-minus\" aria-hidden=\"true\"><\/i><i class=\"fa-fusion-box inactive-icon awb-icon-plus\" aria-hidden=\"true\"><\/i><\/span><span class=\"fusion-toggle-heading\">Un bien mixte en s\u00e9rie<\/span><\/a><\/h4><\/div><div id=\"e828905dcdd14b406\" class=\"panel-collapse collapse \" aria-labelledby=\"toggle_e828905dcdd14b406\"><div class=\"panel-body toggle-content fusion-clearfix\">\n<p>Le mot du Ministre<\/p>\n<div class=\"content\">Le Ministre de la culture, de l&rsquo;environnement, des ressources marines, en charge de l&rsquo;artisanat, Monsieur Heremoana Maamaatuaiahutapu, expose les raisons pour lesquelles ce dossier de candidature est si particulier.<\/div>\n<div><\/div>\n<div>https:\/\/youtu.be\/mykZUB_c7ps?si=IiNRgbkLk_VeLDBG<\/div>\n<div>\n<p class=\"text-align-justify\">L\u2019isolement de l&rsquo;archipel associ\u00e9 aux caract\u00e9ristiques g\u00e9omorphologiques et oc\u00e9anographiques propres aux \u00eeles Marquises engendrent une combinaison de processus \u00e9cologiques et biologiques naturels tr\u00e8s rares au niveau de l&rsquo;\u00e9cosyst\u00e8me marin.<\/p>\n<p class=\"text-align-justify\">Les modalit\u00e9s d&rsquo;adh\u00e9sion sur la liste du Patrimoine mondial reposent sur plusieurs crit\u00e8res de s\u00e9lection exprim\u00e9s par l&rsquo;UNESCO, qu&rsquo;ils soient culturels et\/ou naturels.<\/p>\n<p class=\"text-align-justify\">Pour y r\u00e9pondre, le candidat doit mettre en avant sa Valeur Universelle Exceptionnelle* (V.U.E) et d\u00e9montrer qu\u2019il r\u00e9pond \u00e0 au moins un des dix crit\u00e8res.<\/p>\n<p class=\"text-align-justify\">En ce qui concerne le dossier de candidature TE HENUA \u00c8NATA &#8211; les \u00eeles Marquises, celui-ci r\u00e9pond \u00e0 6 crit\u00e8res sur 10\u00a0 d\u00e9finis par l\u2019Unesco (3 nature \/ 3 culture) dans la cat\u00e9gorie \u201cBien Mixte\u201d, \u00e0 savoir :<\/p>\n<hr \/>\n<p class=\"text-align-justify\">CULTURE<\/p>\n<p class=\"text-align-justify\">&#8211; Crit\u00e8re iii &#8211; TE HENUA \u00c8NATA &#8211; les \u00eeles Marquises, portent un t\u00e9moignage exceptionnel d&rsquo;une tradition culturelle, d&rsquo;une civilisation vivante, qui a failli dispara\u00eetre.<\/p>\n<p class=\"text-align-justify\">&#8211; Crit\u00e8re iv &#8211; TE HENUA \u00c8NATA &#8211; les \u00eeles Marquises, constituent un exemple \u00e9minent d&rsquo;un type de construction ou d&rsquo;ensemble architectural (paepae) ou technologique ou de paysage illustrant une ou des p\u00e9riodes significative(s) de l&rsquo;histoire humaine.<\/p>\n<p class=\"text-align-justify\">&#8211; Crit\u00e8re vi &#8211; TE HENUA \u00c8NATA &#8211; les \u00eeles Marquises, sont directement ou mat\u00e9riellement associ\u00e9es \u00e0 des \u00e9v\u00e9nements ou des traditions vivantes, des id\u00e9es, des croyances ou des \u0153uvres artistiques et litt\u00e9raires ayant une signification universelle exceptionnelle.<\/p>\n<hr \/>\n<p class=\"text-align-justify\">NATURE<\/p>\n<p class=\"text-align-justify\">&#8211; Crit\u00e8re vii &#8211; TE HENUA \u00c8NATA &#8211; les \u00eeles Marquises, repr\u00e9sentent des ph\u00e9nom\u00e8nes naturels remarquables et des aires d&rsquo;une beaut\u00e9 naturelle et d&rsquo;une importance esth\u00e9tique exceptionnelle.<\/p>\n<p class=\"text-align-justify\">&#8211; Crit\u00e8re ix &#8211; TE HENUA \u00c8NATA &#8211; les \u00eeles Marquises, constituent des exemples \u00e9minemment repr\u00e9sentatifs de processus \u00e9cologiques et biologiques en cours dans l&rsquo;\u00e9volution et le d\u00e9veloppement des \u00e9cosyst\u00e8mes et des communaut\u00e9s de plantes et d&rsquo;animaux terrestres, aquatiques, c\u00f4tiers et marins.<\/p>\n<p class=\"text-align-justify\">&#8211; Crit\u00e8re x &#8211; TE HENUA \u00c8NATA &#8211; les \u00eeles Marquises, abritent des habitats naturels importants pour la conservation in situ de la diversit\u00e9 biologique et ont \u00e9t\u00e9 identifi\u00e9s au niveau international comme constituant une zone \u00e0 fort enjeux de conservation au regard du patrimoine naturel terrestre et marin exceptionnel.<\/p>\n<p class=\"text-align-justify\">C&rsquo;est d&rsquo;ailleurs ce qui en fait sa singularit\u00e9 et toute sa complexit\u00e9 puisqu&rsquo;il s&rsquo;agit d\u2019un dossier mixte (nature\/culture), en s\u00e9rie (plusieurs \u00eeles) et int\u00e9grant des p\u00e9rim\u00e8tres \u00e0 la fois terrestres et marin.<\/p>\n<p class=\"text-align-justify\">A titre d\u2019exemples, les pitons volcaniques de l\u2019\u00eele de Ua Pou, les dauphins d\u2019Electre ou encore le me\u2019ae \u2018I\u2019ipona (Hiva Oa) font partie de cette \u201cVUE\u201d, d\u00e9terminante pour une inscription sur la liste du Patrimoine mondial de l\u2019Unesco.<\/p>\n<\/div>\n<\/div><\/div><\/div><div class=\"fusion-panel panel-default panel-38b780c338ce8d4b5 fusion-toggle-has-divider\" style=\"--awb-title-color:#1f383f;--awb-content-color:#333333;\"><div class=\"panel-heading\"><h4 class=\"panel-title toggle\" id=\"toggle_38b780c338ce8d4b5\"><a aria-expanded=\"false\" aria-controls=\"38b780c338ce8d4b5\" role=\"button\" data-toggle=\"collapse\" data-parent=\"#accordion-12464-1\" data-target=\"#38b780c338ce8d4b5\" href=\"#38b780c338ce8d4b5\"><span class=\"fusion-toggle-icon-wrapper\" aria-hidden=\"true\"><i class=\"fa-fusion-box active-icon awb-icon-minus\" aria-hidden=\"true\"><\/i><i class=\"fa-fusion-box inactive-icon awb-icon-plus\" aria-hidden=\"true\"><\/i><\/span><span class=\"fusion-toggle-heading\">Les grandes \u00e9tapes du projet d'inscription<\/span><\/a><\/h4><\/div><div id=\"38b780c338ce8d4b5\" class=\"panel-collapse collapse \" aria-labelledby=\"toggle_38b780c338ce8d4b5\"><div class=\"panel-body toggle-content fusion-clearfix\">\n<h4>Le processus d&rsquo;inscription<\/h4>\n<div class=\"text\">\n<div>\n<p class=\"text-align-justify\">Le processus d&rsquo;inscription sur la liste du patrimoine mondial est un long chemin qui se fait sur plusieurs ann\u00e9es. Seuls les pays signataires de la convention du patrimoine mondial peuvent pr\u00e9senter, pour examen, des propositions d&rsquo;inscription de biens situ\u00e9s sur leur territoire.<\/p>\n<p class=\"text-align-justify\">De nombreuses \u00e9tapes sont \u00e0 franchir, au niveau national et international, avant d\u2019int\u00e9grer la liste des biens inscrits au Patrimoine mondial de l\u2019UNESCO.<\/p>\n<hr \/>\n<p class=\"text-align-justify\"><strong>A l\u2019\u00e9chelle nationale\u00a0:<\/strong><\/p>\n<p class=\"text-align-justify\"><strong>1) Figurer sur la liste indicative des biens fran\u00e7ais<\/strong><\/p>\n<p class=\"text-align-justify\">Cette liste est un inventaire des biens que la France a l\u2019intention de proposer \u00e0 l\u2019inscription au Patrimoine mondial. La France consid\u00e8re ces biens comme \u00e9tant un patrimoine culturel et\/ou naturel d\u2019une Valeur Universelle Exceptionnelle (V.U.E) susceptible d\u2019\u00eatre inscrits sur la liste du patrimoine mondial.<\/p>\n<p class=\"text-align-justify\">1996 : inscription des \u00eeles Marquises sur la liste indicative de la France en tant que \u201cbien culturel\u201d<\/p>\n<p class=\"text-align-justify\">Depuis 2010 : nouvelle inscription des \u00eeles Marquises sur la liste indicative de la France, mais cette fois-ci en tant que bien mixte (\u00e0 la fois culture et nature)<\/p>\n<p class=\"text-align-justify\"><strong>2) Constituer le dossier de candidature<\/strong><\/p>\n<p class=\"text-align-justify\">Ce dossier doit d\u00e9montrer la Valeur Universelle Exceptionnelle (V.U.E) du bien \u00e0 travers les 10 crit\u00e8res fix\u00e9s par l\u2019UNESCO et proposer des outils de gestion permettant de le prot\u00e9ger et de le mettre en valeur. La constitution de ce dossier se d\u00e9roule en 3 \u00e9tapes qui sont \u00e0 terme valid\u00e9es par le Comit\u00e9 fran\u00e7ais du patrimoine mondial (CFPM).<\/p>\n<hr \/>\n<p class=\"text-align-justify\"><strong>A l\u2019\u00e9chelle internationale\u00a0:<\/strong><\/p>\n<p class=\"text-align-justify\"><strong>3) \u00catre s\u00e9lectionn\u00e9 par la France<\/strong><\/p>\n<p class=\"text-align-justify\">Le dossier de candidature est d\u00e9pos\u00e9 par la France, \u00e9tat-partie signataire de la convention du patrimoine mondial, aupr\u00e8s du Centre du patrimoine mondial qui devra valider le caract\u00e8re complet du dossier et son enregistrement sur la liste des candidats. Le dossier est alors transmis aux organisations consultatives de l\u2019UNESCO.<\/p>\n<p class=\"text-align-justify\"><strong>4) Examen du dossier par les experts internationaux<\/strong><\/p>\n<p class=\"text-align-justify\">Le Centre du patrimoine mondial transmet le dossier de candidature \u00e0 ses organes consultatifs : le Conseil international des monuments et des sites (ICOMOS) pour l\u2019\u00e9valuation des aspects culturels et l\u2019Union internationale pour la conservation de la nature (UICN) pour les aspects naturels du bien. Des experts internationaux feront une visite de terrain pour \u00e9valuer la pertinence du bien au regard des crit\u00e8res de l\u2019UNESCO, son \u00e9tat de conservation et sa gestion. Les experts rendront alors leur avis sur le dossier.<\/p>\n<\/div>\n<div class=\"title uppercase\">Anatauarii TAMARII &#8211; Coordinateur du dossier<\/div>\n<div class=\"content\">Dans cet interview, Anatauarii TAMARII insiste sur la n\u00e9cessit\u00e9 de d\u00e9livrer un message clair et transparent \u00e0 la population marquisienne concernant le dossier de candidature.<\/div>\n<div>\n<p class=\"text-align-justify\"><strong>5) Inscription sur la liste du patrimoine mondial<\/strong><\/p>\n<p class=\"text-align-justify\">Les membres du Comit\u00e9 du Patrimoine mondial votent pour l\u2019inscription du bien sur la liste du Patrimoine mondial de l\u2019UNESCO.<\/p>\n<\/div>\n<\/div>\n<\/div><\/div><\/div><div class=\"fusion-panel panel-default panel-97e2fb6a4aec3ea8a fusion-toggle-has-divider\" style=\"--awb-title-color:#1f383f;--awb-content-color:#333333;\"><div class=\"panel-heading\"><h4 class=\"panel-title toggle\" id=\"toggle_97e2fb6a4aec3ea8a\"><a aria-expanded=\"false\" aria-controls=\"97e2fb6a4aec3ea8a\" role=\"button\" data-toggle=\"collapse\" data-parent=\"#accordion-12464-1\" data-target=\"#97e2fb6a4aec3ea8a\" href=\"#97e2fb6a4aec3ea8a\"><span class=\"fusion-toggle-icon-wrapper\" aria-hidden=\"true\"><i class=\"fa-fusion-box active-icon awb-icon-minus\" aria-hidden=\"true\"><\/i><i class=\"fa-fusion-box inactive-icon awb-icon-plus\" aria-hidden=\"true\"><\/i><\/span><span class=\"fusion-toggle-heading\">Un soutien national<\/span><\/a><\/h4><\/div><div id=\"97e2fb6a4aec3ea8a\" class=\"panel-collapse collapse \" aria-labelledby=\"toggle_97e2fb6a4aec3ea8a\"><div class=\"panel-body toggle-content fusion-clearfix\">\n<h4>Le Comit\u00e9 fran\u00e7ais du Patrimoine mondial (CFPM)<\/h4>\n<div class=\"text\">\n<div>\n<p class=\"text-align-justify\">Le CFPM est un comit\u00e9 d\u2019experts plac\u00e9 sous l\u2019autorit\u00e9 des minist\u00e8res en charge de la Culture et de la Transition \u00e9cologique et solidaire qui a pour mission d\u2019accompagner et d\u2019expertiser les dossiers de candidature sur la liste du Patrimoine mondial de l\u2019UNESCO.<\/p>\n<p class=\"text-align-justify\">Si le gouvernement de la Polyn\u00e9sie fran\u00e7aise a amorc\u00e9 le processus de reconnaissance des Marquises,\u00a0<em>Te Henua \u00c8nata<\/em>\u00a0&#8211; les\u00a0\u00eeles Marquises, c\u2019est l\u2019\u00c9tat Fran\u00e7ais, \u00c9tat-partie \u00e0 la Convention du patrimoine mondial depuis 1975, qui portera le projet devant l\u2019UNESCO. Dans ce cadre, c\u2019est le CFPM qui, dans sa mission d\u2019accompagnement des porteurs de projet, examine et valide les propositions d&rsquo;inscription en trois \u00e9tapes distinctes.<\/p>\n<p class=\"text-align-justify\"><strong>Etape 1<\/strong>\u00a0:\u00a0Analyse et validation des grands principes de la V.U.E potentielle du bien et de ses crit\u00e8res.<\/p>\n<p class=\"text-align-justify\"><strong>Etape 2<\/strong>\u00a0:\u00a0Examination\u00a0et validation des attributs qui illustrent le bien, de l\u2019analyse comparative qui d\u00e9montre l\u2019authenticit\u00e9, l\u2019int\u00e9grit\u00e9 et la robustesse de ces attributs par rapport \u00e0 d\u2019autres biens similaires, des principes de d\u00e9limitation de sa zone tampon.<\/p>\n<p class=\"text-align-justify\"><strong>Etape 3<\/strong>\u00a0:\u00a0Contr\u00f4le et validation du plan de gestion.<\/p>\n<p class=\"text-align-justify\">Le CFPM \u00e9tablit \u00e0 chacune de ces \u00e9tapes une appr\u00e9ciation, sur la base d\u2019un dossier, d\u2019une audition des porteurs de projet et du rapport d\u2019un ou des membre(s) d\u00e9sign\u00e9(s) par ce Comit\u00e9 charg\u00e9(s) d\u2019accompagner les porteurs de projet dans l\u2019\u00e9laboration du dossier de candidature.<\/p>\n<p class=\"text-align-justify\">La Polyn\u00e9sie fran\u00e7aise a d\u00e9j\u00e0 franchi les 2 premi\u00e8res \u00e9tapes dans la construction du dossier de candidature. L\u2019audition de l\u2019ultime \u00e9tape a \u00e9t\u00e9 fix\u00e9e \u00e0 la date du 18 octobre 2022.<\/p>\n<\/div>\n<\/div>\n<\/div><\/div><\/div><\/div><\/div><div class=\"fusion-text fusion-text-4\"><h3><span style=\"text-decoration: underline\"><strong>2- Richesse du patrimoine naturel<\/strong><\/span><\/h3>\n<\/div><div class=\"fusion-text fusion-text-5\"><p class=\"text-align-justify\">TE HENUA \u00c8NATA &#8211; les \u00eeles Marquises poss\u00e8dent un patrimoine terrestre et marin exceptionnel !<\/p>\n<p class=\"text-align-justify\">D\u00e9pourvues de constructions r\u00e9cifales et de lagons, elles se distinguent des autres formations insulaires du Pacifique par ses paysages naturels hors du commun mais \u00e9galement par l\u2019abondance et la multiplicit\u00e9 de sa faune et de sa flore.<\/p>\n<p class=\"text-align-justify\">Les \u00eeles abritent des aires naturelles encore vierges et luxuriantes et font de l\u2019archipel un mod\u00e8le remarquable de l\u2019\u00e9volution des esp\u00e8ces en milieux insulaires oc\u00e9aniques.<\/p>\n<p class=\"text-align-justify\">Cette richesse naturelle se pr\u00e9sente sous plusieurs formes : des pitons volcaniques, des esp\u00e8ces marines \u00e9voluant en abondance pr\u00e8s des c\u00f4tes (Dauphins d\u2019Electre, raies Manta\u2026), un \u00e9cosyst\u00e8me sauvage, des volcans effondr\u00e9s,\u00a0 des falaises maritimes ou encore les esp\u00e8ces d\u2019oiseaux et animaux rares.<\/p>\n<p class=\"text-align-justify\">Gr\u00e2ce \u00e0 ce patrimoine naturel unique, l\u2019archipel est reconnu par les principales organisations internationales non-gouvernementales impliqu\u00e9es dans la protection de la nature, comme une zone de grande importance pour la conservation de la biodiversit\u00e9 terrestre et marine.<\/p>\n<\/div><div class=\"accordian fusion-accordian\" style=\"--awb-border-size:1px;--awb-icon-size:13px;--awb-content-font-size:15px;--awb-icon-alignment:left;--awb-hover-color:#f9f9f9;--awb-border-color:#cccccc;--awb-background-color:#ffffff;--awb-divider-color:#e0dede;--awb-divider-hover-color:#e0dede;--awb-icon-color:#ffffff;--awb-title-color:#1f383f;--awb-content-color:#333333;--awb-icon-box-color:#333333;--awb-toggle-hover-accent-color:#ad101e;--awb-title-font-family:&quot;Roboto&quot;;--awb-title-font-weight:700;--awb-title-font-style:normal;--awb-title-font-size:18px;--awb-content-font-family:&quot;Open Sans&quot;;--awb-content-font-style:normal;--awb-content-font-weight:400;\"><div class=\"panel-group fusion-toggle-icon-boxed\" id=\"accordion-12464-2\"><div class=\"fusion-panel panel-default panel-6cc91e9a05c639091 fusion-toggle-has-divider\" style=\"--awb-title-color:#1f383f;--awb-content-color:#333333;\"><div class=\"panel-heading\"><h4 class=\"panel-title toggle\" id=\"toggle_6cc91e9a05c639091\"><a aria-expanded=\"false\" aria-controls=\"6cc91e9a05c639091\" role=\"button\" data-toggle=\"collapse\" data-parent=\"#accordion-12464-2\" data-target=\"#6cc91e9a05c639091\" href=\"#6cc91e9a05c639091\"><span class=\"fusion-toggle-icon-wrapper\" aria-hidden=\"true\"><i class=\"fa-fusion-box active-icon awb-icon-minus\" aria-hidden=\"true\"><\/i><i class=\"fa-fusion-box inactive-icon awb-icon-plus\" aria-hidden=\"true\"><\/i><\/span><span class=\"fusion-toggle-heading\">Beaut\u00e9 des paysages et spectacle de la vie sauvage<\/span><\/a><\/h4><\/div><div id=\"6cc91e9a05c639091\" class=\"panel-collapse collapse \" aria-labelledby=\"toggle_6cc91e9a05c639091\"><div class=\"panel-body toggle-content fusion-clearfix\">\n<p>TE HENUA \u00c8NATA &#8211; les \u00eeles Marquises, c\u2019est aussi des paysages naturels exceptionnels sublim\u00e9s par la beaut\u00e9 sauvage et puissante de ses montagnes escarp\u00e9es, ses pitons dress\u00e9s, ses hautes falaises, ses cascades vertigineuses et ses vall\u00e9es profondes et \u00e9troites. Tout y est r\u00e9uni pour attiser l\u2019impression de verticalit\u00e9 qui capte instantan\u00e9ment le regard du voyageur.<\/p>\n<hr \/>\n<p class=\"text-align-justify\"><strong>De la verticalit\u00e9 des paysages\u2026<\/strong><\/p>\n<p class=\"text-align-justify\">Observer les paysages marquisiens, c\u2019est hisser son regard jusqu\u2019aux sommets et cr\u00eates des montagnes spectaculaires dress\u00e9es au milieu de l\u2019oc\u00e9an puis le laisser plonger \u00e0 pic du haut des falaises vertigineuses dans une mer au bleu profond. Sur ces petites \u00eeles du Pacifique, les reliefs, issus d\u2019anciens volcans effondr\u00e9s et surplombant l\u2019oc\u00e9an, sont parmi les plus haut du monde.<\/p>\n<p class=\"text-align-justify\">L\u2019originalit\u00e9 des paysages est \u00e9troitement li\u00e9e \u00e0 la g\u00e9omorphologie, aux formes spectaculaires du relief tr\u00e8s marqu\u00e9 des \u00eeles et \u00e0 leur forte naturalit\u00e9. L\u2019archipel des Marquises est\u00a0constitu\u00e9\u00a0d\u2019\u00eeles et \u00eelots volcaniques jeunes, dont les reliefs correspondent aux cr\u00eates sommitales d\u2019immenses volcans \u00e9teints depuis environ deux millions d\u2019ann\u00e9es. Ces reliefs tr\u00e8s accident\u00e9s et tr\u00e8s verticaux sont bien diff\u00e9rents par rapport \u00e0 d\u2019autres \u00eeles volcaniques de la r\u00e9gion Pacifique, pour la plupart plus anciennes. Ils prennent la forme de pitons, d\u2019aiguilles basaltiques issues de l\u2019extrusion de lave sculpt\u00e9e par l\u2019\u00e9rosion, de cr\u00eates ac\u00e9r\u00e9es, de falaises maritimes abruptes et de haute altitude directement en contact avec le grand oc\u00e9an du fait de l\u2019absence de r\u00e9cifs frangeants protecteurs, contrairement aux \u00eeles anciennes de Polyn\u00e9sie. Ici, les g\u00e9ants de pierre sont en prise directe aux tumultes des eaux. La tradition orale nous rappelle que les anciens habitants de ces \u00eeles les ont souvent d\u00e9crits comme de valeureux guerriers. \u00c0 l\u2019image des pics et pitons, pr\u00e9sents surtout \u00e0 \u2018Ua Pou, qui par leur forme tr\u00e8s effil\u00e9e, r\u00e9guli\u00e8re, et leur concentration sur de si faibles surfaces en font une originalit\u00e9 g\u00e9omorphologique unique au monde. Cette beaut\u00e9 des paysages est rehauss\u00e9e par la majest\u00e9 des c\u00f4tes jalonn\u00e9es de grandes baies et de vall\u00e9es profondes qui s\u2019enfoncent dans les for\u00eats ainsi que par la densit\u00e9 des for\u00eats d\u2019altitude. Ces perspectives sont particuli\u00e8rement saisissantes depuis la mer, sur certaines c\u00f4tes et dans les espaces d\u2019altitude, qui r\u00e9unissent les caract\u00e9ristiques esth\u00e9tiques les plus remarquables. La verticalit\u00e9 du paysage donne lieu \u00e0 des effets de lumi\u00e8res que les rayons du soleil produisent tout au long de la journ\u00e9e \u00e0 travers une alternance de vert imp\u00e9rial d\u2019une v\u00e9g\u00e9tation exub\u00e9rante sur les cr\u00eates et des nuances de noir des roches littorales et des escarpements mis \u00e0 nu.<\/p>\n<p class=\"text-align-justify\"><strong>\u2026 au spectacle de la vie sauvage.<\/strong><\/p>\n<p class=\"text-align-justify\">Ce tableau sert de d\u00e9cor au fabuleux spectacle de la vie sauvage marine. Elle s\u2019observe particuli\u00e8rement depuis les espaces c\u00f4tiers des \u00eeles.<\/p>\n<p class=\"text-align-justify\">Aux Marquises, certains ph\u00e9nom\u00e8nes naturels li\u00e9s aux comportements de la faune marine ne s\u2019observent nulle part ailleurs. C\u2019est par exemple l\u2019un des rares endroits au monde o\u00f9 les deux esp\u00e8ces de raies Manta (Manta boristris et Manta alfredi) peuvent \u00eatre observ\u00e9es ensemble et y sont particuli\u00e8rement abondantes. Des dauphins d\u2019Electre ou p\u00e9ponoc\u00e9phale (Peponocephala electra) sont \u00e9galement pr\u00e9sents en abondance dans la bande marine c\u00f4ti\u00e8re alors qu\u2019ils vivent g\u00e9n\u00e9ralement en haute mer.<\/p>\n<p class=\"text-align-justify\">Tous ces ph\u00e9nom\u00e8nes sont extr\u00eamement rares au niveau mondial et donnent \u00e0 ces paysages terrestres et marins un int\u00e9r\u00eat esth\u00e9tique et patrimonial exceptionnel.<\/p>\n<\/div><\/div><\/div><div class=\"fusion-panel panel-default panel-c5e62fb1663020bb6 fusion-toggle-has-divider\" style=\"--awb-title-color:#1f383f;--awb-content-color:#333333;\"><div class=\"panel-heading\"><h4 class=\"panel-title toggle\" id=\"toggle_c5e62fb1663020bb6\"><a aria-expanded=\"false\" aria-controls=\"c5e62fb1663020bb6\" role=\"button\" data-toggle=\"collapse\" data-parent=\"#accordion-12464-2\" data-target=\"#c5e62fb1663020bb6\" href=\"#c5e62fb1663020bb6\"><span class=\"fusion-toggle-icon-wrapper\" aria-hidden=\"true\"><i class=\"fa-fusion-box active-icon awb-icon-minus\" aria-hidden=\"true\"><\/i><i class=\"fa-fusion-box inactive-icon awb-icon-plus\" aria-hidden=\"true\"><\/i><\/span><span class=\"fusion-toggle-heading\">Environnement &amp; Ecosyst\u00e8me<\/span><\/a><\/h4><\/div><div id=\"c5e62fb1663020bb6\" class=\"panel-collapse collapse \" aria-labelledby=\"toggle_c5e62fb1663020bb6\"><div class=\"panel-body toggle-content fusion-clearfix\">\n<p>L\u2019isolement de l&rsquo;archipel associ\u00e9 aux caract\u00e9ristiques g\u00e9omorphologiques et oc\u00e9anographiques propres aux \u00eeles Marquises engendrent une combinaison de processus \u00e9cologiques et biologiques naturels tr\u00e8s rares au niveau de l&rsquo;\u00e9cosyst\u00e8me marin.<\/p>\n<p>L\u2019isolement des \u00eeles, associ\u00e9 aux caract\u00e9ristiques g\u00e9omorphologiques et oc\u00e9anographiques propres \u00e0 l\u2019archipel engendrent une combinaison de processus \u00e9cologiques et biologiques naturels tr\u00e8s rares au niveau de l\u2019\u00e9cosyst\u00e8me marin.<\/p>\n<p>En effet, les Marquises sont les rares \u00eeles du Pacifique \u00e0 ne pas avoir de barri\u00e8re de corail. Plus exactement, le processus de formation de cette barri\u00e8re a \u00e9t\u00e9 interrompu. Elle se pr\u00e9sente aujourd\u2019hui sous la forme d\u2019un platier ennoy\u00e9, ceinturant toutes les \u00eeles de l\u2019archipel \u00e0 une profondeur comprise entre 100 et 150 m\u00e8tres, mais qui n\u2019est pas surmont\u00e9 d\u2019un r\u00e9cif barri\u00e8re contemporain.<\/p>\n<p>De plus, dans la zone tropicale du Pacifique, les eaux sont relativement pauvres en \u00e9l\u00e9ments nutritifs. Or, les eaux c\u00f4ti\u00e8res marquisiennes ont des taux de phytoplanctons beaucoup plus \u00e9lev\u00e9s que dans le reste des eaux polyn\u00e9siennes. Cet enrichissement biologique est fondamental puisqu\u2019il se r\u00e9percute sur l\u2019ensemble de la cha\u00eene alimentaire et la biodiversit\u00e9 locale.<\/p>\n<p>Ces caract\u00e9ristiques font de l\u2019espace c\u00f4tier un v\u00e9ritable \u00ab oasis oc\u00e9anique \u00bb! Pour les poissons c\u00f4tiers, cette aire marine est caract\u00e9ris\u00e9e par une biomasse* parmi les plus \u00e9lev\u00e9e au monde, tant par leur abondance que par leur taille!<\/p>\n<p>Toutes ces sp\u00e9cificit\u00e9s font en sorte que l\u2019\u00e9cosyst\u00e8me marin est encore bien pr\u00e9serv\u00e9, ce qui en fait l\u2019un des plus intacts de la plan\u00e8te.<\/p>\n<p>Cependant, si la diversit\u00e9 de certaines esp\u00e8ces est assez importante aux Marquises, il n\u2019en demeure pas moins que les zones d\u2019occupations sont souvent petites, ce qui les rendent particuli\u00e8rement fragiles. Leur disparition pourrait avoir par exemple des cons\u00e9quences sur les \u00e9quilibres \u00e9cologiques mais aussi sur le maintien de certains savoirs traditionnels.<\/p>\n<p>* L\u2019indicateur biomasse des poissons est couramment utilis\u00e9 pour conna\u00eetre l\u2019\u00e9tat du milieu marin. Les poissons sont sensibles aux conditions du milieu marin et les peuplements peuvent donc \u00e9voluer si les conditions se d\u00e9gradent. En g\u00e9n\u00e9ral, si les poissons se rar\u00e9fient, la biomasse diminue.<\/p>\n<\/div><\/div><\/div><div class=\"fusion-panel panel-default panel-f78099b679a6a147f fusion-toggle-has-divider\" style=\"--awb-title-color:#1f383f;--awb-content-color:#333333;\"><div class=\"panel-heading\"><h4 class=\"panel-title toggle\" id=\"toggle_f78099b679a6a147f\"><a aria-expanded=\"false\" aria-controls=\"f78099b679a6a147f\" role=\"button\" data-toggle=\"collapse\" data-parent=\"#accordion-12464-2\" data-target=\"#f78099b679a6a147f\" href=\"#f78099b679a6a147f\"><span class=\"fusion-toggle-icon-wrapper\" aria-hidden=\"true\"><i class=\"fa-fusion-box active-icon awb-icon-minus\" aria-hidden=\"true\"><\/i><i class=\"fa-fusion-box inactive-icon awb-icon-plus\" aria-hidden=\"true\"><\/i><\/span><span class=\"fusion-toggle-heading\">Habitats naturels<\/span><\/a><\/h4><\/div><div id=\"f78099b679a6a147f\" class=\"panel-collapse collapse \" aria-labelledby=\"toggle_f78099b679a6a147f\"><div class=\"panel-body toggle-content fusion-clearfix\">\n<h5>L\u2019isolement et la morphologie particuli\u00e8re des \u00eeles Marquises ont \u00e9galement cr\u00e9\u00e9 des lieux uniques d\u2019une grande richesse \u00e9cologique et d\u2019un end\u00e9misme remarquable !<\/h5>\n<div class=\"text\">\n<div>\n<p class=\"text-align-justify\">La verticalit\u00e9 de son relief (tr\u00e8s accident\u00e9) associ\u00e9 \u00e0 des facteurs climatiques (pluviom\u00e9trie, temp\u00e9rature, exposition au vent) et \u00e0 l\u2019isolement de l\u2019archipel sont \u00e0 l\u2019origine d\u2019une grande vari\u00e9t\u00e9 d\u2019habitats naturels indispensables \u00e0 la conservation d\u2019une faune et d\u2019une flore end\u00e9miques* et\/ou menac\u00e9es (plantes, oiseaux et mollusques terrestres) r\u00e9parties dans les trois \u00e9tages bioclimatiques : les for\u00eats s\u00e8ches et semi s\u00e8ches, les for\u00eats hygrophiles** et les for\u00eats ombrophiles***. Les principaux types (ou \u00e9tages) de v\u00e9g\u00e9tation naturelle et les esp\u00e8ces v\u00e9g\u00e9tales composant la flore marquisienne, sont li\u00e9s \u00e0 l&rsquo;altitude et \u00e0 la pluviom\u00e9trie, allant des espaces littoraux aux sommets vent\u00e9s de 1000-1200 m d&rsquo;altitude.<\/p>\n<p class=\"text-align-justify\">Le milieu marin c\u00f4tier enregistre un taux d\u2019end\u00e9misme \u00e9lev\u00e9 pour les poissons, mollusques et crustac\u00e9s c\u00f4tiers, qui se caract\u00e9rise notamment par l\u2019abondance des poissons pr\u00e9dateurs de grande taille. Ce dernier param\u00e8tre \u00e9tant g\u00e9n\u00e9ralement marqueur d\u2019un \u00e9cosyst\u00e8me marin d\u2019une grande int\u00e9grit\u00e9! Il pr\u00e9sente \u00e9galement une grande diversit\u00e9 de 43 esp\u00e8ces marines embl\u00e9matiques (raies, requins, mammif\u00e8res marins). Ces esp\u00e8ces utilisent les diff\u00e9rents habitats pour r\u00e9aliser les \u00e9tapes cl\u00e9s de leur cycle de vie.<\/p>\n<p class=\"text-align-justify\">Les \u00eeles Marquises abritent 21 esp\u00e8ces d\u2019oiseaux marins nicheurs. Elles constituent ainsi un record en termes de diversit\u00e9 pour les archipels du Pacifique Sud. Celle-ci est d\u2019autant plus remarquable lorsqu\u2019elle est rapport\u00e9e \u00e0 la faible superficie terrestre des \u00eeles. Cependant, si la diversit\u00e9 des oiseaux est importante, les populations sont souvent petites ce qui les rend assez fragiles.<\/p>\n<p class=\"text-align-justify\"><em>* Une esp\u00e8ce end\u00e9mique est une esp\u00e8ce qui se trouve uniquement dans un lieu, un endroit donn\u00e9. (exemple :\u00a0 le\u00a0<\/em><em>Pahi<\/em><em>\u00a0ou Martin-chasseur des Marquises, uniquement pr\u00e9sent sur l\u2019\u00eele de Tahuata).<\/em><\/p>\n<p class=\"text-align-justify\"><em>**For\u00eat hygrophile: for\u00eat, poussant sur des sols volcaniques fertiles, et qui ne manque ni de soleil, ni d&rsquo;eau.<\/em><\/p>\n<p class=\"text-align-justify\"><em>***For\u00eat ombrophile: for\u00eat dans les zones humides, tropicales.<\/em><\/p>\n<\/div>\n<\/div>\n<\/div><\/div><\/div><div class=\"fusion-panel panel-default panel-dd27350db367908d2 fusion-toggle-has-divider\" style=\"--awb-title-color:#1f383f;--awb-content-color:#333333;\"><div class=\"panel-heading\"><h4 class=\"panel-title toggle\" id=\"toggle_dd27350db367908d2\"><a aria-expanded=\"false\" aria-controls=\"dd27350db367908d2\" role=\"button\" data-toggle=\"collapse\" data-parent=\"#accordion-12464-2\" data-target=\"#dd27350db367908d2\" href=\"#dd27350db367908d2\"><span class=\"fusion-toggle-icon-wrapper\" aria-hidden=\"true\"><i class=\"fa-fusion-box active-icon awb-icon-minus\" aria-hidden=\"true\"><\/i><i class=\"fa-fusion-box inactive-icon awb-icon-plus\" aria-hidden=\"true\"><\/i><\/span><span class=\"fusion-toggle-heading\">Reconnaissances internationales<\/span><\/a><\/h4><\/div><div id=\"dd27350db367908d2\" class=\"panel-collapse collapse \" aria-labelledby=\"toggle_dd27350db367908d2\"><div class=\"panel-body toggle-content fusion-clearfix\">\n<p>Plusieurs \u00eeles sont reconnues \u00e0 l&rsquo;international pour leur biodiversit\u00e9 remarquable:<\/p>\n<p class=\"text-align-justify\">-L\u2019Union internationale pour la conservation de la nature (UICN) et le Fond mondial pour la nature (WWF) consid\u00e8rent l\u2019archipel comme un centre de diversit\u00e9 pour les plantes (Center of Plant Diversity) parmi 250 autres lieux.<\/p>\n<p class=\"text-align-justify\">-Ses for\u00eats tropicales humides ont \u00e9galement \u00e9t\u00e9 int\u00e9gr\u00e9es dans l\u2019\u00c9cor\u00e9gion des for\u00eats du Pacifique Sud d\u00e9finie par le WWF.<\/p>\n<p class=\"text-align-justify\">-TE HENUA \u00c8NATA &#8211; les \u00eeles Marquises, sont en plus consid\u00e9r\u00e9es comme zone d\u2019end\u00e9misme* pour les oiseaux (Endemic Bird Area) en raison des menaces existantes sur l\u2019avifaune** et du nombre \u00e9lev\u00e9 d\u2019esp\u00e8ces menac\u00e9es.<\/p>\n<p class=\"text-align-justify\">-De plus, l\u2019archipel des Marquises est \u00e0 la fois une \u00e9cor\u00e9gion et une province, toutes deux rattach\u00e9es \u00e0 la grande r\u00e9gion marine de l\u2019Indo-Pacifique-Est, en raison de la singularit\u00e9 de son milieu marin (haute productivit\u00e9 primaire, forts taux d\u2019end\u00e9misme) \u00e0 l\u2019instar de Rapa Nui (Chili). Ces deux \u00e9cor\u00e9gions marines ont d\u2019ailleurs \u00e9t\u00e9 identifi\u00e9es pour la conservation de la biodiversit\u00e9 par le programme marin de l\u2019Unesco.<\/p>\n<p class=\"text-align-justify\"><em>*L&rsquo;end\u00e9misme: caract\u00e9rise la pr\u00e9sence naturelle d&rsquo;un groupe d\u2019esp\u00e8ces animales et\/ou v\u00e9g\u00e9tales exclusivement dans une r\u00e9gion g\u00e9ographique d\u00e9limit\u00e9e.<\/em><\/p>\n<p class=\"text-align-justify\"><em>**Avifaune: est un groupe compos\u00e9 d&rsquo;oiseaux, de la m\u00eame esp\u00e8ce ou d&rsquo;esp\u00e8ces diverses, qui partagent le m\u00eame \u00e9cosyst\u00e8me.<\/em><\/p>\n<\/div><\/div><\/div><\/div><\/div><div class=\"fusion-text fusion-text-6\"><h3><span style=\"text-decoration: underline\">3- Richesse du patrimoine culturel<\/span><\/h3>\n<\/div><div class=\"fusion-text fusion-text-7\"><p class=\"text-align-justify\">Fortes de cette nature majestueuse, TE HENUA \u00c8NATA &#8211; les \u00eeles Marquises, sont \u00e9galement reconnues et tant appr\u00e9ci\u00e9es pour sa culture si riche et singuli\u00e8re !<\/p>\n<p class=\"text-align-justify\">Mystique, magique ou encore intime, ce patrimoine culturel propre aux Marquises interpelle au-del\u00e0 des fronti\u00e8res de la Polyn\u00e9sie fran\u00e7aise.<\/p>\n<p class=\"text-align-justify\">Cette richesse culturelle t\u00e9moigne en outre des formidables capacit\u00e9s d\u2019adaptation des civilisations du Pacifique dans un environnement insulaire et isol\u00e9. Elle s\u2019est forg\u00e9e au fil des \u00e9preuves, de son histoire pass\u00e9e, de son environnement et de son d\u00e9veloppement.<\/p>\n<p class=\"text-align-justify\">Arriv\u00e9s par la mer vers l\u2019an mille et dot\u00e9s de connaissances enrichies au cours de leur extraordinaire \u00e9pop\u00e9e du peuplement du Pacifique, ces polyn\u00e9siens appel\u00e9s \u00c8nata (\u201cHomme\u201d en langue marquisienne) se sont organis\u00e9s en chefferies et install\u00e9s progressivement dans les vall\u00e9es. Ces vall\u00e9es deviendront d\u2019ailleurs \u00e0 compter du XVe si\u00e8cle leur principal lieu de vie jusqu\u2019au contact avec les Europ\u00e9ens.<\/p>\n<p class=\"text-align-justify\">S\u2019en suivra ensuite un choc d\u00e9mographique, et avec lui, la disparition d\u2019une grande partie de la culture \u00e8nata, qui, apr\u00e8s 1842, date de l\u2019annexion de l\u2019archipel par l\u2019administration fran\u00e7aise, aura presque cess\u00e9 d\u2019exister.<\/p>\n<p class=\"text-align-justify\">L\u2019originalit\u00e9 de cette culture r\u00e9side \u00e0 la fois dans son organisation spatiale et humaine mais aussi dans l\u2019usage qu\u2019elle fait de la roche qui se trouve en abondance sur ces \u00eeles volcaniques. Base du d\u00e9veloppement d\u2019une architecture monumentale domestique (paepae) et c\u00e9r\u00e9monielle (tohua et me\u2019ae) bien sp\u00e9cifique \u00e0 l\u2019archipel, la roche est aussi le support d\u2019une expression artistique exceptionnelle \u00e0 travers la sculpture (tiki) et les gravures rupestres (p\u00e9troglyphes) qui sont autant de traces du rapport des \u00c8nata \u00e0 leur environnement. Ce lien \u00e9troit entre l\u2019Homme et la nature nous est \u00e9galement rappel\u00e9 par la tradition orale, qui \u00e9voque \u00e0 travers les r\u00e9cits, mythes et l\u00e9gendes conserv\u00e9s, l\u2019origine commune qui unit les \u00eatres humains \u00e0 la nature.<\/p>\n<\/div><div class=\"accordian fusion-accordian\" style=\"--awb-border-size:1px;--awb-icon-size:13px;--awb-content-font-size:15px;--awb-icon-alignment:left;--awb-hover-color:#f9f9f9;--awb-border-color:#cccccc;--awb-background-color:#ffffff;--awb-divider-color:#e0dede;--awb-divider-hover-color:#e0dede;--awb-icon-color:#ffffff;--awb-title-color:#1f383f;--awb-content-color:#333333;--awb-icon-box-color:#333333;--awb-toggle-hover-accent-color:#ad101e;--awb-title-font-family:&quot;Roboto&quot;;--awb-title-font-weight:700;--awb-title-font-style:normal;--awb-title-font-size:18px;--awb-content-font-family:&quot;Open Sans&quot;;--awb-content-font-style:normal;--awb-content-font-weight:400;\"><div class=\"panel-group fusion-toggle-icon-boxed\" id=\"accordion-12464-3\"><div class=\"fusion-panel panel-default panel-fb7ffdb94d21f392f fusion-toggle-has-divider\" style=\"--awb-title-color:#1f383f;--awb-content-color:#333333;\"><div class=\"panel-heading\"><h4 class=\"panel-title toggle\" id=\"toggle_fb7ffdb94d21f392f\"><a aria-expanded=\"false\" aria-controls=\"fb7ffdb94d21f392f\" role=\"button\" data-toggle=\"collapse\" data-parent=\"#accordion-12464-3\" data-target=\"#fb7ffdb94d21f392f\" href=\"#fb7ffdb94d21f392f\"><span class=\"fusion-toggle-icon-wrapper\" aria-hidden=\"true\"><i class=\"fa-fusion-box active-icon awb-icon-minus\" aria-hidden=\"true\"><\/i><i class=\"fa-fusion-box inactive-icon awb-icon-plus\" aria-hidden=\"true\"><\/i><\/span><span class=\"fusion-toggle-heading\">Vall\u00e9es et organisation humaine<\/span><\/a><\/h4><\/div><div id=\"fb7ffdb94d21f392f\" class=\"panel-collapse collapse \" aria-labelledby=\"toggle_fb7ffdb94d21f392f\"><div class=\"panel-body toggle-content fusion-clearfix\">\n<p>Les sp\u00e9cificit\u00e9s environnementales des \u00eeles ont conduit les \u00c8nata (\u201chomme\u201d en langue marquisienne) \u00e0 s\u2019\u00e9tablir de fa\u00e7on pr\u00e9pond\u00e9rante au sein des vall\u00e9es. \u00c0 la diff\u00e9rence de la plupart des \u00eeles hautes rencontr\u00e9es en Polyn\u00e9sie orientale, TE HENUA \u00c8NATA &#8211; les \u00eeles Marquises sont d\u00e9pourvues de barri\u00e8res r\u00e9cifales et de larges bandes c\u00f4ti\u00e8res hospitali\u00e8res. L\u2019espace est cloisonn\u00e9 en de multiples vall\u00e9es encaiss\u00e9es, s\u00e9par\u00e9es les unes des autres par des ar\u00eates et pics vertigineux, ceintur\u00e9es par de hautes cr\u00eates, et s\u2019ouvrant directement sur la mer par des plages de sable ou de gros galets.<\/p>\n<p class=\"text-align-justify\">La topographie des \u00eeles, l\u2019acc\u00e8s \u00e0 l\u2019eau et au rivage sont les trois facteurs qui ont compt\u00e9 dans le choix de l\u2019implantation humaine. Les cr\u00eates pouvant marquer des fronti\u00e8res nettes entre territoires et chefferies. Les nombreux t\u00e9moignages v\u00e9hicul\u00e9s \u00e0 la fois par la tradition orale et les preuves arch\u00e9ologiques nous attestent de l\u2019organisation humaine qui \u00e9tait mise en place.<\/p>\n<p class=\"text-align-justify\">Ces preuves arch\u00e9ologiques mat\u00e9rialis\u00e9es par de nombreux vestiges en pierre sont particuli\u00e8rement dense au sein des vall\u00e9es. Ils repr\u00e9sentent les anciens centres de vie des chefferies \u00e8nata.<\/p>\n<p class=\"text-align-justify\">Au sein des vall\u00e9es, les diff\u00e9rentes structures d\u2019habitats et espaces de la vie s\u2019organisent le long des cours d\u2019eau, depuis le bord de mer jusqu\u2019en fond de vall\u00e9e. Trois groupements principaux d\u2019habitats \u00e9taient distingu\u00e9s:<\/p>\n<p class=\"text-align-justify\">&#8211; le littoral \u00e9tait plut\u00f4t r\u00e9serv\u00e9 \u00e0 la p\u00eache et consid\u00e9r\u00e9 comme dangereux en raison des risques de tsunami et des incursions fr\u00e9quentes des chefferies ennemies;<\/p>\n<p class=\"text-align-justify\">&#8211; la moyenne vall\u00e9e rassemblait la majorit\u00e9 de la communaut\u00e9 humaine et les espaces de cultures. Elle concentrait les plateformes d\u2019habitat domestique (paepae), les complexes c\u00e9r\u00e9moniels (tohua et me&rsquo;ae) entour\u00e9s d\u2019arbres et de plantes utiles et sacr\u00e9es, des fosses-silos (ua ma) qui formaient des r\u00e9serves alimentaires indispensables en cas de p\u00e9nuries, des terrasses agricoles am\u00e9nag\u00e9es et organis\u00e9es par un syst\u00e8me d\u2019irrigation.<\/p>\n<p class=\"text-align-justify\">&#8211; le fond de vall\u00e9e \u00e9tait un espace tapu (interdit ou r\u00e9serv\u00e9 \u00e0 certaines personnes), parfois marqu\u00e9 par des lieux c\u00e9r\u00e9moniels \u00e0 l\u2019acc\u00e8s limit\u00e9. Les limites de la vall\u00e9e, mat\u00e9rialis\u00e9es par les cr\u00eates, \u00e9taient des espaces strat\u00e9giques d\u2019observation, de d\u00e9fense et de d\u00e9placement des populations entre les vall\u00e9es.<\/p>\n<p class=\"text-align-justify\">\u00c0 l\u2019ext\u00e9rieur de la vall\u00e9e, le territoire s\u2019\u00e9tendait sur d\u2019autres espaces, moins favorables \u00e0 une vie s\u00e9dentaire. Ils \u00e9taient visit\u00e9s occasionnellement car riches en ressources utiles et rares.<\/p>\n<p class=\"text-align-justify\">Ce mod\u00e8le a \u00e9t\u00e9 r\u00e9pliqu\u00e9 et adapt\u00e9 dans l\u2019ensemble des vall\u00e9es des \u00eeles de l\u2019archipel au fur-et-\u00e0-mesure de la croissance de la population. Il est caract\u00e9ristique de l\u2019organisation territoriale des chefferies \u00e8nata et ne se retrouve nulle part ailleurs.<\/p>\n<\/div><\/div><\/div><div class=\"fusion-panel panel-default panel-893f187e77ece1149 fusion-toggle-has-divider\" style=\"--awb-title-color:#1f383f;--awb-content-color:#333333;\"><div class=\"panel-heading\"><h4 class=\"panel-title toggle\" id=\"toggle_893f187e77ece1149\"><a aria-expanded=\"false\" aria-controls=\"893f187e77ece1149\" role=\"button\" data-toggle=\"collapse\" data-parent=\"#accordion-12464-3\" data-target=\"#893f187e77ece1149\" href=\"#893f187e77ece1149\"><span class=\"fusion-toggle-icon-wrapper\" aria-hidden=\"true\"><i class=\"fa-fusion-box active-icon awb-icon-minus\" aria-hidden=\"true\"><\/i><i class=\"fa-fusion-box inactive-icon awb-icon-plus\" aria-hidden=\"true\"><\/i><\/span><span class=\"fusion-toggle-heading\">L'art marquisien<\/span><\/a><\/h4><\/div><div id=\"893f187e77ece1149\" class=\"panel-collapse collapse \" aria-labelledby=\"toggle_893f187e77ece1149\"><div class=\"panel-body toggle-content fusion-clearfix\">\n<p>Ce patrimoine culturel se manifeste \u00e9galement par une forte richesse artistique fi\u00e8rement pr\u00e9serv\u00e9e au fil des ans ! Cet art se retrouve encore aujourd\u2019hui dans la pierre \u00e0 travers la sculpture (tiki), la gravure (p\u00e9troglyphes) ou encore gr\u00e2ce aux dalles<\/p>\n<div class=\"text\">\n<div>\n<p class=\"text-align-justify\">L\u2019histoire des Marquises se retranscrit \u00e0 travers cet h\u00e9ritage artistique.<\/p>\n<p class=\"text-align-justify\">&#8211;<strong>La sculpture<\/strong>\u00a0: une expression artistique bien sp\u00e9cifique ! Sur ces \u00eeles volcaniques, l\u2019on trouvait en abondance une roche basaltique bien souvent utilis\u00e9e dans la sculpture. Ce mode d&rsquo;expression \u00e9tait le reflet des syst\u00e8mes de pens\u00e9e \u2018Enata. Ils consid\u00e9raient la roche comme un \u00e9l\u00e9ment vivant, qui \u00ab grandit \u00bb au fil du temps et renferme le mana (puissance invisible). Elle devient alors un support privil\u00e9gi\u00e9 pour \u00eatre sculpt\u00e9e ou grav\u00e9e. Tous les autres mat\u00e9riaux sur lesquels \u00e9taient pratiqu\u00e9s des gestes artistiques tels que le bois, les coquillages, la nacre, les ossements, etc. se retrouvent en grande partie dans des mus\u00e9es et collections \u00e9trang\u00e8res.<\/p>\n<p class=\"text-align-justify\">&#8211;<strong>Les tiki<\/strong>\u00a0: Le corps humain \u00e9tait le motif central de l\u2019art des Marquises. Pour les \u2018Enata, le terme g\u00e9n\u00e9rique de tiki d\u00e9signe aussi bien le motif stylistique omnipr\u00e9sent dans leur quotidien et incorpor\u00e9 sur les objets usuels, la peau (tatouage), les p\u00e9troglyphes que sur les statues anthropomorphes** elles-m\u00eames. Tiki symbolise g\u00e9n\u00e9ralement un anc\u00eatre divinis\u00e9 (un chef, un guerrier, un pr\u00eatre), mais selon les cas il peut figurer un h\u00e9ros dont les exploits sont narr\u00e9s dans les traditions orales, ou la manifestation terrestre d\u2019un dieu. Les Hommes auraient sculpt\u00e9 la premi\u00e8re statue Tiki pour garder le souvenir de leur cr\u00e9ateur. Le tiki est devenu un v\u00e9ritable embl\u00e8me dans toute la Polyn\u00e9sie et occupe encore aujourd\u2019hui une place importante dans la culture locale. Les tiki sont vari\u00e9s tant par leur taille que par leur positionnement dans l\u2019architecture (pos\u00e9s ou bien ench\u00e2ss\u00e9s au b\u00e2ti). La massivit\u00e9 des pierres utilis\u00e9es \u00e9voque celle des corps trapus figur\u00e9s. Ils sont sculpt\u00e9s dans un seul bloc de pierre, fr\u00e9quemment compos\u00e9 de trois tiers quasi \u00e9gaux (t\u00eate, tronc, jambes). Les tiki \u00e9taient \u00e9rig\u00e9s sur les lieux sacr\u00e9s (me\u2019ae) ou \u00e0 c\u00f4t\u00e9 de l\u2019aire c\u00e9r\u00e9monielle publique (tohua) et ils pouvaient atteindre des tailles monumentales (ex : Takai\u2019i sur le me\u2019ae Iipona).<\/p>\n<p class=\"text-align-justify\">&#8211;<strong>Les p\u00e9troglyphes<\/strong>***: les Marquises recensent la plus grande quantit\u00e9 de p\u00e9troglyphes et une diversit\u00e9 plus riche de motifs rencontr\u00e9s en Polyn\u00e9sie fran\u00e7aise. Ils utilisaient cette forme d\u2019expression pour figer dans la pierre leur rapport au monde. Qu\u2019il s\u2019agisse des formes animales reconnaissables ou bien des formes en spirales ou g\u00e9om\u00e9triques, le registre recens\u00e9 est tr\u00e8s vari\u00e9 et partage un lien avec l\u2019art du patutiki, le tatouage. En effet, certains motifs se retrouvent sur les deux supports. La plupart des pierres se pr\u00e9sentent sous leur forme naturelle et se trouvent \u00e9parpill\u00e9es autour des sites d\u2019habitation, des complexes rituels, d\u2019anciennes pistes, au bord des rivi\u00e8res et sur les cr\u00eates. Ils pourraient agir comme des catalyseurs, possibles garants de la protection des divinit\u00e9s.<\/p>\n<p class=\"text-align-justify\"><em>*Tuf volcanique: roche tendre r\u00e9sultant de l&rsquo;accumulation de d\u00e9bris volcaniques (blocs et cendres) qui se sont consolid\u00e9s sous l&rsquo;action des eaux d&rsquo;infiltration.<\/em><\/p>\n<p class=\"text-align-justify\"><em>**Anthropomorphes: Qui a la forme, l&rsquo;apparence d&rsquo;un \u00eatre humain.<\/em><\/p>\n<p class=\"text-align-justify\"><em>***P\u00e9troglyphes: gravure sur roche naturelle<\/em><\/p>\n<\/div>\n<\/div>\n<\/div><\/div><\/div><div class=\"fusion-panel panel-default panel-05bb9f655c442f503 fusion-toggle-has-divider\" style=\"--awb-title-color:#1f383f;--awb-content-color:#333333;\"><div class=\"panel-heading\"><h4 class=\"panel-title toggle\" id=\"toggle_05bb9f655c442f503\"><a aria-expanded=\"false\" aria-controls=\"05bb9f655c442f503\" role=\"button\" data-toggle=\"collapse\" data-parent=\"#accordion-12464-3\" data-target=\"#05bb9f655c442f503\" href=\"#05bb9f655c442f503\"><span class=\"fusion-toggle-icon-wrapper\" aria-hidden=\"true\"><i class=\"fa-fusion-box active-icon awb-icon-minus\" aria-hidden=\"true\"><\/i><i class=\"fa-fusion-box inactive-icon awb-icon-plus\" aria-hidden=\"true\"><\/i><\/span><span class=\"fusion-toggle-heading\">Architecture monumentale<\/span><\/a><\/h4><\/div><div id=\"05bb9f655c442f503\" class=\"panel-collapse collapse \" aria-labelledby=\"toggle_05bb9f655c442f503\"><div class=\"panel-body toggle-content fusion-clearfix\">\n<h5>Malgr\u00e9 les contraintes topographiques, les \u00c8nata se sont r\u00e9v\u00e9l\u00e9s de v\u00e9ritables b\u00e2tisseurs qui ont appris \u00e0 ma\u00eetriser la construction sur les terrains en pente des vall\u00e9es pour enraciner leur habitat. Ils ont construit des plateformes sur\u00e9lev\u00e9es typiques<\/h5>\n<div class=\"text\">\n<div>\n<p class=\"text-align-justify\"><strong>Une architecture monumentale\u2026<\/strong><\/p>\n<p class=\"text-align-justify\">Ces plateformes, appel\u00e9es paepae, g\u00e9n\u00e9ralement carr\u00e9es ou rectangulaires form\u00e9es de pierres de grande taille en ma\u00e7onnerie s\u00e8che, pouvaient atteindre 6m de hauteur. Elles formaient l\u2019unit\u00e9 de base de l\u2019architecture monumentale marquisienne et servaient de soubassement aux maisons en bois. Elles avaient la particularit\u00e9 d\u2019\u00eatre \u00e0 deux niveaux avec une terrasse basse ext\u00e9rieure et un niveau plus \u00e9lev\u00e9 couvert, r\u00e9serv\u00e9 \u00e0 l\u2019intimit\u00e9 et au sommeil. Les dalles de tuf (ke\u2019etu) plac\u00e9es sur champs, sculpt\u00e9es ou pas, servaient \u00e0 d\u00e9limiter les deux niveaux. La nature de la roche utilis\u00e9e et la pr\u00e9sence de motifs sculpt\u00e9s permettent de distinguer encore aujourd\u2019hui les demeures d\u2019une personne de haut rang de celles des communs. La construction de ces plateformes marquait non seulement la volont\u00e9 de se d\u00e9gager du sol et de l\u2019\u00e9coulement des pluies torrentielles, mais \u00e9tait aussi le moyen de rattraper la d\u00e9clivit\u00e9 des pentes des vall\u00e9es sur lesquelles \u00e9tait \u00e9difi\u00e9 l\u2019habitat.<\/p>\n<p class=\"text-align-justify\"><strong>\u2026 et peu hi\u00e9rarchis\u00e9e<\/strong><\/p>\n<p class=\"text-align-justify\">Aux Marquises, ces plateformes monumentales d\u2019habitation n\u2019\u00e9taient pas seulement r\u00e9serv\u00e9es aux personnes de haut rang. L\u2019Homme du commun tout autant que le pr\u00eatre (tau\u2019a) ou le chef (haka\u2019iki), chaque individu, quelque que soit son statut social, habitait dans une maison en bois au toit de feuilles tress\u00e9es (fa\u2019e ou ha\u2019e) \u00e9difi\u00e9e sur un soubassement en pierre (paepae). L\u2019habitat marquisien appara\u00eet ainsi monumental et peu hi\u00e9rarchis\u00e9, \u00e0 la diff\u00e9rence du reste du Pacifique. C\u2019est \u00e0 partir de ce module de base que se d\u00e9clinaient les complexes architecturaux c\u00e9r\u00e9moniels.<\/p>\n<p class=\"text-align-justify\">Le tohua, complexe c\u00e9r\u00e9moniel, \u00e9tait au centre de la vie de la communaut\u00e9. Il mat\u00e9rialisait le prestige d\u2019un chef, le haka\u2019iki, et la coh\u00e9sion du groupe social r\u00e9uni sous son autorit\u00e9. Place publique, lieu de rassemblement, il se pr\u00e9sentait habituellement sous la forme d\u2019un grand espace de danse rectangulaire \u2013 qui pouvait d\u00e9passer 150m de longueur &#8211; entour\u00e9 de diff\u00e9rents b\u00e2timents (paepae) aux fonctions sp\u00e9cifiques : habitation du chef, des guerriers, des tau\u2019a (pr\u00eatre), les sites d\u00e9di\u00e9s au rituel et au fun\u00e9raire, les gradins et les habitations des invit\u00e9s et des membres de la chefferie. Ce complexe accueillait les nombreuses c\u00e9r\u00e9monies et rituels, festins communautaires (koika) auxquels \u00e9taient convi\u00e9es les chefferies alli\u00e9es afin de d\u00e9montrer la prosp\u00e9rit\u00e9 de la communaut\u00e9 et la puissance du mana du chef qui avait su s\u2019allier aux divinit\u00e9s pour assurer la fertilit\u00e9 de ses terres et l\u2019abondance de ses ressources. En effet, la vie du groupe et le prestige de son chef \u00e9taient intimement li\u00e9s \u00e0 la capacit\u00e9 du groupe \u00e0 construire ces grands complexes c\u00e9r\u00e9moniels et donc li\u00e9s \u00e0 la n\u00e9cessit\u00e9 de f\u00e9d\u00e9rer et organiser une main d\u2019\u0153uvre nombreuse en faveur d\u2019un projet monumental.<\/p>\n<p class=\"text-align-justify\">Les me\u2019ae, complexes religieux compos\u00e9s de plusieurs paepae et pavages associ\u00e9s ensemble. Contrairement aux tohua, ils ne suivent pas un plan ou un mod\u00e8le sp\u00e9cifique et pr\u00e9sentent une grande vari\u00e9t\u00e9 de formes. Les me\u2019ae \u00e9taient diff\u00e9renci\u00e9s par des attributs qui ont aujourd\u2019hui disparus tels que la forme des maisons en bois \u00e9difi\u00e9es sur ces plateformes, les ornements sculpt\u00e9s et tress\u00e9s, les marques de tapa blanc, symbole de sacralit\u00e9, et la pr\u00e9sence de dalles de ke\u2019etu. Seuls demeurent aujourd\u2019hui les tiki et les dalles de tuf sculpt\u00e9es. Ils sont parfois isol\u00e9s, parfois situ\u00e9s \u00e0 proximit\u00e9 d\u2019un tohua et donc proches du centre communautaire.<\/p>\n<\/div>\n<\/div>\n<\/div><\/div><\/div><div class=\"fusion-panel panel-default panel-bb4f60fa18a926c49 fusion-toggle-has-divider\" style=\"--awb-title-color:#1f383f;--awb-content-color:#333333;\"><div class=\"panel-heading\"><h4 class=\"panel-title toggle\" id=\"toggle_bb4f60fa18a926c49\"><a aria-expanded=\"false\" aria-controls=\"bb4f60fa18a926c49\" role=\"button\" data-toggle=\"collapse\" data-parent=\"#accordion-12464-3\" data-target=\"#bb4f60fa18a926c49\" href=\"#bb4f60fa18a926c49\"><span class=\"fusion-toggle-icon-wrapper\" aria-hidden=\"true\"><i class=\"fa-fusion-box active-icon awb-icon-minus\" aria-hidden=\"true\"><\/i><i class=\"fa-fusion-box inactive-icon awb-icon-plus\" aria-hidden=\"true\"><\/i><\/span><span class=\"fusion-toggle-heading\">Tradition orale<\/span><\/a><\/h4><\/div><div id=\"bb4f60fa18a926c49\" class=\"panel-collapse collapse \" aria-labelledby=\"toggle_bb4f60fa18a926c49\"><div class=\"panel-body toggle-content fusion-clearfix\">\n<h5>Les premiers contacts avec les Europ\u00e9ens ont caus\u00e9 un effondrement d\u00e9mographique massif et avec lui une perdition dans la transmission des savoir traditionnels.<\/h5>\n<div class=\"text\">\n<div>\n<p class=\"text-align-justify\">Pourtant, le lien des Marquisiens \u00e0 leur terre a surv\u00e9cu gr\u00e2ce \u00e0 la persistance de la langue et, avec elle, de la tradition orale et des savoir-faire traditionnels. Si la transmission orale des savoirs a disparu en grande partie avec le choc d\u00e9mographique et l\u2019acculturation contemporaine au contact europ\u00e9en, le regard crois\u00e9 des sciences humaines et de la litt\u00e9rature orale a cependant permis de mieux comprendre l\u2019histoire, les significations religieuses et sociales des lieux, des structures b\u00e2ties, des tiki encore pr\u00e9sents au moyen des r\u00e9cits, mythes et l\u00e9gendes qui s\u2019y rattachent. Ainsi, certains lieux conservent encore le nom du dernier occupant d\u2019une unit\u00e9 r\u00e9sidentielle, l\u2019histoire qui pr\u00e9c\u00e8de \u00e0 la cr\u00e9ation d\u2019un me\u2019ae ou d\u2019un tohua, ainsi que leurs noms sp\u00e9cifiques. Pour la plupart des tiki encore en place, leur identit\u00e9, leur nom et leur histoire sont connus.<\/p>\n<p class=\"text-align-justify\">Cependant, s\u2019il existe une tr\u00e8s abondante litt\u00e9rature sur l\u2019archipel des Marquises, les sources traditionnelles restent confuses, parfois m\u00eame antagonistes. La tradition orale a fait l\u2019objet de recueils importants initi\u00e9s tardivement au d\u00e9but du XXe si\u00e8cle rassemblant un important corpus de mythes anciens, qui expriment, de fa\u00e7on implicite, en langue marquisienne, un ensemble coh\u00e9rent renseignant sur la vie des chefferies \u00e8nata dans toutes leurs dimensions. Parmi ces mythes, le lien de l\u2019homme \u00e0 son environnement naturel et spirituel est particuli\u00e8rement d\u00e9velopp\u00e9 sous des formes orales parfois complexes \u00e0 d\u00e9chiffrer, en raison des r\u00e9f\u00e9rences anciennes qui ont disparu (comme certaines esp\u00e8ces ou certains rites religieux pr\u00e9chr\u00e9tiens). Ces r\u00e9cits recueillis se composent donc de mythes de fondation, histoires d\u2019\u00e9v\u00e9nements historiques, l\u00e9gendes, g\u00e9n\u00e9alogies, et de nombreux chants liturgiques et sacr\u00e9s. Beaucoup d\u2019entre eux, n\u2019ayant plus d\u2019utilit\u00e9 sociale ou religieuse, n\u2019ont plus \u00e9t\u00e9 transmis, mais nombre de r\u00e9cits et de l\u00e9gendes sont encore tr\u00e8s pr\u00e9sents parmi les actuels \u00e8nata de l\u2019archipel, se rapportant \u00e0 tous les lieux remarquables \u2013 montagnes, grottes, \u00eelots, etc., et certains sites majeurs devenus arch\u00e9ologiques.<\/p>\n<p class=\"text-align-justify\">Cette entreprise de collecte de r\u00e9cits traditionnels s\u2019inscrit dans une sorte de tradition qui veut p\u00e9renniser une culture que tout a contribu\u00e9 \u00e0 d\u00e9truire. C\u2019est dans cette r\u00e9silience que r\u00e9side l\u2019une des valeurs des \u00eeles Marquises en donnant la parole \u00e0 un peuple qui a failli dispara\u00eetre.<\/p>\n<\/div>\n<\/div>\n<\/div><\/div><\/div><\/div><\/div><div class=\"fusion-text fusion-text-8\"><h3><span style=\"text-decoration: underline\">4- Les 7 composantes du Bien<\/span><\/h3>\n<\/div><div class=\"fusion-text fusion-text-9\"><h3 class=\"subtitle\">L&rsquo;\u00e9tendue du Bien<\/h3>\n<div class=\"text\">\n<div>\n<p class=\"text-align-justify\">Le Bien propos\u00e9 \u00e0 l\u2019inscription pour TE HENUA \u00c8NATA &#8211; les \u00eeles Marquises repr\u00e9sente environ 270 km2 de terres \u00e9merg\u00e9es sur les 1000 km2 que repr\u00e9sente l\u2019ensemble de l\u2019archipel et 1388 km2 d\u2019espace marin c\u00f4tier repr\u00e9sentant 85% du lin\u00e9aire c\u00f4tier. Le p\u00e9rim\u00e8tre terrestre dessine un espace continu qui combine valeurs naturelles et culturelles.<\/p>\n<p class=\"text-align-justify\">Des p\u00e9rim\u00e8tres sont bien d\u00e9limit\u00e9s sur chaque \u00eele pour les principaux sites propos\u00e9s \u00e0 l\u2019inscription que ce soit pour les zones terrestres mais \u00e9galement les zones marines.<\/p>\n<\/div>\n<\/div>\n<\/div><div class=\"accordian fusion-accordian\" style=\"--awb-border-size:1px;--awb-icon-size:13px;--awb-content-font-size:15px;--awb-icon-alignment:left;--awb-hover-color:#f9f9f9;--awb-border-color:#cccccc;--awb-background-color:#ffffff;--awb-divider-color:#e0dede;--awb-divider-hover-color:#e0dede;--awb-icon-color:#ffffff;--awb-title-color:#1f383f;--awb-content-color:#333333;--awb-icon-box-color:#333333;--awb-toggle-hover-accent-color:#ad101e;--awb-title-font-family:&quot;Roboto&quot;;--awb-title-font-weight:700;--awb-title-font-style:normal;--awb-title-font-size:18px;--awb-content-font-family:&quot;Open Sans&quot;;--awb-content-font-style:normal;--awb-content-font-weight:400;\"><div class=\"panel-group fusion-toggle-icon-boxed\" id=\"accordion-12464-4\"><div class=\"fusion-panel panel-default panel-5691286b2a1b13cf1 fusion-toggle-has-divider\" style=\"--awb-title-color:#1f383f;--awb-content-color:#333333;\"><div class=\"panel-heading\"><h4 class=\"panel-title toggle\" id=\"toggle_5691286b2a1b13cf1\"><a aria-expanded=\"false\" aria-controls=\"5691286b2a1b13cf1\" role=\"button\" data-toggle=\"collapse\" data-parent=\"#accordion-12464-4\" data-target=\"#5691286b2a1b13cf1\" href=\"#5691286b2a1b13cf1\"><span class=\"fusion-toggle-icon-wrapper\" aria-hidden=\"true\"><i class=\"fa-fusion-box active-icon awb-icon-minus\" aria-hidden=\"true\"><\/i><i class=\"fa-fusion-box inactive-icon awb-icon-plus\" aria-hidden=\"true\"><\/i><\/span><span class=\"fusion-toggle-heading\">Ensemble des \u00eeles inhabit\u00e9es de Eiao - Hatutu<\/span><\/a><\/h4><\/div><div id=\"5691286b2a1b13cf1\" class=\"panel-collapse collapse \" aria-labelledby=\"toggle_5691286b2a1b13cf1\"><div class=\"panel-body toggle-content fusion-clearfix\">\n<h5>Eiao et Hatutu\u0304 : \u00eeles annexes ou \u00eeles relais.<\/h5>\n<div class=\"text\">\n<div>\n<p class=\"text-align-justify\">Eiao : remarquable pour l&rsquo;importance de ses carrie\u0300res ou ateliers d&rsquo;outillages lithiques<\/p>\n<p class=\"text-align-justify\">Hatutu\u0304 : lieu de pe\u0302che et de collecte de plumes d&rsquo;oiseaux (mate\u0301riel de prestige).<\/p>\n<p class=\"text-align-justify\">Hatutu\u0304 est ceinture\u0301e de falaises maritimes de plus de 300 m de hauteur. Cette \u00eele est reconnue pour son avifaune terrestre comprenant des espe\u0300ces ende\u0301miques dont 2 sont menace\u0301es selon les listes rouges UICN. Elle abrite un assemblage remarquable de 15 espe\u0300ces d&rsquo;oiseaux marins reproductrices sur les 21 que compte l&rsquo;archipel et poss\u00e8de un e\u0301cosyste\u0300me marin co\u0302tier qui se caracte\u0301rise par de fortes biomasses domine\u0301es par les grands pre\u0301dateurs. On y observe d&rsquo;ailleurs de nombreuses agre\u0301gations de raies ainsi que des populations de dauphins d&rsquo;Electre re\u0301sidentes.<\/p>\n<\/div>\n<\/div>\n<\/div><\/div><\/div><div class=\"fusion-panel panel-default panel-6d267e14d684fd6eb fusion-toggle-has-divider\" style=\"--awb-title-color:#1f383f;--awb-content-color:#333333;\"><div class=\"panel-heading\"><h4 class=\"panel-title toggle\" id=\"toggle_6d267e14d684fd6eb\"><a aria-expanded=\"false\" aria-controls=\"6d267e14d684fd6eb\" role=\"button\" data-toggle=\"collapse\" data-parent=\"#accordion-12464-4\" data-target=\"#6d267e14d684fd6eb\" href=\"#6d267e14d684fd6eb\"><span class=\"fusion-toggle-icon-wrapper\" aria-hidden=\"true\"><i class=\"fa-fusion-box active-icon awb-icon-minus\" aria-hidden=\"true\"><\/i><i class=\"fa-fusion-box inactive-icon awb-icon-plus\" aria-hidden=\"true\"><\/i><\/span><span class=\"fusion-toggle-heading\">Ensemble mixte de Nuku Hiva<\/span><\/a><\/h4><\/div><div id=\"6d267e14d684fd6eb\" class=\"panel-collapse collapse \" aria-labelledby=\"toggle_6d267e14d684fd6eb\"><div class=\"panel-body toggle-content fusion-clearfix\">\n<p>Un ensemble de 4 valle\u0301es repre\u0301sentatives de l&rsquo;occupation permanente des anciennes chefferies \u00e8nata, articule\u0301es autour de l&rsquo;acce\u0300s a\u0300 l&rsquo;eau douce et a\u0300 la mer :<\/p>\n<p class=\"text-align-justify\">&#8211; Hatiheu (densite\u0301 des tohua et des pe\u0301troglyphes) ;<\/p>\n<p class=\"text-align-justify\">&#8211; Anaho et Haatuatua (vestiges des premie\u0300res installations humaines) ;<\/p>\n<p class=\"text-align-justify\">&#8211; Hakaui (organisation de l&rsquo;habitat de part et d&rsquo;autre de la rivie\u0300re, falaises et grottes fune\u0301raires) ;<\/p>\n<p class=\"text-align-justify\">&#8211; Terre de\u0301serte (Nuku a taha) est repre\u0301sentatif des espaces dits annexes, occupe\u0301s de fac\u0327on temporaire par les chefferies de l&rsquo;\u00eele pour acce\u0301der a\u0300 des ressources spe\u0301cifiques : carrie\u0300res de basalte, lieu de pe\u0302che, etc.<\/p>\n<p class=\"text-align-justify\">Cet ensemble abrite les formations ve\u0301ge\u0301tales les plus remarquables et riches en espe\u0300ces ende\u0301miques :<\/p>\n<p class=\"text-align-justify\">&#8211; les re\u0301gions sommitales de la caldeira Te-Kao Ooumu pour leurs fore\u0302ts de nuages et humides ;<\/p>\n<p class=\"text-align-justify\">&#8211; la re\u0301gion de Terre De\u0301serte ou Nuku A Taha pour ses fore\u0302ts se\u0300ches et semi-se\u0300ches les valle\u0301es de Matahamo et Vaipupui pour leur fore\u0302t humide ;<\/p>\n<p class=\"text-align-justify\">&#8211; l&rsquo;e\u0301cosyste\u0300me co\u0302tier de Nuku Hiva abrite une faune ende\u0301mique ou\u0300 des raies et requins se re\u0301unissent en agre\u0301gations et viennent mettre bas dans les diffe\u0301rentes baies ;<\/p>\n<p class=\"text-align-justify\">&#8211; cet e\u0301cosyste\u0300me se singularise e\u0301galement par ses 4 grottes sous-marines et l&rsquo;existence d&rsquo;une des seules formations re\u0301cifales des Marquises, le re\u0301cif bioconstruits de la baie de Anaho.<\/p>\n<\/div><\/div><\/div><div class=\"fusion-panel panel-default panel-6d281a897badad127 fusion-toggle-has-divider\" style=\"--awb-title-color:#1f383f;--awb-content-color:#333333;\"><div class=\"panel-heading\"><h4 class=\"panel-title toggle\" id=\"toggle_6d281a897badad127\"><a aria-expanded=\"false\" aria-controls=\"6d281a897badad127\" role=\"button\" data-toggle=\"collapse\" data-parent=\"#accordion-12464-4\" data-target=\"#6d281a897badad127\" href=\"#6d281a897badad127\"><span class=\"fusion-toggle-icon-wrapper\" aria-hidden=\"true\"><i class=\"fa-fusion-box active-icon awb-icon-minus\" aria-hidden=\"true\"><\/i><i class=\"fa-fusion-box inactive-icon awb-icon-plus\" aria-hidden=\"true\"><\/i><\/span><span class=\"fusion-toggle-heading\">Ensemble mixte de Ua Pou<\/span><\/a><\/h4><\/div><div id=\"6d281a897badad127\" class=\"panel-collapse collapse \" aria-labelledby=\"toggle_6d281a897badad127\"><div class=\"panel-body toggle-content fusion-clearfix\">\n<h5>La cath\u00e9drale basaltique<\/h5>\n<div class=\"text\">\n<div>\n<p class=\"text-align-justify\">L&rsquo;ensemble compose\u0301 par les 2 valle\u0301es mitoyennes : Hakaohoka et Hoho\u2019i qui de\u0301bouchent toutes les deux sur la me\u0302me baie (baie de Hoho&rsquo;i) rassemble des e\u0301le\u0301ments architecturaux exemplaires.<\/p>\n<p class=\"text-align-justify\">La valle\u0301e de Hakaohoka est emble\u0301matique de l&rsquo;occupation spatiale au sein d&rsquo;une valle\u0301e (exemplarite\u0301 des paepae conserve\u0301s).<\/p>\n<p class=\"text-align-justify\">Motu Oa comple\u0300te l&rsquo;ensemble au titre des i\u0302les annexes (cueillette de plumes et d&rsquo;\u0153ufs, lieu de pe\u0302che).<\/p>\n<p class=\"text-align-justify\">Dimension le\u0301gendaire des pics et pitons.<\/p>\n<p class=\"text-align-justify\">L&rsquo;ensemble mixte de Ua Pou abrite la totalite\u0301 des pics et pitons centraux ainsi que le paysage prote\u0301ge\u0301 de Hoho&rsquo;i.<\/p>\n<p class=\"text-align-justify\">L&rsquo;e\u0301cosyste\u0300me terrestre inte\u0300gre les formations ve\u0301ge\u0301tales les plus remarquables a\u0300 savoir les fore\u0302ts humides et les fore\u0302ts me\u0301sophiles.<\/p>\n<p class=\"text-align-justify\">Le pourtour co\u0302tier de l&rsquo;\u00eele abrite les dauphins d&rsquo;Electre qui se re\u0301unissent sur la co\u0302te Est et des agre\u0301gations d&rsquo;espe\u0300ces de raies et requins.<\/p>\n<p class=\"text-align-justify\">Les motu (principalement Mokohe, Oa et Takae) constituent les habitats pour 12 espe\u0300ces d&rsquo;oiseaux marins reproductrices dont certaines arborent d&rsquo;importantes colonies.<\/p>\n<\/div>\n<\/div>\n<\/div><\/div><\/div><div class=\"fusion-panel panel-default panel-f264b2b15ca553b9c fusion-toggle-has-divider\" style=\"--awb-title-color:#1f383f;--awb-content-color:#333333;\"><div class=\"panel-heading\"><h4 class=\"panel-title toggle\" id=\"toggle_f264b2b15ca553b9c\"><a aria-expanded=\"false\" aria-controls=\"f264b2b15ca553b9c\" role=\"button\" data-toggle=\"collapse\" data-parent=\"#accordion-12464-4\" data-target=\"#f264b2b15ca553b9c\" href=\"#f264b2b15ca553b9c\"><span class=\"fusion-toggle-icon-wrapper\" aria-hidden=\"true\"><i class=\"fa-fusion-box active-icon awb-icon-minus\" aria-hidden=\"true\"><\/i><i class=\"fa-fusion-box inactive-icon awb-icon-plus\" aria-hidden=\"true\"><\/i><\/span><span class=\"fusion-toggle-heading\">Aire marine c\u00f4ti\u00e8re de Ua Huka<\/span><\/a><\/h4><\/div><div id=\"f264b2b15ca553b9c\" class=\"panel-collapse collapse \" aria-labelledby=\"toggle_f264b2b15ca553b9c\"><div class=\"panel-body toggle-content fusion-clearfix\">\n<p>Les motu de Ua Huka sont des habitats essentiels pour 10 espe\u0300ces reproductrices d&rsquo;oiseaux marins dont 3 sont menace\u0301es au niveau international.<\/p>\n<p class=\"text-align-justify\">L&rsquo;e\u0301cosyste\u0300me marin co\u0302tier abrite une diversite\u0301 d&rsquo;espe\u0300ces emble\u0301matiques menace\u0301es re\u0301alisant des e\u0301tapes cle\u0301s de leur cycle de vie : mise bas et nurserie pour les requins ; alimentation\/nidification\/reproduction pour les oiseaux marins ; et zone de repos pour les mammife\u0300res marins particulie\u0300rement les dauphins d&rsquo;Electre.<\/p>\n<\/div><\/div><\/div><div class=\"fusion-panel panel-default panel-d0db6a270a700f8d4 fusion-toggle-has-divider\" style=\"--awb-title-color:#1f383f;--awb-content-color:#333333;\"><div class=\"panel-heading\"><h4 class=\"panel-title toggle\" id=\"toggle_d0db6a270a700f8d4\"><a aria-expanded=\"false\" aria-controls=\"d0db6a270a700f8d4\" role=\"button\" data-toggle=\"collapse\" data-parent=\"#accordion-12464-4\" data-target=\"#d0db6a270a700f8d4\" href=\"#d0db6a270a700f8d4\"><span class=\"fusion-toggle-icon-wrapper\" aria-hidden=\"true\"><i class=\"fa-fusion-box active-icon awb-icon-minus\" aria-hidden=\"true\"><\/i><i class=\"fa-fusion-box inactive-icon awb-icon-plus\" aria-hidden=\"true\"><\/i><\/span><span class=\"fusion-toggle-heading\">Ensemble mixte de Hiva Oa et Tahuata<\/span><\/a><\/h4><\/div><div id=\"d0db6a270a700f8d4\" class=\"panel-collapse collapse \" aria-labelledby=\"toggle_d0db6a270a700f8d4\"><div class=\"panel-body toggle-content fusion-clearfix\">\n<h5>De Takai&rsquo;i au Pahi, deux \u00eeles \u00e9troitement li\u00e9es par l&rsquo;histoire<\/h5>\n<div class=\"text\">\n<div>\n<p class=\"text-align-justify\">Hiva Oa et Tahuata partagent le m\u00eame r\u00e9cif ennoy\u00e9. Ces deux \u00eeles constituent donc un m\u00eame ensemble.<\/p>\n<p class=\"text-align-justify\">L&rsquo;\u00eele de Hiva \u2018Oa mesure 40 km d&rsquo;Ouest en Est et culmine \u00e0 1276 m au Mont Temetiu, le plus haut sommet des Marquises, pour une superficie de 315 km\u00b2. Elle contient 2 vall\u00e9es importantes culturellement :<\/p>\n<p class=\"text-align-justify\">&#8211; \u00c0 l\u2019Ouest, la vall\u00e9e de Taaoa qui abrite l\u2019un des tohua les plus c\u00e9l\u00e8bres des Marquises, le tohua Upeke. Cette vall\u00e9e est d\u00e9crite par la tradition orale comme la vall\u00e9e mythique du premier peuplement des Marquises. Les anciens Marquisiens y v\u00e9curent tr\u00e8s nombreux et ls vestiges de leurs anciens lieux de vie y sont omnipr\u00e9sents ;<\/p>\n<p class=\"text-align-justify\">&#8211; \u00c0 l\u2019Est, la vall\u00e9e de Puamau, surnomm\u00e9e la vall\u00e9e des tiki. C\u2019est dans cette vall\u00e9e que l\u2019on retrouve le plus grand nombre de tiki et les plus grand par leur taille. Le me\u2019ae de Iipona est \u00e0 ce titre exceptionnel avec le fameux tiki Takai qui est le tiki le plus haut et le plus connu des Marquises (2,43 m). De nombreuses l\u00e9gendes sont associ\u00e9es au site d\u2019Iipona, en lien avec l\u2019histoire de la chefferie des Naiki.<\/p>\n<p class=\"text-align-justify\">Concernant l\u2019\u00e9cosyst\u00e8me marin, ces deux \u00eeles partagent une m\u00eame biodiversit\u00e9 marine et plus sp\u00e9cifiquement des agr\u00e9gations d\u2019esp\u00e8ces embl\u00e9matiques (raies, requins, mammif\u00e8res marins)<\/p>\n<\/div>\n<\/div>\n<\/div><\/div><\/div><div class=\"fusion-panel panel-default panel-f833650a88241db6e fusion-toggle-has-divider\" style=\"--awb-title-color:#1f383f;--awb-content-color:#333333;\"><div class=\"panel-heading\"><h4 class=\"panel-title toggle\" id=\"toggle_f833650a88241db6e\"><a aria-expanded=\"false\" aria-controls=\"f833650a88241db6e\" role=\"button\" data-toggle=\"collapse\" data-parent=\"#accordion-12464-4\" data-target=\"#f833650a88241db6e\" href=\"#f833650a88241db6e\"><span class=\"fusion-toggle-icon-wrapper\" aria-hidden=\"true\"><i class=\"fa-fusion-box active-icon awb-icon-minus\" aria-hidden=\"true\"><\/i><i class=\"fa-fusion-box inactive-icon awb-icon-plus\" aria-hidden=\"true\"><\/i><\/span><span class=\"fusion-toggle-heading\">Ensemble mixte de Fatu Hiva<\/span><\/a><\/h4><\/div><div id=\"f833650a88241db6e\" class=\"panel-collapse collapse \" aria-labelledby=\"toggle_f833650a88241db6e\"><div class=\"panel-body toggle-content fusion-clearfix\">\n<p>Ensemble arche\u0301ologique plus atypique venant comple\u0301ter la se\u0301rie avantageusement avec la pre\u0301sence de :<\/p>\n<p class=\"text-align-justify\">&#8211; p\u00e9troglyphes de tre\u0300s grande taille (les plus grands connus pre\u0301sents au sein du pe\u0301rime\u0300tre) ;<\/p>\n<p class=\"text-align-justify\">&#8211; me&rsquo;ae de cre\u0302te avec des tiki encha\u0302sse\u0301s associe\u0301 a\u0300 des ua &lsquo;ma de tre\u0300s grande dimension.<\/p>\n<p class=\"text-align-justify\">Malgre\u0301 sa petite taille et sa topographie accidente\u0301e avec des pentes tre\u0300s fortes, Fatu Hiva abrite une grande diversite\u0301 d&rsquo;habitats riches en espe\u0300ces ende\u0301miques parmi lesquelles des fore\u0302ts de nuages et humides. Cette \u00eele abrite les dernie\u0300res populations de \u2018Oma\u2019o Ke\u2019e Ke\u2019e ou monarque de Fatu Hiva.<\/p>\n<p class=\"text-align-justify\">L&rsquo;extension du pe\u0301rime\u0300tre terrestre en mer abrite une grotte sous-marine, colonie de mammife\u0300res marins re\u0301sidente et de grandes populations d&rsquo;oiseaux marins sur les motu.<\/p>\n<\/div><\/div><\/div><\/div><\/div><\/div><\/div><\/div><\/div>\n","protected":false},"excerpt":{"rendered":"","protected":false},"author":375,"featured_media":0,"parent":0,"menu_order":0,"comment_status":"closed","ping_status":"closed","template":"","meta":{"_seopress_titles_title":"","_seopress_titles_desc":"","_seopress_robots_index":"","_seopress_robots_follow":"","_seopress_robots_imageindex":"","_seopress_robots_snippet":"","_seopress_robots_primary_cat":"","_seopress_robots_breadcrumbs":"","_seopress_robots_freeze_modified_date":"","_seopress_robots_custom_modified_date":"","_seopress_robots_canonical":"","_seopress_social_fb_title":"","_seopress_social_fb_desc":"","_seopress_social_fb_img":"","_seopress_social_fb_img_attachment_id":0,"_seopress_social_fb_img_width":0,"_seopress_social_fb_img_height":0,"_seopress_social_twitter_title":"","_seopress_social_twitter_desc":"","_seopress_social_twitter_img":"","_seopress_social_twitter_img_attachment_id":0,"_seopress_social_twitter_img_width":0,"_seopress_social_twitter_img_height":0,"_seopress_redirections_value":"","_seopress_redirections_enabled":"","_seopress_redirections_enabled_regex":"","_seopress_redirections_logged_status":"both","_seopress_redirections_param":"","_seopress_redirections_type":301,"_seopress_analysis_target_kw":"","_seopress_news_disabled":"","_seopress_video_disabled":"","_seopress_video":[],"_seopress_pro_schemas_manual":[],"_seopress_pro_rich_snippets_disable_all":"","_seopress_pro_rich_snippets_disable":[],"_seopress_pro_schemas":[],"footnotes":""},"class_list":["post-12464","page","type-page","status-publish","hentry"],"_links":{"self":[{"href":"https:\/\/www.service-public.pf\/dcp\/wp-json\/wp\/v2\/pages\/12464","targetHints":{"allow":["GET"]}}],"collection":[{"href":"https:\/\/www.service-public.pf\/dcp\/wp-json\/wp\/v2\/pages"}],"about":[{"href":"https:\/\/www.service-public.pf\/dcp\/wp-json\/wp\/v2\/types\/page"}],"author":[{"embeddable":true,"href":"https:\/\/www.service-public.pf\/dcp\/wp-json\/wp\/v2\/users\/375"}],"replies":[{"embeddable":true,"href":"https:\/\/www.service-public.pf\/dcp\/wp-json\/wp\/v2\/comments?post=12464"}],"version-history":[{"count":7,"href":"https:\/\/www.service-public.pf\/dcp\/wp-json\/wp\/v2\/pages\/12464\/revisions"}],"predecessor-version":[{"id":12491,"href":"https:\/\/www.service-public.pf\/dcp\/wp-json\/wp\/v2\/pages\/12464\/revisions\/12491"}],"wp:attachment":[{"href":"https:\/\/www.service-public.pf\/dcp\/wp-json\/wp\/v2\/media?parent=12464"}],"curies":[{"name":"wp","href":"https:\/\/api.w.org\/{rel}","templated":true}]}}