{"id":3055,"date":"2022-05-06T10:56:21","date_gmt":"2022-05-06T20:56:21","guid":{"rendered":"https:\/\/www.service-public.pf\/dcp\/?page_id=3055"},"modified":"2026-02-03T14:33:53","modified_gmt":"2026-02-04T00:33:53","slug":"portfolio-exposition-photographique","status":"publish","type":"page","link":"https:\/\/www.service-public.pf\/dcp\/bilbliotheque\/portfolio-exposition-photographique\/","title":{"rendered":"Expositions Photographiques de la D.C.P"},"content":{"rendered":"<p><div class=\"fusion-fullwidth fullwidth-box fusion-builder-row-1 fusion-flex-container fusion-parallax-none nonhundred-percent-fullwidth non-hundred-percent-height-scrolling vct_slider vct_dark_bordered_element\" style=\"--awb-border-radius-top-left:0px;--awb-border-radius-top-right:0px;--awb-border-radius-bottom-right:0px;--awb-border-radius-bottom-left:0px;--awb-padding-right:0px;--awb-padding-left:0px;--awb-background-image:url(&quot;https:\/\/www.service-public.pf\/dcp\/wp-content\/uploads\/sites\/25\/2026\/02\/Bandeau-site-internet-DCP.jpeg&quot;);--awb-background-size:contain;--awb-flex-wrap:wrap;\" ><div class=\"fusion-builder-row fusion-row fusion-flex-align-items-center fusion-flex-justify-content-center fusion-flex-content-wrap\" style=\"max-width:104%;margin-left: calc(-4% \/ 2 );margin-right: calc(-4% \/ 2 );\"><div class=\"fusion-layout-column fusion_builder_column fusion-builder-column-0 fusion_builder_column_1_1 1_1 fusion-flex-column fusion-flex-align-self-center\" style=\"--awb-padding-top:7%;--awb-padding-bottom:7%;--awb-padding-top-small:30%;--awb-padding-bottom-small:30%;--awb-bg-size:cover;--awb-width-large:100%;--awb-margin-top-large:0px;--awb-spacing-right-large:0px;--awb-margin-bottom-large:0px;--awb-spacing-left-large:0px;--awb-width-medium:100%;--awb-order-medium:0;--awb-spacing-right-medium:1.92%;--awb-spacing-left-medium:1.92%;--awb-width-small:100%;--awb-order-small:0;--awb-spacing-right-small:1.92%;--awb-spacing-left-small:1.92%;\"><div class=\"fusion-column-wrapper fusion-column-has-shadow fusion-flex-justify-content-center fusion-content-layout-column\"><div class=\"fusion-title title fusion-title-1 fusion-sep-none fusion-title-center fusion-title-text fusion-title-size-one\" style=\"--awb-text-color:#ffffff;--awb-margin-top-small:0px;--awb-margin-right-small:0px;--awb-margin-bottom-small:20px;--awb-margin-left-small:0px;--awb-font-size:50px;\"><h1 class=\"fusion-title-heading title-heading-center fusion-responsive-typography-calculated\" style=\"margin:0;font-size:1em;--fontSize:50;line-height:1.4;text-shadow:5px 5px 5px #333333;\">Expositions Photographiques de la D.C.P<\/h1><\/div><\/div><\/div><\/div><\/div><div class=\"fusion-fullwidth fullwidth-box fusion-builder-row-2 fusion-flex-container has-pattern-background has-mask-background nonhundred-percent-fullwidth non-hundred-percent-height-scrolling\" style=\"--awb-border-radius-top-left:0px;--awb-border-radius-top-right:0px;--awb-border-radius-bottom-right:0px;--awb-border-radius-bottom-left:0px;--awb-flex-wrap:wrap;\" ><div class=\"fusion-builder-row fusion-row fusion-flex-align-items-flex-start fusion-flex-content-wrap\" style=\"max-width:104%;margin-left: calc(-4% \/ 2 );margin-right: calc(-4% \/ 2 );\"><div class=\"fusion-layout-column fusion_builder_column fusion-builder-column-1 fusion_builder_column_1_1 1_1 fusion-flex-column\" style=\"--awb-bg-size:cover;--awb-width-large:100%;--awb-margin-top-large:0px;--awb-spacing-right-large:1.92%;--awb-margin-bottom-large:20px;--awb-spacing-left-large:1.92%;--awb-width-medium:100%;--awb-order-medium:0;--awb-spacing-right-medium:1.92%;--awb-spacing-left-medium:1.92%;--awb-width-small:100%;--awb-order-small:0;--awb-spacing-right-small:1.92%;--awb-spacing-left-small:1.92%;\"><div class=\"fusion-column-wrapper fusion-column-has-shadow fusion-flex-justify-content-flex-start fusion-content-layout-column\"><nav class=\"fusion-breadcrumbs fusion-breadcrumbs-1\" style=\"--awb-margin-top:10px;--awb-margin-bottom:10px;--awb-font-size:15px;--awb-text-color:var(--awb-custom11);--awb-breadcrumb-sep:&#039;&gt;&#039;;\" aria-label=\"Breadcrumb\"><ol class=\"awb-breadcrumb-list\"><li class=\"fusion-breadcrumb-item awb-breadcrumb-sep awb-home\" ><a href=\"https:\/\/www.service-public.pf\/dcp\" class=\"fusion-breadcrumb-link\"><span >Home<\/span><\/a><\/li><\/ol><\/nav><div class=\"fusion-sharing-box fusion-sharing-box-1 has-taglines layout-stacked layout-medium-stacked layout-small-stacked\" style=\"background-color:var(--awb-color3);border-color:#ffffff;--awb-margin-top:0px;--awb-margin-bottom:10px;--awb-wrapper-padding-right:12px;--awb-wrapper-padding-left:12px;--awb-border-top:5px;--awb-border-right:5px;--awb-border-bottom:5px;--awb-border-left:5px;--awb-separator-border-color:#cccccc;--awb-separator-border-sizes:0px;--awb-alignment:flex-start;--awb-layout:column;--awb-alignment-small:space-between;--awb-stacked-align-small:center;\" data-title=\"Expositions Photographiques de la D.C.P\" data-description=\"Your Content Goes Here\" data-link=\"https:\/\/www.service-public.pf\/dcp\/bilbliotheque\/portfolio-exposition-photographique\/\"><div class=\"fusion-social-networks sharingbox-shortcode-icon-wrapper sharingbox-shortcode-icon-wrapper-1\"><span><a href=\"https:\/\/www.facebook.com\/sharer.php?u=https%3A%2F%2Fwww.service-public.pf%2Fdcp%2Fbilbliotheque%2Fportfolio-exposition-photographique%2F&amp;t=Expositions%20Photographiques%20de%20la%20D.C.P\" target=\"_blank\" rel=\"noreferrer nofollow\" title=\"Facebook\" aria-label=\"Facebook\" data-placement=\"top\" data-toggle=\"tooltip\" data-title=\"Facebook\"><i class=\"fusion-social-network-icon fusion-tooltip fusion-facebook awb-icon-facebook\" style=\"color:var(--awb-color7);\" aria-hidden=\"true\"><\/i><\/a><\/span><span><a href=\"https:\/\/x.com\/intent\/post?text=Expositions%20Photographiques%20de%20la%20D.C.P&amp;url=https%3A%2F%2Fwww.service-public.pf%2Fdcp%2Fbilbliotheque%2Fportfolio-exposition-photographique%2F\" target=\"_blank\" rel=\"noopener noreferrer nofollow\" title=\"X\" aria-label=\"X\" data-placement=\"top\" data-toggle=\"tooltip\" data-title=\"X\"><i class=\"fusion-social-network-icon fusion-tooltip fusion-twitter awb-icon-twitter\" style=\"color:var(--awb-color7);\" aria-hidden=\"true\"><\/i><\/a><\/span><span><a href=\"https:\/\/www.linkedin.com\/shareArticle?mini=true&amp;url=https%3A%2F%2Fwww.service-public.pf%2Fdcp%2Fbilbliotheque%2Fportfolio-exposition-photographique%2F&amp;title=Expositions%20Photographiques%20de%20la%20D.C.P&amp;summary=Your%20Content%20Goes%20Here\" target=\"_blank\" rel=\"noopener noreferrer nofollow\" title=\"LinkedIn\" aria-label=\"LinkedIn\" data-placement=\"top\" data-toggle=\"tooltip\" data-title=\"LinkedIn\"><i class=\"fusion-social-network-icon fusion-tooltip fusion-linkedin awb-icon-linkedin\" style=\"color:var(--awb-color7);\" aria-hidden=\"true\"><\/i><\/a><\/span><span><a href=\"https:\/\/api.whatsapp.com\/send?text=https%3A%2F%2Fwww.service-public.pf%2Fdcp%2Fbilbliotheque%2Fportfolio-exposition-photographique%2F\" target=\"_blank\" rel=\"noopener noreferrer nofollow\" title=\"WhatsApp\" aria-label=\"WhatsApp\" data-placement=\"top\" data-toggle=\"tooltip\" data-title=\"WhatsApp\"><i class=\"fusion-social-network-icon fusion-tooltip fusion-whatsapp awb-icon-whatsapp\" style=\"color:var(--awb-color7);\" aria-hidden=\"true\"><\/i><\/a><\/span><span><a href=\"https:\/\/pinterest.com\/pin\/create\/button\/?url=https%3A%2F%2Fwww.service-public.pf%2Fdcp%2Fbilbliotheque%2Fportfolio-exposition-photographique%2F&amp;description=Your%20Content%20Goes%20Here&amp;media=\" target=\"_blank\" rel=\"noopener noreferrer nofollow\" title=\"Pinterest\" aria-label=\"Pinterest\" data-placement=\"top\" data-toggle=\"tooltip\" data-title=\"Pinterest\"><i class=\"fusion-social-network-icon fusion-tooltip fusion-pinterest awb-icon-pinterest\" style=\"color:var(--awb-color7);\" aria-hidden=\"true\"><\/i><\/a><\/span><span><a href=\"mailto:?subject=Expositions%20Photographiques%20de%20la%20D.C.P&amp;body=https%3A%2F%2Fwww.service-public.pf%2Fdcp%2Fbilbliotheque%2Fportfolio-exposition-photographique%2F\" target=\"_self\" rel=\"nofollow\" title=\"Email\" aria-label=\"Email\" data-placement=\"top\" data-toggle=\"tooltip\" data-title=\"Email\"><i class=\"fusion-social-network-icon fusion-tooltip fusion-mail awb-icon-mail\" style=\"color:var(--awb-color7);\" aria-hidden=\"true\"><\/i><\/a><\/span><\/div><\/div><div class=\"fusion-builder-row fusion-builder-row-inner fusion-row fusion-flex-align-items-flex-start fusion-flex-content-wrap\" style=\"--awb-flex-grow:0;--awb-flex-grow-medium:0;--awb-flex-grow-small:0;--awb-flex-shrink:0;--awb-flex-shrink-medium:0;--awb-flex-shrink-small:0;width:104% !important;max-width:104% !important;margin-left: calc(-4% \/ 2 );margin-right: calc(-4% \/ 2 );\"><div class=\"fusion-layout-column fusion_builder_column_inner fusion-builder-nested-column-0 fusion_builder_column_inner_1_1 1_1 fusion-flex-column\" style=\"--awb-bg-size:cover;--awb-width-large:100%;--awb-margin-top-large:0px;--awb-spacing-right-large:1.92%;--awb-margin-bottom-large:20px;--awb-spacing-left-large:1.92%;--awb-width-medium:100%;--awb-order-medium:0;--awb-spacing-right-medium:1.92%;--awb-spacing-left-medium:1.92%;--awb-width-small:100%;--awb-order-small:0;--awb-spacing-right-small:1.92%;--awb-spacing-left-small:1.92%;\"><div class=\"fusion-column-wrapper fusion-column-has-shadow fusion-flex-justify-content-flex-start fusion-content-layout-column\"><div class=\"fusion-content-boxes content-boxes columns row fusion-columns-1 fusion-columns-total-5 fusion-content-boxes-1 content-boxes-icon-with-title content-left\" style=\"--awb-hover-accent-color:#ad101e;--awb-circle-hover-accent-color:#ad101e;--awb-item-margin-bottom:40px;\" data-animationOffset=\"top-into-view\"><div style=\"--awb-backgroundcolor:var(--awb-color4);--awb-iconcolor:var(--awb-color7);\" class=\"fusion-column content-box-column content-box-column content-box-column-1 col-lg-12 col-md-12 col-sm-12 fusion-content-box-hover content-box-column-last-in-row\"><div class=\"col content-box-wrapper content-wrapper-background link-area-link-icon link-type-text icon-hover-animation-fade\" data-animationOffset=\"top-into-view\"><div class=\"heading heading-with-icon icon-left\"><a class=\"heading-link\" style=\"float:left;\" href=\"https:\/\/www.service-public.pf\/dcp\/bilbliotheque\/exposition-culture-dhier-et-daujourdhui\/\" target=\"_self\"><div class=\"icon\"><i style=\"border-color:#ffffff;border-width:0px;background-color:var(--awb-color3);box-sizing:content-box;height:100px;width:100px;line-height:100px;border-radius:50%;font-size:50px;\" aria-hidden=\"true\" class=\"fontawesome-icon fa-images fas circle-yes\"><\/i><\/div><h2 class=\"content-box-heading fusion-responsive-typography-calculated\" style=\"--h2_typography-font-size:18px;--fontSize:18;line-height:1.5;\">Exposition Culture d'Hier et d'Aujourd'hui<\/h2><\/a><\/div><\/div><\/div><div style=\"--awb-backgroundcolor:var(--awb-color4);--awb-iconcolor:var(--awb-color7);\" class=\"fusion-column content-box-column content-box-column content-box-column-2 col-lg-12 col-md-12 col-sm-12 fusion-content-box-hover content-box-column-last-in-row\"><div class=\"col content-box-wrapper content-wrapper-background link-area-link-icon link-type-text icon-hover-animation-fade\" data-animationOffset=\"top-into-view\"><div class=\"heading heading-with-icon icon-left\"><a class=\"heading-link\" style=\"float:left;\" href=\"https:\/\/www.service-public.pf\/dcp\/bilbliotheque\/exposition-le-cycle-de-leau\/\" target=\"_self\"><div class=\"icon\"><i style=\"border-color:#ffffff;border-width:0px;background-color:var(--awb-color3);box-sizing:content-box;height:100px;width:100px;line-height:100px;border-radius:50%;font-size:50px;\" aria-hidden=\"true\" class=\"fontawesome-icon fa-images fas circle-yes\"><\/i><\/div><h2 class=\"content-box-heading fusion-responsive-typography-calculated\" style=\"--h2_typography-font-size:18px;--fontSize:18;line-height:1.5;\">Exposition le Cycle de l'eau<\/h2><\/a><\/div><\/div><\/div><div style=\"--awb-backgroundcolor:var(--awb-color4);--awb-iconcolor:var(--awb-color7);\" class=\"fusion-column content-box-column content-box-column content-box-column-3 col-lg-12 col-md-12 col-sm-12 fusion-content-box-hover content-box-column-last-in-row\"><div class=\"col content-box-wrapper content-wrapper-background link-area-link-icon link-type-text content-icon-wrapper-yes icon-hover-animation-fade\" data-animationOffset=\"top-into-view\"><div class=\"heading heading-with-icon icon-left\"><a class=\"heading-link\" style=\"float:left;\" href=\"https:\/\/www.service-public.pf\/dcp\/bilbliotheque\/expositions-te-rau-manaha-maohi\/\" target=\"_self\"><div class=\"icon\"><span style=\"height:100px;width:100px;line-height:50px;border-color:rgba(255,255,255,0);border-width:1px;border-style:solid;background-color:rgba(255,255,255,0);box-sizing:content-box;border-radius:50%;\"><i style=\"border-color:#ffffff;border-width:0px;background-color:var(--awb-color3);box-sizing:content-box;height:100px;width:100px;line-height:100px;border-radius:50%;position:relative;top:auto;left:auto;margin:0;border-radius:50%;font-size:50px;\" aria-hidden=\"true\" class=\"fontawesome-icon fa-images fas circle-yes\"><\/i><\/span><\/div><h2 class=\"content-box-heading fusion-responsive-typography-calculated\" style=\"--h2_typography-font-size:18px;--fontSize:18;line-height:1.5;\">Exposition Te Rau Manaha Maohi<\/h2><\/a><\/div><\/div><\/div><div style=\"--awb-backgroundcolor:var(--awb-color4);--awb-iconcolor:var(--awb-color7);\" class=\"fusion-column content-box-column content-box-column content-box-column-4 col-lg-12 col-md-12 col-sm-12 fusion-content-box-hover content-box-column-last-in-row\"><div class=\"col content-box-wrapper content-wrapper-background link-area-link-icon link-type-text icon-hover-animation-fade\" data-animationOffset=\"top-into-view\"><div class=\"heading heading-with-icon icon-left\"><a class=\"heading-link\" style=\"float:left;\" href=\"https:\/\/www.service-public.pf\/dcp\/bilbliotheque\/exposition-tumu-rai-fenua\/\" target=\"_self\"><div class=\"icon\"><i style=\"border-color:#ffffff;border-width:0px;background-color:var(--awb-color3);box-sizing:content-box;height:100px;width:100px;line-height:100px;border-radius:50%;font-size:50px;\" aria-hidden=\"true\" class=\"fontawesome-icon fa-images fas circle-yes\"><\/i><\/div><h2 class=\"content-box-heading fusion-responsive-typography-calculated\" style=\"--h2_typography-font-size:18px;--fontSize:18;line-height:1.5;\">Exposition Tumu Rai Fenua<\/h2><\/a><\/div><\/div><\/div><div style=\"--awb-backgroundcolor:var(--awb-color4);--awb-iconcolor:var(--awb-color7);\" class=\"fusion-column content-box-column content-box-column content-box-column-5 col-lg-12 col-md-12 col-sm-12 fusion-content-box-hover content-box-column-last content-box-column-last-in-row\"><div class=\"col content-box-wrapper content-wrapper-background link-area-link-icon link-type-text icon-hover-animation-fade\" data-animationOffset=\"top-into-view\"><div class=\"heading heading-with-icon icon-left\"><a class=\"heading-link\" style=\"float:left;\" href=\"https:\/\/www.service-public.pf\/dcp\/bilbliotheque\/exposition-50-ans-de-larrivee-de-hokulea\/\" target=\"_self\"><div class=\"icon\"><i style=\"border-color:#ffffff;border-width:0px;background-color:var(--awb-color3);box-sizing:content-box;height:100px;width:100px;line-height:100px;border-radius:50%;font-size:50px;\" aria-hidden=\"true\" class=\"fontawesome-icon fa-images fas circle-yes\"><\/i><\/div><h2 class=\"content-box-heading fusion-responsive-typography-calculated\" style=\"--h2_typography-font-size:18px;--fontSize:18;line-height:1.5;\">Exposition des 50 ans de l'arriv\u00e9e de la pirogue H\u014dk\u016ble\u02bba en Polyn\u00e9sie<\/h2><\/a><\/div><\/div><\/div><div class=\"fusion-clearfix\"><\/div><\/div><\/div><\/div><\/div><\/div><\/div><\/div><\/div><\/p>\n","protected":false},"excerpt":{"rendered":"","protected":false},"author":299,"featured_media":11027,"parent":4966,"menu_order":30,"comment_status":"closed","ping_status":"closed","template":"","meta":{"_seopress_robots_primary_cat":"","_seopress_titles_title":"","_seopress_titles_desc":"","_seopress_robots_index":"","footnotes":""},"class_list":["post-3055","page","type-page","status-publish","has-post-thumbnail","hentry"],"_links":{"self":[{"href":"https:\/\/www.service-public.pf\/dcp\/wp-json\/wp\/v2\/pages\/3055","targetHints":{"allow":["GET"]}}],"collection":[{"href":"https:\/\/www.service-public.pf\/dcp\/wp-json\/wp\/v2\/pages"}],"about":[{"href":"https:\/\/www.service-public.pf\/dcp\/wp-json\/wp\/v2\/types\/page"}],"author":[{"embeddable":true,"href":"https:\/\/www.service-public.pf\/dcp\/wp-json\/wp\/v2\/users\/299"}],"replies":[{"embeddable":true,"href":"https:\/\/www.service-public.pf\/dcp\/wp-json\/wp\/v2\/comments?post=3055"}],"version-history":[{"count":56,"href":"https:\/\/www.service-public.pf\/dcp\/wp-json\/wp\/v2\/pages\/3055\/revisions"}],"predecessor-version":[{"id":11038,"href":"https:\/\/www.service-public.pf\/dcp\/wp-json\/wp\/v2\/pages\/3055\/revisions\/11038"}],"up":[{"embeddable":true,"href":"https:\/\/www.service-public.pf\/dcp\/wp-json\/wp\/v2\/pages\/4966"}],"wp:featuredmedia":[{"embeddable":true,"href":"https:\/\/www.service-public.pf\/dcp\/wp-json\/wp\/v2\/media\/11027"}],"wp:attachment":[{"href":"https:\/\/www.service-public.pf\/dcp\/wp-json\/wp\/v2\/media?parent=3055"}],"curies":[{"name":"wp","href":"https:\/\/api.w.org\/{rel}","templated":true}]}}