{"id":1110,"date":"2022-07-20T06:22:19","date_gmt":"2022-07-20T04:22:19","guid":{"rendered":"https:\/\/www.service-public.pf\/dhv\/?page_id=1110"},"modified":"2026-02-10T23:51:32","modified_gmt":"2026-02-10T22:51:32","slug":"je-suis-opls","status":"publish","type":"page","link":"https:\/\/www.service-public.pf\/dhv\/logement-social-prive\/je-suis-opls\/","title":{"rendered":"Je suis OPLS"},"content":{"rendered":"<p><div class=\"fusion-fullwidth fullwidth-box fusion-builder-row-1 fusion-flex-container fusion-parallax-none nonhundred-percent-fullwidth non-hundred-percent-height-scrolling\" style=\"--awb-border-radius-top-left:0px;--awb-border-radius-top-right:0px;--awb-border-radius-bottom-right:0px;--awb-border-radius-bottom-left:0px;--awb-padding-top:7%;--awb-padding-right:5%;--awb-padding-bottom:5%;--awb-padding-left:15%;--awb-margin-top:60px;--awb-background-image:url(&quot;https:\/\/www.service-public.pf\/dhv\/wp-content\/uploads\/sites\/56\/2022\/07\/Head-image_OPLS.png&quot;);--awb-background-size:cover;--awb-flex-wrap:wrap;\" ><div class=\"fusion-builder-row fusion-row fusion-flex-align-items-flex-start fusion-flex-content-wrap\" style=\"max-width:104%;margin-left: calc(-4% \/ 2 );margin-right: calc(-4% \/ 2 );\"><div class=\"fusion-layout-column fusion_builder_column fusion-builder-column-0 fusion_builder_column_1_1 1_1 fusion-flex-column\" style=\"--awb-bg-size:cover;--awb-width-large:100%;--awb-margin-top-large:0px;--awb-spacing-right-large:0px;--awb-margin-bottom-large:0px;--awb-spacing-left-large:0px;--awb-width-medium:100%;--awb-order-medium:0;--awb-spacing-right-medium:0px;--awb-spacing-left-medium:0px;--awb-width-small:100%;--awb-order-small:0;--awb-spacing-right-small:1.92%;--awb-spacing-left-small:1.92%;\"><div class=\"fusion-column-wrapper fusion-column-has-shadow fusion-flex-justify-content-flex-start fusion-content-layout-column\"><div class=\"fusion-title title fusion-title-1 fusion-sep-none fusion-title-text fusion-title-size-one vct_title vct_title_uppercase\" style=\"--awb-text-color:#f95738;--awb-margin-right:5%;--awb-margin-bottom:40px;--awb-margin-top-small:10px;--awb-margin-right-small:0px;--awb-margin-bottom-small:10px;--awb-margin-left-small:0px;--awb-font-size:50px;\"><h1 class=\"fusion-title-heading title-heading-left\" style=\"margin:0;font-size:1em;\"><span style=\"color: #ffffff\">JE SUIS <strong>OPLS<\/strong><\/span><\/h1><\/div><\/div><\/div><\/div><\/div><div class=\"fusion-fullwidth fullwidth-box fusion-builder-row-2 fusion-flex-container fusion-parallax-none nonhundred-percent-fullwidth non-hundred-percent-height-scrolling\" style=\"--awb-border-radius-top-left:0px;--awb-border-radius-top-right:0px;--awb-border-radius-bottom-right:0px;--awb-border-radius-bottom-left:0px;--awb-padding-top:30px;--awb-padding-right:5%;--awb-padding-left:7%;--awb-background-color:#edeff4;--awb-background-image:url(&quot;https:\/\/www.service-public.pf\/dhv\/wp-content\/uploads\/sites\/56\/2022\/07\/r1-1.png&quot;);--awb-background-size:cover;--awb-flex-wrap:wrap;\" ><div class=\"fusion-builder-row fusion-row fusion-flex-align-items-flex-start fusion-flex-content-wrap\" style=\"max-width:104%;margin-left: calc(-4% \/ 2 );margin-right: calc(-4% \/ 2 );\"><div class=\"fusion-layout-column fusion_builder_column fusion-builder-column-1 fusion_builder_column_3_4 3_4 fusion-flex-column\" style=\"--awb-bg-size:cover;--awb-width-large:75%;--awb-margin-top-large:0px;--awb-spacing-right-large:2.56%;--awb-margin-bottom-large:20px;--awb-spacing-left-large:2.56%;--awb-width-medium:75%;--awb-order-medium:0;--awb-spacing-right-medium:2.56%;--awb-spacing-left-medium:2.56%;--awb-width-small:100%;--awb-order-small:0;--awb-spacing-right-small:1.92%;--awb-spacing-left-small:1.92%;\"><div class=\"fusion-column-wrapper fusion-column-has-shadow fusion-flex-justify-content-flex-start fusion-content-layout-column\"><nav class=\"fusion-breadcrumbs fusion-breadcrumbs-1 vct_breadcrumbs\" style=\"--awb-text-hover-color:#f95738;--awb-breadcrumb-sep:&#039;&gt;&#039;;\" aria-label=\"Breadcrumb\"><ol class=\"awb-breadcrumb-list\"><li class=\"fusion-breadcrumb-item awb-breadcrumb-sep awb-home\" ><a href=\"https:\/\/www.service-public.pf\/dhv\" class=\"fusion-breadcrumb-link\"><span >Home<\/span><\/a><\/li><\/ol><\/nav><\/div><\/div><div class=\"fusion-layout-column fusion_builder_column fusion-builder-column-2 fusion_builder_column_3_4 3_4 fusion-flex-column vct_flex_container_form\" style=\"--awb-bg-size:cover;--awb-width-large:75%;--awb-margin-top-large:0px;--awb-spacing-right-large:2.56%;--awb-margin-bottom-large:20px;--awb-spacing-left-large:2.56%;--awb-width-medium:75%;--awb-order-medium:0;--awb-spacing-right-medium:2.56%;--awb-spacing-left-medium:2.56%;--awb-width-small:100%;--awb-order-small:0;--awb-spacing-right-small:1.92%;--awb-spacing-left-small:1.92%;\"><div class=\"fusion-column-wrapper fusion-column-has-shadow fusion-flex-justify-content-flex-start fusion-content-layout-column\"><div class=\"fusion-builder-row fusion-builder-row-inner fusion-row fusion-flex-align-items-flex-start fusion-flex-content-wrap\" style=\"--awb-flex-grow:0;--awb-flex-grow-medium:0;--awb-flex-grow-small:0;--awb-flex-shrink:0;--awb-flex-shrink-medium:0;--awb-flex-shrink-small:0;width:104% !important;max-width:104% !important;margin-left: calc(-4% \/ 2 );margin-right: calc(-4% \/ 2 );\"><div class=\"fusion-layout-column fusion_builder_column_inner fusion-builder-nested-column-0 fusion_builder_column_inner_1_1 1_1 fusion-flex-column\" style=\"--awb-padding-top:30px;--awb-padding-right:30px;--awb-padding-bottom:30px;--awb-padding-left:30px;--awb-bg-color:#ffffff;--awb-bg-color-hover:#ffffff;--awb-bg-size:cover;--awb-box-shadow:1px 2px 5px 0px rgba(0,0,0,0.3);;--awb-width-large:100%;--awb-margin-top-large:0px;--awb-spacing-right-large:1.92%;--awb-margin-bottom-large:20px;--awb-spacing-left-large:1.92%;--awb-width-medium:100%;--awb-order-medium:0;--awb-spacing-right-medium:1.92%;--awb-spacing-left-medium:1.92%;--awb-width-small:100%;--awb-order-small:0;--awb-spacing-right-small:1.92%;--awb-spacing-left-small:1.92%;\"><div class=\"fusion-column-wrapper fusion-column-has-shadow fusion-flex-justify-content-flex-start fusion-content-layout-column\"><div class=\"fusion-title title fusion-title-2 fusion-sep-none fusion-title-text fusion-title-size-two\" style=\"--awb-text-color:#0babd4;--awb-margin-top:-2%;--awb-margin-bottom:-2%;--awb-margin-top-small:10px;--awb-margin-right-small:0px;--awb-margin-bottom-small:10px;--awb-margin-left-small:0px;--awb-font-size:50px;\"><h2 class=\"fusion-title-heading title-heading-left\" style=\"margin:0;font-size:1em;\"><h1 style=\"text-align: center\"><span style=\"color: #c7361b\">Je suis OPLS<\/span><\/h1><\/h2><\/div><div class=\"fusion-text fusion-text-1\"><p>Les personnes morales <span style=\"color: #c7361b\"><strong>agr\u00e9\u00e9es en qualit\u00e9 d\u2019organisme priv\u00e9 de logement social<\/strong> <\/span>peuvent b\u00e9n\u00e9ficier d\u2019une aide du Pays afin de financer une partie du co\u00fbt des programmes de logements qu\u2019elles pr\u00e9voient de r\u00e9aliser.<\/p>\n<p>Pour ce faire, elles doivent d\u00e9poser un dossier de demande d\u2019agr\u00e9ment pour chaque programme de logements \u00e0 la D\u00e9l\u00e9gation \u00e0 l\u2019habitat et \u00e0 la ville.<\/p>\n<\/div><div class=\"accordian fusion-accordian\" style=\"--awb-border-size:1px;--awb-icon-size:16px;--awb-content-font-size:16px;--awb-icon-alignment:left;--awb-hover-color:#f9f9fb;--awb-border-color:#e2e2e2;--awb-background-color:#ffffff;--awb-divider-color:#e2e2e2;--awb-divider-hover-color:#e2e2e2;--awb-icon-color:#ffffff;--awb-title-color:#212934;--awb-content-color:#4a4e57;--awb-icon-box-color:#212934;--awb-toggle-hover-accent-color:#c7361b;--awb-toggle-active-accent-color:#c7361b;--awb-title-font-family:&quot;Roboto&quot;;--awb-title-font-weight:400;--awb-title-font-style:normal;--awb-content-font-family:&quot;Open Sans&quot;;--awb-content-font-style:normal;--awb-content-font-weight:400;\"><div class=\"panel-group fusion-toggle-icon-boxed\" id=\"accordion-1110-1\"><div class=\"fusion-panel panel-default panel-dbbf707bd8d49ed45 fusion-toggle-has-divider\" style=\"--awb-title-color:#212934;--awb-content-color:#4a4e57;\"><div class=\"panel-heading\"><h4 class=\"panel-title toggle\" id=\"toggle_dbbf707bd8d49ed45\"><a aria-expanded=\"false\" aria-controls=\"dbbf707bd8d49ed45\" role=\"button\" data-toggle=\"collapse\" data-parent=\"#accordion-1110-1\" data-target=\"#dbbf707bd8d49ed45\" href=\"#dbbf707bd8d49ed45\"><span class=\"fusion-toggle-icon-wrapper\" aria-hidden=\"true\"><i class=\"fa-fusion-box active-icon awb-icon-minus\" aria-hidden=\"true\"><\/i><i class=\"fa-fusion-box inactive-icon fa-id-badge fas\" aria-hidden=\"true\"><\/i><\/span><span class=\"fusion-toggle-heading\">COMMENT CONSTITUER UN DOSSIER DE DEMANDE D'AGR\u00c9MENT ?<\/span><\/a><\/h4><\/div><div id=\"dbbf707bd8d49ed45\" class=\"panel-collapse collapse \" aria-labelledby=\"toggle_dbbf707bd8d49ed45\"><div class=\"panel-body toggle-content fusion-clearfix\">\n<p>Le dossier de demande d\u2019agr\u00e9ment du programme immobilier doit <span style=\"color: #c7361b\"><strong>obligatoirement<\/strong><\/span> contenir les pi\u00e8ces suivantes\u00a0:<\/p>\n<p><span style=\"font-size: 14pt;color: #c7361b\"><strong>\u2192<\/strong> <\/span>Une note de pr\u00e9sentation du programme contenant les informations suivantes : localisation, description technique, pr\u00e9sentation du d\u00e9roul\u00e9 de l\u2019op\u00e9ration, synth\u00e8se du nombre de logements construits ou acquis, destination des logements, les moyens mat\u00e9riels, humains et financiers d\u00e9di\u00e9s \u00e0 la gestion locative de l\u2019op\u00e9ration ;<\/p>\n<p><span style=\"font-size: 14pt;color: #c7361b\"><strong>\u2192<\/strong> <\/span>Une annexe reprenant pour chaque logement la surface habitable et la d\u00e9composition des surfaces annexes ;<\/p>\n<p><span style=\"font-size: 14pt;color: #c7361b\"><strong>\u2192<\/strong> <\/span>Une annexe reprenant le co\u00fbt pr\u00e9visionnel de l\u2019op\u00e9ration et l\u2019ensemble des devis et contrats permettant de justifier la totalit\u00e9 des lignes de charge ;<\/p>\n<p><span style=\"font-size: 14pt;color: #c7361b\"><strong>\u2192<\/strong> <\/span>Une annexe reprenant le plan de financement de l\u2019op\u00e9ration ;<\/p>\n<p><span style=\"font-size: 14pt;color: #c7361b\"><strong>\u2192<\/strong> <\/span>Une annexe d\u00e9taillant les prix de vente des logements en cas de location-vente et la fraction des loyers restitu\u00e9e \u00e0 l\u2019issue de la p\u00e9riode de jouissance des contrats de location-vente ;<\/p>\n<p><span style=\"font-size: 14pt;color: #c7361b\"><strong>\u2192<\/strong> <\/span>En cas de cumul du dispositif OPLS avec le dispositif de d\u00e9fiscalisation m\u00e9tropolitain, une annexe d\u00e9montrant que 70 % au moins de l\u2019aide de la Polyn\u00e9sie fran\u00e7aise sera restitu\u00e9e sous forme d\u2019abaissement des loyers en de\u00e7\u00e0 des plafonds locatifs pr\u00e9vus par ledit dispositif de l\u2019\u00c9tat ;<\/p>\n<\/div><\/div><\/div><div class=\"fusion-panel panel-default panel-a927f8d5a3e35481b fusion-toggle-has-divider\" style=\"--awb-title-color:#212934;--awb-content-color:#4a4e57;\"><div class=\"panel-heading\"><h4 class=\"panel-title toggle\" id=\"toggle_a927f8d5a3e35481b\"><a aria-expanded=\"false\" aria-controls=\"a927f8d5a3e35481b\" role=\"button\" data-toggle=\"collapse\" data-parent=\"#accordion-1110-1\" data-target=\"#a927f8d5a3e35481b\" href=\"#a927f8d5a3e35481b\"><span class=\"fusion-toggle-icon-wrapper\" aria-hidden=\"true\"><i class=\"fa-fusion-box active-icon awb-icon-minus\" aria-hidden=\"true\"><\/i><i class=\"fa-fusion-box inactive-icon fa-id-badge fas\" aria-hidden=\"true\"><\/i><\/span><span class=\"fusion-toggle-heading\">\u00c0 QUELLE AIDE PUIS-JE PR\u00c9TENDRE ?<\/span><\/a><\/h4><\/div><div id=\"a927f8d5a3e35481b\" class=\"panel-collapse collapse \" aria-labelledby=\"toggle_a927f8d5a3e35481b\"><div class=\"panel-body toggle-content fusion-clearfix\">\n<p>La participation de la Polyn\u00e9sie fran\u00e7aise au financement des programmes agr\u00e9\u00e9s peut atteindre un <span style=\"color: #c7361b\"><strong>maximum de 30%<\/strong><\/span> du co\u00fbt du programme TTC.<\/p>\n<p>Ce taux d\u2019aide est appliqu\u00e9 \u00e0 la base \u00e9ligible et est en tout \u00e9tat de cause limit\u00e9e \u00e0 un montant actualis\u00e9 annuellement.<\/p>\n<p>Le pays peut contribuer au financement des programmes gr\u00e2ce aux leviers financiers et fiscaux\u00a0suivants\u00a0:<\/p>\n<p><span style=\"font-size: 14pt;color: #c7361b\"><strong>\u2192<\/strong> <\/span>La cession \u00e0 titre gratuit ou on\u00e9reux d\u2019une assise fonci\u00e8re domaniale ;<\/p>\n<p><span style=\"font-size: 14pt;color: #c7361b\"><strong>\u2192<\/strong> <\/span>La mise en place r\u00e9gime d\u2019exon\u00e9ration ou de dispositions fiscales sp\u00e9cifiques ;<\/p>\n<p><span style=\"font-size: 14pt;color: #c7361b\"><strong>\u2192<\/strong> <\/span>L\u2019attribution d\u2019une subvention d\u2019investissement.<\/p>\n<\/div><\/div><\/div><div class=\"fusion-panel panel-default panel-f51186c2b181b6b4c fusion-toggle-has-divider\" style=\"--awb-title-color:#212934;--awb-content-color:#4a4e57;\"><div class=\"panel-heading\"><h4 class=\"panel-title toggle\" id=\"toggle_f51186c2b181b6b4c\"><a aria-expanded=\"false\" aria-controls=\"f51186c2b181b6b4c\" role=\"button\" data-toggle=\"collapse\" data-parent=\"#accordion-1110-1\" data-target=\"#f51186c2b181b6b4c\" href=\"#f51186c2b181b6b4c\"><span class=\"fusion-toggle-icon-wrapper\" aria-hidden=\"true\"><i class=\"fa-fusion-box active-icon awb-icon-minus\" aria-hidden=\"true\"><\/i><i class=\"fa-fusion-box inactive-icon fa-id-badge fas\" aria-hidden=\"true\"><\/i><\/span><span class=\"fusion-toggle-heading\">LA SP\u00c9CIFICIT\u00c9 DES SUBVENTIONS D'INVESTISSEMENT<\/span><\/a><\/h4><\/div><div id=\"f51186c2b181b6b4c\" class=\"panel-collapse collapse \" aria-labelledby=\"toggle_f51186c2b181b6b4c\"><div class=\"panel-body toggle-content fusion-clearfix\">\n<p>Lorsque la demande d\u2019agr\u00e9ment inclut une demande de subvention, l\u2019organisme agr\u00e9\u00e9 doit <span style=\"color: #c7361b\"><strong>obligatoirement<\/strong><\/span> verser au dossier les pi\u00e8ces suppl\u00e9mentaires suivantes\u00a0:<\/p>\n<p><span style=\"font-size: 14pt;color: #c7361b\"><strong>\u2192<\/strong> <\/span>Des pi\u00e8ces officielles permettant d\u2019\u00e9tablir la preuve de l\u2019existence l\u00e9gale de la soci\u00e9t\u00e9 ;<\/p>\n<p><span style=\"font-size: 14pt;color: #c7361b\"><strong>\u2192<\/strong><\/span> Les statuts de la soci\u00e9t\u00e9 ;<\/p>\n<p><span style=\"font-size: 14pt;color: #c7361b\"><strong>\u2192<\/strong> <\/span>Une description de la composition des organes dirigeants ;<\/p>\n<p><span style=\"font-size: 14pt;color: #c7361b\"><strong>\u2192<\/strong> <\/span>Le budget de l\u2019exercice auquel se rapporte la demande de subvention, sign\u00e9 du tr\u00e9sorier et du pr\u00e9sident, comprenant la totalit\u00e9 des produits et des charges se rapportant \u00e0 l\u2019activit\u00e9 ou le budget se rapportant \u00e0 l\u2019action \u00e0 financer. Lorsque ces \u00e9l\u00e9ments n\u2019existent pas, une mention devra \u00eatre r\u00e9dig\u00e9 dans le rapport de pr\u00e9sentation permettant de justifier cette absence.<\/p>\n<p><span style=\"font-size: 14pt;color: #c7361b\"><strong>\u2192<\/strong><\/span> Le cas \u00e9ch\u00e9ant, le proc\u00e8s-verbal de la s\u00e9ance au cours de laquelle le budget ou l\u2019action a \u00e9t\u00e9 adopt\u00e9e ;<\/p>\n<p><span style=\"font-size: 14pt;color: #c7361b\"><strong>\u2192<\/strong> <\/span>Le compte financier du dernier exercice clos ou provisoire pour des personnes morales de droit priv\u00e9 qui ont plus d\u2019un an d\u2019existence \u00e0 la date de la demande ;<\/p>\n<p><span style=\"font-size: 14pt;color: #c7361b\"><strong>\u2192<\/strong> <\/span>Le relev\u00e9 d\u2019identit\u00e9 bancaire ou postal ;<\/p>\n<p><span style=\"font-size: 14pt;color: #c7361b\"><strong>\u2192<\/strong> <\/span>Une lettre de demande de subvention pr\u00e9cise quant \u00e0 l\u2019objet de l\u2019aide et son montant ;<\/p>\n<p><span style=\"font-size: 14pt;color: #c7361b\"><strong>\u2192<\/strong> <\/span>Lorsque la demande de subvention a pour objet le financement des travaux : tout document justifiant de l\u2019occupation du terrain, des constructions ou des b\u00e2timents ;<\/p>\n<p><span style=\"font-size: 14pt;color: #c7361b\"><strong>\u2192<\/strong> <\/span>L\u2019\u00e9tat r\u00e9capitulatif des estimations de d\u00e9penses relatifs au projet accompagn\u00e9 des devis estimatifs s\u2019il s\u2019agit d\u2019\u00e9tudes ou de travaux ou des factures proforma s\u2019il s\u2019agit d\u2019\u00e9quipements en mat\u00e9riel, outillage ou mobilier ;<\/p>\n<p><span style=\"font-size: 14pt;color: #c7361b\"><strong>\u2192<\/strong> <\/span>Lorsque le projet contient une acquisition de terrains ou d\u2019immeubles, l\u2019\u00e9valuation effectu\u00e9e par l\u2019administration des domaines ou un expert agr\u00e9\u00e9 aupr\u00e8s des tribunaux, soit en cas d\u2019expropriation, sur la base de l\u2019indemnit\u00e9 fix\u00e9e par l\u2019autorit\u00e9 judiciaire ;<\/p>\n<\/div><\/div><\/div><div class=\"fusion-panel panel-default panel-a6de6c81735944d9a fusion-toggle-has-divider\" style=\"--awb-title-color:#212934;--awb-content-color:#4a4e57;\"><div class=\"panel-heading\"><h4 class=\"panel-title toggle\" id=\"toggle_a6de6c81735944d9a\"><a aria-expanded=\"false\" aria-controls=\"a6de6c81735944d9a\" role=\"button\" data-toggle=\"collapse\" data-parent=\"#accordion-1110-1\" data-target=\"#a6de6c81735944d9a\" href=\"#a6de6c81735944d9a\"><span class=\"fusion-toggle-icon-wrapper\" aria-hidden=\"true\"><i class=\"fa-fusion-box active-icon awb-icon-minus\" aria-hidden=\"true\"><\/i><i class=\"fa-fusion-box inactive-icon fa-id-badge fas\" aria-hidden=\"true\"><\/i><\/span><span class=\"fusion-toggle-heading\">COMMENT D\u00c9POSER MON DOSSIER DE DEMANDE D'AGR\u00c9MENT ?<\/span><\/a><\/h4><\/div><div id=\"a6de6c81735944d9a\" class=\"panel-collapse collapse \" aria-labelledby=\"toggle_a6de6c81735944d9a\"><div class=\"panel-body toggle-content fusion-clearfix\">\n<p>Les dossiers de demandes d\u2019agr\u00e9ment, en<span style=\"color: #c7361b\"><strong> un seul exemplaire<\/strong><\/span>, peuvent \u00eatre\u00a0d\u00e9pos\u00e9s\u00a0:<\/p>\n<p><span style=\"font-size: 14pt;color: #c7361b\"><strong>\u2192<\/strong><\/span> Au format papier, directement au secr\u00e9tariat de la <strong><span style=\"color: #c7361b\"><a style=\"color: #c7361b\" href=\"https:\/\/www.service-public.pf\/dhv\/nous-contacter\/\"><span style=\"text-decoration: underline\">D\u00e9l\u00e9gation \u00e0 l\u2019habitat et \u00e0 la ville<\/span><\/a><\/span><\/strong><span style=\"text-decoration: underline\">\u00a0<\/span>;<\/p>\n<\/div><\/div><\/div><\/div><\/div><\/div><\/div><\/div><\/div><\/div><div class=\"fusion-layout-column fusion_builder_column fusion-builder-column-3 fusion_builder_column_1_4 1_4 fusion-flex-column\" style=\"--awb-bg-size:cover;--awb-width-large:25%;--awb-margin-top-large:0px;--awb-spacing-right-large:7.68%;--awb-margin-bottom-large:20px;--awb-spacing-left-large:7.68%;--awb-width-medium:25%;--awb-order-medium:0;--awb-spacing-right-medium:7.68%;--awb-spacing-left-medium:7.68%;--awb-width-small:100%;--awb-order-small:0;--awb-spacing-right-small:1.92%;--awb-spacing-left-small:1.92%;\"><div class=\"fusion-column-wrapper fusion-column-has-shadow fusion-flex-justify-content-flex-start fusion-content-layout-column\"><div class=\"fusion-builder-row fusion-builder-row-inner fusion-row fusion-flex-align-items-flex-start fusion-flex-content-wrap\" style=\"--awb-flex-grow:0;--awb-flex-grow-medium:0;--awb-flex-grow-small:0;--awb-flex-shrink:0;--awb-flex-shrink-medium:0;--awb-flex-shrink-small:0;width:104% !important;max-width:104% !important;margin-left: calc(-4% \/ 2 );margin-right: calc(-4% \/ 2 );\"><div class=\"fusion-layout-column fusion_builder_column_inner fusion-builder-nested-column-1 fusion_builder_column_inner_1_1 1_1 fusion-flex-column\" style=\"--awb-padding-top:10px;--awb-padding-right:30px;--awb-padding-bottom:10px;--awb-padding-left:30px;--awb-bg-color:#ffffff;--awb-bg-color-hover:#ffffff;--awb-bg-size:cover;--awb-box-shadow:1px 2px 5px 0px rgba(0,0,0,0.3);;--awb-width-large:100%;--awb-margin-top-large:0px;--awb-spacing-right-large:1.92%;--awb-margin-bottom-large:20px;--awb-spacing-left-large:1.92%;--awb-width-medium:100%;--awb-order-medium:0;--awb-spacing-right-medium:1.92%;--awb-spacing-left-medium:1.92%;--awb-width-small:100%;--awb-order-small:0;--awb-spacing-right-small:1.92%;--awb-spacing-left-small:1.92%;\"><div class=\"fusion-column-wrapper fusion-column-has-shadow fusion-flex-justify-content-flex-start fusion-content-layout-column\"><div style=\"text-align:center;\"><a class=\"fusion-button button-flat button-xlarge button-custom fusion-button-default button-1 fusion-button-default-span fusion-button-default-type\" style=\"--button_accent_color:#ffffff;--button_accent_hover_color:#ffffff;--button_border_hover_color:#ffffff;--button-border-radius-top-left:5px;--button-border-radius-top-right:5px;--button-border-radius-bottom-right:5px;--button-border-radius-bottom-left:5px;--button_gradient_top_color:#f9b122;--button_gradient_bottom_color:#f9b122;--button_gradient_top_color_hover:#f9b122;--button_gradient_bottom_color_hover:#f9b122;\" target=\"_blank\" rel=\"noopener noreferrer\" href=\"https:\/\/lexpol.cloud.pf\/LexpolAfficheTexte.php?texte=471256\"><i class=\"fa-file-alt fas awb-button__icon awb-button__icon--default button-icon-left\" aria-hidden=\"true\"><\/i><span class=\"fusion-button-text awb-button__text awb-button__text--default\">Source r\u00e8glementaire<\/span><\/a><\/div><div class=\"fusion-text fusion-text-2\" style=\"--awb-margin-top:10px;\"><p><a href=\"http:\/\/lexpol.cloud.pf\/LexpolAfficheTexte.php?texte=471256\" target=\"_blank\" rel=\"noopener\">Arr\u00eat\u00e9 n\u00b0 1359 CM du 15 septembre 2016 portant application de la loi du pays n\u00b0 2016-34 du 29 ao\u00fbt 2016 relative aux organismes priv\u00e9s de logement social<\/a><\/p>\n<\/div><\/div><\/div><div class=\"fusion-layout-column fusion_builder_column_inner fusion-builder-nested-column-2 fusion_builder_column_inner_1_1 1_1 fusion-flex-column\" style=\"--awb-padding-top:10px;--awb-padding-right:30px;--awb-padding-bottom:10px;--awb-padding-left:30px;--awb-bg-color:#ffffff;--awb-bg-color-hover:#ffffff;--awb-bg-size:cover;--awb-box-shadow:1px 2px 5px 0px rgba(0,0,0,0.3);;--awb-width-large:100%;--awb-margin-top-large:0px;--awb-spacing-right-large:1.92%;--awb-margin-bottom-large:20px;--awb-spacing-left-large:1.92%;--awb-width-medium:100%;--awb-order-medium:0;--awb-spacing-right-medium:1.92%;--awb-spacing-left-medium:1.92%;--awb-width-small:100%;--awb-order-small:0;--awb-spacing-right-small:1.92%;--awb-spacing-left-small:1.92%;\"><div class=\"fusion-column-wrapper fusion-column-has-shadow fusion-flex-justify-content-flex-start fusion-content-layout-column\"><div style=\"text-align:center;\"><a class=\"fusion-button button-flat button-xlarge button-custom fusion-button-default button-2 fusion-button-default-span fusion-button-default-type\" style=\"--button_accent_color:#ffffff;--button_accent_hover_color:#ffffff;--button_border_hover_color:#ffffff;--button-border-radius-top-left:5px;--button-border-radius-top-right:5px;--button-border-radius-bottom-right:5px;--button-border-radius-bottom-left:5px;--button_gradient_top_color:#c7361b;--button_gradient_bottom_color:#c7361b;--button_gradient_top_color_hover:#c7361b;--button_gradient_bottom_color_hover:#c7361b;\" target=\"_self\"><i class=\"fa-file-alt fas awb-button__icon awb-button__icon--default button-icon-left\" aria-hidden=\"true\"><\/i><span class=\"fusion-button-text awb-button__text awb-button__text--default\">\u00c0 voir aussi<\/span><\/a><\/div><div class=\"fusion-text fusion-text-3\" style=\"--awb-margin-top:10px;\"><p><a href=\"https:\/\/www.mes-demarches.gov.pf\/admin\/procedures\/1236\/apercu\" target=\"_blank\" rel=\"noopener\">Formulaire de demande d&rsquo;agr\u00e9ment<\/a><br \/>\n<a href=\"https:\/\/www.service-public.pf\/dhv\/logement-social-prive\/je-veux-devenir-opls\/\">Je souhaite devenir OPLS<\/a><\/p>\n<\/div><\/div><\/div><\/div><\/div><\/div><\/div><\/div><\/p>\n","protected":false},"excerpt":{"rendered":"","protected":false},"author":407,"featured_media":0,"parent":849,"menu_order":1,"comment_status":"closed","ping_status":"closed","template":"","meta":{"_seopress_robots_primary_cat":"","_seopress_titles_title":"","_seopress_titles_desc":"","_seopress_robots_index":"","footnotes":""},"class_list":["post-1110","page","type-page","status-publish","hentry"],"_links":{"self":[{"href":"https:\/\/www.service-public.pf\/dhv\/wp-json\/wp\/v2\/pages\/1110","targetHints":{"allow":["GET"]}}],"collection":[{"href":"https:\/\/www.service-public.pf\/dhv\/wp-json\/wp\/v2\/pages"}],"about":[{"href":"https:\/\/www.service-public.pf\/dhv\/wp-json\/wp\/v2\/types\/page"}],"author":[{"embeddable":true,"href":"https:\/\/www.service-public.pf\/dhv\/wp-json\/wp\/v2\/users\/407"}],"replies":[{"embeddable":true,"href":"https:\/\/www.service-public.pf\/dhv\/wp-json\/wp\/v2\/comments?post=1110"}],"version-history":[{"count":6,"href":"https:\/\/www.service-public.pf\/dhv\/wp-json\/wp\/v2\/pages\/1110\/revisions"}],"predecessor-version":[{"id":5935,"href":"https:\/\/www.service-public.pf\/dhv\/wp-json\/wp\/v2\/pages\/1110\/revisions\/5935"}],"up":[{"embeddable":true,"href":"https:\/\/www.service-public.pf\/dhv\/wp-json\/wp\/v2\/pages\/849"}],"wp:attachment":[{"href":"https:\/\/www.service-public.pf\/dhv\/wp-json\/wp\/v2\/media?parent=1110"}],"curies":[{"name":"wp","href":"https:\/\/api.w.org\/{rel}","templated":true}]}}