{"id":332,"date":"2022-05-13T21:05:22","date_gmt":"2022-05-13T19:05:22","guid":{"rendered":"https:\/\/www.service-public.pf\/dhv\/?page_id=332"},"modified":"2024-06-05T22:45:27","modified_gmt":"2024-06-05T20:45:27","slug":"resiliation-du-bail-par-le-locataire","status":"publish","type":"page","link":"https:\/\/www.service-public.pf\/dhv\/info-logement\/resiliation-du-bail-par-le-locataire\/","title":{"rendered":"La r\u00e9siliation du contrat de location par le locataire"},"content":{"rendered":"<p><div class=\"fusion-fullwidth fullwidth-box fusion-builder-row-1 fusion-flex-container fusion-parallax-none nonhundred-percent-fullwidth non-hundred-percent-height-scrolling\" style=\"--awb-border-radius-top-left:0px;--awb-border-radius-top-right:0px;--awb-border-radius-bottom-right:0px;--awb-border-radius-bottom-left:0px;--awb-padding-top:7%;--awb-padding-right:5%;--awb-padding-bottom:5%;--awb-padding-left:15%;--awb-background-image:url(&quot;https:\/\/www.service-public.pf\/dhv\/wp-content\/uploads\/sites\/56\/2022\/07\/Head-image_Resiliation-du-bail.png&quot;);--awb-background-size:cover;--awb-flex-wrap:wrap;\" ><div class=\"fusion-builder-row fusion-row fusion-flex-align-items-flex-start fusion-flex-content-wrap\" style=\"max-width:104%;margin-left: calc(-4% \/ 2 );margin-right: calc(-4% \/ 2 );\"><div class=\"fusion-layout-column fusion_builder_column fusion-builder-column-0 fusion_builder_column_1_1 1_1 fusion-flex-column\" style=\"--awb-bg-size:cover;--awb-width-large:100%;--awb-margin-top-large:0px;--awb-spacing-right-large:0px;--awb-margin-bottom-large:0px;--awb-spacing-left-large:0px;--awb-width-medium:100%;--awb-order-medium:0;--awb-spacing-right-medium:0px;--awb-spacing-left-medium:0px;--awb-width-small:100%;--awb-order-small:0;--awb-spacing-right-small:1.92%;--awb-spacing-left-small:1.92%;\"><div class=\"fusion-column-wrapper fusion-column-has-shadow fusion-flex-justify-content-flex-start fusion-content-layout-column\"><div class=\"fusion-title title fusion-title-1 fusion-sep-none fusion-title-text fusion-title-size-one vct_title vct_title_uppercase\" style=\"--awb-text-color:#f95738;--awb-margin-right:5%;--awb-margin-bottom:40px;--awb-margin-top-small:10px;--awb-margin-right-small:0px;--awb-margin-bottom-small:10px;--awb-margin-left-small:0px;--awb-font-size:50px;\"><h1 class=\"fusion-title-heading title-heading-left\" style=\"margin:0;font-size:1em;\"><span style=\"color: #ffffff\"><strong>INFO<\/strong> LOGEMENT<\/span><\/h1><\/div><\/div><\/div><\/div><\/div><div class=\"fusion-fullwidth fullwidth-box fusion-builder-row-2 fusion-flex-container fusion-parallax-none nonhundred-percent-fullwidth non-hundred-percent-height-scrolling fusion-custom-z-index\" style=\"--awb-border-radius-top-left:0px;--awb-border-radius-top-right:0px;--awb-border-radius-bottom-right:0px;--awb-border-radius-bottom-left:0px;--awb-z-index:99;--awb-padding-top:30px;--awb-padding-right:5%;--awb-padding-left:7%;--awb-background-color:#edeff4;--awb-background-image:url(&quot;https:\/\/www.service-public.pf\/dhv\/wp-content\/uploads\/sites\/56\/2022\/07\/r1.png&quot;);--awb-background-size:cover;--awb-flex-wrap:wrap;--awb-box-shadow: 5px 5px 5px rgba(0,0,0,0.3);\" ><div class=\"fusion-builder-row fusion-row fusion-flex-align-items-flex-start fusion-flex-content-wrap\" style=\"max-width:104%;margin-left: calc(-4% \/ 2 );margin-right: calc(-4% \/ 2 );\"><div class=\"fusion-layout-column fusion_builder_column fusion-builder-column-1 fusion_builder_column_1_1 1_1 fusion-flex-column\" style=\"--awb-bg-size:cover;--awb-width-large:100%;--awb-margin-top-large:1%;--awb-spacing-right-large:1.92%;--awb-margin-bottom-large:-1%;--awb-spacing-left-large:1.92%;--awb-width-medium:100%;--awb-order-medium:0;--awb-spacing-right-medium:1.92%;--awb-spacing-left-medium:1.92%;--awb-width-small:100%;--awb-order-small:0;--awb-spacing-right-small:1.92%;--awb-spacing-left-small:1.92%;\"><div class=\"fusion-column-wrapper fusion-column-has-shadow fusion-flex-justify-content-flex-start fusion-content-layout-column\"><nav class=\"fusion-breadcrumbs fusion-breadcrumbs-1 vct_breadcrumbs\" style=\"--awb-margin-bottom:2%;--awb-text-hover-color:#f95738;--awb-breadcrumb-sep:&#039;&gt;&#039;;\" aria-label=\"Breadcrumb\"><ol class=\"awb-breadcrumb-list\"><li class=\"fusion-breadcrumb-item awb-breadcrumb-sep awb-home\" ><a href=\"https:\/\/www.service-public.pf\/dhv\" class=\"fusion-breadcrumb-link\"><span >Home<\/span><\/a><\/li><\/ol><\/nav><\/div><\/div><div class=\"fusion-layout-column fusion_builder_column fusion-builder-column-2 fusion_builder_column_3_4 3_4 fusion-flex-column\" style=\"--awb-padding-top:30px;--awb-padding-right:30px;--awb-padding-bottom:30px;--awb-padding-left:30px;--awb-bg-color:#ffffff;--awb-bg-color-hover:#ffffff;--awb-bg-size:cover;--awb-box-shadow:1px 2px 5px 0px rgba(0,0,0,0.3);;--awb-width-large:75%;--awb-margin-top-large:0px;--awb-spacing-right-large:2.56%;--awb-margin-bottom-large:20px;--awb-spacing-left-large:2.56%;--awb-width-medium:75%;--awb-order-medium:0;--awb-spacing-right-medium:2.56%;--awb-spacing-left-medium:2.56%;--awb-width-small:100%;--awb-order-small:0;--awb-spacing-right-small:1.92%;--awb-spacing-left-small:1.92%;\"><div class=\"fusion-column-wrapper fusion-column-has-shadow fusion-flex-justify-content-flex-start fusion-content-layout-column\"><div class=\"fusion-builder-row fusion-builder-row-inner fusion-row fusion-flex-align-items-flex-start fusion-flex-content-wrap\" style=\"--awb-flex-grow:0;--awb-flex-grow-medium:0;--awb-flex-grow-small:0;--awb-flex-shrink:0;--awb-flex-shrink-medium:0;--awb-flex-shrink-small:0;width:104% !important;max-width:104% !important;margin-left: calc(-4% \/ 2 );margin-right: calc(-4% \/ 2 );\"><div class=\"fusion-layout-column fusion_builder_column_inner fusion-builder-nested-column-0 fusion_builder_column_inner_1_1 1_1 fusion-flex-column\" style=\"--awb-bg-size:cover;--awb-width-large:100%;--awb-margin-top-large:0px;--awb-spacing-right-large:1.92%;--awb-margin-bottom-large:20px;--awb-spacing-left-large:1.92%;--awb-width-medium:100%;--awb-order-medium:0;--awb-spacing-right-medium:1.92%;--awb-spacing-left-medium:1.92%;--awb-width-small:100%;--awb-order-small:0;--awb-spacing-right-small:1.92%;--awb-spacing-left-small:1.92%;\"><div class=\"fusion-column-wrapper fusion-column-has-shadow fusion-flex-justify-content-flex-start fusion-content-layout-column\"><div class=\"fusion-title title fusion-title-2 fusion-sep-none fusion-title-text fusion-title-size-two\" style=\"--awb-text-color:#0babd4;--awb-margin-top:-2%;--awb-margin-bottom:-2%;--awb-margin-top-small:10px;--awb-margin-right-small:0px;--awb-margin-bottom-small:10px;--awb-margin-left-small:0px;--awb-font-size:50px;\"><h2 class=\"fusion-title-heading title-heading-left\" style=\"margin:0;font-size:1em;\"><h1 style=\"text-align: center\"><span style=\"color: #00aad5\">La r\u00e9siliation du contrat de location par le locataire<\/span><\/h1><\/h2><\/div><\/div><\/div><div class=\"fusion-layout-column fusion_builder_column_inner fusion-builder-nested-column-1 fusion_builder_column_inner_1_3 1_3 fusion-flex-column\" style=\"--awb-bg-size:cover;--awb-width-large:33.333333333333%;--awb-margin-top-large:0px;--awb-spacing-right-large:5.76%;--awb-margin-bottom-large:20px;--awb-spacing-left-large:5.76%;--awb-width-medium:33.333333333333%;--awb-order-medium:0;--awb-spacing-right-medium:5.76%;--awb-spacing-left-medium:5.76%;--awb-width-small:100%;--awb-order-small:0;--awb-spacing-right-small:1.92%;--awb-spacing-left-small:1.92%;\"><div class=\"fusion-column-wrapper fusion-column-has-shadow fusion-flex-justify-content-flex-start fusion-content-layout-column\"><div class=\"fusion-image-element \" style=\"--awb-caption-title-font-family:var(--h2_typography-font-family);--awb-caption-title-font-weight:var(--h2_typography-font-weight);--awb-caption-title-font-style:var(--h2_typography-font-style);--awb-caption-title-size:var(--h2_typography-font-size);--awb-caption-title-transform:var(--h2_typography-text-transform);--awb-caption-title-line-height:var(--h2_typography-line-height);--awb-caption-title-letter-spacing:var(--h2_typography-letter-spacing);\"><span class=\" fusion-imageframe imageframe-none imageframe-1 hover-type-none\"><img decoding=\"async\" width=\"1707\" height=\"2560\" title=\"DSC01564\" src=\"https:\/\/www.service-public.pf\/dhv\/wp-content\/uploads\/sites\/56\/2022\/07\/DSC01564-scaled-e1658968083129.jpg\" alt class=\"img-responsive wp-image-1744\" srcset=\"https:\/\/www.service-public.pf\/dhv\/wp-content\/uploads\/sites\/56\/2022\/07\/DSC01564-scaled-e1658968083129-200x300.jpg 200w, https:\/\/www.service-public.pf\/dhv\/wp-content\/uploads\/sites\/56\/2022\/07\/DSC01564-scaled-e1658968083129-400x600.jpg 400w, https:\/\/www.service-public.pf\/dhv\/wp-content\/uploads\/sites\/56\/2022\/07\/DSC01564-scaled-e1658968083129-600x900.jpg 600w, https:\/\/www.service-public.pf\/dhv\/wp-content\/uploads\/sites\/56\/2022\/07\/DSC01564-scaled-e1658968083129-800x1200.jpg 800w, https:\/\/www.service-public.pf\/dhv\/wp-content\/uploads\/sites\/56\/2022\/07\/DSC01564-scaled-e1658968083129-1200x1800.jpg 1200w, https:\/\/www.service-public.pf\/dhv\/wp-content\/uploads\/sites\/56\/2022\/07\/DSC01564-scaled-e1658968083129.jpg 1707w\" sizes=\"(max-width: 640px) 100vw, 600px\" \/><\/span><\/div><\/div><\/div><div class=\"fusion-layout-column fusion_builder_column_inner fusion-builder-nested-column-2 fusion_builder_column_inner_2_3 2_3 fusion-flex-column\" style=\"--awb-bg-size:cover;--awb-width-large:66.666666666667%;--awb-margin-top-large:0px;--awb-spacing-right-large:2.88%;--awb-margin-bottom-large:20px;--awb-spacing-left-large:2.88%;--awb-width-medium:66.666666666667%;--awb-order-medium:0;--awb-spacing-right-medium:2.88%;--awb-spacing-left-medium:2.88%;--awb-width-small:100%;--awb-order-small:0;--awb-spacing-right-small:1.92%;--awb-spacing-left-small:1.92%;\"><div class=\"fusion-column-wrapper fusion-column-has-shadow fusion-flex-justify-content-flex-start fusion-content-layout-column\"><div class=\"fusion-text fusion-text-1\"><p>\u00c0 tout moment, le propri\u00e9taire ou le locataire peut mettre fin au contrat de location en donnant cong\u00e9.<\/p>\n<p>Cette d\u00e9cision doit cependant respecter des conditions pos\u00e9es par la r\u00e9glementation.<\/p>\n<p>Cet article traite de celles que doit respecter le locataire qui souhaite mettre fin au contrat de location.<\/p>\n<\/div><\/div><\/div><div class=\"fusion-layout-column fusion_builder_column_inner fusion-builder-nested-column-3 fusion_builder_column_inner_1_1 1_1 fusion-flex-column\" style=\"--awb-bg-size:cover;--awb-width-large:100%;--awb-margin-top-large:0px;--awb-spacing-right-large:1.92%;--awb-margin-bottom-large:20px;--awb-spacing-left-large:1.92%;--awb-width-medium:100%;--awb-order-medium:0;--awb-spacing-right-medium:1.92%;--awb-spacing-left-medium:1.92%;--awb-width-small:100%;--awb-order-small:0;--awb-spacing-right-small:1.92%;--awb-spacing-left-small:1.92%;\"><div class=\"fusion-column-wrapper fusion-column-has-shadow fusion-flex-justify-content-flex-start fusion-content-layout-column\"><div class=\"accordian fusion-accordian\" style=\"--awb-border-size:1px;--awb-icon-size:16px;--awb-content-font-size:16px;--awb-icon-alignment:left;--awb-hover-color:#f9f9fb;--awb-border-color:#e2e2e2;--awb-background-color:#ffffff;--awb-divider-color:#e2e2e2;--awb-divider-hover-color:#9e06d1;--awb-icon-color:#ffffff;--awb-title-color:#212934;--awb-content-color:#4a4e57;--awb-icon-box-color:#212934;--awb-toggle-hover-accent-color:#00aad5;--awb-toggle-active-accent-color:#00aad5;--awb-title-font-family:&quot;Roboto&quot;;--awb-title-font-weight:400;--awb-title-font-style:normal;--awb-content-font-family:&quot;Open Sans&quot;;--awb-content-font-style:normal;--awb-content-font-weight:400;\"><div class=\"panel-group fusion-toggle-icon-boxed\" id=\"accordion-332-1\"><div class=\"fusion-panel panel-default panel-ac9f69d59d41ada76 fusion-toggle-has-divider\" style=\"--awb-title-color:#212934;--awb-content-color:#4a4e57;\"><div class=\"panel-heading\"><h4 class=\"panel-title toggle\" id=\"toggle_ac9f69d59d41ada76\"><a aria-expanded=\"false\" aria-controls=\"ac9f69d59d41ada76\" role=\"button\" data-toggle=\"collapse\" data-parent=\"#accordion-332-1\" data-target=\"#ac9f69d59d41ada76\" href=\"#ac9f69d59d41ada76\"><span class=\"fusion-toggle-icon-wrapper\" aria-hidden=\"true\"><i class=\"fa-fusion-box active-icon awb-icon-minus\" aria-hidden=\"true\"><\/i><i class=\"fa-fusion-box inactive-icon fa-user-edit fas\" aria-hidden=\"true\"><\/i><\/span><span class=\"fusion-toggle-heading\">QUAND EST-CE QUE JE PEUX DONNER CONG\u00c9 A MON PROPRI\u00c9TAIRE ?<\/span><\/a><\/h4><\/div><div id=\"ac9f69d59d41ada76\" class=\"panel-collapse collapse \" aria-labelledby=\"toggle_ac9f69d59d41ada76\"><div class=\"panel-body toggle-content fusion-clearfix\">\n<p>Le locataire peut donner cong\u00e9\u00a0\u00e0 son propri\u00e9taire \u00e0 tout moment avant l\u2019\u00e9ch\u00e9ance du bail, \u00e0 condition cependant qu\u2019il respecte un pr\u00e9avis\u00a0dont la dur\u00e9e varie selon la dur\u00e9e initiale du contrat de bail. Ainsi, il est de :<\/p>\n<ul>\n<li><span style=\"color: #ff0000\"><strong><span style=\"color: #000000\">3 mois<\/span> <\/strong><\/span>lorsque la dur\u00e9e du bail est sup\u00e9rieure \u00e0 1 an (sauf cas exceptionnels, ci-dessous)\u00a0;<\/li>\n<li><span style=\"color: #000000\"><strong>1 mois <\/strong><\/span>lorsque la dur\u00e9e du bail est inf\u00e9rieure ou \u00e9gale \u00e0 1 an.<\/li>\n<\/ul>\n<table style=\"width: 100%;border-collapse: collapse;border-style: solid;background-color: #ffffff;border-color: #0BABD4\" border=\"1\" cellpadding=\"10\">\n<tbody>\n<tr>\n<td style=\"width: 100%\"><span style=\"text-decoration: underline;color: #00ccff\"><strong>Quelques exceptions\u00a0:<\/strong><\/span><\/p>\n<p>Toutefois, la dur\u00e9e du pr\u00e9avis sera d\u2019un mois, m\u00eame lorsque la dur\u00e9e du bail est sup\u00e9rieure \u00e0 1 an, dans l\u2019un des cas exceptionnels suivants\u00a0:<\/p>\n<ul>\n<li>Obtention d\u2019un premier emploi, mutation, perte d\u2019emploi ou nouvel emploi cons\u00e9cutif \u00e0 une perte d\u2019emploi ;<\/li>\n<li>Locataire \u00e2g\u00e9 de plus de soixante ans dont l\u2019\u00e9tat de sant\u00e9 justifie un changement de domicile ;<\/li>\n<li>Locataire dont un membre de la famille habitant dans le logement doit faire l\u2019objet d\u2019une \u00e9vacuation sanitaire.<\/li>\n<\/ul>\n<\/td>\n<\/tr>\n<\/tbody>\n<\/table>\n<p>Le d\u00e9lai de pr\u00e9avis court \u00e0 compter du jour de la r\u00e9ception par le propri\u00e9taire de la lettre recommand\u00e9e ou de la signification de l\u2019acte d\u2019huissier.<\/p>\n<p>La r\u00e9siliation par le locataire du contrat avant l\u2019\u00e9ch\u00e9ance, entra\u00eene le versement d\u2019une indemnit\u00e9 compensatrice au bailleur, \u00e9gale au montant, soit du d\u00e9p\u00f4t de garantie si celui-ci est pr\u00e9vu au contrat, soit d\u2019un mois et demi de loyer en principal.<\/p>\n<\/div><\/div><\/div><div class=\"fusion-panel panel-default panel-6826edf65c49ca2be fusion-toggle-has-divider\" style=\"--awb-title-color:#212934;--awb-content-color:#4a4e57;\"><div class=\"panel-heading\"><h4 class=\"panel-title toggle\" id=\"toggle_6826edf65c49ca2be\"><a aria-expanded=\"false\" aria-controls=\"6826edf65c49ca2be\" role=\"button\" data-toggle=\"collapse\" data-parent=\"#accordion-332-1\" data-target=\"#6826edf65c49ca2be\" href=\"#6826edf65c49ca2be\"><span class=\"fusion-toggle-icon-wrapper\" aria-hidden=\"true\"><i class=\"fa-fusion-box active-icon awb-icon-minus\" aria-hidden=\"true\"><\/i><i class=\"fa-fusion-box inactive-icon fa-user-edit fas\" aria-hidden=\"true\"><\/i><\/span><span class=\"fusion-toggle-heading\">QUE SE PASSE-T-IL SI JE NE RESPECTE PAS LE PR\u00c9AVIS ?<\/span><\/a><\/h4><\/div><div id=\"6826edf65c49ca2be\" class=\"panel-collapse collapse \" aria-labelledby=\"toggle_6826edf65c49ca2be\"><div class=\"panel-body toggle-content fusion-clearfix\">\n<p>Si le locataire quitte le logement avant la fin du pr\u00e9avis, il reste redevable du loyer jusqu\u2019\u00e0 cette date.<\/p>\n<\/div><\/div><\/div><div class=\"fusion-panel panel-default panel-dad167f6f08620d83 fusion-toggle-has-divider\" style=\"--awb-title-color:#212934;--awb-content-color:#4a4e57;\"><div class=\"panel-heading\"><h4 class=\"panel-title toggle\" id=\"toggle_dad167f6f08620d83\"><a aria-expanded=\"false\" aria-controls=\"dad167f6f08620d83\" role=\"button\" data-toggle=\"collapse\" data-parent=\"#accordion-332-1\" data-target=\"#dad167f6f08620d83\" href=\"#dad167f6f08620d83\"><span class=\"fusion-toggle-icon-wrapper\" aria-hidden=\"true\"><i class=\"fa-fusion-box active-icon awb-icon-minus\" aria-hidden=\"true\"><\/i><i class=\"fa-fusion-box inactive-icon fa-user-edit fas\" aria-hidden=\"true\"><\/i><\/span><span class=\"fusion-toggle-heading\">COMMENT DONNER CONG\u00c9 A MON PROPRI\u00c9TAIRE ?<\/span><\/a><\/h4><\/div><div id=\"dad167f6f08620d83\" class=\"panel-collapse collapse \" aria-labelledby=\"toggle_dad167f6f08620d83\"><div class=\"panel-body toggle-content fusion-clearfix\">\n<p>Vous devez informer votre bailleur de votre d\u00e9cision de mettre fin au contrat de bail par \u00e9crit :<\/p>\n<ul>\n<li>Soit par lettre recommand\u00e9e avec accus\u00e9 de r\u00e9ception ;<\/li>\n<li>Soit par l\u2019interm\u00e9diaire d\u2019un huissier de justice.<\/li>\n<\/ul>\n<table style=\"width: 100%;border-collapse: collapse;border-style: solid;border-color: #0babd4\" border=\"1\" cellpadding=\"10\">\n<tbody>\n<tr>\n<td style=\"width: 100%\"><span style=\"text-decoration: underline;color: #00ccff\"><strong>Bonne pratique :<\/strong><\/span><\/p>\n<p>Compte tenu des d\u00e9lais d\u2019acheminement des services postaux ou des formalit\u00e9s \u00e0 r\u00e9aliser aupr\u00e8s de l\u2019huissier de justice, il est fortement recommand\u00e9 de ne pas attendre le dernier moment pour donner cong\u00e9 \u00e0 votre bailleur. Vous pouvez d\u2019ailleurs lui notifier votre d\u00e9cision de quitter le logement plus t\u00f4t que ne le pr\u00e9voit la r\u00e8glementation, en veillant \u00e0 indiquer dans votre lettre la date de d\u00e9part que vous envisagez.<\/td>\n<\/tr>\n<\/tbody>\n<\/table>\n<table style=\"width: 100%;border-collapse: collapse;border-style: solid;border-color: #0babd4\" border=\"1\" cellpadding=\"10\">\n<tbody>\n<tr>\n<td style=\"width: 100%\"><span style=\"text-decoration: underline;color: #00ccff\"><strong>Bon \u00e0 savoir :<\/strong><\/span><\/p>\n<p>Je suis locataire et j\u2019ai pris cong\u00e9 aupr\u00e8s de mon propri\u00e9taire. J\u2019ai un d\u00e9lai de pr\u00e9avis de 3 mois \u00e0 respecter avant de quitter les lieux. Au bout de 2 mois, j\u2019ai rendu les cl\u00e9s et je souhaite ne pas avoir \u00e0 payer le dernier mois. Est-ce possible ?<\/p>\n<p>Vous avez pris cong\u00e9 aupr\u00e8s de votre propri\u00e9taire et vous devez respecter le d\u00e9lai de pr\u00e9avis qui est de 3 mois durant lesquels vous devez payer votre loyer.<\/p>\n<p>Vous pouvez <strong><u>quitter le logement avant la fin de ce d\u00e9lai<\/u><\/strong>\u00a0mais vous serez toujours <strong><u>redevable du loyer.<\/u><\/strong><\/p>\n<p>Pour ne pas avoir \u00e0 \u00eatre redevable du loyer, vous devez trouver un nouveau locataire, en accord avec le bailleur.<\/td>\n<\/tr>\n<\/tbody>\n<\/table>\n<\/div><\/div><\/div><\/div><\/div><div class=\"fusion-text fusion-text-2\" style=\"--awb-margin-top:20px;\"><p><strong>ATTENTION<\/strong> : En aucun cas, le locataire ne pourra imposer au propri\u00e9taire la compensation des derniers mois de loyers par le d\u00e9p\u00f4t de garantie. De m\u00eame, le propri\u00e9taire ne peut se r\u00e9server le droit de conserver le d\u00e9p\u00f4t de garantie pour p\u00e9naliser le locataire qui a donn\u00e9 cong\u00e9 en cours de bail.<\/p>\n<\/div><\/div><\/div><div class=\"fusion-layout-column fusion_builder_column_inner fusion-builder-nested-column-4 fusion_builder_column_inner_1_1 1_1 fusion-flex-column\" style=\"--awb-bg-size:cover;--awb-width-large:100%;--awb-margin-top-large:0px;--awb-spacing-right-large:1.92%;--awb-margin-bottom-large:20px;--awb-spacing-left-large:1.92%;--awb-width-medium:100%;--awb-order-medium:0;--awb-spacing-right-medium:1.92%;--awb-spacing-left-medium:1.92%;--awb-width-small:100%;--awb-order-small:0;--awb-spacing-right-small:1.92%;--awb-spacing-left-small:1.92%;\"><div class=\"fusion-column-wrapper fusion-column-has-shadow fusion-flex-justify-content-flex-start fusion-content-layout-column\"><div class=\"fusion-title title fusion-title-3 fusion-sep-none fusion-title-center fusion-title-text fusion-title-size-five\" style=\"--awb-text-color:#9b9b9b;--awb-margin-top-small:10px;--awb-margin-right-small:0px;--awb-margin-bottom-small:10px;--awb-margin-left-small:0px;\"><h5 class=\"fusion-title-heading title-heading-center\" style=\"margin:0;\"><p><span style=\"color: #2f52a0\">Brochure : R\u00e9siliation du contrat de location par le locataire<br \/>\n<\/span><\/p><\/h5><\/div><div class=\"fusion-image-element \" style=\"text-align:center;--awb-caption-title-font-family:var(--h2_typography-font-family);--awb-caption-title-font-weight:var(--h2_typography-font-weight);--awb-caption-title-font-style:var(--h2_typography-font-style);--awb-caption-title-size:var(--h2_typography-font-size);--awb-caption-title-transform:var(--h2_typography-text-transform);--awb-caption-title-line-height:var(--h2_typography-line-height);--awb-caption-title-letter-spacing:var(--h2_typography-letter-spacing);\"><span class=\" fusion-imageframe imageframe-dropshadow imageframe-2 hover-type-none\" style=\"-webkit-box-shadow: 10px 10px 14px rgba(206,206,206,0.3);box-shadow: 10px 10px 14px rgba(206,206,206,0.3);\"><a class=\"fusion-no-lightbox\" href=\"https:\/\/www.service-public.pf\/dhv\/wp-content\/uploads\/sites\/56\/2024\/06\/Brochure-resiliation-du-contrat-de-location-par-le-locataire.pdf\" target=\"_blank\" aria-label=\"1ere couv brochure &#8211; R\u00e9siliation par le locataire\" rel=\"noopener noreferrer\"><img decoding=\"async\" width=\"160\" height=\"300\" src=\"https:\/\/www.service-public.pf\/dhv\/wp-content\/uploads\/sites\/56\/2024\/06\/Capture-160x300.png\" alt class=\"img-responsive wp-image-4332\" srcset=\"https:\/\/www.service-public.pf\/dhv\/wp-content\/uploads\/sites\/56\/2024\/06\/Capture-200x375.png 200w, https:\/\/www.service-public.pf\/dhv\/wp-content\/uploads\/sites\/56\/2024\/06\/Capture-400x750.png 400w, https:\/\/www.service-public.pf\/dhv\/wp-content\/uploads\/sites\/56\/2024\/06\/Capture.png 483w\" sizes=\"(max-width: 640px) 100vw, 160px\" \/><\/a><\/span><\/div><\/div><\/div><\/div><\/div><\/div><div class=\"fusion-layout-column fusion_builder_column fusion-builder-column-3 fusion_builder_column_1_4 1_4 fusion-flex-column\" style=\"--awb-bg-size:cover;--awb-width-large:25%;--awb-margin-top-large:0px;--awb-spacing-right-large:7.68%;--awb-margin-bottom-large:20px;--awb-spacing-left-large:7.68%;--awb-width-medium:25%;--awb-order-medium:0;--awb-spacing-right-medium:7.68%;--awb-spacing-left-medium:7.68%;--awb-width-small:100%;--awb-order-small:0;--awb-spacing-right-small:1.92%;--awb-spacing-left-small:1.92%;\"><div class=\"fusion-column-wrapper fusion-column-has-shadow fusion-flex-justify-content-flex-start fusion-content-layout-column\"><div class=\"fusion-builder-row fusion-builder-row-inner fusion-row fusion-flex-align-items-flex-start fusion-flex-content-wrap\" style=\"--awb-flex-grow:0;--awb-flex-grow-medium:0;--awb-flex-grow-small:0;--awb-flex-shrink:0;--awb-flex-shrink-medium:0;--awb-flex-shrink-small:0;width:104% !important;max-width:104% !important;margin-left: calc(-4% \/ 2 );margin-right: calc(-4% \/ 2 );\"><div class=\"fusion-layout-column fusion_builder_column_inner fusion-builder-nested-column-5 fusion_builder_column_inner_1_1 1_1 fusion-flex-column\" style=\"--awb-padding-top:10px;--awb-padding-right:30px;--awb-padding-bottom:10px;--awb-padding-left:30px;--awb-bg-color:#ffffff;--awb-bg-color-hover:#ffffff;--awb-bg-size:cover;--awb-box-shadow:1px 2px 5px 0px rgba(0,0,0,0.3);;--awb-width-large:100%;--awb-margin-top-large:0px;--awb-spacing-right-large:1.92%;--awb-margin-bottom-large:20px;--awb-spacing-left-large:1.92%;--awb-width-medium:100%;--awb-order-medium:0;--awb-spacing-right-medium:1.92%;--awb-spacing-left-medium:1.92%;--awb-width-small:100%;--awb-order-small:0;--awb-spacing-right-small:1.92%;--awb-spacing-left-small:1.92%;\"><div class=\"fusion-column-wrapper fusion-column-has-shadow fusion-flex-justify-content-flex-start fusion-content-layout-column\"><div style=\"text-align:center;\"><a class=\"fusion-button button-flat button-xlarge button-custom fusion-button-default button-1 fusion-button-default-span fusion-button-default-type\" style=\"--button_accent_color:#ffffff;--button_accent_hover_color:#ffffff;--button_border_hover_color:#ffffff;--button-border-radius-top-left:5px;--button-border-radius-top-right:5px;--button-border-radius-bottom-right:5px;--button-border-radius-bottom-left:5px;--button_gradient_top_color:#f9b122;--button_gradient_bottom_color:#f9b122;--button_gradient_top_color_hover:#f9b122;--button_gradient_bottom_color_hover:#f9b122;\" target=\"_self\"><i class=\"fa-file-alt fas awb-button__icon awb-button__icon--default button-icon-left\" aria-hidden=\"true\"><\/i><span class=\"fusion-button-text awb-button__text awb-button__text--default\">Source r\u00e8glementaire<\/span><\/a><\/div><div class=\"fusion-text fusion-text-3\" style=\"--awb-margin-top:10px;\"><p><a href=\"http:\/\/lexpol.cloud.pf\/LexpolAfficheTexte.php?texte=384568\" target=\"_blank\" rel=\"noopener\">Loi du Pays n\u00b0 2012-26 du 10 d\u00e9cembre 2012 relative aux baux \u00e0 usage d\u2019habitation meubl\u00e9e et non meubl\u00e9e<\/a><\/p>\n<\/div><\/div><\/div><div class=\"fusion-layout-column fusion_builder_column_inner fusion-builder-nested-column-6 fusion_builder_column_inner_1_1 1_1 fusion-flex-column\" style=\"--awb-padding-top:10px;--awb-padding-right:30px;--awb-padding-bottom:10px;--awb-padding-left:30px;--awb-bg-color:#ffffff;--awb-bg-color-hover:#ffffff;--awb-bg-size:cover;--awb-box-shadow:1px 2px 5px 0px rgba(0,0,0,0.3);;--awb-width-large:100%;--awb-margin-top-large:0px;--awb-spacing-right-large:1.92%;--awb-margin-bottom-large:20px;--awb-spacing-left-large:1.92%;--awb-width-medium:100%;--awb-order-medium:0;--awb-spacing-right-medium:1.92%;--awb-spacing-left-medium:1.92%;--awb-width-small:100%;--awb-order-small:0;--awb-spacing-right-small:1.92%;--awb-spacing-left-small:1.92%;\"><div class=\"fusion-column-wrapper fusion-column-has-shadow fusion-flex-justify-content-flex-start fusion-content-layout-column\"><div style=\"text-align:center;\"><a class=\"fusion-button button-flat button-xlarge button-custom fusion-button-default button-2 fusion-button-default-span fusion-button-default-type\" style=\"--button_accent_color:#ffffff;--button_accent_hover_color:#ffffff;--button_border_hover_color:#ffffff;--button-border-radius-top-left:5px;--button-border-radius-top-right:5px;--button-border-radius-bottom-right:5px;--button-border-radius-bottom-left:5px;--button_gradient_top_color:#95c11f;--button_gradient_bottom_color:#95c11f;--button_gradient_top_color_hover:#95c11f;--button_gradient_bottom_color_hover:#95c11f;\" target=\"_self\"><i class=\"fa-file-alt fas awb-button__icon awb-button__icon--default button-icon-left\" aria-hidden=\"true\"><\/i><span class=\"fusion-button-text awb-button__text awb-button__text--default\">\u00c0 t\u00e9l\u00e9charger<\/span><\/a><\/div><div class=\"fusion-text fusion-text-4\" style=\"--awb-margin-top:10px;\"><p><a href=\"https:\/\/www.service-public.pf\/dhv\/wp-content\/uploads\/sites\/56\/2022\/05\/Modele-contrat-de-location-.pdf\">Mod\u00e8le contrat de location<\/a><br \/>\n<a href=\"https:\/\/www.service-public.pf\/dhv\/wp-content\/uploads\/sites\/56\/2022\/05\/Modele-etat-des-lieux.pdf\">Mod\u00e8le d&rsquo;\u00e9tat des lieux<\/a><br \/>\n<a href=\"https:\/\/www.service-public.pf\/dhv\/wp-content\/uploads\/sites\/56\/2022\/05\/Modele-Inventaire-.pdf\">Mod\u00e8le Inventaire<\/a><\/p>\n<\/div><div style=\"text-align:center;\"><a class=\"fusion-button button-flat button-medium button-custom fusion-button-default button-3 fusion-button-default-span fusion-button-default-type\" style=\"--button_accent_color:#ffffff;--button_accent_hover_color:#ffffff;--button_border_hover_color:#ffffff;--button-border-radius-top-left:50px;--button-border-radius-top-right:50px;--button-border-radius-bottom-right:50px;--button-border-radius-bottom-left:50px;--button_gradient_top_color:#00aad5;--button_gradient_bottom_color:#00aad5;--button_gradient_top_color_hover:#00aad5;--button_gradient_bottom_color_hover:#00aad5;\" target=\"_self\" href=\"https:\/\/www.service-public.pf\/dhv\/info-logement#fusion-tab-documentsutiles\"><i class=\"fa-file-alt fas awb-button__icon awb-button__icon--default button-icon-left\" aria-hidden=\"true\"><\/i><span class=\"fusion-button-text awb-button__text awb-button__text--default\">Autres documents utiles<\/span><\/a><\/div><\/div><\/div><div class=\"fusion-layout-column fusion_builder_column_inner fusion-builder-nested-column-7 fusion_builder_column_inner_1_1 1_1 fusion-flex-column\" style=\"--awb-padding-top:10px;--awb-padding-right:30px;--awb-padding-bottom:10px;--awb-padding-left:30px;--awb-bg-color:#ffffff;--awb-bg-color-hover:#ffffff;--awb-bg-size:cover;--awb-box-shadow:1px 2px 5px 0px rgba(0,0,0,0.3);;--awb-width-large:100%;--awb-margin-top-large:0px;--awb-spacing-right-large:1.92%;--awb-margin-bottom-large:20px;--awb-spacing-left-large:1.92%;--awb-width-medium:100%;--awb-order-medium:0;--awb-spacing-right-medium:1.92%;--awb-spacing-left-medium:1.92%;--awb-width-small:100%;--awb-order-small:0;--awb-spacing-right-small:1.92%;--awb-spacing-left-small:1.92%;\"><div class=\"fusion-column-wrapper fusion-column-has-shadow fusion-flex-justify-content-flex-start fusion-content-layout-column\"><div style=\"text-align:center;\"><a class=\"fusion-button button-flat button-xlarge button-custom fusion-button-default button-4 fusion-button-default-span fusion-button-default-type\" style=\"--button_accent_color:#ffffff;--button_accent_hover_color:#ffffff;--button_border_hover_color:#ffffff;--button-border-radius-top-left:5px;--button-border-radius-top-right:5px;--button-border-radius-bottom-right:5px;--button-border-radius-bottom-left:5px;--button_gradient_top_color:#c7361b;--button_gradient_bottom_color:#c7361b;--button_gradient_top_color_hover:#c7361b;--button_gradient_bottom_color_hover:#c7361b;\" target=\"_self\"><i class=\"fa-file-alt fas awb-button__icon awb-button__icon--default button-icon-left\" aria-hidden=\"true\"><\/i><span class=\"fusion-button-text awb-button__text awb-button__text--default\">\u00c0 voir aussi<\/span><\/a><\/div><nav class=\"awb-menu awb-menu_column awb-menu_em-hover mobile-mode-collapse-to-button awb-menu_icons-left awb-menu_dc-yes mobile-trigger-fullwidth-off awb-menu_mobile-toggle awb-menu_indent-left mobile-size-full-absolute loading mega-menu-loading awb-menu_desktop awb-menu_dropdown awb-menu_expand-right awb-menu_transition-fade\" style=\"--awb-margin-top:10px;--awb-margin-bottom:15px;--awb-text-transform:none;--awb-active-color:#0babd4;--awb-submenu-text-transform:none;--awb-icons-hover-color:#0babd4;--awb-main-justify-content:flex-start;--awb-mobile-justify:flex-start;--awb-mobile-caret-left:auto;--awb-mobile-caret-right:0;--awb-fusion-font-family-typography:inherit;--awb-fusion-font-style-typography:normal;--awb-fusion-font-weight-typography:400;--awb-fusion-font-family-submenu-typography:inherit;--awb-fusion-font-style-submenu-typography:normal;--awb-fusion-font-weight-submenu-typography:400;--awb-fusion-font-family-mobile-typography:inherit;--awb-fusion-font-style-mobile-typography:normal;--awb-fusion-font-weight-mobile-typography:400;\" aria-label=\"Je suis propri\u00e9taire\" data-breakpoint=\"1024\" data-count=\"0\" data-transition-type=\"fade\" data-transition-time=\"300\" data-expand=\"right\"><button type=\"button\" class=\"awb-menu__m-toggle awb-menu__m-toggle_no-text\" aria-expanded=\"false\" aria-controls=\"menu-je-suis-proprietaire\"><span class=\"awb-menu__m-toggle-inner\"><span class=\"collapsed-nav-text\"><span class=\"screen-reader-text\">Toggle Navigation<\/span><\/span><span class=\"awb-menu__m-collapse-icon awb-menu__m-collapse-icon_no-text\"><span class=\"awb-menu__m-collapse-icon-open awb-menu__m-collapse-icon-open_no-text fa-bars fas\"><\/span><span class=\"awb-menu__m-collapse-icon-close awb-menu__m-collapse-icon-close_no-text fa-times fas\"><\/span><\/span><\/span><\/button><ul id=\"menu-je-suis-proprietaire\" class=\"fusion-menu awb-menu__main-ul awb-menu__main-ul_column\"><li  id=\"menu-item-1307\"  class=\"menu-item menu-item-type-post_type menu-item-object-page menu-item-1307 awb-menu__li awb-menu__main-li awb-menu__main-li_regular\"  data-item-id=\"1307\"><span class=\"awb-menu__main-background-default awb-menu__main-background-default_fade\"><\/span><span class=\"awb-menu__main-background-active awb-menu__main-background-active_fade\"><\/span><a  href=\"https:\/\/www.service-public.pf\/dhv\/info-logement\/le-contrat-de-bail\/\" class=\"awb-menu__main-a awb-menu__main-a_regular\"><span class=\"menu-text\">Le contrat de location<\/span><\/a><\/li><li  id=\"menu-item-1306\"  class=\"menu-item menu-item-type-post_type menu-item-object-page menu-item-1306 awb-menu__li awb-menu__main-li awb-menu__main-li_regular\"  data-item-id=\"1306\"><span class=\"awb-menu__main-background-default awb-menu__main-background-default_fade\"><\/span><span class=\"awb-menu__main-background-active awb-menu__main-background-active_fade\"><\/span><a  href=\"https:\/\/www.service-public.pf\/dhv\/info-logement\/etat-des-lieux\/\" class=\"awb-menu__main-a awb-menu__main-a_regular\"><span class=\"menu-text\">L&rsquo;\u00e9tat des lieux<\/span><\/a><\/li><li  id=\"menu-item-4384\"  class=\"menu-item menu-item-type-post_type menu-item-object-page menu-item-4384 awb-menu__li awb-menu__main-li awb-menu__main-li_regular\"  data-item-id=\"4384\"><span class=\"awb-menu__main-background-default awb-menu__main-background-default_fade\"><\/span><span class=\"awb-menu__main-background-active awb-menu__main-background-active_fade\"><\/span><a  href=\"https:\/\/www.service-public.pf\/dhv\/info-logement\/le-cautionnement\/\" class=\"awb-menu__main-a awb-menu__main-a_regular\"><span class=\"menu-text\">Le cautionnement<\/span><\/a><\/li><li  id=\"menu-item-1305\"  class=\"menu-item menu-item-type-post_type menu-item-object-page menu-item-1305 awb-menu__li awb-menu__main-li awb-menu__main-li_regular\"  data-item-id=\"1305\"><span class=\"awb-menu__main-background-default awb-menu__main-background-default_fade\"><\/span><span class=\"awb-menu__main-background-active awb-menu__main-background-active_fade\"><\/span><a  href=\"https:\/\/www.service-public.pf\/dhv\/info-logement\/depot-de-garantie\/\" class=\"awb-menu__main-a awb-menu__main-a_regular\"><span class=\"menu-text\">Le d\u00e9p\u00f4t de garantie<\/span><\/a><\/li><li  id=\"menu-item-1304\"  class=\"menu-item menu-item-type-post_type menu-item-object-page menu-item-1304 awb-menu__li awb-menu__main-li awb-menu__main-li_regular\"  data-item-id=\"1304\"><span class=\"awb-menu__main-background-default awb-menu__main-background-default_fade\"><\/span><span class=\"awb-menu__main-background-active awb-menu__main-background-active_fade\"><\/span><a  href=\"https:\/\/www.service-public.pf\/dhv\/?page_id=281\" class=\"awb-menu__main-a awb-menu__main-a_regular\"><span class=\"menu-text\">La r\u00e9vision du loyer<\/span><\/a><\/li><li  id=\"menu-item-1303\"  class=\"menu-item menu-item-type-post_type menu-item-object-page menu-item-1303 awb-menu__li awb-menu__main-li awb-menu__main-li_regular\"  data-item-id=\"1303\"><span class=\"awb-menu__main-background-default awb-menu__main-background-default_fade\"><\/span><span class=\"awb-menu__main-background-active awb-menu__main-background-active_fade\"><\/span><a  href=\"https:\/\/www.service-public.pf\/dhv\/info-logement\/resiliation-du-bail-par-le-proprietaire\/\" class=\"awb-menu__main-a awb-menu__main-a_regular\"><span class=\"menu-text\">La r\u00e9siliation du bail par le propri\u00e9taire<\/span><\/a><\/li><\/ul><\/nav><\/div><\/div><\/div><\/div><\/div><\/div><\/div><div class=\"fusion-fullwidth fullwidth-box fusion-builder-row-3 fusion-flex-container fusion-parallax-none nonhundred-percent-fullwidth non-hundred-percent-height-scrolling\" style=\"--awb-border-radius-top-left:0px;--awb-border-radius-top-right:0px;--awb-border-radius-bottom-right:0px;--awb-border-radius-bottom-left:0px;--awb-padding-top:20px;--awb-padding-right:5%;--awb-padding-bottom:30px;--awb-padding-left:5%;--awb-background-color:#edeff4;--awb-background-image:url(&quot;https:\/\/www.service-public.pf\/dhv\/wp-content\/uploads\/sites\/56\/2022\/07\/r-e1658795614379.png&quot;);--awb-background-size:cover;--awb-flex-wrap:wrap;\" ><div class=\"fusion-builder-row fusion-row fusion-flex-align-items-flex-start fusion-flex-justify-content-center fusion-flex-content-wrap\" style=\"max-width:104%;margin-left: calc(-4% \/ 2 );margin-right: calc(-4% \/ 2 );\"><div class=\"fusion-layout-column fusion_builder_column fusion-builder-column-4 fusion_builder_column_2_5 2_5 fusion-flex-column\" style=\"--awb-padding-left:20%;--awb-bg-size:cover;--awb-width-large:40%;--awb-margin-top-large:0px;--awb-spacing-right-large:4.8%;--awb-margin-bottom-large:20px;--awb-spacing-left-large:4.8%;--awb-width-medium:40%;--awb-order-medium:0;--awb-spacing-right-medium:4.8%;--awb-spacing-left-medium:4.8%;--awb-width-small:100%;--awb-order-small:0;--awb-spacing-right-small:1.92%;--awb-spacing-left-small:1.92%;\"><div class=\"fusion-column-wrapper fusion-column-has-shadow fusion-flex-justify-content-flex-start fusion-content-layout-column\"><div class=\"fusion-text fusion-text-5\" style=\"--awb-font-size:28px;--awb-text-transform:uppercase;--awb-text-color:#e94f35;--awb-margin-top:50%;\"><p>Tu peux nous poser tes questions <strong><em>via ce formulaire<\/em><\/strong>, et nous y r\u00e9pondrons !<\/p>\n<\/div><\/div><\/div><div class=\"fusion-layout-column fusion_builder_column fusion-builder-column-5 fusion_builder_column_1_6 1_6 fusion-flex-column\" style=\"--awb-bg-size:cover;--awb-width-large:16.666666666667%;--awb-margin-top-large:0px;--awb-spacing-right-large:11.52%;--awb-margin-bottom-large:20px;--awb-spacing-left-large:11.52%;--awb-width-medium:16.666666666667%;--awb-order-medium:0;--awb-spacing-right-medium:11.52%;--awb-spacing-left-medium:11.52%;--awb-width-small:100%;--awb-order-small:0;--awb-spacing-right-small:1.92%;--awb-spacing-left-small:1.92%;\"><div class=\"fusion-column-wrapper fusion-column-has-shadow fusion-flex-justify-content-flex-start fusion-content-layout-column\"><\/div><\/div><div class=\"fusion-layout-column fusion_builder_column fusion-builder-column-6 fusion_builder_column_2_5 2_5 fusion-flex-column vct_column_form\" style=\"--awb-bg-size:cover;--awb-width-large:40%;--awb-margin-top-large:5%;--awb-spacing-right-large:4.8%;--awb-margin-bottom-large:20px;--awb-spacing-left-large:4.8%;--awb-width-medium:40%;--awb-order-medium:0;--awb-spacing-right-medium:4.8%;--awb-spacing-left-medium:4.8%;--awb-width-small:100%;--awb-order-small:0;--awb-spacing-right-small:1.92%;--awb-spacing-left-small:1.92%;\"><div class=\"fusion-column-wrapper fusion-column-has-shadow fusion-flex-justify-content-flex-start fusion-content-layout-column\"><div class=\"fusion-builder-row fusion-builder-row-inner fusion-row fusion-flex-align-items-flex-start fusion-flex-justify-content-center fusion-flex-content-wrap\" style=\"--awb-flex-grow:0;--awb-flex-grow-medium:0;--awb-flex-grow-small:0;--awb-flex-shrink:0;--awb-flex-shrink-medium:0;--awb-flex-shrink-small:0;width:104% !important;max-width:104% !important;margin-left: calc(-4% \/ 2 );margin-right: calc(-4% \/ 2 );\"><div class=\"fusion-layout-column fusion_builder_column_inner fusion-builder-nested-column-8 fusion_builder_column_inner_1_1 1_1 fusion-flex-column\" style=\"--awb-bg-size:cover;--awb-width-large:100%;--awb-margin-top-large:0px;--awb-spacing-right-large:1.92%;--awb-margin-bottom-large:20px;--awb-spacing-left-large:1.92%;--awb-width-medium:100%;--awb-order-medium:0;--awb-spacing-right-medium:1.92%;--awb-spacing-left-medium:1.92%;--awb-width-small:100%;--awb-order-small:0;--awb-spacing-right-small:1.92%;--awb-spacing-left-small:1.92%;\"><div class=\"fusion-column-wrapper fusion-column-has-shadow fusion-flex-justify-content-flex-start fusion-content-layout-column\">\n<div class=\"wpcf7 no-js\" id=\"wpcf7-f393-o1\" lang=\"fr-FR\" dir=\"ltr\" data-wpcf7-id=\"393\">\n<div class=\"screen-reader-response\"><p role=\"status\" aria-live=\"polite\" aria-atomic=\"true\"><\/p> <ul><\/ul><\/div>\n<form action=\"\/dhv\/wp-json\/wp\/v2\/pages\/332#wpcf7-f393-o1\" method=\"post\" class=\"wpcf7-form init\" aria-label=\"Formulaire de contact\" novalidate=\"novalidate\" data-status=\"init\">\n<fieldset class=\"hidden-fields-container\"><input type=\"hidden\" name=\"_wpcf7\" value=\"393\" \/><input type=\"hidden\" name=\"_wpcf7_version\" value=\"6.1.5\" \/><input type=\"hidden\" name=\"_wpcf7_locale\" value=\"fr_FR\" \/><input type=\"hidden\" name=\"_wpcf7_unit_tag\" value=\"wpcf7-f393-o1\" \/><input type=\"hidden\" name=\"_wpcf7_container_post\" value=\"0\" \/><input type=\"hidden\" name=\"_wpcf7_posted_data_hash\" value=\"\" \/>\n<\/fieldset>\n<p><label> Votre nom<br \/>\n<span class=\"wpcf7-form-control-wrap\" data-name=\"your-name\"><input size=\"40\" maxlength=\"400\" class=\"wpcf7-form-control wpcf7-text wpcf7-validates-as-required\" aria-required=\"true\" aria-invalid=\"false\" value=\"\" type=\"text\" name=\"your-name\" \/><\/span> <\/label>\n<\/p>\n<p><label> Votre pr\u00e9nom<br \/>\n<span class=\"wpcf7-form-control-wrap\" data-name=\"your-first-name\"><input size=\"40\" maxlength=\"400\" class=\"wpcf7-form-control wpcf7-text wpcf7-validates-as-required\" aria-required=\"true\" aria-invalid=\"false\" value=\"\" type=\"text\" name=\"your-first-name\" \/><\/span> <\/label>\n<\/p>\n<p><label> Votre e-mail<br \/>\n<span class=\"wpcf7-form-control-wrap\" data-name=\"your-email\"><input size=\"40\" maxlength=\"400\" class=\"wpcf7-form-control wpcf7-email wpcf7-validates-as-required wpcf7-text wpcf7-validates-as-email\" aria-required=\"true\" aria-invalid=\"false\" value=\"\" type=\"email\" name=\"your-email\" \/><\/span> <\/label>\n<\/p>\n<p><label> Je suis<br \/>\n<span class=\"wpcf7-form-control-wrap\" data-name=\"jesuis\"><select class=\"wpcf7-form-control wpcf7-select\" aria-invalid=\"false\" name=\"jesuis\"><option value=\"propri\u00e9taire\">propri\u00e9taire<\/option><option value=\"locataire\">locataire<\/option><option value=\"autre\">autre<\/option><\/select><\/span><\/label>\n<\/p>\n<p><label> Votre message<br \/>\n<span class=\"wpcf7-form-control-wrap\" data-name=\"your-message\"><textarea cols=\"40\" rows=\"10\" maxlength=\"2000\" class=\"wpcf7-form-control wpcf7-textarea wpcf7-validates-as-required\" aria-required=\"true\" aria-invalid=\"false\" name=\"your-message\"><\/textarea><\/span> <\/label>\n<\/p>\n<p style=\"text-align:center\"><br \/>\n<input class=\"wpcf7-form-control wpcf7-submit has-spinner\" type=\"submit\" value=\"Envoyer\" \/>\n<\/p><div class=\"fusion-alert alert custom alert-custom fusion-alert-center wpcf7-response-output awb-alert-native-link-color alert-dismissable awb-alert-close-boxed\" style=\"--awb-border-size:1px;--awb-border-top-left-radius:0px;--awb-border-top-right-radius:0px;--awb-border-bottom-left-radius:0px;--awb-border-bottom-right-radius:0px;\" role=\"alert\"><div class=\"fusion-alert-content-wrapper\"><span class=\"fusion-alert-content\"><\/span><\/div><button type=\"button\" class=\"close toggle-alert\" data-dismiss=\"alert\" aria-label=\"Close\">&times;<\/button><\/div>\n<\/form>\n<\/div>\n<\/div><\/div><\/div><\/div><\/div><\/div><\/div><\/p>\n","protected":false},"excerpt":{"rendered":"","protected":false},"author":407,"featured_media":0,"parent":130,"menu_order":0,"comment_status":"closed","ping_status":"closed","template":"","meta":{"_seopress_robots_primary_cat":"","_seopress_titles_title":"","_seopress_titles_desc":"","_seopress_robots_index":"","footnotes":""},"class_list":["post-332","page","type-page","status-publish","hentry"],"_links":{"self":[{"href":"https:\/\/www.service-public.pf\/dhv\/wp-json\/wp\/v2\/pages\/332","targetHints":{"allow":["GET"]}}],"collection":[{"href":"https:\/\/www.service-public.pf\/dhv\/wp-json\/wp\/v2\/pages"}],"about":[{"href":"https:\/\/www.service-public.pf\/dhv\/wp-json\/wp\/v2\/types\/page"}],"author":[{"embeddable":true,"href":"https:\/\/www.service-public.pf\/dhv\/wp-json\/wp\/v2\/users\/407"}],"replies":[{"embeddable":true,"href":"https:\/\/www.service-public.pf\/dhv\/wp-json\/wp\/v2\/comments?post=332"}],"version-history":[{"count":0,"href":"https:\/\/www.service-public.pf\/dhv\/wp-json\/wp\/v2\/pages\/332\/revisions"}],"up":[{"embeddable":true,"href":"https:\/\/www.service-public.pf\/dhv\/wp-json\/wp\/v2\/pages\/130"}],"wp:attachment":[{"href":"https:\/\/www.service-public.pf\/dhv\/wp-json\/wp\/v2\/media?parent=332"}],"curies":[{"name":"wp","href":"https:\/\/api.w.org\/{rel}","templated":true}]}}