{"id":15407,"date":"2020-06-03T03:37:33","date_gmt":"2020-06-03T13:37:33","guid":{"rendered":"https:\/\/www.service-public.pf\/dsp\/?page_id=15407"},"modified":"2023-08-09T01:09:04","modified_gmt":"2023-08-09T11:09:04","slug":"espace-voyageurs","status":"publish","type":"page","link":"https:\/\/www.service-public.pf\/dsp\/covid-19-3\/espace-voyageurs\/","title":{"rendered":"Espace Voyageurs"},"content":{"rendered":"<div class=\"fusion-fullwidth fullwidth-box fusion-builder-row-1 fusion-flex-container hundred-percent-fullwidth non-hundred-percent-height-scrolling\" style=\"--awb-border-radius-top-left:0px;--awb-border-radius-top-right:0px;--awb-border-radius-bottom-right:0px;--awb-border-radius-bottom-left:0px;--awb-margin-top:13px;--awb-margin-bottom:13px;--awb-flex-wrap:wrap;\" ><div class=\"fusion-builder-row fusion-row fusion-flex-align-items-flex-start fusion-flex-justify-content-center fusion-flex-content-wrap\" style=\"width:104% !important;max-width:104% !important;margin-left: calc(-4% \/ 2 );margin-right: calc(-4% \/ 2 );\"><div class=\"fusion-layout-column fusion_builder_column fusion-builder-column-0 fusion_builder_column_2_3 2_3 fusion-flex-column\" style=\"--awb-bg-size:cover;--awb-width-large:66.666666666667%;--awb-margin-top-large:0px;--awb-spacing-right-large:2.88%;--awb-margin-bottom-large:50px;--awb-spacing-left-large:2.88%;--awb-width-medium:100%;--awb-spacing-right-medium:1.92%;--awb-spacing-left-medium:1.92%;--awb-width-small:100%;--awb-spacing-right-small:1.92%;--awb-spacing-left-small:1.92%;\"><div class=\"fusion-column-wrapper fusion-column-has-shadow fusion-flex-justify-content-flex-start fusion-content-layout-column\"><div class=\"fusion-title title fusion-title-1 fusion-sep-none fusion-title-center fusion-title-text fusion-title-size-two\" style=\"--awb-margin-top-small:0px;--awb-margin-right-small:0px;--awb-margin-bottom-small:20px;--awb-margin-left-small:0px;--awb-font-size:30px;\" id=\"titre-conteneur\"><h2 class=\"fusion-title-heading title-heading-center fusion-responsive-typography-calculated\" style=\"margin:0;font-size:1em;--fontSize:30;line-height:1.5;\"><h1 style=\"text-align: center\"><span style=\"font-size: 36pt\">ESPACE VOYAGEURS<br \/>\n<em><span style=\"color: #3abfbf\">FOR TRAVELERS<\/span><\/em><\/span><\/h1><\/h2><\/div><div class=\"fusion-separator\" style=\"align-self: center;margin-left: auto;margin-right: auto;margin-top:-2%;margin-bottom:3%;width:100%;max-width:15%;\"><div class=\"fusion-separator-border sep-single sep-solid\" style=\"--awb-height:20px;--awb-amount:20px;--awb-sep-color:#3abfbf;border-color:#3abfbf;border-top-width:7px;\"><\/div><\/div><div class=\"fusion-title title fusion-title-2 fusion-sep-none fusion-title-center fusion-title-text fusion-title-size-four\" style=\"--awb-text-color:#f44336;--awb-margin-top-small:0px;--awb-margin-right-small:0px;--awb-margin-bottom-small:20px;--awb-margin-left-small:0px;\"><h4 class=\"fusion-title-heading title-heading-center fusion-responsive-typography-calculated\" style=\"margin:0;--fontSize:21;--minFontSize:21;line-height:1.5;\">Mise \u00e0 jour : 31\/07\/2023<\/h4><\/div><div class=\"fusion-separator fusion-full-width-sep\" style=\"align-self: center;margin-left: auto;margin-right: auto;margin-top:20px;width:100%;\"><\/div><div class=\"fusion-text fusion-text-1\"><p style=\"text-align: center\"><strong>Retrouvez toutes les conditions <a href=\"https:\/\/tahititourisme.fr\/fr-fr\/covid-19\/\">sur le site de Tahiti Tourisme<\/a><br \/>\nFind all conditions <a target=\"_blank\" rel=\"noopener noreferrer\" href=\"https:\/\/tahititourisme.fr\/fr-fr\/covid-19\/\">on Tahiti Tourisme website<\/a><\/strong><\/p>\n<p style=\"text-align: center\">T\u00e9l : 40 50 57 70<br \/>\n<a href=\"mailto:info@tahititourisme.org\">info@tahititourisme.org<\/a><\/p>\n<\/div><div class=\"fusion-separator fusion-full-width-sep\" style=\"align-self: center;margin-left: auto;margin-right: auto;margin-top:20px;width:100%;\"><\/div><div class=\"fusion-separator fusion-full-width-sep\" style=\"align-self: center;margin-left: auto;margin-right: auto;margin-top:20px;width:100%;\"><\/div><div class=\"fusion-separator fusion-full-width-sep\" style=\"align-self: center;margin-left: auto;margin-right: auto;margin-top:20px;width:100%;\"><\/div><div class=\"fusion-title title fusion-title-3 fusion-sep-none fusion-title-center fusion-title-text fusion-title-size-two\" style=\"--awb-margin-top-small:0px;--awb-margin-right-small:0px;--awb-margin-bottom-small:20px;--awb-margin-left-small:0px;\"><h2 class=\"fusion-title-heading title-heading-center fusion-responsive-typography-calculated\" style=\"margin:0;--fontSize:28;line-height:1.5;\"><span style=\"color: #ffffff\">CONTACTS UTILES<\/span><\/h2><\/div><div class=\"fusion-content-boxes content-boxes columns row fusion-columns-2 fusion-columns-total-2 fusion-content-boxes-1 content-boxes-icon-boxed content-left\" style=\"--awb-backgroundcolor:#f9f9f9;--awb-body-color:#000000;--awb-title-color:#000000;--awb-margin-bottom:0px;--awb-hover-accent-color:#3697c3;--awb-circle-hover-accent-color:transparent;\" data-animationOffset=\"top-into-view\"><div style=\"--awb-backgroundcolor:#f9f9f9;\" class=\"fusion-column content-box-column content-box-column content-box-column-1 col-lg-6 col-md-6 col-sm-6 fusion-content-box-hover content-box-column-first-in-row\"><div class=\"col content-box-wrapper content-wrapper-background content-wrapper-boxed link-area-link-icon icon-hover-animation-pulsate\" data-animationOffset=\"top-into-view\"><div class=\"heading icon-left\"><h1 class=\"content-box-heading fusion-responsive-typography-calculated\" style=\"--h1_typography-font-size:18px;--fontSize:18;line-height:1.4;\">HAUT-COMMISSARIAT DE LA REPUBLIQUE EN POLYNESIE FRANCAISE<\/h1><\/div><div class=\"fusion-clearfix\"><\/div><div class=\"content-container\">\n<p style=\"text-align: center\"><span class=\"LrzXr zdqRlf kno-fv\"><span aria-label=\"Appeler le +689 40 46 87 00\">+689 40 46 87 00<\/span><\/span><br \/><a href=\"http:\/\/www.polynesie-francaise.pref.gouv.fr\/Services-de-l-Etat\/Le-Haut-Commissariat\">www.polynesie-francaise.pref.gouv.fr\/Services-de-l-Etat\/Le-Haut-Commissariat<\/a><\/p>\n<\/div><\/div><\/div><div style=\"--awb-backgroundcolor:#f9f9f9;\" class=\"fusion-column content-box-column content-box-column content-box-column-2 col-lg-6 col-md-6 col-sm-6 fusion-content-box-hover content-box-column-last content-box-column-last-in-row\"><div class=\"col content-box-wrapper content-wrapper-background content-wrapper-boxed link-area-link-icon icon-hover-animation-pulsate\" data-animationOffset=\"top-into-view\"><div class=\"heading icon-left\"><h1 class=\"content-box-heading fusion-responsive-typography-calculated\" style=\"--h1_typography-font-size:18px;--fontSize:18;line-height:1.4;\">MINISTERE DE L&#x27;EUROPE ET DES AFFAIRES ETRANGERES<\/h1><\/div><div class=\"fusion-clearfix\"><\/div><div class=\"content-container\">\n<p style=\"text-align: center\"><a href=\"https:\/\/www.diplomatie.gouv.fr\/fr\/conseils-aux-voyageurs\/conseils-par-pays-destination\/\">www.diplomatie.gouv.fr\/fr\/conseils-aux-voyageurs\/conseils-par-pays-destination\/<\/a><\/p>\n<\/div><\/div><\/div><div class=\"fusion-clearfix\"><\/div><\/div><\/div><\/div><div class=\"fusion-layout-column fusion_builder_column fusion-builder-column-1 fusion_builder_column_1_4 1_4 fusion-flex-column\" style=\"--awb-padding-right:10px;--awb-padding-left:10px;--awb-bg-color:#f7f7f7;--awb-bg-color-hover:#f7f7f7;--awb-bg-size:cover;--awb-width-large:25%;--awb-margin-top-large:0px;--awb-spacing-right-large:7.68%;--awb-margin-bottom-large:0px;--awb-spacing-left-large:7.68%;--awb-width-medium:100%;--awb-spacing-right-medium:1.92%;--awb-spacing-left-medium:1.92%;--awb-width-small:100%;--awb-spacing-right-small:1.92%;--awb-spacing-left-small:1.92%;\"><div class=\"fusion-column-wrapper fusion-column-has-shadow fusion-flex-justify-content-center fusion-content-layout-column\"><div class=\"fusion-text fusion-text-2\"><h3 style=\"text-align: center\" data-fontsize=\"22\" data-lineheight=\"33\"><span style=\"color: #333333\">PLUS D&rsquo;INFORMATIONS<\/span><\/h3>\n<\/div><div class=\"fusion-separator\" style=\"align-self: center;margin-left: auto;margin-right: auto;margin-bottom:5%;width:100%;max-width:15%;\"><div class=\"fusion-separator-border sep-single sep-solid\" style=\"--awb-height:20px;--awb-amount:20px;--awb-sep-color:var(--awb-color5);border-color:var(--awb-color5);border-top-width:6px;\"><\/div><\/div><div class=\"fusion-separator fusion-full-width-sep\" style=\"align-self: center;margin-left: auto;margin-right: auto;margin-bottom:2%;width:100%;\"><\/div><div style=\"text-align:center;\"><a class=\"fusion-button button-flat button-large button-custom fusion-button-default button-1 fusion-button-span-yes \" style=\"--button_bevel_color:#ffc64b;--button_accent_color:#ffffff;--button_border_color:#ffffff;--button_accent_hover_color:#ffffff;--button_border_hover_color:#105378;--button_border_width-top:0px;--button_border_width-right:0px;--button_border_width-bottom:0px;--button_border_width-left:0px;--button-border-radius-top-left:2px;--button-border-radius-top-right:2px;--button-border-radius-bottom-right:2px;--button-border-radius-bottom-left:2px;--button_gradient_top_color:#3bafbf;--button_gradient_bottom_color:#3bafbf;--button_gradient_top_color_hover:#037f90;--button_gradient_bottom_color_hover:#037f90;\" target=\"_self\" href=\"https:\/\/www.service-public.pf\/dsp\/covid-19\/\" id=\"bouton-bleu\"><span class=\"fusion-button-text awb-button__text awb-button__text--default\">Coronavirus COVID-19<\/span><\/a><\/div><div class=\"fusion-separator fusion-full-width-sep\" style=\"align-self: center;margin-left: auto;margin-right: auto;margin-bottom:2%;width:100%;\"><\/div><div style=\"text-align:center;\"><a class=\"fusion-button button-flat button-large button-custom fusion-button-default button-2 fusion-button-span-yes \" style=\"--button_bevel_color:#ffc64b;--button_accent_color:#ffffff;--button_border_color:#ffffff;--button_accent_hover_color:#ffffff;--button_border_hover_color:#105378;--button_border_width-top:0px;--button_border_width-right:0px;--button_border_width-bottom:0px;--button_border_width-left:0px;--button-border-radius-top-left:2px;--button-border-radius-top-right:2px;--button-border-radius-bottom-right:2px;--button-border-radius-bottom-left:2px;--button_gradient_top_color:#3bafbf;--button_gradient_bottom_color:#3bafbf;--button_gradient_top_color_hover:#037f90;--button_gradient_bottom_color_hover:#037f90;\" target=\"_self\" href=\"https:\/\/www.service-public.pf\/dsp\/covid-19\/https:\/\/www.service-public.pf\/dsp\/covid-19\/actualites-covid\" id=\"bouton-bleu\"><span class=\"fusion-button-text awb-button__text awb-button__text--default\">ACTUALIT\u00c9S COVID-19<\/span><\/a><\/div><div class=\"fusion-separator fusion-full-width-sep\" style=\"align-self: center;margin-left: auto;margin-right: auto;margin-bottom:2%;width:100%;\"><\/div><div style=\"text-align:center;\"><a class=\"fusion-button button-flat button-large button-custom fusion-button-default button-3 fusion-button-span-yes \" style=\"--button_bevel_color:#ffc64b;--button_accent_color:#ffffff;--button_border_color:#ffffff;--button_accent_hover_color:#ffffff;--button_border_hover_color:#105378;--button_border_width-top:0px;--button_border_width-right:0px;--button_border_width-bottom:0px;--button_border_width-left:0px;--button-border-radius-top-left:2px;--button-border-radius-top-right:2px;--button-border-radius-bottom-right:2px;--button-border-radius-bottom-left:2px;--button_gradient_top_color:var(--awb-color5);--button_gradient_bottom_color:var(--awb-color5);--button_gradient_top_color_hover:#592a82;--button_gradient_bottom_color_hover:#592a82;\" target=\"_self\" href=\"https:\/\/www.service-public.pf\/dsp\/covid-19\/vaccination-covid\/\" id=\"bouton-bleu\"><span class=\"fusion-button-text awb-button__text awb-button__text--default\">VACCINATION COVID-19<\/span><\/a><\/div><div class=\"fusion-separator fusion-full-width-sep\" style=\"align-self: center;margin-left: auto;margin-right: auto;margin-bottom:2%;width:100%;\"><\/div><div style=\"text-align:center;\"><a class=\"fusion-button button-flat button-large button-custom fusion-button-default button-4 fusion-button-span-yes \" style=\"--button_bevel_color:#ffc64b;--button_accent_color:#ffffff;--button_border_color:#ffffff;--button_accent_hover_color:#ffffff;--button_border_hover_color:#105378;--button_border_width-top:0px;--button_border_width-right:0px;--button_border_width-bottom:0px;--button_border_width-left:0px;--button-border-radius-top-left:2px;--button-border-radius-top-right:2px;--button-border-radius-bottom-right:2px;--button-border-radius-bottom-left:2px;--button_gradient_top_color:#3bafbf;--button_gradient_bottom_color:#3bafbf;--button_gradient_top_color_hover:#037f90;--button_gradient_bottom_color_hover:#037f90;\" target=\"_self\" href=\"https:\/\/www.service-public.pf\/dsp\/covid-19\/espace-grand-public-covid\" id=\"bouton-bleu\"><span class=\"fusion-button-text awb-button__text awb-button__text--default\">Espace Grand Public<\/span><\/a><\/div><div class=\"fusion-separator fusion-full-width-sep\" style=\"align-self: center;margin-left: auto;margin-right: auto;margin-bottom:2%;width:100%;\"><\/div><div style=\"text-align:center;\"><a class=\"fusion-button button-flat button-large button-custom fusion-button-default button-5 fusion-button-span-yes \" style=\"--button_bevel_color:#ffc64b;--button_accent_color:#ffffff;--button_border_color:#ffffff;--button_accent_hover_color:#ffffff;--button_border_hover_color:#105378;--button_border_width-top:0px;--button_border_width-right:0px;--button_border_width-bottom:0px;--button_border_width-left:0px;--button-border-radius-top-left:2px;--button-border-radius-top-right:2px;--button-border-radius-bottom-right:2px;--button-border-radius-bottom-left:2px;--button_gradient_top_color:#3bafbf;--button_gradient_bottom_color:#3bafbf;--button_gradient_top_color_hover:#037f90;--button_gradient_bottom_color_hover:#037f90;\" target=\"_self\" href=\"https:\/\/www.service-public.pf\/dsp\/covid-19\/espace-commune\/\" id=\"bouton-bleu\"><span class=\"fusion-button-text awb-button__text awb-button__text--default\">ESPACE COMMUNES<\/span><\/a><\/div><div class=\"fusion-separator fusion-full-width-sep\" style=\"align-self: center;margin-left: auto;margin-right: auto;margin-bottom:2%;width:100%;\"><\/div><div style=\"text-align:center;\"><a class=\"fusion-button button-flat button-large button-custom fusion-button-default button-6 fusion-button-span-yes \" style=\"--button_bevel_color:#ffc64b;--button_accent_color:#ffffff;--button_border_color:#ffffff;--button_accent_hover_color:#ffffff;--button_border_hover_color:#105378;--button_border_width-top:0px;--button_border_width-right:0px;--button_border_width-bottom:0px;--button_border_width-left:0px;--button-border-radius-top-left:2px;--button-border-radius-top-right:2px;--button-border-radius-bottom-right:2px;--button-border-radius-bottom-left:2px;--button_gradient_top_color:#3bafbf;--button_gradient_bottom_color:#3bafbf;--button_gradient_top_color_hover:#037f90;--button_gradient_bottom_color_hover:#037f90;\" target=\"_self\" href=\"https:\/\/www.service-public.pf\/dsp\/covid-19\/professionnels-sante-covid-19\/\" id=\"bouton-bleu\"><span class=\"fusion-button-text awb-button__text awb-button__text--default\">Espace professionnels de sant\u00e9<\/span><\/a><\/div><div class=\"fusion-separator fusion-full-width-sep\" style=\"align-self: center;margin-left: auto;margin-right: auto;margin-bottom:2%;width:100%;\"><\/div><div style=\"text-align:center;\"><a class=\"fusion-button button-flat button-large button-custom fusion-button-default button-7 fusion-button-span-yes \" style=\"--button_bevel_color:#ffc64b;--button_accent_color:#ffffff;--button_border_color:#ffffff;--button_accent_hover_color:#ffffff;--button_border_hover_color:#105378;--button_border_width-top:0px;--button_border_width-right:0px;--button_border_width-bottom:0px;--button_border_width-left:0px;--button-border-radius-top-left:2px;--button-border-radius-top-right:2px;--button-border-radius-bottom-right:2px;--button-border-radius-bottom-left:2px;--button_gradient_top_color:var(--awb-custom_color_1);--button_gradient_bottom_color:var(--awb-custom_color_1);--button_gradient_top_color_hover:#037f90;--button_gradient_bottom_color_hover:#037f90;\" target=\"_self\" href=\"https:\/\/www.service-public.pf\/dsp\/covid-19\/espace-voyageurs\/\" id=\"bouton-bleu\"><span class=\"fusion-button-text awb-button__text awb-button__text--default\">ESPACE VOYAGEURS<\/span><\/a><\/div><div class=\"fusion-separator fusion-full-width-sep\" style=\"align-self: center;margin-left: auto;margin-right: auto;margin-bottom:2%;width:100%;\"><\/div><div style=\"text-align:center;\"><a class=\"fusion-button button-flat button-large button-custom fusion-button-default button-8 fusion-button-span-yes \" style=\"--button_bevel_color:#ffc64b;--button_accent_color:#ffffff;--button_border_color:#ffffff;--button_accent_hover_color:#ffffff;--button_border_hover_color:#105378;--button_border_width-top:0px;--button_border_width-right:0px;--button_border_width-bottom:0px;--button_border_width-left:0px;--button-border-radius-top-left:2px;--button-border-radius-top-right:2px;--button-border-radius-bottom-right:2px;--button-border-radius-bottom-left:2px;--button_gradient_top_color:#3bafbf;--button_gradient_bottom_color:#3bafbf;--button_gradient_top_color_hover:#037f90;--button_gradient_bottom_color_hover:#037f90;\" target=\"_self\" href=\"https:\/\/www.service-public.pf\/dsp\/covid-19\/questions-frequentes\/\" id=\"bouton-bleu\"><span class=\"fusion-button-text awb-button__text awb-button__text--default\">Questions fr\u00e9quentes<\/span><\/a><\/div><div class=\"fusion-separator fusion-full-width-sep\" style=\"align-self: center;margin-left: auto;margin-right: auto;margin-bottom:2%;width:100%;\"><\/div><div class=\"fusion-separator fusion-full-width-sep\" style=\"align-self: center;margin-left: auto;margin-right: auto;margin-bottom:2%;width:100%;\"><\/div><div class=\"fusion-text fusion-text-3\"><h3 style=\"text-align: center\" data-fontsize=\"22\" data-lineheight=\"33\"><span style=\"color: #333333\">ACTUALIT\u00c9S<\/span><\/h3>\n<\/div><div class=\"fusion-separator\" style=\"align-self: center;margin-left: auto;margin-right: auto;margin-bottom:5%;width:100%;max-width:15%;\"><div class=\"fusion-separator-border sep-single sep-solid\" style=\"--awb-height:20px;--awb-amount:20px;--awb-sep-color:var(--awb-color5);border-color:var(--awb-color5);border-top-width:6px;\"><\/div><\/div><div class=\"fusion-recent-posts fusion-recent-posts-1 avada-container layout-default layout-columns-1 fusion-no-small-visibility fusion-no-medium-visibility\" id=\"sidebar-fiches\"><section class=\"fusion-columns columns fusion-columns-1 columns-1\"><article class=\"post fusion-column column col col-lg-12 col-md-12 col-sm-12\"><div class=\"fusion-flexslider fusion-flexslider-loading flexslider flexslider-hover-type-none\"><ul class=\"slides\"><li><a href=\"https:\/\/www.service-public.pf\/dsp\/2023\/07\/27\/ceremonie-de-cloture-de-la-plateforme-covid-19\/\" aria-label=\"C\u00e9r\u00e9monie de cl\u00f4ture de la plateforme Covid-19\" class=\"hover-type-none\"><img decoding=\"async\" width=\"700\" height=\"441\" src=\"https:\/\/www.service-public.pf\/dsp\/wp-content\/uploads\/sites\/12\/2023\/07\/PLATEFORME-COVID19-11-1200x732-1-700x441.jpg\" class=\"attachment-recent-posts size-recent-posts\" alt=\"\" srcset=\"https:\/\/www.service-public.pf\/dsp\/wp-content\/uploads\/sites\/12\/2023\/07\/PLATEFORME-COVID19-11-1200x732-1-320x202.jpg 320w, https:\/\/www.service-public.pf\/dsp\/wp-content\/uploads\/sites\/12\/2023\/07\/PLATEFORME-COVID19-11-1200x732-1-700x441.jpg 700w\" sizes=\"(max-width: 700px) 100vw, 700px\" \/><\/a><\/li><\/ul><\/div><div class=\"recent-posts-content\"><span class=\"vcard\" style=\"display: none;\"><span class=\"fn\"><a href=\"https:\/\/www.service-public.pf\/dsp\/author\/communicationds\/\" title=\"Articles par communicationds\" rel=\"author\">communicationds<\/a><\/span><\/span><span class=\"updated\" style=\"display:none;\">2023-07-31T10:48:52-10:00<\/span><h4 class=\"entry-title\"><a href=\"https:\/\/www.service-public.pf\/dsp\/2023\/07\/27\/ceremonie-de-cloture-de-la-plateforme-covid-19\/\">C\u00e9r\u00e9monie de cl\u00f4ture de la plateforme Covid-19<\/a><\/h4><p class=\"meta\"><span class=\"vcard\" style=\"display: none;\"><span class=\"fn\"><a href=\"https:\/\/www.service-public.pf\/dsp\/author\/communicationds\/\" title=\"Articles par communicationds\" rel=\"author\">communicationds<\/a><\/span><\/span><span class=\"updated\" style=\"display:none;\">2023-07-31T10:48:52-10:00<\/span><span>27 juillet 2023<\/span><span class=\"fusion-inline-sep\">|<\/span><span class=\"meta-tags\">Tags: <a href=\"https:\/\/www.service-public.pf\/dsp\/tag\/actualites\/\" rel=\"tag\">actualit\u00e9s<\/a>, <a href=\"https:\/\/www.service-public.pf\/dsp\/tag\/communique-de-presse\/\" rel=\"tag\">communiqu\u00e9 de presse<\/a>, <a href=\"https:\/\/www.service-public.pf\/dsp\/tag\/sante\/\" rel=\"tag\">sant\u00e9<\/a>, <a href=\"https:\/\/www.service-public.pf\/dsp\/tag\/situation-coronavirus\/\" rel=\"tag\">situation-coronavirus<\/a><\/span><span class=\"fusion-inline-sep\">|<\/span><\/p><\/div><\/article><article class=\"post fusion-column column col col-lg-12 col-md-12 col-sm-12\"><div class=\"fusion-flexslider fusion-flexslider-loading flexslider flexslider-hover-type-none\"><ul class=\"slides\"><li><a href=\"https:\/\/www.service-public.pf\/dsp\/2023\/01\/10\/chiffres-cles-covid-19-du-09-janvier-2023\/\" aria-label=\"Chiffres cl\u00e9s COVID-19 du 09 janvier 2023\" class=\"hover-type-none\"><img decoding=\"async\" width=\"700\" height=\"441\" src=\"https:\/\/www.service-public.pf\/dsp\/wp-content\/uploads\/sites\/12\/2023\/01\/090123-700x441.png\" class=\"attachment-recent-posts size-recent-posts\" alt=\"\" srcset=\"https:\/\/www.service-public.pf\/dsp\/wp-content\/uploads\/sites\/12\/2023\/01\/090123-320x202.png 320w, https:\/\/www.service-public.pf\/dsp\/wp-content\/uploads\/sites\/12\/2023\/01\/090123-700x441.png 700w\" sizes=\"(max-width: 700px) 100vw, 700px\" \/><\/a><\/li><\/ul><\/div><div class=\"recent-posts-content\"><span class=\"vcard\" style=\"display: none;\"><span class=\"fn\"><a href=\"https:\/\/www.service-public.pf\/dsp\/author\/communicationds\/\" title=\"Articles par communicationds\" rel=\"author\">communicationds<\/a><\/span><\/span><span class=\"updated\" style=\"display:none;\">2023-01-10T07:39:37-10:00<\/span><h4 class=\"entry-title\"><a href=\"https:\/\/www.service-public.pf\/dsp\/2023\/01\/10\/chiffres-cles-covid-19-du-09-janvier-2023\/\">Chiffres cl\u00e9s COVID-19 du 09 janvier 2023<\/a><\/h4><p class=\"meta\"><span class=\"vcard\" style=\"display: none;\"><span class=\"fn\"><a href=\"https:\/\/www.service-public.pf\/dsp\/author\/communicationds\/\" title=\"Articles par communicationds\" rel=\"author\">communicationds<\/a><\/span><\/span><span class=\"updated\" style=\"display:none;\">2023-01-10T07:39:37-10:00<\/span><span>10 janvier 2023<\/span><span class=\"fusion-inline-sep\">|<\/span><span class=\"meta-tags\">Tags: <a href=\"https:\/\/www.service-public.pf\/dsp\/tag\/situation-coronavirus\/\" rel=\"tag\">situation-coronavirus<\/a><\/span><span class=\"fusion-inline-sep\">|<\/span><\/p><\/div><\/article><article class=\"post fusion-column column col col-lg-12 col-md-12 col-sm-12\"><div class=\"fusion-flexslider fusion-flexslider-loading flexslider flexslider-hover-type-none\"><ul class=\"slides\"><li><a href=\"https:\/\/www.service-public.pf\/dsp\/2022\/12\/26\/chiffres-cles-covid-19-du-26-decembre-2022\/\" aria-label=\"Chiffres cl\u00e9s COVID-19 du 26 d\u00e9cembre 2022\" class=\"hover-type-none\"><img decoding=\"async\" width=\"700\" height=\"441\" src=\"https:\/\/www.service-public.pf\/dsp\/wp-content\/uploads\/sites\/12\/2022\/12\/221226_carre-covid-700x441.png\" class=\"attachment-recent-posts size-recent-posts\" alt=\"\" srcset=\"https:\/\/www.service-public.pf\/dsp\/wp-content\/uploads\/sites\/12\/2022\/12\/221226_carre-covid-320x202.png 320w, https:\/\/www.service-public.pf\/dsp\/wp-content\/uploads\/sites\/12\/2022\/12\/221226_carre-covid-700x441.png 700w\" sizes=\"(max-width: 700px) 100vw, 700px\" \/><\/a><\/li><\/ul><\/div><div class=\"recent-posts-content\"><span class=\"vcard\" style=\"display: none;\"><span class=\"fn\"><a href=\"https:\/\/www.service-public.pf\/dsp\/author\/communicationds\/\" title=\"Articles par communicationds\" rel=\"author\">communicationds<\/a><\/span><\/span><span class=\"updated\" style=\"display:none;\">2022-12-26T15:32:31-10:00<\/span><h4 class=\"entry-title\"><a href=\"https:\/\/www.service-public.pf\/dsp\/2022\/12\/26\/chiffres-cles-covid-19-du-26-decembre-2022\/\">Chiffres cl\u00e9s COVID-19 du 26 d\u00e9cembre 2022<\/a><\/h4><p class=\"meta\"><span class=\"vcard\" style=\"display: none;\"><span class=\"fn\"><a href=\"https:\/\/www.service-public.pf\/dsp\/author\/communicationds\/\" title=\"Articles par communicationds\" rel=\"author\">communicationds<\/a><\/span><\/span><span class=\"updated\" style=\"display:none;\">2022-12-26T15:32:31-10:00<\/span><span>26 d\u00e9cembre 2022<\/span><span class=\"fusion-inline-sep\">|<\/span><span class=\"meta-tags\">Tags: <a href=\"https:\/\/www.service-public.pf\/dsp\/tag\/situation-coronavirus\/\" rel=\"tag\">situation-coronavirus<\/a><\/span><span class=\"fusion-inline-sep\">|<\/span><\/p><\/div><\/article><\/section><\/div><div class=\"fusion-recent-posts fusion-recent-posts-2 avada-container layout-default layout-columns-2 fusion-no-large-visibility\" id=\"sidebar-fiches\"><section class=\"fusion-columns columns fusion-columns-2 columns-2\"><article class=\"post fusion-column column col col-lg-6 col-md-6 col-sm-6\"><div class=\"fusion-flexslider fusion-flexslider-loading flexslider flexslider-hover-type-none\"><ul class=\"slides\"><li><a href=\"https:\/\/www.service-public.pf\/dsp\/2023\/07\/27\/ceremonie-de-cloture-de-la-plateforme-covid-19\/\" aria-label=\"C\u00e9r\u00e9monie de cl\u00f4ture de la plateforme Covid-19\" class=\"hover-type-none\"><img decoding=\"async\" width=\"700\" height=\"441\" src=\"https:\/\/www.service-public.pf\/dsp\/wp-content\/uploads\/sites\/12\/2023\/07\/PLATEFORME-COVID19-11-1200x732-1-700x441.jpg\" class=\"attachment-recent-posts size-recent-posts\" alt=\"\" srcset=\"https:\/\/www.service-public.pf\/dsp\/wp-content\/uploads\/sites\/12\/2023\/07\/PLATEFORME-COVID19-11-1200x732-1-320x202.jpg 320w, https:\/\/www.service-public.pf\/dsp\/wp-content\/uploads\/sites\/12\/2023\/07\/PLATEFORME-COVID19-11-1200x732-1-700x441.jpg 700w\" sizes=\"(max-width: 700px) 100vw, 700px\" \/><\/a><\/li><\/ul><\/div><div class=\"recent-posts-content\"><span class=\"vcard\" style=\"display: none;\"><span class=\"fn\"><a href=\"https:\/\/www.service-public.pf\/dsp\/author\/communicationds\/\" title=\"Articles par communicationds\" rel=\"author\">communicationds<\/a><\/span><\/span><span class=\"updated\" style=\"display:none;\">2023-07-31T10:48:52-10:00<\/span><h4 class=\"entry-title\"><a href=\"https:\/\/www.service-public.pf\/dsp\/2023\/07\/27\/ceremonie-de-cloture-de-la-plateforme-covid-19\/\">C\u00e9r\u00e9monie de cl\u00f4ture de la plateforme Covid-19<\/a><\/h4><p class=\"meta\"><span class=\"vcard\" style=\"display: none;\"><span class=\"fn\"><a href=\"https:\/\/www.service-public.pf\/dsp\/author\/communicationds\/\" title=\"Articles par communicationds\" rel=\"author\">communicationds<\/a><\/span><\/span><span class=\"updated\" style=\"display:none;\">2023-07-31T10:48:52-10:00<\/span><span>27 juillet 2023<\/span><span class=\"fusion-inline-sep\">|<\/span><span class=\"meta-tags\">Tags: <a href=\"https:\/\/www.service-public.pf\/dsp\/tag\/actualites\/\" rel=\"tag\">actualit\u00e9s<\/a>, <a href=\"https:\/\/www.service-public.pf\/dsp\/tag\/communique-de-presse\/\" rel=\"tag\">communiqu\u00e9 de presse<\/a>, <a href=\"https:\/\/www.service-public.pf\/dsp\/tag\/sante\/\" rel=\"tag\">sant\u00e9<\/a>, <a href=\"https:\/\/www.service-public.pf\/dsp\/tag\/situation-coronavirus\/\" rel=\"tag\">situation-coronavirus<\/a><\/span><span class=\"fusion-inline-sep\">|<\/span><\/p><\/div><\/article><article class=\"post fusion-column column col col-lg-6 col-md-6 col-sm-6\"><div class=\"fusion-flexslider fusion-flexslider-loading flexslider flexslider-hover-type-none\"><ul class=\"slides\"><li><a href=\"https:\/\/www.service-public.pf\/dsp\/2023\/01\/10\/chiffres-cles-covid-19-du-09-janvier-2023\/\" aria-label=\"Chiffres cl\u00e9s COVID-19 du 09 janvier 2023\" class=\"hover-type-none\"><img decoding=\"async\" width=\"700\" height=\"441\" src=\"https:\/\/www.service-public.pf\/dsp\/wp-content\/uploads\/sites\/12\/2023\/01\/090123-700x441.png\" class=\"attachment-recent-posts size-recent-posts\" alt=\"\" srcset=\"https:\/\/www.service-public.pf\/dsp\/wp-content\/uploads\/sites\/12\/2023\/01\/090123-320x202.png 320w, https:\/\/www.service-public.pf\/dsp\/wp-content\/uploads\/sites\/12\/2023\/01\/090123-700x441.png 700w\" sizes=\"(max-width: 700px) 100vw, 700px\" \/><\/a><\/li><\/ul><\/div><div class=\"recent-posts-content\"><span class=\"vcard\" style=\"display: none;\"><span class=\"fn\"><a href=\"https:\/\/www.service-public.pf\/dsp\/author\/communicationds\/\" title=\"Articles par communicationds\" rel=\"author\">communicationds<\/a><\/span><\/span><span class=\"updated\" style=\"display:none;\">2023-01-10T07:39:37-10:00<\/span><h4 class=\"entry-title\"><a href=\"https:\/\/www.service-public.pf\/dsp\/2023\/01\/10\/chiffres-cles-covid-19-du-09-janvier-2023\/\">Chiffres cl\u00e9s COVID-19 du 09 janvier 2023<\/a><\/h4><p class=\"meta\"><span class=\"vcard\" style=\"display: none;\"><span class=\"fn\"><a href=\"https:\/\/www.service-public.pf\/dsp\/author\/communicationds\/\" title=\"Articles par communicationds\" rel=\"author\">communicationds<\/a><\/span><\/span><span class=\"updated\" style=\"display:none;\">2023-01-10T07:39:37-10:00<\/span><span>10 janvier 2023<\/span><span class=\"fusion-inline-sep\">|<\/span><span class=\"meta-tags\">Tags: <a href=\"https:\/\/www.service-public.pf\/dsp\/tag\/situation-coronavirus\/\" rel=\"tag\">situation-coronavirus<\/a><\/span><span class=\"fusion-inline-sep\">|<\/span><\/p><\/div><\/article><article class=\"post fusion-column column col col-lg-6 col-md-6 col-sm-6\"><div class=\"fusion-flexslider fusion-flexslider-loading flexslider flexslider-hover-type-none\"><ul class=\"slides\"><li><a href=\"https:\/\/www.service-public.pf\/dsp\/2022\/12\/26\/chiffres-cles-covid-19-du-26-decembre-2022\/\" aria-label=\"Chiffres cl\u00e9s COVID-19 du 26 d\u00e9cembre 2022\" class=\"hover-type-none\"><img decoding=\"async\" width=\"700\" height=\"441\" src=\"https:\/\/www.service-public.pf\/dsp\/wp-content\/uploads\/sites\/12\/2022\/12\/221226_carre-covid-700x441.png\" class=\"attachment-recent-posts size-recent-posts\" alt=\"\" srcset=\"https:\/\/www.service-public.pf\/dsp\/wp-content\/uploads\/sites\/12\/2022\/12\/221226_carre-covid-320x202.png 320w, https:\/\/www.service-public.pf\/dsp\/wp-content\/uploads\/sites\/12\/2022\/12\/221226_carre-covid-700x441.png 700w\" sizes=\"(max-width: 700px) 100vw, 700px\" \/><\/a><\/li><\/ul><\/div><div class=\"recent-posts-content\"><span class=\"vcard\" style=\"display: none;\"><span class=\"fn\"><a href=\"https:\/\/www.service-public.pf\/dsp\/author\/communicationds\/\" title=\"Articles par communicationds\" rel=\"author\">communicationds<\/a><\/span><\/span><span class=\"updated\" style=\"display:none;\">2022-12-26T15:32:31-10:00<\/span><h4 class=\"entry-title\"><a href=\"https:\/\/www.service-public.pf\/dsp\/2022\/12\/26\/chiffres-cles-covid-19-du-26-decembre-2022\/\">Chiffres cl\u00e9s COVID-19 du 26 d\u00e9cembre 2022<\/a><\/h4><p class=\"meta\"><span class=\"vcard\" style=\"display: none;\"><span class=\"fn\"><a href=\"https:\/\/www.service-public.pf\/dsp\/author\/communicationds\/\" title=\"Articles par communicationds\" rel=\"author\">communicationds<\/a><\/span><\/span><span class=\"updated\" style=\"display:none;\">2022-12-26T15:32:31-10:00<\/span><span>26 d\u00e9cembre 2022<\/span><span class=\"fusion-inline-sep\">|<\/span><span class=\"meta-tags\">Tags: <a href=\"https:\/\/www.service-public.pf\/dsp\/tag\/situation-coronavirus\/\" rel=\"tag\">situation-coronavirus<\/a><\/span><span class=\"fusion-inline-sep\">|<\/span><\/p><\/div><\/article><\/section><\/div><div class=\"fusion-text fusion-text-4\"><h3 style=\"text-align: center\" data-fontsize=\"22\" data-lineheight=\"33\"><span style=\"color: #333333\">SUIVEZ-NOUS<\/span><\/h3>\n<\/div><div class=\"fusion-separator\" style=\"align-self: center;margin-left: auto;margin-right: auto;margin-bottom:5%;width:100%;max-width:15%;\"><div class=\"fusion-separator-border sep-single sep-solid\" style=\"--awb-height:20px;--awb-amount:20px;--awb-sep-color:var(--awb-color5);border-color:var(--awb-color5);border-top-width:6px;\"><\/div><\/div><div class=\"fusion-widget-area awb-widget-area-element fusion-widget-area-1 fusion-content-widget-area\" style=\"--awb-title-color:#333333;--awb-padding:0px 0px 0px 0px;\">\n\t\t<section id=\"recent-posts-7\" class=\"widget widget_recent_entries\">\n\t\t<div class=\"heading\"><h4 class=\"widget-title\">Articles r\u00e9cents<\/h4><\/div>\n\t\t<ul>\n\t\t\t\t\t\t\t\t\t\t\t<li>\n\t\t\t\t\t<a href=\"https:\/\/www.service-public.pf\/dsp\/2026\/04\/27\/bulletin-de-surveillance-sanitaire-de-la-s16-2026\/\">Bulletin de Surveillance Sanitaire de la S16 2026<\/a>\n\t\t\t\t\t\t\t\t\t<\/li>\n\t\t\t\t\t\t\t\t\t\t\t<li>\n\t\t\t\t\t<a href=\"https:\/\/www.service-public.pf\/dsp\/2026\/04\/20\/bulletin-de-surveillance-sanitaire-de-la-s15-2026\/\">Bulletin de Surveillance Sanitaire de la S15 2026<\/a>\n\t\t\t\t\t\t\t\t\t<\/li>\n\t\t\t\t\t\t\t\t\t\t\t<li>\n\t\t\t\t\t<a href=\"https:\/\/www.service-public.pf\/dsp\/2026\/04\/13\/bulletin-de-surveillance-sanitaire-de-la-s14-2026\/\">Bulletin de Surveillance Sanitaire de la S14 2026<\/a>\n\t\t\t\t\t\t\t\t\t<\/li>\n\t\t\t\t\t\t\t\t\t\t\t<li>\n\t\t\t\t\t<a href=\"https:\/\/www.service-public.pf\/dsp\/2026\/04\/08\/bulletin-de-surveillance-sanitaire-de-la-s13-2026\/\">Bulletin de Surveillance Sanitaire de la S13 2026<\/a>\n\t\t\t\t\t\t\t\t\t<\/li>\n\t\t\t\t\t\t\t\t\t\t\t<li>\n\t\t\t\t\t<a href=\"https:\/\/www.service-public.pf\/dsp\/2026\/03\/30\/bulletin-de-surveillance-sanitaire-de-la-s12-2026\/\">Bulletin de Surveillance Sanitaire de la S12 2026<\/a>\n\t\t\t\t\t\t\t\t\t<\/li>\n\t\t\t\t\t<\/ul>\n\n\t\t<\/section><div class=\"fusion-additional-widget-content\"><\/div><\/div><\/div><\/div><\/div><\/div>\n","protected":false},"excerpt":{"rendered":"","protected":false},"author":182,"featured_media":21731,"parent":12407,"menu_order":0,"comment_status":"closed","ping_status":"closed","template":"100-width.php","meta":{"_seopress_robots_primary_cat":"","_seopress_titles_title":"","_seopress_titles_desc":"Retrouvez toutes les informations relatives aux modalit\u00e9s d&#039;entr\u00e9e et de sortie en Polyn\u00e9sie fran\u00e7aise.","_seopress_robots_index":"","footnotes":""},"class_list":["post-15407","page","type-page","status-publish","has-post-thumbnail","hentry"],"_links":{"self":[{"href":"https:\/\/www.service-public.pf\/dsp\/wp-json\/wp\/v2\/pages\/15407","targetHints":{"allow":["GET"]}}],"collection":[{"href":"https:\/\/www.service-public.pf\/dsp\/wp-json\/wp\/v2\/pages"}],"about":[{"href":"https:\/\/www.service-public.pf\/dsp\/wp-json\/wp\/v2\/types\/page"}],"author":[{"embeddable":true,"href":"https:\/\/www.service-public.pf\/dsp\/wp-json\/wp\/v2\/users\/182"}],"replies":[{"embeddable":true,"href":"https:\/\/www.service-public.pf\/dsp\/wp-json\/wp\/v2\/comments?post=15407"}],"version-history":[{"count":0,"href":"https:\/\/www.service-public.pf\/dsp\/wp-json\/wp\/v2\/pages\/15407\/revisions"}],"up":[{"embeddable":true,"href":"https:\/\/www.service-public.pf\/dsp\/wp-json\/wp\/v2\/pages\/12407"}],"wp:featuredmedia":[{"embeddable":true,"href":"https:\/\/www.service-public.pf\/dsp\/wp-json\/wp\/v2\/media\/21731"}],"wp:attachment":[{"href":"https:\/\/www.service-public.pf\/dsp\/wp-json\/wp\/v2\/media?parent=15407"}],"curies":[{"name":"wp","href":"https:\/\/api.w.org\/{rel}","templated":true}]}}