{"id":2619,"date":"2023-05-11T17:40:50","date_gmt":"2023-05-12T03:40:50","guid":{"rendered":"https:\/\/www.service-public.pf\/dtt\/?page_id=2619"},"modified":"2023-05-11T17:47:03","modified_gmt":"2023-05-12T03:47:03","slug":"assr","status":"publish","type":"page","link":"https:\/\/www.service-public.pf\/dtt\/assr\/","title":{"rendered":"Attestation Scolaire de S\u00e9curit\u00e9 Routi\u00e8re (ASSR)"},"content":{"rendered":"<p><div class=\"fusion-fullwidth fullwidth-box fusion-builder-row-1 nonhundred-percent-fullwidth non-hundred-percent-height-scrolling\" style=\"--awb-border-radius-top-left:0px;--awb-border-radius-top-right:0px;--awb-border-radius-bottom-right:0px;--awb-border-radius-bottom-left:0px;--awb-flex-wrap:wrap;\" ><div class=\"fusion-builder-row fusion-row\"><div class=\"fusion-layout-column fusion_builder_column fusion-builder-column-0 fusion_builder_column_1_1 1_1 fusion-one-full fusion-column-first fusion-column-last\" style=\"--awb-bg-size:cover;\"><div class=\"fusion-column-wrapper fusion-column-has-shadow fusion-flex-column-wrapper-legacy\"><div class=\"fusion-sep-clear\"><\/div><div class=\"fusion-separator fusion-full-width-sep\" style=\"margin-left: auto;margin-right: auto;margin-top:40px;width:100%;\"><\/div><div class=\"fusion-sep-clear\"><\/div><div class=\"fusion-text fusion-text-1\" style=\"--awb-margin-left:10px;\"><h1><span style=\"color: #ff99cc\"><strong>A.S.S.R., A.S.R, \u00e0 quoi \u00e7a sert\u00a0?<\/strong><\/span><\/h1>\n<h1><span style=\"color: #339966\">\u00a0<\/span><\/h1>\n<\/div><div class=\"fusion-text fusion-text-2\" style=\"--awb-margin-left:10px;\"><p>L&rsquo;Attestation Scolaire de S\u00e9curit\u00e9 Routi\u00e8re sert \u00e0 votre enfant \u00e0 apprendre les r\u00e8gles de circulation \u00e0 pieds ou \u00e0 v\u00e9lo, les bons comportements ou au contraire ceux \u00e0 \u00e9viter.<\/p>\n<p>L&rsquo;\u00e9ducation \u00e0 la s\u00e9curit\u00e9 routi\u00e8re au coll\u00e8ge constitue un enseignement obligatoire, int\u00e9gr\u00e9 aux programmes et sanctionn\u00e9 par les attestations scolaires de s\u00e9curit\u00e9 routi\u00e8re. Dans chaque \u00e9tablissement, l&rsquo;\u00e9quipe \u00e9ducative est charg\u00e9e de mettre en \u0153uvre cet enseignement.<\/p>\n<p>En 5<sup>i\u00e8me<\/sup>, les \u00e9l\u00e8ves passent l&rsquo;ASSR de niveau 1 (ASSR1).<\/p>\n<p>En 3<sup>i\u00e8me<\/sup>, ils passent l&rsquo;ASSR de niveau 2 (ASSR2).<\/p>\n<p>Sur le principe de l&rsquo;examen du permis de conduire, les \u00e9preuves sont constitu\u00e9es de 20 s\u00e9quences vid\u00e9o \u00e0 analyser avec des QCM (Questions \u00e0 Choix Multiples).<\/p>\n<p>Elles se d\u00e9roulent entre le 2\u00b0 trimestre et la fin de l&rsquo;ann\u00e9e scolaire.<\/p>\n<p>A la fin de l\u2019ann\u00e9e scolaire de 5<sup>i\u00e8me<\/sup> et 3<sup>i\u00e8me<\/sup>, une attestation est remise au coll\u00e9gien.<\/p>\n<p>Sur le principe de l&rsquo;examen du permis de conduire, les \u00e9preuves sont constitu\u00e9es de 20 s\u00e9quences vid\u00e9o \u00e0 analyser avec des QCM (Questions \u00e0 Choix Multiples).<\/p>\n<p>Elles se d\u00e9roulent entre le 2\u00b0 trimestre et la fin de l&rsquo;ann\u00e9e scolaire.<\/p>\n<p>A la fin de l\u2019ann\u00e9e scolaire de 5<sup>i\u00e8me<\/sup> et 3<sup>i\u00e8me<\/sup>, une attestation est remise au coll\u00e9gien.<\/p>\n<\/div><div class=\"fusion-text fusion-text-3\" style=\"--awb-margin-right:5px;--awb-margin-left:5px;\"><h1><span style=\"color: #ff99cc\"><strong>Une A.S.S.R pour quoi faire ?<\/strong><\/span><\/h1>\n<h1 style=\"text-align: center\"><strong><span style=\"color: #ff99cc;font-size: 36pt\">\u00a0<\/span><\/strong><\/h1>\n<\/div><div class=\"fusion-text fusion-text-4\"><p>Attention, ces attestations sont tr\u00e8s importantes, il ne faut pas les perdre car l\u2019une ou l\u2019autre seront obligatoires pour :<\/p>\n<ul>\n<li>Suivre une formation au Brevet de S\u00e9curit\u00e9 Routi\u00e8re (B.S.R.) pour conduire un cyclomoteur (thermique \u00e0 partir de 14 ans et \u00e9lectrique \u00e0 partir de 16 ans) ou un quadricycle l\u00e9ger (\u00e0 partir de 16 ans)\u00a0;<\/li>\n<li>Commencer l&rsquo;apprentissage de la conduite accompagn\u00e9e (A.A.C) d\u00e8s 15 ans\u00a0;<\/li>\n<li>S\u2019inscrire aux \u00e9preuves du permis de conduire des cat\u00e9gories A1 (motocyclette l\u00e9g\u00e8re) ou B1 (quadricycle lourd) d\u00e8s 16 ans\u00a0;<\/li>\n<li>S\u2019inscrire au permis de conduire des cat\u00e9gories A (motocyclette) ou B (voiture) d\u00e8s 18 ans (17 ans pour la cat\u00e9gorie B si formation \u00e0 la conduite accompagn\u00e9e).<\/li>\n<li>S\u2019inscrire aux \u00e9preuves de la capacit\u00e9 de conduire 1 (cyclomoteur) d\u00e8s 14 ans et 2 (voiture) d\u00e8s 18 ans.<\/li>\n<\/ul>\n<\/div><div class=\"fusion-clearfix\"><\/div><\/div><\/div><\/div><\/div><div class=\"fusion-fullwidth fullwidth-box fusion-builder-row-2 nonhundred-percent-fullwidth non-hundred-percent-height-scrolling fusion-equal-height-columns\" style=\"--awb-border-radius-top-left:0px;--awb-border-radius-top-right:0px;--awb-border-radius-bottom-right:0px;--awb-border-radius-bottom-left:0px;--awb-flex-wrap:wrap;\" ><div class=\"fusion-builder-row fusion-row\"><div class=\"fusion-layout-column fusion_builder_column fusion-builder-column-1 fusion_builder_column_1_2 1_2 fusion-one-half fusion-column-first fusion-column-inner-bg-wrapper\" style=\"--awb-overflow:hidden;--awb-inner-bg-color:rgba(168,145,0,0.35);--awb-inner-bg-color-hover:rgba(168,145,0,0.35);--awb-inner-bg-position:center center;--awb-inner-bg-size:cover;--awb-border-radius:10px 10px 10px 10px;--awb-inner-bg-border-radius:10px 10px 10px 10px;--awb-inner-bg-overflow:hidden;width:50%;width:calc(50% - ( ( 4% ) * 0.5 ) );margin-right: 4%;\"><span class=\"fusion-column-inner-bg hover-type-zoomin\"><span class=\"fusion-column-anchor\"><span class=\"fusion-column-inner-bg-image lazyload\" data-bg=\"https:\/\/www.service-public.pf\/dtt\/wp-content\/uploads\/sites\/47\/2022\/09\/fond-200x300.png\"><\/span><\/span><\/span><div class=\"fusion-column-wrapper fusion-column-has-shadow fusion-flex-column-wrapper-legacy fusion-column-has-bg-image\" data-bg-url=\"https:\/\/www.service-public.pf\/dtt\/wp-content\/uploads\/sites\/47\/2022\/09\/fond-200x300.png\"><div class=\"fusion-text fusion-text-5 fusion-text-no-margin\" style=\"--awb-margin-top:5px;--awb-margin-right:5px;--awb-margin-bottom:5px;--awb-margin-left:28%;\"><h1 style=\"text-align: center\"><span style=\"color: #ff99cc\"><strong>Vous avez perdu votre attestation\u00a0?<\/strong><\/span><\/h1>\n<h1 style=\"text-align: center\"><span style=\"color: #ff99cc\">\u00a0<\/span><\/h1>\n<\/div><div class=\"fusion-text fusion-text-6 fusion-text-no-margin\" style=\"--awb-margin-right:5px;--awb-margin-bottom:5px;--awb-margin-left:28%;\"><p>Rapprochez-vous de votre coll\u00e8ge car la DTT ou la DGEE ne disposent pas des archives des ASSR d\u00e9livr\u00e9es en Polyn\u00e9sie fran\u00e7aise.<\/p>\n<p><strong>Vous n\u2019avez jamais obtenu l\u2019ASSR en classe de 5<sup>i\u00e8me<\/sup> et 3<sup>i\u00e8me<\/sup> ou votre coll\u00e8ge n\u2019est pas en mesure de vous d\u00e9livrer une nouvelle attestation\u00a0?<\/strong><\/p>\n<p>Pas d\u2019inqui\u00e9tude, la DTT est l\u00e0 pour que vous puissiez obtenir une Attestation de S\u00e9curit\u00e9 Routi\u00e8re, \u00e9quivalent des ASSR 1 et 2.<\/p>\n<p>Pour ce faire, t\u00e9l\u00e9charger le formulaire de demande de d\u00e9livrance de Brevet de S\u00e9curit\u00e9 Routi\u00e8re :<\/p>\n<\/div><div class=\"fusion-button-wrapper\"><a class=\"fusion-button button-flat button-xlarge button-custom fusion-button-default button-1 fusion-button-default-span fusion-button-default-type\" style=\"--awb-margin-top:2%;--awb-margin-right:2%;--awb-margin-bottom:2%;--awb-margin-left:2%;--button_accent_color:#ffffff;--button_accent_hover_color:#ffffff;--button_border_hover_color:#ffffff;--button-border-radius-top-left:10px;--button-border-radius-top-right:10px;--button-border-radius-bottom-right:10px;--button-border-radius-bottom-left:10px;--button_gradient_start:75%;--button_gradient_top_color:#223880;--button_gradient_bottom_color:#223880;--button_gradient_top_color_hover:#223880;--button_gradient_bottom_color_hover:#223880;\" target=\"_self\" href=\"https:\/\/www.service-public.pf\/dtt\/wp-content\/uploads\/sites\/47\/2022\/09\/01_Demande_de_delivrance_de_bsr.pdf\"><i class=\"fa-edit fas awb-button__icon awb-button__icon--default button-icon-left\" aria-hidden=\"true\"><\/i><span class=\"fusion-button-text awb-button__text awb-button__text--default\">Demande de d\u00e9livrance de Brevet de S\u00e9curit\u00e9 Routi\u00e8re (BSR)<\/span><\/a><\/div><div class=\"fusion-text fusion-text-7 fusion-text-no-margin\" style=\"--awb-margin-right:5px;--awb-margin-bottom:5px;--awb-margin-left:28%;\"><p>Remplissez au stylo noir les champs relatifs \u00e0 votre \u00e9tat \u2013 civil et votre adresse, sans oublier d\u2019y joindre\u00a0:<\/p>\n<ul>\n<li>Deux photographies d\u2019identit\u00e9\u00a0;<\/li>\n<li>Une copie d\u2019une pi\u00e8ce d\u2019identit\u00e9 en cours de validit\u00e9\u00a0avec une adresse en Polyn\u00e9sie fran\u00e7aise*\u00a0;<\/li>\n<li>Votre attestation de recensement si vous avez entre 16 et 18 ans\u00a0;<\/li>\n<li>Votre JDC si vous avez entre 18 et 25 ans\u00a0;<\/li>\n<li>Pour les candidats mineurs, l\u2019autorisation du repr\u00e9sentant l\u00e9gal \u00e0 compl\u00e9ter sur le dossier et la copie d\u2019un justificatif d\u2019identit\u00e9 en cours de validit\u00e9 (le livret de famille ou la d\u00e9cision de justice si le repr\u00e9sentant l\u00e9gal ne porte pas le m\u00eame nom que le candidat).<\/li>\n<\/ul>\n<p>*Si l\u2019adresse mentionn\u00e9e sur la pi\u00e8ce d\u2019identit\u00e9 est hors Polyn\u00e9sie fran\u00e7aise, le candidat devra fournir la preuve de sa r\u00e9sidence normale en Polyn\u00e9sie fran\u00e7aise avec l\u2019un des documents suivants\u00a0:<\/p>\n<ul>\n<li>Une carte \u00e9tudiant pour l\u2019ann\u00e9e scolaire ou universitaire en cours\u00a0;<\/li>\n<li>Une carte CPS faisant valoir des droits pour 185 jours minimums\u00a0;<\/li>\n<li>Une facture EDT au nom du demandeur ou de son repr\u00e9sentant l\u00e9gal faisant \u00e9tat de 185 jours minimums de consommation\u00a0;<\/li>\n<li>Un contrat de travail ou un arr\u00eat\u00e9 d\u2019affection pour la Polyn\u00e9sie fran\u00e7aise pour une p\u00e9riode de 185 jours minimums.<\/li>\n<\/ul>\n<\/div><div class=\"fusion-clearfix\"><\/div><\/div><\/div><div class=\"fusion-layout-column fusion_builder_column fusion-builder-column-2 fusion_builder_column_1_2 1_2 fusion-one-half fusion-column-last fusion-column-inner-bg-wrapper\" style=\"--awb-overflow:hidden;--awb-inner-bg-color:rgba(168,145,0,0.35);--awb-inner-bg-color-hover:rgba(168,145,0,0.35);--awb-inner-bg-position:center center;--awb-inner-bg-size:cover;--awb-border-radius:10px 10px 10px 10px;--awb-inner-bg-border-radius:10px 10px 10px 10px;--awb-inner-bg-overflow:hidden;width:50%;width:calc(50% - ( ( 4% ) * 0.5 ) );\"><span class=\"fusion-column-inner-bg hover-type-zoomin\"><span class=\"fusion-column-anchor\"><span class=\"fusion-column-inner-bg-image lazyload\" data-bg=\"https:\/\/www.service-public.pf\/dtt\/wp-content\/uploads\/sites\/47\/2022\/09\/fond-200x300.png\"><\/span><\/span><\/span><div class=\"fusion-column-wrapper fusion-column-has-shadow fusion-flex-column-wrapper-legacy fusion-column-has-bg-image\" data-bg-url=\"https:\/\/www.service-public.pf\/dtt\/wp-content\/uploads\/sites\/47\/2022\/09\/fond-200x300.png\"><div class=\"fusion-text fusion-text-8 fusion-text-no-margin\" style=\"--awb-margin-top:5px;--awb-margin-right:5px;--awb-margin-bottom:5px;--awb-margin-left:28%;\"><h1 style=\"text-align: center\"><span style=\"color: #ff99cc\"><strong>Important<\/strong><br \/>\n<\/span><\/h1>\n<\/div><div class=\"fusion-text fusion-text-9 fusion-text-no-margin\" style=\"--awb-margin-right:5px;--awb-margin-bottom:5px;--awb-margin-left:28%;\"><p>L\u2019examen ASR est gratuit, pas de timbre \u00e0 fournir.<\/p>\n<p>Pas de contr\u00f4le m\u00e9dical obligatoire pour se pr\u00e9senter \u00e0 l\u2019ASR.<\/p>\n<p><strong>Votre dossier est complet\u00a0? <\/strong><\/p>\n<p>Merci de le num\u00e9riser et de l\u2019envoyer \u00e0 <a href=\"mailto:dtt@transport.gov.pf\">dtt@transport.gov.pf<\/a><\/p>\n<p>Les examinateurs du permis de conduire, apr\u00e8s validation de votre dossier, vous communiquerons une date d\u2019examen.<\/p>\n<p>Et comme la DTT pense aux \u00e9tudiants, l\u2019examen aura lieu un mercredi apr\u00e8s-midi.<\/p>\n<\/div><div class=\"fusion-clearfix\"><\/div><\/div><\/div><\/div><\/div><\/p>\n","protected":false},"excerpt":{"rendered":"","protected":false},"author":270,"featured_media":0,"parent":0,"menu_order":0,"comment_status":"closed","ping_status":"closed","template":"","meta":{"_acf_changed":false,"_seopress_robots_primary_cat":"","_seopress_titles_title":"","_seopress_titles_desc":"","_seopress_robots_index":"","footnotes":""},"class_list":["post-2619","page","type-page","status-publish","hentry"],"acf":[],"_links":{"self":[{"href":"https:\/\/www.service-public.pf\/dtt\/wp-json\/wp\/v2\/pages\/2619","targetHints":{"allow":["GET"]}}],"collection":[{"href":"https:\/\/www.service-public.pf\/dtt\/wp-json\/wp\/v2\/pages"}],"about":[{"href":"https:\/\/www.service-public.pf\/dtt\/wp-json\/wp\/v2\/types\/page"}],"author":[{"embeddable":true,"href":"https:\/\/www.service-public.pf\/dtt\/wp-json\/wp\/v2\/users\/270"}],"replies":[{"embeddable":true,"href":"https:\/\/www.service-public.pf\/dtt\/wp-json\/wp\/v2\/comments?post=2619"}],"version-history":[{"count":0,"href":"https:\/\/www.service-public.pf\/dtt\/wp-json\/wp\/v2\/pages\/2619\/revisions"}],"wp:attachment":[{"href":"https:\/\/www.service-public.pf\/dtt\/wp-json\/wp\/v2\/media?parent=2619"}],"curies":[{"name":"wp","href":"https:\/\/api.w.org\/{rel}","templated":true}]}}