{"id":3559,"date":"2025-01-07T16:32:32","date_gmt":"2025-01-08T02:32:32","guid":{"rendered":"https:\/\/www.service-public.pf\/dtt\/?page_id=3559"},"modified":"2026-01-18T21:36:23","modified_gmt":"2026-01-19T07:36:23","slug":"les-professions-du-transport-old","status":"publish","type":"page","link":"https:\/\/www.service-public.pf\/dtt\/les-professions-du-transport-old\/","title":{"rendered":"Les professions du transport"},"content":{"rendered":"<p><div class=\"fusion-fullwidth fullwidth-box fusion-builder-row-1 fusion-flex-container has-pattern-background has-mask-background nonhundred-percent-fullwidth non-hundred-percent-height-scrolling\" style=\"--awb-border-radius-top-left:0px;--awb-border-radius-top-right:0px;--awb-border-radius-bottom-right:0px;--awb-border-radius-bottom-left:0px;--awb-flex-wrap:wrap;\" ><div class=\"fusion-builder-row fusion-row fusion-flex-align-items-flex-start fusion-flex-content-wrap\" style=\"max-width:99.84%;margin-left: calc(-4% \/ 2 );margin-right: calc(-4% \/ 2 );\"><div class=\"fusion-layout-column fusion_builder_column fusion-builder-column-0 fusion_builder_column_1_1 1_1 fusion-flex-column\" style=\"--awb-bg-size:cover;--awb-width-large:100%;--awb-margin-top-large:0px;--awb-spacing-right-large:1.92%;--awb-margin-bottom-large:20px;--awb-spacing-left-large:1.92%;--awb-width-medium:100%;--awb-order-medium:0;--awb-spacing-right-medium:1.92%;--awb-spacing-left-medium:1.92%;--awb-width-small:100%;--awb-order-small:0;--awb-spacing-right-small:1.92%;--awb-spacing-left-small:1.92%;\"><div class=\"fusion-column-wrapper fusion-column-has-shadow fusion-flex-justify-content-flex-start fusion-content-layout-column\"><div class=\"fusion-title title fusion-title-1 fusion-sep-none fusion-title-text fusion-title-size-one\" style=\"--awb-margin-top:10px;--awb-margin-top-small:0px;--awb-margin-right-small:0px;--awb-margin-bottom-small:20px;--awb-margin-left-small:0px;\"><h1 class=\"fusion-title-heading title-heading-left\" style=\"margin:0;\"><span style=\"color: #000080\"><strong>Professions du transport<\/strong><\/span><\/h1><\/div><div class=\"fusion-text fusion-text-1\"><p><span style=\"font-size: 11pt\" data-fusion-font=\"true\">L\u2019exercice d\u2019une activit\u00e9 professionnelle de transport terrestre est r\u00e9glement\u00e9 en Polyn\u00e9sie fran\u00e7aise. Le <b>chauffeur<\/b>, les<b> v\u00e9hicules en exploitation<\/b> et, dans certains cas, les <b>tarifs<\/b> doivent \u00eatre conformes \u00e0 la r\u00e9glementation.<\/span><\/p>\n<p><span style=\"font-size: 11pt\" data-fusion-font=\"true\">Avant d&rsquo;exercer cette activit\u00e9, et outre les titres de conduite correspondant aux cat\u00e9gories de v\u00e9hicules concern\u00e9s, les professionnels doivent obtenir une qualification : l&rsquo;<b>Attestation de Qualification Professionnelle<\/b> (AQP). Seuls les titulaires de l\u2019AQP et de la carte professionnelle sont autoris\u00e9s \u00e0 exercer la profession de conducteur de transport de personnes.<\/span><\/p>\n<\/div><ul style=\"--awb-margin-top:-10px;--awb-margin-bottom:20px;--awb-iconcolor:var(--awb-color5);--awb-line-height:23.8px;--awb-icon-width:23.8px;--awb-icon-height:23.8px;--awb-icon-margin:9.8px;--awb-content-margin:33.6px;--awb-circlecolor:rgba(160,206,78,0);--awb-circle-yes-font-size:12.32px;\" class=\"fusion-checklist fusion-checklist-1 fusion-checklist-default fusion-checklist-divider type-icons\"><li class=\"fusion-li-item\" style=\"\"><span class=\"icon-wrapper circle-yes\"><i class=\"fusion-li-icon fa-angle-right fas\" aria-hidden=\"true\"><\/i><\/span><div class=\"fusion-li-item-content\">\n<p><a href=\"https:\/\/www.service-public.pf\/dtt\/wp-content\/uploads\/sites\/47\/2024\/12\/2024_schema_transport_de_personnes_PF.pdf\"><span style=\"font-size: 10pt\"><u>Consultez le sch\u00e9ma du transport de personnes en Polyn\u00e9sie fran\u00e7aise<\/u><\/span><\/a><\/p>\n<\/div><\/li><li class=\"fusion-li-item\" style=\"\"><span class=\"icon-wrapper circle-yes\"><i class=\"fusion-li-icon fa-angle-right fas\" aria-hidden=\"true\"><\/i><\/span><div class=\"fusion-li-item-content\">\n<p><a href=\"https:\/\/www.service-public.pf\/dtt\/wp-content\/uploads\/sites\/47\/2024\/11\/2024_cartographie_transport_public_PF.pdf\"><span style=\"font-size: 10pt\"><u>Consultez la cartographie du transport public de personnes en Polyn\u00e9sie fran\u00e7aise<\/u><\/span><\/a><\/p>\n<\/div><\/li><\/ul><div class=\"fusion-text fusion-text-2\"><p data-fusion-font=\"true\" style=\"font-size: 15px\">\ud83d\udc49 Vous souhaitez <b>signaler un professionnel du transport terrestre<\/b> ou <b>d\u00e9noncer un exercice ill\u00e9gal de la profession<\/b> ? Contactez la Direction des transports terrestres pour d\u00e9poser votre r\u00e9clamation.<\/p>\n<\/div><div ><a class=\"fusion-button button-flat fusion-button-default-size button-default fusion-button-default button-1 fusion-button-span-yes fusion-button-default-type\" style=\"--button_text_transform:lowercase;--button_typography-font-family:-apple-system, BlinkMacSystemFont, &#039;Segoe UI&#039;, Roboto, Oxygen-Sans, Ubuntu, Cantarell, &#039;Helvetica Neue&#039; ,sans-serif;--button_typography-font-style:normal;--button_typography-font-weight:400;\" target=\"_self\" href=\"https:\/\/www.service-public.pf\/dtt\/reclamation-concernant-un-service-professionnel-de-transport\/\"><i class=\"fa-bullhorn fas awb-button__icon awb-button__icon--default button-icon-left\" aria-hidden=\"true\"><\/i><span class=\"fusion-button-text awb-button__text awb-button__text--default\">Faire une r\u00e9clamation concernant un service de transport<\/span><\/a><\/div><\/div><\/div><\/div><\/div><div class=\"fusion-fullwidth fullwidth-box fusion-builder-row-2 nonhundred-percent-fullwidth non-hundred-percent-height-scrolling\" style=\"--awb-border-style:dashed;--awb-border-radius-top-left:0px;--awb-border-radius-top-right:0px;--awb-border-radius-bottom-right:0px;--awb-border-radius-bottom-left:0px;--awb-flex-wrap:wrap;\" ><div class=\"fusion-builder-row fusion-row\"><div class=\"fusion-layout-column fusion_builder_column fusion-builder-column-1 fusion_builder_column_1_1 1_1 fusion-one-full fusion-column-first fusion-column-last\" style=\"--awb-bg-size:cover;\"><div class=\"fusion-column-wrapper fusion-column-has-shadow fusion-flex-column-wrapper-legacy\"><div class=\"fusion-content-boxes content-boxes columns row fusion-columns-3 fusion-columns-total-8 fusion-content-boxes-1 content-boxes-icon-with-title content-left has-flex-alignment\" style=\"--awb-backgroundcolor:var(--awb-color1);--awb-border-radius-top-left:5px;--awb-border-radius-top-right:5px;--awb-border-radius-bottom-right:5px;--awb-border-radius-bottom-left:5px;--awb-alignment:stretch;--awb-body-color:var(--awb-custom15);--awb-title-color:var(--awb-color5);--awb-hover-accent-color:#a0ce4e;--awb-circle-hover-accent-color:#a0ce4e;--awb-box-shadow:1px 1px 5px 0px var(--awb-color4);;\" data-animationOffset=\"top-into-view\"><div style=\"--awb-backgroundcolor:var(--awb-color1);\" class=\"fusion-column content-box-column content-box-column content-box-column-1 col-lg-4 col-md-4 col-sm-4 fusion-content-box-hover content-box-column-first-in-row\"><div class=\"col content-box-wrapper content-wrapper-background link-area-link-icon link-type-text icon-hover-animation-fade\" data-animationOffset=\"top-into-view\"><div class=\"heading heading-with-icon icon-left\"><a class=\"heading-link\" style=\"float:left;\" href=\"https:\/\/www.service-public.pf\/dtt\/les-activites-professionnelles-du-transport\/les-examens-professionnels-du-transport-aqp-v2\/\" target=\"_blank\" rel=\"noopener noreferrer\"><div aria-hidden=\"true\" class=\"image\"><img decoding=\"async\" class=\"lazyload\" src=\"data:image\/svg+xml,%3Csvg%20xmlns%3D%27http%3A%2F%2Fwww.w3.org%2F2000%2Fsvg%27%20width%3D%271080%27%20height%3D%271080%27%20viewBox%3D%270%200%201080%201080%27%3E%3Crect%20width%3D%271080%27%20height%3D%271080%27%20fill-opacity%3D%220%22%2F%3E%3C%2Fsvg%3E\" data-orig-src=\"https:\/\/www.service-public.pf\/dtt\/wp-content\/uploads\/sites\/47\/2024\/12\/image_bat-3-1024x1024.png\" width=\"100\" height=\"100\" alt=\"\" \/><\/div><h3 class=\"content-box-heading\" style=\"--h3_typography-font-size:17px;line-height:22px;\">L'attestation de qualification professionnelle<\/h3><\/a><\/div><div class=\"fusion-clearfix\"><\/div><a class=\" fusion-read-more\" style=\"float:left;\" href=\"https:\/\/www.service-public.pf\/dtt\/les-activites-professionnelles-du-transport\/les-examens-professionnels-du-transport-aqp-v2\/\" target=\"_blank\" rel=\"noopener noreferrer\">En savoir plus<\/a><div class=\"fusion-clearfix\"><\/div><\/div><\/div><div style=\"--awb-backgroundcolor:var(--awb-color1);\" class=\"fusion-column content-box-column content-box-column content-box-column-2 col-lg-4 col-md-4 col-sm-4 fusion-content-box-hover \"><div class=\"col content-box-wrapper content-wrapper-background link-area-link-icon link-type-text icon-hover-animation-fade\" data-animationOffset=\"top-into-view\"><div class=\"heading heading-with-icon icon-left\"><a class=\"heading-link\" style=\"float:left;\" href=\"https:\/\/www.service-public.pf\/dtt\/lactivite-de-taxi-2\/\" target=\"_blank\" rel=\"noopener noreferrer\"><div aria-hidden=\"true\" class=\"image\"><img decoding=\"async\" class=\"lazyload\" src=\"data:image\/svg+xml,%3Csvg%20xmlns%3D%27http%3A%2F%2Fwww.w3.org%2F2000%2Fsvg%27%20width%3D%271080%27%20height%3D%271080%27%20viewBox%3D%270%200%201080%201080%27%3E%3Crect%20width%3D%271080%27%20height%3D%271080%27%20fill-opacity%3D%220%22%2F%3E%3C%2Fsvg%3E\" data-orig-src=\"https:\/\/www.service-public.pf\/dtt\/wp-content\/uploads\/sites\/47\/2024\/12\/14-1024x1024.png\" width=\"100\" height=\"100\" alt=\"\" \/><\/div><h3 class=\"content-box-heading\" style=\"--h3_typography-font-size:17px;line-height:22px;\">L'activit\u00e9 de taxi<\/h3><\/a><\/div><div class=\"fusion-clearfix\"><\/div><a class=\" fusion-read-more\" style=\"float:left;\" href=\"https:\/\/www.service-public.pf\/dtt\/lactivite-de-taxi-2\/\" target=\"_blank\" rel=\"noopener noreferrer\">En savoir plus<\/a><div class=\"fusion-clearfix\"><\/div><\/div><\/div><div style=\"--awb-backgroundcolor:var(--awb-color1);\" class=\"fusion-column content-box-column content-box-column content-box-column-3 col-lg-4 col-md-4 col-sm-4 fusion-content-box-hover content-box-column-last-in-row\"><div class=\"col content-box-wrapper content-wrapper-background link-area-link-icon link-type-text icon-hover-animation-fade\" data-animationOffset=\"top-into-view\"><div class=\"heading heading-with-icon icon-left\"><a class=\"heading-link\" style=\"float:left;\" href=\"https:\/\/www.service-public.pf\/dtt\/lactivite-de-transport-touristique\/\" target=\"_blank\" rel=\"noopener noreferrer\"><div aria-hidden=\"true\" class=\"image\"><img decoding=\"async\" class=\"lazyload\" src=\"data:image\/svg+xml,%3Csvg%20xmlns%3D%27http%3A%2F%2Fwww.w3.org%2F2000%2Fsvg%27%20width%3D%271080%27%20height%3D%271080%27%20viewBox%3D%270%200%201080%201080%27%3E%3Crect%20width%3D%271080%27%20height%3D%271080%27%20fill-opacity%3D%220%22%2F%3E%3C%2Fsvg%3E\" data-orig-src=\"https:\/\/www.service-public.pf\/dtt\/wp-content\/uploads\/sites\/47\/2024\/12\/16-1024x1024.png\" width=\"100\" height=\"100\" alt=\"\" \/><\/div><h3 class=\"content-box-heading\" style=\"--h3_typography-font-size:17px;line-height:22px;\">L'activit\u00e9 de transport touristique<\/h3><\/a><\/div><div class=\"fusion-clearfix\"><\/div><a class=\" fusion-read-more\" style=\"float:left;\" href=\"https:\/\/www.service-public.pf\/dtt\/lactivite-de-transport-touristique\/\" target=\"_blank\" rel=\"noopener noreferrer\">En savoir plus<\/a><div class=\"fusion-clearfix\"><\/div><\/div><\/div><div style=\"--awb-backgroundcolor:var(--awb-color1);\" class=\"fusion-column content-box-column content-box-column content-box-column-4 col-lg-4 col-md-4 col-sm-4 fusion-content-box-hover content-box-column-first-in-row\"><div class=\"col content-box-wrapper content-wrapper-background link-area-link-icon link-type-text icon-hover-animation-fade\" data-animationOffset=\"top-into-view\"><div class=\"heading heading-with-icon icon-left\"><a class=\"heading-link\" style=\"float:left;\" href=\"https:\/\/www.service-public.pf\/dtt\/lactivite-de-vehicule-multi-transports-v2\/\" target=\"_blank\" rel=\"noopener noreferrer\"><div aria-hidden=\"true\" class=\"image\"><img decoding=\"async\" class=\"lazyload\" src=\"data:image\/svg+xml,%3Csvg%20xmlns%3D%27http%3A%2F%2Fwww.w3.org%2F2000%2Fsvg%27%20width%3D%271080%27%20height%3D%271080%27%20viewBox%3D%270%200%201080%201080%27%3E%3Crect%20width%3D%271080%27%20height%3D%271080%27%20fill-opacity%3D%220%22%2F%3E%3C%2Fsvg%3E\" data-orig-src=\"https:\/\/www.service-public.pf\/dtt\/wp-content\/uploads\/sites\/47\/2024\/12\/13-1024x1024.png\" width=\"100\" height=\"100\" alt=\"\" \/><\/div><h3 class=\"content-box-heading\" style=\"--h3_typography-font-size:17px;line-height:22px;\">L'activit\u00e9 de v\u00e9hicule multi-transports<\/h3><\/a><\/div><div class=\"fusion-clearfix\"><\/div><a class=\" fusion-read-more\" style=\"float:left;\" href=\"https:\/\/www.service-public.pf\/dtt\/lactivite-de-vehicule-multi-transports-v2\/\" target=\"_blank\" rel=\"noopener noreferrer\">En savoir plus<\/a><div class=\"fusion-clearfix\"><\/div><\/div><\/div><div style=\"--awb-backgroundcolor:var(--awb-color1);\" class=\"fusion-column content-box-column content-box-column content-box-column-5 col-lg-4 col-md-4 col-sm-4 fusion-content-box-hover \"><div class=\"col content-box-wrapper content-wrapper-background link-area-link-icon link-type-text icon-hover-animation-fade\" data-animationOffset=\"top-into-view\"><div class=\"heading heading-with-icon icon-left\"><a class=\"heading-link\" style=\"float:left;\" href=\"https:\/\/www.service-public.pf\/dtt\/lactivite-de-vehicule-de-remise-2\/\" target=\"_blank\" rel=\"noopener noreferrer\"><div aria-hidden=\"true\" class=\"image\"><img decoding=\"async\" class=\"lazyload\" src=\"data:image\/svg+xml,%3Csvg%20xmlns%3D%27http%3A%2F%2Fwww.w3.org%2F2000%2Fsvg%27%20width%3D%271080%27%20height%3D%271080%27%20viewBox%3D%270%200%201080%201080%27%3E%3Crect%20width%3D%271080%27%20height%3D%271080%27%20fill-opacity%3D%220%22%2F%3E%3C%2Fsvg%3E\" data-orig-src=\"https:\/\/www.service-public.pf\/dtt\/wp-content\/uploads\/sites\/47\/2024\/12\/15-1024x1024.png\" width=\"100\" height=\"100\" alt=\"\" \/><\/div><h3 class=\"content-box-heading\" style=\"--h3_typography-font-size:17px;line-height:22px;\">L'activit\u00e9 de v\u00e9hicule de remise<\/h3><\/a><\/div><div class=\"fusion-clearfix\"><\/div><a class=\" fusion-read-more\" style=\"float:left;\" href=\"https:\/\/www.service-public.pf\/dtt\/lactivite-de-vehicule-de-remise-2\/\" target=\"_blank\" rel=\"noopener noreferrer\">En savoir plus<\/a><div class=\"fusion-clearfix\"><\/div><\/div><\/div><div style=\"--awb-backgroundcolor:var(--awb-color1);\" class=\"fusion-column content-box-column content-box-column content-box-column-6 col-lg-4 col-md-4 col-sm-4 fusion-content-box-hover content-box-column-last-in-row\"><div class=\"col content-box-wrapper content-wrapper-background link-area-link-icon link-type-text icon-hover-animation-fade\" data-animationOffset=\"top-into-view\"><div class=\"heading heading-with-icon icon-left\"><a class=\"heading-link\" style=\"float:left;\" href=\"https:\/\/www.service-public.pf\/dtt\/les-professions-du-transport\/la-location-de-vehicules-sans-chauffeur-en-polynesie-francaise\/\" target=\"_blank\" rel=\"noopener noreferrer\"><div aria-hidden=\"true\" class=\"image\"><img decoding=\"async\" class=\"lazyload\" src=\"data:image\/svg+xml,%3Csvg%20xmlns%3D%27http%3A%2F%2Fwww.w3.org%2F2000%2Fsvg%27%20width%3D%271080%27%20height%3D%271080%27%20viewBox%3D%270%200%201080%201080%27%3E%3Crect%20width%3D%271080%27%20height%3D%271080%27%20fill-opacity%3D%220%22%2F%3E%3C%2Fsvg%3E\" data-orig-src=\"https:\/\/www.service-public.pf\/dtt\/wp-content\/uploads\/sites\/47\/2024\/12\/17-1024x1024.png\" width=\"100\" height=\"100\" alt=\"\" \/><\/div><h3 class=\"content-box-heading\" style=\"--h3_typography-font-size:17px;line-height:22px;\">La location de v\u00e9hicules sans chauffeur<\/h3><\/a><\/div><div class=\"fusion-clearfix\"><\/div><a class=\" fusion-read-more\" style=\"float:left;\" href=\"https:\/\/www.service-public.pf\/dtt\/les-professions-du-transport\/la-location-de-vehicules-sans-chauffeur-en-polynesie-francaise\/\" target=\"_blank\" rel=\"noopener noreferrer\">En savoir plus<\/a><div class=\"fusion-clearfix\"><\/div><\/div><\/div><div style=\"--awb-backgroundcolor:var(--awb-color1);\" class=\"fusion-column content-box-column content-box-column content-box-column-7 col-lg-4 col-md-4 col-sm-4 fusion-content-box-hover content-box-column-first-in-row\"><div class=\"col content-box-wrapper content-wrapper-background link-area-link-icon link-type-text icon-hover-animation-fade\" data-animationOffset=\"top-into-view\"><div class=\"heading heading-with-icon icon-left\"><a class=\"heading-link\" style=\"float:left;\" href=\"https:\/\/www.service-public.pf\/dtt\/les-professions-du-transport\/le-transport-de-marchandise\/\" target=\"_blank\" rel=\"noopener noreferrer\"><div aria-hidden=\"true\" class=\"image\"><img decoding=\"async\" class=\"lazyload\" src=\"data:image\/svg+xml,%3Csvg%20xmlns%3D%27http%3A%2F%2Fwww.w3.org%2F2000%2Fsvg%27%20width%3D%271080%27%20height%3D%271080%27%20viewBox%3D%270%200%201080%201080%27%3E%3Crect%20width%3D%271080%27%20height%3D%271080%27%20fill-opacity%3D%220%22%2F%3E%3C%2Fsvg%3E\" data-orig-src=\"https:\/\/www.service-public.pf\/dtt\/wp-content\/uploads\/sites\/47\/2024\/12\/image_bat-4-1024x1024.png\" width=\"100\" height=\"100\" alt=\"\" \/><\/div><h3 class=\"content-box-heading\" style=\"--h3_typography-font-size:17px;line-height:22px;\">Le transport de marchandise<\/h3><\/a><\/div><div class=\"fusion-clearfix\"><\/div><a class=\" fusion-read-more\" style=\"float:left;\" href=\"https:\/\/www.service-public.pf\/dtt\/les-professions-du-transport\/le-transport-de-marchandise\/\" target=\"_blank\" rel=\"noopener noreferrer\">En savoir plus<\/a><div class=\"fusion-clearfix\"><\/div><\/div><\/div><div style=\"--awb-backgroundcolor:var(--awb-color1);\" class=\"fusion-column content-box-column content-box-column content-box-column-8 col-lg-4 col-md-4 col-sm-4 fusion-content-box-hover content-box-column-last\"><div class=\"col content-box-wrapper content-wrapper-background link-area-link-icon link-type-text icon-hover-animation-fade\" data-animationOffset=\"top-into-view\"><div class=\"heading icon-left\"><a class=\"heading-link\" style=\"float:left;\" href=\"https:\/\/www.service-public.pf\/dtt\/?page_id=3699&amp;preview=true\" target=\"_blank\" rel=\"noopener noreferrer\"><h3 class=\"content-box-heading\" style=\"--h3_typography-font-size:17px;line-height:22px;\">Le service priv\u00e9 de transport de personnes<\/h3><\/a><\/div><div class=\"fusion-clearfix\"><\/div><a class=\" fusion-read-more\" style=\"float:left;\" href=\"https:\/\/www.service-public.pf\/dtt\/?page_id=3699&amp;preview=true\" target=\"_blank\" rel=\"noopener noreferrer\">En savoir plus<\/a><div class=\"fusion-clearfix\"><\/div><\/div><\/div><div class=\"fusion-clearfix\"><\/div><\/div><div class=\"fusion-clearfix\"><\/div><\/div><\/div><\/div><\/div><div class=\"fusion-fullwidth fullwidth-box fusion-builder-row-3 fusion-flex-container has-pattern-background has-mask-background nonhundred-percent-fullwidth non-hundred-percent-height-scrolling\" style=\"--awb-border-radius-top-left:0px;--awb-border-radius-top-right:0px;--awb-border-radius-bottom-right:0px;--awb-border-radius-bottom-left:0px;--awb-flex-wrap:wrap;\" ><div class=\"fusion-builder-row fusion-row fusion-flex-align-items-flex-start fusion-flex-content-wrap\" style=\"max-width:99.84%;margin-left: calc(-4% \/ 2 );margin-right: calc(-4% \/ 2 );\"><div class=\"fusion-layout-column fusion_builder_column fusion-builder-column-2 fusion_builder_column_1_1 1_1 fusion-flex-column\" style=\"--awb-bg-size:cover;--awb-width-large:100%;--awb-margin-top-large:0px;--awb-spacing-right-large:1.92%;--awb-margin-bottom-large:20px;--awb-spacing-left-large:1.92%;--awb-width-medium:100%;--awb-order-medium:0;--awb-spacing-right-medium:1.92%;--awb-spacing-left-medium:1.92%;--awb-width-small:100%;--awb-order-small:0;--awb-spacing-right-small:1.92%;--awb-spacing-left-small:1.92%;\"><div class=\"fusion-column-wrapper fusion-column-has-shadow fusion-flex-justify-content-flex-start fusion-content-layout-column\"><div class=\"fusion-content-boxes content-boxes columns row fusion-columns-2 fusion-columns-total-2 fusion-content-boxes-2 content-boxes-icon-on-side content-left has-flex-alignment\" style=\"--awb-backgroundcolor:var(--awb-color2);--awb-alignment:stretch;--awb-hover-accent-color:#a0ce4e;--awb-circle-hover-accent-color:#a0ce4e;\" data-animationOffset=\"top-into-view\"><div style=\"--awb-backgroundcolor:var(--awb-color2);--awb-content-padding-left:60px;\" class=\"fusion-column content-box-column content-box-column content-box-column-1 col-lg-6 col-md-6 col-sm-6 fusion-content-box-hover content-box-column-first-in-row\"><div class=\"col content-box-wrapper content-wrapper-background link-area-link-icon link-type-text icon-hover-animation-fade\" data-animationOffset=\"top-into-view\"><div class=\"heading heading-with-icon icon-left\"><a class=\"heading-link\" href=\"mailto:bat.dtt@administration.gov.pf\" target=\"_blank\" rel=\"noopener noreferrer\"><div class=\"icon\"><i style=\"border-color:#333333;border-width:0px;background-color:var(--awb-color5);box-sizing:content-box;height:40px;width:40px;line-height:40px;border-radius:50%;font-size:20px;\" aria-hidden=\"true\" class=\"fontawesome-icon fa-envelope fas circle-yes\"><\/i><\/div><h2 class=\"content-box-heading\" style=\"--h2_typography-font-size:18px;line-height:23px;padding-left:60px;\">Le bureau des activit\u00e9s de transport (BAT)<\/h2><\/a><\/div><div class=\"fusion-clearfix\"><\/div><div class=\"content-container\">\n<p><span style=\"font-size: 10pt\">Le bureau des activit\u00e9s de transport est charg\u00e9 de la gestion administrative des diff\u00e9rentes activit\u00e9s de transports, notamment :<\/span><\/p>\n<ul>\n<li><span style=\"font-size: 10pt\">du secr\u00e9tariat des comit\u00e9s et\/ou commissions charg\u00e9s d\u2019\u00e9mettre un avis pr\u00e9alable \u00e0 toute demande d\u2019autorisation administrative ;<\/span><\/li>\n<li><span style=\"font-size: 10pt\">de la gestion des autorisations administratives ;<\/span><\/li>\n<li><span style=\"font-size: 10pt\">du secr\u00e9tariat des commissions de discipline ;<\/span><\/li>\n<li><span style=\"font-size: 10pt\">des examens professionnels.<\/span><\/li>\n<\/ul>\n<\/div><div class=\"fusion-clearfix\"><\/div><a class=\" fusion-read-more\" style=\"margin-left:60px;\" href=\"mailto:bat.dtt@administration.gov.pf\" target=\"_blank\" rel=\"noopener noreferrer\">Nous contacter<\/a><div class=\"fusion-clearfix\"><\/div><\/div><\/div><div style=\"--awb-backgroundcolor:var(--awb-color2);--awb-content-padding-left:60px;\" class=\"fusion-column content-box-column content-box-column content-box-column-2 col-lg-6 col-md-6 col-sm-6 fusion-content-box-hover content-box-column-last content-box-column-last-in-row\"><div class=\"col content-box-wrapper content-wrapper-background link-area-link-icon icon-hover-animation-fade\" data-animationOffset=\"top-into-view\"><div class=\"heading heading-with-icon icon-left\"><div class=\"icon\"><i style=\"border-color:#333333;border-width:0px;background-color:var(--awb-color5);box-sizing:content-box;height:40px;width:40px;line-height:40px;border-radius:50%;font-size:20px;\" aria-hidden=\"true\" class=\"fontawesome-icon fa-envelope fas circle-yes\"><\/i><\/div><h2 class=\"content-box-heading\" style=\"--h2_typography-font-size:18px;line-height:23px;padding-left:60px;\">Les circonscriptions administratives - les services de la DTT d\u00e9concentr\u00e9s <\/h2><\/div><div class=\"fusion-clearfix\"><\/div><div class=\"content-container\">\n<p><span style=\"font-size: 10pt\">Les circonscriptions administratives de vos archipels sont charg\u00e9es de vous accompagner dans vos d\u00e9marches. Contactez directement les services d\u00e9di\u00e9s de votre archipel :<\/span><\/p>\n<ul>\n<li><span style=\"font-size: 10pt\"><b>Tuamotu-Gambier<\/b> : secretariat.ctg@administration.gov.pf<\/span><\/li>\n<li><span style=\"font-size: 10pt\"><b>Marquises :<\/b> bdv.cmq@archipels.gov.pf<\/span><\/li>\n<li><span style=\"font-size: 10pt\"><b>Australes<\/b> : secretariat.tubuai@archipels.gov.pf<\/span><\/li>\n<li><span style=\"font-size: 10pt\"><b>\u00celes-sous-le-Vent<\/b> : developpement@raiatea.csv.gov.pf<\/span><\/li>\n<\/ul>\n<\/div><\/div><\/div><div class=\"fusion-clearfix\"><\/div><\/div><\/div><\/div><\/div><\/div><\/p>\n","protected":false},"excerpt":{"rendered":"","protected":false},"author":271,"featured_media":0,"parent":0,"menu_order":0,"comment_status":"closed","ping_status":"closed","template":"","meta":{"_acf_changed":false,"_seopress_robots_primary_cat":"","_seopress_titles_title":"","_seopress_titles_desc":"","_seopress_robots_index":"","footnotes":""},"class_list":["post-3559","page","type-page","status-publish","hentry"],"acf":[],"_links":{"self":[{"href":"https:\/\/www.service-public.pf\/dtt\/wp-json\/wp\/v2\/pages\/3559","targetHints":{"allow":["GET"]}}],"collection":[{"href":"https:\/\/www.service-public.pf\/dtt\/wp-json\/wp\/v2\/pages"}],"about":[{"href":"https:\/\/www.service-public.pf\/dtt\/wp-json\/wp\/v2\/types\/page"}],"author":[{"embeddable":true,"href":"https:\/\/www.service-public.pf\/dtt\/wp-json\/wp\/v2\/users\/271"}],"replies":[{"embeddable":true,"href":"https:\/\/www.service-public.pf\/dtt\/wp-json\/wp\/v2\/comments?post=3559"}],"version-history":[{"count":35,"href":"https:\/\/www.service-public.pf\/dtt\/wp-json\/wp\/v2\/pages\/3559\/revisions"}],"predecessor-version":[{"id":6476,"href":"https:\/\/www.service-public.pf\/dtt\/wp-json\/wp\/v2\/pages\/3559\/revisions\/6476"}],"wp:attachment":[{"href":"https:\/\/www.service-public.pf\/dtt\/wp-json\/wp\/v2\/media?parent=3559"}],"curies":[{"name":"wp","href":"https:\/\/api.w.org\/{rel}","templated":true}]}}