{"id":5593,"date":"2026-01-04T09:12:48","date_gmt":"2026-01-04T19:12:48","guid":{"rendered":"https:\/\/www.service-public.pf\/dtt\/?page_id=5593"},"modified":"2026-01-18T21:47:56","modified_gmt":"2026-01-19T07:47:56","slug":"lactivite-de-vehicule-de-remise-2","status":"publish","type":"page","link":"https:\/\/www.service-public.pf\/dtt\/professionnels\/lactivite-de-vehicule-de-remise-2\/","title":{"rendered":"L\u2019activit\u00e9 de v\u00e9hicule de remise"},"content":{"rendered":"<p><div class=\"fusion-fullwidth fullwidth-box fusion-builder-row-1 fusion-flex-container has-pattern-background has-mask-background nonhundred-percent-fullwidth non-hundred-percent-height-scrolling\" style=\"--awb-border-radius-top-left:0px;--awb-border-radius-top-right:0px;--awb-border-radius-bottom-right:0px;--awb-border-radius-bottom-left:0px;--awb-flex-wrap:wrap;\" ><div class=\"fusion-builder-row fusion-row fusion-flex-align-items-flex-start fusion-flex-content-wrap\" style=\"max-width:99.84%;margin-left: calc(-4% \/ 2 );margin-right: calc(-4% \/ 2 );\"><div class=\"fusion-layout-column fusion_builder_column fusion-builder-column-0 fusion_builder_column_1_1 1_1 fusion-flex-column\" style=\"--awb-bg-size:cover;--awb-width-large:100%;--awb-margin-top-large:0px;--awb-spacing-right-large:1.92%;--awb-margin-bottom-large:20px;--awb-spacing-left-large:1.92%;--awb-width-medium:100%;--awb-order-medium:0;--awb-spacing-right-medium:1.92%;--awb-spacing-left-medium:1.92%;--awb-width-small:100%;--awb-order-small:0;--awb-spacing-right-small:1.92%;--awb-spacing-left-small:1.92%;\"><div class=\"fusion-column-wrapper fusion-column-has-shadow fusion-flex-justify-content-flex-start fusion-content-layout-column\"><div class=\"fusion-separator fusion-full-width-sep\" style=\"align-self: center;margin-left: auto;margin-right: auto;margin-top:15px;margin-bottom:15px;width:100%;\"><\/div><div class=\"fusion-separator fusion-full-width-sep\" style=\"align-self: center;margin-left: auto;margin-right: auto;margin-top:15px;margin-bottom:15px;width:100%;\"><\/div><\/div><\/div><\/div><\/div><div class=\"fusion-fullwidth fullwidth-box fusion-builder-row-2 fusion-flex-container has-pattern-background has-mask-background nonhundred-percent-fullwidth non-hundred-percent-height-scrolling\" style=\"--awb-border-radius-top-left:0px;--awb-border-radius-top-right:0px;--awb-border-radius-bottom-right:0px;--awb-border-radius-bottom-left:0px;--awb-flex-wrap:wrap;\" ><div class=\"fusion-builder-row fusion-row fusion-flex-align-items-flex-start fusion-flex-content-wrap\" style=\"max-width:99.84%;margin-left: calc(-4% \/ 2 );margin-right: calc(-4% \/ 2 );\"><div class=\"fusion-layout-column fusion_builder_column fusion-builder-column-1 fusion_builder_column_2_3 2_3 fusion-flex-column\" style=\"--awb-bg-size:cover;--awb-width-large:66.666666666667%;--awb-margin-top-large:0px;--awb-spacing-right-large:2.88%;--awb-margin-bottom-large:20px;--awb-spacing-left-large:2.88%;--awb-width-medium:100%;--awb-order-medium:0;--awb-spacing-right-medium:1.92%;--awb-spacing-left-medium:1.92%;--awb-width-small:100%;--awb-order-small:0;--awb-spacing-right-small:1.92%;--awb-spacing-left-small:1.92%;\"><div class=\"fusion-column-wrapper fusion-column-has-shadow fusion-flex-justify-content-flex-start fusion-content-layout-column\"><div class=\"fusion-separator fusion-full-width-sep\" style=\"align-self: center;margin-left: auto;margin-right: auto;margin-top:15px;margin-bottom:15px;width:100%;\"><\/div><div class=\"fusion-separator fusion-full-width-sep\" style=\"align-self: center;margin-left: auto;margin-right: auto;margin-top:15px;margin-bottom:15px;width:100%;\"><\/div><div class=\"fusion-text fusion-text-1\" style=\"--awb-content-alignment:justify;\"><p>Les v\u00e9hicules de remise sont \u00e9quip\u00e9s pour un <strong>transport de luxe<\/strong>, avec des am\u00e9nagements int\u00e9rieurs et une puissance adapt\u00e9s aux besoins des clients haut de gamme et du transport des hautes personnalit\u00e9s.<\/p>\n<\/div><div class=\"fusion-text fusion-text-2 espacepuce\"><p><strong>Mode de prise en charge de la client\u00e8le :<\/strong><\/p>\n<ul>\n<li><strong>R\u00e9servation pr\u00e9alable<\/strong> : Le service de transport est exclusivement accessible sur r\u00e9servation, les conditions \u00e9tant d\u00e9finies \u00e0 l&rsquo;avance entre le client et le prestataire.<\/li>\n<li><strong>Zone de prise en charge<\/strong> : Contrairement aux taxis, les v\u00e9hicules de remise ne stationnent pas dans des stations de taxis. Ils r\u00e9cup\u00e8rent et d\u00e9posent les clients aux lieux sp\u00e9cifi\u00e9s lors de la r\u00e9servation. <strong>Sont interdits :<\/strong> la circulation sur la voie publique en qu\u00eate de client (= la maraude), la prise en charge de client sur la voie publique sans r\u00e9servation pr\u00e9alable et le stationnement sur la voie publique en attente de client.<\/li>\n<\/ul>\n<\/div><\/div><\/div><div class=\"fusion-layout-column fusion_builder_column fusion-builder-column-2 fusion_builder_column_1_3 1_3 fusion-flex-column\" style=\"--awb-padding-top:30px;--awb-padding-right:50px;--awb-padding-bottom:50px;--awb-padding-left:50px;--awb-padding-top-small:30px;--awb-padding-bottom-small:40px;--awb-padding-left-small:20px;--awb-bg-color:#f7f7f7;--awb-bg-color-hover:#f7f7f7;--awb-bg-size:cover;--awb-box-shadow:3px 3px 2px 1px #dddddd;;--awb-border-color:#223780;--awb-border-left:7px;--awb-border-style:solid;--awb-width-large:33.333333333333%;--awb-margin-top-large:0px;--awb-spacing-right-large:5.76%;--awb-margin-bottom-large:20px;--awb-spacing-left-large:5.76%;--awb-width-medium:100%;--awb-order-medium:0;--awb-spacing-right-medium:1.92%;--awb-spacing-left-medium:1.92%;--awb-width-small:100%;--awb-order-small:0;--awb-spacing-right-small:1.92%;--awb-margin-bottom-small:60px;--awb-spacing-left-small:1.92%;\"><div class=\"fusion-column-wrapper fusion-column-has-shadow fusion-flex-justify-content-flex-start fusion-content-layout-column\"><i class=\"fb-icon-element-1 fb-icon-element fontawesome-icon fa-user-friends fas circle-yes\" style=\"--awb-circlecolor:#223780;--awb-circlecolor-hover:#223780;--awb-circlebordercolor:rgba(51,51,51,0);--awb-circlebordercolor-hover:#223780;--awb-circlebordersize:1px;--awb-font-size:28.16px;--awb-width:56.32px;--awb-height:56.32px;--awb-line-height:54.32px;--awb-align-self:center;--awb-margin-top:-55px;--awb-margin-right:0px;--awb-margin-bottom:0px;--awb-margin-left:0px;\"><\/i><div class=\"fusion-separator fusion-full-width-sep\" style=\"align-self: center;margin-left: auto;margin-right: auto;margin-top:15px;margin-bottom:15px;width:100%;\"><\/div><div class=\"fusion-text fusion-text-3\"><p style=\"text-align: center;\"><span style=\"text-transform: uppercase; font-weight: bold;\">Le bureau des activit\u00e9s de transport (BAT)<\/span><\/p>\n<p style=\"text-align: left;\"><strong>O\u00f9 se renseigner ? Comment pr\u00e9parer mon projet ?<\/strong><\/p>\n<p>Le bureau des activit\u00e9s de transport est situ\u00e9 \u00e0 Pirae, \u00e0 la Direction des transports terrestres<\/p>\n<\/div><ul style=\"--awb-size:16px;--awb-line-height:27.2px;--awb-icon-width:27.2px;--awb-icon-height:27.2px;--awb-icon-margin:11.2px;--awb-content-margin:38.4px;--awb-circlecolor:#223780;--awb-circle-yes-font-size:14.08px;\" class=\"fusion-checklist fusion-checklist-1 fusion-checklist-default type-icons\"><li class=\"fusion-li-item\" style=\"\"><span class=\"icon-wrapper circle-yes\"><i class=\"fusion-li-icon fa-calendar fas\" aria-hidden=\"true\"><\/i><\/span><div class=\"fusion-li-item-content\">\n<p>lundi \u00e0 mercredi de 7h30 \u00e0 14h30, et le jeudi et vendredi de 7h30 \u00e0 12h<\/p>\n<\/div><\/li><li class=\"fusion-li-item\" style=\"\"><span class=\"icon-wrapper circle-yes\"><i class=\"fusion-li-icon fa-phone-rotary fas\" aria-hidden=\"true\"><\/i><\/span><div class=\"fusion-li-item-content\"><a href=\"tel:+68940549653\">40 54 96 53<\/a><\/div><\/li><li class=\"fusion-li-item\" style=\"\"><span class=\"icon-wrapper circle-yes\"><i class=\"fusion-li-icon fa-at fas\" aria-hidden=\"true\"><\/i><\/span><div class=\"fusion-li-item-content\"><a href=\"mailto:bat.dtt@administration.gov.pf\" target=\"_blank\" rel=\"noopener\">bat.dtt@administration.gov.pf<\/a><\/div><\/li><\/ul><\/div><\/div><\/div><\/div><div class=\"fusion-fullwidth fullwidth-box fusion-builder-row-3 fusion-flex-container has-pattern-background has-mask-background nonhundred-percent-fullwidth non-hundred-percent-height-scrolling\" style=\"--awb-border-radius-top-left:0px;--awb-border-radius-top-right:0px;--awb-border-radius-bottom-right:0px;--awb-border-radius-bottom-left:0px;--awb-flex-wrap:wrap;\" ><div class=\"fusion-builder-row fusion-row fusion-flex-align-items-flex-start fusion-flex-content-wrap\" style=\"max-width:99.84%;margin-left: calc(-4% \/ 2 );margin-right: calc(-4% \/ 2 );\"><div class=\"fusion-layout-column fusion_builder_column fusion-builder-column-3 fusion_builder_column_1_1 1_1 fusion-flex-column\" style=\"--awb-bg-size:cover;--awb-width-large:100%;--awb-margin-top-large:0px;--awb-spacing-right-large:1.92%;--awb-margin-bottom-large:20px;--awb-spacing-left-large:1.92%;--awb-width-medium:100%;--awb-order-medium:0;--awb-spacing-right-medium:1.92%;--awb-spacing-left-medium:1.92%;--awb-width-small:100%;--awb-order-small:0;--awb-spacing-right-small:1.92%;--awb-spacing-left-small:1.92%;\"><div class=\"fusion-column-wrapper fusion-column-has-shadow fusion-flex-justify-content-flex-start fusion-content-layout-column\"><div class=\"fusion-separator fusion-full-width-sep\" style=\"align-self: center;margin-left: auto;margin-right: auto;margin-top:15px;margin-bottom:15px;width:100%;\"><\/div><\/div><\/div><\/div><\/div><div class=\"fusion-fullwidth fullwidth-box fusion-builder-row-4 fusion-flex-container has-pattern-background has-mask-background nonhundred-percent-fullwidth non-hundred-percent-height-scrolling\" style=\"--awb-border-radius-top-left:0px;--awb-border-radius-top-right:0px;--awb-border-radius-bottom-right:0px;--awb-border-radius-bottom-left:0px;--awb-flex-wrap:wrap;\" ><div class=\"fusion-builder-row fusion-row fusion-flex-align-items-flex-start fusion-flex-content-wrap\" style=\"max-width:99.84%;margin-left: calc(-4% \/ 2 );margin-right: calc(-4% \/ 2 );\"><div class=\"fusion-layout-column fusion_builder_column fusion-builder-column-4 fusion_builder_column_2_3 2_3 fusion-flex-column\" style=\"--awb-bg-size:cover;--awb-width-large:66.666666666667%;--awb-margin-top-large:0px;--awb-spacing-right-large:2.88%;--awb-margin-bottom-large:20px;--awb-spacing-left-large:2.88%;--awb-width-medium:100%;--awb-order-medium:0;--awb-spacing-right-medium:1.92%;--awb-spacing-left-medium:1.92%;--awb-width-small:100%;--awb-order-small:0;--awb-spacing-right-small:1.92%;--awb-spacing-left-small:1.92%;\"><div class=\"fusion-column-wrapper fusion-column-has-shadow fusion-flex-justify-content-flex-start fusion-content-layout-column\"><div class=\"accordian fusion-accordian\" style=\"margin-bottom:20px;--awb-margin-bottom:20px;--awb-border-size:1px;--awb-icon-size:13px;--awb-content-font-size:16px;--awb-icon-alignment:left;--awb-hover-color:#f9f9f9;--awb-border-color:#cccccc;--awb-background-color:#ffffff;--awb-divider-color:#e0dede;--awb-divider-hover-color:#e0dede;--awb-icon-color:#ffffff;--awb-title-color:#223780;--awb-content-color:#424242;--awb-icon-box-color:#223880;--awb-toggle-hover-accent-color:#e03528;--awb-title-font-family:&quot;Public Sans&quot;;--awb-title-font-weight:300;--awb-title-font-style:normal;--awb-title-font-size:16px;--awb-content-font-family:&quot;Public Sans&quot;;--awb-content-font-style:normal;--awb-content-font-weight:300;\"><div class=\"panel-group fusion-toggle-icon-boxed\" id=\"accordion-5593-1\"><div class=\"fusion-panel panel-default panel-1a9351f9bbd786df5 fusion-toggle-has-divider\" style=\"--awb-title-color:#223780;--awb-content-color:#424242;\"><div class=\"panel-heading\"><h4 class=\"panel-title toggle\" id=\"toggle_1a9351f9bbd786df5\"><a aria-expanded=\"false\" aria-controls=\"1a9351f9bbd786df5\" role=\"button\" data-toggle=\"collapse\" data-target=\"#1a9351f9bbd786df5\" href=\"#1a9351f9bbd786df5\"><span class=\"fusion-toggle-icon-wrapper\" aria-hidden=\"true\"><i class=\"fa-fusion-box active-icon fa-angle-down fas\" aria-hidden=\"true\"><\/i><i class=\"fa-fusion-box inactive-icon fa-angle-right fas\" aria-hidden=\"true\"><\/i><\/span><span class=\"fusion-toggle-heading\">Tarification<\/span><\/a><\/h4><\/div><div id=\"1a9351f9bbd786df5\" class=\"panel-collapse collapse \" aria-labelledby=\"toggle_1a9351f9bbd786df5\"><div class=\"panel-body toggle-content fusion-clearfix\">\n<p>La tarification est \u00e9tablie \u00e0 la course, avec un tarif minimum de <strong>8 000 F CFP TTC<\/strong>.<\/p>\n<p>Au-del\u00e0 de ce montant, le prestataire est libre de proposer une gamme tarifaire adapt\u00e9e \u00e0 la prestation souhait\u00e9e.<\/p>\n<\/div><\/div><\/div><div class=\"fusion-panel panel-default panel-8d79436d724e8ecdd fusion-toggle-has-divider\" style=\"--awb-title-color:#223780;--awb-content-color:#424242;\"><div class=\"panel-heading\"><h4 class=\"panel-title toggle\" id=\"toggle_8d79436d724e8ecdd\"><a aria-expanded=\"false\" aria-controls=\"8d79436d724e8ecdd\" role=\"button\" data-toggle=\"collapse\" data-target=\"#8d79436d724e8ecdd\" href=\"#8d79436d724e8ecdd\"><span class=\"fusion-toggle-icon-wrapper\" aria-hidden=\"true\"><i class=\"fa-fusion-box active-icon fa-angle-down fas\" aria-hidden=\"true\"><\/i><i class=\"fa-fusion-box inactive-icon fa-angle-right fas\" aria-hidden=\"true\"><\/i><\/span><span class=\"fusion-toggle-heading\">Caract\u00e9ristiques du v\u00e9hicule<\/span><\/a><\/h4><\/div><div id=\"8d79436d724e8ecdd\" class=\"panel-collapse collapse \" aria-labelledby=\"toggle_8d79436d724e8ecdd\"><div class=\"panel-body toggle-content fusion-clearfix\">\n<ul>\n<li>Type de v\u00e9hicule : voiture particuli\u00e8re. <a href=\"https:\/\/www.service-public.pf\/dtt\/wp-content\/uploads\/sites\/47\/2024\/12\/2024_caracteristique_technique_VR.pdf\" target=\"_blank\" rel=\"noopener noreferrer\"><u>Plus de d\u00e9tails sur le v\u00e9hicule ici<\/u><\/a><\/li>\n<li>Places : maximum de <strong>8 places assises passagers<\/strong>, outre le si\u00e8ge du conducteur.<\/li>\n<li>Identification :\n<ul>\n<li>Les v\u00e9hicules sont dot\u00e9s d&rsquo;un <strong>macaron noir sur fond blanc<\/strong><\/li>\n<li>Ce macaron se trouve sur la partie arri\u00e8re droite du v\u00e9hicule (carrosserie verticale)<\/li>\n<li>Mentions figurant sur le macaron : \u00ab\u00a0Autorisation n\u00b0\u00a0\u00bb et \u00ab\u00a0Licence n\u00b0\u00a0\u00bb (identification administrative) et \u00ab\u00a0VIP\u00a0\u00bb (identification de l&rsquo;activit\u00e9)<\/li>\n<\/ul>\n<\/li>\n<\/ul>\n<p>Ce macaron doit \u00eatre visible et permet d&rsquo;identifier les v\u00e9hicules d\u00e9di\u00e9s \u00e0 ce service.<\/p>\n<\/div><\/div><\/div><div class=\"fusion-panel panel-default panel-2307aef39902d3ff9 fusion-toggle-has-divider\" style=\"--awb-title-color:#223780;--awb-content-color:#424242;\"><div class=\"panel-heading\"><h4 class=\"panel-title toggle\" id=\"toggle_2307aef39902d3ff9\"><a aria-expanded=\"false\" aria-controls=\"2307aef39902d3ff9\" role=\"button\" data-toggle=\"collapse\" data-target=\"#2307aef39902d3ff9\" href=\"#2307aef39902d3ff9\"><span class=\"fusion-toggle-icon-wrapper\" aria-hidden=\"true\"><i class=\"fa-fusion-box active-icon fa-angle-down fas\" aria-hidden=\"true\"><\/i><i class=\"fa-fusion-box inactive-icon fa-angle-right fas\" aria-hidden=\"true\"><\/i><\/span><span class=\"fusion-toggle-heading\">\u00c2ge du v\u00e9hicule<\/span><\/a><\/h4><\/div><div id=\"2307aef39902d3ff9\" class=\"panel-collapse collapse \" aria-labelledby=\"toggle_2307aef39902d3ff9\"><div class=\"panel-body toggle-content fusion-clearfix\">\n<p>Le v\u00e9hicule doit \u00eatre \u00e2g\u00e9 de <strong>moins de 5 ans<\/strong> pour \u00eatre mis en exploitation.<\/p>\n<p>Leur dur\u00e9e d&rsquo;exploitation est <strong>illimit\u00e9e<\/strong> sous r\u00e9serve d&rsquo;exploitation effective, sans interruption ainsi que de r\u00e9sultat favorable au contr\u00f4le technique et de qualit\u00e9.<\/p>\n<\/div><\/div><\/div><\/div><\/div><\/div><\/div><div class=\"fusion-layout-column fusion_builder_column fusion-builder-column-5 fusion_builder_column_1_3 1_3 fusion-flex-column\" style=\"--awb-padding-top:30px;--awb-padding-right:50px;--awb-padding-bottom:50px;--awb-padding-left:50px;--awb-padding-top-small:30px;--awb-padding-bottom-small:40px;--awb-padding-left-small:20px;--awb-bg-color:#f7f7f7;--awb-bg-color-hover:#f7f7f7;--awb-bg-size:cover;--awb-box-shadow:3px 3px 2px 1px #dddddd;;--awb-border-color:#223780;--awb-border-left:7px;--awb-border-style:solid;--awb-width-large:33.333333333333%;--awb-margin-top-large:0px;--awb-spacing-right-large:5.76%;--awb-margin-bottom-large:20px;--awb-spacing-left-large:5.76%;--awb-width-medium:100%;--awb-order-medium:0;--awb-spacing-right-medium:1.92%;--awb-spacing-left-medium:1.92%;--awb-width-small:100%;--awb-order-small:0;--awb-spacing-right-small:1.92%;--awb-margin-bottom-small:60px;--awb-spacing-left-small:1.92%;\"><div class=\"fusion-column-wrapper fusion-column-has-shadow fusion-flex-justify-content-flex-start fusion-content-layout-column\"><i class=\"fb-icon-element-2 fb-icon-element fontawesome-icon fa-address-card fas circle-yes\" style=\"--awb-circlecolor:#223780;--awb-circlecolor-hover:#223780;--awb-circlebordercolor:rgba(51,51,51,0);--awb-circlebordercolor-hover:#223780;--awb-circlebordersize:1px;--awb-font-size:28.16px;--awb-width:56.32px;--awb-height:56.32px;--awb-line-height:54.32px;--awb-align-self:center;--awb-margin-top:-55px;--awb-margin-right:0px;--awb-margin-bottom:0px;--awb-margin-left:0px;\"><\/i><div class=\"fusion-separator fusion-full-width-sep\" style=\"align-self: center;margin-left: auto;margin-right: auto;margin-top:15px;margin-bottom:15px;width:100%;\"><\/div><div class=\"fusion-text fusion-text-4\"><p style=\"text-align: center;\"><span style=\"text-transform: uppercase; font-weight: bold;\">Les d\u00e9marches<\/span><\/p>\n<\/div><ul style=\"--awb-size:16px;--awb-line-height:27.2px;--awb-icon-width:27.2px;--awb-icon-height:27.2px;--awb-icon-margin:11.2px;--awb-content-margin:38.4px;--awb-circlecolor:#223780;--awb-circle-yes-font-size:14.08px;\" class=\"fusion-checklist fusion-checklist-2 fusion-checklist-default type-icons\"><li class=\"fusion-li-item\" style=\"\"><span class=\"icon-wrapper circle-yes\"><i class=\"fusion-li-icon fa-external-link-square fas\" aria-hidden=\"true\"><\/i><\/span><div class=\"fusion-li-item-content\"><a href=\"https:\/\/www.service-public.pf\/dtt\/les-activites-professionnelles-du-transport\/les-examens-professionnels-du-transport-aqp-v2\/\" target=\"_blank\" rel=\"noopener\">S&rsquo;inscrire \u00e0 un examen professionnel<\/a><\/div><\/li><li class=\"fusion-li-item\" style=\"\"><span class=\"icon-wrapper circle-yes\"><i class=\"fusion-li-icon fa-file-pdf fas\" aria-hidden=\"true\"><\/i><\/span><div class=\"fusion-li-item-content\"><a href=\"https:\/\/www.service-public.pf\/dtt\/wp-content\/uploads\/sites\/47\/2023\/12\/4_Formulaire-TAXI-VR-VMT-MAJ-octobre-2022-avec-avis-du-Maire.pdf\" target=\"_blank\" rel=\"noopener\">Demande d&rsquo;autorisation d&rsquo;exercer<\/a><\/div><\/li><li class=\"fusion-li-item\" style=\"\"><span class=\"icon-wrapper circle-yes\"><i class=\"fusion-li-icon fa-file-pdf fas\" aria-hidden=\"true\"><\/i><\/span><div class=\"fusion-li-item-content\"><a href=\"https:\/\/www.service-public.pf\/dtt\/wp-content\/uploads\/sites\/47\/2023\/12\/5_Declaration-de-mise-en-exploitation-et-salarie-MAJ-octobre-2022.pdf\" target=\"_blank\" rel=\"noopener\">Mise en exploitation du v\u00e9hicule<\/a><\/div><\/li><li class=\"fusion-li-item\" style=\"\"><span class=\"icon-wrapper circle-yes\"><i class=\"fusion-li-icon fa-file-pdf fas\" aria-hidden=\"true\"><\/i><\/span><div class=\"fusion-li-item-content\"><a href=\"https:\/\/www.service-public.pf\/dtt\/wp-content\/uploads\/sites\/47\/2023\/12\/5_Declaration-de-mise-en-exploitation-et-salarie-MAJ-octobre-2022.pdf\" target=\"_blank\" rel=\"noopener\">D\u00e9clarer un chauffeur salari\u00e9<\/a><\/div><\/li><\/ul><\/div><\/div><\/div><\/div><div class=\"fusion-fullwidth fullwidth-box fusion-builder-row-5 fusion-flex-container has-pattern-background has-mask-background nonhundred-percent-fullwidth non-hundred-percent-height-scrolling\" style=\"--awb-border-radius-top-left:0px;--awb-border-radius-top-right:0px;--awb-border-radius-bottom-right:0px;--awb-border-radius-bottom-left:0px;--awb-flex-wrap:wrap;\" ><div class=\"fusion-builder-row fusion-row fusion-flex-align-items-flex-start fusion-flex-content-wrap\" style=\"max-width:99.84%;margin-left: calc(-4% \/ 2 );margin-right: calc(-4% \/ 2 );\"><div class=\"fusion-layout-column fusion_builder_column fusion-builder-column-6 fusion_builder_column_1_1 1_1 fusion-flex-column\" style=\"--awb-bg-size:cover;--awb-width-large:100%;--awb-margin-top-large:0px;--awb-spacing-right-large:1.92%;--awb-margin-bottom-large:20px;--awb-spacing-left-large:1.92%;--awb-width-medium:100%;--awb-order-medium:0;--awb-spacing-right-medium:1.92%;--awb-spacing-left-medium:1.92%;--awb-width-small:100%;--awb-order-small:0;--awb-spacing-right-small:1.92%;--awb-spacing-left-small:1.92%;\"><div class=\"fusion-column-wrapper fusion-column-has-shadow fusion-flex-justify-content-flex-start fusion-content-layout-column\"><div class=\"fusion-separator fusion-full-width-sep\" style=\"align-self: center;margin-left: auto;margin-right: auto;margin-top:15px;margin-bottom:15px;width:100%;\"><\/div><\/div><\/div><\/div><\/div><div class=\"fusion-fullwidth fullwidth-box fusion-builder-row-6 fusion-flex-container has-pattern-background has-mask-background nonhundred-percent-fullwidth non-hundred-percent-height-scrolling\" style=\"--awb-border-radius-top-left:0px;--awb-border-radius-top-right:0px;--awb-border-radius-bottom-right:0px;--awb-border-radius-bottom-left:0px;--awb-flex-wrap:wrap;\" ><div class=\"fusion-builder-row fusion-row fusion-flex-align-items-flex-start fusion-flex-content-wrap\" style=\"max-width:99.84%;margin-left: calc(-4% \/ 2 );margin-right: calc(-4% \/ 2 );\"><div class=\"fusion-layout-column fusion_builder_column fusion-builder-column-7 fusion_builder_column_2_3 2_3 fusion-flex-column\" style=\"--awb-bg-size:cover;--awb-width-large:66.666666666667%;--awb-margin-top-large:0px;--awb-spacing-right-large:2.88%;--awb-margin-bottom-large:20px;--awb-spacing-left-large:2.88%;--awb-width-medium:100%;--awb-order-medium:0;--awb-spacing-right-medium:1.92%;--awb-spacing-left-medium:1.92%;--awb-width-small:100%;--awb-order-small:0;--awb-spacing-right-small:1.92%;--awb-spacing-left-small:1.92%;\"><div class=\"fusion-column-wrapper fusion-column-has-shadow fusion-flex-justify-content-flex-start fusion-content-layout-column\"><div class=\"fusion-title title fusion-title-1 fusion-sep-none fusion-title-text fusion-title-size-two\" style=\"--awb-margin-bottom:0px;--awb-margin-top-small:0px;--awb-margin-right-small:0px;--awb-margin-bottom-small:20px;--awb-margin-left-small:0px;\"><h2 class=\"fusion-title-heading title-heading-left\" style=\"margin:0;\">Devenir exploitant de v\u00e9hicule de remise<\/h2><\/div><div class=\"accordian fusion-accordian\" style=\"--awb-border-size:0px;--awb-icon-size:13px;--awb-content-font-size:16px;--awb-icon-alignment:left;--awb-hover-color:#f9f9f9;--awb-border-color:#cccccc;--awb-background-color:var(--awb-custom13);--awb-divider-color:#e0dede;--awb-divider-hover-color:#e0dede;--awb-icon-color:var(--awb-color1);--awb-title-color:#223780;--awb-content-color:#424242;--awb-icon-box-color:#223880;--awb-toggle-hover-accent-color:#e03528;--awb-title-font-family:&quot;Public Sans&quot;;--awb-title-font-weight:300;--awb-title-font-style:normal;--awb-title-font-size:16px;--awb-content-font-family:&quot;Public Sans&quot;;--awb-content-font-style:normal;--awb-content-font-weight:300;\"><div class=\"panel-group fusion-toggle-icon-boxed\" id=\"accordion-5593-2\"><div class=\"fusion-panel panel-default panel-307ab6e675565f402 fusion-toggle-no-divider fusion-toggle-boxed-mode\" style=\"--awb-content-font-size:16px;--awb-content-font-family:&quot;Public Sans&quot;;--awb-content-font-style:normal;--awb-content-font-weight:300;--awb-title-font-family:&quot;Public Sans&quot;;--awb-title-font-weight:300;--awb-title-font-style:normal;--awb-title-font-size:16px;--awb-title-color:#223780;--awb-content-color:#424242;\"><div class=\"panel-heading\"><h4 class=\"panel-title toggle\" id=\"toggle_307ab6e675565f402\"><a aria-expanded=\"false\" aria-controls=\"307ab6e675565f402\" role=\"button\" data-toggle=\"collapse\" data-target=\"#307ab6e675565f402\" href=\"#307ab6e675565f402\"><span class=\"fusion-toggle-icon-wrapper\" aria-hidden=\"true\"><i class=\"fa-fusion-box active-icon fa-angle-down fas\" aria-hidden=\"true\"><\/i><i class=\"fa-fusion-box inactive-icon fa-angle-right fas\" aria-hidden=\"true\"><\/i><\/span><span class=\"fusion-toggle-heading\">La demande d'autorisation d'exercer<\/span><\/a><\/h4><\/div><div id=\"307ab6e675565f402\" class=\"panel-collapse collapse \" aria-labelledby=\"toggle_307ab6e675565f402\"><div class=\"panel-body toggle-content fusion-clearfix\">Pour devenir exploitant de v\u00e9hicule de remise vous devez obtenir une <strong>autorisation d&rsquo;exercer<\/strong>, d\u00e9livr\u00e9e pour une <strong>\u00eele sp\u00e9cifique<\/strong>. Cette autorisation fixe le nombre de licences exploitables (un v\u00e9hicule = une licence).<\/p>\n<p>Pour faire votre demande, il faut remplir le formulaire disponible ci-dessous et le retourner \u00e0 l&rsquo;adresse <strong>bat.dtt@administration.gov.pf<\/strong>.<\/p>\n<p><a href=\"https:\/\/www.service-public.pf\/dtt\/wp-content\/uploads\/sites\/47\/2023\/12\/4_Formulaire-TAXI-VR-VMT-MAJ-octobre-2022-avec-avis-du-Maire.pdf\" target=\"_blank\"><u>Constituer un dossier de demande d&rsquo;autorisation d&rsquo;exercer<\/u><\/a><\/p>\n<p><strong>Le contenu du dossier :<\/strong><\/p>\n<table style=\"width: 100%; border-collapse: collapse;\" border=\"1\" cellspacing=\"1\">\n<tbody>\n<tr>\n<td style=\"width: 25%; text-align: center;\"><strong>Entreprise<\/strong><\/td>\n<td style=\"width: 75%;\">\n<ul>\n<li>Personne physique ou morale : Fournir le num\u00e9ro d&rsquo;identification et l&rsquo;immatriculation<\/li>\n<li>Personne morale : statuts de la soci\u00e9t\u00e9<\/li>\n<li>bulletin n\u00b0 3 du casier judiciaire (du repr\u00e9sentant l\u00e9gal pour une personne morale)<\/li>\n<\/ul>\n<\/td>\n<\/tr>\n<tr>\n<td style=\"width: 25%; text-align: center;\"><strong>V\u00e9hicule<\/strong><\/td>\n<td style=\"width: 75%;\">\n<ul>\n<li>V\u00e9hicule neuf : facture proforma<\/li>\n<li>V\u00e9hicule d&rsquo;occasion (moins de 5 ans) : carte grise<\/li>\n<\/ul>\n<\/td>\n<\/tr>\n<tr>\n<td style=\"width: 25%; text-align: center;\"><strong>Conduite du\/des v\u00e9hicule(s)<\/strong><\/td>\n<td style=\"width: 75%;\">\n<ul>\n<li>Si la conduite est assur\u00e9e <u>par des chauffeurs salari\u00e9s<\/u> :\n<ul>\n<li>Identification de chauffeurs titulaires de l&rsquo;AQP<\/li>\n<li>S&rsquo;immatriculer en tant qu&#8217;employeur aupr\u00e8s de la CPS<\/li>\n<\/ul>\n<\/li>\n<li>Si la conduite est assur\u00e9e <u>par l&rsquo;exploitant<\/u> : permis de conduire &amp; AQP<\/li>\n<\/ul>\n<\/td>\n<\/tr>\n<tr>\n<td style=\"width: 25%; text-align: center;\"><strong>Projet<\/strong><\/td>\n<td style=\"width: 75%;\">\n<ul>\n<li>une description d\u00e9taill\u00e9e de votre projet (client\u00e8le cible, plages horaires, etc.)<\/li>\n<\/ul>\n<\/td>\n<\/tr>\n<\/tbody>\n<\/table>\n<p>\u00c0 l&rsquo;issue, l&rsquo;autorisation d&rsquo;exercer ainsi que les licences associ\u00e9es seront d\u00e9livr\u00e9es par arr\u00eat\u00e9, publi\u00e9 au <em>Journal Officiel de la Polyn\u00e9sie fran\u00e7aise<\/em>. <strong>Un mail de notification sera ensuite envoy\u00e9.<\/strong><\/div><\/div><\/div><div class=\"fusion-panel panel-default panel-d7fc327787d5519da fusion-toggle-no-divider fusion-toggle-boxed-mode\" style=\"--awb-content-font-size:16px;--awb-content-font-family:&quot;Public Sans&quot;;--awb-content-font-style:normal;--awb-content-font-weight:300;--awb-title-font-family:&quot;Public Sans&quot;;--awb-title-font-weight:300;--awb-title-font-style:normal;--awb-title-font-size:16px;--awb-title-color:#223780;--awb-content-color:#424242;\"><div class=\"panel-heading\"><h4 class=\"panel-title toggle\" id=\"toggle_d7fc327787d5519da\"><a aria-expanded=\"false\" aria-controls=\"d7fc327787d5519da\" role=\"button\" data-toggle=\"collapse\" data-target=\"#d7fc327787d5519da\" href=\"#d7fc327787d5519da\"><span class=\"fusion-toggle-icon-wrapper\" aria-hidden=\"true\"><i class=\"fa-fusion-box active-icon fa-angle-down fas\" aria-hidden=\"true\"><\/i><i class=\"fa-fusion-box inactive-icon fa-angle-right fas\" aria-hidden=\"true\"><\/i><\/span><span class=\"fusion-toggle-heading\">La mise en exploitation du v\u00e9hicule<\/span><\/a><\/h4><\/div><div id=\"d7fc327787d5519da\" class=\"panel-collapse collapse \" aria-labelledby=\"toggle_d7fc327787d5519da\"><div class=\"panel-body toggle-content fusion-clearfix\">Une fois l&rsquo;autorisation obtenue, vous avez un <strong>d\u00e9lai de 8 mois<\/strong> pour mettre en exploitation votre v\u00e9hicule (achat, \u00e9quipement et assurance du v\u00e9hicule, enregistrement de l&rsquo;entreprise et visite technique initiale).<\/p>\n<p><strong>Les \u00e9tapes \u00e0 suivre sont :<\/strong><\/p>\n<ul>\n<li>enregistrer votre entreprise aupr\u00e8s de la CCISM ;<\/li>\n<li>souscrire une assurance couvrant votre activit\u00e9 professionnelle ;<\/li>\n<li>d\u00e9clarer la mise en exploitation de votre v\u00e9hicule via ce formulaire : <a href=\"https:\/\/www.service-public.pf\/dtt\/wp-content\/uploads\/sites\/47\/2023\/12\/5_Declaration-de-mise-en-exploitation-et-salarie-MAJ-octobre-2022.pdf\" target=\"_blank\"><u>formulaire mise en exploitation du v\u00e9hicule<\/u><\/a> &#8211; <strong>\u00e0 retourner par mail \u00e0 bat.dtt@administration.gov.pf<\/strong> ;<\/li>\n<li>pr\u00e9senter votre v\u00e9hicule pour une premi\u00e8re visite technique dans ce d\u00e9lai. Pour la prise de rendez-vous : <strong>secretariat.sv@transport.gov.pf<\/strong><\/li>\n<\/ul>\n<p><strong>Lors de la visite technique initiale<\/strong>, assurez-vous que le v\u00e9hicule est enti\u00e8rement \u00e9quip\u00e9 (plaque d&rsquo;autorisation) et dispose des assurances obligatoires.<\/p>\n<p><strong>\u00c0 l&rsquo;issue de la visite<\/strong>, l&rsquo;autorisation de mise en circulation du v\u00e9hicule (carte violette) vous sera d\u00e9livr\u00e9e, vous autorisant ainsi \u00e0 exercer.<\/p>\n<blockquote><p><strong>Attention<\/strong> : Si vous ne respectez pas ce d\u00e9lai de 8 mois, votre licence sera <strong>caduque<\/strong>, c&rsquo;est \u00e0 dire qu&rsquo;elle perd automatiquement sa validit\u00e9 sans qu&rsquo;il soit n\u00e9cessaire pour l&rsquo;administration de prendre une d\u00e9cision formelle pour l&rsquo;annuler.<\/p><\/blockquote>\n<\/div><\/div><\/div><div class=\"fusion-panel panel-default panel-f261a1503293e27fd fusion-toggle-no-divider fusion-toggle-boxed-mode\" style=\"--awb-content-font-size:16px;--awb-content-font-family:&quot;Public Sans&quot;;--awb-content-font-style:normal;--awb-content-font-weight:300;--awb-title-font-family:&quot;Public Sans&quot;;--awb-title-font-weight:300;--awb-title-font-style:normal;--awb-title-font-size:16px;--awb-title-color:#223780;--awb-content-color:#424242;\"><div class=\"panel-heading\"><h4 class=\"panel-title toggle\" id=\"toggle_f261a1503293e27fd\"><a aria-expanded=\"false\" aria-controls=\"f261a1503293e27fd\" role=\"button\" data-toggle=\"collapse\" data-target=\"#f261a1503293e27fd\" href=\"#f261a1503293e27fd\"><span class=\"fusion-toggle-icon-wrapper\" aria-hidden=\"true\"><i class=\"fa-fusion-box active-icon fa-angle-down fas\" aria-hidden=\"true\"><\/i><i class=\"fa-fusion-box inactive-icon fa-angle-right fas\" aria-hidden=\"true\"><\/i><\/span><span class=\"fusion-toggle-heading\">La carte professionnelle et la d\u00e9claration de chauffeurs salari\u00e9s<\/span><\/a><\/h4><\/div><div id=\"f261a1503293e27fd\" class=\"panel-collapse collapse \" aria-labelledby=\"toggle_f261a1503293e27fd\"><div class=\"panel-body toggle-content fusion-clearfix\">En tant qu&rsquo;exploitant, vous pouvez <strong>exploiter la licence personnellement<\/strong> ou <strong>embaucher des chauffeurs salari\u00e9s<\/strong>.<\/p>\n<p>Si vous embauchez des chauffeurs, vous devez transmettre \u00e0 la Direction des transports terrestres, <u>avant la prise de fonction du chauffeur<\/u> :<\/p>\n<ul>\n<li>le r\u00e9c\u00e9piss\u00e9 de demande d&rsquo;inscription en tant qu&#8217;employeur d\u00e9livr\u00e9 par la Caisse de Pr\u00e9voyance Sociale (CPS) ;<\/li>\n<li>un accus\u00e9 de r\u00e9ception de la d\u00e9claration pr\u00e9alable \u00e0 l&#8217;embauche.<\/li>\n<\/ul>\n<p>Ces documents doivent \u00eatre envoy\u00e9s accompagn\u00e9s de ce formulaire compl\u00e9t\u00e9 \u00e0 l&rsquo;adresse suivante : <a href=\"mailto:bat.dtt@administration.gov.pf\"><strong>bat.dtt@administration.gov.pf<\/strong><\/a>.<\/p>\n<p><a href=\"https:\/\/www.service-public.pf\/dtt\/wp-content\/uploads\/sites\/47\/2023\/12\/5_Declaration-de-mise-en-exploitation-et-salarie-MAJ-octobre-2022.pdf\" target=\"_blank\">D\u00e9clarer des chauffeurs salari\u00e9s<\/a><\/p>\n<blockquote><p><u><strong>Annuellement, avant le 31 janvier<\/strong><\/u>, la liste nominative du personnel employ\u00e9 au cours de l&rsquo;ann\u00e9e pr\u00e9c\u00e9dente, \u00e9tablie par la CPS, doit \u00eatre transmise \u00e0 la Direction des transports terrestres.<\/p><\/blockquote>\n<p>Ces d\u00e9marches sont n\u00e9cessaires pour obtenir les cartes professionnelles, obligatoires pour l&rsquo;exercice de l&rsquo;activit\u00e9.<\/p>\n<blockquote><p><strong>Attention<\/strong> : la carte professionnelle doit \u00eatre <strong>renouvel\u00e9e<\/strong> \u00e0 la suite d&rsquo;une visite m\u00e9dicale obligatoire, selon les intervalles suivants :<\/p>\n<ul>\n<li>jusqu&rsquo;\u00e0 60 ans : tous les 5 ans ;<\/li>\n<li>entre 60 et 70 ans : tous les 2 ans ;<\/li>\n<li>au-del\u00e0 de 70 ans : chaque ann\u00e9e.<\/li>\n<\/ul>\n<\/blockquote>\n<p>La visite m\u00e9dicale doit \u00eatre effectu\u00e9e aupr\u00e8s d&rsquo;un <strong>m\u00e9decin agr\u00e9\u00e9<\/strong>. Le formulaire requis doit \u00eatre compl\u00e9t\u00e9 et retourn\u00e9 \u00e0 l&rsquo;adresse : <a href=\"mailto:bat.dtt@administration.gov.pf\">bat.dtt@administration.gov.pf<\/a>.<\/p>\n<p><a href=\"https:\/\/www.service-public.pf\/dtt\/wp-content\/uploads\/sites\/47\/2024\/10\/03.09.2024-Liste-des-medecins-agree-MaJ-le-13.09.2024.pdf\" target=\"_blank\">Liste des m\u00e9decins agr\u00e9\u00e9s<\/a><br \/>\n<a href=\"https:\/\/www.service-public.pf\/dtt\/wp-content\/uploads\/sites\/47\/2022\/12\/VF_Formulaire-bleu.pdf\" target=\"_blank\">Formulaire visite m\u00e9dicale<\/a><\/div><\/div><\/div><\/div><\/div><div class=\"fusion-title title fusion-title-2 fusion-sep-none fusion-title-text fusion-title-size-two\" style=\"--awb-margin-top:40px;--awb-margin-bottom:0px;--awb-margin-top-small:0px;--awb-margin-right-small:0px;--awb-margin-bottom-small:20px;--awb-margin-left-small:0px;\"><h2 class=\"fusion-title-heading title-heading-left\" style=\"margin:0;\">Devenir chauffeur de v\u00e9hicule de remise<\/h2><\/div><div class=\"accordian fusion-accordian\" style=\"--awb-border-size:0px;--awb-icon-size:13px;--awb-content-font-size:16px;--awb-icon-alignment:left;--awb-hover-color:#f9f9f9;--awb-border-color:#cccccc;--awb-background-color:var(--awb-custom13);--awb-divider-color:#e0dede;--awb-divider-hover-color:#e0dede;--awb-icon-color:#ffffff;--awb-title-color:#223780;--awb-content-color:#424242;--awb-icon-box-color:var(--awb-color5);--awb-toggle-hover-accent-color:#e03528;--awb-title-font-family:&quot;Public Sans&quot;;--awb-title-font-weight:300;--awb-title-font-style:normal;--awb-title-font-size:16px;--awb-content-font-family:&quot;Public Sans&quot;;--awb-content-font-style:normal;--awb-content-font-weight:300;\"><div class=\"panel-group fusion-toggle-icon-boxed\" id=\"accordion-5593-3\"><div class=\"fusion-panel panel-default panel-411602bea1613ea8d fusion-toggle-no-divider fusion-toggle-boxed-mode\" style=\"--awb-content-font-size:16px;--awb-content-font-family:&quot;Public Sans&quot;;--awb-content-font-style:normal;--awb-content-font-weight:300;--awb-title-font-family:&quot;Public Sans&quot;;--awb-title-font-weight:300;--awb-title-font-style:normal;--awb-title-font-size:16px;--awb-title-color:#223780;--awb-content-color:#424242;\"><div class=\"panel-heading\"><h4 class=\"panel-title toggle\" id=\"toggle_411602bea1613ea8d\"><a aria-expanded=\"false\" aria-controls=\"411602bea1613ea8d\" role=\"button\" data-toggle=\"collapse\" data-target=\"#411602bea1613ea8d\" href=\"#411602bea1613ea8d\"><span class=\"fusion-toggle-icon-wrapper\" aria-hidden=\"true\"><i class=\"fa-fusion-box active-icon fa-angle-down fas\" aria-hidden=\"true\"><\/i><i class=\"fa-fusion-box inactive-icon fa-angle-right fas\" aria-hidden=\"true\"><\/i><\/span><span class=\"fusion-toggle-heading\">L'attestation de qualification professionnelle<\/span><\/a><\/h4><\/div><div id=\"411602bea1613ea8d\" class=\"panel-collapse collapse \" aria-labelledby=\"toggle_411602bea1613ea8d\"><div class=\"panel-body toggle-content fusion-clearfix\">Pour exercer en tant que chauffeur de v\u00e9hicule de remise, vous devez obtenir une <strong>attestation de qualification professionnelle<\/strong> (mention v\u00e9hicule de remise), pour une <strong>\u00eele donn\u00e9e<\/strong>, d\u00e9livr\u00e9e apr\u00e8s avoir r\u00e9ussi un examen professionnel.<\/p>\n<p><a href=\"https:\/\/www.service-public.pf\/dtt\/les-activites-professionnelles-du-transport\/les-examens-professionnels-du-transport-aqp-v2\/\" target=\"_blank\">S&rsquo;inscrire \u00e0 la prochaine session d&rsquo;examen<\/a><\/p>\n<p><strong>Conditions pour s&rsquo;inscrire \u00e0 l&rsquo;examen :<\/strong><\/p>\n<ul>\n<li>\u00catre titulaire d&rsquo;un permis B depuis au moins 2 ans.<\/li>\n<li>Avoir un casier judiciaire vierge.<\/li>\n<li>\u00catre m\u00e9dicalement apte.<\/li>\n<\/ul>\n<\/div><\/div><\/div><div class=\"fusion-panel panel-default panel-2284cd695cd9992d8 fusion-toggle-no-divider fusion-toggle-boxed-mode\" style=\"--awb-content-font-size:16px;--awb-content-font-family:&quot;Public Sans&quot;;--awb-content-font-style:normal;--awb-content-font-weight:300;--awb-title-font-family:&quot;Public Sans&quot;;--awb-title-font-weight:300;--awb-title-font-style:normal;--awb-title-font-size:16px;--awb-title-color:#223780;--awb-content-color:#424242;\"><div class=\"panel-heading\"><h4 class=\"panel-title toggle\" id=\"toggle_2284cd695cd9992d8\"><a aria-expanded=\"false\" aria-controls=\"2284cd695cd9992d8\" role=\"button\" data-toggle=\"collapse\" data-target=\"#2284cd695cd9992d8\" href=\"#2284cd695cd9992d8\"><span class=\"fusion-toggle-icon-wrapper\" aria-hidden=\"true\"><i class=\"fa-fusion-box active-icon fa-angle-down fas\" aria-hidden=\"true\"><\/i><i class=\"fa-fusion-box inactive-icon fa-angle-right fas\" aria-hidden=\"true\"><\/i><\/span><span class=\"fusion-toggle-heading\">La carte professionnelle<\/span><\/a><\/h4><\/div><div id=\"2284cd695cd9992d8\" class=\"panel-collapse collapse \" aria-labelledby=\"toggle_2284cd695cd9992d8\"><div class=\"panel-body toggle-content fusion-clearfix\">Apr\u00e8s avoir r\u00e9ussi l&rsquo;examen, vous devrez obtenir une carte professionnelle. Celle-ci est d\u00e9livr\u00e9e uniquement lorsque vous avez \u00e9t\u00e9 d\u00e9clar\u00e9 comme <strong>chauffeur salari\u00e9 par l&rsquo;exploitant titulaire d&rsquo;une autorisation d&rsquo;exercer<\/strong>.<\/p>\n<blockquote><p><strong>A savoir<\/strong><br \/>\nLa carte professionnelle est seulement valable pour exercer l&rsquo;activit\u00e9 sur une \u00eele donn\u00e9e.<\/p><\/blockquote>\n<p>La carte professionnelle doit \u00eatre renouvel\u00e9e \u00e0 la suite d&rsquo;une <strong>visite m\u00e9dicale obligatoire<\/strong>, selon les intervalles suivants :<\/p>\n<ul>\n<li>jusqu&rsquo;\u00e0 60 ans : tous les 5 ans ;<\/li>\n<li>entre 60 et 70 ans : tous les 2 ans ;<\/li>\n<li>au-del\u00e0 de 70 ans : chaque ann\u00e9e.<\/li>\n<\/ul>\n<p>La visite m\u00e9dicale doit \u00eatre effectu\u00e9e aupr\u00e8s d&rsquo;un m\u00e9decin agr\u00e9\u00e9. Le formulaire requis doit \u00eatre compl\u00e9t\u00e9 et retourn\u00e9 \u00e0 l&rsquo;adresse : <strong>bat.dtt@administration.gov.pf<\/strong><\/p>\n<p><a href=\"https:\/\/www.service-public.pf\/dtt\/wp-content\/uploads\/sites\/47\/2024\/10\/03.09.2024-Liste-des-medecins-agree-MaJ-le-13.09.2024.pdf\" target=\"_blank\">Liste des m\u00e9decins agr\u00e9\u00e9s<\/a><br \/>\n<a href=\"https:\/\/www.service-public.pf\/dtt\/wp-content\/uploads\/sites\/47\/2022\/12\/VF_Formulaire-bleu.pdf\" target=\"_blank\">Formulaire visite m\u00e9dicale<\/a><\/p>\n<blockquote><p><strong>Restitution de la carte professionnelle<\/strong><br \/>\nLe conducteur doit restituer sa carte professionnelle \u00e0 la Direction des transports terrestres en cas de cessation d\u00e9finitive de l&rsquo;activit\u00e9 professionnelle ou lorsque l&rsquo;une des conditions ayant permis sa d\u00e9livrance cesse d&rsquo;\u00eatre remplie. A d\u00e9faut de restitution, l&rsquo;administration retire la carte professionnelle du conducteur.<\/p><\/blockquote>\n<\/div><\/div><\/div><\/div><\/div><div class=\"fusion-title title fusion-title-3 fusion-sep-none fusion-title-text fusion-title-size-two\" style=\"--awb-margin-top:40px;--awb-margin-bottom:0px;--awb-margin-top-small:0px;--awb-margin-right-small:0px;--awb-margin-bottom-small:20px;--awb-margin-left-small:0px;\"><h2 class=\"fusion-title-heading title-heading-left\" style=\"margin:0;\">Exercice de la profession<\/h2><\/div><div class=\"accordian fusion-accordian\" style=\"--awb-border-size:0px;--awb-icon-size:13px;--awb-content-font-size:16px;--awb-icon-alignment:left;--awb-hover-color:#f9f9f9;--awb-border-color:#cccccc;--awb-background-color:var(--awb-custom13);--awb-divider-color:#e0dede;--awb-divider-hover-color:#e0dede;--awb-icon-color:#ffffff;--awb-title-color:#223780;--awb-content-color:#424242;--awb-icon-box-color:var(--awb-color5);--awb-toggle-hover-accent-color:#e03528;--awb-title-font-family:&quot;Public Sans&quot;;--awb-title-font-weight:300;--awb-title-font-style:normal;--awb-title-font-size:13px;--awb-content-font-family:&quot;Public Sans&quot;;--awb-content-font-style:normal;--awb-content-font-weight:300;\"><div class=\"panel-group fusion-toggle-icon-boxed\" id=\"accordion-5593-4\"><div class=\"fusion-panel panel-default panel-9235f6dd285f11b0b fusion-toggle-no-divider fusion-toggle-boxed-mode\" style=\"--awb-content-font-size:16px;--awb-title-font-size:16px;--awb-title-color:#223780;--awb-content-color:#424242;\"><div class=\"panel-heading\"><h4 class=\"panel-title toggle\" id=\"toggle_9235f6dd285f11b0b\"><a aria-expanded=\"false\" aria-controls=\"9235f6dd285f11b0b\" role=\"button\" data-toggle=\"collapse\" data-target=\"#9235f6dd285f11b0b\" href=\"#9235f6dd285f11b0b\"><span class=\"fusion-toggle-icon-wrapper\" aria-hidden=\"true\"><i class=\"fa-fusion-box active-icon fa-angle-down fas\" aria-hidden=\"true\"><\/i><i class=\"fa-fusion-box inactive-icon fa-angle-right fas\" aria-hidden=\"true\"><\/i><\/span><span class=\"fusion-toggle-heading\">La visite technique du v\u00e9hicule<\/span><\/a><\/h4><\/div><div id=\"9235f6dd285f11b0b\" class=\"panel-collapse collapse \" aria-labelledby=\"toggle_9235f6dd285f11b0b\"><div class=\"panel-body toggle-content fusion-clearfix\">\n<p>Une visite technique et de qualit\u00e9 du v\u00e9hicule doit \u00eatre r\u00e9alis\u00e9e tous les <strong>6 mois<\/strong>.<\/p>\n<p>Pour prendre rendez-vous : <strong>secretariat.sv@transport.gov.pf<\/strong><\/p>\n<p>La demande de prise de rendez-vous doit notamment \u00eatre accompagn\u00e9e d&rsquo;une copie des documents suivants :<\/p>\n<ul>\n<li>l&rsquo;attestation d&rsquo;assurance<\/li>\n<li>la carte grise<\/li>\n<li>la carte violette originale<\/li>\n<\/ul>\n<p>\u00c0 l&rsquo;issue de cette visite et sous r\u00e9serve d&rsquo;acceptation du v\u00e9hicule \u00e0 la visite technique et au contr\u00f4le de qualit\u00e9, l&rsquo;autorisation de mise en circulation (<strong>carte violette<\/strong>) est renouvel\u00e9e.<\/p>\n<\/div><\/div><\/div><div class=\"fusion-panel panel-default panel-c3c9a7307cc12aaa1 fusion-toggle-no-divider fusion-toggle-boxed-mode\" style=\"--awb-content-font-size:16px;--awb-title-font-size:16px;--awb-title-color:#223780;--awb-content-color:#424242;\"><div class=\"panel-heading\"><h4 class=\"panel-title toggle\" id=\"toggle_c3c9a7307cc12aaa1\"><a aria-expanded=\"false\" aria-controls=\"c3c9a7307cc12aaa1\" role=\"button\" data-toggle=\"collapse\" data-target=\"#c3c9a7307cc12aaa1\" href=\"#c3c9a7307cc12aaa1\"><span class=\"fusion-toggle-icon-wrapper\" aria-hidden=\"true\"><i class=\"fa-fusion-box active-icon fa-angle-down fas\" aria-hidden=\"true\"><\/i><i class=\"fa-fusion-box inactive-icon fa-angle-right fas\" aria-hidden=\"true\"><\/i><\/span><span class=\"fusion-toggle-heading\">Le renouvellement de la carte professionnelle<\/span><\/a><\/h4><\/div><div id=\"c3c9a7307cc12aaa1\" class=\"panel-collapse collapse \" aria-labelledby=\"toggle_c3c9a7307cc12aaa1\"><div class=\"panel-body toggle-content fusion-clearfix\">La carte professionnelle doit \u00eatre renouvel\u00e9e \u00e0 la suite d&rsquo;une <strong>visite m\u00e9dicale obligatoire<\/strong>, selon les intervalles suivants :<\/p>\n<ul>\n<li>jusqu&rsquo;\u00e0 60 ans : tous les 5 ans ;<\/li>\n<li>entre 60 et 70 ans : tous les 2 ans ;<\/li>\n<li>au-del\u00e0 de 70 ans : chaque ann\u00e9e.<\/li>\n<\/ul>\n<p><strong>Les \u00e9tapes :<\/strong><\/p>\n<p>&#8211; La visite m\u00e9dicale doit \u00eatre effectu\u00e9e aupr\u00e8s d&rsquo;un <strong>m\u00e9decin agr\u00e9\u00e9<\/strong>, ou, \u00e0 d\u00e9faut, un m\u00e9decin de sant\u00e9 publique.<\/p>\n<p>&#8211; Le m\u00e9decin compl\u00e8te le <strong>formulaire<\/strong> requis \u00e0 l&rsquo;issue de la visite.<\/p>\n<p>&#8211; Les documents suivants doivent \u00eatre envoy\u00e9s par email \u00e0 l&rsquo;adresse : bat.dtt@administration.gov.pf :<\/p>\n<ul>\n<li>le formulaire de visite m\u00e9dicale compl\u00e9t\u00e9<\/li>\n<li>une copie de l&rsquo;ancienne carte professionnelle<\/li>\n<li>une photo d&rsquo;identit\u00e9 (format num\u00e9rique accept\u00e9)<\/li>\n<\/ul>\n<p><a href=\"https:\/\/www.service-public.pf\/dtt\/wp-content\/uploads\/sites\/47\/2024\/10\/03.09.2024-Liste-des-medecins-agree-MaJ-le-13.09.2024.pdf\" target=\"_blank\">Liste des m\u00e9decins agr\u00e9\u00e9s<\/a><br \/>\n<a href=\"https:\/\/www.service-public.pf\/dtt\/wp-content\/uploads\/sites\/47\/2022\/12\/VF_Formulaire-bleu.pdf\" target=\"_blank\">Formulaire visite m\u00e9dicale<\/a><\/div><\/div><\/div><\/div><\/div><\/div><\/div><div class=\"fusion-layout-column fusion_builder_column fusion-builder-column-8 fusion_builder_column_1_3 1_3 fusion-flex-column\" style=\"--awb-padding-top:30px;--awb-padding-right:50px;--awb-padding-bottom:50px;--awb-padding-left:50px;--awb-padding-top-small:30px;--awb-padding-bottom-small:40px;--awb-padding-left-small:20px;--awb-bg-color:#f7f7f7;--awb-bg-color-hover:#f7f7f7;--awb-bg-size:cover;--awb-box-shadow:3px 3px 2px 1px #dddddd;;--awb-border-color:#223780;--awb-border-left:7px;--awb-border-style:solid;--awb-width-large:33.333333333333%;--awb-margin-top-large:0px;--awb-spacing-right-large:5.76%;--awb-margin-bottom-large:20px;--awb-spacing-left-large:5.76%;--awb-width-medium:100%;--awb-order-medium:0;--awb-spacing-right-medium:1.92%;--awb-spacing-left-medium:1.92%;--awb-width-small:100%;--awb-order-small:0;--awb-spacing-right-small:1.92%;--awb-margin-bottom-small:60px;--awb-spacing-left-small:1.92%;\"><div class=\"fusion-column-wrapper fusion-column-has-shadow fusion-flex-justify-content-flex-start fusion-content-layout-column\"><i class=\"fb-icon-element-3 fb-icon-element fontawesome-icon fa-balance-scale fas circle-yes\" style=\"--awb-circlecolor:#223780;--awb-circlecolor-hover:#223780;--awb-circlebordercolor:rgba(51,51,51,0);--awb-circlebordercolor-hover:#223780;--awb-circlebordersize:1px;--awb-font-size:28.16px;--awb-width:56.32px;--awb-height:56.32px;--awb-line-height:54.32px;--awb-align-self:center;--awb-margin-top:-55px;--awb-margin-right:0px;--awb-margin-bottom:0px;--awb-margin-left:0px;\"><\/i><div class=\"fusion-separator fusion-full-width-sep\" style=\"align-self: center;margin-left: auto;margin-right: auto;margin-top:15px;margin-bottom:15px;width:100%;\"><\/div><div class=\"fusion-text fusion-text-5\"><p style=\"text-align: center;\"><span style=\"text-transform: uppercase; font-weight: bold;\">Source r\u00e9glementaire<\/span><\/p>\n<\/div><ul style=\"--awb-size:16px;--awb-line-height:27.2px;--awb-icon-width:27.2px;--awb-icon-height:27.2px;--awb-icon-margin:11.2px;--awb-content-margin:38.4px;--awb-circlecolor:#223780;--awb-circle-yes-font-size:14.08px;\" class=\"fusion-checklist fusion-checklist-3 fusion-checklist-default type-icons\"><li class=\"fusion-li-item\" style=\"\"><span class=\"icon-wrapper circle-yes\"><i class=\"fusion-li-icon fa-external-link-square fas\" aria-hidden=\"true\"><\/i><\/span><div class=\"fusion-li-item-content\"><a href=\"https:\/\/lexpol.cloud.pf\/LexpolAfficheTexte.php?texte=516054\" target=\"_blank\" rel=\"noopener\"><strong><u>Loi du Pays n\u00b0 2018-11 du 29 mars 2018<\/u><\/strong><\/a><br \/>\nCadre r\u00e9glementaire de l&rsquo;activit\u00e9 de transport routier avec chauffeur, au moyen de v\u00e9hicule de moins de dix places assises<\/div><\/li><li class=\"fusion-li-item\" style=\"\"><span class=\"icon-wrapper circle-yes\"><i class=\"fusion-li-icon fa-external-link-square fas\" aria-hidden=\"true\"><\/i><\/span><div class=\"fusion-li-item-content\"><a href=\"https:\/\/lexpol.cloud.pf\/LexpolAfficheTexte.php?texte=517487\" target=\"_blank\" rel=\"noopener\"><strong><u>Arr\u00eat\u00e9 n\u00b0 843 CM du 30 avril 2018 modifi\u00e9<\/u><\/strong><\/a><br \/>\nModalit\u00e9s d&rsquo;application du cadre r\u00e9glementaire de l&rsquo;activit\u00e9 de transport routier avec chauffeur, au moyen de v\u00e9hicule de moins de dix places assises<\/div><\/li><li class=\"fusion-li-item\" style=\"\"><span class=\"icon-wrapper circle-yes\"><i class=\"fusion-li-icon fa-external-link-square fas\" aria-hidden=\"true\"><\/i><\/span><div class=\"fusion-li-item-content\"><a href=\"https:\/\/lexpol.cloud.pf\/LexpolAfficheTexte.php?texte=206247\" target=\"_blank\" rel=\"noopener\"><strong><u>Arr\u00eat\u00e9 CM n\u00b0 556 du 6 juin 2008<\/u><\/strong><\/a><br \/>\nFixation du seuil minimal de la tarification applicable aux prestations assur\u00e9es par les v\u00e9hicules de remise<\/div><\/li><\/ul><\/div><\/div><\/div><\/div><div class=\"fusion-fullwidth fullwidth-box fusion-builder-row-7 fusion-flex-container has-pattern-background has-mask-background nonhundred-percent-fullwidth non-hundred-percent-height-scrolling\" style=\"--awb-border-radius-top-left:0px;--awb-border-radius-top-right:0px;--awb-border-radius-bottom-right:0px;--awb-border-radius-bottom-left:0px;--awb-flex-wrap:wrap;\" ><div class=\"fusion-builder-row fusion-row fusion-flex-align-items-flex-start fusion-flex-content-wrap\" style=\"max-width:99.84%;margin-left: calc(-4% \/ 2 );margin-right: calc(-4% \/ 2 );\"><div class=\"fusion-layout-column fusion_builder_column fusion-builder-column-9 fusion_builder_column_1_1 1_1 fusion-flex-column\" style=\"--awb-bg-size:cover;--awb-width-large:100%;--awb-margin-top-large:0px;--awb-spacing-right-large:1.92%;--awb-margin-bottom-large:20px;--awb-spacing-left-large:1.92%;--awb-width-medium:100%;--awb-order-medium:0;--awb-spacing-right-medium:1.92%;--awb-spacing-left-medium:1.92%;--awb-width-small:100%;--awb-order-small:0;--awb-spacing-right-small:1.92%;--awb-spacing-left-small:1.92%;\"><div class=\"fusion-column-wrapper fusion-column-has-shadow fusion-flex-justify-content-flex-start fusion-content-layout-column\"><div class=\"fusion-separator fusion-full-width-sep\" style=\"align-self: center;margin-left: auto;margin-right: auto;margin-top:15px;margin-bottom:15px;width:100%;\"><\/div><div class=\"fusion-separator fusion-full-width-sep\" style=\"align-self: center;margin-left: auto;margin-right: auto;margin-top:15px;margin-bottom:15px;width:100%;\"><\/div><div class=\"fusion-separator fusion-full-width-sep\" style=\"align-self: center;margin-left: auto;margin-right: auto;margin-top:15px;margin-bottom:15px;width:100%;\"><\/div><div class=\"fusion-separator fusion-full-width-sep\" style=\"align-self: center;margin-left: auto;margin-right: auto;margin-top:15px;margin-bottom:15px;width:100%;\"><\/div><\/div><\/div><\/div><\/div><\/p>\n","protected":false},"excerpt":{"rendered":"","protected":false},"author":98,"featured_media":0,"parent":5080,"menu_order":0,"comment_status":"closed","ping_status":"closed","template":"","meta":{"_acf_changed":false,"_seopress_robots_primary_cat":"","_seopress_titles_title":"","_seopress_titles_desc":"","_seopress_robots_index":"","footnotes":""},"class_list":["post-5593","page","type-page","status-publish","hentry"],"acf":[],"_links":{"self":[{"href":"https:\/\/www.service-public.pf\/dtt\/wp-json\/wp\/v2\/pages\/5593","targetHints":{"allow":["GET"]}}],"collection":[{"href":"https:\/\/www.service-public.pf\/dtt\/wp-json\/wp\/v2\/pages"}],"about":[{"href":"https:\/\/www.service-public.pf\/dtt\/wp-json\/wp\/v2\/types\/page"}],"author":[{"embeddable":true,"href":"https:\/\/www.service-public.pf\/dtt\/wp-json\/wp\/v2\/users\/98"}],"replies":[{"embeddable":true,"href":"https:\/\/www.service-public.pf\/dtt\/wp-json\/wp\/v2\/comments?post=5593"}],"version-history":[{"count":5,"href":"https:\/\/www.service-public.pf\/dtt\/wp-json\/wp\/v2\/pages\/5593\/revisions"}],"predecessor-version":[{"id":6457,"href":"https:\/\/www.service-public.pf\/dtt\/wp-json\/wp\/v2\/pages\/5593\/revisions\/6457"}],"up":[{"embeddable":true,"href":"https:\/\/www.service-public.pf\/dtt\/wp-json\/wp\/v2\/pages\/5080"}],"wp:attachment":[{"href":"https:\/\/www.service-public.pf\/dtt\/wp-json\/wp\/v2\/media?parent=5593"}],"curies":[{"name":"wp","href":"https:\/\/api.w.org\/{rel}","templated":true}]}}