{"id":5612,"date":"2026-01-04T17:33:41","date_gmt":"2026-01-05T03:33:41","guid":{"rendered":"https:\/\/www.service-public.pf\/dtt\/?page_id=5612"},"modified":"2026-01-18T21:46:22","modified_gmt":"2026-01-19T07:46:22","slug":"la-location-de-vehicules-sans-chauffeur-en-polynesie-francaise","status":"publish","type":"page","link":"https:\/\/www.service-public.pf\/dtt\/professionnels\/la-location-de-vehicules-sans-chauffeur-en-polynesie-francaise\/","title":{"rendered":"La location de v\u00e9hicules sans chauffeur en Polyn\u00e9sie fran\u00e7aise"},"content":{"rendered":"<p><div class=\"fusion-fullwidth fullwidth-box fusion-builder-row-1 fusion-flex-container has-pattern-background has-mask-background nonhundred-percent-fullwidth non-hundred-percent-height-scrolling\" style=\"--awb-border-radius-top-left:0px;--awb-border-radius-top-right:0px;--awb-border-radius-bottom-right:0px;--awb-border-radius-bottom-left:0px;--awb-flex-wrap:wrap;\" ><div class=\"fusion-builder-row fusion-row fusion-flex-align-items-flex-start fusion-flex-content-wrap\" style=\"max-width:99.84%;margin-left: calc(-4% \/ 2 );margin-right: calc(-4% \/ 2 );\"><div class=\"fusion-layout-column fusion_builder_column fusion-builder-column-0 fusion_builder_column_1_1 1_1 fusion-flex-column\" style=\"--awb-bg-size:cover;--awb-width-large:100%;--awb-margin-top-large:0px;--awb-spacing-right-large:1.92%;--awb-margin-bottom-large:20px;--awb-spacing-left-large:1.92%;--awb-width-medium:100%;--awb-order-medium:0;--awb-spacing-right-medium:1.92%;--awb-spacing-left-medium:1.92%;--awb-width-small:100%;--awb-order-small:0;--awb-spacing-right-small:1.92%;--awb-spacing-left-small:1.92%;\"><div class=\"fusion-column-wrapper fusion-column-has-shadow fusion-flex-justify-content-flex-start fusion-content-layout-column\"><div class=\"fusion-separator fusion-full-width-sep\" style=\"align-self: center;margin-left: auto;margin-right: auto;margin-top:15px;margin-bottom:15px;width:100%;\"><\/div><div class=\"fusion-separator fusion-full-width-sep\" style=\"align-self: center;margin-left: auto;margin-right: auto;margin-top:15px;margin-bottom:15px;width:100%;\"><\/div><\/div><\/div><\/div><\/div><div class=\"fusion-fullwidth fullwidth-box fusion-builder-row-2 fusion-flex-container has-pattern-background has-mask-background nonhundred-percent-fullwidth non-hundred-percent-height-scrolling\" style=\"--awb-border-radius-top-left:0px;--awb-border-radius-top-right:0px;--awb-border-radius-bottom-right:0px;--awb-border-radius-bottom-left:0px;--awb-flex-wrap:wrap;\" ><div class=\"fusion-builder-row fusion-row fusion-flex-align-items-flex-start fusion-flex-content-wrap\" style=\"max-width:99.84%;margin-left: calc(-4% \/ 2 );margin-right: calc(-4% \/ 2 );\"><div class=\"fusion-layout-column fusion_builder_column fusion-builder-column-1 fusion_builder_column_2_3 2_3 fusion-flex-column\" style=\"--awb-bg-size:cover;--awb-width-large:66.666666666667%;--awb-margin-top-large:0px;--awb-spacing-right-large:2.88%;--awb-margin-bottom-large:20px;--awb-spacing-left-large:2.88%;--awb-width-medium:100%;--awb-order-medium:0;--awb-spacing-right-medium:1.92%;--awb-spacing-left-medium:1.92%;--awb-width-small:100%;--awb-order-small:0;--awb-spacing-right-small:1.92%;--awb-spacing-left-small:1.92%;\"><div class=\"fusion-column-wrapper fusion-column-has-shadow fusion-flex-justify-content-flex-start fusion-content-layout-column\"><div class=\"fusion-text fusion-text-1\" style=\"--awb-content-alignment:justify;\"><p>La location de v\u00e9hicules sans chauffeur est une prestation de services par laquelle est mis contractuellement \u00e0 disposition un v\u00e9hicule, contre r\u00e9mun\u00e9ration, <strong>pour une dur\u00e9e inf\u00e9rieure ou \u00e9gale \u00e0 6 mois<\/strong>.<\/p>\n<p><strong>L&rsquo;activit\u00e9 est r\u00e9glement\u00e9e<\/strong> et doit faire l&rsquo;objet d&rsquo;une <strong>d\u00e9claration<\/strong> aupr\u00e8s de la Direction des transports terrestres.<\/p>\n<p>Cette d\u00e9claration comporte tous renseignements utiles concernant la personne qui entend se livrer \u00e0 l&rsquo;activit\u00e9 de location de v\u00e9hicules sans chauffeur, <strong>les installations pr\u00e9vues pour l&rsquo;accueil du public<\/strong> et le <strong>parking des voitures<\/strong>, ainsi que le <strong>nombre et le type des v\u00e9hicules<\/strong> dont la location est envisag\u00e9e.<\/p>\n<p>L&rsquo;agence doit imp\u00e9rativement inclure un <strong>guichet d&rsquo;accueil pour le public<\/strong>, ainsi qu&rsquo;une <strong>aire de stationnement<\/strong> adapt\u00e9e \u00e0 la capacit\u00e9 d&rsquo;accueil de l&rsquo;ensemble des v\u00e9hicules propos\u00e9s \u00e0 la location.<\/p>\n<\/div><div class=\"fusion-text fusion-text-2\" style=\"--awb-content-alignment:justify;\"><blockquote>\n<p>En Polyn\u00e9sie fran\u00e7aise, la location de v\u00e9hicules <strong>entre particuliers est interdite<\/strong>.<\/p>\n<\/blockquote>\n<\/div><ul style=\"--awb-size:16px;--awb-line-height:27.2px;--awb-icon-width:27.2px;--awb-icon-height:27.2px;--awb-icon-margin:11.2px;--awb-content-margin:38.4px;--awb-circlecolor:#223780;--awb-circle-yes-font-size:14.08px;\" class=\"fusion-checklist fusion-checklist-1 fusion-checklist-default type-icons\"><li class=\"fusion-li-item\" style=\"\"><span class=\"icon-wrapper circle-yes\"><i class=\"fusion-li-icon fa-file-pdf fas\" aria-hidden=\"true\"><\/i><\/span><div class=\"fusion-li-item-content\"><a href=\"https:\/\/www.service-public.pf\/dtt\/wp-content\/uploads\/sites\/47\/2025\/01\/typologie_vehicule_LOC.pdf\" target=\"_blank\" rel=\"noopener\"><strong><u>La typologie des v\u00e9hicules et dimension de parking<\/u><\/strong><\/a><\/div><\/li><\/ul><\/div><\/div><div class=\"fusion-layout-column fusion_builder_column fusion-builder-column-2 fusion_builder_column_1_3 1_3 fusion-flex-column\" style=\"--awb-padding-top:30px;--awb-padding-right:50px;--awb-padding-bottom:50px;--awb-padding-left:50px;--awb-padding-top-small:30px;--awb-padding-bottom-small:40px;--awb-padding-left-small:20px;--awb-bg-color:#f7f7f7;--awb-bg-color-hover:#f7f7f7;--awb-bg-size:cover;--awb-box-shadow:3px 3px 2px 1px #dddddd;;--awb-border-color:#223780;--awb-border-left:7px;--awb-border-style:solid;--awb-width-large:33.333333333333%;--awb-margin-top-large:0px;--awb-spacing-right-large:5.76%;--awb-margin-bottom-large:20px;--awb-spacing-left-large:5.76%;--awb-width-medium:100%;--awb-order-medium:0;--awb-spacing-right-medium:1.92%;--awb-spacing-left-medium:1.92%;--awb-width-small:100%;--awb-order-small:0;--awb-spacing-right-small:1.92%;--awb-margin-bottom-small:60px;--awb-spacing-left-small:1.92%;\"><div class=\"fusion-column-wrapper fusion-column-has-shadow fusion-flex-justify-content-flex-start fusion-content-layout-column\"><i class=\"fb-icon-element-1 fb-icon-element fontawesome-icon fa-user-friends fas circle-yes\" style=\"--awb-circlecolor:#223780;--awb-circlecolor-hover:#223780;--awb-circlebordercolor:rgba(51,51,51,0);--awb-circlebordercolor-hover:#223780;--awb-circlebordersize:1px;--awb-font-size:28.16px;--awb-width:56.32px;--awb-height:56.32px;--awb-line-height:54.32px;--awb-align-self:center;--awb-margin-top:-55px;--awb-margin-right:0px;--awb-margin-bottom:0px;--awb-margin-left:0px;\"><\/i><div class=\"fusion-separator fusion-full-width-sep\" style=\"align-self: center;margin-left: auto;margin-right: auto;margin-top:15px;margin-bottom:15px;width:100%;\"><\/div><div class=\"fusion-text fusion-text-3\"><p style=\"text-align: center;\"><span style=\"text-transform: uppercase; font-weight: bold;\">Le bureau des activit\u00e9s de transport (BAT)<\/span><\/p>\n<p style=\"text-align: left;\"><strong>O\u00f9 se renseigner ? Comment pr\u00e9parer mon projet ?<\/strong><\/p>\n<p>Le bureau des activit\u00e9s de transport est situ\u00e9 \u00e0 Pirae, \u00e0 la Direction des transports terrestres<\/p>\n<\/div><ul style=\"--awb-size:16px;--awb-line-height:27.2px;--awb-icon-width:27.2px;--awb-icon-height:27.2px;--awb-icon-margin:11.2px;--awb-content-margin:38.4px;--awb-circlecolor:#223780;--awb-circle-yes-font-size:14.08px;\" class=\"fusion-checklist fusion-checklist-2 fusion-checklist-default type-icons\"><li class=\"fusion-li-item\" style=\"\"><span class=\"icon-wrapper circle-yes\"><i class=\"fusion-li-icon fa-calendar fas\" aria-hidden=\"true\"><\/i><\/span><div class=\"fusion-li-item-content\">\n<p>lundi \u00e0 mercredi de 7h30 \u00e0 14h30, et le jeudi et vendredi de 7h30 \u00e0 12h<\/p>\n<\/div><\/li><li class=\"fusion-li-item\" style=\"\"><span class=\"icon-wrapper circle-yes\"><i class=\"fusion-li-icon fa-phone-rotary fas\" aria-hidden=\"true\"><\/i><\/span><div class=\"fusion-li-item-content\"><a href=\"tel:+68940549653\">40 54 96 53<\/a><\/div><\/li><li class=\"fusion-li-item\" style=\"\"><span class=\"icon-wrapper circle-yes\"><i class=\"fusion-li-icon fa-at fas\" aria-hidden=\"true\"><\/i><\/span><div class=\"fusion-li-item-content\"><a href=\"mailto:bat.dtt@administration.gov.pf\" target=\"_blank\" rel=\"noopener\">bat.dtt@administration.gov.pf<\/a><\/div><\/li><\/ul><\/div><\/div><\/div><\/div><div class=\"fusion-fullwidth fullwidth-box fusion-builder-row-3 fusion-flex-container has-pattern-background has-mask-background nonhundred-percent-fullwidth non-hundred-percent-height-scrolling\" style=\"--awb-border-radius-top-left:0px;--awb-border-radius-top-right:0px;--awb-border-radius-bottom-right:0px;--awb-border-radius-bottom-left:0px;--awb-flex-wrap:wrap;\" ><div class=\"fusion-builder-row fusion-row fusion-flex-align-items-flex-start fusion-flex-content-wrap\" style=\"max-width:99.84%;margin-left: calc(-4% \/ 2 );margin-right: calc(-4% \/ 2 );\"><div class=\"fusion-layout-column fusion_builder_column fusion-builder-column-3 fusion_builder_column_1_1 1_1 fusion-flex-column\" style=\"--awb-bg-size:cover;--awb-width-large:100%;--awb-margin-top-large:0px;--awb-spacing-right-large:1.92%;--awb-margin-bottom-large:20px;--awb-spacing-left-large:1.92%;--awb-width-medium:100%;--awb-order-medium:0;--awb-spacing-right-medium:1.92%;--awb-spacing-left-medium:1.92%;--awb-width-small:100%;--awb-order-small:0;--awb-spacing-right-small:1.92%;--awb-spacing-left-small:1.92%;\"><div class=\"fusion-column-wrapper fusion-column-has-shadow fusion-flex-justify-content-flex-start fusion-content-layout-column\"><div class=\"fusion-separator fusion-full-width-sep\" style=\"align-self: center;margin-left: auto;margin-right: auto;margin-top:15px;margin-bottom:15px;width:100%;\"><\/div><\/div><\/div><\/div><\/div><div class=\"fusion-fullwidth fullwidth-box fusion-builder-row-4 fusion-flex-container has-pattern-background has-mask-background nonhundred-percent-fullwidth non-hundred-percent-height-scrolling\" style=\"--awb-border-radius-top-left:0px;--awb-border-radius-top-right:0px;--awb-border-radius-bottom-right:0px;--awb-border-radius-bottom-left:0px;--awb-flex-wrap:wrap;\" ><div class=\"fusion-builder-row fusion-row fusion-flex-align-items-flex-start fusion-flex-content-wrap\" style=\"max-width:99.84%;margin-left: calc(-4% \/ 2 );margin-right: calc(-4% \/ 2 );\"><div class=\"fusion-layout-column fusion_builder_column fusion-builder-column-4 fusion_builder_column_2_3 2_3 fusion-flex-column\" style=\"--awb-bg-size:cover;--awb-width-large:66.666666666667%;--awb-margin-top-large:0px;--awb-spacing-right-large:2.88%;--awb-margin-bottom-large:20px;--awb-spacing-left-large:2.88%;--awb-width-medium:100%;--awb-order-medium:0;--awb-spacing-right-medium:1.92%;--awb-spacing-left-medium:1.92%;--awb-width-small:100%;--awb-order-small:0;--awb-spacing-right-small:1.92%;--awb-spacing-left-small:1.92%;\"><div class=\"fusion-column-wrapper fusion-column-has-shadow fusion-flex-justify-content-flex-start fusion-content-layout-column\"><div class=\"accordian fusion-accordian\" style=\"margin-bottom:20px;--awb-margin-bottom:20px;--awb-border-size:1px;--awb-icon-size:13px;--awb-content-font-size:16px;--awb-icon-alignment:left;--awb-hover-color:#f9f9f9;--awb-border-color:#cccccc;--awb-background-color:#ffffff;--awb-divider-color:#e0dede;--awb-divider-hover-color:#e0dede;--awb-icon-color:#ffffff;--awb-title-color:#223780;--awb-content-color:#424242;--awb-icon-box-color:#223880;--awb-toggle-hover-accent-color:#e03528;--awb-title-font-family:&quot;Public Sans&quot;;--awb-title-font-weight:300;--awb-title-font-style:normal;--awb-title-font-size:16px;--awb-content-font-family:&quot;Public Sans&quot;;--awb-content-font-style:normal;--awb-content-font-weight:300;\"><div class=\"panel-group fusion-toggle-icon-boxed\" id=\"accordion-5612-1\"><div class=\"fusion-panel panel-default panel-90792d662e3ff9a0e fusion-toggle-has-divider\" style=\"--awb-title-color:#223780;--awb-content-color:#424242;\"><div class=\"panel-heading\"><h4 class=\"panel-title toggle\" id=\"toggle_90792d662e3ff9a0e\"><a aria-expanded=\"false\" aria-controls=\"90792d662e3ff9a0e\" role=\"button\" data-toggle=\"collapse\" data-target=\"#90792d662e3ff9a0e\" href=\"#90792d662e3ff9a0e\"><span class=\"fusion-toggle-icon-wrapper\" aria-hidden=\"true\"><i class=\"fa-fusion-box active-icon fa-angle-down fas\" aria-hidden=\"true\"><\/i><i class=\"fa-fusion-box inactive-icon fa-angle-right fas\" aria-hidden=\"true\"><\/i><\/span><span class=\"fusion-toggle-heading\">\u00c2ge du v\u00e9hicule<\/span><\/a><\/h4><\/div><div id=\"90792d662e3ff9a0e\" class=\"panel-collapse collapse \" aria-labelledby=\"toggle_90792d662e3ff9a0e\"><div class=\"panel-body toggle-content fusion-clearfix\">\n<p>Le v\u00e9hicule doit \u00eatre \u00e2g\u00e9 de moins de <strong>5 ans<\/strong> \u00e0 compter de sa date de 1\u00e8re mise en circulation.<\/p>\n<\/div><\/div><\/div><div class=\"fusion-panel panel-default panel-49f3434384a146cc6 fusion-toggle-has-divider\" style=\"--awb-title-color:#223780;--awb-content-color:#424242;\"><div class=\"panel-heading\"><h4 class=\"panel-title toggle\" id=\"toggle_49f3434384a146cc6\"><a aria-expanded=\"false\" aria-controls=\"49f3434384a146cc6\" role=\"button\" data-toggle=\"collapse\" data-target=\"#49f3434384a146cc6\" href=\"#49f3434384a146cc6\"><span class=\"fusion-toggle-icon-wrapper\" aria-hidden=\"true\"><i class=\"fa-fusion-box active-icon fa-angle-down fas\" aria-hidden=\"true\"><\/i><i class=\"fa-fusion-box inactive-icon fa-angle-right fas\" aria-hidden=\"true\"><\/i><\/span><span class=\"fusion-toggle-heading\">Les obligations du v\u00e9hicule<\/span><\/a><\/h4><\/div><div id=\"49f3434384a146cc6\" class=\"panel-collapse collapse \" aria-labelledby=\"toggle_49f3434384a146cc6\"><div class=\"panel-body toggle-content fusion-clearfix\">\n<p>Le v\u00e9hicule doit :<\/p>\n<ul>\n<li><strong>\u00eatre soumis aux visites techniques et disposer d&rsquo;une autorisation de mise en circulation<\/strong> <em>(\u00e0 l&rsquo;exception des v\u00e9hicules \u00e0 deux et trois roues)<\/em><\/li>\n<li><strong>faire l&rsquo;objet d&rsquo;un contrat d&rsquo;assurances<\/strong> pour risques couvrant la responsabilit\u00e9 civile du propri\u00e9taire du v\u00e9hicule, et la r\u00e9paration des dommages corporels et mat\u00e9riels caus\u00e9s \u00e0 toute personne, notamment aux personnes transport\u00e9es<\/li>\n<li><strong>\u00eatre munis d&rsquo;un disque r\u00e9flectoris\u00e9 orange<\/strong> <em>(de 10 cm de diam\u00e8tre \u00e0 l&rsquo;avant et \u00e0 l&rsquo;arri\u00e8re pour les voitures, de 5 cm de diam\u00e8tre \u00e0 l&rsquo;arri\u00e8re pour les engins \u00e0 deux roues)<\/em><\/li>\n<\/ul>\n<\/div><\/div><\/div><div class=\"fusion-panel panel-default panel-990192e8107d004b2 fusion-toggle-has-divider\" style=\"--awb-title-color:#223780;--awb-content-color:#424242;\"><div class=\"panel-heading\"><h4 class=\"panel-title toggle\" id=\"toggle_990192e8107d004b2\"><a aria-expanded=\"false\" aria-controls=\"990192e8107d004b2\" role=\"button\" data-toggle=\"collapse\" data-target=\"#990192e8107d004b2\" href=\"#990192e8107d004b2\"><span class=\"fusion-toggle-icon-wrapper\" aria-hidden=\"true\"><i class=\"fa-fusion-box active-icon fa-angle-down fas\" aria-hidden=\"true\"><\/i><i class=\"fa-fusion-box inactive-icon fa-angle-right fas\" aria-hidden=\"true\"><\/i><\/span><span class=\"fusion-toggle-heading\">Information du client<\/span><\/a><\/h4><\/div><div id=\"990192e8107d004b2\" class=\"panel-collapse collapse \" aria-labelledby=\"toggle_990192e8107d004b2\"><div class=\"panel-body toggle-content fusion-clearfix\">\n<p>Le loueur doit faire conna\u00eetre pr\u00e9alablement \u00e0 la client\u00e8le l&rsquo;ensemble des <strong>conditions de location<\/strong>, pour chaque cat\u00e9gorie de v\u00e9hicules offerts.<\/p>\n<p>Il doit notamment indiquer :<\/p>\n<ul>\n<li>l&rsquo;ensemble des prestations propos\u00e9es avec leurs <strong>prix<\/strong><\/li>\n<li>le montant des options d&rsquo;<strong>assurance<\/strong> propos\u00e9es et, pour l&rsquo;ensemble des <strong>garanties<\/strong>, leurs exclusions, le montant des <strong>franchises<\/strong> et le co\u00fbt de leur rachat<\/li>\n<li>les conditions d&rsquo;\u00e2ge ou d&rsquo;anciennet\u00e9 du <strong>permis de conduire<\/strong><\/li>\n<li>les obligations, outre celles r\u00e9sultant des garanties l\u00e9gales, auxquelles il s&rsquo;engage en mati\u00e8re d&rsquo;entretien, de r\u00e9paration, d&rsquo;assistance et de remplacement du v\u00e9hicule <strong>en cas d&rsquo;accident<\/strong>, ainsi que les \u00e9ventuelles limitations de sa responsabilit\u00e9 contractuelle<\/li>\n<\/ul>\n<\/div><\/div><\/div><div class=\"fusion-panel panel-default panel-03b34862356723e2b fusion-toggle-has-divider\" style=\"--awb-title-color:#223780;--awb-content-color:#424242;\"><div class=\"panel-heading\"><h4 class=\"panel-title toggle\" id=\"toggle_03b34862356723e2b\"><a aria-expanded=\"false\" aria-controls=\"03b34862356723e2b\" role=\"button\" data-toggle=\"collapse\" data-target=\"#03b34862356723e2b\" href=\"#03b34862356723e2b\"><span class=\"fusion-toggle-icon-wrapper\" aria-hidden=\"true\"><i class=\"fa-fusion-box active-icon fa-angle-down fas\" aria-hidden=\"true\"><\/i><i class=\"fa-fusion-box inactive-icon fa-angle-right fas\" aria-hidden=\"true\"><\/i><\/span><span class=\"fusion-toggle-heading\">Le contrat de location<\/span><\/a><\/h4><\/div><div id=\"03b34862356723e2b\" class=\"panel-collapse collapse \" aria-labelledby=\"toggle_03b34862356723e2b\"><div class=\"panel-body toggle-content fusion-clearfix\">\n<p>Le loueur doit remettre au locataire un contrat de location qui d\u00e9finit les <strong>conditions d&rsquo;usage du v\u00e9hicule<\/strong>, la <strong>dur\u00e9e<\/strong> et le <strong>co\u00fbt de la location<\/strong>.<\/p>\n<p>Le contrat doit \u00eatre r\u00e9dig\u00e9 au moins en <strong>deux exemplaires<\/strong> pour \u00eatre conserv\u00e9 par chacune des parties apr\u00e8s signature.<\/p>\n<p>Le contrat doit notamment comporter les informations suivantes :<\/p>\n<ul>\n<li><em>sur le loueur<\/em> : l&rsquo;identit\u00e9 ou la raison sociale, l&rsquo;adresse<\/li>\n<li><em>sur le locataire<\/em> : son nom, pr\u00e9nom, lieu et date de naissance, domicile, n\u00b0 du permis de conduire<\/li>\n<li><em>sur le ou les conducteurs autres que le locataire<\/em> : nom, pr\u00e9nom, lieu et date de naissance, domicile, n\u00b0 de permis de conduire<\/li>\n<li><em>sur le v\u00e9hicule<\/em> : marque, type, n\u00b0 d&rsquo;immatriculation, kilom\u00e9trage<\/li>\n<li>la date, le lieu, l&rsquo;heure de d\u00e9part et de restitution<\/li>\n<li>chacun des \u00e9l\u00e9ments composant le co\u00fbt de la location : au kilom\u00e8tre, au temps ; tarifs, assurances, extra<\/li>\n<li>le montant des franchises d&rsquo;assurance<\/li>\n<\/ul>\n<\/div><\/div><\/div><div class=\"fusion-panel panel-default panel-c4f652ca8ea81d7be fusion-toggle-has-divider\" style=\"--awb-title-color:#223780;--awb-content-color:#424242;\"><div class=\"panel-heading\"><h4 class=\"panel-title toggle\" id=\"toggle_c4f652ca8ea81d7be\"><a aria-expanded=\"false\" aria-controls=\"c4f652ca8ea81d7be\" role=\"button\" data-toggle=\"collapse\" data-target=\"#c4f652ca8ea81d7be\" href=\"#c4f652ca8ea81d7be\"><span class=\"fusion-toggle-icon-wrapper\" aria-hidden=\"true\"><i class=\"fa-fusion-box active-icon fa-angle-down fas\" aria-hidden=\"true\"><\/i><i class=\"fa-fusion-box inactive-icon fa-angle-right fas\" aria-hidden=\"true\"><\/i><\/span><span class=\"fusion-toggle-heading\">Fiche d'\u00e9tat du v\u00e9hicule<\/span><\/a><\/h4><\/div><div id=\"c4f652ca8ea81d7be\" class=\"panel-collapse collapse \" aria-labelledby=\"toggle_c4f652ca8ea81d7be\"><div class=\"panel-body toggle-content fusion-clearfix\">\n<p>Le loueur remettra au locataire une fiche d&rsquo;\u00e9tat du v\u00e9hicule lou\u00e9.<\/p>\n<p>Elle est <strong>sign\u00e9e par les deux parties<\/strong> au <strong>d\u00e9part<\/strong> et au <strong>retour<\/strong> du v\u00e9hicule.<\/p>\n<p>Elle peut \u00eatre int\u00e9gr\u00e9e au contrat de location ou constituer un document \u00e0 part.<\/p>\n<\/div><\/div><\/div><div class=\"fusion-panel panel-default panel-e2baf258c2647723c fusion-toggle-has-divider\" style=\"--awb-title-color:#223780;--awb-content-color:#424242;\"><div class=\"panel-heading\"><h4 class=\"panel-title toggle\" id=\"toggle_e2baf258c2647723c\"><a aria-expanded=\"false\" aria-controls=\"e2baf258c2647723c\" role=\"button\" data-toggle=\"collapse\" data-target=\"#e2baf258c2647723c\" href=\"#e2baf258c2647723c\"><span class=\"fusion-toggle-icon-wrapper\" aria-hidden=\"true\"><i class=\"fa-fusion-box active-icon fa-angle-down fas\" aria-hidden=\"true\"><\/i><i class=\"fa-fusion-box inactive-icon fa-angle-right fas\" aria-hidden=\"true\"><\/i><\/span><span class=\"fusion-toggle-heading\">P\u00e9nalit\u00e9s<\/span><\/a><\/h4><\/div><div id=\"e2baf258c2647723c\" class=\"panel-collapse collapse \" aria-labelledby=\"toggle_e2baf258c2647723c\"><div class=\"panel-body toggle-content fusion-clearfix\">\n<p><strong>Contravention de 4\u00e8me classe :<\/strong><\/p>\n<ul>\n<li><strong>Absence de la mention \u00ab\u00a0v\u00e9hicule de location\u00a0\u00bb<\/strong> sur la carte grise<\/li>\n<li><strong>Absence de signe distinctif<\/strong> obligatoire sur le v\u00e9hicule<\/li>\n<li><strong>Mise en location d&rsquo;un v\u00e9hicule de plus de 5 ans<\/strong><\/li>\n<li><strong>Mise en circulation d&rsquo;un v\u00e9hicule sans r\u00e9vision compl\u00e8te<\/strong> et sans l&rsquo;accord pr\u00e9alable de l&rsquo;assureur<\/li>\n<\/ul>\n<p><strong>Contravention de 5\u00e8me classe :<\/strong><\/p>\n<ul>\n<li><strong>Op\u00e9rations de location effectu\u00e9es hors des agences<\/strong> ou de leurs guichets, ainsi que la mise \u00e0 disposition de v\u00e9hicules stationn\u00e9s en dehors des zones pr\u00e9vues, notamment dans les ports et a\u00e9roports<\/li>\n<li><strong>Absence de contrat de location<\/strong> entre l&rsquo;agence et le client<\/li>\n<li><strong>Manque d&rsquo;information claire<\/strong> \u00e0 destination du client concernant les conditions de location<\/li>\n<li><strong>Absence de fiche d&rsquo;\u00e9tat du v\u00e9hicule lou\u00e9<\/strong>, obligatoire avant et apr\u00e8s chaque location<\/li>\n<\/ul>\n<\/div><\/div><\/div><\/div><\/div><div class=\"fusion-text fusion-text-4\" style=\"--awb-content-alignment:justify;\"><blockquote>\n<p><strong>\u00c0 noter :<\/strong><\/p>\n<p>Le client doit pouvoir \u00eatre inform\u00e9 correctement des dispositions du contrat de location dans les zones pr\u00e9vues \u00e0 cet effet (guichet). <strong>C&rsquo;est pourquoi la livraison de v\u00e9hicule, par exemple aux a\u00e9roports ou aux ports, est interdite.<\/strong> Les op\u00e9rations de mise en location doivent se r\u00e9aliser dans les zones pr\u00e9vues \u00e0 cet effet.<\/p>\n<p><strong>Transporter r\u00e9guli\u00e8rement des clients d&rsquo;un point A \u00e0 un point B<\/strong> (par exemple, de l&rsquo;a\u00e9roport \u00e0 une agence de location) implique des responsabilit\u00e9s et des risques. Cette prestation est encadr\u00e9e par la r\u00e9glementation : le conducteur doit \u00eatre qualifi\u00e9 pour le transport de personnes (attestation professionnelle, honorabilit\u00e9, et aptitude m\u00e9dicale), et le v\u00e9hicule doit \u00eatre contr\u00f4l\u00e9 techniquement. Il faut donc \u00eatre titulaire d&rsquo;une <strong>autorisation pour exercer<\/strong> cette activit\u00e9 de transport de personnes, obtenir une <strong>licence pour le v\u00e9hicule<\/strong> et le conducteur doit disposer d&rsquo;une <strong>attestation de qualification professionnelle<\/strong>. Pour plus de d\u00e9tails, consultez : <a href=\"https:\/\/www.service-public.pf\/dtt\/lactivite-de-transport-touristique\/\" target=\"_blank\" rel=\"noopener\"><u>le transport touristique en Polyn\u00e9sie fran\u00e7aise<\/u><\/a><\/p>\n<\/blockquote>\n<\/div><\/div><\/div><div class=\"fusion-layout-column fusion_builder_column fusion-builder-column-5 fusion_builder_column_1_3 1_3 fusion-flex-column\" style=\"--awb-padding-top:30px;--awb-padding-right:50px;--awb-padding-bottom:50px;--awb-padding-left:50px;--awb-padding-top-small:30px;--awb-padding-bottom-small:40px;--awb-padding-left-small:20px;--awb-bg-color:#f7f7f7;--awb-bg-color-hover:#f7f7f7;--awb-bg-size:cover;--awb-box-shadow:3px 3px 2px 1px #dddddd;;--awb-border-color:#223780;--awb-border-left:7px;--awb-border-style:solid;--awb-width-large:33.333333333333%;--awb-margin-top-large:0px;--awb-spacing-right-large:5.76%;--awb-margin-bottom-large:20px;--awb-spacing-left-large:5.76%;--awb-width-medium:100%;--awb-order-medium:0;--awb-spacing-right-medium:1.92%;--awb-spacing-left-medium:1.92%;--awb-width-small:100%;--awb-order-small:0;--awb-spacing-right-small:1.92%;--awb-margin-bottom-small:60px;--awb-spacing-left-small:1.92%;\"><div class=\"fusion-column-wrapper fusion-column-has-shadow fusion-flex-justify-content-flex-start fusion-content-layout-column\"><i class=\"fb-icon-element-2 fb-icon-element fontawesome-icon fa-address-card fas circle-yes\" style=\"--awb-circlecolor:#223780;--awb-circlecolor-hover:#223780;--awb-circlebordercolor:rgba(51,51,51,0);--awb-circlebordercolor-hover:#223780;--awb-circlebordersize:1px;--awb-font-size:28.16px;--awb-width:56.32px;--awb-height:56.32px;--awb-line-height:54.32px;--awb-align-self:center;--awb-margin-top:-55px;--awb-margin-right:0px;--awb-margin-bottom:0px;--awb-margin-left:0px;\"><\/i><div class=\"fusion-separator fusion-full-width-sep\" style=\"align-self: center;margin-left: auto;margin-right: auto;margin-top:15px;margin-bottom:15px;width:100%;\"><\/div><div class=\"fusion-text fusion-text-5\"><p style=\"text-align: center;\"><span style=\"text-transform: uppercase; font-weight: bold;\">Les d\u00e9marches<\/span><\/p>\n<\/div><ul style=\"--awb-size:16px;--awb-line-height:27.2px;--awb-icon-width:27.2px;--awb-icon-height:27.2px;--awb-icon-margin:11.2px;--awb-content-margin:38.4px;--awb-circlecolor:#223780;--awb-circle-yes-font-size:14.08px;\" class=\"fusion-checklist fusion-checklist-3 fusion-checklist-default type-icons\"><li class=\"fusion-li-item\" style=\"\"><span class=\"icon-wrapper circle-yes\"><i class=\"fusion-li-icon fa-external-link-square fas\" aria-hidden=\"true\"><\/i><\/span><div class=\"fusion-li-item-content\"><a href=\"https:\/\/www.mes-demarches.gov.pf\/commencer\/dtt-2025-loc-declarer-une-activite-de-location-de-\" target=\"_blank\" rel=\"noopener\">D\u00e9claration d&rsquo;ouverture d&rsquo;agence<\/a><\/div><\/li><li class=\"fusion-li-item\" style=\"\"><span class=\"icon-wrapper circle-yes\"><i class=\"fusion-li-icon fa-external-link-square fas\" aria-hidden=\"true\"><\/i><\/span><div class=\"fusion-li-item-content\"><a href=\"https:\/\/www.mes-demarches.gov.pf\/commencer\/dtt-2025-loc-modification-de-la-declaration-de-l-a\" target=\"_blank\" rel=\"noopener\">Modification du parc de v\u00e9hicules<\/a><\/div><\/li><li class=\"fusion-li-item\" style=\"\"><span class=\"icon-wrapper circle-yes\"><i class=\"fusion-li-icon fa-external-link-square fas\" aria-hidden=\"true\"><\/i><\/span><div class=\"fusion-li-item-content\"><a href=\"https:\/\/www.mes-demarches.gov.pf\/commencer\/dtt-2025-loc-modification-de-la-declaration-de-l-a\" target=\"_blank\" rel=\"noopener\">Modification des installations<\/a><\/div><\/li><li class=\"fusion-li-item\" style=\"\"><span class=\"icon-wrapper circle-yes\"><i class=\"fusion-li-icon fa-external-link-square fas\" aria-hidden=\"true\"><\/i><\/span><div class=\"fusion-li-item-content\"><a href=\"https:\/\/www.mes-demarches.gov.pf\/commencer\/dtt-2025-loc-modification-de-la-declaration-de-l-a\" target=\"_blank\" rel=\"noopener\">Changement d&rsquo;exploitant<\/a><\/div><\/li><li class=\"fusion-li-item\" style=\"\"><span class=\"icon-wrapper circle-yes\"><i class=\"fusion-li-icon fa-external-link-square fas\" aria-hidden=\"true\"><\/i><\/span><div class=\"fusion-li-item-content\"><a href=\"https:\/\/www.mes-demarches.gov.pf\/commencer\/dtt-2025-loc-cessation-d-activite-de-location-de-v\" target=\"_blank\" rel=\"noopener\">Cessation d&rsquo;activit\u00e9<\/a><\/div><\/li><\/ul><\/div><\/div><\/div><\/div><div class=\"fusion-fullwidth fullwidth-box fusion-builder-row-5 fusion-flex-container has-pattern-background has-mask-background nonhundred-percent-fullwidth non-hundred-percent-height-scrolling\" style=\"--awb-border-radius-top-left:0px;--awb-border-radius-top-right:0px;--awb-border-radius-bottom-right:0px;--awb-border-radius-bottom-left:0px;--awb-flex-wrap:wrap;\" ><div class=\"fusion-builder-row fusion-row fusion-flex-align-items-flex-start fusion-flex-content-wrap\" style=\"max-width:99.84%;margin-left: calc(-4% \/ 2 );margin-right: calc(-4% \/ 2 );\"><div class=\"fusion-layout-column fusion_builder_column fusion-builder-column-6 fusion_builder_column_1_1 1_1 fusion-flex-column\" style=\"--awb-bg-size:cover;--awb-width-large:100%;--awb-margin-top-large:0px;--awb-spacing-right-large:1.92%;--awb-margin-bottom-large:20px;--awb-spacing-left-large:1.92%;--awb-width-medium:100%;--awb-order-medium:0;--awb-spacing-right-medium:1.92%;--awb-spacing-left-medium:1.92%;--awb-width-small:100%;--awb-order-small:0;--awb-spacing-right-small:1.92%;--awb-spacing-left-small:1.92%;\"><div class=\"fusion-column-wrapper fusion-column-has-shadow fusion-flex-justify-content-flex-start fusion-content-layout-column\"><div class=\"fusion-separator fusion-full-width-sep\" style=\"align-self: center;margin-left: auto;margin-right: auto;margin-top:15px;margin-bottom:15px;width:100%;\"><\/div><\/div><\/div><\/div><\/div><div class=\"fusion-fullwidth fullwidth-box fusion-builder-row-6 fusion-flex-container has-pattern-background has-mask-background nonhundred-percent-fullwidth non-hundred-percent-height-scrolling\" style=\"--awb-border-radius-top-left:0px;--awb-border-radius-top-right:0px;--awb-border-radius-bottom-right:0px;--awb-border-radius-bottom-left:0px;--awb-flex-wrap:wrap;\" ><div class=\"fusion-builder-row fusion-row fusion-flex-align-items-flex-start fusion-flex-content-wrap\" style=\"max-width:99.84%;margin-left: calc(-4% \/ 2 );margin-right: calc(-4% \/ 2 );\"><div class=\"fusion-layout-column fusion_builder_column fusion-builder-column-7 fusion_builder_column_2_3 2_3 fusion-flex-column\" style=\"--awb-bg-size:cover;--awb-width-large:66.666666666667%;--awb-margin-top-large:0px;--awb-spacing-right-large:2.88%;--awb-margin-bottom-large:20px;--awb-spacing-left-large:2.88%;--awb-width-medium:100%;--awb-order-medium:0;--awb-spacing-right-medium:1.92%;--awb-spacing-left-medium:1.92%;--awb-width-small:100%;--awb-order-small:0;--awb-spacing-right-small:1.92%;--awb-spacing-left-small:1.92%;\"><div class=\"fusion-column-wrapper fusion-column-has-shadow fusion-flex-justify-content-flex-start fusion-content-layout-column\"><div class=\"fusion-title title fusion-title-1 fusion-sep-none fusion-title-text fusion-title-size-two\" style=\"--awb-margin-bottom:0px;--awb-margin-top-small:0px;--awb-margin-right-small:0px;--awb-margin-bottom-small:20px;--awb-margin-left-small:0px;\"><h2 class=\"fusion-title-heading title-heading-left\" style=\"margin:0;\">D\u00e9claration d&rsquo;ouverture d&rsquo;agence de location de v\u00e9hicules sans chauffeur<\/h2><\/div><div class=\"accordian fusion-accordian\" style=\"--awb-border-size:0px;--awb-icon-size:13px;--awb-content-font-size:16px;--awb-icon-alignment:left;--awb-hover-color:#f9f9f9;--awb-border-color:#cccccc;--awb-background-color:var(--awb-custom13);--awb-divider-color:#e0dede;--awb-divider-hover-color:#e0dede;--awb-icon-color:var(--awb-color1);--awb-title-color:#223780;--awb-content-color:#424242;--awb-icon-box-color:#223880;--awb-toggle-hover-accent-color:#e03528;--awb-title-font-family:&quot;Public Sans&quot;;--awb-title-font-weight:300;--awb-title-font-style:normal;--awb-title-font-size:16px;--awb-content-font-family:&quot;Public Sans&quot;;--awb-content-font-style:normal;--awb-content-font-weight:300;\"><div class=\"panel-group fusion-toggle-icon-boxed\" id=\"accordion-5612-2\"><div class=\"fusion-panel panel-default panel-0407154fd775c7121 fusion-toggle-no-divider fusion-toggle-boxed-mode\" style=\"--awb-content-font-size:16px;--awb-content-font-family:&quot;Public Sans&quot;;--awb-content-font-style:normal;--awb-content-font-weight:300;--awb-title-font-family:&quot;Public Sans&quot;;--awb-title-font-weight:300;--awb-title-font-style:normal;--awb-title-font-size:16px;--awb-title-color:#223780;--awb-content-color:#424242;\"><div class=\"panel-heading\"><h4 class=\"panel-title toggle\" id=\"toggle_0407154fd775c7121\"><a aria-expanded=\"false\" aria-controls=\"0407154fd775c7121\" role=\"button\" data-toggle=\"collapse\" data-target=\"#0407154fd775c7121\" href=\"#0407154fd775c7121\"><span class=\"fusion-toggle-icon-wrapper\" aria-hidden=\"true\"><i class=\"fa-fusion-box active-icon fa-angle-down fas\" aria-hidden=\"true\"><\/i><i class=\"fa-fusion-box inactive-icon fa-angle-right fas\" aria-hidden=\"true\"><\/i><\/span><span class=\"fusion-toggle-heading\">D\u00e9claration de l'activit\u00e9 aupr\u00e8s de la Direction des transports terrestres<\/span><\/a><\/h4><\/div><div id=\"0407154fd775c7121\" class=\"panel-collapse collapse \" aria-labelledby=\"toggle_0407154fd775c7121\"><div class=\"panel-body toggle-content fusion-clearfix\">\n<p>Pour effectuer votre d\u00e9claration, utilisez notre <a href=\"https:\/\/www.mes-demarches.gov.pf\/commencer\/dtt-2025-loc-declarer-une-activite-de-location-de-\" target=\"_blank\" rel=\"noopener\"><strong><u>formulaire d\u00e9mat\u00e9rialis\u00e9<\/u><\/strong><\/a> disponible sur la plateforme <em>Mes-D\u00e9marches.<\/em><\/p>\n<p><a href=\"https:\/\/www.service-public.pf\/dtt\/wp-content\/uploads\/sites\/47\/2025\/01\/2024_guide_usager_LOC_declaration.pdf\" target=\"_blank\" rel=\"noopener\"><u>\u00a0T\u00e9l\u00e9charger le guide de la d\u00e9marche<\/u><\/a><\/p>\n<blockquote>\n<p>Une adresse e-mail valide est n\u00e9cessaire pour cr\u00e9er un compte sur la plateforme.<\/p>\n<\/blockquote>\n<p>Avant de commencer, assurez-vous de r\u00e9unir les \u00e9l\u00e9ments suivants :<\/p>\n<table style=\"width: 100%; border-collapse: collapse;\" border=\"1\">\n<tbody>\n<tr>\n<td style=\"width: 25%; text-align: center;\"><strong>L&rsquo;agence de location<\/strong><\/td>\n<td style=\"width: 75%;\">\n<ul>\n<li>Nom de l&rsquo;enseigne<\/li>\n<li>Adresse g\u00e9ographique<\/li>\n<li>Description des lieux (photos et plans)<\/li>\n<li>Situation d&rsquo;occupation (titre de propri\u00e9t\u00e9, plan cadastral, bail de location, selon la situation)<\/li>\n<\/ul>\n<\/td>\n<\/tr>\n<tr>\n<td style=\"width: 25%; text-align: center;\"><strong>L&rsquo;entreprise<\/strong><\/td>\n<td style=\"width: 75%;\">\n<ul>\n<li>Situation au r\u00e9pertoire des entreprises (n\u00b0 TAHITI, n\u00b0 d&rsquo;immatriculation au RCS, extrait K)<\/li>\n<li>Si l&rsquo;entreprise n&rsquo;est pas encore cr\u00e9\u00e9e : D\u00e9claration sur l&rsquo;honneur de transmettre ces \u00e9l\u00e9ments une fois l&rsquo;entreprise immatricul\u00e9e<\/li>\n<\/ul>\n<\/td>\n<\/tr>\n<tr>\n<td style=\"width: 25%; text-align: center;\"><strong>Le parc de v\u00e9hicules<\/strong><\/td>\n<td style=\"width: 75%;\">\n<ul>\n<li>Nombre et types de v\u00e9hicules envisag\u00e9s<\/li>\n<\/ul>\n<\/td>\n<\/tr>\n<tr>\n<td style=\"width: 25%; text-align: center;\"><strong>Le d\u00e9clarant<\/strong><\/td>\n<td style=\"width: 75%;\">\n<ul>\n<li>Titre d&rsquo;identit\u00e9<\/li>\n<li>Extrait de casier judiciaire n\u00b0 3, datant de moins de 3 mois, \u00e0 obtenir via ce lien : <a href=\"https:\/\/casier-judiciaire.justice.gouv.fr\/mai-web-b3-presentation\/pages\/accueil.xhtml?nocid=true\" target=\"_blank\" rel=\"noopener\"><u>faire ma demande<\/u><\/a><\/li>\n<\/ul>\n<\/td>\n<\/tr>\n<\/tbody>\n<\/table>\n<blockquote>\n<p>En cas de dossier incomplet, des instructions de modification vous seront envoy\u00e9es par e-mail. Pensez \u00e0 v\u00e9rifier r\u00e9guli\u00e8rement votre bo\u00eete de r\u00e9ception et vos spams.<\/p>\n<\/blockquote>\n<p>\u00a0<strong>\u00c0 l&rsquo;issue de la d\u00e9marche,<\/strong> vous recevrez un <strong>r\u00e9c\u00e9piss\u00e9<\/strong> par e-mail, qui vous permettra de poursuivre vos d\u00e9marches aupr\u00e8s de la CCISM.<\/p>\n<p><em><strong>D\u00e9lai de traitement estim\u00e9 :<\/strong> 1 \u00e0 2 semaines.<\/em><\/p>\n<p>Il est \u00e9galement possible d&rsquo;utiliser le <a href=\"https:\/\/www.service-public.pf\/dtt\/wp-content\/uploads\/sites\/47\/2023\/12\/6_Formulaire-LOCATION-MAJ-octobre-2022.pdf\" target=\"_blank\" rel=\"noopener\"><strong><u>formulaire papier<\/u><\/strong><\/a> et le transmettre \u00e0 l&rsquo;adresse bat.dtt@administration.gov.pf<\/p>\n<blockquote>\n<p>Les <strong>contr\u00f4leurs asserment\u00e9s de la Direction des transports terrestres<\/strong> seront amen\u00e9s \u00e0 proc\u00e9der \u00e0 des contr\u00f4les inopin\u00e9s sur les lieux indiqu\u00e9s dans la d\u00e9claration.<\/p>\n<\/blockquote>\n<\/div><\/div><\/div><div class=\"fusion-panel panel-default panel-0934eb1dcd5688d29 fusion-toggle-no-divider fusion-toggle-boxed-mode\" style=\"--awb-content-font-size:16px;--awb-content-font-family:&quot;Public Sans&quot;;--awb-content-font-style:normal;--awb-content-font-weight:300;--awb-title-font-family:&quot;Public Sans&quot;;--awb-title-font-weight:300;--awb-title-font-style:normal;--awb-title-font-size:16px;--awb-title-color:#223780;--awb-content-color:#424242;\"><div class=\"panel-heading\"><h4 class=\"panel-title toggle\" id=\"toggle_0934eb1dcd5688d29\"><a aria-expanded=\"false\" aria-controls=\"0934eb1dcd5688d29\" role=\"button\" data-toggle=\"collapse\" data-target=\"#0934eb1dcd5688d29\" href=\"#0934eb1dcd5688d29\"><span class=\"fusion-toggle-icon-wrapper\" aria-hidden=\"true\"><i class=\"fa-fusion-box active-icon fa-angle-down fas\" aria-hidden=\"true\"><\/i><i class=\"fa-fusion-box inactive-icon fa-angle-right fas\" aria-hidden=\"true\"><\/i><\/span><span class=\"fusion-toggle-heading\">D\u00e9marches administratives li\u00e9es \u00e0 l'entreprise de location de v\u00e9hicules sans chauffeur<\/span><\/a><\/h4><\/div><div id=\"0934eb1dcd5688d29\" class=\"panel-collapse collapse \" aria-labelledby=\"toggle_0934eb1dcd5688d29\"><div class=\"panel-body toggle-content fusion-clearfix\">\n<p>Le <strong>r\u00e9c\u00e9piss\u00e9 de d\u00e9claration de l&rsquo;activit\u00e9<\/strong> vous permet de poursuivre vos d\u00e9marches li\u00e9es \u00e0 l&rsquo;entreprise de location de v\u00e9hicules.<\/p>\n<p>La mention <strong>\u00ab\u00a0activit\u00e9 de location de v\u00e9hicules sans chauffeur\u00a0\u00bb<\/strong> doit imp\u00e9rativement figurer sur l&rsquo;extrait d&rsquo;immatriculation de l&rsquo;entreprise.<\/p>\n<p>Une fois ces d\u00e9marches compl\u00e9t\u00e9es, veuillez fournir les documents suivants \u00e0 l&rsquo;adresse : <a href=\"mailto:bat.dtt@administration.gov.pf\">bat.dtt@administration.gov.pf<\/a><\/p>\n<p><strong>Pour les personnes physiques :<\/strong><\/p>\n<ul>\n<li>Le num\u00e9ro d&rsquo;identification TAHITI et le num\u00e9ro RCS.<\/li>\n<li>L&rsquo;extrait K d&rsquo;immatriculation au Registre du Commerce et des Soci\u00e9t\u00e9s du d\u00e9clarant.<\/li>\n<\/ul>\n<p><strong>Pour les personnes morales :<\/strong><\/p>\n<ul>\n<li>Un exemplaire des statuts et tous documents mentionnant le nom et les fonctions des dirigeants de la soci\u00e9t\u00e9 au moment de la demande.<\/li>\n<li>L&rsquo;extrait K bis d&rsquo;immatriculation au Registre du Commerce et des Soci\u00e9t\u00e9s du d\u00e9clarant.<\/li>\n<\/ul>\n<p><strong>Sans ces documents, l&rsquo;autorisation de mise en circulation des v\u00e9hicules ne pourra \u00eatre d\u00e9livr\u00e9e.<\/strong><\/p>\n<\/div><\/div><\/div><div class=\"fusion-panel panel-default panel-614fcdddac49e945d fusion-toggle-no-divider fusion-toggle-boxed-mode\" style=\"--awb-content-font-size:16px;--awb-content-font-family:&quot;Public Sans&quot;;--awb-content-font-style:normal;--awb-content-font-weight:300;--awb-title-font-family:&quot;Public Sans&quot;;--awb-title-font-weight:300;--awb-title-font-style:normal;--awb-title-font-size:16px;--awb-title-color:#223780;--awb-content-color:#424242;\"><div class=\"panel-heading\"><h4 class=\"panel-title toggle\" id=\"toggle_614fcdddac49e945d\"><a aria-expanded=\"false\" aria-controls=\"614fcdddac49e945d\" role=\"button\" data-toggle=\"collapse\" data-target=\"#614fcdddac49e945d\" href=\"#614fcdddac49e945d\"><span class=\"fusion-toggle-icon-wrapper\" aria-hidden=\"true\"><i class=\"fa-fusion-box active-icon fa-angle-down fas\" aria-hidden=\"true\"><\/i><i class=\"fa-fusion-box inactive-icon fa-angle-right fas\" aria-hidden=\"true\"><\/i><\/span><span class=\"fusion-toggle-heading\">D\u00e9marches relatives aux v\u00e9hicules<\/span><\/a><\/h4><\/div><div id=\"614fcdddac49e945d\" class=\"panel-collapse collapse \" aria-labelledby=\"toggle_614fcdddac49e945d\"><div class=\"panel-body toggle-content fusion-clearfix\">\n<p><strong>1. Achat des v\u00e9hicules et visite technique<\/strong><\/p>\n<ul>\n<li><em>Pour les v\u00e9hicules neufs<\/em> :<\/li>\n<\/ul>\n<p>Le concessionnaire se charge des d\u00e9marches pour l&rsquo;immatriculation du v\u00e9hicule, la visite technique initiale et l&rsquo;autorisation de mise en circulation.<\/p>\n<ul>\n<li><em>Pour les v\u00e9hicules d&rsquo;occasion (de moins de 5 ans lors de la premi\u00e8re mise en circulation) :<\/em><\/li>\n<\/ul>\n<p>Prenez rendez-vous avec la section des v\u00e9hicules \u00e0 cette adresse : <strong>secretariat.sv@transport.gov.pf<\/strong> pour :<\/p>\n<ul>\n<li>effectuer la visite technique et obtenir l&rsquo;autorisation de mise en circulation (= carte violette) ;<\/li>\n<li>obtenir la carte grise avec la mention \u00ab\u00a0carte violette obligatoire\/v\u00e9hicule de location\u00a0\u00bb.<\/li>\n<\/ul>\n<blockquote><p><strong>Attention<\/strong> : la location d&rsquo;un v\u00e9hicule avec une immatriculation provisoire (plaque WW) est interdite.<\/p><\/blockquote>\n<p><strong>2. Assurance des v\u00e9hicules<\/strong><\/p>\n<p>Il est obligatoire d&rsquo;assurer les v\u00e9hicules pour l&rsquo;activit\u00e9 de location. Cette assurance doit couvrir :<\/p>\n<ul>\n<li>la responsabilit\u00e9 civile du propri\u00e9taire du v\u00e9hicule ;<\/li>\n<li>la r\u00e9paration des dommages corporels et mat\u00e9riels caus\u00e9s aux tiers.<\/li>\n<\/ul>\n<p><strong>3. Signes distinctifs des v\u00e9hicules<\/strong><\/p>\n<p>Les v\u00e9hicules doivent \u00eatre munis de signes distinctifs :<\/p>\n<ul>\n<li>un macaron orange de 10 cm de diam\u00e8tre \u00e0 l&rsquo;avant et \u00e0 l&rsquo;arri\u00e8re du v\u00e9hicule.<\/li>\n<li>un macaron orange de 5 cm de diam\u00e8tre \u00e0 l&rsquo;arri\u00e8re des deux-roues.<\/li>\n<\/ul>\n<p>Pour faire imprimer ces signes distinctifs, vous pouvez vous rendre dans une soci\u00e9t\u00e9 sp\u00e9cialis\u00e9e en impression.<\/p>\n<\/div><\/div><\/div><\/div><\/div><div class=\"fusion-title title fusion-title-2 fusion-sep-none fusion-title-text fusion-title-size-two\" style=\"--awb-margin-top:40px;--awb-margin-bottom:0px;--awb-margin-top-small:0px;--awb-margin-right-small:0px;--awb-margin-bottom-small:20px;--awb-margin-left-small:0px;\"><h2 class=\"fusion-title-heading title-heading-left\" style=\"margin:0;\">Modification de l&rsquo;activit\u00e9<\/h2><\/div><div class=\"accordian fusion-accordian\" style=\"--awb-border-size:0px;--awb-icon-size:13px;--awb-content-font-size:16px;--awb-icon-alignment:left;--awb-hover-color:#f9f9f9;--awb-border-color:#cccccc;--awb-background-color:var(--awb-custom13);--awb-divider-color:#e0dede;--awb-divider-hover-color:#e0dede;--awb-icon-color:#ffffff;--awb-title-color:#223780;--awb-content-color:#424242;--awb-icon-box-color:var(--awb-color5);--awb-toggle-hover-accent-color:#e03528;--awb-title-font-family:&quot;Public Sans&quot;;--awb-title-font-weight:300;--awb-title-font-style:normal;--awb-title-font-size:16px;--awb-content-font-family:&quot;Public Sans&quot;;--awb-content-font-style:normal;--awb-content-font-weight:300;\"><div class=\"panel-group fusion-toggle-icon-boxed\" id=\"accordion-5612-3\"><div class=\"fusion-panel panel-default panel-f3ad2ce91521e4f17 fusion-toggle-no-divider fusion-toggle-boxed-mode\" style=\"--awb-content-font-size:16px;--awb-content-font-family:&quot;Public Sans&quot;;--awb-content-font-style:normal;--awb-content-font-weight:300;--awb-title-font-family:&quot;Public Sans&quot;;--awb-title-font-weight:300;--awb-title-font-style:normal;--awb-title-font-size:16px;--awb-title-color:#223780;--awb-content-color:#424242;\"><div class=\"panel-heading\"><h4 class=\"panel-title toggle\" id=\"toggle_f3ad2ce91521e4f17\"><a aria-expanded=\"false\" aria-controls=\"f3ad2ce91521e4f17\" role=\"button\" data-toggle=\"collapse\" data-target=\"#f3ad2ce91521e4f17\" href=\"#f3ad2ce91521e4f17\"><span class=\"fusion-toggle-icon-wrapper\" aria-hidden=\"true\"><i class=\"fa-fusion-box active-icon fa-angle-down fas\" aria-hidden=\"true\"><\/i><i class=\"fa-fusion-box inactive-icon fa-angle-right fas\" aria-hidden=\"true\"><\/i><\/span><span class=\"fusion-toggle-heading\">Modification du parc de v\u00e9hicules<\/span><\/a><\/h4><\/div><div id=\"f3ad2ce91521e4f17\" class=\"panel-collapse collapse \" aria-labelledby=\"toggle_f3ad2ce91521e4f17\"><div class=\"panel-body toggle-content fusion-clearfix\">\n<p>La modification du parc de v\u00e9hicules doit \u00eatre d\u00e9clar\u00e9e \u00e0 la Direction des transports terrestres en utilisant le <strong>formulaire d\u00e9mat\u00e9rialis\u00e9<\/strong> disponible sur la plateforme <em>Mes-D\u00e9marches.<\/em><\/p>\n<p><a href=\"https:\/\/www.service-public.pf\/dtt\/wp-content\/uploads\/sites\/47\/2025\/01\/2024_guide_usager_LOC_modification.pdf\" target=\"_blank\" rel=\"noopener\"><u>T\u00e9l\u00e9charger le guide de la d\u00e9marche<\/u><\/a><\/p>\n<p><a href=\"https:\/\/www.mes-demarches.gov.pf\/commencer\/dtt-2025-loc-modification-de-la-declaration-de-l-a\" target=\"_blank\" rel=\"noopener\"><strong><u>Modifier le parc de v\u00e9hicules<\/u><\/strong><\/a><\/p>\n<blockquote>\n<p>Une adresse e-mail valide est requise pour cr\u00e9er un compte sur la plateforme.<\/p>\n<\/blockquote>\n<p>Avant de commencer, assurez-vous de r\u00e9unir les \u00e9l\u00e9ments suivants :<\/p>\n<ul>\n<li><strong>extrait du casier judiciaire n\u00b03<\/strong> datant de moins de trois mois, \u00e0 obtenir via ce lien : <a href=\"https:\/\/casier-judiciaire.justice.gouv.fr\/mai-web-b3-presentation\/pages\/accueil.xhtml?nocid=true\" target=\"_blank\" rel=\"noopener\"><u>faire ma demande<\/u><\/a><\/li>\n<li><strong>liste actuelle du parc de v\u00e9hicules<\/strong> pr\u00e9cisant l&rsquo;immatriculation de chaque v\u00e9hicule<\/li>\n<li>ajouts et retraits de v\u00e9hicules<\/li>\n<\/ul>\n<p><strong>Remarque :<\/strong> Si la modification du parc de v\u00e9hicules entra\u00eene des changements dans les installations de l&rsquo;agence de location, la d\u00e9claration doit \u00e9galement \u00eatre faite via le m\u00eame formulaire.<\/p>\n<\/div><\/div><\/div><div class=\"fusion-panel panel-default panel-2123c444ca7a32764 fusion-toggle-no-divider fusion-toggle-boxed-mode\" style=\"--awb-content-font-size:16px;--awb-content-font-family:&quot;Public Sans&quot;;--awb-content-font-style:normal;--awb-content-font-weight:300;--awb-title-font-family:&quot;Public Sans&quot;;--awb-title-font-weight:300;--awb-title-font-style:normal;--awb-title-font-size:16px;--awb-title-color:#223780;--awb-content-color:#424242;\"><div class=\"panel-heading\"><h4 class=\"panel-title toggle\" id=\"toggle_2123c444ca7a32764\"><a aria-expanded=\"false\" aria-controls=\"2123c444ca7a32764\" role=\"button\" data-toggle=\"collapse\" data-target=\"#2123c444ca7a32764\" href=\"#2123c444ca7a32764\"><span class=\"fusion-toggle-icon-wrapper\" aria-hidden=\"true\"><i class=\"fa-fusion-box active-icon fa-angle-down fas\" aria-hidden=\"true\"><\/i><i class=\"fa-fusion-box inactive-icon fa-angle-right fas\" aria-hidden=\"true\"><\/i><\/span><span class=\"fusion-toggle-heading\">Modification des installations de l'agence de location (accueil du public, parking)<\/span><\/a><\/h4><\/div><div id=\"2123c444ca7a32764\" class=\"panel-collapse collapse \" aria-labelledby=\"toggle_2123c444ca7a32764\"><div class=\"panel-body toggle-content fusion-clearfix\">\n<p>La modification des installations de l&rsquo;agence de location (accueil du public, parking) doit \u00eatre d\u00e9clar\u00e9e \u00e0 la Direction des transports terrestres en utilisant le <strong>formulaire d\u00e9mat\u00e9rialis\u00e9<\/strong> disponible sur la plateforme <em>Mes-D\u00e9marches.<\/em><\/p>\n<p><a href=\"https:\/\/www.service-public.pf\/dtt\/wp-content\/uploads\/sites\/47\/2025\/01\/2024_guide_usager_LOC_modification.pdf\" target=\"_blank\" rel=\"noopener\"><u>\u00a0T\u00e9l\u00e9charger le guide de la d\u00e9marche<\/u><\/a><\/p>\n<p><a href=\"https:\/\/www.mes-demarches.gov.pf\/commencer\/dtt-2025-loc-modification-de-la-declaration-de-l-a\" target=\"_blank\" rel=\"noopener\"><strong><u>Modifier les installations de l&rsquo;agence<\/u><\/strong><\/a><\/p>\n<blockquote>\n<p><strong>Pr\u00e9-requis :<\/strong> Une adresse e-mail valide est requise pour cr\u00e9er un compte sur la plateforme.<\/p>\n<\/blockquote>\n<p>Avant de commencer, assurez-vous de r\u00e9unir les \u00e9l\u00e9ments suivants :<\/p>\n<ul>\n<li><strong>Extrait du casier judiciaire n\u00b03<\/strong> datant de moins de trois mois, \u00e0 obtenir via ce lien : <a href=\"https:\/\/casier-judiciaire.justice.gouv.fr\/mai-web-b3-presentation\/pages\/accueil.xhtml?nocid=true\" target=\"_blank\" rel=\"noopener\"><u>faire ma demande<\/u><\/a><\/li>\n<li><strong>Description des lieux<\/strong> : plan, photos, dimensionnement<\/li>\n<li><strong>Situation d&rsquo;occupation des lieux :<\/strong> titre de propri\u00e9t\u00e9, plan cadastral, bail de location, selon la situation<\/li>\n<\/ul>\n<p><strong>Remarque :<\/strong> Si la modification des lieux entra\u00eene des changements dans le parc de v\u00e9hicule, la d\u00e9claration doit \u00e9galement \u00eatre faite via le m\u00eame formulaire.<\/p>\n<\/div><\/div><\/div><div class=\"fusion-panel panel-default panel-c9e15fa6c98a424d9 fusion-toggle-no-divider fusion-toggle-boxed-mode\" style=\"--awb-content-font-size:16px;--awb-content-font-family:&quot;Public Sans&quot;;--awb-content-font-style:normal;--awb-content-font-weight:300;--awb-title-font-family:&quot;Public Sans&quot;;--awb-title-font-weight:300;--awb-title-font-style:normal;--awb-title-font-size:16px;--awb-title-color:#223780;--awb-content-color:#424242;\"><div class=\"panel-heading\"><h4 class=\"panel-title toggle\" id=\"toggle_c9e15fa6c98a424d9\"><a aria-expanded=\"false\" aria-controls=\"c9e15fa6c98a424d9\" role=\"button\" data-toggle=\"collapse\" data-target=\"#c9e15fa6c98a424d9\" href=\"#c9e15fa6c98a424d9\"><span class=\"fusion-toggle-icon-wrapper\" aria-hidden=\"true\"><i class=\"fa-fusion-box active-icon fa-angle-down fas\" aria-hidden=\"true\"><\/i><i class=\"fa-fusion-box inactive-icon fa-angle-right fas\" aria-hidden=\"true\"><\/i><\/span><span class=\"fusion-toggle-heading\">Changement d'exploitant<\/span><\/a><\/h4><\/div><div id=\"c9e15fa6c98a424d9\" class=\"panel-collapse collapse \" aria-labelledby=\"toggle_c9e15fa6c98a424d9\"><div class=\"panel-body toggle-content fusion-clearfix\">\n<p>La modification de l&rsquo;exploitant doit \u00eatre d\u00e9clar\u00e9e \u00e0 la Direction des transports terrestres en utilisant le <strong>formulaire d\u00e9mat\u00e9rialis\u00e9<\/strong> disponible sur la plateforme <em>Mes-D\u00e9marches.<\/em><\/p>\n<p><a href=\"https:\/\/www.service-public.pf\/dtt\/wp-content\/uploads\/sites\/47\/2025\/01\/2024_guide_usager_LOC_modification.pdf\" target=\"_blank\" rel=\"noopener\"><u>T\u00e9l\u00e9charger le guide de la d\u00e9marche<\/u><\/a><\/p>\n<p><a href=\"https:\/\/www.mes-demarches.gov.pf\/commencer\/dtt-2025-loc-modification-de-la-declaration-de-l-a\" target=\"_blank\" rel=\"noopener\"><strong><u>Modifier l&rsquo;exploitant<\/u><\/strong><\/a><\/p>\n<blockquote>\n<p><strong>Pr\u00e9-requis :<\/strong> Une adresse e-mail valide est requise pour cr\u00e9er un compte sur la plateforme.<\/p>\n<\/blockquote>\n<p>Avant de commencer, assurez-vous de r\u00e9unir les \u00e9l\u00e9ments suivants :<\/p>\n<ul>\n<li><strong>Extrait du casier judiciaire n\u00b03<\/strong> datant de moins de trois mois, \u00e0 obtenir via ce lien : <a href=\"https:\/\/casier-judiciaire.justice.gouv.fr\/mai-web-b3-presentation\/pages\/accueil.xhtml?nocid=true\" target=\"_blank\" rel=\"noopener\"><u>faire ma demande<\/u><\/a><\/li>\n<li>Titre d&rsquo;identit\u00e9 du nouveau g\u00e9rant<\/li>\n<li>Statuts de la soci\u00e9t\u00e9 actualis\u00e9s<\/li>\n<\/ul>\n<\/div><\/div><\/div><div class=\"fusion-panel panel-default panel-868201b24f0637f3d fusion-toggle-no-divider fusion-toggle-boxed-mode\" style=\"--awb-content-font-size:16px;--awb-content-font-family:&quot;Public Sans&quot;;--awb-content-font-style:normal;--awb-content-font-weight:300;--awb-title-font-family:&quot;Public Sans&quot;;--awb-title-font-weight:300;--awb-title-font-style:normal;--awb-title-font-size:16px;--awb-title-color:#223780;--awb-content-color:#424242;\"><div class=\"panel-heading\"><h4 class=\"panel-title toggle\" id=\"toggle_868201b24f0637f3d\"><a aria-expanded=\"false\" aria-controls=\"868201b24f0637f3d\" role=\"button\" data-toggle=\"collapse\" data-target=\"#868201b24f0637f3d\" href=\"#868201b24f0637f3d\"><span class=\"fusion-toggle-icon-wrapper\" aria-hidden=\"true\"><i class=\"fa-fusion-box active-icon fa-angle-down fas\" aria-hidden=\"true\"><\/i><i class=\"fa-fusion-box inactive-icon fa-angle-right fas\" aria-hidden=\"true\"><\/i><\/span><span class=\"fusion-toggle-heading\">Cessation d'activit\u00e9<\/span><\/a><\/h4><\/div><div id=\"868201b24f0637f3d\" class=\"panel-collapse collapse \" aria-labelledby=\"toggle_868201b24f0637f3d\"><div class=\"panel-body toggle-content fusion-clearfix\">\n<p>La cessation d&rsquo;activit\u00e9 de location de v\u00e9hicules sans chauffeur doit \u00eatre d\u00e9clar\u00e9e \u00e0 la Direction des transports terrestres en utilisant ce formulaire d\u00e9mat\u00e9rialis\u00e9 disponible sur la plateforme <em>Mes-D\u00e9marches<\/em> <a href=\"https:\/\/www.mes-demarches.gov.pf\/commencer\/dtt-2025-loc-cessation-d-activite-de-location-de-v\" target=\"_blank\" rel=\"noopener\"><strong><u>\u00e0 ce lien<\/u><\/strong><\/a>.<\/p>\n<p>Une copie du titre d&rsquo;identit\u00e9 du d\u00e9clarant sera n\u00e9cessaire.<\/p>\n<\/div><\/div><\/div><\/div><\/div><\/div><\/div><div class=\"fusion-layout-column fusion_builder_column fusion-builder-column-8 fusion_builder_column_1_3 1_3 fusion-flex-column\" style=\"--awb-padding-top:30px;--awb-padding-right:50px;--awb-padding-bottom:50px;--awb-padding-left:50px;--awb-padding-top-small:30px;--awb-padding-bottom-small:40px;--awb-padding-left-small:20px;--awb-bg-color:#f7f7f7;--awb-bg-color-hover:#f7f7f7;--awb-bg-size:cover;--awb-box-shadow:3px 3px 2px 1px #dddddd;;--awb-border-color:#223780;--awb-border-left:7px;--awb-border-style:solid;--awb-width-large:33.333333333333%;--awb-margin-top-large:0px;--awb-spacing-right-large:5.76%;--awb-margin-bottom-large:20px;--awb-spacing-left-large:5.76%;--awb-width-medium:100%;--awb-order-medium:0;--awb-spacing-right-medium:1.92%;--awb-spacing-left-medium:1.92%;--awb-width-small:100%;--awb-order-small:0;--awb-spacing-right-small:1.92%;--awb-margin-bottom-small:60px;--awb-spacing-left-small:1.92%;\"><div class=\"fusion-column-wrapper fusion-column-has-shadow fusion-flex-justify-content-flex-start fusion-content-layout-column\"><i class=\"fb-icon-element-3 fb-icon-element fontawesome-icon fa-balance-scale fas circle-yes\" style=\"--awb-circlecolor:#223780;--awb-circlecolor-hover:#223780;--awb-circlebordercolor:rgba(51,51,51,0);--awb-circlebordercolor-hover:#223780;--awb-circlebordersize:1px;--awb-font-size:28.16px;--awb-width:56.32px;--awb-height:56.32px;--awb-line-height:54.32px;--awb-align-self:center;--awb-margin-top:-55px;--awb-margin-right:0px;--awb-margin-bottom:0px;--awb-margin-left:0px;\"><\/i><div class=\"fusion-separator fusion-full-width-sep\" style=\"align-self: center;margin-left: auto;margin-right: auto;margin-top:15px;margin-bottom:15px;width:100%;\"><\/div><div class=\"fusion-text fusion-text-6\"><p style=\"text-align: center;\"><span style=\"text-transform: uppercase; font-weight: bold;\">Source r\u00e9glementaire<\/span><\/p>\n<\/div><ul style=\"--awb-size:16px;--awb-line-height:27.2px;--awb-icon-width:27.2px;--awb-icon-height:27.2px;--awb-icon-margin:11.2px;--awb-content-margin:38.4px;--awb-circlecolor:#223780;--awb-circle-yes-font-size:14.08px;\" class=\"fusion-checklist fusion-checklist-4 fusion-checklist-default type-icons\"><li class=\"fusion-li-item\" style=\"\"><span class=\"icon-wrapper circle-yes\"><i class=\"fusion-li-icon fa-external-link-square fas\" aria-hidden=\"true\"><\/i><\/span><div class=\"fusion-li-item-content\"><a href=\"https:\/\/lexpol.cloud.pf\/LexpolAfficheTexte.php?texte=443946\" target=\"_blank\" rel=\"noopener\"><strong><u>D\u00e9lib\u00e9ration n\u00b0 2014-87 APF du 29 juillet 2014<\/u><\/strong><\/a><br \/>\nR\u00e9glementation de la location de v\u00e9hicules sans chauffeur<\/div><\/li><\/ul><\/div><\/div><\/div><\/div><div class=\"fusion-fullwidth fullwidth-box fusion-builder-row-7 fusion-flex-container has-pattern-background has-mask-background nonhundred-percent-fullwidth non-hundred-percent-height-scrolling\" style=\"--awb-border-radius-top-left:0px;--awb-border-radius-top-right:0px;--awb-border-radius-bottom-right:0px;--awb-border-radius-bottom-left:0px;--awb-flex-wrap:wrap;\" ><div class=\"fusion-builder-row fusion-row fusion-flex-align-items-flex-start fusion-flex-content-wrap\" style=\"max-width:99.84%;margin-left: calc(-4% \/ 2 );margin-right: calc(-4% \/ 2 );\"><div class=\"fusion-layout-column fusion_builder_column fusion-builder-column-9 fusion_builder_column_1_1 1_1 fusion-flex-column\" style=\"--awb-bg-size:cover;--awb-width-large:100%;--awb-margin-top-large:0px;--awb-spacing-right-large:1.92%;--awb-margin-bottom-large:20px;--awb-spacing-left-large:1.92%;--awb-width-medium:100%;--awb-order-medium:0;--awb-spacing-right-medium:1.92%;--awb-spacing-left-medium:1.92%;--awb-width-small:100%;--awb-order-small:0;--awb-spacing-right-small:1.92%;--awb-spacing-left-small:1.92%;\"><div class=\"fusion-column-wrapper fusion-column-has-shadow fusion-flex-justify-content-flex-start fusion-content-layout-column\"><div class=\"fusion-separator fusion-full-width-sep\" style=\"align-self: center;margin-left: auto;margin-right: auto;margin-top:15px;margin-bottom:15px;width:100%;\"><\/div><div class=\"fusion-separator fusion-full-width-sep\" style=\"align-self: center;margin-left: auto;margin-right: auto;margin-top:15px;margin-bottom:15px;width:100%;\"><\/div><div class=\"fusion-separator fusion-full-width-sep\" style=\"align-self: center;margin-left: auto;margin-right: auto;margin-top:15px;margin-bottom:15px;width:100%;\"><\/div><div class=\"fusion-separator fusion-full-width-sep\" style=\"align-self: center;margin-left: auto;margin-right: auto;margin-top:15px;margin-bottom:15px;width:100%;\"><\/div><\/div><\/div><\/div><\/div><\/p>\n","protected":false},"excerpt":{"rendered":"","protected":false},"author":98,"featured_media":0,"parent":5080,"menu_order":0,"comment_status":"closed","ping_status":"closed","template":"","meta":{"_acf_changed":false,"_seopress_robots_primary_cat":"","_seopress_titles_title":"","_seopress_titles_desc":"","_seopress_robots_index":"","footnotes":""},"class_list":["post-5612","page","type-page","status-publish","hentry"],"acf":[],"_links":{"self":[{"href":"https:\/\/www.service-public.pf\/dtt\/wp-json\/wp\/v2\/pages\/5612","targetHints":{"allow":["GET"]}}],"collection":[{"href":"https:\/\/www.service-public.pf\/dtt\/wp-json\/wp\/v2\/pages"}],"about":[{"href":"https:\/\/www.service-public.pf\/dtt\/wp-json\/wp\/v2\/types\/page"}],"author":[{"embeddable":true,"href":"https:\/\/www.service-public.pf\/dtt\/wp-json\/wp\/v2\/users\/98"}],"replies":[{"embeddable":true,"href":"https:\/\/www.service-public.pf\/dtt\/wp-json\/wp\/v2\/comments?post=5612"}],"version-history":[{"count":5,"href":"https:\/\/www.service-public.pf\/dtt\/wp-json\/wp\/v2\/pages\/5612\/revisions"}],"predecessor-version":[{"id":6455,"href":"https:\/\/www.service-public.pf\/dtt\/wp-json\/wp\/v2\/pages\/5612\/revisions\/6455"}],"up":[{"embeddable":true,"href":"https:\/\/www.service-public.pf\/dtt\/wp-json\/wp\/v2\/pages\/5080"}],"wp:attachment":[{"href":"https:\/\/www.service-public.pf\/dtt\/wp-json\/wp\/v2\/media?parent=5612"}],"curies":[{"name":"wp","href":"https:\/\/api.w.org\/{rel}","templated":true}]}}