{"id":5887,"date":"2026-01-05T18:00:36","date_gmt":"2026-01-06T04:00:36","guid":{"rendered":"https:\/\/www.service-public.pf\/dtt\/?page_id=5887"},"modified":"2026-01-19T15:56:09","modified_gmt":"2026-01-20T01:56:09","slug":"controle-medical-suspension","status":"publish","type":"page","link":"https:\/\/www.service-public.pf\/dtt\/controle-medical-v2\/controle-medical-suspension\/","title":{"rendered":"Suspension du permis de conduire"},"content":{"rendered":"<p><div class=\"fusion-fullwidth fullwidth-box fusion-builder-row-1 fusion-flex-container nonhundred-percent-fullwidth non-hundred-percent-height-scrolling\" style=\"--awb-border-radius-top-left:0px;--awb-border-radius-top-right:0px;--awb-border-radius-bottom-right:0px;--awb-border-radius-bottom-left:0px;--awb-flex-wrap:wrap;\" ><div class=\"fusion-builder-row fusion-row fusion-flex-align-items-flex-start fusion-flex-content-wrap\" style=\"max-width:99.84%;margin-left: calc(-4% \/ 2 );margin-right: calc(-4% \/ 2 );\"><div class=\"fusion-layout-column fusion_builder_column fusion-builder-column-0 fusion_builder_column_1_1 1_1 fusion-flex-column\" style=\"--awb-bg-size:cover;--awb-width-large:100%;--awb-margin-top-large:0px;--awb-spacing-right-large:1.92%;--awb-margin-bottom-large:20px;--awb-spacing-left-large:1.92%;--awb-width-medium:100%;--awb-spacing-right-medium:1.92%;--awb-spacing-left-medium:1.92%;--awb-width-small:100%;--awb-spacing-right-small:1.92%;--awb-spacing-left-small:1.92%;\"><div class=\"fusion-column-wrapper fusion-column-has-shadow fusion-flex-justify-content-flex-start fusion-content-layout-column\"><div class=\"fusion-separator fusion-full-width-sep\" style=\"align-self: center;margin-left: auto;margin-right: auto;margin-top:15px;margin-bottom:15px;width:100%;\"><\/div><\/div><\/div><\/div><\/div><div class=\"fusion-fullwidth fullwidth-box fusion-builder-row-2 fusion-flex-container nonhundred-percent-fullwidth non-hundred-percent-height-scrolling\" style=\"--awb-border-radius-top-left:0px;--awb-border-radius-top-right:0px;--awb-border-radius-bottom-right:0px;--awb-border-radius-bottom-left:0px;--awb-flex-wrap:wrap;\" ><div class=\"fusion-builder-row fusion-row fusion-flex-align-items-flex-start fusion-flex-content-wrap\" style=\"max-width:99.84%;margin-left: calc(-4% \/ 2 );margin-right: calc(-4% \/ 2 );\"><div class=\"fusion-layout-column fusion_builder_column fusion-builder-column-1 fusion_builder_column_2_3 2_3 fusion-flex-column\" style=\"--awb-bg-size:cover;--awb-width-large:66.666666666667%;--awb-margin-top-large:0px;--awb-spacing-right-large:2.88%;--awb-margin-bottom-large:20px;--awb-spacing-left-large:2.88%;--awb-width-medium:100%;--awb-spacing-right-medium:1.92%;--awb-spacing-left-medium:1.92%;--awb-width-small:100%;--awb-spacing-right-small:1.92%;--awb-spacing-left-small:1.92%;\"><div class=\"fusion-column-wrapper fusion-column-has-shadow fusion-flex-justify-content-flex-start fusion-content-layout-column\"><div class=\"fusion-text fusion-text-1\" style=\"--awb-content-alignment:justify;\"><p><strong>Depuis le 1er janvier 2023<\/strong>, les conducteurs ou accompagnateurs d&rsquo;un \u00e9l\u00e8ve conducteur condamn\u00e9s \u00e0 une mesure restrictive ou suspensive du droit de conduire <strong>sup\u00e9rieure \u00e0 1 mois<\/strong> doivent passer un examen m\u00e9dical obligatoire devant un m\u00e9decin agr\u00e9\u00e9 <strong>avant de pouvoir r\u00e9cup\u00e9rer leur titre de conduite<\/strong>.<\/p>\n<\/div><div class=\"fusion-title title fusion-title-1 fusion-sep-none fusion-title-text fusion-title-size-two\" style=\"--awb-margin-top:30px;--awb-margin-bottom:15px;--awb-margin-top-small:0px;--awb-margin-right-small:0px;--awb-margin-bottom-small:20px;--awb-margin-left-small:0px;\"><h2 class=\"fusion-title-heading title-heading-left\" style=\"margin:0;\">\u00cates-vous concern\u00e9 ?<\/h2><\/div><div class=\"fusion-text fusion-text-2\" style=\"--awb-content-alignment:justify;\"><p>Cette proc\u00e9dure s\u2019applique aux infractions suivantes :<\/p>\n<ul>\n<li>Conduite sous l\u2019empire d\u2019un \u00e9tat alcoolique (taux \u00e9gal ou sup\u00e9rieur \u00e0 0,40 mg\/litre d\u2019air expir\u00e9 ou 0,80 g\/litre de sang) ;<\/li>\n<li>Conduite apr\u00e8s usage de stup\u00e9fiant ou de plantes class\u00e9es comme stup\u00e9fiants ;<\/li>\n<li>Conduite en \u00e9tat d\u2019ivresse manifeste ;<\/li>\n<li>Refus de se soumettre aux v\u00e9rifications de l\u2019alcool\u00e9mie ou de l\u2019usage de stup\u00e9fiants ;<\/li>\n<li>Homicide involontaire commis par le conducteur d\u2019un v\u00e9hicule en \u00e9tat d\u2019ivresse manifeste ou sous l\u2019empire d\u2019un \u00e9tat alcoolique ou ayant fait usage de stup\u00e9fiants.<\/li>\n<\/ul>\n<p><span style=\"font-size: 12pt\"><strong>Important :\u00a0<\/strong>cette proc\u00e9dure concerne tout conducteur ou accompagnateur d\u2019un \u00e9l\u00e8ve conducteur \u00e0 l\u2019encontre duquel a \u00e9t\u00e9 prononc\u00e9e une mesure restrictive ou suspensive du droit de conduire d\u2019une dur\u00e9e sup\u00e9rieure \u00e0 1 mois.<\/span><\/p>\n<\/div><div class=\"fusion-separator fusion-full-width-sep\" style=\"align-self: center;margin-left: auto;margin-right: auto;margin-top:15px;margin-bottom:15px;width:100%;\"><\/div><div class=\"fusion-image-element \" style=\"text-align:left;--awb-caption-title-font-family:var(--h2_typography-font-family);--awb-caption-title-font-weight:var(--h2_typography-font-weight);--awb-caption-title-font-style:var(--h2_typography-font-style);--awb-caption-title-size:var(--h2_typography-font-size);--awb-caption-title-transform:var(--h2_typography-text-transform);--awb-caption-title-line-height:var(--h2_typography-line-height);--awb-caption-title-letter-spacing:var(--h2_typography-letter-spacing);\"><span class=\" fusion-imageframe imageframe-none imageframe-1 hover-type-zoomin\"><a href=\"https:\/\/www.service-public.pf\/dtt\/wp-content\/uploads\/sites\/47\/2026\/01\/Titre-suspendu-300x194.jpg\" class=\"fusion-lightbox\" data-rel=\"iLightbox[52e4eb3f10d731d7af0]\" data-title=\"D\u00e9pliant Suspension Permis Conduire DTT\" title=\"D\u00e9pliant Suspension Permis Conduire DTT\"><img decoding=\"async\" width=\"300\" height=\"194\" src=\"https:\/\/www.service-public.pf\/dtt\/wp-content\/uploads\/sites\/47\/2026\/01\/Titre-suspendu.jpg\" data-orig-src=\"https:\/\/www.service-public.pf\/dtt\/wp-content\/uploads\/sites\/47\/2026\/01\/Titre-suspendu-300x194.jpg\" alt class=\"lazyload img-responsive wp-image-6502\" srcset=\"data:image\/svg+xml,%3Csvg%20xmlns%3D%27http%3A%2F%2Fwww.w3.org%2F2000%2Fsvg%27%20width%3D%272000%27%20height%3D%271294%27%20viewBox%3D%270%200%202000%201294%27%3E%3Crect%20width%3D%272000%27%20height%3D%271294%27%20fill-opacity%3D%220%22%2F%3E%3C%2Fsvg%3E\" data-srcset=\"https:\/\/www.service-public.pf\/dtt\/wp-content\/uploads\/sites\/47\/2026\/01\/Titre-suspendu-200x129.jpg 200w, https:\/\/www.service-public.pf\/dtt\/wp-content\/uploads\/sites\/47\/2026\/01\/Titre-suspendu-400x259.jpg 400w, https:\/\/www.service-public.pf\/dtt\/wp-content\/uploads\/sites\/47\/2026\/01\/Titre-suspendu-600x388.jpg 600w, https:\/\/www.service-public.pf\/dtt\/wp-content\/uploads\/sites\/47\/2026\/01\/Titre-suspendu-800x518.jpg 800w, https:\/\/www.service-public.pf\/dtt\/wp-content\/uploads\/sites\/47\/2026\/01\/Titre-suspendu-1200x776.jpg 1200w\" data-sizes=\"auto\" data-orig-sizes=\"(max-width: 1024px) 100vw, (max-width: 640px) 100vw, 1200px\" \/><\/a><\/span><\/div><\/div><\/div><div class=\"fusion-layout-column fusion_builder_column fusion-builder-column-2 fusion_builder_column_1_3 1_3 fusion-flex-column\" style=\"--awb-padding-top:30px;--awb-padding-right:50px;--awb-padding-bottom:50px;--awb-padding-left:50px;--awb-bg-color:#f7f7f7;--awb-bg-color-hover:#f7f7f7;--awb-bg-size:cover;--awb-box-shadow:3px 3px 2px 1px #dddddd;;--awb-border-color:#223780;--awb-border-left:7px;--awb-border-style:solid;--awb-width-large:33.333333333333%;--awb-margin-top-large:0px;--awb-spacing-right-large:5.76%;--awb-margin-bottom-large:60px;--awb-spacing-left-large:5.76%;--awb-width-medium:100%;--awb-spacing-right-medium:1.92%;--awb-spacing-left-medium:1.92%;--awb-width-small:100%;--awb-spacing-right-small:1.92%;--awb-spacing-left-small:1.92%;\"><div class=\"fusion-column-wrapper fusion-column-has-shadow fusion-flex-justify-content-flex-start fusion-content-layout-column\"><i class=\"fb-icon-element-1 fb-icon-element fontawesome-icon fa-user-md fas circle-yes\" style=\"--awb-circlecolor:#223780;--awb-circlecolor-hover:#223780;--awb-circlebordercolor:rgba(51,51,51,0);--awb-circlebordercolor-hover:#223780;--awb-circlebordersize:1px;--awb-font-size:28.16px;--awb-width:56.32px;--awb-height:56.32px;--awb-line-height:54.32px;--awb-align-self:center;--awb-margin-top:-55px;--awb-margin-right:0px;--awb-margin-bottom:0px;--awb-margin-left:0px;\"><\/i><div class=\"fusion-separator fusion-full-width-sep\" style=\"align-self: center;margin-left: auto;margin-right: auto;margin-top:15px;margin-bottom:15px;width:100%;\"><\/div><div class=\"fusion-text fusion-text-3\"><p style=\"text-align: center\"><span style=\"text-transform: uppercase;font-weight: bold\">Documents utiles<\/span><\/p>\n<\/div><ul style=\"--awb-size:16px;--awb-line-height:27.2px;--awb-icon-width:27.2px;--awb-icon-height:27.2px;--awb-icon-margin:11.2px;--awb-content-margin:38.4px;--awb-circlecolor:#223780;--awb-circle-yes-font-size:14.08px;\" class=\"fusion-checklist fusion-checklist-1 fusion-checklist-default type-icons\"><li class=\"fusion-li-item\" style=\"\"><span class=\"icon-wrapper circle-yes\"><i class=\"fusion-li-icon fa-file-pdf fas\" aria-hidden=\"true\"><\/i><\/span><div class=\"fusion-li-item-content\"><a href=\"https:\/\/www.service-public.pf\/dtt\/wp-content\/uploads\/sites\/47\/2022\/12\/VF_Formulaire-bleu.pdf\" target=\"_blank\" rel=\"noopener\">Formulaire de contr\u00f4le m\u00e9dical<\/a><\/div><\/li><li class=\"fusion-li-item\" style=\"\"><span class=\"icon-wrapper circle-yes\"><i class=\"fusion-li-icon fa-file-pdf fas\" aria-hidden=\"true\"><\/i><\/span><div class=\"fusion-li-item-content\"><a href=\"https:\/\/www.service-public.pf\/dtt\/wp-content\/uploads\/sites\/47\/2025\/04\/Liste-des-medecins-agree-MaJ-le-25.04.2025.pdf\" target=\"_blank\" rel=\"noopener\">Liste des m\u00e9decins agr\u00e9\u00e9s<\/a><\/div><\/li><\/ul><div class=\"fusion-separator fusion-full-width-sep\" style=\"align-self: center;margin-left: auto;margin-right: auto;margin-top:20px;margin-bottom:10px;width:100%;\"><\/div><div class=\"fusion-text fusion-text-4\"><p style=\"text-align: center\"><span style=\"text-transform: uppercase;font-weight: bold\">Contact<\/span><\/p>\n<p style=\"text-align: left\"><strong>Cellule r\u00e9tention du droit de conduire<\/strong><\/p>\n<p>Direction des transports terrestres &#8211; Pirae<\/p>\n<\/div><ul style=\"--awb-size:16px;--awb-line-height:27.2px;--awb-icon-width:27.2px;--awb-icon-height:27.2px;--awb-icon-margin:11.2px;--awb-content-margin:38.4px;--awb-circlecolor:#223780;--awb-circle-yes-font-size:14.08px;\" class=\"fusion-checklist fusion-checklist-2 fusion-checklist-default type-icons\"><li class=\"fusion-li-item\" style=\"\"><span class=\"icon-wrapper circle-yes\"><i class=\"fusion-li-icon fa-calendar fas\" aria-hidden=\"true\"><\/i><\/span><div class=\"fusion-li-item-content\">Lundi \u00e0 mercredi : 7h30 \u00e0 14h30<br \/>\nJeudi et vendredi : 7h30 \u00e0 12h<\/div><\/li><li class=\"fusion-li-item\" style=\"\"><span class=\"icon-wrapper circle-yes\"><i class=\"fusion-li-icon fa-phone fas\" aria-hidden=\"true\"><\/i><\/span><div class=\"fusion-li-item-content\"><a href=\"tel:+68940549654\">40 54 96 54<\/a><\/div><\/li><li class=\"fusion-li-item\" style=\"\"><span class=\"icon-wrapper circle-yes\"><i class=\"fusion-li-icon fa-at fas\" aria-hidden=\"true\"><\/i><\/span><div class=\"fusion-li-item-content\"><a href=\"mailto:dtt@administration.gov.pf\" target=\"_blank\" rel=\"noopener\">dtt@administration.gov.pf<\/a><\/div><\/li><\/ul><\/div><\/div><\/div><\/div><div class=\"fusion-fullwidth fullwidth-box fusion-builder-row-3 fusion-flex-container nonhundred-percent-fullwidth non-hundred-percent-height-scrolling\" style=\"--awb-border-radius-top-left:0px;--awb-border-radius-top-right:0px;--awb-border-radius-bottom-right:0px;--awb-border-radius-bottom-left:0px;--awb-flex-wrap:wrap;\" ><div class=\"fusion-builder-row fusion-row fusion-flex-align-items-flex-start fusion-flex-content-wrap\" style=\"max-width:99.84%;margin-left: calc(-4% \/ 2 );margin-right: calc(-4% \/ 2 );\"><div class=\"fusion-layout-column fusion_builder_column fusion-builder-column-3 fusion_builder_column_1_1 1_1 fusion-flex-column\" style=\"--awb-bg-size:cover;--awb-width-large:100%;--awb-margin-top-large:0px;--awb-spacing-right-large:1.92%;--awb-margin-bottom-large:20px;--awb-spacing-left-large:1.92%;--awb-width-medium:100%;--awb-spacing-right-medium:1.92%;--awb-spacing-left-medium:1.92%;--awb-width-small:100%;--awb-spacing-right-small:1.92%;--awb-spacing-left-small:1.92%;\"><div class=\"fusion-column-wrapper fusion-column-has-shadow fusion-flex-justify-content-flex-start fusion-content-layout-column\"><div class=\"fusion-separator fusion-full-width-sep\" style=\"align-self: center;margin-left: auto;margin-right: auto;margin-top:15px;margin-bottom:15px;width:100%;\"><\/div><\/div><\/div><\/div><\/div><div class=\"fusion-fullwidth fullwidth-box fusion-builder-row-4 fusion-flex-container nonhundred-percent-fullwidth non-hundred-percent-height-scrolling\" style=\"--awb-border-radius-top-left:0px;--awb-border-radius-top-right:0px;--awb-border-radius-bottom-right:0px;--awb-border-radius-bottom-left:0px;--awb-flex-wrap:wrap;\" ><div class=\"fusion-builder-row fusion-row fusion-flex-align-items-flex-start fusion-flex-content-wrap\" style=\"max-width:99.84%;margin-left: calc(-4% \/ 2 );margin-right: calc(-4% \/ 2 );\"><div class=\"fusion-layout-column fusion_builder_column fusion-builder-column-4 fusion_builder_column_2_3 2_3 fusion-flex-column\" style=\"--awb-bg-size:cover;--awb-width-large:66.666666666667%;--awb-margin-top-large:0px;--awb-spacing-right-large:2.88%;--awb-margin-bottom-large:20px;--awb-spacing-left-large:2.88%;--awb-width-medium:100%;--awb-spacing-right-medium:1.92%;--awb-spacing-left-medium:1.92%;--awb-width-small:100%;--awb-spacing-right-small:1.92%;--awb-spacing-left-small:1.92%;\"><div class=\"fusion-column-wrapper fusion-column-has-shadow fusion-flex-justify-content-flex-start fusion-content-layout-column\"><div class=\"fusion-title title fusion-title-2 fusion-sep-none fusion-title-text fusion-title-size-two\" style=\"--awb-margin-bottom:0px;--awb-margin-top-small:0px;--awb-margin-right-small:0px;--awb-margin-bottom-small:20px;--awb-margin-left-small:0px;\"><h2 class=\"fusion-title-heading title-heading-left\" style=\"margin:0;\">Proc\u00e9dure pour r\u00e9cup\u00e9rer votre permis<\/h2><\/div><div class=\"accordian fusion-accordian\" style=\"margin-bottom:20px;--awb-margin-bottom:20px;--awb-border-size:0px;--awb-icon-size:13px;--awb-content-font-size:16px;--awb-icon-alignment:left;--awb-hover-color:#f9f9f9;--awb-border-color:#cccccc;--awb-background-color:var(--awb-custom13);--awb-divider-color:#e0dede;--awb-divider-hover-color:#e0dede;--awb-icon-color:#ffffff;--awb-title-color:#223780;--awb-content-color:#424242;--awb-icon-box-color:#223880;--awb-toggle-hover-accent-color:#e03528;--awb-title-font-family:&quot;Public Sans&quot;;--awb-title-font-weight:300;--awb-title-font-style:normal;--awb-title-font-size:16px;--awb-content-font-family:&quot;Public Sans&quot;;--awb-content-font-style:normal;--awb-content-font-weight:300;\"><div class=\"panel-group fusion-toggle-icon-boxed\" id=\"accordion-5887-1\"><div class=\"fusion-panel panel-default panel-6686af7b20b1b3d6a fusion-toggle-no-divider fusion-toggle-boxed-mode\" style=\"--awb-content-font-size:16px;--awb-content-font-family:&quot;Public Sans&quot;;--awb-content-font-style:normal;--awb-content-font-weight:300;--awb-title-font-family:&quot;Public Sans&quot;;--awb-title-font-weight:300;--awb-title-font-style:normal;--awb-title-font-size:16px;--awb-title-color:#223780;--awb-content-color:#424242;\"><div class=\"panel-heading\"><h4 class=\"panel-title toggle\" id=\"toggle_6686af7b20b1b3d6a\"><a aria-expanded=\"false\" aria-controls=\"6686af7b20b1b3d6a\" role=\"button\" data-toggle=\"collapse\" data-target=\"#6686af7b20b1b3d6a\" href=\"#6686af7b20b1b3d6a\"><span class=\"fusion-toggle-icon-wrapper\" aria-hidden=\"true\"><i class=\"fa-fusion-box active-icon fa-angle-down fas\" aria-hidden=\"true\"><\/i><i class=\"fa-fusion-box inactive-icon fa-angle-right fas\" aria-hidden=\"true\"><\/i><\/span><span class=\"fusion-toggle-heading\">\u00c9tape 1 : Prendre rendez-vous chez un m\u00e9decin agr\u00e9\u00e9<\/span><\/a><\/h4><\/div><div id=\"6686af7b20b1b3d6a\" class=\"panel-collapse collapse \" aria-labelledby=\"toggle_6686af7b20b1b3d6a\"><div class=\"panel-body toggle-content fusion-clearfix\">\n<p>Avant de pouvoir r\u00e9cup\u00e9rer votre permis, vous devez passer un <strong>examen m\u00e9dical<\/strong> devant un <strong>m\u00e9decin agr\u00e9\u00e9<\/strong>.<\/p>\n<p>Consultez la <a href=\"https:\/\/www.service-public.pf\/dtt\/wp-content\/uploads\/sites\/47\/2025\/04\/Liste-des-medecins-agree-MaJ-le-25.04.2025.pdf\" target=\"_blank\" rel=\"noopener\"><u>liste des m\u00e9decins agr\u00e9\u00e9s en Polyn\u00e9sie fran\u00e7aise<\/u><\/a> pour prendre rendez-vous.<\/p>\n<p><strong>\u00c0 noter :<\/strong> Si sur votre \u00eele il n&rsquo;y a pas de m\u00e9decin agr\u00e9\u00e9, vous devez consulter un m\u00e9decin de sant\u00e9 publique.<\/p>\n<\/div><\/div><\/div><div class=\"fusion-panel panel-default panel-5a762e7c25a7b137a fusion-toggle-no-divider fusion-toggle-boxed-mode\" style=\"--awb-content-font-size:16px;--awb-content-font-family:&quot;Public Sans&quot;;--awb-content-font-style:normal;--awb-content-font-weight:300;--awb-title-font-family:&quot;Public Sans&quot;;--awb-title-font-weight:300;--awb-title-font-style:normal;--awb-title-font-size:16px;--awb-title-color:#223780;--awb-content-color:#424242;\"><div class=\"panel-heading\"><h4 class=\"panel-title toggle\" id=\"toggle_5a762e7c25a7b137a\"><a aria-expanded=\"false\" aria-controls=\"5a762e7c25a7b137a\" role=\"button\" data-toggle=\"collapse\" data-target=\"#5a762e7c25a7b137a\" href=\"#5a762e7c25a7b137a\"><span class=\"fusion-toggle-icon-wrapper\" aria-hidden=\"true\"><i class=\"fa-fusion-box active-icon fa-angle-down fas\" aria-hidden=\"true\"><\/i><i class=\"fa-fusion-box inactive-icon fa-angle-right fas\" aria-hidden=\"true\"><\/i><\/span><span class=\"fusion-toggle-heading\">\u00c9tape 2 : Obtenir l'avis m\u00e9dical<\/span><\/a><\/h4><\/div><div id=\"5a762e7c25a7b137a\" class=\"panel-collapse collapse \" aria-labelledby=\"toggle_5a762e7c25a7b137a\"><div class=\"panel-body toggle-content fusion-clearfix\">\n<p><strong>IMPORTANT :<\/strong> La visite m\u00e9dicale doit intervenir au maximum 1 mois avant la date de restitution de votre titre de conduite.<\/p>\n<p>Lors de la visite m\u00e9dicale, le m\u00e9decin agr\u00e9\u00e9 rend son avis en compl\u00e9tant<a href=\"https:\/\/www.service-public.pf\/dtt\/wp-content\/uploads\/sites\/47\/2022\/12\/VF_Formulaire-bleu.pdf\"> le formulaire bleu <\/a>pr\u00e9vu \u00e0 cet effet.<\/p>\n<p>Le m\u00e9decin peut d\u00e9clarer l\u2019usager :<\/p>\n<ul>\n<li>Apte \u00e0 la conduite ;<\/li>\n<li>Apte avec restrictions (port de lunettes, am\u00e9nagement du v\u00e9hicule, etc.) ;<\/li>\n<li>Apte temporaire ;<\/li>\n<li>Inapte pour le groupe l\u00e9ger ou le groupe lourd.<\/li>\n<\/ul>\n<\/div><\/div><\/div><div class=\"fusion-panel panel-default panel-2637c6ee73fcbb4fc fusion-toggle-no-divider fusion-toggle-boxed-mode\" style=\"--awb-content-font-size:16px;--awb-content-font-family:&quot;Public Sans&quot;;--awb-content-font-style:normal;--awb-content-font-weight:300;--awb-title-font-family:&quot;Public Sans&quot;;--awb-title-font-weight:300;--awb-title-font-style:normal;--awb-title-font-size:16px;--awb-title-color:#223780;--awb-content-color:#424242;\"><div class=\"panel-heading\"><h4 class=\"panel-title toggle\" id=\"toggle_2637c6ee73fcbb4fc\"><a aria-expanded=\"false\" aria-controls=\"2637c6ee73fcbb4fc\" role=\"button\" data-toggle=\"collapse\" data-target=\"#2637c6ee73fcbb4fc\" href=\"#2637c6ee73fcbb4fc\"><span class=\"fusion-toggle-icon-wrapper\" aria-hidden=\"true\"><i class=\"fa-fusion-box active-icon fa-angle-down fas\" aria-hidden=\"true\"><\/i><i class=\"fa-fusion-box inactive-icon fa-angle-right fas\" aria-hidden=\"true\"><\/i><\/span><span class=\"fusion-toggle-heading\">\u00c9tape 3 : Constituer et d\u00e9poser votre dossier \u00e0 la DTT<\/span><\/a><\/h4><\/div><div id=\"2637c6ee73fcbb4fc\" class=\"panel-collapse collapse \" aria-labelledby=\"toggle_2637c6ee73fcbb4fc\"><div class=\"panel-body toggle-content fusion-clearfix\">\n<p>Une fois l\u2019avis m\u00e9dical d\u2019aptitude obtenu, vous devez vous pr\u00e9senter <strong>\u00e0 la cellule R\u00e9tention du droit de conduire<\/strong> de la DTT, situ\u00e9e \u00e0 <strong>Pirae<\/strong> (1er \u00e9tage).<\/p>\n<p><strong>Selon votre situation, les pi\u00e8ces \u00e0 fournir diff\u00e8rent<\/strong> :<\/p>\n<p style=\"padding-left: 40px\"><span style=\"font-size: 14pt\"><strong>En cas d&rsquo;aptitude d\u00e9finitive<\/strong><\/span><br \/>\nSi le m\u00e9decin vous a d\u00e9clar\u00e9 apte sans restriction, vous devez fournir :<\/p>\n<ul>\n<li style=\"list-style-type: none\">\n<ul>\n<li>Le formulaire de contr\u00f4le m\u00e9dical compl\u00e9t\u00e9 par le m\u00e9decin agr\u00e9\u00e9 (dat\u00e9 de moins d\u2019un mois) ;<\/li>\n<li>Une pi\u00e8ce d\u2019identit\u00e9 en cours de validit\u00e9 ;<\/li>\n<li>La d\u00e9cision de suspension ;<\/li>\n<\/ul>\n<\/li>\n<\/ul>\n<p style=\"padding-left: 40px\"><span style=\"font-size: 14pt\"><strong>En cas d&rsquo;aptitude avec restriction ou aptitude temporaire \u2192 <\/strong><\/span>Si des restrictions doivent figurer sur votre permis ou si l\u2019aptitude est temporaire, vous devez proc\u00e9der au renouvellement de votre titre de conduite. Les documents \u00e0 fournir sont les suivants :<\/p>\n<ul>\n<li style=\"list-style-type: none\">\n<ul>\n<li>Formulaire de contr\u00f4le m\u00e9dical compl\u00e9t\u00e9 par le m\u00e9decin agr\u00e9\u00e9 (dat\u00e9 de moins d\u2019un mois) ;<\/li>\n<li>Copie de votre pi\u00e8ce d\u2019identit\u00e9 en cours de validit\u00e9 ;<\/li>\n<li>D\u00e9cision de suspension ;<\/li>\n<li>Un timbre de 3 000 F ;<\/li>\n<li>Une photo d\u2019identit\u00e9.<\/li>\n<\/ul>\n<\/li>\n<\/ul>\n<p style=\"padding-left: 40px\"><span style=\"font-size: 14pt\"><strong>En cas de suspension d&rsquo;un permis de conduire \u00e9tranger \u2192 <\/strong><\/span>Si votre permis \u00e9tranger est suspendu pour plus d\u2019un mois, vous devez effectuer un \u00e9change de permis pour vous conformer \u00e0 la r\u00e9glementation polyn\u00e9sienne. Voici les pi\u00e8ces \u00e0 fournir :<\/p>\n<ul>\n<li style=\"list-style-type: none\">\n<ul>\n<li>Formulaire de contr\u00f4le m\u00e9dical compl\u00e9t\u00e9 par le m\u00e9decin agr\u00e9\u00e9 (dat\u00e9 de moins d\u2019un mois) ;<\/li>\n<li>Pi\u00e8ce d\u2019identit\u00e9 en cours de validit\u00e9 ;<\/li>\n<li>D\u00e9cision de suspension ;<\/li>\n<li>Formulaire de demande de d\u00e9livrance du permis de conduire (demande d\u2019\u00e9change) ;<\/li>\n<li>Timbre de 7 500 F ;<\/li>\n<li>Deux photos d\u2019identit\u00e9 ;<\/li>\n<li>Relev\u00e9 d\u2019information des droits \u00e0 conduire (moins de 3 mois) ;<\/li>\n<li>Justificatif de r\u00e9sidence normale (liste disponible sur le formulaire)<\/li>\n<\/ul>\n<\/li>\n<\/ul>\n<\/div><\/div><\/div><div class=\"fusion-panel panel-default panel-d4caab1f9007c8195 fusion-toggle-no-divider fusion-toggle-boxed-mode\" style=\"--awb-content-font-size:16px;--awb-content-font-family:&quot;Public Sans&quot;;--awb-content-font-style:normal;--awb-content-font-weight:300;--awb-title-font-family:&quot;Public Sans&quot;;--awb-title-font-weight:300;--awb-title-font-style:normal;--awb-title-font-size:16px;--awb-title-color:#223780;--awb-content-color:#424242;\"><div class=\"panel-heading\"><h4 class=\"panel-title toggle\" id=\"toggle_d4caab1f9007c8195\"><a aria-expanded=\"false\" aria-controls=\"d4caab1f9007c8195\" role=\"button\" data-toggle=\"collapse\" data-target=\"#d4caab1f9007c8195\" href=\"#d4caab1f9007c8195\"><span class=\"fusion-toggle-icon-wrapper\" aria-hidden=\"true\"><i class=\"fa-fusion-box active-icon fa-angle-down fas\" aria-hidden=\"true\"><\/i><i class=\"fa-fusion-box inactive-icon fa-angle-right fas\" aria-hidden=\"true\"><\/i><\/span><span class=\"fusion-toggle-heading\">\u00c9tape 4 : R\u00e9cup\u00e9rer votre titre de conduite<\/span><\/a><\/h4><\/div><div id=\"d4caab1f9007c8195\" class=\"panel-collapse collapse \" aria-labelledby=\"toggle_d4caab1f9007c8195\"><div class=\"panel-body toggle-content fusion-clearfix\">\n<p>La remise de votre titre de conduite, ou de tout document temporaire, sera possible uniquement <strong>apr\u00e8s v\u00e9rification<\/strong> des documents fournis <em>(list\u00e9s \u00e0 l&rsquo;\u00e9tape 3 en fonction de votre situation) <\/em>et <strong>en main propre<\/strong> et\u00a0sous r\u00e9serve que la <strong>p\u00e9riode de suspension soit arriv\u00e9e \u00e0 son terme<\/strong>.<\/p>\n<p>Pour cela vous devrez vous pr\u00e9senter \u00e0 la cellule R\u00e9tention du droit de conduire de la DTT, situ\u00e9e <strong>\u00e0 Pirae<\/strong> (1er \u00e9tage).<\/p>\n<\/div><\/div><\/div><\/div><\/div><\/div><\/div><div class=\"fusion-layout-column fusion_builder_column fusion-builder-column-5 fusion_builder_column_1_3 1_3 fusion-flex-column\" style=\"--awb-padding-top:30px;--awb-padding-right:50px;--awb-padding-bottom:50px;--awb-padding-left:50px;--awb-bg-color:#f7f7f7;--awb-bg-color-hover:#f7f7f7;--awb-bg-size:cover;--awb-box-shadow:3px 3px 2px 1px #dddddd;;--awb-border-color:#223780;--awb-border-left:7px;--awb-border-style:solid;--awb-width-large:33.333333333333%;--awb-margin-top-large:0px;--awb-spacing-right-large:5.76%;--awb-margin-bottom-large:60px;--awb-spacing-left-large:5.76%;--awb-width-medium:100%;--awb-spacing-right-medium:1.92%;--awb-spacing-left-medium:1.92%;--awb-width-small:100%;--awb-spacing-right-small:1.92%;--awb-spacing-left-small:1.92%;\"><div class=\"fusion-column-wrapper fusion-column-has-shadow fusion-flex-justify-content-flex-start fusion-content-layout-column\"><i class=\"fb-icon-element-2 fb-icon-element fontawesome-icon fa-balance-scale fas circle-yes\" style=\"--awb-circlecolor:#223780;--awb-circlecolor-hover:#223780;--awb-circlebordercolor:rgba(51,51,51,0);--awb-circlebordercolor-hover:#223780;--awb-circlebordersize:1px;--awb-font-size:28.16px;--awb-width:56.32px;--awb-height:56.32px;--awb-line-height:54.32px;--awb-align-self:center;--awb-margin-top:-55px;--awb-margin-right:0px;--awb-margin-bottom:0px;--awb-margin-left:0px;\"><\/i><div class=\"fusion-separator fusion-full-width-sep\" style=\"align-self: center;margin-left: auto;margin-right: auto;margin-top:15px;margin-bottom:15px;width:100%;\"><\/div><div class=\"fusion-text fusion-text-5\"><p style=\"text-align: center\"><span style=\"text-transform: uppercase;font-weight: bold\">Faire appel<\/span><\/p>\n<\/div><div class=\"fusion-text fusion-text-6\" style=\"--awb-content-alignment:justify;\"><p>Si vous \u00eates insatisfait de l&rsquo;avis m\u00e9dical, vous pouvez solliciter un deuxi\u00e8me avis devant la <strong>commission m\u00e9dicale d&rsquo;appel<\/strong>.<\/p>\n<p><strong>D\u00e9lai :<\/strong> 2 mois \u00e0 compter de la date de l&rsquo;avis contest\u00e9.<\/p>\n<p><strong>\u00c0 noter :<\/strong> L&rsquo;appel ne suspend pas la d\u00e9cision initiale.<\/p>\n<\/div><\/div><\/div><\/div><\/div><div class=\"fusion-fullwidth fullwidth-box fusion-builder-row-5 fusion-flex-container nonhundred-percent-fullwidth non-hundred-percent-height-scrolling\" style=\"--awb-border-radius-top-left:0px;--awb-border-radius-top-right:0px;--awb-border-radius-bottom-right:0px;--awb-border-radius-bottom-left:0px;--awb-flex-wrap:wrap;\" ><div class=\"fusion-builder-row fusion-row fusion-flex-align-items-flex-start fusion-flex-content-wrap\" style=\"max-width:99.84%;margin-left: calc(-4% \/ 2 );margin-right: calc(-4% \/ 2 );\"><div class=\"fusion-layout-column fusion_builder_column fusion-builder-column-6 fusion_builder_column_1_1 1_1 fusion-flex-column\" style=\"--awb-bg-size:cover;--awb-width-large:100%;--awb-margin-top-large:0px;--awb-spacing-right-large:1.92%;--awb-margin-bottom-large:20px;--awb-spacing-left-large:1.92%;--awb-width-medium:100%;--awb-spacing-right-medium:1.92%;--awb-spacing-left-medium:1.92%;--awb-width-small:100%;--awb-spacing-right-small:1.92%;--awb-spacing-left-small:1.92%;\"><div class=\"fusion-column-wrapper fusion-column-has-shadow fusion-flex-justify-content-flex-start fusion-content-layout-column\"><div class=\"fusion-separator fusion-full-width-sep\" style=\"align-self: center;margin-left: auto;margin-right: auto;margin-top:15px;margin-bottom:15px;width:100%;\"><\/div><div class=\"fusion-separator fusion-full-width-sep\" style=\"align-self: center;margin-left: auto;margin-right: auto;margin-top:15px;margin-bottom:15px;width:100%;\"><\/div><\/div><\/div><\/div><\/div><\/p>\n","protected":false},"excerpt":{"rendered":"","protected":false},"author":98,"featured_media":0,"parent":5851,"menu_order":0,"comment_status":"closed","ping_status":"closed","template":"","meta":{"_acf_changed":false,"_seopress_robots_primary_cat":"","_seopress_titles_title":"","_seopress_titles_desc":"","_seopress_robots_index":"","footnotes":""},"class_list":["post-5887","page","type-page","status-publish","hentry"],"acf":[],"_links":{"self":[{"href":"https:\/\/www.service-public.pf\/dtt\/wp-json\/wp\/v2\/pages\/5887","targetHints":{"allow":["GET"]}}],"collection":[{"href":"https:\/\/www.service-public.pf\/dtt\/wp-json\/wp\/v2\/pages"}],"about":[{"href":"https:\/\/www.service-public.pf\/dtt\/wp-json\/wp\/v2\/types\/page"}],"author":[{"embeddable":true,"href":"https:\/\/www.service-public.pf\/dtt\/wp-json\/wp\/v2\/users\/98"}],"replies":[{"embeddable":true,"href":"https:\/\/www.service-public.pf\/dtt\/wp-json\/wp\/v2\/comments?post=5887"}],"version-history":[{"count":16,"href":"https:\/\/www.service-public.pf\/dtt\/wp-json\/wp\/v2\/pages\/5887\/revisions"}],"predecessor-version":[{"id":6510,"href":"https:\/\/www.service-public.pf\/dtt\/wp-json\/wp\/v2\/pages\/5887\/revisions\/6510"}],"up":[{"embeddable":true,"href":"https:\/\/www.service-public.pf\/dtt\/wp-json\/wp\/v2\/pages\/5851"}],"wp:attachment":[{"href":"https:\/\/www.service-public.pf\/dtt\/wp-json\/wp\/v2\/media?parent=5887"}],"curies":[{"name":"wp","href":"https:\/\/api.w.org\/{rel}","templated":true}]}}