{"id":6266,"date":"2026-01-12T19:14:07","date_gmt":"2026-01-13T05:14:07","guid":{"rendered":"https:\/\/www.service-public.pf\/dtt\/?page_id=6266"},"modified":"2026-01-22T16:54:04","modified_gmt":"2026-01-23T02:54:04","slug":"le-transport-scolaire","status":"publish","type":"page","link":"https:\/\/www.service-public.pf\/dtt\/mobilites-transports-durables\/le-transport-scolaire\/","title":{"rendered":"Le transport scolaire"},"content":{"rendered":"<p><div class=\"fusion-fullwidth fullwidth-box fusion-builder-row-1 fusion-flex-container has-pattern-background has-mask-background nonhundred-percent-fullwidth non-hundred-percent-height-scrolling\" style=\"--awb-border-radius-top-left:0px;--awb-border-radius-top-right:0px;--awb-border-radius-bottom-right:0px;--awb-border-radius-bottom-left:0px;--awb-flex-wrap:wrap;\" ><div class=\"fusion-builder-row fusion-row fusion-flex-align-items-flex-start fusion-flex-content-wrap\" style=\"max-width:99.84%;margin-left: calc(-4% \/ 2 );margin-right: calc(-4% \/ 2 );\"><div class=\"fusion-layout-column fusion_builder_column fusion-builder-column-0 fusion_builder_column_1_1 1_1 fusion-flex-column\" style=\"--awb-bg-size:cover;--awb-width-large:100%;--awb-margin-top-large:0px;--awb-spacing-right-large:1.92%;--awb-margin-bottom-large:20px;--awb-spacing-left-large:1.92%;--awb-width-medium:100%;--awb-order-medium:0;--awb-spacing-right-medium:1.92%;--awb-spacing-left-medium:1.92%;--awb-width-small:100%;--awb-order-small:0;--awb-spacing-right-small:1.92%;--awb-spacing-left-small:1.92%;\"><div class=\"fusion-column-wrapper fusion-column-has-shadow fusion-flex-justify-content-flex-start fusion-content-layout-column\"><div class=\"fusion-separator fusion-full-width-sep\" style=\"align-self: center;margin-left: auto;margin-right: auto;margin-top:15px;margin-bottom:15px;width:100%;\"><\/div><div class=\"fusion-separator fusion-full-width-sep\" style=\"align-self: center;margin-left: auto;margin-right: auto;margin-top:15px;margin-bottom:15px;width:100%;\"><\/div><\/div><\/div><\/div><\/div><div class=\"fusion-fullwidth fullwidth-box fusion-builder-row-2 fusion-flex-container has-pattern-background has-mask-background nonhundred-percent-fullwidth non-hundred-percent-height-scrolling\" style=\"--awb-border-radius-top-left:0px;--awb-border-radius-top-right:0px;--awb-border-radius-bottom-right:0px;--awb-border-radius-bottom-left:0px;--awb-flex-wrap:wrap;\" ><div class=\"fusion-builder-row fusion-row fusion-flex-align-items-flex-start fusion-flex-content-wrap\" style=\"max-width:99.84%;margin-left: calc(-4% \/ 2 );margin-right: calc(-4% \/ 2 );\"><div class=\"fusion-layout-column fusion_builder_column fusion-builder-column-1 fusion_builder_column_2_3 2_3 fusion-flex-column\" style=\"--awb-bg-size:cover;--awb-width-large:66.666666666667%;--awb-margin-top-large:0px;--awb-spacing-right-large:2.88%;--awb-margin-bottom-large:20px;--awb-spacing-left-large:2.88%;--awb-width-medium:100%;--awb-order-medium:0;--awb-spacing-right-medium:1.92%;--awb-spacing-left-medium:1.92%;--awb-width-small:100%;--awb-order-small:0;--awb-spacing-right-small:1.92%;--awb-spacing-left-small:1.92%;\"><div class=\"fusion-column-wrapper fusion-column-has-shadow fusion-flex-justify-content-flex-start fusion-content-layout-column\"><div class=\"fusion-text fusion-text-1\" style=\"--awb-content-alignment:justify;\"><p>Les transports scolaires \u00e0 Tahiti jouent un r\u00f4le essentiel pour assurer la s\u00e9curit\u00e9 des enfants et adolescents sur le trajet domicile\u2011\u00e9cole. Leur bonne organisation permettent de r\u00e9duire le trafic routier, de diminuer l\u2019usage des voitures individuelles et de favoriser une mobilit\u00e9 durable d\u00e8s le plus jeune \u00e2ge.<\/p>\n<\/div><div class=\"fusion-separator fusion-full-width-sep\" style=\"align-self: center;margin-left: auto;margin-right: auto;margin-top:15px;margin-bottom:15px;width:100%;\"><\/div><div class=\"fusion-text fusion-text-2\" style=\"--awb-content-alignment:justify;\"><p>En Polyn\u00e9sie fran\u00e7aise, la comp\u00e9tence r\u00e9glementaire, l\u2019organisation et la planification des circuits est sous la responsabilit\u00e9 du minist\u00e8re de l\u2019\u00c9ducation. La gestion des circuits de ramassage scolaire, l\u2019organisation des horaires et la d\u00e9livrance des cartes de transport scolaire rel\u00e8vent par cons\u00e9quent de la Direction G\u00e9n\u00e9rale de l\u2019\u00c9ducation et de l\u2019Enseignement (DGEE).<\/p>\n<\/div><\/div><\/div><div class=\"fusion-layout-column fusion_builder_column fusion-builder-column-2 fusion_builder_column_1_3 1_3 fusion-flex-column\" style=\"--awb-padding-top:30px;--awb-padding-right:50px;--awb-padding-bottom:50px;--awb-padding-left:50px;--awb-padding-top-small:30px;--awb-padding-bottom-small:40px;--awb-padding-left-small:20px;--awb-bg-color:#f7f7f7;--awb-bg-color-hover:#f7f7f7;--awb-bg-size:cover;--awb-box-shadow:3px 3px 2px 1px #dddddd;;--awb-border-color:#223780;--awb-border-left:7px;--awb-border-style:solid;--awb-width-large:33.333333333333%;--awb-margin-top-large:0px;--awb-spacing-right-large:5.76%;--awb-margin-bottom-large:20px;--awb-spacing-left-large:5.76%;--awb-width-medium:100%;--awb-order-medium:0;--awb-spacing-right-medium:1.92%;--awb-spacing-left-medium:1.92%;--awb-width-small:100%;--awb-order-small:0;--awb-spacing-right-small:1.92%;--awb-margin-bottom-small:60px;--awb-spacing-left-small:1.92%;\"><div class=\"fusion-column-wrapper fusion-column-has-shadow fusion-flex-justify-content-flex-start fusion-content-layout-column\"><i class=\"fb-icon-element-1 fb-icon-element fontawesome-icon fa-question-circle fas circle-yes\" style=\"--awb-circlecolor:#223780;--awb-circlecolor-hover:#223780;--awb-circlebordercolor:rgba(51,51,51,0);--awb-circlebordercolor-hover:#223780;--awb-circlebordersize:1px;--awb-font-size:28.16px;--awb-width:56.32px;--awb-height:56.32px;--awb-line-height:54.32px;--awb-align-self:center;--awb-margin-top:-55px;--awb-margin-right:0px;--awb-margin-bottom:0px;--awb-margin-left:0px;\"><\/i><div class=\"fusion-separator fusion-full-width-sep\" style=\"align-self: center;margin-left: auto;margin-right: auto;margin-top:15px;margin-bottom:15px;width:100%;\"><\/div><div class=\"fusion-text fusion-text-3\"><p style=\"text-align: center\"><span style=\"text-transform: uppercase;font-weight: bold\">une question ?<\/span><\/p>\n<\/div><div class=\"fusion-text fusion-text-4\"><p>N&rsquo;h\u00e9sitez pas \u00e0 nous \u00e9crire \u00e0 dtt@administration.gov.pf<\/p>\n<\/div><ul style=\"--awb-size:16px;--awb-line-height:27.2px;--awb-icon-width:27.2px;--awb-icon-height:27.2px;--awb-icon-margin:11.2px;--awb-content-margin:38.4px;--awb-circlecolor:#223780;--awb-circle-yes-font-size:14.08px;\" class=\"fusion-checklist fusion-checklist-1 fusion-checklist-default type-icons\"><li class=\"fusion-li-item\" style=\"\"><span class=\"icon-wrapper circle-yes\"><i class=\"fusion-li-icon fa-envelope fas\" aria-hidden=\"true\"><\/i><\/span><div class=\"fusion-li-item-content\">\n<p>Nous contacter<\/p>\n<\/div><\/li><\/ul><\/div><\/div><\/div><\/div><div class=\"fusion-fullwidth fullwidth-box fusion-builder-row-3 fusion-flex-container has-pattern-background has-mask-background nonhundred-percent-fullwidth non-hundred-percent-height-scrolling\" style=\"--awb-border-radius-top-left:0px;--awb-border-radius-top-right:0px;--awb-border-radius-bottom-right:0px;--awb-border-radius-bottom-left:0px;--awb-flex-wrap:wrap;\" ><div class=\"fusion-builder-row fusion-row fusion-flex-align-items-flex-start fusion-flex-content-wrap\" style=\"max-width:99.84%;margin-left: calc(-4% \/ 2 );margin-right: calc(-4% \/ 2 );\"><div class=\"fusion-layout-column fusion_builder_column fusion-builder-column-3 fusion_builder_column_2_3 2_3 fusion-flex-column\" style=\"--awb-bg-size:cover;--awb-width-large:66.666666666667%;--awb-margin-top-large:0px;--awb-spacing-right-large:2.88%;--awb-margin-bottom-large:20px;--awb-spacing-left-large:2.88%;--awb-width-medium:100%;--awb-order-medium:0;--awb-spacing-right-medium:1.92%;--awb-spacing-left-medium:1.92%;--awb-width-small:100%;--awb-order-small:0;--awb-spacing-right-small:1.92%;--awb-spacing-left-small:1.92%;\"><div class=\"fusion-column-wrapper fusion-column-has-shadow fusion-flex-justify-content-flex-start fusion-content-layout-column\"><div class=\"accordian fusion-accordian\" style=\"margin-bottom:20px;--awb-margin-bottom:20px;--awb-border-size:1px;--awb-icon-size:13px;--awb-content-font-size:16px;--awb-icon-alignment:left;--awb-hover-color:#f9f9f9;--awb-border-color:#cccccc;--awb-background-color:#ffffff;--awb-divider-color:#e0dede;--awb-divider-hover-color:#e0dede;--awb-icon-color:#ffffff;--awb-title-color:#223780;--awb-content-color:#424242;--awb-icon-box-color:#223880;--awb-toggle-hover-accent-color:#e03528;--awb-title-font-family:&quot;Public Sans&quot;;--awb-title-font-weight:300;--awb-title-font-style:normal;--awb-title-font-size:16px;--awb-content-font-family:&quot;Public Sans&quot;;--awb-content-font-style:normal;--awb-content-font-weight:300;\"><div class=\"panel-group fusion-toggle-icon-boxed\" id=\"accordion-6266-1\"><div class=\"fusion-panel panel-default panel-9ec123ca1fcedc1f1 fusion-toggle-has-divider\" style=\"--awb-title-color:#223780;--awb-content-color:#424242;\"><div class=\"panel-heading\"><h4 class=\"panel-title toggle\" id=\"toggle_9ec123ca1fcedc1f1\"><a aria-expanded=\"false\" aria-controls=\"9ec123ca1fcedc1f1\" role=\"button\" data-toggle=\"collapse\" data-target=\"#9ec123ca1fcedc1f1\" href=\"#9ec123ca1fcedc1f1\"><span class=\"fusion-toggle-icon-wrapper\" aria-hidden=\"true\"><i class=\"fa-fusion-box active-icon fa-angle-down fas\" aria-hidden=\"true\"><\/i><i class=\"fa-fusion-box inactive-icon fa-angle-right fas\" aria-hidden=\"true\"><\/i><\/span><span class=\"fusion-toggle-heading\">Faut-il une carte de bus scolaire pour mon enfant ?<\/span><\/a><\/h4><\/div><div id=\"9ec123ca1fcedc1f1\" class=\"panel-collapse collapse \" aria-labelledby=\"toggle_9ec123ca1fcedc1f1\"><div class=\"panel-body toggle-content fusion-clearfix\">\n<p>\u00c0 noter pour les familles :<\/p>\n<ul>\n<li>La carte de transport scolaire est obligatoire pour emprunter les bus scolaires.<\/li>\n<li>Elle permet d\u2019assurer l\u2019acc\u00e8s s\u00e9curis\u00e9 et \u00ab\u00a0gratuit\u00a0\u00bb au r\u00e9seau scolaire sur le trajet \u00e9cole\/domicile.<\/li>\n<li>Les familles doivent renouveler la carte chaque ann\u00e9e scolaire ou en cas de changement d\u2019\u00e9cole.<\/li>\n<\/ul>\n<\/div><\/div><\/div><div class=\"fusion-panel panel-default panel-8f697234ed79a3d77 fusion-toggle-has-divider\" style=\"--awb-title-color:#223780;--awb-content-color:#424242;\"><div class=\"panel-heading\"><h4 class=\"panel-title toggle\" id=\"toggle_8f697234ed79a3d77\"><a aria-expanded=\"false\" aria-controls=\"8f697234ed79a3d77\" role=\"button\" data-toggle=\"collapse\" data-target=\"#8f697234ed79a3d77\" href=\"#8f697234ed79a3d77\"><span class=\"fusion-toggle-icon-wrapper\" aria-hidden=\"true\"><i class=\"fa-fusion-box active-icon fa-angle-down fas\" aria-hidden=\"true\"><\/i><i class=\"fa-fusion-box inactive-icon fa-angle-right fas\" aria-hidden=\"true\"><\/i><\/span><span class=\"fusion-toggle-heading\">O\u00f9 faire la demande de carte de bus scolaire ?<\/span><\/a><\/h4><\/div><div id=\"8f697234ed79a3d77\" class=\"panel-collapse collapse \" aria-labelledby=\"toggle_8f697234ed79a3d77\"><div class=\"panel-body toggle-content fusion-clearfix\">\n<p>Pour les \u00e9l\u00e8ves des \u00e9coles \u00e9l\u00e9mentaires, primaires et secondaires, les demandes d\u2019inscriptions se font directement aupr\u00e8s de l\u2019\u00e9tablissement scolaire. L\u2019inscription au transport scolaire et la d\u00e9livrance de la carte sont souvent coordonn\u00e9es par le secr\u00e9tariat de l\u2019\u00e9cole.<\/p>\n<ul>\n<li>Retrouvez toutes les informations \u00e0 connaitre sur le<a href=\"https:\/\/www.education.pf\/bureau-des-transports-scolaires\/besoin-dun-transport-terrestre\/\"> site internet de la DGEE<\/a><\/li>\n<li>Vous pouvez \u00e9galement consulter le<a href=\"https:\/\/www.teretahiti.pf\/transport-scolaire\/\"> site internet de Tere Tahiti<\/a><\/li>\n<\/ul>\n<\/div><\/div><\/div><div class=\"fusion-panel panel-default panel-bbc8423971e87673c fusion-toggle-has-divider\" style=\"--awb-title-color:#223780;--awb-content-color:#424242;\"><div class=\"panel-heading\"><h4 class=\"panel-title toggle\" id=\"toggle_bbc8423971e87673c\"><a aria-expanded=\"false\" aria-controls=\"bbc8423971e87673c\" role=\"button\" data-toggle=\"collapse\" data-target=\"#bbc8423971e87673c\" href=\"#bbc8423971e87673c\"><span class=\"fusion-toggle-icon-wrapper\" aria-hidden=\"true\"><i class=\"fa-fusion-box active-icon fa-angle-down fas\" aria-hidden=\"true\"><\/i><i class=\"fa-fusion-box inactive-icon fa-angle-right fas\" aria-hidden=\"true\"><\/i><\/span><span class=\"fusion-toggle-heading\">La r\u00e9forme des rythmes scolaires de 2024, quel impact sur le transport ?<\/span><\/a><\/h4><\/div><div id=\"bbc8423971e87673c\" class=\"panel-collapse collapse \" aria-labelledby=\"toggle_bbc8423971e87673c\"><div class=\"panel-body toggle-content fusion-clearfix\">\n<p>Depuis la rentr\u00e9e scolaire d\u2019ao\u00fbt\u202f2024, la r\u00e9forme des rythmes scolaires peut influencer les horaires et circuits des transports scolaires \u00e0 Tahiti. Les changements d\u2019emplois du temps dans certaines \u00e9coles peuvent modifier les heures de d\u00e9part et de retour des bus, et parfois cr\u00e9er des besoins suppl\u00e9mentaires pour des circuits adapt\u00e9s.<\/p>\n<p>Pour conna\u00eetre les ajustements li\u00e9s aux rythmes scolaires :<\/p>\n<ul>\n<li>Consultez la DGEE : <a href=\"https:\/\/www.education.pf\/\">https:\/\/www.education.pf\/<\/a><\/li>\n<li>Contactez votre \u00e9tablissement scolaire ou la mairie.<\/li>\n<\/ul>\n<\/div><\/div><\/div><div class=\"fusion-panel panel-default panel-0d55f1bdc032feb7f fusion-toggle-has-divider\" style=\"--awb-title-color:#223780;--awb-content-color:#424242;\"><div class=\"panel-heading\"><h4 class=\"panel-title toggle\" id=\"toggle_0d55f1bdc032feb7f\"><a aria-expanded=\"false\" aria-controls=\"0d55f1bdc032feb7f\" role=\"button\" data-toggle=\"collapse\" data-target=\"#0d55f1bdc032feb7f\" href=\"#0d55f1bdc032feb7f\"><span class=\"fusion-toggle-icon-wrapper\" aria-hidden=\"true\"><i class=\"fa-fusion-box active-icon fa-angle-down fas\" aria-hidden=\"true\"><\/i><i class=\"fa-fusion-box inactive-icon fa-angle-right fas\" aria-hidden=\"true\"><\/i><\/span><span class=\"fusion-toggle-heading\">Pourquoi la DTT ne s'occupe pas de ces bus ?<\/span><\/a><\/h4><\/div><div id=\"0d55f1bdc032feb7f\" class=\"panel-collapse collapse \" aria-labelledby=\"toggle_0d55f1bdc032feb7f\"><div class=\"panel-body toggle-content fusion-clearfix\">\n<p>Le transport scolaire est particulier, hors du r\u00e9seau des lignes r\u00e9guli\u00e8res de bus g\u00e9r\u00e9es par une d\u00e9l\u00e9gation de service public par la soci\u00e9t\u00e9 R\u00e9seau de transports en commun (RTCT) sur l\u2019\u00eele de Tahiti. Il rel\u00e8ve de la comp\u00e9tence du MEE. Vous pouvez contacter la <strong>Direction g\u00e9n\u00e9rale de l\u2019\u00e9ducation et des enseignements<\/strong> :<\/p>\n<p><a href=\"https:\/\/www.education.pf\/bureau-des-transports-scolaires\/besoin-dun-transport-terrestre\/\" target=\"_blank\" rel=\"noopener\"><strong><u>En savoir plus sur les transports scolaires<\/u><\/strong><\/a><\/p>\n<\/div><\/div><\/div><\/div><\/div><\/div><\/div><\/div><\/div><div class=\"fusion-fullwidth fullwidth-box fusion-builder-row-4 fusion-flex-container has-pattern-background has-mask-background nonhundred-percent-fullwidth non-hundred-percent-height-scrolling\" style=\"--awb-border-radius-top-left:0px;--awb-border-radius-top-right:0px;--awb-border-radius-bottom-right:0px;--awb-border-radius-bottom-left:0px;--awb-flex-wrap:wrap;\" ><div class=\"fusion-builder-row fusion-row fusion-flex-align-items-flex-start fusion-flex-content-wrap\" style=\"max-width:99.84%;margin-left: calc(-4% \/ 2 );margin-right: calc(-4% \/ 2 );\"><div class=\"fusion-layout-column fusion_builder_column fusion-builder-column-4 fusion_builder_column_1_1 1_1 fusion-flex-column\" style=\"--awb-bg-size:cover;--awb-width-large:100%;--awb-margin-top-large:0px;--awb-spacing-right-large:1.92%;--awb-margin-bottom-large:20px;--awb-spacing-left-large:1.92%;--awb-width-medium:100%;--awb-order-medium:0;--awb-spacing-right-medium:1.92%;--awb-spacing-left-medium:1.92%;--awb-width-small:100%;--awb-order-small:0;--awb-spacing-right-small:1.92%;--awb-spacing-left-small:1.92%;\"><div class=\"fusion-column-wrapper fusion-column-has-shadow fusion-flex-justify-content-flex-start fusion-content-layout-column\"><div class=\"fusion-separator fusion-full-width-sep\" style=\"align-self: center;margin-left: auto;margin-right: auto;margin-top:15px;margin-bottom:15px;width:100%;\"><\/div><\/div><\/div><\/div><\/div><\/p>\n","protected":false},"excerpt":{"rendered":"","protected":false},"author":359,"featured_media":0,"parent":6225,"menu_order":0,"comment_status":"closed","ping_status":"closed","template":"","meta":{"_acf_changed":false,"_seopress_robots_primary_cat":"","_seopress_titles_title":"","_seopress_titles_desc":"","_seopress_robots_index":"","footnotes":""},"class_list":["post-6266","page","type-page","status-publish","hentry"],"acf":[],"_links":{"self":[{"href":"https:\/\/www.service-public.pf\/dtt\/wp-json\/wp\/v2\/pages\/6266","targetHints":{"allow":["GET"]}}],"collection":[{"href":"https:\/\/www.service-public.pf\/dtt\/wp-json\/wp\/v2\/pages"}],"about":[{"href":"https:\/\/www.service-public.pf\/dtt\/wp-json\/wp\/v2\/types\/page"}],"author":[{"embeddable":true,"href":"https:\/\/www.service-public.pf\/dtt\/wp-json\/wp\/v2\/users\/359"}],"replies":[{"embeddable":true,"href":"https:\/\/www.service-public.pf\/dtt\/wp-json\/wp\/v2\/comments?post=6266"}],"version-history":[{"count":8,"href":"https:\/\/www.service-public.pf\/dtt\/wp-json\/wp\/v2\/pages\/6266\/revisions"}],"predecessor-version":[{"id":6288,"href":"https:\/\/www.service-public.pf\/dtt\/wp-json\/wp\/v2\/pages\/6266\/revisions\/6288"}],"up":[{"embeddable":true,"href":"https:\/\/www.service-public.pf\/dtt\/wp-json\/wp\/v2\/pages\/6225"}],"wp:attachment":[{"href":"https:\/\/www.service-public.pf\/dtt\/wp-json\/wp\/v2\/media?parent=6266"}],"curies":[{"name":"wp","href":"https:\/\/api.w.org\/{rel}","templated":true}]}}