{"id":2859,"date":"2022-10-24T12:59:13","date_gmt":"2022-10-24T22:59:13","guid":{"rendered":"https:\/\/www.service-public.pf\/sde\/?page_id=2859"},"modified":"2024-02-14T16:06:59","modified_gmt":"2024-02-15T02:06:59","slug":"supports-daccompagnement2","status":"publish","type":"page","link":"https:\/\/www.service-public.pf\/sde\/supports-daccompagnement2\/","title":{"rendered":"Supports d&rsquo;accompagnement2"},"content":{"rendered":"<p><div class=\"fusion-fullwidth fullwidth-box fusion-builder-row-1 fusion-flex-container has-pattern-background has-mask-background fusion-parallax-none nonhundred-percent-fullwidth non-hundred-percent-height-scrolling vct_border_bottom\" style=\"--awb-border-radius-top-left:0px;--awb-border-radius-top-right:0px;--awb-border-radius-bottom-right:0px;--awb-border-radius-bottom-left:0px;--awb-padding-top:5%;--awb-padding-bottom:5%;--awb-background-image:url(&quot;https:\/\/www.service-public.pf\/sde\/wp-content\/uploads\/sites\/15\/2022\/12\/Header-REBPf-test4.png&quot;);--awb-background-size:cover;--awb-flex-wrap:wrap;\" ><div class=\"fusion-builder-row fusion-row fusion-flex-align-items-flex-start fusion-flex-content-wrap\" style=\"max-width:104%;margin-left: calc(-4% \/ 2 );margin-right: calc(-4% \/ 2 );\"><div class=\"fusion-layout-column fusion_builder_column fusion-builder-column-0 fusion_builder_column_1_1 1_1 fusion-flex-column\" style=\"--awb-bg-size:cover;--awb-width-large:100%;--awb-margin-top-large:0px;--awb-spacing-right-large:1.92%;--awb-margin-bottom-large:0px;--awb-spacing-left-large:1.92%;--awb-width-medium:100%;--awb-order-medium:0;--awb-spacing-right-medium:1.92%;--awb-spacing-left-medium:1.92%;--awb-width-small:100%;--awb-order-small:0;--awb-spacing-right-small:1.92%;--awb-spacing-left-small:1.92%;\"><div class=\"fusion-column-wrapper fusion-column-has-shadow fusion-flex-justify-content-flex-start fusion-content-layout-column\"><div class=\"fusion-title title fusion-title-1 fusion-sep-none fusion-title-text fusion-title-size-two\" style=\"--awb-text-color:#ffffff;--awb-margin-bottom:0px;--awb-margin-top-small:0px;--awb-margin-right-small:0px;--awb-margin-bottom-small:20px;--awb-margin-left-small:0px;--awb-font-size:30px;\"><h2 class=\"fusion-title-heading title-heading-left\" style=\"margin:0;font-size:1em;\"><a href=\"https:\/\/www.service-public.pf\/sde\/la-reglementation-energetique-des-batiments-2\/\" class=\"awb-custom-text-color awb-custom-text-hover-color\" target=\"_self\"><p><span style=\"color: #95c349\"><strong>La r\u00e9glementation \u00e9nerg\u00e9tique <\/strong><strong>des b\u00e2timents<\/strong><\/span><\/p>\n<p><span style=\"color: #c4e28e\"><strong>en Polyn\u00e9sie fran\u00e7aise (REBPf)<\/strong><\/span><\/p><\/a><\/h2><\/div><\/div><\/div><\/div><\/div><div class=\"fusion-fullwidth fullwidth-box fusion-builder-row-2 fusion-flex-container nonhundred-percent-fullwidth non-hundred-percent-height-scrolling\" style=\"--awb-border-radius-top-left:0px;--awb-border-radius-top-right:0px;--awb-border-radius-bottom-right:0px;--awb-border-radius-bottom-left:0px;--awb-padding-top:30px;--awb-padding-bottom:30px;--awb-flex-wrap:wrap;\" ><div class=\"fusion-builder-row fusion-row fusion-flex-align-items-flex-start fusion-flex-content-wrap\" style=\"max-width:104%;margin-left: calc(-4% \/ 2 );margin-right: calc(-4% \/ 2 );\"><div class=\"fusion-layout-column fusion_builder_column fusion-builder-column-1 fusion_builder_column_1_1 1_1 fusion-flex-column\" style=\"--awb-bg-size:cover;--awb-width-large:100%;--awb-margin-top-large:0px;--awb-spacing-right-large:1.92%;--awb-margin-bottom-large:20px;--awb-spacing-left-large:1.92%;--awb-width-medium:100%;--awb-order-medium:0;--awb-spacing-right-medium:1.92%;--awb-spacing-left-medium:1.92%;--awb-width-small:100%;--awb-order-small:0;--awb-spacing-right-small:1.92%;--awb-spacing-left-small:1.92%;\"><div class=\"fusion-column-wrapper fusion-column-has-shadow fusion-flex-justify-content-flex-start fusion-content-layout-column\"><div ><a class=\"fusion-button button-flat fusion-button-default-size button-custom fusion-button-default button-1 fusion-button-default-span fusion-button-default-type vct_button_title\" style=\"--awb-margin-bottom:20px;--button_accent_color:#ffffff;--button_accent_hover_color:#ffffff;--button_border_hover_color:#ffffff;--button-border-radius-top-left:6px;--button-border-radius-top-right:6px;--button-border-radius-bottom-right:6px;--button-border-radius-bottom-left:6px;--button_gradient_top_color:#fac710;--button_gradient_bottom_color:#fac710;--button_gradient_top_color_hover:#fac710;--button_gradient_bottom_color_hover:#fac710;\" target=\"_self\" href=\"#\"><i class=\"fa-file-signature fas awb-button__icon awb-button__icon--default button-icon-left\" aria-hidden=\"true\"><\/i><span class=\"fusion-button-text awb-button__text awb-button__text--default\">SUPPORTS D&rsquo;ACCOMPAGNEMENT<\/span><\/a><\/div><\/div><\/div><div class=\"fusion-layout-column fusion_builder_column fusion-builder-column-2 fusion_builder_column_3_4 3_4 fusion-flex-column\" style=\"--awb-bg-size:cover;--awb-width-large:75%;--awb-margin-top-large:0px;--awb-spacing-right-large:2.56%;--awb-margin-bottom-large:0px;--awb-spacing-left-large:2.56%;--awb-width-medium:100%;--awb-order-medium:0;--awb-spacing-right-medium:1.92%;--awb-spacing-left-medium:1.92%;--awb-width-small:100%;--awb-order-small:0;--awb-spacing-right-small:1.92%;--awb-spacing-left-small:1.92%;\"><div class=\"fusion-column-wrapper fusion-column-has-shadow fusion-flex-justify-content-flex-start fusion-content-layout-column\"><div class=\"fusion-content-boxes content-boxes columns row fusion-columns-3 fusion-columns-total-6 fusion-content-boxes-1 content-boxes-icon-with-title content-left vct_demarches_boxes vct_equal_height\" style=\"--awb-margin-bottom:0px;--awb-hover-accent-color:#a0ce4e;--awb-circle-hover-accent-color:#a0ce4e;\" data-animationOffset=\"top-into-view\"><div style=\"--awb-backgroundcolor:rgba(255,255,255,0);\" class=\"fusion-column content-box-column content-box-column content-box-column-1 col-lg-4 col-md-4 col-sm-4 fusion-content-box-hover content-box-column-first-in-row\"><div class=\"col content-box-wrapper content-wrapper link-area-box link-type-text icon-hover-animation-fade\" data-link=\"#vct_demarches_text_container\" data-link-target=\"_self\" data-animationOffset=\"top-into-view\"><div class=\"heading heading-with-icon icon-left\"><a class=\"heading-link\" style=\"float:left;\" href=\"#vct_demarches_text_container\" target=\"_self\"><div aria-hidden=\"true\" class=\"image\"><img decoding=\"async\" src=\"https:\/\/www.service-public.pf\/sde\/wp-content\/uploads\/sites\/15\/2023\/03\/Depliants.png\" width=\"1000\" height=\"703.94\" alt=\"\" \/><\/div><\/a><\/div><div class=\"fusion-clearfix\"><\/div><div class=\"content-container\">\n<p><span style=\"color: #000000\"><strong>D\u00e9pliants d&rsquo;information par typologie<\/strong><br \/>\n<\/span><\/p>\n<\/div><\/div><\/div><div style=\"--awb-backgroundcolor:rgba(255,255,255,0);\" class=\"fusion-column content-box-column content-box-column content-box-column-2 col-lg-4 col-md-4 col-sm-4 fusion-content-box-hover \"><div class=\"col content-box-wrapper content-wrapper link-area-box link-type-text icon-hover-animation-fade\" data-link=\"#vct_demarches_text_container\" data-link-target=\"_self\" data-animationOffset=\"top-into-view\"><div class=\"heading heading-with-icon icon-left\"><a class=\"heading-link\" style=\"float:left;\" href=\"#vct_demarches_text_container\" target=\"_self\"><div aria-hidden=\"true\" class=\"image\"><img decoding=\"async\" src=\"https:\/\/www.service-public.pf\/sde\/wp-content\/uploads\/sites\/15\/2023\/04\/Fiches-dapplication-V2.png\" width=\"1000\" height=\"622.92\" alt=\"\" \/><\/div><\/a><\/div><div class=\"fusion-clearfix\"><\/div><div class=\"content-container\">\n<p><span style=\"color: #000000\"><strong>Fiches d&rsquo;application par th\u00e9matique<\/strong><br \/>\n<\/span><\/p>\n<\/div><\/div><\/div><div style=\"--awb-backgroundcolor:rgba(255,255,255,0);\" class=\"fusion-column content-box-column content-box-column content-box-column-3 col-lg-4 col-md-4 col-sm-4 fusion-content-box-hover content-box-column-last-in-row\"><div class=\"col content-box-wrapper content-wrapper link-area-box link-type-text icon-hover-animation-fade\" data-link=\"#vct_demarches_text_container\" data-link-target=\"_self\" data-animationOffset=\"top-into-view\"><div class=\"heading heading-with-icon icon-left\"><a class=\"heading-link\" style=\"float:left;\" href=\"#vct_demarches_text_container\" target=\"_self\"><div aria-hidden=\"true\" class=\"image\"><img decoding=\"async\" src=\"https:\/\/www.service-public.pf\/sde\/wp-content\/uploads\/sites\/15\/2023\/04\/Outil-Cm-FS-V2.png\" width=\"1000\" height=\"622.92\" alt=\"\" \/><\/div><\/a><\/div><div class=\"fusion-clearfix\"><\/div><div class=\"content-container\">\n<p><span style=\"color: #000000\"><strong>Outils de calcul des coefficients de masque et des facteurs solaires des murs et des baies<\/strong><br \/>\n<\/span><\/p>\n<\/div><\/div><\/div><div style=\"--awb-backgroundcolor:rgba(255,255,255,0);\" class=\"fusion-column content-box-column content-box-column content-box-column-4 col-lg-4 col-md-4 col-sm-4 fusion-content-box-hover content-box-column-first-in-row\"><div class=\"col content-box-wrapper content-wrapper link-area-box icon-hover-animation-fade\" data-animationOffset=\"top-into-view\"><div class=\"heading heading-with-icon icon-left\"><div aria-hidden=\"true\" class=\"image\"><img decoding=\"async\" src=\"https:\/\/www.service-public.pf\/sde\/wp-content\/uploads\/sites\/15\/2023\/01\/SDE-REBPF-IlluTotales-Logement-Individuel.png\" width=\"1000\" height=\"750.17\" alt=\"\" \/><\/div><\/div><div class=\"fusion-clearfix\"><\/div><div class=\"content-container\">\n<p><span style=\"color: #000000\"><strong>Guide d&rsquo;application de la REBPf pour le logement individuel<\/strong><\/span><\/p>\n<\/div><\/div><\/div><div style=\"--awb-backgroundcolor:rgba(255,255,255,0);\" class=\"fusion-column content-box-column content-box-column content-box-column-5 col-lg-4 col-md-4 col-sm-4 fusion-content-box-hover \"><div class=\"col content-box-wrapper content-wrapper link-area-box icon-hover-animation-fade\" data-animationOffset=\"top-into-view\"><div class=\"heading heading-with-icon icon-left\"><div aria-hidden=\"true\" class=\"image\"><img decoding=\"async\" src=\"https:\/\/www.service-public.pf\/sde\/wp-content\/uploads\/sites\/15\/2024\/01\/FAQvf.png\" width=\"1000\" height=\"785.26\" alt=\"\" \/><\/div><\/div><div class=\"fusion-clearfix\"><\/div><div class=\"content-container\">\n<p><span style=\"color: #000000\"><strong>Questions courantes et compl\u00e9ments d&rsquo;information<\/strong><\/span><span style=\"color: #000000\"><strong> sur l&rsquo;application du texte <\/strong><\/span><\/p>\n<\/div><\/div><\/div><div style=\"--awb-backgroundcolor:rgba(255,255,255,0);\" class=\"fusion-column content-box-column content-box-column content-box-column-6 col-lg-4 col-md-4 col-sm-4 fusion-content-box-hover content-box-column-last content-box-column-last-in-row\"><div class=\"col content-box-wrapper content-wrapper link-area-box link-type-text icon-hover-animation-fade\" data-link=\"#vct_demarches_text_container\" data-link-target=\"_self\" data-animationOffset=\"top-into-view\"><div class=\"heading heading-with-icon icon-left\"><a class=\"heading-link\" style=\"float:left;\" href=\"#vct_demarches_text_container\" target=\"_self\"><div aria-hidden=\"true\" class=\"image\"><img decoding=\"async\" src=\"https:\/\/www.service-public.pf\/sde\/wp-content\/uploads\/sites\/15\/2024\/01\/Outils-VN-et-porosite-VF.png\" width=\"1000\" height=\"783.21\" alt=\"\" \/><\/div><\/a><\/div><div class=\"fusion-clearfix\"><\/div><div class=\"content-container\">\n<p><span style=\"color: #000000\"><strong>Outils de calcul du facteur solaire d&rsquo;une toiture et de la porosit\u00e9 d&rsquo;un local (ventilation naturelle)<\/strong><br \/>\n<\/span><\/p>\n<\/div><\/div><\/div><div class=\"fusion-clearfix\"><\/div><\/div><\/div><\/div><div class=\"fusion-layout-column fusion_builder_column fusion-builder-column-3 fusion_builder_column_1_4 1_4 fusion-flex-column\" style=\"--awb-bg-size:cover;--awb-width-large:25%;--awb-margin-top-large:0px;--awb-spacing-right-large:7.68%;--awb-margin-bottom-large:20px;--awb-spacing-left-large:7.68%;--awb-width-medium:100%;--awb-order-medium:0;--awb-spacing-right-medium:1.92%;--awb-spacing-left-medium:1.92%;--awb-width-small:100%;--awb-order-small:0;--awb-spacing-right-small:1.92%;--awb-spacing-left-small:1.92%;\"><div class=\"fusion-column-wrapper fusion-column-has-shadow fusion-flex-justify-content-flex-start fusion-content-layout-column\"><div class=\"fusion-builder-row fusion-builder-row-inner fusion-row fusion-flex-align-items-flex-start fusion-flex-content-wrap\" style=\"--awb-flex-grow:0;--awb-flex-grow-medium:0;--awb-flex-grow-small:0;--awb-flex-shrink:0;--awb-flex-shrink-medium:0;--awb-flex-shrink-small:0;width:104% !important;max-width:104% !important;margin-left: calc(-4% \/ 2 );margin-right: calc(-4% \/ 2 );\"><div class=\"fusion-layout-column fusion_builder_column_inner fusion-builder-nested-column-0 fusion-flex-column fusion-column-inner-bg-wrapper\" style=\"--awb-padding-right:20px;--awb-padding-left:20px;--awb-overflow:hidden;--awb-inner-bg-color:#e41b23;--awb-inner-bg-color-hover:#e41b23;--awb-inner-bg-size:cover;--awb-border-radius:12px 12px 12px 12px;--awb-inner-bg-border-radius:12px 12px 12px 12px;--awb-inner-bg-overflow:hidden;--awb-width-large:85%;--awb-margin-top-large:50px;--awb-spacing-right-large:2.2588235294118%;--awb-margin-bottom-large:20px;--awb-spacing-left-large:2.2588235294118%;--awb-width-medium:100%;--awb-order-medium:0;--awb-spacing-right-medium:1.92%;--awb-spacing-left-medium:1.92%;--awb-width-small:100%;--awb-order-small:0;--awb-spacing-right-small:1.92%;--awb-spacing-left-small:1.92%;\"><span class=\"fusion-column-inner-bg hover-type-none\"><a class=\"fusion-column-anchor\" href=\"https:\/\/www.service-public.pf\/sde\/simulateur\"><span class=\"fusion-column-inner-bg-image\"><\/span><\/a><\/span><div class=\"fusion-column-wrapper fusion-column-has-shadow fusion-flex-justify-content-flex-start fusion-content-layout-column\"><div class=\"fusion-text fusion-text-1\" style=\"--awb-content-alignment:center;--awb-font-size:20px;--awb-text-color:#ffffff;--awb-margin-top:20px;\"><p><strong>SIMULATEUR :<br \/>\nQUELLES DISPOSITIONS APPLIQUER ?<\/strong><\/p>\n<\/div><\/div><\/div><div class=\"fusion-layout-column fusion_builder_column_inner fusion-builder-nested-column-1 fusion-flex-column fusion-column-inner-bg-wrapper\" style=\"--awb-padding-right:20px;--awb-padding-left:20px;--awb-overflow:hidden;--awb-inner-bg-color:#fac710;--awb-inner-bg-color-hover:#fac710;--awb-inner-bg-size:cover;--awb-border-radius:12px 12px 12px 12px;--awb-inner-bg-border-radius:12px 12px 12px 12px;--awb-inner-bg-overflow:hidden;--awb-width-large:85%;--awb-margin-top-large:0px;--awb-spacing-right-large:2.2588235294118%;--awb-margin-bottom-large:20px;--awb-spacing-left-large:2.2588235294118%;--awb-width-medium:100%;--awb-order-medium:0;--awb-spacing-right-medium:1.92%;--awb-spacing-left-medium:1.92%;--awb-width-small:100%;--awb-order-small:0;--awb-spacing-right-small:1.92%;--awb-spacing-left-small:1.92%;\"><span class=\"fusion-column-inner-bg hover-type-none\"><a class=\"fusion-column-anchor\" href=\"https:\/\/www.service-public.pf\/sde\/la-reglementation-energetique-des-batiments-en-polynesie-francaise-rebpf\/presentation\/\"><span class=\"fusion-column-inner-bg-image\"><\/span><\/a><\/span><div class=\"fusion-column-wrapper fusion-column-has-shadow fusion-flex-justify-content-flex-start fusion-content-layout-column\"><div class=\"fusion-text fusion-text-2\" style=\"--awb-content-alignment:center;--awb-font-size:20px;--awb-text-color:#ffffff;--awb-margin-top:20px;\"><p><strong>PR\u00c9SENTATION<\/strong><\/p>\n<\/div><\/div><\/div><div class=\"fusion-layout-column fusion_builder_column_inner fusion-builder-nested-column-2 fusion-flex-column fusion-column-inner-bg-wrapper\" style=\"--awb-padding-right:20px;--awb-padding-left:20px;--awb-overflow:hidden;--awb-inner-bg-color:#fac710;--awb-inner-bg-color-hover:#fac710;--awb-inner-bg-size:cover;--awb-border-radius:12px 12px 12px 12px;--awb-inner-bg-border-radius:12px 12px 12px 12px;--awb-inner-bg-overflow:hidden;--awb-width-large:85%;--awb-margin-top-large:0px;--awb-spacing-right-large:2.2588235294118%;--awb-margin-bottom-large:20px;--awb-spacing-left-large:2.2588235294118%;--awb-width-medium:100%;--awb-order-medium:0;--awb-spacing-right-medium:1.92%;--awb-spacing-left-medium:1.92%;--awb-width-small:100%;--awb-order-small:0;--awb-spacing-right-small:1.92%;--awb-spacing-left-small:1.92%;\"><span class=\"fusion-column-inner-bg hover-type-none\"><a class=\"fusion-column-anchor\" href=\"https:\/\/www.service-public.pf\/sde\/textes-reglementaires\/\"><span class=\"fusion-column-inner-bg-image\"><\/span><\/a><\/span><div class=\"fusion-column-wrapper fusion-column-has-shadow fusion-flex-justify-content-flex-start fusion-content-layout-column\"><div class=\"fusion-text fusion-text-3\" style=\"--awb-content-alignment:center;--awb-font-size:20px;--awb-text-color:#ffffff;--awb-margin-top:20px;\"><p><strong>TEXTES R\u00c9GLEMENTAIRES<br \/>\n<\/strong><\/p>\n<\/div><\/div><\/div><div class=\"fusion-layout-column fusion_builder_column_inner fusion-builder-nested-column-3 fusion-flex-column fusion-column-inner-bg-wrapper\" style=\"--awb-padding-right:20px;--awb-padding-left:20px;--awb-overflow:hidden;--awb-inner-bg-color:#fac710;--awb-inner-bg-color-hover:#fac710;--awb-inner-bg-size:cover;--awb-border-radius:12px 12px 12px 12px;--awb-inner-bg-border-radius:12px 12px 12px 12px;--awb-inner-bg-overflow:hidden;--awb-width-large:85%;--awb-margin-top-large:0px;--awb-spacing-right-large:2.2588235294118%;--awb-margin-bottom-large:20px;--awb-spacing-left-large:2.2588235294118%;--awb-width-medium:100%;--awb-order-medium:0;--awb-spacing-right-medium:1.92%;--awb-spacing-left-medium:1.92%;--awb-width-small:100%;--awb-order-small:0;--awb-spacing-right-small:1.92%;--awb-spacing-left-small:1.92%;\"><span class=\"fusion-column-inner-bg hover-type-none\"><a class=\"fusion-column-anchor\" href=\"https:\/\/www.service-public.pf\/sde\/supports-daccompagnement2\"><span class=\"fusion-column-inner-bg-image\"><\/span><\/a><\/span><div class=\"fusion-column-wrapper fusion-column-has-shadow fusion-flex-justify-content-flex-start fusion-content-layout-column\"><div class=\"fusion-text fusion-text-4\" style=\"--awb-content-alignment:center;--awb-font-size:20px;--awb-text-color:#ffffff;--awb-margin-top:20px;\"><p><strong>SUPPORTS D&rsquo;ACCOMPAGNEMENT<br \/>\n<\/strong><\/p>\n<\/div><\/div><\/div><div class=\"fusion-layout-column fusion_builder_column_inner fusion-builder-nested-column-4 fusion-flex-column fusion-column-inner-bg-wrapper\" style=\"--awb-padding-right:20px;--awb-padding-left:20px;--awb-overflow:hidden;--awb-inner-bg-color:#fac710;--awb-inner-bg-color-hover:#fac710;--awb-inner-bg-size:cover;--awb-border-radius:12px 12px 12px 12px;--awb-inner-bg-border-radius:12px 12px 12px 12px;--awb-inner-bg-overflow:hidden;--awb-width-large:85%;--awb-margin-top-large:0px;--awb-spacing-right-large:2.2588235294118%;--awb-margin-bottom-large:20px;--awb-spacing-left-large:2.2588235294118%;--awb-width-medium:100%;--awb-order-medium:0;--awb-spacing-right-medium:1.92%;--awb-spacing-left-medium:1.92%;--awb-width-small:100%;--awb-order-small:0;--awb-spacing-right-small:1.92%;--awb-spacing-left-small:1.92%;\"><span class=\"fusion-column-inner-bg hover-type-none\"><a class=\"fusion-column-anchor\" href=\"https:\/\/www.service-public.pf\/sde\/organismes-agrees\/\"><span class=\"fusion-column-inner-bg-image\"><\/span><\/a><\/span><div class=\"fusion-column-wrapper fusion-column-has-shadow fusion-flex-justify-content-flex-start fusion-content-layout-column\"><div class=\"fusion-text fusion-text-5\" style=\"--awb-content-alignment:center;--awb-font-size:20px;--awb-text-color:#ffffff;--awb-margin-top:20px;\"><p><strong>ORGANISMES AGREES<\/strong><\/p>\n<\/div><\/div><\/div><div class=\"fusion-layout-column fusion_builder_column_inner fusion-builder-nested-column-5 fusion-flex-column fusion-column-inner-bg-wrapper\" style=\"--awb-padding-right:20px;--awb-padding-left:20px;--awb-overflow:hidden;--awb-inner-bg-color:#27a449;--awb-inner-bg-color-hover:#27a449;--awb-inner-bg-size:cover;--awb-border-radius:12px 12px 12px 12px;--awb-inner-bg-border-radius:12px 12px 12px 12px;--awb-inner-bg-overflow:hidden;--awb-width-large:85%;--awb-margin-top-large:0px;--awb-spacing-right-large:2.2588235294118%;--awb-margin-bottom-large:20px;--awb-spacing-left-large:2.2588235294118%;--awb-width-medium:100%;--awb-order-medium:0;--awb-spacing-right-medium:1.92%;--awb-spacing-left-medium:1.92%;--awb-width-small:100%;--awb-order-small:0;--awb-spacing-right-small:1.92%;--awb-spacing-left-small:1.92%;\"><span class=\"fusion-column-inner-bg hover-type-none\"><a class=\"fusion-column-anchor\" href=\"https:\/\/www.service-public.pf\/sde\/formulaires-pour-la-demande-de-permis-de-construire\/\"><span class=\"fusion-column-inner-bg-image\"><\/span><\/a><\/span><div class=\"fusion-column-wrapper fusion-column-has-shadow fusion-flex-justify-content-flex-start fusion-content-layout-column\"><div class=\"fusion-text fusion-text-6 fusion-text-no-margin\" style=\"--awb-content-alignment:center;--awb-font-size:20px;--awb-text-color:#ffffff;--awb-margin-top:20px;--awb-margin-bottom:20px;\"><p><strong>FORMULAIRES POUR LA DEMANDE DE PERMIS DE CONSTRUIRE<br \/>\n<\/strong><\/p>\n<\/div><\/div><\/div><\/div><\/div><\/div><\/div><\/div><div class=\"fusion-fullwidth fullwidth-box fusion-builder-row-3 fusion-flex-container nonhundred-percent-fullwidth non-hundred-percent-height-scrolling vct_demarches_text_container\" style=\"--awb-border-radius-top-left:0px;--awb-border-radius-top-right:0px;--awb-border-radius-bottom-right:0px;--awb-border-radius-bottom-left:0px;--awb-padding-right:0px;--awb-padding-left:0px;--awb-flex-wrap:wrap;\" id=\"vct_demarches_text_container\" ><div class=\"fusion-builder-row fusion-row fusion-flex-align-items-flex-start fusion-flex-content-wrap\" style=\"max-width:104%;margin-left: calc(-4% \/ 2 );margin-right: calc(-4% \/ 2 );\"><div class=\"fusion-layout-column fusion_builder_column fusion-builder-column-4 fusion_builder_column_1_1 1_1 fusion-flex-column vct_demarches_text\" style=\"--awb-bg-size:cover;--awb-width-large:100%;--awb-margin-top-large:0px;--awb-spacing-right-large:1.92%;--awb-margin-bottom-large:20px;--awb-spacing-left-large:1.92%;--awb-width-medium:100%;--awb-order-medium:0;--awb-spacing-right-medium:1.92%;--awb-spacing-left-medium:1.92%;--awb-width-small:100%;--awb-order-small:0;--awb-spacing-right-small:1.92%;--awb-spacing-left-small:1.92%;\" id=\"vct_demarches_text_1\"><div class=\"fusion-column-wrapper fusion-column-has-shadow fusion-flex-justify-content-flex-start fusion-content-layout-column\"><div class=\"fusion-builder-row fusion-builder-row-inner fusion-row fusion-flex-align-items-flex-start fusion-flex-content-wrap\" style=\"--awb-flex-grow:0;--awb-flex-grow-medium:0;--awb-flex-grow-small:0;--awb-flex-shrink:0;--awb-flex-shrink-medium:0;--awb-flex-shrink-small:0;width:104% !important;max-width:104% !important;margin-left: calc(-4% \/ 2 );margin-right: calc(-4% \/ 2 );\"><div class=\"fusion-layout-column fusion_builder_column_inner fusion-builder-nested-column-6 fusion_builder_column_inner_1_1 1_1 fusion-flex-column\" style=\"--awb-padding-right:5%;--awb-padding-left:5%;--awb-bg-color:#6ca80c;--awb-bg-color-hover:#6ca80c;--awb-bg-size:cover;--awb-width-large:100%;--awb-margin-top-large:0px;--awb-spacing-right-large:1.92%;--awb-margin-bottom-large:20px;--awb-spacing-left-large:1.92%;--awb-width-medium:100%;--awb-order-medium:0;--awb-spacing-right-medium:1.92%;--awb-spacing-left-medium:1.92%;--awb-width-small:100%;--awb-order-small:0;--awb-spacing-right-small:1.92%;--awb-spacing-left-small:1.92%;\"><div class=\"fusion-column-wrapper fusion-column-has-shadow fusion-flex-justify-content-flex-start fusion-content-layout-column\"><div class=\"fusion-title title fusion-title-2 fusion-sep-none fusion-title-text fusion-title-size-three\" style=\"--awb-text-color:#ffffff;--awb-margin-top:30px;--awb-margin-top-small:0px;--awb-margin-right-small:0px;--awb-margin-bottom-small:20px;--awb-margin-left-small:0px;\"><h3 class=\"fusion-title-heading title-heading-left\" style=\"margin:0;\"><p><strong>Par typologie<\/strong><\/p>\n<p>A travers ces supports, vous pourrez identifier les th\u00e9matiques applicables \u00e0 votre projet de construction selon son lieu d\u2019implantation et, pour certaines d\u2019entre elles, les solutions techniques \u00e0 mettre en \u0153uvre pour vous assurer que votre projet de construction soit conforme \u00e0 la r\u00e9glementation.<\/p><\/h3><\/div><div class=\"fusion-content-boxes content-boxes columns row fusion-columns-4 fusion-columns-total-8 fusion-content-boxes-2 content-boxes-icon-with-title content-left\" style=\"--awb-hover-accent-color:#a0ce4e;--awb-circle-hover-accent-color:#a0ce4e;\" data-animationOffset=\"top-into-view\"><div style=\"--awb-backgroundcolor:var(--awb-color1);\" class=\"fusion-column content-box-column content-box-column content-box-column-1 col-lg-3 col-md-3 col-sm-3 fusion-content-box-hover content-box-column-first-in-row\"><div class=\"col content-box-wrapper content-wrapper-background link-area-box link-type-text icon-hover-animation-fade\" data-link=\"https:\/\/www.service-public.pf\/sde\/wp-content\/uploads\/sites\/15\/2023\/03\/REPBF_Depliants_LogementIndividuel_Pages.pdf\" data-link-target=\"_blank\" data-animationOffset=\"top-into-view\"><div class=\"heading heading-with-icon icon-left\"><a class=\"heading-link\" style=\"float:left;\" href=\"https:\/\/www.service-public.pf\/sde\/wp-content\/uploads\/sites\/15\/2023\/03\/REPBF_Depliants_LogementIndividuel_Pages.pdf\" target=\"_blank\" rel=\"noopener noreferrer\"><div aria-hidden=\"true\" class=\"image\"><img decoding=\"async\" src=\"https:\/\/www.service-public.pf\/sde\/wp-content\/uploads\/sites\/15\/2023\/01\/SDE-REBPF-IlluTotales-Logement-Individuel.png\" width=\"800\" height=\"600.14\" alt=\"\" \/><\/div><\/a><\/div><div class=\"fusion-clearfix\"><\/div><div class=\"content-container\">\n<p style=\"text-align: center\"><span style=\"color: #333333\"><strong>LOGEMENT INDIVIDUEL<br \/>\n<\/strong><\/span><\/p>\n<p><span style=\"color: #ffffff\">\u00a0.<\/span><\/p>\n<\/div><\/div><\/div><div style=\"--awb-backgroundcolor:var(--awb-color1);\" class=\"fusion-column content-box-column content-box-column content-box-column-2 col-lg-3 col-md-3 col-sm-3 fusion-content-box-hover \"><div class=\"col content-box-wrapper content-wrapper-background link-area-box link-type-text icon-hover-animation-fade\" data-link=\"https:\/\/www.service-public.pf\/sde\/wp-content\/uploads\/sites\/15\/2023\/04\/REPBF_Depliants_LogementCollectif_Pages-V2.pdf\" data-link-target=\"_blank\" data-animationOffset=\"top-into-view\"><div class=\"heading heading-with-icon icon-left\"><a class=\"heading-link\" style=\"float:left;\" href=\"https:\/\/www.service-public.pf\/sde\/wp-content\/uploads\/sites\/15\/2023\/04\/REPBF_Depliants_LogementCollectif_Pages-V2.pdf\" target=\"_blank\" rel=\"noopener noreferrer\"><div aria-hidden=\"true\" class=\"image\"><img decoding=\"async\" src=\"https:\/\/www.service-public.pf\/sde\/wp-content\/uploads\/sites\/15\/2023\/01\/SDE-REBPF-IlluTotales-Logement-Collectif-1.png\" width=\"800\" height=\"600.14\" alt=\"\" \/><\/div><\/a><\/div><div class=\"fusion-clearfix\"><\/div><div class=\"content-container\">\n<p style=\"text-align: center\"><span style=\"color: #333333\"><strong>LOGEMENT COLLECTIF<br \/>\n<\/strong><\/span><\/p>\n<p><span style=\"color: #ffffff\">.<\/span><\/p>\n<\/div><\/div><\/div><div style=\"--awb-backgroundcolor:var(--awb-color1);\" class=\"fusion-column content-box-column content-box-column content-box-column-3 col-lg-3 col-md-3 col-sm-3 fusion-content-box-hover \"><div class=\"col content-box-wrapper content-wrapper-background link-area-box link-type-text icon-hover-animation-fade\" data-link=\"https:\/\/www.service-public.pf\/sde\/wp-content\/uploads\/sites\/15\/2023\/04\/REPBF_Depliants_Bureaux_Pages-V2.pdf\" data-link-target=\"_blank\" data-animationOffset=\"top-into-view\"><div class=\"heading heading-with-icon icon-left\"><a class=\"heading-link\" style=\"float:left;\" href=\"https:\/\/www.service-public.pf\/sde\/wp-content\/uploads\/sites\/15\/2023\/04\/REPBF_Depliants_Bureaux_Pages-V2.pdf\" target=\"_blank\" rel=\"noopener noreferrer\"><div aria-hidden=\"true\" class=\"image\"><img decoding=\"async\" src=\"https:\/\/www.service-public.pf\/sde\/wp-content\/uploads\/sites\/15\/2023\/01\/SDE-REBPF-IlluTotales-Bureau.png\" width=\"800\" height=\"600.14\" alt=\"\" \/><\/div><\/a><\/div><div class=\"fusion-clearfix\"><\/div><div class=\"content-container\">\n<p style=\"text-align: center\"><span style=\"color: #333333\"><strong>BUREAUX<\/strong><\/span><\/p>\n<p><span style=\"color: #ffffff\">.<\/span><\/p>\n<\/div><\/div><\/div><div style=\"--awb-backgroundcolor:var(--awb-color1);\" class=\"fusion-column content-box-column content-box-column content-box-column-4 col-lg-3 col-md-3 col-sm-3 fusion-content-box-hover content-box-column-last-in-row\"><div class=\"col content-box-wrapper content-wrapper-background link-area-box link-type-text icon-hover-animation-fade\" data-link=\"https:\/\/www.service-public.pf\/sde\/wp-content\/uploads\/sites\/15\/2023\/04\/REPBF_Depliants_Hotellerie_Pages-V2.pdf\" data-link-target=\"_blank\" data-animationOffset=\"top-into-view\"><div class=\"heading heading-with-icon icon-left\"><a class=\"heading-link\" style=\"float:left;\" href=\"https:\/\/www.service-public.pf\/sde\/wp-content\/uploads\/sites\/15\/2023\/04\/REPBF_Depliants_Hotellerie_Pages-V2.pdf\" target=\"_blank\" rel=\"noopener noreferrer\"><div aria-hidden=\"true\" class=\"image\"><img decoding=\"async\" src=\"https:\/\/www.service-public.pf\/sde\/wp-content\/uploads\/sites\/15\/2023\/01\/SDE-REBPF-IlluTotales-Hotel-Pension.png\" width=\"800\" height=\"600.14\" alt=\"\" \/><\/div><\/a><\/div><div class=\"fusion-clearfix\"><\/div><div class=\"content-container\">\n<p style=\"text-align: center\"><span style=\"color: #333333\"><strong>H\u00d4TELLERIE<\/strong><\/span><\/p>\n<p><span style=\"color: #ffffff\">.<\/span><\/p>\n<\/div><\/div><\/div><div style=\"--awb-backgroundcolor:var(--awb-color1);\" class=\"fusion-column content-box-column content-box-column content-box-column-5 col-lg-3 col-md-3 col-sm-3 fusion-content-box-hover content-box-column-first-in-row\"><div class=\"col content-box-wrapper content-wrapper-background link-area-box link-type-text icon-hover-animation-fade\" data-link=\"https:\/\/www.service-public.pf\/sde\/wp-content\/uploads\/sites\/15\/2023\/04\/REPBF_Depliants_EtablissmentEnseignement_Pages-V2.pdf\" data-link-target=\"_blank\" data-animationOffset=\"top-into-view\"><div class=\"heading heading-with-icon icon-left\"><a class=\"heading-link\" style=\"float:left;\" href=\"https:\/\/www.service-public.pf\/sde\/wp-content\/uploads\/sites\/15\/2023\/04\/REPBF_Depliants_EtablissmentEnseignement_Pages-V2.pdf\" target=\"_blank\" rel=\"noopener noreferrer\"><div aria-hidden=\"true\" class=\"image\"><img decoding=\"async\" src=\"https:\/\/www.service-public.pf\/sde\/wp-content\/uploads\/sites\/15\/2023\/01\/SDE-REBPF-IlluTotales-Enseignement.png\" width=\"800\" height=\"600.14\" alt=\"\" \/><\/div><\/a><\/div><div class=\"fusion-clearfix\"><\/div><div class=\"content-container\">\n<p style=\"text-align: center\"><span style=\"color: #333333\"><strong>ENSEIGNEMENT<\/strong><\/span><\/p>\n<p><span style=\"color: #ffffff\">.<\/span><\/p>\n<\/div><\/div><\/div><div style=\"--awb-backgroundcolor:var(--awb-color1);\" class=\"fusion-column content-box-column content-box-column content-box-column-6 col-lg-3 col-md-3 col-sm-3 fusion-content-box-hover \"><div class=\"col content-box-wrapper content-wrapper-background link-area-box link-type-text icon-hover-animation-fade\" data-link=\"https:\/\/www.service-public.pf\/sde\/wp-content\/uploads\/sites\/15\/2023\/04\/REPBF_Depliants_EtablissmentDeSoin_Pages-V2.pdf\" data-link-target=\"_blank\" data-animationOffset=\"top-into-view\"><div class=\"heading heading-with-icon icon-left\"><a class=\"heading-link\" style=\"float:left;\" href=\"https:\/\/www.service-public.pf\/sde\/wp-content\/uploads\/sites\/15\/2023\/04\/REPBF_Depliants_EtablissmentDeSoin_Pages-V2.pdf\" target=\"_blank\" rel=\"noopener noreferrer\"><div aria-hidden=\"true\" class=\"image\"><img decoding=\"async\" src=\"https:\/\/www.service-public.pf\/sde\/wp-content\/uploads\/sites\/15\/2023\/01\/SDE-REBPF-IlluTotales-Etablissement-Soin.png\" width=\"800\" height=\"600.14\" alt=\"\" \/><\/div><\/a><\/div><div class=\"fusion-clearfix\"><\/div><div class=\"content-container\">\n<p style=\"text-align: center\"><span style=\"color: #333333\"><strong>\u00c9TABLISSEMENT DE SOIN<br \/>\n<\/strong><\/span><\/p>\n<p><span style=\"color: #ffffff\">.<\/span><\/p>\n<\/div><\/div><\/div><div style=\"--awb-backgroundcolor:var(--awb-color1);\" class=\"fusion-column content-box-column content-box-column content-box-column-7 col-lg-3 col-md-3 col-sm-3 fusion-content-box-hover \"><div class=\"col content-box-wrapper content-wrapper-background link-area-box link-type-text icon-hover-animation-fade\" data-link=\"https:\/\/www.service-public.pf\/sde\/wp-content\/uploads\/sites\/15\/2023\/03\/REPBF_Depliants_Restauration_Pages.pdf\" data-link-target=\"_blank\" data-animationOffset=\"top-into-view\"><div class=\"heading heading-with-icon icon-left\"><a class=\"heading-link\" style=\"float:left;\" href=\"https:\/\/www.service-public.pf\/sde\/wp-content\/uploads\/sites\/15\/2023\/03\/REPBF_Depliants_Restauration_Pages.pdf\" target=\"_blank\" rel=\"noopener noreferrer\"><div aria-hidden=\"true\" class=\"image\"><img decoding=\"async\" src=\"https:\/\/www.service-public.pf\/sde\/wp-content\/uploads\/sites\/15\/2023\/01\/SDE-REBPF-IlluTotales-Restaurant.png\" width=\"800\" height=\"600.14\" alt=\"\" \/><\/div><\/a><\/div><div class=\"fusion-clearfix\"><\/div><div class=\"content-container\">\n<p style=\"text-align: center\"><span style=\"color: #333333\"><strong>RESTAURATION<br \/>\n<\/strong><\/span><\/p>\n<p><span style=\"color: #ffffff\">.<\/span><\/p>\n<\/div><\/div><\/div><div style=\"--awb-backgroundcolor:var(--awb-color1);\" class=\"fusion-column content-box-column content-box-column content-box-column-8 col-lg-3 col-md-3 col-sm-3 fusion-content-box-hover content-box-column-last content-box-column-last-in-row\"><div class=\"col content-box-wrapper content-wrapper-background link-area-box link-type-text icon-hover-animation-fade\" data-link=\"https:\/\/www.service-public.pf\/sde\/wp-content\/uploads\/sites\/15\/2023\/03\/REPBF_Depliants_Autres_Pages.pdf\" data-link-target=\"_blank\" data-animationOffset=\"top-into-view\"><div class=\"heading heading-with-icon icon-left\"><a class=\"heading-link\" style=\"float:left;\" href=\"https:\/\/www.service-public.pf\/sde\/wp-content\/uploads\/sites\/15\/2023\/03\/REPBF_Depliants_Autres_Pages.pdf\" target=\"_blank\" rel=\"noopener noreferrer\"><div aria-hidden=\"true\" class=\"image\"><img decoding=\"async\" src=\"https:\/\/www.service-public.pf\/sde\/wp-content\/uploads\/sites\/15\/2023\/01\/SDE-REBPF-IlluTotales-Divers.png\" width=\"800\" height=\"600.14\" alt=\"\" \/><\/div><\/a><\/div><div class=\"fusion-clearfix\"><\/div><div class=\"content-container\">\n<p style=\"text-align: center\"><span style=\"color: #333333\"><strong>AUTRE B\u00c2TIMENT<br \/>\n<\/strong><\/span><\/p>\n<p><span style=\"color: #ffffff\">.<\/span><\/p>\n<\/div><\/div><\/div><div class=\"fusion-clearfix\"><\/div><\/div><\/div><\/div><div class=\"fusion-layout-column fusion_builder_column_inner fusion-builder-nested-column-7 fusion_builder_column_inner_1_1 1_1 fusion-flex-column\" style=\"--awb-padding-right:5%;--awb-padding-left:5%;--awb-bg-size:cover;--awb-width-large:100%;--awb-margin-top-large:0px;--awb-spacing-right-large:1.92%;--awb-margin-bottom-large:20px;--awb-spacing-left-large:1.92%;--awb-width-medium:100%;--awb-order-medium:0;--awb-spacing-right-medium:1.92%;--awb-spacing-left-medium:1.92%;--awb-width-small:100%;--awb-order-small:0;--awb-spacing-right-small:1.92%;--awb-spacing-left-small:1.92%;\"><div class=\"fusion-column-wrapper fusion-column-has-shadow fusion-flex-justify-content-flex-start fusion-content-layout-column\"><\/div><\/div><\/div><\/div><\/div><div class=\"fusion-layout-column fusion_builder_column fusion-builder-column-5 fusion_builder_column_1_1 1_1 fusion-flex-column vct_demarches_text\" style=\"--awb-bg-size:cover;--awb-width-large:100%;--awb-margin-top-large:0px;--awb-spacing-right-large:1.92%;--awb-margin-bottom-large:20px;--awb-spacing-left-large:1.92%;--awb-width-medium:100%;--awb-order-medium:0;--awb-spacing-right-medium:1.92%;--awb-spacing-left-medium:1.92%;--awb-width-small:100%;--awb-order-small:0;--awb-spacing-right-small:1.92%;--awb-spacing-left-small:1.92%;\" id=\"vct_demarches_text_1\"><div class=\"fusion-column-wrapper fusion-column-has-shadow fusion-flex-justify-content-flex-start fusion-content-layout-column\"><div class=\"fusion-builder-row fusion-builder-row-inner fusion-row fusion-flex-align-items-flex-start fusion-flex-content-wrap\" style=\"--awb-flex-grow:0;--awb-flex-grow-medium:0;--awb-flex-grow-small:0;--awb-flex-shrink:0;--awb-flex-shrink-medium:0;--awb-flex-shrink-small:0;width:104% !important;max-width:104% !important;margin-left: calc(-4% \/ 2 );margin-right: calc(-4% \/ 2 );\"><div class=\"fusion-layout-column fusion_builder_column_inner fusion-builder-nested-column-8 fusion_builder_column_inner_1_1 1_1 fusion-flex-column\" style=\"--awb-padding-right:5%;--awb-padding-left:5%;--awb-bg-color:#6ca80c;--awb-bg-color-hover:#6ca80c;--awb-bg-size:cover;--awb-width-large:100%;--awb-margin-top-large:0px;--awb-spacing-right-large:1.92%;--awb-margin-bottom-large:20px;--awb-spacing-left-large:1.92%;--awb-width-medium:100%;--awb-order-medium:0;--awb-spacing-right-medium:1.92%;--awb-spacing-left-medium:1.92%;--awb-width-small:100%;--awb-order-small:0;--awb-spacing-right-small:1.92%;--awb-spacing-left-small:1.92%;\"><div class=\"fusion-column-wrapper fusion-column-has-shadow fusion-flex-justify-content-flex-start fusion-content-layout-column\"><div class=\"fusion-title title fusion-title-3 fusion-sep-none fusion-title-text fusion-title-size-three\" style=\"--awb-text-color:#ffffff;--awb-margin-top:30px;--awb-margin-top-small:0px;--awb-margin-right-small:0px;--awb-margin-bottom-small:20px;--awb-margin-left-small:0px;\"><h3 class=\"fusion-title-heading title-heading-left\" style=\"margin:0;\"><p><strong>Par th\u00e9matique<\/strong><\/p>\n<p>Au total, 9 fiches d&rsquo;application ont \u00e9t\u00e9 r\u00e9dig\u00e9es pour accompagner les professionnels \u00e0 l&rsquo;application de la REBPf.<\/p>\n<p>Apr\u00e8s un rappel des r\u00e9f\u00e9rences aux textes r\u00e9glementaires, chaque fiche aborde dans le d\u00e9tail le p\u00e9rim\u00e8tre d&rsquo;application, les r\u00e8gles de conception ou les param\u00e8tres de calcul des diff\u00e9rentes th\u00e9matiques. Lorsqu&rsquo;ils sont pr\u00e9vus par le texte, les cas d\u00e9rogatoires sont expliqu\u00e9s. Certaines fiches comportent \u00e9galement un certain nombre de solutions techniques pour s&rsquo;assurer de la conformit\u00e9 de son projet sans passer par le calcul.<\/p><\/h3><\/div><div class=\"fusion-content-boxes content-boxes columns row fusion-columns-5 fusion-columns-total-9 fusion-content-boxes-3 content-boxes-icon-with-title content-left\" style=\"--awb-backgroundcolor:var(--awb-color1);--awb-hover-accent-color:#a0ce4e;--awb-circle-hover-accent-color:#a0ce4e;\" data-animationOffset=\"top-into-view\"><div style=\"--awb-backgroundcolor:var(--awb-color1);\" class=\"fusion-column content-box-column content-box-column-1 col-lg-2 col-md-2 col-sm-2 fusion-content-box-hover content-box-column-first-in-row\"><div class=\"col content-box-wrapper content-wrapper-background link-area-link-icon link-type-text icon-hover-animation-fade\" data-animationOffset=\"top-into-view\"><div class=\"heading heading-with-icon icon-left\"><a class=\"heading-link\" style=\"float:left;\" href=\"https:\/\/www.service-public.pf\/sde\/wp-content\/uploads\/sites\/15\/2023\/09\/Fiche-01-Perimetre-dapplication.pdf\" target=\"_self\"><div aria-hidden=\"true\" class=\"image\"><img decoding=\"async\" src=\"https:\/\/www.service-public.pf\/sde\/wp-content\/uploads\/sites\/15\/2023\/04\/LOGO-REBPF-PETIT.png\" width=\"400\" height=\"400\" alt=\"\" \/><\/div><\/a><\/div><div class=\"fusion-clearfix\"><\/div><div class=\"content-container\">\n<p style=\"text-align: center\">FICHE N\u00b01 : PERIMETRE D&rsquo;APPLICATION<\/p>\n<\/div><\/div><\/div><div style=\"--awb-backgroundcolor:var(--awb-color1);\" class=\"fusion-column content-box-column content-box-column-2 col-lg-2 col-md-2 col-sm-2 fusion-content-box-hover \"><div class=\"col content-box-wrapper content-wrapper-background link-area-link-icon link-type-text icon-hover-animation-fade\" data-animationOffset=\"top-into-view\"><div class=\"heading heading-with-icon icon-left\"><a class=\"heading-link\" style=\"float:left;\" href=\"https:\/\/www.service-public.pf\/sde\/wp-content\/uploads\/sites\/15\/2023\/09\/Fiche-02-Protection-solaire-des-parois-opaques-horizontales-Toitures.pdf\" target=\"_self\"><div aria-hidden=\"true\" class=\"image\"><img decoding=\"async\" src=\"https:\/\/www.service-public.pf\/sde\/wp-content\/uploads\/sites\/15\/2023\/04\/SDE_REBPF_PictoMesures_ProToiture.png\" width=\"3334\" height=\"3334\" alt=\"\" \/><\/div><\/a><\/div><div class=\"fusion-clearfix\"><\/div><div class=\"content-container\">\n<p style=\"text-align: center\"><strong>FICHE N\u00b02 : PROTECTION SOLAIRE DES PAROIS OPAQUES HORIZONTALES (TOITURES)<\/strong><\/p>\n<\/div><\/div><\/div><div style=\"--awb-backgroundcolor:var(--awb-color1);\" class=\"fusion-column content-box-column content-box-column-3 col-lg-2 col-md-2 col-sm-2 fusion-content-box-hover \"><div class=\"col content-box-wrapper content-wrapper-background link-area-link-icon link-type-text icon-hover-animation-fade\" data-animationOffset=\"top-into-view\"><div class=\"heading heading-with-icon icon-left\"><a class=\"heading-link\" style=\"float:left;\" href=\"https:\/\/www.service-public.pf\/sde\/wp-content\/uploads\/sites\/15\/2023\/09\/Fiche-03-Protection-solaire-des-parois-opaques-verticales-Murs.pdf\" target=\"_self\"><div aria-hidden=\"true\" class=\"image\"><img decoding=\"async\" src=\"https:\/\/www.service-public.pf\/sde\/wp-content\/uploads\/sites\/15\/2023\/04\/SDE_REBPF_PictoMesures_ProFacade.png\" width=\"3335\" height=\"3334\" alt=\"\" \/><\/div><\/a><\/div><div class=\"fusion-clearfix\"><\/div><div class=\"content-container\">\n<p style=\"text-align: center\"><strong>FICHE N\u00b03 : PROTECTION SOLAIRE DES PAROIS OPAQUES VERTICALES (MURS)<\/strong><\/p>\n<\/div><\/div><\/div><div style=\"--awb-backgroundcolor:var(--awb-color1);\" class=\"fusion-column content-box-column content-box-column-4 col-lg-2 col-md-2 col-sm-2 fusion-content-box-hover \"><div class=\"col content-box-wrapper content-wrapper-background link-area-link-icon link-type-text icon-hover-animation-fade\" data-animationOffset=\"top-into-view\"><div class=\"heading heading-with-icon icon-left\"><a class=\"heading-link\" style=\"float:left;\" href=\"https:\/\/www.service-public.pf\/sde\/wp-content\/uploads\/sites\/15\/2023\/09\/Fiche-04-Protection-solaire-des-baies.pdf\" target=\"_self\"><div aria-hidden=\"true\" class=\"image\"><img decoding=\"async\" src=\"https:\/\/www.service-public.pf\/sde\/wp-content\/uploads\/sites\/15\/2023\/04\/SDE_REBPF_PictoMesures_ProBaie.png\" width=\"3334\" height=\"3334\" alt=\"\" \/><\/div><\/a><\/div><div class=\"fusion-clearfix\"><\/div><div class=\"content-container\">\n<p style=\"text-align: center\"><strong>FICHE N\u00b04 : PROTECTION SOLAIRE DES BAIES<\/strong><span style=\"color: #ff9900\"><strong>\u00a0<\/strong><\/span><\/p>\n<\/div><\/div><\/div><div style=\"--awb-backgroundcolor:var(--awb-color1);\" class=\"fusion-column content-box-column content-box-column-5 col-lg-2 col-md-2 col-sm-2 fusion-content-box-hover content-box-column-last-in-row\"><div class=\"col content-box-wrapper content-wrapper-background link-area-link-icon link-type-text icon-hover-animation-fade\" data-animationOffset=\"top-into-view\"><div class=\"heading heading-with-icon icon-left\"><a class=\"heading-link\" style=\"float:left;\" href=\"https:\/\/www.service-public.pf\/sde\/wp-content\/uploads\/sites\/15\/2023\/06\/Fiche-05-Prise-en-main-de-loutil-Cm-FS.pdf\" target=\"_self\"><div aria-hidden=\"true\" class=\"image\"><img decoding=\"async\" src=\"https:\/\/www.service-public.pf\/sde\/wp-content\/uploads\/sites\/15\/2023\/04\/LOGO-REBPF-PETIT.png\" width=\"400\" height=\"400\" alt=\"\" \/><\/div><\/a><\/div><div class=\"fusion-clearfix\"><\/div><div class=\"content-container\">\n<p style=\"text-align: center\"><strong>FICHE N\u00b05 : OUTIL CM FS &#8211; MUR ET BAIE<br \/>\n<\/strong><strong>Calcul du coefficient de masque et du facteur solaire<\/strong><\/p>\n<\/div><\/div><\/div><div style=\"--awb-backgroundcolor:var(--awb-color1);\" class=\"fusion-column content-box-column content-box-column-6 col-lg-2 col-md-2 col-sm-2 fusion-content-box-hover content-box-column-first-in-row\"><div class=\"col content-box-wrapper content-wrapper-background link-area-link-icon link-type-text icon-hover-animation-fade\" data-animationOffset=\"top-into-view\"><div class=\"heading heading-with-icon icon-left\"><a class=\"heading-link\" style=\"float:left;\" href=\"https:\/\/www.service-public.pf\/sde\/wp-content\/uploads\/sites\/15\/2023\/09\/Fiche-06-Ventilation-naturelle.pdf\" target=\"_self\"><div aria-hidden=\"true\" class=\"image\"><img decoding=\"async\" src=\"https:\/\/www.service-public.pf\/sde\/wp-content\/uploads\/sites\/15\/2023\/04\/SDE_REBPF_PictoMesures_Ventilation.png\" width=\"3334\" height=\"3334\" alt=\"\" \/><\/div><\/a><\/div><div class=\"fusion-clearfix\"><\/div><div class=\"content-container\">\n<p style=\"text-align: center\"><strong>FICHE N\u00b06 : VENTILATION NATURELLE<\/strong><\/p>\n<\/div><\/div><\/div><div style=\"--awb-backgroundcolor:var(--awb-color1);\" class=\"fusion-column content-box-column content-box-column-7 col-lg-2 col-md-2 col-sm-2 fusion-content-box-hover \"><div class=\"col content-box-wrapper content-wrapper-background link-area-link-icon link-type-text icon-hover-animation-fade\" data-animationOffset=\"top-into-view\"><div class=\"heading heading-with-icon icon-left\"><a class=\"heading-link\" style=\"float:left;\" href=\"https:\/\/www.service-public.pf\/sde\/wp-content\/uploads\/sites\/15\/2023\/06\/Fiche-07-Brasseurs-dair.pdf\" target=\"_self\"><div aria-hidden=\"true\" class=\"image\"><img decoding=\"async\" src=\"https:\/\/www.service-public.pf\/sde\/wp-content\/uploads\/sites\/15\/2023\/04\/SDE_REBPF_PictoMesures_Brasseurs.png\" width=\"2560\" height=\"2560\" alt=\"\" \/><\/div><\/a><\/div><div class=\"fusion-clearfix\"><\/div><div class=\"content-container\">\n<p style=\"text-align: center\"><strong>FICHE N\u00b07 : BRASSEUR D&rsquo;AIR<\/strong><\/p>\n<\/div><\/div><\/div><div style=\"--awb-backgroundcolor:var(--awb-color1);\" class=\"fusion-column content-box-column content-box-column-8 col-lg-2 col-md-2 col-sm-2 fusion-content-box-hover \"><div class=\"col content-box-wrapper content-wrapper-background link-area-link-icon link-type-text icon-hover-animation-fade\" data-animationOffset=\"top-into-view\"><div class=\"heading heading-with-icon icon-left\"><a class=\"heading-link\" style=\"float:left;\" href=\"https:\/\/www.service-public.pf\/sde\/wp-content\/uploads\/sites\/15\/2023\/06\/Fiche-08-Eau-chaude-solaire.pdf\" target=\"_self\"><div aria-hidden=\"true\" class=\"image\"><img decoding=\"async\" src=\"https:\/\/www.service-public.pf\/sde\/wp-content\/uploads\/sites\/15\/2023\/04\/SDE_REBPF_PictoMesures_ChauffeEau.png\" width=\"2560\" height=\"2560\" alt=\"\" \/><\/div><\/a><\/div><div class=\"fusion-clearfix\"><\/div><div class=\"content-container\">\n<p style=\"text-align: center\"><strong>FICHE N\u00b08 : EAU CHAUDE SOLAIRE<\/strong><\/p>\n<\/div><\/div><\/div><div style=\"--awb-backgroundcolor:var(--awb-color1);\" class=\"fusion-column content-box-column content-box-column-9 col-lg-2 col-md-2 col-sm-2 fusion-content-box-hover content-box-column-last\"><div class=\"col content-box-wrapper content-wrapper-background link-area-link-icon link-type-text icon-hover-animation-fade\" data-animationOffset=\"top-into-view\"><div class=\"heading heading-with-icon icon-left\"><a class=\"heading-link\" style=\"float:left;\" href=\"https:\/\/www.service-public.pf\/sde\/wp-content\/uploads\/sites\/15\/2023\/06\/Fiche-09-Climatisation.pdf\" target=\"_self\"><div aria-hidden=\"true\" class=\"image\"><img decoding=\"async\" src=\"https:\/\/www.service-public.pf\/sde\/wp-content\/uploads\/sites\/15\/2023\/04\/SDE_REBPF_PictoMesures_Climatisation.png\" width=\"2560\" height=\"2559\" alt=\"\" \/><\/div><\/a><\/div><div class=\"fusion-clearfix\"><\/div><div class=\"content-container\">\n<p style=\"text-align: center\"><strong>FICHE N\u00b09 : CLIMATISATION<\/strong><\/p>\n<\/div><\/div><\/div><div class=\"fusion-clearfix\"><\/div><\/div><\/div><\/div><div class=\"fusion-layout-column fusion_builder_column_inner fusion-builder-nested-column-9 fusion_builder_column_inner_1_1 1_1 fusion-flex-column\" style=\"--awb-padding-right:5%;--awb-padding-left:5%;--awb-bg-color:var(--awb-color1);--awb-bg-color-hover:var(--awb-color1);--awb-bg-size:cover;--awb-width-large:100%;--awb-margin-top-large:0px;--awb-spacing-right-large:1.92%;--awb-margin-bottom-large:20px;--awb-spacing-left-large:1.92%;--awb-width-medium:100%;--awb-order-medium:0;--awb-spacing-right-medium:1.92%;--awb-spacing-left-medium:1.92%;--awb-width-small:100%;--awb-order-small:0;--awb-spacing-right-small:1.92%;--awb-spacing-left-small:1.92%;\"><div class=\"fusion-column-wrapper fusion-column-has-shadow fusion-flex-justify-content-flex-start fusion-content-layout-column\"><\/div><\/div><\/div><\/div><\/div><div class=\"fusion-layout-column fusion_builder_column fusion-builder-column-6 fusion_builder_column_1_1 1_1 fusion-flex-column vct_demarches_text\" style=\"--awb-bg-size:cover;--awb-width-large:100%;--awb-margin-top-large:0px;--awb-spacing-right-large:1.92%;--awb-margin-bottom-large:20px;--awb-spacing-left-large:1.92%;--awb-width-medium:100%;--awb-order-medium:0;--awb-spacing-right-medium:1.92%;--awb-spacing-left-medium:1.92%;--awb-width-small:100%;--awb-order-small:0;--awb-spacing-right-small:1.92%;--awb-spacing-left-small:1.92%;\" id=\"vct_demarches_text_1\"><div class=\"fusion-column-wrapper fusion-column-has-shadow fusion-flex-justify-content-flex-start fusion-content-layout-column\"><div class=\"fusion-builder-row fusion-builder-row-inner fusion-row fusion-flex-align-items-flex-start fusion-flex-content-wrap\" style=\"--awb-flex-grow:0;--awb-flex-grow-medium:0;--awb-flex-grow-small:0;--awb-flex-shrink:0;--awb-flex-shrink-medium:0;--awb-flex-shrink-small:0;width:104% !important;max-width:104% !important;margin-left: calc(-4% \/ 2 );margin-right: calc(-4% \/ 2 );\"><div class=\"fusion-layout-column fusion_builder_column_inner fusion-builder-nested-column-10 fusion_builder_column_inner_1_1 1_1 fusion-flex-column\" style=\"--awb-padding-right:5%;--awb-padding-left:5%;--awb-bg-color:#6ca80c;--awb-bg-color-hover:#6ca80c;--awb-bg-size:cover;--awb-width-large:100%;--awb-margin-top-large:0px;--awb-spacing-right-large:1.92%;--awb-margin-bottom-large:20px;--awb-spacing-left-large:1.92%;--awb-width-medium:100%;--awb-order-medium:0;--awb-spacing-right-medium:1.92%;--awb-spacing-left-medium:1.92%;--awb-width-small:100%;--awb-order-small:0;--awb-spacing-right-small:1.92%;--awb-spacing-left-small:1.92%;\"><div class=\"fusion-column-wrapper fusion-column-has-shadow fusion-flex-justify-content-flex-start fusion-content-layout-column\"><div class=\"fusion-title title fusion-title-4 fusion-sep-none fusion-title-text fusion-title-size-three\" style=\"--awb-text-color:#ffffff;--awb-margin-top:30px;--awb-margin-top-small:0px;--awb-margin-right-small:0px;--awb-margin-bottom-small:20px;--awb-margin-left-small:0px;\"><h3 class=\"fusion-title-heading title-heading-left\" style=\"margin:0;\"><p><strong>Outils de calcul<\/strong><\/p>\n<p>Pour obtenir les outils de calcul des coefficients de masque et facteurs solaires des murs et des baies, il suffit de remplir le formulaire suivant le lien ci-dessous.<\/p>\n<p>Pour rappel :<br \/>\n&#8211; Ces outils sont indispensables pour v\u00e9rifier la conformit\u00e9 des projets soumis aux th\u00e9matique de protection solaire des parois opaques verticales (murs) et des baies<br \/>\n&#8211; Une fiche d&rsquo;application pour guider les professionnels \u00e0 l&rsquo;utilisation des fichiers de calcul a \u00e9t\u00e9 r\u00e9dig\u00e9e. Il s&rsquo;agit de la fiche n\u00b05 \u00ab\u00a0Outil Cm FS\u00a0\u00bb.<\/p>\n<p><span style=\"color: #ffcc00\"><strong>&#8212;&gt; <a style=\"color: #ffcc00\" href=\"https:\/\/forms.gle\/r8B6XLokEoegxJtZ7\">Lien vers le formulaire<\/a> &lt;&#8212;<\/strong><\/span><\/p><\/h3><\/div><\/div><\/div><div class=\"fusion-layout-column fusion_builder_column_inner fusion-builder-nested-column-11 fusion_builder_column_inner_1_1 1_1 fusion-flex-column\" style=\"--awb-padding-right:5%;--awb-padding-left:5%;--awb-bg-size:cover;--awb-width-large:100%;--awb-margin-top-large:0px;--awb-spacing-right-large:1.92%;--awb-margin-bottom-large:20px;--awb-spacing-left-large:1.92%;--awb-width-medium:100%;--awb-order-medium:0;--awb-spacing-right-medium:1.92%;--awb-spacing-left-medium:1.92%;--awb-width-small:100%;--awb-order-small:0;--awb-spacing-right-small:1.92%;--awb-spacing-left-small:1.92%;\"><div class=\"fusion-column-wrapper fusion-column-has-shadow fusion-flex-justify-content-flex-start fusion-content-layout-column\"><\/div><\/div><\/div><\/div><\/div><div class=\"fusion-layout-column fusion_builder_column fusion-builder-column-7 fusion_builder_column_1_1 1_1 fusion-flex-column vct_demarches_text\" style=\"--awb-bg-size:cover;--awb-width-large:100%;--awb-margin-top-large:0px;--awb-spacing-right-large:1.92%;--awb-margin-bottom-large:20px;--awb-spacing-left-large:1.92%;--awb-width-medium:100%;--awb-order-medium:0;--awb-spacing-right-medium:1.92%;--awb-spacing-left-medium:1.92%;--awb-width-small:100%;--awb-order-small:0;--awb-spacing-right-small:1.92%;--awb-spacing-left-small:1.92%;\" id=\"vct_demarches_text_1\"><div class=\"fusion-column-wrapper fusion-column-has-shadow fusion-flex-justify-content-flex-start fusion-content-layout-column\"><div class=\"fusion-builder-row fusion-builder-row-inner fusion-row fusion-flex-align-items-flex-start fusion-flex-content-wrap\" style=\"--awb-flex-grow:0;--awb-flex-grow-medium:0;--awb-flex-grow-small:0;--awb-flex-shrink:0;--awb-flex-shrink-medium:0;--awb-flex-shrink-small:0;width:104% !important;max-width:104% !important;margin-left: calc(-4% \/ 2 );margin-right: calc(-4% \/ 2 );\"><div class=\"fusion-layout-column fusion_builder_column_inner fusion-builder-nested-column-12 fusion_builder_column_inner_1_1 1_1 fusion-flex-column\" style=\"--awb-padding-right:5%;--awb-padding-left:5%;--awb-bg-color:#6ca80c;--awb-bg-color-hover:#6ca80c;--awb-bg-size:cover;--awb-width-large:100%;--awb-margin-top-large:0px;--awb-spacing-right-large:1.92%;--awb-margin-bottom-large:20px;--awb-spacing-left-large:1.92%;--awb-width-medium:100%;--awb-order-medium:0;--awb-spacing-right-medium:1.92%;--awb-spacing-left-medium:1.92%;--awb-width-small:100%;--awb-order-small:0;--awb-spacing-right-small:1.92%;--awb-spacing-left-small:1.92%;\"><div class=\"fusion-column-wrapper fusion-column-has-shadow fusion-flex-justify-content-flex-start fusion-content-layout-column\"><div class=\"fusion-title title fusion-title-5 fusion-sep-none fusion-title-text fusion-title-size-three\" style=\"--awb-text-color:#ffffff;--awb-margin-top:30px;--awb-margin-top-small:0px;--awb-margin-right-small:0px;--awb-margin-bottom-small:20px;--awb-margin-left-small:0px;\"><h3 class=\"fusion-title-heading title-heading-left\" style=\"margin:0;\"><p>Deux guides ont \u00e9t\u00e9 \u00e9labor\u00e9s pour accompagner les p\u00e9titionnaires au respect de la r\u00e9glementation pour le logement individuel :<\/p>\n<p>&#8211; Un <span style=\"color: #ffffff\"><strong>guide simplifi\u00e9<\/strong><\/span>, sur deux pages, dont la partie sur la protection solaire de la toiture ne traite que les toitures pas ou peu ventil\u00e9es :<\/p>\n<ul style=\"list-style-type: square\">\n<li><span style=\"color: #ffffff\"><strong><a style=\"color: #ffffff\" href=\"https:\/\/www.service-public.pf\/sde\/wp-content\/uploads\/sites\/15\/2023\/09\/REBPf-Guide-logement-individuel-version-simplifiee.pdf\">En fran\u00e7ais<\/a><\/strong><\/span><\/li>\n<li><a href=\"https:\/\/www.service-public.pf\/sde\/wp-content\/uploads\/sites\/15\/2023\/09\/REBPf-Guide-logement-individuel-version-simplifiee-tahitien.pdf\"><span style=\"color: #ffffff\"><strong>En tahitien<\/strong><\/span><\/a><\/li>\n<\/ul>\n<p>&#8211; Un <span style=\"color: #ffffff\"><a style=\"color: #ffffff\" href=\"https:\/\/www.service-public.pf\/sde\/wp-content\/uploads\/sites\/15\/2023\/06\/REBPf-Guide-logement-individuel-version-detaillee.pdf\"><strong>guide d\u00e9taill\u00e9<\/strong><\/a><\/span>, sur douze pages, dont la partie sur la protection solaire de la toiture est pr\u00e9cis\u00e9e. Ce guide n&rsquo;est disponible qu&rsquo;en fran\u00e7ais.<\/p><\/h3><\/div><\/div><\/div><div class=\"fusion-layout-column fusion_builder_column_inner fusion-builder-nested-column-13 fusion_builder_column_inner_1_1 1_1 fusion-flex-column\" style=\"--awb-padding-right:5%;--awb-padding-left:5%;--awb-bg-size:cover;--awb-width-large:100%;--awb-margin-top-large:0px;--awb-spacing-right-large:1.92%;--awb-margin-bottom-large:20px;--awb-spacing-left-large:1.92%;--awb-width-medium:100%;--awb-order-medium:0;--awb-spacing-right-medium:1.92%;--awb-spacing-left-medium:1.92%;--awb-width-small:100%;--awb-order-small:0;--awb-spacing-right-small:1.92%;--awb-spacing-left-small:1.92%;\"><div class=\"fusion-column-wrapper fusion-column-has-shadow fusion-flex-justify-content-flex-start fusion-content-layout-column\"><\/div><\/div><\/div><\/div><\/div><div class=\"fusion-layout-column fusion_builder_column fusion-builder-column-8 fusion_builder_column_1_1 1_1 fusion-flex-column vct_demarches_text\" style=\"--awb-bg-size:cover;--awb-width-large:100%;--awb-margin-top-large:0px;--awb-spacing-right-large:1.92%;--awb-margin-bottom-large:20px;--awb-spacing-left-large:1.92%;--awb-width-medium:100%;--awb-order-medium:0;--awb-spacing-right-medium:1.92%;--awb-spacing-left-medium:1.92%;--awb-width-small:100%;--awb-order-small:0;--awb-spacing-right-small:1.92%;--awb-spacing-left-small:1.92%;\" id=\"vct_demarches_text_1\"><div class=\"fusion-column-wrapper fusion-column-has-shadow fusion-flex-justify-content-flex-start fusion-content-layout-column\"><div class=\"fusion-builder-row fusion-builder-row-inner fusion-row fusion-flex-align-items-flex-start fusion-flex-content-wrap\" style=\"--awb-flex-grow:0;--awb-flex-grow-medium:0;--awb-flex-grow-small:0;--awb-flex-shrink:0;--awb-flex-shrink-medium:0;--awb-flex-shrink-small:0;width:104% !important;max-width:104% !important;margin-left: calc(-4% \/ 2 );margin-right: calc(-4% \/ 2 );\"><div class=\"fusion-layout-column fusion_builder_column_inner fusion-builder-nested-column-14 fusion_builder_column_inner_1_1 1_1 fusion-flex-column\" style=\"--awb-padding-right:5%;--awb-padding-left:5%;--awb-bg-color:#6ca80c;--awb-bg-color-hover:#6ca80c;--awb-bg-size:cover;--awb-width-large:100%;--awb-margin-top-large:0px;--awb-spacing-right-large:1.92%;--awb-margin-bottom-large:20px;--awb-spacing-left-large:1.92%;--awb-width-medium:100%;--awb-order-medium:0;--awb-spacing-right-medium:1.92%;--awb-spacing-left-medium:1.92%;--awb-width-small:100%;--awb-order-small:0;--awb-spacing-right-small:1.92%;--awb-spacing-left-small:1.92%;\"><div class=\"fusion-column-wrapper fusion-column-has-shadow fusion-flex-justify-content-flex-start fusion-content-layout-column\"><div class=\"fusion-title title fusion-title-6 fusion-sep-none fusion-title-text fusion-title-size-three\" style=\"--awb-text-color:#ffffff;--awb-margin-top:30px;--awb-margin-top-small:0px;--awb-margin-right-small:0px;--awb-margin-bottom-small:20px;--awb-margin-left-small:0px;\"><h3 class=\"fusion-title-heading title-heading-left\" style=\"margin:0;\"><p>Vous trouverez ci-dessous les r\u00e9ponses apport\u00e9es aux questions courantes ou celles n\u00e9cessitant des pr\u00e9cisions compl\u00e9mentaires aux fiches d&rsquo;application.<\/p>\n<p>Les r\u00e9ponses ci-dessous ont \u00e9t\u00e9 mises \u00e0 jour en janvier 2024.<\/p><\/h3><\/div><div class=\"accordian fusion-accordian\" style=\"--awb-border-size:1px;--awb-icon-size:16px;--awb-content-font-size:16px;--awb-icon-alignment:left;--awb-hover-color:#f9f9f9;--awb-border-color:#cccccc;--awb-background-color:#ffffff;--awb-divider-color:#e0dede;--awb-divider-hover-color:#e0dede;--awb-icon-color:#ffffff;--awb-title-color:var(--awb-color1);--awb-content-color:#000000;--awb-icon-box-color:#333333;--awb-toggle-hover-accent-color:#a0ce4e;--awb-title-font-family:&quot;Antic Slab&quot;;--awb-title-font-weight:400;--awb-title-font-style:normal;--awb-title-font-size:13px;--awb-title-text-transform:none;--awb-content-font-family:&quot;PT Sans&quot;;--awb-content-font-style:normal;--awb-content-font-weight:400;\"><div class=\"panel-group fusion-toggle-icon-boxed\" id=\"accordion-2859-1\"><div class=\"fusion-panel panel-default panel-370b6079da664de3e fusion-toggle-has-divider\" style=\"--awb-title-color:var(--awb-color1);--awb-content-color:#000000;\"><div class=\"panel-heading\"><h1 class=\"panel-title toggle\" id=\"toggle_370b6079da664de3e\"><a aria-expanded=\"false\" aria-controls=\"370b6079da664de3e\" role=\"button\" data-toggle=\"collapse\" data-parent=\"#accordion-2859-1\" data-target=\"#370b6079da664de3e\" href=\"#370b6079da664de3e\"><span class=\"fusion-toggle-icon-wrapper\" aria-hidden=\"true\"><i class=\"fa-fusion-box active-icon awb-icon-minus\" aria-hidden=\"true\"><\/i><i class=\"fa-fusion-box inactive-icon awb-icon-plus\" aria-hidden=\"true\"><\/i><\/span><span class=\"fusion-toggle-heading\">P\u00e9rim\u00e8tre d\u2019application<\/span><\/a><\/h1><\/div><div id=\"370b6079da664de3e\" class=\"panel-collapse collapse \" aria-labelledby=\"toggle_370b6079da664de3e\"><div class=\"panel-body toggle-content fusion-clearfix\">\n<p>Outre les demandes de permis de construire des projets de constructions neuves, <strong>sont \u00e9galement concern\u00e9es par la REBPf : les demandes d&rsquo;avenant, les demandes de r\u00e9gularisation et les demandes de prolongation des permis de construire d\u00e9pos\u00e9es apr\u00e8s le 1<sup>er<\/sup> juillet 2023.<\/strong><\/p>\n<p>Pour rappel, les projets de r\u00e9novation ne sont pas concern\u00e9s par cette r\u00e9glementation.<\/p>\n<p>De plus, <strong>les constructions qui ne sont ni occup\u00e9es ni climatis\u00e9es ne sont in fine pas concern\u00e9es par le texte<\/strong>.<\/p>\n<p style=\"padding-left: 40px\">Exemple\u00a0d\u2019une <strong>serre de culture<\/strong>\u00a0:<\/p>\n<p style=\"padding-left: 40px\">La construction porte sur un hangar qui s\u2019\u00e9tend sur plusieurs centaines de m\u00e8tres carr\u00e9s. La couverture et le bardage sont en polycarbonate alv\u00e9olaire pour laisser passer la lumi\u00e8re. La question se pose alors de savoir si le projet est soumis \u00e0 la protection solaire de la toiture ou non. Dans notre cas, \u00e9tant donn\u00e9 que l&rsquo;occupation se limite \u00e0 celle de plantes et de poissons et que le complexe n\u2019est pas climatis\u00e9, la REBPf n\u2019est pas applicable.<\/p>\n<\/div><\/div><\/div><div class=\"fusion-panel panel-default panel-669de7b79ca518713 fusion-toggle-has-divider\" style=\"--awb-content-font-size:var(--awb-typography4-font-size);--awb-content-text-transform:none;--awb-title-font-size:var(--awb-typography4-font-size);--awb-title-text-transform:none;--awb-title-color:var(--awb-color1);--awb-content-color:#000000;\"><div class=\"panel-heading\"><h1 class=\"panel-title toggle\" id=\"toggle_669de7b79ca518713\"><a aria-expanded=\"false\" aria-controls=\"669de7b79ca518713\" role=\"button\" data-toggle=\"collapse\" data-parent=\"#accordion-2859-1\" data-target=\"#669de7b79ca518713\" href=\"#669de7b79ca518713\"><span class=\"fusion-toggle-icon-wrapper\" aria-hidden=\"true\"><i class=\"fa-fusion-box active-icon awb-icon-minus\" aria-hidden=\"true\"><\/i><i class=\"fa-fusion-box inactive-icon awb-icon-plus\" aria-hidden=\"true\"><\/i><\/span><span class=\"fusion-toggle-heading\">Typologies<\/span><\/a><\/h1><\/div><div id=\"669de7b79ca518713\" class=\"panel-collapse collapse \" aria-labelledby=\"toggle_669de7b79ca518713\"><div class=\"panel-body toggle-content fusion-clearfix\">\n<p><span style=\"color: #000000\">Pour certains cas, l\u2019identification de la typologie \u00e0 associer \u00e0 la construction est moins simple qu\u2019il n\u2019y para\u00eet. Ci-dessous est pr\u00e9sent\u00e9 l\u2019exemple d\u2019un cas particulier pour guider les concepteurs dans l\u2019identification de la typologie\u00a0:<\/span><\/p>\n<p style=\"padding-left: 40px\"><span style=\"color: #000000\"><strong>Clinique v\u00e9t\u00e9rinaire<\/strong>\u00a0: la construction comporte un accueil, des salles d\u2019attente, de consultation et de soin au RDC ainsi que deux chambres de garde et une salle de r\u00e9union au R+1. Le b\u00e2timent est class\u00e9 comme un ERP de 5\u00e8me cat\u00e9gorie, du deuxi\u00e8me groupe avec une activit\u00e9 U (soin).<\/span><\/p>\n<ol>\n<li style=\"list-style-type: none\">\n<ol>\n<li><span style=\"color: #000000\">Les chambres de garde<\/span><\/li>\n<\/ol>\n<\/li>\n<\/ol>\n<p style=\"padding-left: 40px\"><span style=\"color: #000000\">Selon l&rsquo;annexe 1 de l&rsquo;article A. 211-1 du CAPF, il s&rsquo;agit d&rsquo;un logement destin\u00e9 \u00e0 un public aux besoins sp\u00e9cifiques. En page 12 de la fiche d\u2019application n\u00b01, partie VI. 2, on retrouve bien cet aspect avec la d\u00e9finition suivante\u00a0: \u00ab\u00a0<em>Tout projet de construction, b\u00e2timent mixte ou non, associ\u00e9 \u00e0 une typologie ou non, comportant des locaux d\u2019h\u00e9bergement qui ne sont pas destin\u00e9s \u00e0 l\u2019h\u00f4tellerie, doit respecter, pour ces locaux, les r\u00e8gles applicables \u00e0 la typologie : Logement individuel s\u2019ils constituent une construction d\u2019au plus deux unit\u00e9s \u00e0 usage d\u2019habitation superpos\u00e9es ou accol\u00e9es OU Logement collectif s\u2019ils constituent une construction d\u2019au moins trois unit\u00e9s \u00e0 usage d\u2019habitation superpos\u00e9es ou accol\u00e9es<\/em>\u00a0\u00bb. Un exemple en page 14 illustre \u00e9galement cette notion. Pour rappel, un local \u00e0 usage d\u2019h\u00e9bergement n\u2019est jamais consid\u00e9r\u00e9 comme un local accessoire.<\/span><br \/>\n<span style=\"color: #000000\">Aussi, la typologie associ\u00e9e aux chambres de garde est \u00ab\u00a0logement individuel\u00a0\u00bb.<\/span><\/p>\n<ol>\n<li style=\"list-style-type: none\">\n<ol start=\"2\">\n<li><span style=\"color: #000000\">Le reste de la clinique v\u00e9t\u00e9rinaire<\/span><\/li>\n<\/ol>\n<\/li>\n<\/ol>\n<p style=\"padding-left: 40px\"><span style=\"color: #000000\">Il ne s&rsquo;agit pas de la typologie \u00ab\u00a0\u00e9tablissement de soin\u00a0\u00bb car la clinique v\u00e9t\u00e9rinaire ne correspond pas aux structures cibl\u00e9es dans l&rsquo;annexe 1 de l&rsquo;article A. 211-1 du CAPF. En effet, cette construction n\u2019est pas un \u00e9tablissement public de sant\u00e9.<\/span><br \/>\n<span style=\"color: #000000\">Il ne s\u2019agit pas non plus de la typologie \u00ab\u00a0bureaux\u00a0\u00bb telle que celle-ci a \u00e9t\u00e9 pens\u00e9e \u00e0 la r\u00e9daction du texte\u00a0<em>(bureaux, banque, administration, espace de coworking et locaux accessoires).<\/em> D\u2019ailleurs, la cat\u00e9gorie ERP associ\u00e9e n\u2019est pas de type W.<\/span><br \/>\n<span style=\"color: #000000\">Ainsi, cette partie de b\u00e2timent ne rel\u00e8ve d\u2019aucune typologie.<\/span><\/p>\n<p><span style=\"color: #000000\">De plus, pour rappel, lorsqu\u2019un projet de construction concerne <strong>plusieurs villas non accol\u00e9es<\/strong>, la typologie associ\u00e9e d\u00e9pend de leur vocation et de leur nombre. S\u2019il s\u2019agit de villas destin\u00e9es \u00e0 de la location touristique (h\u00f4tel, pension, meubl\u00e9, auberge, \u2026) et que le nombre de villas est sup\u00e9rieur ou \u00e9gal \u00e0 6, alors la typologie associ\u00e9e \u00e0 ces constructions est \u00ab\u00a0h\u00f4tellerie\u00a0\u00bb. Dans le cas contraire, la typologie associ\u00e9e \u00e0 ces constructions est\u00a0\u00ab\u00a0logement individuel\u00a0\u00bb.<\/span><br \/>\n<span style=\"color: #000000\">En effet, \u00e9tant donn\u00e9 les crit\u00e8res d\u2019application pr\u00e9vus par l&rsquo;annexe 1 de l&rsquo;article A. 211-1 du CAPF, il ne peut pas s\u2019agir de la typologie \u00ab\u00a0logements collectifs\u00a0\u00bb (<em>construction d\u2019au moins trois unit\u00e9s \u00e0 usage d\u2019habitation superpos\u00e9es ou accol\u00e9es<\/em>).<\/span><\/p>\n<\/div><\/div><\/div><div class=\"fusion-panel panel-default panel-3a5c5e304078c6bda fusion-toggle-has-divider\" style=\"--awb-content-font-size:var(--awb-typography4-font-size);--awb-content-text-transform:none;--awb-title-font-size:var(--awb-typography4-font-size);--awb-title-text-transform:none;--awb-title-color:var(--awb-color1);--awb-content-color:#000000;\"><div class=\"panel-heading\"><h1 class=\"panel-title toggle\" id=\"toggle_3a5c5e304078c6bda\"><a aria-expanded=\"false\" aria-controls=\"3a5c5e304078c6bda\" role=\"button\" data-toggle=\"collapse\" data-parent=\"#accordion-2859-1\" data-target=\"#3a5c5e304078c6bda\" href=\"#3a5c5e304078c6bda\"><span class=\"fusion-toggle-icon-wrapper\" aria-hidden=\"true\"><i class=\"fa-fusion-box active-icon awb-icon-minus\" aria-hidden=\"true\"><\/i><i class=\"fa-fusion-box inactive-icon awb-icon-plus\" aria-hidden=\"true\"><\/i><\/span><span class=\"fusion-toggle-heading\">Facteur solaire de la toiture<\/span><\/a><\/h1><\/div><div id=\"3a5c5e304078c6bda\" class=\"panel-collapse collapse \" aria-labelledby=\"toggle_3a5c5e304078c6bda\"><div class=\"panel-body toggle-content fusion-clearfix\">\n<p><strong>Des t\u00f4les translucides peuvent-elles \u00eatre mises en \u0153uvre dans le logement individuel ?<\/strong><\/p>\n<p style=\"padding-left: 40px\">Tel que r\u00e9dig\u00e9 \u00e0 l\u2019article LP.212-1 du CAPF, une t\u00f4le translucide est consid\u00e9r\u00e9e comme une baie. La mise en \u0153uvre de baies horizontales \u00e9tant interdite pour le logement individuel, la pose de t\u00f4le translucide n\u2019est en principe pas possible. Cependant, compte tenu du p\u00e9rim\u00e8tre d\u2019application de cette mesure, la pose de t\u00f4les translucides est permise sur un local non occup\u00e9 et n&rsquo;ayant pas d&rsquo;acc\u00e8s direct vers un local clos et occup\u00e9 ou climatis\u00e9 (ex : salle de bain non connect\u00e9e au reste du volume habit\u00e9) ou sur un local consid\u00e9r\u00e9 comme non clos, soit un local dont l&rsquo;une des parois en contact avec l&rsquo;ext\u00e9rieur est ouverte \u00e0 plus de 50% (ex : terrasse ou salle de bain ext\u00e9rieure).<\/p>\n<p><strong>Est-il possible d&rsquo;associer un coefficient de r\u00e9duction li\u00e9 \u00e0 la ventilation (Cv) d&rsquo;une toiture lorsqu&rsquo;elle int\u00e8gre une \u00e9cope ?<\/strong><\/p>\n<p style=\"padding-left: 40px\">Tel que d\u00e9crit \u00e0 l\u2019article A.221-4 du CAPF, l&rsquo;usage du coefficient Cv pour valoriser la ventilation de la toiture n&rsquo;est possible que lorsque la ventilation concerne un \u00ab\u00a0local tiers\u00a0\u00bb s\u00e9pare la toiture du local concern\u00e9, comme les combles par exemple. Une exception est pr\u00e9vue par le texte : lorsque la toiture est en bardeaux de bois et que les ouvertures satisfont l\u2019article A.221-5 du CAPF ou la fiche d&rsquo;application n\u00b02.<\/p>\n<p><strong>Comment int\u00e9grer la mise en place d&rsquo;une piscine en toiture dans le calcul du facteur solaire ?<\/strong><\/p>\n<p style=\"padding-left: 40px\">Dans ce cas, on s\u2019assure que les diff\u00e9rentes parties de la toiture respectent le seuil fix\u00e9. Pour la partie int\u00e9grant la piscine, le calcul du facteur solaire est r\u00e9alis\u00e9 en consid\u00e9rant un alb\u00e9do de 0,2 et une conductivit\u00e9 thermique de l&rsquo;eau de 0,61 W\/m.K correspond \u00e0 une temp\u00e9rature d&rsquo;eau comprise entre 27 et 28\u00b0C.<\/p>\n<\/div><\/div><\/div><div class=\"fusion-panel panel-default panel-756f8c0cf893b7c7b fusion-toggle-has-divider\" style=\"--awb-content-font-size:var(--awb-typography4-font-size);--awb-content-text-transform:none;--awb-title-font-size:var(--awb-typography4-font-size);--awb-title-text-transform:none;--awb-title-color:var(--awb-color1);--awb-content-color:#000000;\"><div class=\"panel-heading\"><h1 class=\"panel-title toggle\" id=\"toggle_756f8c0cf893b7c7b\"><a aria-expanded=\"false\" aria-controls=\"756f8c0cf893b7c7b\" role=\"button\" data-toggle=\"collapse\" data-parent=\"#accordion-2859-1\" data-target=\"#756f8c0cf893b7c7b\" href=\"#756f8c0cf893b7c7b\"><span class=\"fusion-toggle-icon-wrapper\" aria-hidden=\"true\"><i class=\"fa-fusion-box active-icon awb-icon-minus\" aria-hidden=\"true\"><\/i><i class=\"fa-fusion-box inactive-icon awb-icon-plus\" aria-hidden=\"true\"><\/i><\/span><span class=\"fusion-toggle-heading\">Facteur solaire des murs<\/span><\/a><\/h1><\/div><div id=\"756f8c0cf893b7c7b\" class=\"panel-collapse collapse \" aria-labelledby=\"toggle_756f8c0cf893b7c7b\"><div class=\"panel-body toggle-content fusion-clearfix\">\n<p><span style=\"color: #ffff00\"><strong>Cette section est vide<\/strong><\/span><\/p>\n<\/div><\/div><\/div><div class=\"fusion-panel panel-default  panel-ff30bef3ffdb3c263 fusion-toggle-has-divider\" style=\"--awb-content-font-size:var(--awb-typography4-font-size);--awb-content-text-transform:none;--awb-title-font-size:var(--awb-typography4-font-size);--awb-title-text-transform:none;--awb-title-color:var(--awb-color1);--awb-content-color:#000000;\"><div class=\"panel-heading\"><h1 class=\"panel-title toggle\" id=\"toggle_ff30bef3ffdb3c263\"><a aria-expanded=\"false\" aria-controls=\"ff30bef3ffdb3c263\" role=\"button\" data-toggle=\"collapse\" data-parent=\"#accordion-2859-1\" data-target=\"#ff30bef3ffdb3c263\" href=\"#ff30bef3ffdb3c263\"><span class=\"fusion-toggle-icon-wrapper\" aria-hidden=\"true\"><i class=\"fa-fusion-box active-icon awb-icon-minus\" aria-hidden=\"true\"><\/i><i class=\"fa-fusion-box inactive-icon awb-icon-plus\" aria-hidden=\"true\"><\/i><\/span><span class=\"fusion-toggle-heading\">Facteur solaire des baies<\/span><\/a><\/h1><\/div><div id=\"ff30bef3ffdb3c263\" class=\"panel-collapse collapse \" aria-labelledby=\"toggle_ff30bef3ffdb3c263\"><div class=\"panel-body toggle-content fusion-clearfix\">\n<p><strong>Est-ce que le respect du facteur solaire concerne l&rsquo;ensemble des baies d&rsquo;une fa\u00e7ade ou est-il possible d&rsquo;avoir un certain pourcentage de baies non prot\u00e9g\u00e9es ?<\/strong><\/p>\n<p style=\"padding-left: 40px\">Oui, le facteur solaire concerne l\u2019ensemble des baies. Tel qu&rsquo;indiqu\u00e9 \u00e0 l&rsquo;article D.223-1 du CAPF, \u00e0 l&rsquo;exception des baies des locaux non occup\u00e9s dont la surface est inf\u00e9rieure \u00e0 0,5 m\u00b2, un facteur solaire maximal s\u2019applique \u00e0 l\u2019ensemble des baies de tous les locaux clos, climatis\u00e9s ou occup\u00e9s, en contact avec l\u2019ext\u00e9rieur, des b\u00e2timents associ\u00e9s aux typologie \u00ab\u00a0logement collectif\u00a0\u00bb, \u00ab\u00a0h\u00f4tellerie\u00a0\u00bb, \u00ab\u00a0enseignement\u00a0\u00bb, \u00ab\u00a0bureaux\u00a0\u00bb et \u00ab\u00a0\u00e9tablissement de soin\u00a0\u00bb, en ce compris les locaux non occup\u00e9s, hors locaux techniques, stationnements et espaces de stockage, d\u00e8s lors que ces locaux b\u00e9n\u00e9ficient d&rsquo;un acc\u00e8s direct vers un local clos et occup\u00e9 ou climatis\u00e9.<\/p>\n<p><strong>Comment faire le calcul du coefficient de masque d\u2019une baie qui comprend plusieurs protections solaires ?<\/strong><\/p>\n<p style=\"padding-left: 40px\">Dans certains cas, il est possible de mod\u00e9liser directement ces diff\u00e9rentes protections solaires via l\u2019outil de calcul Cm FS Baie, dans les limites pr\u00e9vues par l\u2019outil et par la fiche d\u2019application n\u00b05. Lorsque la mod\u00e9lisation n\u00e9cessite des approximations trop fortes ou concerne des protections ou combinaisons de protections solaires non pr\u00e9vues par ces supports, alors ces protections solaires doivent faire l&rsquo;objet d&rsquo;une \u00e9tude sp\u00e9cifique par le p\u00e9titionnaire, tel que pr\u00e9vu par l\u2019article A.223-4 du CAPF.<\/p>\n<p><strong>De quelle mani\u00e8re doit-on effectuer le calcul du facteur solaire d&rsquo;une baie lorsque celle-ci est \u00e9quip\u00e9e d&rsquo;un volet papillon ?<\/strong><\/p>\n<p style=\"padding-left: 40px\">Il est possible de faire le calcul des deux mani\u00e8res d\u00e9crites ci-dessous. Pour l&rsquo;heure, il est propos\u00e9 de conserver le r\u00e9sultat le plus favorable.<\/p>\n<p style=\"padding-left: 40px\">1\/ On consid\u00e8re que le volet papillon ouvert repr\u00e9sente une casquette. Et on fait le calcul en consid\u00e9rant les dimensions de la casquette, le percement du volet et le FS<sub>0<\/sub> de la baie.<\/p>\n<p style=\"padding-left: 40px\">2\/ On consid\u00e8re que la baie est \u00e9quip\u00e9e d&rsquo;une protection rapport\u00e9e et on choisit le FS<sub>p <\/sub>\u00e9quivalent ad\u00e9quate. Le volet papillon voyant la hauteur projet\u00e9e divis\u00e9e par 2, une majoration des coefficients doit \u00eatre appliqu\u00e9e au tableau de l&rsquo;article A.223-3. Les valeurs de FS<sub>p<\/sub> arr\u00eat\u00e9es sont les suivantes :<\/p>\n<table style=\"border-collapse: collapse;width: 51.7792%;height: 80px\">\n<tbody>\n<tr style=\"height: 43px\">\n<td style=\"width: 24.2812%;height: 43px\" width=\"312\"><span style=\"color: #333333\">Type de protection<\/span><\/td>\n<td style=\"width: 10.8027%;text-align: center;height: 43px\" width=\"98\"><span style=\"color: #333333\">Si FS<sub>0<\/sub> &gt; 0,65<\/span><\/td>\n<td style=\"width: 11.0792%;text-align: center;height: 43px\" width=\"101\"><span style=\"color: #333333\">Si FS<sub>0<\/sub> \u2264 0,65<\/span><\/td>\n<\/tr>\n<tr style=\"height: 37px\">\n<td style=\"width: 24.2812%;height: 37px\" width=\"312\"><span style=\"color: #333333\">Volet projetable de type volet papillon<\/span><\/td>\n<td style=\"width: 10.8027%;text-align: center;height: 37px\" width=\"98\"><span style=\"color: #333333\">0,5<\/span><\/td>\n<td style=\"width: 11.0792%;text-align: center;height: 37px\" width=\"101\"><span style=\"color: #333333\">0,4<\/span><\/td>\n<\/tr>\n<\/tbody>\n<\/table>\n<p><span style=\"color: #99cc00\">.<\/span><\/p>\n<p><strong>Comment int\u00e9grer la mise en place d&rsquo;un film solaire teint\u00e9 sur une baie dans le calcul du facteur solaire\u00a0?<\/strong><\/p>\n<p>Afin d\u2019int\u00e9grer ce type de solution technique, la DPE propose que la valeur de facteur solaire du vitrage retenu (FS<sub>0\u2019<\/sub>) soit la valeur la moins favorable, c&rsquo;est \u00e0 dire <u>la plus \u00e9lev\u00e9e,<\/u> entre\u00a0:<\/p>\n<ul>\n<li>la valeur du facteur solaire du vitrage (FS<sub>0<\/sub>) multipli\u00e9e par 1 moins l\u2019\u00e9nergie solaire r\u00e9fl\u00e9chie d\u00e9clar\u00e9e sur la fiche technique du produit;<\/li>\n<li>la valeur du facteur solaire du vitrage (simple ou double) \u00e0 contr\u00f4le solaire.<\/li>\n<\/ul>\n<p>Soit <em>FS<sub>0\u2019<\/sub> = MAX ( FS<sub>0<\/sub> x (1 \u2013 \u00ab \u00e9nergie solaire r\u00e9fl\u00e9chie \u00bb) ; FS<sub>0<\/sub> \u00e0 contr\u00f4le solaire )<\/em><\/p>\n<p>Si la valeur la plus \u00e9lev\u00e9e correspond au premier terme, son int\u00e9gration dans l\u2019outil de calcul est \u00e0 saisir au travers de la cellule d\u00e9crivant Sv (donn\u00e9es fabricant) en calculant : <em>Sv = FS<sub>0<\/sub> x (1 \u2013 \u00ab \u00e9nergie solaire r\u00e9fl\u00e9chie \u00bb) \/ 0,9<\/em><\/p>\n<\/div><\/div><\/div><div class=\"fusion-panel panel-default panel-a1c56074991f37922 fusion-toggle-has-divider\" style=\"--awb-content-font-size:var(--awb-typography4-font-size);--awb-content-text-transform:none;--awb-title-font-size:var(--awb-typography4-font-size);--awb-title-text-transform:none;--awb-title-color:var(--awb-color1);--awb-content-color:#000000;\"><div class=\"panel-heading\"><h1 class=\"panel-title toggle\" id=\"toggle_a1c56074991f37922\"><a aria-expanded=\"false\" aria-controls=\"a1c56074991f37922\" role=\"button\" data-toggle=\"collapse\" data-parent=\"#accordion-2859-1\" data-target=\"#a1c56074991f37922\" href=\"#a1c56074991f37922\"><span class=\"fusion-toggle-icon-wrapper\" aria-hidden=\"true\"><i class=\"fa-fusion-box active-icon awb-icon-minus\" aria-hidden=\"true\"><\/i><i class=\"fa-fusion-box inactive-icon awb-icon-plus\" aria-hidden=\"true\"><\/i><\/span><span class=\"fusion-toggle-heading\">Ventilation naturelle<\/span><\/a><\/h1><\/div><div id=\"a1c56074991f37922\" class=\"panel-collapse collapse \" aria-labelledby=\"toggle_a1c56074991f37922\"><div class=\"panel-body toggle-content fusion-clearfix\">\n<p><strong>Est-ce que la fa\u00e7ade d&rsquo;un b\u00e2timent construite en mitoyennet\u00e9 de parcelle, qui ne peut donc pas \u00eatre \u00e9quip\u00e9e de baies selon les r\u00e8gles d&rsquo;urbanisme, peut \u00eatre int\u00e9gr\u00e9e dans le calcul permettant de d\u00e9finir les locaux pouvant d\u00e9roger au crit\u00e8re de ventilation naturelle traversante ?<\/strong><\/p>\n<p style=\"padding-left: 40px\">Oui<\/p>\n<p><strong>Peut-on consid\u00e9rer une ventilation m\u00e9canique permanente comme une ouverture sur l\u2019ext\u00e9rieur\u00a0?<\/strong><\/p>\n<p style=\"padding-left: 40px\">Non<\/p>\n<\/div><\/div><\/div><div class=\"fusion-panel panel-default panel-1ad472c8f1d5dc78a fusion-toggle-has-divider\" style=\"--awb-content-font-size:var(--awb-typography4-font-size);--awb-content-text-transform:none;--awb-title-font-size:var(--awb-typography4-font-size);--awb-title-text-transform:none;--awb-title-color:var(--awb-color1);--awb-content-color:#000000;\"><div class=\"panel-heading\"><h1 class=\"panel-title toggle\" id=\"toggle_1ad472c8f1d5dc78a\"><a aria-expanded=\"false\" aria-controls=\"1ad472c8f1d5dc78a\" role=\"button\" data-toggle=\"collapse\" data-parent=\"#accordion-2859-1\" data-target=\"#1ad472c8f1d5dc78a\" href=\"#1ad472c8f1d5dc78a\"><span class=\"fusion-toggle-icon-wrapper\" aria-hidden=\"true\"><i class=\"fa-fusion-box active-icon awb-icon-minus\" aria-hidden=\"true\"><\/i><i class=\"fa-fusion-box inactive-icon awb-icon-plus\" aria-hidden=\"true\"><\/i><\/span><span class=\"fusion-toggle-heading\">Brasseurs d'air<\/span><\/a><\/h1><\/div><div id=\"1ad472c8f1d5dc78a\" class=\"panel-collapse collapse \" aria-labelledby=\"toggle_1ad472c8f1d5dc78a\"><div class=\"panel-body toggle-content fusion-clearfix\">\n<p><strong>Est-il possible de mettre en place des ventilateurs muraux \u00e0 la place des brasseurs d&rsquo;air fix\u00e9s au plafond ?<\/strong><\/p>\n<p style=\"padding-left: 40px\">Non, compte tenu de la d\u00e9finition de l\u2019article LP.212-1 du CAPF, cette solution n\u2019est pas permise.<\/p>\n<p><strong>Est-il possible de mettre en place 2 brasseurs d\u2019air de 60 cm de diam\u00e8tre en lieu et place d&rsquo;un syst\u00e8me de 120 cm de diam\u00e8tre ?<\/strong><\/p>\n<p style=\"padding-left: 40px\">Non, compte tenu de la d\u00e9finition de l\u2019article A.240-4 du CAPF, cette solution n\u2019est pas permise. En effet, bien qu&rsquo;il soit possible de r\u00e9duire le nombre de brasseurs d&rsquo;air \u00e0 installer si le diam\u00e8tre est sup\u00e9rieur \u00e0 2 m\u00e8tres, il n&rsquo;est pas possible de multiplier les petites unit\u00e9s pour passer sur des mod\u00e8les dont le diam\u00e8tre est inf\u00e9rieur \u00e0 1,2 m\u00e8tre.<\/p>\n<\/div><\/div><\/div><div class=\"fusion-panel panel-default panel-1df1981b403d9d18b fusion-toggle-has-divider\" style=\"--awb-content-font-size:var(--awb-typography4-font-size);--awb-content-text-transform:none;--awb-title-font-size:var(--awb-typography4-font-size);--awb-title-text-transform:none;--awb-title-color:var(--awb-color1);--awb-content-color:#000000;\"><div class=\"panel-heading\"><h1 class=\"panel-title toggle\" id=\"toggle_1df1981b403d9d18b\"><a aria-expanded=\"false\" aria-controls=\"1df1981b403d9d18b\" role=\"button\" data-toggle=\"collapse\" data-parent=\"#accordion-2859-1\" data-target=\"#1df1981b403d9d18b\" href=\"#1df1981b403d9d18b\"><span class=\"fusion-toggle-icon-wrapper\" aria-hidden=\"true\"><i class=\"fa-fusion-box active-icon awb-icon-minus\" aria-hidden=\"true\"><\/i><i class=\"fa-fusion-box inactive-icon awb-icon-plus\" aria-hidden=\"true\"><\/i><\/span><span class=\"fusion-toggle-heading\">Eau chaude solaire<\/span><\/a><\/h1><\/div><div id=\"1df1981b403d9d18b\" class=\"panel-collapse collapse \" aria-labelledby=\"toggle_1df1981b403d9d18b\"><div class=\"panel-body toggle-content fusion-clearfix\">\n<p><strong>Est-ce que la source d\u2019\u00e9nergie pour la production d\u2019eau chaude peut \u00eatre des panneaux photovolta\u00efques qui produisent de l\u2019\u00e9lectricit\u00e9 et qui viennent alimenter un ballon \u00e9lectrique\u00a0?<\/strong><\/p>\n<p style=\"padding-left: 40px\">Non, il n\u2019est pas possible de produire de l\u2019eau chaude \u00e0 l\u2019aide de panneaux photovolta\u00efques pour satisfaire \u00e0 la r\u00e9glementation. Seul le solaire thermique est autoris\u00e9, ainsi que, pour certaines typologies, la r\u00e9cup\u00e9ration de chaleur sur les syst\u00e8mes de climatisation.<\/p>\n<p><span style=\"color: #ffff00\"><strong>\u00a0<\/strong><\/span><\/p>\n<\/div><\/div><\/div><div class=\"fusion-panel panel-default panel-fcaa38e38f4f0bbf1 fusion-toggle-has-divider\" style=\"--awb-content-font-size:var(--awb-typography4-font-size);--awb-content-text-transform:none;--awb-title-font-size:var(--awb-typography4-font-size);--awb-title-text-transform:none;--awb-title-color:var(--awb-color1);--awb-content-color:#000000;\"><div class=\"panel-heading\"><h1 class=\"panel-title toggle\" id=\"toggle_fcaa38e38f4f0bbf1\"><a aria-expanded=\"false\" aria-controls=\"fcaa38e38f4f0bbf1\" role=\"button\" data-toggle=\"collapse\" data-parent=\"#accordion-2859-1\" data-target=\"#fcaa38e38f4f0bbf1\" href=\"#fcaa38e38f4f0bbf1\"><span class=\"fusion-toggle-icon-wrapper\" aria-hidden=\"true\"><i class=\"fa-fusion-box active-icon awb-icon-minus\" aria-hidden=\"true\"><\/i><i class=\"fa-fusion-box inactive-icon awb-icon-plus\" aria-hidden=\"true\"><\/i><\/span><span class=\"fusion-toggle-heading\">Climatisation<\/span><\/a><\/h1><\/div><div id=\"fcaa38e38f4f0bbf1\" class=\"panel-collapse collapse \" aria-labelledby=\"toggle_fcaa38e38f4f0bbf1\"><div class=\"panel-body toggle-content fusion-clearfix\">\n<p><span style=\"color: #ffff00\"><strong>Cette section est vide<\/strong><\/span><\/p>\n<\/div><\/div><\/div><\/div><\/div><\/div><\/div><div class=\"fusion-layout-column fusion_builder_column_inner fusion-builder-nested-column-15 fusion_builder_column_inner_1_1 1_1 fusion-flex-column\" style=\"--awb-padding-right:5%;--awb-padding-left:5%;--awb-bg-size:cover;--awb-width-large:100%;--awb-margin-top-large:0px;--awb-spacing-right-large:1.92%;--awb-margin-bottom-large:20px;--awb-spacing-left-large:1.92%;--awb-width-medium:100%;--awb-order-medium:0;--awb-spacing-right-medium:1.92%;--awb-spacing-left-medium:1.92%;--awb-width-small:100%;--awb-order-small:0;--awb-spacing-right-small:1.92%;--awb-spacing-left-small:1.92%;\"><div class=\"fusion-column-wrapper fusion-column-has-shadow fusion-flex-justify-content-flex-start fusion-content-layout-column\"><\/div><\/div><\/div><\/div><\/div><div class=\"fusion-layout-column fusion_builder_column fusion-builder-column-9 fusion_builder_column_1_1 1_1 fusion-flex-column vct_demarches_text\" style=\"--awb-bg-size:cover;--awb-width-large:100%;--awb-margin-top-large:0px;--awb-spacing-right-large:1.92%;--awb-margin-bottom-large:20px;--awb-spacing-left-large:1.92%;--awb-width-medium:100%;--awb-order-medium:0;--awb-spacing-right-medium:1.92%;--awb-spacing-left-medium:1.92%;--awb-width-small:100%;--awb-order-small:0;--awb-spacing-right-small:1.92%;--awb-spacing-left-small:1.92%;\" id=\"vct_demarches_text_1\"><div class=\"fusion-column-wrapper fusion-column-has-shadow fusion-flex-justify-content-flex-start fusion-content-layout-column\"><div class=\"fusion-builder-row fusion-builder-row-inner fusion-row fusion-flex-align-items-flex-start fusion-flex-content-wrap\" style=\"--awb-flex-grow:0;--awb-flex-grow-medium:0;--awb-flex-grow-small:0;--awb-flex-shrink:0;--awb-flex-shrink-medium:0;--awb-flex-shrink-small:0;width:104% !important;max-width:104% !important;margin-left: calc(-4% \/ 2 );margin-right: calc(-4% \/ 2 );\"><div class=\"fusion-layout-column fusion_builder_column_inner fusion-builder-nested-column-16 fusion_builder_column_inner_1_1 1_1 fusion-flex-column\" style=\"--awb-padding-right:5%;--awb-padding-left:5%;--awb-bg-color:#6ca80c;--awb-bg-color-hover:#6ca80c;--awb-bg-size:cover;--awb-width-large:100%;--awb-margin-top-large:0px;--awb-spacing-right-large:1.92%;--awb-margin-bottom-large:20px;--awb-spacing-left-large:1.92%;--awb-width-medium:100%;--awb-order-medium:0;--awb-spacing-right-medium:1.92%;--awb-spacing-left-medium:1.92%;--awb-width-small:100%;--awb-order-small:0;--awb-spacing-right-small:1.92%;--awb-spacing-left-small:1.92%;\"><div class=\"fusion-column-wrapper fusion-column-has-shadow fusion-flex-justify-content-flex-start fusion-content-layout-column\"><div class=\"fusion-title title fusion-title-7 fusion-sep-none fusion-title-text fusion-title-size-three\" style=\"--awb-text-color:#ffffff;--awb-margin-top:30px;--awb-margin-top-small:0px;--awb-margin-right-small:0px;--awb-margin-bottom-small:20px;--awb-margin-left-small:0px;\"><h3 class=\"fusion-title-heading title-heading-left\" style=\"margin:0;\"><p><strong>Outils de calcul suppl\u00e9mentaires<br \/>\n<\/strong><\/p>\n<p>Suite \u00e0 la demande de certains professionnels, des outils pour le calcul du facteur solaire de la toiture et la porosit\u00e9 des pi\u00e8ces ont \u00e9t\u00e9 cr\u00e9\u00e9s. Bien qu&rsquo;ils puissent constituer un d\u00e9nominateur commun \u00e0 la profession pour faciliter le dialogue de certains acteurs, leur emploi n&rsquo;est pas obligatoire.<\/p>\n<p>Compte tenu des informations pr\u00e9sentent dans les fiches d&rsquo;application n\u00b02 et n\u00b06, il n&rsquo;a pas \u00e9t\u00e9 cr\u00e9\u00e9 de support sp\u00e9cifique pour guider l&rsquo;utilisation de ces outils.<\/p>\n<p><strong><a href=\"https:\/\/www.service-public.pf\/sde\/wp-content\/uploads\/sites\/15\/2024\/01\/REBPf-Outil-FS-TOITURE-V1.1-pour-diffusion.xlsx\"><span style=\"color: #ffff00\">Outil FS toiture<\/span><\/a><\/strong><\/p>\n<p><a href=\"https:\/\/www.service-public.pf\/sde\/wp-content\/uploads\/sites\/15\/2024\/01\/REBPf-Outil-VN-Porosite-V1-pour-diffusion.xlsx\"><span style=\"color: #ffff00\"><strong>Outil VN &#8211; Porosit\u00e9<\/strong><\/span><\/a><\/p><\/h3><\/div><\/div><\/div><div class=\"fusion-layout-column fusion_builder_column_inner fusion-builder-nested-column-17 fusion_builder_column_inner_1_1 1_1 fusion-flex-column\" style=\"--awb-padding-right:5%;--awb-padding-left:5%;--awb-bg-size:cover;--awb-width-large:100%;--awb-margin-top-large:0px;--awb-spacing-right-large:1.92%;--awb-margin-bottom-large:20px;--awb-spacing-left-large:1.92%;--awb-width-medium:100%;--awb-order-medium:0;--awb-spacing-right-medium:1.92%;--awb-spacing-left-medium:1.92%;--awb-width-small:100%;--awb-order-small:0;--awb-spacing-right-small:1.92%;--awb-spacing-left-small:1.92%;\"><div class=\"fusion-column-wrapper fusion-column-has-shadow fusion-flex-justify-content-flex-start fusion-content-layout-column\"><\/div><\/div><\/div><\/div><\/div><\/div><\/div><\/p>\n","protected":false},"excerpt":{"rendered":"","protected":false},"author":90,"featured_media":0,"parent":0,"menu_order":0,"comment_status":"closed","ping_status":"closed","template":"","meta":{"_seopress_robots_primary_cat":"","_seopress_titles_title":"","_seopress_titles_desc":"","_seopress_robots_index":"","footnotes":""},"class_list":["post-2859","page","type-page","status-publish","hentry"],"_links":{"self":[{"href":"https:\/\/www.service-public.pf\/sde\/wp-json\/wp\/v2\/pages\/2859","targetHints":{"allow":["GET"]}}],"collection":[{"href":"https:\/\/www.service-public.pf\/sde\/wp-json\/wp\/v2\/pages"}],"about":[{"href":"https:\/\/www.service-public.pf\/sde\/wp-json\/wp\/v2\/types\/page"}],"author":[{"embeddable":true,"href":"https:\/\/www.service-public.pf\/sde\/wp-json\/wp\/v2\/users\/90"}],"replies":[{"embeddable":true,"href":"https:\/\/www.service-public.pf\/sde\/wp-json\/wp\/v2\/comments?post=2859"}],"version-history":[{"count":0,"href":"https:\/\/www.service-public.pf\/sde\/wp-json\/wp\/v2\/pages\/2859\/revisions"}],"wp:attachment":[{"href":"https:\/\/www.service-public.pf\/sde\/wp-json\/wp\/v2\/media?parent=2859"}],"curies":[{"name":"wp","href":"https:\/\/api.w.org\/{rel}","templated":true}]}}