{"id":3355,"date":"2022-12-13T10:57:36","date_gmt":"2022-12-13T20:57:36","guid":{"rendered":"https:\/\/www.service-public.pf\/sde\/?page_id=3355"},"modified":"2023-09-05T14:19:33","modified_gmt":"2023-09-06T00:19:33","slug":"simulateur","status":"publish","type":"page","link":"https:\/\/www.service-public.pf\/sde\/simulateur\/","title":{"rendered":"Simulateur"},"content":{"rendered":"<p><div class=\"fusion-fullwidth fullwidth-box fusion-builder-row-1 fusion-flex-container has-pattern-background has-mask-background fusion-parallax-none nonhundred-percent-fullwidth non-hundred-percent-height-scrolling vct_border_bottom\" style=\"--awb-background-position:right center;--awb-border-radius-top-left:0px;--awb-border-radius-top-right:0px;--awb-border-radius-bottom-right:0px;--awb-border-radius-bottom-left:0px;--awb-padding-top:5%;--awb-padding-bottom:5%;--awb-background-image:url(&quot;https:\/\/www.service-public.pf\/sde\/wp-content\/uploads\/sites\/15\/2022\/12\/Header-REBPf-test4.png&quot;);--awb-background-size:cover;--awb-flex-wrap:wrap;\" ><div class=\"fusion-builder-row fusion-row fusion-flex-align-items-flex-start fusion-flex-content-wrap\" style=\"max-width:104%;margin-left: calc(-4% \/ 2 );margin-right: calc(-4% \/ 2 );\"><div class=\"fusion-layout-column fusion_builder_column fusion-builder-column-0 fusion_builder_column_1_1 1_1 fusion-flex-column fusion-column-inner-bg-wrapper\" style=\"--awb-inner-bg-size:cover;--awb-width-large:100%;--awb-margin-top-large:0px;--awb-spacing-right-large:1.92%;--awb-margin-bottom-large:20px;--awb-spacing-left-large:1.92%;--awb-width-medium:100%;--awb-order-medium:0;--awb-spacing-right-medium:1.92%;--awb-spacing-left-medium:1.92%;--awb-width-small:100%;--awb-order-small:0;--awb-spacing-right-small:1.92%;--awb-spacing-left-small:1.92%;\"><span class=\"fusion-column-inner-bg hover-type-none\"><a class=\"fusion-column-anchor\" href=\"https:\/\/www.service-public.pf\/sde\/la-reglementation-energetique-des-batiments-2\/\"><span class=\"fusion-column-inner-bg-image\"><\/span><\/a><\/span><div class=\"fusion-column-wrapper fusion-column-has-shadow fusion-flex-justify-content-flex-start fusion-content-layout-column\"><div class=\"fusion-title title fusion-title-1 fusion-sep-none fusion-title-text fusion-title-size-two\" style=\"--awb-text-color:#ffffff;--awb-margin-bottom:0px;--awb-margin-top-small:0px;--awb-margin-right-small:0px;--awb-margin-bottom-small:20px;--awb-margin-left-small:0px;--awb-font-size:30px;\"><h2 class=\"fusion-title-heading title-heading-left\" style=\"margin:0;font-size:1em;\"><p><span style=\"color: #95c349\"><strong>La r\u00e9glementation \u00e9nerg\u00e9tique des b\u00e2timents <\/strong><\/span><\/p>\n<p><span style=\"color: #c4e28e\"><strong>en Polyn\u00e9sie fran\u00e7aise (REBPf)<br \/>\n<\/strong><\/span><\/p><\/h2><\/div><\/div><\/div><\/div><\/div><div class=\"fusion-fullwidth fullwidth-box fusion-builder-row-2 fusion-flex-container has-pattern-background has-mask-background nonhundred-percent-fullwidth non-hundred-percent-height-scrolling\" style=\"--awb-border-radius-top-left:0px;--awb-border-radius-top-right:0px;--awb-border-radius-bottom-right:0px;--awb-border-radius-bottom-left:0px;--awb-padding-top:2vh;--awb-padding-right:5vw;--awb-padding-bottom:2vh;--awb-padding-left:5vw;--awb-flex-wrap:wrap;\" ><div class=\"fusion-builder-row fusion-row fusion-flex-align-items-flex-start fusion-flex-justify-content-center fusion-flex-content-wrap\" style=\"max-width:104%;margin-left: calc(-4% \/ 2 );margin-right: calc(-4% \/ 2 );\"><div class=\"fusion-layout-column fusion_builder_column fusion-builder-column-1 fusion_builder_column_1_1 1_1 fusion-flex-column\" style=\"--awb-bg-size:cover;--awb-width-large:100%;--awb-margin-top-large:0px;--awb-spacing-right-large:1.92%;--awb-margin-bottom-large:0px;--awb-spacing-left-large:1.92%;--awb-width-medium:100%;--awb-order-medium:0;--awb-spacing-right-medium:1.92%;--awb-spacing-left-medium:1.92%;--awb-width-small:100%;--awb-order-small:0;--awb-spacing-right-small:1.92%;--awb-spacing-left-small:1.92%;\"><div class=\"fusion-column-wrapper fusion-column-has-shadow fusion-flex-justify-content-center fusion-content-layout-row\"><div ><a class=\"fusion-button button-flat fusion-button-default-size button-custom fusion-button-default button-1 fusion-button-default-span fusion-button-default-type vct_button_title\" style=\"--awb-margin-bottom:2rem;--button_accent_color:#ffffff;--button_accent_hover_color:#ffffff;--button_border_hover_color:#ffffff;--button-border-radius-top-left:6px;--button-border-radius-top-right:6px;--button-border-radius-bottom-right:6px;--button-border-radius-bottom-left:6px;--button_gradient_top_color:#27a449;--button_gradient_bottom_color:#27a449;--button_gradient_top_color_hover:#27a449;--button_gradient_bottom_color_hover:#27a449;\" target=\"_self\" href=\"https:\/\/www.service-public.pf\/sde\/simulateur\"><i class=\"fa-file-signature fas awb-button__icon awb-button__icon--default button-icon-left\" aria-hidden=\"true\"><\/i><span class=\"fusion-button-text awb-button__text awb-button__text--default\">SIMULATEUR<\/span><\/a><\/div><div class=\"fusion-text fusion-text-1 fusion-text-no-margin\" style=\"--awb-margin-bottom:2rem;\"><p>Ce simulateur a pour but de donner des informations adapt\u00e9es \u00e0 chaque projet de construction.<\/p>\n<p>En s\u00e9lectionnant le lieu de construction et le type de b\u00e2timent construit, il affiche les th\u00e9matiques \u00e0 respecter avec le p\u00e9rim\u00e8tre et le seuil ou la r\u00e8gle \u00e0 suivre, ainsi que des pr\u00e9cisions en lien avec l\u2019instruction des demandes de permis de construire ou de conformit\u00e9. Des solutions techniques pour respecter les th\u00e9matiques sans faire de calcul sont parfois indiqu\u00e9es. Lorsque des d\u00e9rogations sont possibles, elles sont \u00e9galement pr\u00e9cis\u00e9es.<\/p>\n<p>Afin d\u2019avoir les bonnes informations, il faut v\u00e9rifier que la typologie de b\u00e2timent s\u00e9lectionn\u00e9e est la bonne. Pour cela, il faut s\u2019assurer que le projet correspond \u00e0 la description de la typologie s\u00e9lectionn\u00e9e qui appara\u00eet sur un fond vert.<\/p>\n<p>Marche \u00e0 suivre\u00a0:<br \/>\n1 \u2013 Indiquer le lieu de la construction en cliquant sur l&rsquo;archipel sur la carte ci-dessous et, si besoin, en r\u00e9pondant aux questions<br \/>\n2 \u2013 S\u00e9lectionner la typologie de b\u00e2timent associ\u00e9e \u00e0 ta construction\u00a0et v\u00e9rifier que mon projet de construction correspond \u00e0 la description de la typologie de b\u00e2timent s\u00e9lectionn\u00e9e<br \/>\n3 \u2013 Cliquer sur les th\u00e9matiques affich\u00e9es pour avoir plus d\u2019informations<\/p>\n<p><span class=\"not_fr_quote\" lang=\"la\"><span class=\"italique\">\u00a0<\/span><\/span><\/p>\n<\/div><div class=\"fusion-title title fusion-title-2 fusion-sep-none fusion-title-center fusion-title-text fusion-title-size-one vct_title\" style=\"--awb-margin-bottom:10px;--awb-margin-top-small:0px;--awb-margin-right-small:0px;--awb-margin-bottom-small:20px;--awb-margin-left-small:0px;\"><h1 class=\"fusion-title-heading title-heading-center\" style=\"margin:0;\">Veuillez s\u00e9lectionner l&rsquo;archipel o\u00f9 sera construit votre b\u00e2timent :<\/h1><\/div><\/div><\/div><\/div><\/div><div class=\"fusion-fullwidth fullwidth-box fusion-builder-row-3 fusion-flex-container has-pattern-background has-mask-background nonhundred-percent-fullwidth non-hundred-percent-height-scrolling fusion-no-small-visibility\" style=\"--awb-border-radius-top-left:0px;--awb-border-radius-top-right:0px;--awb-border-radius-bottom-right:0px;--awb-border-radius-bottom-left:0px;--awb-padding-top:30px;--awb-background-color:#e0f2ff;--awb-flex-wrap:wrap;\" ><div class=\"fusion-builder-row fusion-row fusion-flex-align-items-flex-start fusion-flex-justify-content-center fusion-flex-content-wrap\" style=\"max-width:104%;margin-left: calc(-4% \/ 2 );margin-right: calc(-4% \/ 2 );\"><div class=\"fusion-layout-column fusion_builder_column fusion-builder-column-2 fusion_builder_column_5_6 5_6 fusion-flex-column\" style=\"--awb-bg-color:#e0f2ff;--awb-bg-color-hover:#e0f2ff;--awb-bg-size:cover;--awb-width-large:83.333333333333%;--awb-margin-top-large:0px;--awb-spacing-right-large:2.304%;--awb-margin-bottom-large:20px;--awb-spacing-left-large:2.304%;--awb-width-medium:100%;--awb-order-medium:0;--awb-spacing-right-medium:1.92%;--awb-spacing-left-medium:1.92%;--awb-width-small:100%;--awb-order-small:0;--awb-spacing-right-small:1.92%;--awb-spacing-left-small:1.92%;\"><div class=\"fusion-column-wrapper fusion-column-has-shadow fusion-flex-justify-content-flex-start fusion-content-layout-column\"><img decoding=\"async\" class=\"vct_map_area\" title=\"Map Pf\" src=\"https:\/\/www.service-public.pf\/sde\/wp-content\/uploads\/sites\/15\/2022\/12\/REBPF_Carte-limite-noms_V3-1.jpg\" alt=\"\" class=\"maphilighted\" usemap=\"#vct_map_pf\">\n<map name=\"vct_map_pf\">\n    <area shape=\"poly\" coords=\"284, 411, 293, 393, 317, 392, 356, 409, 401, 419, 434, 427, 466, 424, 499, 441, 552, 466, 619, 486, 637, 501, 706, 542, 706, 559, 684, 562, 624, 554, 576, 534, 531, 531, 342, 482, 297, 476, 279, 457, 282, 436\" href=\"#archipel_societe\" title=\"Archipel de la Soci\u00e9t\u00e9\" alt=\"\" target=\"\" id=\"vct_area_societe\">\n    <area shape=\"poly\" coords=\"1371, 196, 1386, 182, 1409, 189, 1434, 227, 1469, 259, 1504, 291, 1522, 317, 1526, 344, 1524, 369, 1493, 370, 1457, 337, 1431, 316, 1406, 302, 1396, 279, 1391, 249, 1371, 226\" href=\"#archipel_marquises\" title=\"Archipel des Marquises\" alt=\"\" target=\"\" id=\"vct_area_marquises\">\n    <area shape=\"poly\" coords=\"252, 695, 264, 677, 288, 682, 475, 720, 704, 819, 724, 869, 824, 972, 830, 997, 812, 1005, 787, 987, 756, 979, 654, 902, 494, 821, 376, 769, 259, 714\" href=\"#archipel_australes\" title=\"Archipel des Australes\" alt=\"\" target=\"\" id=\"vct_area_australes\">\n    <area shape=\"poly\" coords=\"710, 342, 764, 334, 809, 307, 847, 304, 894, 319, 925, 339, 954, 352, 1009, 329, 1040, 304, 1062, 294, 1085, 319, 1206, 357, 1229, 357, 1244, 378, 1261, 440, 1296, 492, 1334, 540, 1388, 558, 1418, 582, 1418, 617, 1409, 655, 1416, 693, 1452, 737, 1464, 768, 1454, 792, 1416, 815, 1379, 817, 1348, 807, 1301, 815, 1254, 828, 1212, 809, 1133, 793, 1053, 777, 966, 740, 919, 699, 874, 667, 872, 631, 872, 556, 850, 532, 834, 507, 829, 481, 815, 449, 774, 427, 747, 406, 694, 404, 670, 377, 655, 351, 669, 339\" href=\"#archipel_tuamotu\" title=\"Archipel des Tuamotu\" alt=\"\" target=\"\" id=\"vct_area_tuamotu\">\n    <area shape=\"poly\" coords=\"1441, 884, 1462, 877, 1517, 884, 1582, 876, 1612, 886, 1634, 892, 1641, 907, 1626, 921, 1579, 917, 1489, 917, 1442, 907\" href=\"#archipel_gambier\" title=\"Archipel des Gambier\" alt=\"\" target=\"\" id=\"vct_area_gambier\">\n<\/map><\/div><\/div><\/div><\/div><div class=\"fusion-fullwidth fullwidth-box fusion-builder-row-4 fusion-flex-container has-pattern-background has-mask-background nonhundred-percent-fullwidth non-hundred-percent-height-scrolling fusion-no-medium-visibility fusion-no-large-visibility\" style=\"--awb-border-radius-top-left:0px;--awb-border-radius-top-right:0px;--awb-border-radius-bottom-right:0px;--awb-border-radius-bottom-left:0px;--awb-padding-top:2vh;--awb-flex-wrap:wrap;\" ><div class=\"fusion-builder-row fusion-row fusion-flex-align-items-flex-start fusion-flex-content-wrap\" style=\"max-width:104%;margin-left: calc(-4% \/ 2 );margin-right: calc(-4% \/ 2 );\"><div class=\"fusion-layout-column fusion_builder_column fusion-builder-column-3 fusion_builder_column_1_1 1_1 fusion-flex-column\" style=\"--awb-bg-size:cover;--awb-width-large:100%;--awb-margin-top-large:0px;--awb-spacing-right-large:1.92%;--awb-margin-bottom-large:20px;--awb-spacing-left-large:1.92%;--awb-width-medium:100%;--awb-order-medium:0;--awb-spacing-right-medium:1.92%;--awb-spacing-left-medium:1.92%;--awb-width-small:100%;--awb-order-small:0;--awb-spacing-right-small:1.92%;--awb-spacing-left-small:1.92%;\" id=\"vct_archipels\"><div class=\"fusion-column-wrapper fusion-column-has-shadow fusion-flex-justify-content-flex-start fusion-content-layout-column\"><div class=\"fusion-builder-row fusion-builder-row-inner fusion-row fusion-flex-align-items-flex-start fusion-flex-content-wrap\" style=\"--awb-flex-grow:0;--awb-flex-grow-medium:0;--awb-flex-grow-small:0;--awb-flex-shrink:0;--awb-flex-shrink-medium:0;--awb-flex-shrink-small:0;width:104% !important;max-width:104% !important;margin-left: calc(-4% \/ 2 );margin-right: calc(-4% \/ 2 );\"><div class=\"fusion-layout-column fusion_builder_column_inner fusion-builder-nested-column-0 fusion_builder_column_inner_1_5 1_5 fusion-flex-column\" style=\"--awb-bg-size:cover;--awb-width-large:20%;--awb-margin-top-large:0px;--awb-spacing-right-large:9.6%;--awb-margin-bottom-large:20px;--awb-spacing-left-large:9.6%;--awb-width-medium:100%;--awb-order-medium:0;--awb-spacing-right-medium:1.92%;--awb-spacing-left-medium:1.92%;--awb-width-small:100%;--awb-order-small:0;--awb-spacing-right-small:1.92%;--awb-spacing-left-small:1.92%;\"><div class=\"fusion-column-wrapper fusion-column-has-shadow fusion-flex-justify-content-flex-start fusion-content-layout-column\"><div style=\"text-align:center;\"><a class=\"fusion-button button-flat fusion-button-default-size button-custom fusion-button-default button-2 fusion-button-default-span fusion-button-default-type vct_button_archipel\" style=\"--awb-padding-top:10px;--awb-padding-bottom:10px;--button_accent_color:#ffffff;--button_accent_hover_color:#ffffff;--button_border_hover_color:#ffffff;--button-border-radius-top-left:10px;--button-border-radius-top-right:10px;--button-border-radius-bottom-right:10px;--button-border-radius-bottom-left:10px;--button_gradient_top_color:#26a147;--button_gradient_bottom_color:#26a147;--button_gradient_top_color_hover:#bdd547;--button_gradient_bottom_color_hover:#bdd547;--button_font_size:1.2rem;--button_typography-font-family:&quot;PT Sans&quot;;--button_typography-font-style:normal;--button_typography-font-weight:400;\" target=\"_self\" href=\"#archipel_de_la_societe\" id=\"vct_button_archipel_de_la_societe\"><span class=\"fusion-button-text awb-button__text awb-button__text--default\">Archipel de la Soci\u00e9t\u00e9<\/span><\/a><\/div><\/div><\/div><div class=\"fusion-layout-column fusion_builder_column_inner fusion-builder-nested-column-1 fusion_builder_column_inner_1_5 1_5 fusion-flex-column\" style=\"--awb-bg-size:cover;--awb-width-large:20%;--awb-margin-top-large:0px;--awb-spacing-right-large:9.6%;--awb-margin-bottom-large:20px;--awb-spacing-left-large:9.6%;--awb-width-medium:100%;--awb-order-medium:0;--awb-spacing-right-medium:1.92%;--awb-spacing-left-medium:1.92%;--awb-width-small:100%;--awb-order-small:0;--awb-spacing-right-small:1.92%;--awb-spacing-left-small:1.92%;\"><div class=\"fusion-column-wrapper fusion-column-has-shadow fusion-flex-justify-content-flex-start fusion-content-layout-column\"><div style=\"text-align:center;\"><a class=\"fusion-button button-flat fusion-button-default-size button-custom fusion-button-default button-3 fusion-button-default-span fusion-button-default-type vct_button_archipel\" style=\"--awb-padding-top:10px;--awb-padding-bottom:10px;--button_accent_color:#ffffff;--button_accent_hover_color:#ffffff;--button_border_hover_color:#ffffff;--button-border-radius-top-left:10px;--button-border-radius-top-right:10px;--button-border-radius-bottom-right:10px;--button-border-radius-bottom-left:10px;--button_gradient_top_color:#26a147;--button_gradient_bottom_color:#26a147;--button_gradient_top_color_hover:#bdd547;--button_gradient_bottom_color_hover:#bdd547;--button_font_size:1.2rem;--button_typography-font-family:&quot;PT Sans&quot;;--button_typography-font-style:normal;--button_typography-font-weight:400;\" target=\"_self\" href=\"#archipel_des_tuamotu\" id=\"vct_button_archipel_des_tuamotu\"><span class=\"fusion-button-text awb-button__text awb-button__text--default\">Archipel des Tuamotu<\/span><\/a><\/div><\/div><\/div><div class=\"fusion-layout-column fusion_builder_column_inner fusion-builder-nested-column-2 fusion_builder_column_inner_1_5 1_5 fusion-flex-column\" style=\"--awb-bg-size:cover;--awb-width-large:20%;--awb-margin-top-large:0px;--awb-spacing-right-large:9.6%;--awb-margin-bottom-large:20px;--awb-spacing-left-large:9.6%;--awb-width-medium:100%;--awb-order-medium:0;--awb-spacing-right-medium:1.92%;--awb-spacing-left-medium:1.92%;--awb-width-small:100%;--awb-order-small:0;--awb-spacing-right-small:1.92%;--awb-spacing-left-small:1.92%;\"><div class=\"fusion-column-wrapper fusion-column-has-shadow fusion-flex-justify-content-flex-start fusion-content-layout-column\"><div style=\"text-align:center;\"><a class=\"fusion-button button-flat fusion-button-default-size button-custom fusion-button-default button-4 fusion-button-default-span fusion-button-default-type vct_button_archipel\" style=\"--awb-padding-top:10px;--awb-padding-bottom:10px;--button_accent_color:#ffffff;--button_accent_hover_color:#ffffff;--button_border_hover_color:#ffffff;--button-border-radius-top-left:10px;--button-border-radius-top-right:10px;--button-border-radius-bottom-right:10px;--button-border-radius-bottom-left:10px;--button_gradient_top_color:#26a147;--button_gradient_bottom_color:#26a147;--button_gradient_top_color_hover:#bdd547;--button_gradient_bottom_color_hover:#bdd547;--button_font_size:1.2rem;--button_typography-font-family:&quot;PT Sans&quot;;--button_typography-font-style:normal;--button_typography-font-weight:400;\" target=\"_self\" href=\"#archipel_des_marquises\" id=\"vct_button_archipel_des_marquises\"><span class=\"fusion-button-text awb-button__text awb-button__text--default\">Archipel des Marquises<\/span><\/a><\/div><\/div><\/div><div class=\"fusion-layout-column fusion_builder_column_inner fusion-builder-nested-column-3 fusion_builder_column_inner_1_5 1_5 fusion-flex-column\" style=\"--awb-bg-size:cover;--awb-width-large:20%;--awb-margin-top-large:0px;--awb-spacing-right-large:9.6%;--awb-margin-bottom-large:20px;--awb-spacing-left-large:9.6%;--awb-width-medium:100%;--awb-order-medium:0;--awb-spacing-right-medium:1.92%;--awb-spacing-left-medium:1.92%;--awb-width-small:100%;--awb-order-small:0;--awb-spacing-right-small:1.92%;--awb-spacing-left-small:1.92%;\"><div class=\"fusion-column-wrapper fusion-column-has-shadow fusion-flex-justify-content-flex-start fusion-content-layout-column\"><div style=\"text-align:center;\"><a class=\"fusion-button button-flat fusion-button-default-size button-custom fusion-button-default button-5 fusion-button-default-span fusion-button-default-type vct_button_archipel\" style=\"--awb-padding-top:10px;--awb-padding-bottom:10px;--button_accent_color:#ffffff;--button_accent_hover_color:#ffffff;--button_border_hover_color:#ffffff;--button-border-radius-top-left:10px;--button-border-radius-top-right:10px;--button-border-radius-bottom-right:10px;--button-border-radius-bottom-left:10px;--button_gradient_top_color:#26a147;--button_gradient_bottom_color:#26a147;--button_gradient_top_color_hover:#bdd547;--button_gradient_bottom_color_hover:#bdd547;--button_font_size:1.2rem;--button_typography-font-family:&quot;PT Sans&quot;;--button_typography-font-style:normal;--button_typography-font-weight:400;\" target=\"_self\" href=\"#archipel_des_australes\" id=\"vct_button_archipel_des_australes\"><span class=\"fusion-button-text awb-button__text awb-button__text--default\">Archipel des Autrales<\/span><\/a><\/div><\/div><\/div><div class=\"fusion-layout-column fusion_builder_column_inner fusion-builder-nested-column-4 fusion_builder_column_inner_1_5 1_5 fusion-flex-column\" style=\"--awb-bg-size:cover;--awb-width-large:20%;--awb-margin-top-large:0px;--awb-spacing-right-large:9.6%;--awb-margin-bottom-large:20px;--awb-spacing-left-large:9.6%;--awb-width-medium:100%;--awb-order-medium:0;--awb-spacing-right-medium:1.92%;--awb-spacing-left-medium:1.92%;--awb-width-small:100%;--awb-order-small:0;--awb-spacing-right-small:1.92%;--awb-spacing-left-small:1.92%;\"><div class=\"fusion-column-wrapper fusion-column-has-shadow fusion-flex-justify-content-flex-start fusion-content-layout-column\"><div style=\"text-align:center;\"><a class=\"fusion-button button-flat fusion-button-default-size button-custom fusion-button-default button-6 fusion-button-default-span fusion-button-default-type vct_button_archipel\" style=\"--awb-padding-top:10px;--awb-padding-bottom:10px;--button_accent_color:#ffffff;--button_accent_hover_color:#ffffff;--button_border_hover_color:#ffffff;--button-border-radius-top-left:10px;--button-border-radius-top-right:10px;--button-border-radius-bottom-right:10px;--button-border-radius-bottom-left:10px;--button_gradient_top_color:#26a147;--button_gradient_bottom_color:#26a147;--button_gradient_top_color_hover:#bdd547;--button_gradient_bottom_color_hover:#bdd547;--button_font_size:1.2rem;--button_typography-font-family:&quot;PT Sans&quot;;--button_typography-font-style:normal;--button_typography-font-weight:400;\" target=\"_self\" href=\"#archipel_des_gambier\" id=\"vct_button_archipel_des_gambier\"><span class=\"fusion-button-text awb-button__text awb-button__text--default\">Archipel des Gambier<\/span><\/a><\/div><\/div><\/div><\/div><\/div><\/div><\/div><\/div><div class=\"fusion-fullwidth fullwidth-box fusion-builder-row-5 fusion-flex-container has-pattern-background has-mask-background nonhundred-percent-fullwidth non-hundred-percent-height-scrolling\" style=\"--awb-border-radius-top-left:0px;--awb-border-radius-top-right:0px;--awb-border-radius-bottom-right:0px;--awb-border-radius-bottom-left:0px;--awb-flex-wrap:wrap;\" ><div class=\"fusion-builder-row fusion-row fusion-flex-align-items-flex-start fusion-flex-content-wrap\" style=\"max-width:104%;margin-left: calc(-4% \/ 2 );margin-right: calc(-4% \/ 2 );\"><div class=\"fusion-layout-column fusion_builder_column fusion-builder-column-4 fusion_builder_column_1_1 1_1 fusion-flex-column fusion-flex-align-self-center vct_button_societe_iles\" style=\"--awb-bg-size:cover;--awb-width-large:100%;--awb-margin-top-large:0px;--awb-spacing-right-large:1.92%;--awb-margin-bottom-large:20px;--awb-spacing-left-large:1.92%;--awb-width-medium:100%;--awb-order-medium:0;--awb-spacing-right-medium:1.92%;--awb-spacing-left-medium:1.92%;--awb-width-small:100%;--awb-order-small:0;--awb-spacing-right-small:1.92%;--awb-spacing-left-small:1.92%;\" id=\"archipel_societe\"><div class=\"fusion-column-wrapper fusion-column-has-shadow fusion-flex-justify-content-center fusion-content-layout-row fusion-flex-align-items-center\"><div class=\"fusion-builder-row fusion-builder-row-inner fusion-row fusion-flex-align-items-flex-start fusion-flex-content-wrap\" style=\"--awb-flex-grow:0;--awb-flex-grow-medium:0;--awb-flex-grow-small:0;--awb-flex-shrink:0;--awb-flex-shrink-medium:0;--awb-flex-shrink-small:0;width:104% !important;max-width:104% !important;margin-left: calc(-4% \/ 2 );margin-right: calc(-4% \/ 2 );\"><div class=\"fusion-layout-column fusion_builder_column_inner fusion-builder-nested-column-5 fusion_builder_column_inner_1_1 1_1 fusion-flex-column\" style=\"--awb-bg-size:cover;--awb-width-large:100%;--awb-margin-top-large:0px;--awb-spacing-right-large:1.92%;--awb-margin-bottom-large:20px;--awb-spacing-left-large:1.92%;--awb-width-medium:100%;--awb-order-medium:0;--awb-spacing-right-medium:1.92%;--awb-spacing-left-medium:1.92%;--awb-width-small:100%;--awb-order-small:0;--awb-spacing-right-small:1.92%;--awb-spacing-left-small:1.92%;\"><div class=\"fusion-column-wrapper fusion-column-has-shadow fusion-flex-justify-content-flex-start fusion-content-layout-column\"><div class=\"fusion-title title fusion-title-3 fusion-sep-none fusion-title-center fusion-title-text fusion-title-size-one vct_title\" style=\"--awb-margin-bottom:10px;--awb-margin-top-small:0px;--awb-margin-right-small:0px;--awb-margin-bottom-small:20px;--awb-margin-left-small:0px;\"><h1 class=\"fusion-title-heading title-heading-center\" style=\"margin:0;\">Pr\u00e9cisez le groupe d&rsquo;\u00eeles<\/h1><\/div><\/div><\/div><div class=\"fusion-layout-column fusion_builder_column_inner fusion-builder-nested-column-6 fusion_builder_column_inner_1_6 1_6 fusion-flex-column\" style=\"--awb-bg-size:cover;--awb-width-large:16.666666666667%;--awb-margin-top-large:0px;--awb-spacing-right-large:11.52%;--awb-margin-bottom-large:20px;--awb-spacing-left-large:11.52%;--awb-width-medium:100%;--awb-order-medium:0;--awb-spacing-right-medium:1.92%;--awb-spacing-left-medium:1.92%;--awb-width-small:100%;--awb-order-small:0;--awb-spacing-right-small:1.92%;--awb-spacing-left-small:1.92%;\"><div class=\"fusion-column-wrapper fusion-column-has-shadow fusion-flex-justify-content-flex-start fusion-content-layout-column\"><div style=\"text-align:center;\"><a class=\"fusion-button button-flat fusion-button-default-size button-custom fusion-button-default button-7 fusion-button-span-yes fusion-button-default-type vct_button_archipel\" style=\"--awb-padding-top:10px;--awb-padding-bottom:10px;--button_accent_color:#ffffff;--button_accent_hover_color:#ffffff;--button_border_hover_color:#ffffff;--button-border-radius-top-left:10px;--button-border-radius-top-right:10px;--button-border-radius-bottom-right:10px;--button-border-radius-bottom-left:10px;--button_gradient_top_color:#26a147;--button_gradient_bottom_color:#26a147;--button_gradient_top_color_hover:#bdd547;--button_gradient_bottom_color_hover:#bdd547;--button_font_size:1.2rem;--button_typography-font-family:&quot;PT Sans&quot;;--button_typography-font-style:normal;--button_typography-font-weight:400;\" target=\"_self\" href=\"#archipel_societe_idv\" id=\"vct_button_archipel_de_la_societe_idv\"><span class=\"fusion-button-text awb-button__text awb-button__text--default\">Iles du Vent<\/span><\/a><\/div><\/div><\/div><div class=\"fusion-layout-column fusion_builder_column_inner fusion-builder-nested-column-7 fusion_builder_column_inner_1_6 1_6 fusion-flex-column\" style=\"--awb-bg-size:cover;--awb-width-large:16.666666666667%;--awb-margin-top-large:0px;--awb-spacing-right-large:11.52%;--awb-margin-bottom-large:20px;--awb-spacing-left-large:11.52%;--awb-width-medium:100%;--awb-order-medium:0;--awb-spacing-right-medium:1.92%;--awb-spacing-left-medium:1.92%;--awb-width-small:100%;--awb-order-small:0;--awb-spacing-right-small:1.92%;--awb-spacing-left-small:1.92%;\"><div class=\"fusion-column-wrapper fusion-column-has-shadow fusion-flex-justify-content-flex-start fusion-content-layout-column\"><div style=\"text-align:center;\"><a class=\"fusion-button button-flat fusion-button-default-size button-custom fusion-button-default button-8 fusion-button-span-yes fusion-button-default-type vct_button_archipel\" style=\"--awb-padding-top:10px;--awb-padding-bottom:10px;--button_accent_color:#ffffff;--button_accent_hover_color:#ffffff;--button_border_hover_color:#ffffff;--button-border-radius-top-left:10px;--button-border-radius-top-right:10px;--button-border-radius-bottom-right:10px;--button-border-radius-bottom-left:10px;--button_gradient_top_color:#26a147;--button_gradient_bottom_color:#26a147;--button_gradient_top_color_hover:#bdd547;--button_gradient_bottom_color_hover:#bdd547;--button_font_size:1.2rem;--button_typography-font-family:&quot;PT Sans&quot;;--button_typography-font-style:normal;--button_typography-font-weight:400;\" target=\"_self\" href=\"#archipel_societe_islv\" id=\"vct_button_archipel_de_la_societe_islv\"><span class=\"fusion-button-text awb-button__text awb-button__text--default\">Iles Sous-Le-Vent<\/span><\/a><\/div><\/div><\/div><\/div><\/div><\/div><div class=\"fusion-layout-column fusion_builder_column fusion-builder-column-5 fusion_builder_column_1_1 1_1 fusion-flex-column\" style=\"--awb-bg-size:cover;--awb-width-large:100%;--awb-margin-top-large:0px;--awb-spacing-right-large:1.92%;--awb-margin-bottom-large:20px;--awb-spacing-left-large:1.92%;--awb-width-medium:100%;--awb-order-medium:0;--awb-spacing-right-medium:1.92%;--awb-spacing-left-medium:1.92%;--awb-width-small:100%;--awb-order-small:0;--awb-spacing-right-small:1.92%;--awb-spacing-left-small:1.92%;\"><div class=\"fusion-column-wrapper fusion-column-has-shadow fusion-flex-justify-content-flex-start fusion-content-layout-column\"><div class=\"fusion-form fusion-form-builder fusion-form-form-wrapper fusion-form-3766 vct_form_archipel\" style=\"--awb-tooltip-text-color:#ffffff;--awb-tooltip-background-color:#333333;\" data-form-id=\"3766\" id=\"archipel_societe_idv\" data-config=\"{&quot;form_id&quot;:&quot;3766&quot;,&quot;form_post_id&quot;:&quot;3766&quot;,&quot;post_id&quot;:3355,&quot;form_type&quot;:&quot;ajax&quot;,&quot;confirmation_type&quot;:&quot;message&quot;,&quot;redirect_url&quot;:&quot;&quot;,&quot;redirect_timeout&quot;:&quot;0&quot;,&quot;field_labels&quot;:{&quot;altitudes_societe_idv&quot;:&quot;Ainsi que l&#039;altitude \\u00e0 laquelle sera implant\\u00e9 le projet&quot;,&quot;typologie_batiment_idv_sup&quot;:&quot;S\\u00e9lectionnez la typologie associ\\u00e9e \\u00e0 votre b\\u00e2timent ou partie de b\\u00e2timent&quot;,&quot;typologie_batiment_idv_inf&quot;:&quot;S\\u00e9lectionnez la typologie associ\\u00e9e \\u00e0 votre b\\u00e2timent ou partie de b\\u00e2timent&quot;},&quot;field_logics&quot;:{&quot;altitudes_societe_idv&quot;:&quot;[]&quot;,&quot;typologie_batiment_idv_sup&quot;:&quot;[{\\&quot;operator\\&quot;:\\&quot;and\\&quot;,\\&quot;comparison\\&quot;:\\&quot;equal\\&quot;,\\&quot;field\\&quot;:\\&quot;altitudes_societe_idv[]\\&quot;,\\&quot;value\\&quot;:\\&quot;superieur_500_m\\&quot;}]&quot;,&quot;typologie_batiment_idv_inf&quot;:&quot;[{\\&quot;operator\\&quot;:\\&quot;and\\&quot;,\\&quot;comparison\\&quot;:\\&quot;equal\\&quot;,\\&quot;field\\&quot;:\\&quot;altitudes_societe_idv[]\\&quot;,\\&quot;value\\&quot;:\\&quot;inferieur_500_m\\&quot;}]&quot;},&quot;field_types&quot;:{&quot;altitudes_societe_idv&quot;:&quot;image_select&quot;,&quot;typologie_batiment_idv_sup&quot;:&quot;image_select&quot;,&quot;typologie_batiment_idv_inf&quot;:&quot;image_select&quot;},&quot;nonce_method&quot;:&quot;ajax&quot;,&quot;form_views&quot;:&quot;ajax&quot;,&quot;form_views_counting&quot;:&quot;all&quot;}\"><form action=\"https:\/\/www.service-public.pf\/sde\/simulateur\/\" method=\"post\" class=\"fusion-form fusion-form-3766\"><div class=\"fusion-fullwidth fullwidth-box fusion-builder-row-5-1 fusion-flex-container has-pattern-background has-mask-background nonhundred-percent-fullwidth non-hundred-percent-height-scrolling\" style=\"--awb-border-radius-top-left:0px;--awb-border-radius-top-right:0px;--awb-border-radius-bottom-right:0px;--awb-border-radius-bottom-left:0px;--awb-flex-wrap:wrap;\" ><div class=\"fusion-builder-row fusion-row fusion-flex-align-items-flex-start fusion-flex-justify-content-center fusion-flex-content-wrap\" style=\"width:104% !important;max-width:104% !important;margin-left: calc(-4% \/ 2 );margin-right: calc(-4% \/ 2 );\"><div class=\"fusion-layout-column fusion_builder_column fusion-builder-column-6 fusion_builder_column_5_6 5_6 fusion-flex-column\" style=\"--awb-bg-size:cover;--awb-width-large:83.333333333333%;--awb-flex-grow:0;--awb-flex-shrink:0;--awb-margin-top-large:0px;--awb-spacing-right-large:2.304%;--awb-margin-bottom-large:20px;--awb-spacing-left-large:2.304%;--awb-width-medium:100%;--awb-order-medium:0;--awb-flex-grow-medium:0;--awb-flex-shrink-medium:0;--awb-spacing-right-medium:1.92%;--awb-spacing-left-medium:1.92%;--awb-width-small:100%;--awb-order-small:0;--awb-flex-grow-small:0;--awb-flex-shrink-small:0;--awb-spacing-right-small:1.92%;--awb-spacing-left-small:1.92%;\"><div class=\"fusion-column-wrapper fusion-column-has-shadow fusion-flex-justify-content-flex-start fusion-content-layout-column\"><div id=\"vct_altitude_societe_idv\" class=\"fusion-form-field fusion-form-image-select-field fusion-form-label-above fusion-form-field-fusion-form-image-select-1 option-inline\" data-form-id=\"3766\" style=\"--awb-active-color:#bdd547;--awb-inactive-color:#26a147;--awb-height:150px;--awb-width:150px;--awb-padding-top:10px;--awb-padding-right:20px;--awb-padding-bottom:10px;--awb-padding-left:20px;--awb-border-size-top:2px;--awb-border-size-right:2px;--awb-border-size-bottom:2px;--awb-border-size-left:2px;--awb-hover-color:rgba(189,213,71,0.5);\"><fieldset><legend class=\"fusion-form-label-wrapper\"><span class=\"label\">Ainsi que l&#039;altitude \u00e0 laquelle sera implant\u00e9 le projet<\/span><\/legend><div class=\"fusion-form-image-select\"><input tabindex=\"\" id=\"image-select-inferieur_500_m1\" type=\"radio\" value=\"inferieur_500_m\" name=\"altitudes_societe_idv[]\" class=\"fusion-form-input\" data-holds-private-data=\"false\"\/><label for=\"image-select-inferieur_500_m1\"><span>&lt; 500 m<\/span><picture class=\"fusion-form-image-wrapper\"><img decoding=\"async\" width=\"2560\" height=\"1707\" src=\"https:\/\/www.service-public.pf\/sde\/wp-content\/uploads\/sites\/15\/2022\/12\/5479107-scaled.jpg\" class=\"attachment-full size-full\" alt=\"\" srcset=\"https:\/\/www.service-public.pf\/sde\/wp-content\/uploads\/sites\/15\/2022\/12\/5479107-200x133.jpg 200w, https:\/\/www.service-public.pf\/sde\/wp-content\/uploads\/sites\/15\/2022\/12\/5479107-300x200.jpg 300w, https:\/\/www.service-public.pf\/sde\/wp-content\/uploads\/sites\/15\/2022\/12\/5479107-400x267.jpg 400w, https:\/\/www.service-public.pf\/sde\/wp-content\/uploads\/sites\/15\/2022\/12\/5479107-600x400.jpg 600w, https:\/\/www.service-public.pf\/sde\/wp-content\/uploads\/sites\/15\/2022\/12\/5479107-768x512.jpg 768w, https:\/\/www.service-public.pf\/sde\/wp-content\/uploads\/sites\/15\/2022\/12\/5479107-800x533.jpg 800w, https:\/\/www.service-public.pf\/sde\/wp-content\/uploads\/sites\/15\/2022\/12\/5479107-1024x683.jpg 1024w, https:\/\/www.service-public.pf\/sde\/wp-content\/uploads\/sites\/15\/2022\/12\/5479107-1200x800.jpg 1200w, https:\/\/www.service-public.pf\/sde\/wp-content\/uploads\/sites\/15\/2022\/12\/5479107-1536x1024.jpg 1536w, https:\/\/www.service-public.pf\/sde\/wp-content\/uploads\/sites\/15\/2022\/12\/5479107-scaled.jpg 2560w\" sizes=\"(max-width: 2560px) 100vw, 2560px\" \/><\/picture><\/label><\/div><div class=\"fusion-form-image-select\"><input tabindex=\"\" id=\"image-select-superieur_500_m2\" type=\"radio\" value=\"superieur_500_m\" name=\"altitudes_societe_idv[]\" class=\"fusion-form-input\" data-holds-private-data=\"false\"\/><label for=\"image-select-superieur_500_m2\"><span>\u2a7e 500 m<\/span><picture class=\"fusion-form-image-wrapper\"><img decoding=\"async\" width=\"2560\" height=\"1707\" src=\"https:\/\/www.service-public.pf\/sde\/wp-content\/uploads\/sites\/15\/2022\/12\/5479107-scaled.jpg\" class=\"attachment-full size-full\" alt=\"\" srcset=\"https:\/\/www.service-public.pf\/sde\/wp-content\/uploads\/sites\/15\/2022\/12\/5479107-200x133.jpg 200w, https:\/\/www.service-public.pf\/sde\/wp-content\/uploads\/sites\/15\/2022\/12\/5479107-300x200.jpg 300w, https:\/\/www.service-public.pf\/sde\/wp-content\/uploads\/sites\/15\/2022\/12\/5479107-400x267.jpg 400w, https:\/\/www.service-public.pf\/sde\/wp-content\/uploads\/sites\/15\/2022\/12\/5479107-600x400.jpg 600w, https:\/\/www.service-public.pf\/sde\/wp-content\/uploads\/sites\/15\/2022\/12\/5479107-768x512.jpg 768w, https:\/\/www.service-public.pf\/sde\/wp-content\/uploads\/sites\/15\/2022\/12\/5479107-800x533.jpg 800w, https:\/\/www.service-public.pf\/sde\/wp-content\/uploads\/sites\/15\/2022\/12\/5479107-1024x683.jpg 1024w, https:\/\/www.service-public.pf\/sde\/wp-content\/uploads\/sites\/15\/2022\/12\/5479107-1200x800.jpg 1200w, https:\/\/www.service-public.pf\/sde\/wp-content\/uploads\/sites\/15\/2022\/12\/5479107-1536x1024.jpg 1536w, https:\/\/www.service-public.pf\/sde\/wp-content\/uploads\/sites\/15\/2022\/12\/5479107-scaled.jpg 2560w\" sizes=\"(max-width: 2560px) 100vw, 2560px\" \/><\/picture><\/label><\/div><\/fieldset><\/div><\/div><\/div><\/div><\/div><div class=\"fusion-fullwidth fullwidth-box fusion-builder-row-5-2 fusion-flex-container has-pattern-background has-mask-background nonhundred-percent-fullwidth non-hundred-percent-height-scrolling\" style=\"--awb-border-radius-top-left:0px;--awb-border-radius-top-right:0px;--awb-border-radius-bottom-right:0px;--awb-border-radius-bottom-left:0px;--awb-flex-wrap:wrap;\" ><div class=\"fusion-builder-row fusion-row fusion-flex-align-items-flex-start fusion-flex-justify-content-center fusion-flex-content-wrap\" style=\"width:104% !important;max-width:104% !important;margin-left: calc(-4% \/ 2 );margin-right: calc(-4% \/ 2 );\"><div class=\"fusion-layout-column fusion_builder_column fusion-builder-column-7 fusion_builder_column_5_6 5_6 fusion-flex-column\" style=\"--awb-bg-size:cover;--awb-width-large:83.333333333333%;--awb-flex-grow:0;--awb-flex-shrink:0;--awb-margin-top-large:0px;--awb-spacing-right-large:2.304%;--awb-margin-bottom-large:20px;--awb-spacing-left-large:2.304%;--awb-width-medium:100%;--awb-order-medium:0;--awb-flex-grow-medium:0;--awb-flex-shrink-medium:0;--awb-spacing-right-medium:1.92%;--awb-spacing-left-medium:1.92%;--awb-width-small:100%;--awb-order-small:0;--awb-flex-grow-small:0;--awb-flex-shrink-small:0;--awb-spacing-right-small:1.92%;--awb-spacing-left-small:1.92%;\"><div class=\"fusion-column-wrapper fusion-column-has-shadow fusion-flex-justify-content-flex-start fusion-content-layout-column\"><div id=\"vct_typologie_batiment_idv_sup\" class=\"fusion-form-field fusion-form-image-select-field fusion-form-label-above fusion-form-field-fusion-form-image-select-2 option-inline\" data-form-id=\"3766\" style=\"--awb-active-color:#bdd547;--awb-inactive-color:#26a147;--awb-height:150px;--awb-width:100%;--awb-padding-top:10px;--awb-padding-right:20px;--awb-padding-bottom:10px;--awb-padding-left:20px;--awb-border-size-top:2px;--awb-border-size-right:2px;--awb-border-size-bottom:2px;--awb-border-size-left:2px;--awb-hover-color:rgba(189,213,71,0.5);\"><fieldset><legend class=\"fusion-form-label-wrapper\"><span class=\"label\">S\u00e9lectionnez la typologie associ\u00e9e \u00e0 votre b\u00e2timent ou partie de b\u00e2timent<\/span><\/legend><div class=\"fusion-form-image-select\"><input tabindex=\"\" id=\"image-select-logement_individuel3\" type=\"radio\" value=\"logement_individuel\" name=\"typologie_batiment_idv_sup[]\" class=\"fusion-form-input\" data-holds-private-data=\"false\"\/><label for=\"image-select-logement_individuel3\"><span>Logement individuel<\/span><picture class=\"fusion-form-image-wrapper\"><img decoding=\"async\" width=\"1453\" height=\"1090\" src=\"https:\/\/www.service-public.pf\/sde\/wp-content\/uploads\/sites\/15\/2023\/01\/SDE-REBPF-IlluTotales-Logement-Individuel.png\" class=\"attachment-full size-full\" alt=\"\" srcset=\"https:\/\/www.service-public.pf\/sde\/wp-content\/uploads\/sites\/15\/2023\/01\/SDE-REBPF-IlluTotales-Logement-Individuel-200x150.png 200w, https:\/\/www.service-public.pf\/sde\/wp-content\/uploads\/sites\/15\/2023\/01\/SDE-REBPF-IlluTotales-Logement-Individuel-300x225.png 300w, https:\/\/www.service-public.pf\/sde\/wp-content\/uploads\/sites\/15\/2023\/01\/SDE-REBPF-IlluTotales-Logement-Individuel-400x300.png 400w, https:\/\/www.service-public.pf\/sde\/wp-content\/uploads\/sites\/15\/2023\/01\/SDE-REBPF-IlluTotales-Logement-Individuel-600x450.png 600w, https:\/\/www.service-public.pf\/sde\/wp-content\/uploads\/sites\/15\/2023\/01\/SDE-REBPF-IlluTotales-Logement-Individuel-768x576.png 768w, https:\/\/www.service-public.pf\/sde\/wp-content\/uploads\/sites\/15\/2023\/01\/SDE-REBPF-IlluTotales-Logement-Individuel-800x600.png 800w, https:\/\/www.service-public.pf\/sde\/wp-content\/uploads\/sites\/15\/2023\/01\/SDE-REBPF-IlluTotales-Logement-Individuel-1024x768.png 1024w, https:\/\/www.service-public.pf\/sde\/wp-content\/uploads\/sites\/15\/2023\/01\/SDE-REBPF-IlluTotales-Logement-Individuel-1200x900.png 1200w, https:\/\/www.service-public.pf\/sde\/wp-content\/uploads\/sites\/15\/2023\/01\/SDE-REBPF-IlluTotales-Logement-Individuel.png 1453w\" sizes=\"(max-width: 1453px) 100vw, 1453px\" \/><\/picture><\/label><\/div><div class=\"fusion-form-image-select\"><input tabindex=\"\" id=\"image-select-logement_collectif4\" type=\"radio\" value=\"logement_collectif\" name=\"typologie_batiment_idv_sup[]\" class=\"fusion-form-input\" data-holds-private-data=\"false\"\/><label for=\"image-select-logement_collectif4\"><span>Logement collectif<\/span><picture class=\"fusion-form-image-wrapper\"><img decoding=\"async\" width=\"1453\" height=\"1090\" src=\"https:\/\/www.service-public.pf\/sde\/wp-content\/uploads\/sites\/15\/2023\/01\/SDE-REBPF-IlluTotales-Logement-Collectif.png\" class=\"attachment-full size-full\" alt=\"\" srcset=\"https:\/\/www.service-public.pf\/sde\/wp-content\/uploads\/sites\/15\/2023\/01\/SDE-REBPF-IlluTotales-Logement-Collectif-200x150.png 200w, https:\/\/www.service-public.pf\/sde\/wp-content\/uploads\/sites\/15\/2023\/01\/SDE-REBPF-IlluTotales-Logement-Collectif-300x225.png 300w, https:\/\/www.service-public.pf\/sde\/wp-content\/uploads\/sites\/15\/2023\/01\/SDE-REBPF-IlluTotales-Logement-Collectif-400x300.png 400w, https:\/\/www.service-public.pf\/sde\/wp-content\/uploads\/sites\/15\/2023\/01\/SDE-REBPF-IlluTotales-Logement-Collectif-600x450.png 600w, https:\/\/www.service-public.pf\/sde\/wp-content\/uploads\/sites\/15\/2023\/01\/SDE-REBPF-IlluTotales-Logement-Collectif-768x576.png 768w, https:\/\/www.service-public.pf\/sde\/wp-content\/uploads\/sites\/15\/2023\/01\/SDE-REBPF-IlluTotales-Logement-Collectif-800x600.png 800w, https:\/\/www.service-public.pf\/sde\/wp-content\/uploads\/sites\/15\/2023\/01\/SDE-REBPF-IlluTotales-Logement-Collectif-1024x768.png 1024w, https:\/\/www.service-public.pf\/sde\/wp-content\/uploads\/sites\/15\/2023\/01\/SDE-REBPF-IlluTotales-Logement-Collectif-1200x900.png 1200w, https:\/\/www.service-public.pf\/sde\/wp-content\/uploads\/sites\/15\/2023\/01\/SDE-REBPF-IlluTotales-Logement-Collectif.png 1453w\" sizes=\"(max-width: 1453px) 100vw, 1453px\" \/><\/picture><\/label><\/div><div class=\"fusion-form-image-select\"><input tabindex=\"\" id=\"image-select-batiment_de_bureaux5\" type=\"radio\" value=\"batiment_de_bureaux\" name=\"typologie_batiment_idv_sup[]\" class=\"fusion-form-input\" data-holds-private-data=\"false\"\/><label for=\"image-select-batiment_de_bureaux5\"><span>B\u00e2timent de bureaux<\/span><picture class=\"fusion-form-image-wrapper\"><img decoding=\"async\" width=\"1453\" height=\"1090\" src=\"https:\/\/www.service-public.pf\/sde\/wp-content\/uploads\/sites\/15\/2023\/01\/SDE-REBPF-IlluTotales-Bureau.png\" class=\"attachment-full size-full\" alt=\"\" srcset=\"https:\/\/www.service-public.pf\/sde\/wp-content\/uploads\/sites\/15\/2023\/01\/SDE-REBPF-IlluTotales-Bureau-200x150.png 200w, https:\/\/www.service-public.pf\/sde\/wp-content\/uploads\/sites\/15\/2023\/01\/SDE-REBPF-IlluTotales-Bureau-300x225.png 300w, https:\/\/www.service-public.pf\/sde\/wp-content\/uploads\/sites\/15\/2023\/01\/SDE-REBPF-IlluTotales-Bureau-400x300.png 400w, https:\/\/www.service-public.pf\/sde\/wp-content\/uploads\/sites\/15\/2023\/01\/SDE-REBPF-IlluTotales-Bureau-600x450.png 600w, https:\/\/www.service-public.pf\/sde\/wp-content\/uploads\/sites\/15\/2023\/01\/SDE-REBPF-IlluTotales-Bureau-768x576.png 768w, https:\/\/www.service-public.pf\/sde\/wp-content\/uploads\/sites\/15\/2023\/01\/SDE-REBPF-IlluTotales-Bureau-800x600.png 800w, https:\/\/www.service-public.pf\/sde\/wp-content\/uploads\/sites\/15\/2023\/01\/SDE-REBPF-IlluTotales-Bureau-1024x768.png 1024w, https:\/\/www.service-public.pf\/sde\/wp-content\/uploads\/sites\/15\/2023\/01\/SDE-REBPF-IlluTotales-Bureau-1200x900.png 1200w, https:\/\/www.service-public.pf\/sde\/wp-content\/uploads\/sites\/15\/2023\/01\/SDE-REBPF-IlluTotales-Bureau.png 1453w\" sizes=\"(max-width: 1453px) 100vw, 1453px\" \/><\/picture><\/label><\/div><div class=\"fusion-form-image-select\"><input tabindex=\"\" id=\"image-select-hotellerie6\" type=\"radio\" value=\"hotellerie\" name=\"typologie_batiment_idv_sup[]\" class=\"fusion-form-input\" data-holds-private-data=\"false\"\/><label for=\"image-select-hotellerie6\"><span>H\u00f4tellerie<\/span><picture class=\"fusion-form-image-wrapper\"><img decoding=\"async\" width=\"1453\" height=\"1090\" src=\"https:\/\/www.service-public.pf\/sde\/wp-content\/uploads\/sites\/15\/2023\/01\/SDE-REBPF-IlluTotales-Hotel-Pension.png\" class=\"attachment-full size-full\" alt=\"\" srcset=\"https:\/\/www.service-public.pf\/sde\/wp-content\/uploads\/sites\/15\/2023\/01\/SDE-REBPF-IlluTotales-Hotel-Pension-200x150.png 200w, https:\/\/www.service-public.pf\/sde\/wp-content\/uploads\/sites\/15\/2023\/01\/SDE-REBPF-IlluTotales-Hotel-Pension-300x225.png 300w, https:\/\/www.service-public.pf\/sde\/wp-content\/uploads\/sites\/15\/2023\/01\/SDE-REBPF-IlluTotales-Hotel-Pension-400x300.png 400w, https:\/\/www.service-public.pf\/sde\/wp-content\/uploads\/sites\/15\/2023\/01\/SDE-REBPF-IlluTotales-Hotel-Pension-600x450.png 600w, https:\/\/www.service-public.pf\/sde\/wp-content\/uploads\/sites\/15\/2023\/01\/SDE-REBPF-IlluTotales-Hotel-Pension-768x576.png 768w, https:\/\/www.service-public.pf\/sde\/wp-content\/uploads\/sites\/15\/2023\/01\/SDE-REBPF-IlluTotales-Hotel-Pension-800x600.png 800w, https:\/\/www.service-public.pf\/sde\/wp-content\/uploads\/sites\/15\/2023\/01\/SDE-REBPF-IlluTotales-Hotel-Pension-1024x768.png 1024w, https:\/\/www.service-public.pf\/sde\/wp-content\/uploads\/sites\/15\/2023\/01\/SDE-REBPF-IlluTotales-Hotel-Pension-1200x900.png 1200w, https:\/\/www.service-public.pf\/sde\/wp-content\/uploads\/sites\/15\/2023\/01\/SDE-REBPF-IlluTotales-Hotel-Pension.png 1453w\" sizes=\"(max-width: 1453px) 100vw, 1453px\" \/><\/picture><\/label><\/div><div class=\"fusion-form-image-select\"><input tabindex=\"\" id=\"image-select-etablissement_d_enseignement7\" type=\"radio\" value=\"etablissement_d_enseignement\" name=\"typologie_batiment_idv_sup[]\" class=\"fusion-form-input\" data-holds-private-data=\"false\"\/><label for=\"image-select-etablissement_d_enseignement7\"><span>\u00c9tablissement d&#039;enseignement<\/span><picture class=\"fusion-form-image-wrapper\"><img decoding=\"async\" width=\"1453\" height=\"1090\" src=\"https:\/\/www.service-public.pf\/sde\/wp-content\/uploads\/sites\/15\/2023\/01\/SDE-REBPF-IlluTotales-Enseignement.png\" class=\"attachment-full size-full\" alt=\"\" srcset=\"https:\/\/www.service-public.pf\/sde\/wp-content\/uploads\/sites\/15\/2023\/01\/SDE-REBPF-IlluTotales-Enseignement-200x150.png 200w, https:\/\/www.service-public.pf\/sde\/wp-content\/uploads\/sites\/15\/2023\/01\/SDE-REBPF-IlluTotales-Enseignement-300x225.png 300w, https:\/\/www.service-public.pf\/sde\/wp-content\/uploads\/sites\/15\/2023\/01\/SDE-REBPF-IlluTotales-Enseignement-400x300.png 400w, https:\/\/www.service-public.pf\/sde\/wp-content\/uploads\/sites\/15\/2023\/01\/SDE-REBPF-IlluTotales-Enseignement-600x450.png 600w, https:\/\/www.service-public.pf\/sde\/wp-content\/uploads\/sites\/15\/2023\/01\/SDE-REBPF-IlluTotales-Enseignement-768x576.png 768w, https:\/\/www.service-public.pf\/sde\/wp-content\/uploads\/sites\/15\/2023\/01\/SDE-REBPF-IlluTotales-Enseignement-800x600.png 800w, https:\/\/www.service-public.pf\/sde\/wp-content\/uploads\/sites\/15\/2023\/01\/SDE-REBPF-IlluTotales-Enseignement-1024x768.png 1024w, https:\/\/www.service-public.pf\/sde\/wp-content\/uploads\/sites\/15\/2023\/01\/SDE-REBPF-IlluTotales-Enseignement-1200x900.png 1200w, https:\/\/www.service-public.pf\/sde\/wp-content\/uploads\/sites\/15\/2023\/01\/SDE-REBPF-IlluTotales-Enseignement.png 1453w\" sizes=\"(max-width: 1453px) 100vw, 1453px\" \/><\/picture><\/label><\/div><div class=\"fusion-form-image-select\"><input tabindex=\"\" id=\"image-select-etablissement_de_soin8\" type=\"radio\" value=\"etablissement_de_soin\" name=\"typologie_batiment_idv_sup[]\" class=\"fusion-form-input\" data-holds-private-data=\"false\"\/><label for=\"image-select-etablissement_de_soin8\"><span>\u00c9tablissement de soin<\/span><picture class=\"fusion-form-image-wrapper\"><img decoding=\"async\" width=\"1453\" height=\"1090\" src=\"https:\/\/www.service-public.pf\/sde\/wp-content\/uploads\/sites\/15\/2023\/01\/SDE-REBPF-IlluTotales-Etablissement-Soin.png\" class=\"attachment-full size-full\" alt=\"\" srcset=\"https:\/\/www.service-public.pf\/sde\/wp-content\/uploads\/sites\/15\/2023\/01\/SDE-REBPF-IlluTotales-Etablissement-Soin-200x150.png 200w, https:\/\/www.service-public.pf\/sde\/wp-content\/uploads\/sites\/15\/2023\/01\/SDE-REBPF-IlluTotales-Etablissement-Soin-300x225.png 300w, https:\/\/www.service-public.pf\/sde\/wp-content\/uploads\/sites\/15\/2023\/01\/SDE-REBPF-IlluTotales-Etablissement-Soin-400x300.png 400w, https:\/\/www.service-public.pf\/sde\/wp-content\/uploads\/sites\/15\/2023\/01\/SDE-REBPF-IlluTotales-Etablissement-Soin-600x450.png 600w, https:\/\/www.service-public.pf\/sde\/wp-content\/uploads\/sites\/15\/2023\/01\/SDE-REBPF-IlluTotales-Etablissement-Soin-768x576.png 768w, https:\/\/www.service-public.pf\/sde\/wp-content\/uploads\/sites\/15\/2023\/01\/SDE-REBPF-IlluTotales-Etablissement-Soin-800x600.png 800w, https:\/\/www.service-public.pf\/sde\/wp-content\/uploads\/sites\/15\/2023\/01\/SDE-REBPF-IlluTotales-Etablissement-Soin-1024x768.png 1024w, https:\/\/www.service-public.pf\/sde\/wp-content\/uploads\/sites\/15\/2023\/01\/SDE-REBPF-IlluTotales-Etablissement-Soin-1200x900.png 1200w, https:\/\/www.service-public.pf\/sde\/wp-content\/uploads\/sites\/15\/2023\/01\/SDE-REBPF-IlluTotales-Etablissement-Soin.png 1453w\" sizes=\"(max-width: 1453px) 100vw, 1453px\" \/><\/picture><\/label><\/div><div class=\"fusion-form-image-select\"><input tabindex=\"\" id=\"image-select-restauration9\" type=\"radio\" value=\"restauration\" name=\"typologie_batiment_idv_sup[]\" class=\"fusion-form-input\" data-holds-private-data=\"false\"\/><label for=\"image-select-restauration9\"><span>Restauration<\/span><picture class=\"fusion-form-image-wrapper\"><img decoding=\"async\" width=\"1453\" height=\"1090\" src=\"https:\/\/www.service-public.pf\/sde\/wp-content\/uploads\/sites\/15\/2023\/01\/SDE-REBPF-IlluTotales-Restaurant.png\" class=\"attachment-full size-full\" alt=\"\" srcset=\"https:\/\/www.service-public.pf\/sde\/wp-content\/uploads\/sites\/15\/2023\/01\/SDE-REBPF-IlluTotales-Restaurant-200x150.png 200w, https:\/\/www.service-public.pf\/sde\/wp-content\/uploads\/sites\/15\/2023\/01\/SDE-REBPF-IlluTotales-Restaurant-300x225.png 300w, https:\/\/www.service-public.pf\/sde\/wp-content\/uploads\/sites\/15\/2023\/01\/SDE-REBPF-IlluTotales-Restaurant-400x300.png 400w, https:\/\/www.service-public.pf\/sde\/wp-content\/uploads\/sites\/15\/2023\/01\/SDE-REBPF-IlluTotales-Restaurant-600x450.png 600w, https:\/\/www.service-public.pf\/sde\/wp-content\/uploads\/sites\/15\/2023\/01\/SDE-REBPF-IlluTotales-Restaurant-768x576.png 768w, https:\/\/www.service-public.pf\/sde\/wp-content\/uploads\/sites\/15\/2023\/01\/SDE-REBPF-IlluTotales-Restaurant-800x600.png 800w, https:\/\/www.service-public.pf\/sde\/wp-content\/uploads\/sites\/15\/2023\/01\/SDE-REBPF-IlluTotales-Restaurant-1024x768.png 1024w, https:\/\/www.service-public.pf\/sde\/wp-content\/uploads\/sites\/15\/2023\/01\/SDE-REBPF-IlluTotales-Restaurant-1200x900.png 1200w, https:\/\/www.service-public.pf\/sde\/wp-content\/uploads\/sites\/15\/2023\/01\/SDE-REBPF-IlluTotales-Restaurant.png 1453w\" sizes=\"(max-width: 1453px) 100vw, 1453px\" \/><\/picture><\/label><\/div><div class=\"fusion-form-image-select\"><input tabindex=\"\" id=\"image-select-autre_batiment10\" type=\"radio\" value=\"autre_batiment\" name=\"typologie_batiment_idv_sup[]\" class=\"fusion-form-input\" data-holds-private-data=\"false\"\/><label for=\"image-select-autre_batiment10\"><span>Autre b\u00e2timent<\/span><picture class=\"fusion-form-image-wrapper\"><img decoding=\"async\" width=\"1453\" height=\"1090\" src=\"https:\/\/www.service-public.pf\/sde\/wp-content\/uploads\/sites\/15\/2023\/01\/SDE-REBPF-IlluTotales-Divers.png\" class=\"attachment-full size-full\" alt=\"\" srcset=\"https:\/\/www.service-public.pf\/sde\/wp-content\/uploads\/sites\/15\/2023\/01\/SDE-REBPF-IlluTotales-Divers-200x150.png 200w, https:\/\/www.service-public.pf\/sde\/wp-content\/uploads\/sites\/15\/2023\/01\/SDE-REBPF-IlluTotales-Divers-300x225.png 300w, https:\/\/www.service-public.pf\/sde\/wp-content\/uploads\/sites\/15\/2023\/01\/SDE-REBPF-IlluTotales-Divers-400x300.png 400w, https:\/\/www.service-public.pf\/sde\/wp-content\/uploads\/sites\/15\/2023\/01\/SDE-REBPF-IlluTotales-Divers-600x450.png 600w, https:\/\/www.service-public.pf\/sde\/wp-content\/uploads\/sites\/15\/2023\/01\/SDE-REBPF-IlluTotales-Divers-768x576.png 768w, https:\/\/www.service-public.pf\/sde\/wp-content\/uploads\/sites\/15\/2023\/01\/SDE-REBPF-IlluTotales-Divers-800x600.png 800w, https:\/\/www.service-public.pf\/sde\/wp-content\/uploads\/sites\/15\/2023\/01\/SDE-REBPF-IlluTotales-Divers-1024x768.png 1024w, https:\/\/www.service-public.pf\/sde\/wp-content\/uploads\/sites\/15\/2023\/01\/SDE-REBPF-IlluTotales-Divers-1200x900.png 1200w, https:\/\/www.service-public.pf\/sde\/wp-content\/uploads\/sites\/15\/2023\/01\/SDE-REBPF-IlluTotales-Divers.png 1453w\" sizes=\"(max-width: 1453px) 100vw, 1453px\" \/><\/picture><\/label><\/div><\/fieldset><\/div><\/div><\/div><div class=\"fusion-layout-column fusion_builder_column fusion-builder-column-8 fusion_builder_column_4_5 4_5 fusion-flex-column vct_idv_sup500_content\" style=\"--awb-bg-size:cover;--awb-width-large:80%;--awb-flex-grow:0;--awb-flex-shrink:0;--awb-margin-top-large:0px;--awb-spacing-right-large:2.4%;--awb-margin-bottom-large:20px;--awb-spacing-left-large:2.4%;--awb-width-medium:100%;--awb-order-medium:0;--awb-flex-grow-medium:0;--awb-flex-shrink-medium:0;--awb-spacing-right-medium:1.92%;--awb-spacing-left-medium:1.92%;--awb-width-small:100%;--awb-order-small:0;--awb-flex-grow-small:0;--awb-flex-shrink-small:0;--awb-spacing-right-small:1.92%;--awb-spacing-left-small:1.92%;\" id=\"vct_idv_sup500_autrebatiment_content\"><div class=\"fusion-column-wrapper fusion-column-has-shadow fusion-flex-justify-content-flex-start fusion-content-layout-column\"><div class=\"fusion-title title fusion-title-4 fusion-sep-none fusion-title-center fusion-title-text fusion-title-size-two hidden\" style=\"--awb-margin-top-small:0px;--awb-margin-right-small:0px;--awb-margin-bottom-small:20px;--awb-margin-left-small:0px;\"><h2 class=\"fusion-title-heading title-heading-center\" style=\"margin:0;\">Protection solaire de la toiture + D\u00e9pliant Autre + Formulaire 1-IDV<\/h2><\/div><div class=\"fusion-text fusion-text-2 vct_description_typologie\"><p>Il s\u2019agit de tout b\u00e2timent ou toute partie de b\u00e2timent, qui est concern\u00e9 par la r\u00e9glementation mais<br \/>\nqui n\u2019est pas associ\u00e9 \u00e0 une typologie particuli\u00e8re.<\/p>\n<p>Pour rappel, les b\u00e2timents ou parties de b\u00e2timents non concern\u00e9s par la r\u00e9glementation sont :<\/p>\n<ul>\n<li>Les constructions neuves totalement ouvertes ;<\/li>\n<li>Les constructions neuves et partiellement ou totalement close mais inoccup\u00e9es et non<br \/>\nclimatis\u00e9es ;<\/li>\n<li>Les habitations de style traditionnel polyn\u00e9sien telles que d\u00e9finies \u00e0 l\u2019article D.370-1 et<br \/>\nsuivants du code de l\u2019am\u00e9nagement de Polyn\u00e9sie fran\u00e7aise ;<\/li>\n<li>Les \u00e9tablissements recevant du public (ERP) suivants\u00a0: b\u00e2timents de culte\u00a0; \u00e9tablissements de<br \/>\nplein air\u00a0; chapiteaux, tentes, structures\u00a0; structures gonflables\u00a0; stationnements couverts\u00a0;<br \/>\ngares\u00a0; \u00e9tablissements flottants.<\/li>\n<\/ul>\n<\/div><div class=\"fusion-builder-row fusion-builder-row-inner fusion-row fusion-flex-align-items-flex-start fusion-flex-justify-content-center fusion-flex-content-wrap\" style=\"--awb-flex-grow:0;--awb-flex-grow-medium:0;--awb-flex-grow-small:0;--awb-flex-shrink:0;--awb-flex-shrink-medium:0;--awb-flex-shrink-small:0;width:104% !important;max-width:104% !important;margin-left: calc(-4% \/ 2 );margin-right: calc(-4% \/ 2 );\"><div class=\"fusion-layout-column fusion_builder_column_inner fusion-builder-nested-column-8 fusion_builder_column_inner_1_1 1_1 fusion-flex-column\" style=\"--awb-bg-size:cover;--awb-width-large:100%;--awb-margin-top-large:0px;--awb-spacing-right-large:1.92%;--awb-margin-bottom-large:20px;--awb-spacing-left-large:1.92%;--awb-width-medium:100%;--awb-order-medium:0;--awb-spacing-right-medium:1.92%;--awb-spacing-left-medium:1.92%;--awb-width-small:100%;--awb-order-small:0;--awb-spacing-right-small:1.92%;--awb-spacing-left-small:1.92%;\"><div class=\"fusion-column-wrapper fusion-column-has-shadow fusion-flex-justify-content-flex-start fusion-content-layout-column\"><div class=\"fusion-separator fusion-full-width-sep\" style=\"align-self: center;margin-left: auto;margin-right: auto;width:100%;\"><div class=\"fusion-separator-border sep-shadow\" style=\"--awb-height:20px;--awb-amount:20px;background:radial-gradient(ellipse at 50% -50% , #e0dede 0px, rgba(255, 255, 255, 0) 80%) repeat scroll 0 0 rgba(0, 0, 0, 0);background:-webkit-radial-gradient(ellipse at 50% -50% , #e0dede 0px, rgba(255, 255, 255, 0) 80%) repeat scroll 0 0 rgba(0, 0, 0, 0);background:-moz-radial-gradient(ellipse at 50% -50% , #e0dede 0px, rgba(255, 255, 255, 0) 80%) repeat scroll 0 0 rgba(0, 0, 0, 0);background:-o-radial-gradient(ellipse at 50% -50% , #e0dede 0px, rgba(255, 255, 255, 0) 80%) repeat scroll 0 0 rgba(0, 0, 0, 0);\"><\/div><\/div><\/div><\/div><div class=\"fusion-layout-column fusion_builder_column_inner fusion-builder-nested-column-9 fusion_builder_column_inner_1_3 1_3 fusion-flex-column\" style=\"--awb-bg-size:cover;--awb-width-large:33.333333333333%;--awb-margin-top-large:0px;--awb-spacing-right-large:2vw;--awb-margin-bottom-large:20px;--awb-spacing-left-large:5.76%;--awb-width-medium:100%;--awb-order-medium:0;--awb-spacing-right-medium:1.92%;--awb-spacing-left-medium:1.92%;--awb-width-small:100%;--awb-order-small:0;--awb-spacing-right-small:1.92%;--awb-spacing-left-small:1.92%;\"><div class=\"fusion-column-wrapper fusion-column-has-shadow fusion-flex-justify-content-flex-start fusion-content-layout-column\"><div class=\"fusion-image-element \" style=\"text-align:right;--awb-max-width:450px;--awb-caption-title-font-family:var(--h2_typography-font-family);--awb-caption-title-font-weight:var(--h2_typography-font-weight);--awb-caption-title-font-style:var(--h2_typography-font-style);--awb-caption-title-size:var(--h2_typography-font-size);--awb-caption-title-transform:var(--h2_typography-text-transform);--awb-caption-title-line-height:var(--h2_typography-line-height);--awb-caption-title-letter-spacing:var(--h2_typography-letter-spacing);\"><span class=\" fusion-imageframe imageframe-none imageframe-1 hover-type-none\"><img decoding=\"async\" width=\"300\" height=\"225\" title=\"SDE REBPF IlluTotales Divers\" src=\"https:\/\/www.service-public.pf\/sde\/wp-content\/uploads\/sites\/15\/2023\/01\/SDE-REBPF-IlluTotales-Divers-300x225.png\" alt class=\"img-responsive wp-image-3435\" srcset=\"https:\/\/www.service-public.pf\/sde\/wp-content\/uploads\/sites\/15\/2023\/01\/SDE-REBPF-IlluTotales-Divers-200x150.png 200w, https:\/\/www.service-public.pf\/sde\/wp-content\/uploads\/sites\/15\/2023\/01\/SDE-REBPF-IlluTotales-Divers-400x300.png 400w, https:\/\/www.service-public.pf\/sde\/wp-content\/uploads\/sites\/15\/2023\/01\/SDE-REBPF-IlluTotales-Divers-600x450.png 600w, https:\/\/www.service-public.pf\/sde\/wp-content\/uploads\/sites\/15\/2023\/01\/SDE-REBPF-IlluTotales-Divers-800x600.png 800w, https:\/\/www.service-public.pf\/sde\/wp-content\/uploads\/sites\/15\/2023\/01\/SDE-REBPF-IlluTotales-Divers-1200x900.png 1200w, https:\/\/www.service-public.pf\/sde\/wp-content\/uploads\/sites\/15\/2023\/01\/SDE-REBPF-IlluTotales-Divers.png 1453w\" sizes=\"(max-width: 1024px) 100vw, (max-width: 640px) 100vw, 800px\" \/><\/span><\/div><\/div><\/div><div class=\"fusion-layout-column fusion_builder_column_inner fusion-builder-nested-column-10 fusion_builder_column_inner_2_3 2_3 fusion-flex-column\" style=\"--awb-bg-size:cover;--awb-width-large:66.666666666667%;--awb-margin-top-large:0px;--awb-spacing-right-large:2.88%;--awb-margin-bottom-large:20px;--awb-spacing-left-large:2.88%;--awb-width-medium:100%;--awb-order-medium:0;--awb-spacing-right-medium:1.92%;--awb-spacing-left-medium:1.92%;--awb-width-small:100%;--awb-order-small:0;--awb-spacing-right-small:1.92%;--awb-spacing-left-small:1.92%;\"><div class=\"fusion-column-wrapper fusion-column-has-shadow fusion-flex-justify-content-center fusion-content-layout-column\"><div class=\"fusion-text fusion-text-3\" style=\"--awb-content-alignment:center;--awb-font-size:24pt;\"><p>Localisation\u00a0du projet : <strong>Iles du Vent, \u00e0 une altitude sup\u00e9rieure ou \u00e9gale \u00e0 500 m\u00e8tres<\/strong><\/p>\n<p>Typologie de la construction\u00a0: <strong>Pas de typologie particuli\u00e8re au sens de la REBPf<\/strong><\/p>\n<\/div><\/div><\/div><div class=\"fusion-layout-column fusion_builder_column_inner fusion-builder-nested-column-11 fusion_builder_column_inner_1_1 1_1 fusion-flex-column\" style=\"--awb-bg-size:cover;--awb-width-large:100%;--awb-margin-top-large:0px;--awb-spacing-right-large:1.92%;--awb-margin-bottom-large:20px;--awb-spacing-left-large:1.92%;--awb-width-medium:100%;--awb-order-medium:0;--awb-spacing-right-medium:1.92%;--awb-spacing-left-medium:1.92%;--awb-width-small:100%;--awb-order-small:0;--awb-spacing-right-small:1.92%;--awb-spacing-left-small:1.92%;\"><div class=\"fusion-column-wrapper fusion-column-has-shadow fusion-flex-justify-content-flex-start fusion-content-layout-column\"><div class=\"fusion-separator fusion-full-width-sep\" style=\"align-self: center;margin-left: auto;margin-right: auto;margin-bottom:20px;width:100%;\"><div class=\"fusion-separator-border sep-shadow\" style=\"--awb-height:20px;--awb-amount:20px;background:radial-gradient(ellipse at 50% -50% , #e0dede 0px, rgba(255, 255, 255, 0) 80%) repeat scroll 0 0 rgba(0, 0, 0, 0);background:-webkit-radial-gradient(ellipse at 50% -50% , #e0dede 0px, rgba(255, 255, 255, 0) 80%) repeat scroll 0 0 rgba(0, 0, 0, 0);background:-moz-radial-gradient(ellipse at 50% -50% , #e0dede 0px, rgba(255, 255, 255, 0) 80%) repeat scroll 0 0 rgba(0, 0, 0, 0);background:-o-radial-gradient(ellipse at 50% -50% , #e0dede 0px, rgba(255, 255, 255, 0) 80%) repeat scroll 0 0 rgba(0, 0, 0, 0);\"><\/div><\/div><\/div><\/div><div class=\"fusion-layout-column fusion_builder_column_inner fusion-builder-nested-column-12 fusion_builder_column_inner_1_1 1_1 fusion-flex-column\" style=\"--awb-bg-color:#ffffff;--awb-bg-color-hover:#ffffff;--awb-bg-size:cover;--awb-width-large:100%;--awb-margin-top-large:0px;--awb-spacing-right-large:1.92%;--awb-margin-bottom-large:20px;--awb-spacing-left-large:1.92%;--awb-width-medium:100%;--awb-order-medium:0;--awb-spacing-right-medium:1.92%;--awb-spacing-left-medium:1.92%;--awb-width-small:100%;--awb-order-small:0;--awb-spacing-right-small:1.92%;--awb-spacing-left-small:1.92%;\"><div class=\"fusion-column-wrapper fusion-column-has-shadow fusion-flex-justify-content-flex-start fusion-content-layout-column\"><div class=\"fusion-text fusion-text-4\" style=\"--awb-text-color:#000000;\"><p><strong>Th\u00e9matiques applicables :<\/strong><\/p>\n<\/div><div class=\"accordian fusion-accordian\" style=\"--awb-border-size:1px;--awb-icon-size:13px;--awb-content-font-size:13px;--awb-icon-alignment:left;--awb-hover-color:#f9f9f9;--awb-border-color:#cccccc;--awb-background-color:#ffffff;--awb-divider-color:#e0dede;--awb-divider-hover-color:#e0dede;--awb-icon-color:#ffffff;--awb-title-color:#333333;--awb-content-color:#747474;--awb-icon-box-color:#333333;--awb-toggle-hover-accent-color:#26a147;--awb-title-font-family:&quot;PT Sans&quot;;--awb-title-font-weight:400;--awb-title-font-style:normal;--awb-title-font-size:13px;--awb-content-font-family:&quot;PT Sans&quot;;--awb-content-font-style:normal;--awb-content-font-weight:400;\"><div class=\"panel-group fusion-toggle-icon-boxed\" id=\"accordion-3355-1\"><div class=\"fusion-panel panel-default panel-4667a4a42854b7bf8 fusion-toggle-has-divider\" style=\"--awb-title-color:#333333;--awb-content-color:#747474;\"><div class=\"panel-heading\"><h4 class=\"panel-title toggle\" id=\"toggle_4667a4a42854b7bf8\"><a aria-expanded=\"false\" aria-controls=\"4667a4a42854b7bf8\" role=\"button\" data-toggle=\"collapse\" data-parent=\"#accordion-3355-1\" data-target=\"#4667a4a42854b7bf8\" href=\"#4667a4a42854b7bf8\"><span class=\"fusion-toggle-icon-wrapper\" aria-hidden=\"true\"><i class=\"fa-fusion-box active-icon awb-icon-minus\" aria-hidden=\"true\"><\/i><i class=\"fa-fusion-box inactive-icon awb-icon-plus\" aria-hidden=\"true\"><\/i><\/span><span class=\"fusion-toggle-heading\">Protection solaire de la toiture<\/span><\/a><\/h4><\/div><div id=\"4667a4a42854b7bf8\" class=\"panel-collapse collapse \" aria-labelledby=\"toggle_4667a4a42854b7bf8\"><div class=\"panel-body toggle-content fusion-clearfix\">\n<table style=\"width: 100%;height: 187px\">\n<tbody>\n<tr style=\"height: 187px\">\n<td style=\"height: 187px\"><span style=\"color: #000000\"><strong><span style=\"text-decoration: underline\">Locaux concern\u00e9s<\/span> :<\/strong><\/span><\/p>\n<ul>\n<li>Locaux clos, et climatis\u00e9s ou occup\u00e9s<\/li>\n<li>Locaux clos non-occup\u00e9s donnant <u>directement<\/u> sur les locaux clos et climatis\u00e9s ou occup\u00e9s, \u00e0 l\u2019exception des locaux techniques, des stationnements et des espaces de stockage non climatis\u00e9s<\/li>\n<\/ul>\n<\/td>\n<td style=\"height: 187px\"><img decoding=\"async\" class=\"alignright wp-image-3430\" src=\"https:\/\/www.service-public.pf\/sde\/wp-content\/uploads\/sites\/15\/2023\/01\/SDE-REBPF-IlluTotales-Divers-ProToiture.png\" alt=\"\" width=\"300\" height=\"225\" \/><\/td>\n<\/tr>\n<\/tbody>\n<\/table>\n<p style=\"color: #000000\"><strong><span style=\"text-decoration: underline\">Seuils \u00e0 respecter<\/span> :<\/strong><\/p>\n<table class=\"table table-bordered\">\n<tbody>\n<tr>\n<td style=\"width: 25%\"><strong>Mesure<\/strong><\/td>\n<td style=\"width: 7.0755%\"><strong>Seuil<\/strong><\/td>\n<td style=\"width: 55.6175%\"><strong>Exemples de solutions<\/strong><\/td>\n<\/tr>\n<tr>\n<td style=\"width: 25%\">Facteur solaire maximal de la toiture<\/td>\n<td style=\"width: 7.0755%\">2,5%<\/td>\n<td style=\"width: 55.6175%\">\n<ul>\n<li>Toiture (avec combles) en t\u00f4le de teinte claire avec 3 cm de laine min\u00e9rale minimum<\/li>\n<li>Toiture (avec combles) en t\u00f4le de teinte moyenne avec 5 cm de laine min\u00e9rale minimum<\/li>\n<li>Toiture (avec combles) en t\u00f4le de teinte sombre avec 7,5 cm de laine min\u00e9rale minimum<\/li>\n<li>Toiture terrasse en b\u00e9ton de teinte moyenne avec 6 cm de polystyr\u00e8ne expans\u00e9 minimum<\/li>\n<li>Toiture terrasse en b\u00e9ton avec sur-toiture largement ventil\u00e9e<\/li>\n<\/ul>\n<\/td>\n<\/tr>\n<\/tbody>\n<\/table>\n<p><span style=\"color: #000000\"><strong>Pour plus d\u2019informations sur l\u2019application de la th\u00e9matique, consultez la fiche en question\u00a0:<\/strong><\/span><\/p>\n<ul>\n<li><a href=\"https:\/\/www.service-public.pf\/sde\/wp-content\/uploads\/sites\/15\/2023\/09\/Fiche-02-Protection-solaire-des-parois-opaques-horizontales-Toitures.pdf\">Fiche d\u2019application \u00ab\u00a0Protection solaire de la toiture\u00a0\u00bb<\/a><\/li>\n<\/ul>\n<p>Nota bene : les informations diffus\u00e9es dans le d\u00e9pliant mis \u00e0 disposition ci-dessous sont normalement suffisantes pour s'assurer de la conformit\u00e9 de son projet sans rentrer dans les d\u00e9tails de la th\u00e9matique<\/p>\n<\/div><\/div><\/div><\/div><\/div><div class=\"fusion-text fusion-text-5\" style=\"--awb-margin-top:10px;\"><p><span style=\"color: #000000\"><strong>Informations relatives aux demandes de permis de construire et au certificat de conformit\u00e9<\/strong><\/span><\/p>\n<p>Le p\u00e9titionnaire remplit les nouveaux formulaires de demande de permis de construire et de certificat de conformit\u00e9 de la DCA qui int\u00e8grent la d\u00e9claration du respect de la r\u00e9glementation.<\/p>\n<p><span style=\"color: #000000\"><strong>Informations sur les dispositions applicables \u00e0 la typologie :<br \/>\n<\/strong><\/span><\/p>\n<ul>\n<li><a href=\"https:\/\/www.service-public.pf\/sde\/wp-content\/uploads\/sites\/15\/2023\/03\/REPBF_Depliants_Autres_Pages.pdf\">D\u00e9pliant \u00ab\u00a0Tous les b\u00e2timents\u00a0\u00bb<\/a><\/li>\n<\/ul>\n<\/div><\/div><\/div><\/div><\/div><\/div><div class=\"fusion-layout-column fusion_builder_column fusion-builder-column-9 fusion_builder_column_4_5 4_5 fusion-flex-column vct_idv_sup500_content\" style=\"--awb-bg-size:cover;--awb-width-large:80%;--awb-flex-grow:0;--awb-flex-shrink:0;--awb-margin-top-large:0px;--awb-spacing-right-large:2.4%;--awb-margin-bottom-large:20px;--awb-spacing-left-large:2.4%;--awb-width-medium:100%;--awb-order-medium:0;--awb-flex-grow-medium:0;--awb-flex-shrink-medium:0;--awb-spacing-right-medium:1.92%;--awb-spacing-left-medium:1.92%;--awb-width-small:100%;--awb-order-small:0;--awb-flex-grow-small:0;--awb-flex-shrink-small:0;--awb-spacing-right-small:1.92%;--awb-spacing-left-small:1.92%;\" id=\"vct_idv_sup500_logementindividuel_content\"><div class=\"fusion-column-wrapper fusion-column-has-shadow fusion-flex-justify-content-flex-start fusion-content-layout-column\"><div class=\"fusion-title title fusion-title-5 fusion-sep-none fusion-title-center fusion-title-text fusion-title-size-two hidden\" style=\"--awb-margin-top-small:0px;--awb-margin-right-small:0px;--awb-margin-bottom-small:20px;--awb-margin-left-small:0px;\"><h2 class=\"fusion-title-heading title-heading-center\" style=\"margin:0;\">Protection solaire de la toiture \/ Baie horizontale interdite \/ Eau chaude solaire + D\u00e9pliant logement individuel + Fiche d'information logement individuel + Formulaire 1-IDV<\/h2><\/div><div class=\"fusion-text fusion-text-6 vct_description_typologie\"><p>Un logement individuel correspond \u00e0 la notion de maison individuelle telle que d\u00e9finie par le code de<br \/>\nl\u2019am\u00e9nagement, \u00e0 savoir un b\u00e2timent \u00e0 usage d\u2019habitation comprenant au plus deux logements<br \/>\nsuperpos\u00e9s ou accol\u00e9s.<\/p>\n<p>On assimile \u00e9galement au logement individuel les structures d\u2019h\u00e9bergement de tourisme et<br \/>\nchambres chez l\u2019habitant dont le nombre d\u2019unit\u00e9s d\u2019h\u00e9bergement est inf\u00e9rieur ou \u00e9gal \u00e0 cinq ou dont<br \/>\nl\u2019effectif est inf\u00e9rieur \u00e0 vingt personnes (ERP du 2\u00e8me groupe - cat\u00e9gorie 5)<\/p>\n<\/div><div class=\"fusion-builder-row fusion-builder-row-inner fusion-row fusion-flex-align-items-flex-start fusion-flex-justify-content-center fusion-flex-content-wrap\" style=\"--awb-flex-grow:0;--awb-flex-grow-medium:0;--awb-flex-grow-small:0;--awb-flex-shrink:0;--awb-flex-shrink-medium:0;--awb-flex-shrink-small:0;width:104% !important;max-width:104% !important;margin-left: calc(-4% \/ 2 );margin-right: calc(-4% \/ 2 );\"><div class=\"fusion-layout-column fusion_builder_column_inner fusion-builder-nested-column-13 fusion_builder_column_inner_1_1 1_1 fusion-flex-column\" style=\"--awb-bg-size:cover;--awb-width-large:100%;--awb-margin-top-large:0px;--awb-spacing-right-large:1.92%;--awb-margin-bottom-large:20px;--awb-spacing-left-large:1.92%;--awb-width-medium:100%;--awb-order-medium:0;--awb-spacing-right-medium:1.92%;--awb-spacing-left-medium:1.92%;--awb-width-small:100%;--awb-order-small:0;--awb-spacing-right-small:1.92%;--awb-spacing-left-small:1.92%;\"><div class=\"fusion-column-wrapper fusion-column-has-shadow fusion-flex-justify-content-flex-start fusion-content-layout-column\"><div class=\"fusion-separator fusion-full-width-sep\" style=\"align-self: center;margin-left: auto;margin-right: auto;width:100%;\"><div class=\"fusion-separator-border sep-shadow\" style=\"--awb-height:20px;--awb-amount:20px;background:radial-gradient(ellipse at 50% -50% , #e0dede 0px, rgba(255, 255, 255, 0) 80%) repeat scroll 0 0 rgba(0, 0, 0, 0);background:-webkit-radial-gradient(ellipse at 50% -50% , #e0dede 0px, rgba(255, 255, 255, 0) 80%) repeat scroll 0 0 rgba(0, 0, 0, 0);background:-moz-radial-gradient(ellipse at 50% -50% , #e0dede 0px, rgba(255, 255, 255, 0) 80%) repeat scroll 0 0 rgba(0, 0, 0, 0);background:-o-radial-gradient(ellipse at 50% -50% , #e0dede 0px, rgba(255, 255, 255, 0) 80%) repeat scroll 0 0 rgba(0, 0, 0, 0);\"><\/div><\/div><\/div><\/div><div class=\"fusion-layout-column fusion_builder_column_inner fusion-builder-nested-column-14 fusion_builder_column_inner_1_3 1_3 fusion-flex-column\" style=\"--awb-bg-size:cover;--awb-width-large:33.333333333333%;--awb-margin-top-large:0px;--awb-spacing-right-large:2vw;--awb-margin-bottom-large:20px;--awb-spacing-left-large:5.76%;--awb-width-medium:100%;--awb-order-medium:0;--awb-spacing-right-medium:1.92%;--awb-spacing-left-medium:1.92%;--awb-width-small:100%;--awb-order-small:0;--awb-spacing-right-small:1.92%;--awb-spacing-left-small:1.92%;\"><div class=\"fusion-column-wrapper fusion-column-has-shadow fusion-flex-justify-content-flex-start fusion-content-layout-column\"><div class=\"fusion-image-element \" style=\"text-align:right;--awb-max-width:450px;--awb-caption-title-font-family:var(--h2_typography-font-family);--awb-caption-title-font-weight:var(--h2_typography-font-weight);--awb-caption-title-font-style:var(--h2_typography-font-style);--awb-caption-title-size:var(--h2_typography-font-size);--awb-caption-title-transform:var(--h2_typography-text-transform);--awb-caption-title-line-height:var(--h2_typography-line-height);--awb-caption-title-letter-spacing:var(--h2_typography-letter-spacing);\"><span class=\" fusion-imageframe imageframe-none imageframe-2 hover-type-none\"><img decoding=\"async\" width=\"300\" height=\"225\" title=\"SDE REBPF IlluTotales Logement Individuel\" src=\"https:\/\/www.service-public.pf\/sde\/wp-content\/uploads\/sites\/15\/2023\/01\/SDE-REBPF-IlluTotales-Logement-Individuel-300x225.png\" alt class=\"img-responsive wp-image-3460\" srcset=\"https:\/\/www.service-public.pf\/sde\/wp-content\/uploads\/sites\/15\/2023\/01\/SDE-REBPF-IlluTotales-Logement-Individuel-200x150.png 200w, https:\/\/www.service-public.pf\/sde\/wp-content\/uploads\/sites\/15\/2023\/01\/SDE-REBPF-IlluTotales-Logement-Individuel-400x300.png 400w, https:\/\/www.service-public.pf\/sde\/wp-content\/uploads\/sites\/15\/2023\/01\/SDE-REBPF-IlluTotales-Logement-Individuel-600x450.png 600w, https:\/\/www.service-public.pf\/sde\/wp-content\/uploads\/sites\/15\/2023\/01\/SDE-REBPF-IlluTotales-Logement-Individuel-800x600.png 800w, https:\/\/www.service-public.pf\/sde\/wp-content\/uploads\/sites\/15\/2023\/01\/SDE-REBPF-IlluTotales-Logement-Individuel-1200x900.png 1200w, https:\/\/www.service-public.pf\/sde\/wp-content\/uploads\/sites\/15\/2023\/01\/SDE-REBPF-IlluTotales-Logement-Individuel.png 1453w\" sizes=\"(max-width: 1024px) 100vw, (max-width: 640px) 100vw, 800px\" \/><\/span><\/div><\/div><\/div><div class=\"fusion-layout-column fusion_builder_column_inner fusion-builder-nested-column-15 fusion_builder_column_inner_2_3 2_3 fusion-flex-column\" style=\"--awb-bg-size:cover;--awb-width-large:66.666666666667%;--awb-margin-top-large:0px;--awb-spacing-right-large:2.88%;--awb-margin-bottom-large:20px;--awb-spacing-left-large:2.88%;--awb-width-medium:100%;--awb-order-medium:0;--awb-spacing-right-medium:1.92%;--awb-spacing-left-medium:1.92%;--awb-width-small:100%;--awb-order-small:0;--awb-spacing-right-small:1.92%;--awb-spacing-left-small:1.92%;\"><div class=\"fusion-column-wrapper fusion-column-has-shadow fusion-flex-justify-content-center fusion-content-layout-column\"><div class=\"fusion-text fusion-text-7\" style=\"--awb-content-alignment:center;--awb-font-size:24pt;\"><p>Localisation\u00a0du projet : <strong>Iles du Vent, \u00e0 une altitude sup\u00e9rieure ou \u00e9gale \u00e0 500 m\u00e8tres<\/strong><\/p>\n<p>Typologie de la construction\u00a0: <strong>Logement individuel<\/strong><\/p>\n<\/div><\/div><\/div><div class=\"fusion-layout-column fusion_builder_column_inner fusion-builder-nested-column-16 fusion_builder_column_inner_1_1 1_1 fusion-flex-column\" style=\"--awb-bg-size:cover;--awb-width-large:100%;--awb-margin-top-large:0px;--awb-spacing-right-large:1.92%;--awb-margin-bottom-large:20px;--awb-spacing-left-large:1.92%;--awb-width-medium:100%;--awb-order-medium:0;--awb-spacing-right-medium:1.92%;--awb-spacing-left-medium:1.92%;--awb-width-small:100%;--awb-order-small:0;--awb-spacing-right-small:1.92%;--awb-spacing-left-small:1.92%;\"><div class=\"fusion-column-wrapper fusion-column-has-shadow fusion-flex-justify-content-flex-start fusion-content-layout-column\"><div class=\"fusion-separator fusion-full-width-sep\" style=\"align-self: center;margin-left: auto;margin-right: auto;margin-bottom:20px;width:100%;\"><div class=\"fusion-separator-border sep-shadow\" style=\"--awb-height:20px;--awb-amount:20px;background:radial-gradient(ellipse at 50% -50% , #e0dede 0px, rgba(255, 255, 255, 0) 80%) repeat scroll 0 0 rgba(0, 0, 0, 0);background:-webkit-radial-gradient(ellipse at 50% -50% , #e0dede 0px, rgba(255, 255, 255, 0) 80%) repeat scroll 0 0 rgba(0, 0, 0, 0);background:-moz-radial-gradient(ellipse at 50% -50% , #e0dede 0px, rgba(255, 255, 255, 0) 80%) repeat scroll 0 0 rgba(0, 0, 0, 0);background:-o-radial-gradient(ellipse at 50% -50% , #e0dede 0px, rgba(255, 255, 255, 0) 80%) repeat scroll 0 0 rgba(0, 0, 0, 0);\"><\/div><\/div><\/div><\/div><div class=\"fusion-layout-column fusion_builder_column_inner fusion-builder-nested-column-17 fusion_builder_column_inner_1_1 1_1 fusion-flex-column\" style=\"--awb-bg-color:#ffffff;--awb-bg-color-hover:#ffffff;--awb-bg-size:cover;--awb-width-large:100%;--awb-margin-top-large:0px;--awb-spacing-right-large:1.92%;--awb-margin-bottom-large:20px;--awb-spacing-left-large:1.92%;--awb-width-medium:100%;--awb-order-medium:0;--awb-spacing-right-medium:1.92%;--awb-spacing-left-medium:1.92%;--awb-width-small:100%;--awb-order-small:0;--awb-spacing-right-small:1.92%;--awb-spacing-left-small:1.92%;\"><div class=\"fusion-column-wrapper fusion-column-has-shadow fusion-flex-justify-content-flex-start fusion-content-layout-column\"><div class=\"fusion-text fusion-text-8\" style=\"--awb-text-color:#000000;\"><p><strong>Th\u00e9matiques applicables :<\/strong><\/p>\n<\/div><div class=\"accordian fusion-accordian\" style=\"--awb-border-size:1px;--awb-icon-size:13px;--awb-content-font-size:13px;--awb-icon-alignment:left;--awb-hover-color:#f9f9f9;--awb-border-color:#cccccc;--awb-background-color:#ffffff;--awb-divider-color:#e0dede;--awb-divider-hover-color:#e0dede;--awb-icon-color:#ffffff;--awb-title-color:#333333;--awb-content-color:#747474;--awb-icon-box-color:#333333;--awb-toggle-hover-accent-color:#26a147;--awb-title-font-family:&quot;PT Sans&quot;;--awb-title-font-weight:400;--awb-title-font-style:normal;--awb-title-font-size:13px;--awb-content-font-family:&quot;PT Sans&quot;;--awb-content-font-style:normal;--awb-content-font-weight:400;\"><div class=\"panel-group fusion-toggle-icon-boxed\" id=\"accordion-3355-2\"><div class=\"fusion-panel panel-default panel-25b621c5531562c2b fusion-toggle-has-divider\" style=\"--awb-title-color:#333333;--awb-content-color:#747474;\"><div class=\"panel-heading\"><h4 class=\"panel-title toggle\" id=\"toggle_25b621c5531562c2b\"><a aria-expanded=\"false\" aria-controls=\"25b621c5531562c2b\" role=\"button\" data-toggle=\"collapse\" data-parent=\"#accordion-3355-2\" data-target=\"#25b621c5531562c2b\" href=\"#25b621c5531562c2b\"><span class=\"fusion-toggle-icon-wrapper\" aria-hidden=\"true\"><i class=\"fa-fusion-box active-icon awb-icon-minus\" aria-hidden=\"true\"><\/i><i class=\"fa-fusion-box inactive-icon awb-icon-plus\" aria-hidden=\"true\"><\/i><\/span><span class=\"fusion-toggle-heading\">Protection solaire de la toiture<\/span><\/a><\/h4><\/div><div id=\"25b621c5531562c2b\" class=\"panel-collapse collapse \" aria-labelledby=\"toggle_25b621c5531562c2b\"><div class=\"panel-body toggle-content fusion-clearfix\">\n<table style=\"width: 100%;height: 187px\">\n<tbody>\n<tr style=\"height: 187px\">\n<td style=\"height: 187px\"><span style=\"color: #000000\"><strong><span style=\"text-decoration: underline\">Locaux concern\u00e9s<\/span> :<\/strong><\/span><\/p>\n<ul>\n<li>Locaux clos et climatis\u00e9s ou occup\u00e9s (exemples\u00a0: chambre, s\u00e9jour, bureau, \u2026)<\/li>\n<li>Locaux clos non-occup\u00e9s donnant <u>directement<\/u> sur les locaux ci-dessus, hors locaux techniques, stationnements et espaces de stockage non climatis\u00e9s (exemples : sanitaires, salle de bain, buanderie, \u2026)<\/li>\n<\/ul>\n<\/td>\n<td style=\"height: 187px\"><img decoding=\"async\" class=\"alignright wp-image-3430\" src=\"https:\/\/www.service-public.pf\/sde\/wp-content\/uploads\/sites\/15\/2023\/01\/SDE-REBPF-IlluTotales-Logement-Individuel-ProToiture.png\" alt=\"\" width=\"300\" height=\"225\" \/><\/td>\n<\/tr>\n<\/tbody>\n<\/table>\n<p style=\"color: #000000\"><strong><span style=\"text-decoration: underline\">Seuils \u00e0 respecter<\/span> :<\/strong><\/p>\n<table class=\"table table-bordered\">\n<tbody>\n<tr>\n<td style=\"width: 25%\"><strong>Mesure<\/strong><\/td>\n<td style=\"width: 7.0755%\"><strong>Seuil<\/strong><\/td>\n<td style=\"width: 55.6175%\"><strong>Exemples de solutions<\/strong><\/td>\n<\/tr>\n<tr>\n<td style=\"width: 25%\">Facteur solaire maximal de la toiture<\/td>\n<td style=\"width: 7.0755%\">2,5%<\/td>\n<td style=\"width: 55.6175%\">\n<ul>\n<li>Toiture (avec combles) en t\u00f4le de teinte claire avec 3 cm de laine min\u00e9rale minimum<\/li>\n<li>Toiture (avec combles) en t\u00f4le de teinte moyenne avec 5 cm de laine min\u00e9rale minimum<\/li>\n<li>Toiture (avec combles) en t\u00f4le de teinte sombre avec 7,5 cm de laine min\u00e9rale minimum<\/li>\n<li>Toiture terrasse en b\u00e9ton de teinte moyenne avec 6 cm de polystyr\u00e8ne expans\u00e9 minimum<\/li>\n<li>Toiture terrasse en b\u00e9ton avec sur-toiture largement ventil\u00e9e<\/li>\n<\/ul>\n<\/td>\n<\/tr>\n<\/tbody>\n<\/table>\n<p><span style=\"color: #000000\"><strong>Pour plus d\u2019informations sur l\u2019application de la th\u00e9matique, consultez la fiche en question\u00a0:<\/strong><\/span><\/p>\n<ul>\n<li><a href=\"https:\/\/www.service-public.pf\/sde\/wp-content\/uploads\/sites\/15\/2023\/09\/Fiche-02-Protection-solaire-des-parois-opaques-horizontales-Toitures.pdf\">Fiche d\u2019application \u00ab\u00a0Protection solaire de la toiture\u00a0\u00bb<\/a><\/li>\n<\/ul>\n<p>Nota bene : les informations diffus\u00e9es dans le d\u00e9pliant et les guides mis \u00e0 disposition ci-dessous sont normalement suffisantes pour s'assurer de la conformit\u00e9 de son projet sans rentrer dans les d\u00e9tails techniques de la th\u00e9matique<\/p>\n<\/div><\/div><\/div><div class=\"fusion-panel panel-default panel-7b3ecc3a53faba8d1 fusion-toggle-has-divider\" style=\"--awb-title-color:#333333;--awb-content-color:#747474;\"><div class=\"panel-heading\"><h4 class=\"panel-title toggle\" id=\"toggle_7b3ecc3a53faba8d1\"><a aria-expanded=\"false\" aria-controls=\"7b3ecc3a53faba8d1\" role=\"button\" data-toggle=\"collapse\" data-parent=\"#accordion-3355-2\" data-target=\"#7b3ecc3a53faba8d1\" href=\"#7b3ecc3a53faba8d1\"><span class=\"fusion-toggle-icon-wrapper\" aria-hidden=\"true\"><i class=\"fa-fusion-box active-icon awb-icon-minus\" aria-hidden=\"true\"><\/i><i class=\"fa-fusion-box inactive-icon awb-icon-plus\" aria-hidden=\"true\"><\/i><\/span><span class=\"fusion-toggle-heading\">Protection solaire des baies<\/span><\/a><\/h4><\/div><div id=\"7b3ecc3a53faba8d1\" class=\"panel-collapse collapse \" aria-labelledby=\"toggle_7b3ecc3a53faba8d1\"><div class=\"panel-body toggle-content fusion-clearfix\">\n<table style=\"width: 100%;height: 187px\">\n<tbody>\n<tr style=\"height: 187px\">\n<td style=\"height: 187px\"><span style=\"color: #000000\"><strong><span style=\"text-decoration: underline\">Locaux concern\u00e9s<\/span> :<\/strong><\/span><\/p>\n<ul>\n<li>Locaux clos et climatis\u00e9s ou occup\u00e9s (exemples\u00a0: chambre, s\u00e9jour, bureau, \u2026)<\/li>\n<li>Locaux clos non-occup\u00e9s donnant <u>directement<\/u> sur les locaux ci-dessus, hors locaux techniques, stationnements et espaces de stockage (exemples\u00a0: sanitaires, salle de bain, buanderie, \u2026)<\/li>\n<\/ul>\n<\/td>\n<td style=\"height: 187px\"><img decoding=\"async\" class=\"alignright wp-image-3430\" src=\"https:\/\/www.service-public.pf\/sde\/wp-content\/uploads\/sites\/15\/2023\/03\/Picture1.png\" alt=\"\" width=\"300\" height=\"225\" \/><\/td>\n<\/tr>\n<\/tbody>\n<\/table>\n<p style=\"color: #000000\"><strong><span style=\"text-decoration: underline\">Seuils, r\u00e8gles de conception et caract\u00e9ristiques techniques \u00e0 respecter : <\/span><\/strong><\/p>\n<table class=\"table table-bordered\">\n<tbody>\n<tr>\n<td style=\"width: 25%\"><strong>R\u00e8gle de conception<\/strong><\/td>\n<td style=\"width: 55.6175%\"><strong>Exemple de solution<\/strong><\/td>\n<\/tr>\n<tr>\n<td style=\"width: 25%\">La mise en \u0153uvre de baies horizontales* est interdite dans les locaux concern\u00e9s par la disposition<\/td>\n<td style=\"width: 55.6175%\">Afin de conserver un apport de lumi\u00e8re naturelle dans les espaces sous-toiture, il est possible de mettre en place des baies verticales \u00e0 la place (ex : chien assis)<\/td>\n<\/tr>\n<\/tbody>\n<\/table>\n<p>* Une baie est consid\u00e9r\u00e9e comme horizontale si son inclinaison est inf\u00e9rieure \u00e0 60\u00b0 par rapport au plan horizontal.<\/p>\n<\/div><\/div><\/div><div class=\"fusion-panel panel-default panel-3c0b9cc171ff46aa1 fusion-toggle-has-divider\" style=\"--awb-title-color:#333333;--awb-content-color:#747474;\"><div class=\"panel-heading\"><h4 class=\"panel-title toggle\" id=\"toggle_3c0b9cc171ff46aa1\"><a aria-expanded=\"false\" aria-controls=\"3c0b9cc171ff46aa1\" role=\"button\" data-toggle=\"collapse\" data-parent=\"#accordion-3355-2\" data-target=\"#3c0b9cc171ff46aa1\" href=\"#3c0b9cc171ff46aa1\"><span class=\"fusion-toggle-icon-wrapper\" aria-hidden=\"true\"><i class=\"fa-fusion-box active-icon awb-icon-minus\" aria-hidden=\"true\"><\/i><i class=\"fa-fusion-box inactive-icon awb-icon-plus\" aria-hidden=\"true\"><\/i><\/span><span class=\"fusion-toggle-heading\">Eau chaude solaire<\/span><\/a><\/h4><\/div><div id=\"3c0b9cc171ff46aa1\" class=\"panel-collapse collapse \" aria-labelledby=\"toggle_3c0b9cc171ff46aa1\"><div class=\"panel-body toggle-content fusion-clearfix\">\n<table style=\"width: 100%\">\n<tbody>\n<tr>\n<td style=\"width: 79.1373%\"><span style=\"color: #000000\"><strong><span style=\"text-decoration: underline\">Locaux concern\u00e9s<\/span> :<\/strong><\/span><\/p>\n<p>La th\u00e9matique s\u2019applique \u00e0 l\u2019\u00e9chelle du logement.<\/td>\n<td style=\"width: 20.1584%\"><img decoding=\"async\" class=\"alignright wp-image-3430\" src=\"https:\/\/www.service-public.pf\/sde\/wp-content\/uploads\/sites\/15\/2023\/01\/SDE-REBPF-IlluTotales-Logement-Individuel-ChauffeEau.png\" alt=\"\" width=\"300\" height=\"225\" \/><\/td>\n<\/tr>\n<\/tbody>\n<\/table>\n<p style=\"color: #000000\"><strong><span style=\"text-decoration: underline\">Seuils, r\u00e8gles de conception et caract\u00e9ristiques techniques \u00e0 respecter :<\/span><\/strong><\/p>\n<p style=\"color: #000000\"><strong><b>Les seuils et r\u00e8gles varient en fonction du type de syst\u00e8me retenu.<\/b><\/strong><\/p>\n<table class=\"table table-bordered\" style=\"width: 98.0591%\">\n<tbody>\n<tr>\n<td style=\"width: 11.0537%\" width=\"217\"><strong><b>Syst\u00e8me<\/b><\/strong><\/td>\n<td style=\"width: 52.8211%\" width=\"113\"><strong><b>Seuil<\/b><\/strong><\/td>\n<td style=\"width: 11.1215%\" width=\"340\"><strong><b>R\u00e8gle de conception<\/b><\/strong><\/td>\n<td style=\"width: 29.4545%\" width=\"359\"><strong><b>Exemples de solutions<\/b><\/strong><\/td>\n<\/tr>\n<tr>\n<td style=\"width: 11.0537%\" width=\"217\">Chauffe-eau solaire individuel (CESI)<\/td>\n<td style=\"width: 52.8211%\" width=\"113\">Le seuil porte sur le volume minimum du ballon d\u2019eau chaude :<\/p>\n<ul>\n<li>T1 ou chambre d\u2019h\u00f4tel individuelle : chauffe-eau individuel solaire avec un r\u00e9servoir minimum de 100 litres<\/li>\n<li>T2-T3 : chauffe-eau individuel solaire avec un r\u00e9servoir minimum de 200 litres<\/li>\n<li>T4-T5 : chauffe-eau individuel solaire avec un r\u00e9servoir minimum de 300 litres<\/li>\n<li>T6 et + : chauffe-eau individuel solaire avec un r\u00e9servoir minimum de 400 litres<\/li>\n<\/ul>\n<\/td>\n<td style=\"width: 11.1215%\" width=\"340\">\n<p style=\"text-align: center\">-<\/p>\n<\/td>\n<td style=\"width: 29.4545%\" width=\"359\">Pour un fare qui comporte 3 chambres (T4), le chauffe-eau solaire \u00e0 mettre en \u0153uvre doit avoir une capacit\u00e9 minimale de 300 litres<\/td>\n<\/tr>\n<\/tbody>\n<\/table>\n<p style=\"text-decoration: underline\"><span style=\"color: #000000\"><strong>Cas d\u00e9rogatoires :<\/strong><\/span><\/p>\n<p>Les logements livr\u00e9s sans syst\u00e8me de production d\u2019eau chaude ne sont pas soumis \u00e0 l\u2019obligation de recours aux chauffe-eaux solaires.<\/p>\n<p>Il en est de m\u00eame lorsque le logement n\u2019est pas aliment\u00e9 par un r\u00e9seau d\u2019adduction d\u2019eau collectif public ou priv\u00e9.<\/p>\n<\/div><\/div><\/div><\/div><\/div><div class=\"fusion-text fusion-text-9\" style=\"--awb-margin-top:10px;\"><p><span style=\"color: #000000\"><strong>Informations relatives aux demandes de permis de construire et au certificat de conformit\u00e9<\/strong><\/span><\/p>\n<p>Le p\u00e9titionnaire remplit les nouveaux formulaires de demande de permis de construire et de certificat de conformit\u00e9 de la DCA qui int\u00e8grent la d\u00e9claration du respect de la r\u00e9glementation.<\/p>\n<p><span style=\"color: #000000\"><strong>Informations sur les dispositions applicables \u00e0 la typologie <\/strong>(ne consulter que les rubriques des th\u00e9matiques concernant le projet de construction)<strong> :<\/strong><\/span><\/p>\n<ul>\n<li><a href=\"https:\/\/www.service-public.pf\/sde\/wp-content\/uploads\/sites\/15\/2023\/03\/REPBF_Depliants_LogementIndividuel_Pages.pdf\">D\u00e9pliant \u00ab\u00a0Logement individuel\u00a0\u00bb<\/a><\/li>\n<li><a href=\"https:\/\/www.service-public.pf\/sde\/wp-content\/uploads\/sites\/15\/2023\/09\/REBPf-Guide-logement-individuel-version-simplifiee.pdf\">Guide simplifi\u00e9 pour le respect de la r\u00e9glementation - Logement individuel<\/a><\/li>\n<li><a href=\"https:\/\/www.service-public.pf\/sde\/wp-content\/uploads\/sites\/15\/2023\/09\/REBPf-Guide-logement-individuel-version-simplifiee-tahitien.pdf\">Guide simplifi\u00e9 pour le respect de la r\u00e9glementation - Logement individuel - en reo tahiti<\/a><\/li>\n<li><a href=\"https:\/\/www.service-public.pf\/sde\/wp-content\/uploads\/sites\/15\/2023\/06\/REBPf-Guide-logement-individuel-version-detaillee.pdf\">Guide d\u00e9taill\u00e9 pour le respect de la r\u00e9glementation - Logement individuel<\/a><\/li>\n<\/ul>\n<\/div><\/div><\/div><\/div><\/div><\/div><div class=\"fusion-layout-column fusion_builder_column fusion-builder-column-10 fusion_builder_column_4_5 4_5 fusion-flex-column vct_idv_sup500_content\" style=\"--awb-bg-size:cover;--awb-width-large:80%;--awb-flex-grow:0;--awb-flex-shrink:0;--awb-margin-top-large:0px;--awb-spacing-right-large:2.4%;--awb-margin-bottom-large:20px;--awb-spacing-left-large:2.4%;--awb-width-medium:100%;--awb-order-medium:0;--awb-flex-grow-medium:0;--awb-flex-shrink-medium:0;--awb-spacing-right-medium:1.92%;--awb-spacing-left-medium:1.92%;--awb-width-small:100%;--awb-order-small:0;--awb-flex-grow-small:0;--awb-flex-shrink-small:0;--awb-spacing-right-small:1.92%;--awb-spacing-left-small:1.92%;\" id=\"vct_idv_sup500_hotellerie_content\"><div class=\"fusion-column-wrapper fusion-column-has-shadow fusion-flex-justify-content-flex-start fusion-content-layout-column\"><div class=\"fusion-title title fusion-title-6 fusion-sep-none fusion-title-center fusion-title-text fusion-title-size-two hidden\" style=\"--awb-margin-top-small:0px;--awb-margin-right-small:0px;--awb-margin-bottom-small:20px;--awb-margin-left-small:0px;\"><h2 class=\"fusion-title-heading title-heading-center\" style=\"margin:0;\">Protection solaire de la toiture \/ Eau chaude solaire + D\u00e9pliant h\u00f4tellerie + Fiche d'information h\u00f4tellerie + Formulaire 2-IDV<\/h2><\/div><div class=\"fusion-text fusion-text-10 vct_description_typologie\"><p>Il s\u2019agit d\u2019un b\u00e2timent ou d\u2019une partie de b\u00e2timent \u00e0 usage d\u2019h\u00f4tel de tourisme, pension de familles,<br \/>\nmeubl\u00e9 de tourisme, auberge de jeunesse, village de vacances, villa de luxe, bungalow ainsi que tout<br \/>\nautre h\u00e9bergement \u00e0 vocation touristique, comprenant \u00e9galement leurs locaux accessoires.<\/p>\n<p>Pour rappel, les projets de construction d\u2019une structure d\u2019h\u00e9bergement de tourisme et chambres<br \/>\nchez l\u2019habitant dont le nombre d\u2019unit\u00e9s d\u2019h\u00e9bergement est inf\u00e9rieur ou \u00e9gal \u00e0 cinq ou dont l\u2019effectif<br \/>\nest inf\u00e9rieur \u00e0 vingt personnes sont assimil\u00e9es \u00e0 la typologie logement individuel.<\/p>\n<\/div><div class=\"fusion-builder-row fusion-builder-row-inner fusion-row fusion-flex-align-items-flex-start fusion-flex-justify-content-center fusion-flex-content-wrap\" style=\"--awb-flex-grow:0;--awb-flex-grow-medium:0;--awb-flex-grow-small:0;--awb-flex-shrink:0;--awb-flex-shrink-medium:0;--awb-flex-shrink-small:0;width:104% !important;max-width:104% !important;margin-left: calc(-4% \/ 2 );margin-right: calc(-4% \/ 2 );\"><div class=\"fusion-layout-column fusion_builder_column_inner fusion-builder-nested-column-18 fusion_builder_column_inner_1_1 1_1 fusion-flex-column\" style=\"--awb-bg-size:cover;--awb-width-large:100%;--awb-margin-top-large:0px;--awb-spacing-right-large:1.92%;--awb-margin-bottom-large:20px;--awb-spacing-left-large:1.92%;--awb-width-medium:100%;--awb-order-medium:0;--awb-spacing-right-medium:1.92%;--awb-spacing-left-medium:1.92%;--awb-width-small:100%;--awb-order-small:0;--awb-spacing-right-small:1.92%;--awb-spacing-left-small:1.92%;\"><div class=\"fusion-column-wrapper fusion-column-has-shadow fusion-flex-justify-content-flex-start fusion-content-layout-column\"><div class=\"fusion-separator fusion-full-width-sep\" style=\"align-self: center;margin-left: auto;margin-right: auto;width:100%;\"><div class=\"fusion-separator-border sep-shadow\" style=\"--awb-height:20px;--awb-amount:20px;background:radial-gradient(ellipse at 50% -50% , #e0dede 0px, rgba(255, 255, 255, 0) 80%) repeat scroll 0 0 rgba(0, 0, 0, 0);background:-webkit-radial-gradient(ellipse at 50% -50% , #e0dede 0px, rgba(255, 255, 255, 0) 80%) repeat scroll 0 0 rgba(0, 0, 0, 0);background:-moz-radial-gradient(ellipse at 50% -50% , #e0dede 0px, rgba(255, 255, 255, 0) 80%) repeat scroll 0 0 rgba(0, 0, 0, 0);background:-o-radial-gradient(ellipse at 50% -50% , #e0dede 0px, rgba(255, 255, 255, 0) 80%) repeat scroll 0 0 rgba(0, 0, 0, 0);\"><\/div><\/div><\/div><\/div><div class=\"fusion-layout-column fusion_builder_column_inner fusion-builder-nested-column-19 fusion_builder_column_inner_1_3 1_3 fusion-flex-column\" style=\"--awb-bg-size:cover;--awb-width-large:33.333333333333%;--awb-margin-top-large:0px;--awb-spacing-right-large:2vw;--awb-margin-bottom-large:20px;--awb-spacing-left-large:5.76%;--awb-width-medium:100%;--awb-order-medium:0;--awb-spacing-right-medium:1.92%;--awb-spacing-left-medium:1.92%;--awb-width-small:100%;--awb-order-small:0;--awb-spacing-right-small:1.92%;--awb-spacing-left-small:1.92%;\"><div class=\"fusion-column-wrapper fusion-column-has-shadow fusion-flex-justify-content-flex-start fusion-content-layout-column\"><div class=\"fusion-image-element \" style=\"text-align:right;--awb-max-width:450px;--awb-caption-title-font-family:var(--h2_typography-font-family);--awb-caption-title-font-weight:var(--h2_typography-font-weight);--awb-caption-title-font-style:var(--h2_typography-font-style);--awb-caption-title-size:var(--h2_typography-font-size);--awb-caption-title-transform:var(--h2_typography-text-transform);--awb-caption-title-line-height:var(--h2_typography-line-height);--awb-caption-title-letter-spacing:var(--h2_typography-letter-spacing);\"><span class=\" fusion-imageframe imageframe-none imageframe-3 hover-type-none\"><img decoding=\"async\" width=\"300\" height=\"225\" title=\"SDE REBPF IlluTotales Hotel Pension\" src=\"https:\/\/www.service-public.pf\/sde\/wp-content\/uploads\/sites\/15\/2023\/01\/SDE-REBPF-IlluTotales-Hotel-Pension-300x225.png\" alt class=\"img-responsive wp-image-3446\" srcset=\"https:\/\/www.service-public.pf\/sde\/wp-content\/uploads\/sites\/15\/2023\/01\/SDE-REBPF-IlluTotales-Hotel-Pension-200x150.png 200w, https:\/\/www.service-public.pf\/sde\/wp-content\/uploads\/sites\/15\/2023\/01\/SDE-REBPF-IlluTotales-Hotel-Pension-400x300.png 400w, https:\/\/www.service-public.pf\/sde\/wp-content\/uploads\/sites\/15\/2023\/01\/SDE-REBPF-IlluTotales-Hotel-Pension-600x450.png 600w, https:\/\/www.service-public.pf\/sde\/wp-content\/uploads\/sites\/15\/2023\/01\/SDE-REBPF-IlluTotales-Hotel-Pension-800x600.png 800w, https:\/\/www.service-public.pf\/sde\/wp-content\/uploads\/sites\/15\/2023\/01\/SDE-REBPF-IlluTotales-Hotel-Pension-1200x900.png 1200w, https:\/\/www.service-public.pf\/sde\/wp-content\/uploads\/sites\/15\/2023\/01\/SDE-REBPF-IlluTotales-Hotel-Pension.png 1453w\" sizes=\"(max-width: 1024px) 100vw, (max-width: 640px) 100vw, 800px\" \/><\/span><\/div><\/div><\/div><div class=\"fusion-layout-column fusion_builder_column_inner fusion-builder-nested-column-20 fusion_builder_column_inner_2_3 2_3 fusion-flex-column\" style=\"--awb-bg-size:cover;--awb-width-large:66.666666666667%;--awb-margin-top-large:0px;--awb-spacing-right-large:2.88%;--awb-margin-bottom-large:20px;--awb-spacing-left-large:2.88%;--awb-width-medium:100%;--awb-order-medium:0;--awb-spacing-right-medium:1.92%;--awb-spacing-left-medium:1.92%;--awb-width-small:100%;--awb-order-small:0;--awb-spacing-right-small:1.92%;--awb-spacing-left-small:1.92%;\"><div class=\"fusion-column-wrapper fusion-column-has-shadow fusion-flex-justify-content-center fusion-content-layout-column\"><div class=\"fusion-text fusion-text-11\" style=\"--awb-content-alignment:center;--awb-font-size:24pt;\"><p>Localisation\u00a0du projet : <strong>Iles du Vent, \u00e0 une altitude sup\u00e9rieure ou \u00e9gale \u00e0 500 m\u00e8tres<\/strong><\/p>\n<p>Typologie de la construction\u00a0: <strong>H\u00f4tellerie<\/strong><\/p>\n<\/div><\/div><\/div><div class=\"fusion-layout-column fusion_builder_column_inner fusion-builder-nested-column-21 fusion_builder_column_inner_1_1 1_1 fusion-flex-column\" style=\"--awb-bg-size:cover;--awb-width-large:100%;--awb-margin-top-large:0px;--awb-spacing-right-large:1.92%;--awb-margin-bottom-large:20px;--awb-spacing-left-large:1.92%;--awb-width-medium:100%;--awb-order-medium:0;--awb-spacing-right-medium:1.92%;--awb-spacing-left-medium:1.92%;--awb-width-small:100%;--awb-order-small:0;--awb-spacing-right-small:1.92%;--awb-spacing-left-small:1.92%;\"><div class=\"fusion-column-wrapper fusion-column-has-shadow fusion-flex-justify-content-flex-start fusion-content-layout-column\"><div class=\"fusion-separator fusion-full-width-sep\" style=\"align-self: center;margin-left: auto;margin-right: auto;margin-bottom:20px;width:100%;\"><div class=\"fusion-separator-border sep-shadow\" style=\"--awb-height:20px;--awb-amount:20px;background:radial-gradient(ellipse at 50% -50% , #e0dede 0px, rgba(255, 255, 255, 0) 80%) repeat scroll 0 0 rgba(0, 0, 0, 0);background:-webkit-radial-gradient(ellipse at 50% -50% , #e0dede 0px, rgba(255, 255, 255, 0) 80%) repeat scroll 0 0 rgba(0, 0, 0, 0);background:-moz-radial-gradient(ellipse at 50% -50% , #e0dede 0px, rgba(255, 255, 255, 0) 80%) repeat scroll 0 0 rgba(0, 0, 0, 0);background:-o-radial-gradient(ellipse at 50% -50% , #e0dede 0px, rgba(255, 255, 255, 0) 80%) repeat scroll 0 0 rgba(0, 0, 0, 0);\"><\/div><\/div><\/div><\/div><div class=\"fusion-layout-column fusion_builder_column_inner fusion-builder-nested-column-22 fusion_builder_column_inner_1_1 1_1 fusion-flex-column\" style=\"--awb-bg-color:#ffffff;--awb-bg-color-hover:#ffffff;--awb-bg-size:cover;--awb-width-large:100%;--awb-margin-top-large:0px;--awb-spacing-right-large:1.92%;--awb-margin-bottom-large:20px;--awb-spacing-left-large:1.92%;--awb-width-medium:100%;--awb-order-medium:0;--awb-spacing-right-medium:1.92%;--awb-spacing-left-medium:1.92%;--awb-width-small:100%;--awb-order-small:0;--awb-spacing-right-small:1.92%;--awb-spacing-left-small:1.92%;\"><div class=\"fusion-column-wrapper fusion-column-has-shadow fusion-flex-justify-content-flex-start fusion-content-layout-column\"><div class=\"fusion-text fusion-text-12\" style=\"--awb-text-color:#000000;\"><p><strong>Th\u00e9matiques applicables :<\/strong><\/p>\n<\/div><div class=\"accordian fusion-accordian\" style=\"--awb-border-size:1px;--awb-icon-size:13px;--awb-content-font-size:13px;--awb-icon-alignment:left;--awb-hover-color:#f9f9f9;--awb-border-color:#cccccc;--awb-background-color:#ffffff;--awb-divider-color:#e0dede;--awb-divider-hover-color:#e0dede;--awb-icon-color:#ffffff;--awb-title-color:#333333;--awb-content-color:#747474;--awb-icon-box-color:#333333;--awb-toggle-hover-accent-color:#26a147;--awb-title-font-family:&quot;PT Sans&quot;;--awb-title-font-weight:400;--awb-title-font-style:normal;--awb-title-font-size:13px;--awb-content-font-family:&quot;PT Sans&quot;;--awb-content-font-style:normal;--awb-content-font-weight:400;\"><div class=\"panel-group fusion-toggle-icon-boxed\" id=\"accordion-3355-3\"><div class=\"fusion-panel panel-default panel-a3780db2b527e69ef fusion-toggle-has-divider\" style=\"--awb-title-color:#333333;--awb-content-color:#747474;\"><div class=\"panel-heading\"><h4 class=\"panel-title toggle\" id=\"toggle_a3780db2b527e69ef\"><a aria-expanded=\"false\" aria-controls=\"a3780db2b527e69ef\" role=\"button\" data-toggle=\"collapse\" data-parent=\"#accordion-3355-3\" data-target=\"#a3780db2b527e69ef\" href=\"#a3780db2b527e69ef\"><span class=\"fusion-toggle-icon-wrapper\" aria-hidden=\"true\"><i class=\"fa-fusion-box active-icon awb-icon-minus\" aria-hidden=\"true\"><\/i><i class=\"fa-fusion-box inactive-icon awb-icon-plus\" aria-hidden=\"true\"><\/i><\/span><span class=\"fusion-toggle-heading\">Protection solaire de la toiture<\/span><\/a><\/h4><\/div><div id=\"a3780db2b527e69ef\" class=\"panel-collapse collapse \" aria-labelledby=\"toggle_a3780db2b527e69ef\"><div class=\"panel-body toggle-content fusion-clearfix\">\n<table style=\"width: 100%;height: 187px\">\n<tbody>\n<tr style=\"height: 187px\">\n<td style=\"height: 187px\"><span style=\"color: #000000\"><strong><span style=\"text-decoration: underline\">Locaux concern\u00e9s<\/span> :<\/strong><\/span><\/p>\n<ul>\n<li>Locaux clos et climatis\u00e9s ou occup\u00e9s (exemples\u00a0: chambre, s\u00e9jour, bureau, espace polyvalent, salle de sport, restaurant, buanderie professionnelle, \u2026)<\/li>\n<li>Locaux clos non-occup\u00e9s donnant <u>directement<\/u> sur les locaux ci-dessus (exemples : sanitaires, salle de bain, vestiaires, d\u00e9gagement, circulation \u2026), hors locaux techniques, stationnements et espaces de stockage non climatis\u00e9s<\/li>\n<\/ul>\n<\/td>\n<td style=\"height: 187px\"><img decoding=\"async\" class=\"alignright wp-image-3430\" src=\"https:\/\/www.service-public.pf\/sde\/wp-content\/uploads\/sites\/15\/2023\/01\/SDE-REBPF-IlluTotales-Hotel-Pension-0-copie.png\" alt=\"\" width=\"300\" height=\"225\" \/><\/td>\n<\/tr>\n<\/tbody>\n<\/table>\n<p style=\"color: #000000\"><strong><span style=\"text-decoration: underline\">Seuils \u00e0 respecter<\/span> :<\/strong><\/p>\n<table class=\"table table-bordered\">\n<tbody>\n<tr>\n<td style=\"width: 25%\"><strong>Mesure<\/strong><\/td>\n<td style=\"width: 7.0755%\"><strong>Seuil<\/strong><\/td>\n<td style=\"width: 55.6175%\"><strong>Exemples de solutions<\/strong><\/td>\n<\/tr>\n<tr>\n<td style=\"width: 25%\">Facteur solaire maximal de la toiture<\/td>\n<td style=\"width: 7.0755%\">2,5%<\/td>\n<td style=\"width: 55.6175%\">\n<ul>\n<li>Toiture (avec combles) en t\u00f4le de teinte claire avec 3 cm de laine min\u00e9rale minimum<\/li>\n<li>Toiture (avec combles) en t\u00f4le de teinte moyenne avec 5 cm de laine min\u00e9rale minimum<\/li>\n<li>Toiture (avec combles) en t\u00f4le de teinte sombre avec 7,5 cm de laine min\u00e9rale minimum<\/li>\n<li>Toiture terrasse en b\u00e9ton de teinte moyenne avec 6 cm de polystyr\u00e8ne expans\u00e9 minimum<\/li>\n<li>Toiture terrasse en b\u00e9ton avec sur-toiture largement ventil\u00e9e<\/li>\n<li>Toiture en bardeau de bois apparents correspondant \u00e0 une toiture \u00ab\u00a0ventil\u00e9e\u00a0\u00bb<\/li>\n<li>Toiture en pandanus dont l\u2019\u00e9paisseur totale est sup\u00e9rieure ou \u00e9gale \u00e0 10 cm<\/li>\n<\/ul>\n<\/td>\n<\/tr>\n<\/tbody>\n<\/table>\n<p><span style=\"color: #000000\"><strong>Pour plus d\u2019informations sur l\u2019application de la th\u00e9matique, consultez la fiche en question\u00a0:<\/strong><\/span><\/p>\n<ul>\n<li><a href=\"https:\/\/www.service-public.pf\/sde\/wp-content\/uploads\/sites\/15\/2023\/09\/Fiche-02-Protection-solaire-des-parois-opaques-horizontales-Toitures.pdf\">Fiche d\u2019application \u00ab\u00a0Protection solaire de la toiture\u00a0\u00bb<\/a><\/li>\n<\/ul>\n<\/div><\/div><\/div><div class=\"fusion-panel panel-default panel-4a1c2da96dee03415 fusion-toggle-has-divider\" style=\"--awb-title-color:#333333;--awb-content-color:#747474;\"><div class=\"panel-heading\"><h4 class=\"panel-title toggle\" id=\"toggle_4a1c2da96dee03415\"><a aria-expanded=\"false\" aria-controls=\"4a1c2da96dee03415\" role=\"button\" data-toggle=\"collapse\" data-parent=\"#accordion-3355-3\" data-target=\"#4a1c2da96dee03415\" href=\"#4a1c2da96dee03415\"><span class=\"fusion-toggle-icon-wrapper\" aria-hidden=\"true\"><i class=\"fa-fusion-box active-icon awb-icon-minus\" aria-hidden=\"true\"><\/i><i class=\"fa-fusion-box inactive-icon awb-icon-plus\" aria-hidden=\"true\"><\/i><\/span><span class=\"fusion-toggle-heading\">Eau chaude solaire<\/span><\/a><\/h4><\/div><div id=\"4a1c2da96dee03415\" class=\"panel-collapse collapse \" aria-labelledby=\"toggle_4a1c2da96dee03415\"><div class=\"panel-body toggle-content fusion-clearfix\">\n<table>\n<tbody>\n<tr>\n<td style=\"width: 76.0563%\">\n<p style=\"color: #000000\"><strong><span style=\"text-decoration: underline\">Locaux concern\u00e9s<\/span> :<\/strong><\/p>\n<p>L\u2019exigence porte sur l\u2019ensemble des besoins en eau chaude du projet. Le choix du syst\u00e8me n\u2019est pas impos\u00e9.<\/p>\n<p>Les locaux d\u2019h\u00e9bergement sont syst\u00e9matiquement raccord\u00e9s \u00e0 un syst\u00e8me de production d\u2019eau chaude solaire individuel ou collectif.<\/td>\n<td style=\"width: 23.2395%\"><img decoding=\"async\" class=\"alignright wp-image-3430\" src=\"https:\/\/www.service-public.pf\/sde\/wp-content\/uploads\/sites\/15\/2023\/01\/SDE-REBPF-IlluTotales-Hotel-Pension-ChauffeEau.png\" alt=\"\" width=\"300\" height=\"225\" \/><\/td>\n<\/tr>\n<\/tbody>\n<\/table>\n<p style=\"color: #000000\"><strong><span style=\"text-decoration: underline\">Seuils, r\u00e8gles de conception et caract\u00e9ristiques techniques \u00e0 respecter :<\/span><\/strong><\/p>\n<p>Les seuils et r\u00e8gles varient en fonction du type de syst\u00e8me retenu.<\/p>\n<table class=\"table table-bordered\" style=\"width: 100%\">\n<tbody>\n<tr>\n<td style=\"width: 12.0087%;text-align: center\"><strong><b>Syst\u00e8me<\/b><\/strong><\/td>\n<td style=\"width: 39.0086%;text-align: center\"><strong>Seuil<\/strong><\/td>\n<td style=\"width: 11.8946%;text-align: center\"><strong>R\u00e8gle de conception<br \/>\n<\/strong><\/td>\n<td style=\"width: 226.407%;text-align: center\"><strong>Exemples de solutions<\/strong><\/td>\n<\/tr>\n<tr>\n<td style=\"width: 12.0087%\">Chauffe-eau solaire individuel (CESI)<\/td>\n<td style=\"width: 39.0086%\" width=\"257\">Le seuil porte sur le volume minimum du ballon d\u2019eau chaude :<\/p>\n<ul>\n<li>T1 ou chambre d\u2019h\u00f4tel individuelle : chauffe-eau individuel solaire avec un r\u00e9servoir minimum de 100 litres<\/li>\n<li>T2-T3 : chauffe-eau individuel solaire avec un r\u00e9servoir minimum de 200 litres<\/li>\n<li>T4-T5 : chauffe-eau individuel solaire avec un r\u00e9servoir minimum de 300 litres<\/li>\n<li>T6 et + : chauffe-eau individuel solaire avec un r\u00e9servoir minimum de 400 litres<\/li>\n<\/ul>\n<\/td>\n<td style=\"width: 11.8946%;text-align: center\">-<\/td>\n<td style=\"width: 226.407%\">Cas d\u2019une pension de famille comprenant 4 bungalows de type studio et 4 bungalows familiaux avec 2 chambres<\/p>\n<ul>\n<li>Pour les bungalows (studio)\u00a0: un CESI par bungalow avec un ballon de stockage de 100L ou plus (150L, \u2026)\u00a0;<\/li>\n<li>Pour les bungalows familiaux : un CESI par bungalow avec un ballon de stockage de 200L ou plus (250L, 300L, \u2026)<\/li>\n<\/ul>\n<p>Pour la cuisine, elle est \u00e9quip\u00e9e d\u2019un CESI si l\u2019estimation du besoin en eau chaude quotidien est sup\u00e9rieure \u00e0 100 L<\/td>\n<\/tr>\n<tr>\n<td style=\"width: 12.0087%\">Chauffe-eau solaire collectif (CESC)<\/td>\n<td style=\"width: 39.0086%\">Pour une temp\u00e9rature d\u2019eau chaude de 60 degr\u00e9s Celsius\u00a0:<\/p>\n<ul>\n<li>Taux de couverture de 60 % minimum des besoins \u00e9nerg\u00e9tiques en eau chaude du b\u00e2timent<\/li>\n<li>Productivit\u00e9 solaire minimale de 450 kWh\/m\u00b2capteur\/an pour une temp\u00e9rature<\/li>\n<\/ul>\n<\/td>\n<td style=\"width: 11.8946%\">\n<p style=\"text-align: center\">Conf\u00e8re fiche d\u2019application<\/p>\n<\/td>\n<td style=\"width: 226.407%\" width=\"406\">Dans le cas d\u2019un complexe h\u00f4telier, celui-ci sera vraisemblablement occup\u00e9 d\u2019un CESC alimentant tous les locaux n\u00e9cessitant de l\u2019eau chaude. Les h\u00e9bergements individuels (bungalow,, \u2026), de m\u00eame que certains points d\u2019activit\u00e9 \u00e9loign\u00e9s (restaurant, \u2026) seront eux probablement \u00e9quip\u00e9s de CESI<\/td>\n<\/tr>\n<\/tbody>\n<\/table>\n<p><span style=\"color: #000000\"><strong><span style=\"text-decoration: underline\">Cas d\u00e9rogatoires :<\/span><\/strong><\/span><\/p>\n<ol>\n<li>Concernant l\u2019installation de chauffe-eaux solaires<\/li>\n<\/ol>\n<p style=\"color: #747474\">Les locaux d\u2019h\u00e9bergement livr\u00e9s sans syst\u00e8me de production d\u2019eau chaude ne sont pas soumis \u00e0 l\u2019obligation de recours aux chauffe-eaux solaires.<\/p>\n<p>A l\u2019exception des locaux d\u2019h\u00e9bergement munis d\u2019un syst\u00e8me de production d\u2019eau chaude, un ou plusieurs locaux peuvent ne pas \u00eatre aliment\u00e9s par de l\u2019eau chaude sanitaire produite par \u00e9nergie solaire s\u2019ils satisfont aux deux conditions suivantes\u00a0:<\/p>\n<ul>\n<li>Les besoins journaliers en eau chaude \u00e0 60 degr\u00e9s du point ou de l'ensemble de points de soutirage du local sont inf\u00e9rieurs \u00e0 100 litres\u00a0;<\/li>\n<li>Le point ou les points de soutirage dans leur ensemble sont \u00e9loign\u00e9s de plus de 15 m\u00e8tres du point aliment\u00e9 en eau chaude le plus proche.<\/li>\n<\/ul>\n<ol start=\"2\">\n<li>Concernant les performances de l\u2019installation<\/li>\n<\/ol>\n<p style=\"color: #747474\">Si le b\u00e2timent pr\u00e9sente une surface de toiture insuffisante pour permettre l\u2019installation de chauffe-eaux solaires conforme aux objectifs de performance\u00a0ou si les masques solaires proches sont trop importants pour cela, il est possible de d\u00e9roger aux seuils indiqu\u00e9s ci-dessus en dimensionnant toutefois l\u2019installation pour qu\u2019elle pr\u00e9sente un taux de couverture maximum et une productivit\u00e9 maximum au regard du contexte de mise en \u0153uvre.<\/p>\n<p>Si le projet s\u2019inscrit dans ce cas d\u00e9rogatoire, le recours \u00e0 cette d\u00e9rogation devra \u00eatre justifi\u00e9 et argument\u00e9 techniquement, tout comme le dimensionnement final de l\u2019installation.<\/p>\n<p style=\"color: #000000\"><strong>Pour plus d\u2019informations sur l\u2019application de la th\u00e9matique, consultez la fiche en question\u00a0:<\/strong><\/p>\n<ul>\n<li><a href=\"https:\/\/www.service-public.pf\/sde\/wp-content\/uploads\/sites\/15\/2023\/06\/Fiche-08-Eau-chaude-solaire.pdf\">Fiche d\u2019application \u00ab\u00a0Eau chaude solaire\u00a0\u00bb<\/a><\/li>\n<\/ul>\n<\/div><\/div><\/div><\/div><\/div><div class=\"fusion-text fusion-text-13\" style=\"--awb-margin-top:10px;\"><p><span style=\"color: #000000\"><strong>Informations relatives aux demandes de permis de construire et au certificat de conformit\u00e9<\/strong><\/span><\/p>\n<p>Le p\u00e9titionnaire remplit les nouveaux formulaires de demande de permis de construire et de certificat de conformit\u00e9 de la DCA qui int\u00e8grent la d\u00e9claration du respect de la r\u00e9glementation.<\/p>\n<p><strong>Si les surfaces de plancher construites cumul\u00e9es* sont sup\u00e9rieures \u00e0 250 m\u00b2 de plancher, les demandes de permis de construire et de certificat de conformit\u00e9 doivent \u00eatre accompagn\u00e9es de l\u2019avis d\u2019un organisme agr\u00e9\u00e9<\/strong><\/p>\n<ul>\n<li><a href=\"https:\/\/www.service-public.pf\/sde\/organismes-agrees\/\">Parcourir la page d\u00e9di\u00e9e aux organismes agr\u00e9\u00e9s<\/a><\/li>\n<\/ul>\n<p><em><span style=\"font-size: 10pt\">* Les surfaces de plancher \u00e0 consid\u00e9rer sont celles de n\u2019importe quel b\u00e2timent neuf rattach\u00e9 au projet de construction, d\u00e8s lors que la typologie associ\u00e9e est bureaux, enseignement, \u00e9tablissement de soin, h\u00f4tellerie ou logement collectif.<\/span><\/em><\/p>\n<p><span style=\"color: #000000\"><strong>Informations sur les dispositions applicables \u00e0 la typologie <\/strong>(ne consulter que les rubriques des th\u00e9matiques concernant le projet de construction)<strong> :<\/strong><\/span><\/p>\n<ul>\n<li><a href=\"https:\/\/www.service-public.pf\/sde\/wp-content\/uploads\/sites\/15\/2023\/03\/REPBF_Depliants_Hotellerie_Pages.pdf\">D\u00e9pliant \u00ab\u00a0H\u00f4tellerie\u00a0\u00bb<\/a><\/li>\n<\/ul>\n<\/div><\/div><\/div><\/div><\/div><\/div><div class=\"fusion-layout-column fusion_builder_column fusion-builder-column-11 fusion_builder_column_4_5 4_5 fusion-flex-column vct_idv_sup500_content\" style=\"--awb-bg-size:cover;--awb-width-large:80%;--awb-flex-grow:0;--awb-flex-shrink:0;--awb-margin-top-large:0px;--awb-spacing-right-large:2.4%;--awb-margin-bottom-large:20px;--awb-spacing-left-large:2.4%;--awb-width-medium:100%;--awb-order-medium:0;--awb-flex-grow-medium:0;--awb-flex-shrink-medium:0;--awb-spacing-right-medium:1.92%;--awb-spacing-left-medium:1.92%;--awb-width-small:100%;--awb-order-small:0;--awb-flex-grow-small:0;--awb-flex-shrink-small:0;--awb-spacing-right-small:1.92%;--awb-spacing-left-small:1.92%;\" id=\"vct_idv_sup500_logementcollectif_content\"><div class=\"fusion-column-wrapper fusion-column-has-shadow fusion-flex-justify-content-flex-start fusion-content-layout-column\"><div class=\"fusion-title title fusion-title-7 fusion-sep-none fusion-title-center fusion-title-text fusion-title-size-two hidden\" style=\"--awb-margin-top-small:0px;--awb-margin-right-small:0px;--awb-margin-bottom-small:20px;--awb-margin-left-small:0px;\"><h2 class=\"fusion-title-heading title-heading-center\" style=\"margin:0;\">Protection solaire de la toiture \/ Eau chaude solaire + D\u00e9pliant logement collectif + Fiche d'information logement collectif + Formulaire 2-IDV<\/h2><\/div><div class=\"fusion-text fusion-text-14 vct_description_typologie\"><p>Un logement collectif correspond \u00e0 un b\u00e2timent \u00e0 usage d\u2019habitation comprenant au moins trois<br \/>\nlogements superpos\u00e9s ou accol\u00e9s.<\/p>\n<p>On assimile \u00e9galement au logement collectif les locaux \u00e0 sommeil et les internats (locaux \u00e0 sommeil<br \/>\net espaces de vie) des \u00e9tablissements d\u2019enseignement.<\/p>\n<\/div><div class=\"fusion-builder-row fusion-builder-row-inner fusion-row fusion-flex-align-items-flex-start fusion-flex-justify-content-center fusion-flex-content-wrap\" style=\"--awb-flex-grow:0;--awb-flex-grow-medium:0;--awb-flex-grow-small:0;--awb-flex-shrink:0;--awb-flex-shrink-medium:0;--awb-flex-shrink-small:0;width:104% !important;max-width:104% !important;margin-left: calc(-4% \/ 2 );margin-right: calc(-4% \/ 2 );\"><div class=\"fusion-layout-column fusion_builder_column_inner fusion-builder-nested-column-23 fusion_builder_column_inner_1_1 1_1 fusion-flex-column\" style=\"--awb-bg-size:cover;--awb-width-large:100%;--awb-margin-top-large:0px;--awb-spacing-right-large:1.92%;--awb-margin-bottom-large:20px;--awb-spacing-left-large:1.92%;--awb-width-medium:100%;--awb-order-medium:0;--awb-spacing-right-medium:1.92%;--awb-spacing-left-medium:1.92%;--awb-width-small:100%;--awb-order-small:0;--awb-spacing-right-small:1.92%;--awb-spacing-left-small:1.92%;\"><div class=\"fusion-column-wrapper fusion-column-has-shadow fusion-flex-justify-content-flex-start fusion-content-layout-column\"><div class=\"fusion-separator fusion-full-width-sep\" style=\"align-self: center;margin-left: auto;margin-right: auto;width:100%;\"><div class=\"fusion-separator-border sep-shadow\" style=\"--awb-height:20px;--awb-amount:20px;background:radial-gradient(ellipse at 50% -50% , #e0dede 0px, rgba(255, 255, 255, 0) 80%) repeat scroll 0 0 rgba(0, 0, 0, 0);background:-webkit-radial-gradient(ellipse at 50% -50% , #e0dede 0px, rgba(255, 255, 255, 0) 80%) repeat scroll 0 0 rgba(0, 0, 0, 0);background:-moz-radial-gradient(ellipse at 50% -50% , #e0dede 0px, rgba(255, 255, 255, 0) 80%) repeat scroll 0 0 rgba(0, 0, 0, 0);background:-o-radial-gradient(ellipse at 50% -50% , #e0dede 0px, rgba(255, 255, 255, 0) 80%) repeat scroll 0 0 rgba(0, 0, 0, 0);\"><\/div><\/div><\/div><\/div><div class=\"fusion-layout-column fusion_builder_column_inner fusion-builder-nested-column-24 fusion_builder_column_inner_1_3 1_3 fusion-flex-column\" style=\"--awb-bg-size:cover;--awb-width-large:33.333333333333%;--awb-margin-top-large:0px;--awb-spacing-right-large:2vw;--awb-margin-bottom-large:20px;--awb-spacing-left-large:5.76%;--awb-width-medium:100%;--awb-order-medium:0;--awb-spacing-right-medium:1.92%;--awb-spacing-left-medium:1.92%;--awb-width-small:100%;--awb-order-small:0;--awb-spacing-right-small:1.92%;--awb-spacing-left-small:1.92%;\"><div class=\"fusion-column-wrapper fusion-column-has-shadow fusion-flex-justify-content-flex-start fusion-content-layout-column\"><div class=\"fusion-image-element \" style=\"text-align:right;--awb-max-width:450px;--awb-caption-title-font-family:var(--h2_typography-font-family);--awb-caption-title-font-weight:var(--h2_typography-font-weight);--awb-caption-title-font-style:var(--h2_typography-font-style);--awb-caption-title-size:var(--h2_typography-font-size);--awb-caption-title-transform:var(--h2_typography-text-transform);--awb-caption-title-line-height:var(--h2_typography-line-height);--awb-caption-title-letter-spacing:var(--h2_typography-letter-spacing);\"><span class=\" fusion-imageframe imageframe-none imageframe-4 hover-type-none\"><img decoding=\"async\" width=\"300\" height=\"225\" title=\"SDE REBPF IlluTotales Logement Collectif\" src=\"https:\/\/www.service-public.pf\/sde\/wp-content\/uploads\/sites\/15\/2023\/01\/SDE-REBPF-IlluTotales-Logement-Collectif-1-300x225.png\" alt class=\"img-responsive wp-image-3533\" srcset=\"https:\/\/www.service-public.pf\/sde\/wp-content\/uploads\/sites\/15\/2023\/01\/SDE-REBPF-IlluTotales-Logement-Collectif-1-200x150.png 200w, https:\/\/www.service-public.pf\/sde\/wp-content\/uploads\/sites\/15\/2023\/01\/SDE-REBPF-IlluTotales-Logement-Collectif-1-400x300.png 400w, https:\/\/www.service-public.pf\/sde\/wp-content\/uploads\/sites\/15\/2023\/01\/SDE-REBPF-IlluTotales-Logement-Collectif-1-600x450.png 600w, https:\/\/www.service-public.pf\/sde\/wp-content\/uploads\/sites\/15\/2023\/01\/SDE-REBPF-IlluTotales-Logement-Collectif-1-800x600.png 800w, https:\/\/www.service-public.pf\/sde\/wp-content\/uploads\/sites\/15\/2023\/01\/SDE-REBPF-IlluTotales-Logement-Collectif-1-1200x900.png 1200w, https:\/\/www.service-public.pf\/sde\/wp-content\/uploads\/sites\/15\/2023\/01\/SDE-REBPF-IlluTotales-Logement-Collectif-1.png 1453w\" sizes=\"(max-width: 1024px) 100vw, (max-width: 640px) 100vw, 800px\" \/><\/span><\/div><\/div><\/div><div class=\"fusion-layout-column fusion_builder_column_inner fusion-builder-nested-column-25 fusion_builder_column_inner_2_3 2_3 fusion-flex-column\" style=\"--awb-bg-size:cover;--awb-width-large:66.666666666667%;--awb-margin-top-large:0px;--awb-spacing-right-large:2.88%;--awb-margin-bottom-large:20px;--awb-spacing-left-large:2.88%;--awb-width-medium:100%;--awb-order-medium:0;--awb-spacing-right-medium:1.92%;--awb-spacing-left-medium:1.92%;--awb-width-small:100%;--awb-order-small:0;--awb-spacing-right-small:1.92%;--awb-spacing-left-small:1.92%;\"><div class=\"fusion-column-wrapper fusion-column-has-shadow fusion-flex-justify-content-center fusion-content-layout-column\"><div class=\"fusion-text fusion-text-15\" style=\"--awb-content-alignment:center;--awb-font-size:24pt;\"><p>Localisation\u00a0du projet : <strong>Iles du Vent, \u00e0 une altitude sup\u00e9rieure ou \u00e9gale \u00e0 500 m\u00e8tres<\/strong><\/p>\n<p>Typologie de la construction\u00a0: <strong>Logement collectif<\/strong><\/p>\n<\/div><\/div><\/div><div class=\"fusion-layout-column fusion_builder_column_inner fusion-builder-nested-column-26 fusion_builder_column_inner_1_1 1_1 fusion-flex-column\" style=\"--awb-bg-size:cover;--awb-width-large:100%;--awb-margin-top-large:0px;--awb-spacing-right-large:1.92%;--awb-margin-bottom-large:20px;--awb-spacing-left-large:1.92%;--awb-width-medium:100%;--awb-order-medium:0;--awb-spacing-right-medium:1.92%;--awb-spacing-left-medium:1.92%;--awb-width-small:100%;--awb-order-small:0;--awb-spacing-right-small:1.92%;--awb-spacing-left-small:1.92%;\"><div class=\"fusion-column-wrapper fusion-column-has-shadow fusion-flex-justify-content-flex-start fusion-content-layout-column\"><div class=\"fusion-separator fusion-full-width-sep\" style=\"align-self: center;margin-left: auto;margin-right: auto;margin-bottom:20px;width:100%;\"><div class=\"fusion-separator-border sep-shadow\" style=\"--awb-height:20px;--awb-amount:20px;background:radial-gradient(ellipse at 50% -50% , #e0dede 0px, rgba(255, 255, 255, 0) 80%) repeat scroll 0 0 rgba(0, 0, 0, 0);background:-webkit-radial-gradient(ellipse at 50% -50% , #e0dede 0px, rgba(255, 255, 255, 0) 80%) repeat scroll 0 0 rgba(0, 0, 0, 0);background:-moz-radial-gradient(ellipse at 50% -50% , #e0dede 0px, rgba(255, 255, 255, 0) 80%) repeat scroll 0 0 rgba(0, 0, 0, 0);background:-o-radial-gradient(ellipse at 50% -50% , #e0dede 0px, rgba(255, 255, 255, 0) 80%) repeat scroll 0 0 rgba(0, 0, 0, 0);\"><\/div><\/div><\/div><\/div><div class=\"fusion-layout-column fusion_builder_column_inner fusion-builder-nested-column-27 fusion_builder_column_inner_1_1 1_1 fusion-flex-column\" style=\"--awb-bg-color:#ffffff;--awb-bg-color-hover:#ffffff;--awb-bg-size:cover;--awb-width-large:100%;--awb-margin-top-large:0px;--awb-spacing-right-large:1.92%;--awb-margin-bottom-large:20px;--awb-spacing-left-large:1.92%;--awb-width-medium:100%;--awb-order-medium:0;--awb-spacing-right-medium:1.92%;--awb-spacing-left-medium:1.92%;--awb-width-small:100%;--awb-order-small:0;--awb-spacing-right-small:1.92%;--awb-spacing-left-small:1.92%;\"><div class=\"fusion-column-wrapper fusion-column-has-shadow fusion-flex-justify-content-flex-start fusion-content-layout-column\"><div class=\"fusion-text fusion-text-16\" style=\"--awb-text-color:#000000;\"><p><strong>Th\u00e9matiques applicables :<\/strong><\/p>\n<\/div><div class=\"accordian fusion-accordian\" style=\"--awb-border-size:1px;--awb-icon-size:13px;--awb-content-font-size:13px;--awb-icon-alignment:left;--awb-hover-color:#f9f9f9;--awb-border-color:#cccccc;--awb-background-color:#ffffff;--awb-divider-color:#e0dede;--awb-divider-hover-color:#e0dede;--awb-icon-color:#ffffff;--awb-title-color:#333333;--awb-content-color:#747474;--awb-icon-box-color:#333333;--awb-toggle-hover-accent-color:#26a147;--awb-title-font-family:&quot;PT Sans&quot;;--awb-title-font-weight:400;--awb-title-font-style:normal;--awb-title-font-size:13px;--awb-content-font-family:&quot;PT Sans&quot;;--awb-content-font-style:normal;--awb-content-font-weight:400;\"><div class=\"panel-group fusion-toggle-icon-boxed\" id=\"accordion-3355-4\"><div class=\"fusion-panel panel-default panel-265789d5d8ab6cd22 fusion-toggle-has-divider\" style=\"--awb-title-color:#333333;--awb-content-color:#747474;\"><div class=\"panel-heading\"><h4 class=\"panel-title toggle\" id=\"toggle_265789d5d8ab6cd22\"><a aria-expanded=\"false\" aria-controls=\"265789d5d8ab6cd22\" role=\"button\" data-toggle=\"collapse\" data-parent=\"#accordion-3355-4\" data-target=\"#265789d5d8ab6cd22\" href=\"#265789d5d8ab6cd22\"><span class=\"fusion-toggle-icon-wrapper\" aria-hidden=\"true\"><i class=\"fa-fusion-box active-icon awb-icon-minus\" aria-hidden=\"true\"><\/i><i class=\"fa-fusion-box inactive-icon awb-icon-plus\" aria-hidden=\"true\"><\/i><\/span><span class=\"fusion-toggle-heading\">Protection solaire de la toiture<\/span><\/a><\/h4><\/div><div id=\"265789d5d8ab6cd22\" class=\"panel-collapse collapse \" aria-labelledby=\"toggle_265789d5d8ab6cd22\"><div class=\"panel-body toggle-content fusion-clearfix\">\n<table style=\"width: 100%;height: 187px\">\n<tbody>\n<tr style=\"height: 187px\">\n<td style=\"height: 187px\"><span style=\"color: #000000\"><strong><span style=\"text-decoration: underline\">Locaux concern\u00e9s<\/span> :<\/strong><\/span><\/p>\n<ul>\n<li>Locaux clos et climatis\u00e9s ou occup\u00e9s (exemples\u00a0: chambre, s\u00e9jour, bureau, \u2026)<\/li>\n<li>Locaux clos non-occup\u00e9s donnant <u>directement<\/u> sur les locaux ci-dessus, hors locaux techniques, stationnements et espaces de stockage non climatis\u00e9s (exemples : sanitaires, salle de bain, buanderie, local poubelle, \u2026)<\/li>\n<\/ul>\n<\/td>\n<td style=\"height: 187px\"><img decoding=\"async\" class=\"alignright wp-image-3430\" src=\"https:\/\/www.service-public.pf\/sde\/wp-content\/uploads\/sites\/15\/2023\/01\/SDE-REBPF-IlluTotales-Logement-Collectif-ProToiture-1.png\" alt=\"\" width=\"300\" height=\"225\" \/><\/td>\n<\/tr>\n<\/tbody>\n<\/table>\n<p style=\"color: #000000\"><strong><span style=\"text-decoration: underline\">Seuils \u00e0 respecter : <\/span><\/strong><\/p>\n<table class=\"table table-bordered\" style=\"width: 100%\">\n<tbody>\n<tr>\n<td style=\"width: 24.0317%\"><strong>Mesure<\/strong><\/td>\n<td style=\"width: 4.78677%\"><strong>Seuil<\/strong><\/td>\n<td style=\"width: 58.7865%\"><strong>Exemples de solutions<\/strong><\/td>\n<\/tr>\n<tr>\n<td style=\"width: 24.0317%\">Facteur solaire maximal de la toiture<\/td>\n<td style=\"width: 4.78677%\">2,5%<\/td>\n<td style=\"width: 58.7865%\">\n<ul>\n<li>Toiture (avec combles) en t\u00f4le de teinte claire avec 3 cm de laine min\u00e9rale minimum<\/li>\n<li>Toiture (avec combles) en t\u00f4le de teinte moyenne avec 5 cm de laine min\u00e9rale minimum<\/li>\n<li>Toiture (avec combles) en t\u00f4le de teinte sombre avec 7,5 cm de laine min\u00e9rale minimum<\/li>\n<li>Toiture terrasse en b\u00e9ton de teinte moyenne avec 6 cm de polystyr\u00e8ne expans\u00e9 minimum<\/li>\n<li>Toiture terrasse en b\u00e9ton avec sur-toiture largement ventil\u00e9e<\/li>\n<\/ul>\n<\/td>\n<\/tr>\n<\/tbody>\n<\/table>\n<p><span style=\"color: #000000\"><strong>Pour plus d\u2019informations sur l\u2019application de la th\u00e9matique, consultez la fiche en question\u00a0:<\/strong><\/span><\/p>\n<ul>\n<li><a href=\"https:\/\/www.service-public.pf\/sde\/wp-content\/uploads\/sites\/15\/2023\/09\/Fiche-02-Protection-solaire-des-parois-opaques-horizontales-Toitures.pdf\">Fiche d\u2019application \u00ab\u00a0Protection solaire de la toiture\u00a0\u00bb<\/a><\/li>\n<\/ul>\n<\/div><\/div><\/div><div class=\"fusion-panel panel-default panel-6739464a908b859a5 fusion-toggle-has-divider\" style=\"--awb-title-color:#333333;--awb-content-color:#747474;\"><div class=\"panel-heading\"><h4 class=\"panel-title toggle\" id=\"toggle_6739464a908b859a5\"><a aria-expanded=\"false\" aria-controls=\"6739464a908b859a5\" role=\"button\" data-toggle=\"collapse\" data-parent=\"#accordion-3355-4\" data-target=\"#6739464a908b859a5\" href=\"#6739464a908b859a5\"><span class=\"fusion-toggle-icon-wrapper\" aria-hidden=\"true\"><i class=\"fa-fusion-box active-icon awb-icon-minus\" aria-hidden=\"true\"><\/i><i class=\"fa-fusion-box inactive-icon awb-icon-plus\" aria-hidden=\"true\"><\/i><\/span><span class=\"fusion-toggle-heading\">Eau chaude solaire<\/span><\/a><\/h4><\/div><div id=\"6739464a908b859a5\" class=\"panel-collapse collapse \" aria-labelledby=\"toggle_6739464a908b859a5\"><div class=\"panel-body toggle-content fusion-clearfix\">\n<table style=\"width: 100%\">\n<tbody>\n<tr>\n<td style=\"width: 74.9588%\"><span style=\"text-decoration: underline;color: #000000\"><strong>Locaux concern\u00e9s :<\/strong><\/span><\/p>\n<p>La th\u00e9matique s\u2019applique \u00e0 l\u2019ensemble des logements. N\u00e9anmoins, la r\u00e9ponse apport\u00e9e peut se faire \u00e0 l\u2019\u00e9chelle du logement (installation individuelle) ou du b\u00e2timent (installation collective).<\/td>\n<td style=\"width: 120.451%\"><strong><img decoding=\"async\" class=\"alignright wp-image-3439 size-medium\" src=\"https:\/\/www.service-public.pf\/sde\/wp-content\/uploads\/sites\/15\/2023\/01\/SDE-REBPF-IlluTotales-Logement-Collectif-ChauffeEau.png\" alt=\"\" width=\"300\" height=\"225\" \/><\/strong><\/td>\n<\/tr>\n<\/tbody>\n<\/table>\n<p style=\"text-decoration: underline;color: #000000\"><strong>Seuils, r\u00e8gles de conception et caract\u00e9ristiques techniques \u00e0 respecter :<\/strong><\/p>\n<p style=\"color: #000\">Les seuils et r\u00e8gles varient en fonction du type de syst\u00e8me retenu.<\/p>\n<table class=\"table table-bordered\" style=\"width: 98.0591%\">\n<tbody>\n<tr>\n<td style=\"width: 11.0537%\" width=\"217\"><strong><b>Syst\u00e8me<\/b><\/strong><\/td>\n<td style=\"width: 39.1765%\" width=\"113\"><strong><b>Seuil<\/b><\/strong><\/td>\n<td style=\"width: 14.1736%\" width=\"340\"><strong><b>R\u00e8gle de conception<\/b><\/strong><\/td>\n<td style=\"width: 40.047%\" width=\"359\"><strong><b>Exemples de solutions<\/b><\/strong><\/td>\n<\/tr>\n<tr>\n<td style=\"width: 11.0537%\" width=\"217\">Chauffe-eau solaire individuel (CESI)<\/td>\n<td style=\"width: 39.1765%\" width=\"113\">Le seuil porte sur le volume minimum du ballon d\u2019eau chaude :<\/p>\n<ul>\n<li>T1 ou chambre d\u2019h\u00f4tel individuelle : chauffe-eau individuel solaire avec un r\u00e9servoir minimum de 100 litres\u00a0;<\/li>\n<li>T2-T3 : chauffe-eau individuel solaire avec un r\u00e9servoir minimum de 200 litres\u00a0;<\/li>\n<li>T4-T5 : chauffe-eau individuel solaire avec un r\u00e9servoir minimum de 300 litres ;<\/li>\n<li>T6 et + : chauffe-eau individuel solaire avec un r\u00e9servoir minimum de 400 litres.<\/li>\n<\/ul>\n<\/td>\n<td style=\"width: 14.1736%\" width=\"340\">\n<p style=\"text-align: center\">-<\/p>\n<\/td>\n<td style=\"width: 40.047%\" width=\"359\">Cas d\u2019un logement collectif compos\u00e9 de 12 logements de type T3, de 12 logements de type T4 et de 6 logements de type T5<\/p>\n<ul>\n<li>Pour les T3 : un CESI par logement avec un ballon de stockage de 200L ou plus (250L, 300L, \u2026) ;<\/li>\n<li>Pour les T4 et T5 : un CESI par logement avec un ballon de stockage de 300L ou plus (350L, 400L, \u2026).<\/li>\n<\/ul>\n<\/td>\n<\/tr>\n<tr>\n<td style=\"width: 11.0537%\" width=\"217\">Chauffe-eau solaire collectif (CESC)<\/td>\n<td style=\"width: 39.1765%\" width=\"113\">Pour une temp\u00e9rature d\u2019eau chaude de 60 degr\u00e9s Celsius\u00a0:<\/p>\n<ul>\n<li>Taux de couverture de 60 % minimum des besoins \u00e9nerg\u00e9tiques en eau chaude du b\u00e2timent ;<\/li>\n<li>Productivit\u00e9 solaire minimale de 450 kWh\/m\u00b2capteur\/an pour une temp\u00e9rature.<\/li>\n<\/ul>\n<\/td>\n<td style=\"width: 14.1736%\" width=\"340\">Conf\u00e8re fiche d\u2019application<\/td>\n<td style=\"width: 40.047%\" width=\"359\">Cas d\u2019un logement collectif compos\u00e9 de 12 logements de type T3, de 12 logements de type T4 et de 6 logements de type T5\u00a0:<\/p>\n<ul>\n<li>35 m\u00b2 de panneaux solaires permettent de couvrir 72% des besoins pour une productivit\u00e9 solaire utile de 850 kWh\/m\u00b2\/an ;<\/li>\n<li>45 m\u00b2 de panneaux solaires permettent de couvrir 82% des besoins pour une productivit\u00e9 solaire utile de 750 kWh\/m\u00b2\/an.<\/li>\n<\/ul>\n<\/td>\n<\/tr>\n<\/tbody>\n<\/table>\n<p><span style=\"color: #000000\"><u>Cas d\u00e9rogatoires :<\/u><\/span><\/p>\n<ol>\n<li>Concernant l\u2019installation de chauffe-eaux solaires<\/li>\n<\/ol>\n<p>Pour les b\u00e2timents de logements collectifs \u00e9quip\u00e9s de chauffe-eaux solaires individuels (CESI), si le nombre de niveaux est sup\u00e9rieur \u00e0 4, alors l\u2019obligation d\u2019installer des chauffe-eaux solaires et les exigences pour les installations individuelles doivent \u00eatre respect\u00e9es au minimum pour les 4 derniers niveaux. Ainsi, dans notre exemple, si le projet de logements collectifs est un R+5, il est possible de ne pas \u00e9quiper le rez-de-chauss\u00e9e de chauffe-eaux solaires.<\/p>\n<ol start=\"2\">\n<li>Concernant les performances de l\u2019installation<\/li>\n<\/ol>\n<p>Si le b\u00e2timent pr\u00e9sente une surface de toiture insuffisante pour permettre l\u2019installation de chauffe-eaux solaires conforme aux objectifs de performance\u00a0ou si les masques solaires proches sont trop importants pour cela, il est possible de d\u00e9roger aux seuils indiqu\u00e9s ci-dessus en dimensionnant toutefois l\u2019installation pour qu\u2019elle pr\u00e9sente un taux de couverture maximum et une productivit\u00e9 maximum au regard du contexte de mise en \u0153uvre.<\/p>\n<p>Si le projet s\u2019inscrit dans ce cas d\u00e9rogatoire, le recours \u00e0 cette d\u00e9rogation devra \u00eatre justifi\u00e9 et argument\u00e9 techniquement, tout comme le dimensionnement final de l\u2019installation.<\/p>\n<p style=\"color: #000\"><span style=\"color: #000000\"><strong>Pour plus d\u2019informations sur l\u2019application de la th\u00e9matique, consultez la fiche en question\u00a0:<\/strong><\/span><\/p>\n<ul>\n<li><a href=\"https:\/\/www.service-public.pf\/sde\/wp-content\/uploads\/sites\/15\/2023\/06\/Fiche-08-Eau-chaude-solaire.pdf\">Fiche d\u2019application \u00ab\u00a0Eau chaude solaire\u00a0\u00bb<\/a><\/li>\n<\/ul>\n<\/div><\/div><\/div><\/div><\/div><div class=\"fusion-text fusion-text-17\" style=\"--awb-margin-top:10px;\"><p><span style=\"color: #000000\"><strong>Informations relatives aux demandes de permis de construire et au certificat de conformit\u00e9<\/strong><\/span><\/p>\n<p>Le p\u00e9titionnaire remplit les nouveaux formulaires de demande de permis de construire et de certificat de conformit\u00e9 de la DCA qui int\u00e8grent la d\u00e9claration du respect de la r\u00e9glementation.<\/p>\n<p><strong>Si les surfaces de plancher construites cumul\u00e9es* sont sup\u00e9rieures \u00e0 250 m\u00b2 de plancher, les demandes de permis de construire et de certificat de conformit\u00e9 doivent \u00eatre accompagn\u00e9es de l\u2019avis d\u2019un organisme agr\u00e9\u00e9<\/strong><\/p>\n<ul>\n<li><a href=\"https:\/\/www.service-public.pf\/sde\/organismes-agrees\/\">Parcourir la page d\u00e9di\u00e9e aux organismes agr\u00e9\u00e9s<\/a><\/li>\n<\/ul>\n<p><em><span style=\"font-size: 10pt\">* Les surfaces de plancher \u00e0 consid\u00e9rer sont celles de n\u2019importe quel b\u00e2timent neuf rattach\u00e9 au projet de construction, d\u00e8s lors que la typologie associ\u00e9e est bureaux, enseignement, \u00e9tablissement de soin, h\u00f4tellerie ou logement collectif.<\/span><\/em><\/p>\n<p><span style=\"color: #000000\"><strong>Informations sur les dispositions applicables \u00e0 la typologie <\/strong>(ne consulter que les rubriques des th\u00e9matiques concernant le projet de construction)<strong>\u00a0:<\/strong><\/span><\/p>\n<ul>\n<li><a href=\"https:\/\/www.service-public.pf\/sde\/wp-content\/uploads\/sites\/15\/2023\/04\/REPBF_Depliants_LogementCollectif_Pages-V2.pdf\">D\u00e9pliant \u00ab\u00a0Logement collectif\u00a0\u00bb<\/a><\/li>\n<\/ul>\n<\/div><\/div><\/div><\/div><\/div><\/div><div class=\"fusion-layout-column fusion_builder_column fusion-builder-column-12 fusion_builder_column_4_5 4_5 fusion-flex-column vct_idv_sup500_content\" style=\"--awb-bg-size:cover;--awb-width-large:80%;--awb-flex-grow:0;--awb-flex-shrink:0;--awb-margin-top-large:0px;--awb-spacing-right-large:2.4%;--awb-margin-bottom-large:20px;--awb-spacing-left-large:2.4%;--awb-width-medium:100%;--awb-order-medium:0;--awb-flex-grow-medium:0;--awb-flex-shrink-medium:0;--awb-spacing-right-medium:1.92%;--awb-spacing-left-medium:1.92%;--awb-width-small:100%;--awb-order-small:0;--awb-flex-grow-small:0;--awb-flex-shrink-small:0;--awb-spacing-right-small:1.92%;--awb-spacing-left-small:1.92%;\" id=\"vct_idv_sup500_batimentdebureaux_content\"><div class=\"fusion-column-wrapper fusion-column-has-shadow fusion-flex-justify-content-flex-start fusion-content-layout-column\"><div class=\"fusion-title title fusion-title-8 fusion-sep-none fusion-title-center fusion-title-text fusion-title-size-two hidden\" style=\"--awb-margin-top-small:0px;--awb-margin-right-small:0px;--awb-margin-bottom-small:20px;--awb-margin-left-small:0px;\"><h2 class=\"fusion-title-heading title-heading-center\" style=\"margin:0;\">Protection solaire de la toiture + D\u00e9pliant bureaux + Fiche d'information bureaux + Formulaire 2-IDV<\/h2><\/div><div class=\"fusion-text fusion-text-18 vct_description_typologie\"><p>Il s\u2019agit d\u2019un b\u00e2timent ou d\u2019une partie de b\u00e2timent \u00e0 usage de bureaux, banque, administration,<br \/>\nespace de coworking comprenant \u00e9galement leurs locaux accessoires (sanitaires, salles de r\u00e9union,<br \/>\ncaf\u00e9taria, \u2026).<\/p>\n<p><em>A noter que le ou les locaux de bureaux qui se rattachent \u00e0 une autre destination ne sont pas associ\u00e9s<\/em><br \/>\n<em>\u00e0 la typologie \u00ab bureaux \u00bb mais \u00e0 la typologie du b\u00e2timent ou de la partie de b\u00e2timent. Par exemple,<\/em><br \/>\n<em>le bureau d\u2019un garage automobile est associ\u00e9 au garage, qui ne correspond pas \u00e0 une typologie<\/em><br \/>\n<em>particuli\u00e8re et correspond donc \u00e0 la section \u00ab\u00a0autre b\u00e2timent\u00a0\u00bb. M\u00eame chose pour un bureau<\/em><br \/>\n<em>administratif d\u2019une salle de sport.<\/em><\/p>\n<\/div><div class=\"fusion-builder-row fusion-builder-row-inner fusion-row fusion-flex-align-items-flex-start fusion-flex-justify-content-center fusion-flex-content-wrap\" style=\"--awb-flex-grow:0;--awb-flex-grow-medium:0;--awb-flex-grow-small:0;--awb-flex-shrink:0;--awb-flex-shrink-medium:0;--awb-flex-shrink-small:0;width:104% !important;max-width:104% !important;margin-left: calc(-4% \/ 2 );margin-right: calc(-4% \/ 2 );\"><div class=\"fusion-layout-column fusion_builder_column_inner fusion-builder-nested-column-28 fusion_builder_column_inner_1_1 1_1 fusion-flex-column\" style=\"--awb-bg-size:cover;--awb-width-large:100%;--awb-margin-top-large:0px;--awb-spacing-right-large:1.92%;--awb-margin-bottom-large:20px;--awb-spacing-left-large:1.92%;--awb-width-medium:100%;--awb-order-medium:0;--awb-spacing-right-medium:1.92%;--awb-spacing-left-medium:1.92%;--awb-width-small:100%;--awb-order-small:0;--awb-spacing-right-small:1.92%;--awb-spacing-left-small:1.92%;\"><div class=\"fusion-column-wrapper fusion-column-has-shadow fusion-flex-justify-content-flex-start fusion-content-layout-column\"><div class=\"fusion-separator fusion-full-width-sep\" style=\"align-self: center;margin-left: auto;margin-right: auto;width:100%;\"><div class=\"fusion-separator-border sep-shadow\" style=\"--awb-height:20px;--awb-amount:20px;background:radial-gradient(ellipse at 50% -50% , #e0dede 0px, rgba(255, 255, 255, 0) 80%) repeat scroll 0 0 rgba(0, 0, 0, 0);background:-webkit-radial-gradient(ellipse at 50% -50% , #e0dede 0px, rgba(255, 255, 255, 0) 80%) repeat scroll 0 0 rgba(0, 0, 0, 0);background:-moz-radial-gradient(ellipse at 50% -50% , #e0dede 0px, rgba(255, 255, 255, 0) 80%) repeat scroll 0 0 rgba(0, 0, 0, 0);background:-o-radial-gradient(ellipse at 50% -50% , #e0dede 0px, rgba(255, 255, 255, 0) 80%) repeat scroll 0 0 rgba(0, 0, 0, 0);\"><\/div><\/div><\/div><\/div><div class=\"fusion-layout-column fusion_builder_column_inner fusion-builder-nested-column-29 fusion_builder_column_inner_1_3 1_3 fusion-flex-column\" style=\"--awb-bg-size:cover;--awb-width-large:33.333333333333%;--awb-margin-top-large:0px;--awb-spacing-right-large:2vw;--awb-margin-bottom-large:20px;--awb-spacing-left-large:5.76%;--awb-width-medium:100%;--awb-order-medium:0;--awb-spacing-right-medium:1.92%;--awb-spacing-left-medium:1.92%;--awb-width-small:100%;--awb-order-small:0;--awb-spacing-right-small:1.92%;--awb-spacing-left-small:1.92%;\"><div class=\"fusion-column-wrapper fusion-column-has-shadow fusion-flex-justify-content-flex-start fusion-content-layout-column\"><div class=\"fusion-image-element \" style=\"text-align:right;--awb-max-width:450px;--awb-caption-title-font-family:var(--h2_typography-font-family);--awb-caption-title-font-weight:var(--h2_typography-font-weight);--awb-caption-title-font-style:var(--h2_typography-font-style);--awb-caption-title-size:var(--h2_typography-font-size);--awb-caption-title-transform:var(--h2_typography-text-transform);--awb-caption-title-line-height:var(--h2_typography-line-height);--awb-caption-title-letter-spacing:var(--h2_typography-letter-spacing);\"><span class=\" fusion-imageframe imageframe-none imageframe-5 hover-type-none\"><img decoding=\"async\" width=\"300\" height=\"225\" title=\"SDE REBPF IlluTotales Bureau\" src=\"https:\/\/www.service-public.pf\/sde\/wp-content\/uploads\/sites\/15\/2023\/01\/SDE-REBPF-IlluTotales-Bureau-300x225.png\" alt class=\"img-responsive wp-image-3431\" srcset=\"https:\/\/www.service-public.pf\/sde\/wp-content\/uploads\/sites\/15\/2023\/01\/SDE-REBPF-IlluTotales-Bureau-200x150.png 200w, https:\/\/www.service-public.pf\/sde\/wp-content\/uploads\/sites\/15\/2023\/01\/SDE-REBPF-IlluTotales-Bureau-400x300.png 400w, https:\/\/www.service-public.pf\/sde\/wp-content\/uploads\/sites\/15\/2023\/01\/SDE-REBPF-IlluTotales-Bureau-600x450.png 600w, https:\/\/www.service-public.pf\/sde\/wp-content\/uploads\/sites\/15\/2023\/01\/SDE-REBPF-IlluTotales-Bureau-800x600.png 800w, https:\/\/www.service-public.pf\/sde\/wp-content\/uploads\/sites\/15\/2023\/01\/SDE-REBPF-IlluTotales-Bureau-1200x900.png 1200w, https:\/\/www.service-public.pf\/sde\/wp-content\/uploads\/sites\/15\/2023\/01\/SDE-REBPF-IlluTotales-Bureau.png 1453w\" sizes=\"(max-width: 1024px) 100vw, (max-width: 640px) 100vw, 800px\" \/><\/span><\/div><\/div><\/div><div class=\"fusion-layout-column fusion_builder_column_inner fusion-builder-nested-column-30 fusion_builder_column_inner_2_3 2_3 fusion-flex-column\" style=\"--awb-bg-size:cover;--awb-width-large:66.666666666667%;--awb-margin-top-large:0px;--awb-spacing-right-large:2.88%;--awb-margin-bottom-large:20px;--awb-spacing-left-large:2.88%;--awb-width-medium:100%;--awb-order-medium:0;--awb-spacing-right-medium:1.92%;--awb-spacing-left-medium:1.92%;--awb-width-small:100%;--awb-order-small:0;--awb-spacing-right-small:1.92%;--awb-spacing-left-small:1.92%;\"><div class=\"fusion-column-wrapper fusion-column-has-shadow fusion-flex-justify-content-center fusion-content-layout-column\"><div class=\"fusion-text fusion-text-19\" style=\"--awb-content-alignment:center;--awb-font-size:24pt;\"><p>Localisation\u00a0du projet : <strong>Iles du Vent, \u00e0 une altitude sup\u00e9rieure ou \u00e9gale \u00e0 500 m\u00e8tres<\/strong><\/p>\n<p>Typologie de la construction\u00a0: <strong>Bureaux<\/strong><\/p>\n<\/div><\/div><\/div><div class=\"fusion-layout-column fusion_builder_column_inner fusion-builder-nested-column-31 fusion_builder_column_inner_1_1 1_1 fusion-flex-column\" style=\"--awb-bg-size:cover;--awb-width-large:100%;--awb-margin-top-large:0px;--awb-spacing-right-large:1.92%;--awb-margin-bottom-large:20px;--awb-spacing-left-large:1.92%;--awb-width-medium:100%;--awb-order-medium:0;--awb-spacing-right-medium:1.92%;--awb-spacing-left-medium:1.92%;--awb-width-small:100%;--awb-order-small:0;--awb-spacing-right-small:1.92%;--awb-spacing-left-small:1.92%;\"><div class=\"fusion-column-wrapper fusion-column-has-shadow fusion-flex-justify-content-flex-start fusion-content-layout-column\"><div class=\"fusion-separator fusion-full-width-sep\" style=\"align-self: center;margin-left: auto;margin-right: auto;margin-bottom:20px;width:100%;\"><div class=\"fusion-separator-border sep-shadow\" style=\"--awb-height:20px;--awb-amount:20px;background:radial-gradient(ellipse at 50% -50% , #e0dede 0px, rgba(255, 255, 255, 0) 80%) repeat scroll 0 0 rgba(0, 0, 0, 0);background:-webkit-radial-gradient(ellipse at 50% -50% , #e0dede 0px, rgba(255, 255, 255, 0) 80%) repeat scroll 0 0 rgba(0, 0, 0, 0);background:-moz-radial-gradient(ellipse at 50% -50% , #e0dede 0px, rgba(255, 255, 255, 0) 80%) repeat scroll 0 0 rgba(0, 0, 0, 0);background:-o-radial-gradient(ellipse at 50% -50% , #e0dede 0px, rgba(255, 255, 255, 0) 80%) repeat scroll 0 0 rgba(0, 0, 0, 0);\"><\/div><\/div><\/div><\/div><div class=\"fusion-layout-column fusion_builder_column_inner fusion-builder-nested-column-32 fusion_builder_column_inner_1_1 1_1 fusion-flex-column\" style=\"--awb-bg-color:#ffffff;--awb-bg-color-hover:#ffffff;--awb-bg-size:cover;--awb-width-large:100%;--awb-margin-top-large:0px;--awb-spacing-right-large:1.92%;--awb-margin-bottom-large:20px;--awb-spacing-left-large:1.92%;--awb-width-medium:100%;--awb-order-medium:0;--awb-spacing-right-medium:1.92%;--awb-spacing-left-medium:1.92%;--awb-width-small:100%;--awb-order-small:0;--awb-spacing-right-small:1.92%;--awb-spacing-left-small:1.92%;\"><div class=\"fusion-column-wrapper fusion-column-has-shadow fusion-flex-justify-content-flex-start fusion-content-layout-column\"><div class=\"fusion-text fusion-text-20\" style=\"--awb-text-color:#000000;\"><p><strong>Th\u00e9matiques applicables :<\/strong><\/p>\n<\/div><div class=\"accordian fusion-accordian\" style=\"--awb-border-size:1px;--awb-icon-size:13px;--awb-content-font-size:13px;--awb-icon-alignment:left;--awb-hover-color:#f9f9f9;--awb-border-color:#cccccc;--awb-background-color:#ffffff;--awb-divider-color:#e0dede;--awb-divider-hover-color:#e0dede;--awb-icon-color:#ffffff;--awb-title-color:#333333;--awb-content-color:#747474;--awb-icon-box-color:#333333;--awb-toggle-hover-accent-color:#26a147;--awb-title-font-family:&quot;PT Sans&quot;;--awb-title-font-weight:400;--awb-title-font-style:normal;--awb-title-font-size:13px;--awb-content-font-family:&quot;PT Sans&quot;;--awb-content-font-style:normal;--awb-content-font-weight:400;\"><div class=\"panel-group fusion-toggle-icon-boxed\" id=\"accordion-3355-5\"><div class=\"fusion-panel panel-default panel-0a612d5b715bdb541 fusion-toggle-has-divider\" style=\"--awb-title-color:#333333;--awb-content-color:#747474;\"><div class=\"panel-heading\"><h4 class=\"panel-title toggle\" id=\"toggle_0a612d5b715bdb541\"><a aria-expanded=\"false\" aria-controls=\"0a612d5b715bdb541\" role=\"button\" data-toggle=\"collapse\" data-parent=\"#accordion-3355-5\" data-target=\"#0a612d5b715bdb541\" href=\"#0a612d5b715bdb541\"><span class=\"fusion-toggle-icon-wrapper\" aria-hidden=\"true\"><i class=\"fa-fusion-box active-icon awb-icon-minus\" aria-hidden=\"true\"><\/i><i class=\"fa-fusion-box inactive-icon awb-icon-plus\" aria-hidden=\"true\"><\/i><\/span><span class=\"fusion-toggle-heading\">Protection solaire de la toiture<\/span><\/a><\/h4><\/div><div id=\"0a612d5b715bdb541\" class=\"panel-collapse collapse \" aria-labelledby=\"toggle_0a612d5b715bdb541\"><div class=\"panel-body toggle-content fusion-clearfix\">\n<table style=\"width: 100%;height: 187px\">\n<tbody>\n<tr style=\"height: 187px\">\n<td style=\"height: 187px\"><span style=\"color: #000000\"><strong><span style=\"text-decoration: underline\">Locaux concern\u00e9s<\/span> :<\/strong><\/span><\/p>\n<ul>\n<li>Locaux clos et climatis\u00e9s ou occup\u00e9s (exemples : bureau, salle de r\u00e9union, espace d\u2019accueil avec personnel permanent, locaux d\u2019activit\u00e9s diverses : caf\u00e9t\u00e9ria, r\u00e9fectoire, salle de sport, \u2026)<\/li>\n<li>Locaux clos non-occup\u00e9s donnant <u>directement<\/u> sur les locaux ci-dessus, hors locaux techniques, stationnements et espaces de stockage non climatis\u00e9s (exemples : sanitaires, circulation, hall, \u2026)<\/li>\n<\/ul>\n<\/td>\n<td style=\"height: 187px\"><img decoding=\"async\" class=\"alignright wp-image-3430\" src=\"https:\/\/www.service-public.pf\/sde\/wp-content\/uploads\/sites\/15\/2023\/01\/SDE-REBPF-IlluTotales-Bureau-ProToiture.png\" alt=\"\" width=\"300\" height=\"225\" \/><\/td>\n<\/tr>\n<\/tbody>\n<\/table>\n<p style=\"color: #000000\"><strong><span style=\"text-decoration: underline\">Seuils \u00e0 respecter : <\/span><\/strong><\/p>\n<table class=\"table table-bordered\" style=\"width: 100%\">\n<tbody>\n<tr>\n<td style=\"width: 24.0317%\"><strong>Mesure<\/strong><\/td>\n<td style=\"width: 4.78677%\"><strong>Seuil<\/strong><\/td>\n<td style=\"width: 58.7865%\"><strong>Exemples de solutions<\/strong><\/td>\n<\/tr>\n<tr>\n<td style=\"width: 24.0317%\">Facteur solaire maximal de la toiture<\/td>\n<td style=\"width: 4.78677%\">2,5%<\/td>\n<td style=\"width: 58.7865%\">\n<ul>\n<li>Toiture (avec combles) en t\u00f4le de teinte claire avec 3 cm de laine min\u00e9rale minimum<\/li>\n<li>Toiture (avec combles) en t\u00f4le de teinte moyenne avec 5 cm de laine min\u00e9rale minimum<\/li>\n<li>Toiture (avec combles) en t\u00f4le de teinte sombre avec 7,5 cm de laine min\u00e9rale minimum<\/li>\n<li>Toiture terrasse en b\u00e9ton de teinte moyenne avec 6 cm de polystyr\u00e8ne expans\u00e9 minimum<\/li>\n<li>Toiture terrasse en b\u00e9ton avec sur-toiture largement ventil\u00e9e<\/li>\n<\/ul>\n<\/td>\n<\/tr>\n<\/tbody>\n<\/table>\n<p><span style=\"color: #000000\"><strong>Pour plus d\u2019informations sur l\u2019application de la th\u00e9matique, consultez la fiche en question\u00a0:<\/strong><\/span><\/p>\n<ul>\n<li><a href=\"https:\/\/www.service-public.pf\/sde\/wp-content\/uploads\/sites\/15\/2023\/09\/Fiche-02-Protection-solaire-des-parois-opaques-horizontales-Toitures.pdf\">Fiche d\u2019application \u00ab\u00a0Protection solaire de la toiture\u00a0\u00bb<\/a><\/li>\n<\/ul>\n<\/div><\/div><\/div><\/div><\/div><div class=\"fusion-text fusion-text-21\" style=\"--awb-margin-top:10px;\"><p><span style=\"color: #000000\"><strong>Informations relatives aux demandes de permis de construire et au certificat de conformit\u00e9<\/strong><\/span><\/p>\n<p>Le p\u00e9titionnaire remplit les nouveaux formulaires de demande de permis de construire et de certificat de conformit\u00e9 de la DCA qui int\u00e8grent la d\u00e9claration du respect de la r\u00e9glementation.<\/p>\n<p><strong>Si les surfaces de plancher construites cumul\u00e9es* sont sup\u00e9rieures \u00e0 250 m\u00b2 de plancher, les demandes de permis de construire et de certificat de conformit\u00e9 doivent \u00eatre accompagn\u00e9es de l\u2019avis d\u2019un organisme agr\u00e9\u00e9<\/strong><\/p>\n<ul>\n<li><a href=\"https:\/\/www.service-public.pf\/sde\/organismes-agrees\/\">Parcourir la page d\u00e9di\u00e9e aux organismes agr\u00e9\u00e9s<\/a><\/li>\n<\/ul>\n<p><em><span style=\"font-size: 10pt\">* Les surfaces de plancher \u00e0 consid\u00e9rer sont celles de n\u2019importe quel b\u00e2timent neuf rattach\u00e9 au projet de construction, d\u00e8s lors que la typologie associ\u00e9e est bureaux, enseignement, \u00e9tablissement de soin, h\u00f4tellerie ou logement collectif.<\/span><\/em><\/p>\n<p><span style=\"color: #000000\"><strong>Informations sur les dispositions applicables \u00e0 la typologie <\/strong>(ne consulter que les rubriques des th\u00e9matiques concernant le projet de construction)<strong>\u00a0:<\/strong><\/span><\/p>\n<ul>\n<li><a href=\"https:\/\/www.service-public.pf\/sde\/wp-content\/uploads\/sites\/15\/2023\/04\/REPBF_Depliants_Bureaux_Pages-V2.pdf\">D\u00e9pliant \u00ab\u00a0Bureaux\u00a0\u00bb<\/a><\/li>\n<\/ul>\n<\/div><\/div><\/div><\/div><\/div><\/div><div class=\"fusion-layout-column fusion_builder_column fusion-builder-column-13 fusion_builder_column_4_5 4_5 fusion-flex-column vct_idv_sup500_content\" style=\"--awb-bg-size:cover;--awb-width-large:80%;--awb-flex-grow:0;--awb-flex-shrink:0;--awb-margin-top-large:0px;--awb-spacing-right-large:2.4%;--awb-margin-bottom-large:20px;--awb-spacing-left-large:2.4%;--awb-width-medium:100%;--awb-order-medium:0;--awb-flex-grow-medium:0;--awb-flex-shrink-medium:0;--awb-spacing-right-medium:1.92%;--awb-spacing-left-medium:1.92%;--awb-width-small:100%;--awb-order-small:0;--awb-flex-grow-small:0;--awb-flex-shrink-small:0;--awb-spacing-right-small:1.92%;--awb-spacing-left-small:1.92%;\" id=\"vct_idv_sup500_etablissementdesoin_content\"><div class=\"fusion-column-wrapper fusion-column-has-shadow fusion-flex-justify-content-flex-start fusion-content-layout-column\"><div class=\"fusion-title title fusion-title-9 fusion-sep-none fusion-title-center fusion-title-text fusion-title-size-two hidden\" style=\"--awb-margin-top-small:0px;--awb-margin-right-small:0px;--awb-margin-bottom-small:20px;--awb-margin-left-small:0px;\"><h2 class=\"fusion-title-heading title-heading-center\" style=\"margin:0;\">Protection solaire de la toiture \/ Eau chaude solaire + D\u00e9pliant \u00e9tablissement de soin + Fiche d'information \u00e9tablissement de soin + Formulaire 2-IDV<\/h2><\/div><div class=\"fusion-text fusion-text-22 vct_description_typologie\"><p>Il s\u2019agit d\u2019un b\u00e2timent ou d\u2019une partie de b\u00e2timent \u00e0 usage d\u2019h\u00f4pital, clinique et tout autre<br \/>\n\u00e9tablissement de service public ou d\u2019int\u00e9r\u00eat collectif de la sant\u00e9 et leurs locaux accessoires ; ainsi que<br \/>\nles structures d\u2019accueil pour personnes \u00e2g\u00e9es et personnes handicap\u00e9es et leurs locaux accessoires.<\/p>\n<\/div><div class=\"fusion-builder-row fusion-builder-row-inner fusion-row fusion-flex-align-items-flex-start fusion-flex-justify-content-center fusion-flex-content-wrap\" style=\"--awb-flex-grow:0;--awb-flex-grow-medium:0;--awb-flex-grow-small:0;--awb-flex-shrink:0;--awb-flex-shrink-medium:0;--awb-flex-shrink-small:0;width:104% !important;max-width:104% !important;margin-left: calc(-4% \/ 2 );margin-right: calc(-4% \/ 2 );\"><div class=\"fusion-layout-column fusion_builder_column_inner fusion-builder-nested-column-33 fusion_builder_column_inner_1_1 1_1 fusion-flex-column\" style=\"--awb-bg-size:cover;--awb-width-large:100%;--awb-margin-top-large:0px;--awb-spacing-right-large:1.92%;--awb-margin-bottom-large:20px;--awb-spacing-left-large:1.92%;--awb-width-medium:100%;--awb-order-medium:0;--awb-spacing-right-medium:1.92%;--awb-spacing-left-medium:1.92%;--awb-width-small:100%;--awb-order-small:0;--awb-spacing-right-small:1.92%;--awb-spacing-left-small:1.92%;\"><div class=\"fusion-column-wrapper fusion-column-has-shadow fusion-flex-justify-content-flex-start fusion-content-layout-column\"><div class=\"fusion-separator fusion-full-width-sep\" style=\"align-self: center;margin-left: auto;margin-right: auto;width:100%;\"><div class=\"fusion-separator-border sep-shadow\" style=\"--awb-height:20px;--awb-amount:20px;background:radial-gradient(ellipse at 50% -50% , #e0dede 0px, rgba(255, 255, 255, 0) 80%) repeat scroll 0 0 rgba(0, 0, 0, 0);background:-webkit-radial-gradient(ellipse at 50% -50% , #e0dede 0px, rgba(255, 255, 255, 0) 80%) repeat scroll 0 0 rgba(0, 0, 0, 0);background:-moz-radial-gradient(ellipse at 50% -50% , #e0dede 0px, rgba(255, 255, 255, 0) 80%) repeat scroll 0 0 rgba(0, 0, 0, 0);background:-o-radial-gradient(ellipse at 50% -50% , #e0dede 0px, rgba(255, 255, 255, 0) 80%) repeat scroll 0 0 rgba(0, 0, 0, 0);\"><\/div><\/div><\/div><\/div><div class=\"fusion-layout-column fusion_builder_column_inner fusion-builder-nested-column-34 fusion_builder_column_inner_1_3 1_3 fusion-flex-column\" style=\"--awb-bg-size:cover;--awb-width-large:33.333333333333%;--awb-margin-top-large:0px;--awb-spacing-right-large:2vw;--awb-margin-bottom-large:20px;--awb-spacing-left-large:5.76%;--awb-width-medium:100%;--awb-order-medium:0;--awb-spacing-right-medium:1.92%;--awb-spacing-left-medium:1.92%;--awb-width-small:100%;--awb-order-small:0;--awb-spacing-right-small:1.92%;--awb-spacing-left-small:1.92%;\"><div class=\"fusion-column-wrapper fusion-column-has-shadow fusion-flex-justify-content-flex-start fusion-content-layout-column\"><div class=\"fusion-image-element \" style=\"text-align:right;--awb-max-width:450px;--awb-caption-title-font-family:var(--h2_typography-font-family);--awb-caption-title-font-weight:var(--h2_typography-font-weight);--awb-caption-title-font-style:var(--h2_typography-font-style);--awb-caption-title-size:var(--h2_typography-font-size);--awb-caption-title-transform:var(--h2_typography-text-transform);--awb-caption-title-line-height:var(--h2_typography-line-height);--awb-caption-title-letter-spacing:var(--h2_typography-letter-spacing);\"><span class=\" fusion-imageframe imageframe-none imageframe-6 hover-type-none\"><img decoding=\"async\" width=\"300\" height=\"225\" title=\"SDE REBPF IlluTotales Etablissement Soin\" src=\"https:\/\/www.service-public.pf\/sde\/wp-content\/uploads\/sites\/15\/2023\/01\/SDE-REBPF-IlluTotales-Etablissement-Soin-300x225.png\" alt class=\"img-responsive wp-image-3441\" srcset=\"https:\/\/www.service-public.pf\/sde\/wp-content\/uploads\/sites\/15\/2023\/01\/SDE-REBPF-IlluTotales-Etablissement-Soin-200x150.png 200w, https:\/\/www.service-public.pf\/sde\/wp-content\/uploads\/sites\/15\/2023\/01\/SDE-REBPF-IlluTotales-Etablissement-Soin-400x300.png 400w, https:\/\/www.service-public.pf\/sde\/wp-content\/uploads\/sites\/15\/2023\/01\/SDE-REBPF-IlluTotales-Etablissement-Soin-600x450.png 600w, https:\/\/www.service-public.pf\/sde\/wp-content\/uploads\/sites\/15\/2023\/01\/SDE-REBPF-IlluTotales-Etablissement-Soin-800x600.png 800w, https:\/\/www.service-public.pf\/sde\/wp-content\/uploads\/sites\/15\/2023\/01\/SDE-REBPF-IlluTotales-Etablissement-Soin-1200x900.png 1200w, https:\/\/www.service-public.pf\/sde\/wp-content\/uploads\/sites\/15\/2023\/01\/SDE-REBPF-IlluTotales-Etablissement-Soin.png 1453w\" sizes=\"(max-width: 1024px) 100vw, (max-width: 640px) 100vw, 800px\" \/><\/span><\/div><\/div><\/div><div class=\"fusion-layout-column fusion_builder_column_inner fusion-builder-nested-column-35 fusion_builder_column_inner_2_3 2_3 fusion-flex-column\" style=\"--awb-bg-size:cover;--awb-width-large:66.666666666667%;--awb-margin-top-large:0px;--awb-spacing-right-large:2.88%;--awb-margin-bottom-large:20px;--awb-spacing-left-large:2.88%;--awb-width-medium:100%;--awb-order-medium:0;--awb-spacing-right-medium:1.92%;--awb-spacing-left-medium:1.92%;--awb-width-small:100%;--awb-order-small:0;--awb-spacing-right-small:1.92%;--awb-spacing-left-small:1.92%;\"><div class=\"fusion-column-wrapper fusion-column-has-shadow fusion-flex-justify-content-center fusion-content-layout-column\"><div class=\"fusion-text fusion-text-23\" style=\"--awb-content-alignment:center;--awb-font-size:24pt;\"><p>Localisation\u00a0du projet : <strong>Iles du Vent, \u00e0 une altitude sup\u00e9rieure ou \u00e9gale \u00e0 500 m\u00e8tres<\/strong><\/p>\n<p>Typologie de la construction\u00a0: <strong>\u00c9tablissement de soin<\/strong><\/p>\n<\/div><\/div><\/div><div class=\"fusion-layout-column fusion_builder_column_inner fusion-builder-nested-column-36 fusion_builder_column_inner_1_1 1_1 fusion-flex-column\" style=\"--awb-bg-size:cover;--awb-width-large:100%;--awb-margin-top-large:0px;--awb-spacing-right-large:1.92%;--awb-margin-bottom-large:20px;--awb-spacing-left-large:1.92%;--awb-width-medium:100%;--awb-order-medium:0;--awb-spacing-right-medium:1.92%;--awb-spacing-left-medium:1.92%;--awb-width-small:100%;--awb-order-small:0;--awb-spacing-right-small:1.92%;--awb-spacing-left-small:1.92%;\"><div class=\"fusion-column-wrapper fusion-column-has-shadow fusion-flex-justify-content-flex-start fusion-content-layout-column\"><div class=\"fusion-separator fusion-full-width-sep\" style=\"align-self: center;margin-left: auto;margin-right: auto;margin-bottom:20px;width:100%;\"><div class=\"fusion-separator-border sep-shadow\" style=\"--awb-height:20px;--awb-amount:20px;background:radial-gradient(ellipse at 50% -50% , #e0dede 0px, rgba(255, 255, 255, 0) 80%) repeat scroll 0 0 rgba(0, 0, 0, 0);background:-webkit-radial-gradient(ellipse at 50% -50% , #e0dede 0px, rgba(255, 255, 255, 0) 80%) repeat scroll 0 0 rgba(0, 0, 0, 0);background:-moz-radial-gradient(ellipse at 50% -50% , #e0dede 0px, rgba(255, 255, 255, 0) 80%) repeat scroll 0 0 rgba(0, 0, 0, 0);background:-o-radial-gradient(ellipse at 50% -50% , #e0dede 0px, rgba(255, 255, 255, 0) 80%) repeat scroll 0 0 rgba(0, 0, 0, 0);\"><\/div><\/div><\/div><\/div><div class=\"fusion-layout-column fusion_builder_column_inner fusion-builder-nested-column-37 fusion_builder_column_inner_1_1 1_1 fusion-flex-column\" style=\"--awb-bg-color:#ffffff;--awb-bg-color-hover:#ffffff;--awb-bg-size:cover;--awb-width-large:100%;--awb-margin-top-large:0px;--awb-spacing-right-large:1.92%;--awb-margin-bottom-large:20px;--awb-spacing-left-large:1.92%;--awb-width-medium:100%;--awb-order-medium:0;--awb-spacing-right-medium:1.92%;--awb-spacing-left-medium:1.92%;--awb-width-small:100%;--awb-order-small:0;--awb-spacing-right-small:1.92%;--awb-spacing-left-small:1.92%;\"><div class=\"fusion-column-wrapper fusion-column-has-shadow fusion-flex-justify-content-flex-start fusion-content-layout-column\"><div class=\"fusion-text fusion-text-24\" style=\"--awb-text-color:#000000;\"><p><strong>Th\u00e9matiques applicables :<\/strong><\/p>\n<\/div><div class=\"accordian fusion-accordian\" style=\"--awb-border-size:1px;--awb-icon-size:13px;--awb-content-font-size:13px;--awb-icon-alignment:left;--awb-hover-color:#f9f9f9;--awb-border-color:#cccccc;--awb-background-color:#ffffff;--awb-divider-color:#e0dede;--awb-divider-hover-color:#e0dede;--awb-icon-color:#ffffff;--awb-title-color:#333333;--awb-content-color:#747474;--awb-icon-box-color:#333333;--awb-toggle-hover-accent-color:#26a147;--awb-title-font-family:&quot;PT Sans&quot;;--awb-title-font-weight:400;--awb-title-font-style:normal;--awb-title-font-size:13px;--awb-content-font-family:&quot;PT Sans&quot;;--awb-content-font-style:normal;--awb-content-font-weight:400;\"><div class=\"panel-group fusion-toggle-icon-boxed\" id=\"accordion-3355-6\"><div class=\"fusion-panel panel-default panel-6e79ecab00f0fd358 fusion-toggle-has-divider\" style=\"--awb-title-color:#333333;--awb-content-color:#747474;\"><div class=\"panel-heading\"><h4 class=\"panel-title toggle\" id=\"toggle_6e79ecab00f0fd358\"><a aria-expanded=\"false\" aria-controls=\"6e79ecab00f0fd358\" role=\"button\" data-toggle=\"collapse\" data-parent=\"#accordion-3355-6\" data-target=\"#6e79ecab00f0fd358\" href=\"#6e79ecab00f0fd358\"><span class=\"fusion-toggle-icon-wrapper\" aria-hidden=\"true\"><i class=\"fa-fusion-box active-icon awb-icon-minus\" aria-hidden=\"true\"><\/i><i class=\"fa-fusion-box inactive-icon awb-icon-plus\" aria-hidden=\"true\"><\/i><\/span><span class=\"fusion-toggle-heading\">Protection solaire de la toiture<\/span><\/a><\/h4><\/div><div id=\"6e79ecab00f0fd358\" class=\"panel-collapse collapse \" aria-labelledby=\"toggle_6e79ecab00f0fd358\"><div class=\"panel-body toggle-content fusion-clearfix\">\n<table style=\"width: 100%;height: 187px\">\n<tbody>\n<tr style=\"height: 187px\">\n<td style=\"height: 187px\"><span style=\"color: #000000\"><strong><span style=\"text-decoration: underline\">Locaux concern\u00e9s<\/span> :<\/strong><\/span><\/p>\n<ul>\n<li>Locaux clos et climatis\u00e9s ou occup\u00e9s (exemples : salle de consultation, bloc op\u00e9ratoire, bureau, salle de r\u00e9union, chambre, espace d\u2019accueil avec personnel permanent, locaux d\u2019activit\u00e9s diverses : caf\u00e9t\u00e9ria, r\u00e9fectoire, \u2026)<\/li>\n<li>Locaux clos non-occup\u00e9s donnant <u>directement<\/u> sur les locaux ci-dessus, hors locaux techniques, stationnements et espaces de stockage non climatis\u00e9s (exemples : sanitaires, circulation, hall, vestiaires, \u2026)<\/li>\n<\/ul>\n<\/td>\n<td style=\"height: 187px\"><img decoding=\"async\" class=\"alignright wp-image-3430\" src=\"https:\/\/www.service-public.pf\/sde\/wp-content\/uploads\/sites\/15\/2023\/01\/SDE-REBPF-IlluTotales-Etablissement-Soin-ProToiture.png\" alt=\"\" width=\"300\" height=\"225\" \/><\/td>\n<\/tr>\n<\/tbody>\n<\/table>\n<p style=\"color: #000000\"><strong><span style=\"text-decoration: underline\">Seuils \u00e0 respecter : <\/span><\/strong><\/p>\n<table class=\"table table-bordered\" style=\"width: 100%\">\n<tbody>\n<tr>\n<td style=\"width: 24.0317%\"><strong>Mesure<\/strong><\/td>\n<td style=\"width: 4.78677%\"><strong>Seuil<\/strong><\/td>\n<td style=\"width: 58.7865%\"><strong>Exemples de solutions<\/strong><\/td>\n<\/tr>\n<tr>\n<td style=\"width: 24.0317%\">Facteur solaire maximal de la toiture<\/td>\n<td style=\"width: 4.78677%\">2,5%<\/td>\n<td style=\"width: 58.7865%\">\n<ul>\n<li>Toiture (avec combles) en t\u00f4le de teinte claire avec 3 cm de laine min\u00e9rale minimum<\/li>\n<li>Toiture (avec combles) en t\u00f4le de teinte moyenne avec 5 cm de laine min\u00e9rale minimum<\/li>\n<li>Toiture (avec combles) en t\u00f4le de teinte sombre avec 7,5 cm de laine min\u00e9rale minimum<\/li>\n<li>Toiture terrasse en b\u00e9ton de teinte moyenne avec 6 cm de polystyr\u00e8ne expans\u00e9 minimum<\/li>\n<li>Toiture terrasse en b\u00e9ton avec sur-toiture largement ventil\u00e9e<\/li>\n<\/ul>\n<\/td>\n<\/tr>\n<\/tbody>\n<\/table>\n<p><span style=\"color: #000000\"><strong>Pour plus d\u2019informations sur l\u2019application de la th\u00e9matique, consultez la fiche en question\u00a0:<\/strong><\/span><\/p>\n<ul>\n<li><a href=\"https:\/\/www.service-public.pf\/sde\/wp-content\/uploads\/sites\/15\/2023\/09\/Fiche-02-Protection-solaire-des-parois-opaques-horizontales-Toitures.pdf\">Fiche d\u2019application \u00ab\u00a0Protection solaire de la toiture\u00a0\u00bb<\/a><\/li>\n<\/ul>\n<\/div><\/div><\/div><div class=\"fusion-panel panel-default panel-aeab41107423b51b4 fusion-toggle-has-divider\" style=\"--awb-title-color:#333333;--awb-content-color:#747474;\"><div class=\"panel-heading\"><h4 class=\"panel-title toggle\" id=\"toggle_aeab41107423b51b4\"><a aria-expanded=\"false\" aria-controls=\"aeab41107423b51b4\" role=\"button\" data-toggle=\"collapse\" data-parent=\"#accordion-3355-6\" data-target=\"#aeab41107423b51b4\" href=\"#aeab41107423b51b4\"><span class=\"fusion-toggle-icon-wrapper\" aria-hidden=\"true\"><i class=\"fa-fusion-box active-icon awb-icon-minus\" aria-hidden=\"true\"><\/i><i class=\"fa-fusion-box inactive-icon awb-icon-plus\" aria-hidden=\"true\"><\/i><\/span><span class=\"fusion-toggle-heading\">Eau chaude solaire<\/span><\/a><\/h4><\/div><div id=\"aeab41107423b51b4\" class=\"panel-collapse collapse \" aria-labelledby=\"toggle_aeab41107423b51b4\"><div class=\"panel-body toggle-content fusion-clearfix\">\n<table style=\"width: 100%;height: 187px\">\n<tbody>\n<tr style=\"height: 187px\">\n<td style=\"height: 187px;width: 78.8732%\">\n<p style=\"color: #000000\"><strong><span style=\"text-decoration: underline\">Locaux concern\u00e9s<\/span> :<\/strong><\/p>\n<p>L\u2019exigence porte sur l\u2019ensemble des besoins en eau chaude du projet.<\/p>\n<p>Le choix du syst\u00e8me n\u2019est pas impos\u00e9.<\/td>\n<td style=\"height: 187px;width: 20.4226%\"><img decoding=\"async\" class=\"alignright wp-image-3430\" src=\"https:\/\/www.service-public.pf\/sde\/wp-content\/uploads\/sites\/15\/2023\/01\/SDE-REBPF-IlluTotales-Etablissement-Soin-ChauffeEau.png\" alt=\"\" width=\"300\" height=\"225\" \/><\/td>\n<\/tr>\n<\/tbody>\n<\/table>\n<p style=\"color: #000000\"><strong><span style=\"text-decoration: underline\">Seuils \u00e0 respecter,\u00a0selon l\u2019orientation des fa\u00e7ades des locaux :<\/span><\/strong><\/p>\n<p style=\"color: #747474\">Les seuils et r\u00e8gles varient en fonction du type de syst\u00e8me retenu.<\/p>\n<table class=\"table table-bordered\" style=\"width: 94.1613%\">\n<tbody>\n<tr>\n<td style=\"width: 16.4461%\" width=\"169\"><strong><b>Syst\u00e8me<\/b><\/strong><\/td>\n<td style=\"width: 34.9486%\" width=\"255\"><strong><b>Seuil<\/b><\/strong><\/td>\n<td style=\"width: 10%\" width=\"151\"><strong><b>R\u00e8gles de conception<\/b><\/strong><\/td>\n<td style=\"width: 39.2788%\" width=\"548\"><strong><b>Exemples de solutions<\/b><\/strong><\/td>\n<\/tr>\n<tr>\n<td style=\"width: 16.4461%\" width=\"169\">Chauffe-eau solaire individuel (CESI)<\/td>\n<td style=\"width: 34.9486%\" width=\"255\">\n<p style=\"text-align: center\">-<\/p>\n<\/td>\n<td style=\"width: 10%\" width=\"56\">\n<p style=\"text-align: center\">-<\/p>\n<\/td>\n<td style=\"width: 39.2788%\" width=\"406\">Ce type de syst\u00e8me est utile pour les points ayant des besoins en eau chaude quotidiens inf\u00e9rieurs \u00e0 500 L<\/td>\n<\/tr>\n<tr>\n<td style=\"width: 16.4461%\" width=\"169\">Chauffe-eau solaire collectif (CESC)<\/td>\n<td style=\"width: 34.9486%\" width=\"255\">Pour une temp\u00e9rature d\u2019eau chaude de 60 degr\u00e9s Celsius\u00a0:<\/p>\n<ul>\n<li>Taux de couverture de 60 % minimum des besoins \u00e9nerg\u00e9tiques en eau chaude du b\u00e2timent<\/li>\n<li>Productivit\u00e9 solaire minimale de 450 kWh\/m\u00b2capteur\/an pour une temp\u00e9rature<\/li>\n<\/ul>\n<\/td>\n<td style=\"width: 10%\" width=\"56\">Conf\u00e8re fiche d\u2019application<\/td>\n<td style=\"width: 39.2788%\" width=\"406\">\n<p style=\"text-align: center\">-<\/p>\n<\/td>\n<\/tr>\n<\/tbody>\n<\/table>\n<p><span style=\"color: #000000\"><strong><u>Cas d\u00e9rogatoires :<\/u><\/strong><\/span><\/p>\n<ol>\n<li>Concernant l\u2019installation de chauffe-eaux solaires<\/li>\n<\/ol>\n<p style=\"color: #747474\">Les b\u00e2timents livr\u00e9s sans syst\u00e8me de production d\u2019eau chaude ne sont pas soumis \u00e0 l\u2019obligation de recours aux chauffe-eaux solaires.<\/p>\n<p>A l\u2019exception des locaux d\u2019h\u00e9bergement munis d\u2019un syst\u00e8me de production d\u2019eau chaude, un ou plusieurs locaux peuvent ne pas \u00eatre aliment\u00e9s par de l\u2019eau chaude sanitaire produite par \u00e9nergie solaire s\u2019ils satisfont aux deux conditions suivantes\u00a0:<\/p>\n<ul>\n<li>Les besoins journaliers en eau chaude \u00e0 60 degr\u00e9s du point ou de l'ensemble de points de soutirage du local sont inf\u00e9rieurs \u00e0 100 litres\u00a0;<\/li>\n<li>Le point ou les points de soutirage dans leur ensemble sont \u00e9loign\u00e9s de plus de 15 m\u00e8tres du point aliment\u00e9 en eau chaude le plus proche.<\/li>\n<\/ul>\n<ol start=\"2\">\n<li>Concernant les performances de l\u2019installation<\/li>\n<\/ol>\n<p style=\"color: #747474\">Si le b\u00e2timent pr\u00e9sente une surface de toiture insuffisante pour permettre l\u2019installation de chauffe-eaux solaires conforme aux objectifs de performance\u00a0ou si les masques solaires proches sont trop importants pour cela, il est possible de d\u00e9roger aux seuils indiqu\u00e9s ci-dessus en dimensionnant toutefois l\u2019installation pour qu\u2019elle pr\u00e9sente un taux de couverture maximum et une productivit\u00e9 maximum au regard du contexte de mise en \u0153uvre.<\/p>\n<p>Si le projet s\u2019inscrit dans ce cas d\u00e9rogatoire, le recours \u00e0 cette d\u00e9rogation devra \u00eatre justifi\u00e9 et argument\u00e9 techniquement, tout comme le dimensionnement final de l\u2019installation.<\/p>\n<p style=\"color: #000000\"><strong>Pour plus d\u2019informations sur l\u2019application de la th\u00e9matique, consultez la fiche en question :<\/strong><\/p>\n<ul>\n<li><a href=\"https:\/\/www.service-public.pf\/sde\/wp-content\/uploads\/sites\/15\/2023\/06\/Fiche-08-Eau-chaude-solaire.pdf\">Fiche d\u2019application \u00ab\u00a0Eau chaude solaire\u00a0\u00bb<\/a><\/li>\n<\/ul>\n<\/div><\/div><\/div><\/div><\/div><div class=\"fusion-text fusion-text-25\" style=\"--awb-margin-top:10px;\"><p><span style=\"color: #000000\"><strong>Informations relatives aux demandes de permis de construire et au certificat de conformit\u00e9<\/strong><\/span><\/p>\n<p>Le p\u00e9titionnaire remplit les nouveaux formulaires de demande de permis de construire et de certificat de conformit\u00e9 de la DCA qui int\u00e8grent la d\u00e9claration du respect de la r\u00e9glementation.<\/p>\n<p><strong>Si les surfaces de plancher construites cumul\u00e9es* sont sup\u00e9rieures \u00e0 250 m\u00b2 de plancher, les demandes de permis de construire et de certificat de conformit\u00e9 doivent \u00eatre accompagn\u00e9es de l\u2019avis d\u2019un organisme agr\u00e9\u00e9<\/strong><\/p>\n<ul>\n<li><a href=\"https:\/\/www.service-public.pf\/sde\/organismes-agrees\/\">Parcourir la page d\u00e9di\u00e9e aux organismes agr\u00e9\u00e9s<\/a><\/li>\n<\/ul>\n<p><em><span style=\"font-size: 10pt\">* Les surfaces de plancher \u00e0 consid\u00e9rer sont celles de n\u2019importe quel b\u00e2timent neuf rattach\u00e9 au projet de construction, d\u00e8s lors que la typologie associ\u00e9e est bureaux, enseignement, \u00e9tablissement de soin, h\u00f4tellerie ou logement collectif.<\/span><\/em><\/p>\n<p><span style=\"color: #000000\"><strong>Informations sur les dispositions applicables \u00e0 la typologie <\/strong>(ne consulter que les rubriques des th\u00e9matiques concernant le projet de construction)<strong>\u00a0:<\/strong><\/span><\/p>\n<ul>\n<li><a href=\"https:\/\/www.service-public.pf\/sde\/wp-content\/uploads\/sites\/15\/2023\/04\/REPBF_Depliants_EtablissmentDeSoin_Pages-V2.pdf\">D\u00e9pliant \u00ab\u00a0\u00c9tablissement de soin \u00bb<\/a><\/li>\n<\/ul>\n<\/div><\/div><\/div><\/div><\/div><\/div><div class=\"fusion-layout-column fusion_builder_column fusion-builder-column-14 fusion_builder_column_4_5 4_5 fusion-flex-column vct_idv_sup500_content\" style=\"--awb-bg-size:cover;--awb-width-large:80%;--awb-flex-grow:0;--awb-flex-shrink:0;--awb-margin-top-large:0px;--awb-spacing-right-large:2.4%;--awb-margin-bottom-large:20px;--awb-spacing-left-large:2.4%;--awb-width-medium:100%;--awb-order-medium:0;--awb-flex-grow-medium:0;--awb-flex-shrink-medium:0;--awb-spacing-right-medium:1.92%;--awb-spacing-left-medium:1.92%;--awb-width-small:100%;--awb-order-small:0;--awb-flex-grow-small:0;--awb-flex-shrink-small:0;--awb-spacing-right-small:1.92%;--awb-spacing-left-small:1.92%;\" id=\"vct_idv_sup500_restauration_content\"><div class=\"fusion-column-wrapper fusion-column-has-shadow fusion-flex-justify-content-flex-start fusion-content-layout-column\"><div class=\"fusion-title title fusion-title-10 fusion-sep-none fusion-title-center fusion-title-text fusion-title-size-two hidden\" style=\"--awb-margin-top-small:0px;--awb-margin-right-small:0px;--awb-margin-bottom-small:20px;--awb-margin-left-small:0px;\"><h2 class=\"fusion-title-heading title-heading-center\" style=\"margin:0;\">Protection solaire de la toiture \/ Eau chaude solaire + D\u00e9pliant Restauration + Fiche d'information Restauration + Formulaire 1-IDV<\/h2><\/div><div class=\"fusion-text fusion-text-26 vct_description_typologie\"><p>Il s\u2019agit d\u2019un b\u00e2timent ou d\u2019une partie de b\u00e2timent \u00e0 destination de restaurant ou de d\u00e9bit de<br \/>\nboisson, ainsi que leurs locaux accessoires.<\/p>\n<\/div><div class=\"fusion-builder-row fusion-builder-row-inner fusion-row fusion-flex-align-items-flex-start fusion-flex-justify-content-center fusion-flex-content-wrap\" style=\"--awb-flex-grow:0;--awb-flex-grow-medium:0;--awb-flex-grow-small:0;--awb-flex-shrink:0;--awb-flex-shrink-medium:0;--awb-flex-shrink-small:0;width:104% !important;max-width:104% !important;margin-left: calc(-4% \/ 2 );margin-right: calc(-4% \/ 2 );\"><div class=\"fusion-layout-column fusion_builder_column_inner fusion-builder-nested-column-38 fusion_builder_column_inner_1_1 1_1 fusion-flex-column\" style=\"--awb-bg-size:cover;--awb-width-large:100%;--awb-margin-top-large:0px;--awb-spacing-right-large:1.92%;--awb-margin-bottom-large:20px;--awb-spacing-left-large:1.92%;--awb-width-medium:100%;--awb-order-medium:0;--awb-spacing-right-medium:1.92%;--awb-spacing-left-medium:1.92%;--awb-width-small:100%;--awb-order-small:0;--awb-spacing-right-small:1.92%;--awb-spacing-left-small:1.92%;\"><div class=\"fusion-column-wrapper fusion-column-has-shadow fusion-flex-justify-content-flex-start fusion-content-layout-column\"><div class=\"fusion-separator fusion-full-width-sep\" style=\"align-self: center;margin-left: auto;margin-right: auto;width:100%;\"><div class=\"fusion-separator-border sep-shadow\" style=\"--awb-height:20px;--awb-amount:20px;background:radial-gradient(ellipse at 50% -50% , #e0dede 0px, rgba(255, 255, 255, 0) 80%) repeat scroll 0 0 rgba(0, 0, 0, 0);background:-webkit-radial-gradient(ellipse at 50% -50% , #e0dede 0px, rgba(255, 255, 255, 0) 80%) repeat scroll 0 0 rgba(0, 0, 0, 0);background:-moz-radial-gradient(ellipse at 50% -50% , #e0dede 0px, rgba(255, 255, 255, 0) 80%) repeat scroll 0 0 rgba(0, 0, 0, 0);background:-o-radial-gradient(ellipse at 50% -50% , #e0dede 0px, rgba(255, 255, 255, 0) 80%) repeat scroll 0 0 rgba(0, 0, 0, 0);\"><\/div><\/div><\/div><\/div><div class=\"fusion-layout-column fusion_builder_column_inner fusion-builder-nested-column-39 fusion_builder_column_inner_1_3 1_3 fusion-flex-column\" style=\"--awb-bg-size:cover;--awb-width-large:33.333333333333%;--awb-margin-top-large:0px;--awb-spacing-right-large:2vw;--awb-margin-bottom-large:20px;--awb-spacing-left-large:5.76%;--awb-width-medium:100%;--awb-order-medium:0;--awb-spacing-right-medium:1.92%;--awb-spacing-left-medium:1.92%;--awb-width-small:100%;--awb-order-small:0;--awb-spacing-right-small:1.92%;--awb-spacing-left-small:1.92%;\"><div class=\"fusion-column-wrapper fusion-column-has-shadow fusion-flex-justify-content-flex-start fusion-content-layout-column\"><div class=\"fusion-image-element \" style=\"text-align:right;--awb-max-width:450px;--awb-caption-title-font-family:var(--h2_typography-font-family);--awb-caption-title-font-weight:var(--h2_typography-font-weight);--awb-caption-title-font-style:var(--h2_typography-font-style);--awb-caption-title-size:var(--h2_typography-font-size);--awb-caption-title-transform:var(--h2_typography-text-transform);--awb-caption-title-line-height:var(--h2_typography-line-height);--awb-caption-title-letter-spacing:var(--h2_typography-letter-spacing);\"><span class=\" fusion-imageframe imageframe-none imageframe-7 hover-type-none\"><img decoding=\"async\" width=\"300\" height=\"225\" title=\"SDE REBPF IlluTotales Restaurant\" src=\"https:\/\/www.service-public.pf\/sde\/wp-content\/uploads\/sites\/15\/2023\/01\/SDE-REBPF-IlluTotales-Restaurant-300x225.png\" alt class=\"img-responsive wp-image-3464\" srcset=\"https:\/\/www.service-public.pf\/sde\/wp-content\/uploads\/sites\/15\/2023\/01\/SDE-REBPF-IlluTotales-Restaurant-200x150.png 200w, https:\/\/www.service-public.pf\/sde\/wp-content\/uploads\/sites\/15\/2023\/01\/SDE-REBPF-IlluTotales-Restaurant-400x300.png 400w, https:\/\/www.service-public.pf\/sde\/wp-content\/uploads\/sites\/15\/2023\/01\/SDE-REBPF-IlluTotales-Restaurant-600x450.png 600w, https:\/\/www.service-public.pf\/sde\/wp-content\/uploads\/sites\/15\/2023\/01\/SDE-REBPF-IlluTotales-Restaurant-800x600.png 800w, https:\/\/www.service-public.pf\/sde\/wp-content\/uploads\/sites\/15\/2023\/01\/SDE-REBPF-IlluTotales-Restaurant-1200x900.png 1200w, https:\/\/www.service-public.pf\/sde\/wp-content\/uploads\/sites\/15\/2023\/01\/SDE-REBPF-IlluTotales-Restaurant.png 1453w\" sizes=\"(max-width: 1024px) 100vw, (max-width: 640px) 100vw, 800px\" \/><\/span><\/div><\/div><\/div><div class=\"fusion-layout-column fusion_builder_column_inner fusion-builder-nested-column-40 fusion_builder_column_inner_2_3 2_3 fusion-flex-column\" style=\"--awb-bg-size:cover;--awb-width-large:66.666666666667%;--awb-margin-top-large:0px;--awb-spacing-right-large:2.88%;--awb-margin-bottom-large:20px;--awb-spacing-left-large:2.88%;--awb-width-medium:100%;--awb-order-medium:0;--awb-spacing-right-medium:1.92%;--awb-spacing-left-medium:1.92%;--awb-width-small:100%;--awb-order-small:0;--awb-spacing-right-small:1.92%;--awb-spacing-left-small:1.92%;\"><div class=\"fusion-column-wrapper fusion-column-has-shadow fusion-flex-justify-content-center fusion-content-layout-column\"><div class=\"fusion-text fusion-text-27\" style=\"--awb-content-alignment:center;--awb-font-size:24pt;\"><p>Localisation\u00a0du projet : <strong>Iles du Vent, \u00e0 une altitude sup\u00e9rieure ou \u00e9gale \u00e0 500 m\u00e8tres<\/strong><\/p>\n<p>Typologie de la construction\u00a0: <strong>Restauration<\/strong><\/p>\n<\/div><\/div><\/div><div class=\"fusion-layout-column fusion_builder_column_inner fusion-builder-nested-column-41 fusion_builder_column_inner_1_1 1_1 fusion-flex-column\" style=\"--awb-bg-size:cover;--awb-width-large:100%;--awb-margin-top-large:0px;--awb-spacing-right-large:1.92%;--awb-margin-bottom-large:20px;--awb-spacing-left-large:1.92%;--awb-width-medium:100%;--awb-order-medium:0;--awb-spacing-right-medium:1.92%;--awb-spacing-left-medium:1.92%;--awb-width-small:100%;--awb-order-small:0;--awb-spacing-right-small:1.92%;--awb-spacing-left-small:1.92%;\"><div class=\"fusion-column-wrapper fusion-column-has-shadow fusion-flex-justify-content-flex-start fusion-content-layout-column\"><div class=\"fusion-separator fusion-full-width-sep\" style=\"align-self: center;margin-left: auto;margin-right: auto;margin-bottom:20px;width:100%;\"><div class=\"fusion-separator-border sep-shadow\" style=\"--awb-height:20px;--awb-amount:20px;background:radial-gradient(ellipse at 50% -50% , #e0dede 0px, rgba(255, 255, 255, 0) 80%) repeat scroll 0 0 rgba(0, 0, 0, 0);background:-webkit-radial-gradient(ellipse at 50% -50% , #e0dede 0px, rgba(255, 255, 255, 0) 80%) repeat scroll 0 0 rgba(0, 0, 0, 0);background:-moz-radial-gradient(ellipse at 50% -50% , #e0dede 0px, rgba(255, 255, 255, 0) 80%) repeat scroll 0 0 rgba(0, 0, 0, 0);background:-o-radial-gradient(ellipse at 50% -50% , #e0dede 0px, rgba(255, 255, 255, 0) 80%) repeat scroll 0 0 rgba(0, 0, 0, 0);\"><\/div><\/div><\/div><\/div><div class=\"fusion-layout-column fusion_builder_column_inner fusion-builder-nested-column-42 fusion_builder_column_inner_1_1 1_1 fusion-flex-column\" style=\"--awb-bg-color:#ffffff;--awb-bg-color-hover:#ffffff;--awb-bg-size:cover;--awb-width-large:100%;--awb-margin-top-large:0px;--awb-spacing-right-large:1.92%;--awb-margin-bottom-large:20px;--awb-spacing-left-large:1.92%;--awb-width-medium:100%;--awb-order-medium:0;--awb-spacing-right-medium:1.92%;--awb-spacing-left-medium:1.92%;--awb-width-small:100%;--awb-order-small:0;--awb-spacing-right-small:1.92%;--awb-spacing-left-small:1.92%;\"><div class=\"fusion-column-wrapper fusion-column-has-shadow fusion-flex-justify-content-flex-start fusion-content-layout-column\"><div class=\"fusion-text fusion-text-28\" style=\"--awb-text-color:#000000;\"><p><strong>Th\u00e9matiques applicables :<\/strong><\/p>\n<\/div><div class=\"accordian fusion-accordian\" style=\"--awb-border-size:1px;--awb-icon-size:13px;--awb-content-font-size:13px;--awb-icon-alignment:left;--awb-hover-color:#f9f9f9;--awb-border-color:#cccccc;--awb-background-color:#ffffff;--awb-divider-color:#e0dede;--awb-divider-hover-color:#e0dede;--awb-icon-color:#ffffff;--awb-title-color:#333333;--awb-content-color:#747474;--awb-icon-box-color:#333333;--awb-toggle-hover-accent-color:#26a147;--awb-title-font-family:&quot;PT Sans&quot;;--awb-title-font-weight:400;--awb-title-font-style:normal;--awb-title-font-size:13px;--awb-content-font-family:&quot;PT Sans&quot;;--awb-content-font-style:normal;--awb-content-font-weight:400;\"><div class=\"panel-group fusion-toggle-icon-boxed\" id=\"accordion-3355-7\"><div class=\"fusion-panel panel-default panel-41ac852803a3ce065 fusion-toggle-has-divider\" style=\"--awb-title-color:#333333;--awb-content-color:#747474;\"><div class=\"panel-heading\"><h4 class=\"panel-title toggle\" id=\"toggle_41ac852803a3ce065\"><a aria-expanded=\"false\" aria-controls=\"41ac852803a3ce065\" role=\"button\" data-toggle=\"collapse\" data-parent=\"#accordion-3355-7\" data-target=\"#41ac852803a3ce065\" href=\"#41ac852803a3ce065\"><span class=\"fusion-toggle-icon-wrapper\" aria-hidden=\"true\"><i class=\"fa-fusion-box active-icon awb-icon-minus\" aria-hidden=\"true\"><\/i><i class=\"fa-fusion-box inactive-icon awb-icon-plus\" aria-hidden=\"true\"><\/i><\/span><span class=\"fusion-toggle-heading\">Protection solaire de la toiture<\/span><\/a><\/h4><\/div><div id=\"41ac852803a3ce065\" class=\"panel-collapse collapse \" aria-labelledby=\"toggle_41ac852803a3ce065\"><div class=\"panel-body toggle-content fusion-clearfix\">\n<table style=\"width: 100%;height: 187px\">\n<tbody>\n<tr style=\"height: 187px\">\n<td style=\"height: 187px\"><span style=\"color: #000000\"><strong><span style=\"text-decoration: underline\">Locaux concern\u00e9s<\/span> :<\/strong><\/span><\/p>\n<ul>\n<li>Locaux clos et climatis\u00e9s ou occup\u00e9s (exemples\u00a0: cuisine, salle de restauration, r\u00e9serve climatis\u00e9e, \u2026)<\/li>\n<li>Locaux clos non-occup\u00e9s donnant <u>directement<\/u> sur les locaux ci-dessus, hors locaux techniques, stationnements et espaces de stockage non climatis\u00e9s (exemples : sanitaires, circulation, \u2026)<\/li>\n<\/ul>\n<\/td>\n<td style=\"height: 187px\"><img decoding=\"async\" class=\"alignright wp-image-3430\" src=\"https:\/\/www.service-public.pf\/sde\/wp-content\/uploads\/sites\/15\/2023\/01\/SDE-REBPF-IlluTotales-Restaurant-ProToiture.png\" alt=\"\" width=\"300\" height=\"225\" \/><\/td>\n<\/tr>\n<\/tbody>\n<\/table>\n<p style=\"color: #000000\"><strong><span style=\"text-decoration: underline\">Seuils \u00e0 respecter : <\/span><\/strong><\/p>\n<table class=\"table table-bordered\" style=\"width: 100%\">\n<tbody>\n<tr>\n<td style=\"width: 24.0317%\"><strong>Mesure<\/strong><\/td>\n<td style=\"width: 4.78677%\"><strong>Seuil<\/strong><\/td>\n<td style=\"width: 58.7865%\"><strong>Exemples de solutions<\/strong><\/td>\n<\/tr>\n<tr>\n<td style=\"width: 24.0317%\">Facteur solaire maximal de la toiture<\/td>\n<td style=\"width: 4.78677%\">2,5%<\/td>\n<td style=\"width: 58.7865%\">\n<ul>\n<li>Toiture (avec combles) en t\u00f4le de teinte claire avec 3 cm de laine min\u00e9rale minimum<\/li>\n<li>Toiture (avec combles) en t\u00f4le de teinte moyenne avec 5 cm de laine min\u00e9rale minimum<\/li>\n<li>Toiture (avec combles) en t\u00f4le de teinte sombre avec 7,5 cm de laine min\u00e9rale minimum<\/li>\n<li>Toiture terrasse en b\u00e9ton de teinte moyenne avec 6 cm de polystyr\u00e8ne expans\u00e9 minimum<\/li>\n<li>Toiture en bardeau de bois apparents correspondant \u00e0 une toiture \u00ab ventil\u00e9e \u00bb<\/li>\n<li>Toiture terrasse en b\u00e9ton avec sur-toiture largement ventil\u00e9e<\/li>\n<\/ul>\n<\/td>\n<\/tr>\n<\/tbody>\n<\/table>\n<p><span style=\"color: #000000\"><strong>Pour plus d\u2019informations sur l\u2019application de la th\u00e9matique, consultez la fiche en question\u00a0:<\/strong><\/span><\/p>\n<ul>\n<li><a href=\"https:\/\/www.service-public.pf\/sde\/wp-content\/uploads\/sites\/15\/2023\/09\/Fiche-02-Protection-solaire-des-parois-opaques-horizontales-Toitures.pdf\">Fiche d\u2019application \u00ab\u00a0Protection solaire de la toiture\u00a0\u00bb<\/a><\/li>\n<\/ul>\n<p>Nota bene : les informations diffus\u00e9es dans le d\u00e9pliant mis \u00e0 disposition ci-dessous sont normalement suffisantes pour s'assurer de la conformit\u00e9 de son projet sans rentrer dans les d\u00e9tails techniques de la th\u00e9matique<\/p>\n<\/div><\/div><\/div><div class=\"fusion-panel panel-default panel-264970435b405f87f fusion-toggle-has-divider\" style=\"--awb-title-color:#333333;--awb-content-color:#747474;\"><div class=\"panel-heading\"><h4 class=\"panel-title toggle\" id=\"toggle_264970435b405f87f\"><a aria-expanded=\"false\" aria-controls=\"264970435b405f87f\" role=\"button\" data-toggle=\"collapse\" data-parent=\"#accordion-3355-7\" data-target=\"#264970435b405f87f\" href=\"#264970435b405f87f\"><span class=\"fusion-toggle-icon-wrapper\" aria-hidden=\"true\"><i class=\"fa-fusion-box active-icon awb-icon-minus\" aria-hidden=\"true\"><\/i><i class=\"fa-fusion-box inactive-icon awb-icon-plus\" aria-hidden=\"true\"><\/i><\/span><span class=\"fusion-toggle-heading\">Eau chaude solaire<\/span><\/a><\/h4><\/div><div id=\"264970435b405f87f\" class=\"panel-collapse collapse \" aria-labelledby=\"toggle_264970435b405f87f\"><div class=\"panel-body toggle-content fusion-clearfix\">\n<table style=\"width: 100%;height: 187px\">\n<tbody>\n<tr style=\"height: 187px\">\n<td style=\"height: 187px;width: 78.8732%\">\n<p style=\"color: #000000\"><strong><span style=\"text-decoration: underline\">Locaux concern\u00e9s<\/span> :<\/strong><\/p>\n<p>L\u2019exigence porte sur l\u2019ensemble des besoins en eau chaude du projet. Le choix du syst\u00e8me n\u2019est pas impos\u00e9.<\/td>\n<td style=\"height: 187px;width: 20.4226%\"><img decoding=\"async\" class=\"alignright wp-image-3430\" src=\"https:\/\/www.service-public.pf\/sde\/wp-content\/uploads\/sites\/15\/2023\/01\/SDE-REBPF-IlluTotales-Restaurant-ChauffeEau.png\" alt=\"\" width=\"300\" height=\"225\" \/><\/td>\n<\/tr>\n<\/tbody>\n<\/table>\n<p style=\"color: #000000\"><strong><span style=\"text-decoration: underline\">Seuils \u00e0 respecter,\u00a0selon l\u2019orientation des fa\u00e7ades des locaux :<\/span><\/strong><\/p>\n<p style=\"color: #747474\">Les seuils et r\u00e8gles varient en fonction du type de syst\u00e8me retenu.<\/p>\n<table class=\"table table-bordered\" style=\"width: 94.1613%\">\n<tbody>\n<tr>\n<td style=\"width: 16.4461%\" width=\"169\"><strong><b>Syst\u00e8me<\/b><\/strong><\/td>\n<td style=\"width: 34.9486%\" width=\"255\"><strong><b>Seuil<\/b><\/strong><\/td>\n<td style=\"width: 10%\" width=\"151\"><strong><b>R\u00e8gles de conception<\/b><\/strong><\/td>\n<td style=\"width: 39.2788%\" width=\"548\"><strong><b>Exemples de solutions<\/b><\/strong><\/td>\n<\/tr>\n<tr>\n<td style=\"width: 16.4461%\" width=\"169\">Chauffe-eau solaire individuel (CESI)<\/td>\n<td style=\"width: 34.9486%\" width=\"255\">\n<p style=\"text-align: center\">-<\/p>\n<\/td>\n<td style=\"width: 10%\" width=\"56\">\n<p style=\"text-align: center\">-<\/p>\n<\/td>\n<td style=\"width: 39.2788%\" width=\"406\">Ce type de syst\u00e8me est utile pour les points ayant des besoins en eau chaude quotidiens inf\u00e9rieurs \u00e0 500 L<\/td>\n<\/tr>\n<tr>\n<td style=\"width: 16.4461%\" width=\"169\">Chauffe-eau solaire collectif (CESC)<\/td>\n<td style=\"width: 34.9486%\" width=\"255\">Pour une temp\u00e9rature d\u2019eau chaude de 60 degr\u00e9s Celsius\u00a0:<\/p>\n<ul>\n<li>Taux de couverture de 60 % minimum des besoins \u00e9nerg\u00e9tiques en eau chaude du b\u00e2timent<\/li>\n<li>Productivit\u00e9 solaire minimale de 450 kWh\/m\u00b2capteur\/an pour une temp\u00e9rature<\/li>\n<\/ul>\n<\/td>\n<td style=\"width: 10%\" width=\"56\">Conf\u00e8re fiche d\u2019application<\/td>\n<td style=\"width: 39.2788%\" width=\"406\">\n<p style=\"text-align: center\">-<\/p>\n<\/td>\n<\/tr>\n<\/tbody>\n<\/table>\n<p><span style=\"color: #000000\"><strong><u>Cas d\u00e9rogatoires :<\/u><\/strong><\/span><\/p>\n<ol>\n<li>Concernant l\u2019installation de chauffe-eaux solaires<\/li>\n<\/ol>\n<p>Un ou plusieurs locaux peuvent ne pas \u00eatre aliment\u00e9s par de l\u2019eau chaude sanitaire produite par \u00e9nergie solaire s\u2019ils satisfont aux deux conditions suivantes\u00a0:<\/p>\n<ul>\n<li>Les besoins journaliers en eau chaude \u00e0 60 degr\u00e9s du point ou de l'ensemble de points de soutirage du local sont inf\u00e9rieurs \u00e0 100 litres\u00a0;<\/li>\n<li>Le point ou les points de soutirage dans leur ensemble sont \u00e9loign\u00e9s de plus de 15 m\u00e8tres du point aliment\u00e9 en eau chaude le plus proche.<\/li>\n<\/ul>\n<p>Lorsque le b\u00e2timent de restauration n\u2019est pas aliment\u00e9 par un r\u00e9seau d\u2019adduction d\u2019eau collectif public ou priv\u00e9, le recours \u00e0 des \u00e9quipements de production d\u2019eau chaude de type solaire thermique n\u2019est pas impos\u00e9.<\/p>\n<ol start=\"2\">\n<li>Concernant les performances de l\u2019installation<\/li>\n<\/ol>\n<p style=\"color: #747474\">Si le b\u00e2timent pr\u00e9sente une surface de toiture insuffisante pour permettre l\u2019installation de chauffe-eaux solaires conforme aux objectifs de performance\u00a0ou si les masques solaires proches sont trop importants pour cela, il est possible de d\u00e9roger aux seuils indiqu\u00e9s ci-dessus en dimensionnant toutefois l\u2019installation pour qu\u2019elle pr\u00e9sente un taux de couverture maximum et une productivit\u00e9 maximum au regard du contexte de mise en \u0153uvre.<\/p>\n<p>Si le projet s\u2019inscrit dans ce cas d\u00e9rogatoire, le recours \u00e0 cette d\u00e9rogation devra \u00eatre justifi\u00e9 et argument\u00e9 techniquement, tout comme le dimensionnement final de l\u2019installation.<\/p>\n<p style=\"color: #000000\"><strong>Pour plus d\u2019informations sur l\u2019application de la th\u00e9matique, consultez la fiche en question :<\/strong><\/p>\n<ul>\n<li><a href=\"https:\/\/www.service-public.pf\/sde\/wp-content\/uploads\/sites\/15\/2023\/06\/Fiche-08-Eau-chaude-solaire.pdf\">Fiche d\u2019application \u00ab\u00a0Eau chaude solaire\u00a0\u00bb<\/a><\/li>\n<\/ul>\n<\/div><\/div><\/div><\/div><\/div><div class=\"fusion-text fusion-text-29\" style=\"--awb-margin-top:10px;\"><p><span style=\"color: #000000\"><strong>Informations relatives aux demandes de permis de construire et au certificat de conformit\u00e9<\/strong><\/span><\/p>\n<p>Le p\u00e9titionnaire remplit les nouveaux formulaires de demande de permis de construire et de certificat de conformit\u00e9 de la DCA qui int\u00e8grent la d\u00e9claration du respect de la r\u00e9glementation.<\/p>\n<p><span style=\"color: #000000\"><strong>Informations sur les dispositions applicables \u00e0 la typologie <\/strong><strong>:<\/strong><\/span><\/p>\n<ul>\n<li><a href=\"https:\/\/www.service-public.pf\/sde\/wp-content\/uploads\/sites\/15\/2023\/03\/REPBF_Depliants_Restauration_Pages.pdf\">D\u00e9pliant \u00ab\u00a0Restauration \u00bb<\/a><\/li>\n<\/ul>\n<\/div><\/div><\/div><\/div><\/div><\/div><div class=\"fusion-layout-column fusion_builder_column fusion-builder-column-15 fusion_builder_column_4_5 4_5 fusion-flex-column vct_idv_sup500_content\" style=\"--awb-bg-size:cover;--awb-width-large:80%;--awb-flex-grow:0;--awb-flex-shrink:0;--awb-margin-top-large:0px;--awb-spacing-right-large:2.4%;--awb-margin-bottom-large:20px;--awb-spacing-left-large:2.4%;--awb-width-medium:100%;--awb-order-medium:0;--awb-flex-grow-medium:0;--awb-flex-shrink-medium:0;--awb-spacing-right-medium:1.92%;--awb-spacing-left-medium:1.92%;--awb-width-small:100%;--awb-order-small:0;--awb-flex-grow-small:0;--awb-flex-shrink-small:0;--awb-spacing-right-small:1.92%;--awb-spacing-left-small:1.92%;\" id=\"vct_idv_sup500_etablissementdenseignement_content\"><div class=\"fusion-column-wrapper fusion-column-has-shadow fusion-flex-justify-content-flex-start fusion-content-layout-column\"><div class=\"fusion-title title fusion-title-11 fusion-sep-none fusion-title-center fusion-title-text fusion-title-size-two hidden\" style=\"--awb-margin-top-small:0px;--awb-margin-right-small:0px;--awb-margin-bottom-small:20px;--awb-margin-left-small:0px;\"><h2 class=\"fusion-title-heading title-heading-center\" style=\"margin:0;\">Protection solaire de la toiture + D\u00e9pliant \u00e9tablissement d'enseignement + Fiche d'information \u00e9tablissement d'enseignement + Formulaire 2-IDV<\/h2><\/div><div class=\"fusion-text fusion-text-30 vct_description_typologie\"><p>Il s\u2019agit d\u2019un b\u00e2timent ou d\u2019une partie de b\u00e2timent \u00e0 usage de cr\u00e8che et garderie, \u00e9cole maternelle,<br \/>\n\u00e9cole primaire, coll\u00e8ge, lyc\u00e9e, \u00e9tablissement d\u2019enseignement sup\u00e9rieur et tout autre b\u00e2timent de<br \/>\nservice public ou d\u2019int\u00e9r\u00eat collectif de l\u2019enseignement, comprenant \u00e9galement leurs locaux<br \/>\naccessoires.<\/p>\n<p>Pour rappel, les locaux \u00e0 sommeil et les internats sont assimil\u00e9s \u00e0 la typologie \u00ab logement collectif \u00bb.<\/p>\n<\/div><div class=\"fusion-builder-row fusion-builder-row-inner fusion-row fusion-flex-align-items-flex-start fusion-flex-justify-content-center fusion-flex-content-wrap\" style=\"--awb-flex-grow:0;--awb-flex-grow-medium:0;--awb-flex-grow-small:0;--awb-flex-shrink:0;--awb-flex-shrink-medium:0;--awb-flex-shrink-small:0;width:104% !important;max-width:104% !important;margin-left: calc(-4% \/ 2 );margin-right: calc(-4% \/ 2 );\"><div class=\"fusion-layout-column fusion_builder_column_inner fusion-builder-nested-column-43 fusion_builder_column_inner_1_1 1_1 fusion-flex-column\" style=\"--awb-bg-size:cover;--awb-width-large:100%;--awb-margin-top-large:0px;--awb-spacing-right-large:1.92%;--awb-margin-bottom-large:20px;--awb-spacing-left-large:1.92%;--awb-width-medium:100%;--awb-order-medium:0;--awb-spacing-right-medium:1.92%;--awb-spacing-left-medium:1.92%;--awb-width-small:100%;--awb-order-small:0;--awb-spacing-right-small:1.92%;--awb-spacing-left-small:1.92%;\"><div class=\"fusion-column-wrapper fusion-column-has-shadow fusion-flex-justify-content-flex-start fusion-content-layout-column\"><div class=\"fusion-separator fusion-full-width-sep\" style=\"align-self: center;margin-left: auto;margin-right: auto;width:100%;\"><div class=\"fusion-separator-border sep-shadow\" style=\"--awb-height:20px;--awb-amount:20px;background:radial-gradient(ellipse at 50% -50% , #e0dede 0px, rgba(255, 255, 255, 0) 80%) repeat scroll 0 0 rgba(0, 0, 0, 0);background:-webkit-radial-gradient(ellipse at 50% -50% , #e0dede 0px, rgba(255, 255, 255, 0) 80%) repeat scroll 0 0 rgba(0, 0, 0, 0);background:-moz-radial-gradient(ellipse at 50% -50% , #e0dede 0px, rgba(255, 255, 255, 0) 80%) repeat scroll 0 0 rgba(0, 0, 0, 0);background:-o-radial-gradient(ellipse at 50% -50% , #e0dede 0px, rgba(255, 255, 255, 0) 80%) repeat scroll 0 0 rgba(0, 0, 0, 0);\"><\/div><\/div><\/div><\/div><div class=\"fusion-layout-column fusion_builder_column_inner fusion-builder-nested-column-44 fusion_builder_column_inner_1_3 1_3 fusion-flex-column\" style=\"--awb-bg-size:cover;--awb-width-large:33.333333333333%;--awb-margin-top-large:0px;--awb-spacing-right-large:2vw;--awb-margin-bottom-large:20px;--awb-spacing-left-large:5.76%;--awb-width-medium:100%;--awb-order-medium:0;--awb-spacing-right-medium:1.92%;--awb-spacing-left-medium:1.92%;--awb-width-small:100%;--awb-order-small:0;--awb-spacing-right-small:1.92%;--awb-spacing-left-small:1.92%;\"><div class=\"fusion-column-wrapper fusion-column-has-shadow fusion-flex-justify-content-flex-start fusion-content-layout-column\"><div class=\"fusion-image-element \" style=\"text-align:right;--awb-max-width:450px;--awb-caption-title-font-family:var(--h2_typography-font-family);--awb-caption-title-font-weight:var(--h2_typography-font-weight);--awb-caption-title-font-style:var(--h2_typography-font-style);--awb-caption-title-size:var(--h2_typography-font-size);--awb-caption-title-transform:var(--h2_typography-text-transform);--awb-caption-title-line-height:var(--h2_typography-line-height);--awb-caption-title-letter-spacing:var(--h2_typography-letter-spacing);\"><span class=\" fusion-imageframe imageframe-none imageframe-8 hover-type-none\"><img decoding=\"async\" width=\"300\" height=\"225\" title=\"SDE REBPF IlluTotales Enseignement\" src=\"https:\/\/www.service-public.pf\/sde\/wp-content\/uploads\/sites\/15\/2023\/01\/SDE-REBPF-IlluTotales-Enseignement-300x225.png\" alt class=\"img-responsive wp-image-3429\" srcset=\"https:\/\/www.service-public.pf\/sde\/wp-content\/uploads\/sites\/15\/2023\/01\/SDE-REBPF-IlluTotales-Enseignement-200x150.png 200w, https:\/\/www.service-public.pf\/sde\/wp-content\/uploads\/sites\/15\/2023\/01\/SDE-REBPF-IlluTotales-Enseignement-400x300.png 400w, https:\/\/www.service-public.pf\/sde\/wp-content\/uploads\/sites\/15\/2023\/01\/SDE-REBPF-IlluTotales-Enseignement-600x450.png 600w, https:\/\/www.service-public.pf\/sde\/wp-content\/uploads\/sites\/15\/2023\/01\/SDE-REBPF-IlluTotales-Enseignement-800x600.png 800w, https:\/\/www.service-public.pf\/sde\/wp-content\/uploads\/sites\/15\/2023\/01\/SDE-REBPF-IlluTotales-Enseignement-1200x900.png 1200w, https:\/\/www.service-public.pf\/sde\/wp-content\/uploads\/sites\/15\/2023\/01\/SDE-REBPF-IlluTotales-Enseignement.png 1453w\" sizes=\"(max-width: 1024px) 100vw, (max-width: 640px) 100vw, 800px\" \/><\/span><\/div><\/div><\/div><div class=\"fusion-layout-column fusion_builder_column_inner fusion-builder-nested-column-45 fusion_builder_column_inner_2_3 2_3 fusion-flex-column\" style=\"--awb-bg-size:cover;--awb-width-large:66.666666666667%;--awb-margin-top-large:0px;--awb-spacing-right-large:2.88%;--awb-margin-bottom-large:20px;--awb-spacing-left-large:2.88%;--awb-width-medium:100%;--awb-order-medium:0;--awb-spacing-right-medium:1.92%;--awb-spacing-left-medium:1.92%;--awb-width-small:100%;--awb-order-small:0;--awb-spacing-right-small:1.92%;--awb-spacing-left-small:1.92%;\"><div class=\"fusion-column-wrapper fusion-column-has-shadow fusion-flex-justify-content-center fusion-content-layout-column\"><div class=\"fusion-text fusion-text-31\" style=\"--awb-content-alignment:center;--awb-font-size:24pt;\"><p>Localisation\u00a0du projet : <strong>Iles du Vent, \u00e0 une altitude sup\u00e9rieure ou \u00e9gale \u00e0 500 m\u00e8tres<\/strong><\/p>\n<p>Typologie de la construction\u00a0: <strong>Enseignement<\/strong><\/p>\n<\/div><\/div><\/div><div class=\"fusion-layout-column fusion_builder_column_inner fusion-builder-nested-column-46 fusion_builder_column_inner_1_1 1_1 fusion-flex-column\" style=\"--awb-bg-size:cover;--awb-width-large:100%;--awb-margin-top-large:0px;--awb-spacing-right-large:1.92%;--awb-margin-bottom-large:20px;--awb-spacing-left-large:1.92%;--awb-width-medium:100%;--awb-order-medium:0;--awb-spacing-right-medium:1.92%;--awb-spacing-left-medium:1.92%;--awb-width-small:100%;--awb-order-small:0;--awb-spacing-right-small:1.92%;--awb-spacing-left-small:1.92%;\"><div class=\"fusion-column-wrapper fusion-column-has-shadow fusion-flex-justify-content-flex-start fusion-content-layout-column\"><div class=\"fusion-separator fusion-full-width-sep\" style=\"align-self: center;margin-left: auto;margin-right: auto;margin-bottom:20px;width:100%;\"><div class=\"fusion-separator-border sep-shadow\" style=\"--awb-height:20px;--awb-amount:20px;background:radial-gradient(ellipse at 50% -50% , #e0dede 0px, rgba(255, 255, 255, 0) 80%) repeat scroll 0 0 rgba(0, 0, 0, 0);background:-webkit-radial-gradient(ellipse at 50% -50% , #e0dede 0px, rgba(255, 255, 255, 0) 80%) repeat scroll 0 0 rgba(0, 0, 0, 0);background:-moz-radial-gradient(ellipse at 50% -50% , #e0dede 0px, rgba(255, 255, 255, 0) 80%) repeat scroll 0 0 rgba(0, 0, 0, 0);background:-o-radial-gradient(ellipse at 50% -50% , #e0dede 0px, rgba(255, 255, 255, 0) 80%) repeat scroll 0 0 rgba(0, 0, 0, 0);\"><\/div><\/div><\/div><\/div><div class=\"fusion-layout-column fusion_builder_column_inner fusion-builder-nested-column-47 fusion_builder_column_inner_1_1 1_1 fusion-flex-column\" style=\"--awb-bg-color:#ffffff;--awb-bg-color-hover:#ffffff;--awb-bg-size:cover;--awb-width-large:100%;--awb-margin-top-large:0px;--awb-spacing-right-large:1.92%;--awb-margin-bottom-large:20px;--awb-spacing-left-large:1.92%;--awb-width-medium:100%;--awb-order-medium:0;--awb-spacing-right-medium:1.92%;--awb-spacing-left-medium:1.92%;--awb-width-small:100%;--awb-order-small:0;--awb-spacing-right-small:1.92%;--awb-spacing-left-small:1.92%;\"><div class=\"fusion-column-wrapper fusion-column-has-shadow fusion-flex-justify-content-flex-start fusion-content-layout-column\"><div class=\"fusion-text fusion-text-32\" style=\"--awb-text-color:#000000;\"><p><strong>Th\u00e9matiques applicables :<\/strong><\/p>\n<\/div><div class=\"accordian fusion-accordian\" style=\"--awb-border-size:1px;--awb-icon-size:13px;--awb-content-font-size:13px;--awb-icon-alignment:left;--awb-hover-color:#f9f9f9;--awb-border-color:#cccccc;--awb-background-color:#ffffff;--awb-divider-color:#e0dede;--awb-divider-hover-color:#e0dede;--awb-icon-color:#ffffff;--awb-title-color:#333333;--awb-content-color:#747474;--awb-icon-box-color:#333333;--awb-toggle-hover-accent-color:#26a147;--awb-title-font-family:&quot;PT Sans&quot;;--awb-title-font-weight:400;--awb-title-font-style:normal;--awb-title-font-size:13px;--awb-content-font-family:&quot;PT Sans&quot;;--awb-content-font-style:normal;--awb-content-font-weight:400;\"><div class=\"panel-group fusion-toggle-icon-boxed\" id=\"accordion-3355-8\"><div class=\"fusion-panel panel-default panel-6bf3e711b5a34747f fusion-toggle-has-divider\" style=\"--awb-title-color:#333333;--awb-content-color:#747474;\"><div class=\"panel-heading\"><h4 class=\"panel-title toggle\" id=\"toggle_6bf3e711b5a34747f\"><a aria-expanded=\"false\" aria-controls=\"6bf3e711b5a34747f\" role=\"button\" data-toggle=\"collapse\" data-parent=\"#accordion-3355-8\" data-target=\"#6bf3e711b5a34747f\" href=\"#6bf3e711b5a34747f\"><span class=\"fusion-toggle-icon-wrapper\" aria-hidden=\"true\"><i class=\"fa-fusion-box active-icon awb-icon-minus\" aria-hidden=\"true\"><\/i><i class=\"fa-fusion-box inactive-icon awb-icon-plus\" aria-hidden=\"true\"><\/i><\/span><span class=\"fusion-toggle-heading\">Protection solaire de la toiture<\/span><\/a><\/h4><\/div><div id=\"6bf3e711b5a34747f\" class=\"panel-collapse collapse \" aria-labelledby=\"toggle_6bf3e711b5a34747f\"><div class=\"panel-body toggle-content fusion-clearfix\">\n<table style=\"width: 100%;height: 187px\">\n<tbody>\n<tr style=\"height: 187px\">\n<td style=\"height: 187px\"><span style=\"color: #000000\"><strong><span style=\"text-decoration: underline\">Locaux concern\u00e9s<\/span> :<\/strong><\/span><\/p>\n<ul>\n<li>Locaux clos et climatis\u00e9s ou occup\u00e9s (exemples\u00a0: salle de classe, infirmerie, biblioth\u00e8que, salle de r\u00e9union, espace d\u2019accueil avec personnel permanent, \u2026)<\/li>\n<li>Locaux clos non-occup\u00e9s donnant <u>directement<\/u> sur les locaux ci-dessus, hors locaux techniques, stationnements et espaces de stockage non climatis\u00e9s (exemples : sanitaires, vestiaire, circulation close, \u2026)<\/li>\n<\/ul>\n<\/td>\n<td style=\"height: 187px\"><img decoding=\"async\" class=\"alignright wp-image-3430\" src=\"https:\/\/www.service-public.pf\/sde\/wp-content\/uploads\/sites\/15\/2023\/01\/SDE-REBPF-IlluTotales-Enseignement-ProToiture.png\" alt=\"\" width=\"300\" height=\"225\" srcset=\"https:\/\/www.service-public.pf\/sde\/wp-content\/uploads\/sites\/15\/2023\/01\/SDE-REBPF-IlluTotales-Enseignement-ProToiture-200x150.png 200w, https:\/\/www.service-public.pf\/sde\/wp-content\/uploads\/sites\/15\/2023\/01\/SDE-REBPF-IlluTotales-Enseignement-ProToiture-300x225.png 300w, https:\/\/www.service-public.pf\/sde\/wp-content\/uploads\/sites\/15\/2023\/01\/SDE-REBPF-IlluTotales-Enseignement-ProToiture-400x300.png 400w, https:\/\/www.service-public.pf\/sde\/wp-content\/uploads\/sites\/15\/2023\/01\/SDE-REBPF-IlluTotales-Enseignement-ProToiture-600x450.png 600w, https:\/\/www.service-public.pf\/sde\/wp-content\/uploads\/sites\/15\/2023\/01\/SDE-REBPF-IlluTotales-Enseignement-ProToiture-768x576.png 768w, https:\/\/www.service-public.pf\/sde\/wp-content\/uploads\/sites\/15\/2023\/01\/SDE-REBPF-IlluTotales-Enseignement-ProToiture-800x600.png 800w, https:\/\/www.service-public.pf\/sde\/wp-content\/uploads\/sites\/15\/2023\/01\/SDE-REBPF-IlluTotales-Enseignement-ProToiture-1024x768.png 1024w, https:\/\/www.service-public.pf\/sde\/wp-content\/uploads\/sites\/15\/2023\/01\/SDE-REBPF-IlluTotales-Enseignement-ProToiture-1200x900.png 1200w, https:\/\/www.service-public.pf\/sde\/wp-content\/uploads\/sites\/15\/2023\/01\/SDE-REBPF-IlluTotales-Enseignement-ProToiture.png 1453w\" sizes=\"(max-width: 300px) 100vw, 300px\" \/><\/td>\n<\/tr>\n<\/tbody>\n<\/table>\n<p style=\"color: #000000\"><strong><span style=\"text-decoration: underline\">Seuils \u00e0 respecter : <\/span><\/strong><\/p>\n<table class=\"table table-bordered\" style=\"width: 100%\">\n<tbody>\n<tr>\n<td style=\"width: 24.0317%\"><strong>Mesure<\/strong><\/td>\n<td style=\"width: 4.78677%\"><strong>Seuil<\/strong><\/td>\n<td style=\"width: 58.7865%\"><strong>Exemples de solutions<\/strong><\/td>\n<\/tr>\n<tr>\n<td style=\"width: 24.0317%\">Facteur solaire maximal de la toiture<\/td>\n<td style=\"width: 4.78677%\">2,5%<\/td>\n<td style=\"width: 58.7865%\">\n<ul>\n<li>Toiture (avec combles) en t\u00f4le de teinte claire avec 3 cm de laine min\u00e9rale minimum<\/li>\n<li>Toiture (avec combles) en t\u00f4le de teinte moyenne avec 5 cm de laine min\u00e9rale minimum<\/li>\n<li>Toiture (avec combles) en t\u00f4le de teinte sombre avec 7,5 cm de laine min\u00e9rale minimum<\/li>\n<li>Toiture terrasse en b\u00e9ton de teinte moyenne avec 6 cm de polystyr\u00e8ne expans\u00e9 minimum<\/li>\n<li>Toiture terrasse en b\u00e9ton avec sur-toiture largement ventil\u00e9e<\/li>\n<\/ul>\n<\/td>\n<\/tr>\n<\/tbody>\n<\/table>\n<p><span style=\"color: #000000\"><strong>Pour plus d\u2019informations sur l\u2019application de la th\u00e9matique, consultez la fiche en question\u00a0:<\/strong><\/span><\/p>\n<ul>\n<li><a href=\"https:\/\/www.service-public.pf\/sde\/wp-content\/uploads\/sites\/15\/2023\/09\/Fiche-02-Protection-solaire-des-parois-opaques-horizontales-Toitures.pdf\">Fiche d\u2019application \u00ab\u00a0Protection solaire de la toiture\u00a0\u00bb<\/a><\/li>\n<\/ul>\n<\/div><\/div><\/div><\/div><\/div><div class=\"fusion-text fusion-text-33\" style=\"--awb-margin-top:10px;\"><p><span style=\"color: #000000\"><strong>Informations relatives aux demandes de permis de construire et au certificat de conformit\u00e9<\/strong><\/span><\/p>\n<p>Le p\u00e9titionnaire remplit les nouveaux formulaires de demande de permis de construire et de certificat de conformit\u00e9 de la DCA qui int\u00e8grent la d\u00e9claration du respect de la r\u00e9glementation.<\/p>\n<p><strong>Si les surfaces de plancher construites cumul\u00e9es* sont sup\u00e9rieures \u00e0 250 m\u00b2 de plancher, les demandes de permis de construire et de certificat de conformit\u00e9 doivent \u00eatre accompagn\u00e9es de l\u2019avis d\u2019un organisme agr\u00e9\u00e9<\/strong><\/p>\n<ul>\n<li><a href=\"https:\/\/www.service-public.pf\/sde\/organismes-agrees\/\">Parcourir la page d\u00e9di\u00e9e aux organismes agr\u00e9\u00e9s<\/a><\/li>\n<\/ul>\n<p><em><span style=\"font-size: 10pt\">* Les surfaces de plancher \u00e0 consid\u00e9rer sont celles de n\u2019importe quel b\u00e2timent neuf rattach\u00e9 au projet de construction, d\u00e8s lors que la typologie associ\u00e9e est bureaux, enseignement, \u00e9tablissement de soin, h\u00f4tellerie ou logement collectif.<\/span><\/em><\/p>\n<p><span style=\"color: #000000\"><strong>Informations sur les dispositions applicables \u00e0 la typologie <\/strong>(ne consulter que les rubriques des th\u00e9matiques concernant le projet de construction)<strong>\u00a0:<\/strong><\/span><\/p>\n<ul>\n<li><a href=\"https:\/\/www.service-public.pf\/sde\/wp-content\/uploads\/sites\/15\/2023\/04\/REPBF_Depliants_EtablissmentEnseignement_Pages-V2.pdf\">D\u00e9pliant \u00ab\u00a0Enseignement \u00bb<\/a><\/li>\n<\/ul>\n<\/div><\/div><\/div><\/div><\/div><\/div><\/div><\/div><div class=\"fusion-fullwidth fullwidth-box fusion-builder-row-5-3 fusion-flex-container has-pattern-background has-mask-background nonhundred-percent-fullwidth non-hundred-percent-height-scrolling\" style=\"--awb-border-radius-top-left:0px;--awb-border-radius-top-right:0px;--awb-border-radius-bottom-right:0px;--awb-border-radius-bottom-left:0px;--awb-padding-right:5vw;--awb-padding-left:5vw;--awb-flex-wrap:wrap;\" ><div class=\"fusion-builder-row fusion-row fusion-flex-align-items-center fusion-flex-justify-content-center fusion-flex-content-wrap\" style=\"width:104% !important;max-width:104% !important;margin-left: calc(-4% \/ 2 );margin-right: calc(-4% \/ 2 );\"><div class=\"fusion-layout-column fusion_builder_column fusion-builder-column-16 fusion_builder_column_5_6 5_6 fusion-flex-column\" style=\"--awb-bg-size:cover;--awb-width-large:83.333333333333%;--awb-flex-grow:0;--awb-flex-shrink:0;--awb-margin-top-large:0px;--awb-spacing-right-large:2.304%;--awb-margin-bottom-large:20px;--awb-spacing-left-large:2.304%;--awb-width-medium:100%;--awb-order-medium:0;--awb-flex-grow-medium:0;--awb-flex-shrink-medium:0;--awb-spacing-right-medium:1.92%;--awb-spacing-left-medium:1.92%;--awb-width-small:100%;--awb-order-small:0;--awb-flex-grow-small:0;--awb-flex-shrink-small:0;--awb-spacing-right-small:1.92%;--awb-spacing-left-small:1.92%;\"><div class=\"fusion-column-wrapper fusion-column-has-shadow fusion-flex-justify-content-flex-start fusion-content-layout-column\"><div id=\"vct_typologie_batiment_idv_inf\" class=\"fusion-form-field fusion-form-image-select-field fusion-form-label-above fusion-form-field-fusion-form-image-select-3 option-inline\" data-form-id=\"3766\" style=\"--awb-active-color:#bdd547;--awb-inactive-color:#26a147;--awb-height:150px;--awb-width:100%;--awb-padding-top:10px;--awb-padding-right:20px;--awb-padding-bottom:10px;--awb-padding-left:20px;--awb-border-size-top:2px;--awb-border-size-right:2px;--awb-border-size-bottom:2px;--awb-border-size-left:2px;--awb-hover-color:rgba(189,213,71,0.5);\"><fieldset><legend class=\"fusion-form-label-wrapper\"><span class=\"label\">S\u00e9lectionnez la typologie associ\u00e9e \u00e0 votre b\u00e2timent ou partie de b\u00e2timent<\/span><\/legend><div class=\"fusion-form-image-select\"><input tabindex=\"\" id=\"image-select-logement_individuel11\" type=\"radio\" value=\"logement_individuel\" name=\"typologie_batiment_idv_inf[]\" class=\"fusion-form-input\" data-holds-private-data=\"false\"\/><label for=\"image-select-logement_individuel11\"><span>Logement individuel<\/span><picture class=\"fusion-form-image-wrapper\"><img decoding=\"async\" width=\"1453\" height=\"1090\" src=\"https:\/\/www.service-public.pf\/sde\/wp-content\/uploads\/sites\/15\/2023\/01\/SDE-REBPF-IlluTotales-Logement-Individuel.png\" class=\"attachment-full size-full\" alt=\"\" srcset=\"https:\/\/www.service-public.pf\/sde\/wp-content\/uploads\/sites\/15\/2023\/01\/SDE-REBPF-IlluTotales-Logement-Individuel-200x150.png 200w, https:\/\/www.service-public.pf\/sde\/wp-content\/uploads\/sites\/15\/2023\/01\/SDE-REBPF-IlluTotales-Logement-Individuel-300x225.png 300w, https:\/\/www.service-public.pf\/sde\/wp-content\/uploads\/sites\/15\/2023\/01\/SDE-REBPF-IlluTotales-Logement-Individuel-400x300.png 400w, https:\/\/www.service-public.pf\/sde\/wp-content\/uploads\/sites\/15\/2023\/01\/SDE-REBPF-IlluTotales-Logement-Individuel-600x450.png 600w, https:\/\/www.service-public.pf\/sde\/wp-content\/uploads\/sites\/15\/2023\/01\/SDE-REBPF-IlluTotales-Logement-Individuel-768x576.png 768w, https:\/\/www.service-public.pf\/sde\/wp-content\/uploads\/sites\/15\/2023\/01\/SDE-REBPF-IlluTotales-Logement-Individuel-800x600.png 800w, https:\/\/www.service-public.pf\/sde\/wp-content\/uploads\/sites\/15\/2023\/01\/SDE-REBPF-IlluTotales-Logement-Individuel-1024x768.png 1024w, https:\/\/www.service-public.pf\/sde\/wp-content\/uploads\/sites\/15\/2023\/01\/SDE-REBPF-IlluTotales-Logement-Individuel-1200x900.png 1200w, https:\/\/www.service-public.pf\/sde\/wp-content\/uploads\/sites\/15\/2023\/01\/SDE-REBPF-IlluTotales-Logement-Individuel.png 1453w\" sizes=\"(max-width: 1453px) 100vw, 1453px\" \/><\/picture><\/label><\/div><div class=\"fusion-form-image-select\"><input tabindex=\"\" id=\"image-select-logement_collectif12\" type=\"radio\" value=\"logement_collectif\" name=\"typologie_batiment_idv_inf[]\" class=\"fusion-form-input\" data-holds-private-data=\"false\"\/><label for=\"image-select-logement_collectif12\"><span>Logement collectif<\/span><picture class=\"fusion-form-image-wrapper\"><img decoding=\"async\" width=\"1453\" height=\"1090\" src=\"https:\/\/www.service-public.pf\/sde\/wp-content\/uploads\/sites\/15\/2023\/01\/SDE-REBPF-IlluTotales-Logement-Collectif.png\" class=\"attachment-full size-full\" alt=\"\" srcset=\"https:\/\/www.service-public.pf\/sde\/wp-content\/uploads\/sites\/15\/2023\/01\/SDE-REBPF-IlluTotales-Logement-Collectif-200x150.png 200w, https:\/\/www.service-public.pf\/sde\/wp-content\/uploads\/sites\/15\/2023\/01\/SDE-REBPF-IlluTotales-Logement-Collectif-300x225.png 300w, https:\/\/www.service-public.pf\/sde\/wp-content\/uploads\/sites\/15\/2023\/01\/SDE-REBPF-IlluTotales-Logement-Collectif-400x300.png 400w, https:\/\/www.service-public.pf\/sde\/wp-content\/uploads\/sites\/15\/2023\/01\/SDE-REBPF-IlluTotales-Logement-Collectif-600x450.png 600w, https:\/\/www.service-public.pf\/sde\/wp-content\/uploads\/sites\/15\/2023\/01\/SDE-REBPF-IlluTotales-Logement-Collectif-768x576.png 768w, https:\/\/www.service-public.pf\/sde\/wp-content\/uploads\/sites\/15\/2023\/01\/SDE-REBPF-IlluTotales-Logement-Collectif-800x600.png 800w, https:\/\/www.service-public.pf\/sde\/wp-content\/uploads\/sites\/15\/2023\/01\/SDE-REBPF-IlluTotales-Logement-Collectif-1024x768.png 1024w, https:\/\/www.service-public.pf\/sde\/wp-content\/uploads\/sites\/15\/2023\/01\/SDE-REBPF-IlluTotales-Logement-Collectif-1200x900.png 1200w, https:\/\/www.service-public.pf\/sde\/wp-content\/uploads\/sites\/15\/2023\/01\/SDE-REBPF-IlluTotales-Logement-Collectif.png 1453w\" sizes=\"(max-width: 1453px) 100vw, 1453px\" \/><\/picture><\/label><\/div><div class=\"fusion-form-image-select\"><input tabindex=\"\" id=\"image-select-batiment_de_bureaux13\" type=\"radio\" value=\"batiment_de_bureaux\" name=\"typologie_batiment_idv_inf[]\" class=\"fusion-form-input\" data-holds-private-data=\"false\"\/><label for=\"image-select-batiment_de_bureaux13\"><span>B\u00e2timent de bureaux<\/span><picture class=\"fusion-form-image-wrapper\"><img decoding=\"async\" width=\"1453\" height=\"1090\" src=\"https:\/\/www.service-public.pf\/sde\/wp-content\/uploads\/sites\/15\/2023\/01\/SDE-REBPF-IlluTotales-Bureau.png\" class=\"attachment-full size-full\" alt=\"\" srcset=\"https:\/\/www.service-public.pf\/sde\/wp-content\/uploads\/sites\/15\/2023\/01\/SDE-REBPF-IlluTotales-Bureau-200x150.png 200w, https:\/\/www.service-public.pf\/sde\/wp-content\/uploads\/sites\/15\/2023\/01\/SDE-REBPF-IlluTotales-Bureau-300x225.png 300w, https:\/\/www.service-public.pf\/sde\/wp-content\/uploads\/sites\/15\/2023\/01\/SDE-REBPF-IlluTotales-Bureau-400x300.png 400w, https:\/\/www.service-public.pf\/sde\/wp-content\/uploads\/sites\/15\/2023\/01\/SDE-REBPF-IlluTotales-Bureau-600x450.png 600w, https:\/\/www.service-public.pf\/sde\/wp-content\/uploads\/sites\/15\/2023\/01\/SDE-REBPF-IlluTotales-Bureau-768x576.png 768w, https:\/\/www.service-public.pf\/sde\/wp-content\/uploads\/sites\/15\/2023\/01\/SDE-REBPF-IlluTotales-Bureau-800x600.png 800w, https:\/\/www.service-public.pf\/sde\/wp-content\/uploads\/sites\/15\/2023\/01\/SDE-REBPF-IlluTotales-Bureau-1024x768.png 1024w, https:\/\/www.service-public.pf\/sde\/wp-content\/uploads\/sites\/15\/2023\/01\/SDE-REBPF-IlluTotales-Bureau-1200x900.png 1200w, https:\/\/www.service-public.pf\/sde\/wp-content\/uploads\/sites\/15\/2023\/01\/SDE-REBPF-IlluTotales-Bureau.png 1453w\" sizes=\"(max-width: 1453px) 100vw, 1453px\" \/><\/picture><\/label><\/div><div class=\"fusion-form-image-select\"><input tabindex=\"\" id=\"image-select-hotellerie14\" type=\"radio\" value=\"hotellerie\" name=\"typologie_batiment_idv_inf[]\" class=\"fusion-form-input\" data-holds-private-data=\"false\"\/><label for=\"image-select-hotellerie14\"><span>H\u00f4tellerie<\/span><picture class=\"fusion-form-image-wrapper\"><img decoding=\"async\" width=\"1453\" height=\"1090\" src=\"https:\/\/www.service-public.pf\/sde\/wp-content\/uploads\/sites\/15\/2023\/01\/SDE-REBPF-IlluTotales-Hotel-Pension.png\" class=\"attachment-full size-full\" alt=\"\" srcset=\"https:\/\/www.service-public.pf\/sde\/wp-content\/uploads\/sites\/15\/2023\/01\/SDE-REBPF-IlluTotales-Hotel-Pension-200x150.png 200w, https:\/\/www.service-public.pf\/sde\/wp-content\/uploads\/sites\/15\/2023\/01\/SDE-REBPF-IlluTotales-Hotel-Pension-300x225.png 300w, https:\/\/www.service-public.pf\/sde\/wp-content\/uploads\/sites\/15\/2023\/01\/SDE-REBPF-IlluTotales-Hotel-Pension-400x300.png 400w, https:\/\/www.service-public.pf\/sde\/wp-content\/uploads\/sites\/15\/2023\/01\/SDE-REBPF-IlluTotales-Hotel-Pension-600x450.png 600w, https:\/\/www.service-public.pf\/sde\/wp-content\/uploads\/sites\/15\/2023\/01\/SDE-REBPF-IlluTotales-Hotel-Pension-768x576.png 768w, https:\/\/www.service-public.pf\/sde\/wp-content\/uploads\/sites\/15\/2023\/01\/SDE-REBPF-IlluTotales-Hotel-Pension-800x600.png 800w, https:\/\/www.service-public.pf\/sde\/wp-content\/uploads\/sites\/15\/2023\/01\/SDE-REBPF-IlluTotales-Hotel-Pension-1024x768.png 1024w, https:\/\/www.service-public.pf\/sde\/wp-content\/uploads\/sites\/15\/2023\/01\/SDE-REBPF-IlluTotales-Hotel-Pension-1200x900.png 1200w, https:\/\/www.service-public.pf\/sde\/wp-content\/uploads\/sites\/15\/2023\/01\/SDE-REBPF-IlluTotales-Hotel-Pension.png 1453w\" sizes=\"(max-width: 1453px) 100vw, 1453px\" \/><\/picture><\/label><\/div><div class=\"fusion-form-image-select\"><input tabindex=\"\" id=\"image-select-etablissement_d_enseignement15\" type=\"radio\" value=\"etablissement_d_enseignement\" name=\"typologie_batiment_idv_inf[]\" class=\"fusion-form-input\" data-holds-private-data=\"false\"\/><label for=\"image-select-etablissement_d_enseignement15\"><span>\u00c9tablissement d&#039;enseignement<\/span><picture class=\"fusion-form-image-wrapper\"><img decoding=\"async\" width=\"1453\" height=\"1090\" src=\"https:\/\/www.service-public.pf\/sde\/wp-content\/uploads\/sites\/15\/2023\/01\/SDE-REBPF-IlluTotales-Enseignement.png\" class=\"attachment-full size-full\" alt=\"\" srcset=\"https:\/\/www.service-public.pf\/sde\/wp-content\/uploads\/sites\/15\/2023\/01\/SDE-REBPF-IlluTotales-Enseignement-200x150.png 200w, https:\/\/www.service-public.pf\/sde\/wp-content\/uploads\/sites\/15\/2023\/01\/SDE-REBPF-IlluTotales-Enseignement-300x225.png 300w, https:\/\/www.service-public.pf\/sde\/wp-content\/uploads\/sites\/15\/2023\/01\/SDE-REBPF-IlluTotales-Enseignement-400x300.png 400w, https:\/\/www.service-public.pf\/sde\/wp-content\/uploads\/sites\/15\/2023\/01\/SDE-REBPF-IlluTotales-Enseignement-600x450.png 600w, https:\/\/www.service-public.pf\/sde\/wp-content\/uploads\/sites\/15\/2023\/01\/SDE-REBPF-IlluTotales-Enseignement-768x576.png 768w, https:\/\/www.service-public.pf\/sde\/wp-content\/uploads\/sites\/15\/2023\/01\/SDE-REBPF-IlluTotales-Enseignement-800x600.png 800w, https:\/\/www.service-public.pf\/sde\/wp-content\/uploads\/sites\/15\/2023\/01\/SDE-REBPF-IlluTotales-Enseignement-1024x768.png 1024w, https:\/\/www.service-public.pf\/sde\/wp-content\/uploads\/sites\/15\/2023\/01\/SDE-REBPF-IlluTotales-Enseignement-1200x900.png 1200w, https:\/\/www.service-public.pf\/sde\/wp-content\/uploads\/sites\/15\/2023\/01\/SDE-REBPF-IlluTotales-Enseignement.png 1453w\" sizes=\"(max-width: 1453px) 100vw, 1453px\" \/><\/picture><\/label><\/div><div class=\"fusion-form-image-select\"><input tabindex=\"\" id=\"image-select-etablissement_de_soin16\" type=\"radio\" value=\"etablissement_de_soin\" name=\"typologie_batiment_idv_inf[]\" class=\"fusion-form-input\" data-holds-private-data=\"false\"\/><label for=\"image-select-etablissement_de_soin16\"><span>\u00c9tablissement de soin<\/span><picture class=\"fusion-form-image-wrapper\"><img decoding=\"async\" width=\"1453\" height=\"1090\" src=\"https:\/\/www.service-public.pf\/sde\/wp-content\/uploads\/sites\/15\/2023\/01\/SDE-REBPF-IlluTotales-Etablissement-Soin.png\" class=\"attachment-full size-full\" alt=\"\" srcset=\"https:\/\/www.service-public.pf\/sde\/wp-content\/uploads\/sites\/15\/2023\/01\/SDE-REBPF-IlluTotales-Etablissement-Soin-200x150.png 200w, https:\/\/www.service-public.pf\/sde\/wp-content\/uploads\/sites\/15\/2023\/01\/SDE-REBPF-IlluTotales-Etablissement-Soin-300x225.png 300w, https:\/\/www.service-public.pf\/sde\/wp-content\/uploads\/sites\/15\/2023\/01\/SDE-REBPF-IlluTotales-Etablissement-Soin-400x300.png 400w, https:\/\/www.service-public.pf\/sde\/wp-content\/uploads\/sites\/15\/2023\/01\/SDE-REBPF-IlluTotales-Etablissement-Soin-600x450.png 600w, https:\/\/www.service-public.pf\/sde\/wp-content\/uploads\/sites\/15\/2023\/01\/SDE-REBPF-IlluTotales-Etablissement-Soin-768x576.png 768w, https:\/\/www.service-public.pf\/sde\/wp-content\/uploads\/sites\/15\/2023\/01\/SDE-REBPF-IlluTotales-Etablissement-Soin-800x600.png 800w, https:\/\/www.service-public.pf\/sde\/wp-content\/uploads\/sites\/15\/2023\/01\/SDE-REBPF-IlluTotales-Etablissement-Soin-1024x768.png 1024w, https:\/\/www.service-public.pf\/sde\/wp-content\/uploads\/sites\/15\/2023\/01\/SDE-REBPF-IlluTotales-Etablissement-Soin-1200x900.png 1200w, https:\/\/www.service-public.pf\/sde\/wp-content\/uploads\/sites\/15\/2023\/01\/SDE-REBPF-IlluTotales-Etablissement-Soin.png 1453w\" sizes=\"(max-width: 1453px) 100vw, 1453px\" \/><\/picture><\/label><\/div><div class=\"fusion-form-image-select\"><input tabindex=\"\" id=\"image-select-restauration17\" type=\"radio\" value=\"restauration\" name=\"typologie_batiment_idv_inf[]\" class=\"fusion-form-input\" data-holds-private-data=\"false\"\/><label for=\"image-select-restauration17\"><span>Restauration<\/span><picture class=\"fusion-form-image-wrapper\"><img decoding=\"async\" width=\"1453\" height=\"1090\" src=\"https:\/\/www.service-public.pf\/sde\/wp-content\/uploads\/sites\/15\/2023\/01\/SDE-REBPF-IlluTotales-Restaurant.png\" class=\"attachment-full size-full\" alt=\"\" srcset=\"https:\/\/www.service-public.pf\/sde\/wp-content\/uploads\/sites\/15\/2023\/01\/SDE-REBPF-IlluTotales-Restaurant-200x150.png 200w, https:\/\/www.service-public.pf\/sde\/wp-content\/uploads\/sites\/15\/2023\/01\/SDE-REBPF-IlluTotales-Restaurant-300x225.png 300w, https:\/\/www.service-public.pf\/sde\/wp-content\/uploads\/sites\/15\/2023\/01\/SDE-REBPF-IlluTotales-Restaurant-400x300.png 400w, https:\/\/www.service-public.pf\/sde\/wp-content\/uploads\/sites\/15\/2023\/01\/SDE-REBPF-IlluTotales-Restaurant-600x450.png 600w, https:\/\/www.service-public.pf\/sde\/wp-content\/uploads\/sites\/15\/2023\/01\/SDE-REBPF-IlluTotales-Restaurant-768x576.png 768w, https:\/\/www.service-public.pf\/sde\/wp-content\/uploads\/sites\/15\/2023\/01\/SDE-REBPF-IlluTotales-Restaurant-800x600.png 800w, https:\/\/www.service-public.pf\/sde\/wp-content\/uploads\/sites\/15\/2023\/01\/SDE-REBPF-IlluTotales-Restaurant-1024x768.png 1024w, https:\/\/www.service-public.pf\/sde\/wp-content\/uploads\/sites\/15\/2023\/01\/SDE-REBPF-IlluTotales-Restaurant-1200x900.png 1200w, https:\/\/www.service-public.pf\/sde\/wp-content\/uploads\/sites\/15\/2023\/01\/SDE-REBPF-IlluTotales-Restaurant.png 1453w\" sizes=\"(max-width: 1453px) 100vw, 1453px\" \/><\/picture><\/label><\/div><div class=\"fusion-form-image-select\"><input tabindex=\"\" id=\"image-select-autre_batiment18\" type=\"radio\" value=\"autre_batiment\" name=\"typologie_batiment_idv_inf[]\" class=\"fusion-form-input\" data-holds-private-data=\"false\"\/><label for=\"image-select-autre_batiment18\"><span>Autre b\u00e2timent<\/span><picture class=\"fusion-form-image-wrapper\"><img decoding=\"async\" width=\"1453\" height=\"1090\" src=\"https:\/\/www.service-public.pf\/sde\/wp-content\/uploads\/sites\/15\/2023\/01\/SDE-REBPF-IlluTotales-Divers.png\" class=\"attachment-full size-full\" alt=\"\" srcset=\"https:\/\/www.service-public.pf\/sde\/wp-content\/uploads\/sites\/15\/2023\/01\/SDE-REBPF-IlluTotales-Divers-200x150.png 200w, https:\/\/www.service-public.pf\/sde\/wp-content\/uploads\/sites\/15\/2023\/01\/SDE-REBPF-IlluTotales-Divers-300x225.png 300w, https:\/\/www.service-public.pf\/sde\/wp-content\/uploads\/sites\/15\/2023\/01\/SDE-REBPF-IlluTotales-Divers-400x300.png 400w, https:\/\/www.service-public.pf\/sde\/wp-content\/uploads\/sites\/15\/2023\/01\/SDE-REBPF-IlluTotales-Divers-600x450.png 600w, https:\/\/www.service-public.pf\/sde\/wp-content\/uploads\/sites\/15\/2023\/01\/SDE-REBPF-IlluTotales-Divers-768x576.png 768w, https:\/\/www.service-public.pf\/sde\/wp-content\/uploads\/sites\/15\/2023\/01\/SDE-REBPF-IlluTotales-Divers-800x600.png 800w, https:\/\/www.service-public.pf\/sde\/wp-content\/uploads\/sites\/15\/2023\/01\/SDE-REBPF-IlluTotales-Divers-1024x768.png 1024w, https:\/\/www.service-public.pf\/sde\/wp-content\/uploads\/sites\/15\/2023\/01\/SDE-REBPF-IlluTotales-Divers-1200x900.png 1200w, https:\/\/www.service-public.pf\/sde\/wp-content\/uploads\/sites\/15\/2023\/01\/SDE-REBPF-IlluTotales-Divers.png 1453w\" sizes=\"(max-width: 1453px) 100vw, 1453px\" \/><\/picture><\/label><\/div><\/fieldset><\/div><\/div><\/div><div class=\"fusion-layout-column fusion_builder_column fusion-builder-column-17 fusion_builder_column_4_5 4_5 fusion-flex-column vct_idv_inf500_content\" style=\"--awb-bg-size:cover;--awb-width-large:80%;--awb-flex-grow:0;--awb-flex-shrink:0;--awb-margin-top-large:0px;--awb-spacing-right-large:2.4%;--awb-margin-bottom-large:20px;--awb-spacing-left-large:2.4%;--awb-width-medium:100%;--awb-order-medium:0;--awb-flex-grow-medium:0;--awb-flex-shrink-medium:0;--awb-spacing-right-medium:1.92%;--awb-spacing-left-medium:1.92%;--awb-width-small:100%;--awb-order-small:0;--awb-flex-grow-small:0;--awb-flex-shrink-small:0;--awb-spacing-right-small:1.92%;--awb-spacing-left-small:1.92%;\" id=\"vct_idv_inf500_autrebatiment_content\"><div class=\"fusion-column-wrapper fusion-column-has-shadow fusion-flex-justify-content-flex-start fusion-content-layout-column\"><div class=\"fusion-title title fusion-title-12 fusion-sep-none fusion-title-center fusion-title-text fusion-title-size-two hidden\" style=\"--awb-margin-top-small:0px;--awb-margin-right-small:0px;--awb-margin-bottom-small:20px;--awb-margin-left-small:0px;\"><h2 class=\"fusion-title-heading title-heading-center\" style=\"margin:0;\">Protection solaire de la toiture + D\u00e9pliant Autre + Formulaire 1-IDV<\/h2><\/div><div class=\"fusion-text fusion-text-34 vct_description_typologie\"><p>Il s\u2019agit de tout b\u00e2timent ou toute partie de b\u00e2timent, qui est concern\u00e9 par la r\u00e9glementation mais<br \/>\nqui n\u2019est pas associ\u00e9 \u00e0 une typologie particuli\u00e8re.<\/p>\n<p>Pour rappel, les b\u00e2timents ou parties de b\u00e2timents non concern\u00e9s par la r\u00e9glementation sont :<\/p>\n<ul>\n<li>Les constructions neuves totalement ouvertes ;<\/li>\n<li>Les constructions neuves et partiellement ou totalement close mais inoccup\u00e9es et non<br \/>\nclimatis\u00e9es ;<\/li>\n<li>Les habitations de style traditionnel polyn\u00e9sien telles que d\u00e9finies \u00e0 l\u2019article D.370-1 et<br \/>\nsuivants du code de l\u2019am\u00e9nagement de Polyn\u00e9sie fran\u00e7aise ;<\/li>\n<li>Les \u00e9tablissements recevant du public (ERP) suivants\u00a0: b\u00e2timents de culte\u00a0; \u00e9tablissements de<br \/>\nplein air\u00a0; chapiteaux, tentes, structures\u00a0; structures gonflables\u00a0; stationnements couverts\u00a0;<br \/>\ngares\u00a0; \u00e9tablissements flottants.<\/li>\n<\/ul>\n<\/div><div class=\"fusion-builder-row fusion-builder-row-inner fusion-row fusion-flex-align-items-center fusion-flex-justify-content-center fusion-flex-content-wrap\" style=\"--awb-flex-grow:0;--awb-flex-grow-medium:0;--awb-flex-grow-small:0;--awb-flex-shrink:0;--awb-flex-shrink-medium:0;--awb-flex-shrink-small:0;width:104% !important;max-width:104% !important;margin-left: calc(-4% \/ 2 );margin-right: calc(-4% \/ 2 );\"><div class=\"fusion-layout-column fusion_builder_column_inner fusion-builder-nested-column-48 fusion_builder_column_inner_1_1 1_1 fusion-flex-column\" style=\"--awb-bg-size:cover;--awb-width-large:100%;--awb-margin-top-large:0px;--awb-spacing-right-large:1.92%;--awb-margin-bottom-large:20px;--awb-spacing-left-large:1.92%;--awb-width-medium:100%;--awb-order-medium:0;--awb-spacing-right-medium:1.92%;--awb-spacing-left-medium:1.92%;--awb-width-small:100%;--awb-order-small:0;--awb-spacing-right-small:1.92%;--awb-spacing-left-small:1.92%;\"><div class=\"fusion-column-wrapper fusion-column-has-shadow fusion-flex-justify-content-flex-start fusion-content-layout-column\"><div class=\"fusion-separator fusion-full-width-sep\" style=\"align-self: center;margin-left: auto;margin-right: auto;width:100%;\"><div class=\"fusion-separator-border sep-shadow\" style=\"--awb-height:20px;--awb-amount:20px;background:radial-gradient(ellipse at 50% -50% , #e0dede 0px, rgba(255, 255, 255, 0) 80%) repeat scroll 0 0 rgba(0, 0, 0, 0);background:-webkit-radial-gradient(ellipse at 50% -50% , #e0dede 0px, rgba(255, 255, 255, 0) 80%) repeat scroll 0 0 rgba(0, 0, 0, 0);background:-moz-radial-gradient(ellipse at 50% -50% , #e0dede 0px, rgba(255, 255, 255, 0) 80%) repeat scroll 0 0 rgba(0, 0, 0, 0);background:-o-radial-gradient(ellipse at 50% -50% , #e0dede 0px, rgba(255, 255, 255, 0) 80%) repeat scroll 0 0 rgba(0, 0, 0, 0);\"><\/div><\/div><\/div><\/div><div class=\"fusion-layout-column fusion_builder_column_inner fusion-builder-nested-column-49 fusion_builder_column_inner_1_3 1_3 fusion-flex-column\" style=\"--awb-bg-size:cover;--awb-width-large:33.333333333333%;--awb-margin-top-large:0px;--awb-spacing-right-large:2vw;--awb-margin-bottom-large:20px;--awb-spacing-left-large:5.76%;--awb-width-medium:100%;--awb-order-medium:0;--awb-spacing-right-medium:1.92%;--awb-spacing-left-medium:1.92%;--awb-width-small:100%;--awb-order-small:0;--awb-spacing-right-small:1.92%;--awb-spacing-left-small:1.92%;\"><div class=\"fusion-column-wrapper fusion-column-has-shadow fusion-flex-justify-content-flex-start fusion-content-layout-column\"><div class=\"fusion-image-element \" style=\"text-align:right;--awb-max-width:450px;--awb-caption-title-font-family:var(--h2_typography-font-family);--awb-caption-title-font-weight:var(--h2_typography-font-weight);--awb-caption-title-font-style:var(--h2_typography-font-style);--awb-caption-title-size:var(--h2_typography-font-size);--awb-caption-title-transform:var(--h2_typography-text-transform);--awb-caption-title-line-height:var(--h2_typography-line-height);--awb-caption-title-letter-spacing:var(--h2_typography-letter-spacing);\"><span class=\" fusion-imageframe imageframe-none imageframe-9 hover-type-none\"><img decoding=\"async\" width=\"300\" height=\"225\" title=\"SDE REBPF IlluTotales Divers\" src=\"https:\/\/www.service-public.pf\/sde\/wp-content\/uploads\/sites\/15\/2023\/01\/SDE-REBPF-IlluTotales-Divers-300x225.png\" alt class=\"img-responsive wp-image-3435\" srcset=\"https:\/\/www.service-public.pf\/sde\/wp-content\/uploads\/sites\/15\/2023\/01\/SDE-REBPF-IlluTotales-Divers-200x150.png 200w, https:\/\/www.service-public.pf\/sde\/wp-content\/uploads\/sites\/15\/2023\/01\/SDE-REBPF-IlluTotales-Divers-400x300.png 400w, https:\/\/www.service-public.pf\/sde\/wp-content\/uploads\/sites\/15\/2023\/01\/SDE-REBPF-IlluTotales-Divers-600x450.png 600w, https:\/\/www.service-public.pf\/sde\/wp-content\/uploads\/sites\/15\/2023\/01\/SDE-REBPF-IlluTotales-Divers-800x600.png 800w, https:\/\/www.service-public.pf\/sde\/wp-content\/uploads\/sites\/15\/2023\/01\/SDE-REBPF-IlluTotales-Divers-1200x900.png 1200w, https:\/\/www.service-public.pf\/sde\/wp-content\/uploads\/sites\/15\/2023\/01\/SDE-REBPF-IlluTotales-Divers.png 1453w\" sizes=\"(max-width: 1024px) 100vw, (max-width: 640px) 100vw, 800px\" \/><\/span><\/div><\/div><\/div><div class=\"fusion-layout-column fusion_builder_column_inner fusion-builder-nested-column-50 fusion_builder_column_inner_2_3 2_3 fusion-flex-column\" style=\"--awb-bg-size:cover;--awb-width-large:66.666666666667%;--awb-margin-top-large:0px;--awb-spacing-right-large:2.88%;--awb-margin-bottom-large:20px;--awb-spacing-left-large:2.88%;--awb-width-medium:100%;--awb-order-medium:0;--awb-spacing-right-medium:1.92%;--awb-spacing-left-medium:1.92%;--awb-width-small:100%;--awb-order-small:0;--awb-spacing-right-small:1.92%;--awb-spacing-left-small:1.92%;\"><div class=\"fusion-column-wrapper fusion-column-has-shadow fusion-flex-justify-content-center fusion-content-layout-column\"><div class=\"fusion-text fusion-text-35\" style=\"--awb-content-alignment:center;--awb-font-size:24pt;\"><p>Localisation\u00a0du projet : <strong>Iles du Vent, \u00e0 une altitude inf\u00e9rieure \u00e0 500 m\u00e8tres<\/strong><\/p>\n<p>Typologie de la construction\u00a0: <strong>Pas de typologie particuli\u00e8re au sens de la REBPf<\/strong><\/p>\n<\/div><\/div><\/div><div class=\"fusion-layout-column fusion_builder_column_inner fusion-builder-nested-column-51 fusion_builder_column_inner_1_1 1_1 fusion-flex-column\" style=\"--awb-bg-size:cover;--awb-width-large:100%;--awb-margin-top-large:0px;--awb-spacing-right-large:1.92%;--awb-margin-bottom-large:20px;--awb-spacing-left-large:1.92%;--awb-width-medium:100%;--awb-order-medium:0;--awb-spacing-right-medium:1.92%;--awb-spacing-left-medium:1.92%;--awb-width-small:100%;--awb-order-small:0;--awb-spacing-right-small:1.92%;--awb-spacing-left-small:1.92%;\"><div class=\"fusion-column-wrapper fusion-column-has-shadow fusion-flex-justify-content-flex-start fusion-content-layout-column\"><div class=\"fusion-separator fusion-full-width-sep\" style=\"align-self: center;margin-left: auto;margin-right: auto;margin-bottom:20px;width:100%;\"><div class=\"fusion-separator-border sep-shadow\" style=\"--awb-height:20px;--awb-amount:20px;background:radial-gradient(ellipse at 50% -50% , #e0dede 0px, rgba(255, 255, 255, 0) 80%) repeat scroll 0 0 rgba(0, 0, 0, 0);background:-webkit-radial-gradient(ellipse at 50% -50% , #e0dede 0px, rgba(255, 255, 255, 0) 80%) repeat scroll 0 0 rgba(0, 0, 0, 0);background:-moz-radial-gradient(ellipse at 50% -50% , #e0dede 0px, rgba(255, 255, 255, 0) 80%) repeat scroll 0 0 rgba(0, 0, 0, 0);background:-o-radial-gradient(ellipse at 50% -50% , #e0dede 0px, rgba(255, 255, 255, 0) 80%) repeat scroll 0 0 rgba(0, 0, 0, 0);\"><\/div><\/div><\/div><\/div><div class=\"fusion-layout-column fusion_builder_column_inner fusion-builder-nested-column-52 fusion_builder_column_inner_1_1 1_1 fusion-flex-column\" style=\"--awb-bg-color:#ffffff;--awb-bg-color-hover:#ffffff;--awb-bg-size:cover;--awb-width-large:100%;--awb-margin-top-large:0px;--awb-spacing-right-large:1.92%;--awb-margin-bottom-large:20px;--awb-spacing-left-large:1.92%;--awb-width-medium:100%;--awb-order-medium:0;--awb-spacing-right-medium:1.92%;--awb-spacing-left-medium:1.92%;--awb-width-small:100%;--awb-order-small:0;--awb-spacing-right-small:1.92%;--awb-spacing-left-small:1.92%;\"><div class=\"fusion-column-wrapper fusion-column-has-shadow fusion-flex-justify-content-flex-start fusion-content-layout-column\"><div class=\"fusion-text fusion-text-36\" style=\"--awb-text-color:#000000;\"><p><strong>Th\u00e9matiques applicables :<\/strong><\/p>\n<\/div><div class=\"accordian fusion-accordian\" style=\"--awb-border-size:1px;--awb-icon-size:13px;--awb-content-font-size:13px;--awb-icon-alignment:left;--awb-hover-color:#f9f9f9;--awb-border-color:#cccccc;--awb-background-color:#ffffff;--awb-divider-color:#e0dede;--awb-divider-hover-color:#e0dede;--awb-icon-color:#ffffff;--awb-title-color:#333333;--awb-content-color:#747474;--awb-icon-box-color:#333333;--awb-toggle-hover-accent-color:#26a147;--awb-title-font-family:&quot;PT Sans&quot;;--awb-title-font-weight:400;--awb-title-font-style:normal;--awb-title-font-size:13px;--awb-content-font-family:&quot;PT Sans&quot;;--awb-content-font-style:normal;--awb-content-font-weight:400;\"><div class=\"panel-group fusion-toggle-icon-boxed\" id=\"accordion-3355-9\"><div class=\"fusion-panel panel-default panel-497ed16703924baac fusion-toggle-has-divider\" style=\"--awb-title-color:#333333;--awb-content-color:#747474;\"><div class=\"panel-heading\"><h4 class=\"panel-title toggle\" id=\"toggle_497ed16703924baac\"><a aria-expanded=\"false\" aria-controls=\"497ed16703924baac\" role=\"button\" data-toggle=\"collapse\" data-parent=\"#accordion-3355-9\" data-target=\"#497ed16703924baac\" href=\"#497ed16703924baac\"><span class=\"fusion-toggle-icon-wrapper\" aria-hidden=\"true\"><i class=\"fa-fusion-box active-icon awb-icon-minus\" aria-hidden=\"true\"><\/i><i class=\"fa-fusion-box inactive-icon awb-icon-plus\" aria-hidden=\"true\"><\/i><\/span><span class=\"fusion-toggle-heading\">Protection solaire de la toiture<\/span><\/a><\/h4><\/div><div id=\"497ed16703924baac\" class=\"panel-collapse collapse \" aria-labelledby=\"toggle_497ed16703924baac\"><div class=\"panel-body toggle-content fusion-clearfix\">\n<table style=\"width: 100%;height: 187px\">\n<tbody>\n<tr style=\"height: 187px\">\n<td style=\"height: 187px\"><span style=\"color: #000000\"><strong><span style=\"text-decoration: underline\">Locaux concern\u00e9s<\/span> :<\/strong><\/span><\/p>\n<ul>\n<li>Locaux clos et climatis\u00e9s ou occup\u00e9s<\/li>\n<li>Locaux clos non-occup\u00e9s donnant <u>directement<\/u> sur les locaux clos et climatis\u00e9s ou occup\u00e9s, \u00e0 l\u2019exception des locaux techniques, des stationnements et des espaces de stockage non climatis\u00e9s<\/li>\n<\/ul>\n<\/td>\n<td style=\"height: 187px\"><img decoding=\"async\" class=\"alignright wp-image-3430\" src=\"https:\/\/www.service-public.pf\/sde\/wp-content\/uploads\/sites\/15\/2023\/01\/SDE-REBPF-IlluTotales-Divers-ProToiture.png\" alt=\"\" width=\"300\" height=\"225\" \/><\/td>\n<\/tr>\n<\/tbody>\n<\/table>\n<p style=\"color: #000000\"><strong><span style=\"text-decoration: underline\">Seuils \u00e0 respecter<\/span> :<\/strong><\/p>\n<table class=\"table table-bordered\">\n<tbody>\n<tr>\n<td style=\"width: 25%\"><strong>Mesure<\/strong><\/td>\n<td style=\"width: 7.0755%\"><strong>Seuil<\/strong><\/td>\n<td style=\"width: 55.6175%\"><strong>Exemples de solutions<\/strong><\/td>\n<\/tr>\n<tr>\n<td style=\"width: 25%\">Facteur solaire maximal de la toiture<\/td>\n<td style=\"width: 7.0755%\">2,5%<\/td>\n<td style=\"width: 55.6175%\">\n<ul>\n<li>Toiture (avec combles) en t\u00f4le de teinte claire avec 3 cm de laine min\u00e9rale minimum<\/li>\n<li>Toiture (avec combles) en t\u00f4le de teinte moyenne avec 5 cm de laine min\u00e9rale minimum<\/li>\n<li>Toiture (avec combles) en t\u00f4le de teinte sombre avec 7,5 cm de laine min\u00e9rale minimum<\/li>\n<li>Toiture terrasse en b\u00e9ton de teinte moyenne avec 6 cm de polystyr\u00e8ne expans\u00e9 minimum<\/li>\n<li>Toiture terrasse en b\u00e9ton avec sur-toiture largement ventil\u00e9e<\/li>\n<\/ul>\n<\/td>\n<\/tr>\n<\/tbody>\n<\/table>\n<p><span style=\"color: #000000\"><strong>Pour plus d\u2019informations sur l\u2019application de la th\u00e9matique, consultez la fiche en question\u00a0:<\/strong><\/span><\/p>\n<ul>\n<li><a href=\"https:\/\/www.service-public.pf\/sde\/wp-content\/uploads\/sites\/15\/2023\/09\/Fiche-02-Protection-solaire-des-parois-opaques-horizontales-Toitures.pdf\">Fiche d\u2019application \u00ab\u00a0Protection solaire de la toiture\u00a0\u00bb<\/a><\/li>\n<\/ul>\n<p>Nota bene : les informations diffus\u00e9es dans le d\u00e9pliant mis \u00e0 disposition ci-dessous sont normalement suffisantes pour s'assurer de la conformit\u00e9 de son projet sans rentrer dans les d\u00e9tails techniques de la th\u00e9matique.<\/p>\n<\/div><\/div><\/div><\/div><\/div><div class=\"fusion-text fusion-text-37\" style=\"--awb-margin-top:10px;\"><p><span style=\"color: #000000\"><strong>Informations relatives aux demandes de permis de construire et au certificat de conformit\u00e9<\/strong><\/span><\/p>\n<p>Le p\u00e9titionnaire remplit les nouveaux formulaires de demande de permis de construire et de certificat de conformit\u00e9 de la DCA qui int\u00e8grent la d\u00e9claration du respect de la r\u00e9glementation.<\/p>\n<p><span style=\"color: #000000\"><strong>Informations sur les dispositions applicables \u00e0 la typologie :<\/strong><\/span><\/p>\n<ul>\n<li><a href=\"https:\/\/www.service-public.pf\/sde\/wp-content\/uploads\/sites\/15\/2023\/03\/REPBF_Depliants_Autres_Pages.pdf\">D\u00e9pliant \u00ab\u00a0Tous les b\u00e2timents\u00a0\u00bb<\/a><\/li>\n<\/ul>\n<\/div><\/div><\/div><\/div><\/div><\/div><div class=\"fusion-layout-column fusion_builder_column fusion-builder-column-18 fusion_builder_column_4_5 4_5 fusion-flex-column vct_idv_inf500_content\" style=\"--awb-bg-size:cover;--awb-width-large:80%;--awb-flex-grow:0;--awb-flex-shrink:0;--awb-margin-top-large:0px;--awb-spacing-right-large:2.4%;--awb-margin-bottom-large:20px;--awb-spacing-left-large:2.4%;--awb-width-medium:100%;--awb-order-medium:0;--awb-flex-grow-medium:0;--awb-flex-shrink-medium:0;--awb-spacing-right-medium:1.92%;--awb-spacing-left-medium:1.92%;--awb-width-small:100%;--awb-order-small:0;--awb-flex-grow-small:0;--awb-flex-shrink-small:0;--awb-spacing-right-small:1.92%;--awb-spacing-left-small:1.92%;\" id=\"vct_idv_inf500_logementindividuel_content\"><div class=\"fusion-column-wrapper fusion-column-has-shadow fusion-flex-justify-content-flex-start fusion-content-layout-column\"><div class=\"fusion-title title fusion-title-13 fusion-sep-none fusion-title-center fusion-title-text fusion-title-size-two hidden\" style=\"--awb-margin-top-small:0px;--awb-margin-right-small:0px;--awb-margin-bottom-small:20px;--awb-margin-left-small:0px;\"><h2 class=\"fusion-title-heading title-heading-center\" style=\"margin:0;\">Protection solaire de la toiture \/ Eau chaude solaire LOG INDIV \/ Baie horizontale interdite + D\u00e9pliant logement individuel + Fiche d'information logement individuel + Formulaire 1-IDV<\/h2><\/div><div class=\"fusion-text fusion-text-38 vct_description_typologie\"><p>Un logement individuel correspond \u00e0 la notion de maison individuelle telle que d\u00e9finie par le code de<br \/>\nl\u2019am\u00e9nagement, \u00e0 savoir un b\u00e2timent \u00e0 usage d\u2019habitation comprenant au plus deux logements<br \/>\nsuperpos\u00e9s ou accol\u00e9s.<\/p>\n<p>On assimile \u00e9galement au logement individuel les structures d\u2019h\u00e9bergement de tourisme et<br \/>\nchambres chez l\u2019habitant dont le nombre d\u2019unit\u00e9s d\u2019h\u00e9bergement est inf\u00e9rieur ou \u00e9gal \u00e0 cinq ou dont<br \/>\nl\u2019effectif est inf\u00e9rieur \u00e0 vingt personnes (ERP du 2\u00e8me groupe - cat\u00e9gorie 5)<\/p>\n<\/div><div class=\"fusion-builder-row fusion-builder-row-inner fusion-row fusion-flex-align-items-center fusion-flex-justify-content-center fusion-flex-content-wrap\" style=\"--awb-flex-grow:0;--awb-flex-grow-medium:0;--awb-flex-grow-small:0;--awb-flex-shrink:0;--awb-flex-shrink-medium:0;--awb-flex-shrink-small:0;width:104% !important;max-width:104% !important;margin-left: calc(-4% \/ 2 );margin-right: calc(-4% \/ 2 );\"><div class=\"fusion-layout-column fusion_builder_column_inner fusion-builder-nested-column-53 fusion_builder_column_inner_1_1 1_1 fusion-flex-column\" style=\"--awb-bg-size:cover;--awb-width-large:100%;--awb-margin-top-large:0px;--awb-spacing-right-large:1.92%;--awb-margin-bottom-large:20px;--awb-spacing-left-large:1.92%;--awb-width-medium:100%;--awb-order-medium:0;--awb-spacing-right-medium:1.92%;--awb-spacing-left-medium:1.92%;--awb-width-small:100%;--awb-order-small:0;--awb-spacing-right-small:1.92%;--awb-spacing-left-small:1.92%;\"><div class=\"fusion-column-wrapper fusion-column-has-shadow fusion-flex-justify-content-flex-start fusion-content-layout-column\"><div class=\"fusion-separator fusion-full-width-sep\" style=\"align-self: center;margin-left: auto;margin-right: auto;width:100%;\"><div class=\"fusion-separator-border sep-shadow\" style=\"--awb-height:20px;--awb-amount:20px;background:radial-gradient(ellipse at 50% -50% , #e0dede 0px, rgba(255, 255, 255, 0) 80%) repeat scroll 0 0 rgba(0, 0, 0, 0);background:-webkit-radial-gradient(ellipse at 50% -50% , #e0dede 0px, rgba(255, 255, 255, 0) 80%) repeat scroll 0 0 rgba(0, 0, 0, 0);background:-moz-radial-gradient(ellipse at 50% -50% , #e0dede 0px, rgba(255, 255, 255, 0) 80%) repeat scroll 0 0 rgba(0, 0, 0, 0);background:-o-radial-gradient(ellipse at 50% -50% , #e0dede 0px, rgba(255, 255, 255, 0) 80%) repeat scroll 0 0 rgba(0, 0, 0, 0);\"><\/div><\/div><\/div><\/div><div class=\"fusion-layout-column fusion_builder_column_inner fusion-builder-nested-column-54 fusion_builder_column_inner_1_3 1_3 fusion-flex-column\" style=\"--awb-bg-size:cover;--awb-width-large:33.333333333333%;--awb-margin-top-large:0px;--awb-spacing-right-large:2vw;--awb-margin-bottom-large:20px;--awb-spacing-left-large:5.76%;--awb-width-medium:100%;--awb-order-medium:0;--awb-spacing-right-medium:1.92%;--awb-spacing-left-medium:1.92%;--awb-width-small:100%;--awb-order-small:0;--awb-spacing-right-small:1.92%;--awb-spacing-left-small:1.92%;\"><div class=\"fusion-column-wrapper fusion-column-has-shadow fusion-flex-justify-content-flex-start fusion-content-layout-column\"><div class=\"fusion-image-element \" style=\"text-align:right;--awb-max-width:450px;--awb-caption-title-font-family:var(--h2_typography-font-family);--awb-caption-title-font-weight:var(--h2_typography-font-weight);--awb-caption-title-font-style:var(--h2_typography-font-style);--awb-caption-title-size:var(--h2_typography-font-size);--awb-caption-title-transform:var(--h2_typography-text-transform);--awb-caption-title-line-height:var(--h2_typography-line-height);--awb-caption-title-letter-spacing:var(--h2_typography-letter-spacing);\"><span class=\" fusion-imageframe imageframe-none imageframe-10 hover-type-none\"><img decoding=\"async\" width=\"300\" height=\"225\" title=\"SDE REBPF IlluTotales Logement Individuel\" src=\"https:\/\/www.service-public.pf\/sde\/wp-content\/uploads\/sites\/15\/2023\/01\/SDE-REBPF-IlluTotales-Logement-Individuel-300x225.png\" alt class=\"img-responsive wp-image-3460\" srcset=\"https:\/\/www.service-public.pf\/sde\/wp-content\/uploads\/sites\/15\/2023\/01\/SDE-REBPF-IlluTotales-Logement-Individuel-200x150.png 200w, https:\/\/www.service-public.pf\/sde\/wp-content\/uploads\/sites\/15\/2023\/01\/SDE-REBPF-IlluTotales-Logement-Individuel-400x300.png 400w, https:\/\/www.service-public.pf\/sde\/wp-content\/uploads\/sites\/15\/2023\/01\/SDE-REBPF-IlluTotales-Logement-Individuel-600x450.png 600w, https:\/\/www.service-public.pf\/sde\/wp-content\/uploads\/sites\/15\/2023\/01\/SDE-REBPF-IlluTotales-Logement-Individuel-800x600.png 800w, https:\/\/www.service-public.pf\/sde\/wp-content\/uploads\/sites\/15\/2023\/01\/SDE-REBPF-IlluTotales-Logement-Individuel-1200x900.png 1200w, https:\/\/www.service-public.pf\/sde\/wp-content\/uploads\/sites\/15\/2023\/01\/SDE-REBPF-IlluTotales-Logement-Individuel.png 1453w\" sizes=\"(max-width: 1024px) 100vw, (max-width: 640px) 100vw, 800px\" \/><\/span><\/div><\/div><\/div><div class=\"fusion-layout-column fusion_builder_column_inner fusion-builder-nested-column-55 fusion_builder_column_inner_2_3 2_3 fusion-flex-column\" style=\"--awb-bg-size:cover;--awb-width-large:66.666666666667%;--awb-margin-top-large:0px;--awb-spacing-right-large:2.88%;--awb-margin-bottom-large:20px;--awb-spacing-left-large:2.88%;--awb-width-medium:100%;--awb-order-medium:0;--awb-spacing-right-medium:1.92%;--awb-spacing-left-medium:1.92%;--awb-width-small:100%;--awb-order-small:0;--awb-spacing-right-small:1.92%;--awb-spacing-left-small:1.92%;\"><div class=\"fusion-column-wrapper fusion-column-has-shadow fusion-flex-justify-content-center fusion-content-layout-column\"><div class=\"fusion-text fusion-text-39\" style=\"--awb-content-alignment:center;--awb-font-size:24pt;\"><p>Localisation\u00a0du projet : <strong>Iles du Vent, \u00e0 une altitude inf\u00e9rieure \u00e0 500 m\u00e8tres<\/strong><\/p>\n<p>Typologie de la construction\u00a0: <strong>Logement individuel<\/strong><\/p>\n<\/div><\/div><\/div><div class=\"fusion-layout-column fusion_builder_column_inner fusion-builder-nested-column-56 fusion_builder_column_inner_1_1 1_1 fusion-flex-column\" style=\"--awb-bg-size:cover;--awb-width-large:100%;--awb-margin-top-large:0px;--awb-spacing-right-large:1.92%;--awb-margin-bottom-large:20px;--awb-spacing-left-large:1.92%;--awb-width-medium:100%;--awb-order-medium:0;--awb-spacing-right-medium:1.92%;--awb-spacing-left-medium:1.92%;--awb-width-small:100%;--awb-order-small:0;--awb-spacing-right-small:1.92%;--awb-spacing-left-small:1.92%;\"><div class=\"fusion-column-wrapper fusion-column-has-shadow fusion-flex-justify-content-flex-start fusion-content-layout-column\"><div class=\"fusion-separator fusion-full-width-sep\" style=\"align-self: center;margin-left: auto;margin-right: auto;margin-bottom:20px;width:100%;\"><div class=\"fusion-separator-border sep-shadow\" style=\"--awb-height:20px;--awb-amount:20px;background:radial-gradient(ellipse at 50% -50% , #e0dede 0px, rgba(255, 255, 255, 0) 80%) repeat scroll 0 0 rgba(0, 0, 0, 0);background:-webkit-radial-gradient(ellipse at 50% -50% , #e0dede 0px, rgba(255, 255, 255, 0) 80%) repeat scroll 0 0 rgba(0, 0, 0, 0);background:-moz-radial-gradient(ellipse at 50% -50% , #e0dede 0px, rgba(255, 255, 255, 0) 80%) repeat scroll 0 0 rgba(0, 0, 0, 0);background:-o-radial-gradient(ellipse at 50% -50% , #e0dede 0px, rgba(255, 255, 255, 0) 80%) repeat scroll 0 0 rgba(0, 0, 0, 0);\"><\/div><\/div><\/div><\/div><div class=\"fusion-layout-column fusion_builder_column_inner fusion-builder-nested-column-57 fusion_builder_column_inner_1_1 1_1 fusion-flex-column\" style=\"--awb-bg-color:#ffffff;--awb-bg-color-hover:#ffffff;--awb-bg-size:cover;--awb-width-large:100%;--awb-margin-top-large:0px;--awb-spacing-right-large:1.92%;--awb-margin-bottom-large:20px;--awb-spacing-left-large:1.92%;--awb-width-medium:100%;--awb-order-medium:0;--awb-spacing-right-medium:1.92%;--awb-spacing-left-medium:1.92%;--awb-width-small:100%;--awb-order-small:0;--awb-spacing-right-small:1.92%;--awb-spacing-left-small:1.92%;\"><div class=\"fusion-column-wrapper fusion-column-has-shadow fusion-flex-justify-content-flex-start fusion-content-layout-column\"><div class=\"fusion-text fusion-text-40\" style=\"--awb-text-color:#000000;\"><p><strong>Th\u00e9matiques applicables :<\/strong><\/p>\n<\/div><div class=\"accordian fusion-accordian\" style=\"--awb-border-size:1px;--awb-icon-size:13px;--awb-content-font-size:13px;--awb-icon-alignment:left;--awb-hover-color:#f9f9f9;--awb-border-color:#cccccc;--awb-background-color:#ffffff;--awb-divider-color:#e0dede;--awb-divider-hover-color:#e0dede;--awb-icon-color:#ffffff;--awb-title-color:#333333;--awb-content-color:#747474;--awb-icon-box-color:#333333;--awb-toggle-hover-accent-color:#26a147;--awb-title-font-family:&quot;PT Sans&quot;;--awb-title-font-weight:400;--awb-title-font-style:normal;--awb-title-font-size:13px;--awb-content-font-family:&quot;PT Sans&quot;;--awb-content-font-style:normal;--awb-content-font-weight:400;\"><div class=\"panel-group fusion-toggle-icon-boxed\" id=\"accordion-3355-10\"><div class=\"fusion-panel panel-default panel-e66ae42433d6b3940 fusion-toggle-has-divider\" style=\"--awb-title-color:#333333;--awb-content-color:#747474;\"><div class=\"panel-heading\"><h4 class=\"panel-title toggle\" id=\"toggle_e66ae42433d6b3940\"><a aria-expanded=\"false\" aria-controls=\"e66ae42433d6b3940\" role=\"button\" data-toggle=\"collapse\" data-parent=\"#accordion-3355-10\" data-target=\"#e66ae42433d6b3940\" href=\"#e66ae42433d6b3940\"><span class=\"fusion-toggle-icon-wrapper\" aria-hidden=\"true\"><i class=\"fa-fusion-box active-icon awb-icon-minus\" aria-hidden=\"true\"><\/i><i class=\"fa-fusion-box inactive-icon awb-icon-plus\" aria-hidden=\"true\"><\/i><\/span><span class=\"fusion-toggle-heading\">Protection solaire de la toiture<\/span><\/a><\/h4><\/div><div id=\"e66ae42433d6b3940\" class=\"panel-collapse collapse \" aria-labelledby=\"toggle_e66ae42433d6b3940\"><div class=\"panel-body toggle-content fusion-clearfix\">\n<table style=\"width: 100%;height: 187px\">\n<tbody>\n<tr style=\"height: 187px\">\n<td style=\"height: 187px\"><span style=\"color: #000000\"><strong><span style=\"text-decoration: underline\">Locaux concern\u00e9s<\/span> :<\/strong><\/span><\/p>\n<ul>\n<li>Locaux clos et climatis\u00e9s ou occup\u00e9s (exemples\u00a0: chambre, s\u00e9jour, bureau, \u2026)<\/li>\n<li>Locaux clos non-occup\u00e9s donnant <u>directement<\/u> sur les locaux ci-dessus, hors locaux techniques, stationnements et espaces de stockage non climatis\u00e9s (exemples : sanitaires, salle de bain, buanderie, \u2026)<\/li>\n<\/ul>\n<\/td>\n<td style=\"height: 187px\"><img decoding=\"async\" class=\"alignright wp-image-3430\" src=\"https:\/\/www.service-public.pf\/sde\/wp-content\/uploads\/sites\/15\/2023\/01\/SDE-REBPF-IlluTotales-Logement-Individuel-ProToiture.png\" alt=\"\" width=\"300\" height=\"225\" \/><\/td>\n<\/tr>\n<\/tbody>\n<\/table>\n<p style=\"color: #000000\"><strong><span style=\"text-decoration: underline\">Seuils \u00e0 respecter<\/span> :<\/strong><\/p>\n<table class=\"table table-bordered\">\n<tbody>\n<tr>\n<td style=\"width: 25%\"><strong>Mesure<\/strong><\/td>\n<td style=\"width: 7.0755%\"><strong>Seuil<\/strong><\/td>\n<td style=\"width: 55.6175%\"><strong>Exemples de solutions<\/strong><\/td>\n<\/tr>\n<tr>\n<td style=\"width: 25%\">Facteur solaire maximal de la toiture<\/td>\n<td style=\"width: 7.0755%\">2,5%<\/td>\n<td style=\"width: 55.6175%\">\n<ul>\n<li>Toiture (avec combles) en t\u00f4le de teinte claire avec 3 cm de laine min\u00e9rale minimum<\/li>\n<li>Toiture (avec combles) en t\u00f4le de teinte moyenne avec 5 cm de laine min\u00e9rale minimum<\/li>\n<li>Toiture (avec combles) en t\u00f4le de teinte sombre avec 7,5 cm de laine min\u00e9rale minimum<\/li>\n<li>Toiture terrasse en b\u00e9ton de teinte moyenne avec 6 cm de polystyr\u00e8ne expans\u00e9 minimum<\/li>\n<li>Toiture terrasse en b\u00e9ton avec sur-toiture largement ventil\u00e9e<\/li>\n<\/ul>\n<\/td>\n<\/tr>\n<\/tbody>\n<\/table>\n<p><span style=\"color: #000000\"><strong>Pour plus d\u2019informations sur l\u2019application de la th\u00e9matique, consultez la fiche en question\u00a0:<\/strong><\/span><\/p>\n<ul>\n<li><a href=\"https:\/\/www.service-public.pf\/sde\/wp-content\/uploads\/sites\/15\/2023\/09\/Fiche-02-Protection-solaire-des-parois-opaques-horizontales-Toitures.pdf\">Fiche d\u2019application \u00ab\u00a0Protection solaire de la toiture\u00a0\u00bb<\/a><\/li>\n<\/ul>\n<p>Nota bene : les informations diffus\u00e9es dans le d\u00e9pliant et les guides mis \u00e0 disposition ci-dessous sont normalement suffisantes pour s'assurer de la conformit\u00e9 de son projet sans rentrer dans les d\u00e9tails techniques de la th\u00e9matique.<\/p>\n<\/div><\/div><\/div><div class=\"fusion-panel panel-default panel-4e1610b1a3e404895 fusion-toggle-has-divider\" style=\"--awb-title-color:#333333;--awb-content-color:#747474;\"><div class=\"panel-heading\"><h4 class=\"panel-title toggle\" id=\"toggle_4e1610b1a3e404895\"><a aria-expanded=\"false\" aria-controls=\"4e1610b1a3e404895\" role=\"button\" data-toggle=\"collapse\" data-parent=\"#accordion-3355-10\" data-target=\"#4e1610b1a3e404895\" href=\"#4e1610b1a3e404895\"><span class=\"fusion-toggle-icon-wrapper\" aria-hidden=\"true\"><i class=\"fa-fusion-box active-icon awb-icon-minus\" aria-hidden=\"true\"><\/i><i class=\"fa-fusion-box inactive-icon awb-icon-plus\" aria-hidden=\"true\"><\/i><\/span><span class=\"fusion-toggle-heading\">Protection solaire des baies<\/span><\/a><\/h4><\/div><div id=\"4e1610b1a3e404895\" class=\"panel-collapse collapse \" aria-labelledby=\"toggle_4e1610b1a3e404895\"><div class=\"panel-body toggle-content fusion-clearfix\">\n<table style=\"width: 100%;height: 187px\">\n<tbody>\n<tr style=\"height: 187px\">\n<td style=\"height: 187px\"><span style=\"color: #000000\"><strong><span style=\"text-decoration: underline\">Locaux concern\u00e9s<\/span> :<\/strong><\/span><\/p>\n<ul>\n<li>Locaux clos et climatis\u00e9s ou occup\u00e9s (exemples\u00a0: chambre, s\u00e9jour, bureau, \u2026)<\/li>\n<li>Locaux clos non-occup\u00e9s donnant <u>directement<\/u> sur les locaux ci-dessus, hors locaux techniques, stationnements et espaces de stockage non climatis\u00e9s (exemples : sanitaires, salle de bain, buanderie, \u2026)<\/li>\n<\/ul>\n<\/td>\n<td style=\"height: 187px\"><img decoding=\"async\" class=\"alignright wp-image-3430\" src=\"https:\/\/www.service-public.pf\/sde\/wp-content\/uploads\/sites\/15\/2023\/03\/Picture1.png\" alt=\"\" width=\"300\" height=\"225\" \/><\/td>\n<\/tr>\n<\/tbody>\n<\/table>\n<p style=\"color: #000000\"><strong><span style=\"text-decoration: underline\">Seuils, r\u00e8gles de conception et caract\u00e9ristiques techniques \u00e0 respecter : <\/span><\/strong><\/p>\n<table class=\"table table-bordered\">\n<tbody>\n<tr>\n<td style=\"width: 25%\"><strong>R\u00e8gle de conception<\/strong><\/td>\n<td style=\"width: 55.6175%\"><strong>Exemple de solution<\/strong><\/td>\n<\/tr>\n<tr>\n<td style=\"width: 25%\">La mise en \u0153uvre de baies horizontales* est interdite dans les locaux concern\u00e9s par la disposition.<\/td>\n<td style=\"width: 55.6175%\">Afin de conserver un apport de lumi\u00e8re naturelle dans les espaces sous-toiture, il est possible de mettre en place des baies verticales \u00e0 la place (ex\u00a0: chien assis).<\/td>\n<\/tr>\n<\/tbody>\n<\/table>\n<p>* Une baie est consid\u00e9r\u00e9e comme horizontale si son inclinaison est inf\u00e9rieure \u00e0 60\u00b0 par rapport au plan horizontal.<\/p>\n<\/div><\/div><\/div><div class=\"fusion-panel panel-default panel-1f1bee5c3f07e9789 fusion-toggle-has-divider\" style=\"--awb-title-color:#333333;--awb-content-color:#747474;\"><div class=\"panel-heading\"><h4 class=\"panel-title toggle\" id=\"toggle_1f1bee5c3f07e9789\"><a aria-expanded=\"false\" aria-controls=\"1f1bee5c3f07e9789\" role=\"button\" data-toggle=\"collapse\" data-parent=\"#accordion-3355-10\" data-target=\"#1f1bee5c3f07e9789\" href=\"#1f1bee5c3f07e9789\"><span class=\"fusion-toggle-icon-wrapper\" aria-hidden=\"true\"><i class=\"fa-fusion-box active-icon awb-icon-minus\" aria-hidden=\"true\"><\/i><i class=\"fa-fusion-box inactive-icon awb-icon-plus\" aria-hidden=\"true\"><\/i><\/span><span class=\"fusion-toggle-heading\">Ventilation naturelle<\/span><\/a><\/h4><\/div><div id=\"1f1bee5c3f07e9789\" class=\"panel-collapse collapse \" aria-labelledby=\"toggle_1f1bee5c3f07e9789\"><div class=\"panel-body toggle-content fusion-clearfix\">\n<table style=\"width: 100%;height: 166px\">\n<tbody>\n<tr style=\"height: 187px\">\n<td style=\"height: 166px;width: 76.0563%\"><span style=\"color: #000000\"><strong><span style=\"text-decoration: underline\">Locaux concern\u00e9s<\/span> :<\/strong><\/span><\/p>\n<ul>\n<li>S\u00e9jour<\/li>\n<li>Chambres<\/li>\n<\/ul>\n<\/td>\n<td style=\"height: 166px;width: 23.2395%\"><img decoding=\"async\" class=\"alignright wp-image-3430\" src=\"https:\/\/www.service-public.pf\/sde\/wp-content\/uploads\/sites\/15\/2023\/01\/SDE-REBPF-IlluTotales-Logement-Individuel-Ventilation.png\" alt=\"\" width=\"300\" height=\"225\" \/><\/td>\n<\/tr>\n<\/tbody>\n<\/table>\n<p style=\"color: #000000\"><strong><span style=\"text-decoration: underline\">Seuils, r\u00e8gles de conception et caract\u00e9ristiques techniques \u00e0 respecter : <\/span><\/strong><\/p>\n<table class=\"table table-bordered\" style=\"width: 100%\">\n<tbody>\n<tr>\n<td style=\"width: 19.4199%;text-align: center\"><strong>Mesure<\/strong><\/td>\n<td style=\"width: 10.5364%;text-align: center\"><strong>Seuil<\/strong><\/td>\n<td style=\"width: 26.1975%;text-align: center\"><strong>R\u00e8gle de conception<br \/>\n<\/strong><\/td>\n<td style=\"width: 233.167%;text-align: center\"><strong>Exemples de solutions<\/strong><\/td>\n<\/tr>\n<tr>\n<td style=\"width: 19.4199%;text-align: left\">Ventilation naturelle traversante<\/td>\n<td style=\"width: 36.7339%;text-align: left\" colspan=\"2\" width=\"257\">La pi\u00e8ce poss\u00e8de au minimum deux ouvertures situ\u00e9es sur deux fa\u00e7ades diff\u00e9rentes. Soit ces deux ouvertures donnent directement sur l\u2019ext\u00e9rieur.<br \/>\nSoit une seule ouverture donne directement sur l\u2019ext\u00e9rieur et la seconde donne sur une autre pi\u00e8ce dont au moins une ouverture se trouve sur une fa\u00e7ade d\u2019orientation diff\u00e9rente et donne directement sur l\u2019ext\u00e9rieur.<\/td>\n<td style=\"width: 233.167%\" width=\"359\">\n<ul>\n<li>Chambre avec deux fen\u00eatres donnant sur l\u2019ext\u00e9rieur et positionn\u00e9es sur des fa\u00e7ades diff\u00e9rentes<\/li>\n<li>Chambre avec une ouverture sur l\u2019ext\u00e9rieur et une porte donnant sur le s\u00e9jour dont l\u2019ouverture sur l\u2019ext\u00e9rieur est situ\u00e9e sur une fa\u00e7ade d\u2019orientation diff\u00e9rente<\/li>\n<\/ul>\n<\/td>\n<\/tr>\n<\/tbody>\n<\/table>\n<p style=\"text-decoration: underline\"><span style=\"color: #000000\"><strong>Cas d\u00e9rogatoire\u00a0:<\/strong><\/span><\/p>\n<p>Si un logement est situ\u00e9 sur un niveau de b\u00e2timent dont une ou plusieurs fa\u00e7ades sont construites en mitoyennet\u00e9 avec un b\u00e2timent ou un relief montagneux sur plus de 30% du lin\u00e9aire p\u00e9riph\u00e9rique des fa\u00e7ades du b\u00e2timent, il est exempt\u00e9 de cette obligation.<\/p>\n<\/div><\/div><\/div><div class=\"fusion-panel panel-default panel-1889de74034f9c79d fusion-toggle-has-divider\" style=\"--awb-title-color:#333333;--awb-content-color:#747474;\"><div class=\"panel-heading\"><h4 class=\"panel-title toggle\" id=\"toggle_1889de74034f9c79d\"><a aria-expanded=\"false\" aria-controls=\"1889de74034f9c79d\" role=\"button\" data-toggle=\"collapse\" data-parent=\"#accordion-3355-10\" data-target=\"#1889de74034f9c79d\" href=\"#1889de74034f9c79d\"><span class=\"fusion-toggle-icon-wrapper\" aria-hidden=\"true\"><i class=\"fa-fusion-box active-icon awb-icon-minus\" aria-hidden=\"true\"><\/i><i class=\"fa-fusion-box inactive-icon awb-icon-plus\" aria-hidden=\"true\"><\/i><\/span><span class=\"fusion-toggle-heading\">Eau chaude solaire<\/span><\/a><\/h4><\/div><div id=\"1889de74034f9c79d\" class=\"panel-collapse collapse \" aria-labelledby=\"toggle_1889de74034f9c79d\"><div class=\"panel-body toggle-content fusion-clearfix\">\n<table style=\"width: 100%\">\n<tbody>\n<tr>\n<td style=\"width: 79.1373%\"><span style=\"color: #000000\"><strong><span style=\"text-decoration: underline\">Locaux concern\u00e9s<\/span> :<\/strong><\/span><\/p>\n<p>La th\u00e9matique s\u2019applique \u00e0 l\u2019\u00e9chelle du logement.<\/td>\n<td style=\"width: 20.1584%\"><img decoding=\"async\" class=\"alignright wp-image-3430\" src=\"https:\/\/www.service-public.pf\/sde\/wp-content\/uploads\/sites\/15\/2023\/01\/SDE-REBPF-IlluTotales-Logement-Individuel-ChauffeEau.png\" alt=\"\" width=\"300\" height=\"225\" \/><\/td>\n<\/tr>\n<\/tbody>\n<\/table>\n<p style=\"color: #000000\"><strong><span style=\"text-decoration: underline\">Seuils, r\u00e8gles de conception et caract\u00e9ristiques techniques \u00e0 respecter :<\/span><\/strong><\/p>\n<p style=\"color: #000000\"><strong><b>Les seuils et r\u00e8gles varient en fonction du type de syst\u00e8me retenu.<\/b><\/strong><\/p>\n<table class=\"table table-bordered\" style=\"width: 98.0591%\">\n<tbody>\n<tr>\n<td style=\"width: 11.0537%\" width=\"217\"><strong><b>Syst\u00e8me<\/b><\/strong><\/td>\n<td style=\"width: 52.8211%\" width=\"113\"><strong><b>Seuil<\/b><\/strong><\/td>\n<td style=\"width: 11.1215%\" width=\"340\"><strong><b>R\u00e8gle de conception<\/b><\/strong><\/td>\n<td style=\"width: 29.4545%\" width=\"359\"><strong><b>Exemples de solutions<\/b><\/strong><\/td>\n<\/tr>\n<tr>\n<td style=\"width: 11.0537%\" width=\"217\">Chauffe-eau solaire individuel (CESI)<\/td>\n<td style=\"width: 52.8211%\" width=\"113\">Le seuil porte sur le volume minimum du ballon d\u2019eau chaude :<\/p>\n<ul>\n<li>T1 ou chambre d\u2019h\u00f4tel individuelle : chauffe-eau individuel solaire avec un r\u00e9servoir minimum de 100 litres<\/li>\n<li>T2-T3 : chauffe-eau individuel solaire avec un r\u00e9servoir minimum de 200 litres<\/li>\n<li>T4-T5 : chauffe-eau individuel solaire avec un r\u00e9servoir minimum de 300 litres<\/li>\n<li>T6 et + : chauffe-eau individuel solaire avec un r\u00e9servoir minimum de 400 litres<\/li>\n<\/ul>\n<\/td>\n<td style=\"width: 11.1215%\" width=\"340\">\n<p style=\"text-align: center\">-<\/p>\n<\/td>\n<td style=\"width: 29.4545%\" width=\"292\">Pour un fare qui comporte 3 chambres (T4), le chauffe-eau solaire \u00e0 mettre en \u0153uvre doit avoir une capacit\u00e9 minimale de 300 litres.<\/td>\n<\/tr>\n<\/tbody>\n<\/table>\n<p style=\"text-decoration: underline\"><span style=\"color: #000000\"><strong>Cas d\u00e9rogatoires :<\/strong><\/span><\/p>\n<p>Les logements livr\u00e9s sans syst\u00e8me de production d\u2019eau chaude ne sont pas soumis \u00e0 l\u2019obligation de recours aux chauffe-eaux solaires.<\/p>\n<p>Il en est de m\u00eame lorsque le logement n\u2019est pas aliment\u00e9 par un r\u00e9seau d\u2019adduction d\u2019eau collectif public ou priv\u00e9.<\/p>\n<\/div><\/div><\/div><\/div><\/div><div class=\"fusion-text fusion-text-41\" style=\"--awb-margin-top:10px;\"><p><span style=\"color: #000000\"><strong>Informations relatives aux demandes de permis de construire et au certificat de conformit\u00e9<\/strong><\/span><\/p>\n<p>Le p\u00e9titionnaire remplit les nouveaux formulaires de demande de permis de construire et de certificat de conformit\u00e9 de la DCA qui int\u00e8grent la d\u00e9claration du respect de la r\u00e9glementation.<\/p>\n<p><span style=\"color: #000000\"><strong>Informations sur les dispositions applicables \u00e0 la typologie <\/strong>(ne consulter que les rubriques des th\u00e9matiques concernant le projet de construction)<strong> :<\/strong><\/span><\/p>\n<ul>\n<li><a href=\"https:\/\/www.service-public.pf\/sde\/wp-content\/uploads\/sites\/15\/2023\/03\/REPBF_Depliants_LogementIndividuel_Pages.pdf\">D\u00e9pliant \u00ab\u00a0Logement individuel\u00a0\u00bb<\/a><\/li>\n<li><a href=\"https:\/\/www.service-public.pf\/sde\/wp-content\/uploads\/sites\/15\/2023\/09\/REBPf-Guide-logement-individuel-version-simplifiee.pdf\" target=\"_blank\" rel=\"noopener\">Guide simplifi\u00e9 pour le respect de la r\u00e9glementation - Logement individuel<\/a><\/li>\n<li><a href=\"https:\/\/www.service-public.pf\/sde\/wp-content\/uploads\/sites\/15\/2023\/09\/REBPf-Guide-logement-individuel-version-simplifiee-tahitien.pdf\" target=\"_blank\" rel=\"noopener\">Guide simplifi\u00e9 pour le respect de la r\u00e9glementation - Logement individuel - en reo tahiti<\/a><\/li>\n<li><i id=\"vct_icon_pdf\" class=\"fb-icon-element fb-icon-element fontawesome-icon fa-file-download fas circle-no fusion-text-flow\"><\/i><a href=\"https:\/\/www.service-public.pf\/sde\/wp-content\/uploads\/sites\/15\/2023\/06\/REBPf-Guide-logement-individuel-version-detaillee.pdf\" target=\"_blank\" rel=\"noopener\">Guide d\u00e9taill\u00e9 pour le respect de la r\u00e9glementation - Logement individuel<\/a><\/li>\n<\/ul>\n<\/div><\/div><\/div><\/div><\/div><\/div><div class=\"fusion-layout-column fusion_builder_column fusion-builder-column-19 fusion_builder_column_4_5 4_5 fusion-flex-column vct_idv_inf500_content\" style=\"--awb-bg-size:cover;--awb-width-large:80%;--awb-flex-grow:0;--awb-flex-shrink:0;--awb-margin-top-large:0px;--awb-spacing-right-large:2.4%;--awb-margin-bottom-large:20px;--awb-spacing-left-large:2.4%;--awb-width-medium:100%;--awb-order-medium:0;--awb-flex-grow-medium:0;--awb-flex-shrink-medium:0;--awb-spacing-right-medium:1.92%;--awb-spacing-left-medium:1.92%;--awb-width-small:100%;--awb-order-small:0;--awb-flex-grow-small:0;--awb-flex-shrink-small:0;--awb-spacing-right-small:1.92%;--awb-spacing-left-small:1.92%;\" id=\"vct_idv_inf500_hotellerie_content\"><div class=\"fusion-column-wrapper fusion-column-has-shadow fusion-flex-justify-content-flex-start fusion-content-layout-column\"><div class=\"fusion-title title fusion-title-14 fusion-sep-none fusion-title-center fusion-title-text fusion-title-size-two hidden\" style=\"--awb-margin-top-small:0px;--awb-margin-right-small:0px;--awb-margin-bottom-small:20px;--awb-margin-left-small:0px;\"><h2 class=\"fusion-title-heading title-heading-center\" style=\"margin:0;\">Protection solaire de la toiture \/ Protection solaire des murs \/ Protection solaire des baies \/ Ventilation naturelle BASE \/ Brasseur d'air DEROGATION \/ Eau chaude solaire \/ Climatisation EER + D\u00e9pliant h\u00f4tellerie + Fiche d'information h\u00f4tellerie + Formulaire 2-IDV<\/h2><\/div><div class=\"fusion-text fusion-text-42 vct_description_typologie\"><p>Il s\u2019agit d\u2019un b\u00e2timent ou d\u2019une partie de b\u00e2timent \u00e0 usage d\u2019h\u00f4tel de tourisme, pension de familles,<br \/>\nmeubl\u00e9 de tourisme, auberge de jeunesse, village de vacances, villa de luxe, bungalow ainsi que tout<br \/>\nautre h\u00e9bergement \u00e0 vocation touristique, comprenant \u00e9galement leurs locaux accessoires.<\/p>\n<p>Pour rappel, les projets de construction d\u2019une structure d\u2019h\u00e9bergement de tourisme et chambres<br \/>\nchez l\u2019habitant dont le nombre d\u2019unit\u00e9s d\u2019h\u00e9bergement est inf\u00e9rieur ou \u00e9gal \u00e0 cinq ou dont l\u2019effectif<br \/>\nest inf\u00e9rieur \u00e0 vingt personnes sont assimil\u00e9es \u00e0 la typologie logement individuel.<\/p>\n<\/div><div class=\"fusion-builder-row fusion-builder-row-inner fusion-row fusion-flex-align-items-center fusion-flex-justify-content-center fusion-flex-content-wrap\" style=\"--awb-flex-grow:0;--awb-flex-grow-medium:0;--awb-flex-grow-small:0;--awb-flex-shrink:0;--awb-flex-shrink-medium:0;--awb-flex-shrink-small:0;width:104% !important;max-width:104% !important;margin-left: calc(-4% \/ 2 );margin-right: calc(-4% \/ 2 );\"><div class=\"fusion-layout-column fusion_builder_column_inner fusion-builder-nested-column-58 fusion_builder_column_inner_1_1 1_1 fusion-flex-column\" style=\"--awb-bg-size:cover;--awb-width-large:100%;--awb-margin-top-large:0px;--awb-spacing-right-large:1.92%;--awb-margin-bottom-large:20px;--awb-spacing-left-large:1.92%;--awb-width-medium:100%;--awb-order-medium:0;--awb-spacing-right-medium:1.92%;--awb-spacing-left-medium:1.92%;--awb-width-small:100%;--awb-order-small:0;--awb-spacing-right-small:1.92%;--awb-spacing-left-small:1.92%;\"><div class=\"fusion-column-wrapper fusion-column-has-shadow fusion-flex-justify-content-flex-start fusion-content-layout-column\"><div class=\"fusion-separator fusion-full-width-sep\" style=\"align-self: center;margin-left: auto;margin-right: auto;width:100%;\"><div class=\"fusion-separator-border sep-shadow\" style=\"--awb-height:20px;--awb-amount:20px;background:radial-gradient(ellipse at 50% -50% , #e0dede 0px, rgba(255, 255, 255, 0) 80%) repeat scroll 0 0 rgba(0, 0, 0, 0);background:-webkit-radial-gradient(ellipse at 50% -50% , #e0dede 0px, rgba(255, 255, 255, 0) 80%) repeat scroll 0 0 rgba(0, 0, 0, 0);background:-moz-radial-gradient(ellipse at 50% -50% , #e0dede 0px, rgba(255, 255, 255, 0) 80%) repeat scroll 0 0 rgba(0, 0, 0, 0);background:-o-radial-gradient(ellipse at 50% -50% , #e0dede 0px, rgba(255, 255, 255, 0) 80%) repeat scroll 0 0 rgba(0, 0, 0, 0);\"><\/div><\/div><\/div><\/div><div class=\"fusion-layout-column fusion_builder_column_inner fusion-builder-nested-column-59 fusion_builder_column_inner_1_3 1_3 fusion-flex-column\" style=\"--awb-bg-size:cover;--awb-width-large:33.333333333333%;--awb-margin-top-large:0px;--awb-spacing-right-large:2vw;--awb-margin-bottom-large:20px;--awb-spacing-left-large:5.76%;--awb-width-medium:100%;--awb-order-medium:0;--awb-spacing-right-medium:1.92%;--awb-spacing-left-medium:1.92%;--awb-width-small:100%;--awb-order-small:0;--awb-spacing-right-small:1.92%;--awb-spacing-left-small:1.92%;\"><div class=\"fusion-column-wrapper fusion-column-has-shadow fusion-flex-justify-content-flex-start fusion-content-layout-column\"><div class=\"fusion-image-element \" style=\"text-align:right;--awb-max-width:450px;--awb-caption-title-font-family:var(--h2_typography-font-family);--awb-caption-title-font-weight:var(--h2_typography-font-weight);--awb-caption-title-font-style:var(--h2_typography-font-style);--awb-caption-title-size:var(--h2_typography-font-size);--awb-caption-title-transform:var(--h2_typography-text-transform);--awb-caption-title-line-height:var(--h2_typography-line-height);--awb-caption-title-letter-spacing:var(--h2_typography-letter-spacing);\"><span class=\" fusion-imageframe imageframe-none imageframe-11 hover-type-none\"><img decoding=\"async\" width=\"300\" height=\"225\" title=\"SDE REBPF IlluTotales Hotel Pension\" src=\"https:\/\/www.service-public.pf\/sde\/wp-content\/uploads\/sites\/15\/2023\/01\/SDE-REBPF-IlluTotales-Hotel-Pension-300x225.png\" alt class=\"img-responsive wp-image-3446\" srcset=\"https:\/\/www.service-public.pf\/sde\/wp-content\/uploads\/sites\/15\/2023\/01\/SDE-REBPF-IlluTotales-Hotel-Pension-200x150.png 200w, https:\/\/www.service-public.pf\/sde\/wp-content\/uploads\/sites\/15\/2023\/01\/SDE-REBPF-IlluTotales-Hotel-Pension-400x300.png 400w, https:\/\/www.service-public.pf\/sde\/wp-content\/uploads\/sites\/15\/2023\/01\/SDE-REBPF-IlluTotales-Hotel-Pension-600x450.png 600w, https:\/\/www.service-public.pf\/sde\/wp-content\/uploads\/sites\/15\/2023\/01\/SDE-REBPF-IlluTotales-Hotel-Pension-800x600.png 800w, https:\/\/www.service-public.pf\/sde\/wp-content\/uploads\/sites\/15\/2023\/01\/SDE-REBPF-IlluTotales-Hotel-Pension-1200x900.png 1200w, https:\/\/www.service-public.pf\/sde\/wp-content\/uploads\/sites\/15\/2023\/01\/SDE-REBPF-IlluTotales-Hotel-Pension.png 1453w\" sizes=\"(max-width: 1024px) 100vw, (max-width: 640px) 100vw, 800px\" \/><\/span><\/div><\/div><\/div><div class=\"fusion-layout-column fusion_builder_column_inner fusion-builder-nested-column-60 fusion_builder_column_inner_2_3 2_3 fusion-flex-column\" style=\"--awb-bg-size:cover;--awb-width-large:66.666666666667%;--awb-margin-top-large:0px;--awb-spacing-right-large:2.88%;--awb-margin-bottom-large:20px;--awb-spacing-left-large:2.88%;--awb-width-medium:100%;--awb-order-medium:0;--awb-spacing-right-medium:1.92%;--awb-spacing-left-medium:1.92%;--awb-width-small:100%;--awb-order-small:0;--awb-spacing-right-small:1.92%;--awb-spacing-left-small:1.92%;\"><div class=\"fusion-column-wrapper fusion-column-has-shadow fusion-flex-justify-content-center fusion-content-layout-column\"><div class=\"fusion-text fusion-text-43\" style=\"--awb-content-alignment:center;--awb-font-size:24pt;\"><p>Localisation\u00a0du projet : <strong>Iles du Vent, \u00e0 une altitude inf\u00e9rieure \u00e0 500 m\u00e8tres<\/strong><\/p>\n<p>Typologie de la construction\u00a0: <strong>H\u00f4tellerie<\/strong><\/p>\n<\/div><\/div><\/div><div class=\"fusion-layout-column fusion_builder_column_inner fusion-builder-nested-column-61 fusion_builder_column_inner_1_1 1_1 fusion-flex-column\" style=\"--awb-bg-size:cover;--awb-width-large:100%;--awb-margin-top-large:0px;--awb-spacing-right-large:1.92%;--awb-margin-bottom-large:20px;--awb-spacing-left-large:1.92%;--awb-width-medium:100%;--awb-order-medium:0;--awb-spacing-right-medium:1.92%;--awb-spacing-left-medium:1.92%;--awb-width-small:100%;--awb-order-small:0;--awb-spacing-right-small:1.92%;--awb-spacing-left-small:1.92%;\"><div class=\"fusion-column-wrapper fusion-column-has-shadow fusion-flex-justify-content-flex-start fusion-content-layout-column\"><div class=\"fusion-separator fusion-full-width-sep\" style=\"align-self: center;margin-left: auto;margin-right: auto;margin-bottom:20px;width:100%;\"><div class=\"fusion-separator-border sep-shadow\" style=\"--awb-height:20px;--awb-amount:20px;background:radial-gradient(ellipse at 50% -50% , #e0dede 0px, rgba(255, 255, 255, 0) 80%) repeat scroll 0 0 rgba(0, 0, 0, 0);background:-webkit-radial-gradient(ellipse at 50% -50% , #e0dede 0px, rgba(255, 255, 255, 0) 80%) repeat scroll 0 0 rgba(0, 0, 0, 0);background:-moz-radial-gradient(ellipse at 50% -50% , #e0dede 0px, rgba(255, 255, 255, 0) 80%) repeat scroll 0 0 rgba(0, 0, 0, 0);background:-o-radial-gradient(ellipse at 50% -50% , #e0dede 0px, rgba(255, 255, 255, 0) 80%) repeat scroll 0 0 rgba(0, 0, 0, 0);\"><\/div><\/div><\/div><\/div><div class=\"fusion-layout-column fusion_builder_column_inner fusion-builder-nested-column-62 fusion_builder_column_inner_1_1 1_1 fusion-flex-column\" style=\"--awb-bg-color:#ffffff;--awb-bg-color-hover:#ffffff;--awb-bg-size:cover;--awb-width-large:100%;--awb-margin-top-large:0px;--awb-spacing-right-large:1.92%;--awb-margin-bottom-large:20px;--awb-spacing-left-large:1.92%;--awb-width-medium:100%;--awb-order-medium:0;--awb-spacing-right-medium:1.92%;--awb-spacing-left-medium:1.92%;--awb-width-small:100%;--awb-order-small:0;--awb-spacing-right-small:1.92%;--awb-spacing-left-small:1.92%;\"><div class=\"fusion-column-wrapper fusion-column-has-shadow fusion-flex-justify-content-flex-start fusion-content-layout-column\"><div class=\"fusion-text fusion-text-44\" style=\"--awb-text-color:#000000;\"><p><strong>Th\u00e9matiques applicables :<\/strong><\/p>\n<\/div><div class=\"accordian fusion-accordian\" style=\"--awb-border-size:1px;--awb-icon-size:13px;--awb-content-font-size:13px;--awb-icon-alignment:left;--awb-hover-color:#f9f9f9;--awb-border-color:#cccccc;--awb-background-color:#ffffff;--awb-divider-color:#e0dede;--awb-divider-hover-color:#e0dede;--awb-icon-color:#ffffff;--awb-title-color:#333333;--awb-content-color:#747474;--awb-icon-box-color:#333333;--awb-toggle-hover-accent-color:#26a147;--awb-title-font-family:&quot;PT Sans&quot;;--awb-title-font-weight:400;--awb-title-font-style:normal;--awb-title-font-size:13px;--awb-content-font-family:&quot;PT Sans&quot;;--awb-content-font-style:normal;--awb-content-font-weight:400;\"><div class=\"panel-group fusion-toggle-icon-boxed\" id=\"accordion-3355-11\"><div class=\"fusion-panel panel-default panel-f9fb7950940271c28 fusion-toggle-has-divider\" style=\"--awb-title-color:#333333;--awb-content-color:#747474;\"><div class=\"panel-heading\"><h4 class=\"panel-title toggle\" id=\"toggle_f9fb7950940271c28\"><a aria-expanded=\"false\" aria-controls=\"f9fb7950940271c28\" role=\"button\" data-toggle=\"collapse\" data-parent=\"#accordion-3355-11\" data-target=\"#f9fb7950940271c28\" href=\"#f9fb7950940271c28\"><span class=\"fusion-toggle-icon-wrapper\" aria-hidden=\"true\"><i class=\"fa-fusion-box active-icon awb-icon-minus\" aria-hidden=\"true\"><\/i><i class=\"fa-fusion-box inactive-icon awb-icon-plus\" aria-hidden=\"true\"><\/i><\/span><span class=\"fusion-toggle-heading\">Protection solaire de la toiture<\/span><\/a><\/h4><\/div><div id=\"f9fb7950940271c28\" class=\"panel-collapse collapse \" aria-labelledby=\"toggle_f9fb7950940271c28\"><div class=\"panel-body toggle-content fusion-clearfix\">\n<table style=\"width: 100%;height: 187px\">\n<tbody>\n<tr style=\"height: 187px\">\n<td style=\"height: 187px\"><span style=\"color: #000000\"><strong><span style=\"text-decoration: underline\">Locaux concern\u00e9s<\/span> :<\/strong><\/span><\/p>\n<ul>\n<li>Locaux clos et climatis\u00e9s ou occup\u00e9s (exemples\u00a0: chambre, s\u00e9jour, bureau, espace polyvalent, salle de sport, restaurant, buanderie professionnelle, \u2026)<\/li>\n<li>Locaux clos non-occup\u00e9s donnant <u>directement<\/u> sur les locaux ci-dessus, hors locaux techniques, stationnements et espaces de stockage non climatis\u00e9s (exemples : sanitaires, salle de bain, vestiaires, d\u00e9gagement, circulation \u2026)<\/li>\n<\/ul>\n<\/td>\n<td style=\"height: 187px\"><img decoding=\"async\" class=\"alignright wp-image-3430\" src=\"https:\/\/www.service-public.pf\/sde\/wp-content\/uploads\/sites\/15\/2023\/01\/SDE-REBPF-IlluTotales-Hotel-Pension-0-copie.png\" alt=\"\" width=\"300\" height=\"225\" \/><\/td>\n<\/tr>\n<\/tbody>\n<\/table>\n<p style=\"color: #000000\"><strong><span style=\"text-decoration: underline\">Seuils \u00e0 respecter<\/span> :<\/strong><\/p>\n<table class=\"table table-bordered\">\n<tbody>\n<tr>\n<td style=\"width: 25%\"><strong>Mesure<\/strong><\/td>\n<td style=\"width: 7.0755%\"><strong>Seuil<\/strong><\/td>\n<td style=\"width: 55.6175%\"><strong>Exemples de solutions<\/strong><\/td>\n<\/tr>\n<tr>\n<td style=\"width: 25%\">Facteur solaire maximal de la toiture<\/td>\n<td style=\"width: 7.0755%\">2,5%<\/td>\n<td style=\"width: 55.6175%\">\n<ul>\n<li>Toiture (avec combles) en t\u00f4le de teinte claire avec 3 cm de laine min\u00e9rale minimum<\/li>\n<li>Toiture (avec combles) en t\u00f4le de teinte moyenne avec 5 cm de laine min\u00e9rale minimum<\/li>\n<li>Toiture (avec combles) en t\u00f4le de teinte sombre avec 7,5 cm de laine min\u00e9rale minimum<\/li>\n<li>Toiture terrasse en b\u00e9ton de teinte moyenne avec 6 cm de polystyr\u00e8ne expans\u00e9 minimum<\/li>\n<li>Toiture terrasse en b\u00e9ton avec sur-toiture largement ventil\u00e9e<\/li>\n<li>Toiture en bardeau de bois apparents correspondant \u00e0 une toiture \u00ab\u00a0ventil\u00e9e\u00a0\u00bb<\/li>\n<li>Toiture en pandanus dont l\u2019\u00e9paisseur totale est sup\u00e9rieure ou \u00e9gale \u00e0 10 cm<\/li>\n<\/ul>\n<\/td>\n<\/tr>\n<\/tbody>\n<\/table>\n<p><span style=\"color: #000000\"><strong>Pour plus d\u2019informations sur l\u2019application de la th\u00e9matique, consultez la fiche en question\u00a0:<\/strong><\/span><\/p>\n<ul>\n<li><a href=\"https:\/\/www.service-public.pf\/sde\/wp-content\/uploads\/sites\/15\/2023\/09\/Fiche-02-Protection-solaire-des-parois-opaques-horizontales-Toitures.pdf\">Fiche d\u2019application \u00ab\u00a0Protection solaire de la toiture\u00a0\u00bb<\/a><\/li>\n<\/ul>\n<\/div><\/div><\/div><div class=\"fusion-panel panel-default panel-71d23e08bb6ac63bf fusion-toggle-has-divider\" style=\"--awb-title-color:#333333;--awb-content-color:#747474;\"><div class=\"panel-heading\"><h4 class=\"panel-title toggle\" id=\"toggle_71d23e08bb6ac63bf\"><a aria-expanded=\"false\" aria-controls=\"71d23e08bb6ac63bf\" role=\"button\" data-toggle=\"collapse\" data-parent=\"#accordion-3355-11\" data-target=\"#71d23e08bb6ac63bf\" href=\"#71d23e08bb6ac63bf\"><span class=\"fusion-toggle-icon-wrapper\" aria-hidden=\"true\"><i class=\"fa-fusion-box active-icon awb-icon-minus\" aria-hidden=\"true\"><\/i><i class=\"fa-fusion-box inactive-icon awb-icon-plus\" aria-hidden=\"true\"><\/i><\/span><span class=\"fusion-toggle-heading\">Protection solaire des fa\u00e7ades (murs et baies)<\/span><\/a><\/h4><\/div><div id=\"71d23e08bb6ac63bf\" class=\"panel-collapse collapse \" aria-labelledby=\"toggle_71d23e08bb6ac63bf\"><div class=\"panel-body toggle-content fusion-clearfix\">\n<table style=\"width: 100%;height: 187px\">\n<tbody>\n<tr style=\"height: 187px\">\n<td style=\"height: 187px\"><span style=\"color: #000000\"><strong><span style=\"text-decoration: underline\">Locaux concern\u00e9s<\/span> :<\/strong><\/span><\/p>\n<ul>\n<li>Locaux clos et climatis\u00e9s ou occup\u00e9s (exemples\u00a0: chambre, s\u00e9jour, bureau, espace polyvalent, salle de sport, restaurant, buanderie professionnelle, \u2026)<\/li>\n<li>Locaux clos non-occup\u00e9s donnant <u>directement<\/u> sur les locaux ci-dessus, hors locaux techniques, stationnements et espaces de stockage non climatis\u00e9s (exemples : sanitaires, salle de bain, vestiaires, d\u00e9gagement, circulation \u2026)<\/li>\n<\/ul>\n<\/td>\n<td style=\"height: 187px\"><img decoding=\"async\" class=\"alignright wp-image-3430\" src=\"https:\/\/www.service-public.pf\/sde\/wp-content\/uploads\/sites\/15\/2023\/03\/Hotel-Pension-ProFacade.png\" alt=\"\" width=\"300\" height=\"225\" \/><\/td>\n<\/tr>\n<\/tbody>\n<\/table>\n<p style=\"color: #000000\"><strong><span style=\"text-decoration: underline\">Seuils \u00e0 respecter<\/span> :<\/strong><\/p>\n<table class=\"table table-bordered\" style=\"width: 100%;height: 197px\">\n<tbody>\n<tr style=\"height: 24px\">\n<td style=\"width: 20.5986%;text-align: center;height: 24px\"><strong>Mesure<\/strong><\/td>\n<td style=\"width: 20.0084%;text-align: center;height: 24px\"><strong>Orientation<\/strong><\/td>\n<td style=\"width: 5.46096%;text-align: center;height: 24px\"><strong>Seuil<\/strong><\/td>\n<td style=\"width: 243.253%;text-align: center;height: 24px\"><strong>Exemples de solutions<\/strong><\/td>\n<\/tr>\n<tr style=\"height: 47px\">\n<td style=\"width: 20.5986%;height: 57px;text-align: center\" rowspan=\"2\">Facteur solaire maximal des murs<\/td>\n<td style=\"width: 20.0084%;height: 47px;text-align: center\" width=\"257\">Nord, Nord-Est, Nord-Ouest, Est, Ouest<\/td>\n<td style=\"width: 5.46096%;height: 47px;text-align: center\">11 %<\/td>\n<td style=\"width: 243.253%;height: 57px;text-align: center\" rowspan=\"2\" width=\"552\">Mur de teinte claire, double-peau l\u00e9g\u00e8re de teinte moyenne, mur en b\u00e9ton cellulaire, mur en parpaing de teinte moyenne, mur avec bardage ventil\u00e9, d\u00e9bord de toiture (dimensions \u00e0 calculer en fonction des caract\u00e9ristiques du mur), \u2026<\/td>\n<\/tr>\n<tr style=\"height: 10px\">\n<td style=\"width: 20.0084%;height: 10px;text-align: center\">Sud, Sud-Est, Sud-Ouest<\/td>\n<td style=\"width: 5.46096%;height: 10px;text-align: center\">12 %<\/td>\n<\/tr>\n<tr style=\"height: 48px\">\n<td style=\"width: 20.5986%;height: 116px;text-align: center\" rowspan=\"4\">Facteur solaire maximal des baies<\/td>\n<td style=\"width: 20.0084%;height: 48px;text-align: center\" width=\"257\">Nord, Nord-Est, Nord-Ouest, Est, Ouest*<\/td>\n<td style=\"width: 5.46096%;height: 48px;text-align: center\">50 %<\/td>\n<td style=\"width: 243.253%;height: 48px;text-align: center\" width=\"552\">Double vitrage teint\u00e9 ou \u00e0 contr\u00f4le solaire, masque architectural (casquette, brise-soleil, \u2026) \u00e0 dimensionner selon les caract\u00e9ristiques de la baie, lame opaque<\/td>\n<\/tr>\n<tr style=\"height: 10px\">\n<td style=\"width: 20.0084%;height: 10px;text-align: center\">Sud-Est, Sud-Ouest*<\/td>\n<td style=\"width: 5.46096%;height: 10px;text-align: center\">60 %<\/td>\n<td style=\"width: 243.253%;height: 20px;text-align: center\" rowspan=\"2\">Simple vitrage \u00e0 contr\u00f4le solaire, simple ou double vitrage teint\u00e9, double vitrage clair (au sud seulement), masque architectural (casquette, brise-soleil, \u2026) \u00e0 dimensionner selon les caract\u00e9ristiques de la baie, \u2026<\/td>\n<\/tr>\n<tr style=\"height: 10px\">\n<td style=\"width: 20.0084%;height: 10px;text-align: center\">Sud*<\/td>\n<td style=\"width: 5.46096%;height: 10px;text-align: center\">70 %<\/td>\n<\/tr>\n<tr style=\"height: 48px\">\n<td style=\"width: 20.0084%;height: 48px;text-align: center\">Baie horizontale<\/td>\n<td style=\"width: 5.46096%;height: 48px;text-align: center\" width=\"257\">45%<\/td>\n<td style=\"width: 243.253%;height: 48px;text-align: center\" width=\"552\">Protection solaire compl\u00e9mentaire \u00e0 la baie, \u00e0 dimensionner en fonction du type de vitrage<\/td>\n<\/tr>\n<\/tbody>\n<\/table>\n<p><i>* Si le taux de surface de baie en fa\u00e7ade est sup\u00e9rieur \u00e0 70%, le seuil \u00e0 atteindre est alors rabaiss\u00e9 de 5 % (respectivement 45%, 55% et 65%).<\/i><\/p>\n<p style=\"color: #000000\"><strong>Pour plus d\u2019informations sur l\u2019application des th\u00e9matiques, consultez les fiches en question :<\/strong><\/p>\n<ul>\n<li><a href=\"https:\/\/www.service-public.pf\/sde\/wp-content\/uploads\/sites\/15\/2023\/09\/Fiche-03-Protection-solaire-des-parois-opaques-verticales-Murs.pdf\">Fiche d\u2019application \u00ab\u00a0Protection solaire des murs\u00a0\u00bb<\/a><\/li>\n<li><a href=\"https:\/\/www.service-public.pf\/sde\/wp-content\/uploads\/sites\/15\/2023\/09\/Fiche-04-Protection-solaire-des-baies.pdf\">Fiche d\u2019application \u00ab\u00a0Protection solaire des baies \u00bb<\/a><\/li>\n<li><a href=\"https:\/\/www.service-public.pf\/sde\/wp-content\/uploads\/sites\/15\/2023\/06\/Fiche-05-Prise-en-main-de-loutil-Cm-FS.pdf\">Fiche d\u2019application \u00ab\u00a0Outil de calcul pour la protection solaire des fa\u00e7ades \u00bb<\/a><\/li>\n<\/ul>\n<\/div><\/div><\/div><div class=\"fusion-panel panel-default panel-cee2ef2bfb50b46fc fusion-toggle-has-divider\" style=\"--awb-title-color:#333333;--awb-content-color:#747474;\"><div class=\"panel-heading\"><h4 class=\"panel-title toggle\" id=\"toggle_cee2ef2bfb50b46fc\"><a aria-expanded=\"false\" aria-controls=\"cee2ef2bfb50b46fc\" role=\"button\" data-toggle=\"collapse\" data-parent=\"#accordion-3355-11\" data-target=\"#cee2ef2bfb50b46fc\" href=\"#cee2ef2bfb50b46fc\"><span class=\"fusion-toggle-icon-wrapper\" aria-hidden=\"true\"><i class=\"fa-fusion-box active-icon awb-icon-minus\" aria-hidden=\"true\"><\/i><i class=\"fa-fusion-box inactive-icon awb-icon-plus\" aria-hidden=\"true\"><\/i><\/span><span class=\"fusion-toggle-heading\">Ventilation naturelle <\/span><\/a><\/h4><\/div><div id=\"cee2ef2bfb50b46fc\" class=\"panel-collapse collapse \" aria-labelledby=\"toggle_cee2ef2bfb50b46fc\"><div class=\"panel-body toggle-content fusion-clearfix\">\n<table style=\"width: 100%;height: 166px\">\n<tbody>\n<tr style=\"height: 187px\">\n<td style=\"height: 166px;width: 76.0563%\"><span style=\"color: #000000\"><strong><span style=\"text-decoration: underline\">Locaux concern\u00e9s<\/span> :<\/strong><\/span><\/p>\n<ul>\n<li>S\u00e9jour<\/li>\n<li>Chambres<\/li>\n<\/ul>\n<\/td>\n<td style=\"height: 166px;width: 23.2395%\"><img decoding=\"async\" class=\"alignright wp-image-3430\" src=\"https:\/\/www.service-public.pf\/sde\/wp-content\/uploads\/sites\/15\/2023\/01\/SDE-REBPF-IlluTotales-Hotel-Pension-Ventilation.png\" alt=\"\" width=\"300\" height=\"225\" \/><\/td>\n<\/tr>\n<\/tbody>\n<\/table>\n<p style=\"color: #000000\"><strong><span style=\"text-decoration: underline\">Seuils, r\u00e8gles de conception et caract\u00e9ristiques techniques \u00e0 respecter : <\/span><\/strong><\/p>\n<table class=\"table table-bordered\" style=\"width: 100%\">\n<tbody>\n<tr>\n<td style=\"width: 19.4199%;text-align: center\"><strong>Mesure<\/strong><\/td>\n<td style=\"width: 10.5364%;text-align: center\"><strong>Seuil<\/strong><\/td>\n<td style=\"width: 26.1975%;text-align: center\"><strong>R\u00e8gle de conception<br \/>\n<\/strong><\/td>\n<td style=\"width: 233.167%;text-align: center\"><strong>Exemples de solutions<\/strong><\/td>\n<\/tr>\n<tr>\n<td style=\"width: 19.4199%;text-align: left\">Ventilation naturelle traversante<\/td>\n<td style=\"width: 36.7339%;text-align: left\" colspan=\"2\" width=\"257\">La pi\u00e8ce poss\u00e8de au minimum deux ouvertures situ\u00e9es sur deux fa\u00e7ades diff\u00e9rentes. Soit ces deux ouvertures donnent directement sur l\u2019ext\u00e9rieur.<br \/>\nSoit une seule ouverture donne directement sur l\u2019ext\u00e9rieur et la seconde donne sur une autre pi\u00e8ce dont au moins une ouverture se trouve sur une fa\u00e7ade d\u2019orientation diff\u00e9rente et donne directement sur l\u2019ext\u00e9rieur.<\/td>\n<td style=\"width: 233.167%;text-align: left\">\n<ul>\n<li>Chambre avec deux fen\u00eatres donnant sur l\u2019ext\u00e9rieur et positionn\u00e9es sur des fa\u00e7ades diff\u00e9rentes<\/li>\n<li>Chambre avec une ouverture sur l\u2019ext\u00e9rieur et une porte donnant sur le s\u00e9jour dont l\u2019ouverture sur l\u2019ext\u00e9rieur est situ\u00e9e sur une fa\u00e7ade d\u2019orientation diff\u00e9rente<\/li>\n<\/ul>\n<\/td>\n<\/tr>\n<\/tbody>\n<\/table>\n<p style=\"text-decoration: underline\"><span style=\"color: #000000\"><strong>Cas d\u00e9rogatoire\u00a0:<\/strong><\/span><\/p>\n<p>Si l\u2019h\u00e9bergement est situ\u00e9 sur un niveau de b\u00e2timent dont une ou plusieurs fa\u00e7ades sont construites en mitoyennet\u00e9 avec un b\u00e2timent ou un relief montagneux sur plus de 30% du lin\u00e9aire p\u00e9riph\u00e9rique des fa\u00e7ades du b\u00e2timent, ou s\u2019il se situe dans un b\u00e2timent class\u00e9 comme immeuble de grande hauteur (IGH), il est exempt\u00e9 de cette obligation. Cependant, en mesure compensatoire, les pi\u00e8ces concern\u00e9es devront \u00eatre \u00e9quip\u00e9es d\u2019un brasseur d\u2019air.<\/p>\n<p style=\"color: #000000\"><strong>Pour plus d\u2019informations sur l\u2019application de la th\u00e9matique, consultez la fiche en question\u00a0:<\/strong><\/p>\n<ul>\n<li><a href=\"https:\/\/www.service-public.pf\/sde\/wp-content\/uploads\/sites\/15\/2023\/09\/Fiche-06-Ventilation-naturelle.pdf\">Fiche d\u2019application \u00ab\u00a0Ventilation naturelle\u00a0\u00bb<\/a><\/li>\n<\/ul>\n<\/div><\/div><\/div><div class=\"fusion-panel panel-default panel-d179096c0191cbc22 fusion-toggle-has-divider\" style=\"--awb-title-color:#333333;--awb-content-color:#747474;\"><div class=\"panel-heading\"><h4 class=\"panel-title toggle\" id=\"toggle_d179096c0191cbc22\"><a aria-expanded=\"false\" aria-controls=\"d179096c0191cbc22\" role=\"button\" data-toggle=\"collapse\" data-parent=\"#accordion-3355-11\" data-target=\"#d179096c0191cbc22\" href=\"#d179096c0191cbc22\"><span class=\"fusion-toggle-icon-wrapper\" aria-hidden=\"true\"><i class=\"fa-fusion-box active-icon awb-icon-minus\" aria-hidden=\"true\"><\/i><i class=\"fa-fusion-box inactive-icon awb-icon-plus\" aria-hidden=\"true\"><\/i><\/span><span class=\"fusion-toggle-heading\">Brasseur d\u2019air<\/span><\/a><\/h4><\/div><div id=\"d179096c0191cbc22\" class=\"panel-collapse collapse \" aria-labelledby=\"toggle_d179096c0191cbc22\"><div class=\"panel-body toggle-content fusion-clearfix\">\n<p><span style=\"color: #000000\"><strong>Cette th\u00e9matique est applicable si, et seulement si, les pi\u00e8ces de l\u2019h\u00e9bergement s\u2019inscrivent dans un des cas d\u00e9rogatoires de ventilation naturelle pr\u00e9vu par la r\u00e9glementation.<\/strong><\/span><\/p>\n<table>\n<tbody>\n<tr>\n<td style=\"width: 76.0563%\"><span style=\"color: #000000\"><strong><span style=\"text-decoration: underline\">Locaux concern\u00e9s<\/span> :<\/strong><\/span><\/p>\n<ul>\n<li>S\u00e9jour<\/li>\n<li>Chambres<\/li>\n<\/ul>\n<\/td>\n<td style=\"width: 23.2395%\"><img decoding=\"async\" class=\"alignright wp-image-3430\" src=\"https:\/\/www.service-public.pf\/sde\/wp-content\/uploads\/sites\/15\/2023\/01\/SDE-REBPF-IlluTotales-Hotel-Pension-Brasseurs.png\" alt=\"\" width=\"300\" height=\"225\" \/><\/td>\n<\/tr>\n<\/tbody>\n<\/table>\n<p style=\"color: #000000\"><strong><span style=\"text-decoration: underline\">Seuils, r\u00e8gles de conception et caract\u00e9ristiques techniques \u00e0 respecter : <\/span><\/strong><\/p>\n<table class=\"table table-bordered\" style=\"width: 100%\">\n<tbody>\n<tr>\n<td style=\"width: 10.3362%;text-align: center\"><strong>Mesure<\/strong><\/td>\n<td style=\"width: 25.6283%;text-align: center\"><strong>Seuil<\/strong><\/td>\n<td style=\"width: 47.3699%;text-align: center\"><strong>R\u00e8gle de conception<br \/>\n<\/strong><\/td>\n<td style=\"width: 205.985%;text-align: center\"><strong>Exemples de solutions<\/strong><\/td>\n<\/tr>\n<tr style=\"height: 24px\">\n<td style=\"width: 10.3362%\">Brasseurs d\u2019air<\/td>\n<td style=\"width: 25.6283%\" width=\"257\">S\u00e9jour et chambre\u00a0: 1 brasseur d\u2019air au plafond par pi\u00e8ce<\/td>\n<td style=\"width: 47.3699%;text-align: center;height: 24px\">\n<p style=\"text-align: left\">Caract\u00e9ristiques techniques \u00e0 respecter\u00a0:<\/p>\n<ul style=\"text-align: left\">\n<li>Diam\u00e8tre de 120 cm minimum<\/li>\n<li>Efficacit\u00e9 \u00e9nerg\u00e9tique en vitesse maximum de 120 m3 minimum d\u2019air brass\u00e9 par Wh consomm\u00e9<\/li>\n<li>3 vitesses minimum<\/li>\n<\/ul>\n<\/td>\n<td style=\"width: 205.985%\">\n<p style=\"text-align: center\">-<\/p>\n<\/td>\n<\/tr>\n<\/tbody>\n<\/table>\n<p><span style=\"color: #000000\"><strong>Pour plus d\u2019informations sur l\u2019application de la th\u00e9matique, consultez la fiche en question\u00a0:<\/strong><\/span><\/p>\n<ul>\n<li><a href=\"https:\/\/www.service-public.pf\/sde\/wp-content\/uploads\/sites\/15\/2023\/06\/Fiche-07-Brasseurs-dair.pdf\">Fiche d\u2019application \u00ab\u00a0Brasseurs d\u2019air\u00a0\u00bb<\/a><\/li>\n<\/ul>\n<\/div><\/div><\/div><div class=\"fusion-panel panel-default panel-7295203089e6648c8 fusion-toggle-has-divider\" style=\"--awb-title-color:#333333;--awb-content-color:#747474;\"><div class=\"panel-heading\"><h4 class=\"panel-title toggle\" id=\"toggle_7295203089e6648c8\"><a aria-expanded=\"false\" aria-controls=\"7295203089e6648c8\" role=\"button\" data-toggle=\"collapse\" data-parent=\"#accordion-3355-11\" data-target=\"#7295203089e6648c8\" href=\"#7295203089e6648c8\"><span class=\"fusion-toggle-icon-wrapper\" aria-hidden=\"true\"><i class=\"fa-fusion-box active-icon awb-icon-minus\" aria-hidden=\"true\"><\/i><i class=\"fa-fusion-box inactive-icon awb-icon-plus\" aria-hidden=\"true\"><\/i><\/span><span class=\"fusion-toggle-heading\">Eau chaude solaire<\/span><\/a><\/h4><\/div><div id=\"7295203089e6648c8\" class=\"panel-collapse collapse \" aria-labelledby=\"toggle_7295203089e6648c8\"><div class=\"panel-body toggle-content fusion-clearfix\">\n<table>\n<tbody>\n<tr>\n<td style=\"width: 76.0563%\">\n<p style=\"color: #000000\"><strong><span style=\"text-decoration: underline\">Locaux concern\u00e9s<\/span> :<\/strong><\/p>\n<p>L\u2019exigence porte sur l\u2019ensemble des besoins en eau chaude du projet. Le choix du syst\u00e8me n\u2019est pas impos\u00e9.<\/p>\n<p>Les locaux d\u2019h\u00e9bergement sont syst\u00e9matiquement raccord\u00e9s \u00e0 un syst\u00e8me de production d\u2019eau chaude solaire individuel ou collectif.<\/td>\n<td style=\"width: 23.2395%\"><img decoding=\"async\" class=\"alignright wp-image-3430\" src=\"https:\/\/www.service-public.pf\/sde\/wp-content\/uploads\/sites\/15\/2023\/01\/SDE-REBPF-IlluTotales-Hotel-Pension-ChauffeEau.png\" alt=\"\" width=\"300\" height=\"225\" \/><\/td>\n<\/tr>\n<\/tbody>\n<\/table>\n<p style=\"color: #000000\"><strong><span style=\"text-decoration: underline\">Seuils, r\u00e8gles de conception et caract\u00e9ristiques techniques \u00e0 respecter :<\/span><\/strong><\/p>\n<p>Les seuils et r\u00e8gles varient en fonction du type de syst\u00e8me retenu.<\/p>\n<table class=\"table table-bordered\" style=\"width: 100%\">\n<tbody>\n<tr>\n<td style=\"width: 12.0087%;text-align: center\"><strong><b>Syst\u00e8me<\/b><\/strong><\/td>\n<td style=\"width: 36.7199%;text-align: center\"><strong>Seuil<\/strong><\/td>\n<td style=\"width: 16.8241%;text-align: center\"><strong>R\u00e8gle de conception<br \/>\n<\/strong><\/td>\n<td style=\"width: 223.766%;text-align: center\"><strong>Exemples de solutions<\/strong><\/td>\n<\/tr>\n<tr>\n<td style=\"width: 12.0087%\">Chauffe-eau solaire individuel (CESI)<\/td>\n<td style=\"width: 36.7199%\" width=\"257\">Le seuil porte sur le volume minimum du ballon d\u2019eau chaude :<\/p>\n<ul>\n<li>T1 ou chambre d\u2019h\u00f4tel individuelle : chauffe-eau individuel solaire avec un r\u00e9servoir minimum de 100 litres<\/li>\n<li>T2-T3 : chauffe-eau individuel solaire avec un r\u00e9servoir minimum de 200 litres<\/li>\n<li>T4-T5 : chauffe-eau individuel solaire avec un r\u00e9servoir minimum de 300 litres<\/li>\n<li>T6 et + : chauffe-eau individuel solaire avec un r\u00e9servoir minimum de 400 litres<\/li>\n<\/ul>\n<\/td>\n<td style=\"width: 16.8241%;text-align: center\">-<\/td>\n<td style=\"width: 223.766%\">Cas d\u2019une pension de famille comprenant 4 bungalows de type studio et 4 bungalows familiaux avec 2 chambres<\/p>\n<ul>\n<li>Pour les bungalows (studio) : un CESI par bungalow avec un ballon de stockage de 100L ou plus (150L, \u2026)<\/li>\n<li>Pour les bungalows familiaux : un CESI par bungalow avec un ballon de stockage de 200L ou plus (250L, 300L, \u2026)<\/li>\n<\/ul>\n<p>Pour la cuisine, elle est \u00e9quip\u00e9e d\u2019un CESI si l\u2019estimation du besoin en eau chaude quotidien est sup\u00e9rieure \u00e0 100 L<\/td>\n<\/tr>\n<tr>\n<td style=\"width: 12.0087%\">Chauffe-eau solaire collectif (CESC)<\/td>\n<td style=\"width: 36.7199%\">Pour une temp\u00e9rature d\u2019eau chaude de 60 degr\u00e9s Celsius\u00a0:<\/p>\n<ul>\n<li>Taux de couverture de 60 % minimum des besoins \u00e9nerg\u00e9tiques en eau chaude du b\u00e2timent<\/li>\n<li>Productivit\u00e9 solaire minimale de 450 kWh\/m\u00b2capteur\/an pour une temp\u00e9rature<\/li>\n<\/ul>\n<\/td>\n<td style=\"width: 16.8241%\">\n<p style=\"text-align: center\">Conf\u00e8re fiche d\u2019application<\/p>\n<\/td>\n<td style=\"width: 223.766%\">Dans le cas d\u2019un complexe h\u00f4telier, celui-ci sera vraisemblablement occup\u00e9 d\u2019un CESC alimentant tous les locaux n\u00e9cessitant de l\u2019eau chaude. Les h\u00e9bergements individuels (bungalow over water, \u2026), de m\u00eame que certains points d\u2019activit\u00e9 \u00e9loign\u00e9s (restaurant, \u2026) seront eux probablement \u00e9quip\u00e9s de CESI<\/td>\n<\/tr>\n<\/tbody>\n<\/table>\n<p><span style=\"color: #000000\"><strong><u>Cas d\u00e9rogatoires :<\/u><\/strong><\/span><\/p>\n<ol>\n<li>Concernant l\u2019installation de chauffe-eaux solaires<\/li>\n<\/ol>\n<p style=\"color: #747474\">Les locaux d\u2019h\u00e9bergement livr\u00e9s sans syst\u00e8me de production d\u2019eau chaude ne sont pas soumis \u00e0 l\u2019obligation de recours aux chauffe-eaux solaires.<\/p>\n<p>A l\u2019exception des locaux d\u2019h\u00e9bergement munis d\u2019un syst\u00e8me de production d\u2019eau chaude, un ou plusieurs locaux peuvent ne pas \u00eatre aliment\u00e9s par de l\u2019eau chaude sanitaire produite par \u00e9nergie solaire s\u2019ils satisfont aux deux conditions suivantes\u00a0:<\/p>\n<ul>\n<li>Les besoins journaliers en eau chaude \u00e0 60 degr\u00e9s du point ou de l'ensemble de points de soutirage du local sont inf\u00e9rieurs \u00e0 100 litres\u00a0;<\/li>\n<li>Le point ou les points de soutirage dans leur ensemble sont \u00e9loign\u00e9s de plus de 15 m\u00e8tres du point aliment\u00e9 en eau chaude le plus proche.<\/li>\n<\/ul>\n<p>Enfin, si le projet est aliment\u00e9 par un r\u00e9seau d\u2019alimentation en eau, public ou priv\u00e9, dont le traitement est r\u00e9alis\u00e9, en totalit\u00e9 ou en partie, par un processus de d\u00e9salinisation\u00a0alors le recours \u00e0 des \u00e9quipements de production d\u2019eau chaude de type solaire thermique n\u2019est pas impos\u00e9.<\/p>\n<ol start=\"2\">\n<li>Concernant les performances de l\u2019installation<\/li>\n<\/ol>\n<p style=\"color: #747474\">Si le b\u00e2timent pr\u00e9sente une surface de toiture insuffisante pour permettre l\u2019installation de chauffe-eaux solaires conforme aux objectifs de performance\u00a0ou si les masques solaires proches sont trop importants pour cela, il est possible de d\u00e9roger aux seuils indiqu\u00e9s ci-dessus en dimensionnant toutefois l\u2019installation pour qu\u2019elle pr\u00e9sente un taux de couverture maximum et une productivit\u00e9 maximum au regard du contexte de mise en \u0153uvre.<\/p>\n<p>Si le projet s\u2019inscrit dans ce cas d\u00e9rogatoire, le recours \u00e0 cette d\u00e9rogation doit \u00eatre justifi\u00e9 et argument\u00e9 techniquement, tout comme le dimensionnement final de l\u2019installation.<\/p>\n<p style=\"color: #000000\"><strong>Pour plus d\u2019informations sur l\u2019application de la th\u00e9matique, consultez la fiche en question\u00a0:<\/strong><\/p>\n<ul>\n<li><a href=\"https:\/\/www.service-public.pf\/sde\/wp-content\/uploads\/sites\/15\/2023\/06\/Fiche-08-Eau-chaude-solaire.pdf\">Fiche d\u2019application \u00ab\u00a0Eau chaude solaire\u00a0\u00bb<\/a><\/li>\n<\/ul>\n<\/div><\/div><\/div><div class=\"fusion-panel panel-default panel-78b304aa76abacb03 fusion-toggle-has-divider\" style=\"--awb-title-color:#333333;--awb-content-color:#747474;\"><div class=\"panel-heading\"><h4 class=\"panel-title toggle\" id=\"toggle_78b304aa76abacb03\"><a aria-expanded=\"false\" aria-controls=\"78b304aa76abacb03\" role=\"button\" data-toggle=\"collapse\" data-parent=\"#accordion-3355-11\" data-target=\"#78b304aa76abacb03\" href=\"#78b304aa76abacb03\"><span class=\"fusion-toggle-icon-wrapper\" aria-hidden=\"true\"><i class=\"fa-fusion-box active-icon awb-icon-minus\" aria-hidden=\"true\"><\/i><i class=\"fa-fusion-box inactive-icon awb-icon-plus\" aria-hidden=\"true\"><\/i><\/span><span class=\"fusion-toggle-heading\">Climatisation performante<\/span><\/a><\/h4><\/div><div id=\"78b304aa76abacb03\" class=\"panel-collapse collapse \" aria-labelledby=\"toggle_78b304aa76abacb03\"><div class=\"panel-body toggle-content fusion-clearfix\">\n<p><span style=\"color: #000000\"><strong>Cette disposition est applicable si, et seulement si, la climatisation est install\u00e9e\u00a0!<\/strong><\/span><\/p>\n<table>\n<tbody>\n<tr>\n<td style=\"width: 76.0563%\"><span style=\"color: #000000\"><strong><span style=\"text-decoration: underline\">Locaux concern\u00e9s<\/span> :<\/strong><\/span><\/p>\n<ul>\n<li>S\u00e9jour<\/li>\n<li>Chambres<\/li>\n<\/ul>\n<\/td>\n<td style=\"width: 23.2395%\"><img decoding=\"async\" class=\"alignright wp-image-3430\" src=\"https:\/\/www.service-public.pf\/sde\/wp-content\/uploads\/sites\/15\/2023\/01\/SDE-REBPF-IlluTotales-Hotel-Pension-Climatisation.png\" alt=\"\" width=\"300\" height=\"225\" \/><\/td>\n<\/tr>\n<\/tbody>\n<\/table>\n<p style=\"color: #000000\"><strong><span style=\"text-decoration: underline\">Seuils, r\u00e8gles de conception et caract\u00e9ristiques techniques \u00e0 respecter :<\/span><\/strong><\/p>\n<table class=\"table table-bordered\" style=\"width: 100%\">\n<tbody>\n<tr>\n<td style=\"width: 24.1423%;text-align: center\"><strong>Mesure<\/strong><\/td>\n<td style=\"width: 14.0415%;text-align: center\"><strong>Seuil<\/strong><\/td>\n<td style=\"width: 45.4491%;text-align: center\"><strong>R\u00e8gle de conception<\/strong><\/td>\n<td style=\"width: 205.686%;text-align: center\"><strong>Exemples de solutions<\/strong><\/td>\n<\/tr>\n<tr>\n<td style=\"width: 24.1423%\" rowspan=\"2\">Efficacit\u00e9 \u00e9nerg\u00e9tique minimale (EER)<\/td>\n<td style=\"width: 14.0415%\">Installation individuelle<\/td>\n<td style=\"width: 45.4491%;text-align: left\">EER minimum de\u00a0:<\/p>\n<ul>\n<li>3,2 pour un climatiseur d\u2019une puissance inf\u00e9rieure \u00e0 21 000 BTU\/h<\/li>\n<li>3 pour un climatiseur d\u2019une puissance sup\u00e9rieure ou \u00e9gale \u00e0 21 000 BTU\/h<\/li>\n<\/ul>\n<\/td>\n<td style=\"width: 205.686%;text-align: center\" rowspan=\"2\">-<\/td>\n<\/tr>\n<tr>\n<td style=\"width: 14.0415%\" width=\"103\">Installation centralis\u00e9e<\/td>\n<td style=\"width: 45.4491%;text-align: left\">EER minimum de\u00a0:<\/p>\n<ul>\n<li>3,7 pour une installation de type \u00ab DRV \u00bb ou \u00ab VRV \u00bb<\/li>\n<li>3 pour une installation de type \u00ab eau glac\u00e9e \u00bb<\/li>\n<\/ul>\n<\/td>\n<\/tr>\n<\/tbody>\n<\/table>\n<p><span style=\"color: #000000\"><strong>Pour plus d\u2019informations sur l\u2019application de la th\u00e9matique, consultez la fiche en question\u00a0:<\/strong><\/span><\/p>\n<ul>\n<li><a href=\"https:\/\/www.service-public.pf\/sde\/wp-content\/uploads\/sites\/15\/2023\/06\/Fiche-09-Climatisation.pdf\">Fiche d\u2019application \u00ab\u00a0Climatisation\u00a0\u00bb<\/a><\/li>\n<\/ul>\n<\/div><\/div><\/div><\/div><\/div><div class=\"fusion-text fusion-text-45\" style=\"--awb-margin-top:10px;\"><p><span style=\"color: #000000\"><strong>Informations relatives aux demandes de permis de construire et au certificat de conformit\u00e9<\/strong><\/span><\/p>\n<p>Le p\u00e9titionnaire remplit les nouveaux formulaires de demande de permis de construire et de certificat de conformit\u00e9 de la DCA qui int\u00e8grent la d\u00e9claration du respect de la r\u00e9glementation.<\/p>\n<p><strong>Si les surfaces de plancher construites cumul\u00e9es* sont sup\u00e9rieures \u00e0 250 m\u00b2 de plancher, les demandes de permis de construire et de certificat de conformit\u00e9 doivent \u00eatre accompagn\u00e9es de l\u2019avis d\u2019un organisme agr\u00e9\u00e9<\/strong><\/p>\n<ul>\n<li><a href=\"https:\/\/www.service-public.pf\/sde\/organismes-agrees\/\">Parcourir la page d\u00e9di\u00e9e aux organismes agr\u00e9\u00e9s<\/a><\/li>\n<\/ul>\n<p><em><span style=\"font-size: 10pt\">* Les surfaces de plancher \u00e0 consid\u00e9rer sont celles de n\u2019importe quel b\u00e2timent neuf rattach\u00e9 au projet de construction, d\u00e8s lors que la typologie associ\u00e9e est bureaux, enseignement, \u00e9tablissement de soin, h\u00f4tellerie ou logement collectif.<\/span><\/em><\/p>\n<p><span style=\"color: #000000\"><strong>Informations sur les dispositions applicables \u00e0 la typologie <\/strong>(ne consulter que les rubriques des th\u00e9matiques concernant le projet de construction)<strong>\u00a0:<\/strong><\/span><\/p>\n<ul>\n<li><a href=\"https:\/\/www.service-public.pf\/sde\/wp-content\/uploads\/sites\/15\/2023\/04\/REPBF_Depliants_Hotellerie_Pages-V2.pdf\">D\u00e9pliant \u00ab\u00a0H\u00f4tellerie\u00a0\u00bb<\/a><\/li>\n<\/ul>\n<\/div><\/div><\/div><\/div><\/div><\/div><div class=\"fusion-layout-column fusion_builder_column fusion-builder-column-20 fusion_builder_column_4_5 4_5 fusion-flex-column vct_idv_inf500_content\" style=\"--awb-bg-size:cover;--awb-width-large:80%;--awb-flex-grow:0;--awb-flex-shrink:0;--awb-margin-top-large:0px;--awb-spacing-right-large:2.4%;--awb-margin-bottom-large:20px;--awb-spacing-left-large:2.4%;--awb-width-medium:100%;--awb-order-medium:0;--awb-flex-grow-medium:0;--awb-flex-shrink-medium:0;--awb-spacing-right-medium:1.92%;--awb-spacing-left-medium:1.92%;--awb-width-small:100%;--awb-order-small:0;--awb-flex-grow-small:0;--awb-flex-shrink-small:0;--awb-spacing-right-small:1.92%;--awb-spacing-left-small:1.92%;\" id=\"vct_idv_inf500_logementcollectif_content\"><div class=\"fusion-column-wrapper fusion-column-has-shadow fusion-flex-justify-content-flex-start fusion-content-layout-column\"><div class=\"fusion-title title fusion-title-15 fusion-sep-none fusion-title-center fusion-title-text fusion-title-size-two hidden\" style=\"--awb-margin-top-small:0px;--awb-margin-right-small:0px;--awb-margin-bottom-small:20px;--awb-margin-left-small:0px;\"><h2 class=\"fusion-title-heading title-heading-center\" style=\"margin:0;\">Protection solaire de la toiture \/ Protection solaire des murs \/ Protection solaire des baies \/ Ventilation naturelle - LOG COLL \/ Brasseur d'air DEROGATION \/ Eau chaude solaire \/ Climatisation EER + D\u00e9pliant logement collectif + Fiche d'information logement collectif + Formulaire 2-IDV<\/h2><\/div><div class=\"fusion-text fusion-text-46 vct_description_typologie\"><p>Un logement collectif correspond \u00e0 un b\u00e2timent \u00e0 usage d\u2019habitation comprenant au moins trois<br \/>\nlogements superpos\u00e9s ou accol\u00e9s.<\/p>\n<p>On assimile \u00e9galement au logement collectif les locaux \u00e0 sommeil et les internats (locaux \u00e0 sommeil<br \/>\net espaces de vie) des \u00e9tablissements d\u2019enseignement.<\/p>\n<\/div><div class=\"fusion-builder-row fusion-builder-row-inner fusion-row fusion-flex-align-items-center fusion-flex-justify-content-center fusion-flex-content-wrap\" style=\"--awb-flex-grow:0;--awb-flex-grow-medium:0;--awb-flex-grow-small:0;--awb-flex-shrink:0;--awb-flex-shrink-medium:0;--awb-flex-shrink-small:0;width:104% !important;max-width:104% !important;margin-left: calc(-4% \/ 2 );margin-right: calc(-4% \/ 2 );\"><div class=\"fusion-layout-column fusion_builder_column_inner fusion-builder-nested-column-63 fusion_builder_column_inner_1_1 1_1 fusion-flex-column\" style=\"--awb-bg-size:cover;--awb-width-large:100%;--awb-margin-top-large:0px;--awb-spacing-right-large:1.92%;--awb-margin-bottom-large:20px;--awb-spacing-left-large:1.92%;--awb-width-medium:100%;--awb-order-medium:0;--awb-spacing-right-medium:1.92%;--awb-spacing-left-medium:1.92%;--awb-width-small:100%;--awb-order-small:0;--awb-spacing-right-small:1.92%;--awb-spacing-left-small:1.92%;\"><div class=\"fusion-column-wrapper fusion-column-has-shadow fusion-flex-justify-content-flex-start fusion-content-layout-column\"><div class=\"fusion-separator fusion-full-width-sep\" style=\"align-self: center;margin-left: auto;margin-right: auto;width:100%;\"><div class=\"fusion-separator-border sep-shadow\" style=\"--awb-height:20px;--awb-amount:20px;background:radial-gradient(ellipse at 50% -50% , #e0dede 0px, rgba(255, 255, 255, 0) 80%) repeat scroll 0 0 rgba(0, 0, 0, 0);background:-webkit-radial-gradient(ellipse at 50% -50% , #e0dede 0px, rgba(255, 255, 255, 0) 80%) repeat scroll 0 0 rgba(0, 0, 0, 0);background:-moz-radial-gradient(ellipse at 50% -50% , #e0dede 0px, rgba(255, 255, 255, 0) 80%) repeat scroll 0 0 rgba(0, 0, 0, 0);background:-o-radial-gradient(ellipse at 50% -50% , #e0dede 0px, rgba(255, 255, 255, 0) 80%) repeat scroll 0 0 rgba(0, 0, 0, 0);\"><\/div><\/div><\/div><\/div><div class=\"fusion-layout-column fusion_builder_column_inner fusion-builder-nested-column-64 fusion_builder_column_inner_1_3 1_3 fusion-flex-column\" style=\"--awb-bg-size:cover;--awb-width-large:33.333333333333%;--awb-margin-top-large:0px;--awb-spacing-right-large:2vw;--awb-margin-bottom-large:20px;--awb-spacing-left-large:5.76%;--awb-width-medium:100%;--awb-order-medium:0;--awb-spacing-right-medium:1.92%;--awb-spacing-left-medium:1.92%;--awb-width-small:100%;--awb-order-small:0;--awb-spacing-right-small:1.92%;--awb-spacing-left-small:1.92%;\"><div class=\"fusion-column-wrapper fusion-column-has-shadow fusion-flex-justify-content-flex-start fusion-content-layout-column\"><div class=\"fusion-image-element \" style=\"text-align:right;--awb-max-width:450px;--awb-caption-title-font-family:var(--h2_typography-font-family);--awb-caption-title-font-weight:var(--h2_typography-font-weight);--awb-caption-title-font-style:var(--h2_typography-font-style);--awb-caption-title-size:var(--h2_typography-font-size);--awb-caption-title-transform:var(--h2_typography-text-transform);--awb-caption-title-line-height:var(--h2_typography-line-height);--awb-caption-title-letter-spacing:var(--h2_typography-letter-spacing);\"><span class=\" fusion-imageframe imageframe-none imageframe-12 hover-type-none\"><img decoding=\"async\" width=\"300\" height=\"225\" title=\"SDE REBPF IlluTotales Logement Collectif\" src=\"https:\/\/www.service-public.pf\/sde\/wp-content\/uploads\/sites\/15\/2023\/01\/SDE-REBPF-IlluTotales-Logement-Collectif-1-300x225.png\" alt class=\"img-responsive wp-image-3533\" srcset=\"https:\/\/www.service-public.pf\/sde\/wp-content\/uploads\/sites\/15\/2023\/01\/SDE-REBPF-IlluTotales-Logement-Collectif-1-200x150.png 200w, https:\/\/www.service-public.pf\/sde\/wp-content\/uploads\/sites\/15\/2023\/01\/SDE-REBPF-IlluTotales-Logement-Collectif-1-400x300.png 400w, https:\/\/www.service-public.pf\/sde\/wp-content\/uploads\/sites\/15\/2023\/01\/SDE-REBPF-IlluTotales-Logement-Collectif-1-600x450.png 600w, https:\/\/www.service-public.pf\/sde\/wp-content\/uploads\/sites\/15\/2023\/01\/SDE-REBPF-IlluTotales-Logement-Collectif-1-800x600.png 800w, https:\/\/www.service-public.pf\/sde\/wp-content\/uploads\/sites\/15\/2023\/01\/SDE-REBPF-IlluTotales-Logement-Collectif-1-1200x900.png 1200w, https:\/\/www.service-public.pf\/sde\/wp-content\/uploads\/sites\/15\/2023\/01\/SDE-REBPF-IlluTotales-Logement-Collectif-1.png 1453w\" sizes=\"(max-width: 1024px) 100vw, (max-width: 640px) 100vw, 800px\" \/><\/span><\/div><\/div><\/div><div class=\"fusion-layout-column fusion_builder_column_inner fusion-builder-nested-column-65 fusion_builder_column_inner_2_3 2_3 fusion-flex-column\" style=\"--awb-bg-size:cover;--awb-width-large:66.666666666667%;--awb-margin-top-large:0px;--awb-spacing-right-large:2.88%;--awb-margin-bottom-large:20px;--awb-spacing-left-large:2.88%;--awb-width-medium:100%;--awb-order-medium:0;--awb-spacing-right-medium:1.92%;--awb-spacing-left-medium:1.92%;--awb-width-small:100%;--awb-order-small:0;--awb-spacing-right-small:1.92%;--awb-spacing-left-small:1.92%;\"><div class=\"fusion-column-wrapper fusion-column-has-shadow fusion-flex-justify-content-center fusion-content-layout-column\"><div class=\"fusion-text fusion-text-47\" style=\"--awb-content-alignment:center;--awb-font-size:24pt;\"><p>Localisation\u00a0du projet : <strong>Iles du Vent, \u00e0 une altitude inf\u00e9rieure \u00e0 500 m\u00e8tres<\/strong><\/p>\n<p>Typologie de la construction\u00a0: <strong>Logement collectif<\/strong><\/p>\n<\/div><\/div><\/div><div class=\"fusion-layout-column fusion_builder_column_inner fusion-builder-nested-column-66 fusion_builder_column_inner_1_1 1_1 fusion-flex-column\" style=\"--awb-bg-size:cover;--awb-width-large:100%;--awb-margin-top-large:0px;--awb-spacing-right-large:1.92%;--awb-margin-bottom-large:20px;--awb-spacing-left-large:1.92%;--awb-width-medium:100%;--awb-order-medium:0;--awb-spacing-right-medium:1.92%;--awb-spacing-left-medium:1.92%;--awb-width-small:100%;--awb-order-small:0;--awb-spacing-right-small:1.92%;--awb-spacing-left-small:1.92%;\"><div class=\"fusion-column-wrapper fusion-column-has-shadow fusion-flex-justify-content-flex-start fusion-content-layout-column\"><div class=\"fusion-separator fusion-full-width-sep\" style=\"align-self: center;margin-left: auto;margin-right: auto;margin-bottom:20px;width:100%;\"><div class=\"fusion-separator-border sep-shadow\" style=\"--awb-height:20px;--awb-amount:20px;background:radial-gradient(ellipse at 50% -50% , #e0dede 0px, rgba(255, 255, 255, 0) 80%) repeat scroll 0 0 rgba(0, 0, 0, 0);background:-webkit-radial-gradient(ellipse at 50% -50% , #e0dede 0px, rgba(255, 255, 255, 0) 80%) repeat scroll 0 0 rgba(0, 0, 0, 0);background:-moz-radial-gradient(ellipse at 50% -50% , #e0dede 0px, rgba(255, 255, 255, 0) 80%) repeat scroll 0 0 rgba(0, 0, 0, 0);background:-o-radial-gradient(ellipse at 50% -50% , #e0dede 0px, rgba(255, 255, 255, 0) 80%) repeat scroll 0 0 rgba(0, 0, 0, 0);\"><\/div><\/div><\/div><\/div><div class=\"fusion-layout-column fusion_builder_column_inner fusion-builder-nested-column-67 fusion_builder_column_inner_1_1 1_1 fusion-flex-column\" style=\"--awb-bg-color:#ffffff;--awb-bg-color-hover:#ffffff;--awb-bg-size:cover;--awb-width-large:100%;--awb-margin-top-large:0px;--awb-spacing-right-large:1.92%;--awb-margin-bottom-large:20px;--awb-spacing-left-large:1.92%;--awb-width-medium:100%;--awb-order-medium:0;--awb-spacing-right-medium:1.92%;--awb-spacing-left-medium:1.92%;--awb-width-small:100%;--awb-order-small:0;--awb-spacing-right-small:1.92%;--awb-spacing-left-small:1.92%;\"><div class=\"fusion-column-wrapper fusion-column-has-shadow fusion-flex-justify-content-flex-start fusion-content-layout-column\"><div class=\"fusion-text fusion-text-48\" style=\"--awb-text-color:#000000;\"><p><strong>Th\u00e9matiques applicables :<\/strong><\/p>\n<\/div><div class=\"accordian fusion-accordian\" style=\"--awb-border-size:1px;--awb-icon-size:13px;--awb-content-font-size:13px;--awb-icon-alignment:left;--awb-hover-color:#f9f9f9;--awb-border-color:#cccccc;--awb-background-color:#ffffff;--awb-divider-color:#e0dede;--awb-divider-hover-color:#e0dede;--awb-icon-color:#ffffff;--awb-title-color:#333333;--awb-content-color:#747474;--awb-icon-box-color:#333333;--awb-toggle-hover-accent-color:#26a147;--awb-title-font-family:&quot;PT Sans&quot;;--awb-title-font-weight:400;--awb-title-font-style:normal;--awb-title-font-size:13px;--awb-content-font-family:&quot;PT Sans&quot;;--awb-content-font-style:normal;--awb-content-font-weight:400;\"><div class=\"panel-group fusion-toggle-icon-boxed\" id=\"accordion-3355-12\"><div class=\"fusion-panel panel-default panel-0cf550899037ded04 fusion-toggle-has-divider\" style=\"--awb-title-color:#333333;--awb-content-color:#747474;\"><div class=\"panel-heading\"><h4 class=\"panel-title toggle\" id=\"toggle_0cf550899037ded04\"><a aria-expanded=\"false\" aria-controls=\"0cf550899037ded04\" role=\"button\" data-toggle=\"collapse\" data-parent=\"#accordion-3355-12\" data-target=\"#0cf550899037ded04\" href=\"#0cf550899037ded04\"><span class=\"fusion-toggle-icon-wrapper\" aria-hidden=\"true\"><i class=\"fa-fusion-box active-icon awb-icon-minus\" aria-hidden=\"true\"><\/i><i class=\"fa-fusion-box inactive-icon awb-icon-plus\" aria-hidden=\"true\"><\/i><\/span><span class=\"fusion-toggle-heading\">Protection solaire de la toiture<\/span><\/a><\/h4><\/div><div id=\"0cf550899037ded04\" class=\"panel-collapse collapse \" aria-labelledby=\"toggle_0cf550899037ded04\"><div class=\"panel-body toggle-content fusion-clearfix\">\n<table style=\"width: 100%;height: 187px\">\n<tbody>\n<tr style=\"height: 187px\">\n<td style=\"height: 187px\"><span style=\"color: #000000\"><strong><span style=\"text-decoration: underline\">Locaux concern\u00e9s<\/span> :<\/strong><\/span><\/p>\n<ul>\n<li>Locaux clos et climatis\u00e9s ou occup\u00e9s (exemples\u00a0: chambre, s\u00e9jour, bureau, \u2026)<\/li>\n<li>Locaux clos non-occup\u00e9s donnant <u>directement<\/u> sur les locaux ci-dessus, hors locaux techniques, stationnements et espaces de stockage non climatis\u00e9s (exemples : sanitaires, salle de bain, buanderie, local poubelle, \u2026)<\/li>\n<\/ul>\n<\/td>\n<td style=\"height: 187px\"><img decoding=\"async\" class=\"alignright wp-image-3430\" src=\"https:\/\/www.service-public.pf\/sde\/wp-content\/uploads\/sites\/15\/2023\/01\/SDE-REBPF-IlluTotales-Logement-Collectif-ProToiture-1.png\" alt=\"\" width=\"300\" height=\"225\" \/><\/td>\n<\/tr>\n<\/tbody>\n<\/table>\n<p style=\"color: #000000\"><strong><span style=\"text-decoration: underline\">Seuils \u00e0 respecter : <\/span><\/strong><\/p>\n<table class=\"table table-bordered\" style=\"width: 100%\">\n<tbody>\n<tr>\n<td style=\"width: 24.0317%\"><strong>Mesure<\/strong><\/td>\n<td style=\"width: 4.78677%\"><strong>Seuil<\/strong><\/td>\n<td style=\"width: 58.7865%\"><strong>Exemples de solutions<\/strong><\/td>\n<\/tr>\n<tr>\n<td style=\"width: 24.0317%\">Facteur solaire maximal de la toiture<\/td>\n<td style=\"width: 4.78677%\">2,5%<\/td>\n<td style=\"width: 58.7865%\">\n<ul>\n<li>Toiture (avec combles) en t\u00f4le de teinte claire avec 3 cm de laine min\u00e9rale minimum<\/li>\n<li>Toiture (avec combles) en t\u00f4le de teinte moyenne avec 5 cm de laine min\u00e9rale minimum<\/li>\n<li>Toiture (avec combles) en t\u00f4le de teinte sombre avec 7,5 cm de laine min\u00e9rale minimum<\/li>\n<li>Toiture terrasse en b\u00e9ton de teinte moyenne avec 6 cm de polystyr\u00e8ne expans\u00e9 minimum<\/li>\n<li>Toiture terrasse en b\u00e9ton avec sur-toiture largement ventil\u00e9e<\/li>\n<\/ul>\n<\/td>\n<\/tr>\n<\/tbody>\n<\/table>\n<p><span style=\"color: #000000\"><strong>Pour plus d\u2019informations sur l\u2019application de la th\u00e9matique, consultez la fiche en question\u00a0:<\/strong><\/span><\/p>\n<ul>\n<li><a href=\"https:\/\/www.service-public.pf\/sde\/wp-content\/uploads\/sites\/15\/2023\/09\/Fiche-02-Protection-solaire-des-parois-opaques-horizontales-Toitures.pdf\">Fiche d\u2019application \u00ab\u00a0Protection solaire de la toiture\u00a0\u00bb<\/a><\/li>\n<\/ul>\n<\/div><\/div><\/div><div class=\"fusion-panel panel-default panel-6c5fb6f27542b12f6 fusion-toggle-has-divider\" style=\"--awb-title-color:#333333;--awb-content-color:#747474;\"><div class=\"panel-heading\"><h4 class=\"panel-title toggle\" id=\"toggle_6c5fb6f27542b12f6\"><a aria-expanded=\"false\" aria-controls=\"6c5fb6f27542b12f6\" role=\"button\" data-toggle=\"collapse\" data-parent=\"#accordion-3355-12\" data-target=\"#6c5fb6f27542b12f6\" href=\"#6c5fb6f27542b12f6\"><span class=\"fusion-toggle-icon-wrapper\" aria-hidden=\"true\"><i class=\"fa-fusion-box active-icon awb-icon-minus\" aria-hidden=\"true\"><\/i><i class=\"fa-fusion-box inactive-icon awb-icon-plus\" aria-hidden=\"true\"><\/i><\/span><span class=\"fusion-toggle-heading\">Protection solaire des fa\u00e7ades (murs et baies)<\/span><\/a><\/h4><\/div><div id=\"6c5fb6f27542b12f6\" class=\"panel-collapse collapse \" aria-labelledby=\"toggle_6c5fb6f27542b12f6\"><div class=\"panel-body toggle-content fusion-clearfix\">\n<table style=\"width: 100%;height: 187px\">\n<tbody>\n<tr style=\"height: 187px\">\n<td style=\"height: 187px\"><span style=\"color: #000000\"><strong><span style=\"text-decoration: underline\">Locaux concern\u00e9s<\/span> :<\/strong><\/span><\/p>\n<ul>\n<li>Locaux clos et climatis\u00e9s ou occup\u00e9s (exemples\u00a0: chambre, s\u00e9jour, bureau, \u2026)<\/li>\n<li>Locaux clos non-occup\u00e9s donnant <u>directement<\/u> sur les locaux ci-dessus, hors locaux techniques, stationnements et espaces de stockage non climatis\u00e9s (exemples : sanitaires, salle de bain, buanderie, local poubelle, \u2026)<\/li>\n<\/ul>\n<\/td>\n<td style=\"height: 187px\"><img decoding=\"async\" class=\"alignright wp-image-3430\" src=\"https:\/\/www.service-public.pf\/sde\/wp-content\/uploads\/sites\/15\/2023\/01\/SDE-REBPF-IlluTotales-Logement-Collectif-ProFacade-1.png\" alt=\"\" width=\"300\" height=\"225\" \/><\/td>\n<\/tr>\n<\/tbody>\n<\/table>\n<p style=\"color: #000000\"><strong><span style=\"text-decoration: underline\">Seuils \u00e0 respecter,\u00a0selon l\u2019orientation des fa\u00e7ades des locaux : <\/span><\/strong><\/p>\n<table style=\"width: 100%;height: 418px\">\n<tbody>\n<tr style=\"height: 10px\">\n<td style=\"height: 10px;text-align: center\" width=\"20%\"><strong>Mesure<\/strong><\/td>\n<td style=\"height: 10px;text-align: center\" width=\"20%\"><strong>Orientation<\/strong><\/td>\n<td style=\"height: 10px;text-align: center\" width=\"5%\"><strong>Seuil<\/strong><\/td>\n<td style=\"height: 10px;text-align: center\" width=\"243%\"><strong>Exemples de solutions<\/strong><\/td>\n<\/tr>\n<tr style=\"height: 80px\">\n<td style=\"height: 136px;text-align: center\" rowspan=\"2\" width=\"20%\">Facteur solaire maximal des murs<\/td>\n<td style=\"height: 80px;text-align: center\" width=\"20%\">Nord, Nord-Est, Nord-Ouest, Est, Ouest<\/td>\n<td style=\"height: 80px;text-align: center\" width=\"5%\">11 %<\/td>\n<td style=\"height: 136px;text-align: center\" rowspan=\"2\" width=\"243%\">Mur de teinte claire, double-peau l\u00e9g\u00e8re de teinte moyenne, mur en b\u00e9ton cellulaire, mur en parpaing de teinte moyenne, mur avec bardage ventil\u00e9, d\u00e9bord de toiture (dimensions \u00e0 calculer en fonction des caract\u00e9ristiques du mur), \u2026<\/td>\n<\/tr>\n<tr style=\"height: 56px\">\n<td style=\"height: 56px;text-align: center\" width=\"20%\">Sud, Sud-Est, Sud-Ouest<\/td>\n<td style=\"height: 56px;text-align: center\" width=\"5%\">12 %<\/td>\n<\/tr>\n<tr style=\"height: 80px\">\n<td style=\"height: 272px;text-align: center\" rowspan=\"4\" width=\"20%\">Facteur solaire maximal des baies<\/td>\n<td style=\"height: 80px;text-align: center\" width=\"20%\">Nord, Nord-Est, Nord-Ouest, Est, Ouest*<\/td>\n<td style=\"height: 80px;text-align: center\" width=\"5%\">50 %<\/td>\n<td style=\"height: 80px;text-align: center\" width=\"243%\">Double vitrage teint\u00e9 ou \u00e0 contr\u00f4le solaire, masque architectural (casquette, brise-soleil, \u2026) \u00e0 dimensionner selon les caract\u00e9ristiques de la baie, lame opaque<\/td>\n<\/tr>\n<tr style=\"height: 56px\">\n<td style=\"height: 56px;text-align: center\" width=\"20%\">Sud-Est, Sud-Ouest*<\/td>\n<td style=\"height: 56px;text-align: center\" width=\"5%\">60 %<\/td>\n<td style=\"height: 112px;text-align: center\" rowspan=\"2\" width=\"243%\">Simple vitrage \u00e0 contr\u00f4le solaire, simple ou double vitrage teint\u00e9, double vitrage clair (au sud seulement), masque architectural (casquette, brise-soleil, \u2026) \u00e0 dimensionner selon les caract\u00e9ristiques de la baie, \u2026<\/td>\n<\/tr>\n<tr style=\"height: 56px\">\n<td style=\"height: 56px;text-align: center\" width=\"20%\">Sud*<\/td>\n<td style=\"height: 56px;text-align: center\" width=\"5%\">70 %<\/td>\n<\/tr>\n<tr style=\"height: 80px\">\n<td style=\"height: 80px;text-align: center\" width=\"20%\">Baie horizontale<\/td>\n<td style=\"height: 80px;text-align: center\" width=\"5%\">45%<\/td>\n<td style=\"height: 80px;text-align: center\" width=\"243%\">Protection solaire compl\u00e9mentaire \u00e0 la baie, \u00e0 dimensionner en fonction du type de vitrage<\/td>\n<\/tr>\n<\/tbody>\n<\/table>\n<p><em><i>* Si le taux de surface de baie en fa\u00e7ade est sup\u00e9rieur \u00e0 70%, le seuil \u00e0 atteindre est alors rabaiss\u00e9 de 5 % (respectivement 45%, 55% et 65%).<\/i><\/em><\/p>\n<p style=\"color: #000000\"><strong>Pour plus d\u2019informations sur l\u2019application des th\u00e9matiques, consultez les fiches en question :<\/strong><\/p>\n<ul>\n<li><a href=\"https:\/\/www.service-public.pf\/sde\/wp-content\/uploads\/sites\/15\/2023\/09\/Fiche-03-Protection-solaire-des-parois-opaques-verticales-Murs.pdf\">Fiche d\u2019application \u00ab Protection solaire des murs \u00bb<\/a><\/li>\n<li><a href=\"https:\/\/www.service-public.pf\/sde\/wp-content\/uploads\/sites\/15\/2023\/09\/Fiche-04-Protection-solaire-des-baies.pdf\">Fiche d\u2019application \u00ab\u00a0Protection solaire des baies \u00bb<\/a><\/li>\n<li><a href=\"https:\/\/www.service-public.pf\/sde\/wp-content\/uploads\/sites\/15\/2023\/06\/Fiche-05-Prise-en-main-de-loutil-Cm-FS.pdf\">Fiche d\u2019application \u00ab\u00a0Outil de calcul pour la protection solaire des fa\u00e7ades \u00bb<\/a><\/li>\n<\/ul>\n<\/div><\/div><\/div><div class=\"fusion-panel panel-default panel-f9faa459473ccb001 fusion-toggle-has-divider\" style=\"--awb-title-color:#333333;--awb-content-color:#747474;\"><div class=\"panel-heading\"><h4 class=\"panel-title toggle\" id=\"toggle_f9faa459473ccb001\"><a aria-expanded=\"false\" aria-controls=\"f9faa459473ccb001\" role=\"button\" data-toggle=\"collapse\" data-parent=\"#accordion-3355-12\" data-target=\"#f9faa459473ccb001\" href=\"#f9faa459473ccb001\"><span class=\"fusion-toggle-icon-wrapper\" aria-hidden=\"true\"><i class=\"fa-fusion-box active-icon awb-icon-minus\" aria-hidden=\"true\"><\/i><i class=\"fa-fusion-box inactive-icon awb-icon-plus\" aria-hidden=\"true\"><\/i><\/span><span class=\"fusion-toggle-heading\">Ventilation naturelle<\/span><\/a><\/h4><\/div><div id=\"f9faa459473ccb001\" class=\"panel-collapse collapse \" aria-labelledby=\"toggle_f9faa459473ccb001\"><div class=\"panel-body toggle-content fusion-clearfix\">\n<table style=\"width: 100%\">\n<tbody>\n<tr>\n<td style=\"width: 74.9588%\"><span style=\"text-decoration: underline;color: #000000\"><strong>Locaux concern\u00e9s :<\/strong><\/span><\/p>\n<ul>\n<li>S\u00e9jour<\/li>\n<li>Chambre<\/li>\n<\/ul>\n<\/td>\n<td style=\"width: 120.451%\"><strong><img decoding=\"async\" class=\"alignright wp-image-3439 size-medium\" src=\"https:\/\/www.service-public.pf\/sde\/wp-content\/uploads\/sites\/15\/2023\/01\/SDE-REBPF-IlluTotales-Logement-Collectif-Ventilation-1.png\" alt=\"\" width=\"300\" height=\"225\" \/><\/strong><\/td>\n<\/tr>\n<\/tbody>\n<\/table>\n<p style=\"text-decoration: underline;color: #000000\"><strong>Seuils, r\u00e8gles de conception et caract\u00e9ristiques techniques \u00e0 respecter :<\/strong><\/p>\n<table class=\"table table-bordered\" style=\"width: 98.0591%\">\n<tbody>\n<tr>\n<td style=\"width: 19.0429%\" width=\"217\"><strong><b>Mesure<\/b><\/strong><\/td>\n<td style=\"width: 11.259%\" width=\"113\"><strong><b>Seuil<\/b><\/strong><\/td>\n<td style=\"width: 34.2814%\" width=\"340\"><strong><b>R\u00e8gle de conception<\/b><\/strong><\/td>\n<td style=\"width: 39.8674%\" width=\"359\"><strong><b>Exemples de solutions<\/b><\/strong><\/td>\n<\/tr>\n<tr>\n<td style=\"width: 19.0429%\" width=\"217\">Ventilation naturelle traversante<\/td>\n<td style=\"width: 45.5404%\" colspan=\"2\" width=\"453\">La pi\u00e8ce poss\u00e8de au minimum deux ouvertures situ\u00e9es sur deux fa\u00e7ades diff\u00e9rentes. Soit ces deux ouvertures donnent directement sur l\u2019ext\u00e9rieur.<br \/>\nSoit une seule ouverture donne directement sur l\u2019ext\u00e9rieur et la seconde donne sur une autre pi\u00e8ce dont au moins une ouverture se trouve sur une fa\u00e7ade d\u2019orientation diff\u00e9rente et donne directement sur l\u2019ext\u00e9rieur.<\/td>\n<td style=\"width: 39.8674%\" width=\"359\">\n<ul>\n<li>Chambre avec deux fen\u00eatres donnant sur l\u2019ext\u00e9rieur et positionn\u00e9es sur des fa\u00e7ades diff\u00e9rentes<\/li>\n<li>Chambre avec une ouverture sur l\u2019ext\u00e9rieur et une porte donnant sur le s\u00e9jour dont l\u2019ouverture sur l\u2019ext\u00e9rieur est situ\u00e9e sur une fa\u00e7ade d\u2019orientation diff\u00e9rente<\/li>\n<\/ul>\n<\/td>\n<\/tr>\n<tr>\n<td style=\"width: 19.0429%\" width=\"217\">Porosit\u00e9 minimale des locaux<\/td>\n<td style=\"width: 11.259%\" width=\"113\">Chambre\u00a0: 10 %<\/p>\n<p>S\u00e9jour\u00a0: 10 %<\/td>\n<td style=\"width: 34.2814%\" width=\"340\">La porosit\u00e9 correspond \u00e0 la surface totale des ouvertures libres donnant sur l\u2019ext\u00e9rieur divis\u00e9e par la surface de plancher de la pi\u00e8ce<\/td>\n<td style=\"width: 39.8674%\" width=\"359\">Pour une chambre de 9 m\u00b2 :<\/p>\n<ul>\n<li>Mise en place d\u2019une fen\u00eatre coulissante \u00e0 double vantaux de 1,6 m par 1,15 m<\/li>\n<li>Mise en place d\u2019une fen\u00eatre \u00e0 jalousies de dimensions 1,2 m par 1,15 m<\/li>\n<\/ul>\n<p>Pour une chambre de 12 m\u00b2\u00a0:<\/p>\n<ul>\n<li>Mise en place d\u2019une fen\u00eatre coulissante \u00e0 double vantaux de 1,9 m par 1,3 m<\/li>\n<li>Mise en place d\u2019une fen\u00eatre \u00e0 jalousies de dimensions 1,6 m par 1,15 m<\/li>\n<\/ul>\n<\/td>\n<\/tr>\n<\/tbody>\n<\/table>\n<p style=\"color: #000000\"><span style=\"color: #000000\"><strong><u>Cas d\u00e9rogatoire\u00a0:<\/u><\/strong><\/span><\/p>\n<p>Si un logement est situ\u00e9 sur un niveau de b\u00e2timent dont une ou plusieurs fa\u00e7ades sont construites en mitoyennet\u00e9 avec un b\u00e2timent ou un relief montagneux sur plus de 30% du lin\u00e9aire p\u00e9riph\u00e9rique des fa\u00e7ades du b\u00e2timent, ou s\u2019il se situe dans un b\u00e2timent class\u00e9 comme immeuble de grande hauteur (IGH), il est exempt\u00e9 de cette obligation. Cependant, en mesure compensatoire, les pi\u00e8ces concern\u00e9es devront \u00eatre \u00e9quip\u00e9es d\u2019un brasseur d\u2019air.<\/p>\n<p style=\"color: #000000\"><strong>Pour plus d\u2019informations sur l\u2019application de la th\u00e9matique, consultez la fiche en question\u00a0:<\/strong><\/p>\n<ul>\n<li><a href=\"https:\/\/www.service-public.pf\/sde\/wp-content\/uploads\/sites\/15\/2023\/09\/Fiche-06-Ventilation-naturelle.pdf\">Fiche d\u2019application \u00ab\u00a0Ventilation naturelle\u00a0\u00bb<\/a><\/li>\n<\/ul>\n<\/div><\/div><\/div><div class=\"fusion-panel panel-default panel-32a36a8c164802eb6 fusion-toggle-has-divider\" style=\"--awb-title-color:#333333;--awb-content-color:#747474;\"><div class=\"panel-heading\"><h4 class=\"panel-title toggle\" id=\"toggle_32a36a8c164802eb6\"><a aria-expanded=\"false\" aria-controls=\"32a36a8c164802eb6\" role=\"button\" data-toggle=\"collapse\" data-parent=\"#accordion-3355-12\" data-target=\"#32a36a8c164802eb6\" href=\"#32a36a8c164802eb6\"><span class=\"fusion-toggle-icon-wrapper\" aria-hidden=\"true\"><i class=\"fa-fusion-box active-icon awb-icon-minus\" aria-hidden=\"true\"><\/i><i class=\"fa-fusion-box inactive-icon awb-icon-plus\" aria-hidden=\"true\"><\/i><\/span><span class=\"fusion-toggle-heading\">Brasseur d\u2019air<\/span><\/a><\/h4><\/div><div id=\"32a36a8c164802eb6\" class=\"panel-collapse collapse \" aria-labelledby=\"toggle_32a36a8c164802eb6\"><div class=\"panel-body toggle-content fusion-clearfix\">\n<p><span style=\"color: #000000\"><strong>Cette disposition est applicable si, et seulement si, les pi\u00e8ces du logement s\u2019inscrivent dans un des cas d\u00e9rogatoires de ventilation naturelle pr\u00e9vu par la r\u00e9glementation.<\/strong><\/span><\/p>\n<table style=\"width: 100%\">\n<tbody>\n<tr>\n<td style=\"width: 74.9588%\"><span style=\"text-decoration: underline;color: #000000\"><strong>Locaux concern\u00e9s :<\/strong><\/span><\/p>\n<ul>\n<li>S\u00e9jour<\/li>\n<li>Chambre<\/li>\n<\/ul>\n<\/td>\n<td style=\"width: 120.451%\"><strong><img decoding=\"async\" class=\"alignright wp-image-3439 size-medium\" src=\"https:\/\/www.service-public.pf\/sde\/wp-content\/uploads\/sites\/15\/2023\/01\/SDE-REBPF-IlluTotales-Logement-Collectif-Brasseurs.png\" alt=\"\" width=\"300\" height=\"225\" \/><\/strong><\/td>\n<\/tr>\n<\/tbody>\n<\/table>\n<p style=\"text-decoration: underline;color: #000000\"><strong>Seuils, r\u00e8gles de conception et caract\u00e9ristiques techniques \u00e0 respecter :<\/strong><\/p>\n<table class=\"table table-bordered\" style=\"width: 98.0591%\">\n<tbody>\n<tr>\n<td style=\"width: 11.0537%\" width=\"217\"><strong><b>Mesure<\/b><\/strong><\/td>\n<td style=\"width: 29.1226%\" width=\"113\"><strong><b>Seuil<\/b><\/strong><\/td>\n<td style=\"width: 43.7069%\" width=\"340\"><strong><b>R\u00e8gle de conception<\/b><\/strong><\/td>\n<td style=\"width: 20.5676%\" width=\"359\"><strong><b>Exemples de solutions<\/b><\/strong><\/td>\n<\/tr>\n<tr>\n<td style=\"width: 11.0537%\" width=\"217\">Brasseurs d\u2019air<\/td>\n<td style=\"width: 29.1226%\" width=\"113\">S\u00e9jour et chambre\u00a0: 1 brasseur d\u2019air au plafond par pi\u00e8ce<\/td>\n<td style=\"width: 43.7069%\" width=\"340\">Caract\u00e9ristiques techniques \u00e0 respecter\u00a0:<\/p>\n<ul>\n<li>Diam\u00e8tre de 120 cm minimum<\/li>\n<li>Efficacit\u00e9 \u00e9nerg\u00e9tique en vitesse maximum de 120 m3 minimum d\u2019air brass\u00e9 par Wh consomm\u00e9<\/li>\n<li>3 vitesses minimum<\/li>\n<\/ul>\n<\/td>\n<td style=\"width: 20.5676%\" width=\"359\">\n<p style=\"text-align: center\">-<\/p>\n<\/td>\n<\/tr>\n<\/tbody>\n<\/table>\n<p><span style=\"color: #000000\"><strong>Pour plus d\u2019informations sur l\u2019application de la th\u00e9matique, consultez la fiche en question\u00a0:<\/strong><\/span><\/p>\n<ul>\n<li><a href=\"https:\/\/www.service-public.pf\/sde\/wp-content\/uploads\/sites\/15\/2023\/06\/Fiche-07-Brasseurs-dair.pdf\">Fiche d\u2019application \u00ab\u00a0Brasseurs d\u2019air\u00a0\u00bb<\/a><\/li>\n<\/ul>\n<\/div><\/div><\/div><div class=\"fusion-panel panel-default panel-7b5b004a8e85b3c77 fusion-toggle-has-divider\" style=\"--awb-title-color:#333333;--awb-content-color:#747474;\"><div class=\"panel-heading\"><h4 class=\"panel-title toggle\" id=\"toggle_7b5b004a8e85b3c77\"><a aria-expanded=\"false\" aria-controls=\"7b5b004a8e85b3c77\" role=\"button\" data-toggle=\"collapse\" data-parent=\"#accordion-3355-12\" data-target=\"#7b5b004a8e85b3c77\" href=\"#7b5b004a8e85b3c77\"><span class=\"fusion-toggle-icon-wrapper\" aria-hidden=\"true\"><i class=\"fa-fusion-box active-icon awb-icon-minus\" aria-hidden=\"true\"><\/i><i class=\"fa-fusion-box inactive-icon awb-icon-plus\" aria-hidden=\"true\"><\/i><\/span><span class=\"fusion-toggle-heading\">Eau chaude solaire<\/span><\/a><\/h4><\/div><div id=\"7b5b004a8e85b3c77\" class=\"panel-collapse collapse \" aria-labelledby=\"toggle_7b5b004a8e85b3c77\"><div class=\"panel-body toggle-content fusion-clearfix\">\n<table style=\"width: 100%\">\n<tbody>\n<tr>\n<td style=\"width: 74.9588%\"><span style=\"text-decoration: underline;color: #000000\"><strong>Locaux concern\u00e9s :<\/strong><\/span><\/p>\n<p>La th\u00e9matique s\u2019applique \u00e0 l\u2019ensemble des logements. N\u00e9anmoins, la r\u00e9ponse apport\u00e9e peut se faire \u00e0 l\u2019\u00e9chelle du logement (installation individuelle) ou du b\u00e2timent (installation collective).<\/td>\n<td style=\"width: 120.451%\"><strong><img decoding=\"async\" class=\"alignright wp-image-3439 size-medium\" src=\"https:\/\/www.service-public.pf\/sde\/wp-content\/uploads\/sites\/15\/2023\/01\/SDE-REBPF-IlluTotales-Logement-Collectif-ChauffeEau.png\" alt=\"\" width=\"300\" height=\"225\" \/><\/strong><\/td>\n<\/tr>\n<\/tbody>\n<\/table>\n<p style=\"text-decoration: underline;color: #000000\"><strong>Seuils, r\u00e8gles de conception et caract\u00e9ristiques techniques \u00e0 respecter :<\/strong><\/p>\n<p style=\"color: #747474\"><span style=\"color: #000000\">Les seuils et r\u00e8gles varient en fonction du type de syst\u00e8me retenu.<\/span><\/p>\n<table class=\"table table-bordered\" style=\"width: 98.0591%\">\n<tbody>\n<tr>\n<td style=\"width: 11.0537%\" width=\"217\"><span style=\"color: #000000\"><strong><b>Syst\u00e8me<\/b><\/strong><\/span><\/td>\n<td style=\"width: 39.1765%\" width=\"113\"><span style=\"color: #000000\"><strong><b>Seuil<\/b><\/strong><\/span><\/td>\n<td style=\"width: 14.1736%\" width=\"340\"><span style=\"color: #000000\"><strong><b>R\u00e8gle de conception<\/b><\/strong><\/span><\/td>\n<td style=\"width: 40.047%\" width=\"359\"><span style=\"color: #000000\"><strong><b>Exemples de solutions<\/b><\/strong><\/span><\/td>\n<\/tr>\n<tr>\n<td style=\"width: 11.0537%\" width=\"217\">Chauffe-eau solaire individuel (CESI)<\/td>\n<td style=\"width: 39.1765%\" width=\"113\">Le seuil porte sur le volume minimum du ballon d\u2019eau chaude :<\/p>\n<ul>\n<li>T1 ou chambre d\u2019h\u00f4tel individuelle : chauffe-eau individuel solaire avec un r\u00e9servoir minimum de 100 litres\u00a0;<\/li>\n<li>T2-T3 : chauffe-eau individuel solaire avec un r\u00e9servoir minimum de 200 litres\u00a0;<\/li>\n<li>T4-T5 : chauffe-eau individuel solaire avec un r\u00e9servoir minimum de 300 litres ;<\/li>\n<li>T6 et + : chauffe-eau individuel solaire avec un r\u00e9servoir minimum de 400 litres.<\/li>\n<\/ul>\n<\/td>\n<td style=\"width: 14.1736%\" width=\"340\">\n<p style=\"text-align: center\">-<\/p>\n<\/td>\n<td style=\"width: 40.047%\" width=\"359\">Cas d\u2019un logement collectif compos\u00e9 de 12 logements de type T3, de 12 logements de type T4 et de 6 logements de type T5<\/p>\n<ul>\n<li>Pour les T3 : un CESI par logement avec un ballon de stockage de 200L ou plus (250L, 300L, \u2026) ;<\/li>\n<li>Pour les T4 et T5 : un CESI par logement avec un ballon de stockage de 300L ou plus (350L, 400L, \u2026).<\/li>\n<\/ul>\n<\/td>\n<\/tr>\n<tr>\n<td style=\"width: 11.0537%\" width=\"217\">Chauffe-eau solaire collectif (CESC)<\/td>\n<td style=\"width: 39.1765%\" width=\"113\">Pour une temp\u00e9rature d\u2019eau chaude de 60 degr\u00e9s Celsius\u00a0:<\/p>\n<ul>\n<li>Taux de couverture de 60 % minimum des besoins \u00e9nerg\u00e9tiques en eau chaude du b\u00e2timent ;<\/li>\n<li>Productivit\u00e9 solaire minimale de 450 kWh\/m\u00b2capteur\/an pour une temp\u00e9rature.<\/li>\n<\/ul>\n<\/td>\n<td style=\"width: 14.1736%\" width=\"340\">Conf\u00e8re fiche d\u2019application<\/td>\n<td style=\"width: 40.047%\" width=\"359\">Cas d\u2019un logement collectif compos\u00e9 de 12 logements de type T3, de 12 logements de type T4 et de 6 logements de type T5\u00a0:<\/p>\n<ul>\n<li>35 m\u00b2 de panneaux solaires permettent de couvrir 72% des besoins pour une productivit\u00e9 solaire utile de 850 kWh\/m\u00b2\/an ;<\/li>\n<li>45 m\u00b2 de panneaux solaires permettent de couvrir 82% des besoins pour une productivit\u00e9 solaire utile de 750 kWh\/m\u00b2\/an.<\/li>\n<\/ul>\n<\/td>\n<\/tr>\n<\/tbody>\n<\/table>\n<p><span style=\"color: #000000\"><strong><u>Cas d\u00e9rogatoires :<\/u><\/strong><\/span><\/p>\n<ol>\n<li>Concernant l\u2019installation de chauffe-eaux solaires<\/li>\n<\/ol>\n<p>Pour les b\u00e2timents de logements collectifs \u00e9quip\u00e9s de chauffe-eaux solaires individuels (CESI), si le nombre de niveaux est sup\u00e9rieur \u00e0 4, alors l\u2019obligation d\u2019installer des chauffe-eaux solaires et les exigences pour les installations individuelles doivent \u00eatre respect\u00e9es au minimum pour les 4 derniers niveaux. Ainsi, dans notre exemple, si le projet de logements collectifs est un R+5, il est possible de ne pas \u00e9quiper le rez-de-chauss\u00e9e de chauffe-eaux solaires.<\/p>\n<ol start=\"2\">\n<li>Concernant les performances de l\u2019installation<\/li>\n<\/ol>\n<p>Si le b\u00e2timent pr\u00e9sente une surface de toiture insuffisante pour permettre l\u2019installation de chauffe-eaux solaires conforme aux objectifs de performance\u00a0ou si les masques solaires proches sont trop importants pour cela, il est possible de d\u00e9roger aux seuils indiqu\u00e9s ci-dessus en dimensionnant toutefois l\u2019installation pour qu\u2019elle pr\u00e9sente un taux de couverture maximum et une productivit\u00e9 maximum au regard du contexte de mise en \u0153uvre.<\/p>\n<p>Si le projet s\u2019inscrit dans ce cas d\u00e9rogatoire, le recours \u00e0 cette d\u00e9rogation doit \u00eatre justifi\u00e9 et argument\u00e9 techniquement, tout comme le dimensionnement final de l\u2019installation.<\/p>\n<p style=\"color: #000\"><span style=\"color: #000000\"><strong>Pour plus d\u2019informations sur l\u2019application de la th\u00e9matique, consultez la fiche en question\u00a0:<\/strong><\/span><\/p>\n<ul>\n<li><a href=\"https:\/\/www.service-public.pf\/sde\/wp-content\/uploads\/sites\/15\/2023\/06\/Fiche-08-Eau-chaude-solaire.pdf\">Fiche d\u2019application \u00ab\u00a0Eau chaude solaire\u00a0\u00bb<\/a><\/li>\n<\/ul>\n<\/div><\/div><\/div><div class=\"fusion-panel panel-default panel-612a1dc828bced1ba fusion-toggle-has-divider\" style=\"--awb-title-color:#333333;--awb-content-color:#747474;\"><div class=\"panel-heading\"><h4 class=\"panel-title toggle\" id=\"toggle_612a1dc828bced1ba\"><a aria-expanded=\"false\" aria-controls=\"612a1dc828bced1ba\" role=\"button\" data-toggle=\"collapse\" data-parent=\"#accordion-3355-12\" data-target=\"#612a1dc828bced1ba\" href=\"#612a1dc828bced1ba\"><span class=\"fusion-toggle-icon-wrapper\" aria-hidden=\"true\"><i class=\"fa-fusion-box active-icon awb-icon-minus\" aria-hidden=\"true\"><\/i><i class=\"fa-fusion-box inactive-icon awb-icon-plus\" aria-hidden=\"true\"><\/i><\/span><span class=\"fusion-toggle-heading\">Climatisation performante<\/span><\/a><\/h4><\/div><div id=\"612a1dc828bced1ba\" class=\"panel-collapse collapse \" aria-labelledby=\"toggle_612a1dc828bced1ba\"><div class=\"panel-body toggle-content fusion-clearfix\">\n<p><span style=\"color: #000000\"><strong>Cette disposition est applicable si, et seulement si, la climatisation est install\u00e9e\u00a0!\u00a0<\/strong><\/span><\/p>\n<table style=\"width: 100%\">\n<tbody>\n<tr>\n<td style=\"width: 74.9588%\"><span style=\"text-decoration: underline;color: #000000\"><strong>Locaux concern\u00e9s :<\/strong><\/span><\/p>\n<ul>\n<li>S\u00e9jour<\/li>\n<li>Chambres<\/li>\n<\/ul>\n<\/td>\n<td style=\"width: 120.451%\"><strong><img decoding=\"async\" class=\"alignright wp-image-3439 size-medium\" src=\"https:\/\/www.service-public.pf\/sde\/wp-content\/uploads\/sites\/15\/2023\/01\/SDE-REBPF-IlluTotales-Logement-Collectif-Climatisation-1.png\" alt=\"\" width=\"300\" height=\"225\" \/><\/strong><\/td>\n<\/tr>\n<\/tbody>\n<\/table>\n<p style=\"text-decoration: underline;color: #000000\"><strong>Seuils, r\u00e8gles de conception et caract\u00e9ristiques techniques \u00e0 respecter :<\/strong><\/p>\n<table class=\"table table-bordered\">\n<tbody>\n<tr>\n<td width=\"217\"><strong><b>Mesure<\/b><\/strong><\/td>\n<td width=\"113\"><strong><b>Seuil<\/b><\/strong><\/td>\n<td width=\"340\"><strong><b>R\u00e8gle de conception<\/b><\/strong><\/td>\n<td width=\"359\"><strong><b>Exemples de solutions<\/b><\/strong><\/td>\n<\/tr>\n<tr>\n<td rowspan=\"2\" width=\"254\">Efficacit\u00e9 \u00e9nerg\u00e9tique minimale (EER)<\/td>\n<td width=\"113\">Installation individuelle<\/td>\n<td width=\"425\">EER minimum de\u00a0:<\/p>\n<ul>\n<li>3,2 pour un climatiseur d\u2019une puissance inf\u00e9rieure \u00e0 21 000 BTU\/h<\/li>\n<li>3 pour un climatiseur d\u2019une puissance sup\u00e9rieure ou \u00e9gale \u00e0 21 000 BTU\/h<\/li>\n<\/ul>\n<\/td>\n<td rowspan=\"2\" width=\"207\">-<\/td>\n<\/tr>\n<tr>\n<td width=\"85\">Installation centralis\u00e9e<\/td>\n<td width=\"113\">EER minimum de\u00a0:<\/p>\n<ul>\n<li>3,7 pour une installation de type \u00ab DRV \u00bb ou \u00ab VRV \u00bb<\/li>\n<li>3 pour une installation de type \u00ab eau glac\u00e9e \u00bb<\/li>\n<\/ul>\n<\/td>\n<\/tr>\n<\/tbody>\n<\/table>\n<p><span style=\"color: #000000\"><strong>Pour plus d\u2019informations sur l\u2019application de la th\u00e9matique, consultez la fiche en question\u00a0:<\/strong><\/span><\/p>\n<ul>\n<li><a href=\"https:\/\/www.service-public.pf\/sde\/wp-content\/uploads\/sites\/15\/2023\/06\/Fiche-09-Climatisation.pdf\">Fiche d\u2019application \u00ab\u00a0Climatisation\u00a0\u00bb<\/a><\/li>\n<\/ul>\n<\/div><\/div><\/div><\/div><\/div><div class=\"fusion-text fusion-text-49\" style=\"--awb-margin-top:10px;\"><p><span style=\"color: #000000\"><strong>Informations relatives aux demandes de permis de construire et au certificat de conformit\u00e9<\/strong><\/span><\/p>\n<p>Le p\u00e9titionnaire remplit les nouveaux formulaires de demande de permis de construire et de certificat de conformit\u00e9 de la DCA qui int\u00e8grent la d\u00e9claration du respect de la r\u00e9glementation.<\/p>\n<p><strong>Si les surfaces de plancher construites cumul\u00e9es* sont sup\u00e9rieures \u00e0 250 m\u00b2 de plancher, les demandes de permis de construire et de certificat de conformit\u00e9 doivent \u00eatre accompagn\u00e9es de l\u2019avis d\u2019un organisme agr\u00e9\u00e9<\/strong><\/p>\n<ul>\n<li><a href=\"https:\/\/www.service-public.pf\/sde\/organismes-agrees\/\">Parcourir la page d\u00e9di\u00e9e aux organismes agr\u00e9\u00e9s<\/a><\/li>\n<\/ul>\n<p><em><span style=\"font-size: 10pt\">* Les surfaces de plancher \u00e0 consid\u00e9rer sont celles de n\u2019importe quel b\u00e2timent neuf rattach\u00e9 au projet de construction, d\u00e8s lors que la typologie associ\u00e9e est bureaux, enseignement, \u00e9tablissement de soin, h\u00f4tellerie ou logement collectif.<\/span><\/em><\/p>\n<p><span style=\"color: #000000\"><strong>Informations sur les dispositions applicables \u00e0 la typologie <\/strong>(ne consulter que les rubriques des th\u00e9matiques concernant le projet de construction)<strong>\u00a0:<\/strong><\/span><\/p>\n<ul>\n<li><a href=\"https:\/\/www.service-public.pf\/sde\/wp-content\/uploads\/sites\/15\/2023\/04\/REPBF_Depliants_LogementCollectif_Pages-V2.pdf\">D\u00e9pliant \u00ab\u00a0Logement collectif\u00a0\u00bb<\/a><\/li>\n<\/ul>\n<\/div><\/div><\/div><\/div><\/div><\/div><div class=\"fusion-layout-column fusion_builder_column fusion-builder-column-21 fusion_builder_column_4_5 4_5 fusion-flex-column vct_idv_inf500_content\" style=\"--awb-bg-size:cover;--awb-width-large:80%;--awb-flex-grow:0;--awb-flex-shrink:0;--awb-margin-top-large:0px;--awb-spacing-right-large:2.4%;--awb-margin-bottom-large:20px;--awb-spacing-left-large:2.4%;--awb-width-medium:100%;--awb-order-medium:0;--awb-flex-grow-medium:0;--awb-flex-shrink-medium:0;--awb-spacing-right-medium:1.92%;--awb-spacing-left-medium:1.92%;--awb-width-small:100%;--awb-order-small:0;--awb-flex-grow-small:0;--awb-flex-shrink-small:0;--awb-spacing-right-small:1.92%;--awb-spacing-left-small:1.92%;\" id=\"vct_idv_inf500_batimentdebureaux_content\"><div class=\"fusion-column-wrapper fusion-column-has-shadow fusion-flex-justify-content-flex-start fusion-content-layout-column\"><div class=\"fusion-title title fusion-title-16 fusion-sep-none fusion-title-center fusion-title-text fusion-title-size-two hidden\" style=\"--awb-margin-top-small:0px;--awb-margin-right-small:0px;--awb-margin-bottom-small:20px;--awb-margin-left-small:0px;\"><h2 class=\"fusion-title-heading title-heading-center\" style=\"margin:0;\">Protection solaire de la toiture \/ Protection solaire des murs \/ Protection solaire des baies \/ Climatisation BUREAU + D\u00e9pliant bureaux + Fiche d'information bureaux + Formulaire 2-IDV<\/h2><\/div><div class=\"fusion-text fusion-text-50 vct_description_typologie\"><p>Il s\u2019agit d\u2019un b\u00e2timent ou d\u2019une partie de b\u00e2timent \u00e0 usage de bureaux, banque, administration,<br \/>\nespace de coworking comprenant \u00e9galement leurs locaux accessoires (sanitaires, salles de r\u00e9union,<br \/>\ncaf\u00e9taria, \u2026).<\/p>\n<p><em>A noter que le ou les locaux de bureaux qui se rattachent \u00e0 une autre destination ne sont pas associ\u00e9s<\/em><br \/>\n<em>\u00e0 la typologie \u00ab bureaux \u00bb mais \u00e0 la typologie du b\u00e2timent ou de la partie de b\u00e2timent. Par exemple,<\/em><br \/>\n<em>le bureau d\u2019un garage automobile est associ\u00e9 au garage, qui ne correspond pas \u00e0 une typologie<\/em><br \/>\n<em>particuli\u00e8re et correspond donc \u00e0 la section \u00ab\u00a0autre b\u00e2timent\u00a0\u00bb. M\u00eame chose pour un bureau<\/em><br \/>\n<em>administratif d\u2019une salle de sport.<\/em><\/p>\n<\/div><div class=\"fusion-builder-row fusion-builder-row-inner fusion-row fusion-flex-align-items-center fusion-flex-justify-content-center fusion-flex-content-wrap\" style=\"--awb-flex-grow:0;--awb-flex-grow-medium:0;--awb-flex-grow-small:0;--awb-flex-shrink:0;--awb-flex-shrink-medium:0;--awb-flex-shrink-small:0;width:104% !important;max-width:104% !important;margin-left: calc(-4% \/ 2 );margin-right: calc(-4% \/ 2 );\"><div class=\"fusion-layout-column fusion_builder_column_inner fusion-builder-nested-column-68 fusion_builder_column_inner_1_1 1_1 fusion-flex-column\" style=\"--awb-bg-size:cover;--awb-width-large:100%;--awb-margin-top-large:0px;--awb-spacing-right-large:1.92%;--awb-margin-bottom-large:20px;--awb-spacing-left-large:1.92%;--awb-width-medium:100%;--awb-order-medium:0;--awb-spacing-right-medium:1.92%;--awb-spacing-left-medium:1.92%;--awb-width-small:100%;--awb-order-small:0;--awb-spacing-right-small:1.92%;--awb-spacing-left-small:1.92%;\"><div class=\"fusion-column-wrapper fusion-column-has-shadow fusion-flex-justify-content-flex-start fusion-content-layout-column\"><div class=\"fusion-separator fusion-full-width-sep\" style=\"align-self: center;margin-left: auto;margin-right: auto;width:100%;\"><div class=\"fusion-separator-border sep-shadow\" style=\"--awb-height:20px;--awb-amount:20px;background:radial-gradient(ellipse at 50% -50% , #e0dede 0px, rgba(255, 255, 255, 0) 80%) repeat scroll 0 0 rgba(0, 0, 0, 0);background:-webkit-radial-gradient(ellipse at 50% -50% , #e0dede 0px, rgba(255, 255, 255, 0) 80%) repeat scroll 0 0 rgba(0, 0, 0, 0);background:-moz-radial-gradient(ellipse at 50% -50% , #e0dede 0px, rgba(255, 255, 255, 0) 80%) repeat scroll 0 0 rgba(0, 0, 0, 0);background:-o-radial-gradient(ellipse at 50% -50% , #e0dede 0px, rgba(255, 255, 255, 0) 80%) repeat scroll 0 0 rgba(0, 0, 0, 0);\"><\/div><\/div><\/div><\/div><div class=\"fusion-layout-column fusion_builder_column_inner fusion-builder-nested-column-69 fusion_builder_column_inner_1_3 1_3 fusion-flex-column\" style=\"--awb-bg-size:cover;--awb-width-large:33.333333333333%;--awb-margin-top-large:0px;--awb-spacing-right-large:2vw;--awb-margin-bottom-large:20px;--awb-spacing-left-large:5.76%;--awb-width-medium:100%;--awb-order-medium:0;--awb-spacing-right-medium:1.92%;--awb-spacing-left-medium:1.92%;--awb-width-small:100%;--awb-order-small:0;--awb-spacing-right-small:1.92%;--awb-spacing-left-small:1.92%;\"><div class=\"fusion-column-wrapper fusion-column-has-shadow fusion-flex-justify-content-flex-start fusion-content-layout-column\"><div class=\"fusion-image-element \" style=\"text-align:right;--awb-max-width:450px;--awb-caption-title-font-family:var(--h2_typography-font-family);--awb-caption-title-font-weight:var(--h2_typography-font-weight);--awb-caption-title-font-style:var(--h2_typography-font-style);--awb-caption-title-size:var(--h2_typography-font-size);--awb-caption-title-transform:var(--h2_typography-text-transform);--awb-caption-title-line-height:var(--h2_typography-line-height);--awb-caption-title-letter-spacing:var(--h2_typography-letter-spacing);\"><span class=\" fusion-imageframe imageframe-none imageframe-13 hover-type-none\"><img decoding=\"async\" width=\"300\" height=\"225\" title=\"SDE REBPF IlluTotales Bureau\" src=\"https:\/\/www.service-public.pf\/sde\/wp-content\/uploads\/sites\/15\/2023\/01\/SDE-REBPF-IlluTotales-Bureau-300x225.png\" alt class=\"img-responsive wp-image-3431\" srcset=\"https:\/\/www.service-public.pf\/sde\/wp-content\/uploads\/sites\/15\/2023\/01\/SDE-REBPF-IlluTotales-Bureau-200x150.png 200w, https:\/\/www.service-public.pf\/sde\/wp-content\/uploads\/sites\/15\/2023\/01\/SDE-REBPF-IlluTotales-Bureau-400x300.png 400w, https:\/\/www.service-public.pf\/sde\/wp-content\/uploads\/sites\/15\/2023\/01\/SDE-REBPF-IlluTotales-Bureau-600x450.png 600w, https:\/\/www.service-public.pf\/sde\/wp-content\/uploads\/sites\/15\/2023\/01\/SDE-REBPF-IlluTotales-Bureau-800x600.png 800w, https:\/\/www.service-public.pf\/sde\/wp-content\/uploads\/sites\/15\/2023\/01\/SDE-REBPF-IlluTotales-Bureau-1200x900.png 1200w, https:\/\/www.service-public.pf\/sde\/wp-content\/uploads\/sites\/15\/2023\/01\/SDE-REBPF-IlluTotales-Bureau.png 1453w\" sizes=\"(max-width: 1024px) 100vw, (max-width: 640px) 100vw, 800px\" \/><\/span><\/div><\/div><\/div><div class=\"fusion-layout-column fusion_builder_column_inner fusion-builder-nested-column-70 fusion_builder_column_inner_2_3 2_3 fusion-flex-column\" style=\"--awb-bg-size:cover;--awb-width-large:66.666666666667%;--awb-margin-top-large:0px;--awb-spacing-right-large:2.88%;--awb-margin-bottom-large:20px;--awb-spacing-left-large:2.88%;--awb-width-medium:100%;--awb-order-medium:0;--awb-spacing-right-medium:1.92%;--awb-spacing-left-medium:1.92%;--awb-width-small:100%;--awb-order-small:0;--awb-spacing-right-small:1.92%;--awb-spacing-left-small:1.92%;\"><div class=\"fusion-column-wrapper fusion-column-has-shadow fusion-flex-justify-content-center fusion-content-layout-column\"><div class=\"fusion-text fusion-text-51\" style=\"--awb-content-alignment:center;--awb-font-size:24pt;\"><p>Localisation\u00a0du projet : <strong>Iles du Vent, \u00e0 une altitude inf\u00e9rieure \u00e0 500 m\u00e8tres<\/strong><\/p>\n<p>Typologie de la construction\u00a0: <strong>Bureaux<\/strong><\/p>\n<\/div><\/div><\/div><div class=\"fusion-layout-column fusion_builder_column_inner fusion-builder-nested-column-71 fusion_builder_column_inner_1_1 1_1 fusion-flex-column\" style=\"--awb-bg-size:cover;--awb-width-large:100%;--awb-margin-top-large:0px;--awb-spacing-right-large:1.92%;--awb-margin-bottom-large:20px;--awb-spacing-left-large:1.92%;--awb-width-medium:100%;--awb-order-medium:0;--awb-spacing-right-medium:1.92%;--awb-spacing-left-medium:1.92%;--awb-width-small:100%;--awb-order-small:0;--awb-spacing-right-small:1.92%;--awb-spacing-left-small:1.92%;\"><div class=\"fusion-column-wrapper fusion-column-has-shadow fusion-flex-justify-content-flex-start fusion-content-layout-column\"><div class=\"fusion-separator fusion-full-width-sep\" style=\"align-self: center;margin-left: auto;margin-right: auto;margin-bottom:20px;width:100%;\"><div class=\"fusion-separator-border sep-shadow\" style=\"--awb-height:20px;--awb-amount:20px;background:radial-gradient(ellipse at 50% -50% , #e0dede 0px, rgba(255, 255, 255, 0) 80%) repeat scroll 0 0 rgba(0, 0, 0, 0);background:-webkit-radial-gradient(ellipse at 50% -50% , #e0dede 0px, rgba(255, 255, 255, 0) 80%) repeat scroll 0 0 rgba(0, 0, 0, 0);background:-moz-radial-gradient(ellipse at 50% -50% , #e0dede 0px, rgba(255, 255, 255, 0) 80%) repeat scroll 0 0 rgba(0, 0, 0, 0);background:-o-radial-gradient(ellipse at 50% -50% , #e0dede 0px, rgba(255, 255, 255, 0) 80%) repeat scroll 0 0 rgba(0, 0, 0, 0);\"><\/div><\/div><\/div><\/div><div class=\"fusion-layout-column fusion_builder_column_inner fusion-builder-nested-column-72 fusion_builder_column_inner_1_1 1_1 fusion-flex-column\" style=\"--awb-bg-color:#ffffff;--awb-bg-color-hover:#ffffff;--awb-bg-size:cover;--awb-width-large:100%;--awb-margin-top-large:0px;--awb-spacing-right-large:1.92%;--awb-margin-bottom-large:20px;--awb-spacing-left-large:1.92%;--awb-width-medium:100%;--awb-order-medium:0;--awb-spacing-right-medium:1.92%;--awb-spacing-left-medium:1.92%;--awb-width-small:100%;--awb-order-small:0;--awb-spacing-right-small:1.92%;--awb-spacing-left-small:1.92%;\"><div class=\"fusion-column-wrapper fusion-column-has-shadow fusion-flex-justify-content-flex-start fusion-content-layout-column\"><div class=\"fusion-text fusion-text-52\" style=\"--awb-text-color:#000000;\"><p><strong>Th\u00e9matiques applicables :<\/strong><\/p>\n<\/div><div class=\"accordian fusion-accordian\" style=\"--awb-border-size:1px;--awb-icon-size:13px;--awb-content-font-size:13px;--awb-icon-alignment:left;--awb-hover-color:#f9f9f9;--awb-border-color:#cccccc;--awb-background-color:#ffffff;--awb-divider-color:#e0dede;--awb-divider-hover-color:#e0dede;--awb-icon-color:#ffffff;--awb-title-color:#333333;--awb-content-color:#747474;--awb-icon-box-color:#333333;--awb-toggle-hover-accent-color:#26a147;--awb-title-font-family:&quot;PT Sans&quot;;--awb-title-font-weight:400;--awb-title-font-style:normal;--awb-title-font-size:13px;--awb-content-font-family:&quot;PT Sans&quot;;--awb-content-font-style:normal;--awb-content-font-weight:400;\"><div class=\"panel-group fusion-toggle-icon-boxed\" id=\"accordion-3355-13\"><div class=\"fusion-panel panel-default panel-599f43ee3cff04102 fusion-toggle-has-divider\" style=\"--awb-title-color:#333333;--awb-content-color:#747474;\"><div class=\"panel-heading\"><h4 class=\"panel-title toggle\" id=\"toggle_599f43ee3cff04102\"><a aria-expanded=\"false\" aria-controls=\"599f43ee3cff04102\" role=\"button\" data-toggle=\"collapse\" data-parent=\"#accordion-3355-13\" data-target=\"#599f43ee3cff04102\" href=\"#599f43ee3cff04102\"><span class=\"fusion-toggle-icon-wrapper\" aria-hidden=\"true\"><i class=\"fa-fusion-box active-icon awb-icon-minus\" aria-hidden=\"true\"><\/i><i class=\"fa-fusion-box inactive-icon awb-icon-plus\" aria-hidden=\"true\"><\/i><\/span><span class=\"fusion-toggle-heading\">Protection solaire de la toiture<\/span><\/a><\/h4><\/div><div id=\"599f43ee3cff04102\" class=\"panel-collapse collapse \" aria-labelledby=\"toggle_599f43ee3cff04102\"><div class=\"panel-body toggle-content fusion-clearfix\">\n<table style=\"width: 100%;height: 187px\">\n<tbody>\n<tr style=\"height: 187px\">\n<td style=\"height: 187px\"><span style=\"color: #000000\"><strong><span style=\"text-decoration: underline\">Locaux concern\u00e9s<\/span> :<\/strong><\/span><\/p>\n<ul>\n<li>Locaux clos et climatis\u00e9s ou occup\u00e9s (exemples : bureau, salle de r\u00e9union, espace d\u2019accueil avec personnel permanent, locaux d\u2019activit\u00e9s diverses : caf\u00e9t\u00e9ria, r\u00e9fectoire, salle de sport, \u2026)<\/li>\n<li>Locaux clos non-occup\u00e9s donnant <u>directement<\/u> sur les locaux ci-dessus, hors locaux techniques, stationnements et espaces de stockage non climatis\u00e9s (exemples : sanitaires, circulation, hall, \u2026)<\/li>\n<\/ul>\n<\/td>\n<td style=\"height: 187px\"><img decoding=\"async\" class=\"alignright wp-image-3430\" src=\"https:\/\/www.service-public.pf\/sde\/wp-content\/uploads\/sites\/15\/2023\/01\/SDE-REBPF-IlluTotales-Bureau-ProToiture.png\" alt=\"\" width=\"300\" height=\"225\" \/><\/td>\n<\/tr>\n<\/tbody>\n<\/table>\n<p style=\"color: #000000\"><strong><span style=\"text-decoration: underline\">Seuils \u00e0 respecter : <\/span><\/strong><\/p>\n<table class=\"table table-bordered\" style=\"width: 100%\">\n<tbody>\n<tr>\n<td style=\"width: 24.0317%\"><strong>Mesure<\/strong><\/td>\n<td style=\"width: 4.78677%\"><strong>Seuil<\/strong><\/td>\n<td style=\"width: 58.7865%\"><strong>Exemples de solutions<\/strong><\/td>\n<\/tr>\n<tr>\n<td style=\"width: 24.0317%\">Facteur solaire maximal de la toiture<\/td>\n<td style=\"width: 4.78677%\">2,5%<\/td>\n<td style=\"width: 58.7865%\">\n<ul>\n<li>Toiture (avec combles) en t\u00f4le de teinte claire avec 3 cm de laine min\u00e9rale minimum<\/li>\n<li>Toiture (avec combles) en t\u00f4le de teinte moyenne avec 5 cm de laine min\u00e9rale minimum<\/li>\n<li>Toiture (avec combles) en t\u00f4le de teinte sombre avec 7,5 cm de laine min\u00e9rale minimum<\/li>\n<li>Toiture terrasse en b\u00e9ton de teinte moyenne avec 6 cm de polystyr\u00e8ne expans\u00e9 minimum<\/li>\n<li>Toiture terrasse en b\u00e9ton avec sur-toiture largement ventil\u00e9e<\/li>\n<\/ul>\n<\/td>\n<\/tr>\n<\/tbody>\n<\/table>\n<p><span style=\"color: #000000\"><strong>Pour plus d\u2019informations sur l\u2019application de la th\u00e9matique, consultez la fiche en question :<\/strong><\/span><\/p>\n<ul>\n<li><a href=\"https:\/\/www.service-public.pf\/sde\/wp-content\/uploads\/sites\/15\/2023\/09\/Fiche-02-Protection-solaire-des-parois-opaques-horizontales-Toitures.pdf\">Fiche d\u2019application \u00ab\u00a0Protection solaire de la toiture\u00a0\u00bb<\/a><\/li>\n<\/ul>\n<\/div><\/div><\/div><div class=\"fusion-panel panel-default panel-c822db105bd347100 fusion-toggle-has-divider\" style=\"--awb-title-color:#333333;--awb-content-color:#747474;\"><div class=\"panel-heading\"><h4 class=\"panel-title toggle\" id=\"toggle_c822db105bd347100\"><a aria-expanded=\"false\" aria-controls=\"c822db105bd347100\" role=\"button\" data-toggle=\"collapse\" data-parent=\"#accordion-3355-13\" data-target=\"#c822db105bd347100\" href=\"#c822db105bd347100\"><span class=\"fusion-toggle-icon-wrapper\" aria-hidden=\"true\"><i class=\"fa-fusion-box active-icon awb-icon-minus\" aria-hidden=\"true\"><\/i><i class=\"fa-fusion-box inactive-icon awb-icon-plus\" aria-hidden=\"true\"><\/i><\/span><span class=\"fusion-toggle-heading\">Protection solaire des fa\u00e7ades (murs et baies)<\/span><\/a><\/h4><\/div><div id=\"c822db105bd347100\" class=\"panel-collapse collapse \" aria-labelledby=\"toggle_c822db105bd347100\"><div class=\"panel-body toggle-content fusion-clearfix\">\n<table style=\"width: 100%;height: 187px\">\n<tbody>\n<tr style=\"height: 187px\">\n<td style=\"height: 187px\"><span style=\"color: #000000\"><strong><span style=\"text-decoration: underline\">Locaux concern\u00e9s<\/span> :<\/strong><\/span><\/p>\n<ul>\n<li>Locaux clos et climatis\u00e9s ou occup\u00e9s (exemples : bureau, salle de r\u00e9union, espace d\u2019accueil avec personnel permanent, locaux d\u2019activit\u00e9s diverses : caf\u00e9t\u00e9ria, r\u00e9fectoire, salle de sport, \u2026)<\/li>\n<li>Locaux clos non-occup\u00e9s donnant <u>directement<\/u> sur les locaux ci-dessus, hors locaux techniques, stationnements et espaces de stockage non climatis\u00e9s (exemples : sanitaires, circulation, hall, \u2026)<\/li>\n<\/ul>\n<\/td>\n<td style=\"height: 187px\"><img decoding=\"async\" class=\"alignright wp-image-3430\" src=\"https:\/\/www.service-public.pf\/sde\/wp-content\/uploads\/sites\/15\/2023\/01\/SDE-REBPF-IlluTotales-Bureau-ProFacade.png\" alt=\"\" width=\"300\" height=\"225\" \/><\/td>\n<\/tr>\n<\/tbody>\n<\/table>\n<p style=\"text-decoration: underline\"><strong>Seuils \u00e0 respecter :<\/strong><\/p>\n<table>\n<tbody>\n<tr>\n<td width=\"20%\"><strong>Mesure<\/strong><\/td>\n<td width=\"20%\"><strong>Orientation<\/strong><\/td>\n<td width=\"5%\"><strong>Seuil<\/strong><\/td>\n<td width=\"243%\"><strong>Exemples de solutions<\/strong><\/td>\n<\/tr>\n<tr>\n<td rowspan=\"2\" width=\"20%\">Facteur solaire maximal des murs<\/td>\n<td width=\"20%\">Nord, Nord-Est, Nord-Ouest, Est, Ouest<\/td>\n<td width=\"5%\">11 %<\/td>\n<td rowspan=\"2\" width=\"243%\">Mur de teinte claire, double-peau l\u00e9g\u00e8re de teinte moyenne, mur en b\u00e9ton cellulaire, mur en parpaing de teinte moyenne, mur avec bardage ventil\u00e9, d\u00e9bord de toiture (dimensions \u00e0 calculer en fonction des caract\u00e9ristiques du mur), \u2026<\/td>\n<\/tr>\n<tr>\n<td width=\"20%\">Sud, Sud-Est, Sud-Ouest<\/td>\n<td width=\"5%\">12 %<\/td>\n<\/tr>\n<tr>\n<td rowspan=\"4\" width=\"20%\">Facteur solaire maximal des baies<\/td>\n<td width=\"20%\">Nord, Nord-Est, Nord-Ouest, Est, Ouest*<\/td>\n<td width=\"5%\">50 %<\/td>\n<td width=\"243%\">Double vitrage teint\u00e9 ou \u00e0 contr\u00f4le solaire, masque architectural (casquette, brise-soleil, \u2026) \u00e0 dimensionner selon les caract\u00e9ristiques de la baie, lame opaque<\/td>\n<\/tr>\n<tr>\n<td width=\"20%\">Sud-Est, Sud-Ouest*<\/td>\n<td width=\"5%\">60 %<\/td>\n<td rowspan=\"2\" width=\"243%\">Simple vitrage \u00e0 contr\u00f4le solaire, simple ou double vitrage teint\u00e9, double vitrage clair (au sud seulement), masque architectural (casquette, brise-soleil, \u2026) \u00e0 dimensionner selon les caract\u00e9ristiques de la baie, \u2026<\/td>\n<\/tr>\n<tr>\n<td width=\"20%\">Sud*<\/td>\n<td width=\"5%\">70 %<\/td>\n<\/tr>\n<tr>\n<td width=\"20%\">Baie horizontale<\/td>\n<td width=\"5%\">45%<\/td>\n<td width=\"243%\">Protection solaire compl\u00e9mentaire \u00e0 la baie, \u00e0 dimensionner en fonction du type de vitrage<\/td>\n<\/tr>\n<\/tbody>\n<\/table>\n<p><em><i>* Si le taux de surface de baie en fa\u00e7ade est sup\u00e9rieur \u00e0 70%, le seuil \u00e0 atteindre est alors rabaiss\u00e9 de 5 % (respectivement 45%, 55% et 65%).<\/i><\/em><\/p>\n<p style=\"color: #000000\"><strong>Pour plus d\u2019informations sur l\u2019application des th\u00e9matiques, consultez les fiches en question :<\/strong><\/p>\n<ul>\n<li><a href=\"https:\/\/www.service-public.pf\/sde\/wp-content\/uploads\/sites\/15\/2023\/09\/Fiche-03-Protection-solaire-des-parois-opaques-verticales-Murs.pdf\">Fiche d\u2019application \u00ab Protection solaire des murs \u00bb<\/a><\/li>\n<li><a href=\"https:\/\/www.service-public.pf\/sde\/wp-content\/uploads\/sites\/15\/2023\/09\/Fiche-04-Protection-solaire-des-baies.pdf\">Fiche d\u2019application \u00ab\u00a0Protection solaire des baies \u00bb<\/a><\/li>\n<li><a href=\"https:\/\/www.service-public.pf\/sde\/wp-content\/uploads\/sites\/15\/2023\/06\/Fiche-05-Prise-en-main-de-loutil-Cm-FS.pdf\">Fiche d\u2019application \u00ab\u00a0Outil de calcul pour la protection solaire des fa\u00e7ades \u00bb<\/a><\/li>\n<\/ul>\n<\/div><\/div><\/div><div class=\"fusion-panel panel-default panel-fb21c5b774c82c974 fusion-toggle-has-divider\" style=\"--awb-title-color:#333333;--awb-content-color:#747474;\"><div class=\"panel-heading\"><h4 class=\"panel-title toggle\" id=\"toggle_fb21c5b774c82c974\"><a aria-expanded=\"false\" aria-controls=\"fb21c5b774c82c974\" role=\"button\" data-toggle=\"collapse\" data-parent=\"#accordion-3355-13\" data-target=\"#fb21c5b774c82c974\" href=\"#fb21c5b774c82c974\"><span class=\"fusion-toggle-icon-wrapper\" aria-hidden=\"true\"><i class=\"fa-fusion-box active-icon awb-icon-minus\" aria-hidden=\"true\"><\/i><i class=\"fa-fusion-box inactive-icon awb-icon-plus\" aria-hidden=\"true\"><\/i><\/span><span class=\"fusion-toggle-heading\">Climatisation performante<\/span><\/a><\/h4><\/div><div id=\"fb21c5b774c82c974\" class=\"panel-collapse collapse \" aria-labelledby=\"toggle_fb21c5b774c82c974\"><div class=\"panel-body toggle-content fusion-clearfix\">\n<p><span style=\"color: #000000\"><strong>En dehors des dispositions concernant la perm\u00e9abilit\u00e9 \u00e0 l\u2019air des menuiseries, la th\u00e9matique est applicable si, et seulement si, la climatisation est install\u00e9e !\u00a0<\/strong><\/span><\/p>\n<table style=\"width: 100%\">\n<tbody>\n<tr>\n<td style=\"width: 79.3602%\"><span style=\"text-decoration: underline;color: #000000\"><strong>Locaux concern\u00e9s :<\/strong><\/span><\/p>\n<ul>\n<li>Tout local \u00e9quip\u00e9 d\u2019un ou plusieurs postes de travail<\/li>\n<li>Salle de r\u00e9union<\/li>\n<\/ul>\n<\/td>\n<td style=\"width: 116.05%\"><strong><img decoding=\"async\" class=\"alignright wp-image-3439 size-medium\" src=\"https:\/\/www.service-public.pf\/sde\/wp-content\/uploads\/sites\/15\/2023\/01\/SDE-REBPF-IlluTotales-Bureau-Climatisation.png\" alt=\"\" width=\"300\" height=\"225\" \/><\/strong><\/td>\n<\/tr>\n<\/tbody>\n<\/table>\n<p><span style=\"text-decoration: underline;color: #000000\"><strong>Seuils, r\u00e8gles de conception et caract\u00e9ristiques techniques \u00e0 respecter :<\/strong><\/span><b><\/b><\/p>\n<table class=\"table table-bordered\" style=\"width: 98.0591%\">\n<tbody>\n<tr>\n<td style=\"width: 19.5816%\" width=\"217\"><strong><b>Mesure<\/b><\/strong><\/td>\n<td style=\"width: 8.2967%\" width=\"113\"><strong><b>Seuil<\/b><\/strong><\/td>\n<td style=\"width: 52.6835%\" width=\"340\"><strong><b>R\u00e8gle de conception<\/b><\/strong><\/td>\n<td style=\"width: 23.8891%\" width=\"359\"><strong><b>Exemples de solutions<\/b><\/strong><\/td>\n<\/tr>\n<tr>\n<td style=\"width: 19.5816%\" width=\"254\">Perm\u00e9abilit\u00e9 \u00e0 l\u2019air des menuiseries<\/td>\n<td style=\"width: 60.9802%\" colspan=\"2\" width=\"113\">Les baies des salles de classe et du r\u00e9fectoire ont une classe de perm\u00e9abilit\u00e9 minimum de A*2 (ou A2, par \u00e9quivalence)<\/td>\n<td style=\"width: 23.8891%\" width=\"340\">\n<p style=\"text-align: center\">-<\/p>\n<\/td>\n<\/tr>\n<tr>\n<td style=\"width: 19.5816%\" width=\"254\">Centralisation des installations<\/td>\n<td style=\"width: 8.2967%\" width=\"113\">30 kW<sub>froid<\/sub><\/td>\n<td style=\"width: 52.6835%\" width=\"425\">La centralisation est requise lorsque la puissance de climatisation des locaux concern\u00e9s, calcul\u00e9es pour r\u00e9pondre \u00e0 leurs besoins en froid, est sup\u00e9rieure au seuil fix\u00e9.<\/p>\n<p>Les locaux situ\u00e9s \u00e0 plus de 15 m\u00e8tres d\u2019un autre local inclus dans le p\u00e9rim\u00e8tre de calcul sont consid\u00e9r\u00e9s comme isol\u00e9s et leurs besoins en froid ne sont pas inclus dans le calcul.<\/td>\n<td style=\"width: 23.8891%\" width=\"207\">Installation centralis\u00e9e de type \u00ab\u00a0DRV\u00a0\u00bb ou \u00ab\u00a0eau glac\u00e9e\u00a0\u00bb<\/td>\n<\/tr>\n<tr>\n<td style=\"width: 19.5816%\" width=\"254\">Outil de commande automatis\u00e9<\/td>\n<td style=\"width: 60.9802%\" colspan=\"2\" width=\"113\">Un outil permettant le pilotage des \u00e9quipements pour leur mise en marche (ou arr\u00eat) automatique est requis<\/td>\n<td style=\"width: 23.8891%\" width=\"207\">Outil de gestion technique du b\u00e2timent (GTB), horloge sur le circuit d\u2019alimentation, \u00e9quipement de d\u00e9tection, \u2026<\/td>\n<\/tr>\n<tr>\n<td style=\"width: 19.5816%\" rowspan=\"2\" width=\"254\">Efficacit\u00e9 \u00e9nerg\u00e9tique minimale (EER)<\/td>\n<td style=\"width: 8.2967%\" width=\"113\">Installation individuelle<\/td>\n<td style=\"width: 52.6835%\" width=\"425\">EER minimum de\u00a0:<\/p>\n<ul>\n<li>3,2 pour un climatiseur d\u2019une puissance inf\u00e9rieure \u00e0 21 000 BTU\/h<\/li>\n<li>3 pour un climatiseur d\u2019une puissance sup\u00e9rieure ou \u00e9gale \u00e0 21 000 BTU\/h<\/li>\n<\/ul>\n<\/td>\n<td style=\"width: 23.8891%;text-align: center\" rowspan=\"2\" width=\"207\">-<\/td>\n<\/tr>\n<tr>\n<td style=\"width: 8.2967%\" width=\"85\">Installation centralis\u00e9e<\/td>\n<td style=\"width: 52.6835%\" width=\"113\">EER minimum de\u00a0:<\/p>\n<ul>\n<li>3,7 pour une installation de type \u00ab DRV \u00bb ou \u00ab VRV \u00bb<\/li>\n<li>3 pour une installation de type \u00ab eau glac\u00e9e \u00bb<\/li>\n<\/ul>\n<\/td>\n<\/tr>\n<\/tbody>\n<\/table>\n<p><span style=\"color: #000000\"><strong>Pour plus d\u2019informations sur l\u2019application de la th\u00e9matique, consultez la fiche en question\u00a0:<\/strong><\/span><\/p>\n<ul>\n<li><a href=\"https:\/\/www.service-public.pf\/sde\/wp-content\/uploads\/sites\/15\/2023\/06\/Fiche-09-Climatisation.pdf\">Fiche d\u2019application \u00ab\u00a0Climatisation\u00a0\u00bb<\/a><\/li>\n<\/ul>\n<\/div><\/div><\/div><\/div><\/div><div class=\"fusion-text fusion-text-53\" style=\"--awb-margin-top:10px;\"><p><span style=\"color: #000000\"><strong>Informations relatives aux demandes de permis de construire et au certificat de conformit\u00e9<\/strong><\/span><\/p>\n<p>La demande de permis de construire est accompagn\u00e9e d\u2019un formulaire de d\u00e9claration<\/p>\n<ul>\n<li>Formulaire de d\u00e9claration \u2013 Iles du Vent<\/li>\n<\/ul>\n<p><strong>Si les surfaces de plancher construites cumul\u00e9es* sont sup\u00e9rieures \u00e0 250 m\u00b2 de plancher, les demandes de permis de construire et de certificat de conformit\u00e9 doivent \u00eatre accompagn\u00e9es de l\u2019avis d\u2019un organisme agr\u00e9\u00e9<\/strong><\/p>\n<ul>\n<li><a href=\"https:\/\/www.service-public.pf\/sde\/organismes-agrees\/\">Parcourir la page d\u00e9di\u00e9e aux organismes agr\u00e9\u00e9s<\/a><\/li>\n<\/ul>\n<p><em><span style=\"font-size: 10pt\">* Les surfaces de plancher \u00e0 consid\u00e9rer sont celles de n\u2019importe quel b\u00e2timent neuf rattach\u00e9 au projet de construction, d\u00e8s lors que la typologie associ\u00e9e est bureaux, enseignement, \u00e9tablissement de soin, h\u00f4tellerie ou logement collectif.<\/span><\/em><\/p>\n<p><span style=\"color: #000000\"><strong>Pour plus d\u2019informations sur les dispositions \u00e0 respecter <\/strong>(ne consulter que les rubriques des th\u00e9matiques concernant le projet de construction)<strong>\u00a0:<\/strong><\/span><\/p>\n<ul>\n<li><a href=\"https:\/\/www.service-public.pf\/sde\/wp-content\/uploads\/sites\/15\/2023\/04\/REPBF_Depliants_Bureaux_Pages-V2.pdf\">D\u00e9pliant \u00ab\u00a0Bureaux\u00a0\u00bb<\/a><\/li>\n<\/ul>\n<\/div><\/div><\/div><\/div><\/div><\/div><div class=\"fusion-layout-column fusion_builder_column fusion-builder-column-22 fusion_builder_column_4_5 4_5 fusion-flex-column vct_idv_inf500_content\" style=\"--awb-bg-size:cover;--awb-width-large:80%;--awb-flex-grow:0;--awb-flex-shrink:0;--awb-margin-top-large:0px;--awb-spacing-right-large:2.4%;--awb-margin-bottom-large:20px;--awb-spacing-left-large:2.4%;--awb-width-medium:100%;--awb-order-medium:0;--awb-flex-grow-medium:0;--awb-flex-shrink-medium:0;--awb-spacing-right-medium:1.92%;--awb-spacing-left-medium:1.92%;--awb-width-small:100%;--awb-order-small:0;--awb-flex-grow-small:0;--awb-flex-shrink-small:0;--awb-spacing-right-small:1.92%;--awb-spacing-left-small:1.92%;\" id=\"vct_idv_inf500_etablissementdesoin_content\"><div class=\"fusion-column-wrapper fusion-column-has-shadow fusion-flex-justify-content-flex-start fusion-content-layout-column\"><div class=\"fusion-title title fusion-title-17 fusion-sep-none fusion-title-center fusion-title-text fusion-title-size-two hidden\" style=\"--awb-margin-top-small:0px;--awb-margin-right-small:0px;--awb-margin-bottom-small:20px;--awb-margin-left-small:0px;\"><h2 class=\"fusion-title-heading title-heading-center\" style=\"margin:0;\">Protection solaire de la toiture \/ Protection solaire des murs \/ Protection solaire des baies \/ Eau chaude solaire \/ Climatisation SOIN + D\u00e9pliant \u00e9tablissement de soin + Fiche d'information \u00e9tablissement de soin + Formulaire 2-IDV<\/h2><\/div><div class=\"fusion-text fusion-text-54 vct_description_typologie\"><p>Il s\u2019agit d\u2019un b\u00e2timent ou d\u2019une partie de b\u00e2timent \u00e0 usage d\u2019h\u00f4pital, clinique et tout autre<br \/>\n\u00e9tablissement de service public ou d\u2019int\u00e9r\u00eat collectif de la sant\u00e9 et leurs locaux accessoires ; ainsi que<br \/>\nles structures d\u2019accueil pour personnes \u00e2g\u00e9es et personnes handicap\u00e9es et leurs locaux accessoires.<\/p>\n<\/div><div class=\"fusion-builder-row fusion-builder-row-inner fusion-row fusion-flex-align-items-center fusion-flex-justify-content-center fusion-flex-content-wrap\" style=\"--awb-flex-grow:0;--awb-flex-grow-medium:0;--awb-flex-grow-small:0;--awb-flex-shrink:0;--awb-flex-shrink-medium:0;--awb-flex-shrink-small:0;width:104% !important;max-width:104% !important;margin-left: calc(-4% \/ 2 );margin-right: calc(-4% \/ 2 );\"><div class=\"fusion-layout-column fusion_builder_column_inner fusion-builder-nested-column-73 fusion_builder_column_inner_1_1 1_1 fusion-flex-column\" style=\"--awb-bg-size:cover;--awb-width-large:100%;--awb-margin-top-large:0px;--awb-spacing-right-large:1.92%;--awb-margin-bottom-large:20px;--awb-spacing-left-large:1.92%;--awb-width-medium:100%;--awb-order-medium:0;--awb-spacing-right-medium:1.92%;--awb-spacing-left-medium:1.92%;--awb-width-small:100%;--awb-order-small:0;--awb-spacing-right-small:1.92%;--awb-spacing-left-small:1.92%;\"><div class=\"fusion-column-wrapper fusion-column-has-shadow fusion-flex-justify-content-flex-start fusion-content-layout-column\"><div class=\"fusion-separator fusion-full-width-sep\" style=\"align-self: center;margin-left: auto;margin-right: auto;width:100%;\"><div class=\"fusion-separator-border sep-shadow\" style=\"--awb-height:20px;--awb-amount:20px;background:radial-gradient(ellipse at 50% -50% , #e0dede 0px, rgba(255, 255, 255, 0) 80%) repeat scroll 0 0 rgba(0, 0, 0, 0);background:-webkit-radial-gradient(ellipse at 50% -50% , #e0dede 0px, rgba(255, 255, 255, 0) 80%) repeat scroll 0 0 rgba(0, 0, 0, 0);background:-moz-radial-gradient(ellipse at 50% -50% , #e0dede 0px, rgba(255, 255, 255, 0) 80%) repeat scroll 0 0 rgba(0, 0, 0, 0);background:-o-radial-gradient(ellipse at 50% -50% , #e0dede 0px, rgba(255, 255, 255, 0) 80%) repeat scroll 0 0 rgba(0, 0, 0, 0);\"><\/div><\/div><\/div><\/div><div class=\"fusion-layout-column fusion_builder_column_inner fusion-builder-nested-column-74 fusion_builder_column_inner_1_3 1_3 fusion-flex-column\" style=\"--awb-bg-size:cover;--awb-width-large:33.333333333333%;--awb-margin-top-large:0px;--awb-spacing-right-large:2vw;--awb-margin-bottom-large:20px;--awb-spacing-left-large:5.76%;--awb-width-medium:100%;--awb-order-medium:0;--awb-spacing-right-medium:1.92%;--awb-spacing-left-medium:1.92%;--awb-width-small:100%;--awb-order-small:0;--awb-spacing-right-small:1.92%;--awb-spacing-left-small:1.92%;\"><div class=\"fusion-column-wrapper fusion-column-has-shadow fusion-flex-justify-content-flex-start fusion-content-layout-column\"><div class=\"fusion-image-element \" style=\"text-align:right;--awb-max-width:450px;--awb-caption-title-font-family:var(--h2_typography-font-family);--awb-caption-title-font-weight:var(--h2_typography-font-weight);--awb-caption-title-font-style:var(--h2_typography-font-style);--awb-caption-title-size:var(--h2_typography-font-size);--awb-caption-title-transform:var(--h2_typography-text-transform);--awb-caption-title-line-height:var(--h2_typography-line-height);--awb-caption-title-letter-spacing:var(--h2_typography-letter-spacing);\"><span class=\" fusion-imageframe imageframe-none imageframe-14 hover-type-none\"><img decoding=\"async\" width=\"300\" height=\"225\" title=\"SDE REBPF IlluTotales Etablissement Soin\" src=\"https:\/\/www.service-public.pf\/sde\/wp-content\/uploads\/sites\/15\/2023\/01\/SDE-REBPF-IlluTotales-Etablissement-Soin-300x225.png\" alt class=\"img-responsive wp-image-3441\" srcset=\"https:\/\/www.service-public.pf\/sde\/wp-content\/uploads\/sites\/15\/2023\/01\/SDE-REBPF-IlluTotales-Etablissement-Soin-200x150.png 200w, https:\/\/www.service-public.pf\/sde\/wp-content\/uploads\/sites\/15\/2023\/01\/SDE-REBPF-IlluTotales-Etablissement-Soin-400x300.png 400w, https:\/\/www.service-public.pf\/sde\/wp-content\/uploads\/sites\/15\/2023\/01\/SDE-REBPF-IlluTotales-Etablissement-Soin-600x450.png 600w, https:\/\/www.service-public.pf\/sde\/wp-content\/uploads\/sites\/15\/2023\/01\/SDE-REBPF-IlluTotales-Etablissement-Soin-800x600.png 800w, https:\/\/www.service-public.pf\/sde\/wp-content\/uploads\/sites\/15\/2023\/01\/SDE-REBPF-IlluTotales-Etablissement-Soin-1200x900.png 1200w, https:\/\/www.service-public.pf\/sde\/wp-content\/uploads\/sites\/15\/2023\/01\/SDE-REBPF-IlluTotales-Etablissement-Soin.png 1453w\" sizes=\"(max-width: 1024px) 100vw, (max-width: 640px) 100vw, 800px\" \/><\/span><\/div><\/div><\/div><div class=\"fusion-layout-column fusion_builder_column_inner fusion-builder-nested-column-75 fusion_builder_column_inner_2_3 2_3 fusion-flex-column\" style=\"--awb-bg-size:cover;--awb-width-large:66.666666666667%;--awb-margin-top-large:0px;--awb-spacing-right-large:2.88%;--awb-margin-bottom-large:20px;--awb-spacing-left-large:2.88%;--awb-width-medium:100%;--awb-order-medium:0;--awb-spacing-right-medium:1.92%;--awb-spacing-left-medium:1.92%;--awb-width-small:100%;--awb-order-small:0;--awb-spacing-right-small:1.92%;--awb-spacing-left-small:1.92%;\"><div class=\"fusion-column-wrapper fusion-column-has-shadow fusion-flex-justify-content-center fusion-content-layout-column\"><div class=\"fusion-text fusion-text-55\" style=\"--awb-content-alignment:center;--awb-font-size:24pt;\"><p>Localisation\u00a0du projet : <strong>Iles du Vent, \u00e0 une altitude inf\u00e9rieure \u00e0 500 m\u00e8tres<\/strong><\/p>\n<p>Typologie de la construction\u00a0: <strong>\u00c9tablissement de soin<\/strong><\/p>\n<\/div><\/div><\/div><div class=\"fusion-layout-column fusion_builder_column_inner fusion-builder-nested-column-76 fusion_builder_column_inner_1_1 1_1 fusion-flex-column\" style=\"--awb-bg-size:cover;--awb-width-large:100%;--awb-margin-top-large:0px;--awb-spacing-right-large:1.92%;--awb-margin-bottom-large:20px;--awb-spacing-left-large:1.92%;--awb-width-medium:100%;--awb-order-medium:0;--awb-spacing-right-medium:1.92%;--awb-spacing-left-medium:1.92%;--awb-width-small:100%;--awb-order-small:0;--awb-spacing-right-small:1.92%;--awb-spacing-left-small:1.92%;\"><div class=\"fusion-column-wrapper fusion-column-has-shadow fusion-flex-justify-content-flex-start fusion-content-layout-column\"><div class=\"fusion-separator fusion-full-width-sep\" style=\"align-self: center;margin-left: auto;margin-right: auto;margin-bottom:20px;width:100%;\"><div class=\"fusion-separator-border sep-shadow\" style=\"--awb-height:20px;--awb-amount:20px;background:radial-gradient(ellipse at 50% -50% , #e0dede 0px, rgba(255, 255, 255, 0) 80%) repeat scroll 0 0 rgba(0, 0, 0, 0);background:-webkit-radial-gradient(ellipse at 50% -50% , #e0dede 0px, rgba(255, 255, 255, 0) 80%) repeat scroll 0 0 rgba(0, 0, 0, 0);background:-moz-radial-gradient(ellipse at 50% -50% , #e0dede 0px, rgba(255, 255, 255, 0) 80%) repeat scroll 0 0 rgba(0, 0, 0, 0);background:-o-radial-gradient(ellipse at 50% -50% , #e0dede 0px, rgba(255, 255, 255, 0) 80%) repeat scroll 0 0 rgba(0, 0, 0, 0);\"><\/div><\/div><\/div><\/div><div class=\"fusion-layout-column fusion_builder_column_inner fusion-builder-nested-column-77 fusion_builder_column_inner_1_1 1_1 fusion-flex-column\" style=\"--awb-bg-color:#ffffff;--awb-bg-color-hover:#ffffff;--awb-bg-size:cover;--awb-width-large:100%;--awb-margin-top-large:0px;--awb-spacing-right-large:1.92%;--awb-margin-bottom-large:20px;--awb-spacing-left-large:1.92%;--awb-width-medium:100%;--awb-order-medium:0;--awb-spacing-right-medium:1.92%;--awb-spacing-left-medium:1.92%;--awb-width-small:100%;--awb-order-small:0;--awb-spacing-right-small:1.92%;--awb-spacing-left-small:1.92%;\"><div class=\"fusion-column-wrapper fusion-column-has-shadow fusion-flex-justify-content-flex-start fusion-content-layout-column\"><div class=\"fusion-text fusion-text-56\" style=\"--awb-text-color:#000000;\"><p><strong>Th\u00e9matiques applicables :<\/strong><\/p>\n<\/div><div class=\"accordian fusion-accordian\" style=\"--awb-border-size:1px;--awb-icon-size:13px;--awb-content-font-size:13px;--awb-icon-alignment:left;--awb-hover-color:#f9f9f9;--awb-border-color:#cccccc;--awb-background-color:#ffffff;--awb-divider-color:#e0dede;--awb-divider-hover-color:#e0dede;--awb-icon-color:#ffffff;--awb-title-color:#333333;--awb-content-color:#747474;--awb-icon-box-color:#333333;--awb-toggle-hover-accent-color:#26a147;--awb-title-font-family:&quot;PT Sans&quot;;--awb-title-font-weight:400;--awb-title-font-style:normal;--awb-title-font-size:13px;--awb-content-font-family:&quot;PT Sans&quot;;--awb-content-font-style:normal;--awb-content-font-weight:400;\"><div class=\"panel-group fusion-toggle-icon-boxed\" id=\"accordion-3355-14\"><div class=\"fusion-panel panel-default panel-b4af14618cb09c276 fusion-toggle-has-divider\" style=\"--awb-title-color:#333333;--awb-content-color:#747474;\"><div class=\"panel-heading\"><h4 class=\"panel-title toggle\" id=\"toggle_b4af14618cb09c276\"><a aria-expanded=\"false\" aria-controls=\"b4af14618cb09c276\" role=\"button\" data-toggle=\"collapse\" data-parent=\"#accordion-3355-14\" data-target=\"#b4af14618cb09c276\" href=\"#b4af14618cb09c276\"><span class=\"fusion-toggle-icon-wrapper\" aria-hidden=\"true\"><i class=\"fa-fusion-box active-icon awb-icon-minus\" aria-hidden=\"true\"><\/i><i class=\"fa-fusion-box inactive-icon awb-icon-plus\" aria-hidden=\"true\"><\/i><\/span><span class=\"fusion-toggle-heading\">Protection solaire de la toiture<\/span><\/a><\/h4><\/div><div id=\"b4af14618cb09c276\" class=\"panel-collapse collapse \" aria-labelledby=\"toggle_b4af14618cb09c276\"><div class=\"panel-body toggle-content fusion-clearfix\">\n<table style=\"width: 100%;height: 187px\">\n<tbody>\n<tr style=\"height: 187px\">\n<td style=\"height: 187px\"><span style=\"color: #000000\"><strong><span style=\"text-decoration: underline\">Locaux concern\u00e9s<\/span> :<\/strong><\/span><\/p>\n<ul>\n<li>Locaux clos et climatis\u00e9s ou occup\u00e9s (exemples : salle de consultation, bloc op\u00e9ratoire, bureau, salle de r\u00e9union, chambre, espace d\u2019accueil avec personnel permanent, locaux d\u2019activit\u00e9s diverses : caf\u00e9t\u00e9ria, r\u00e9fectoire, \u2026)<\/li>\n<li>Locaux clos non-occup\u00e9s donnant <u>directement<\/u> sur les locaux ci-dessus, hors locaux techniques, stationnements et espaces de stockage non climatis\u00e9s (exemples : sanitaires, circulation, hall, vestiaires, \u2026)<\/li>\n<\/ul>\n<\/td>\n<td style=\"height: 187px\"><img decoding=\"async\" class=\"alignright wp-image-3430\" src=\"https:\/\/www.service-public.pf\/sde\/wp-content\/uploads\/sites\/15\/2023\/01\/SDE-REBPF-IlluTotales-Etablissement-Soin-ProToiture.png\" alt=\"\" width=\"300\" height=\"225\" \/><\/td>\n<\/tr>\n<\/tbody>\n<\/table>\n<p style=\"color: #000000\"><strong><span style=\"text-decoration: underline\">Seuils \u00e0 respecter : <\/span><\/strong><\/p>\n<table class=\"table table-bordered\" style=\"width: 100%\">\n<tbody>\n<tr>\n<td style=\"width: 24.0317%\"><strong>Mesure<\/strong><\/td>\n<td style=\"width: 4.78677%\"><strong>Seuil<\/strong><\/td>\n<td style=\"width: 58.7865%\"><strong>Exemples de solutions<\/strong><\/td>\n<\/tr>\n<tr>\n<td style=\"width: 24.0317%\">Facteur solaire maximal de la toiture<\/td>\n<td style=\"width: 4.78677%\">2,5%<\/td>\n<td style=\"width: 58.7865%\">\n<ul>\n<li>Toiture (avec combles) en t\u00f4le de teinte claire avec 3 cm de laine min\u00e9rale minimum<\/li>\n<li>Toiture (avec combles) en t\u00f4le de teinte moyenne avec 5 cm de laine min\u00e9rale minimum<\/li>\n<li>Toiture (avec combles) en t\u00f4le de teinte sombre avec 7,5 cm de laine min\u00e9rale minimum<\/li>\n<li>Toiture terrasse en b\u00e9ton de teinte moyenne avec 6 cm de polystyr\u00e8ne expans\u00e9 minimum<\/li>\n<li>Toiture terrasse en b\u00e9ton avec sur-toiture largement ventil\u00e9e<\/li>\n<\/ul>\n<\/td>\n<\/tr>\n<\/tbody>\n<\/table>\n<p><span style=\"color: #000000\"><strong>Pour plus d\u2019informations sur l\u2019application de la th\u00e9matique, consultez la fiche en question\u00a0:<\/strong><\/span><\/p>\n<ul>\n<li><a href=\"https:\/\/www.service-public.pf\/sde\/wp-content\/uploads\/sites\/15\/2023\/09\/Fiche-02-Protection-solaire-des-parois-opaques-horizontales-Toitures.pdf\">Fiche d\u2019application \u00ab\u00a0Protection solaire de la toiture\u00a0\u00bb<\/a><\/li>\n<\/ul>\n<\/div><\/div><\/div><div class=\"fusion-panel panel-default panel-abbc0e24fa5ff59aa fusion-toggle-has-divider\" style=\"--awb-title-color:#333333;--awb-content-color:#747474;\"><div class=\"panel-heading\"><h4 class=\"panel-title toggle\" id=\"toggle_abbc0e24fa5ff59aa\"><a aria-expanded=\"false\" aria-controls=\"abbc0e24fa5ff59aa\" role=\"button\" data-toggle=\"collapse\" data-parent=\"#accordion-3355-14\" data-target=\"#abbc0e24fa5ff59aa\" href=\"#abbc0e24fa5ff59aa\"><span class=\"fusion-toggle-icon-wrapper\" aria-hidden=\"true\"><i class=\"fa-fusion-box active-icon awb-icon-minus\" aria-hidden=\"true\"><\/i><i class=\"fa-fusion-box inactive-icon awb-icon-plus\" aria-hidden=\"true\"><\/i><\/span><span class=\"fusion-toggle-heading\">Protection solaire des fa\u00e7ades (murs et baies)<\/span><\/a><\/h4><\/div><div id=\"abbc0e24fa5ff59aa\" class=\"panel-collapse collapse \" aria-labelledby=\"toggle_abbc0e24fa5ff59aa\"><div class=\"panel-body toggle-content fusion-clearfix\">\n<table style=\"width: 100%;height: 187px\">\n<tbody>\n<tr style=\"height: 187px\">\n<td style=\"height: 187px\"><span style=\"color: #000000\"><strong><span style=\"text-decoration: underline\">Locaux concern\u00e9s<\/span> :<\/strong><\/span><\/p>\n<ul>\n<li>Locaux clos et climatis\u00e9s ou occup\u00e9s (exemples : salle de consultation, bloc op\u00e9ratoire, bureau, salle de r\u00e9union, chambre, espace d\u2019accueil avec personnel permanent, locaux d\u2019activit\u00e9s diverses : caf\u00e9t\u00e9ria, r\u00e9fectoire, \u2026)<\/li>\n<li>Locaux clos non-occup\u00e9s donnant <u>directement<\/u> sur les locaux ci-dessus, hors locaux techniques, stationnements et espaces de stockage non climatis\u00e9s (exemples : sanitaires, circulation, hall, vestiaires, \u2026)<\/li>\n<\/ul>\n<\/td>\n<td style=\"height: 187px\"><img decoding=\"async\" class=\"alignright wp-image-3430\" src=\"https:\/\/www.service-public.pf\/sde\/wp-content\/uploads\/sites\/15\/2023\/01\/SDE-REBPF-IlluTotales-Etablissement-Soin-ProFacade.png\" alt=\"\" width=\"300\" height=\"225\" \/><\/td>\n<\/tr>\n<\/tbody>\n<\/table>\n<p style=\"color: #000000\"><strong><span style=\"text-decoration: underline\">Seuils \u00e0 respecter,\u00a0selon l\u2019orientation des fa\u00e7ades des locaux :<\/span><\/strong><\/p>\n<table>\n<tbody>\n<tr>\n<td width=\"20%\"><strong>Mesure<\/strong><\/td>\n<td width=\"20%\"><strong>Orientation<\/strong><\/td>\n<td width=\"5%\"><strong>Seuil<\/strong><\/td>\n<td width=\"243%\"><strong>Exemples de solutions<\/strong><\/td>\n<\/tr>\n<tr>\n<td rowspan=\"2\" width=\"20%\">Facteur solaire maximal des murs<\/td>\n<td width=\"20%\">Nord, Nord-Est, Nord-Ouest, Est, Ouest<\/td>\n<td width=\"5%\">11 %<\/td>\n<td rowspan=\"2\" width=\"243%\">Mur de teinte claire, double-peau l\u00e9g\u00e8re de teinte moyenne, mur en b\u00e9ton cellulaire, mur en parpaing de teinte moyenne, mur avec bardage ventil\u00e9, d\u00e9bord de toiture (dimensions \u00e0 calculer en fonction des caract\u00e9ristiques du mur), \u2026<\/td>\n<\/tr>\n<tr>\n<td width=\"20%\">Sud, Sud-Est, Sud-Ouest<\/td>\n<td width=\"5%\">12 %<\/td>\n<\/tr>\n<tr>\n<td rowspan=\"4\" width=\"20%\">Facteur solaire maximal des baies<\/td>\n<td width=\"20%\">Nord, Nord-Est, Nord-Ouest, Est, Ouest*<\/td>\n<td width=\"5%\">50 %<\/td>\n<td width=\"243%\">Double vitrage teint\u00e9 ou \u00e0 contr\u00f4le solaire, masque architectural (casquette, brise-soleil, \u2026) \u00e0 dimensionner selon les caract\u00e9ristiques de la baie, lame opaque<\/td>\n<\/tr>\n<tr>\n<td width=\"20%\">Sud-Est, Sud-Ouest*<\/td>\n<td width=\"5%\">60 %<\/td>\n<td rowspan=\"2\" width=\"243%\">Simple vitrage \u00e0 contr\u00f4le solaire, simple ou double vitrage teint\u00e9, double vitrage clair (au sud seulement), masque architectural (casquette, brise-soleil, \u2026) \u00e0 dimensionner selon les caract\u00e9ristiques de la baie, \u2026<\/td>\n<\/tr>\n<tr>\n<td width=\"20%\">Sud*<\/td>\n<td width=\"5%\">70 %<\/td>\n<\/tr>\n<tr>\n<td width=\"20%\">Baie horizontale<\/td>\n<td width=\"5%\">45%<\/td>\n<td width=\"243%\">Protection solaire compl\u00e9mentaire \u00e0 la baie, \u00e0 dimensionner en fonction du type de vitrage<\/td>\n<\/tr>\n<\/tbody>\n<\/table>\n<p><em><i>* Si le taux de surface de baie en fa\u00e7ade est sup\u00e9rieur \u00e0 70%, le seuil \u00e0 atteindre est alors rabaiss\u00e9 de 5 % (respectivement 45%, 55% et 65%).<\/i><\/em><\/p>\n<p style=\"color: #000000\"><strong>Pour plus d\u2019informations sur l\u2019application des th\u00e9matiques, consultez les fiches en question :<\/strong><\/p>\n<ul>\n<li><a href=\"https:\/\/www.service-public.pf\/sde\/wp-content\/uploads\/sites\/15\/2023\/09\/Fiche-03-Protection-solaire-des-parois-opaques-verticales-Murs.pdf\">Fiche d\u2019application \u00ab Protection solaire des murs \u00bb<\/a><\/li>\n<li><a href=\"https:\/\/www.service-public.pf\/sde\/wp-content\/uploads\/sites\/15\/2023\/09\/Fiche-04-Protection-solaire-des-baies.pdf\">Fiche d\u2019application \u00ab\u00a0Protection solaire des baies \u00bb<\/a><\/li>\n<li><a href=\"https:\/\/www.service-public.pf\/sde\/wp-content\/uploads\/sites\/15\/2023\/06\/Fiche-05-Prise-en-main-de-loutil-Cm-FS.pdf\">Fiche d\u2019application \u00ab\u00a0Outil de calcul pour la protection solaire des fa\u00e7ades \u00bb<\/a><\/li>\n<\/ul>\n<\/div><\/div><\/div><div class=\"fusion-panel panel-default panel-c1725fd50e4ed2817 fusion-toggle-has-divider\" style=\"--awb-title-color:#333333;--awb-content-color:#747474;\"><div class=\"panel-heading\"><h4 class=\"panel-title toggle\" id=\"toggle_c1725fd50e4ed2817\"><a aria-expanded=\"false\" aria-controls=\"c1725fd50e4ed2817\" role=\"button\" data-toggle=\"collapse\" data-parent=\"#accordion-3355-14\" data-target=\"#c1725fd50e4ed2817\" href=\"#c1725fd50e4ed2817\"><span class=\"fusion-toggle-icon-wrapper\" aria-hidden=\"true\"><i class=\"fa-fusion-box active-icon awb-icon-minus\" aria-hidden=\"true\"><\/i><i class=\"fa-fusion-box inactive-icon awb-icon-plus\" aria-hidden=\"true\"><\/i><\/span><span class=\"fusion-toggle-heading\">Eau chaude solaire<\/span><\/a><\/h4><\/div><div id=\"c1725fd50e4ed2817\" class=\"panel-collapse collapse \" aria-labelledby=\"toggle_c1725fd50e4ed2817\"><div class=\"panel-body toggle-content fusion-clearfix\">\n<table style=\"width: 100%;height: 187px\">\n<tbody>\n<tr style=\"height: 187px\">\n<td style=\"height: 187px;width: 78.8732%\">\n<p style=\"color: #000000\"><strong><span style=\"text-decoration: underline\">Locaux concern\u00e9s<\/span> :<\/strong><\/p>\n<p>L\u2019exigence porte sur l\u2019ensemble des besoins en eau chaude du projet.<\/p>\n<p>Le choix du syst\u00e8me n\u2019est pas impos\u00e9.<\/td>\n<td style=\"height: 187px;width: 20.4226%\"><img decoding=\"async\" class=\"alignright wp-image-3430\" src=\"https:\/\/www.service-public.pf\/sde\/wp-content\/uploads\/sites\/15\/2023\/01\/SDE-REBPF-IlluTotales-Etablissement-Soin-ChauffeEau.png\" alt=\"\" width=\"300\" height=\"225\" \/><\/td>\n<\/tr>\n<\/tbody>\n<\/table>\n<p style=\"color: #000000\"><strong><span style=\"text-decoration: underline\">Seuils \u00e0 respecter,\u00a0selon l\u2019orientation des fa\u00e7ades des locaux :<\/span><\/strong><\/p>\n<p style=\"color: #747474\"><span style=\"color: #000000\">Les seuils et r\u00e8gles varient en fonction du type de syst\u00e8me retenu.<\/span><\/p>\n<table class=\"table table-bordered\" style=\"width: 94.1613%\">\n<tbody>\n<tr>\n<td style=\"width: 16.4461%\" width=\"169\"><strong><b>Syst\u00e8me<\/b><\/strong><\/td>\n<td style=\"width: 34.9486%\" width=\"255\"><strong><b>Seuil<\/b><\/strong><\/td>\n<td style=\"width: 10%\" width=\"151\"><strong><b>R\u00e8gles de conception<\/b><\/strong><\/td>\n<td style=\"width: 39.2788%\" width=\"548\"><strong><b>Exemples de solutions<\/b><\/strong><\/td>\n<\/tr>\n<tr>\n<td style=\"width: 16.4461%\" width=\"169\">Chauffe-eau solaire individuel (CESI)<\/td>\n<td style=\"width: 34.9486%\" width=\"255\">\n<p style=\"text-align: center\">-<\/p>\n<\/td>\n<td style=\"width: 10%\" width=\"56\">\n<p style=\"text-align: center\">-<\/p>\n<\/td>\n<td style=\"width: 39.2788%\" width=\"406\">Ce type de syst\u00e8me est utile pour les points ayant des besoins en eau chaude quotidiens inf\u00e9rieurs \u00e0 500 L<\/td>\n<\/tr>\n<tr>\n<td style=\"width: 16.4461%\" width=\"169\">Chauffe-eau solaire collectif (CESC)<\/td>\n<td style=\"width: 34.9486%\" width=\"255\">Pour une temp\u00e9rature d\u2019eau chaude de 60 degr\u00e9s Celsius\u00a0:<\/p>\n<ul>\n<li>Taux de couverture de 60 % minimum des besoins \u00e9nerg\u00e9tiques en eau chaude du b\u00e2timent<\/li>\n<li>Productivit\u00e9 solaire minimale de 450 kWh\/m\u00b2capteur\/an pour une temp\u00e9rature<\/li>\n<\/ul>\n<\/td>\n<td style=\"width: 10%\" width=\"56\">Conf\u00e8re fiche d\u2019application<\/td>\n<td style=\"width: 39.2788%\" width=\"406\">\n<p style=\"text-align: center\">-<\/p>\n<\/td>\n<\/tr>\n<\/tbody>\n<\/table>\n<p><span style=\"color: #000000\"><strong><u>Cas d\u00e9rogatoires :<\/u><\/strong><\/span><\/p>\n<ol>\n<li>Concernant l\u2019installation de chauffe-eaux solaires<\/li>\n<\/ol>\n<p style=\"color: #747474\">Les b\u00e2timents livr\u00e9s sans syst\u00e8me de production d\u2019eau chaude ne sont pas soumis \u00e0 l\u2019obligation de recours aux chauffe-eaux solaires.<\/p>\n<p>A l\u2019exception des locaux d\u2019h\u00e9bergement munis d\u2019un syst\u00e8me de production d\u2019eau chaude, un ou plusieurs locaux peuvent ne pas \u00eatre aliment\u00e9s par de l\u2019eau chaude sanitaire produite par \u00e9nergie solaire s\u2019ils satisfont aux deux conditions suivantes\u00a0:<\/p>\n<ul>\n<li>Les besoins journaliers en eau chaude \u00e0 60 degr\u00e9s du point ou de l'ensemble de points de soutirage du local sont inf\u00e9rieurs \u00e0 100 litres\u00a0;<\/li>\n<li>Le point ou les points de soutirage dans leur ensemble sont \u00e9loign\u00e9s de plus de 15 m\u00e8tres du point aliment\u00e9 en eau chaude le plus proche.<\/li>\n<\/ul>\n<p>Enfin, si le projet est aliment\u00e9 par un r\u00e9seau d\u2019alimentation en eau, public ou priv\u00e9, dont le traitement est r\u00e9alis\u00e9, en totalit\u00e9 ou en partie, par un processus de d\u00e9salinisation\u00a0alors le recours \u00e0 des \u00e9quipements de production d\u2019eau chaude de type solaire thermique n\u2019est pas impos\u00e9.<\/p>\n<ol start=\"2\">\n<li>Concernant les performances de l\u2019installation<\/li>\n<\/ol>\n<p style=\"color: #747474\">Si le b\u00e2timent pr\u00e9sente une surface de toiture insuffisante pour permettre l\u2019installation de chauffe-eaux solaires conforme aux objectifs de performance\u00a0ou si les masques solaires proches sont trop importants pour cela, il est possible de d\u00e9roger aux seuils indiqu\u00e9s ci-dessus en dimensionnant toutefois l\u2019installation pour qu\u2019elle pr\u00e9sente un taux de couverture maximum et une productivit\u00e9 maximum au regard du contexte de mise en \u0153uvre.<\/p>\n<p>Si le projet s\u2019inscrit dans ce cas d\u00e9rogatoire, le recours \u00e0 cette d\u00e9rogation devra \u00eatre justifi\u00e9 et argument\u00e9 techniquement, tout comme le dimensionnement final de l\u2019installation.<\/p>\n<p style=\"color: #000000\"><strong>Pour plus d\u2019informations sur l\u2019application de la th\u00e9matique, consultez la fiche en question :<\/strong><\/p>\n<ul>\n<li><a href=\"https:\/\/www.service-public.pf\/sde\/wp-content\/uploads\/sites\/15\/2023\/06\/Fiche-08-Eau-chaude-solaire.pdf\">Fiche d\u2019application \u00ab\u00a0Eau chaude solaire\u00a0\u00bb<\/a><\/li>\n<\/ul>\n<\/div><\/div><\/div><div class=\"fusion-panel panel-default panel-c2fa9b16808779824 fusion-toggle-has-divider\" style=\"--awb-title-color:#333333;--awb-content-color:#747474;\"><div class=\"panel-heading\"><h4 class=\"panel-title toggle\" id=\"toggle_c2fa9b16808779824\"><a aria-expanded=\"false\" aria-controls=\"c2fa9b16808779824\" role=\"button\" data-toggle=\"collapse\" data-parent=\"#accordion-3355-14\" data-target=\"#c2fa9b16808779824\" href=\"#c2fa9b16808779824\"><span class=\"fusion-toggle-icon-wrapper\" aria-hidden=\"true\"><i class=\"fa-fusion-box active-icon awb-icon-minus\" aria-hidden=\"true\"><\/i><i class=\"fa-fusion-box inactive-icon awb-icon-plus\" aria-hidden=\"true\"><\/i><\/span><span class=\"fusion-toggle-heading\"> Climatisation performante<\/span><\/a><\/h4><\/div><div id=\"c2fa9b16808779824\" class=\"panel-collapse collapse \" aria-labelledby=\"toggle_c2fa9b16808779824\"><div class=\"panel-body toggle-content fusion-clearfix\">\n<p><span style=\"color: #000000\"><strong>En dehors des dispositions concernant la perm\u00e9abilit\u00e9 \u00e0 l\u2019air des menuiseries, la th\u00e9matique est applicable si, et seulement si, la climatisation est install\u00e9e !\u00a0<\/strong><\/span><\/p>\n<table style=\"width: 100%\">\n<tbody>\n<tr>\n<td style=\"width: 79.3602%\">\n<p style=\"text-decoration: underline;color: #000000\"><strong>Locaux concern\u00e9s :<\/strong><\/p>\n<p>Seules les chambres sont concern\u00e9es par cette th\u00e9matique.<\/td>\n<td style=\"width: 116.05%\"><strong><img decoding=\"async\" class=\"alignright wp-image-3439 size-medium\" src=\"https:\/\/www.service-public.pf\/sde\/wp-content\/uploads\/sites\/15\/2023\/01\/SDE-REBPF-IlluTotales-Etablissement-Soin-Climatisation.png\" alt=\"\" width=\"300\" height=\"225\" \/><\/strong><\/td>\n<\/tr>\n<\/tbody>\n<\/table>\n<p style=\"text-decoration: underline;color: #000000\"><strong>Seuils, r\u00e8gles de conception et caract\u00e9ristiques techniques \u00e0 respecter :<\/strong><\/p>\n<table class=\"table table-bordered\" style=\"width: 98.0591%\">\n<tbody>\n<tr>\n<td style=\"width: 19.5816%\" width=\"217\"><strong><b>Mesure<\/b><\/strong><\/td>\n<td style=\"width: 14.4907%\" width=\"113\"><strong><b>Seuil<\/b><\/strong><\/td>\n<td style=\"width: 51.1574%\" width=\"340\"><strong><b>R\u00e8gle de conception<\/b><\/strong><\/td>\n<td style=\"width: 19.2212%\" width=\"359\"><strong><b>Exemples de solutions<\/b><\/strong><\/td>\n<\/tr>\n<tr>\n<td style=\"width: 19.5816%\" width=\"254\">Perm\u00e9abilit\u00e9 \u00e0 l\u2019air des menuiseries<\/td>\n<td style=\"width: 65.6481%\" colspan=\"2\" width=\"113\">Les baies des chambres ont une classe de perm\u00e9abilit\u00e9 minimum de A*2 (ou A2, par \u00e9quivalence)<\/td>\n<td style=\"width: 19.2212%\" width=\"340\">\n<p style=\"text-align: center\">-<\/p>\n<\/td>\n<\/tr>\n<tr>\n<td style=\"width: 19.5816%\" rowspan=\"2\" width=\"254\">Efficacit\u00e9 \u00e9nerg\u00e9tique minimale (EER)<\/td>\n<td style=\"width: 14.4907%\" width=\"113\">Installation individuelle<\/td>\n<td style=\"width: 51.1574%\" width=\"425\">EER minimum de\u00a0:<\/p>\n<ul>\n<li>3,2 pour un climatiseur d\u2019une puissance inf\u00e9rieure \u00e0 21 000 BTU\/h<\/li>\n<li>3 pour un climatiseur d\u2019une puissance sup\u00e9rieure ou \u00e9gale \u00e0 21 000 BTU\/h<\/li>\n<\/ul>\n<\/td>\n<td style=\"width: 19.2212%;text-align: center\" rowspan=\"2\" width=\"207\">-<\/td>\n<\/tr>\n<tr>\n<td style=\"width: 14.4907%\" width=\"85\">Installation centralis\u00e9e<\/td>\n<td style=\"width: 51.1574%\" width=\"113\">EER minimum de\u00a0:<\/p>\n<ul>\n<li>3,7 pour une installation de type \u00ab DRV \u00bb ou \u00ab VRV \u00bb<\/li>\n<li>3 pour une installation de type \u00ab eau glac\u00e9e \u00bb<\/li>\n<\/ul>\n<\/td>\n<\/tr>\n<\/tbody>\n<\/table>\n<p><span style=\"color: #000000\"><strong>Pour plus d\u2019informations sur l\u2019application de la th\u00e9matique, consultez la fiche en question\u00a0:<\/strong><\/span><\/p>\n<ul>\n<li><a href=\"https:\/\/www.service-public.pf\/sde\/wp-content\/uploads\/sites\/15\/2023\/06\/Fiche-09-Climatisation.pdf\">Fiche d\u2019application \u00ab\u00a0Climatisation\u00a0\u00bb<\/a><\/li>\n<\/ul>\n<\/div><\/div><\/div><\/div><\/div><div class=\"fusion-text fusion-text-57\" style=\"--awb-margin-top:10px;\"><p><span style=\"color: #000000\"><strong>Informations relatives aux demandes de permis de construire et au certificat de conformit\u00e9<\/strong><\/span><\/p>\n<p>Le p\u00e9titionnaire remplit les nouveaux formulaires de demande de permis de construire et de certificat de conformit\u00e9 de la DCA qui int\u00e8grent la d\u00e9claration du respect de la r\u00e9glementation.<\/p>\n<p><strong>Si les surfaces de plancher construites cumul\u00e9es* sont sup\u00e9rieures \u00e0 250 m\u00b2 de plancher, les demandes de permis de construire et de certificat de conformit\u00e9 doivent \u00eatre accompagn\u00e9es de l\u2019avis d\u2019un organisme agr\u00e9\u00e9<\/strong><\/p>\n<ul>\n<li><a href=\"https:\/\/www.service-public.pf\/sde\/organismes-agrees\/\">Parcourir la page d\u00e9di\u00e9e aux organismes agr\u00e9\u00e9s<\/a><\/li>\n<\/ul>\n<p><em><span style=\"font-size: 10pt\">* Les surfaces de plancher \u00e0 consid\u00e9rer sont celles de n\u2019importe quel b\u00e2timent neuf rattach\u00e9 au projet de construction, d\u00e8s lors que la typologie associ\u00e9e est bureaux, enseignement, \u00e9tablissement de soin, h\u00f4tellerie ou logement collectif.<\/span><\/em><\/p>\n<p><span style=\"color: #000000\"><strong>Informations sur les dispositions applicables \u00e0 la typologie <\/strong>(ne consulter que les rubriques des th\u00e9matiques concernant le projet de construction)<strong>\u00a0:<\/strong><\/span><\/p>\n<ul>\n<li><a href=\"https:\/\/www.service-public.pf\/sde\/wp-content\/uploads\/sites\/15\/2023\/04\/REPBF_Depliants_EtablissmentDeSoin_Pages-V2.pdf\">D\u00e9pliant \u00ab\u00a0\u00c9tablissement de soin \u00bb<\/a><\/li>\n<\/ul>\n<\/div><\/div><\/div><\/div><\/div><\/div><div class=\"fusion-layout-column fusion_builder_column fusion-builder-column-23 fusion_builder_column_4_5 4_5 fusion-flex-column vct_idv_inf500_content\" style=\"--awb-bg-size:cover;--awb-width-large:80%;--awb-flex-grow:0;--awb-flex-shrink:0;--awb-margin-top-large:0px;--awb-spacing-right-large:2.4%;--awb-margin-bottom-large:20px;--awb-spacing-left-large:2.4%;--awb-width-medium:100%;--awb-order-medium:0;--awb-flex-grow-medium:0;--awb-flex-shrink-medium:0;--awb-spacing-right-medium:1.92%;--awb-spacing-left-medium:1.92%;--awb-width-small:100%;--awb-order-small:0;--awb-flex-grow-small:0;--awb-flex-shrink-small:0;--awb-spacing-right-small:1.92%;--awb-spacing-left-small:1.92%;\" id=\"vct_idv_inf500_restauration_content\"><div class=\"fusion-column-wrapper fusion-column-has-shadow fusion-flex-justify-content-flex-start fusion-content-layout-column\"><div class=\"fusion-title title fusion-title-18 fusion-sep-none fusion-title-center fusion-title-text fusion-title-size-two hidden\" style=\"--awb-margin-top-small:0px;--awb-margin-right-small:0px;--awb-margin-bottom-small:20px;--awb-margin-left-small:0px;\"><h2 class=\"fusion-title-heading title-heading-center\" style=\"margin:0;\">Protection solaire de la toiture \/ Eau chaude solaire + D\u00e9pliant Restauration + Fiche d'information Restauration + Formulaire 1-IDV<\/h2><\/div><div class=\"fusion-text fusion-text-58 vct_description_typologie\"><p>Il s\u2019agit d\u2019un b\u00e2timent ou d\u2019une partie de b\u00e2timent \u00e0 destination de restaurant ou de d\u00e9bit de<br \/>\nboisson, ainsi que leurs locaux accessoires.<\/p>\n<\/div><div class=\"fusion-builder-row fusion-builder-row-inner fusion-row fusion-flex-align-items-center fusion-flex-justify-content-center fusion-flex-content-wrap\" style=\"--awb-flex-grow:0;--awb-flex-grow-medium:0;--awb-flex-grow-small:0;--awb-flex-shrink:0;--awb-flex-shrink-medium:0;--awb-flex-shrink-small:0;width:104% !important;max-width:104% !important;margin-left: calc(-4% \/ 2 );margin-right: calc(-4% \/ 2 );\"><div class=\"fusion-layout-column fusion_builder_column_inner fusion-builder-nested-column-78 fusion_builder_column_inner_1_1 1_1 fusion-flex-column\" style=\"--awb-bg-size:cover;--awb-width-large:100%;--awb-margin-top-large:0px;--awb-spacing-right-large:1.92%;--awb-margin-bottom-large:20px;--awb-spacing-left-large:1.92%;--awb-width-medium:100%;--awb-order-medium:0;--awb-spacing-right-medium:1.92%;--awb-spacing-left-medium:1.92%;--awb-width-small:100%;--awb-order-small:0;--awb-spacing-right-small:1.92%;--awb-spacing-left-small:1.92%;\"><div class=\"fusion-column-wrapper fusion-column-has-shadow fusion-flex-justify-content-flex-start fusion-content-layout-column\"><div class=\"fusion-separator fusion-full-width-sep\" style=\"align-self: center;margin-left: auto;margin-right: auto;width:100%;\"><div class=\"fusion-separator-border sep-shadow\" style=\"--awb-height:20px;--awb-amount:20px;background:radial-gradient(ellipse at 50% -50% , #e0dede 0px, rgba(255, 255, 255, 0) 80%) repeat scroll 0 0 rgba(0, 0, 0, 0);background:-webkit-radial-gradient(ellipse at 50% -50% , #e0dede 0px, rgba(255, 255, 255, 0) 80%) repeat scroll 0 0 rgba(0, 0, 0, 0);background:-moz-radial-gradient(ellipse at 50% -50% , #e0dede 0px, rgba(255, 255, 255, 0) 80%) repeat scroll 0 0 rgba(0, 0, 0, 0);background:-o-radial-gradient(ellipse at 50% -50% , #e0dede 0px, rgba(255, 255, 255, 0) 80%) repeat scroll 0 0 rgba(0, 0, 0, 0);\"><\/div><\/div><\/div><\/div><div class=\"fusion-layout-column fusion_builder_column_inner fusion-builder-nested-column-79 fusion_builder_column_inner_1_3 1_3 fusion-flex-column\" style=\"--awb-bg-size:cover;--awb-width-large:33.333333333333%;--awb-margin-top-large:0px;--awb-spacing-right-large:2vw;--awb-margin-bottom-large:20px;--awb-spacing-left-large:5.76%;--awb-width-medium:100%;--awb-order-medium:0;--awb-spacing-right-medium:1.92%;--awb-spacing-left-medium:1.92%;--awb-width-small:100%;--awb-order-small:0;--awb-spacing-right-small:1.92%;--awb-spacing-left-small:1.92%;\"><div class=\"fusion-column-wrapper fusion-column-has-shadow fusion-flex-justify-content-flex-start fusion-content-layout-column\"><div class=\"fusion-image-element \" style=\"text-align:right;--awb-max-width:450px;--awb-caption-title-font-family:var(--h2_typography-font-family);--awb-caption-title-font-weight:var(--h2_typography-font-weight);--awb-caption-title-font-style:var(--h2_typography-font-style);--awb-caption-title-size:var(--h2_typography-font-size);--awb-caption-title-transform:var(--h2_typography-text-transform);--awb-caption-title-line-height:var(--h2_typography-line-height);--awb-caption-title-letter-spacing:var(--h2_typography-letter-spacing);\"><span class=\" fusion-imageframe imageframe-none imageframe-15 hover-type-none\"><img decoding=\"async\" width=\"300\" height=\"225\" title=\"SDE REBPF IlluTotales Restaurant\" src=\"https:\/\/www.service-public.pf\/sde\/wp-content\/uploads\/sites\/15\/2023\/01\/SDE-REBPF-IlluTotales-Restaurant-300x225.png\" alt class=\"img-responsive wp-image-3464\" srcset=\"https:\/\/www.service-public.pf\/sde\/wp-content\/uploads\/sites\/15\/2023\/01\/SDE-REBPF-IlluTotales-Restaurant-200x150.png 200w, https:\/\/www.service-public.pf\/sde\/wp-content\/uploads\/sites\/15\/2023\/01\/SDE-REBPF-IlluTotales-Restaurant-400x300.png 400w, https:\/\/www.service-public.pf\/sde\/wp-content\/uploads\/sites\/15\/2023\/01\/SDE-REBPF-IlluTotales-Restaurant-600x450.png 600w, https:\/\/www.service-public.pf\/sde\/wp-content\/uploads\/sites\/15\/2023\/01\/SDE-REBPF-IlluTotales-Restaurant-800x600.png 800w, https:\/\/www.service-public.pf\/sde\/wp-content\/uploads\/sites\/15\/2023\/01\/SDE-REBPF-IlluTotales-Restaurant-1200x900.png 1200w, https:\/\/www.service-public.pf\/sde\/wp-content\/uploads\/sites\/15\/2023\/01\/SDE-REBPF-IlluTotales-Restaurant.png 1453w\" sizes=\"(max-width: 1024px) 100vw, (max-width: 640px) 100vw, 800px\" \/><\/span><\/div><\/div><\/div><div class=\"fusion-layout-column fusion_builder_column_inner fusion-builder-nested-column-80 fusion_builder_column_inner_2_3 2_3 fusion-flex-column\" style=\"--awb-bg-size:cover;--awb-width-large:66.666666666667%;--awb-margin-top-large:0px;--awb-spacing-right-large:2.88%;--awb-margin-bottom-large:20px;--awb-spacing-left-large:2.88%;--awb-width-medium:100%;--awb-order-medium:0;--awb-spacing-right-medium:1.92%;--awb-spacing-left-medium:1.92%;--awb-width-small:100%;--awb-order-small:0;--awb-spacing-right-small:1.92%;--awb-spacing-left-small:1.92%;\"><div class=\"fusion-column-wrapper fusion-column-has-shadow fusion-flex-justify-content-center fusion-content-layout-column\"><div class=\"fusion-text fusion-text-59\" style=\"--awb-content-alignment:center;--awb-font-size:24pt;\"><p>Localisation\u00a0du projet : <strong>Iles du Vent, \u00e0 une altitude inf\u00e9rieure \u00e0 500 m\u00e8tres<\/strong><\/p>\n<p>Typologie de la construction\u00a0: <strong>Restauration<\/strong><\/p>\n<\/div><\/div><\/div><div class=\"fusion-layout-column fusion_builder_column_inner fusion-builder-nested-column-81 fusion_builder_column_inner_1_1 1_1 fusion-flex-column\" style=\"--awb-bg-size:cover;--awb-width-large:100%;--awb-margin-top-large:0px;--awb-spacing-right-large:1.92%;--awb-margin-bottom-large:20px;--awb-spacing-left-large:1.92%;--awb-width-medium:100%;--awb-order-medium:0;--awb-spacing-right-medium:1.92%;--awb-spacing-left-medium:1.92%;--awb-width-small:100%;--awb-order-small:0;--awb-spacing-right-small:1.92%;--awb-spacing-left-small:1.92%;\"><div class=\"fusion-column-wrapper fusion-column-has-shadow fusion-flex-justify-content-flex-start fusion-content-layout-column\"><div class=\"fusion-separator fusion-full-width-sep\" style=\"align-self: center;margin-left: auto;margin-right: auto;margin-bottom:20px;width:100%;\"><div class=\"fusion-separator-border sep-shadow\" style=\"--awb-height:20px;--awb-amount:20px;background:radial-gradient(ellipse at 50% -50% , #e0dede 0px, rgba(255, 255, 255, 0) 80%) repeat scroll 0 0 rgba(0, 0, 0, 0);background:-webkit-radial-gradient(ellipse at 50% -50% , #e0dede 0px, rgba(255, 255, 255, 0) 80%) repeat scroll 0 0 rgba(0, 0, 0, 0);background:-moz-radial-gradient(ellipse at 50% -50% , #e0dede 0px, rgba(255, 255, 255, 0) 80%) repeat scroll 0 0 rgba(0, 0, 0, 0);background:-o-radial-gradient(ellipse at 50% -50% , #e0dede 0px, rgba(255, 255, 255, 0) 80%) repeat scroll 0 0 rgba(0, 0, 0, 0);\"><\/div><\/div><\/div><\/div><div class=\"fusion-layout-column fusion_builder_column_inner fusion-builder-nested-column-82 fusion_builder_column_inner_1_1 1_1 fusion-flex-column\" style=\"--awb-bg-color:#ffffff;--awb-bg-color-hover:#ffffff;--awb-bg-size:cover;--awb-width-large:100%;--awb-margin-top-large:0px;--awb-spacing-right-large:1.92%;--awb-margin-bottom-large:20px;--awb-spacing-left-large:1.92%;--awb-width-medium:100%;--awb-order-medium:0;--awb-spacing-right-medium:1.92%;--awb-spacing-left-medium:1.92%;--awb-width-small:100%;--awb-order-small:0;--awb-spacing-right-small:1.92%;--awb-spacing-left-small:1.92%;\"><div class=\"fusion-column-wrapper fusion-column-has-shadow fusion-flex-justify-content-flex-start fusion-content-layout-column\"><div class=\"fusion-text fusion-text-60\" style=\"--awb-text-color:#000000;\"><p><strong>Th\u00e9matiques applicables :<\/strong><\/p>\n<\/div><div class=\"accordian fusion-accordian\" style=\"--awb-border-size:1px;--awb-icon-size:13px;--awb-content-font-size:13px;--awb-icon-alignment:left;--awb-hover-color:#f9f9f9;--awb-border-color:#cccccc;--awb-background-color:#ffffff;--awb-divider-color:#e0dede;--awb-divider-hover-color:#e0dede;--awb-icon-color:#ffffff;--awb-title-color:#333333;--awb-content-color:#747474;--awb-icon-box-color:#333333;--awb-toggle-hover-accent-color:#26a147;--awb-title-font-family:&quot;PT Sans&quot;;--awb-title-font-weight:400;--awb-title-font-style:normal;--awb-title-font-size:13px;--awb-content-font-family:&quot;PT Sans&quot;;--awb-content-font-style:normal;--awb-content-font-weight:400;\"><div class=\"panel-group fusion-toggle-icon-boxed\" id=\"accordion-3355-15\"><div class=\"fusion-panel panel-default panel-035226ed525388adb fusion-toggle-has-divider\" style=\"--awb-title-color:#333333;--awb-content-color:#747474;\"><div class=\"panel-heading\"><h4 class=\"panel-title toggle\" id=\"toggle_035226ed525388adb\"><a aria-expanded=\"false\" aria-controls=\"035226ed525388adb\" role=\"button\" data-toggle=\"collapse\" data-parent=\"#accordion-3355-15\" data-target=\"#035226ed525388adb\" href=\"#035226ed525388adb\"><span class=\"fusion-toggle-icon-wrapper\" aria-hidden=\"true\"><i class=\"fa-fusion-box active-icon awb-icon-minus\" aria-hidden=\"true\"><\/i><i class=\"fa-fusion-box inactive-icon awb-icon-plus\" aria-hidden=\"true\"><\/i><\/span><span class=\"fusion-toggle-heading\">Protection solaire de la toiture<\/span><\/a><\/h4><\/div><div id=\"035226ed525388adb\" class=\"panel-collapse collapse \" aria-labelledby=\"toggle_035226ed525388adb\"><div class=\"panel-body toggle-content fusion-clearfix\">\n<table style=\"width: 100%;height: 187px\">\n<tbody>\n<tr style=\"height: 187px\">\n<td style=\"height: 187px\"><span style=\"color: #000000\"><strong><span style=\"text-decoration: underline\">Locaux concern\u00e9s<\/span> :<\/strong><\/span><\/p>\n<ul>\n<li>Locaux clos et climatis\u00e9s ou occup\u00e9s (exemples\u00a0: cuisine, salle de restauration, r\u00e9serve climatis\u00e9e, \u2026)<\/li>\n<li>Locaux clos non-occup\u00e9s donnant <u>directement<\/u> sur les locaux ci-dessus, hors locaux techniques, stationnements et espaces de stockage non climatis\u00e9s (exemples : sanitaires, circulation, \u2026)<\/li>\n<\/ul>\n<\/td>\n<td style=\"height: 187px\"><img decoding=\"async\" class=\"alignright wp-image-3430\" src=\"https:\/\/www.service-public.pf\/sde\/wp-content\/uploads\/sites\/15\/2023\/01\/SDE-REBPF-IlluTotales-Restaurant-ProToiture.png\" alt=\"\" width=\"300\" height=\"225\" \/><\/td>\n<\/tr>\n<\/tbody>\n<\/table>\n<p style=\"color: #000000\"><strong><span style=\"text-decoration: underline\">Seuils \u00e0 respecter : <\/span><\/strong><\/p>\n<table class=\"table table-bordered\" style=\"width: 100%\">\n<tbody>\n<tr>\n<td style=\"width: 24.0317%\"><strong>Mesure<\/strong><\/td>\n<td style=\"width: 4.78677%\"><strong>Seuil<\/strong><\/td>\n<td style=\"width: 58.7865%\"><strong>Exemples de solutions<\/strong><\/td>\n<\/tr>\n<tr>\n<td style=\"width: 24.0317%\">Facteur solaire maximal de la toiture<\/td>\n<td style=\"width: 4.78677%\">2,5%<\/td>\n<td style=\"width: 58.7865%\">\n<ul>\n<li>Toiture (avec combles) en t\u00f4le de teinte claire avec 3 cm de laine min\u00e9rale minimum<\/li>\n<li>Toiture (avec combles) en t\u00f4le de teinte moyenne avec 5 cm de laine min\u00e9rale minimum<\/li>\n<li>Toiture (avec combles) en t\u00f4le de teinte sombre avec 7,5 cm de laine min\u00e9rale minimum<\/li>\n<li>Toiture terrasse en b\u00e9ton de teinte moyenne avec 6 cm de polystyr\u00e8ne expans\u00e9 minimum<\/li>\n<li>Toiture en bardeau de bois apparents correspondant \u00e0 une toiture \u00ab ventil\u00e9e \u00bb<\/li>\n<li>Toiture terrasse en b\u00e9ton avec sur-toiture largement ventil\u00e9e<\/li>\n<\/ul>\n<\/td>\n<\/tr>\n<\/tbody>\n<\/table>\n<p><span style=\"color: #000000\"><strong>Pour plus d\u2019informations sur l\u2019application de la th\u00e9matique, consultez la fiche en question\u00a0:<\/strong><\/span><\/p>\n<ul>\n<li><a href=\"https:\/\/www.service-public.pf\/sde\/wp-content\/uploads\/sites\/15\/2023\/09\/Fiche-02-Protection-solaire-des-parois-opaques-horizontales-Toitures.pdf\">Fiche d\u2019application \u00ab\u00a0Protection solaire de la toiture\u00a0\u00bb<\/a><\/li>\n<\/ul>\n<p>Nota bene : les informations diffus\u00e9es dans le d\u00e9pliant mis \u00e0 disposition ci-dessous sont normalement suffisantes pour s'assurer de la conformit\u00e9 de son projet sans rentrer dans les d\u00e9tails techniques de la th\u00e9matique.<\/p>\n<\/div><\/div><\/div><div class=\"fusion-panel panel-default panel-b9e6a71b0b44c9ece fusion-toggle-has-divider\" style=\"--awb-title-color:#333333;--awb-content-color:#747474;\"><div class=\"panel-heading\"><h4 class=\"panel-title toggle\" id=\"toggle_b9e6a71b0b44c9ece\"><a aria-expanded=\"false\" aria-controls=\"b9e6a71b0b44c9ece\" role=\"button\" data-toggle=\"collapse\" data-parent=\"#accordion-3355-15\" data-target=\"#b9e6a71b0b44c9ece\" href=\"#b9e6a71b0b44c9ece\"><span class=\"fusion-toggle-icon-wrapper\" aria-hidden=\"true\"><i class=\"fa-fusion-box active-icon awb-icon-minus\" aria-hidden=\"true\"><\/i><i class=\"fa-fusion-box inactive-icon awb-icon-plus\" aria-hidden=\"true\"><\/i><\/span><span class=\"fusion-toggle-heading\">Eau chaude solaire<\/span><\/a><\/h4><\/div><div id=\"b9e6a71b0b44c9ece\" class=\"panel-collapse collapse \" aria-labelledby=\"toggle_b9e6a71b0b44c9ece\"><div class=\"panel-body toggle-content fusion-clearfix\">\n<table style=\"width: 100%;height: 187px\">\n<tbody>\n<tr style=\"height: 187px\">\n<td style=\"height: 187px;width: 78.8732%\">\n<p style=\"color: #000000\"><strong><span style=\"text-decoration: underline\">Locaux concern\u00e9s<\/span> :<\/strong><\/p>\n<p>L\u2019exigence porte sur l\u2019ensemble des besoins en eau chaude du projet. Le choix du syst\u00e8me n\u2019est pas impos\u00e9.<\/td>\n<td style=\"height: 187px;width: 20.4226%\"><img decoding=\"async\" class=\"alignright wp-image-3430\" src=\"https:\/\/www.service-public.pf\/sde\/wp-content\/uploads\/sites\/15\/2023\/01\/SDE-REBPF-IlluTotales-Restaurant-ChauffeEau.png\" alt=\"\" width=\"300\" height=\"225\" \/><\/td>\n<\/tr>\n<\/tbody>\n<\/table>\n<p style=\"color: #000000\"><strong><span style=\"text-decoration: underline\">Seuils \u00e0 respecter,\u00a0selon l\u2019orientation des fa\u00e7ades des locaux :<\/span><\/strong><\/p>\n<p style=\"color: #747474\">Les seuils et r\u00e8gles varient en fonction du type de syst\u00e8me retenu.<\/p>\n<table class=\"table table-bordered\" style=\"width: 94.1613%\">\n<tbody>\n<tr>\n<td style=\"width: 16.4461%\" width=\"169\"><strong><b>Syst\u00e8me<\/b><\/strong><\/td>\n<td style=\"width: 34.9486%\" width=\"255\"><strong><b>Seuil<\/b><\/strong><\/td>\n<td style=\"width: 10%\" width=\"151\"><strong><b>R\u00e8gles de conception<\/b><\/strong><\/td>\n<td style=\"width: 39.2788%\" width=\"548\"><strong><b>Exemples de solutions<\/b><\/strong><\/td>\n<\/tr>\n<tr>\n<td style=\"width: 16.4461%\" width=\"169\">Chauffe-eau solaire individuel (CESI)<\/td>\n<td style=\"width: 34.9486%\" width=\"255\">\n<p style=\"text-align: center\">-<\/p>\n<\/td>\n<td style=\"width: 10%\" width=\"56\">\n<p style=\"text-align: center\">-<\/p>\n<\/td>\n<td style=\"width: 39.2788%\" width=\"406\">Ce type de syst\u00e8me est utile pour les points ayant des besoins en eau chaude quotidiens inf\u00e9rieurs \u00e0 500 L<\/td>\n<\/tr>\n<tr>\n<td style=\"width: 16.4461%\" width=\"169\">Chauffe-eau solaire collectif (CESC)<\/td>\n<td style=\"width: 34.9486%\" width=\"255\">Pour une temp\u00e9rature d\u2019eau chaude de 60 degr\u00e9s Celsius\u00a0:<\/p>\n<ul>\n<li>Taux de couverture de 60 % minimum des besoins \u00e9nerg\u00e9tiques en eau chaude du b\u00e2timent<\/li>\n<li>Productivit\u00e9 solaire minimale de 450 kWh\/m\u00b2capteur\/an pour une temp\u00e9rature<\/li>\n<\/ul>\n<\/td>\n<td style=\"width: 10%\" width=\"56\">Conf\u00e8re fiche d\u2019application<\/td>\n<td style=\"width: 39.2788%\" width=\"406\">\n<p style=\"text-align: center\">-<\/p>\n<\/td>\n<\/tr>\n<\/tbody>\n<\/table>\n<p><span style=\"color: #000000\"><strong><u>Cas d\u00e9rogatoires :<\/u><\/strong><\/span><\/p>\n<ol>\n<li>Concernant l\u2019installation de chauffe-eaux solaires<\/li>\n<\/ol>\n<p>Un ou plusieurs locaux peuvent ne pas \u00eatre aliment\u00e9s par de l\u2019eau chaude sanitaire produite par \u00e9nergie solaire s\u2019ils satisfont aux deux conditions suivantes\u00a0:<\/p>\n<ul>\n<li>Les besoins journaliers en eau chaude \u00e0 60 degr\u00e9s du point ou de l'ensemble de points de soutirage du local sont inf\u00e9rieurs \u00e0 100 litres\u00a0;<\/li>\n<li>Le point ou les points de soutirage dans leur ensemble sont \u00e9loign\u00e9s de plus de 15 m\u00e8tres du point aliment\u00e9 en eau chaude le plus proche.<\/li>\n<\/ul>\n<p style=\"color: #747474\">Lorsque le b\u00e2timent de restauration n\u2019est pas aliment\u00e9 par un r\u00e9seau d\u2019adduction d\u2019eau collectif public ou priv\u00e9, le recours \u00e0 des \u00e9quipements de production d\u2019eau chaude de type solaire thermique n\u2019est pas impos\u00e9.<\/p>\n<p>Il en est de m\u00eame si le b\u00e2timent est aliment\u00e9 par un r\u00e9seau d\u2019alimentation en eau, public ou priv\u00e9, dont le traitement est r\u00e9alis\u00e9, en totalit\u00e9 ou en partie, par un processus de d\u00e9salinisation.<\/p>\n<ol start=\"2\">\n<li>Concernant les performances de l\u2019installation<\/li>\n<\/ol>\n<p style=\"color: #747474\">Si le b\u00e2timent pr\u00e9sente une surface de toiture insuffisante pour permettre l\u2019installation de chauffe-eaux solaires conforme aux objectifs de performance\u00a0ou si les masques solaires proches sont trop importants pour cela, il est possible de d\u00e9roger aux seuils indiqu\u00e9s ci-dessus en dimensionnant toutefois l\u2019installation pour qu\u2019elle pr\u00e9sente un taux de couverture maximum et une productivit\u00e9 maximum au regard du contexte de mise en \u0153uvre.<\/p>\n<p>Si le projet s\u2019inscrit dans ce cas d\u00e9rogatoire, le recours \u00e0 cette d\u00e9rogation devra \u00eatre justifi\u00e9 et argument\u00e9 techniquement, tout comme le dimensionnement final de l\u2019installation.<\/p>\n<p style=\"color: #000000\"><strong>Pour plus d\u2019informations sur l\u2019application de la th\u00e9matique, consultez la fiche en question :<\/strong><\/p>\n<ul>\n<li><a href=\"https:\/\/www.service-public.pf\/sde\/wp-content\/uploads\/sites\/15\/2023\/06\/Fiche-08-Eau-chaude-solaire.pdf\">Fiche d\u2019application \u00ab\u00a0Eau chaude solaire\u00a0\u00bb<\/a><\/li>\n<\/ul>\n<\/div><\/div><\/div><\/div><\/div><div class=\"fusion-text fusion-text-61\" style=\"--awb-margin-top:10px;\"><p><span style=\"color: #000000\"><strong>Informations relatives aux demandes de permis de construire et au certificat de conformit\u00e9<\/strong><\/span><\/p>\n<p>Le p\u00e9titionnaire remplit les nouveaux formulaires de demande de permis de construire et de certificat de conformit\u00e9 de la DCA qui int\u00e8grent la d\u00e9claration du respect de la r\u00e9glementation.<\/p>\n<p><span style=\"color: #000000\"><strong>Informations sur les dispositions applicables \u00e0 la typologie <\/strong><strong>:<\/strong><\/span><\/p>\n<ul>\n<li><a href=\"https:\/\/www.service-public.pf\/sde\/wp-content\/uploads\/sites\/15\/2023\/03\/REPBF_Depliants_Restauration_Pages.pdf\">D\u00e9pliant \u00ab\u00a0Restauration \u00bb<\/a><\/li>\n<\/ul>\n<\/div><\/div><\/div><\/div><\/div><\/div><div class=\"fusion-layout-column fusion_builder_column fusion-builder-column-24 fusion_builder_column_4_5 4_5 fusion-flex-column vct_idv_inf500_content\" style=\"--awb-bg-size:cover;--awb-width-large:80%;--awb-flex-grow:0;--awb-flex-shrink:0;--awb-margin-top-large:0px;--awb-spacing-right-large:2.4%;--awb-margin-bottom-large:20px;--awb-spacing-left-large:2.4%;--awb-width-medium:100%;--awb-order-medium:0;--awb-flex-grow-medium:0;--awb-flex-shrink-medium:0;--awb-spacing-right-medium:1.92%;--awb-spacing-left-medium:1.92%;--awb-width-small:100%;--awb-order-small:0;--awb-flex-grow-small:0;--awb-flex-shrink-small:0;--awb-spacing-right-small:1.92%;--awb-spacing-left-small:1.92%;\" id=\"vct_idv_inf500_etablissementdenseignement_content\"><div class=\"fusion-column-wrapper fusion-column-has-shadow fusion-flex-justify-content-flex-start fusion-content-layout-column\"><div class=\"fusion-title title fusion-title-19 fusion-sep-none fusion-title-center fusion-title-text fusion-title-size-two hidden\" style=\"--awb-margin-top-small:0px;--awb-margin-right-small:0px;--awb-margin-bottom-small:20px;--awb-margin-left-small:0px;\"><h2 class=\"fusion-title-heading title-heading-center\" style=\"margin:0;\"><span style=\"color: #000000\">Protection solaire de la toiture + D\u00e9pliant \u00e9tablissement d'enseignement + Fiche d'information \u00e9tablissement d'enseignement + Formulaire 2-IDV<\/span><\/h2><\/div><div class=\"fusion-text fusion-text-62 vct_description_typologie\"><p>Il s\u2019agit d\u2019un b\u00e2timent ou d\u2019une partie de b\u00e2timent \u00e0 usage de cr\u00e8che et garderie, \u00e9cole maternelle,<br \/>\n\u00e9cole primaire, coll\u00e8ge, lyc\u00e9e, \u00e9tablissement d\u2019enseignement sup\u00e9rieur et tout autre b\u00e2timent de<br \/>\nservice public ou d\u2019int\u00e9r\u00eat collectif de l\u2019enseignement, comprenant \u00e9galement leurs locaux<br \/>\naccessoires.<\/p>\n<p>Pour rappel, les locaux \u00e0 sommeil et les internats sont assimil\u00e9s \u00e0 la typologie \u00ab logement collectif \u00bb.<\/p>\n<\/div><div class=\"fusion-builder-row fusion-builder-row-inner fusion-row fusion-flex-align-items-center fusion-flex-justify-content-center fusion-flex-content-wrap\" style=\"--awb-flex-grow:0;--awb-flex-grow-medium:0;--awb-flex-grow-small:0;--awb-flex-shrink:0;--awb-flex-shrink-medium:0;--awb-flex-shrink-small:0;width:104% !important;max-width:104% !important;margin-left: calc(-4% \/ 2 );margin-right: calc(-4% \/ 2 );\"><div class=\"fusion-layout-column fusion_builder_column_inner fusion-builder-nested-column-83 fusion_builder_column_inner_1_1 1_1 fusion-flex-column\" style=\"--awb-bg-size:cover;--awb-width-large:100%;--awb-margin-top-large:0px;--awb-spacing-right-large:1.92%;--awb-margin-bottom-large:20px;--awb-spacing-left-large:1.92%;--awb-width-medium:100%;--awb-order-medium:0;--awb-spacing-right-medium:1.92%;--awb-spacing-left-medium:1.92%;--awb-width-small:100%;--awb-order-small:0;--awb-spacing-right-small:1.92%;--awb-spacing-left-small:1.92%;\"><div class=\"fusion-column-wrapper fusion-column-has-shadow fusion-flex-justify-content-flex-start fusion-content-layout-column\"><div class=\"fusion-separator fusion-full-width-sep\" style=\"align-self: center;margin-left: auto;margin-right: auto;width:100%;\"><div class=\"fusion-separator-border sep-shadow\" style=\"--awb-height:20px;--awb-amount:20px;background:radial-gradient(ellipse at 50% -50% , #e0dede 0px, rgba(255, 255, 255, 0) 80%) repeat scroll 0 0 rgba(0, 0, 0, 0);background:-webkit-radial-gradient(ellipse at 50% -50% , #e0dede 0px, rgba(255, 255, 255, 0) 80%) repeat scroll 0 0 rgba(0, 0, 0, 0);background:-moz-radial-gradient(ellipse at 50% -50% , #e0dede 0px, rgba(255, 255, 255, 0) 80%) repeat scroll 0 0 rgba(0, 0, 0, 0);background:-o-radial-gradient(ellipse at 50% -50% , #e0dede 0px, rgba(255, 255, 255, 0) 80%) repeat scroll 0 0 rgba(0, 0, 0, 0);\"><\/div><\/div><\/div><\/div><div class=\"fusion-layout-column fusion_builder_column_inner fusion-builder-nested-column-84 fusion_builder_column_inner_1_3 1_3 fusion-flex-column\" style=\"--awb-bg-size:cover;--awb-width-large:33.333333333333%;--awb-margin-top-large:0px;--awb-spacing-right-large:2vw;--awb-margin-bottom-large:20px;--awb-spacing-left-large:5.76%;--awb-width-medium:100%;--awb-order-medium:0;--awb-spacing-right-medium:1.92%;--awb-spacing-left-medium:1.92%;--awb-width-small:100%;--awb-order-small:0;--awb-spacing-right-small:1.92%;--awb-spacing-left-small:1.92%;\"><div class=\"fusion-column-wrapper fusion-column-has-shadow fusion-flex-justify-content-flex-start fusion-content-layout-column\"><div class=\"fusion-image-element \" style=\"text-align:right;--awb-max-width:450px;--awb-caption-title-font-family:var(--h2_typography-font-family);--awb-caption-title-font-weight:var(--h2_typography-font-weight);--awb-caption-title-font-style:var(--h2_typography-font-style);--awb-caption-title-size:var(--h2_typography-font-size);--awb-caption-title-transform:var(--h2_typography-text-transform);--awb-caption-title-line-height:var(--h2_typography-line-height);--awb-caption-title-letter-spacing:var(--h2_typography-letter-spacing);\"><span class=\" fusion-imageframe imageframe-none imageframe-16 hover-type-none\"><img decoding=\"async\" width=\"300\" height=\"225\" title=\"SDE REBPF IlluTotales Enseignement\" src=\"https:\/\/www.service-public.pf\/sde\/wp-content\/uploads\/sites\/15\/2023\/01\/SDE-REBPF-IlluTotales-Enseignement-300x225.png\" alt class=\"img-responsive wp-image-3429\" srcset=\"https:\/\/www.service-public.pf\/sde\/wp-content\/uploads\/sites\/15\/2023\/01\/SDE-REBPF-IlluTotales-Enseignement-200x150.png 200w, https:\/\/www.service-public.pf\/sde\/wp-content\/uploads\/sites\/15\/2023\/01\/SDE-REBPF-IlluTotales-Enseignement-400x300.png 400w, https:\/\/www.service-public.pf\/sde\/wp-content\/uploads\/sites\/15\/2023\/01\/SDE-REBPF-IlluTotales-Enseignement-600x450.png 600w, https:\/\/www.service-public.pf\/sde\/wp-content\/uploads\/sites\/15\/2023\/01\/SDE-REBPF-IlluTotales-Enseignement-800x600.png 800w, https:\/\/www.service-public.pf\/sde\/wp-content\/uploads\/sites\/15\/2023\/01\/SDE-REBPF-IlluTotales-Enseignement-1200x900.png 1200w, https:\/\/www.service-public.pf\/sde\/wp-content\/uploads\/sites\/15\/2023\/01\/SDE-REBPF-IlluTotales-Enseignement.png 1453w\" sizes=\"(max-width: 1024px) 100vw, (max-width: 640px) 100vw, 800px\" \/><\/span><\/div><\/div><\/div><div class=\"fusion-layout-column fusion_builder_column_inner fusion-builder-nested-column-85 fusion_builder_column_inner_2_3 2_3 fusion-flex-column\" style=\"--awb-bg-size:cover;--awb-width-large:66.666666666667%;--awb-margin-top-large:0px;--awb-spacing-right-large:2.88%;--awb-margin-bottom-large:20px;--awb-spacing-left-large:2.88%;--awb-width-medium:100%;--awb-order-medium:0;--awb-spacing-right-medium:1.92%;--awb-spacing-left-medium:1.92%;--awb-width-small:100%;--awb-order-small:0;--awb-spacing-right-small:1.92%;--awb-spacing-left-small:1.92%;\"><div class=\"fusion-column-wrapper fusion-column-has-shadow fusion-flex-justify-content-center fusion-content-layout-column\"><div class=\"fusion-text fusion-text-63\" style=\"--awb-content-alignment:center;--awb-font-size:24pt;\"><p>Localisation\u00a0du projet : <strong>Iles du Vent, \u00e0 une altitude inf\u00e9rieure \u00e0 500 m\u00e8tres<\/strong><\/p>\n<p>Typologie de la construction\u00a0: <strong>Enseignement<\/strong><\/p>\n<\/div><\/div><\/div><div class=\"fusion-layout-column fusion_builder_column_inner fusion-builder-nested-column-86 fusion_builder_column_inner_1_1 1_1 fusion-flex-column\" style=\"--awb-bg-size:cover;--awb-width-large:100%;--awb-margin-top-large:0px;--awb-spacing-right-large:1.92%;--awb-margin-bottom-large:20px;--awb-spacing-left-large:1.92%;--awb-width-medium:100%;--awb-order-medium:0;--awb-spacing-right-medium:1.92%;--awb-spacing-left-medium:1.92%;--awb-width-small:100%;--awb-order-small:0;--awb-spacing-right-small:1.92%;--awb-spacing-left-small:1.92%;\"><div class=\"fusion-column-wrapper fusion-column-has-shadow fusion-flex-justify-content-flex-start fusion-content-layout-column\"><div class=\"fusion-separator fusion-full-width-sep\" style=\"align-self: center;margin-left: auto;margin-right: auto;margin-bottom:20px;width:100%;\"><div class=\"fusion-separator-border sep-shadow\" style=\"--awb-height:20px;--awb-amount:20px;background:radial-gradient(ellipse at 50% -50% , #e0dede 0px, rgba(255, 255, 255, 0) 80%) repeat scroll 0 0 rgba(0, 0, 0, 0);background:-webkit-radial-gradient(ellipse at 50% -50% , #e0dede 0px, rgba(255, 255, 255, 0) 80%) repeat scroll 0 0 rgba(0, 0, 0, 0);background:-moz-radial-gradient(ellipse at 50% -50% , #e0dede 0px, rgba(255, 255, 255, 0) 80%) repeat scroll 0 0 rgba(0, 0, 0, 0);background:-o-radial-gradient(ellipse at 50% -50% , #e0dede 0px, rgba(255, 255, 255, 0) 80%) repeat scroll 0 0 rgba(0, 0, 0, 0);\"><\/div><\/div><\/div><\/div><div class=\"fusion-layout-column fusion_builder_column_inner fusion-builder-nested-column-87 fusion_builder_column_inner_1_1 1_1 fusion-flex-column\" style=\"--awb-bg-color:#ffffff;--awb-bg-color-hover:#ffffff;--awb-bg-size:cover;--awb-width-large:100%;--awb-margin-top-large:0px;--awb-spacing-right-large:1.92%;--awb-margin-bottom-large:20px;--awb-spacing-left-large:1.92%;--awb-width-medium:100%;--awb-order-medium:0;--awb-spacing-right-medium:1.92%;--awb-spacing-left-medium:1.92%;--awb-width-small:100%;--awb-order-small:0;--awb-spacing-right-small:1.92%;--awb-spacing-left-small:1.92%;\"><div class=\"fusion-column-wrapper fusion-column-has-shadow fusion-flex-justify-content-flex-start fusion-content-layout-column\"><div class=\"fusion-text fusion-text-64\" style=\"--awb-text-color:#000000;\"><p><strong>Th\u00e9matiques applicables :<\/strong><\/p>\n<\/div><div class=\"accordian fusion-accordian\" style=\"--awb-border-size:1px;--awb-icon-size:13px;--awb-content-font-size:13px;--awb-icon-alignment:left;--awb-hover-color:#f9f9f9;--awb-border-color:#cccccc;--awb-background-color:#ffffff;--awb-divider-color:#e0dede;--awb-divider-hover-color:#e0dede;--awb-icon-color:#ffffff;--awb-title-color:#333333;--awb-content-color:#747474;--awb-icon-box-color:#333333;--awb-toggle-hover-accent-color:#26a147;--awb-title-font-family:&quot;PT Sans&quot;;--awb-title-font-weight:400;--awb-title-font-style:normal;--awb-title-font-size:13px;--awb-content-font-family:&quot;PT Sans&quot;;--awb-content-font-style:normal;--awb-content-font-weight:400;\"><div class=\"panel-group fusion-toggle-icon-boxed\" id=\"accordion-3355-16\"><div class=\"fusion-panel panel-default panel-668f07acc66fb71c2 fusion-toggle-has-divider\" style=\"--awb-title-color:#333333;--awb-content-color:#747474;\"><div class=\"panel-heading\"><h4 class=\"panel-title toggle\" id=\"toggle_668f07acc66fb71c2\"><a aria-expanded=\"false\" aria-controls=\"668f07acc66fb71c2\" role=\"button\" data-toggle=\"collapse\" data-parent=\"#accordion-3355-16\" data-target=\"#668f07acc66fb71c2\" href=\"#668f07acc66fb71c2\"><span class=\"fusion-toggle-icon-wrapper\" aria-hidden=\"true\"><i class=\"fa-fusion-box active-icon awb-icon-minus\" aria-hidden=\"true\"><\/i><i class=\"fa-fusion-box inactive-icon awb-icon-plus\" aria-hidden=\"true\"><\/i><\/span><span class=\"fusion-toggle-heading\">Protection solaire de la toiture<\/span><\/a><\/h4><\/div><div id=\"668f07acc66fb71c2\" class=\"panel-collapse collapse \" aria-labelledby=\"toggle_668f07acc66fb71c2\"><div class=\"panel-body toggle-content fusion-clearfix\">\n<table style=\"width: 100%;height: 187px\">\n<tbody>\n<tr style=\"height: 187px\">\n<td style=\"height: 187px\"><span style=\"color: #000000\"><strong><span style=\"text-decoration: underline\">Locaux concern\u00e9s<\/span> :<\/strong><\/span><\/p>\n<ul>\n<li>Locaux clos et climatis\u00e9s ou occup\u00e9s (exemples\u00a0: salle de classe, infirmerie, biblioth\u00e8que, salle de r\u00e9union, espace d\u2019accueil avec personnel permanent, \u2026)<\/li>\n<li>Locaux clos non-occup\u00e9s donnant <u>directement<\/u> sur les locaux ci-dessus, hors locaux techniques, stationnements et espaces de stockage non climatis\u00e9s (exemples : sanitaires, vestiaire, circulation close, \u2026)<\/li>\n<\/ul>\n<\/td>\n<td style=\"height: 187px\"><img decoding=\"async\" class=\"alignright wp-image-3430\" src=\"https:\/\/www.service-public.pf\/sde\/wp-content\/uploads\/sites\/15\/2023\/01\/SDE-REBPF-IlluTotales-Enseignement-ProToiture.png\" alt=\"\" width=\"300\" height=\"225\" srcset=\"https:\/\/www.service-public.pf\/sde\/wp-content\/uploads\/sites\/15\/2023\/01\/SDE-REBPF-IlluTotales-Enseignement-ProToiture-200x150.png 200w, https:\/\/www.service-public.pf\/sde\/wp-content\/uploads\/sites\/15\/2023\/01\/SDE-REBPF-IlluTotales-Enseignement-ProToiture-300x225.png 300w, https:\/\/www.service-public.pf\/sde\/wp-content\/uploads\/sites\/15\/2023\/01\/SDE-REBPF-IlluTotales-Enseignement-ProToiture-400x300.png 400w, https:\/\/www.service-public.pf\/sde\/wp-content\/uploads\/sites\/15\/2023\/01\/SDE-REBPF-IlluTotales-Enseignement-ProToiture-600x450.png 600w, https:\/\/www.service-public.pf\/sde\/wp-content\/uploads\/sites\/15\/2023\/01\/SDE-REBPF-IlluTotales-Enseignement-ProToiture-768x576.png 768w, https:\/\/www.service-public.pf\/sde\/wp-content\/uploads\/sites\/15\/2023\/01\/SDE-REBPF-IlluTotales-Enseignement-ProToiture-800x600.png 800w, https:\/\/www.service-public.pf\/sde\/wp-content\/uploads\/sites\/15\/2023\/01\/SDE-REBPF-IlluTotales-Enseignement-ProToiture-1024x768.png 1024w, https:\/\/www.service-public.pf\/sde\/wp-content\/uploads\/sites\/15\/2023\/01\/SDE-REBPF-IlluTotales-Enseignement-ProToiture-1200x900.png 1200w, https:\/\/www.service-public.pf\/sde\/wp-content\/uploads\/sites\/15\/2023\/01\/SDE-REBPF-IlluTotales-Enseignement-ProToiture.png 1453w\" sizes=\"(max-width: 300px) 100vw, 300px\" \/><\/td>\n<\/tr>\n<\/tbody>\n<\/table>\n<p style=\"color: #000000\"><strong><span style=\"text-decoration: underline\">Seuils \u00e0 respecter : <\/span><\/strong><\/p>\n<table class=\"table table-bordered\" style=\"width: 100%\">\n<tbody>\n<tr>\n<td style=\"width: 24.0317%\"><strong>Mesure<\/strong><\/td>\n<td style=\"width: 4.78677%\"><strong>Seuil<\/strong><\/td>\n<td style=\"width: 58.7865%\"><strong>Exemples de solutions<\/strong><\/td>\n<\/tr>\n<tr>\n<td style=\"width: 24.0317%\">Facteur solaire maximal de la toiture<\/td>\n<td style=\"width: 4.78677%\">2,5%<\/td>\n<td style=\"width: 58.7865%\">\n<ul>\n<li>Toiture (avec combles) en t\u00f4le de teinte claire avec 3 cm de laine min\u00e9rale minimum<\/li>\n<li>Toiture (avec combles) en t\u00f4le de teinte moyenne avec 5 cm de laine min\u00e9rale minimum<\/li>\n<li>Toiture (avec combles) en t\u00f4le de teinte sombre avec 7,5 cm de laine min\u00e9rale minimum<\/li>\n<li>Toiture terrasse en b\u00e9ton de teinte moyenne avec 6 cm de polystyr\u00e8ne expans\u00e9 minimum<\/li>\n<li>Toiture terrasse en b\u00e9ton avec sur-toiture largement ventil\u00e9e<\/li>\n<\/ul>\n<\/td>\n<\/tr>\n<\/tbody>\n<\/table>\n<p><span style=\"color: #000000\"><strong>Pour plus d\u2019informations sur l\u2019application de la th\u00e9matique, consultez la fiche en question\u00a0:<\/strong><\/span><\/p>\n<ul>\n<li><a href=\"https:\/\/www.service-public.pf\/sde\/wp-content\/uploads\/sites\/15\/2023\/09\/Fiche-02-Protection-solaire-des-parois-opaques-horizontales-Toitures.pdf\">Fiche d\u2019application \u00ab\u00a0Protection solaire de la toiture\u00a0\u00bb<\/a><\/li>\n<\/ul>\n<\/div><\/div><\/div><div class=\"fusion-panel panel-default panel-e848c2bc4588181b7 fusion-toggle-has-divider\" style=\"--awb-title-color:#333333;--awb-content-color:#747474;\"><div class=\"panel-heading\"><h4 class=\"panel-title toggle\" id=\"toggle_e848c2bc4588181b7\"><a aria-expanded=\"false\" aria-controls=\"e848c2bc4588181b7\" role=\"button\" data-toggle=\"collapse\" data-parent=\"#accordion-3355-16\" data-target=\"#e848c2bc4588181b7\" href=\"#e848c2bc4588181b7\"><span class=\"fusion-toggle-icon-wrapper\" aria-hidden=\"true\"><i class=\"fa-fusion-box active-icon awb-icon-minus\" aria-hidden=\"true\"><\/i><i class=\"fa-fusion-box inactive-icon awb-icon-plus\" aria-hidden=\"true\"><\/i><\/span><span class=\"fusion-toggle-heading\">Protection solaire des fa\u00e7ades (murs et baies)<\/span><\/a><\/h4><\/div><div id=\"e848c2bc4588181b7\" class=\"panel-collapse collapse \" aria-labelledby=\"toggle_e848c2bc4588181b7\"><div class=\"panel-body toggle-content fusion-clearfix\">\n<table style=\"width: 100%\">\n<tbody>\n<tr>\n<td><span style=\"color: #000000\"><strong><span style=\"text-decoration: underline\">Locaux concern\u00e9s<\/span> :<\/strong><\/span><\/p>\n<ul>\n<li>Locaux clos et climatis\u00e9s ou occup\u00e9s (exemples\u00a0: salle de classe, infirmerie, biblioth\u00e8que, salle de r\u00e9union, espace d\u2019accueil avec personnel permanent, \u2026)<\/li>\n<li>Locaux clos non-occup\u00e9s donnant <u>directement<\/u> sur les locaux ci-dessus, hors locaux techniques, stationnements et espaces de stockage non climatis\u00e9s (exemples : sanitaires, vestiaire, circulation close, \u2026)<\/li>\n<\/ul>\n<\/td>\n<td><img decoding=\"async\" class=\"alignright wp-image-3430\" src=\"https:\/\/www.service-public.pf\/sde\/wp-content\/uploads\/sites\/15\/2023\/01\/SDE-REBPF-IlluTotales-Enseignement-ProFacade.png\" alt=\"\" width=\"300\" height=\"225\" \/><\/td>\n<\/tr>\n<\/tbody>\n<\/table>\n<p style=\"color: #000000\"><strong><span style=\"text-decoration: underline\">Seuils \u00e0 respecter,\u00a0selon l\u2019orientation des fa\u00e7ades des locaux :<\/span><\/strong><\/p>\n<table>\n<tbody>\n<tr>\n<td width=\"20%\"><strong>Mesure<\/strong><\/td>\n<td width=\"20%\"><strong>Orientation<\/strong><\/td>\n<td width=\"5%\"><strong>Seuil<\/strong><\/td>\n<td width=\"243%\"><strong>Exemples de solutions<\/strong><\/td>\n<\/tr>\n<tr>\n<td rowspan=\"2\" width=\"20%\">Facteur solaire maximal des murs<\/td>\n<td width=\"20%\">Nord, Nord-Est, Nord-Ouest, Est, Ouest<\/td>\n<td width=\"5%\">11 %<\/td>\n<td rowspan=\"2\" width=\"243%\">Mur de teinte claire, double-peau l\u00e9g\u00e8re de teinte moyenne, mur en b\u00e9ton cellulaire, mur en parpaing de teinte moyenne, mur avec bardage ventil\u00e9, d\u00e9bord de toiture (dimensions \u00e0 calculer en fonction des caract\u00e9ristiques du mur), \u2026<\/td>\n<\/tr>\n<tr>\n<td width=\"20%\">Sud, Sud-Est, Sud-Ouest<\/td>\n<td width=\"5%\">12 %<\/td>\n<\/tr>\n<tr>\n<td rowspan=\"4\" width=\"20%\">Facteur solaire maximal des baies<\/td>\n<td width=\"20%\">Nord, Nord-Est, Nord-Ouest, Est, Ouest*<\/td>\n<td width=\"5%\">50 %<\/td>\n<td width=\"243%\">Double vitrage teint\u00e9 ou \u00e0 contr\u00f4le solaire, masque architectural (casquette, brise-soleil, \u2026) \u00e0 dimensionner selon les caract\u00e9ristiques de la baie, lame opaque<\/td>\n<\/tr>\n<tr>\n<td width=\"20%\">Sud-Est, Sud-Ouest*<\/td>\n<td width=\"5%\">60 %<\/td>\n<td rowspan=\"2\" width=\"243%\">Simple vitrage \u00e0 contr\u00f4le solaire, simple ou double vitrage teint\u00e9, double vitrage clair (au sud seulement), masque architectural (casquette, brise-soleil, \u2026) \u00e0 dimensionner selon les caract\u00e9ristiques de la baie, \u2026<\/td>\n<\/tr>\n<tr>\n<td width=\"20%\">Sud*<\/td>\n<td width=\"5%\">70 %<\/td>\n<\/tr>\n<tr>\n<td width=\"20%\">Baie horizontale<\/td>\n<td width=\"5%\">45%<\/td>\n<td width=\"243%\">Protection solaire compl\u00e9mentaire \u00e0 la baie, \u00e0 dimensionner en fonction du type de vitrage<\/td>\n<\/tr>\n<\/tbody>\n<\/table>\n<p><em><i>* Si le local concern\u00e9 est une salle de classe ou si le taux de surface de baie en fa\u00e7ade est sup\u00e9rieur \u00e0 70%, le seuil \u00e0 atteindre est alors rabaiss\u00e9 de 5 % (respectivement 45%, 55% et 65%).<\/i><\/em><\/p>\n<p style=\"color: #000000\"><strong>Pour plus d\u2019informations sur l\u2019application des th\u00e9matiques, consultez les fiches en question :<\/strong><\/p>\n<ul>\n<li><a href=\"https:\/\/www.service-public.pf\/sde\/wp-content\/uploads\/sites\/15\/2023\/09\/Fiche-03-Protection-solaire-des-parois-opaques-verticales-Murs.pdf\">Fiche d\u2019application \u00ab Protection solaire des murs \u00bb<\/a><\/li>\n<li><a href=\"https:\/\/www.service-public.pf\/sde\/wp-content\/uploads\/sites\/15\/2023\/09\/Fiche-04-Protection-solaire-des-baies.pdf\">Fiche d\u2019application \u00ab\u00a0Protection solaire des baies \u00bb<\/a><\/li>\n<li><a href=\"https:\/\/www.service-public.pf\/sde\/wp-content\/uploads\/sites\/15\/2023\/06\/Fiche-05-Prise-en-main-de-loutil-Cm-FS.pdf\">Fiche d\u2019application \u00ab\u00a0Outil de calcul pour la protection solaire des fa\u00e7ades \u00bb<\/a><\/li>\n<\/ul>\n<\/div><\/div><\/div><div class=\"fusion-panel panel-default panel-ecd1cd5a54d62caa6 fusion-toggle-has-divider\" style=\"--awb-title-color:#333333;--awb-content-color:#747474;\"><div class=\"panel-heading\"><h4 class=\"panel-title toggle\" id=\"toggle_ecd1cd5a54d62caa6\"><a aria-expanded=\"false\" aria-controls=\"ecd1cd5a54d62caa6\" role=\"button\" data-toggle=\"collapse\" data-parent=\"#accordion-3355-16\" data-target=\"#ecd1cd5a54d62caa6\" href=\"#ecd1cd5a54d62caa6\"><span class=\"fusion-toggle-icon-wrapper\" aria-hidden=\"true\"><i class=\"fa-fusion-box active-icon awb-icon-minus\" aria-hidden=\"true\"><\/i><i class=\"fa-fusion-box inactive-icon awb-icon-plus\" aria-hidden=\"true\"><\/i><\/span><span class=\"fusion-toggle-heading\">Ventilation naturelle <\/span><\/a><\/h4><\/div><div id=\"ecd1cd5a54d62caa6\" class=\"panel-collapse collapse \" aria-labelledby=\"toggle_ecd1cd5a54d62caa6\"><div class=\"panel-body toggle-content fusion-clearfix\">\n<table style=\"width: 100%\">\n<tbody>\n<tr>\n<td style=\"width: 74.9588%\"><span style=\"text-decoration: underline;color: #000000\"><strong>Locaux concern\u00e9s :<\/strong><\/span><\/p>\n<ul>\n<li>Salles de classe<\/li>\n<li>R\u00e9fectoire<\/li>\n<\/ul>\n<\/td>\n<td style=\"width: 120.451%\"><strong><img decoding=\"async\" class=\"alignright wp-image-3439 size-medium\" src=\"https:\/\/www.service-public.pf\/sde\/wp-content\/uploads\/sites\/15\/2023\/01\/SDE-REBPF-IlluTotales-Enseignement-Ventilation.png\" alt=\"\" width=\"300\" height=\"225\" \/><\/strong><\/td>\n<\/tr>\n<\/tbody>\n<\/table>\n<p style=\"text-decoration: underline;color: #000000\"><strong>Seuils, r\u00e8gles de conception et caract\u00e9ristiques techniques \u00e0 respecter :<\/strong><\/p>\n<table class=\"table table-bordered\" style=\"width: 98.0591%\">\n<tbody>\n<tr>\n<td style=\"width: 19.0429%\" width=\"217\"><strong><b>Mesure<\/b><\/strong><\/td>\n<td style=\"width: 11.259%\" width=\"113\"><strong><b>Seuil<\/b><\/strong><\/td>\n<td style=\"width: 34.2814%\" width=\"340\"><strong><b>R\u00e8gle de conception<\/b><\/strong><\/td>\n<td style=\"width: 39.8674%\" width=\"359\"><strong><b>Exemples de solutions<\/b><\/strong><\/td>\n<\/tr>\n<tr>\n<td style=\"width: 19.0429%\" width=\"217\">Ventilation naturelle traversante<\/td>\n<td style=\"width: 45.5404%\" colspan=\"2\" width=\"453\">Le local poss\u00e8de au minimum deux ouvertures situ\u00e9es sur deux fa\u00e7ades diff\u00e9rentes et donnant directement sur l\u2019ext\u00e9rieur<\/td>\n<td style=\"width: 39.8674%\" width=\"359\">\n<p style=\"text-align: center\">-<\/p>\n<\/td>\n<\/tr>\n<tr>\n<td style=\"width: 19.0429%\" width=\"217\">Porosit\u00e9 minimale des locaux<\/td>\n<td style=\"width: 11.259%\" width=\"113\">Salle de classe\u00a0: 15%<\/p>\n<p>R\u00e9fectoire\u00a0: 10 %<\/td>\n<td style=\"width: 34.2814%\" width=\"340\">La porosit\u00e9 correspond \u00e0 la surface totale des ouvertures libres donnant sur l\u2019ext\u00e9rieur divis\u00e9e par la surface de plancher de la pi\u00e8ce<\/td>\n<td style=\"width: 39.8674%\" width=\"359\">Pour une salle de classe\u00a0de 60 m\u00b2 :<\/p>\n<ul>\n<li>Mise en place de 8 fen\u00eatres coulissantes \u00e0 double vantaux de dimensions 1,45 m par 1,6 m<\/li>\n<li>Mise en place de 8 fen\u00eatres \u00e0 jalousies de dimensions 0,85 m par 1,6 m<\/li>\n<\/ul>\n<\/td>\n<\/tr>\n<\/tbody>\n<\/table>\n<p style=\"color: #000000\"><strong>Pour plus d\u2019informations sur l\u2019application de la th\u00e9matique, consultez la fiche en question\u00a0:<\/strong><\/p>\n<ul>\n<li><a href=\"https:\/\/www.service-public.pf\/sde\/wp-content\/uploads\/sites\/15\/2023\/09\/Fiche-06-Ventilation-naturelle.pdf\">Fiche d\u2019application \u00ab\u00a0Ventilation naturelle\u00a0\u00bb<\/a><\/li>\n<\/ul>\n<\/div><\/div><\/div><div class=\"fusion-panel panel-default panel-3aa23e4c385173d1c fusion-toggle-has-divider\" style=\"--awb-title-color:#333333;--awb-content-color:#747474;\"><div class=\"panel-heading\"><h4 class=\"panel-title toggle\" id=\"toggle_3aa23e4c385173d1c\"><a aria-expanded=\"false\" aria-controls=\"3aa23e4c385173d1c\" role=\"button\" data-toggle=\"collapse\" data-parent=\"#accordion-3355-16\" data-target=\"#3aa23e4c385173d1c\" href=\"#3aa23e4c385173d1c\"><span class=\"fusion-toggle-icon-wrapper\" aria-hidden=\"true\"><i class=\"fa-fusion-box active-icon awb-icon-minus\" aria-hidden=\"true\"><\/i><i class=\"fa-fusion-box inactive-icon awb-icon-plus\" aria-hidden=\"true\"><\/i><\/span><span class=\"fusion-toggle-heading\">Brasseur d\u2019air<\/span><\/a><\/h4><\/div><div id=\"3aa23e4c385173d1c\" class=\"panel-collapse collapse \" aria-labelledby=\"toggle_3aa23e4c385173d1c\"><div class=\"panel-body toggle-content fusion-clearfix\">\n<table style=\"width: 100%\">\n<tbody>\n<tr>\n<td style=\"width: 74.9588%\"><span style=\"text-decoration: underline;color: #000000\"><strong>Locaux concern\u00e9s :<\/strong><\/span><\/p>\n<ul>\n<li>Salles de classe<\/li>\n<li>R\u00e9fectoire<\/li>\n<\/ul>\n<\/td>\n<td style=\"width: 120.451%\"><strong><img decoding=\"async\" class=\"alignright wp-image-3439 size-medium\" src=\"https:\/\/www.service-public.pf\/sde\/wp-content\/uploads\/sites\/15\/2023\/01\/SDE-REBPF-IlluTotales-Enseignement-Brasseurs.png\" alt=\"\" width=\"300\" height=\"225\" \/><\/strong><\/td>\n<\/tr>\n<\/tbody>\n<\/table>\n<p style=\"text-decoration: underline;color: #000000\"><strong>Seuils, r\u00e8gles de conception et caract\u00e9ristiques techniques \u00e0 respecter :<\/strong><\/p>\n<table class=\"table table-bordered\" style=\"width: 98.0591%\">\n<tbody>\n<tr>\n<td style=\"width: 11.0537%\" width=\"217\"><strong><b>Mesure<\/b><\/strong><\/td>\n<td style=\"width: 29.1226%\" width=\"113\"><strong><b>Seuil<\/b><\/strong><\/td>\n<td style=\"width: 39.5776%\" width=\"340\"><strong><b>R\u00e8gle de conception<\/b><\/strong><\/td>\n<td style=\"width: 24.6969%\" width=\"359\"><strong><b>Exemples de solutions<\/b><\/strong><\/td>\n<\/tr>\n<tr>\n<td style=\"width: 11.0537%\" width=\"217\">Brasseurs d\u2019air<\/td>\n<td style=\"width: 29.1226%\" width=\"113\">Salle de classe\u00a0: 1 \/ 15 m\u00b2<\/p>\n<p>R\u00e9fectoire\u00a0: 1 \/ 20 m\u00b2<\/p>\n<p>Possibilit\u00e9 de diviser le nombre de brasseurs d\u2019air par deux si leur diam\u00e8tre est sup\u00e9rieur \u00e0 2 m\u00e8tres.<\/td>\n<td style=\"width: 39.5776%\" width=\"340\">\n<ul>\n<li>La hauteur sous plafond doit \u00eatre de 2,65 m \u00e0 l\u2019endroit d\u2019implantation du brasseur d\u2019air ;<\/li>\n<li>Caract\u00e9ristiques techniques : diam\u00e8tre de 120 cm minimum, efficacit\u00e9 \u00e9nerg\u00e9tique en vitesse maximum de 120 m3 minimum d\u2019air brass\u00e9 par Wh consomm\u00e9, comporte 3 vitesses minimum.<\/li>\n<\/ul>\n<\/td>\n<td style=\"width: 24.6969%\" width=\"359\">Pour une salle de classe\u00a0de 55 m\u00b2 : mise en place de 4 brasseurs d\u2019air<\/p>\n<p>Pour un r\u00e9fectoire de 230 m\u00b2 : mise en place de 12 brasseurs d\u2019air classiques ou de 6 brasseurs d\u2019air dont le diam\u00e8tre des p\u00e2les est sup\u00e9rieur \u00e0 2 m\u00e8tres.<\/td>\n<\/tr>\n<\/tbody>\n<\/table>\n<p><span style=\"color: #000000\"><strong>Pour plus d\u2019informations sur l\u2019application de la th\u00e9matique, consultez la fiche en question\u00a0:<\/strong><\/span><\/p>\n<ul>\n<li><a href=\"https:\/\/www.service-public.pf\/sde\/wp-content\/uploads\/sites\/15\/2023\/06\/Fiche-07-Brasseurs-dair.pdf\">Fiche d\u2019application \u00ab\u00a0Brasseurs d\u2019air\u00a0\u00bb<\/a><\/li>\n<\/ul>\n<\/div><\/div><\/div><div class=\"fusion-panel panel-default panel-e715c03ee1ddc93c2 fusion-toggle-has-divider\" style=\"--awb-title-color:#333333;--awb-content-color:#747474;\"><div class=\"panel-heading\"><h4 class=\"panel-title toggle\" id=\"toggle_e715c03ee1ddc93c2\"><a aria-expanded=\"false\" aria-controls=\"e715c03ee1ddc93c2\" role=\"button\" data-toggle=\"collapse\" data-parent=\"#accordion-3355-16\" data-target=\"#e715c03ee1ddc93c2\" href=\"#e715c03ee1ddc93c2\"><span class=\"fusion-toggle-icon-wrapper\" aria-hidden=\"true\"><i class=\"fa-fusion-box active-icon awb-icon-minus\" aria-hidden=\"true\"><\/i><i class=\"fa-fusion-box inactive-icon awb-icon-plus\" aria-hidden=\"true\"><\/i><\/span><span class=\"fusion-toggle-heading\">Climatisation performante<\/span><\/a><\/h4><\/div><div id=\"e715c03ee1ddc93c2\" class=\"panel-collapse collapse \" aria-labelledby=\"toggle_e715c03ee1ddc93c2\"><div class=\"panel-body toggle-content fusion-clearfix\">\n<p><span style=\"color: #000000\"><strong>En dehors des dispositions concernant la perm\u00e9abilit\u00e9 \u00e0 l\u2019air des menuiseries, la th\u00e9matique est applicable si, et seulement si, la climatisation est install\u00e9e !\u00a0<\/strong><\/span><\/p>\n<table style=\"width: 100%\">\n<tbody>\n<tr>\n<td style=\"width: 74.9588%\"><span style=\"text-decoration: underline;color: #000000\"><strong>Locaux concern\u00e9s :<\/strong><\/span><\/p>\n<ul>\n<li>Salles de classe<\/li>\n<li>R\u00e9fectoire<\/li>\n<\/ul>\n<\/td>\n<td style=\"width: 120.451%\"><strong><img decoding=\"async\" class=\"alignright wp-image-3439 size-medium\" src=\"https:\/\/www.service-public.pf\/sde\/wp-content\/uploads\/sites\/15\/2023\/01\/SDE-REBPF-IlluTotales-Enseignement-Climatisation.png\" alt=\"\" width=\"300\" height=\"225\" \/><\/strong><\/td>\n<\/tr>\n<\/tbody>\n<\/table>\n<p style=\"text-decoration: underline;color: #000000\"><strong>Seuils, r\u00e8gles de conception et caract\u00e9ristiques techniques \u00e0 respecter :<\/strong><\/p>\n<table class=\"table table-bordered\" style=\"width: 98.0591%\">\n<tbody>\n<tr>\n<td style=\"width: 14.824%\" width=\"217\"><strong><b>Mesure<\/b><\/strong><\/td>\n<td style=\"width: 8.02754%\" width=\"113\"><strong><b>Seuil<\/b><\/strong><\/td>\n<td style=\"width: 52.2346%\" width=\"340\"><strong><b>R\u00e8gle de conception<\/b><\/strong><\/td>\n<td style=\"width: 29.3648%\" width=\"359\"><strong><b>Exemples de solutions<\/b><\/strong><\/td>\n<\/tr>\n<tr>\n<td style=\"width: 14.824%\" width=\"254\">Perm\u00e9abilit\u00e9 \u00e0 l\u2019air des menuiseries<\/td>\n<td style=\"width: 60.2621%\" colspan=\"2\" width=\"113\">Les baies des salles de classe et du r\u00e9fectoire ont une classe de perm\u00e9abilit\u00e9 minimum de A*2 (ou A2, par \u00e9quivalence)<\/td>\n<td style=\"width: 29.3648%\" width=\"340\">\n<p style=\"text-align: center\">-<\/p>\n<\/td>\n<\/tr>\n<tr>\n<td style=\"width: 14.824%\" width=\"254\">Outil de commande automatis\u00e9<\/td>\n<td style=\"width: 60.2621%\" colspan=\"2\" width=\"113\">Un outil permettant le pilotage des \u00e9quipements pour leur mise en marche (ou arr\u00eat) automatique est requis<\/td>\n<td style=\"width: 29.3648%\" width=\"340\">Outil de gestion technique du b\u00e2timent (GTB), horloge sur le circuit d\u2019alimentation, \u00e9quipement de d\u00e9tection, \u2026<\/td>\n<\/tr>\n<tr>\n<td style=\"width: 14.824%\" rowspan=\"2\" width=\"254\">Efficacit\u00e9 \u00e9nerg\u00e9tique minimale (EER)<\/td>\n<td style=\"width: 8.02754%\" width=\"113\">Installation individuelle<\/td>\n<td style=\"width: 52.2346%\" width=\"425\">EER minimum de\u00a0:<\/p>\n<ul>\n<li>3,2 pour un climatiseur d\u2019une puissance inf\u00e9rieure \u00e0 21 000 BTU\/h<\/li>\n<li>3 pour un climatiseur d\u2019une puissance sup\u00e9rieure ou \u00e9gale \u00e0 21 000 BTU\/h<\/li>\n<\/ul>\n<\/td>\n<td style=\"width: 29.3648%;text-align: center\" rowspan=\"2\" width=\"207\">-<\/td>\n<\/tr>\n<tr>\n<td style=\"width: 8.02754%\" width=\"85\">Installation centralis\u00e9e<\/td>\n<td style=\"width: 52.2346%\" width=\"113\">EER minimum de\u00a0:<\/p>\n<ul>\n<li>3,7 pour une installation de type \u00ab DRV \u00bb ou \u00ab VRV \u00bb<\/li>\n<li>3 pour une installation de type \u00ab eau glac\u00e9e \u00bb<\/li>\n<\/ul>\n<\/td>\n<\/tr>\n<\/tbody>\n<\/table>\n<p><span style=\"color: #000000\"><strong>Pour plus d\u2019informations sur l\u2019application de la th\u00e9matique, consultez la fiche en question\u00a0:<\/strong><\/span><\/p>\n<ul>\n<li><a href=\"https:\/\/www.service-public.pf\/sde\/wp-content\/uploads\/sites\/15\/2023\/06\/Fiche-09-Climatisation.pdf\">Fiche d\u2019application \u00ab\u00a0Climatisation\u00a0\u00bb<\/a><\/li>\n<\/ul>\n<\/div><\/div><\/div><\/div><\/div><div class=\"fusion-text fusion-text-65\" style=\"--awb-margin-top:10px;\"><p><span style=\"color: #000000\"><strong>Informations relatives aux demandes de permis de construire et au certificat de conformit\u00e9<\/strong><\/span><\/p>\n<p>Le p\u00e9titionnaire remplit les nouveaux formulaires de demande de permis de construire et de certificat de conformit\u00e9 de la DCA qui int\u00e8grent la d\u00e9claration du respect de la r\u00e9glementation.<\/p>\n<p><strong>Si les surfaces de plancher construites cumul\u00e9es* sont sup\u00e9rieures \u00e0 250 m\u00b2 de plancher, les demandes de permis de construire et de certificat de conformit\u00e9 doivent \u00eatre accompagn\u00e9es de l\u2019avis d\u2019un organisme agr\u00e9\u00e9<\/strong><\/p>\n<ul>\n<li><a href=\"https:\/\/www.service-public.pf\/sde\/organismes-agrees\/\">Parcourir la page d\u00e9di\u00e9e aux organismes agr\u00e9\u00e9s<\/a><\/li>\n<\/ul>\n<p><em><span style=\"font-size: 10pt\">* Les surfaces de plancher \u00e0 consid\u00e9rer sont celles de n\u2019importe quel b\u00e2timent neuf rattach\u00e9 au projet de construction, d\u00e8s lors que la typologie associ\u00e9e est bureaux, enseignement, \u00e9tablissement de soin, h\u00f4tellerie ou logement collectif.<\/span><\/em><\/p>\n<p><span style=\"color: #000000\"><strong>Informations sur les dispositions applicables \u00e0 la typologie <\/strong>(ne consulter que les rubriques des th\u00e9matiques concernant le projet de construction)<strong>\u00a0:<\/strong><\/span><\/p>\n<ul>\n<li><a href=\"https:\/\/www.service-public.pf\/sde\/wp-content\/uploads\/sites\/15\/2023\/04\/REPBF_Depliants_EtablissmentEnseignement_Pages-V2.pdf\">D\u00e9pliant \u00ab\u00a0Enseignement \u00bb<\/a><\/li>\n<\/ul>\n<\/div>\n<\/div><\/div><\/div><\/div><\/div><\/div><\/div><input type=\"hidden\" name=\"fusion_privacy_expiration_interval\" value=\"48\"><input type=\"hidden\" name=\"privacy_expiration_action\" value=\"anonymize\"><\/form><\/div><div class=\"fusion-form fusion-form-builder fusion-form-form-wrapper fusion-form-3768 vct_form_archipel\" style=\"--awb-tooltip-text-color:#ffffff;--awb-tooltip-background-color:#333333;\" data-form-id=\"3768\" id=\"archipel_societe_islv\" data-config=\"{&quot;form_id&quot;:&quot;3768&quot;,&quot;form_post_id&quot;:&quot;3768&quot;,&quot;post_id&quot;:3355,&quot;form_type&quot;:&quot;ajax&quot;,&quot;confirmation_type&quot;:&quot;message&quot;,&quot;redirect_url&quot;:&quot;&quot;,&quot;redirect_timeout&quot;:&quot;0&quot;,&quot;field_labels&quot;:{&quot;altitudes_societe_islv&quot;:&quot;Ainsi que l&#039;altitude \\u00e0 laquelle sera implant\\u00e9 le projet&quot;,&quot;typologie_batiment_islv_sup&quot;:&quot;S\\u00e9lectionnez la typologie associ\\u00e9e \\u00e0 votre b\\u00e2timent ou partie de b\\u00e2timent&quot;,&quot;typologie_batiment_islv_inf&quot;:&quot;S\\u00e9lectionnez la typologie associ\\u00e9e \\u00e0 votre b\\u00e2timent ou partie de b\\u00e2timent&quot;},&quot;field_logics&quot;:{&quot;altitudes_societe_islv&quot;:&quot;[]&quot;,&quot;typologie_batiment_islv_sup&quot;:&quot;[{\\&quot;operator\\&quot;:\\&quot;and\\&quot;,\\&quot;comparison\\&quot;:\\&quot;equal\\&quot;,\\&quot;field\\&quot;:\\&quot;altitudes_societe_islv[]\\&quot;,\\&quot;value\\&quot;:\\&quot;superieur_500_m\\&quot;}]&quot;,&quot;typologie_batiment_islv_inf&quot;:&quot;[{\\&quot;operator\\&quot;:\\&quot;and\\&quot;,\\&quot;comparison\\&quot;:\\&quot;equal\\&quot;,\\&quot;field\\&quot;:\\&quot;altitudes_societe_islv[]\\&quot;,\\&quot;value\\&quot;:\\&quot;inferieur_500_m\\&quot;}]&quot;},&quot;field_types&quot;:{&quot;altitudes_societe_islv&quot;:&quot;image_select&quot;,&quot;typologie_batiment_islv_sup&quot;:&quot;image_select&quot;,&quot;typologie_batiment_islv_inf&quot;:&quot;image_select&quot;},&quot;nonce_method&quot;:&quot;ajax&quot;,&quot;form_views&quot;:&quot;ajax&quot;,&quot;form_views_counting&quot;:&quot;all&quot;}\"><form action=\"https:\/\/www.service-public.pf\/sde\/simulateur\/\" method=\"post\" class=\"fusion-form fusion-form-3768\"><div class=\"fusion-fullwidth fullwidth-box fusion-builder-row-5-4 fusion-flex-container has-pattern-background has-mask-background nonhundred-percent-fullwidth non-hundred-percent-height-scrolling\" style=\"--awb-border-radius-top-left:0px;--awb-border-radius-top-right:0px;--awb-border-radius-bottom-right:0px;--awb-border-radius-bottom-left:0px;--awb-flex-wrap:wrap;\" ><div class=\"fusion-builder-row fusion-row fusion-flex-align-items-flex-start fusion-flex-justify-content-center fusion-flex-content-wrap\" style=\"width:104% !important;max-width:104% !important;margin-left: calc(-4% \/ 2 );margin-right: calc(-4% \/ 2 );\"><div class=\"fusion-layout-column fusion_builder_column fusion-builder-column-25 fusion_builder_column_5_6 5_6 fusion-flex-column\" style=\"--awb-bg-size:cover;--awb-width-large:83.333333333333%;--awb-flex-grow:0;--awb-flex-shrink:0;--awb-margin-top-large:0px;--awb-spacing-right-large:2.304%;--awb-margin-bottom-large:20px;--awb-spacing-left-large:2.304%;--awb-width-medium:100%;--awb-order-medium:0;--awb-flex-grow-medium:0;--awb-flex-shrink-medium:0;--awb-spacing-right-medium:1.92%;--awb-spacing-left-medium:1.92%;--awb-width-small:100%;--awb-order-small:0;--awb-flex-grow-small:0;--awb-flex-shrink-small:0;--awb-spacing-right-small:1.92%;--awb-spacing-left-small:1.92%;\"><div class=\"fusion-column-wrapper fusion-column-has-shadow fusion-flex-justify-content-flex-start fusion-content-layout-column\"><div id=\"vct_altitude_societe_islv\" class=\"fusion-form-field fusion-form-image-select-field fusion-form-label-above fusion-form-field-fusion-form-image-select-4 option-inline\" data-form-id=\"3768\" style=\"--awb-active-color:#bdd547;--awb-inactive-color:#26a147;--awb-height:150px;--awb-width:150px;--awb-padding-top:10px;--awb-padding-right:20px;--awb-padding-bottom:10px;--awb-padding-left:20px;--awb-border-size-top:2px;--awb-border-size-right:2px;--awb-border-size-bottom:2px;--awb-border-size-left:2px;--awb-hover-color:rgba(189,213,71,0.5);\"><fieldset><legend class=\"fusion-form-label-wrapper\"><span class=\"label\">Ainsi que l&#039;altitude \u00e0 laquelle sera implant\u00e9 le projet<\/span><\/legend><div class=\"fusion-form-image-select\"><input tabindex=\"\" id=\"image-select-inferieur_500_m19\" type=\"radio\" value=\"inferieur_500_m\" name=\"altitudes_societe_islv[]\" class=\"fusion-form-input\" data-holds-private-data=\"false\"\/><label for=\"image-select-inferieur_500_m19\"><span>&lt; 500 m<\/span><picture class=\"fusion-form-image-wrapper\"><img decoding=\"async\" width=\"2560\" height=\"1707\" src=\"https:\/\/www.service-public.pf\/sde\/wp-content\/uploads\/sites\/15\/2022\/12\/5479107-scaled.jpg\" class=\"attachment-full size-full\" alt=\"\" srcset=\"https:\/\/www.service-public.pf\/sde\/wp-content\/uploads\/sites\/15\/2022\/12\/5479107-200x133.jpg 200w, https:\/\/www.service-public.pf\/sde\/wp-content\/uploads\/sites\/15\/2022\/12\/5479107-300x200.jpg 300w, https:\/\/www.service-public.pf\/sde\/wp-content\/uploads\/sites\/15\/2022\/12\/5479107-400x267.jpg 400w, https:\/\/www.service-public.pf\/sde\/wp-content\/uploads\/sites\/15\/2022\/12\/5479107-600x400.jpg 600w, https:\/\/www.service-public.pf\/sde\/wp-content\/uploads\/sites\/15\/2022\/12\/5479107-768x512.jpg 768w, https:\/\/www.service-public.pf\/sde\/wp-content\/uploads\/sites\/15\/2022\/12\/5479107-800x533.jpg 800w, https:\/\/www.service-public.pf\/sde\/wp-content\/uploads\/sites\/15\/2022\/12\/5479107-1024x683.jpg 1024w, https:\/\/www.service-public.pf\/sde\/wp-content\/uploads\/sites\/15\/2022\/12\/5479107-1200x800.jpg 1200w, https:\/\/www.service-public.pf\/sde\/wp-content\/uploads\/sites\/15\/2022\/12\/5479107-1536x1024.jpg 1536w, https:\/\/www.service-public.pf\/sde\/wp-content\/uploads\/sites\/15\/2022\/12\/5479107-scaled.jpg 2560w\" sizes=\"(max-width: 2560px) 100vw, 2560px\" \/><\/picture><\/label><\/div><div class=\"fusion-form-image-select\"><input tabindex=\"\" id=\"image-select-superieur_500_m20\" type=\"radio\" value=\"superieur_500_m\" name=\"altitudes_societe_islv[]\" class=\"fusion-form-input\" data-holds-private-data=\"false\"\/><label for=\"image-select-superieur_500_m20\"><span>\u2a7e 500 m<\/span><picture class=\"fusion-form-image-wrapper\"><img decoding=\"async\" width=\"2560\" height=\"1707\" src=\"https:\/\/www.service-public.pf\/sde\/wp-content\/uploads\/sites\/15\/2022\/12\/5479107-scaled.jpg\" class=\"attachment-full size-full\" alt=\"\" srcset=\"https:\/\/www.service-public.pf\/sde\/wp-content\/uploads\/sites\/15\/2022\/12\/5479107-200x133.jpg 200w, https:\/\/www.service-public.pf\/sde\/wp-content\/uploads\/sites\/15\/2022\/12\/5479107-300x200.jpg 300w, https:\/\/www.service-public.pf\/sde\/wp-content\/uploads\/sites\/15\/2022\/12\/5479107-400x267.jpg 400w, https:\/\/www.service-public.pf\/sde\/wp-content\/uploads\/sites\/15\/2022\/12\/5479107-600x400.jpg 600w, https:\/\/www.service-public.pf\/sde\/wp-content\/uploads\/sites\/15\/2022\/12\/5479107-768x512.jpg 768w, https:\/\/www.service-public.pf\/sde\/wp-content\/uploads\/sites\/15\/2022\/12\/5479107-800x533.jpg 800w, https:\/\/www.service-public.pf\/sde\/wp-content\/uploads\/sites\/15\/2022\/12\/5479107-1024x683.jpg 1024w, https:\/\/www.service-public.pf\/sde\/wp-content\/uploads\/sites\/15\/2022\/12\/5479107-1200x800.jpg 1200w, https:\/\/www.service-public.pf\/sde\/wp-content\/uploads\/sites\/15\/2022\/12\/5479107-1536x1024.jpg 1536w, https:\/\/www.service-public.pf\/sde\/wp-content\/uploads\/sites\/15\/2022\/12\/5479107-scaled.jpg 2560w\" sizes=\"(max-width: 2560px) 100vw, 2560px\" \/><\/picture><\/label><\/div><\/fieldset><\/div><\/div><\/div><\/div><\/div><div class=\"fusion-fullwidth fullwidth-box fusion-builder-row-5-5 fusion-flex-container has-pattern-background has-mask-background nonhundred-percent-fullwidth non-hundred-percent-height-scrolling\" style=\"--awb-border-radius-top-left:0px;--awb-border-radius-top-right:0px;--awb-border-radius-bottom-right:0px;--awb-border-radius-bottom-left:0px;--awb-flex-wrap:wrap;\" ><div class=\"fusion-builder-row fusion-row fusion-flex-align-items-flex-start fusion-flex-justify-content-center fusion-flex-content-wrap\" style=\"width:104% !important;max-width:104% !important;margin-left: calc(-4% \/ 2 );margin-right: calc(-4% \/ 2 );\"><div class=\"fusion-layout-column fusion_builder_column fusion-builder-column-26 fusion_builder_column_5_6 5_6 fusion-flex-column\" style=\"--awb-bg-size:cover;--awb-width-large:83.333333333333%;--awb-flex-grow:0;--awb-flex-shrink:0;--awb-margin-top-large:0px;--awb-spacing-right-large:2.304%;--awb-margin-bottom-large:20px;--awb-spacing-left-large:2.304%;--awb-width-medium:100%;--awb-order-medium:0;--awb-flex-grow-medium:0;--awb-flex-shrink-medium:0;--awb-spacing-right-medium:1.92%;--awb-spacing-left-medium:1.92%;--awb-width-small:100%;--awb-order-small:0;--awb-flex-grow-small:0;--awb-flex-shrink-small:0;--awb-spacing-right-small:1.92%;--awb-spacing-left-small:1.92%;\"><div class=\"fusion-column-wrapper fusion-column-has-shadow fusion-flex-justify-content-flex-start fusion-content-layout-column\"><div id=\"vct_typologie_batiment_islv_sup\" class=\"fusion-form-field fusion-form-image-select-field fusion-form-label-above fusion-form-field-fusion-form-image-select-5 option-inline\" data-form-id=\"3768\" style=\"--awb-active-color:#bdd547;--awb-inactive-color:#26a147;--awb-height:150px;--awb-width:100%;--awb-padding-top:10px;--awb-padding-right:20px;--awb-padding-bottom:10px;--awb-padding-left:20px;--awb-border-size-top:2px;--awb-border-size-right:2px;--awb-border-size-bottom:2px;--awb-border-size-left:2px;--awb-hover-color:rgba(189,213,71,0.5);\"><fieldset><legend class=\"fusion-form-label-wrapper\"><span class=\"label\">S\u00e9lectionnez la typologie associ\u00e9e \u00e0 votre b\u00e2timent ou partie de b\u00e2timent<\/span><\/legend><div class=\"fusion-form-image-select\"><input tabindex=\"\" id=\"image-select-logement_individuel21\" type=\"radio\" value=\"logement_individuel\" name=\"typologie_batiment_islv_sup[]\" class=\"fusion-form-input\" data-holds-private-data=\"false\"\/><label for=\"image-select-logement_individuel21\"><span>Logement individuel<\/span><picture class=\"fusion-form-image-wrapper\"><img decoding=\"async\" width=\"1453\" height=\"1090\" src=\"https:\/\/www.service-public.pf\/sde\/wp-content\/uploads\/sites\/15\/2023\/01\/SDE-REBPF-IlluTotales-Logement-Individuel.png\" class=\"attachment-full size-full\" alt=\"\" srcset=\"https:\/\/www.service-public.pf\/sde\/wp-content\/uploads\/sites\/15\/2023\/01\/SDE-REBPF-IlluTotales-Logement-Individuel-200x150.png 200w, https:\/\/www.service-public.pf\/sde\/wp-content\/uploads\/sites\/15\/2023\/01\/SDE-REBPF-IlluTotales-Logement-Individuel-300x225.png 300w, https:\/\/www.service-public.pf\/sde\/wp-content\/uploads\/sites\/15\/2023\/01\/SDE-REBPF-IlluTotales-Logement-Individuel-400x300.png 400w, https:\/\/www.service-public.pf\/sde\/wp-content\/uploads\/sites\/15\/2023\/01\/SDE-REBPF-IlluTotales-Logement-Individuel-600x450.png 600w, https:\/\/www.service-public.pf\/sde\/wp-content\/uploads\/sites\/15\/2023\/01\/SDE-REBPF-IlluTotales-Logement-Individuel-768x576.png 768w, https:\/\/www.service-public.pf\/sde\/wp-content\/uploads\/sites\/15\/2023\/01\/SDE-REBPF-IlluTotales-Logement-Individuel-800x600.png 800w, https:\/\/www.service-public.pf\/sde\/wp-content\/uploads\/sites\/15\/2023\/01\/SDE-REBPF-IlluTotales-Logement-Individuel-1024x768.png 1024w, https:\/\/www.service-public.pf\/sde\/wp-content\/uploads\/sites\/15\/2023\/01\/SDE-REBPF-IlluTotales-Logement-Individuel-1200x900.png 1200w, https:\/\/www.service-public.pf\/sde\/wp-content\/uploads\/sites\/15\/2023\/01\/SDE-REBPF-IlluTotales-Logement-Individuel.png 1453w\" sizes=\"(max-width: 1453px) 100vw, 1453px\" \/><\/picture><\/label><\/div><div class=\"fusion-form-image-select\"><input tabindex=\"\" id=\"image-select-logement_collectif22\" type=\"radio\" value=\"logement_collectif\" name=\"typologie_batiment_islv_sup[]\" class=\"fusion-form-input\" data-holds-private-data=\"false\"\/><label for=\"image-select-logement_collectif22\"><span>Logement collectif<\/span><picture class=\"fusion-form-image-wrapper\"><img decoding=\"async\" width=\"1453\" height=\"1090\" src=\"https:\/\/www.service-public.pf\/sde\/wp-content\/uploads\/sites\/15\/2023\/01\/SDE-REBPF-IlluTotales-Logement-Collectif.png\" class=\"attachment-full size-full\" alt=\"\" srcset=\"https:\/\/www.service-public.pf\/sde\/wp-content\/uploads\/sites\/15\/2023\/01\/SDE-REBPF-IlluTotales-Logement-Collectif-200x150.png 200w, https:\/\/www.service-public.pf\/sde\/wp-content\/uploads\/sites\/15\/2023\/01\/SDE-REBPF-IlluTotales-Logement-Collectif-300x225.png 300w, https:\/\/www.service-public.pf\/sde\/wp-content\/uploads\/sites\/15\/2023\/01\/SDE-REBPF-IlluTotales-Logement-Collectif-400x300.png 400w, https:\/\/www.service-public.pf\/sde\/wp-content\/uploads\/sites\/15\/2023\/01\/SDE-REBPF-IlluTotales-Logement-Collectif-600x450.png 600w, https:\/\/www.service-public.pf\/sde\/wp-content\/uploads\/sites\/15\/2023\/01\/SDE-REBPF-IlluTotales-Logement-Collectif-768x576.png 768w, https:\/\/www.service-public.pf\/sde\/wp-content\/uploads\/sites\/15\/2023\/01\/SDE-REBPF-IlluTotales-Logement-Collectif-800x600.png 800w, https:\/\/www.service-public.pf\/sde\/wp-content\/uploads\/sites\/15\/2023\/01\/SDE-REBPF-IlluTotales-Logement-Collectif-1024x768.png 1024w, https:\/\/www.service-public.pf\/sde\/wp-content\/uploads\/sites\/15\/2023\/01\/SDE-REBPF-IlluTotales-Logement-Collectif-1200x900.png 1200w, https:\/\/www.service-public.pf\/sde\/wp-content\/uploads\/sites\/15\/2023\/01\/SDE-REBPF-IlluTotales-Logement-Collectif.png 1453w\" sizes=\"(max-width: 1453px) 100vw, 1453px\" \/><\/picture><\/label><\/div><div class=\"fusion-form-image-select\"><input tabindex=\"\" id=\"image-select-batiment_de_bureaux23\" type=\"radio\" value=\"batiment_de_bureaux\" name=\"typologie_batiment_islv_sup[]\" class=\"fusion-form-input\" data-holds-private-data=\"false\"\/><label for=\"image-select-batiment_de_bureaux23\"><span>B\u00e2timent de bureaux<\/span><picture class=\"fusion-form-image-wrapper\"><img decoding=\"async\" width=\"1453\" height=\"1090\" src=\"https:\/\/www.service-public.pf\/sde\/wp-content\/uploads\/sites\/15\/2023\/01\/SDE-REBPF-IlluTotales-Bureau.png\" class=\"attachment-full size-full\" alt=\"\" srcset=\"https:\/\/www.service-public.pf\/sde\/wp-content\/uploads\/sites\/15\/2023\/01\/SDE-REBPF-IlluTotales-Bureau-200x150.png 200w, https:\/\/www.service-public.pf\/sde\/wp-content\/uploads\/sites\/15\/2023\/01\/SDE-REBPF-IlluTotales-Bureau-300x225.png 300w, https:\/\/www.service-public.pf\/sde\/wp-content\/uploads\/sites\/15\/2023\/01\/SDE-REBPF-IlluTotales-Bureau-400x300.png 400w, https:\/\/www.service-public.pf\/sde\/wp-content\/uploads\/sites\/15\/2023\/01\/SDE-REBPF-IlluTotales-Bureau-600x450.png 600w, https:\/\/www.service-public.pf\/sde\/wp-content\/uploads\/sites\/15\/2023\/01\/SDE-REBPF-IlluTotales-Bureau-768x576.png 768w, https:\/\/www.service-public.pf\/sde\/wp-content\/uploads\/sites\/15\/2023\/01\/SDE-REBPF-IlluTotales-Bureau-800x600.png 800w, https:\/\/www.service-public.pf\/sde\/wp-content\/uploads\/sites\/15\/2023\/01\/SDE-REBPF-IlluTotales-Bureau-1024x768.png 1024w, https:\/\/www.service-public.pf\/sde\/wp-content\/uploads\/sites\/15\/2023\/01\/SDE-REBPF-IlluTotales-Bureau-1200x900.png 1200w, https:\/\/www.service-public.pf\/sde\/wp-content\/uploads\/sites\/15\/2023\/01\/SDE-REBPF-IlluTotales-Bureau.png 1453w\" sizes=\"(max-width: 1453px) 100vw, 1453px\" \/><\/picture><\/label><\/div><div class=\"fusion-form-image-select\"><input tabindex=\"\" id=\"image-select-hotellerie24\" type=\"radio\" value=\"hotellerie\" name=\"typologie_batiment_islv_sup[]\" class=\"fusion-form-input\" data-holds-private-data=\"false\"\/><label for=\"image-select-hotellerie24\"><span>H\u00f4tellerie<\/span><picture class=\"fusion-form-image-wrapper\"><img decoding=\"async\" width=\"1453\" height=\"1090\" src=\"https:\/\/www.service-public.pf\/sde\/wp-content\/uploads\/sites\/15\/2023\/01\/SDE-REBPF-IlluTotales-Hotel-Pension.png\" class=\"attachment-full size-full\" alt=\"\" srcset=\"https:\/\/www.service-public.pf\/sde\/wp-content\/uploads\/sites\/15\/2023\/01\/SDE-REBPF-IlluTotales-Hotel-Pension-200x150.png 200w, https:\/\/www.service-public.pf\/sde\/wp-content\/uploads\/sites\/15\/2023\/01\/SDE-REBPF-IlluTotales-Hotel-Pension-300x225.png 300w, https:\/\/www.service-public.pf\/sde\/wp-content\/uploads\/sites\/15\/2023\/01\/SDE-REBPF-IlluTotales-Hotel-Pension-400x300.png 400w, https:\/\/www.service-public.pf\/sde\/wp-content\/uploads\/sites\/15\/2023\/01\/SDE-REBPF-IlluTotales-Hotel-Pension-600x450.png 600w, https:\/\/www.service-public.pf\/sde\/wp-content\/uploads\/sites\/15\/2023\/01\/SDE-REBPF-IlluTotales-Hotel-Pension-768x576.png 768w, https:\/\/www.service-public.pf\/sde\/wp-content\/uploads\/sites\/15\/2023\/01\/SDE-REBPF-IlluTotales-Hotel-Pension-800x600.png 800w, https:\/\/www.service-public.pf\/sde\/wp-content\/uploads\/sites\/15\/2023\/01\/SDE-REBPF-IlluTotales-Hotel-Pension-1024x768.png 1024w, https:\/\/www.service-public.pf\/sde\/wp-content\/uploads\/sites\/15\/2023\/01\/SDE-REBPF-IlluTotales-Hotel-Pension-1200x900.png 1200w, https:\/\/www.service-public.pf\/sde\/wp-content\/uploads\/sites\/15\/2023\/01\/SDE-REBPF-IlluTotales-Hotel-Pension.png 1453w\" sizes=\"(max-width: 1453px) 100vw, 1453px\" \/><\/picture><\/label><\/div><div class=\"fusion-form-image-select\"><input tabindex=\"\" id=\"image-select-etablissement_d_enseignement25\" type=\"radio\" value=\"etablissement_d_enseignement\" name=\"typologie_batiment_islv_sup[]\" class=\"fusion-form-input\" data-holds-private-data=\"false\"\/><label for=\"image-select-etablissement_d_enseignement25\"><span>\u00c9tablissement d&#039;enseignement<\/span><picture class=\"fusion-form-image-wrapper\"><img decoding=\"async\" width=\"1453\" height=\"1090\" src=\"https:\/\/www.service-public.pf\/sde\/wp-content\/uploads\/sites\/15\/2023\/01\/SDE-REBPF-IlluTotales-Enseignement.png\" class=\"attachment-full size-full\" alt=\"\" srcset=\"https:\/\/www.service-public.pf\/sde\/wp-content\/uploads\/sites\/15\/2023\/01\/SDE-REBPF-IlluTotales-Enseignement-200x150.png 200w, https:\/\/www.service-public.pf\/sde\/wp-content\/uploads\/sites\/15\/2023\/01\/SDE-REBPF-IlluTotales-Enseignement-300x225.png 300w, https:\/\/www.service-public.pf\/sde\/wp-content\/uploads\/sites\/15\/2023\/01\/SDE-REBPF-IlluTotales-Enseignement-400x300.png 400w, https:\/\/www.service-public.pf\/sde\/wp-content\/uploads\/sites\/15\/2023\/01\/SDE-REBPF-IlluTotales-Enseignement-600x450.png 600w, https:\/\/www.service-public.pf\/sde\/wp-content\/uploads\/sites\/15\/2023\/01\/SDE-REBPF-IlluTotales-Enseignement-768x576.png 768w, https:\/\/www.service-public.pf\/sde\/wp-content\/uploads\/sites\/15\/2023\/01\/SDE-REBPF-IlluTotales-Enseignement-800x600.png 800w, https:\/\/www.service-public.pf\/sde\/wp-content\/uploads\/sites\/15\/2023\/01\/SDE-REBPF-IlluTotales-Enseignement-1024x768.png 1024w, https:\/\/www.service-public.pf\/sde\/wp-content\/uploads\/sites\/15\/2023\/01\/SDE-REBPF-IlluTotales-Enseignement-1200x900.png 1200w, https:\/\/www.service-public.pf\/sde\/wp-content\/uploads\/sites\/15\/2023\/01\/SDE-REBPF-IlluTotales-Enseignement.png 1453w\" sizes=\"(max-width: 1453px) 100vw, 1453px\" \/><\/picture><\/label><\/div><div class=\"fusion-form-image-select\"><input tabindex=\"\" id=\"image-select-etablissement_de_soin26\" type=\"radio\" value=\"etablissement_de_soin\" name=\"typologie_batiment_islv_sup[]\" class=\"fusion-form-input\" data-holds-private-data=\"false\"\/><label for=\"image-select-etablissement_de_soin26\"><span>\u00c9tablissement de soin<\/span><picture class=\"fusion-form-image-wrapper\"><img decoding=\"async\" width=\"1453\" height=\"1090\" src=\"https:\/\/www.service-public.pf\/sde\/wp-content\/uploads\/sites\/15\/2023\/01\/SDE-REBPF-IlluTotales-Etablissement-Soin.png\" class=\"attachment-full size-full\" alt=\"\" srcset=\"https:\/\/www.service-public.pf\/sde\/wp-content\/uploads\/sites\/15\/2023\/01\/SDE-REBPF-IlluTotales-Etablissement-Soin-200x150.png 200w, https:\/\/www.service-public.pf\/sde\/wp-content\/uploads\/sites\/15\/2023\/01\/SDE-REBPF-IlluTotales-Etablissement-Soin-300x225.png 300w, https:\/\/www.service-public.pf\/sde\/wp-content\/uploads\/sites\/15\/2023\/01\/SDE-REBPF-IlluTotales-Etablissement-Soin-400x300.png 400w, https:\/\/www.service-public.pf\/sde\/wp-content\/uploads\/sites\/15\/2023\/01\/SDE-REBPF-IlluTotales-Etablissement-Soin-600x450.png 600w, https:\/\/www.service-public.pf\/sde\/wp-content\/uploads\/sites\/15\/2023\/01\/SDE-REBPF-IlluTotales-Etablissement-Soin-768x576.png 768w, https:\/\/www.service-public.pf\/sde\/wp-content\/uploads\/sites\/15\/2023\/01\/SDE-REBPF-IlluTotales-Etablissement-Soin-800x600.png 800w, https:\/\/www.service-public.pf\/sde\/wp-content\/uploads\/sites\/15\/2023\/01\/SDE-REBPF-IlluTotales-Etablissement-Soin-1024x768.png 1024w, https:\/\/www.service-public.pf\/sde\/wp-content\/uploads\/sites\/15\/2023\/01\/SDE-REBPF-IlluTotales-Etablissement-Soin-1200x900.png 1200w, https:\/\/www.service-public.pf\/sde\/wp-content\/uploads\/sites\/15\/2023\/01\/SDE-REBPF-IlluTotales-Etablissement-Soin.png 1453w\" sizes=\"(max-width: 1453px) 100vw, 1453px\" \/><\/picture><\/label><\/div><div class=\"fusion-form-image-select\"><input tabindex=\"\" id=\"image-select-restauration27\" type=\"radio\" value=\"restauration\" name=\"typologie_batiment_islv_sup[]\" class=\"fusion-form-input\" data-holds-private-data=\"false\"\/><label for=\"image-select-restauration27\"><span>Restauration<\/span><picture class=\"fusion-form-image-wrapper\"><img decoding=\"async\" width=\"1453\" height=\"1090\" src=\"https:\/\/www.service-public.pf\/sde\/wp-content\/uploads\/sites\/15\/2023\/01\/SDE-REBPF-IlluTotales-Restaurant.png\" class=\"attachment-full size-full\" alt=\"\" srcset=\"https:\/\/www.service-public.pf\/sde\/wp-content\/uploads\/sites\/15\/2023\/01\/SDE-REBPF-IlluTotales-Restaurant-200x150.png 200w, https:\/\/www.service-public.pf\/sde\/wp-content\/uploads\/sites\/15\/2023\/01\/SDE-REBPF-IlluTotales-Restaurant-300x225.png 300w, https:\/\/www.service-public.pf\/sde\/wp-content\/uploads\/sites\/15\/2023\/01\/SDE-REBPF-IlluTotales-Restaurant-400x300.png 400w, https:\/\/www.service-public.pf\/sde\/wp-content\/uploads\/sites\/15\/2023\/01\/SDE-REBPF-IlluTotales-Restaurant-600x450.png 600w, https:\/\/www.service-public.pf\/sde\/wp-content\/uploads\/sites\/15\/2023\/01\/SDE-REBPF-IlluTotales-Restaurant-768x576.png 768w, https:\/\/www.service-public.pf\/sde\/wp-content\/uploads\/sites\/15\/2023\/01\/SDE-REBPF-IlluTotales-Restaurant-800x600.png 800w, https:\/\/www.service-public.pf\/sde\/wp-content\/uploads\/sites\/15\/2023\/01\/SDE-REBPF-IlluTotales-Restaurant-1024x768.png 1024w, https:\/\/www.service-public.pf\/sde\/wp-content\/uploads\/sites\/15\/2023\/01\/SDE-REBPF-IlluTotales-Restaurant-1200x900.png 1200w, https:\/\/www.service-public.pf\/sde\/wp-content\/uploads\/sites\/15\/2023\/01\/SDE-REBPF-IlluTotales-Restaurant.png 1453w\" sizes=\"(max-width: 1453px) 100vw, 1453px\" \/><\/picture><\/label><\/div><div class=\"fusion-form-image-select\"><input tabindex=\"\" id=\"image-select-autre_batiment28\" type=\"radio\" value=\"autre_batiment\" name=\"typologie_batiment_islv_sup[]\" class=\"fusion-form-input\" data-holds-private-data=\"false\"\/><label for=\"image-select-autre_batiment28\"><span>Autre b\u00e2timent<\/span><picture class=\"fusion-form-image-wrapper\"><img decoding=\"async\" width=\"1453\" height=\"1090\" src=\"https:\/\/www.service-public.pf\/sde\/wp-content\/uploads\/sites\/15\/2023\/01\/SDE-REBPF-IlluTotales-Divers.png\" class=\"attachment-full size-full\" alt=\"\" srcset=\"https:\/\/www.service-public.pf\/sde\/wp-content\/uploads\/sites\/15\/2023\/01\/SDE-REBPF-IlluTotales-Divers-200x150.png 200w, https:\/\/www.service-public.pf\/sde\/wp-content\/uploads\/sites\/15\/2023\/01\/SDE-REBPF-IlluTotales-Divers-300x225.png 300w, https:\/\/www.service-public.pf\/sde\/wp-content\/uploads\/sites\/15\/2023\/01\/SDE-REBPF-IlluTotales-Divers-400x300.png 400w, https:\/\/www.service-public.pf\/sde\/wp-content\/uploads\/sites\/15\/2023\/01\/SDE-REBPF-IlluTotales-Divers-600x450.png 600w, https:\/\/www.service-public.pf\/sde\/wp-content\/uploads\/sites\/15\/2023\/01\/SDE-REBPF-IlluTotales-Divers-768x576.png 768w, https:\/\/www.service-public.pf\/sde\/wp-content\/uploads\/sites\/15\/2023\/01\/SDE-REBPF-IlluTotales-Divers-800x600.png 800w, https:\/\/www.service-public.pf\/sde\/wp-content\/uploads\/sites\/15\/2023\/01\/SDE-REBPF-IlluTotales-Divers-1024x768.png 1024w, https:\/\/www.service-public.pf\/sde\/wp-content\/uploads\/sites\/15\/2023\/01\/SDE-REBPF-IlluTotales-Divers-1200x900.png 1200w, https:\/\/www.service-public.pf\/sde\/wp-content\/uploads\/sites\/15\/2023\/01\/SDE-REBPF-IlluTotales-Divers.png 1453w\" sizes=\"(max-width: 1453px) 100vw, 1453px\" \/><\/picture><\/label><\/div><\/fieldset><\/div><\/div><\/div><div class=\"fusion-layout-column fusion_builder_column fusion-builder-column-27 fusion_builder_column_4_5 4_5 fusion-flex-column vct_islv_sup500_content\" style=\"--awb-bg-size:cover;--awb-width-large:80%;--awb-flex-grow:0;--awb-flex-shrink:0;--awb-margin-top-large:0px;--awb-spacing-right-large:2.4%;--awb-margin-bottom-large:20px;--awb-spacing-left-large:2.4%;--awb-width-medium:100%;--awb-order-medium:0;--awb-flex-grow-medium:0;--awb-flex-shrink-medium:0;--awb-spacing-right-medium:1.92%;--awb-spacing-left-medium:1.92%;--awb-width-small:100%;--awb-order-small:0;--awb-flex-grow-small:0;--awb-flex-shrink-small:0;--awb-spacing-right-small:1.92%;--awb-spacing-left-small:1.92%;\" id=\"vct_islv_sup500_autrebatiment_content\"><div class=\"fusion-column-wrapper fusion-column-has-shadow fusion-flex-justify-content-flex-start fusion-content-layout-column\"><div class=\"fusion-title title fusion-title-20 fusion-sep-none fusion-title-center fusion-title-text fusion-title-size-two hidden\" style=\"--awb-margin-top-small:0px;--awb-margin-right-small:0px;--awb-margin-bottom-small:20px;--awb-margin-left-small:0px;\"><h2 class=\"fusion-title-heading title-heading-center\" style=\"margin:0;\">Protection solaire de la toiture + D\u00e9pliant Autre + Formulaire 1-ISLV<\/h2><\/div><div class=\"fusion-text fusion-text-66 vct_description_typologie\"><p>Il s\u2019agit de tout b\u00e2timent ou toute partie de b\u00e2timent, qui est concern\u00e9 par la r\u00e9glementation mais<br \/>\nqui n\u2019est pas associ\u00e9 \u00e0 une typologie particuli\u00e8re.<\/p>\n<p>Pour rappel, les b\u00e2timents ou parties de b\u00e2timents non concern\u00e9s par la r\u00e9glementation sont :<\/p>\n<ul>\n<li>Les constructions neuves totalement ouvertes ;<\/li>\n<li>Les constructions neuves et partiellement ou totalement close mais inoccup\u00e9es et non<br \/>\nclimatis\u00e9es ;<\/li>\n<li>Les habitations de style traditionnel polyn\u00e9sien telles que d\u00e9finies \u00e0 l\u2019article D.370-1 et<br \/>\nsuivants du code de l\u2019am\u00e9nagement de Polyn\u00e9sie fran\u00e7aise ;<\/li>\n<li>Les \u00e9tablissements recevant du public (ERP) suivants\u00a0: b\u00e2timents de culte\u00a0; \u00e9tablissements de<br \/>\nplein air\u00a0; chapiteaux, tentes, structures\u00a0; structures gonflables\u00a0; stationnements couverts\u00a0;<br \/>\ngares\u00a0; \u00e9tablissements flottants.<\/li>\n<\/ul>\n<\/div><div class=\"fusion-builder-row fusion-builder-row-inner fusion-row fusion-flex-align-items-flex-start fusion-flex-justify-content-center fusion-flex-content-wrap\" style=\"--awb-flex-grow:0;--awb-flex-grow-medium:0;--awb-flex-grow-small:0;--awb-flex-shrink:0;--awb-flex-shrink-medium:0;--awb-flex-shrink-small:0;width:104% !important;max-width:104% !important;margin-left: calc(-4% \/ 2 );margin-right: calc(-4% \/ 2 );\"><div class=\"fusion-layout-column fusion_builder_column_inner fusion-builder-nested-column-88 fusion_builder_column_inner_1_1 1_1 fusion-flex-column\" style=\"--awb-bg-size:cover;--awb-width-large:100%;--awb-margin-top-large:0px;--awb-spacing-right-large:1.92%;--awb-margin-bottom-large:20px;--awb-spacing-left-large:1.92%;--awb-width-medium:100%;--awb-order-medium:0;--awb-spacing-right-medium:1.92%;--awb-spacing-left-medium:1.92%;--awb-width-small:100%;--awb-order-small:0;--awb-spacing-right-small:1.92%;--awb-spacing-left-small:1.92%;\"><div class=\"fusion-column-wrapper fusion-column-has-shadow fusion-flex-justify-content-flex-start fusion-content-layout-column\"><div class=\"fusion-separator fusion-full-width-sep\" style=\"align-self: center;margin-left: auto;margin-right: auto;width:100%;\"><div class=\"fusion-separator-border sep-shadow\" style=\"--awb-height:20px;--awb-amount:20px;background:radial-gradient(ellipse at 50% -50% , #e0dede 0px, rgba(255, 255, 255, 0) 80%) repeat scroll 0 0 rgba(0, 0, 0, 0);background:-webkit-radial-gradient(ellipse at 50% -50% , #e0dede 0px, rgba(255, 255, 255, 0) 80%) repeat scroll 0 0 rgba(0, 0, 0, 0);background:-moz-radial-gradient(ellipse at 50% -50% , #e0dede 0px, rgba(255, 255, 255, 0) 80%) repeat scroll 0 0 rgba(0, 0, 0, 0);background:-o-radial-gradient(ellipse at 50% -50% , #e0dede 0px, rgba(255, 255, 255, 0) 80%) repeat scroll 0 0 rgba(0, 0, 0, 0);\"><\/div><\/div><\/div><\/div><div class=\"fusion-layout-column fusion_builder_column_inner fusion-builder-nested-column-89 fusion_builder_column_inner_1_3 1_3 fusion-flex-column\" style=\"--awb-bg-size:cover;--awb-width-large:33.333333333333%;--awb-margin-top-large:0px;--awb-spacing-right-large:2vw;--awb-margin-bottom-large:20px;--awb-spacing-left-large:5.76%;--awb-width-medium:100%;--awb-order-medium:0;--awb-spacing-right-medium:1.92%;--awb-spacing-left-medium:1.92%;--awb-width-small:100%;--awb-order-small:0;--awb-spacing-right-small:1.92%;--awb-spacing-left-small:1.92%;\"><div class=\"fusion-column-wrapper fusion-column-has-shadow fusion-flex-justify-content-flex-start fusion-content-layout-column\"><div class=\"fusion-image-element \" style=\"text-align:right;--awb-max-width:450px;--awb-caption-title-font-family:var(--h2_typography-font-family);--awb-caption-title-font-weight:var(--h2_typography-font-weight);--awb-caption-title-font-style:var(--h2_typography-font-style);--awb-caption-title-size:var(--h2_typography-font-size);--awb-caption-title-transform:var(--h2_typography-text-transform);--awb-caption-title-line-height:var(--h2_typography-line-height);--awb-caption-title-letter-spacing:var(--h2_typography-letter-spacing);\"><span class=\" fusion-imageframe imageframe-none imageframe-17 hover-type-none\"><img decoding=\"async\" width=\"300\" height=\"225\" title=\"SDE REBPF IlluTotales Divers\" src=\"https:\/\/www.service-public.pf\/sde\/wp-content\/uploads\/sites\/15\/2023\/01\/SDE-REBPF-IlluTotales-Divers-300x225.png\" alt class=\"img-responsive wp-image-3435\" srcset=\"https:\/\/www.service-public.pf\/sde\/wp-content\/uploads\/sites\/15\/2023\/01\/SDE-REBPF-IlluTotales-Divers-200x150.png 200w, https:\/\/www.service-public.pf\/sde\/wp-content\/uploads\/sites\/15\/2023\/01\/SDE-REBPF-IlluTotales-Divers-400x300.png 400w, https:\/\/www.service-public.pf\/sde\/wp-content\/uploads\/sites\/15\/2023\/01\/SDE-REBPF-IlluTotales-Divers-600x450.png 600w, https:\/\/www.service-public.pf\/sde\/wp-content\/uploads\/sites\/15\/2023\/01\/SDE-REBPF-IlluTotales-Divers-800x600.png 800w, https:\/\/www.service-public.pf\/sde\/wp-content\/uploads\/sites\/15\/2023\/01\/SDE-REBPF-IlluTotales-Divers-1200x900.png 1200w, https:\/\/www.service-public.pf\/sde\/wp-content\/uploads\/sites\/15\/2023\/01\/SDE-REBPF-IlluTotales-Divers.png 1453w\" sizes=\"(max-width: 1024px) 100vw, (max-width: 640px) 100vw, 800px\" \/><\/span><\/div><\/div><\/div><div class=\"fusion-layout-column fusion_builder_column_inner fusion-builder-nested-column-90 fusion_builder_column_inner_2_3 2_3 fusion-flex-column\" style=\"--awb-bg-size:cover;--awb-width-large:66.666666666667%;--awb-margin-top-large:0px;--awb-spacing-right-large:2.88%;--awb-margin-bottom-large:20px;--awb-spacing-left-large:2.88%;--awb-width-medium:100%;--awb-order-medium:0;--awb-spacing-right-medium:1.92%;--awb-spacing-left-medium:1.92%;--awb-width-small:100%;--awb-order-small:0;--awb-spacing-right-small:1.92%;--awb-spacing-left-small:1.92%;\"><div class=\"fusion-column-wrapper fusion-column-has-shadow fusion-flex-justify-content-center fusion-content-layout-column\"><div class=\"fusion-text fusion-text-67\" style=\"--awb-content-alignment:center;--awb-font-size:24pt;\"><p>Localisation\u00a0du projet : <strong>Iles Sous-Le-Vent, \u00e0 une altitude sup\u00e9rieure ou \u00e9gale \u00e0 500 m\u00e8tres<\/strong><\/p>\n<p>Typologie de la construction\u00a0: <strong>Pas de typologie particuli\u00e8re au sens de la REBPf<\/strong><\/p>\n<\/div><\/div><\/div><div class=\"fusion-layout-column fusion_builder_column_inner fusion-builder-nested-column-91 fusion_builder_column_inner_1_1 1_1 fusion-flex-column\" style=\"--awb-bg-size:cover;--awb-width-large:100%;--awb-margin-top-large:0px;--awb-spacing-right-large:1.92%;--awb-margin-bottom-large:20px;--awb-spacing-left-large:1.92%;--awb-width-medium:100%;--awb-order-medium:0;--awb-spacing-right-medium:1.92%;--awb-spacing-left-medium:1.92%;--awb-width-small:100%;--awb-order-small:0;--awb-spacing-right-small:1.92%;--awb-spacing-left-small:1.92%;\"><div class=\"fusion-column-wrapper fusion-column-has-shadow fusion-flex-justify-content-flex-start fusion-content-layout-column\"><div class=\"fusion-separator fusion-full-width-sep\" style=\"align-self: center;margin-left: auto;margin-right: auto;margin-bottom:20px;width:100%;\"><div class=\"fusion-separator-border sep-shadow\" style=\"--awb-height:20px;--awb-amount:20px;background:radial-gradient(ellipse at 50% -50% , #e0dede 0px, rgba(255, 255, 255, 0) 80%) repeat scroll 0 0 rgba(0, 0, 0, 0);background:-webkit-radial-gradient(ellipse at 50% -50% , #e0dede 0px, rgba(255, 255, 255, 0) 80%) repeat scroll 0 0 rgba(0, 0, 0, 0);background:-moz-radial-gradient(ellipse at 50% -50% , #e0dede 0px, rgba(255, 255, 255, 0) 80%) repeat scroll 0 0 rgba(0, 0, 0, 0);background:-o-radial-gradient(ellipse at 50% -50% , #e0dede 0px, rgba(255, 255, 255, 0) 80%) repeat scroll 0 0 rgba(0, 0, 0, 0);\"><\/div><\/div><\/div><\/div><div class=\"fusion-layout-column fusion_builder_column_inner fusion-builder-nested-column-92 fusion_builder_column_inner_1_1 1_1 fusion-flex-column\" style=\"--awb-bg-color:#ffffff;--awb-bg-color-hover:#ffffff;--awb-bg-size:cover;--awb-width-large:100%;--awb-margin-top-large:0px;--awb-spacing-right-large:1.92%;--awb-margin-bottom-large:20px;--awb-spacing-left-large:1.92%;--awb-width-medium:100%;--awb-order-medium:0;--awb-spacing-right-medium:1.92%;--awb-spacing-left-medium:1.92%;--awb-width-small:100%;--awb-order-small:0;--awb-spacing-right-small:1.92%;--awb-spacing-left-small:1.92%;\"><div class=\"fusion-column-wrapper fusion-column-has-shadow fusion-flex-justify-content-flex-start fusion-content-layout-column\"><div class=\"fusion-text fusion-text-68\" style=\"--awb-text-color:#000000;\"><p><b>Th\u00e9matiques applicables :<\/b><\/p>\n<\/div><div class=\"accordian fusion-accordian\" style=\"--awb-border-size:1px;--awb-icon-size:13px;--awb-content-font-size:13px;--awb-icon-alignment:left;--awb-hover-color:#f9f9f9;--awb-border-color:#cccccc;--awb-background-color:#ffffff;--awb-divider-color:#e0dede;--awb-divider-hover-color:#e0dede;--awb-icon-color:#ffffff;--awb-title-color:#333333;--awb-content-color:#747474;--awb-icon-box-color:#333333;--awb-toggle-hover-accent-color:#26a147;--awb-title-font-family:&quot;PT Sans&quot;;--awb-title-font-weight:400;--awb-title-font-style:normal;--awb-title-font-size:13px;--awb-content-font-family:&quot;PT Sans&quot;;--awb-content-font-style:normal;--awb-content-font-weight:400;\"><div class=\"panel-group fusion-toggle-icon-boxed\" id=\"accordion-3355-17\"><div class=\"fusion-panel panel-default panel-c45ea9942b0e1fcdb fusion-toggle-has-divider\" style=\"--awb-title-color:#333333;--awb-content-color:#747474;\"><div class=\"panel-heading\"><h4 class=\"panel-title toggle\" id=\"toggle_c45ea9942b0e1fcdb\"><a aria-expanded=\"false\" aria-controls=\"c45ea9942b0e1fcdb\" role=\"button\" data-toggle=\"collapse\" data-parent=\"#accordion-3355-17\" data-target=\"#c45ea9942b0e1fcdb\" href=\"#c45ea9942b0e1fcdb\"><span class=\"fusion-toggle-icon-wrapper\" aria-hidden=\"true\"><i class=\"fa-fusion-box active-icon awb-icon-minus\" aria-hidden=\"true\"><\/i><i class=\"fa-fusion-box inactive-icon awb-icon-plus\" aria-hidden=\"true\"><\/i><\/span><span class=\"fusion-toggle-heading\">Protection solaire de la toiture<\/span><\/a><\/h4><\/div><div id=\"c45ea9942b0e1fcdb\" class=\"panel-collapse collapse \" aria-labelledby=\"toggle_c45ea9942b0e1fcdb\"><div class=\"panel-body toggle-content fusion-clearfix\">\n<table style=\"width: 100%;height: 187px\">\n<tbody>\n<tr style=\"height: 187px\">\n<td style=\"height: 187px\"><span style=\"color: #000000\"><strong><span style=\"text-decoration: underline\">Locaux concern\u00e9s<\/span> :<\/strong><\/span><\/p>\n<ul>\n<li>Locaux clos et climatis\u00e9s ou occup\u00e9s<\/li>\n<li>Locaux clos non-occup\u00e9s donnant <u>directement<\/u> sur les locaux clos et climatis\u00e9s ou occup\u00e9s, \u00e0 l\u2019exception des locaux techniques, des stationnements et des espaces de stockage non climatis\u00e9s<\/li>\n<\/ul>\n<\/td>\n<td style=\"height: 187px\"><img decoding=\"async\" class=\"alignright wp-image-3430\" src=\"https:\/\/www.service-public.pf\/sde\/wp-content\/uploads\/sites\/15\/2023\/01\/SDE-REBPF-IlluTotales-Divers-ProToiture.png\" alt=\"\" width=\"300\" height=\"225\" \/><\/td>\n<\/tr>\n<\/tbody>\n<\/table>\n<p style=\"color: #000000\"><strong><span style=\"text-decoration: underline\">Seuils \u00e0 respecter<\/span> :<\/strong><\/p>\n<table class=\"table table-bordered\">\n<tbody>\n<tr>\n<td style=\"width: 25%\"><strong>Mesure<\/strong><\/td>\n<td style=\"width: 7.0755%\"><strong>Seuil<\/strong><\/td>\n<td style=\"width: 55.6175%\"><strong>Exemples de solutions<\/strong><\/td>\n<\/tr>\n<tr>\n<td style=\"width: 25%\">Facteur solaire maximal de la toiture<\/td>\n<td style=\"width: 7.0755%\">2,5%<\/td>\n<td style=\"width: 55.6175%\">\n<ul>\n<li>Toiture (avec combles) en t\u00f4le de teinte claire avec 3 cm de laine min\u00e9rale minimum<\/li>\n<li>Toiture (avec combles) en t\u00f4le de teinte moyenne avec 5 cm de laine min\u00e9rale minimum<\/li>\n<li>Toiture (avec combles) en t\u00f4le de teinte sombre avec 7,5 cm de laine min\u00e9rale minimum<\/li>\n<li>Toiture terrasse en b\u00e9ton de teinte moyenne avec 6 cm de polystyr\u00e8ne expans\u00e9 minimum<\/li>\n<li>Toiture terrasse en b\u00e9ton avec sur-toiture largement ventil\u00e9e<\/li>\n<\/ul>\n<\/td>\n<\/tr>\n<\/tbody>\n<\/table>\n<p><span style=\"color: #000000\"><strong>Pour plus d\u2019informations sur l\u2019application de la th\u00e9matique, consultez la fiche en question\u00a0:<\/strong><\/span><\/p>\n<ul>\n<li><a href=\"https:\/\/www.service-public.pf\/sde\/wp-content\/uploads\/sites\/15\/2023\/09\/Fiche-02-Protection-solaire-des-parois-opaques-horizontales-Toitures.pdf\">Fiche d\u2019application \u00ab\u00a0Protection solaire de la toiture\u00a0\u00bb<\/a><\/li>\n<\/ul>\n<p>Nota bene : les informations diffus\u00e9es dans le d\u00e9pliant mis \u00e0 disposition ci-dessous sont normalement suffisantes pour s'assurer de la conformit\u00e9 de son projet sans rentrer dans les d\u00e9tails techniques de la th\u00e9matique.<\/p>\n<\/div><\/div><\/div><\/div><\/div><div class=\"fusion-text fusion-text-69\" style=\"--awb-margin-top:10px;\"><p><span style=\"color: #000000\"><strong>Informations relatives aux demandes de permis de construire et au certificat de conformit\u00e9<\/strong><\/span><\/p>\n<p>Le p\u00e9titionnaire remplit les nouveaux formulaires de demande de permis de construire et de certificat de conformit\u00e9 de la DCA qui int\u00e8grent la d\u00e9claration du respect de la r\u00e9glementation.<\/p>\n<p><span style=\"color: #000000\"><strong>Informations sur les dispositions applicables \u00e0 la typologie :<\/strong><\/span><\/p>\n<ul>\n<li><a href=\"https:\/\/www.service-public.pf\/sde\/wp-content\/uploads\/sites\/15\/2023\/03\/REPBF_Depliants_Autres_Pages.pdf\">D\u00e9pliant \u00ab Tous les b\u00e2timents \u00bb<\/a><\/li>\n<\/ul>\n<\/div><\/div><\/div><\/div><\/div><\/div><div class=\"fusion-layout-column fusion_builder_column fusion-builder-column-28 fusion_builder_column_4_5 4_5 fusion-flex-column vct_islv_sup500_content\" style=\"--awb-bg-size:cover;--awb-width-large:80%;--awb-flex-grow:0;--awb-flex-shrink:0;--awb-margin-top-large:0px;--awb-spacing-right-large:2.4%;--awb-margin-bottom-large:20px;--awb-spacing-left-large:2.4%;--awb-width-medium:100%;--awb-order-medium:0;--awb-flex-grow-medium:0;--awb-flex-shrink-medium:0;--awb-spacing-right-medium:1.92%;--awb-spacing-left-medium:1.92%;--awb-width-small:100%;--awb-order-small:0;--awb-flex-grow-small:0;--awb-flex-shrink-small:0;--awb-spacing-right-small:1.92%;--awb-spacing-left-small:1.92%;\" id=\"vct_islv_sup500_logementindividuel_content\"><div class=\"fusion-column-wrapper fusion-column-has-shadow fusion-flex-justify-content-flex-start fusion-content-layout-column\"><div class=\"fusion-title title fusion-title-21 fusion-sep-none fusion-title-center fusion-title-text fusion-title-size-two hidden\" style=\"--awb-margin-top-small:0px;--awb-margin-right-small:0px;--awb-margin-bottom-small:20px;--awb-margin-left-small:0px;\"><h2 class=\"fusion-title-heading title-heading-center\" style=\"margin:0;\">Protection solaire de la toiture \/ Baie horizontale interdite + D\u00e9pliant logement individuel + Fiche d'information logement individuel + Formulaire 1-ISLV<\/h2><\/div><div class=\"fusion-text fusion-text-70 vct_description_typologie\"><p>Un logement individuel correspond \u00e0 la notion de maison individuelle telle que d\u00e9finie par le code de<br \/>\nl\u2019am\u00e9nagement, \u00e0 savoir un b\u00e2timent \u00e0 usage d\u2019habitation comprenant au plus deux logements<br \/>\nsuperpos\u00e9s ou accol\u00e9s.<\/p>\n<p>On assimile \u00e9galement au logement individuel les structures d\u2019h\u00e9bergement de tourisme et<br \/>\nchambres chez l\u2019habitant dont le nombre d\u2019unit\u00e9s d\u2019h\u00e9bergement est inf\u00e9rieur ou \u00e9gal \u00e0 cinq ou dont<br \/>\nl\u2019effectif est inf\u00e9rieur \u00e0 vingt personnes (ERP du 2\u00e8me groupe - cat\u00e9gorie 5)<\/p>\n<\/div><div class=\"fusion-builder-row fusion-builder-row-inner fusion-row fusion-flex-align-items-flex-start fusion-flex-justify-content-center fusion-flex-content-wrap\" style=\"--awb-flex-grow:0;--awb-flex-grow-medium:0;--awb-flex-grow-small:0;--awb-flex-shrink:0;--awb-flex-shrink-medium:0;--awb-flex-shrink-small:0;width:104% !important;max-width:104% !important;margin-left: calc(-4% \/ 2 );margin-right: calc(-4% \/ 2 );\"><div class=\"fusion-layout-column fusion_builder_column_inner fusion-builder-nested-column-93 fusion_builder_column_inner_1_1 1_1 fusion-flex-column\" style=\"--awb-bg-size:cover;--awb-width-large:100%;--awb-margin-top-large:0px;--awb-spacing-right-large:1.92%;--awb-margin-bottom-large:20px;--awb-spacing-left-large:1.92%;--awb-width-medium:100%;--awb-order-medium:0;--awb-spacing-right-medium:1.92%;--awb-spacing-left-medium:1.92%;--awb-width-small:100%;--awb-order-small:0;--awb-spacing-right-small:1.92%;--awb-spacing-left-small:1.92%;\"><div class=\"fusion-column-wrapper fusion-column-has-shadow fusion-flex-justify-content-flex-start fusion-content-layout-column\"><div class=\"fusion-separator fusion-full-width-sep\" style=\"align-self: center;margin-left: auto;margin-right: auto;width:100%;\"><div class=\"fusion-separator-border sep-shadow\" style=\"--awb-height:20px;--awb-amount:20px;background:radial-gradient(ellipse at 50% -50% , #e0dede 0px, rgba(255, 255, 255, 0) 80%) repeat scroll 0 0 rgba(0, 0, 0, 0);background:-webkit-radial-gradient(ellipse at 50% -50% , #e0dede 0px, rgba(255, 255, 255, 0) 80%) repeat scroll 0 0 rgba(0, 0, 0, 0);background:-moz-radial-gradient(ellipse at 50% -50% , #e0dede 0px, rgba(255, 255, 255, 0) 80%) repeat scroll 0 0 rgba(0, 0, 0, 0);background:-o-radial-gradient(ellipse at 50% -50% , #e0dede 0px, rgba(255, 255, 255, 0) 80%) repeat scroll 0 0 rgba(0, 0, 0, 0);\"><\/div><\/div><\/div><\/div><div class=\"fusion-layout-column fusion_builder_column_inner fusion-builder-nested-column-94 fusion_builder_column_inner_1_3 1_3 fusion-flex-column\" style=\"--awb-bg-size:cover;--awb-width-large:33.333333333333%;--awb-margin-top-large:0px;--awb-spacing-right-large:2vw;--awb-margin-bottom-large:20px;--awb-spacing-left-large:5.76%;--awb-width-medium:100%;--awb-order-medium:0;--awb-spacing-right-medium:1.92%;--awb-spacing-left-medium:1.92%;--awb-width-small:100%;--awb-order-small:0;--awb-spacing-right-small:1.92%;--awb-spacing-left-small:1.92%;\"><div class=\"fusion-column-wrapper fusion-column-has-shadow fusion-flex-justify-content-flex-start fusion-content-layout-column\"><div class=\"fusion-image-element \" style=\"text-align:right;--awb-max-width:450px;--awb-caption-title-font-family:var(--h2_typography-font-family);--awb-caption-title-font-weight:var(--h2_typography-font-weight);--awb-caption-title-font-style:var(--h2_typography-font-style);--awb-caption-title-size:var(--h2_typography-font-size);--awb-caption-title-transform:var(--h2_typography-text-transform);--awb-caption-title-line-height:var(--h2_typography-line-height);--awb-caption-title-letter-spacing:var(--h2_typography-letter-spacing);\"><span class=\" fusion-imageframe imageframe-none imageframe-18 hover-type-none\"><img decoding=\"async\" width=\"300\" height=\"225\" title=\"SDE REBPF IlluTotales Logement Individuel\" src=\"https:\/\/www.service-public.pf\/sde\/wp-content\/uploads\/sites\/15\/2023\/01\/SDE-REBPF-IlluTotales-Logement-Individuel-300x225.png\" alt class=\"img-responsive wp-image-3460\" srcset=\"https:\/\/www.service-public.pf\/sde\/wp-content\/uploads\/sites\/15\/2023\/01\/SDE-REBPF-IlluTotales-Logement-Individuel-200x150.png 200w, https:\/\/www.service-public.pf\/sde\/wp-content\/uploads\/sites\/15\/2023\/01\/SDE-REBPF-IlluTotales-Logement-Individuel-400x300.png 400w, https:\/\/www.service-public.pf\/sde\/wp-content\/uploads\/sites\/15\/2023\/01\/SDE-REBPF-IlluTotales-Logement-Individuel-600x450.png 600w, https:\/\/www.service-public.pf\/sde\/wp-content\/uploads\/sites\/15\/2023\/01\/SDE-REBPF-IlluTotales-Logement-Individuel-800x600.png 800w, https:\/\/www.service-public.pf\/sde\/wp-content\/uploads\/sites\/15\/2023\/01\/SDE-REBPF-IlluTotales-Logement-Individuel-1200x900.png 1200w, https:\/\/www.service-public.pf\/sde\/wp-content\/uploads\/sites\/15\/2023\/01\/SDE-REBPF-IlluTotales-Logement-Individuel.png 1453w\" sizes=\"(max-width: 1024px) 100vw, (max-width: 640px) 100vw, 800px\" \/><\/span><\/div><\/div><\/div><div class=\"fusion-layout-column fusion_builder_column_inner fusion-builder-nested-column-95 fusion_builder_column_inner_2_3 2_3 fusion-flex-column\" style=\"--awb-bg-size:cover;--awb-width-large:66.666666666667%;--awb-margin-top-large:0px;--awb-spacing-right-large:2.88%;--awb-margin-bottom-large:20px;--awb-spacing-left-large:2.88%;--awb-width-medium:100%;--awb-order-medium:0;--awb-spacing-right-medium:1.92%;--awb-spacing-left-medium:1.92%;--awb-width-small:100%;--awb-order-small:0;--awb-spacing-right-small:1.92%;--awb-spacing-left-small:1.92%;\"><div class=\"fusion-column-wrapper fusion-column-has-shadow fusion-flex-justify-content-center fusion-content-layout-column\"><div class=\"fusion-text fusion-text-71\" style=\"--awb-content-alignment:center;--awb-font-size:24pt;\"><p>Localisation\u00a0du projet : <strong>Iles Sous-Le-Vent, \u00e0 une altitude sup\u00e9rieure ou \u00e9gale \u00e0 500 m\u00e8tres<\/strong><\/p>\n<p>Typologie de la construction\u00a0: <strong>Logement individuel<\/strong><\/p>\n<\/div><\/div><\/div><div class=\"fusion-layout-column fusion_builder_column_inner fusion-builder-nested-column-96 fusion_builder_column_inner_1_1 1_1 fusion-flex-column\" style=\"--awb-bg-size:cover;--awb-width-large:100%;--awb-margin-top-large:0px;--awb-spacing-right-large:1.92%;--awb-margin-bottom-large:20px;--awb-spacing-left-large:1.92%;--awb-width-medium:100%;--awb-order-medium:0;--awb-spacing-right-medium:1.92%;--awb-spacing-left-medium:1.92%;--awb-width-small:100%;--awb-order-small:0;--awb-spacing-right-small:1.92%;--awb-spacing-left-small:1.92%;\"><div class=\"fusion-column-wrapper fusion-column-has-shadow fusion-flex-justify-content-flex-start fusion-content-layout-column\"><div class=\"fusion-separator fusion-full-width-sep\" style=\"align-self: center;margin-left: auto;margin-right: auto;margin-bottom:20px;width:100%;\"><div class=\"fusion-separator-border sep-shadow\" style=\"--awb-height:20px;--awb-amount:20px;background:radial-gradient(ellipse at 50% -50% , #e0dede 0px, rgba(255, 255, 255, 0) 80%) repeat scroll 0 0 rgba(0, 0, 0, 0);background:-webkit-radial-gradient(ellipse at 50% -50% , #e0dede 0px, rgba(255, 255, 255, 0) 80%) repeat scroll 0 0 rgba(0, 0, 0, 0);background:-moz-radial-gradient(ellipse at 50% -50% , #e0dede 0px, rgba(255, 255, 255, 0) 80%) repeat scroll 0 0 rgba(0, 0, 0, 0);background:-o-radial-gradient(ellipse at 50% -50% , #e0dede 0px, rgba(255, 255, 255, 0) 80%) repeat scroll 0 0 rgba(0, 0, 0, 0);\"><\/div><\/div><\/div><\/div><div class=\"fusion-layout-column fusion_builder_column_inner fusion-builder-nested-column-97 fusion_builder_column_inner_1_1 1_1 fusion-flex-column\" style=\"--awb-bg-color:#ffffff;--awb-bg-color-hover:#ffffff;--awb-bg-size:cover;--awb-width-large:100%;--awb-margin-top-large:0px;--awb-spacing-right-large:1.92%;--awb-margin-bottom-large:20px;--awb-spacing-left-large:1.92%;--awb-width-medium:100%;--awb-order-medium:0;--awb-spacing-right-medium:1.92%;--awb-spacing-left-medium:1.92%;--awb-width-small:100%;--awb-order-small:0;--awb-spacing-right-small:1.92%;--awb-spacing-left-small:1.92%;\"><div class=\"fusion-column-wrapper fusion-column-has-shadow fusion-flex-justify-content-flex-start fusion-content-layout-column\"><div class=\"fusion-text fusion-text-72\" style=\"--awb-text-color:#000000;\"><p><b>Th\u00e9matiques applicables :<br \/>\n<\/b><\/p>\n<\/div><div class=\"accordian fusion-accordian\" style=\"--awb-border-size:1px;--awb-icon-size:13px;--awb-content-font-size:13px;--awb-icon-alignment:left;--awb-hover-color:#f9f9f9;--awb-border-color:#cccccc;--awb-background-color:#ffffff;--awb-divider-color:#e0dede;--awb-divider-hover-color:#e0dede;--awb-icon-color:#ffffff;--awb-title-color:#333333;--awb-content-color:#747474;--awb-icon-box-color:#333333;--awb-toggle-hover-accent-color:#26a147;--awb-title-font-family:&quot;PT Sans&quot;;--awb-title-font-weight:400;--awb-title-font-style:normal;--awb-title-font-size:13px;--awb-content-font-family:&quot;PT Sans&quot;;--awb-content-font-style:normal;--awb-content-font-weight:400;\"><div class=\"panel-group fusion-toggle-icon-boxed\" id=\"accordion-3355-18\"><div class=\"fusion-panel panel-default panel-85e4e54824beb78c7 fusion-toggle-has-divider\" style=\"--awb-title-color:#333333;--awb-content-color:#747474;\"><div class=\"panel-heading\"><h4 class=\"panel-title toggle\" id=\"toggle_85e4e54824beb78c7\"><a aria-expanded=\"false\" aria-controls=\"85e4e54824beb78c7\" role=\"button\" data-toggle=\"collapse\" data-parent=\"#accordion-3355-18\" data-target=\"#85e4e54824beb78c7\" href=\"#85e4e54824beb78c7\"><span class=\"fusion-toggle-icon-wrapper\" aria-hidden=\"true\"><i class=\"fa-fusion-box active-icon awb-icon-minus\" aria-hidden=\"true\"><\/i><i class=\"fa-fusion-box inactive-icon awb-icon-plus\" aria-hidden=\"true\"><\/i><\/span><span class=\"fusion-toggle-heading\">Protection solaire de la toiture<\/span><\/a><\/h4><\/div><div id=\"85e4e54824beb78c7\" class=\"panel-collapse collapse \" aria-labelledby=\"toggle_85e4e54824beb78c7\"><div class=\"panel-body toggle-content fusion-clearfix\">\n<table style=\"width: 100%;height: 187px\">\n<tbody>\n<tr style=\"height: 187px\">\n<td style=\"height: 187px\"><span style=\"color: #000000\"><strong><span style=\"text-decoration: underline\">Locaux concern\u00e9s<\/span> :<\/strong><\/span><\/p>\n<ul>\n<li>Locaux clos et climatis\u00e9s ou occup\u00e9s (exemples\u00a0: chambre, s\u00e9jour, bureau, \u2026)<\/li>\n<li>Locaux clos non-occup\u00e9s donnant <u>directement<\/u> sur les locaux ci-dessus, hors locaux techniques, stationnements et espaces de stockage non climatis\u00e9s (exemples : sanitaires, salle de bain, buanderie, \u2026)<\/li>\n<\/ul>\n<\/td>\n<td style=\"height: 187px\"><img decoding=\"async\" class=\"alignright wp-image-3430\" src=\"https:\/\/www.service-public.pf\/sde\/wp-content\/uploads\/sites\/15\/2023\/01\/SDE-REBPF-IlluTotales-Logement-Individuel-ProToiture.png\" alt=\"\" width=\"300\" height=\"225\" \/><\/td>\n<\/tr>\n<\/tbody>\n<\/table>\n<p style=\"color: #000000\"><strong><span style=\"text-decoration: underline\">Seuils \u00e0 respecter<\/span> :<\/strong><\/p>\n<table class=\"table table-bordered\">\n<tbody>\n<tr>\n<td style=\"width: 25%\"><strong>Mesure<\/strong><\/td>\n<td style=\"width: 7.0755%\"><strong>Seuil<\/strong><\/td>\n<td style=\"width: 55.6175%\"><strong>Exemples de solutions<\/strong><\/td>\n<\/tr>\n<tr>\n<td style=\"width: 25%\">Facteur solaire maximal de la toiture<\/td>\n<td style=\"width: 7.0755%\">2,5%<\/td>\n<td style=\"width: 55.6175%\">\n<ul>\n<li>Toiture (avec combles) en t\u00f4le de teinte claire avec 3 cm de laine min\u00e9rale minimum<\/li>\n<li>Toiture (avec combles) en t\u00f4le de teinte moyenne avec 5 cm de laine min\u00e9rale minimum<\/li>\n<li>Toiture (avec combles) en t\u00f4le de teinte sombre avec 7,5 cm de laine min\u00e9rale minimum<\/li>\n<li>Toiture terrasse en b\u00e9ton de teinte moyenne avec 6 cm de polystyr\u00e8ne expans\u00e9 minimum<\/li>\n<li>Toiture terrasse en b\u00e9ton avec sur-toiture largement ventil\u00e9e<\/li>\n<\/ul>\n<\/td>\n<\/tr>\n<\/tbody>\n<\/table>\n<p><span style=\"color: #000000\"><strong>Pour plus d\u2019informations sur l\u2019application de la th\u00e9matique, consultez la fiche en question\u00a0:<\/strong><\/span><\/p>\n<ul>\n<li><a href=\"https:\/\/www.service-public.pf\/sde\/wp-content\/uploads\/sites\/15\/2023\/09\/Fiche-02-Protection-solaire-des-parois-opaques-horizontales-Toitures.pdf\">Fiche d\u2019application \u00ab\u00a0Protection solaire de la toiture\u00a0\u00bb<\/a><\/li>\n<\/ul>\n<p>Nota bene : les informations diffus\u00e9es dans le d\u00e9pliant et les guides mis \u00e0 disposition ci-dessous sont normalement suffisantes pour s'assurer de la conformit\u00e9 de son projet sans rentrer dans les d\u00e9tails techniques de la th\u00e9matique.<\/p>\n<\/div><\/div><\/div><div class=\"fusion-panel panel-default panel-4af4799a10afd3141 fusion-toggle-has-divider\" style=\"--awb-title-color:#333333;--awb-content-color:#747474;\"><div class=\"panel-heading\"><h4 class=\"panel-title toggle\" id=\"toggle_4af4799a10afd3141\"><a aria-expanded=\"false\" aria-controls=\"4af4799a10afd3141\" role=\"button\" data-toggle=\"collapse\" data-parent=\"#accordion-3355-18\" data-target=\"#4af4799a10afd3141\" href=\"#4af4799a10afd3141\"><span class=\"fusion-toggle-icon-wrapper\" aria-hidden=\"true\"><i class=\"fa-fusion-box active-icon awb-icon-minus\" aria-hidden=\"true\"><\/i><i class=\"fa-fusion-box inactive-icon awb-icon-plus\" aria-hidden=\"true\"><\/i><\/span><span class=\"fusion-toggle-heading\">Protection solaire des baies<\/span><\/a><\/h4><\/div><div id=\"4af4799a10afd3141\" class=\"panel-collapse collapse \" aria-labelledby=\"toggle_4af4799a10afd3141\"><div class=\"panel-body toggle-content fusion-clearfix\">\n<table style=\"width: 100%;height: 187px\">\n<tbody>\n<tr style=\"height: 187px\">\n<td style=\"height: 187px\"><span style=\"color: #000000\"><strong><span style=\"text-decoration: underline\">Locaux concern\u00e9s<\/span> :<\/strong><\/span><\/p>\n<ul>\n<li>Locaux clos et climatis\u00e9s ou occup\u00e9s (exemples\u00a0: chambre, s\u00e9jour, bureau, \u2026)<\/li>\n<li>Locaux clos non-occup\u00e9s donnant <u>directement<\/u> sur les locaux ci-dessus, hors locaux techniques, stationnements et espaces de stockage non climatis\u00e9s (exemples : sanitaires, salle de bain, buanderie, \u2026)<\/li>\n<\/ul>\n<\/td>\n<td style=\"height: 187px\"><img decoding=\"async\" class=\"alignright wp-image-3430\" src=\"https:\/\/www.service-public.pf\/sde\/wp-content\/uploads\/sites\/15\/2023\/03\/Picture1.png\" alt=\"\" width=\"300\" height=\"225\" \/><\/td>\n<\/tr>\n<\/tbody>\n<\/table>\n<p style=\"color: #000000\"><strong><span style=\"text-decoration: underline\">Seuils, r\u00e8gles de conception et caract\u00e9ristiques techniques \u00e0 respecter : <\/span><\/strong><\/p>\n<table class=\"table table-bordered\">\n<tbody>\n<tr>\n<td style=\"width: 25%\"><strong>R\u00e8gle de conception<\/strong><\/td>\n<td style=\"width: 55.6175%\"><strong>Exemple de solution<\/strong><\/td>\n<\/tr>\n<tr>\n<td style=\"width: 25%\">La mise en \u0153uvre de baies horizontales* est interdite dans les locaux concern\u00e9s par la disposition<\/td>\n<td style=\"width: 55.6175%\">Afin de conserver un apport de lumi\u00e8re naturelle dans les espaces sous-toiture, il est possible de mettre en place des baies verticales \u00e0 la place (ex : chien assis)<\/td>\n<\/tr>\n<\/tbody>\n<\/table>\n<p>* Une baie est consid\u00e9r\u00e9e comme horizontale si son inclinaison est inf\u00e9rieure \u00e0 60\u00b0 par rapport au plan horizontal.<\/p>\n<\/div><\/div><\/div><\/div><\/div><div class=\"fusion-text fusion-text-73\" style=\"--awb-margin-top:10px;\"><p><span style=\"color: #000000\"><strong>Informations relatives aux demandes de permis de construire et au certificat de conformit\u00e9<\/strong><\/span><\/p>\n<p>Le p\u00e9titionnaire remplit les nouveaux formulaires de demande de permis de construire et de certificat de conformit\u00e9 de la DCA qui int\u00e8grent la d\u00e9claration du respect de la r\u00e9glementation.<\/p>\n<p><span style=\"color: #000000\"><strong>Informations sur les dispositions applicables \u00e0 la typologie <\/strong> (ne consulter que les rubriques des th\u00e9matiques concernant le projet de construction)<strong> :<\/strong><\/span><\/p>\n<ul>\n<li><a href=\"https:\/\/www.service-public.pf\/sde\/wp-content\/uploads\/sites\/15\/2023\/03\/REPBF_Depliants_LogementIndividuel_Pages.pdf\">D\u00e9pliant \u00ab Logement individuel \u00bb<\/a><\/li>\n<li><a href=\"https:\/\/www.service-public.pf\/sde\/wp-content\/uploads\/sites\/15\/2023\/09\/REBPf-Guide-logement-individuel-version-simplifiee.pdf\">Guide simplifi\u00e9 pour le respect de la r\u00e9glementation - Logement individuel<\/a><\/li>\n<li><a href=\"https:\/\/www.service-public.pf\/sde\/wp-content\/uploads\/sites\/15\/2023\/09\/REBPf-Guide-logement-individuel-version-simplifiee-tahitien.pdf\">Guide simplifi\u00e9 pour le respect de la r\u00e9glementation - Logement individuel - reo tahiti<\/a><\/li>\n<li><a href=\"https:\/\/www.service-public.pf\/sde\/wp-content\/uploads\/sites\/15\/2023\/06\/REBPf-Guide-logement-individuel-version-detaillee.pdf\">Guide d\u00e9taill\u00e9 pour le respect de la r\u00e9glementation - Logement individuel<\/a><\/li>\n<\/ul>\n<\/div><\/div><\/div><\/div><\/div><\/div><div class=\"fusion-layout-column fusion_builder_column fusion-builder-column-29 fusion_builder_column_4_5 4_5 fusion-flex-column vct_islv_sup500_content\" style=\"--awb-bg-size:cover;--awb-width-large:80%;--awb-flex-grow:0;--awb-flex-shrink:0;--awb-margin-top-large:0px;--awb-spacing-right-large:2.4%;--awb-margin-bottom-large:20px;--awb-spacing-left-large:2.4%;--awb-width-medium:100%;--awb-order-medium:0;--awb-flex-grow-medium:0;--awb-flex-shrink-medium:0;--awb-spacing-right-medium:1.92%;--awb-spacing-left-medium:1.92%;--awb-width-small:100%;--awb-order-small:0;--awb-flex-grow-small:0;--awb-flex-shrink-small:0;--awb-spacing-right-small:1.92%;--awb-spacing-left-small:1.92%;\" id=\"vct_islv_sup500_hotellerie_content\"><div class=\"fusion-column-wrapper fusion-column-has-shadow fusion-flex-justify-content-flex-start fusion-content-layout-column\"><div class=\"fusion-title title fusion-title-22 fusion-sep-none fusion-title-center fusion-title-text fusion-title-size-two hidden\" style=\"--awb-margin-top-small:0px;--awb-margin-right-small:0px;--awb-margin-bottom-small:20px;--awb-margin-left-small:0px;\"><h2 class=\"fusion-title-heading title-heading-center\" style=\"margin:0;\">Protection solaire de la toiture \/ Eau chaude solaire + D\u00e9pliant h\u00f4tellerie + Fiche d'information h\u00f4tellerie + Formulaire 2-ISLV<\/h2><\/div><div class=\"fusion-text fusion-text-74 vct_description_typologie\"><p>Il s\u2019agit d\u2019un b\u00e2timent ou d\u2019une partie de b\u00e2timent \u00e0 usage d\u2019h\u00f4tel de tourisme, pension de familles,<br \/>\nmeubl\u00e9 de tourisme, auberge de jeunesse, village de vacances, villa de luxe, bungalow ainsi que tout<br \/>\nautre h\u00e9bergement \u00e0 vocation touristique, comprenant \u00e9galement leurs locaux accessoires.<\/p>\n<p>Pour rappel, les projets de construction d\u2019une structure d\u2019h\u00e9bergement de tourisme et chambres<br \/>\nchez l\u2019habitant dont le nombre d\u2019unit\u00e9s d\u2019h\u00e9bergement est inf\u00e9rieur ou \u00e9gal \u00e0 cinq ou dont l\u2019effectif<br \/>\nest inf\u00e9rieur \u00e0 vingt personnes sont assimil\u00e9es \u00e0 la typologie logement individuel.<\/p>\n<\/div><div class=\"fusion-builder-row fusion-builder-row-inner fusion-row fusion-flex-align-items-flex-start fusion-flex-justify-content-center fusion-flex-content-wrap\" style=\"--awb-flex-grow:0;--awb-flex-grow-medium:0;--awb-flex-grow-small:0;--awb-flex-shrink:0;--awb-flex-shrink-medium:0;--awb-flex-shrink-small:0;width:104% !important;max-width:104% !important;margin-left: calc(-4% \/ 2 );margin-right: calc(-4% \/ 2 );\"><div class=\"fusion-layout-column fusion_builder_column_inner fusion-builder-nested-column-98 fusion_builder_column_inner_1_1 1_1 fusion-flex-column\" style=\"--awb-bg-size:cover;--awb-width-large:100%;--awb-margin-top-large:0px;--awb-spacing-right-large:1.92%;--awb-margin-bottom-large:20px;--awb-spacing-left-large:1.92%;--awb-width-medium:100%;--awb-order-medium:0;--awb-spacing-right-medium:1.92%;--awb-spacing-left-medium:1.92%;--awb-width-small:100%;--awb-order-small:0;--awb-spacing-right-small:1.92%;--awb-spacing-left-small:1.92%;\"><div class=\"fusion-column-wrapper fusion-column-has-shadow fusion-flex-justify-content-flex-start fusion-content-layout-column\"><div class=\"fusion-separator fusion-full-width-sep\" style=\"align-self: center;margin-left: auto;margin-right: auto;width:100%;\"><div class=\"fusion-separator-border sep-shadow\" style=\"--awb-height:20px;--awb-amount:20px;background:radial-gradient(ellipse at 50% -50% , #e0dede 0px, rgba(255, 255, 255, 0) 80%) repeat scroll 0 0 rgba(0, 0, 0, 0);background:-webkit-radial-gradient(ellipse at 50% -50% , #e0dede 0px, rgba(255, 255, 255, 0) 80%) repeat scroll 0 0 rgba(0, 0, 0, 0);background:-moz-radial-gradient(ellipse at 50% -50% , #e0dede 0px, rgba(255, 255, 255, 0) 80%) repeat scroll 0 0 rgba(0, 0, 0, 0);background:-o-radial-gradient(ellipse at 50% -50% , #e0dede 0px, rgba(255, 255, 255, 0) 80%) repeat scroll 0 0 rgba(0, 0, 0, 0);\"><\/div><\/div><\/div><\/div><div class=\"fusion-layout-column fusion_builder_column_inner fusion-builder-nested-column-99 fusion_builder_column_inner_1_3 1_3 fusion-flex-column\" style=\"--awb-bg-size:cover;--awb-width-large:33.333333333333%;--awb-margin-top-large:0px;--awb-spacing-right-large:2vw;--awb-margin-bottom-large:20px;--awb-spacing-left-large:5.76%;--awb-width-medium:100%;--awb-order-medium:0;--awb-spacing-right-medium:1.92%;--awb-spacing-left-medium:1.92%;--awb-width-small:100%;--awb-order-small:0;--awb-spacing-right-small:1.92%;--awb-spacing-left-small:1.92%;\"><div class=\"fusion-column-wrapper fusion-column-has-shadow fusion-flex-justify-content-flex-start fusion-content-layout-column\"><div class=\"fusion-image-element \" style=\"text-align:right;--awb-max-width:450px;--awb-caption-title-font-family:var(--h2_typography-font-family);--awb-caption-title-font-weight:var(--h2_typography-font-weight);--awb-caption-title-font-style:var(--h2_typography-font-style);--awb-caption-title-size:var(--h2_typography-font-size);--awb-caption-title-transform:var(--h2_typography-text-transform);--awb-caption-title-line-height:var(--h2_typography-line-height);--awb-caption-title-letter-spacing:var(--h2_typography-letter-spacing);\"><span class=\" fusion-imageframe imageframe-none imageframe-19 hover-type-none\"><img decoding=\"async\" width=\"300\" height=\"225\" title=\"SDE REBPF IlluTotales Hotel Pension\" src=\"https:\/\/www.service-public.pf\/sde\/wp-content\/uploads\/sites\/15\/2023\/01\/SDE-REBPF-IlluTotales-Hotel-Pension-300x225.png\" alt class=\"img-responsive wp-image-3446\" srcset=\"https:\/\/www.service-public.pf\/sde\/wp-content\/uploads\/sites\/15\/2023\/01\/SDE-REBPF-IlluTotales-Hotel-Pension-200x150.png 200w, https:\/\/www.service-public.pf\/sde\/wp-content\/uploads\/sites\/15\/2023\/01\/SDE-REBPF-IlluTotales-Hotel-Pension-400x300.png 400w, https:\/\/www.service-public.pf\/sde\/wp-content\/uploads\/sites\/15\/2023\/01\/SDE-REBPF-IlluTotales-Hotel-Pension-600x450.png 600w, https:\/\/www.service-public.pf\/sde\/wp-content\/uploads\/sites\/15\/2023\/01\/SDE-REBPF-IlluTotales-Hotel-Pension-800x600.png 800w, https:\/\/www.service-public.pf\/sde\/wp-content\/uploads\/sites\/15\/2023\/01\/SDE-REBPF-IlluTotales-Hotel-Pension-1200x900.png 1200w, https:\/\/www.service-public.pf\/sde\/wp-content\/uploads\/sites\/15\/2023\/01\/SDE-REBPF-IlluTotales-Hotel-Pension.png 1453w\" sizes=\"(max-width: 1024px) 100vw, (max-width: 640px) 100vw, 800px\" \/><\/span><\/div><\/div><\/div><div class=\"fusion-layout-column fusion_builder_column_inner fusion-builder-nested-column-100 fusion_builder_column_inner_2_3 2_3 fusion-flex-column\" style=\"--awb-bg-size:cover;--awb-width-large:66.666666666667%;--awb-margin-top-large:0px;--awb-spacing-right-large:2.88%;--awb-margin-bottom-large:20px;--awb-spacing-left-large:2.88%;--awb-width-medium:100%;--awb-order-medium:0;--awb-spacing-right-medium:1.92%;--awb-spacing-left-medium:1.92%;--awb-width-small:100%;--awb-order-small:0;--awb-spacing-right-small:1.92%;--awb-spacing-left-small:1.92%;\"><div class=\"fusion-column-wrapper fusion-column-has-shadow fusion-flex-justify-content-center fusion-content-layout-column\"><div class=\"fusion-text fusion-text-75\" style=\"--awb-content-alignment:center;--awb-font-size:24pt;\"><p>Localisation\u00a0du projet : <strong>Iles Sous-Le-Vent, \u00e0 une altitude sup\u00e9rieure ou \u00e9gale \u00e0 500 m\u00e8tres<\/strong><\/p>\n<p>Typologie de la construction\u00a0: <strong>H\u00f4tellerie<\/strong><\/p>\n<\/div><\/div><\/div><div class=\"fusion-layout-column fusion_builder_column_inner fusion-builder-nested-column-101 fusion_builder_column_inner_1_1 1_1 fusion-flex-column\" style=\"--awb-bg-size:cover;--awb-width-large:100%;--awb-margin-top-large:0px;--awb-spacing-right-large:1.92%;--awb-margin-bottom-large:20px;--awb-spacing-left-large:1.92%;--awb-width-medium:100%;--awb-order-medium:0;--awb-spacing-right-medium:1.92%;--awb-spacing-left-medium:1.92%;--awb-width-small:100%;--awb-order-small:0;--awb-spacing-right-small:1.92%;--awb-spacing-left-small:1.92%;\"><div class=\"fusion-column-wrapper fusion-column-has-shadow fusion-flex-justify-content-flex-start fusion-content-layout-column\"><div class=\"fusion-separator fusion-full-width-sep\" style=\"align-self: center;margin-left: auto;margin-right: auto;margin-bottom:20px;width:100%;\"><div class=\"fusion-separator-border sep-shadow\" style=\"--awb-height:20px;--awb-amount:20px;background:radial-gradient(ellipse at 50% -50% , #e0dede 0px, rgba(255, 255, 255, 0) 80%) repeat scroll 0 0 rgba(0, 0, 0, 0);background:-webkit-radial-gradient(ellipse at 50% -50% , #e0dede 0px, rgba(255, 255, 255, 0) 80%) repeat scroll 0 0 rgba(0, 0, 0, 0);background:-moz-radial-gradient(ellipse at 50% -50% , #e0dede 0px, rgba(255, 255, 255, 0) 80%) repeat scroll 0 0 rgba(0, 0, 0, 0);background:-o-radial-gradient(ellipse at 50% -50% , #e0dede 0px, rgba(255, 255, 255, 0) 80%) repeat scroll 0 0 rgba(0, 0, 0, 0);\"><\/div><\/div><\/div><\/div><div class=\"fusion-layout-column fusion_builder_column_inner fusion-builder-nested-column-102 fusion_builder_column_inner_1_1 1_1 fusion-flex-column\" style=\"--awb-bg-color:#ffffff;--awb-bg-color-hover:#ffffff;--awb-bg-size:cover;--awb-width-large:100%;--awb-margin-top-large:0px;--awb-spacing-right-large:1.92%;--awb-margin-bottom-large:20px;--awb-spacing-left-large:1.92%;--awb-width-medium:100%;--awb-order-medium:0;--awb-spacing-right-medium:1.92%;--awb-spacing-left-medium:1.92%;--awb-width-small:100%;--awb-order-small:0;--awb-spacing-right-small:1.92%;--awb-spacing-left-small:1.92%;\"><div class=\"fusion-column-wrapper fusion-column-has-shadow fusion-flex-justify-content-flex-start fusion-content-layout-column\"><div class=\"fusion-text fusion-text-76\" style=\"--awb-text-color:#000000;\"><p><strong>Th\u00e9matiques applicables :<\/strong><\/p>\n<\/div><div class=\"accordian fusion-accordian\" style=\"--awb-border-size:1px;--awb-icon-size:13px;--awb-content-font-size:13px;--awb-icon-alignment:left;--awb-hover-color:#f9f9f9;--awb-border-color:#cccccc;--awb-background-color:#ffffff;--awb-divider-color:#e0dede;--awb-divider-hover-color:#e0dede;--awb-icon-color:#ffffff;--awb-title-color:#333333;--awb-content-color:#747474;--awb-icon-box-color:#333333;--awb-toggle-hover-accent-color:#26a147;--awb-title-font-family:&quot;PT Sans&quot;;--awb-title-font-weight:400;--awb-title-font-style:normal;--awb-title-font-size:13px;--awb-content-font-family:&quot;PT Sans&quot;;--awb-content-font-style:normal;--awb-content-font-weight:400;\"><div class=\"panel-group fusion-toggle-icon-boxed\" id=\"accordion-3355-19\"><div class=\"fusion-panel panel-default panel-cf96ae985b2232310 fusion-toggle-has-divider\" style=\"--awb-title-color:#333333;--awb-content-color:#747474;\"><div class=\"panel-heading\"><h4 class=\"panel-title toggle\" id=\"toggle_cf96ae985b2232310\"><a aria-expanded=\"false\" aria-controls=\"cf96ae985b2232310\" role=\"button\" data-toggle=\"collapse\" data-parent=\"#accordion-3355-19\" data-target=\"#cf96ae985b2232310\" href=\"#cf96ae985b2232310\"><span class=\"fusion-toggle-icon-wrapper\" aria-hidden=\"true\"><i class=\"fa-fusion-box active-icon awb-icon-minus\" aria-hidden=\"true\"><\/i><i class=\"fa-fusion-box inactive-icon awb-icon-plus\" aria-hidden=\"true\"><\/i><\/span><span class=\"fusion-toggle-heading\">Protection solaire de la toiture<\/span><\/a><\/h4><\/div><div id=\"cf96ae985b2232310\" class=\"panel-collapse collapse \" aria-labelledby=\"toggle_cf96ae985b2232310\"><div class=\"panel-body toggle-content fusion-clearfix\">\n<table style=\"width: 100%;height: 187px\">\n<tbody>\n<tr style=\"height: 187px\">\n<td style=\"height: 187px\"><span style=\"color: #000000\"><strong><span style=\"text-decoration: underline\">Locaux concern\u00e9s<\/span> :<\/strong><\/span><\/p>\n<ul>\n<li>Locaux clos et climatis\u00e9s ou occup\u00e9s (exemples\u00a0: chambre, s\u00e9jour, bureau, espace polyvalent, salle de sport, restaurant, buanderie professionnelle, \u2026)<\/li>\n<li>Locaux clos non-occup\u00e9s donnant <u>directement<\/u> sur les locaux ci-dessus, hors locaux techniques, stationnements et espaces de stockage non climatis\u00e9s (exemples : sanitaires, salle de bain, vestiaires, d\u00e9gagement, circulation \u2026)<\/li>\n<\/ul>\n<\/td>\n<td style=\"height: 187px\"><img decoding=\"async\" class=\"alignright wp-image-3430\" src=\"https:\/\/www.service-public.pf\/sde\/wp-content\/uploads\/sites\/15\/2023\/01\/SDE-REBPF-IlluTotales-Hotel-Pension-0-copie.png\" alt=\"\" width=\"300\" height=\"225\" \/><\/td>\n<\/tr>\n<\/tbody>\n<\/table>\n<p style=\"color: #000000\"><strong><span style=\"text-decoration: underline\">Seuils \u00e0 respecter<\/span> :<\/strong><\/p>\n<table class=\"table table-bordered\">\n<tbody>\n<tr>\n<td style=\"width: 25%\"><strong>Mesure<\/strong><\/td>\n<td style=\"width: 7.0755%\"><strong>Seuil<\/strong><\/td>\n<td style=\"width: 55.6175%\"><strong>Exemples de solutions<\/strong><\/td>\n<\/tr>\n<tr>\n<td style=\"width: 25%\">Facteur solaire maximal de la toiture<\/td>\n<td style=\"width: 7.0755%\">2,5%<\/td>\n<td style=\"width: 55.6175%\">\n<ul>\n<li>Toiture (avec combles) en t\u00f4le de teinte claire avec 3 cm de laine min\u00e9rale minimum<\/li>\n<li>Toiture (avec combles) en t\u00f4le de teinte moyenne avec 5 cm de laine min\u00e9rale minimum<\/li>\n<li>Toiture (avec combles) en t\u00f4le de teinte sombre avec 7,5 cm de laine min\u00e9rale minimum<\/li>\n<li>Toiture terrasse en b\u00e9ton de teinte moyenne avec 6 cm de polystyr\u00e8ne expans\u00e9 minimum<\/li>\n<li>Toiture terrasse en b\u00e9ton avec sur-toiture largement ventil\u00e9e<\/li>\n<li>Toiture en bardeau de bois apparents correspondant \u00e0 une toiture \u00ab\u00a0ventil\u00e9e\u00a0\u00bb<\/li>\n<li>Toiture en pandanus dont l\u2019\u00e9paisseur totale est sup\u00e9rieure ou \u00e9gale \u00e0 10 cm<\/li>\n<\/ul>\n<\/td>\n<\/tr>\n<\/tbody>\n<\/table>\n<p><span style=\"color: #000000\"><strong>Pour plus d\u2019informations sur l\u2019application de la th\u00e9matique, consultez la fiche en question\u00a0:<\/strong><\/span><\/p>\n<ul>\n<li><a href=\"https:\/\/www.service-public.pf\/sde\/wp-content\/uploads\/sites\/15\/2023\/09\/Fiche-02-Protection-solaire-des-parois-opaques-horizontales-Toitures.pdf\">Fiche d\u2019application \u00ab\u00a0Protection solaire de la toiture\u00a0\u00bb<\/a><\/li>\n<\/ul>\n<\/div><\/div><\/div><div class=\"fusion-panel panel-default panel-a25063c131e574baf fusion-toggle-has-divider\" style=\"--awb-title-color:#333333;--awb-content-color:#747474;\"><div class=\"panel-heading\"><h4 class=\"panel-title toggle\" id=\"toggle_a25063c131e574baf\"><a aria-expanded=\"false\" aria-controls=\"a25063c131e574baf\" role=\"button\" data-toggle=\"collapse\" data-parent=\"#accordion-3355-19\" data-target=\"#a25063c131e574baf\" href=\"#a25063c131e574baf\"><span class=\"fusion-toggle-icon-wrapper\" aria-hidden=\"true\"><i class=\"fa-fusion-box active-icon awb-icon-minus\" aria-hidden=\"true\"><\/i><i class=\"fa-fusion-box inactive-icon awb-icon-plus\" aria-hidden=\"true\"><\/i><\/span><span class=\"fusion-toggle-heading\">Eau chaude solaire<\/span><\/a><\/h4><\/div><div id=\"a25063c131e574baf\" class=\"panel-collapse collapse \" aria-labelledby=\"toggle_a25063c131e574baf\"><div class=\"panel-body toggle-content fusion-clearfix\">\n<table>\n<tbody>\n<tr>\n<td style=\"width: 76.0563%\">\n<p style=\"color: #000000\"><strong><span style=\"text-decoration: underline\">Locaux concern\u00e9s<\/span> :<\/strong><\/p>\n<p>L\u2019exigence porte sur l\u2019ensemble des besoins en eau chaude du projet. Le choix du syst\u00e8me n\u2019est pas impos\u00e9.<\/p>\n<p>Les locaux d\u2019h\u00e9bergement sont syst\u00e9matiquement raccord\u00e9s \u00e0 un syst\u00e8me de production d\u2019eau chaude solaire individuel ou collectif.<\/td>\n<td style=\"width: 23.2395%\"><img decoding=\"async\" class=\"alignright wp-image-3430\" src=\"https:\/\/www.service-public.pf\/sde\/wp-content\/uploads\/sites\/15\/2023\/01\/SDE-REBPF-IlluTotales-Hotel-Pension-ChauffeEau.png\" alt=\"\" width=\"300\" height=\"225\" \/><\/td>\n<\/tr>\n<\/tbody>\n<\/table>\n<p style=\"color: #000000\"><strong><span style=\"text-decoration: underline\">Seuils, r\u00e8gles de conception et caract\u00e9ristiques techniques \u00e0 respecter :<\/span><\/strong><\/p>\n<p style=\"color: #747474\">Les seuils et r\u00e8gles varient en fonction du type de syst\u00e8me retenu.<\/p>\n<table class=\"table table-bordered\" style=\"width: 100%\">\n<tbody>\n<tr>\n<td style=\"width: 12.0087%;text-align: center\"><strong><b>Syst\u00e8me<\/b><\/strong><\/td>\n<td style=\"width: 39.0086%;text-align: center\"><strong>Seuil<\/strong><\/td>\n<td style=\"width: 11.8946%;text-align: center\"><strong>R\u00e8gle de conception<br \/>\n<\/strong><\/td>\n<td style=\"width: 226.407%;text-align: center\"><strong>Exemples de solutions<\/strong><\/td>\n<\/tr>\n<tr>\n<td style=\"width: 12.0087%\">Chauffe-eau solaire individuel (CESI)<\/td>\n<td style=\"width: 39.0086%\" width=\"257\">Le seuil porte sur le volume minimum du ballon d\u2019eau chaude :<\/p>\n<ul>\n<li>T1 ou chambre d\u2019h\u00f4tel individuelle : chauffe-eau individuel solaire avec un r\u00e9servoir minimum de 100 litres<\/li>\n<li>T2-T3 : chauffe-eau individuel solaire avec un r\u00e9servoir minimum de 200 litres<\/li>\n<li>T4-T5 : chauffe-eau individuel solaire avec un r\u00e9servoir minimum de 300 litres<\/li>\n<li>T6 et + : chauffe-eau individuel solaire avec un r\u00e9servoir minimum de 400 litres<\/li>\n<\/ul>\n<\/td>\n<td style=\"width: 11.8946%;text-align: center\">-<\/td>\n<td style=\"width: 226.407%\">Cas d\u2019une pension de famille comprenant 4 bungalows de type studio et 4 bungalows familiaux avec 2 chambres<\/p>\n<ul>\n<li>Pour les bungalows (studio) : un CESI par bungalow avec un ballon de stockage de 100L ou plus (150L, \u2026)<\/li>\n<li>Pour les bungalows familiaux : un CESI par bungalow avec un ballon de stockage de 200L ou plus (250L, 300L, \u2026)<\/li>\n<\/ul>\n<p>Pour la cuisine, elle est \u00e9quip\u00e9e d\u2019un CESI si l\u2019estimation du besoin en eau chaude quotidien est sup\u00e9rieure \u00e0 100 L<\/td>\n<\/tr>\n<tr>\n<td style=\"width: 12.0087%\">Chauffe-eau solaire collectif (CESC)<\/td>\n<td style=\"width: 39.0086%\">Pour une temp\u00e9rature d\u2019eau chaude de 60 degr\u00e9s Celsius\u00a0:<\/p>\n<ul>\n<li>Taux de couverture de 60 % minimum des besoins \u00e9nerg\u00e9tiques en eau chaude du b\u00e2timent<\/li>\n<li>Productivit\u00e9 solaire minimale de 450 kWh\/m\u00b2capteur\/an pour une temp\u00e9rature<\/li>\n<\/ul>\n<\/td>\n<td style=\"width: 11.8946%\">\n<p style=\"text-align: center\">Conf\u00e8re fiche d\u2019application<\/p>\n<\/td>\n<td style=\"width: 226.407%\" width=\"406\">Dans le cas d\u2019un complexe h\u00f4telier, celui-ci sera vraisemblablement occup\u00e9 d\u2019un CESC alimentant tous les locaux n\u00e9cessitant de l\u2019eau chaude. Les h\u00e9bergements individuels (bungalow, \u2026), de m\u00eame que certains points d\u2019activit\u00e9 \u00e9loign\u00e9s (restaurant, \u2026) seront eux probablement \u00e9quip\u00e9s de CESI<\/td>\n<\/tr>\n<\/tbody>\n<\/table>\n<p><span style=\"color: #000000\"><strong><span style=\"text-decoration: underline\">Cas d\u00e9rogatoires :<\/span><\/strong><\/span><\/p>\n<ol>\n<li>Concernant l\u2019installation de chauffe-eaux solaires<\/li>\n<\/ol>\n<p style=\"color: #747474\">Les locaux d\u2019h\u00e9bergement livr\u00e9s sans syst\u00e8me de production d\u2019eau chaude ne sont pas soumis \u00e0 l\u2019obligation de recours aux chauffe-eaux solaires.<\/p>\n<p>A l\u2019exception des locaux d\u2019h\u00e9bergement munis d\u2019un syst\u00e8me de production d\u2019eau chaude, un ou plusieurs locaux peuvent ne pas \u00eatre aliment\u00e9s par de l\u2019eau chaude sanitaire produite par \u00e9nergie solaire s\u2019ils satisfont aux deux conditions suivantes\u00a0:<\/p>\n<ul>\n<li>Les besoins journaliers en eau chaude \u00e0 60 degr\u00e9s du point ou de l'ensemble de points de soutirage du local sont inf\u00e9rieurs \u00e0 100 litres ;<\/li>\n<li>Le point ou les points de soutirage dans leur ensemble sont \u00e9loign\u00e9s de plus de 15 m\u00e8tres du point aliment\u00e9 en eau chaude le plus proche.<\/li>\n<\/ul>\n<ol start=\"2\">\n<li>Concernant les performances de l\u2019installation<\/li>\n<\/ol>\n<p style=\"color: #747474\">Si le b\u00e2timent pr\u00e9sente une surface de toiture insuffisante pour permettre l\u2019installation de chauffe-eaux solaires conforme aux objectifs de performance\u00a0ou si les masques solaires proches sont trop importants pour cela, il est possible de d\u00e9roger aux seuils indiqu\u00e9s ci-dessus en dimensionnant toutefois l\u2019installation pour qu\u2019elle pr\u00e9sente un taux de couverture maximum et une productivit\u00e9 maximum au regard du contexte de mise en \u0153uvre.<\/p>\n<p>Si le projet s\u2019inscrit dans ce cas d\u00e9rogatoire, le recours \u00e0 cette d\u00e9rogation devra \u00eatre justifi\u00e9 et argument\u00e9 techniquement, tout comme le dimensionnement final de l\u2019installation.<\/p>\n<p style=\"color: #000000\"><strong>Pour plus d\u2019informations sur l\u2019application de la th\u00e9matique, consultez la fiche en question\u00a0:<\/strong><\/p>\n<ul>\n<li><a href=\"https:\/\/www.service-public.pf\/sde\/wp-content\/uploads\/sites\/15\/2023\/06\/Fiche-08-Eau-chaude-solaire.pdf\">Fiche d\u2019application \u00ab\u00a0Eau chaude solaire\u00a0\u00bb<\/a><\/li>\n<\/ul>\n<\/div><\/div><\/div><\/div><\/div><div class=\"fusion-text fusion-text-77\" style=\"--awb-margin-top:10px;\"><p><span style=\"color: #000000\"><strong>Informations relatives aux demandes de permis de construire et au certificat de conformit\u00e9<\/strong><\/span><\/p>\n<p>Le p\u00e9titionnaire remplit les nouveaux formulaires de demande de permis de construire et de certificat de conformit\u00e9 de la DCA qui int\u00e8grent la d\u00e9claration du respect de la r\u00e9glementation.<\/p>\n<p><strong>Si les surfaces de plancher construites cumul\u00e9es* sont sup\u00e9rieures \u00e0 250 m\u00b2 de plancher, les demandes de permis de construire et de certificat de conformit\u00e9 doivent \u00eatre accompagn\u00e9es de l\u2019avis d\u2019un organisme agr\u00e9\u00e9<\/strong><\/p>\n<ul>\n<li><a href=\"https:\/\/www.service-public.pf\/sde\/organismes-agrees\/\">Parcourir la page d\u00e9di\u00e9e aux organismes agr\u00e9\u00e9s<\/a><\/li>\n<\/ul>\n<p><em><span style=\"font-size: 10pt\">* Les surfaces de plancher \u00e0 consid\u00e9rer sont celles de n\u2019importe quel b\u00e2timent neuf rattach\u00e9 au projet de construction, d\u00e8s lors que la typologie associ\u00e9e est bureaux, enseignement, \u00e9tablissement de soin, h\u00f4tellerie ou logement collectif.<\/span><\/em><\/p>\n<p style=\"color: #000000\"><strong>Informations sur les dispositions applicables \u00e0 la typologie <\/strong>(ne consulter que les rubriques des th\u00e9matiques concernant le projet de construction)<strong> :<\/strong><\/p>\n<ul>\n<li><a href=\"https:\/\/www.service-public.pf\/sde\/wp-content\/uploads\/sites\/15\/2023\/04\/REPBF_Depliants_Hotellerie_Pages-V2.pdf\">D\u00e9pliant \u00ab\u00a0H\u00f4tellerie\u00a0\u00bb<\/a><\/li>\n<\/ul>\n<\/div><\/div><\/div><\/div><\/div><\/div><div class=\"fusion-layout-column fusion_builder_column fusion-builder-column-30 fusion_builder_column_4_5 4_5 fusion-flex-column vct_islv_sup500_content\" style=\"--awb-bg-size:cover;--awb-width-large:80%;--awb-flex-grow:0;--awb-flex-shrink:0;--awb-margin-top-large:0px;--awb-spacing-right-large:2.4%;--awb-margin-bottom-large:20px;--awb-spacing-left-large:2.4%;--awb-width-medium:100%;--awb-order-medium:0;--awb-flex-grow-medium:0;--awb-flex-shrink-medium:0;--awb-spacing-right-medium:1.92%;--awb-spacing-left-medium:1.92%;--awb-width-small:100%;--awb-order-small:0;--awb-flex-grow-small:0;--awb-flex-shrink-small:0;--awb-spacing-right-small:1.92%;--awb-spacing-left-small:1.92%;\" id=\"vct_islv_sup500_logementcollectif_content\"><div class=\"fusion-column-wrapper fusion-column-has-shadow fusion-flex-justify-content-flex-start fusion-content-layout-column\"><div class=\"fusion-title title fusion-title-23 fusion-sep-none fusion-title-center fusion-title-text fusion-title-size-two hidden\" style=\"--awb-margin-top-small:0px;--awb-margin-right-small:0px;--awb-margin-bottom-small:20px;--awb-margin-left-small:0px;\"><h2 class=\"fusion-title-heading title-heading-center\" style=\"margin:0;\">Protection solaire de la toiture + D\u00e9pliant logement collectif + Fiche d'information logement collectif + Formulaire 2-ISLV<\/h2><\/div><div class=\"fusion-text fusion-text-78 vct_description_typologie\"><p>Un logement collectif correspond \u00e0 un b\u00e2timent \u00e0 usage d\u2019habitation comprenant au moins trois<br \/>\nlogements superpos\u00e9s ou accol\u00e9s.<\/p>\n<p>On assimile \u00e9galement au logement collectif les locaux \u00e0 sommeil et les internats (locaux \u00e0 sommeil<br \/>\net espaces de vie) des \u00e9tablissements d\u2019enseignement.<\/p>\n<\/div><div class=\"fusion-builder-row fusion-builder-row-inner fusion-row fusion-flex-align-items-flex-start fusion-flex-justify-content-center fusion-flex-content-wrap\" style=\"--awb-flex-grow:0;--awb-flex-grow-medium:0;--awb-flex-grow-small:0;--awb-flex-shrink:0;--awb-flex-shrink-medium:0;--awb-flex-shrink-small:0;width:104% !important;max-width:104% !important;margin-left: calc(-4% \/ 2 );margin-right: calc(-4% \/ 2 );\"><div class=\"fusion-layout-column fusion_builder_column_inner fusion-builder-nested-column-103 fusion_builder_column_inner_1_1 1_1 fusion-flex-column\" style=\"--awb-bg-size:cover;--awb-width-large:100%;--awb-margin-top-large:0px;--awb-spacing-right-large:1.92%;--awb-margin-bottom-large:20px;--awb-spacing-left-large:1.92%;--awb-width-medium:100%;--awb-order-medium:0;--awb-spacing-right-medium:1.92%;--awb-spacing-left-medium:1.92%;--awb-width-small:100%;--awb-order-small:0;--awb-spacing-right-small:1.92%;--awb-spacing-left-small:1.92%;\"><div class=\"fusion-column-wrapper fusion-column-has-shadow fusion-flex-justify-content-flex-start fusion-content-layout-column\"><div class=\"fusion-separator fusion-full-width-sep\" style=\"align-self: center;margin-left: auto;margin-right: auto;width:100%;\"><div class=\"fusion-separator-border sep-shadow\" style=\"--awb-height:20px;--awb-amount:20px;background:radial-gradient(ellipse at 50% -50% , #e0dede 0px, rgba(255, 255, 255, 0) 80%) repeat scroll 0 0 rgba(0, 0, 0, 0);background:-webkit-radial-gradient(ellipse at 50% -50% , #e0dede 0px, rgba(255, 255, 255, 0) 80%) repeat scroll 0 0 rgba(0, 0, 0, 0);background:-moz-radial-gradient(ellipse at 50% -50% , #e0dede 0px, rgba(255, 255, 255, 0) 80%) repeat scroll 0 0 rgba(0, 0, 0, 0);background:-o-radial-gradient(ellipse at 50% -50% , #e0dede 0px, rgba(255, 255, 255, 0) 80%) repeat scroll 0 0 rgba(0, 0, 0, 0);\"><\/div><\/div><\/div><\/div><div class=\"fusion-layout-column fusion_builder_column_inner fusion-builder-nested-column-104 fusion_builder_column_inner_1_3 1_3 fusion-flex-column\" style=\"--awb-bg-size:cover;--awb-width-large:33.333333333333%;--awb-margin-top-large:0px;--awb-spacing-right-large:2vw;--awb-margin-bottom-large:20px;--awb-spacing-left-large:5.76%;--awb-width-medium:100%;--awb-order-medium:0;--awb-spacing-right-medium:1.92%;--awb-spacing-left-medium:1.92%;--awb-width-small:100%;--awb-order-small:0;--awb-spacing-right-small:1.92%;--awb-spacing-left-small:1.92%;\"><div class=\"fusion-column-wrapper fusion-column-has-shadow fusion-flex-justify-content-flex-start fusion-content-layout-column\"><div class=\"fusion-image-element \" style=\"text-align:right;--awb-max-width:450px;--awb-caption-title-font-family:var(--h2_typography-font-family);--awb-caption-title-font-weight:var(--h2_typography-font-weight);--awb-caption-title-font-style:var(--h2_typography-font-style);--awb-caption-title-size:var(--h2_typography-font-size);--awb-caption-title-transform:var(--h2_typography-text-transform);--awb-caption-title-line-height:var(--h2_typography-line-height);--awb-caption-title-letter-spacing:var(--h2_typography-letter-spacing);\"><span class=\" fusion-imageframe imageframe-none imageframe-20 hover-type-none\"><img decoding=\"async\" width=\"300\" height=\"225\" title=\"SDE REBPF IlluTotales Logement Collectif\" src=\"https:\/\/www.service-public.pf\/sde\/wp-content\/uploads\/sites\/15\/2023\/01\/SDE-REBPF-IlluTotales-Logement-Collectif-1-300x225.png\" alt class=\"img-responsive wp-image-3533\" srcset=\"https:\/\/www.service-public.pf\/sde\/wp-content\/uploads\/sites\/15\/2023\/01\/SDE-REBPF-IlluTotales-Logement-Collectif-1-200x150.png 200w, https:\/\/www.service-public.pf\/sde\/wp-content\/uploads\/sites\/15\/2023\/01\/SDE-REBPF-IlluTotales-Logement-Collectif-1-400x300.png 400w, https:\/\/www.service-public.pf\/sde\/wp-content\/uploads\/sites\/15\/2023\/01\/SDE-REBPF-IlluTotales-Logement-Collectif-1-600x450.png 600w, https:\/\/www.service-public.pf\/sde\/wp-content\/uploads\/sites\/15\/2023\/01\/SDE-REBPF-IlluTotales-Logement-Collectif-1-800x600.png 800w, https:\/\/www.service-public.pf\/sde\/wp-content\/uploads\/sites\/15\/2023\/01\/SDE-REBPF-IlluTotales-Logement-Collectif-1-1200x900.png 1200w, https:\/\/www.service-public.pf\/sde\/wp-content\/uploads\/sites\/15\/2023\/01\/SDE-REBPF-IlluTotales-Logement-Collectif-1.png 1453w\" sizes=\"(max-width: 1024px) 100vw, (max-width: 640px) 100vw, 800px\" \/><\/span><\/div><\/div><\/div><div class=\"fusion-layout-column fusion_builder_column_inner fusion-builder-nested-column-105 fusion_builder_column_inner_2_3 2_3 fusion-flex-column\" style=\"--awb-bg-size:cover;--awb-width-large:66.666666666667%;--awb-margin-top-large:0px;--awb-spacing-right-large:2.88%;--awb-margin-bottom-large:20px;--awb-spacing-left-large:2.88%;--awb-width-medium:100%;--awb-order-medium:0;--awb-spacing-right-medium:1.92%;--awb-spacing-left-medium:1.92%;--awb-width-small:100%;--awb-order-small:0;--awb-spacing-right-small:1.92%;--awb-spacing-left-small:1.92%;\"><div class=\"fusion-column-wrapper fusion-column-has-shadow fusion-flex-justify-content-center fusion-content-layout-column\"><div class=\"fusion-text fusion-text-79\" style=\"--awb-content-alignment:center;--awb-font-size:24pt;\"><p>Localisation\u00a0du projet : <strong>Iles Sous-Le-Vent, \u00e0 une altitude sup\u00e9rieure ou \u00e9gale \u00e0 500 m\u00e8tres<\/strong><\/p>\n<p>Typologie de la construction\u00a0: <strong>Logement collectif<\/strong><\/p>\n<\/div><\/div><\/div><div class=\"fusion-layout-column fusion_builder_column_inner fusion-builder-nested-column-106 fusion_builder_column_inner_1_1 1_1 fusion-flex-column\" style=\"--awb-bg-size:cover;--awb-width-large:100%;--awb-margin-top-large:0px;--awb-spacing-right-large:1.92%;--awb-margin-bottom-large:20px;--awb-spacing-left-large:1.92%;--awb-width-medium:100%;--awb-order-medium:0;--awb-spacing-right-medium:1.92%;--awb-spacing-left-medium:1.92%;--awb-width-small:100%;--awb-order-small:0;--awb-spacing-right-small:1.92%;--awb-spacing-left-small:1.92%;\"><div class=\"fusion-column-wrapper fusion-column-has-shadow fusion-flex-justify-content-flex-start fusion-content-layout-column\"><div class=\"fusion-separator fusion-full-width-sep\" style=\"align-self: center;margin-left: auto;margin-right: auto;margin-bottom:20px;width:100%;\"><div class=\"fusion-separator-border sep-shadow\" style=\"--awb-height:20px;--awb-amount:20px;background:radial-gradient(ellipse at 50% -50% , #e0dede 0px, rgba(255, 255, 255, 0) 80%) repeat scroll 0 0 rgba(0, 0, 0, 0);background:-webkit-radial-gradient(ellipse at 50% -50% , #e0dede 0px, rgba(255, 255, 255, 0) 80%) repeat scroll 0 0 rgba(0, 0, 0, 0);background:-moz-radial-gradient(ellipse at 50% -50% , #e0dede 0px, rgba(255, 255, 255, 0) 80%) repeat scroll 0 0 rgba(0, 0, 0, 0);background:-o-radial-gradient(ellipse at 50% -50% , #e0dede 0px, rgba(255, 255, 255, 0) 80%) repeat scroll 0 0 rgba(0, 0, 0, 0);\"><\/div><\/div><\/div><\/div><div class=\"fusion-layout-column fusion_builder_column_inner fusion-builder-nested-column-107 fusion_builder_column_inner_1_1 1_1 fusion-flex-column\" style=\"--awb-bg-color:#ffffff;--awb-bg-color-hover:#ffffff;--awb-bg-size:cover;--awb-width-large:100%;--awb-margin-top-large:0px;--awb-spacing-right-large:1.92%;--awb-margin-bottom-large:20px;--awb-spacing-left-large:1.92%;--awb-width-medium:100%;--awb-order-medium:0;--awb-spacing-right-medium:1.92%;--awb-spacing-left-medium:1.92%;--awb-width-small:100%;--awb-order-small:0;--awb-spacing-right-small:1.92%;--awb-spacing-left-small:1.92%;\"><div class=\"fusion-column-wrapper fusion-column-has-shadow fusion-flex-justify-content-flex-start fusion-content-layout-column\"><div class=\"fusion-text fusion-text-80\" style=\"--awb-text-color:#000000;\"><p><strong>Th\u00e9matiques applicables :<\/strong><\/p>\n<\/div><div class=\"accordian fusion-accordian\" style=\"--awb-border-size:1px;--awb-icon-size:13px;--awb-content-font-size:13px;--awb-icon-alignment:left;--awb-hover-color:#f9f9f9;--awb-border-color:#cccccc;--awb-background-color:#ffffff;--awb-divider-color:#e0dede;--awb-divider-hover-color:#e0dede;--awb-icon-color:#ffffff;--awb-title-color:#333333;--awb-content-color:#747474;--awb-icon-box-color:#333333;--awb-toggle-hover-accent-color:#26a147;--awb-title-font-family:&quot;PT Sans&quot;;--awb-title-font-weight:400;--awb-title-font-style:normal;--awb-title-font-size:13px;--awb-content-font-family:&quot;PT Sans&quot;;--awb-content-font-style:normal;--awb-content-font-weight:400;\"><div class=\"panel-group fusion-toggle-icon-boxed\" id=\"accordion-3355-20\"><div class=\"fusion-panel panel-default panel-bbf03fee59562cec4 fusion-toggle-has-divider\" style=\"--awb-title-color:#333333;--awb-content-color:#747474;\"><div class=\"panel-heading\"><h4 class=\"panel-title toggle\" id=\"toggle_bbf03fee59562cec4\"><a aria-expanded=\"false\" aria-controls=\"bbf03fee59562cec4\" role=\"button\" data-toggle=\"collapse\" data-parent=\"#accordion-3355-20\" data-target=\"#bbf03fee59562cec4\" href=\"#bbf03fee59562cec4\"><span class=\"fusion-toggle-icon-wrapper\" aria-hidden=\"true\"><i class=\"fa-fusion-box active-icon awb-icon-minus\" aria-hidden=\"true\"><\/i><i class=\"fa-fusion-box inactive-icon awb-icon-plus\" aria-hidden=\"true\"><\/i><\/span><span class=\"fusion-toggle-heading\">Protection solaire de la toiture<\/span><\/a><\/h4><\/div><div id=\"bbf03fee59562cec4\" class=\"panel-collapse collapse \" aria-labelledby=\"toggle_bbf03fee59562cec4\"><div class=\"panel-body toggle-content fusion-clearfix\">\n<table style=\"width: 100%;height: 187px\">\n<tbody>\n<tr style=\"height: 187px\">\n<td style=\"height: 187px\"><span style=\"color: #000000\"><strong><span style=\"text-decoration: underline\">Locaux concern\u00e9s<\/span> :<\/strong><\/span><\/p>\n<ul>\n<li>Locaux clos et climatis\u00e9s ou occup\u00e9s (exemples\u00a0: chambre, s\u00e9jour, bureau, \u2026)<\/li>\n<li>Locaux clos non-occup\u00e9s donnant <u>directement<\/u> sur les locaux ci-dessus, hors locaux techniques, stationnements et espaces de stockage non climatis\u00e9s (exemples : sanitaires, salle de bain, buanderie, local poubelle, \u2026)<\/li>\n<\/ul>\n<\/td>\n<td style=\"height: 187px\"><img decoding=\"async\" class=\"alignright wp-image-3430\" src=\"https:\/\/www.service-public.pf\/sde\/wp-content\/uploads\/sites\/15\/2023\/01\/SDE-REBPF-IlluTotales-Logement-Collectif-ProToiture-1.png\" alt=\"\" width=\"300\" height=\"225\" \/><\/td>\n<\/tr>\n<\/tbody>\n<\/table>\n<p style=\"color: #000000\"><strong><span style=\"text-decoration: underline\">Seuils \u00e0 respecter : <\/span><\/strong><\/p>\n<table class=\"table table-bordered\" style=\"width: 100%\">\n<tbody>\n<tr>\n<td style=\"width: 24.0317%\"><strong>Mesure<\/strong><\/td>\n<td style=\"width: 4.78677%\"><strong>Seuil<\/strong><\/td>\n<td style=\"width: 58.7865%\"><strong>Exemples de solutions<\/strong><\/td>\n<\/tr>\n<tr>\n<td style=\"width: 24.0317%\">Facteur solaire maximal de la toiture<\/td>\n<td style=\"width: 4.78677%\">2,5%<\/td>\n<td style=\"width: 58.7865%\">\n<ul>\n<li>Toiture (avec combles) en t\u00f4le de teinte claire avec 3 cm de laine min\u00e9rale minimum<\/li>\n<li>Toiture (avec combles) en t\u00f4le de teinte moyenne avec 5 cm de laine min\u00e9rale minimum<\/li>\n<li>Toiture (avec combles) en t\u00f4le de teinte sombre avec 7,5 cm de laine min\u00e9rale minimum<\/li>\n<li>Toiture terrasse en b\u00e9ton de teinte moyenne avec 6 cm de polystyr\u00e8ne expans\u00e9 minimum<\/li>\n<li>Toiture terrasse en b\u00e9ton avec sur-toiture largement ventil\u00e9e<\/li>\n<\/ul>\n<\/td>\n<\/tr>\n<\/tbody>\n<\/table>\n<p><span style=\"color: #000000\"><strong>Pour plus d\u2019informations sur l\u2019application de la th\u00e9matique, consultez la fiche en question\u00a0:<\/strong><\/span><\/p>\n<ul>\n<li><a href=\"https:\/\/www.service-public.pf\/sde\/wp-content\/uploads\/sites\/15\/2023\/09\/Fiche-02-Protection-solaire-des-parois-opaques-horizontales-Toitures.pdf\">Fiche d\u2019application \u00ab\u00a0Protection solaire de la toiture\u00a0\u00bb<\/a><\/li>\n<\/ul>\n<\/div><\/div><\/div><\/div><\/div><div class=\"fusion-text fusion-text-81\" style=\"--awb-margin-top:10px;\"><p><span style=\"color: #000000\"><strong>Informations relatives aux demandes de permis de construire et au certificat de conformit\u00e9<\/strong><\/span><\/p>\n<p>Le p\u00e9titionnaire remplit les nouveaux formulaires de demande de permis de construire et de certificat de conformit\u00e9 de la DCA qui int\u00e8grent la d\u00e9claration du respect de la r\u00e9glementation.<\/p>\n<p><strong>Si les surfaces de plancher construites cumul\u00e9es* sont sup\u00e9rieures \u00e0 250 m\u00b2 de plancher, les demandes de permis de construire et de certificat de conformit\u00e9 doivent \u00eatre accompagn\u00e9es de l\u2019avis d\u2019un organisme agr\u00e9\u00e9<\/strong><\/p>\n<ul>\n<li><a href=\"https:\/\/www.service-public.pf\/sde\/organismes-agrees\/\">Parcourir la page d\u00e9di\u00e9e aux organismes agr\u00e9\u00e9s<\/a><\/li>\n<\/ul>\n<p><em><span style=\"font-size: 10pt\">* Les surfaces de plancher \u00e0 consid\u00e9rer sont celles de n\u2019importe quel b\u00e2timent neuf rattach\u00e9 au projet de construction, d\u00e8s lors que la typologie associ\u00e9e est bureaux, enseignement, \u00e9tablissement de soin, h\u00f4tellerie ou logement collectif.<\/span><\/em><\/p>\n<p style=\"color: #000000\"><strong>Informations sur les dispositions applicables \u00e0 la typologie <\/strong>(ne consulter que les rubriques des th\u00e9matiques concernant le projet de construction)<strong>\u00a0:<\/strong><\/p>\n<ul>\n<li><a href=\"https:\/\/www.service-public.pf\/sde\/wp-content\/uploads\/sites\/15\/2023\/04\/REPBF_Depliants_LogementCollectif_Pages-V2.pdf\">D\u00e9pliant \u00ab\u00a0Logement collectif\u00a0\u00bb<\/a><\/li>\n<\/ul>\n<\/div><\/div><\/div><\/div><\/div><\/div><div class=\"fusion-layout-column fusion_builder_column fusion-builder-column-31 fusion_builder_column_4_5 4_5 fusion-flex-column vct_islv_sup500_content\" style=\"--awb-bg-size:cover;--awb-width-large:80%;--awb-flex-grow:0;--awb-flex-shrink:0;--awb-margin-top-large:0px;--awb-spacing-right-large:2.4%;--awb-margin-bottom-large:20px;--awb-spacing-left-large:2.4%;--awb-width-medium:100%;--awb-order-medium:0;--awb-flex-grow-medium:0;--awb-flex-shrink-medium:0;--awb-spacing-right-medium:1.92%;--awb-spacing-left-medium:1.92%;--awb-width-small:100%;--awb-order-small:0;--awb-flex-grow-small:0;--awb-flex-shrink-small:0;--awb-spacing-right-small:1.92%;--awb-spacing-left-small:1.92%;\" id=\"vct_islv_sup500_batimentdebureaux_content\"><div class=\"fusion-column-wrapper fusion-column-has-shadow fusion-flex-justify-content-flex-start fusion-content-layout-column\"><div class=\"fusion-title title fusion-title-24 fusion-sep-none fusion-title-center fusion-title-text fusion-title-size-two hidden\" style=\"--awb-margin-top-small:0px;--awb-margin-right-small:0px;--awb-margin-bottom-small:20px;--awb-margin-left-small:0px;\"><h2 class=\"fusion-title-heading title-heading-center\" style=\"margin:0;\">Protection solaire de la toiture + D\u00e9pliant bureaux + Fiche d'information bureaux + Formulaire 2-ISLV<\/h2><\/div><div class=\"fusion-text fusion-text-82 vct_description_typologie\"><p>Il s\u2019agit d\u2019un b\u00e2timent ou d\u2019une partie de b\u00e2timent \u00e0 usage de bureaux, banque, administration,<br \/>\nespace de coworking comprenant \u00e9galement leurs locaux accessoires (sanitaires, salles de r\u00e9union,<br \/>\ncaf\u00e9taria, \u2026).<\/p>\n<p><em>A noter que le ou les locaux de bureaux qui se rattachent \u00e0 une autre destination ne sont pas associ\u00e9s<\/em><br \/>\n<em>\u00e0 la typologie \u00ab bureaux \u00bb mais \u00e0 la typologie du b\u00e2timent ou de la partie de b\u00e2timent. Par exemple,<\/em><br \/>\n<em>le bureau d\u2019un garage automobile est associ\u00e9 au garage, qui ne correspond pas \u00e0 une typologie<\/em><br \/>\n<em>particuli\u00e8re et correspond donc \u00e0 la section \u00ab\u00a0autre b\u00e2timent\u00a0\u00bb. M\u00eame chose pour un bureau<\/em><br \/>\n<em>administratif d\u2019une salle de sport.<\/em><\/p>\n<\/div><div class=\"fusion-builder-row fusion-builder-row-inner fusion-row fusion-flex-align-items-flex-start fusion-flex-justify-content-center fusion-flex-content-wrap\" style=\"--awb-flex-grow:0;--awb-flex-grow-medium:0;--awb-flex-grow-small:0;--awb-flex-shrink:0;--awb-flex-shrink-medium:0;--awb-flex-shrink-small:0;width:104% !important;max-width:104% !important;margin-left: calc(-4% \/ 2 );margin-right: calc(-4% \/ 2 );\"><div class=\"fusion-layout-column fusion_builder_column_inner fusion-builder-nested-column-108 fusion_builder_column_inner_1_1 1_1 fusion-flex-column\" style=\"--awb-bg-size:cover;--awb-width-large:100%;--awb-margin-top-large:0px;--awb-spacing-right-large:1.92%;--awb-margin-bottom-large:20px;--awb-spacing-left-large:1.92%;--awb-width-medium:100%;--awb-order-medium:0;--awb-spacing-right-medium:1.92%;--awb-spacing-left-medium:1.92%;--awb-width-small:100%;--awb-order-small:0;--awb-spacing-right-small:1.92%;--awb-spacing-left-small:1.92%;\"><div class=\"fusion-column-wrapper fusion-column-has-shadow fusion-flex-justify-content-flex-start fusion-content-layout-column\"><div class=\"fusion-separator fusion-full-width-sep\" style=\"align-self: center;margin-left: auto;margin-right: auto;width:100%;\"><div class=\"fusion-separator-border sep-shadow\" style=\"--awb-height:20px;--awb-amount:20px;background:radial-gradient(ellipse at 50% -50% , #e0dede 0px, rgba(255, 255, 255, 0) 80%) repeat scroll 0 0 rgba(0, 0, 0, 0);background:-webkit-radial-gradient(ellipse at 50% -50% , #e0dede 0px, rgba(255, 255, 255, 0) 80%) repeat scroll 0 0 rgba(0, 0, 0, 0);background:-moz-radial-gradient(ellipse at 50% -50% , #e0dede 0px, rgba(255, 255, 255, 0) 80%) repeat scroll 0 0 rgba(0, 0, 0, 0);background:-o-radial-gradient(ellipse at 50% -50% , #e0dede 0px, rgba(255, 255, 255, 0) 80%) repeat scroll 0 0 rgba(0, 0, 0, 0);\"><\/div><\/div><\/div><\/div><div class=\"fusion-layout-column fusion_builder_column_inner fusion-builder-nested-column-109 fusion_builder_column_inner_1_3 1_3 fusion-flex-column\" style=\"--awb-bg-size:cover;--awb-width-large:33.333333333333%;--awb-margin-top-large:0px;--awb-spacing-right-large:2vw;--awb-margin-bottom-large:20px;--awb-spacing-left-large:5.76%;--awb-width-medium:100%;--awb-order-medium:0;--awb-spacing-right-medium:1.92%;--awb-spacing-left-medium:1.92%;--awb-width-small:100%;--awb-order-small:0;--awb-spacing-right-small:1.92%;--awb-spacing-left-small:1.92%;\"><div class=\"fusion-column-wrapper fusion-column-has-shadow fusion-flex-justify-content-flex-start fusion-content-layout-column\"><div class=\"fusion-image-element \" style=\"text-align:right;--awb-max-width:450px;--awb-caption-title-font-family:var(--h2_typography-font-family);--awb-caption-title-font-weight:var(--h2_typography-font-weight);--awb-caption-title-font-style:var(--h2_typography-font-style);--awb-caption-title-size:var(--h2_typography-font-size);--awb-caption-title-transform:var(--h2_typography-text-transform);--awb-caption-title-line-height:var(--h2_typography-line-height);--awb-caption-title-letter-spacing:var(--h2_typography-letter-spacing);\"><span class=\" fusion-imageframe imageframe-none imageframe-21 hover-type-none\"><img decoding=\"async\" width=\"300\" height=\"225\" title=\"SDE REBPF IlluTotales Bureau\" src=\"https:\/\/www.service-public.pf\/sde\/wp-content\/uploads\/sites\/15\/2023\/01\/SDE-REBPF-IlluTotales-Bureau-300x225.png\" alt class=\"img-responsive wp-image-3431\" srcset=\"https:\/\/www.service-public.pf\/sde\/wp-content\/uploads\/sites\/15\/2023\/01\/SDE-REBPF-IlluTotales-Bureau-200x150.png 200w, https:\/\/www.service-public.pf\/sde\/wp-content\/uploads\/sites\/15\/2023\/01\/SDE-REBPF-IlluTotales-Bureau-400x300.png 400w, https:\/\/www.service-public.pf\/sde\/wp-content\/uploads\/sites\/15\/2023\/01\/SDE-REBPF-IlluTotales-Bureau-600x450.png 600w, https:\/\/www.service-public.pf\/sde\/wp-content\/uploads\/sites\/15\/2023\/01\/SDE-REBPF-IlluTotales-Bureau-800x600.png 800w, https:\/\/www.service-public.pf\/sde\/wp-content\/uploads\/sites\/15\/2023\/01\/SDE-REBPF-IlluTotales-Bureau-1200x900.png 1200w, https:\/\/www.service-public.pf\/sde\/wp-content\/uploads\/sites\/15\/2023\/01\/SDE-REBPF-IlluTotales-Bureau.png 1453w\" sizes=\"(max-width: 1024px) 100vw, (max-width: 640px) 100vw, 800px\" \/><\/span><\/div><\/div><\/div><div class=\"fusion-layout-column fusion_builder_column_inner fusion-builder-nested-column-110 fusion_builder_column_inner_2_3 2_3 fusion-flex-column\" style=\"--awb-bg-size:cover;--awb-width-large:66.666666666667%;--awb-margin-top-large:0px;--awb-spacing-right-large:2.88%;--awb-margin-bottom-large:20px;--awb-spacing-left-large:2.88%;--awb-width-medium:100%;--awb-order-medium:0;--awb-spacing-right-medium:1.92%;--awb-spacing-left-medium:1.92%;--awb-width-small:100%;--awb-order-small:0;--awb-spacing-right-small:1.92%;--awb-spacing-left-small:1.92%;\"><div class=\"fusion-column-wrapper fusion-column-has-shadow fusion-flex-justify-content-center fusion-content-layout-column\"><div class=\"fusion-text fusion-text-83\" style=\"--awb-content-alignment:center;--awb-font-size:24pt;\"><p>Localisation\u00a0du projet : <strong>Iles Sous-Le-Vent, \u00e0 une altitude sup\u00e9rieure ou \u00e9gale \u00e0 500 m\u00e8tres<\/strong><\/p>\n<p>Typologie de la construction\u00a0: <strong>Bureaux<\/strong><\/p>\n<\/div><\/div><\/div><div class=\"fusion-layout-column fusion_builder_column_inner fusion-builder-nested-column-111 fusion_builder_column_inner_1_1 1_1 fusion-flex-column\" style=\"--awb-bg-size:cover;--awb-width-large:100%;--awb-margin-top-large:0px;--awb-spacing-right-large:1.92%;--awb-margin-bottom-large:20px;--awb-spacing-left-large:1.92%;--awb-width-medium:100%;--awb-order-medium:0;--awb-spacing-right-medium:1.92%;--awb-spacing-left-medium:1.92%;--awb-width-small:100%;--awb-order-small:0;--awb-spacing-right-small:1.92%;--awb-spacing-left-small:1.92%;\"><div class=\"fusion-column-wrapper fusion-column-has-shadow fusion-flex-justify-content-flex-start fusion-content-layout-column\"><div class=\"fusion-separator fusion-full-width-sep\" style=\"align-self: center;margin-left: auto;margin-right: auto;margin-bottom:20px;width:100%;\"><div class=\"fusion-separator-border sep-shadow\" style=\"--awb-height:20px;--awb-amount:20px;background:radial-gradient(ellipse at 50% -50% , #e0dede 0px, rgba(255, 255, 255, 0) 80%) repeat scroll 0 0 rgba(0, 0, 0, 0);background:-webkit-radial-gradient(ellipse at 50% -50% , #e0dede 0px, rgba(255, 255, 255, 0) 80%) repeat scroll 0 0 rgba(0, 0, 0, 0);background:-moz-radial-gradient(ellipse at 50% -50% , #e0dede 0px, rgba(255, 255, 255, 0) 80%) repeat scroll 0 0 rgba(0, 0, 0, 0);background:-o-radial-gradient(ellipse at 50% -50% , #e0dede 0px, rgba(255, 255, 255, 0) 80%) repeat scroll 0 0 rgba(0, 0, 0, 0);\"><\/div><\/div><\/div><\/div><div class=\"fusion-layout-column fusion_builder_column_inner fusion-builder-nested-column-112 fusion_builder_column_inner_1_1 1_1 fusion-flex-column\" style=\"--awb-bg-color:#ffffff;--awb-bg-color-hover:#ffffff;--awb-bg-size:cover;--awb-width-large:100%;--awb-margin-top-large:0px;--awb-spacing-right-large:1.92%;--awb-margin-bottom-large:20px;--awb-spacing-left-large:1.92%;--awb-width-medium:100%;--awb-order-medium:0;--awb-spacing-right-medium:1.92%;--awb-spacing-left-medium:1.92%;--awb-width-small:100%;--awb-order-small:0;--awb-spacing-right-small:1.92%;--awb-spacing-left-small:1.92%;\"><div class=\"fusion-column-wrapper fusion-column-has-shadow fusion-flex-justify-content-flex-start fusion-content-layout-column\"><div class=\"fusion-text fusion-text-84\" style=\"--awb-text-color:#000000;\"><p><strong>Th\u00e9matiques applicables :<\/strong><\/p>\n<\/div><div class=\"accordian fusion-accordian\" style=\"--awb-border-size:1px;--awb-icon-size:13px;--awb-content-font-size:13px;--awb-icon-alignment:left;--awb-hover-color:#f9f9f9;--awb-border-color:#cccccc;--awb-background-color:#ffffff;--awb-divider-color:#e0dede;--awb-divider-hover-color:#e0dede;--awb-icon-color:#ffffff;--awb-title-color:#333333;--awb-content-color:#747474;--awb-icon-box-color:#333333;--awb-toggle-hover-accent-color:#26a147;--awb-title-font-family:&quot;PT Sans&quot;;--awb-title-font-weight:400;--awb-title-font-style:normal;--awb-title-font-size:13px;--awb-content-font-family:&quot;PT Sans&quot;;--awb-content-font-style:normal;--awb-content-font-weight:400;\"><div class=\"panel-group fusion-toggle-icon-boxed\" id=\"accordion-3355-21\"><div class=\"fusion-panel panel-default panel-0ba48d0624aef7987 fusion-toggle-has-divider\" style=\"--awb-title-color:#333333;--awb-content-color:#747474;\"><div class=\"panel-heading\"><h4 class=\"panel-title toggle\" id=\"toggle_0ba48d0624aef7987\"><a aria-expanded=\"false\" aria-controls=\"0ba48d0624aef7987\" role=\"button\" data-toggle=\"collapse\" data-parent=\"#accordion-3355-21\" data-target=\"#0ba48d0624aef7987\" href=\"#0ba48d0624aef7987\"><span class=\"fusion-toggle-icon-wrapper\" aria-hidden=\"true\"><i class=\"fa-fusion-box active-icon awb-icon-minus\" aria-hidden=\"true\"><\/i><i class=\"fa-fusion-box inactive-icon awb-icon-plus\" aria-hidden=\"true\"><\/i><\/span><span class=\"fusion-toggle-heading\">Protection solaire de la toiture<\/span><\/a><\/h4><\/div><div id=\"0ba48d0624aef7987\" class=\"panel-collapse collapse \" aria-labelledby=\"toggle_0ba48d0624aef7987\"><div class=\"panel-body toggle-content fusion-clearfix\">\n<table style=\"width: 100%;height: 187px\">\n<tbody>\n<tr style=\"height: 187px\">\n<td style=\"height: 187px\"><span style=\"color: #000000\"><strong><span style=\"text-decoration: underline\">Locaux concern\u00e9s<\/span> :<\/strong><\/span><\/p>\n<ul>\n<li>Locaux clos et climatis\u00e9s ou occup\u00e9s (exemples : bureau, salle de r\u00e9union, espace d\u2019accueil avec personnel permanent, locaux d\u2019activit\u00e9s diverses : caf\u00e9t\u00e9ria, r\u00e9fectoire, salle de sport, \u2026)<\/li>\n<li>Locaux clos non-occup\u00e9s donnant <u>directement<\/u> sur les locaux ci-dessus, hors locaux techniques, stationnements et espaces de stockage non climatis\u00e9s (exemples : sanitaires, circulation, hall, \u2026)<\/li>\n<\/ul>\n<\/td>\n<td style=\"height: 187px\"><img decoding=\"async\" class=\"alignright wp-image-3430\" src=\"https:\/\/www.service-public.pf\/sde\/wp-content\/uploads\/sites\/15\/2023\/01\/SDE-REBPF-IlluTotales-Bureau-ProToiture.png\" alt=\"\" width=\"300\" height=\"225\" \/><\/td>\n<\/tr>\n<\/tbody>\n<\/table>\n<p style=\"color: #000000\"><strong><span style=\"text-decoration: underline\">Seuils \u00e0 respecter : <\/span><\/strong><\/p>\n<table class=\"table table-bordered\" style=\"width: 100%\">\n<tbody>\n<tr>\n<td style=\"width: 24.0317%\"><strong>Mesure<\/strong><\/td>\n<td style=\"width: 4.78677%\"><strong>Seuil<\/strong><\/td>\n<td style=\"width: 58.7865%\"><strong>Exemples de solutions<\/strong><\/td>\n<\/tr>\n<tr>\n<td style=\"width: 24.0317%\">Facteur solaire maximal de la toiture<\/td>\n<td style=\"width: 4.78677%\">2,5%<\/td>\n<td style=\"width: 58.7865%\">\n<ul>\n<li>Toiture (avec combles) en t\u00f4le de teinte claire avec 3 cm de laine min\u00e9rale minimum<\/li>\n<li>Toiture (avec combles) en t\u00f4le de teinte moyenne avec 5 cm de laine min\u00e9rale minimum<\/li>\n<li>Toiture (avec combles) en t\u00f4le de teinte sombre avec 7,5 cm de laine min\u00e9rale minimum<\/li>\n<li>Toiture terrasse en b\u00e9ton de teinte moyenne avec 6 cm de polystyr\u00e8ne expans\u00e9 minimum<\/li>\n<li>Toiture terrasse en b\u00e9ton avec sur-toiture largement ventil\u00e9e<\/li>\n<\/ul>\n<\/td>\n<\/tr>\n<\/tbody>\n<\/table>\n<p><span style=\"color: #000000\"><strong>Pour plus d\u2019informations sur l\u2019application de la th\u00e9matique, consultez la fiche en question\u00a0:<\/strong><\/span><\/p>\n<ul>\n<li><a href=\"https:\/\/www.service-public.pf\/sde\/wp-content\/uploads\/sites\/15\/2023\/09\/Fiche-02-Protection-solaire-des-parois-opaques-horizontales-Toitures.pdf\">Fiche d\u2019application \u00ab\u00a0Protection solaire de la toiture\u00a0\u00bb<\/a><\/li>\n<\/ul>\n<\/div><\/div><\/div><\/div><\/div><div class=\"fusion-text fusion-text-85\" style=\"--awb-margin-top:10px;\"><p><span style=\"color: #000000\"><strong>Informations relatives aux demandes de permis de construire et au certificat de conformit\u00e9<\/strong><\/span><\/p>\n<p>Le p\u00e9titionnaire remplit les nouveaux formulaires de demande de permis de construire et de certificat de conformit\u00e9 de la DCA qui int\u00e8grent la d\u00e9claration du respect de la r\u00e9glementation.<\/p>\n<p><strong>Si les surfaces de plancher construites cumul\u00e9es* sont sup\u00e9rieures \u00e0 250 m\u00b2 de plancher, les demandes de permis de construire et de certificat de conformit\u00e9 doivent \u00eatre accompagn\u00e9es de l\u2019avis d\u2019un organisme agr\u00e9\u00e9<\/strong><\/p>\n<ul>\n<li><a href=\"https:\/\/www.service-public.pf\/sde\/organismes-agrees\/\">Parcourir la page d\u00e9di\u00e9e aux organismes agr\u00e9\u00e9s<\/a><\/li>\n<\/ul>\n<p><em><span style=\"font-size: 10pt\">* Les surfaces de plancher \u00e0 consid\u00e9rer sont celles de n\u2019importe quel b\u00e2timent neuf rattach\u00e9 au projet de construction, d\u00e8s lors que la typologie associ\u00e9e est bureaux, enseignement, \u00e9tablissement de soin, h\u00f4tellerie ou logement collectif.<\/span><\/em><\/p>\n<p style=\"color: #000000\"><strong>Informations sur les dispositions applicables \u00e0 la typologie <\/strong>(ne consulter que les rubriques des th\u00e9matiques concernant le projet de construction)<strong>\u00a0:<\/strong><\/p>\n<ul>\n<li><a href=\"https:\/\/www.service-public.pf\/sde\/wp-content\/uploads\/sites\/15\/2023\/04\/REPBF_Depliants_Bureaux_Pages-V2.pdf\">D\u00e9pliant \u00ab\u00a0Bureaux\u00a0\u00bb<\/a><\/li>\n<\/ul>\n<\/div><\/div><\/div><\/div><\/div><\/div><div class=\"fusion-layout-column fusion_builder_column fusion-builder-column-32 fusion_builder_column_4_5 4_5 fusion-flex-column vct_islv_sup500_content\" style=\"--awb-bg-size:cover;--awb-width-large:80%;--awb-flex-grow:0;--awb-flex-shrink:0;--awb-margin-top-large:0px;--awb-spacing-right-large:2.4%;--awb-margin-bottom-large:20px;--awb-spacing-left-large:2.4%;--awb-width-medium:100%;--awb-order-medium:0;--awb-flex-grow-medium:0;--awb-flex-shrink-medium:0;--awb-spacing-right-medium:1.92%;--awb-spacing-left-medium:1.92%;--awb-width-small:100%;--awb-order-small:0;--awb-flex-grow-small:0;--awb-flex-shrink-small:0;--awb-spacing-right-small:1.92%;--awb-spacing-left-small:1.92%;\" id=\"vct_islv_sup500_etablissementdesoin_content\"><div class=\"fusion-column-wrapper fusion-column-has-shadow fusion-flex-justify-content-flex-start fusion-content-layout-column\"><div class=\"fusion-title title fusion-title-25 fusion-sep-none fusion-title-center fusion-title-text fusion-title-size-two hidden\" style=\"--awb-margin-top-small:0px;--awb-margin-right-small:0px;--awb-margin-bottom-small:20px;--awb-margin-left-small:0px;\"><h2 class=\"fusion-title-heading title-heading-center\" style=\"margin:0;\">Protection solaire de la toiture \/ Eau chaude solaire + D\u00e9pliant \u00e9tablissement de soin + Fiche d'information \u00e9tablissement de soin + Formulaire 2-ISLV<\/h2><\/div><div class=\"fusion-text fusion-text-86 vct_description_typologie\"><p>Il s\u2019agit d\u2019un b\u00e2timent ou d\u2019une partie de b\u00e2timent \u00e0 usage d\u2019h\u00f4pital, clinique et tout autre<br \/>\n\u00e9tablissement de service public ou d\u2019int\u00e9r\u00eat collectif de la sant\u00e9 et leurs locaux accessoires ; ainsi que<br \/>\nles structures d\u2019accueil pour personnes \u00e2g\u00e9es et personnes handicap\u00e9es et leurs locaux accessoires.<\/p>\n<\/div><div class=\"fusion-builder-row fusion-builder-row-inner fusion-row fusion-flex-align-items-flex-start fusion-flex-justify-content-center fusion-flex-content-wrap\" style=\"--awb-flex-grow:0;--awb-flex-grow-medium:0;--awb-flex-grow-small:0;--awb-flex-shrink:0;--awb-flex-shrink-medium:0;--awb-flex-shrink-small:0;width:104% !important;max-width:104% !important;margin-left: calc(-4% \/ 2 );margin-right: calc(-4% \/ 2 );\"><div class=\"fusion-layout-column fusion_builder_column_inner fusion-builder-nested-column-113 fusion_builder_column_inner_1_1 1_1 fusion-flex-column\" style=\"--awb-bg-size:cover;--awb-width-large:100%;--awb-margin-top-large:0px;--awb-spacing-right-large:1.92%;--awb-margin-bottom-large:20px;--awb-spacing-left-large:1.92%;--awb-width-medium:100%;--awb-order-medium:0;--awb-spacing-right-medium:1.92%;--awb-spacing-left-medium:1.92%;--awb-width-small:100%;--awb-order-small:0;--awb-spacing-right-small:1.92%;--awb-spacing-left-small:1.92%;\"><div class=\"fusion-column-wrapper fusion-column-has-shadow fusion-flex-justify-content-flex-start fusion-content-layout-column\"><div class=\"fusion-separator fusion-full-width-sep\" style=\"align-self: center;margin-left: auto;margin-right: auto;width:100%;\"><div class=\"fusion-separator-border sep-shadow\" style=\"--awb-height:20px;--awb-amount:20px;background:radial-gradient(ellipse at 50% -50% , #e0dede 0px, rgba(255, 255, 255, 0) 80%) repeat scroll 0 0 rgba(0, 0, 0, 0);background:-webkit-radial-gradient(ellipse at 50% -50% , #e0dede 0px, rgba(255, 255, 255, 0) 80%) repeat scroll 0 0 rgba(0, 0, 0, 0);background:-moz-radial-gradient(ellipse at 50% -50% , #e0dede 0px, rgba(255, 255, 255, 0) 80%) repeat scroll 0 0 rgba(0, 0, 0, 0);background:-o-radial-gradient(ellipse at 50% -50% , #e0dede 0px, rgba(255, 255, 255, 0) 80%) repeat scroll 0 0 rgba(0, 0, 0, 0);\"><\/div><\/div><\/div><\/div><div class=\"fusion-layout-column fusion_builder_column_inner fusion-builder-nested-column-114 fusion_builder_column_inner_1_3 1_3 fusion-flex-column\" style=\"--awb-bg-size:cover;--awb-width-large:33.333333333333%;--awb-margin-top-large:0px;--awb-spacing-right-large:2vw;--awb-margin-bottom-large:20px;--awb-spacing-left-large:5.76%;--awb-width-medium:100%;--awb-order-medium:0;--awb-spacing-right-medium:1.92%;--awb-spacing-left-medium:1.92%;--awb-width-small:100%;--awb-order-small:0;--awb-spacing-right-small:1.92%;--awb-spacing-left-small:1.92%;\"><div class=\"fusion-column-wrapper fusion-column-has-shadow fusion-flex-justify-content-flex-start fusion-content-layout-column\"><div class=\"fusion-image-element \" style=\"text-align:right;--awb-max-width:450px;--awb-caption-title-font-family:var(--h2_typography-font-family);--awb-caption-title-font-weight:var(--h2_typography-font-weight);--awb-caption-title-font-style:var(--h2_typography-font-style);--awb-caption-title-size:var(--h2_typography-font-size);--awb-caption-title-transform:var(--h2_typography-text-transform);--awb-caption-title-line-height:var(--h2_typography-line-height);--awb-caption-title-letter-spacing:var(--h2_typography-letter-spacing);\"><span class=\" fusion-imageframe imageframe-none imageframe-22 hover-type-none\"><img decoding=\"async\" width=\"300\" height=\"225\" title=\"SDE REBPF IlluTotales Etablissement Soin\" src=\"https:\/\/www.service-public.pf\/sde\/wp-content\/uploads\/sites\/15\/2023\/01\/SDE-REBPF-IlluTotales-Etablissement-Soin-300x225.png\" alt class=\"img-responsive wp-image-3441\" srcset=\"https:\/\/www.service-public.pf\/sde\/wp-content\/uploads\/sites\/15\/2023\/01\/SDE-REBPF-IlluTotales-Etablissement-Soin-200x150.png 200w, https:\/\/www.service-public.pf\/sde\/wp-content\/uploads\/sites\/15\/2023\/01\/SDE-REBPF-IlluTotales-Etablissement-Soin-400x300.png 400w, https:\/\/www.service-public.pf\/sde\/wp-content\/uploads\/sites\/15\/2023\/01\/SDE-REBPF-IlluTotales-Etablissement-Soin-600x450.png 600w, https:\/\/www.service-public.pf\/sde\/wp-content\/uploads\/sites\/15\/2023\/01\/SDE-REBPF-IlluTotales-Etablissement-Soin-800x600.png 800w, https:\/\/www.service-public.pf\/sde\/wp-content\/uploads\/sites\/15\/2023\/01\/SDE-REBPF-IlluTotales-Etablissement-Soin-1200x900.png 1200w, https:\/\/www.service-public.pf\/sde\/wp-content\/uploads\/sites\/15\/2023\/01\/SDE-REBPF-IlluTotales-Etablissement-Soin.png 1453w\" sizes=\"(max-width: 1024px) 100vw, (max-width: 640px) 100vw, 800px\" \/><\/span><\/div><\/div><\/div><div class=\"fusion-layout-column fusion_builder_column_inner fusion-builder-nested-column-115 fusion_builder_column_inner_2_3 2_3 fusion-flex-column\" style=\"--awb-bg-size:cover;--awb-width-large:66.666666666667%;--awb-margin-top-large:0px;--awb-spacing-right-large:2.88%;--awb-margin-bottom-large:20px;--awb-spacing-left-large:2.88%;--awb-width-medium:100%;--awb-order-medium:0;--awb-spacing-right-medium:1.92%;--awb-spacing-left-medium:1.92%;--awb-width-small:100%;--awb-order-small:0;--awb-spacing-right-small:1.92%;--awb-spacing-left-small:1.92%;\"><div class=\"fusion-column-wrapper fusion-column-has-shadow fusion-flex-justify-content-center fusion-content-layout-column\"><div class=\"fusion-text fusion-text-87\" style=\"--awb-content-alignment:center;--awb-font-size:24pt;\"><p>Localisation\u00a0du projet : <strong>Iles Sous-Le-Vent, \u00e0 une altitude sup\u00e9rieure ou \u00e9gale \u00e0 500 m\u00e8tres<\/strong><\/p>\n<p>Typologie de la construction\u00a0: <strong>\u00c9tablissement de soin<\/strong><\/p>\n<\/div><\/div><\/div><div class=\"fusion-layout-column fusion_builder_column_inner fusion-builder-nested-column-116 fusion_builder_column_inner_1_1 1_1 fusion-flex-column\" style=\"--awb-bg-size:cover;--awb-width-large:100%;--awb-margin-top-large:0px;--awb-spacing-right-large:1.92%;--awb-margin-bottom-large:20px;--awb-spacing-left-large:1.92%;--awb-width-medium:100%;--awb-order-medium:0;--awb-spacing-right-medium:1.92%;--awb-spacing-left-medium:1.92%;--awb-width-small:100%;--awb-order-small:0;--awb-spacing-right-small:1.92%;--awb-spacing-left-small:1.92%;\"><div class=\"fusion-column-wrapper fusion-column-has-shadow fusion-flex-justify-content-flex-start fusion-content-layout-column\"><div class=\"fusion-separator fusion-full-width-sep\" style=\"align-self: center;margin-left: auto;margin-right: auto;margin-bottom:20px;width:100%;\"><div class=\"fusion-separator-border sep-shadow\" style=\"--awb-height:20px;--awb-amount:20px;background:radial-gradient(ellipse at 50% -50% , #e0dede 0px, rgba(255, 255, 255, 0) 80%) repeat scroll 0 0 rgba(0, 0, 0, 0);background:-webkit-radial-gradient(ellipse at 50% -50% , #e0dede 0px, rgba(255, 255, 255, 0) 80%) repeat scroll 0 0 rgba(0, 0, 0, 0);background:-moz-radial-gradient(ellipse at 50% -50% , #e0dede 0px, rgba(255, 255, 255, 0) 80%) repeat scroll 0 0 rgba(0, 0, 0, 0);background:-o-radial-gradient(ellipse at 50% -50% , #e0dede 0px, rgba(255, 255, 255, 0) 80%) repeat scroll 0 0 rgba(0, 0, 0, 0);\"><\/div><\/div><\/div><\/div><div class=\"fusion-layout-column fusion_builder_column_inner fusion-builder-nested-column-117 fusion_builder_column_inner_1_1 1_1 fusion-flex-column\" style=\"--awb-bg-color:#ffffff;--awb-bg-color-hover:#ffffff;--awb-bg-size:cover;--awb-width-large:100%;--awb-margin-top-large:0px;--awb-spacing-right-large:1.92%;--awb-margin-bottom-large:20px;--awb-spacing-left-large:1.92%;--awb-width-medium:100%;--awb-order-medium:0;--awb-spacing-right-medium:1.92%;--awb-spacing-left-medium:1.92%;--awb-width-small:100%;--awb-order-small:0;--awb-spacing-right-small:1.92%;--awb-spacing-left-small:1.92%;\"><div class=\"fusion-column-wrapper fusion-column-has-shadow fusion-flex-justify-content-flex-start fusion-content-layout-column\"><div class=\"fusion-text fusion-text-88\" style=\"--awb-text-color:#000000;\"><p><strong>Th\u00e9matiques applicables :<\/strong><\/p>\n<\/div><div class=\"accordian fusion-accordian\" style=\"--awb-border-size:1px;--awb-icon-size:13px;--awb-content-font-size:13px;--awb-icon-alignment:left;--awb-hover-color:#f9f9f9;--awb-border-color:#cccccc;--awb-background-color:#ffffff;--awb-divider-color:#e0dede;--awb-divider-hover-color:#e0dede;--awb-icon-color:#ffffff;--awb-title-color:#333333;--awb-content-color:#747474;--awb-icon-box-color:#333333;--awb-toggle-hover-accent-color:#26a147;--awb-title-font-family:&quot;PT Sans&quot;;--awb-title-font-weight:400;--awb-title-font-style:normal;--awb-title-font-size:13px;--awb-content-font-family:&quot;PT Sans&quot;;--awb-content-font-style:normal;--awb-content-font-weight:400;\"><div class=\"panel-group fusion-toggle-icon-boxed\" id=\"accordion-3355-22\"><div class=\"fusion-panel panel-default panel-d6e4e29eff42e431a fusion-toggle-has-divider\" style=\"--awb-title-color:#333333;--awb-content-color:#747474;\"><div class=\"panel-heading\"><h4 class=\"panel-title toggle\" id=\"toggle_d6e4e29eff42e431a\"><a aria-expanded=\"false\" aria-controls=\"d6e4e29eff42e431a\" role=\"button\" data-toggle=\"collapse\" data-parent=\"#accordion-3355-22\" data-target=\"#d6e4e29eff42e431a\" href=\"#d6e4e29eff42e431a\"><span class=\"fusion-toggle-icon-wrapper\" aria-hidden=\"true\"><i class=\"fa-fusion-box active-icon awb-icon-minus\" aria-hidden=\"true\"><\/i><i class=\"fa-fusion-box inactive-icon awb-icon-plus\" aria-hidden=\"true\"><\/i><\/span><span class=\"fusion-toggle-heading\">Protection solaire de la toiture<\/span><\/a><\/h4><\/div><div id=\"d6e4e29eff42e431a\" class=\"panel-collapse collapse \" aria-labelledby=\"toggle_d6e4e29eff42e431a\"><div class=\"panel-body toggle-content fusion-clearfix\">\n<table style=\"width: 100%;height: 187px\">\n<tbody>\n<tr style=\"height: 187px\">\n<td style=\"height: 187px\"><span style=\"color: #000000\"><strong><span style=\"text-decoration: underline\">Locaux concern\u00e9s<\/span> :<\/strong><\/span><\/p>\n<ul>\n<li>Locaux clos et climatis\u00e9s ou occup\u00e9s (exemples : salle de consultation, bloc op\u00e9ratoire, bureau, salle de r\u00e9union, chambre, espace d\u2019accueil avec personnel permanent, locaux d\u2019activit\u00e9s diverses : caf\u00e9t\u00e9ria, r\u00e9fectoire, \u2026)<\/li>\n<li>Locaux clos non-occup\u00e9s donnant <u>directement<\/u> sur les locaux ci-dessus, hors locaux techniques, stationnements et espaces de stockage non climatis\u00e9s (exemples : sanitaires, circulation, hall, vestiaires, \u2026)<\/li>\n<\/ul>\n<\/td>\n<td style=\"height: 187px\"><img decoding=\"async\" class=\"alignright wp-image-3430\" src=\"https:\/\/www.service-public.pf\/sde\/wp-content\/uploads\/sites\/15\/2023\/01\/SDE-REBPF-IlluTotales-Etablissement-Soin-ProToiture.png\" alt=\"\" width=\"300\" height=\"225\" \/><\/td>\n<\/tr>\n<\/tbody>\n<\/table>\n<p style=\"color: #000000\"><strong><span style=\"text-decoration: underline\">Seuils \u00e0 respecter : <\/span><\/strong><\/p>\n<table class=\"table table-bordered\" style=\"width: 100%\">\n<tbody>\n<tr>\n<td style=\"width: 24.0317%\"><strong>Mesure<\/strong><\/td>\n<td style=\"width: 4.78677%\"><strong>Seuil<\/strong><\/td>\n<td style=\"width: 58.7865%\"><strong>Exemples de solutions<\/strong><\/td>\n<\/tr>\n<tr>\n<td style=\"width: 24.0317%\">Facteur solaire maximal de la toiture<\/td>\n<td style=\"width: 4.78677%\">2,5%<\/td>\n<td style=\"width: 58.7865%\">\n<ul>\n<li>Toiture (avec combles) en t\u00f4le de teinte claire avec 3 cm de laine min\u00e9rale minimum<\/li>\n<li>Toiture (avec combles) en t\u00f4le de teinte moyenne avec 5 cm de laine min\u00e9rale minimum<\/li>\n<li>Toiture (avec combles) en t\u00f4le de teinte sombre avec 7,5 cm de laine min\u00e9rale minimum<\/li>\n<li>Toiture terrasse en b\u00e9ton de teinte moyenne avec 6 cm de polystyr\u00e8ne expans\u00e9 minimum<\/li>\n<li>Toiture terrasse en b\u00e9ton avec sur-toiture largement ventil\u00e9e<\/li>\n<\/ul>\n<\/td>\n<\/tr>\n<\/tbody>\n<\/table>\n<p><span style=\"color: #000000\"><strong>Pour plus d\u2019informations sur l\u2019application de la th\u00e9matique, consultez la fiche en question\u00a0:<\/strong><\/span><\/p>\n<ul>\n<li><a href=\"https:\/\/www.service-public.pf\/sde\/wp-content\/uploads\/sites\/15\/2023\/09\/Fiche-02-Protection-solaire-des-parois-opaques-horizontales-Toitures.pdf\">Fiche d\u2019application \u00ab\u00a0Protection solaire de la toiture\u00a0\u00bb<\/a><\/li>\n<\/ul>\n<\/div><\/div><\/div><div class=\"fusion-panel panel-default panel-d8dc5d3c29217a8b9 fusion-toggle-has-divider\" style=\"--awb-title-color:#333333;--awb-content-color:#747474;\"><div class=\"panel-heading\"><h4 class=\"panel-title toggle\" id=\"toggle_d8dc5d3c29217a8b9\"><a aria-expanded=\"false\" aria-controls=\"d8dc5d3c29217a8b9\" role=\"button\" data-toggle=\"collapse\" data-parent=\"#accordion-3355-22\" data-target=\"#d8dc5d3c29217a8b9\" href=\"#d8dc5d3c29217a8b9\"><span class=\"fusion-toggle-icon-wrapper\" aria-hidden=\"true\"><i class=\"fa-fusion-box active-icon awb-icon-minus\" aria-hidden=\"true\"><\/i><i class=\"fa-fusion-box inactive-icon awb-icon-plus\" aria-hidden=\"true\"><\/i><\/span><span class=\"fusion-toggle-heading\">Eau chaude solaire<\/span><\/a><\/h4><\/div><div id=\"d8dc5d3c29217a8b9\" class=\"panel-collapse collapse \" aria-labelledby=\"toggle_d8dc5d3c29217a8b9\"><div class=\"panel-body toggle-content fusion-clearfix\">\n<table style=\"width: 100%;height: 187px\">\n<tbody>\n<tr style=\"height: 187px\">\n<td style=\"height: 187px;width: 78.8732%\">\n<p style=\"color: #000000\"><strong><span style=\"text-decoration: underline\">Locaux concern\u00e9s<\/span> :<\/strong><\/p>\n<p>L\u2019exigence porte sur l\u2019ensemble des besoins en eau chaude du projet.<\/p>\n<p>Le choix du syst\u00e8me n\u2019est pas impos\u00e9.<\/td>\n<td style=\"height: 187px;width: 20.4226%\"><img decoding=\"async\" class=\"alignright wp-image-3430\" src=\"https:\/\/www.service-public.pf\/sde\/wp-content\/uploads\/sites\/15\/2023\/01\/SDE-REBPF-IlluTotales-Etablissement-Soin-ChauffeEau.png\" alt=\"\" width=\"300\" height=\"225\" \/><\/td>\n<\/tr>\n<\/tbody>\n<\/table>\n<p style=\"color: #000000\"><strong><span style=\"text-decoration: underline\">Seuils \u00e0 respecter,\u00a0selon l\u2019orientation des fa\u00e7ades des locaux :<\/span><\/strong><\/p>\n<p style=\"color: #747474\">Les seuils et r\u00e8gles varient en fonction du type de syst\u00e8me retenu.<\/p>\n<table class=\"table table-bordered\" style=\"width: 94.1613%\">\n<tbody>\n<tr>\n<td style=\"width: 16.4461%\" width=\"169\"><strong><b>Syst\u00e8me<\/b><\/strong><\/td>\n<td style=\"width: 34.9486%\" width=\"255\"><strong><b>Seuil<\/b><\/strong><\/td>\n<td style=\"width: 10%\" width=\"151\"><strong><b>R\u00e8gles de conception<\/b><\/strong><\/td>\n<td style=\"width: 39.2788%\" width=\"548\"><strong><b>Exemples de solutions<\/b><\/strong><\/td>\n<\/tr>\n<tr>\n<td style=\"width: 16.4461%\" width=\"169\">Chauffe-eau solaire individuel (CESI)<\/td>\n<td style=\"width: 34.9486%\" width=\"255\">\n<p style=\"text-align: center\">-<\/p>\n<\/td>\n<td style=\"width: 10%\" width=\"56\">\n<p style=\"text-align: center\">-<\/p>\n<\/td>\n<td style=\"width: 39.2788%\" width=\"406\">Ce type de syst\u00e8me est utile pour les points ayant des besoins en eau chaude quotidiens inf\u00e9rieurs \u00e0 500 L<\/td>\n<\/tr>\n<tr>\n<td style=\"width: 16.4461%\" width=\"169\">Chauffe-eau solaire collectif (CESC)<\/td>\n<td style=\"width: 34.9486%\" width=\"255\">Pour une temp\u00e9rature d\u2019eau chaude de 60 degr\u00e9s Celsius\u00a0:<\/p>\n<ul>\n<li>Taux de couverture de 60 % minimum des besoins \u00e9nerg\u00e9tiques en eau chaude du b\u00e2timent<\/li>\n<li>Productivit\u00e9 solaire minimale de 450 kWh\/m\u00b2capteur\/an pour une temp\u00e9rature<\/li>\n<\/ul>\n<\/td>\n<td style=\"width: 10%\" width=\"56\">Conf\u00e8re fiche d\u2019application<\/td>\n<td style=\"width: 39.2788%\" width=\"406\">\n<p style=\"text-align: center\">-<\/p>\n<\/td>\n<\/tr>\n<\/tbody>\n<\/table>\n<p><span style=\"color: #000000\"><strong><u>Cas d\u00e9rogatoires :<\/u><\/strong><\/span><\/p>\n<ol>\n<li>Concernant l\u2019installation de chauffe-eaux solaires<\/li>\n<\/ol>\n<p style=\"color: #747474\">Les b\u00e2timents livr\u00e9s sans syst\u00e8me de production d\u2019eau chaude ne sont pas soumis \u00e0 l\u2019obligation de recours aux chauffe-eaux solaires.<\/p>\n<p>A l\u2019exception des locaux d\u2019h\u00e9bergement munis d\u2019un syst\u00e8me de production d\u2019eau chaude, un ou plusieurs locaux peuvent ne pas \u00eatre aliment\u00e9s par de l\u2019eau chaude sanitaire produite par \u00e9nergie solaire s\u2019ils satisfont aux deux conditions suivantes\u00a0:<\/p>\n<ul>\n<li>Les besoins journaliers en eau chaude \u00e0 60 degr\u00e9s du point ou de l'ensemble de points de soutirage du local sont inf\u00e9rieurs \u00e0 100 litres ;<\/li>\n<li>Le point ou les points de soutirage dans leur ensemble sont \u00e9loign\u00e9s de plus de 15 m\u00e8tres du point aliment\u00e9 en eau chaude le plus proche.<\/li>\n<\/ul>\n<ol start=\"2\">\n<li>Concernant les performances de l\u2019installation<\/li>\n<\/ol>\n<p style=\"color: #747474\">Si le b\u00e2timent pr\u00e9sente une surface de toiture insuffisante pour permettre l\u2019installation de chauffe-eaux solaires conforme aux objectifs de performance\u00a0ou si les masques solaires proches sont trop importants pour cela, il est possible de d\u00e9roger aux seuils indiqu\u00e9s ci-dessus en dimensionnant toutefois l\u2019installation pour qu\u2019elle pr\u00e9sente un taux de couverture maximum et une productivit\u00e9 maximum au regard du contexte de mise en \u0153uvre.<\/p>\n<p>Si le projet s\u2019inscrit dans ce cas d\u00e9rogatoire, le recours \u00e0 cette d\u00e9rogation devra \u00eatre justifi\u00e9 et argument\u00e9 techniquement, tout comme le dimensionnement final de l\u2019installation.<\/p>\n<p style=\"color: #000000\"><strong>Pour plus d\u2019informations sur l\u2019application de la th\u00e9matique, consultez la fiche en question :<\/strong><\/p>\n<ul>\n<li><a href=\"https:\/\/www.service-public.pf\/sde\/wp-content\/uploads\/sites\/15\/2023\/06\/Fiche-08-Eau-chaude-solaire.pdf\">Fiche d\u2019application \u00ab\u00a0Eau chaude solaire\u00a0\u00bb<\/a><\/li>\n<\/ul>\n<\/div><\/div><\/div><\/div><\/div><div class=\"fusion-text fusion-text-89\" style=\"--awb-margin-top:10px;\"><p><span style=\"color: #000000\"><strong>Informations relatives aux demandes de permis de construire et au certificat de conformit\u00e9<\/strong><\/span><\/p>\n<p>Le p\u00e9titionnaire remplit les nouveaux formulaires de demande de permis de construire et de certificat de conformit\u00e9 de la DCA qui int\u00e8grent la d\u00e9claration du respect de la r\u00e9glementation.<\/p>\n<p><strong>Si les surfaces de plancher construites cumul\u00e9es* sont sup\u00e9rieures \u00e0 250 m\u00b2 de plancher, les demandes de permis de construire et de certificat de conformit\u00e9 doivent \u00eatre accompagn\u00e9es de l\u2019avis d\u2019un organisme agr\u00e9\u00e9<\/strong><\/p>\n<ul>\n<li><a href=\"https:\/\/www.service-public.pf\/sde\/organismes-agrees\/\">Parcourir la page d\u00e9di\u00e9e aux organismes agr\u00e9\u00e9s<\/a><\/li>\n<\/ul>\n<p><em><span style=\"font-size: 10pt\">* Les surfaces de plancher \u00e0 consid\u00e9rer sont celles de n\u2019importe quel b\u00e2timent neuf rattach\u00e9 au projet de construction, d\u00e8s lors que la typologie associ\u00e9e est bureaux, enseignement, \u00e9tablissement de soin, h\u00f4tellerie ou logement collectif.<\/span><\/em><\/p>\n<p style=\"color: #000000\"><strong>Informations sur les dispositions applicables \u00e0 la typologie <\/strong>(ne consulter que les rubriques des th\u00e9matiques concernant le projet de construction)<strong>\u00a0:<\/strong><\/p>\n<ul>\n<li><a href=\"https:\/\/www.service-public.pf\/sde\/wp-content\/uploads\/sites\/15\/2023\/04\/REPBF_Depliants_EtablissmentDeSoin_Pages-V2.pdf\">D\u00e9pliant \u00ab\u00a0\u00c9tablissement de soin \u00bb<\/a><\/li>\n<\/ul>\n<\/div><\/div><\/div><\/div><\/div><\/div><div class=\"fusion-layout-column fusion_builder_column fusion-builder-column-33 fusion_builder_column_4_5 4_5 fusion-flex-column vct_islv_sup500_content\" style=\"--awb-bg-size:cover;--awb-width-large:80%;--awb-flex-grow:0;--awb-flex-shrink:0;--awb-margin-top-large:0px;--awb-spacing-right-large:2.4%;--awb-margin-bottom-large:20px;--awb-spacing-left-large:2.4%;--awb-width-medium:100%;--awb-order-medium:0;--awb-flex-grow-medium:0;--awb-flex-shrink-medium:0;--awb-spacing-right-medium:1.92%;--awb-spacing-left-medium:1.92%;--awb-width-small:100%;--awb-order-small:0;--awb-flex-grow-small:0;--awb-flex-shrink-small:0;--awb-spacing-right-small:1.92%;--awb-spacing-left-small:1.92%;\" id=\"vct_islv_sup500_restauration_content\"><div class=\"fusion-column-wrapper fusion-column-has-shadow fusion-flex-justify-content-flex-start fusion-content-layout-column\"><div class=\"fusion-title title fusion-title-26 fusion-sep-none fusion-title-center fusion-title-text fusion-title-size-two hidden\" style=\"--awb-margin-top-small:0px;--awb-margin-right-small:0px;--awb-margin-bottom-small:20px;--awb-margin-left-small:0px;\"><h2 class=\"fusion-title-heading title-heading-center\" style=\"margin:0;\">Protection solaire de la toiture + D\u00e9pliant Restauration + Fiche d'information Restauration + Formulaire 1-ISLV<\/h2><\/div><div class=\"fusion-text fusion-text-90 vct_description_typologie\"><p>Il s\u2019agit d\u2019un b\u00e2timent ou d\u2019une partie de b\u00e2timent \u00e0 destination de restaurant ou de d\u00e9bit de<br \/>\nboisson, ainsi que leurs locaux accessoires.<\/p>\n<\/div><div class=\"fusion-builder-row fusion-builder-row-inner fusion-row fusion-flex-align-items-flex-start fusion-flex-justify-content-center fusion-flex-content-wrap\" style=\"--awb-flex-grow:0;--awb-flex-grow-medium:0;--awb-flex-grow-small:0;--awb-flex-shrink:0;--awb-flex-shrink-medium:0;--awb-flex-shrink-small:0;width:104% !important;max-width:104% !important;margin-left: calc(-4% \/ 2 );margin-right: calc(-4% \/ 2 );\"><div class=\"fusion-layout-column fusion_builder_column_inner fusion-builder-nested-column-118 fusion_builder_column_inner_1_1 1_1 fusion-flex-column\" style=\"--awb-bg-size:cover;--awb-width-large:100%;--awb-margin-top-large:0px;--awb-spacing-right-large:1.92%;--awb-margin-bottom-large:20px;--awb-spacing-left-large:1.92%;--awb-width-medium:100%;--awb-order-medium:0;--awb-spacing-right-medium:1.92%;--awb-spacing-left-medium:1.92%;--awb-width-small:100%;--awb-order-small:0;--awb-spacing-right-small:1.92%;--awb-spacing-left-small:1.92%;\"><div class=\"fusion-column-wrapper fusion-column-has-shadow fusion-flex-justify-content-flex-start fusion-content-layout-column\"><div class=\"fusion-separator fusion-full-width-sep\" style=\"align-self: center;margin-left: auto;margin-right: auto;width:100%;\"><div class=\"fusion-separator-border sep-shadow\" style=\"--awb-height:20px;--awb-amount:20px;background:radial-gradient(ellipse at 50% -50% , #e0dede 0px, rgba(255, 255, 255, 0) 80%) repeat scroll 0 0 rgba(0, 0, 0, 0);background:-webkit-radial-gradient(ellipse at 50% -50% , #e0dede 0px, rgba(255, 255, 255, 0) 80%) repeat scroll 0 0 rgba(0, 0, 0, 0);background:-moz-radial-gradient(ellipse at 50% -50% , #e0dede 0px, rgba(255, 255, 255, 0) 80%) repeat scroll 0 0 rgba(0, 0, 0, 0);background:-o-radial-gradient(ellipse at 50% -50% , #e0dede 0px, rgba(255, 255, 255, 0) 80%) repeat scroll 0 0 rgba(0, 0, 0, 0);\"><\/div><\/div><\/div><\/div><div class=\"fusion-layout-column fusion_builder_column_inner fusion-builder-nested-column-119 fusion_builder_column_inner_1_3 1_3 fusion-flex-column\" style=\"--awb-bg-size:cover;--awb-width-large:33.333333333333%;--awb-margin-top-large:0px;--awb-spacing-right-large:2vw;--awb-margin-bottom-large:20px;--awb-spacing-left-large:5.76%;--awb-width-medium:100%;--awb-order-medium:0;--awb-spacing-right-medium:1.92%;--awb-spacing-left-medium:1.92%;--awb-width-small:100%;--awb-order-small:0;--awb-spacing-right-small:1.92%;--awb-spacing-left-small:1.92%;\"><div class=\"fusion-column-wrapper fusion-column-has-shadow fusion-flex-justify-content-flex-start fusion-content-layout-column\"><div class=\"fusion-image-element \" style=\"text-align:right;--awb-max-width:450px;--awb-caption-title-font-family:var(--h2_typography-font-family);--awb-caption-title-font-weight:var(--h2_typography-font-weight);--awb-caption-title-font-style:var(--h2_typography-font-style);--awb-caption-title-size:var(--h2_typography-font-size);--awb-caption-title-transform:var(--h2_typography-text-transform);--awb-caption-title-line-height:var(--h2_typography-line-height);--awb-caption-title-letter-spacing:var(--h2_typography-letter-spacing);\"><span class=\" fusion-imageframe imageframe-none imageframe-23 hover-type-none\"><img decoding=\"async\" width=\"300\" height=\"225\" title=\"SDE REBPF IlluTotales Restaurant\" src=\"https:\/\/www.service-public.pf\/sde\/wp-content\/uploads\/sites\/15\/2023\/01\/SDE-REBPF-IlluTotales-Restaurant-300x225.png\" alt class=\"img-responsive wp-image-3464\" srcset=\"https:\/\/www.service-public.pf\/sde\/wp-content\/uploads\/sites\/15\/2023\/01\/SDE-REBPF-IlluTotales-Restaurant-200x150.png 200w, https:\/\/www.service-public.pf\/sde\/wp-content\/uploads\/sites\/15\/2023\/01\/SDE-REBPF-IlluTotales-Restaurant-400x300.png 400w, https:\/\/www.service-public.pf\/sde\/wp-content\/uploads\/sites\/15\/2023\/01\/SDE-REBPF-IlluTotales-Restaurant-600x450.png 600w, https:\/\/www.service-public.pf\/sde\/wp-content\/uploads\/sites\/15\/2023\/01\/SDE-REBPF-IlluTotales-Restaurant-800x600.png 800w, https:\/\/www.service-public.pf\/sde\/wp-content\/uploads\/sites\/15\/2023\/01\/SDE-REBPF-IlluTotales-Restaurant-1200x900.png 1200w, https:\/\/www.service-public.pf\/sde\/wp-content\/uploads\/sites\/15\/2023\/01\/SDE-REBPF-IlluTotales-Restaurant.png 1453w\" sizes=\"(max-width: 1024px) 100vw, (max-width: 640px) 100vw, 800px\" \/><\/span><\/div><\/div><\/div><div class=\"fusion-layout-column fusion_builder_column_inner fusion-builder-nested-column-120 fusion_builder_column_inner_2_3 2_3 fusion-flex-column\" style=\"--awb-bg-size:cover;--awb-width-large:66.666666666667%;--awb-margin-top-large:0px;--awb-spacing-right-large:2.88%;--awb-margin-bottom-large:20px;--awb-spacing-left-large:2.88%;--awb-width-medium:100%;--awb-order-medium:0;--awb-spacing-right-medium:1.92%;--awb-spacing-left-medium:1.92%;--awb-width-small:100%;--awb-order-small:0;--awb-spacing-right-small:1.92%;--awb-spacing-left-small:1.92%;\"><div class=\"fusion-column-wrapper fusion-column-has-shadow fusion-flex-justify-content-center fusion-content-layout-column\"><div class=\"fusion-text fusion-text-91\" style=\"--awb-content-alignment:center;--awb-font-size:24pt;\"><p>Localisation\u00a0du projet : <strong>Iles Sous-Le-Vent, \u00e0 une altitude sup\u00e9rieure ou \u00e9gale \u00e0 500 m\u00e8tres<\/strong><\/p>\n<p>Typologie de la construction\u00a0: <strong>Restauration<\/strong><\/p>\n<\/div><\/div><\/div><div class=\"fusion-layout-column fusion_builder_column_inner fusion-builder-nested-column-121 fusion_builder_column_inner_1_1 1_1 fusion-flex-column\" style=\"--awb-bg-size:cover;--awb-width-large:100%;--awb-margin-top-large:0px;--awb-spacing-right-large:1.92%;--awb-margin-bottom-large:20px;--awb-spacing-left-large:1.92%;--awb-width-medium:100%;--awb-order-medium:0;--awb-spacing-right-medium:1.92%;--awb-spacing-left-medium:1.92%;--awb-width-small:100%;--awb-order-small:0;--awb-spacing-right-small:1.92%;--awb-spacing-left-small:1.92%;\"><div class=\"fusion-column-wrapper fusion-column-has-shadow fusion-flex-justify-content-flex-start fusion-content-layout-column\"><div class=\"fusion-separator fusion-full-width-sep\" style=\"align-self: center;margin-left: auto;margin-right: auto;margin-bottom:20px;width:100%;\"><div class=\"fusion-separator-border sep-shadow\" style=\"--awb-height:20px;--awb-amount:20px;background:radial-gradient(ellipse at 50% -50% , #e0dede 0px, rgba(255, 255, 255, 0) 80%) repeat scroll 0 0 rgba(0, 0, 0, 0);background:-webkit-radial-gradient(ellipse at 50% -50% , #e0dede 0px, rgba(255, 255, 255, 0) 80%) repeat scroll 0 0 rgba(0, 0, 0, 0);background:-moz-radial-gradient(ellipse at 50% -50% , #e0dede 0px, rgba(255, 255, 255, 0) 80%) repeat scroll 0 0 rgba(0, 0, 0, 0);background:-o-radial-gradient(ellipse at 50% -50% , #e0dede 0px, rgba(255, 255, 255, 0) 80%) repeat scroll 0 0 rgba(0, 0, 0, 0);\"><\/div><\/div><\/div><\/div><div class=\"fusion-layout-column fusion_builder_column_inner fusion-builder-nested-column-122 fusion_builder_column_inner_1_1 1_1 fusion-flex-column\" style=\"--awb-bg-color:#ffffff;--awb-bg-color-hover:#ffffff;--awb-bg-size:cover;--awb-width-large:100%;--awb-margin-top-large:0px;--awb-spacing-right-large:1.92%;--awb-margin-bottom-large:20px;--awb-spacing-left-large:1.92%;--awb-width-medium:100%;--awb-order-medium:0;--awb-spacing-right-medium:1.92%;--awb-spacing-left-medium:1.92%;--awb-width-small:100%;--awb-order-small:0;--awb-spacing-right-small:1.92%;--awb-spacing-left-small:1.92%;\"><div class=\"fusion-column-wrapper fusion-column-has-shadow fusion-flex-justify-content-flex-start fusion-content-layout-column\"><div class=\"fusion-text fusion-text-92\" style=\"--awb-text-color:#000000;\"><p><strong>Th\u00e9matiques applicables :<\/strong><\/p>\n<\/div><div class=\"accordian fusion-accordian\" style=\"--awb-border-size:1px;--awb-icon-size:13px;--awb-content-font-size:13px;--awb-icon-alignment:left;--awb-hover-color:#f9f9f9;--awb-border-color:#cccccc;--awb-background-color:#ffffff;--awb-divider-color:#e0dede;--awb-divider-hover-color:#e0dede;--awb-icon-color:#ffffff;--awb-title-color:#333333;--awb-content-color:#747474;--awb-icon-box-color:#333333;--awb-toggle-hover-accent-color:#26a147;--awb-title-font-family:&quot;PT Sans&quot;;--awb-title-font-weight:400;--awb-title-font-style:normal;--awb-title-font-size:13px;--awb-content-font-family:&quot;PT Sans&quot;;--awb-content-font-style:normal;--awb-content-font-weight:400;\"><div class=\"panel-group fusion-toggle-icon-boxed\" id=\"accordion-3355-23\"><div class=\"fusion-panel panel-default panel-b96338bd5c6bf4e74 fusion-toggle-has-divider\" style=\"--awb-title-color:#333333;--awb-content-color:#747474;\"><div class=\"panel-heading\"><h4 class=\"panel-title toggle\" id=\"toggle_b96338bd5c6bf4e74\"><a aria-expanded=\"false\" aria-controls=\"b96338bd5c6bf4e74\" role=\"button\" data-toggle=\"collapse\" data-parent=\"#accordion-3355-23\" data-target=\"#b96338bd5c6bf4e74\" href=\"#b96338bd5c6bf4e74\"><span class=\"fusion-toggle-icon-wrapper\" aria-hidden=\"true\"><i class=\"fa-fusion-box active-icon awb-icon-minus\" aria-hidden=\"true\"><\/i><i class=\"fa-fusion-box inactive-icon awb-icon-plus\" aria-hidden=\"true\"><\/i><\/span><span class=\"fusion-toggle-heading\">Protection solaire de la toiture<\/span><\/a><\/h4><\/div><div id=\"b96338bd5c6bf4e74\" class=\"panel-collapse collapse \" aria-labelledby=\"toggle_b96338bd5c6bf4e74\"><div class=\"panel-body toggle-content fusion-clearfix\">\n<table style=\"width: 100%;height: 187px\">\n<tbody>\n<tr style=\"height: 187px\">\n<td style=\"height: 187px\"><span style=\"color: #000000\"><strong><span style=\"text-decoration: underline\">Locaux concern\u00e9s<\/span> :<\/strong><\/span><\/p>\n<ul>\n<li>Locaux clos et climatis\u00e9s ou occup\u00e9s (exemples\u00a0: cuisine, salle de restauration, r\u00e9serve climatis\u00e9e, \u2026)<\/li>\n<li>Locaux clos non-occup\u00e9s donnant <u>directement<\/u> sur les locaux ci-dessus, hors locaux techniques, stationnements et espaces de stockage non climatis\u00e9s (exemples : sanitaires, circulation, \u2026)<\/li>\n<\/ul>\n<\/td>\n<td style=\"height: 187px\"><img decoding=\"async\" class=\"alignright wp-image-3430\" src=\"https:\/\/www.service-public.pf\/sde\/wp-content\/uploads\/sites\/15\/2023\/01\/SDE-REBPF-IlluTotales-Restaurant-ProToiture.png\" alt=\"\" width=\"300\" height=\"225\" \/><\/td>\n<\/tr>\n<\/tbody>\n<\/table>\n<p style=\"color: #000000\"><strong><span style=\"text-decoration: underline\">Seuils \u00e0 respecter : <\/span><\/strong><\/p>\n<table class=\"table table-bordered\" style=\"width: 100%\">\n<tbody>\n<tr>\n<td style=\"width: 24.0317%\"><strong>Mesure<\/strong><\/td>\n<td style=\"width: 4.78677%\"><strong>Seuil<\/strong><\/td>\n<td style=\"width: 58.7865%\"><strong>Exemples de solutions<\/strong><\/td>\n<\/tr>\n<tr>\n<td style=\"width: 24.0317%\">Facteur solaire maximal de la toiture<\/td>\n<td style=\"width: 4.78677%\">2,5%<\/td>\n<td style=\"width: 58.7865%\">\n<ul>\n<li>Toiture (avec combles) en t\u00f4le de teinte claire avec 3 cm de laine min\u00e9rale minimum<\/li>\n<li>Toiture (avec combles) en t\u00f4le de teinte moyenne avec 5 cm de laine min\u00e9rale minimum<\/li>\n<li>Toiture (avec combles) en t\u00f4le de teinte sombre avec 7,5 cm de laine min\u00e9rale minimum<\/li>\n<li>Toiture terrasse en b\u00e9ton de teinte moyenne avec 6 cm de polystyr\u00e8ne expans\u00e9 minimum<\/li>\n<li>Toiture en bardeau de bois apparents correspondant \u00e0 une toiture \u00ab ventil\u00e9e \u00bb<\/li>\n<li>Toiture terrasse en b\u00e9ton avec sur-toiture largement ventil\u00e9e<\/li>\n<\/ul>\n<\/td>\n<\/tr>\n<\/tbody>\n<\/table>\n<p><span style=\"color: #000000\"><strong>Pour plus d\u2019informations sur l\u2019application de la th\u00e9matique, consultez la fiche en question\u00a0:<\/strong><\/span><\/p>\n<ul>\n<li><a href=\"https:\/\/www.service-public.pf\/sde\/wp-content\/uploads\/sites\/15\/2023\/09\/Fiche-02-Protection-solaire-des-parois-opaques-horizontales-Toitures.pdf\">Fiche d\u2019application \u00ab\u00a0Protection solaire de la toiture\u00a0\u00bb<\/a><\/li>\n<\/ul>\n<p>Nota bene : les informations diffus\u00e9es dans le d\u00e9pliant mis \u00e0 disposition ci-dessous sont normalement suffisantes pour s'assurer de la conformit\u00e9 de son projet sans rentrer dans les d\u00e9tails techniques de la th\u00e9matique.<\/p>\n<\/div><\/div><\/div><\/div><\/div><div class=\"fusion-text fusion-text-93\" style=\"--awb-margin-top:10px;\"><p><span style=\"color: #000000\"><strong>Informations relatives aux demandes de permis de construire et au certificat de conformit\u00e9<\/strong><\/span><\/p>\n<p>Le p\u00e9titionnaire remplit les nouveaux formulaires de demande de permis de construire et de certificat de conformit\u00e9 de la DCA qui int\u00e8grent la d\u00e9claration du respect de la r\u00e9glementation.<\/p>\n<p><span style=\"color: #000000\"><strong>Informations sur les dispositions applicables \u00e0 la typologie :<\/strong><\/span><\/p>\n<ul>\n<li><a href=\"https:\/\/www.service-public.pf\/sde\/wp-content\/uploads\/sites\/15\/2023\/03\/REPBF_Depliants_Restauration_Pages.pdf\">D\u00e9pliant \u00ab\u00a0Restauration \u00bb<\/a><\/li>\n<\/ul>\n<\/div><\/div><\/div><\/div><\/div><\/div><div class=\"fusion-layout-column fusion_builder_column fusion-builder-column-34 fusion_builder_column_4_5 4_5 fusion-flex-column vct_islv_sup500_content\" style=\"--awb-bg-size:cover;--awb-width-large:80%;--awb-flex-grow:0;--awb-flex-shrink:0;--awb-margin-top-large:0px;--awb-spacing-right-large:2.4%;--awb-margin-bottom-large:20px;--awb-spacing-left-large:2.4%;--awb-width-medium:100%;--awb-order-medium:0;--awb-flex-grow-medium:0;--awb-flex-shrink-medium:0;--awb-spacing-right-medium:1.92%;--awb-spacing-left-medium:1.92%;--awb-width-small:100%;--awb-order-small:0;--awb-flex-grow-small:0;--awb-flex-shrink-small:0;--awb-spacing-right-small:1.92%;--awb-spacing-left-small:1.92%;\" id=\"vct_islv_sup500_etablissementdenseignement_content\"><div class=\"fusion-column-wrapper fusion-column-has-shadow fusion-flex-justify-content-flex-start fusion-content-layout-column\"><div class=\"fusion-title title fusion-title-27 fusion-sep-none fusion-title-center fusion-title-text fusion-title-size-two hidden\" style=\"--awb-margin-top-small:0px;--awb-margin-right-small:0px;--awb-margin-bottom-small:20px;--awb-margin-left-small:0px;\"><h2 class=\"fusion-title-heading title-heading-center\" style=\"margin:0;\">Protection solaire de la toiture + D\u00e9pliant \u00e9tablissement d'enseignement + Fiche d'information \u00e9tablissement d'enseignement + Formulaire 2-ISLV<\/h2><\/div><div class=\"fusion-text fusion-text-94 vct_description_typologie\"><p>Il s\u2019agit d\u2019un b\u00e2timent ou d\u2019une partie de b\u00e2timent \u00e0 usage de cr\u00e8che et garderie, \u00e9cole maternelle,<br \/>\n\u00e9cole primaire, coll\u00e8ge, lyc\u00e9e, \u00e9tablissement d\u2019enseignement sup\u00e9rieur et tout autre b\u00e2timent de<br \/>\nservice public ou d\u2019int\u00e9r\u00eat collectif de l\u2019enseignement, comprenant \u00e9galement leurs locaux<br \/>\naccessoires.<\/p>\n<p>Pour rappel, les locaux \u00e0 sommeil et les internats sont assimil\u00e9s \u00e0 la typologie \u00ab logement collectif \u00bb.<\/p>\n<\/div><div class=\"fusion-builder-row fusion-builder-row-inner fusion-row fusion-flex-align-items-flex-start fusion-flex-justify-content-center fusion-flex-content-wrap\" style=\"--awb-flex-grow:0;--awb-flex-grow-medium:0;--awb-flex-grow-small:0;--awb-flex-shrink:0;--awb-flex-shrink-medium:0;--awb-flex-shrink-small:0;width:104% !important;max-width:104% !important;margin-left: calc(-4% \/ 2 );margin-right: calc(-4% \/ 2 );\"><div class=\"fusion-layout-column fusion_builder_column_inner fusion-builder-nested-column-123 fusion_builder_column_inner_1_1 1_1 fusion-flex-column\" style=\"--awb-bg-size:cover;--awb-width-large:100%;--awb-margin-top-large:0px;--awb-spacing-right-large:1.92%;--awb-margin-bottom-large:20px;--awb-spacing-left-large:1.92%;--awb-width-medium:100%;--awb-order-medium:0;--awb-spacing-right-medium:1.92%;--awb-spacing-left-medium:1.92%;--awb-width-small:100%;--awb-order-small:0;--awb-spacing-right-small:1.92%;--awb-spacing-left-small:1.92%;\"><div class=\"fusion-column-wrapper fusion-column-has-shadow fusion-flex-justify-content-flex-start fusion-content-layout-column\"><div class=\"fusion-separator fusion-full-width-sep\" style=\"align-self: center;margin-left: auto;margin-right: auto;width:100%;\"><div class=\"fusion-separator-border sep-shadow\" style=\"--awb-height:20px;--awb-amount:20px;background:radial-gradient(ellipse at 50% -50% , #e0dede 0px, rgba(255, 255, 255, 0) 80%) repeat scroll 0 0 rgba(0, 0, 0, 0);background:-webkit-radial-gradient(ellipse at 50% -50% , #e0dede 0px, rgba(255, 255, 255, 0) 80%) repeat scroll 0 0 rgba(0, 0, 0, 0);background:-moz-radial-gradient(ellipse at 50% -50% , #e0dede 0px, rgba(255, 255, 255, 0) 80%) repeat scroll 0 0 rgba(0, 0, 0, 0);background:-o-radial-gradient(ellipse at 50% -50% , #e0dede 0px, rgba(255, 255, 255, 0) 80%) repeat scroll 0 0 rgba(0, 0, 0, 0);\"><\/div><\/div><\/div><\/div><div class=\"fusion-layout-column fusion_builder_column_inner fusion-builder-nested-column-124 fusion_builder_column_inner_1_3 1_3 fusion-flex-column\" style=\"--awb-bg-size:cover;--awb-width-large:33.333333333333%;--awb-margin-top-large:0px;--awb-spacing-right-large:2vw;--awb-margin-bottom-large:20px;--awb-spacing-left-large:5.76%;--awb-width-medium:100%;--awb-order-medium:0;--awb-spacing-right-medium:1.92%;--awb-spacing-left-medium:1.92%;--awb-width-small:100%;--awb-order-small:0;--awb-spacing-right-small:1.92%;--awb-spacing-left-small:1.92%;\"><div class=\"fusion-column-wrapper fusion-column-has-shadow fusion-flex-justify-content-flex-start fusion-content-layout-column\"><div class=\"fusion-image-element \" style=\"text-align:right;--awb-max-width:450px;--awb-caption-title-font-family:var(--h2_typography-font-family);--awb-caption-title-font-weight:var(--h2_typography-font-weight);--awb-caption-title-font-style:var(--h2_typography-font-style);--awb-caption-title-size:var(--h2_typography-font-size);--awb-caption-title-transform:var(--h2_typography-text-transform);--awb-caption-title-line-height:var(--h2_typography-line-height);--awb-caption-title-letter-spacing:var(--h2_typography-letter-spacing);\"><span class=\" fusion-imageframe imageframe-none imageframe-24 hover-type-none\"><img decoding=\"async\" width=\"300\" height=\"225\" title=\"SDE REBPF IlluTotales Enseignement\" src=\"https:\/\/www.service-public.pf\/sde\/wp-content\/uploads\/sites\/15\/2023\/01\/SDE-REBPF-IlluTotales-Enseignement-300x225.png\" alt class=\"img-responsive wp-image-3429\" srcset=\"https:\/\/www.service-public.pf\/sde\/wp-content\/uploads\/sites\/15\/2023\/01\/SDE-REBPF-IlluTotales-Enseignement-200x150.png 200w, https:\/\/www.service-public.pf\/sde\/wp-content\/uploads\/sites\/15\/2023\/01\/SDE-REBPF-IlluTotales-Enseignement-400x300.png 400w, https:\/\/www.service-public.pf\/sde\/wp-content\/uploads\/sites\/15\/2023\/01\/SDE-REBPF-IlluTotales-Enseignement-600x450.png 600w, https:\/\/www.service-public.pf\/sde\/wp-content\/uploads\/sites\/15\/2023\/01\/SDE-REBPF-IlluTotales-Enseignement-800x600.png 800w, https:\/\/www.service-public.pf\/sde\/wp-content\/uploads\/sites\/15\/2023\/01\/SDE-REBPF-IlluTotales-Enseignement-1200x900.png 1200w, https:\/\/www.service-public.pf\/sde\/wp-content\/uploads\/sites\/15\/2023\/01\/SDE-REBPF-IlluTotales-Enseignement.png 1453w\" sizes=\"(max-width: 1024px) 100vw, (max-width: 640px) 100vw, 800px\" \/><\/span><\/div><\/div><\/div><div class=\"fusion-layout-column fusion_builder_column_inner fusion-builder-nested-column-125 fusion_builder_column_inner_2_3 2_3 fusion-flex-column\" style=\"--awb-bg-size:cover;--awb-width-large:66.666666666667%;--awb-margin-top-large:0px;--awb-spacing-right-large:2.88%;--awb-margin-bottom-large:20px;--awb-spacing-left-large:2.88%;--awb-width-medium:100%;--awb-order-medium:0;--awb-spacing-right-medium:1.92%;--awb-spacing-left-medium:1.92%;--awb-width-small:100%;--awb-order-small:0;--awb-spacing-right-small:1.92%;--awb-spacing-left-small:1.92%;\"><div class=\"fusion-column-wrapper fusion-column-has-shadow fusion-flex-justify-content-center fusion-content-layout-column\"><div class=\"fusion-text fusion-text-95\" style=\"--awb-content-alignment:center;--awb-font-size:24pt;\"><p>Localisation\u00a0du projet : <strong>Iles du Vent, \u00e0 une altitude sup\u00e9rieure ou \u00e9gale \u00e0 500 m\u00e8tres<\/strong><\/p>\n<p>Typologie de la construction\u00a0: <strong>Enseignement<\/strong><\/p>\n<\/div><\/div><\/div><div class=\"fusion-layout-column fusion_builder_column_inner fusion-builder-nested-column-126 fusion_builder_column_inner_1_1 1_1 fusion-flex-column\" style=\"--awb-bg-size:cover;--awb-width-large:100%;--awb-margin-top-large:0px;--awb-spacing-right-large:1.92%;--awb-margin-bottom-large:20px;--awb-spacing-left-large:1.92%;--awb-width-medium:100%;--awb-order-medium:0;--awb-spacing-right-medium:1.92%;--awb-spacing-left-medium:1.92%;--awb-width-small:100%;--awb-order-small:0;--awb-spacing-right-small:1.92%;--awb-spacing-left-small:1.92%;\"><div class=\"fusion-column-wrapper fusion-column-has-shadow fusion-flex-justify-content-flex-start fusion-content-layout-column\"><div class=\"fusion-separator fusion-full-width-sep\" style=\"align-self: center;margin-left: auto;margin-right: auto;margin-bottom:20px;width:100%;\"><div class=\"fusion-separator-border sep-shadow\" style=\"--awb-height:20px;--awb-amount:20px;background:radial-gradient(ellipse at 50% -50% , #e0dede 0px, rgba(255, 255, 255, 0) 80%) repeat scroll 0 0 rgba(0, 0, 0, 0);background:-webkit-radial-gradient(ellipse at 50% -50% , #e0dede 0px, rgba(255, 255, 255, 0) 80%) repeat scroll 0 0 rgba(0, 0, 0, 0);background:-moz-radial-gradient(ellipse at 50% -50% , #e0dede 0px, rgba(255, 255, 255, 0) 80%) repeat scroll 0 0 rgba(0, 0, 0, 0);background:-o-radial-gradient(ellipse at 50% -50% , #e0dede 0px, rgba(255, 255, 255, 0) 80%) repeat scroll 0 0 rgba(0, 0, 0, 0);\"><\/div><\/div><\/div><\/div><div class=\"fusion-layout-column fusion_builder_column_inner fusion-builder-nested-column-127 fusion_builder_column_inner_1_1 1_1 fusion-flex-column\" style=\"--awb-bg-color:#ffffff;--awb-bg-color-hover:#ffffff;--awb-bg-size:cover;--awb-width-large:100%;--awb-margin-top-large:0px;--awb-spacing-right-large:1.92%;--awb-margin-bottom-large:20px;--awb-spacing-left-large:1.92%;--awb-width-medium:100%;--awb-order-medium:0;--awb-spacing-right-medium:1.92%;--awb-spacing-left-medium:1.92%;--awb-width-small:100%;--awb-order-small:0;--awb-spacing-right-small:1.92%;--awb-spacing-left-small:1.92%;\"><div class=\"fusion-column-wrapper fusion-column-has-shadow fusion-flex-justify-content-flex-start fusion-content-layout-column\"><div class=\"fusion-text fusion-text-96\" style=\"--awb-text-color:#000000;\"><p><strong>Th\u00e9matiques applicables :<\/strong><\/p>\n<\/div><div class=\"accordian fusion-accordian\" style=\"--awb-border-size:1px;--awb-icon-size:13px;--awb-content-font-size:13px;--awb-icon-alignment:left;--awb-hover-color:#f9f9f9;--awb-border-color:#cccccc;--awb-background-color:#ffffff;--awb-divider-color:#e0dede;--awb-divider-hover-color:#e0dede;--awb-icon-color:#ffffff;--awb-title-color:#333333;--awb-content-color:#747474;--awb-icon-box-color:#333333;--awb-toggle-hover-accent-color:#26a147;--awb-title-font-family:&quot;PT Sans&quot;;--awb-title-font-weight:400;--awb-title-font-style:normal;--awb-title-font-size:13px;--awb-content-font-family:&quot;PT Sans&quot;;--awb-content-font-style:normal;--awb-content-font-weight:400;\"><div class=\"panel-group fusion-toggle-icon-boxed\" id=\"accordion-3355-24\"><div class=\"fusion-panel panel-default panel-cb81af0d9ab04658a fusion-toggle-has-divider\" style=\"--awb-title-color:#333333;--awb-content-color:#747474;\"><div class=\"panel-heading\"><h4 class=\"panel-title toggle\" id=\"toggle_cb81af0d9ab04658a\"><a aria-expanded=\"false\" aria-controls=\"cb81af0d9ab04658a\" role=\"button\" data-toggle=\"collapse\" data-parent=\"#accordion-3355-24\" data-target=\"#cb81af0d9ab04658a\" href=\"#cb81af0d9ab04658a\"><span class=\"fusion-toggle-icon-wrapper\" aria-hidden=\"true\"><i class=\"fa-fusion-box active-icon awb-icon-minus\" aria-hidden=\"true\"><\/i><i class=\"fa-fusion-box inactive-icon awb-icon-plus\" aria-hidden=\"true\"><\/i><\/span><span class=\"fusion-toggle-heading\">Protection solaire de la toiture<\/span><\/a><\/h4><\/div><div id=\"cb81af0d9ab04658a\" class=\"panel-collapse collapse \" aria-labelledby=\"toggle_cb81af0d9ab04658a\"><div class=\"panel-body toggle-content fusion-clearfix\">\n<table style=\"width: 100%;height: 187px\">\n<tbody>\n<tr style=\"height: 187px\">\n<td style=\"height: 187px\"><span style=\"color: #000000\"><strong><span style=\"text-decoration: underline\">Locaux concern\u00e9s<\/span> :<\/strong><\/span><\/p>\n<ul>\n<li>Locaux clos et climatis\u00e9s ou occup\u00e9s (exemples\u00a0: salle de classe, infirmerie, biblioth\u00e8que, salle de r\u00e9union, espace d\u2019accueil avec personnel permanent, \u2026)<\/li>\n<li>Locaux clos non-occup\u00e9s donnant <u>directement<\/u> sur les locaux ci-dessus, hors locaux techniques, stationnements et espaces de stockage non climatis\u00e9s (exemples : sanitaires, vestiaire, circulation close, \u2026)<\/li>\n<\/ul>\n<\/td>\n<td style=\"height: 187px\"><img decoding=\"async\" class=\"alignright wp-image-3430\" src=\"https:\/\/www.service-public.pf\/sde\/wp-content\/uploads\/sites\/15\/2023\/01\/SDE-REBPF-IlluTotales-Enseignement-ProToiture.png\" alt=\"\" width=\"300\" height=\"225\" srcset=\"https:\/\/www.service-public.pf\/sde\/wp-content\/uploads\/sites\/15\/2023\/01\/SDE-REBPF-IlluTotales-Enseignement-ProToiture-200x150.png 200w, https:\/\/www.service-public.pf\/sde\/wp-content\/uploads\/sites\/15\/2023\/01\/SDE-REBPF-IlluTotales-Enseignement-ProToiture-300x225.png 300w, https:\/\/www.service-public.pf\/sde\/wp-content\/uploads\/sites\/15\/2023\/01\/SDE-REBPF-IlluTotales-Enseignement-ProToiture-400x300.png 400w, https:\/\/www.service-public.pf\/sde\/wp-content\/uploads\/sites\/15\/2023\/01\/SDE-REBPF-IlluTotales-Enseignement-ProToiture-600x450.png 600w, https:\/\/www.service-public.pf\/sde\/wp-content\/uploads\/sites\/15\/2023\/01\/SDE-REBPF-IlluTotales-Enseignement-ProToiture-768x576.png 768w, https:\/\/www.service-public.pf\/sde\/wp-content\/uploads\/sites\/15\/2023\/01\/SDE-REBPF-IlluTotales-Enseignement-ProToiture-800x600.png 800w, https:\/\/www.service-public.pf\/sde\/wp-content\/uploads\/sites\/15\/2023\/01\/SDE-REBPF-IlluTotales-Enseignement-ProToiture-1024x768.png 1024w, https:\/\/www.service-public.pf\/sde\/wp-content\/uploads\/sites\/15\/2023\/01\/SDE-REBPF-IlluTotales-Enseignement-ProToiture-1200x900.png 1200w, https:\/\/www.service-public.pf\/sde\/wp-content\/uploads\/sites\/15\/2023\/01\/SDE-REBPF-IlluTotales-Enseignement-ProToiture.png 1453w\" sizes=\"(max-width: 300px) 100vw, 300px\" \/><\/td>\n<\/tr>\n<\/tbody>\n<\/table>\n<p style=\"color: #000000\"><strong><span style=\"text-decoration: underline\">Seuils \u00e0 respecter : <\/span><\/strong><\/p>\n<table class=\"table table-bordered\" style=\"width: 100%\">\n<tbody>\n<tr>\n<td style=\"width: 24.0317%\"><strong>Mesure<\/strong><\/td>\n<td style=\"width: 4.78677%\"><strong>Seuil<\/strong><\/td>\n<td style=\"width: 58.7865%\"><strong>Exemples de solutions<\/strong><\/td>\n<\/tr>\n<tr>\n<td style=\"width: 24.0317%\">Facteur solaire maximal de la toiture<\/td>\n<td style=\"width: 4.78677%\">2,5%<\/td>\n<td style=\"width: 58.7865%\">\n<ul>\n<li>Toiture (avec combles) en t\u00f4le de teinte claire avec 3 cm de laine min\u00e9rale minimum<\/li>\n<li>Toiture (avec combles) en t\u00f4le de teinte moyenne avec 5 cm de laine min\u00e9rale minimum<\/li>\n<li>Toiture (avec combles) en t\u00f4le de teinte sombre avec 7,5 cm de laine min\u00e9rale minimum<\/li>\n<li>Toiture terrasse en b\u00e9ton de teinte moyenne avec 6 cm de polystyr\u00e8ne expans\u00e9 minimum<\/li>\n<li>Toiture terrasse en b\u00e9ton avec sur-toiture largement ventil\u00e9e<\/li>\n<\/ul>\n<\/td>\n<\/tr>\n<\/tbody>\n<\/table>\n<p><span style=\"color: #000000\"><strong>Pour plus d\u2019informations sur l\u2019application de la th\u00e9matique, consultez la fiche en question :<\/strong><\/span><\/p>\n<ul>\n<li><a href=\"https:\/\/www.service-public.pf\/sde\/wp-content\/uploads\/sites\/15\/2023\/09\/Fiche-02-Protection-solaire-des-parois-opaques-horizontales-Toitures.pdf\">Fiche d\u2019application \u00ab\u00a0Protection solaire de la toiture\u00a0\u00bb<\/a><\/li>\n<\/ul>\n<\/div><\/div><\/div><\/div><\/div><div class=\"fusion-text fusion-text-97\" style=\"--awb-margin-top:10px;\"><p><span style=\"color: #000000\"><strong>Informations relatives aux demandes de permis de construire et au certificat de conformit\u00e9<\/strong><\/span><\/p>\n<p>Le p\u00e9titionnaire remplit les nouveaux formulaires de demande de permis de construire et de certificat de conformit\u00e9 de la DCA qui int\u00e8grent la d\u00e9claration du respect de la r\u00e9glementation.<\/p>\n<p><strong>Si les surfaces de plancher construites cumul\u00e9es* sont sup\u00e9rieures \u00e0 250 m\u00b2 de plancher, les demandes de permis de construire et de certificat de conformit\u00e9 doivent \u00eatre accompagn\u00e9es de l\u2019avis d\u2019un organisme agr\u00e9\u00e9<\/strong><\/p>\n<ul>\n<li><a href=\"https:\/\/www.service-public.pf\/sde\/organismes-agrees\/\">Parcourir la page d\u00e9di\u00e9e aux organismes agr\u00e9\u00e9s<\/a><\/li>\n<\/ul>\n<p><em><span style=\"font-size: 10pt\">* Les surfaces de plancher \u00e0 consid\u00e9rer sont celles de n\u2019importe quel b\u00e2timent neuf rattach\u00e9 au projet de construction, d\u00e8s lors que la typologie associ\u00e9e est bureaux, enseignement, \u00e9tablissement de soin, h\u00f4tellerie ou logement collectif.<\/span><\/em><\/p>\n<p style=\"color: #000000\"><strong>Informations sur les dispositions applicables \u00e0 la typologie <\/strong>(ne consulter que les rubriques des th\u00e9matiques concernant le projet de construction)<strong>\u00a0:<\/strong><\/p>\n<ul>\n<li><a href=\"https:\/\/www.service-public.pf\/sde\/wp-content\/uploads\/sites\/15\/2023\/04\/REPBF_Depliants_EtablissmentEnseignement_Pages-V2.pdf\">D\u00e9pliant \u00ab\u00a0Enseignement \u00bb<\/a><\/li>\n<\/ul>\n<\/div><\/div><\/div><\/div><\/div><\/div><\/div><\/div><div class=\"fusion-fullwidth fullwidth-box fusion-builder-row-5-6 fusion-flex-container has-pattern-background has-mask-background nonhundred-percent-fullwidth non-hundred-percent-height-scrolling\" style=\"--awb-border-radius-top-left:0px;--awb-border-radius-top-right:0px;--awb-border-radius-bottom-right:0px;--awb-border-radius-bottom-left:0px;--awb-flex-wrap:wrap;\" ><div class=\"fusion-builder-row fusion-row fusion-flex-align-items-flex-start fusion-flex-justify-content-center fusion-flex-content-wrap\" style=\"width:104% !important;max-width:104% !important;margin-left: calc(-4% \/ 2 );margin-right: calc(-4% \/ 2 );\"><div class=\"fusion-layout-column fusion_builder_column fusion-builder-column-35 fusion_builder_column_5_6 5_6 fusion-flex-column\" style=\"--awb-bg-size:cover;--awb-width-large:83.333333333333%;--awb-flex-grow:0;--awb-flex-shrink:0;--awb-margin-top-large:0px;--awb-spacing-right-large:2.304%;--awb-margin-bottom-large:20px;--awb-spacing-left-large:2.304%;--awb-width-medium:100%;--awb-order-medium:0;--awb-flex-grow-medium:0;--awb-flex-shrink-medium:0;--awb-spacing-right-medium:1.92%;--awb-spacing-left-medium:1.92%;--awb-width-small:100%;--awb-order-small:0;--awb-flex-grow-small:0;--awb-flex-shrink-small:0;--awb-spacing-right-small:1.92%;--awb-spacing-left-small:1.92%;\"><div class=\"fusion-column-wrapper fusion-column-has-shadow fusion-flex-justify-content-flex-start fusion-content-layout-column\"><div id=\"vct_typologie_batiment_islv_inf\" class=\"fusion-form-field fusion-form-image-select-field fusion-form-label-above fusion-form-field-fusion-form-image-select-6 option-inline\" data-form-id=\"3768\" style=\"--awb-active-color:#bdd547;--awb-inactive-color:#26a147;--awb-height:150px;--awb-width:100%;--awb-padding-top:10px;--awb-padding-right:20px;--awb-padding-bottom:10px;--awb-padding-left:20px;--awb-border-size-top:2px;--awb-border-size-right:2px;--awb-border-size-bottom:2px;--awb-border-size-left:2px;--awb-hover-color:rgba(189,213,71,0.5);\"><fieldset><legend class=\"fusion-form-label-wrapper\"><span class=\"label\">S\u00e9lectionnez la typologie associ\u00e9e \u00e0 votre b\u00e2timent ou partie de b\u00e2timent<\/span><\/legend><div class=\"fusion-form-image-select\"><input tabindex=\"\" id=\"image-select-logement_individuel29\" type=\"radio\" value=\"logement_individuel\" name=\"typologie_batiment_islv_inf[]\" class=\"fusion-form-input\" data-holds-private-data=\"false\"\/><label for=\"image-select-logement_individuel29\"><span>Logement individuel<\/span><picture class=\"fusion-form-image-wrapper\"><img decoding=\"async\" width=\"1453\" height=\"1090\" src=\"https:\/\/www.service-public.pf\/sde\/wp-content\/uploads\/sites\/15\/2023\/01\/SDE-REBPF-IlluTotales-Logement-Individuel.png\" class=\"attachment-full size-full\" alt=\"\" srcset=\"https:\/\/www.service-public.pf\/sde\/wp-content\/uploads\/sites\/15\/2023\/01\/SDE-REBPF-IlluTotales-Logement-Individuel-200x150.png 200w, https:\/\/www.service-public.pf\/sde\/wp-content\/uploads\/sites\/15\/2023\/01\/SDE-REBPF-IlluTotales-Logement-Individuel-300x225.png 300w, https:\/\/www.service-public.pf\/sde\/wp-content\/uploads\/sites\/15\/2023\/01\/SDE-REBPF-IlluTotales-Logement-Individuel-400x300.png 400w, https:\/\/www.service-public.pf\/sde\/wp-content\/uploads\/sites\/15\/2023\/01\/SDE-REBPF-IlluTotales-Logement-Individuel-600x450.png 600w, https:\/\/www.service-public.pf\/sde\/wp-content\/uploads\/sites\/15\/2023\/01\/SDE-REBPF-IlluTotales-Logement-Individuel-768x576.png 768w, https:\/\/www.service-public.pf\/sde\/wp-content\/uploads\/sites\/15\/2023\/01\/SDE-REBPF-IlluTotales-Logement-Individuel-800x600.png 800w, https:\/\/www.service-public.pf\/sde\/wp-content\/uploads\/sites\/15\/2023\/01\/SDE-REBPF-IlluTotales-Logement-Individuel-1024x768.png 1024w, https:\/\/www.service-public.pf\/sde\/wp-content\/uploads\/sites\/15\/2023\/01\/SDE-REBPF-IlluTotales-Logement-Individuel-1200x900.png 1200w, https:\/\/www.service-public.pf\/sde\/wp-content\/uploads\/sites\/15\/2023\/01\/SDE-REBPF-IlluTotales-Logement-Individuel.png 1453w\" sizes=\"(max-width: 1453px) 100vw, 1453px\" \/><\/picture><\/label><\/div><div class=\"fusion-form-image-select\"><input tabindex=\"\" id=\"image-select-logement_collectif30\" type=\"radio\" value=\"logement_collectif\" name=\"typologie_batiment_islv_inf[]\" class=\"fusion-form-input\" data-holds-private-data=\"false\"\/><label for=\"image-select-logement_collectif30\"><span>Logement collectif<\/span><picture class=\"fusion-form-image-wrapper\"><img decoding=\"async\" width=\"1453\" height=\"1090\" src=\"https:\/\/www.service-public.pf\/sde\/wp-content\/uploads\/sites\/15\/2023\/01\/SDE-REBPF-IlluTotales-Logement-Collectif.png\" class=\"attachment-full size-full\" alt=\"\" srcset=\"https:\/\/www.service-public.pf\/sde\/wp-content\/uploads\/sites\/15\/2023\/01\/SDE-REBPF-IlluTotales-Logement-Collectif-200x150.png 200w, https:\/\/www.service-public.pf\/sde\/wp-content\/uploads\/sites\/15\/2023\/01\/SDE-REBPF-IlluTotales-Logement-Collectif-300x225.png 300w, https:\/\/www.service-public.pf\/sde\/wp-content\/uploads\/sites\/15\/2023\/01\/SDE-REBPF-IlluTotales-Logement-Collectif-400x300.png 400w, https:\/\/www.service-public.pf\/sde\/wp-content\/uploads\/sites\/15\/2023\/01\/SDE-REBPF-IlluTotales-Logement-Collectif-600x450.png 600w, https:\/\/www.service-public.pf\/sde\/wp-content\/uploads\/sites\/15\/2023\/01\/SDE-REBPF-IlluTotales-Logement-Collectif-768x576.png 768w, https:\/\/www.service-public.pf\/sde\/wp-content\/uploads\/sites\/15\/2023\/01\/SDE-REBPF-IlluTotales-Logement-Collectif-800x600.png 800w, https:\/\/www.service-public.pf\/sde\/wp-content\/uploads\/sites\/15\/2023\/01\/SDE-REBPF-IlluTotales-Logement-Collectif-1024x768.png 1024w, https:\/\/www.service-public.pf\/sde\/wp-content\/uploads\/sites\/15\/2023\/01\/SDE-REBPF-IlluTotales-Logement-Collectif-1200x900.png 1200w, https:\/\/www.service-public.pf\/sde\/wp-content\/uploads\/sites\/15\/2023\/01\/SDE-REBPF-IlluTotales-Logement-Collectif.png 1453w\" sizes=\"(max-width: 1453px) 100vw, 1453px\" \/><\/picture><\/label><\/div><div class=\"fusion-form-image-select\"><input tabindex=\"\" id=\"image-select-batiment_de_bureaux31\" type=\"radio\" value=\"batiment_de_bureaux\" name=\"typologie_batiment_islv_inf[]\" class=\"fusion-form-input\" data-holds-private-data=\"false\"\/><label for=\"image-select-batiment_de_bureaux31\"><span>B\u00e2timent de bureaux<\/span><picture class=\"fusion-form-image-wrapper\"><img decoding=\"async\" width=\"1453\" height=\"1090\" src=\"https:\/\/www.service-public.pf\/sde\/wp-content\/uploads\/sites\/15\/2023\/01\/SDE-REBPF-IlluTotales-Bureau.png\" class=\"attachment-full size-full\" alt=\"\" srcset=\"https:\/\/www.service-public.pf\/sde\/wp-content\/uploads\/sites\/15\/2023\/01\/SDE-REBPF-IlluTotales-Bureau-200x150.png 200w, https:\/\/www.service-public.pf\/sde\/wp-content\/uploads\/sites\/15\/2023\/01\/SDE-REBPF-IlluTotales-Bureau-300x225.png 300w, https:\/\/www.service-public.pf\/sde\/wp-content\/uploads\/sites\/15\/2023\/01\/SDE-REBPF-IlluTotales-Bureau-400x300.png 400w, https:\/\/www.service-public.pf\/sde\/wp-content\/uploads\/sites\/15\/2023\/01\/SDE-REBPF-IlluTotales-Bureau-600x450.png 600w, https:\/\/www.service-public.pf\/sde\/wp-content\/uploads\/sites\/15\/2023\/01\/SDE-REBPF-IlluTotales-Bureau-768x576.png 768w, https:\/\/www.service-public.pf\/sde\/wp-content\/uploads\/sites\/15\/2023\/01\/SDE-REBPF-IlluTotales-Bureau-800x600.png 800w, https:\/\/www.service-public.pf\/sde\/wp-content\/uploads\/sites\/15\/2023\/01\/SDE-REBPF-IlluTotales-Bureau-1024x768.png 1024w, https:\/\/www.service-public.pf\/sde\/wp-content\/uploads\/sites\/15\/2023\/01\/SDE-REBPF-IlluTotales-Bureau-1200x900.png 1200w, https:\/\/www.service-public.pf\/sde\/wp-content\/uploads\/sites\/15\/2023\/01\/SDE-REBPF-IlluTotales-Bureau.png 1453w\" sizes=\"(max-width: 1453px) 100vw, 1453px\" \/><\/picture><\/label><\/div><div class=\"fusion-form-image-select\"><input tabindex=\"\" id=\"image-select-hotellerie32\" type=\"radio\" value=\"hotellerie\" name=\"typologie_batiment_islv_inf[]\" class=\"fusion-form-input\" data-holds-private-data=\"false\"\/><label for=\"image-select-hotellerie32\"><span>H\u00f4tellerie<\/span><picture class=\"fusion-form-image-wrapper\"><img decoding=\"async\" width=\"1453\" height=\"1090\" src=\"https:\/\/www.service-public.pf\/sde\/wp-content\/uploads\/sites\/15\/2023\/01\/SDE-REBPF-IlluTotales-Hotel-Pension.png\" class=\"attachment-full size-full\" alt=\"\" srcset=\"https:\/\/www.service-public.pf\/sde\/wp-content\/uploads\/sites\/15\/2023\/01\/SDE-REBPF-IlluTotales-Hotel-Pension-200x150.png 200w, https:\/\/www.service-public.pf\/sde\/wp-content\/uploads\/sites\/15\/2023\/01\/SDE-REBPF-IlluTotales-Hotel-Pension-300x225.png 300w, https:\/\/www.service-public.pf\/sde\/wp-content\/uploads\/sites\/15\/2023\/01\/SDE-REBPF-IlluTotales-Hotel-Pension-400x300.png 400w, https:\/\/www.service-public.pf\/sde\/wp-content\/uploads\/sites\/15\/2023\/01\/SDE-REBPF-IlluTotales-Hotel-Pension-600x450.png 600w, https:\/\/www.service-public.pf\/sde\/wp-content\/uploads\/sites\/15\/2023\/01\/SDE-REBPF-IlluTotales-Hotel-Pension-768x576.png 768w, https:\/\/www.service-public.pf\/sde\/wp-content\/uploads\/sites\/15\/2023\/01\/SDE-REBPF-IlluTotales-Hotel-Pension-800x600.png 800w, https:\/\/www.service-public.pf\/sde\/wp-content\/uploads\/sites\/15\/2023\/01\/SDE-REBPF-IlluTotales-Hotel-Pension-1024x768.png 1024w, https:\/\/www.service-public.pf\/sde\/wp-content\/uploads\/sites\/15\/2023\/01\/SDE-REBPF-IlluTotales-Hotel-Pension-1200x900.png 1200w, https:\/\/www.service-public.pf\/sde\/wp-content\/uploads\/sites\/15\/2023\/01\/SDE-REBPF-IlluTotales-Hotel-Pension.png 1453w\" sizes=\"(max-width: 1453px) 100vw, 1453px\" \/><\/picture><\/label><\/div><div class=\"fusion-form-image-select\"><input tabindex=\"\" id=\"image-select-etablissement_d_enseignement33\" type=\"radio\" value=\"etablissement_d_enseignement\" name=\"typologie_batiment_islv_inf[]\" class=\"fusion-form-input\" data-holds-private-data=\"false\"\/><label for=\"image-select-etablissement_d_enseignement33\"><span>\u00c9tablissement d&#039;enseignement<\/span><picture class=\"fusion-form-image-wrapper\"><img decoding=\"async\" width=\"1453\" height=\"1090\" src=\"https:\/\/www.service-public.pf\/sde\/wp-content\/uploads\/sites\/15\/2023\/01\/SDE-REBPF-IlluTotales-Enseignement.png\" class=\"attachment-full size-full\" alt=\"\" srcset=\"https:\/\/www.service-public.pf\/sde\/wp-content\/uploads\/sites\/15\/2023\/01\/SDE-REBPF-IlluTotales-Enseignement-200x150.png 200w, https:\/\/www.service-public.pf\/sde\/wp-content\/uploads\/sites\/15\/2023\/01\/SDE-REBPF-IlluTotales-Enseignement-300x225.png 300w, https:\/\/www.service-public.pf\/sde\/wp-content\/uploads\/sites\/15\/2023\/01\/SDE-REBPF-IlluTotales-Enseignement-400x300.png 400w, https:\/\/www.service-public.pf\/sde\/wp-content\/uploads\/sites\/15\/2023\/01\/SDE-REBPF-IlluTotales-Enseignement-600x450.png 600w, https:\/\/www.service-public.pf\/sde\/wp-content\/uploads\/sites\/15\/2023\/01\/SDE-REBPF-IlluTotales-Enseignement-768x576.png 768w, https:\/\/www.service-public.pf\/sde\/wp-content\/uploads\/sites\/15\/2023\/01\/SDE-REBPF-IlluTotales-Enseignement-800x600.png 800w, https:\/\/www.service-public.pf\/sde\/wp-content\/uploads\/sites\/15\/2023\/01\/SDE-REBPF-IlluTotales-Enseignement-1024x768.png 1024w, https:\/\/www.service-public.pf\/sde\/wp-content\/uploads\/sites\/15\/2023\/01\/SDE-REBPF-IlluTotales-Enseignement-1200x900.png 1200w, https:\/\/www.service-public.pf\/sde\/wp-content\/uploads\/sites\/15\/2023\/01\/SDE-REBPF-IlluTotales-Enseignement.png 1453w\" sizes=\"(max-width: 1453px) 100vw, 1453px\" \/><\/picture><\/label><\/div><div class=\"fusion-form-image-select\"><input tabindex=\"\" id=\"image-select-etablissement_de_soin34\" type=\"radio\" value=\"etablissement_de_soin\" name=\"typologie_batiment_islv_inf[]\" class=\"fusion-form-input\" data-holds-private-data=\"false\"\/><label for=\"image-select-etablissement_de_soin34\"><span>\u00c9tablissement de soin<\/span><picture class=\"fusion-form-image-wrapper\"><img decoding=\"async\" width=\"1453\" height=\"1090\" src=\"https:\/\/www.service-public.pf\/sde\/wp-content\/uploads\/sites\/15\/2023\/01\/SDE-REBPF-IlluTotales-Etablissement-Soin.png\" class=\"attachment-full size-full\" alt=\"\" srcset=\"https:\/\/www.service-public.pf\/sde\/wp-content\/uploads\/sites\/15\/2023\/01\/SDE-REBPF-IlluTotales-Etablissement-Soin-200x150.png 200w, https:\/\/www.service-public.pf\/sde\/wp-content\/uploads\/sites\/15\/2023\/01\/SDE-REBPF-IlluTotales-Etablissement-Soin-300x225.png 300w, https:\/\/www.service-public.pf\/sde\/wp-content\/uploads\/sites\/15\/2023\/01\/SDE-REBPF-IlluTotales-Etablissement-Soin-400x300.png 400w, https:\/\/www.service-public.pf\/sde\/wp-content\/uploads\/sites\/15\/2023\/01\/SDE-REBPF-IlluTotales-Etablissement-Soin-600x450.png 600w, https:\/\/www.service-public.pf\/sde\/wp-content\/uploads\/sites\/15\/2023\/01\/SDE-REBPF-IlluTotales-Etablissement-Soin-768x576.png 768w, https:\/\/www.service-public.pf\/sde\/wp-content\/uploads\/sites\/15\/2023\/01\/SDE-REBPF-IlluTotales-Etablissement-Soin-800x600.png 800w, https:\/\/www.service-public.pf\/sde\/wp-content\/uploads\/sites\/15\/2023\/01\/SDE-REBPF-IlluTotales-Etablissement-Soin-1024x768.png 1024w, https:\/\/www.service-public.pf\/sde\/wp-content\/uploads\/sites\/15\/2023\/01\/SDE-REBPF-IlluTotales-Etablissement-Soin-1200x900.png 1200w, https:\/\/www.service-public.pf\/sde\/wp-content\/uploads\/sites\/15\/2023\/01\/SDE-REBPF-IlluTotales-Etablissement-Soin.png 1453w\" sizes=\"(max-width: 1453px) 100vw, 1453px\" \/><\/picture><\/label><\/div><div class=\"fusion-form-image-select\"><input tabindex=\"\" id=\"image-select-restauration35\" type=\"radio\" value=\"restauration\" name=\"typologie_batiment_islv_inf[]\" class=\"fusion-form-input\" data-holds-private-data=\"false\"\/><label for=\"image-select-restauration35\"><span>Restauration<\/span><picture class=\"fusion-form-image-wrapper\"><img decoding=\"async\" width=\"1453\" height=\"1090\" src=\"https:\/\/www.service-public.pf\/sde\/wp-content\/uploads\/sites\/15\/2023\/01\/SDE-REBPF-IlluTotales-Restaurant.png\" class=\"attachment-full size-full\" alt=\"\" srcset=\"https:\/\/www.service-public.pf\/sde\/wp-content\/uploads\/sites\/15\/2023\/01\/SDE-REBPF-IlluTotales-Restaurant-200x150.png 200w, https:\/\/www.service-public.pf\/sde\/wp-content\/uploads\/sites\/15\/2023\/01\/SDE-REBPF-IlluTotales-Restaurant-300x225.png 300w, https:\/\/www.service-public.pf\/sde\/wp-content\/uploads\/sites\/15\/2023\/01\/SDE-REBPF-IlluTotales-Restaurant-400x300.png 400w, https:\/\/www.service-public.pf\/sde\/wp-content\/uploads\/sites\/15\/2023\/01\/SDE-REBPF-IlluTotales-Restaurant-600x450.png 600w, https:\/\/www.service-public.pf\/sde\/wp-content\/uploads\/sites\/15\/2023\/01\/SDE-REBPF-IlluTotales-Restaurant-768x576.png 768w, https:\/\/www.service-public.pf\/sde\/wp-content\/uploads\/sites\/15\/2023\/01\/SDE-REBPF-IlluTotales-Restaurant-800x600.png 800w, https:\/\/www.service-public.pf\/sde\/wp-content\/uploads\/sites\/15\/2023\/01\/SDE-REBPF-IlluTotales-Restaurant-1024x768.png 1024w, https:\/\/www.service-public.pf\/sde\/wp-content\/uploads\/sites\/15\/2023\/01\/SDE-REBPF-IlluTotales-Restaurant-1200x900.png 1200w, https:\/\/www.service-public.pf\/sde\/wp-content\/uploads\/sites\/15\/2023\/01\/SDE-REBPF-IlluTotales-Restaurant.png 1453w\" sizes=\"(max-width: 1453px) 100vw, 1453px\" \/><\/picture><\/label><\/div><div class=\"fusion-form-image-select\"><input tabindex=\"\" id=\"image-select-autre_batiment36\" type=\"radio\" value=\"autre_batiment\" name=\"typologie_batiment_islv_inf[]\" class=\"fusion-form-input\" data-holds-private-data=\"false\"\/><label for=\"image-select-autre_batiment36\"><span>Autre b\u00e2timent<\/span><picture class=\"fusion-form-image-wrapper\"><img decoding=\"async\" width=\"1453\" height=\"1090\" src=\"https:\/\/www.service-public.pf\/sde\/wp-content\/uploads\/sites\/15\/2023\/01\/SDE-REBPF-IlluTotales-Divers.png\" class=\"attachment-full size-full\" alt=\"\" srcset=\"https:\/\/www.service-public.pf\/sde\/wp-content\/uploads\/sites\/15\/2023\/01\/SDE-REBPF-IlluTotales-Divers-200x150.png 200w, https:\/\/www.service-public.pf\/sde\/wp-content\/uploads\/sites\/15\/2023\/01\/SDE-REBPF-IlluTotales-Divers-300x225.png 300w, https:\/\/www.service-public.pf\/sde\/wp-content\/uploads\/sites\/15\/2023\/01\/SDE-REBPF-IlluTotales-Divers-400x300.png 400w, https:\/\/www.service-public.pf\/sde\/wp-content\/uploads\/sites\/15\/2023\/01\/SDE-REBPF-IlluTotales-Divers-600x450.png 600w, https:\/\/www.service-public.pf\/sde\/wp-content\/uploads\/sites\/15\/2023\/01\/SDE-REBPF-IlluTotales-Divers-768x576.png 768w, https:\/\/www.service-public.pf\/sde\/wp-content\/uploads\/sites\/15\/2023\/01\/SDE-REBPF-IlluTotales-Divers-800x600.png 800w, https:\/\/www.service-public.pf\/sde\/wp-content\/uploads\/sites\/15\/2023\/01\/SDE-REBPF-IlluTotales-Divers-1024x768.png 1024w, https:\/\/www.service-public.pf\/sde\/wp-content\/uploads\/sites\/15\/2023\/01\/SDE-REBPF-IlluTotales-Divers-1200x900.png 1200w, https:\/\/www.service-public.pf\/sde\/wp-content\/uploads\/sites\/15\/2023\/01\/SDE-REBPF-IlluTotales-Divers.png 1453w\" sizes=\"(max-width: 1453px) 100vw, 1453px\" \/><\/picture><\/label><\/div><\/fieldset><\/div><\/div><\/div><div class=\"fusion-layout-column fusion_builder_column fusion-builder-column-36 fusion_builder_column_4_5 4_5 fusion-flex-column vct_islv_inf500_content\" style=\"--awb-bg-size:cover;--awb-width-large:80%;--awb-flex-grow:0;--awb-flex-shrink:0;--awb-margin-top-large:0px;--awb-spacing-right-large:2.4%;--awb-margin-bottom-large:20px;--awb-spacing-left-large:2.4%;--awb-width-medium:100%;--awb-order-medium:0;--awb-flex-grow-medium:0;--awb-flex-shrink-medium:0;--awb-spacing-right-medium:1.92%;--awb-spacing-left-medium:1.92%;--awb-width-small:100%;--awb-order-small:0;--awb-flex-grow-small:0;--awb-flex-shrink-small:0;--awb-spacing-right-small:1.92%;--awb-spacing-left-small:1.92%;\" id=\"vct_islv_inf500_autrebatiment_content\"><div class=\"fusion-column-wrapper fusion-column-has-shadow fusion-flex-justify-content-flex-start fusion-content-layout-column\"><div class=\"fusion-title title fusion-title-28 fusion-sep-none fusion-title-center fusion-title-text fusion-title-size-two hidden\" style=\"--awb-margin-top-small:0px;--awb-margin-right-small:0px;--awb-margin-bottom-small:20px;--awb-margin-left-small:0px;\"><h2 class=\"fusion-title-heading title-heading-center\" style=\"margin:0;\">Protection solaire de la toiture + D\u00e9pliant Autre + Formulaire 1-ISLV<\/h2><\/div><div class=\"fusion-text fusion-text-98 vct_description_typologie\"><p>Il s\u2019agit de tout b\u00e2timent ou toute partie de b\u00e2timent, qui est concern\u00e9 par la r\u00e9glementation mais<br \/>\nqui n\u2019est pas associ\u00e9 \u00e0 une typologie particuli\u00e8re.<\/p>\n<p>Pour rappel, les b\u00e2timents ou parties de b\u00e2timents non concern\u00e9s par la r\u00e9glementation sont :<\/p>\n<ul>\n<li>Les constructions neuves totalement ouvertes ;<\/li>\n<li>Les constructions neuves et partiellement ou totalement close mais inoccup\u00e9es et non<br \/>\nclimatis\u00e9es ;<\/li>\n<li>Les habitations de style traditionnel polyn\u00e9sien telles que d\u00e9finies \u00e0 l\u2019article D.370-1 et<br \/>\nsuivants du code de l\u2019am\u00e9nagement de Polyn\u00e9sie fran\u00e7aise ;<\/li>\n<li>Les \u00e9tablissements recevant du public (ERP) suivants\u00a0: b\u00e2timents de culte\u00a0; \u00e9tablissements de<br \/>\nplein air\u00a0; chapiteaux, tentes, structures\u00a0; structures gonflables\u00a0; stationnements couverts\u00a0;<br \/>\ngares\u00a0; \u00e9tablissements flottants.<\/li>\n<\/ul>\n<\/div><div class=\"fusion-builder-row fusion-builder-row-inner fusion-row fusion-flex-align-items-flex-start fusion-flex-justify-content-center fusion-flex-content-wrap\" style=\"--awb-flex-grow:0;--awb-flex-grow-medium:0;--awb-flex-grow-small:0;--awb-flex-shrink:0;--awb-flex-shrink-medium:0;--awb-flex-shrink-small:0;width:104% !important;max-width:104% !important;margin-left: calc(-4% \/ 2 );margin-right: calc(-4% \/ 2 );\"><div class=\"fusion-layout-column fusion_builder_column_inner fusion-builder-nested-column-128 fusion_builder_column_inner_1_1 1_1 fusion-flex-column\" style=\"--awb-bg-size:cover;--awb-width-large:100%;--awb-margin-top-large:0px;--awb-spacing-right-large:1.92%;--awb-margin-bottom-large:20px;--awb-spacing-left-large:1.92%;--awb-width-medium:100%;--awb-order-medium:0;--awb-spacing-right-medium:1.92%;--awb-spacing-left-medium:1.92%;--awb-width-small:100%;--awb-order-small:0;--awb-spacing-right-small:1.92%;--awb-spacing-left-small:1.92%;\"><div class=\"fusion-column-wrapper fusion-column-has-shadow fusion-flex-justify-content-flex-start fusion-content-layout-column\"><div class=\"fusion-separator fusion-full-width-sep\" style=\"align-self: center;margin-left: auto;margin-right: auto;width:100%;\"><div class=\"fusion-separator-border sep-shadow\" style=\"--awb-height:20px;--awb-amount:20px;background:radial-gradient(ellipse at 50% -50% , #e0dede 0px, rgba(255, 255, 255, 0) 80%) repeat scroll 0 0 rgba(0, 0, 0, 0);background:-webkit-radial-gradient(ellipse at 50% -50% , #e0dede 0px, rgba(255, 255, 255, 0) 80%) repeat scroll 0 0 rgba(0, 0, 0, 0);background:-moz-radial-gradient(ellipse at 50% -50% , #e0dede 0px, rgba(255, 255, 255, 0) 80%) repeat scroll 0 0 rgba(0, 0, 0, 0);background:-o-radial-gradient(ellipse at 50% -50% , #e0dede 0px, rgba(255, 255, 255, 0) 80%) repeat scroll 0 0 rgba(0, 0, 0, 0);\"><\/div><\/div><\/div><\/div><div class=\"fusion-layout-column fusion_builder_column_inner fusion-builder-nested-column-129 fusion_builder_column_inner_1_3 1_3 fusion-flex-column\" style=\"--awb-bg-size:cover;--awb-width-large:33.333333333333%;--awb-margin-top-large:0px;--awb-spacing-right-large:2vw;--awb-margin-bottom-large:20px;--awb-spacing-left-large:5.76%;--awb-width-medium:100%;--awb-order-medium:0;--awb-spacing-right-medium:1.92%;--awb-spacing-left-medium:1.92%;--awb-width-small:100%;--awb-order-small:0;--awb-spacing-right-small:1.92%;--awb-spacing-left-small:1.92%;\"><div class=\"fusion-column-wrapper fusion-column-has-shadow fusion-flex-justify-content-flex-start fusion-content-layout-column\"><div class=\"fusion-image-element \" style=\"text-align:right;--awb-max-width:450px;--awb-caption-title-font-family:var(--h2_typography-font-family);--awb-caption-title-font-weight:var(--h2_typography-font-weight);--awb-caption-title-font-style:var(--h2_typography-font-style);--awb-caption-title-size:var(--h2_typography-font-size);--awb-caption-title-transform:var(--h2_typography-text-transform);--awb-caption-title-line-height:var(--h2_typography-line-height);--awb-caption-title-letter-spacing:var(--h2_typography-letter-spacing);\"><span class=\" fusion-imageframe imageframe-none imageframe-25 hover-type-none\"><img decoding=\"async\" width=\"300\" height=\"225\" title=\"SDE REBPF IlluTotales Divers\" src=\"https:\/\/www.service-public.pf\/sde\/wp-content\/uploads\/sites\/15\/2023\/01\/SDE-REBPF-IlluTotales-Divers-300x225.png\" alt class=\"img-responsive wp-image-3435\" srcset=\"https:\/\/www.service-public.pf\/sde\/wp-content\/uploads\/sites\/15\/2023\/01\/SDE-REBPF-IlluTotales-Divers-200x150.png 200w, https:\/\/www.service-public.pf\/sde\/wp-content\/uploads\/sites\/15\/2023\/01\/SDE-REBPF-IlluTotales-Divers-400x300.png 400w, https:\/\/www.service-public.pf\/sde\/wp-content\/uploads\/sites\/15\/2023\/01\/SDE-REBPF-IlluTotales-Divers-600x450.png 600w, https:\/\/www.service-public.pf\/sde\/wp-content\/uploads\/sites\/15\/2023\/01\/SDE-REBPF-IlluTotales-Divers-800x600.png 800w, https:\/\/www.service-public.pf\/sde\/wp-content\/uploads\/sites\/15\/2023\/01\/SDE-REBPF-IlluTotales-Divers-1200x900.png 1200w, https:\/\/www.service-public.pf\/sde\/wp-content\/uploads\/sites\/15\/2023\/01\/SDE-REBPF-IlluTotales-Divers.png 1453w\" sizes=\"(max-width: 1024px) 100vw, (max-width: 640px) 100vw, 800px\" \/><\/span><\/div><\/div><\/div><div class=\"fusion-layout-column fusion_builder_column_inner fusion-builder-nested-column-130 fusion_builder_column_inner_2_3 2_3 fusion-flex-column\" style=\"--awb-bg-size:cover;--awb-width-large:66.666666666667%;--awb-margin-top-large:0px;--awb-spacing-right-large:2.88%;--awb-margin-bottom-large:20px;--awb-spacing-left-large:2.88%;--awb-width-medium:100%;--awb-order-medium:0;--awb-spacing-right-medium:1.92%;--awb-spacing-left-medium:1.92%;--awb-width-small:100%;--awb-order-small:0;--awb-spacing-right-small:1.92%;--awb-spacing-left-small:1.92%;\"><div class=\"fusion-column-wrapper fusion-column-has-shadow fusion-flex-justify-content-center fusion-content-layout-column\"><div class=\"fusion-text fusion-text-99\" style=\"--awb-content-alignment:center;--awb-font-size:24pt;\"><p>Localisation\u00a0du projet : <strong>Iles Sous-Le-Vent, \u00e0 une altitude inf\u00e9rieure \u00e0 500 m\u00e8tres<\/strong><\/p>\n<p>Typologie de la construction\u00a0: <strong>Pas de typologie particuli\u00e8re au sens de la REBPf<\/strong><\/p>\n<\/div><\/div><\/div><div class=\"fusion-layout-column fusion_builder_column_inner fusion-builder-nested-column-131 fusion_builder_column_inner_1_1 1_1 fusion-flex-column\" style=\"--awb-bg-size:cover;--awb-width-large:100%;--awb-margin-top-large:0px;--awb-spacing-right-large:1.92%;--awb-margin-bottom-large:20px;--awb-spacing-left-large:1.92%;--awb-width-medium:100%;--awb-order-medium:0;--awb-spacing-right-medium:1.92%;--awb-spacing-left-medium:1.92%;--awb-width-small:100%;--awb-order-small:0;--awb-spacing-right-small:1.92%;--awb-spacing-left-small:1.92%;\"><div class=\"fusion-column-wrapper fusion-column-has-shadow fusion-flex-justify-content-flex-start fusion-content-layout-column\"><div class=\"fusion-separator fusion-full-width-sep\" style=\"align-self: center;margin-left: auto;margin-right: auto;margin-bottom:20px;width:100%;\"><div class=\"fusion-separator-border sep-shadow\" style=\"--awb-height:20px;--awb-amount:20px;background:radial-gradient(ellipse at 50% -50% , #e0dede 0px, rgba(255, 255, 255, 0) 80%) repeat scroll 0 0 rgba(0, 0, 0, 0);background:-webkit-radial-gradient(ellipse at 50% -50% , #e0dede 0px, rgba(255, 255, 255, 0) 80%) repeat scroll 0 0 rgba(0, 0, 0, 0);background:-moz-radial-gradient(ellipse at 50% -50% , #e0dede 0px, rgba(255, 255, 255, 0) 80%) repeat scroll 0 0 rgba(0, 0, 0, 0);background:-o-radial-gradient(ellipse at 50% -50% , #e0dede 0px, rgba(255, 255, 255, 0) 80%) repeat scroll 0 0 rgba(0, 0, 0, 0);\"><\/div><\/div><\/div><\/div><div class=\"fusion-layout-column fusion_builder_column_inner fusion-builder-nested-column-132 fusion_builder_column_inner_1_1 1_1 fusion-flex-column\" style=\"--awb-bg-color:#ffffff;--awb-bg-color-hover:#ffffff;--awb-bg-size:cover;--awb-width-large:100%;--awb-margin-top-large:0px;--awb-spacing-right-large:1.92%;--awb-margin-bottom-large:20px;--awb-spacing-left-large:1.92%;--awb-width-medium:100%;--awb-order-medium:0;--awb-spacing-right-medium:1.92%;--awb-spacing-left-medium:1.92%;--awb-width-small:100%;--awb-order-small:0;--awb-spacing-right-small:1.92%;--awb-spacing-left-small:1.92%;\"><div class=\"fusion-column-wrapper fusion-column-has-shadow fusion-flex-justify-content-flex-start fusion-content-layout-column\"><div class=\"fusion-text fusion-text-100\" style=\"--awb-text-color:#000000;\"><p><strong>Th\u00e9matiques applicables<\/strong><\/p>\n<\/div><div class=\"accordian fusion-accordian\" style=\"--awb-border-size:1px;--awb-icon-size:13px;--awb-content-font-size:13px;--awb-icon-alignment:left;--awb-hover-color:#f9f9f9;--awb-border-color:#cccccc;--awb-background-color:#ffffff;--awb-divider-color:#e0dede;--awb-divider-hover-color:#e0dede;--awb-icon-color:#ffffff;--awb-title-color:#333333;--awb-content-color:#747474;--awb-icon-box-color:#333333;--awb-toggle-hover-accent-color:#26a147;--awb-title-font-family:&quot;PT Sans&quot;;--awb-title-font-weight:400;--awb-title-font-style:normal;--awb-title-font-size:13px;--awb-content-font-family:&quot;PT Sans&quot;;--awb-content-font-style:normal;--awb-content-font-weight:400;\"><div class=\"panel-group fusion-toggle-icon-boxed\" id=\"accordion-3355-25\"><div class=\"fusion-panel panel-default panel-cc3cc28f5ea5d3588 fusion-toggle-has-divider\" style=\"--awb-title-color:#333333;--awb-content-color:#747474;\"><div class=\"panel-heading\"><h4 class=\"panel-title toggle\" id=\"toggle_cc3cc28f5ea5d3588\"><a aria-expanded=\"false\" aria-controls=\"cc3cc28f5ea5d3588\" role=\"button\" data-toggle=\"collapse\" data-parent=\"#accordion-3355-25\" data-target=\"#cc3cc28f5ea5d3588\" href=\"#cc3cc28f5ea5d3588\"><span class=\"fusion-toggle-icon-wrapper\" aria-hidden=\"true\"><i class=\"fa-fusion-box active-icon awb-icon-minus\" aria-hidden=\"true\"><\/i><i class=\"fa-fusion-box inactive-icon awb-icon-plus\" aria-hidden=\"true\"><\/i><\/span><span class=\"fusion-toggle-heading\">Protection solaire de la toiture<\/span><\/a><\/h4><\/div><div id=\"cc3cc28f5ea5d3588\" class=\"panel-collapse collapse \" aria-labelledby=\"toggle_cc3cc28f5ea5d3588\"><div class=\"panel-body toggle-content fusion-clearfix\">\n<table style=\"width: 100%;height: 187px\">\n<tbody>\n<tr style=\"height: 187px\">\n<td style=\"height: 187px\"><span style=\"color: #000000\"><strong><span style=\"text-decoration: underline\">Locaux concern\u00e9s<\/span> :<\/strong><\/span><\/p>\n<ul>\n<li>Locaux clos et climatis\u00e9s ou occup\u00e9s<\/li>\n<li>Locaux clos non-occup\u00e9s donnant <u>directement<\/u> sur les locaux clos et climatis\u00e9s ou occup\u00e9s, \u00e0 l\u2019exception des locaux techniques, des stationnements et des espaces de stockage non climatis\u00e9s<\/li>\n<\/ul>\n<\/td>\n<td style=\"height: 187px\"><img decoding=\"async\" class=\"alignright wp-image-3430\" src=\"https:\/\/www.service-public.pf\/sde\/wp-content\/uploads\/sites\/15\/2023\/01\/SDE-REBPF-IlluTotales-Divers-ProToiture.png\" alt=\"\" width=\"300\" height=\"225\" \/><\/td>\n<\/tr>\n<\/tbody>\n<\/table>\n<p style=\"color: #000000\"><strong><span style=\"text-decoration: underline\">Seuils \u00e0 respecter<\/span> :<\/strong><\/p>\n<table class=\"table table-bordered\">\n<tbody>\n<tr>\n<td style=\"width: 25%\"><strong>Mesure<\/strong><\/td>\n<td style=\"width: 7.0755%\"><strong>Seuil<\/strong><\/td>\n<td style=\"width: 55.6175%\"><strong>Exemples de solutions<\/strong><\/td>\n<\/tr>\n<tr>\n<td style=\"width: 25%\">Facteur solaire maximal de la toiture<\/td>\n<td style=\"width: 7.0755%\">2,5%<\/td>\n<td style=\"width: 55.6175%\">\n<ul>\n<li>Toiture (avec combles) en t\u00f4le de teinte claire avec 3 cm de laine min\u00e9rale minimum<\/li>\n<li>Toiture (avec combles) en t\u00f4le de teinte moyenne avec 5 cm de laine min\u00e9rale minimum<\/li>\n<li>Toiture (avec combles) en t\u00f4le de teinte sombre avec 7,5 cm de laine min\u00e9rale minimum<\/li>\n<li>Toiture terrasse en b\u00e9ton de teinte moyenne avec 6 cm de polystyr\u00e8ne expans\u00e9 minimum<\/li>\n<li>Toiture terrasse en b\u00e9ton avec sur-toiture largement ventil\u00e9e<\/li>\n<\/ul>\n<\/td>\n<\/tr>\n<\/tbody>\n<\/table>\n<p><span style=\"color: #000000\"><strong>Pour plus d\u2019informations sur l\u2019application de la th\u00e9matique, consultez la fiche en question\u00a0:<\/strong><\/span><\/p>\n<ul>\n<li><a href=\"https:\/\/www.service-public.pf\/sde\/wp-content\/uploads\/sites\/15\/2023\/09\/Fiche-02-Protection-solaire-des-parois-opaques-horizontales-Toitures.pdf\">Fiche d\u2019application \u00ab\u00a0Protection solaire de la toiture\u00a0\u00bb<\/a><\/li>\n<\/ul>\n<p>Nota bene : les informations diffus\u00e9es dans le d\u00e9pliant mis \u00e0 disposition ci-dessous sont normalement suffisantes pour s'assurer de la conformit\u00e9 de son projet sans rentrer dans les d\u00e9tails techniques de la th\u00e9matique.<\/p>\n<\/div><\/div><\/div><\/div><\/div><div class=\"fusion-text fusion-text-101\" style=\"--awb-margin-top:10px;\"><p><span style=\"color: #000000\"><strong>Informations relatives aux demandes de permis de construire et au certificat de conformit\u00e9<\/strong><\/span><\/p>\n<p>Le p\u00e9titionnaire remplit les nouveaux formulaires de demande de permis de construire et de certificat de conformit\u00e9 de la DCA qui int\u00e8grent la d\u00e9claration du respect de la r\u00e9glementation.<\/p>\n<p><span style=\"color: #000000\"><strong>Informations sur les dispositions applicables \u00e0 la typologie :<\/strong><\/span><\/p>\n<ul>\n<li><a href=\"https:\/\/www.service-public.pf\/sde\/wp-content\/uploads\/sites\/15\/2023\/03\/REPBF_Depliants_Autres_Pages.pdf\">D\u00e9pliant \u00ab\u00a0Tous les b\u00e2timents\u00a0\u00bb<\/a><\/li>\n<\/ul>\n<\/div><\/div><\/div><\/div><\/div><\/div><div class=\"fusion-layout-column fusion_builder_column fusion-builder-column-37 fusion_builder_column_4_5 4_5 fusion-flex-column vct_islv_inf500_content\" style=\"--awb-bg-size:cover;--awb-width-large:80%;--awb-flex-grow:0;--awb-flex-shrink:0;--awb-margin-top-large:0px;--awb-spacing-right-large:2.4%;--awb-margin-bottom-large:20px;--awb-spacing-left-large:2.4%;--awb-width-medium:100%;--awb-order-medium:0;--awb-flex-grow-medium:0;--awb-flex-shrink-medium:0;--awb-spacing-right-medium:1.92%;--awb-spacing-left-medium:1.92%;--awb-width-small:100%;--awb-order-small:0;--awb-flex-grow-small:0;--awb-flex-shrink-small:0;--awb-spacing-right-small:1.92%;--awb-spacing-left-small:1.92%;\" id=\"vct_islv_inf500_logementindividuel_content\"><div class=\"fusion-column-wrapper fusion-column-has-shadow fusion-flex-justify-content-flex-start fusion-content-layout-column\"><div class=\"fusion-title title fusion-title-29 fusion-sep-none fusion-title-center fusion-title-text fusion-title-size-two hidden\" style=\"--awb-margin-top-small:0px;--awb-margin-right-small:0px;--awb-margin-bottom-small:20px;--awb-margin-left-small:0px;\"><h2 class=\"fusion-title-heading title-heading-center\" style=\"margin:0;\">Protection solaire de la toiture \/ Baie horizontale interdite + D\u00e9pliant logement individuel + Fiche d'information logement individuel + Formulaire 1-ISLV<\/h2><\/div><div class=\"fusion-text fusion-text-102 vct_description_typologie\"><p>Un logement individuel correspond \u00e0 la notion de maison individuelle telle que d\u00e9finie par le code de<br \/>\nl\u2019am\u00e9nagement, \u00e0 savoir un b\u00e2timent \u00e0 usage d\u2019habitation comprenant au plus deux logements<br \/>\nsuperpos\u00e9s ou accol\u00e9s.<\/p>\n<p>On assimile \u00e9galement au logement individuel les structures d\u2019h\u00e9bergement de tourisme et<br \/>\nchambres chez l\u2019habitant dont le nombre d\u2019unit\u00e9s d\u2019h\u00e9bergement est inf\u00e9rieur ou \u00e9gal \u00e0 cinq ou dont<br \/>\nl\u2019effectif est inf\u00e9rieur \u00e0 vingt personnes (ERP du 2\u00e8me groupe - cat\u00e9gorie 5)<\/p>\n<\/div><div class=\"fusion-builder-row fusion-builder-row-inner fusion-row fusion-flex-align-items-flex-start fusion-flex-justify-content-center fusion-flex-content-wrap\" style=\"--awb-flex-grow:0;--awb-flex-grow-medium:0;--awb-flex-grow-small:0;--awb-flex-shrink:0;--awb-flex-shrink-medium:0;--awb-flex-shrink-small:0;width:104% !important;max-width:104% !important;margin-left: calc(-4% \/ 2 );margin-right: calc(-4% \/ 2 );\"><div class=\"fusion-layout-column fusion_builder_column_inner fusion-builder-nested-column-133 fusion_builder_column_inner_1_1 1_1 fusion-flex-column\" style=\"--awb-bg-size:cover;--awb-width-large:100%;--awb-margin-top-large:0px;--awb-spacing-right-large:1.92%;--awb-margin-bottom-large:20px;--awb-spacing-left-large:1.92%;--awb-width-medium:100%;--awb-order-medium:0;--awb-spacing-right-medium:1.92%;--awb-spacing-left-medium:1.92%;--awb-width-small:100%;--awb-order-small:0;--awb-spacing-right-small:1.92%;--awb-spacing-left-small:1.92%;\"><div class=\"fusion-column-wrapper fusion-column-has-shadow fusion-flex-justify-content-flex-start fusion-content-layout-column\"><div class=\"fusion-separator fusion-full-width-sep\" style=\"align-self: center;margin-left: auto;margin-right: auto;width:100%;\"><div class=\"fusion-separator-border sep-shadow\" style=\"--awb-height:20px;--awb-amount:20px;background:radial-gradient(ellipse at 50% -50% , #e0dede 0px, rgba(255, 255, 255, 0) 80%) repeat scroll 0 0 rgba(0, 0, 0, 0);background:-webkit-radial-gradient(ellipse at 50% -50% , #e0dede 0px, rgba(255, 255, 255, 0) 80%) repeat scroll 0 0 rgba(0, 0, 0, 0);background:-moz-radial-gradient(ellipse at 50% -50% , #e0dede 0px, rgba(255, 255, 255, 0) 80%) repeat scroll 0 0 rgba(0, 0, 0, 0);background:-o-radial-gradient(ellipse at 50% -50% , #e0dede 0px, rgba(255, 255, 255, 0) 80%) repeat scroll 0 0 rgba(0, 0, 0, 0);\"><\/div><\/div><\/div><\/div><div class=\"fusion-layout-column fusion_builder_column_inner fusion-builder-nested-column-134 fusion_builder_column_inner_1_3 1_3 fusion-flex-column\" style=\"--awb-bg-size:cover;--awb-width-large:33.333333333333%;--awb-margin-top-large:0px;--awb-spacing-right-large:2vw;--awb-margin-bottom-large:20px;--awb-spacing-left-large:5.76%;--awb-width-medium:100%;--awb-order-medium:0;--awb-spacing-right-medium:1.92%;--awb-spacing-left-medium:1.92%;--awb-width-small:100%;--awb-order-small:0;--awb-spacing-right-small:1.92%;--awb-spacing-left-small:1.92%;\"><div class=\"fusion-column-wrapper fusion-column-has-shadow fusion-flex-justify-content-flex-start fusion-content-layout-column\"><div class=\"fusion-image-element \" style=\"text-align:right;--awb-max-width:450px;--awb-caption-title-font-family:var(--h2_typography-font-family);--awb-caption-title-font-weight:var(--h2_typography-font-weight);--awb-caption-title-font-style:var(--h2_typography-font-style);--awb-caption-title-size:var(--h2_typography-font-size);--awb-caption-title-transform:var(--h2_typography-text-transform);--awb-caption-title-line-height:var(--h2_typography-line-height);--awb-caption-title-letter-spacing:var(--h2_typography-letter-spacing);\"><span class=\" fusion-imageframe imageframe-none imageframe-26 hover-type-none\"><img decoding=\"async\" width=\"300\" height=\"225\" title=\"SDE REBPF IlluTotales Logement Individuel\" src=\"https:\/\/www.service-public.pf\/sde\/wp-content\/uploads\/sites\/15\/2023\/01\/SDE-REBPF-IlluTotales-Logement-Individuel-300x225.png\" alt class=\"img-responsive wp-image-3460\" srcset=\"https:\/\/www.service-public.pf\/sde\/wp-content\/uploads\/sites\/15\/2023\/01\/SDE-REBPF-IlluTotales-Logement-Individuel-200x150.png 200w, https:\/\/www.service-public.pf\/sde\/wp-content\/uploads\/sites\/15\/2023\/01\/SDE-REBPF-IlluTotales-Logement-Individuel-400x300.png 400w, https:\/\/www.service-public.pf\/sde\/wp-content\/uploads\/sites\/15\/2023\/01\/SDE-REBPF-IlluTotales-Logement-Individuel-600x450.png 600w, https:\/\/www.service-public.pf\/sde\/wp-content\/uploads\/sites\/15\/2023\/01\/SDE-REBPF-IlluTotales-Logement-Individuel-800x600.png 800w, https:\/\/www.service-public.pf\/sde\/wp-content\/uploads\/sites\/15\/2023\/01\/SDE-REBPF-IlluTotales-Logement-Individuel-1200x900.png 1200w, https:\/\/www.service-public.pf\/sde\/wp-content\/uploads\/sites\/15\/2023\/01\/SDE-REBPF-IlluTotales-Logement-Individuel.png 1453w\" sizes=\"(max-width: 1024px) 100vw, (max-width: 640px) 100vw, 800px\" \/><\/span><\/div><\/div><\/div><div class=\"fusion-layout-column fusion_builder_column_inner fusion-builder-nested-column-135 fusion_builder_column_inner_2_3 2_3 fusion-flex-column\" style=\"--awb-bg-size:cover;--awb-width-large:66.666666666667%;--awb-margin-top-large:0px;--awb-spacing-right-large:2.88%;--awb-margin-bottom-large:20px;--awb-spacing-left-large:2.88%;--awb-width-medium:100%;--awb-order-medium:0;--awb-spacing-right-medium:1.92%;--awb-spacing-left-medium:1.92%;--awb-width-small:100%;--awb-order-small:0;--awb-spacing-right-small:1.92%;--awb-spacing-left-small:1.92%;\"><div class=\"fusion-column-wrapper fusion-column-has-shadow fusion-flex-justify-content-center fusion-content-layout-column\"><div class=\"fusion-text fusion-text-103\" style=\"--awb-content-alignment:center;--awb-font-size:24pt;\"><p>Localisation\u00a0du projet : <strong>Iles Sous-Le-Vent, \u00e0 une altitude inf\u00e9rieure \u00e0 500 m\u00e8tres<\/strong><\/p>\n<p>Typologie de la construction\u00a0: <strong>Logement individuel<\/strong><\/p>\n<\/div><\/div><\/div><div class=\"fusion-layout-column fusion_builder_column_inner fusion-builder-nested-column-136 fusion_builder_column_inner_1_1 1_1 fusion-flex-column\" style=\"--awb-bg-size:cover;--awb-width-large:100%;--awb-margin-top-large:0px;--awb-spacing-right-large:1.92%;--awb-margin-bottom-large:20px;--awb-spacing-left-large:1.92%;--awb-width-medium:100%;--awb-order-medium:0;--awb-spacing-right-medium:1.92%;--awb-spacing-left-medium:1.92%;--awb-width-small:100%;--awb-order-small:0;--awb-spacing-right-small:1.92%;--awb-spacing-left-small:1.92%;\"><div class=\"fusion-column-wrapper fusion-column-has-shadow fusion-flex-justify-content-flex-start fusion-content-layout-column\"><div class=\"fusion-separator fusion-full-width-sep\" style=\"align-self: center;margin-left: auto;margin-right: auto;margin-bottom:20px;width:100%;\"><div class=\"fusion-separator-border sep-shadow\" style=\"--awb-height:20px;--awb-amount:20px;background:radial-gradient(ellipse at 50% -50% , #e0dede 0px, rgba(255, 255, 255, 0) 80%) repeat scroll 0 0 rgba(0, 0, 0, 0);background:-webkit-radial-gradient(ellipse at 50% -50% , #e0dede 0px, rgba(255, 255, 255, 0) 80%) repeat scroll 0 0 rgba(0, 0, 0, 0);background:-moz-radial-gradient(ellipse at 50% -50% , #e0dede 0px, rgba(255, 255, 255, 0) 80%) repeat scroll 0 0 rgba(0, 0, 0, 0);background:-o-radial-gradient(ellipse at 50% -50% , #e0dede 0px, rgba(255, 255, 255, 0) 80%) repeat scroll 0 0 rgba(0, 0, 0, 0);\"><\/div><\/div><\/div><\/div><div class=\"fusion-layout-column fusion_builder_column_inner fusion-builder-nested-column-137 fusion_builder_column_inner_1_1 1_1 fusion-flex-column\" style=\"--awb-bg-color:#ffffff;--awb-bg-color-hover:#ffffff;--awb-bg-size:cover;--awb-width-large:100%;--awb-margin-top-large:0px;--awb-spacing-right-large:1.92%;--awb-margin-bottom-large:20px;--awb-spacing-left-large:1.92%;--awb-width-medium:100%;--awb-order-medium:0;--awb-spacing-right-medium:1.92%;--awb-spacing-left-medium:1.92%;--awb-width-small:100%;--awb-order-small:0;--awb-spacing-right-small:1.92%;--awb-spacing-left-small:1.92%;\"><div class=\"fusion-column-wrapper fusion-column-has-shadow fusion-flex-justify-content-flex-start fusion-content-layout-column\"><div class=\"fusion-text fusion-text-104\" style=\"--awb-text-color:#000000;\"><p><strong>Th\u00e9matiques applicables :<\/strong><\/p>\n<\/div><div class=\"accordian fusion-accordian\" style=\"--awb-border-size:1px;--awb-icon-size:13px;--awb-content-font-size:13px;--awb-icon-alignment:left;--awb-hover-color:#f9f9f9;--awb-border-color:#cccccc;--awb-background-color:#ffffff;--awb-divider-color:#e0dede;--awb-divider-hover-color:#e0dede;--awb-icon-color:#ffffff;--awb-title-color:#333333;--awb-content-color:#747474;--awb-icon-box-color:#333333;--awb-toggle-hover-accent-color:#26a147;--awb-title-font-family:&quot;PT Sans&quot;;--awb-title-font-weight:400;--awb-title-font-style:normal;--awb-title-font-size:13px;--awb-content-font-family:&quot;PT Sans&quot;;--awb-content-font-style:normal;--awb-content-font-weight:400;\"><div class=\"panel-group fusion-toggle-icon-boxed\" id=\"accordion-3355-26\"><div class=\"fusion-panel panel-default panel-e1c1b268bbec4463d fusion-toggle-has-divider\" style=\"--awb-title-color:#333333;--awb-content-color:#747474;\"><div class=\"panel-heading\"><h4 class=\"panel-title toggle\" id=\"toggle_e1c1b268bbec4463d\"><a aria-expanded=\"false\" aria-controls=\"e1c1b268bbec4463d\" role=\"button\" data-toggle=\"collapse\" data-parent=\"#accordion-3355-26\" data-target=\"#e1c1b268bbec4463d\" href=\"#e1c1b268bbec4463d\"><span class=\"fusion-toggle-icon-wrapper\" aria-hidden=\"true\"><i class=\"fa-fusion-box active-icon awb-icon-minus\" aria-hidden=\"true\"><\/i><i class=\"fa-fusion-box inactive-icon awb-icon-plus\" aria-hidden=\"true\"><\/i><\/span><span class=\"fusion-toggle-heading\">Protection solaire de la toiture<\/span><\/a><\/h4><\/div><div id=\"e1c1b268bbec4463d\" class=\"panel-collapse collapse \" aria-labelledby=\"toggle_e1c1b268bbec4463d\"><div class=\"panel-body toggle-content fusion-clearfix\">\n<table style=\"width: 100%;height: 187px\">\n<tbody>\n<tr style=\"height: 187px\">\n<td style=\"height: 187px\"><span style=\"color: #000000\"><strong><span style=\"text-decoration: underline\">Locaux concern\u00e9s<\/span> :<\/strong><\/span><\/p>\n<ul>\n<li>Locaux clos et climatis\u00e9s ou occup\u00e9s (exemples\u00a0: chambre, s\u00e9jour, bureau, \u2026)<\/li>\n<li>Locaux clos non-occup\u00e9s donnant <u>directement<\/u> sur les locaux ci-dessus, hors locaux techniques, stationnements et espaces de stockage non climatis\u00e9s (exemples : sanitaires, salle de bain, buanderie, \u2026)<\/li>\n<\/ul>\n<\/td>\n<td style=\"height: 187px\"><img decoding=\"async\" class=\"alignright wp-image-3430\" src=\"https:\/\/www.service-public.pf\/sde\/wp-content\/uploads\/sites\/15\/2023\/01\/SDE-REBPF-IlluTotales-Logement-Individuel-ProToiture.png\" alt=\"\" width=\"300\" height=\"225\" \/><\/td>\n<\/tr>\n<\/tbody>\n<\/table>\n<p style=\"color: #000000\"><strong><span style=\"text-decoration: underline\">Seuils \u00e0 respecter<\/span> :<\/strong><\/p>\n<table class=\"table table-bordered\">\n<tbody>\n<tr>\n<td style=\"width: 25%\"><strong>Mesure<\/strong><\/td>\n<td style=\"width: 7.0755%\"><strong>Seuil<\/strong><\/td>\n<td style=\"width: 55.6175%\"><strong>Exemples de solutions<\/strong><\/td>\n<\/tr>\n<tr>\n<td style=\"width: 25%\">Facteur solaire maximal de la toiture<\/td>\n<td style=\"width: 7.0755%\">2,5%<\/td>\n<td style=\"width: 55.6175%\">\n<ul>\n<li>Toiture (avec combles) en t\u00f4le de teinte claire avec 3 cm de laine min\u00e9rale minimum<\/li>\n<li>Toiture (avec combles) en t\u00f4le de teinte moyenne avec 5 cm de laine min\u00e9rale minimum<\/li>\n<li>Toiture (avec combles) en t\u00f4le de teinte sombre avec 7,5 cm de laine min\u00e9rale minimum<\/li>\n<li>Toiture terrasse en b\u00e9ton de teinte moyenne avec 6 cm de polystyr\u00e8ne expans\u00e9 minimum<\/li>\n<li>Toiture terrasse en b\u00e9ton avec sur-toiture largement ventil\u00e9e<\/li>\n<\/ul>\n<\/td>\n<\/tr>\n<\/tbody>\n<\/table>\n<p><span style=\"color: #000000\"><strong>Pour plus d\u2019informations sur l\u2019application de la th\u00e9matique, consultez la fiche en question\u00a0:<\/strong><\/span><\/p>\n<ul>\n<li><a href=\"https:\/\/www.service-public.pf\/sde\/wp-content\/uploads\/sites\/15\/2023\/09\/Fiche-02-Protection-solaire-des-parois-opaques-horizontales-Toitures.pdf\">Fiche d\u2019application \u00ab\u00a0Protection solaire de la toiture\u00a0\u00bb<\/a><\/li>\n<\/ul>\n<p>Nota bene : les informations diffus\u00e9es dans le d\u00e9pliant et les guides mis \u00e0 disposition ci-dessous sont normalement suffisantes pour s'assurer de la conformit\u00e9 de son projet sans rentrer dans les d\u00e9tails techniques de la th\u00e9matique.<\/p>\n<\/div><\/div><\/div><div class=\"fusion-panel panel-default panel-b61a6a057b67adb31 fusion-toggle-has-divider\" style=\"--awb-title-color:#333333;--awb-content-color:#747474;\"><div class=\"panel-heading\"><h4 class=\"panel-title toggle\" id=\"toggle_b61a6a057b67adb31\"><a aria-expanded=\"false\" aria-controls=\"b61a6a057b67adb31\" role=\"button\" data-toggle=\"collapse\" data-parent=\"#accordion-3355-26\" data-target=\"#b61a6a057b67adb31\" href=\"#b61a6a057b67adb31\"><span class=\"fusion-toggle-icon-wrapper\" aria-hidden=\"true\"><i class=\"fa-fusion-box active-icon awb-icon-minus\" aria-hidden=\"true\"><\/i><i class=\"fa-fusion-box inactive-icon awb-icon-plus\" aria-hidden=\"true\"><\/i><\/span><span class=\"fusion-toggle-heading\">Protection solaire des baies<\/span><\/a><\/h4><\/div><div id=\"b61a6a057b67adb31\" class=\"panel-collapse collapse \" aria-labelledby=\"toggle_b61a6a057b67adb31\"><div class=\"panel-body toggle-content fusion-clearfix\">\n<table style=\"width: 100%;height: 187px\">\n<tbody>\n<tr style=\"height: 187px\">\n<td style=\"height: 187px\"><span style=\"color: #000000\"><strong><span style=\"text-decoration: underline\">Locaux concern\u00e9s<\/span> :<\/strong><\/span><\/p>\n<ul>\n<li>Locaux clos et climatis\u00e9s ou occup\u00e9s (exemples\u00a0: chambre, s\u00e9jour, bureau, \u2026)<\/li>\n<li>Locaux clos non-occup\u00e9s donnant <u>directement<\/u> sur les locaux ci-dessus, hors locaux techniques, stationnements et espaces de stockage non climatis\u00e9s (exemples : sanitaires, salle de bain, buanderie, \u2026)<\/li>\n<\/ul>\n<\/td>\n<td style=\"height: 187px\"><img decoding=\"async\" class=\"alignright wp-image-3430\" src=\"https:\/\/www.service-public.pf\/sde\/wp-content\/uploads\/sites\/15\/2023\/03\/Picture1.png\" alt=\"\" width=\"300\" height=\"225\" \/><\/td>\n<\/tr>\n<\/tbody>\n<\/table>\n<p style=\"color: #000000\"><strong><span style=\"text-decoration: underline\">Seuils, r\u00e8gles de conception et caract\u00e9ristiques techniques \u00e0 respecter : <\/span><\/strong><\/p>\n<table class=\"table table-bordered\">\n<tbody>\n<tr>\n<td style=\"width: 25%\"><strong>R\u00e8gle de conception<\/strong><\/td>\n<td style=\"width: 55.6175%\"><strong>Exemple de solution<\/strong><\/td>\n<\/tr>\n<tr>\n<td style=\"width: 25%\">La mise en \u0153uvre de baies horizontales* est interdite dans les locaux concern\u00e9s par la disposition<\/td>\n<td style=\"width: 55.6175%\">Afin de conserver un apport de lumi\u00e8re naturelle dans les espaces sous-toiture, il est possible de mettre en place des baies verticales \u00e0 la place (ex : chien assis)<\/td>\n<\/tr>\n<\/tbody>\n<\/table>\n<p>* Une baie est consid\u00e9r\u00e9e comme horizontale si son inclinaison est inf\u00e9rieure \u00e0 60\u00b0 par rapport au plan horizontal.<\/p>\n<\/div><\/div><\/div><div class=\"fusion-panel panel-default panel-655404cebd1da0290 fusion-toggle-has-divider\" style=\"--awb-title-color:#333333;--awb-content-color:#747474;\"><div class=\"panel-heading\"><h4 class=\"panel-title toggle\" id=\"toggle_655404cebd1da0290\"><a aria-expanded=\"false\" aria-controls=\"655404cebd1da0290\" role=\"button\" data-toggle=\"collapse\" data-parent=\"#accordion-3355-26\" data-target=\"#655404cebd1da0290\" href=\"#655404cebd1da0290\"><span class=\"fusion-toggle-icon-wrapper\" aria-hidden=\"true\"><i class=\"fa-fusion-box active-icon awb-icon-minus\" aria-hidden=\"true\"><\/i><i class=\"fa-fusion-box inactive-icon awb-icon-plus\" aria-hidden=\"true\"><\/i><\/span><span class=\"fusion-toggle-heading\">Ventilation naturelle<\/span><\/a><\/h4><\/div><div id=\"655404cebd1da0290\" class=\"panel-collapse collapse \" aria-labelledby=\"toggle_655404cebd1da0290\"><div class=\"panel-body toggle-content fusion-clearfix\">\n<table style=\"width: 100%\">\n<tbody>\n<tr>\n<td style=\"width: 74.9588%\"><span style=\"text-decoration: underline;color: #000000\"><strong>Locaux concern\u00e9s :<\/strong><\/span><\/p>\n<ul>\n<li>S\u00e9jour<\/li>\n<li>Chambre<\/li>\n<\/ul>\n<\/td>\n<td style=\"width: 120.451%\"><strong><img decoding=\"async\" class=\"alignright wp-image-3439 size-medium\" src=\"https:\/\/www.service-public.pf\/sde\/wp-content\/uploads\/sites\/15\/2023\/01\/SDE-REBPF-IlluTotales-Logement-Individuel-Ventilation.png\" alt=\"\" width=\"300\" height=\"225\" \/><\/strong><\/td>\n<\/tr>\n<\/tbody>\n<\/table>\n<p><span style=\"text-decoration: underline;color: #000000\"><strong>Seuils, r\u00e8gles de conception et caract\u00e9ristiques techniques \u00e0 respecter :<\/strong><\/span><\/p>\n<table class=\"table table-bordered\" style=\"width: 98.0591%\">\n<tbody>\n<tr>\n<td style=\"width: 19.0429%\" width=\"217\"><strong><b>Mesure<\/b><\/strong><\/td>\n<td style=\"width: 11.259%\" width=\"113\"><strong><b>Seuil<\/b><\/strong><\/td>\n<td style=\"width: 34.2814%\" width=\"340\"><strong><b>R\u00e8gle de conception<\/b><\/strong><\/td>\n<td style=\"width: 39.8674%\" width=\"359\"><strong><b>Exemples de solutions<\/b><\/strong><\/td>\n<\/tr>\n<tr>\n<td style=\"width: 19.0429%\" width=\"217\">Ventilation naturelle traversante<\/td>\n<td style=\"width: 45.5404%\" colspan=\"2\" width=\"453\">La pi\u00e8ce poss\u00e8de au minimum deux ouvertures situ\u00e9es sur deux fa\u00e7ades diff\u00e9rentes. Soit ces deux ouvertures donnent directement sur l\u2019ext\u00e9rieur.<\/p>\n<p>Soit une seule ouverture donne directement sur l\u2019ext\u00e9rieur et la seconde donne sur une autre pi\u00e8ce dont au moins une ouverture se trouve sur une fa\u00e7ade d\u2019orientation diff\u00e9rente et donne directement sur l\u2019ext\u00e9rieur.<\/td>\n<td style=\"width: 39.8674%\" width=\"359\">\n<ul>\n<li>Chambre avec deux fen\u00eatres donnant sur l\u2019ext\u00e9rieur et positionn\u00e9es sur des fa\u00e7ades diff\u00e9rentes<\/li>\n<li>Chambre avec une ouverture sur l\u2019ext\u00e9rieur et une porte donnant sur le s\u00e9jour dont l\u2019ouverture sur l\u2019ext\u00e9rieur est situ\u00e9e sur une fa\u00e7ade d\u2019orientation diff\u00e9rente<\/li>\n<\/ul>\n<\/td>\n<\/tr>\n<\/tbody>\n<\/table>\n<p style=\"color: #000000\"><span style=\"color: #000000\"><strong><u>Cas d\u00e9rogatoire\u00a0:<\/u><\/strong><\/span><\/p>\n<p>Si un logement est situ\u00e9 sur un niveau de b\u00e2timent dont une ou plusieurs fa\u00e7ades sont construites en mitoyennet\u00e9 avec un b\u00e2timent ou un relief montagneux sur plus de 30% du lin\u00e9aire p\u00e9riph\u00e9rique des fa\u00e7ades du b\u00e2timent, il est exempt\u00e9 de cette obligation.<\/p>\n<\/div><\/div><\/div><\/div><\/div><div class=\"fusion-text fusion-text-105\" style=\"--awb-margin-top:10px;\"><p><span style=\"color: #000000\"><strong>Informations relatives aux demandes de permis de construire et au certificat de conformit\u00e9<\/strong><\/span><\/p>\n<p>Le p\u00e9titionnaire remplit les nouveaux formulaires de demande de permis de construire et de certificat de conformit\u00e9 de la DCA qui int\u00e8grent la d\u00e9claration du respect de la r\u00e9glementation.<\/p>\n<p><span style=\"color: #000000\"><strong>Informations sur les dispositions applicables \u00e0 la typologie <\/strong>(ne consulter que les rubriques des th\u00e9matiques concernant le projet de construction)<strong> :<\/strong><\/span><\/p>\n<ul>\n<li><a href=\"https:\/\/www.service-public.pf\/sde\/wp-content\/uploads\/sites\/15\/2023\/03\/REPBF_Depliants_LogementIndividuel_Pages.pdf\">D\u00e9pliant \u00ab\u00a0Logement individuel\u00a0\u00bb<\/a><\/li>\n<li><a href=\"https:\/\/www.service-public.pf\/sde\/wp-content\/uploads\/sites\/15\/2023\/09\/REBPf-Guide-logement-individuel-version-simplifiee.pdf\">Guide simplifi\u00e9 pour le respect de la r\u00e9glementation - Logement individuel<\/a><\/li>\n<li><a href=\"https:\/\/www.service-public.pf\/sde\/wp-content\/uploads\/sites\/15\/2023\/09\/REBPf-Guide-logement-individuel-version-simplifiee-tahitien.pdf\">Guide simplifi\u00e9 pour le respect de la r\u00e9glementation - Logement individuel - reo tahiti<\/a><\/li>\n<li><a href=\"https:\/\/www.service-public.pf\/sde\/wp-content\/uploads\/sites\/15\/2023\/06\/REBPf-Guide-logement-individuel-version-detaillee.pdf\">Guide d\u00e9taill\u00e9 pour le respect de la r\u00e9glementation - Logement individuel<\/a><\/li>\n<\/ul>\n<\/div><\/div><\/div><\/div><\/div><\/div><div class=\"fusion-layout-column fusion_builder_column fusion-builder-column-38 fusion_builder_column_4_5 4_5 fusion-flex-column vct_islv_inf500_content\" style=\"--awb-bg-size:cover;--awb-width-large:80%;--awb-flex-grow:0;--awb-flex-shrink:0;--awb-margin-top-large:0px;--awb-spacing-right-large:2.4%;--awb-margin-bottom-large:20px;--awb-spacing-left-large:2.4%;--awb-width-medium:100%;--awb-order-medium:0;--awb-flex-grow-medium:0;--awb-flex-shrink-medium:0;--awb-spacing-right-medium:1.92%;--awb-spacing-left-medium:1.92%;--awb-width-small:100%;--awb-order-small:0;--awb-flex-grow-small:0;--awb-flex-shrink-small:0;--awb-spacing-right-small:1.92%;--awb-spacing-left-small:1.92%;\" id=\"vct_islv_inf500_hotellerie_content\"><div class=\"fusion-column-wrapper fusion-column-has-shadow fusion-flex-justify-content-flex-start fusion-content-layout-column\"><div class=\"fusion-title title fusion-title-30 fusion-sep-none fusion-title-center fusion-title-text fusion-title-size-two hidden\" style=\"--awb-margin-top-small:0px;--awb-margin-right-small:0px;--awb-margin-bottom-small:20px;--awb-margin-left-small:0px;\"><h2 class=\"fusion-title-heading title-heading-center\" style=\"margin:0;\">Protection solaire de la toiture \/ Protection solaire des murs \/ Protection solaire des baies \/ Ventilation naturelle BASE \/ Brasseur d'air DEROGATION \/ Eau chaude solaire Climatisation EER + D\u00e9pliant h\u00f4tellerie + Fiche d'information h\u00f4tellerie + Formulaire 2-ISLV<\/h2><\/div><div class=\"fusion-text fusion-text-106 vct_description_typologie\"><p>Il s\u2019agit d\u2019un b\u00e2timent ou d\u2019une partie de b\u00e2timent \u00e0 usage d\u2019h\u00f4tel de tourisme, pension de familles,<br \/>\nmeubl\u00e9 de tourisme, auberge de jeunesse, village de vacances, villa de luxe, bungalow ainsi que tout<br \/>\nautre h\u00e9bergement \u00e0 vocation touristique, comprenant \u00e9galement leurs locaux accessoires.<\/p>\n<p>Pour rappel, les projets de construction d\u2019une structure d\u2019h\u00e9bergement de tourisme et chambres<br \/>\nchez l\u2019habitant dont le nombre d\u2019unit\u00e9s d\u2019h\u00e9bergement est inf\u00e9rieur ou \u00e9gal \u00e0 cinq ou dont l\u2019effectif<br \/>\nest inf\u00e9rieur \u00e0 vingt personnes sont assimil\u00e9es \u00e0 la typologie logement individuel.<\/p>\n<\/div><div class=\"fusion-builder-row fusion-builder-row-inner fusion-row fusion-flex-align-items-flex-start fusion-flex-justify-content-center fusion-flex-content-wrap\" style=\"--awb-flex-grow:0;--awb-flex-grow-medium:0;--awb-flex-grow-small:0;--awb-flex-shrink:0;--awb-flex-shrink-medium:0;--awb-flex-shrink-small:0;width:104% !important;max-width:104% !important;margin-left: calc(-4% \/ 2 );margin-right: calc(-4% \/ 2 );\"><div class=\"fusion-layout-column fusion_builder_column_inner fusion-builder-nested-column-138 fusion_builder_column_inner_1_1 1_1 fusion-flex-column\" style=\"--awb-bg-size:cover;--awb-width-large:100%;--awb-margin-top-large:0px;--awb-spacing-right-large:1.92%;--awb-margin-bottom-large:20px;--awb-spacing-left-large:1.92%;--awb-width-medium:100%;--awb-order-medium:0;--awb-spacing-right-medium:1.92%;--awb-spacing-left-medium:1.92%;--awb-width-small:100%;--awb-order-small:0;--awb-spacing-right-small:1.92%;--awb-spacing-left-small:1.92%;\"><div class=\"fusion-column-wrapper fusion-column-has-shadow fusion-flex-justify-content-flex-start fusion-content-layout-column\"><div class=\"fusion-separator fusion-full-width-sep\" style=\"align-self: center;margin-left: auto;margin-right: auto;width:100%;\"><div class=\"fusion-separator-border sep-shadow\" style=\"--awb-height:20px;--awb-amount:20px;background:radial-gradient(ellipse at 50% -50% , #e0dede 0px, rgba(255, 255, 255, 0) 80%) repeat scroll 0 0 rgba(0, 0, 0, 0);background:-webkit-radial-gradient(ellipse at 50% -50% , #e0dede 0px, rgba(255, 255, 255, 0) 80%) repeat scroll 0 0 rgba(0, 0, 0, 0);background:-moz-radial-gradient(ellipse at 50% -50% , #e0dede 0px, rgba(255, 255, 255, 0) 80%) repeat scroll 0 0 rgba(0, 0, 0, 0);background:-o-radial-gradient(ellipse at 50% -50% , #e0dede 0px, rgba(255, 255, 255, 0) 80%) repeat scroll 0 0 rgba(0, 0, 0, 0);\"><\/div><\/div><\/div><\/div><div class=\"fusion-layout-column fusion_builder_column_inner fusion-builder-nested-column-139 fusion_builder_column_inner_1_3 1_3 fusion-flex-column\" style=\"--awb-bg-size:cover;--awb-width-large:33.333333333333%;--awb-margin-top-large:0px;--awb-spacing-right-large:2vw;--awb-margin-bottom-large:20px;--awb-spacing-left-large:5.76%;--awb-width-medium:100%;--awb-order-medium:0;--awb-spacing-right-medium:1.92%;--awb-spacing-left-medium:1.92%;--awb-width-small:100%;--awb-order-small:0;--awb-spacing-right-small:1.92%;--awb-spacing-left-small:1.92%;\"><div class=\"fusion-column-wrapper fusion-column-has-shadow fusion-flex-justify-content-flex-start fusion-content-layout-column\"><div class=\"fusion-image-element \" style=\"text-align:right;--awb-max-width:450px;--awb-caption-title-font-family:var(--h2_typography-font-family);--awb-caption-title-font-weight:var(--h2_typography-font-weight);--awb-caption-title-font-style:var(--h2_typography-font-style);--awb-caption-title-size:var(--h2_typography-font-size);--awb-caption-title-transform:var(--h2_typography-text-transform);--awb-caption-title-line-height:var(--h2_typography-line-height);--awb-caption-title-letter-spacing:var(--h2_typography-letter-spacing);\"><span class=\" fusion-imageframe imageframe-none imageframe-27 hover-type-none\"><img decoding=\"async\" width=\"300\" height=\"225\" title=\"SDE REBPF IlluTotales Hotel Pension\" src=\"https:\/\/www.service-public.pf\/sde\/wp-content\/uploads\/sites\/15\/2023\/01\/SDE-REBPF-IlluTotales-Hotel-Pension-300x225.png\" alt class=\"img-responsive wp-image-3446\" srcset=\"https:\/\/www.service-public.pf\/sde\/wp-content\/uploads\/sites\/15\/2023\/01\/SDE-REBPF-IlluTotales-Hotel-Pension-200x150.png 200w, https:\/\/www.service-public.pf\/sde\/wp-content\/uploads\/sites\/15\/2023\/01\/SDE-REBPF-IlluTotales-Hotel-Pension-400x300.png 400w, https:\/\/www.service-public.pf\/sde\/wp-content\/uploads\/sites\/15\/2023\/01\/SDE-REBPF-IlluTotales-Hotel-Pension-600x450.png 600w, https:\/\/www.service-public.pf\/sde\/wp-content\/uploads\/sites\/15\/2023\/01\/SDE-REBPF-IlluTotales-Hotel-Pension-800x600.png 800w, https:\/\/www.service-public.pf\/sde\/wp-content\/uploads\/sites\/15\/2023\/01\/SDE-REBPF-IlluTotales-Hotel-Pension-1200x900.png 1200w, https:\/\/www.service-public.pf\/sde\/wp-content\/uploads\/sites\/15\/2023\/01\/SDE-REBPF-IlluTotales-Hotel-Pension.png 1453w\" sizes=\"(max-width: 1024px) 100vw, (max-width: 640px) 100vw, 800px\" \/><\/span><\/div><\/div><\/div><div class=\"fusion-layout-column fusion_builder_column_inner fusion-builder-nested-column-140 fusion_builder_column_inner_2_3 2_3 fusion-flex-column\" style=\"--awb-bg-size:cover;--awb-width-large:66.666666666667%;--awb-margin-top-large:0px;--awb-spacing-right-large:2.88%;--awb-margin-bottom-large:20px;--awb-spacing-left-large:2.88%;--awb-width-medium:100%;--awb-order-medium:0;--awb-spacing-right-medium:1.92%;--awb-spacing-left-medium:1.92%;--awb-width-small:100%;--awb-order-small:0;--awb-spacing-right-small:1.92%;--awb-spacing-left-small:1.92%;\"><div class=\"fusion-column-wrapper fusion-column-has-shadow fusion-flex-justify-content-center fusion-content-layout-column\"><div class=\"fusion-text fusion-text-107\" style=\"--awb-content-alignment:center;--awb-font-size:24pt;\"><p>Localisation\u00a0du projet : <strong>Iles Sous-Le-Vent, \u00e0 une altitude inf\u00e9rieure \u00e0 500 m\u00e8tres<\/strong><\/p>\n<p>Typologie de la construction\u00a0: <strong>H\u00f4tellerie<\/strong><\/p>\n<\/div><\/div><\/div><div class=\"fusion-layout-column fusion_builder_column_inner fusion-builder-nested-column-141 fusion_builder_column_inner_1_1 1_1 fusion-flex-column\" style=\"--awb-bg-size:cover;--awb-width-large:100%;--awb-margin-top-large:0px;--awb-spacing-right-large:1.92%;--awb-margin-bottom-large:20px;--awb-spacing-left-large:1.92%;--awb-width-medium:100%;--awb-order-medium:0;--awb-spacing-right-medium:1.92%;--awb-spacing-left-medium:1.92%;--awb-width-small:100%;--awb-order-small:0;--awb-spacing-right-small:1.92%;--awb-spacing-left-small:1.92%;\"><div class=\"fusion-column-wrapper fusion-column-has-shadow fusion-flex-justify-content-flex-start fusion-content-layout-column\"><div class=\"fusion-separator fusion-full-width-sep\" style=\"align-self: center;margin-left: auto;margin-right: auto;margin-bottom:20px;width:100%;\"><div class=\"fusion-separator-border sep-shadow\" style=\"--awb-height:20px;--awb-amount:20px;background:radial-gradient(ellipse at 50% -50% , #e0dede 0px, rgba(255, 255, 255, 0) 80%) repeat scroll 0 0 rgba(0, 0, 0, 0);background:-webkit-radial-gradient(ellipse at 50% -50% , #e0dede 0px, rgba(255, 255, 255, 0) 80%) repeat scroll 0 0 rgba(0, 0, 0, 0);background:-moz-radial-gradient(ellipse at 50% -50% , #e0dede 0px, rgba(255, 255, 255, 0) 80%) repeat scroll 0 0 rgba(0, 0, 0, 0);background:-o-radial-gradient(ellipse at 50% -50% , #e0dede 0px, rgba(255, 255, 255, 0) 80%) repeat scroll 0 0 rgba(0, 0, 0, 0);\"><\/div><\/div><\/div><\/div><div class=\"fusion-layout-column fusion_builder_column_inner fusion-builder-nested-column-142 fusion_builder_column_inner_1_1 1_1 fusion-flex-column\" style=\"--awb-bg-color:#ffffff;--awb-bg-color-hover:#ffffff;--awb-bg-size:cover;--awb-width-large:100%;--awb-margin-top-large:0px;--awb-spacing-right-large:1.92%;--awb-margin-bottom-large:20px;--awb-spacing-left-large:1.92%;--awb-width-medium:100%;--awb-order-medium:0;--awb-spacing-right-medium:1.92%;--awb-spacing-left-medium:1.92%;--awb-width-small:100%;--awb-order-small:0;--awb-spacing-right-small:1.92%;--awb-spacing-left-small:1.92%;\"><div class=\"fusion-column-wrapper fusion-column-has-shadow fusion-flex-justify-content-flex-start fusion-content-layout-column\"><div class=\"fusion-text fusion-text-108\" style=\"--awb-text-color:#000000;\"><p><strong>Th\u00e9matiques applicables :<\/strong><\/p>\n<\/div><div class=\"accordian fusion-accordian\" style=\"--awb-border-size:1px;--awb-icon-size:13px;--awb-content-font-size:13px;--awb-icon-alignment:left;--awb-hover-color:#f9f9f9;--awb-border-color:#cccccc;--awb-background-color:#ffffff;--awb-divider-color:#e0dede;--awb-divider-hover-color:#e0dede;--awb-icon-color:#ffffff;--awb-title-color:#333333;--awb-content-color:#747474;--awb-icon-box-color:#333333;--awb-toggle-hover-accent-color:#26a147;--awb-title-font-family:&quot;PT Sans&quot;;--awb-title-font-weight:400;--awb-title-font-style:normal;--awb-title-font-size:13px;--awb-content-font-family:&quot;PT Sans&quot;;--awb-content-font-style:normal;--awb-content-font-weight:400;\"><div class=\"panel-group fusion-toggle-icon-boxed\" id=\"accordion-3355-27\"><div class=\"fusion-panel panel-default panel-4a401d2ec5bd25308 fusion-toggle-has-divider\" style=\"--awb-title-color:#333333;--awb-content-color:#747474;\"><div class=\"panel-heading\"><h4 class=\"panel-title toggle\" id=\"toggle_4a401d2ec5bd25308\"><a aria-expanded=\"false\" aria-controls=\"4a401d2ec5bd25308\" role=\"button\" data-toggle=\"collapse\" data-parent=\"#accordion-3355-27\" data-target=\"#4a401d2ec5bd25308\" href=\"#4a401d2ec5bd25308\"><span class=\"fusion-toggle-icon-wrapper\" aria-hidden=\"true\"><i class=\"fa-fusion-box active-icon awb-icon-minus\" aria-hidden=\"true\"><\/i><i class=\"fa-fusion-box inactive-icon awb-icon-plus\" aria-hidden=\"true\"><\/i><\/span><span class=\"fusion-toggle-heading\">Protection solaire de la toiture<\/span><\/a><\/h4><\/div><div id=\"4a401d2ec5bd25308\" class=\"panel-collapse collapse \" aria-labelledby=\"toggle_4a401d2ec5bd25308\"><div class=\"panel-body toggle-content fusion-clearfix\">\n<table style=\"width: 100%;height: 187px\">\n<tbody>\n<tr style=\"height: 187px\">\n<td style=\"height: 187px\"><span style=\"color: #000000\"><strong><span style=\"text-decoration: underline\">Locaux concern\u00e9s<\/span> :<\/strong><\/span><\/p>\n<ul>\n<li>Locaux clos et climatis\u00e9s ou occup\u00e9s (exemples\u00a0: chambre, s\u00e9jour, bureau, espace polyvalent, salle de sport, restaurant, buanderie professionnelle, \u2026)<\/li>\n<li>Locaux clos non-occup\u00e9s donnant <u>directement<\/u> sur les locaux ci-dessus, hors locaux techniques, stationnements et espaces de stockage non climatis\u00e9s (exemples : sanitaires, salle de bain, vestiaires, d\u00e9gagement, circulation \u2026)<\/li>\n<\/ul>\n<\/td>\n<td style=\"height: 187px\"><img decoding=\"async\" class=\"alignright wp-image-3430\" src=\"https:\/\/www.service-public.pf\/sde\/wp-content\/uploads\/sites\/15\/2023\/01\/SDE-REBPF-IlluTotales-Hotel-Pension-0-copie.png\" alt=\"\" width=\"300\" height=\"225\" \/><\/td>\n<\/tr>\n<\/tbody>\n<\/table>\n<p style=\"color: #000000\"><strong><span style=\"text-decoration: underline\">Seuils \u00e0 respecter<\/span> :<\/strong><\/p>\n<table class=\"table table-bordered\">\n<tbody>\n<tr>\n<td style=\"width: 25%\"><strong>Mesure<\/strong><\/td>\n<td style=\"width: 7.0755%\"><strong>Seuil<\/strong><\/td>\n<td style=\"width: 55.6175%\"><strong>Exemples de solutions<\/strong><\/td>\n<\/tr>\n<tr>\n<td style=\"width: 25%\">Facteur solaire maximal de la toiture<\/td>\n<td style=\"width: 7.0755%\">2,5%<\/td>\n<td style=\"width: 55.6175%\">\n<ul>\n<li>Toiture (avec combles) en t\u00f4le de teinte claire avec 3 cm de laine min\u00e9rale minimum<\/li>\n<li>Toiture (avec combles) en t\u00f4le de teinte moyenne avec 5 cm de laine min\u00e9rale minimum<\/li>\n<li>Toiture (avec combles) en t\u00f4le de teinte sombre avec 7,5 cm de laine min\u00e9rale minimum<\/li>\n<li>Toiture terrasse en b\u00e9ton de teinte moyenne avec 6 cm de polystyr\u00e8ne expans\u00e9 minimum<\/li>\n<li>Toiture terrasse en b\u00e9ton avec sur-toiture largement ventil\u00e9e<\/li>\n<li>Toiture en bardeau de bois apparents correspondant \u00e0 une toiture \u00ab\u00a0ventil\u00e9e\u00a0\u00bb<\/li>\n<li>Toiture en pandanus dont l\u2019\u00e9paisseur totale est sup\u00e9rieure ou \u00e9gale \u00e0 10 cm<\/li>\n<\/ul>\n<\/td>\n<\/tr>\n<\/tbody>\n<\/table>\n<p><span style=\"color: #000000\"><strong>Pour plus d\u2019informations sur l\u2019application de la th\u00e9matique, consultez la fiche en question\u00a0:<\/strong><\/span><\/p>\n<ul>\n<li><a href=\"https:\/\/www.service-public.pf\/sde\/wp-content\/uploads\/sites\/15\/2023\/09\/Fiche-02-Protection-solaire-des-parois-opaques-horizontales-Toitures.pdf\">Fiche d\u2019application \u00ab\u00a0Protection solaire de la toiture\u00a0\u00bb<\/a><\/li>\n<\/ul>\n<\/div><\/div><\/div><div class=\"fusion-panel panel-default panel-54e083e8b07e8d2c7 fusion-toggle-has-divider\" style=\"--awb-title-color:#333333;--awb-content-color:#747474;\"><div class=\"panel-heading\"><h4 class=\"panel-title toggle\" id=\"toggle_54e083e8b07e8d2c7\"><a aria-expanded=\"false\" aria-controls=\"54e083e8b07e8d2c7\" role=\"button\" data-toggle=\"collapse\" data-parent=\"#accordion-3355-27\" data-target=\"#54e083e8b07e8d2c7\" href=\"#54e083e8b07e8d2c7\"><span class=\"fusion-toggle-icon-wrapper\" aria-hidden=\"true\"><i class=\"fa-fusion-box active-icon awb-icon-minus\" aria-hidden=\"true\"><\/i><i class=\"fa-fusion-box inactive-icon awb-icon-plus\" aria-hidden=\"true\"><\/i><\/span><span class=\"fusion-toggle-heading\">Protection solaire des fa\u00e7ades (murs et baies)<\/span><\/a><\/h4><\/div><div id=\"54e083e8b07e8d2c7\" class=\"panel-collapse collapse \" aria-labelledby=\"toggle_54e083e8b07e8d2c7\"><div class=\"panel-body toggle-content fusion-clearfix\">\n<table style=\"width: 100%;height: 187px\">\n<tbody>\n<tr style=\"height: 187px\">\n<td style=\"height: 187px\"><span style=\"color: #000000\"><strong><span style=\"text-decoration: underline\">Locaux concern\u00e9s<\/span> :<\/strong><\/span><\/p>\n<ul>\n<li>Locaux clos et climatis\u00e9s ou occup\u00e9s (exemples\u00a0: chambre, s\u00e9jour, bureau, espace polyvalent, salle de sport, restaurant, buanderie professionnelle, \u2026)<\/li>\n<li>Locaux clos non-occup\u00e9s donnant <u>directement<\/u> sur les locaux ci-dessus, hors locaux techniques, stationnements et espaces de stockage non climatis\u00e9s (exemples : sanitaires, salle de bain, vestiaires, d\u00e9gagement, circulation \u2026)<\/li>\n<\/ul>\n<\/td>\n<td style=\"height: 187px\"><img decoding=\"async\" class=\"alignright wp-image-3430\" src=\"https:\/\/www.service-public.pf\/sde\/wp-content\/uploads\/sites\/15\/2023\/03\/Hotel-Pension-ProFacade.png\" alt=\"\" width=\"300\" height=\"225\" \/><\/td>\n<\/tr>\n<\/tbody>\n<\/table>\n<p style=\"color: #000000\"><strong><span style=\"text-decoration: underline\">Seuils \u00e0 respecter,\u00a0selon l\u2019orientation des fa\u00e7ades des locaux : <\/span><\/strong><\/p>\n<table>\n<tbody>\n<tr>\n<td width=\"20%\"><strong>Mesure<\/strong><\/td>\n<td width=\"20%\"><strong>Orientation<\/strong><\/td>\n<td width=\"5%\"><strong>Seuil<\/strong><\/td>\n<td width=\"243%\"><strong>Exemples de solutions<\/strong><\/td>\n<\/tr>\n<tr>\n<td rowspan=\"2\" width=\"20%\">Facteur solaire maximal des murs<\/td>\n<td width=\"20%\">Nord, Nord-Est, Nord-Ouest, Est, Ouest<\/td>\n<td width=\"5%\">11 %<\/td>\n<td rowspan=\"2\" width=\"243%\">Mur de teinte claire, double-peau l\u00e9g\u00e8re de teinte moyenne, mur en b\u00e9ton cellulaire, mur en parpaing de teinte moyenne, mur avec bardage ventil\u00e9, d\u00e9bord de toiture (dimensions \u00e0 calculer en fonction des caract\u00e9ristiques du mur), \u2026<\/td>\n<\/tr>\n<tr>\n<td width=\"20%\">Sud, Sud-Est, Sud-Ouest<\/td>\n<td width=\"5%\">12 %<\/td>\n<\/tr>\n<tr>\n<td rowspan=\"4\" width=\"20%\">Facteur solaire maximal des baies<\/td>\n<td width=\"20%\">Nord, Nord-Est, Nord-Ouest, Est, Ouest*<\/td>\n<td width=\"5%\">50 %<\/td>\n<td width=\"243%\">Double vitrage teint\u00e9 ou \u00e0 contr\u00f4le solaire, masque architectural (casquette, brise-soleil, \u2026) \u00e0 dimensionner selon les caract\u00e9ristiques de la baie, lame opaque<\/td>\n<\/tr>\n<tr>\n<td width=\"20%\">Sud-Est, Sud-Ouest*<\/td>\n<td width=\"5%\">60 %<\/td>\n<td rowspan=\"2\" width=\"243%\">Simple vitrage \u00e0 contr\u00f4le solaire, simple ou double vitrage teint\u00e9, double vitrage clair (au sud seulement), masque architectural (casquette, brise-soleil, \u2026) \u00e0 dimensionner selon les caract\u00e9ristiques de la baie, \u2026<\/td>\n<\/tr>\n<tr>\n<td width=\"20%\">Sud*<\/td>\n<td width=\"5%\">70 %<\/td>\n<\/tr>\n<tr>\n<td width=\"20%\">Baie horizontale<\/td>\n<td width=\"5%\">45%<\/td>\n<td width=\"243%\">Protection solaire compl\u00e9mentaire \u00e0 la baie, \u00e0 dimensionner en fonction du type de vitrage<\/td>\n<\/tr>\n<\/tbody>\n<\/table>\n<p><em><i>* Si le taux de surface de baie en fa\u00e7ade est sup\u00e9rieur \u00e0 70%, le seuil \u00e0 atteindre est alors rabaiss\u00e9 de 5 % (respectivement 45%, 55% et 65%).<\/i><\/em><\/p>\n<p style=\"color: #000000\"><strong>Pour plus d\u2019informations sur l\u2019application des th\u00e9matiques, consultez les fiches en question :<\/strong><\/p>\n<ul>\n<li><a href=\"https:\/\/www.service-public.pf\/sde\/wp-content\/uploads\/sites\/15\/2023\/09\/Fiche-03-Protection-solaire-des-parois-opaques-verticales-Murs.pdf\">Fiche d\u2019application \u00ab Protection solaire des murs \u00bb<\/a><\/li>\n<li><a href=\"https:\/\/www.service-public.pf\/sde\/wp-content\/uploads\/sites\/15\/2023\/09\/Fiche-04-Protection-solaire-des-baies.pdf\">Fiche d\u2019application \u00ab\u00a0Protection solaire des baies \u00bb<\/a><\/li>\n<li><a href=\"https:\/\/www.service-public.pf\/sde\/wp-content\/uploads\/sites\/15\/2023\/06\/Fiche-05-Prise-en-main-de-loutil-Cm-FS.pdf\">Fiche d\u2019application \u00ab\u00a0Outil de calcul pour la protection solaire des fa\u00e7ades \u00bb<\/a><\/li>\n<\/ul>\n<\/div><\/div><\/div><div class=\"fusion-panel panel-default panel-9be4dea87fb5b6050 fusion-toggle-has-divider\" style=\"--awb-title-color:#333333;--awb-content-color:#747474;\"><div class=\"panel-heading\"><h4 class=\"panel-title toggle\" id=\"toggle_9be4dea87fb5b6050\"><a aria-expanded=\"false\" aria-controls=\"9be4dea87fb5b6050\" role=\"button\" data-toggle=\"collapse\" data-parent=\"#accordion-3355-27\" data-target=\"#9be4dea87fb5b6050\" href=\"#9be4dea87fb5b6050\"><span class=\"fusion-toggle-icon-wrapper\" aria-hidden=\"true\"><i class=\"fa-fusion-box active-icon awb-icon-minus\" aria-hidden=\"true\"><\/i><i class=\"fa-fusion-box inactive-icon awb-icon-plus\" aria-hidden=\"true\"><\/i><\/span><span class=\"fusion-toggle-heading\">Ventilation naturelle <\/span><\/a><\/h4><\/div><div id=\"9be4dea87fb5b6050\" class=\"panel-collapse collapse \" aria-labelledby=\"toggle_9be4dea87fb5b6050\"><div class=\"panel-body toggle-content fusion-clearfix\">\n<table style=\"width: 100%\">\n<tbody>\n<tr>\n<td style=\"width: 74.9588%\"><span style=\"text-decoration: underline;color: #000000\"><strong>Locaux concern\u00e9s :<\/strong><\/span><\/p>\n<ul>\n<li>S\u00e9jour<\/li>\n<li>Chambre<\/li>\n<\/ul>\n<\/td>\n<td style=\"width: 120.451%\"><strong><img decoding=\"async\" class=\"alignright wp-image-3439 size-medium\" src=\"https:\/\/www.service-public.pf\/sde\/wp-content\/uploads\/sites\/15\/2023\/01\/SDE-REBPF-IlluTotales-Hotel-Pension-Ventilation.png\" alt=\"\" width=\"300\" height=\"225\" \/><\/strong><\/td>\n<\/tr>\n<\/tbody>\n<\/table>\n<p style=\"text-decoration: underline;color: #000000\"><strong>Seuils, r\u00e8gles de conception et caract\u00e9ristiques techniques \u00e0 respecter :<\/strong><\/p>\n<table class=\"table table-bordered\" style=\"width: 98.0591%\">\n<tbody>\n<tr>\n<td style=\"width: 19.0429%\" width=\"217\"><strong><b>Mesure<\/b><\/strong><\/td>\n<td style=\"width: 11.259%\" width=\"113\"><strong><b>Seuil<\/b><\/strong><\/td>\n<td style=\"width: 34.2814%\" width=\"340\"><strong><b>R\u00e8gle de conception<\/b><\/strong><\/td>\n<td style=\"width: 39.8674%\" width=\"359\"><strong><b>Exemples de solutions<\/b><\/strong><\/td>\n<\/tr>\n<tr>\n<td style=\"width: 19.0429%\" width=\"217\">Ventilation naturelle traversante<\/td>\n<td style=\"width: 45.5404%\" colspan=\"2\" width=\"453\">La pi\u00e8ce poss\u00e8de au minimum deux ouvertures situ\u00e9es sur deux fa\u00e7ades diff\u00e9rentes. Soit ces deux ouvertures donnent directement sur l\u2019ext\u00e9rieur.<\/p>\n<p>Soit une seule ouverture donne directement sur l\u2019ext\u00e9rieur et la seconde donne sur une autre pi\u00e8ce dont au moins une ouverture se trouve sur une fa\u00e7ade d\u2019orientation diff\u00e9rente et donne directement sur l\u2019ext\u00e9rieur.<\/td>\n<td style=\"width: 39.8674%\" width=\"359\">\n<ul>\n<li>Chambre avec deux fen\u00eatres donnant sur l\u2019ext\u00e9rieur et positionn\u00e9es sur des fa\u00e7ades diff\u00e9rentes<\/li>\n<li>Chambre avec une ouverture sur l\u2019ext\u00e9rieur et une porte donnant sur le s\u00e9jour dont l\u2019ouverture sur l\u2019ext\u00e9rieur est situ\u00e9e sur une fa\u00e7ade d\u2019orientation diff\u00e9rente<\/li>\n<\/ul>\n<\/td>\n<\/tr>\n<\/tbody>\n<\/table>\n<p style=\"color: #000000\"><span style=\"color: #000000\"><strong><u>Cas d\u00e9rogatoire\u00a0:<\/u><\/strong><\/span><\/p>\n<p>Si l\u2019h\u00e9bergement est situ\u00e9 sur un niveau de b\u00e2timent dont une ou plusieurs fa\u00e7ades sont construites en mitoyennet\u00e9 avec un b\u00e2timent ou un relief montagneux sur plus de 30% du lin\u00e9aire p\u00e9riph\u00e9rique des fa\u00e7ades du b\u00e2timent, ou s\u2019il se situe dans un b\u00e2timent class\u00e9 comme immeuble de grande hauteur (IGH), il est exempt\u00e9 de cette obligation. Cependant, en mesure compensatoire, les pi\u00e8ces concern\u00e9es devront \u00eatre \u00e9quip\u00e9es d\u2019un brasseur d\u2019air.<\/p>\n<p style=\"color: #000000\"><strong>Pour plus d\u2019informations sur l\u2019application de la th\u00e9matique, consultez la fiche en question\u00a0:<\/strong><\/p>\n<ul>\n<li><a href=\"https:\/\/www.service-public.pf\/sde\/wp-content\/uploads\/sites\/15\/2023\/09\/Fiche-06-Ventilation-naturelle.pdf\">Fiche d\u2019application \u00ab\u00a0Ventilation naturelle\u00a0\u00bb<\/a><\/li>\n<\/ul>\n<\/div><\/div><\/div><div class=\"fusion-panel panel-default panel-b13cee8ab8247c4d4 fusion-toggle-has-divider\" style=\"--awb-title-color:#333333;--awb-content-color:#747474;\"><div class=\"panel-heading\"><h4 class=\"panel-title toggle\" id=\"toggle_b13cee8ab8247c4d4\"><a aria-expanded=\"false\" aria-controls=\"b13cee8ab8247c4d4\" role=\"button\" data-toggle=\"collapse\" data-parent=\"#accordion-3355-27\" data-target=\"#b13cee8ab8247c4d4\" href=\"#b13cee8ab8247c4d4\"><span class=\"fusion-toggle-icon-wrapper\" aria-hidden=\"true\"><i class=\"fa-fusion-box active-icon awb-icon-minus\" aria-hidden=\"true\"><\/i><i class=\"fa-fusion-box inactive-icon awb-icon-plus\" aria-hidden=\"true\"><\/i><\/span><span class=\"fusion-toggle-heading\">Brasseur d\u2019air<\/span><\/a><\/h4><\/div><div id=\"b13cee8ab8247c4d4\" class=\"panel-collapse collapse \" aria-labelledby=\"toggle_b13cee8ab8247c4d4\"><div class=\"panel-body toggle-content fusion-clearfix\">\n<p><span style=\"color: #000000\"><strong>Cette th\u00e9matique est applicable si, et seulement si, les pi\u00e8ces de l\u2019h\u00e9bergement s\u2019inscrivent dans un des cas d\u00e9rogatoires de ventilation naturelle pr\u00e9vu par la r\u00e9glementation.<\/strong><\/span><\/p>\n<table style=\"width: 100%\">\n<tbody>\n<tr>\n<td style=\"width: 74.9588%\"><span style=\"text-decoration: underline;color: #000000\"><strong>Locaux concern\u00e9s :<\/strong><\/span><\/p>\n<ul>\n<li>S\u00e9jour<\/li>\n<li>Chambre<\/li>\n<\/ul>\n<\/td>\n<td style=\"width: 120.451%\"><strong><img decoding=\"async\" class=\"alignright wp-image-3439 size-medium\" src=\"https:\/\/www.service-public.pf\/sde\/wp-content\/uploads\/sites\/15\/2023\/01\/SDE-REBPF-IlluTotales-Hotel-Pension-Brasseurs.png\" alt=\"\" width=\"300\" height=\"225\" \/><\/strong><\/td>\n<\/tr>\n<\/tbody>\n<\/table>\n<p><span style=\"text-decoration: underline;color: #000000\"><strong>Seuils, r\u00e8gles de conception et caract\u00e9ristiques techniques \u00e0 respecter :<\/strong><\/span><\/p>\n<table class=\"table table-bordered\" style=\"width: 98.0591%\">\n<tbody>\n<tr>\n<td style=\"width: 11.0537%\" width=\"217\"><strong><b>Mesure<\/b><\/strong><\/td>\n<td style=\"width: 29.1226%\" width=\"113\"><strong><b>Seuil<\/b><\/strong><\/td>\n<td style=\"width: 43.7069%\" width=\"340\"><strong><b>R\u00e8gle de conception<\/b><\/strong><\/td>\n<td style=\"width: 20.5676%\" width=\"359\"><strong><b>Exemples de solutions<\/b><\/strong><\/td>\n<\/tr>\n<tr>\n<td style=\"width: 11.0537%\" width=\"217\">Brasseurs d\u2019air<\/td>\n<td style=\"width: 29.1226%\" width=\"113\">S\u00e9jour et chambre\u00a0: 1 brasseur d\u2019air au plafond par pi\u00e8ce<\/td>\n<td style=\"width: 43.7069%\" width=\"340\">Caract\u00e9ristiques techniques \u00e0 respecter\u00a0:<\/p>\n<ul>\n<li>Diam\u00e8tre de 120 cm minimum<\/li>\n<li>Efficacit\u00e9 \u00e9nerg\u00e9tique en vitesse maximum de 120 m3 minimum d\u2019air brass\u00e9 par Wh consomm\u00e9<\/li>\n<li>3 vitesses minimum<\/li>\n<\/ul>\n<\/td>\n<td style=\"width: 20.5676%\" width=\"359\">\n<p style=\"text-align: center\">-<\/p>\n<\/td>\n<\/tr>\n<\/tbody>\n<\/table>\n<p><span style=\"color: #000000\"><strong>Pour plus d\u2019informations sur l\u2019application de la th\u00e9matique, consultez la fiche en question\u00a0:<\/strong><\/span><\/p>\n<ul>\n<li><a href=\"https:\/\/www.service-public.pf\/sde\/wp-content\/uploads\/sites\/15\/2023\/06\/Fiche-07-Brasseurs-dair.pdf\">Fiche d\u2019application \u00ab\u00a0Brasseurs d\u2019air\u00a0\u00bb<\/a><\/li>\n<\/ul>\n<\/div><\/div><\/div><div class=\"fusion-panel panel-default panel-561ecddec817c78b2 fusion-toggle-has-divider\" style=\"--awb-title-color:#333333;--awb-content-color:#747474;\"><div class=\"panel-heading\"><h4 class=\"panel-title toggle\" id=\"toggle_561ecddec817c78b2\"><a aria-expanded=\"false\" aria-controls=\"561ecddec817c78b2\" role=\"button\" data-toggle=\"collapse\" data-parent=\"#accordion-3355-27\" data-target=\"#561ecddec817c78b2\" href=\"#561ecddec817c78b2\"><span class=\"fusion-toggle-icon-wrapper\" aria-hidden=\"true\"><i class=\"fa-fusion-box active-icon awb-icon-minus\" aria-hidden=\"true\"><\/i><i class=\"fa-fusion-box inactive-icon awb-icon-plus\" aria-hidden=\"true\"><\/i><\/span><span class=\"fusion-toggle-heading\">Eau chaude solaire<\/span><\/a><\/h4><\/div><div id=\"561ecddec817c78b2\" class=\"panel-collapse collapse \" aria-labelledby=\"toggle_561ecddec817c78b2\"><div class=\"panel-body toggle-content fusion-clearfix\">\n<table>\n<tbody>\n<tr>\n<td style=\"width: 76.0563%\">\n<p style=\"color: #000000\"><strong><span style=\"text-decoration: underline\">Locaux concern\u00e9s<\/span> :<\/strong><\/p>\n<p>L\u2019exigence porte sur l\u2019ensemble des besoins en eau chaude du projet. Le choix du syst\u00e8me n\u2019est pas impos\u00e9.<\/p>\n<p>Les locaux d\u2019h\u00e9bergement sont syst\u00e9matiquement raccord\u00e9s \u00e0 un syst\u00e8me de production d\u2019eau chaude solaire individuel ou collectif.<\/td>\n<td style=\"width: 23.2395%\"><img decoding=\"async\" class=\"alignright wp-image-3430\" src=\"https:\/\/www.service-public.pf\/sde\/wp-content\/uploads\/sites\/15\/2023\/01\/SDE-REBPF-IlluTotales-Hotel-Pension-ChauffeEau.png\" alt=\"\" width=\"300\" height=\"225\" \/><\/td>\n<\/tr>\n<\/tbody>\n<\/table>\n<p style=\"color: #000000\"><strong><span style=\"text-decoration: underline\">Seuils, r\u00e8gles de conception et caract\u00e9ristiques techniques \u00e0 respecter :<\/span><\/strong><\/p>\n<p style=\"color: #747474\">Les seuils et r\u00e8gles varient en fonction du type de syst\u00e8me retenu.<\/p>\n<table class=\"table table-bordered\" style=\"width: 100%\">\n<tbody>\n<tr>\n<td style=\"width: 12.0087%;text-align: center\"><strong><b>Syst\u00e8me<\/b><\/strong><\/td>\n<td style=\"width: 39.0086%;text-align: center\"><strong>Seuil<\/strong><\/td>\n<td style=\"width: 11.8946%;text-align: center\"><strong>R\u00e8gle de conception<br \/>\n<\/strong><\/td>\n<td style=\"width: 226.407%;text-align: center\"><strong>Exemples de solutions<\/strong><\/td>\n<\/tr>\n<tr>\n<td style=\"width: 12.0087%\">Chauffe-eau solaire individuel (CESI)<\/td>\n<td style=\"width: 39.0086%\" width=\"257\">Le seuil porte sur le volume minimum du ballon d\u2019eau chaude :<\/p>\n<ul>\n<li>T1 ou chambre d\u2019h\u00f4tel individuelle : chauffe-eau individuel solaire avec un r\u00e9servoir minimum de 100 litres<\/li>\n<li>T2-T3 : chauffe-eau individuel solaire avec un r\u00e9servoir minimum de 200 litres<\/li>\n<li>T4-T5 : chauffe-eau individuel solaire avec un r\u00e9servoir minimum de 300 litres<\/li>\n<li>T6 et + : chauffe-eau individuel solaire avec un r\u00e9servoir minimum de 400 litres<\/li>\n<\/ul>\n<\/td>\n<td style=\"width: 11.8946%;text-align: center\">-<\/td>\n<td style=\"width: 226.407%\">Cas d\u2019une pension de famille comprenant 4 bungalows de type studio et 4 bungalows familiaux avec 2 chambres<\/p>\n<ul>\n<li>Pour les bungalows (studio) : un CESI par bungalow avec un ballon de stockage de 100L ou plus (150L, \u2026)<\/li>\n<li>Pour les bungalows familiaux : un CESI par bungalow avec un ballon de stockage de 200L ou plus (250L, 300L, \u2026)<\/li>\n<\/ul>\n<p>Pour la cuisine, elle est \u00e9quip\u00e9e d\u2019un CESI si l\u2019estimation du besoin en eau chaude quotidien est sup\u00e9rieure \u00e0 100 L<\/td>\n<\/tr>\n<tr>\n<td style=\"width: 12.0087%\">Chauffe-eau solaire collectif (CESC)<\/td>\n<td style=\"width: 39.0086%\">Pour une temp\u00e9rature d\u2019eau chaude de 60 degr\u00e9s Celsius\u00a0:<\/p>\n<ul>\n<li>Taux de couverture de 60 % minimum des besoins \u00e9nerg\u00e9tiques en eau chaude du b\u00e2timent<\/li>\n<li>Productivit\u00e9 solaire minimale de 450 kWh\/m\u00b2capteur\/an pour une temp\u00e9rature<\/li>\n<\/ul>\n<\/td>\n<td style=\"width: 11.8946%\">\n<p style=\"text-align: center\">Conf\u00e8re fiche d\u2019application<\/p>\n<\/td>\n<td style=\"width: 226.407%\" width=\"406\">Dans le cas d\u2019un complexe h\u00f4telier, celui-ci sera vraisemblablement occup\u00e9 d\u2019un CESC alimentant tous les locaux n\u00e9cessitant de l\u2019eau chaude. Les h\u00e9bergements individuels (bungalow over water, \u2026), de m\u00eame que certains points d\u2019activit\u00e9 \u00e9loign\u00e9s (restaurant, \u2026) seront eux probablement \u00e9quip\u00e9s de CESI<\/td>\n<\/tr>\n<\/tbody>\n<\/table>\n<p><span style=\"color: #000000\"><strong><span style=\"text-decoration: underline\">Cas d\u00e9rogatoires :<\/span><\/strong><\/span><\/p>\n<ol>\n<li>Concernant l\u2019installation de chauffe-eaux solaires<\/li>\n<\/ol>\n<p style=\"color: #747474\">Les locaux d\u2019h\u00e9bergement livr\u00e9s sans syst\u00e8me de production d\u2019eau chaude ne sont pas soumis \u00e0 l\u2019obligation de recours aux chauffe-eaux solaires.<\/p>\n<p>A l\u2019exception des locaux d\u2019h\u00e9bergement munis d\u2019un syst\u00e8me de production d\u2019eau chaude, un ou plusieurs locaux peuvent ne pas \u00eatre aliment\u00e9s par de l\u2019eau chaude sanitaire produite par \u00e9nergie solaire s\u2019ils satisfont aux deux conditions suivantes\u00a0:<\/p>\n<ul>\n<li>Les besoins journaliers en eau chaude \u00e0 60 degr\u00e9s du point ou de l'ensemble de points de soutirage du local sont inf\u00e9rieurs \u00e0 100 litres\u00a0;<\/li>\n<li>Le point ou les points de soutirage dans leur ensemble sont \u00e9loign\u00e9s de plus de 15 m\u00e8tres du point aliment\u00e9 en eau chaude le plus proche.<\/li>\n<\/ul>\n<ol start=\"2\">\n<li>Concernant les performances de l\u2019installation<\/li>\n<\/ol>\n<p style=\"color: #747474\">Si le b\u00e2timent pr\u00e9sente une surface de toiture insuffisante pour permettre l\u2019installation de chauffe-eaux solaires conforme aux objectifs de performance\u00a0ou si les masques solaires proches sont trop importants pour cela, il est possible de d\u00e9roger aux seuils indiqu\u00e9s ci-dessus en dimensionnant toutefois l\u2019installation pour qu\u2019elle pr\u00e9sente un taux de couverture maximum et une productivit\u00e9 maximum au regard du contexte de mise en \u0153uvre.<\/p>\n<p>Si le projet s\u2019inscrit dans ce cas d\u00e9rogatoire, le recours \u00e0 cette d\u00e9rogation devra \u00eatre justifi\u00e9 et argument\u00e9 techniquement, tout comme le dimensionnement final de l\u2019installation.<\/p>\n<p style=\"color: #000000\"><strong>Pour plus d\u2019informations sur l\u2019application de la th\u00e9matique, consultez la fiche en question\u00a0:<\/strong><\/p>\n<ul>\n<li><a href=\"https:\/\/www.service-public.pf\/sde\/wp-content\/uploads\/sites\/15\/2023\/06\/Fiche-08-Eau-chaude-solaire.pdf\">Fiche d\u2019application \u00ab\u00a0Eau chaude solaire\u00a0\u00bb<\/a><\/li>\n<\/ul>\n<\/div><\/div><\/div><div class=\"fusion-panel panel-default panel-a785973a416d7a5e0 fusion-toggle-has-divider\" style=\"--awb-title-color:#333333;--awb-content-color:#747474;\"><div class=\"panel-heading\"><h4 class=\"panel-title toggle\" id=\"toggle_a785973a416d7a5e0\"><a aria-expanded=\"false\" aria-controls=\"a785973a416d7a5e0\" role=\"button\" data-toggle=\"collapse\" data-parent=\"#accordion-3355-27\" data-target=\"#a785973a416d7a5e0\" href=\"#a785973a416d7a5e0\"><span class=\"fusion-toggle-icon-wrapper\" aria-hidden=\"true\"><i class=\"fa-fusion-box active-icon awb-icon-minus\" aria-hidden=\"true\"><\/i><i class=\"fa-fusion-box inactive-icon awb-icon-plus\" aria-hidden=\"true\"><\/i><\/span><span class=\"fusion-toggle-heading\">Climatisation performante<\/span><\/a><\/h4><\/div><div id=\"a785973a416d7a5e0\" class=\"panel-collapse collapse \" aria-labelledby=\"toggle_a785973a416d7a5e0\"><div class=\"panel-body toggle-content fusion-clearfix\">\n<p><span style=\"color: #000000\"><strong>Cette disposition est applicable si, et seulement si, la climatisation est install\u00e9e\u00a0!<\/strong><\/span><\/p>\n<table style=\"width: 100%\">\n<tbody>\n<tr>\n<td style=\"width: 74.9588%\"><span style=\"text-decoration: underline;color: #000000\"><strong>Locaux concern\u00e9s :<\/strong><\/span><\/p>\n<ul>\n<li>S\u00e9jour<\/li>\n<li>Chambres<\/li>\n<\/ul>\n<\/td>\n<td style=\"width: 120.451%\"><strong><img decoding=\"async\" class=\"alignright wp-image-3439 size-medium\" src=\"https:\/\/www.service-public.pf\/sde\/wp-content\/uploads\/sites\/15\/2023\/01\/SDE-REBPF-IlluTotales-Hotel-Pension-Climatisation.png\" alt=\"\" width=\"300\" height=\"225\" \/><\/strong><\/td>\n<\/tr>\n<\/tbody>\n<\/table>\n<p style=\"text-decoration: underline;color: #000000\"><strong>Seuils, r\u00e8gles de conception et caract\u00e9ristiques techniques \u00e0 respecter :<\/strong><\/p>\n<table class=\"table table-bordered\" style=\"width: 98.0591%\">\n<tbody>\n<tr>\n<td style=\"width: 19.9406%\" width=\"217\"><strong><b>Mesure<\/b><\/strong><\/td>\n<td style=\"width: 14.8497%\" width=\"113\"><strong><b>Seuil<\/b><\/strong><\/td>\n<td style=\"width: 50.9779%\" width=\"340\"><strong><b>R\u00e8gle de conception<\/b><\/strong><\/td>\n<td style=\"width: 18.6826%\" width=\"359\"><strong><b>Exemples de solutions<\/b><\/strong><\/td>\n<\/tr>\n<tr>\n<td style=\"width: 19.9406%\" rowspan=\"2\">Efficacit\u00e9 \u00e9nerg\u00e9tique minimale (EER)<\/td>\n<td style=\"width: 14.8497%\">Installation individuelle<\/td>\n<td style=\"width: 50.9779%\" width=\"340\">EER minimum de\u00a0:<\/p>\n<ul>\n<li>2,8 pour un climatiseur d\u2019une puissance inf\u00e9rieure \u00e0 21 000 BTU\/h<\/li>\n<li>2,5 pour un climatiseur d\u2019une puissance sup\u00e9rieure ou \u00e9gale \u00e0 21 000 BTU\/h<\/li>\n<\/ul>\n<\/td>\n<td style=\"width: 18.6826%\" rowspan=\"2\" width=\"359\">\n<p style=\"text-align: center\">-<\/p>\n<\/td>\n<\/tr>\n<tr>\n<td style=\"width: 14.8497%\">Installation centralis\u00e9e<\/td>\n<td style=\"width: 50.9779%\">EER minimum de\u00a0:<\/p>\n<ul>\n<li>3,7 pour une installation de type \u00ab DRV \u00bb ou \u00ab VRV \u00bb<\/li>\n<li>3 pour une installation de type \u00ab eau glac\u00e9e \u00bb<\/li>\n<\/ul>\n<\/td>\n<\/tr>\n<\/tbody>\n<\/table>\n<p><span style=\"color: #000000\"><strong>Pour plus d\u2019informations sur l\u2019application de la th\u00e9matique, consultez la fiche en question\u00a0:<\/strong><\/span><\/p>\n<ul>\n<li><a href=\"https:\/\/www.service-public.pf\/sde\/wp-content\/uploads\/sites\/15\/2023\/06\/Fiche-09-Climatisation.pdf\">Fiche d\u2019application \u00ab\u00a0Climatisation\u00a0\u00bb<\/a><\/li>\n<\/ul>\n<\/div><\/div><\/div><\/div><\/div><div class=\"fusion-text fusion-text-109\" style=\"--awb-margin-top:10px;\"><p><span style=\"color: #000000\"><strong>Informations relatives aux demandes de permis de construire et au certificat de conformit\u00e9<\/strong><\/span><\/p>\n<p>Le p\u00e9titionnaire remplit les nouveaux formulaires de demande de permis de construire et de certificat de conformit\u00e9 de la DCA qui int\u00e8grent la d\u00e9claration du respect de la r\u00e9glementation.<\/p>\n<p><strong>Si les surfaces de plancher construites cumul\u00e9es* sont sup\u00e9rieures \u00e0 250 m\u00b2 de plancher, les demandes de permis de construire et de certificat de conformit\u00e9 doivent \u00eatre accompagn\u00e9es de l\u2019avis d\u2019un organisme agr\u00e9\u00e9<\/strong><\/p>\n<ul>\n<li><a href=\"https:\/\/www.service-public.pf\/sde\/organismes-agrees\/\">Parcourir la page d\u00e9di\u00e9e aux organismes agr\u00e9\u00e9s<\/a><\/li>\n<\/ul>\n<p><em><span style=\"font-size: 10pt\">* Les surfaces de plancher \u00e0 consid\u00e9rer sont celles de n\u2019importe quel b\u00e2timent neuf rattach\u00e9 au projet de construction, d\u00e8s lors que la typologie associ\u00e9e est bureaux, enseignement, \u00e9tablissement de soin, h\u00f4tellerie ou logement collectif.<\/span><\/em><\/p>\n<p style=\"color: #000000\"><strong>Informations sur les dispositions applicables \u00e0 la typologie <\/strong> (ne consulter que les rubriques des th\u00e9matiques concernant le projet de construction)<strong> :<\/strong><\/p>\n<ul>\n<li><a href=\"https:\/\/www.service-public.pf\/sde\/wp-content\/uploads\/sites\/15\/2023\/04\/REPBF_Depliants_Hotellerie_Pages-V2.pdf\">D\u00e9pliant \u00ab\u00a0H\u00f4tellerie\u00a0\u00bb<\/a><\/li>\n<\/ul>\n<\/div><\/div><\/div><\/div><\/div><\/div><div class=\"fusion-layout-column fusion_builder_column fusion-builder-column-39 fusion_builder_column_4_5 4_5 fusion-flex-column vct_islv_inf500_content\" style=\"--awb-bg-size:cover;--awb-width-large:80%;--awb-flex-grow:0;--awb-flex-shrink:0;--awb-margin-top-large:0px;--awb-spacing-right-large:2.4%;--awb-margin-bottom-large:20px;--awb-spacing-left-large:2.4%;--awb-width-medium:100%;--awb-order-medium:0;--awb-flex-grow-medium:0;--awb-flex-shrink-medium:0;--awb-spacing-right-medium:1.92%;--awb-spacing-left-medium:1.92%;--awb-width-small:100%;--awb-order-small:0;--awb-flex-grow-small:0;--awb-flex-shrink-small:0;--awb-spacing-right-small:1.92%;--awb-spacing-left-small:1.92%;\" id=\"vct_islv_inf500_logementcollectif_content\"><div class=\"fusion-column-wrapper fusion-column-has-shadow fusion-flex-justify-content-flex-start fusion-content-layout-column\"><div class=\"fusion-title title fusion-title-31 fusion-sep-none fusion-title-center fusion-title-text fusion-title-size-two hidden\" style=\"--awb-margin-top-small:0px;--awb-margin-right-small:0px;--awb-margin-bottom-small:20px;--awb-margin-left-small:0px;\"><h2 class=\"fusion-title-heading title-heading-center\" style=\"margin:0;\">Protection solaire de la toiture \/ Protection solaire des murs \/ Protection solaire des baies \/ Ventilation naturelle - LOG COLL \/ Brasseur d'air DEROGATION \/ Climatisation EER + D\u00e9pliant logement collectif + Fiche d'information logement collectif + Formulaire 2-ISLV<\/h2><\/div><div class=\"fusion-text fusion-text-110 vct_description_typologie\"><p>Un logement collectif correspond \u00e0 un b\u00e2timent \u00e0 usage d\u2019habitation comprenant au moins trois<br \/>\nlogements superpos\u00e9s ou accol\u00e9s.<\/p>\n<p>On assimile \u00e9galement au logement collectif les locaux \u00e0 sommeil et les internats (locaux \u00e0 sommeil<br \/>\net espaces de vie) des \u00e9tablissements d\u2019enseignement.<\/p>\n<\/div><div class=\"fusion-builder-row fusion-builder-row-inner fusion-row fusion-flex-align-items-flex-start fusion-flex-justify-content-center fusion-flex-content-wrap\" style=\"--awb-flex-grow:0;--awb-flex-grow-medium:0;--awb-flex-grow-small:0;--awb-flex-shrink:0;--awb-flex-shrink-medium:0;--awb-flex-shrink-small:0;width:104% !important;max-width:104% !important;margin-left: calc(-4% \/ 2 );margin-right: calc(-4% \/ 2 );\"><div class=\"fusion-layout-column fusion_builder_column_inner fusion-builder-nested-column-143 fusion_builder_column_inner_1_1 1_1 fusion-flex-column\" style=\"--awb-bg-size:cover;--awb-width-large:100%;--awb-margin-top-large:0px;--awb-spacing-right-large:1.92%;--awb-margin-bottom-large:20px;--awb-spacing-left-large:1.92%;--awb-width-medium:100%;--awb-order-medium:0;--awb-spacing-right-medium:1.92%;--awb-spacing-left-medium:1.92%;--awb-width-small:100%;--awb-order-small:0;--awb-spacing-right-small:1.92%;--awb-spacing-left-small:1.92%;\"><div class=\"fusion-column-wrapper fusion-column-has-shadow fusion-flex-justify-content-flex-start fusion-content-layout-column\"><div class=\"fusion-separator fusion-full-width-sep\" style=\"align-self: center;margin-left: auto;margin-right: auto;width:100%;\"><div class=\"fusion-separator-border sep-shadow\" style=\"--awb-height:20px;--awb-amount:20px;background:radial-gradient(ellipse at 50% -50% , #e0dede 0px, rgba(255, 255, 255, 0) 80%) repeat scroll 0 0 rgba(0, 0, 0, 0);background:-webkit-radial-gradient(ellipse at 50% -50% , #e0dede 0px, rgba(255, 255, 255, 0) 80%) repeat scroll 0 0 rgba(0, 0, 0, 0);background:-moz-radial-gradient(ellipse at 50% -50% , #e0dede 0px, rgba(255, 255, 255, 0) 80%) repeat scroll 0 0 rgba(0, 0, 0, 0);background:-o-radial-gradient(ellipse at 50% -50% , #e0dede 0px, rgba(255, 255, 255, 0) 80%) repeat scroll 0 0 rgba(0, 0, 0, 0);\"><\/div><\/div><\/div><\/div><div class=\"fusion-layout-column fusion_builder_column_inner fusion-builder-nested-column-144 fusion_builder_column_inner_1_3 1_3 fusion-flex-column\" style=\"--awb-bg-size:cover;--awb-width-large:33.333333333333%;--awb-margin-top-large:0px;--awb-spacing-right-large:2vw;--awb-margin-bottom-large:20px;--awb-spacing-left-large:5.76%;--awb-width-medium:100%;--awb-order-medium:0;--awb-spacing-right-medium:1.92%;--awb-spacing-left-medium:1.92%;--awb-width-small:100%;--awb-order-small:0;--awb-spacing-right-small:1.92%;--awb-spacing-left-small:1.92%;\"><div class=\"fusion-column-wrapper fusion-column-has-shadow fusion-flex-justify-content-flex-start fusion-content-layout-column\"><div class=\"fusion-image-element \" style=\"text-align:right;--awb-max-width:450px;--awb-caption-title-font-family:var(--h2_typography-font-family);--awb-caption-title-font-weight:var(--h2_typography-font-weight);--awb-caption-title-font-style:var(--h2_typography-font-style);--awb-caption-title-size:var(--h2_typography-font-size);--awb-caption-title-transform:var(--h2_typography-text-transform);--awb-caption-title-line-height:var(--h2_typography-line-height);--awb-caption-title-letter-spacing:var(--h2_typography-letter-spacing);\"><span class=\" fusion-imageframe imageframe-none imageframe-28 hover-type-none\"><img decoding=\"async\" width=\"300\" height=\"225\" title=\"SDE REBPF IlluTotales Logement Collectif\" src=\"https:\/\/www.service-public.pf\/sde\/wp-content\/uploads\/sites\/15\/2023\/01\/SDE-REBPF-IlluTotales-Logement-Collectif-1-300x225.png\" alt class=\"img-responsive wp-image-3533\" srcset=\"https:\/\/www.service-public.pf\/sde\/wp-content\/uploads\/sites\/15\/2023\/01\/SDE-REBPF-IlluTotales-Logement-Collectif-1-200x150.png 200w, https:\/\/www.service-public.pf\/sde\/wp-content\/uploads\/sites\/15\/2023\/01\/SDE-REBPF-IlluTotales-Logement-Collectif-1-400x300.png 400w, https:\/\/www.service-public.pf\/sde\/wp-content\/uploads\/sites\/15\/2023\/01\/SDE-REBPF-IlluTotales-Logement-Collectif-1-600x450.png 600w, https:\/\/www.service-public.pf\/sde\/wp-content\/uploads\/sites\/15\/2023\/01\/SDE-REBPF-IlluTotales-Logement-Collectif-1-800x600.png 800w, https:\/\/www.service-public.pf\/sde\/wp-content\/uploads\/sites\/15\/2023\/01\/SDE-REBPF-IlluTotales-Logement-Collectif-1-1200x900.png 1200w, https:\/\/www.service-public.pf\/sde\/wp-content\/uploads\/sites\/15\/2023\/01\/SDE-REBPF-IlluTotales-Logement-Collectif-1.png 1453w\" sizes=\"(max-width: 1024px) 100vw, (max-width: 640px) 100vw, 800px\" \/><\/span><\/div><\/div><\/div><div class=\"fusion-layout-column fusion_builder_column_inner fusion-builder-nested-column-145 fusion_builder_column_inner_2_3 2_3 fusion-flex-column\" style=\"--awb-bg-size:cover;--awb-width-large:66.666666666667%;--awb-margin-top-large:0px;--awb-spacing-right-large:2.88%;--awb-margin-bottom-large:20px;--awb-spacing-left-large:2.88%;--awb-width-medium:100%;--awb-order-medium:0;--awb-spacing-right-medium:1.92%;--awb-spacing-left-medium:1.92%;--awb-width-small:100%;--awb-order-small:0;--awb-spacing-right-small:1.92%;--awb-spacing-left-small:1.92%;\"><div class=\"fusion-column-wrapper fusion-column-has-shadow fusion-flex-justify-content-center fusion-content-layout-column\"><div class=\"fusion-text fusion-text-111\" style=\"--awb-content-alignment:center;--awb-font-size:24pt;\"><p>Localisation\u00a0du projet : <strong>Iles Sous-Le-Vent, \u00e0 une altitude inf\u00e9rieure \u00e0 500 m\u00e8tres<\/strong><\/p>\n<p>Typologie de la construction\u00a0: <strong>Logement collectif<\/strong><\/p>\n<\/div><\/div><\/div><div class=\"fusion-layout-column fusion_builder_column_inner fusion-builder-nested-column-146 fusion_builder_column_inner_1_1 1_1 fusion-flex-column\" style=\"--awb-bg-size:cover;--awb-width-large:100%;--awb-margin-top-large:0px;--awb-spacing-right-large:1.92%;--awb-margin-bottom-large:20px;--awb-spacing-left-large:1.92%;--awb-width-medium:100%;--awb-order-medium:0;--awb-spacing-right-medium:1.92%;--awb-spacing-left-medium:1.92%;--awb-width-small:100%;--awb-order-small:0;--awb-spacing-right-small:1.92%;--awb-spacing-left-small:1.92%;\"><div class=\"fusion-column-wrapper fusion-column-has-shadow fusion-flex-justify-content-flex-start fusion-content-layout-column\"><div class=\"fusion-separator fusion-full-width-sep\" style=\"align-self: center;margin-left: auto;margin-right: auto;margin-bottom:20px;width:100%;\"><div class=\"fusion-separator-border sep-shadow\" style=\"--awb-height:20px;--awb-amount:20px;background:radial-gradient(ellipse at 50% -50% , #e0dede 0px, rgba(255, 255, 255, 0) 80%) repeat scroll 0 0 rgba(0, 0, 0, 0);background:-webkit-radial-gradient(ellipse at 50% -50% , #e0dede 0px, rgba(255, 255, 255, 0) 80%) repeat scroll 0 0 rgba(0, 0, 0, 0);background:-moz-radial-gradient(ellipse at 50% -50% , #e0dede 0px, rgba(255, 255, 255, 0) 80%) repeat scroll 0 0 rgba(0, 0, 0, 0);background:-o-radial-gradient(ellipse at 50% -50% , #e0dede 0px, rgba(255, 255, 255, 0) 80%) repeat scroll 0 0 rgba(0, 0, 0, 0);\"><\/div><\/div><\/div><\/div><div class=\"fusion-layout-column fusion_builder_column_inner fusion-builder-nested-column-147 fusion_builder_column_inner_1_1 1_1 fusion-flex-column\" style=\"--awb-bg-color:#ffffff;--awb-bg-color-hover:#ffffff;--awb-bg-size:cover;--awb-width-large:100%;--awb-margin-top-large:0px;--awb-spacing-right-large:1.92%;--awb-margin-bottom-large:20px;--awb-spacing-left-large:1.92%;--awb-width-medium:100%;--awb-order-medium:0;--awb-spacing-right-medium:1.92%;--awb-spacing-left-medium:1.92%;--awb-width-small:100%;--awb-order-small:0;--awb-spacing-right-small:1.92%;--awb-spacing-left-small:1.92%;\"><div class=\"fusion-column-wrapper fusion-column-has-shadow fusion-flex-justify-content-flex-start fusion-content-layout-column\"><div class=\"fusion-text fusion-text-112\" style=\"--awb-text-color:#000000;\"><p><strong>Th\u00e9matiques applicables :<\/strong><\/p>\n<\/div><div class=\"accordian fusion-accordian\" style=\"--awb-border-size:1px;--awb-icon-size:13px;--awb-content-font-size:13px;--awb-icon-alignment:left;--awb-hover-color:#f9f9f9;--awb-border-color:#cccccc;--awb-background-color:#ffffff;--awb-divider-color:#e0dede;--awb-divider-hover-color:#e0dede;--awb-icon-color:#ffffff;--awb-title-color:#333333;--awb-content-color:#747474;--awb-icon-box-color:#333333;--awb-toggle-hover-accent-color:#26a147;--awb-title-font-family:&quot;PT Sans&quot;;--awb-title-font-weight:400;--awb-title-font-style:normal;--awb-title-font-size:13px;--awb-content-font-family:&quot;PT Sans&quot;;--awb-content-font-style:normal;--awb-content-font-weight:400;\"><div class=\"panel-group fusion-toggle-icon-boxed\" id=\"accordion-3355-28\"><div class=\"fusion-panel panel-default panel-4410bcbf797518e0f fusion-toggle-has-divider\" style=\"--awb-title-color:#333333;--awb-content-color:#747474;\"><div class=\"panel-heading\"><h4 class=\"panel-title toggle\" id=\"toggle_4410bcbf797518e0f\"><a aria-expanded=\"false\" aria-controls=\"4410bcbf797518e0f\" role=\"button\" data-toggle=\"collapse\" data-parent=\"#accordion-3355-28\" data-target=\"#4410bcbf797518e0f\" href=\"#4410bcbf797518e0f\"><span class=\"fusion-toggle-icon-wrapper\" aria-hidden=\"true\"><i class=\"fa-fusion-box active-icon awb-icon-minus\" aria-hidden=\"true\"><\/i><i class=\"fa-fusion-box inactive-icon awb-icon-plus\" aria-hidden=\"true\"><\/i><\/span><span class=\"fusion-toggle-heading\">Protection solaire de la toiture<\/span><\/a><\/h4><\/div><div id=\"4410bcbf797518e0f\" class=\"panel-collapse collapse \" aria-labelledby=\"toggle_4410bcbf797518e0f\"><div class=\"panel-body toggle-content fusion-clearfix\">\n<table style=\"width: 100%;height: 187px\">\n<tbody>\n<tr style=\"height: 187px\">\n<td style=\"height: 187px\"><span style=\"color: #000000\"><strong><span style=\"text-decoration: underline\">Locaux concern\u00e9s<\/span> :<\/strong><\/span><\/p>\n<ul>\n<li>Locaux clos et climatis\u00e9s ou occup\u00e9s (exemples\u00a0: chambre, s\u00e9jour, bureau, \u2026)<\/li>\n<li>Locaux clos non-occup\u00e9s donnant <u>directement<\/u> sur les locaux ci-dessus, hors locaux techniques, stationnements et espaces de stockage non climatis\u00e9s (exemples : sanitaires, salle de bain, buanderie, local poubelle, \u2026)<\/li>\n<\/ul>\n<\/td>\n<td style=\"height: 187px\"><img decoding=\"async\" class=\"alignright wp-image-3430\" src=\"https:\/\/www.service-public.pf\/sde\/wp-content\/uploads\/sites\/15\/2023\/01\/SDE-REBPF-IlluTotales-Logement-Collectif-ProToiture-1.png\" alt=\"\" width=\"300\" height=\"225\" \/><\/td>\n<\/tr>\n<\/tbody>\n<\/table>\n<p style=\"color: #000000\"><strong><span style=\"text-decoration: underline\">Seuils \u00e0 respecter : <\/span><\/strong><\/p>\n<table class=\"table table-bordered\" style=\"width: 100%\">\n<tbody>\n<tr>\n<td style=\"width: 24.0317%\"><strong>Mesure<\/strong><\/td>\n<td style=\"width: 4.78677%\"><strong>Seuil<\/strong><\/td>\n<td style=\"width: 58.7865%\"><strong>Exemples de solutions<\/strong><\/td>\n<\/tr>\n<tr>\n<td style=\"width: 24.0317%\">Facteur solaire maximal de la toiture<\/td>\n<td style=\"width: 4.78677%\">2,5%<\/td>\n<td style=\"width: 58.7865%\">\n<ul>\n<li>Toiture (avec combles) en t\u00f4le de teinte claire avec 3 cm de laine min\u00e9rale minimum<\/li>\n<li>Toiture (avec combles) en t\u00f4le de teinte moyenne avec 5 cm de laine min\u00e9rale minimum<\/li>\n<li>Toiture (avec combles) en t\u00f4le de teinte sombre avec 7,5 cm de laine min\u00e9rale minimum<\/li>\n<li>Toiture terrasse en b\u00e9ton de teinte moyenne avec 6 cm de polystyr\u00e8ne expans\u00e9 minimum<\/li>\n<li>Toiture terrasse en b\u00e9ton avec sur-toiture largement ventil\u00e9e<\/li>\n<\/ul>\n<\/td>\n<\/tr>\n<\/tbody>\n<\/table>\n<p><span style=\"color: #000000\"><strong>Pour plus d\u2019informations sur l\u2019application de la th\u00e9matique, consultez la fiche en question\u00a0:<\/strong><\/span><\/p>\n<ul>\n<li><a href=\"https:\/\/www.service-public.pf\/sde\/wp-content\/uploads\/sites\/15\/2023\/09\/Fiche-02-Protection-solaire-des-parois-opaques-horizontales-Toitures.pdf\">Fiche d\u2019application \u00ab\u00a0Protection solaire de la toiture\u00a0\u00bb<\/a><\/li>\n<\/ul>\n<\/div><\/div><\/div><div class=\"fusion-panel panel-default panel-32611e9b2dcd739ec fusion-toggle-has-divider\" style=\"--awb-title-color:#333333;--awb-content-color:#747474;\"><div class=\"panel-heading\"><h4 class=\"panel-title toggle\" id=\"toggle_32611e9b2dcd739ec\"><a aria-expanded=\"false\" aria-controls=\"32611e9b2dcd739ec\" role=\"button\" data-toggle=\"collapse\" data-parent=\"#accordion-3355-28\" data-target=\"#32611e9b2dcd739ec\" href=\"#32611e9b2dcd739ec\"><span class=\"fusion-toggle-icon-wrapper\" aria-hidden=\"true\"><i class=\"fa-fusion-box active-icon awb-icon-minus\" aria-hidden=\"true\"><\/i><i class=\"fa-fusion-box inactive-icon awb-icon-plus\" aria-hidden=\"true\"><\/i><\/span><span class=\"fusion-toggle-heading\">Protection solaire des fa\u00e7ades (murs et baies)<\/span><\/a><\/h4><\/div><div id=\"32611e9b2dcd739ec\" class=\"panel-collapse collapse \" aria-labelledby=\"toggle_32611e9b2dcd739ec\"><div class=\"panel-body toggle-content fusion-clearfix\">\n<table style=\"width: 100%;height: 187px\">\n<tbody>\n<tr style=\"height: 187px\">\n<td style=\"height: 187px\"><span style=\"color: #000000\"><strong><span style=\"text-decoration: underline\">Locaux concern\u00e9s<\/span> :<\/strong><\/span><\/p>\n<ul>\n<li>Locaux clos et climatis\u00e9s ou occup\u00e9s (exemples\u00a0: chambre, s\u00e9jour, bureau, \u2026)<\/li>\n<li>Locaux clos non-occup\u00e9s donnant <u>directement<\/u> sur les locaux ci-dessus, hors locaux techniques, stationnements et espaces de stockage non climatis\u00e9s (exemples : sanitaires, salle de bain, buanderie, local poubelle, \u2026)<\/li>\n<\/ul>\n<\/td>\n<td style=\"height: 187px\"><img decoding=\"async\" class=\"alignright wp-image-3430\" src=\"https:\/\/www.service-public.pf\/sde\/wp-content\/uploads\/sites\/15\/2023\/01\/SDE-REBPF-IlluTotales-Logement-Collectif-ProFacade.png\" alt=\"\" width=\"300\" height=\"225\" \/><\/td>\n<\/tr>\n<\/tbody>\n<\/table>\n<p style=\"color: #000000\"><strong><span style=\"text-decoration: underline\">Seuils \u00e0 respecter : <\/span><\/strong><\/p>\n<table>\n<tbody>\n<tr>\n<td width=\"20%\"><strong>Mesure<\/strong><\/td>\n<td width=\"20%\"><strong>Orientation<\/strong><\/td>\n<td width=\"5%\"><strong>Seuil<\/strong><\/td>\n<td width=\"243%\"><strong>Exemples de solutions<\/strong><\/td>\n<\/tr>\n<tr>\n<td rowspan=\"2\" width=\"20%\">Facteur solaire maximal des murs<\/td>\n<td width=\"20%\">Nord, Nord-Est, Nord-Ouest, Est, Ouest<\/td>\n<td width=\"5%\">11 %<\/td>\n<td rowspan=\"2\" width=\"243%\">Mur de teinte claire, double-peau l\u00e9g\u00e8re de teinte moyenne, mur en b\u00e9ton cellulaire, mur en parpaing de teinte moyenne, mur avec bardage ventil\u00e9, d\u00e9bord de toiture (dimensions \u00e0 calculer en fonction des caract\u00e9ristiques du mur), \u2026<\/td>\n<\/tr>\n<tr>\n<td width=\"20%\">Sud, Sud-Est, Sud-Ouest<\/td>\n<td width=\"5%\">12 %<\/td>\n<\/tr>\n<tr>\n<td rowspan=\"4\" width=\"20%\">Facteur solaire maximal des baies<\/td>\n<td width=\"20%\">Nord, Nord-Est, Nord-Ouest, Est, Ouest*<\/td>\n<td width=\"5%\">50 %<\/td>\n<td width=\"243%\">Double vitrage teint\u00e9 ou \u00e0 contr\u00f4le solaire, masque architectural (casquette, brise-soleil, \u2026) \u00e0 dimensionner selon les caract\u00e9ristiques de la baie, lame opaque<\/td>\n<\/tr>\n<tr>\n<td width=\"20%\">Sud-Est, Sud-Ouest*<\/td>\n<td width=\"5%\">60 %<\/td>\n<td rowspan=\"2\" width=\"243%\">Simple vitrage \u00e0 contr\u00f4le solaire, simple ou double vitrage teint\u00e9, double vitrage clair (au sud seulement), masque architectural (casquette, brise-soleil, \u2026) \u00e0 dimensionner selon les caract\u00e9ristiques de la baie, \u2026<\/td>\n<\/tr>\n<tr>\n<td width=\"20%\">Sud*<\/td>\n<td width=\"5%\">70 %<\/td>\n<\/tr>\n<tr>\n<td width=\"20%\">Baie horizontale<\/td>\n<td width=\"5%\">45%<\/td>\n<td width=\"243%\">Protection solaire compl\u00e9mentaire \u00e0 la baie, \u00e0 dimensionner en fonction du type de vitrage<\/td>\n<\/tr>\n<\/tbody>\n<\/table>\n<p><em>*Si le taux de surface de baie en fa\u00e7ade est sup\u00e9rieur \u00e0 70%, le seuil \u00e0 atteindre est alors rabaiss\u00e9 de 5 % (respectivement 45%, 55% et 65%).<\/em><\/p>\n<p style=\"color: #000000\"><strong>Pour plus d\u2019informations sur l\u2019application des th\u00e9matiques, consultez les fiches en question :<\/strong><\/p>\n<ul>\n<li><a href=\"https:\/\/www.service-public.pf\/sde\/wp-content\/uploads\/sites\/15\/2023\/09\/Fiche-03-Protection-solaire-des-parois-opaques-verticales-Murs.pdf\">Fiche d\u2019application \u00ab Protection solaire des murs \u00bb<\/a><\/li>\n<li><a href=\"https:\/\/www.service-public.pf\/sde\/wp-content\/uploads\/sites\/15\/2023\/09\/Fiche-04-Protection-solaire-des-baies.pdf\">Fiche d\u2019application \u00ab\u00a0Protection solaire des baies \u00bb<\/a><\/li>\n<li><a href=\"https:\/\/www.service-public.pf\/sde\/wp-content\/uploads\/sites\/15\/2023\/06\/Fiche-05-Prise-en-main-de-loutil-Cm-FS.pdf\">Fiche d\u2019application \u00ab\u00a0Outil de calcul pour la protection solaire des fa\u00e7ades \u00bb<\/a><\/li>\n<\/ul>\n<\/div><\/div><\/div><div class=\"fusion-panel panel-default panel-62006aa47527e9e65 fusion-toggle-has-divider\" style=\"--awb-title-color:#333333;--awb-content-color:#747474;\"><div class=\"panel-heading\"><h4 class=\"panel-title toggle\" id=\"toggle_62006aa47527e9e65\"><a aria-expanded=\"false\" aria-controls=\"62006aa47527e9e65\" role=\"button\" data-toggle=\"collapse\" data-parent=\"#accordion-3355-28\" data-target=\"#62006aa47527e9e65\" href=\"#62006aa47527e9e65\"><span class=\"fusion-toggle-icon-wrapper\" aria-hidden=\"true\"><i class=\"fa-fusion-box active-icon awb-icon-minus\" aria-hidden=\"true\"><\/i><i class=\"fa-fusion-box inactive-icon awb-icon-plus\" aria-hidden=\"true\"><\/i><\/span><span class=\"fusion-toggle-heading\">Ventilation naturelle<\/span><\/a><\/h4><\/div><div id=\"62006aa47527e9e65\" class=\"panel-collapse collapse \" aria-labelledby=\"toggle_62006aa47527e9e65\"><div class=\"panel-body toggle-content fusion-clearfix\">\n<table style=\"width: 100%;height: 187px\">\n<tbody>\n<tr style=\"height: 187px\">\n<td style=\"height: 187px;width: 81.6901%\"><span style=\"color: #000000\"><strong><span style=\"text-decoration: underline\">Locaux concern\u00e9s<\/span> :<\/strong><\/span><\/p>\n<ul>\n<li>S\u00e9jour<\/li>\n<li>Chambres<\/li>\n<\/ul>\n<\/td>\n<td style=\"height: 187px;width: 17.6056%\"><img decoding=\"async\" class=\"alignright wp-image-3430\" src=\"https:\/\/www.service-public.pf\/sde\/wp-content\/uploads\/sites\/15\/2023\/01\/SDE-REBPF-IlluTotales-Logement-Collectif-Ventilation.png\" alt=\"\" width=\"300\" height=\"225\" \/><\/td>\n<\/tr>\n<\/tbody>\n<\/table>\n<p style=\"color: #000000\"><strong><span style=\"text-decoration: underline\">Seuils, r\u00e8gles de conception et caract\u00e9ristiques techniques \u00e0 respecter : <\/span><\/strong><\/p>\n<table class=\"table table-bordered\" style=\"width: 100%\">\n<tbody>\n<tr>\n<td style=\"width: 15.1408%\"><strong>Mesure<\/strong><\/td>\n<td style=\"width: 10.6847%\"><strong>Seuil<\/strong><\/td>\n<td style=\"width: 28.4664%\"><strong><b>R\u00e8gle de conception<\/b><\/strong><\/td>\n<td style=\"width: 38.1%\"><strong>Exemples de solutions<\/strong><\/td>\n<\/tr>\n<tr>\n<td style=\"width: 15.1408%\">Ventilation naturelle traversante<\/td>\n<td style=\"width: 39.1511%\" colspan=\"2\">La pi\u00e8ce poss\u00e8de au minimum deux ouvertures situ\u00e9es sur deux fa\u00e7ades diff\u00e9rentes. Soit ces deux ouvertures donnent directement sur l\u2019ext\u00e9rieur.<\/p>\n<p>Soit une seule ouverture donne directement sur l\u2019ext\u00e9rieur et la seconde donne sur une autre pi\u00e8ce dont au moins une ouverture se trouve sur une fa\u00e7ade d\u2019orientation diff\u00e9rente et donne directement sur l\u2019ext\u00e9rieur.<\/td>\n<td style=\"width: 38.1%\">\n<ul>\n<li>Chambre avec deux fen\u00eatres donnant sur l\u2019ext\u00e9rieur et positionn\u00e9es sur des fa\u00e7ades diff\u00e9rentes<\/li>\n<li>Chambre avec une ouverture sur l\u2019ext\u00e9rieur et une porte donnant sur le s\u00e9jour dont l\u2019ouverture sur l\u2019ext\u00e9rieur est situ\u00e9e sur une fa\u00e7ade d\u2019orientation diff\u00e9rente<\/li>\n<\/ul>\n<\/td>\n<\/tr>\n<tr>\n<td style=\"width: 15.1408%\">Porosit\u00e9 minimale des locaux<\/td>\n<td style=\"width: 10.6847%\">Chambre\u00a0: 10 %<\/p>\n<p>S\u00e9jour\u00a0: 10 %<\/td>\n<td style=\"width: 28.4664%\">La porosit\u00e9 correspond \u00e0 la surface totale des ouvertures libres donnant sur l\u2019ext\u00e9rieur divis\u00e9e par la surface de plancher de la pi\u00e8ce<\/td>\n<td style=\"width: 38.1%\">Pour une chambre de 9 m\u00b2 :<\/p>\n<ul>\n<li>Mise en place d\u2019une fen\u00eatre coulissante \u00e0 double vantaux de 1,6 m par 1,15 m<\/li>\n<li>Mise en place d\u2019une fen\u00eatre \u00e0 jalousies de dimensions 1,2 m par 1,15 m<\/li>\n<\/ul>\n<p>Pour une chambre de 12 m\u00b2\u00a0:<\/p>\n<ul>\n<li>Mise en place d\u2019une fen\u00eatre coulissante \u00e0 double vantaux de 1,9 m par 1,3 m<\/li>\n<li>Mise en place d\u2019une fen\u00eatre \u00e0 jalousies de dimensions 1,6 m par 1,15 m<\/li>\n<\/ul>\n<\/td>\n<\/tr>\n<\/tbody>\n<\/table>\n<p style=\"text-decoration: underline\"><span style=\"color: #000000\"><strong>Cas d\u00e9rogatoire\u00a0:<\/strong><\/span><\/p>\n<p>Si un logement est situ\u00e9 sur un niveau de b\u00e2timent dont une ou plusieurs fa\u00e7ades sont construites en mitoyennet\u00e9 avec un b\u00e2timent ou un relief montagneux sur plus de 30% du lin\u00e9aire p\u00e9riph\u00e9rique des fa\u00e7ades du b\u00e2timent, ou s\u2019il se situe dans un b\u00e2timent class\u00e9 comme immeuble de grande hauteur (IGH), il est exempt\u00e9 de cette obligation. Cependant, en mesure compensatoire, les pi\u00e8ces concern\u00e9es devront \u00eatre \u00e9quip\u00e9es d\u2019un brasseur d\u2019air.<\/p>\n<p style=\"color: #000000\"><strong>Pour plus d\u2019informations sur l\u2019application de la th\u00e9matique, consultez la fiche en question\u00a0:<\/strong><\/p>\n<ul>\n<li><a href=\"https:\/\/www.service-public.pf\/sde\/wp-content\/uploads\/sites\/15\/2023\/09\/Fiche-06-Ventilation-naturelle.pdf\">Fiche d\u2019application \u00ab\u00a0Ventilation naturelle\u00a0\u00bb<\/a><\/li>\n<\/ul>\n<\/div><\/div><\/div><div class=\"fusion-panel panel-default panel-5f4cf44faf4b35a13 fusion-toggle-has-divider\" style=\"--awb-title-color:#333333;--awb-content-color:#747474;\"><div class=\"panel-heading\"><h4 class=\"panel-title toggle\" id=\"toggle_5f4cf44faf4b35a13\"><a aria-expanded=\"false\" aria-controls=\"5f4cf44faf4b35a13\" role=\"button\" data-toggle=\"collapse\" data-parent=\"#accordion-3355-28\" data-target=\"#5f4cf44faf4b35a13\" href=\"#5f4cf44faf4b35a13\"><span class=\"fusion-toggle-icon-wrapper\" aria-hidden=\"true\"><i class=\"fa-fusion-box active-icon awb-icon-minus\" aria-hidden=\"true\"><\/i><i class=\"fa-fusion-box inactive-icon awb-icon-plus\" aria-hidden=\"true\"><\/i><\/span><span class=\"fusion-toggle-heading\">Brasseur d\u2019air<\/span><\/a><\/h4><\/div><div id=\"5f4cf44faf4b35a13\" class=\"panel-collapse collapse \" aria-labelledby=\"toggle_5f4cf44faf4b35a13\"><div class=\"panel-body toggle-content fusion-clearfix\">\n<p><span style=\"color: #000000\"><strong>Cette disposition est applicable si, et seulement si, les pi\u00e8ces du logement s\u2019inscrivent dans un des cas d\u00e9rogatoires de ventilation naturelle pr\u00e9vu par la r\u00e9glementation.<\/strong><\/span><\/p>\n<table style=\"width: 100%\">\n<tbody>\n<tr>\n<td style=\"width: 74.9588%\"><span style=\"text-decoration: underline;color: #000000\"><strong>Locaux concern\u00e9s :<\/strong><\/span><\/p>\n<ul>\n<li>S\u00e9jour<\/li>\n<li>Chambres<\/li>\n<\/ul>\n<\/td>\n<td style=\"width: 120.451%\"><strong><img decoding=\"async\" class=\"alignright wp-image-3439 size-medium\" src=\"https:\/\/www.service-public.pf\/sde\/wp-content\/uploads\/sites\/15\/2023\/01\/SDE-REBPF-IlluTotales-Logement-Collectif-Brasseurs.png\" alt=\"\" width=\"300\" height=\"225\" \/><\/strong><\/td>\n<\/tr>\n<\/tbody>\n<\/table>\n<p style=\"text-decoration: underline;color: #000000\"><strong>Seuils, r\u00e8gles de conception et caract\u00e9ristiques techniques \u00e0 respecter :<\/strong><\/p>\n<table class=\"table table-bordered\" style=\"width: 98.0591%\">\n<tbody>\n<tr>\n<td style=\"width: 11.0537%\" width=\"217\"><strong><b>Mesure<\/b><\/strong><\/td>\n<td style=\"width: 29.1226%\" width=\"113\"><strong><b>Seuil<\/b><\/strong><\/td>\n<td style=\"width: 43.7069%\" width=\"340\"><strong><b>R\u00e8gle de conception<\/b><\/strong><\/td>\n<td style=\"width: 20.5676%\" width=\"359\"><strong><b>Exemples de solutions<\/b><\/strong><\/td>\n<\/tr>\n<tr>\n<td style=\"width: 11.0537%\" width=\"217\">Brasseurs d\u2019air<\/td>\n<td style=\"width: 29.1226%\" width=\"113\">S\u00e9jour et chambre\u00a0: 1 brasseur d\u2019air au plafond par pi\u00e8ce<\/td>\n<td style=\"width: 43.7069%\" width=\"340\">Caract\u00e9ristiques techniques \u00e0 respecter\u00a0:<\/p>\n<ul>\n<li>Diam\u00e8tre de 120 cm minimum<\/li>\n<li>Efficacit\u00e9 \u00e9nerg\u00e9tique en vitesse maximum de 120 m3 minimum d\u2019air brass\u00e9 par Wh consomm\u00e9<\/li>\n<li>3 vitesses minimum<\/li>\n<\/ul>\n<\/td>\n<td style=\"width: 20.5676%\" width=\"359\">\n<p style=\"text-align: center\">-<\/p>\n<\/td>\n<\/tr>\n<\/tbody>\n<\/table>\n<p><span style=\"color: #000000\"><strong>Pour plus d\u2019informations sur l\u2019application de la th\u00e9matique, consultez la fiche en question\u00a0:<\/strong><\/span><\/p>\n<ul>\n<li>Fiche d\u2019application \u00ab\u00a0Brasseurs d\u2019air\u00a0\u00bb<\/li>\n<\/ul>\n<\/div><\/div><\/div><div class=\"fusion-panel panel-default panel-fd95e7836b8fe2c6c fusion-toggle-has-divider\" style=\"--awb-title-color:#333333;--awb-content-color:#747474;\"><div class=\"panel-heading\"><h4 class=\"panel-title toggle\" id=\"toggle_fd95e7836b8fe2c6c\"><a aria-expanded=\"false\" aria-controls=\"fd95e7836b8fe2c6c\" role=\"button\" data-toggle=\"collapse\" data-parent=\"#accordion-3355-28\" data-target=\"#fd95e7836b8fe2c6c\" href=\"#fd95e7836b8fe2c6c\"><span class=\"fusion-toggle-icon-wrapper\" aria-hidden=\"true\"><i class=\"fa-fusion-box active-icon awb-icon-minus\" aria-hidden=\"true\"><\/i><i class=\"fa-fusion-box inactive-icon awb-icon-plus\" aria-hidden=\"true\"><\/i><\/span><span class=\"fusion-toggle-heading\">Climatisation performante<\/span><\/a><\/h4><\/div><div id=\"fd95e7836b8fe2c6c\" class=\"panel-collapse collapse \" aria-labelledby=\"toggle_fd95e7836b8fe2c6c\"><div class=\"panel-body toggle-content fusion-clearfix\">\n<p><span style=\"color: #000000\"><strong>Cette disposition est applicable si, et seulement si, la climatisation est install\u00e9e\u00a0!<\/strong><\/span><\/p>\n<table style=\"width: 100%\">\n<tbody>\n<tr>\n<td style=\"width: 74.9588%\"><span style=\"text-decoration: underline;color: #000000\"><strong>Locaux concern\u00e9s :<\/strong><\/span><\/p>\n<ul>\n<li>S\u00e9jour<\/li>\n<li>Chambres<\/li>\n<\/ul>\n<\/td>\n<td style=\"width: 120.451%\"><strong><img decoding=\"async\" class=\"alignright wp-image-3439 size-medium\" src=\"https:\/\/www.service-public.pf\/sde\/wp-content\/uploads\/sites\/15\/2023\/01\/SDE-REBPF-IlluTotales-Logement-Collectif-Climatisation-1.png\" alt=\"\" width=\"300\" height=\"225\" \/><\/strong><\/td>\n<\/tr>\n<\/tbody>\n<\/table>\n<p style=\"text-decoration: underline;color: #000000\"><strong>Seuils, r\u00e8gles de conception et caract\u00e9ristiques techniques \u00e0 respecter :<\/strong><\/p>\n<table class=\"table table-bordered\" style=\"width: 98.0591%\">\n<tbody>\n<tr>\n<td style=\"width: 22.9927%\" width=\"217\"><strong><b>Mesure<\/b><\/strong><\/td>\n<td style=\"width: 49.4996%\" width=\"113\"><strong><b>Seuil<\/b><\/strong><\/td>\n<td style=\"width: 13.2759%\" width=\"340\"><strong><b>R\u00e8gle de conception<\/b><\/strong><\/td>\n<td style=\"width: 18.6826%\" width=\"359\"><strong><b>Exemples de solutions<\/b><\/strong><\/td>\n<\/tr>\n<tr>\n<td style=\"width: 22.9927%\" width=\"217\">Efficacit\u00e9 \u00e9nerg\u00e9tique minimale (EER)<\/td>\n<td style=\"width: 49.4996%\" width=\"113\">EER minimum de\u00a0:<\/p>\n<ul>\n<li>2,8 pour un climatiseur d\u2019une puissance inf\u00e9rieur \u00e0 21 000 BTU\/h<\/li>\n<li>2,5 pour un climatiseur d\u2019une puissance sup\u00e9rieure ou \u00e9gale \u00e0 21 000 BTU\/h<\/li>\n<\/ul>\n<\/td>\n<td style=\"width: 13.2759%\" width=\"340\">\n<p style=\"text-align: center\">-<\/p>\n<\/td>\n<td style=\"width: 18.6826%\" width=\"359\">\n<p style=\"text-align: center\">-<\/p>\n<\/td>\n<\/tr>\n<\/tbody>\n<\/table>\n<p><span style=\"color: #000000\"><strong>Pour plus d\u2019informations sur l\u2019application de la th\u00e9matique, consultez la fiche en question\u00a0:<\/strong><\/span><\/p>\n<ul>\n<li><a href=\"https:\/\/www.service-public.pf\/sde\/wp-content\/uploads\/sites\/15\/2023\/06\/Fiche-09-Climatisation.pdf\">Fiche d\u2019application \u00ab\u00a0Climatisation\u00a0\u00bb<\/a><\/li>\n<\/ul>\n<\/div><\/div><\/div><\/div><\/div><div class=\"fusion-text fusion-text-113\" style=\"--awb-margin-top:10px;\"><p><span style=\"color: #000000\"><strong>Informations relatives aux demandes de permis de construire et au certificat de conformit\u00e9<\/strong><\/span><\/p>\n<p>Le p\u00e9titionnaire remplit les nouveaux formulaires de demande de permis de construire et de certificat de conformit\u00e9 de la DCA qui int\u00e8grent la d\u00e9claration du respect de la r\u00e9glementation.<\/p>\n<p><strong>Si les surfaces de plancher construites cumul\u00e9es* sont sup\u00e9rieures \u00e0 250 m\u00b2 de plancher, les demandes de permis de construire et de certificat de conformit\u00e9 doivent \u00eatre accompagn\u00e9es de l\u2019avis d\u2019un organisme agr\u00e9\u00e9<\/strong><\/p>\n<ul>\n<li><a href=\"https:\/\/www.service-public.pf\/sde\/organismes-agrees\/\">Parcourir la page d\u00e9di\u00e9e aux organismes agr\u00e9\u00e9s<\/a><\/li>\n<\/ul>\n<p><em><span style=\"font-size: 10pt\">* Les surfaces de plancher \u00e0 consid\u00e9rer sont celles de n\u2019importe quel b\u00e2timent neuf rattach\u00e9 au projet de construction, d\u00e8s lors que la typologie associ\u00e9e est bureaux, enseignement, \u00e9tablissement de soin, h\u00f4tellerie ou logement collectif.<\/span><\/em><\/p>\n<p style=\"color: #000000\"><strong>Informations sur les dispositions applicables \u00e0 la typologie <\/strong>(ne consulter que les rubriques des th\u00e9matiques concernant le projet de construction)<strong>\u00a0:<\/strong><\/p>\n<ul>\n<li><a href=\"https:\/\/www.service-public.pf\/sde\/wp-content\/uploads\/sites\/15\/2023\/04\/REPBF_Depliants_LogementCollectif_Pages-V2.pdf\">D\u00e9pliant \u00ab\u00a0Logement collectif\u00a0\u00bb<\/a><\/li>\n<\/ul>\n<\/div><\/div><\/div><\/div><\/div><\/div><div class=\"fusion-layout-column fusion_builder_column fusion-builder-column-40 fusion_builder_column_4_5 4_5 fusion-flex-column vct_islv_inf500_content\" style=\"--awb-bg-size:cover;--awb-width-large:80%;--awb-flex-grow:0;--awb-flex-shrink:0;--awb-margin-top-large:0px;--awb-spacing-right-large:2.4%;--awb-margin-bottom-large:20px;--awb-spacing-left-large:2.4%;--awb-width-medium:100%;--awb-order-medium:0;--awb-flex-grow-medium:0;--awb-flex-shrink-medium:0;--awb-spacing-right-medium:1.92%;--awb-spacing-left-medium:1.92%;--awb-width-small:100%;--awb-order-small:0;--awb-flex-grow-small:0;--awb-flex-shrink-small:0;--awb-spacing-right-small:1.92%;--awb-spacing-left-small:1.92%;\" id=\"vct_islv_inf500_batimentdebureaux_content\"><div class=\"fusion-column-wrapper fusion-column-has-shadow fusion-flex-justify-content-flex-start fusion-content-layout-column\"><div class=\"fusion-title title fusion-title-32 fusion-sep-none fusion-title-center fusion-title-text fusion-title-size-two hidden\" style=\"--awb-margin-top-small:0px;--awb-margin-right-small:0px;--awb-margin-bottom-small:20px;--awb-margin-left-small:0px;\"><h2 class=\"fusion-title-heading title-heading-center\" style=\"margin:0;\">Protection solaire de la toiture \/ Protection solaire des murs \/ Protection solaire des baies \/ Climatisation BUREAU + D\u00e9pliant bureaux + Fiche d'information bureaux + Formulaire 2-ISLV<\/h2><\/div><div class=\"fusion-text fusion-text-114 vct_description_typologie\"><p>Il s\u2019agit d\u2019un b\u00e2timent ou d\u2019une partie de b\u00e2timent \u00e0 usage de bureaux, banque, administration,<br \/>\nespace de coworking comprenant \u00e9galement leurs locaux accessoires (sanitaires, salles de r\u00e9union,<br \/>\ncaf\u00e9taria, \u2026).<\/p>\n<p><em>A noter que le ou les locaux de bureaux qui se rattachent \u00e0 une autre destination ne sont pas associ\u00e9s<\/em><br \/>\n<em>\u00e0 la typologie \u00ab bureaux \u00bb mais \u00e0 la typologie du b\u00e2timent ou de la partie de b\u00e2timent. Par exemple,<\/em><br \/>\n<em>le bureau d\u2019un garage automobile est associ\u00e9 au garage, qui ne correspond pas \u00e0 une typologie<\/em><br \/>\n<em>particuli\u00e8re et correspond donc \u00e0 la section \u00ab\u00a0autre b\u00e2timent\u00a0\u00bb. M\u00eame chose pour un bureau<\/em><br \/>\n<em>administratif d\u2019une salle de sport.<\/em><\/p>\n<\/div><div class=\"fusion-builder-row fusion-builder-row-inner fusion-row fusion-flex-align-items-flex-start fusion-flex-justify-content-center fusion-flex-content-wrap\" style=\"--awb-flex-grow:0;--awb-flex-grow-medium:0;--awb-flex-grow-small:0;--awb-flex-shrink:0;--awb-flex-shrink-medium:0;--awb-flex-shrink-small:0;width:104% !important;max-width:104% !important;margin-left: calc(-4% \/ 2 );margin-right: calc(-4% \/ 2 );\"><div class=\"fusion-layout-column fusion_builder_column_inner fusion-builder-nested-column-148 fusion_builder_column_inner_1_1 1_1 fusion-flex-column\" style=\"--awb-bg-size:cover;--awb-width-large:100%;--awb-margin-top-large:0px;--awb-spacing-right-large:1.92%;--awb-margin-bottom-large:20px;--awb-spacing-left-large:1.92%;--awb-width-medium:100%;--awb-order-medium:0;--awb-spacing-right-medium:1.92%;--awb-spacing-left-medium:1.92%;--awb-width-small:100%;--awb-order-small:0;--awb-spacing-right-small:1.92%;--awb-spacing-left-small:1.92%;\"><div class=\"fusion-column-wrapper fusion-column-has-shadow fusion-flex-justify-content-flex-start fusion-content-layout-column\"><div class=\"fusion-separator fusion-full-width-sep\" style=\"align-self: center;margin-left: auto;margin-right: auto;width:100%;\"><div class=\"fusion-separator-border sep-shadow\" style=\"--awb-height:20px;--awb-amount:20px;background:radial-gradient(ellipse at 50% -50% , #e0dede 0px, rgba(255, 255, 255, 0) 80%) repeat scroll 0 0 rgba(0, 0, 0, 0);background:-webkit-radial-gradient(ellipse at 50% -50% , #e0dede 0px, rgba(255, 255, 255, 0) 80%) repeat scroll 0 0 rgba(0, 0, 0, 0);background:-moz-radial-gradient(ellipse at 50% -50% , #e0dede 0px, rgba(255, 255, 255, 0) 80%) repeat scroll 0 0 rgba(0, 0, 0, 0);background:-o-radial-gradient(ellipse at 50% -50% , #e0dede 0px, rgba(255, 255, 255, 0) 80%) repeat scroll 0 0 rgba(0, 0, 0, 0);\"><\/div><\/div><\/div><\/div><div class=\"fusion-layout-column fusion_builder_column_inner fusion-builder-nested-column-149 fusion_builder_column_inner_1_3 1_3 fusion-flex-column\" style=\"--awb-bg-size:cover;--awb-width-large:33.333333333333%;--awb-margin-top-large:0px;--awb-spacing-right-large:2vw;--awb-margin-bottom-large:20px;--awb-spacing-left-large:5.76%;--awb-width-medium:100%;--awb-order-medium:0;--awb-spacing-right-medium:1.92%;--awb-spacing-left-medium:1.92%;--awb-width-small:100%;--awb-order-small:0;--awb-spacing-right-small:1.92%;--awb-spacing-left-small:1.92%;\"><div class=\"fusion-column-wrapper fusion-column-has-shadow fusion-flex-justify-content-flex-start fusion-content-layout-column\"><div class=\"fusion-image-element \" style=\"text-align:right;--awb-max-width:450px;--awb-caption-title-font-family:var(--h2_typography-font-family);--awb-caption-title-font-weight:var(--h2_typography-font-weight);--awb-caption-title-font-style:var(--h2_typography-font-style);--awb-caption-title-size:var(--h2_typography-font-size);--awb-caption-title-transform:var(--h2_typography-text-transform);--awb-caption-title-line-height:var(--h2_typography-line-height);--awb-caption-title-letter-spacing:var(--h2_typography-letter-spacing);\"><span class=\" fusion-imageframe imageframe-none imageframe-29 hover-type-none\"><img decoding=\"async\" width=\"300\" height=\"225\" title=\"SDE REBPF IlluTotales Bureau\" src=\"https:\/\/www.service-public.pf\/sde\/wp-content\/uploads\/sites\/15\/2023\/01\/SDE-REBPF-IlluTotales-Bureau-300x225.png\" alt class=\"img-responsive wp-image-3431\" srcset=\"https:\/\/www.service-public.pf\/sde\/wp-content\/uploads\/sites\/15\/2023\/01\/SDE-REBPF-IlluTotales-Bureau-200x150.png 200w, https:\/\/www.service-public.pf\/sde\/wp-content\/uploads\/sites\/15\/2023\/01\/SDE-REBPF-IlluTotales-Bureau-400x300.png 400w, https:\/\/www.service-public.pf\/sde\/wp-content\/uploads\/sites\/15\/2023\/01\/SDE-REBPF-IlluTotales-Bureau-600x450.png 600w, https:\/\/www.service-public.pf\/sde\/wp-content\/uploads\/sites\/15\/2023\/01\/SDE-REBPF-IlluTotales-Bureau-800x600.png 800w, https:\/\/www.service-public.pf\/sde\/wp-content\/uploads\/sites\/15\/2023\/01\/SDE-REBPF-IlluTotales-Bureau-1200x900.png 1200w, https:\/\/www.service-public.pf\/sde\/wp-content\/uploads\/sites\/15\/2023\/01\/SDE-REBPF-IlluTotales-Bureau.png 1453w\" sizes=\"(max-width: 1024px) 100vw, (max-width: 640px) 100vw, 800px\" \/><\/span><\/div><\/div><\/div><div class=\"fusion-layout-column fusion_builder_column_inner fusion-builder-nested-column-150 fusion_builder_column_inner_2_3 2_3 fusion-flex-column\" style=\"--awb-bg-size:cover;--awb-width-large:66.666666666667%;--awb-margin-top-large:0px;--awb-spacing-right-large:2.88%;--awb-margin-bottom-large:20px;--awb-spacing-left-large:2.88%;--awb-width-medium:100%;--awb-order-medium:0;--awb-spacing-right-medium:1.92%;--awb-spacing-left-medium:1.92%;--awb-width-small:100%;--awb-order-small:0;--awb-spacing-right-small:1.92%;--awb-spacing-left-small:1.92%;\"><div class=\"fusion-column-wrapper fusion-column-has-shadow fusion-flex-justify-content-center fusion-content-layout-column\"><div class=\"fusion-text fusion-text-115\" style=\"--awb-content-alignment:center;--awb-font-size:24pt;\"><p>Localisation\u00a0du projet : <strong>Iles Sous-Le-Vent, \u00e0 une altitude inf\u00e9rieure \u00e0 500 m\u00e8tres<\/strong><\/p>\n<p>Typologie de la construction\u00a0: <strong>Bureaux<\/strong><\/p>\n<\/div><\/div><\/div><div class=\"fusion-layout-column fusion_builder_column_inner fusion-builder-nested-column-151 fusion_builder_column_inner_1_1 1_1 fusion-flex-column\" style=\"--awb-bg-size:cover;--awb-width-large:100%;--awb-margin-top-large:0px;--awb-spacing-right-large:1.92%;--awb-margin-bottom-large:20px;--awb-spacing-left-large:1.92%;--awb-width-medium:100%;--awb-order-medium:0;--awb-spacing-right-medium:1.92%;--awb-spacing-left-medium:1.92%;--awb-width-small:100%;--awb-order-small:0;--awb-spacing-right-small:1.92%;--awb-spacing-left-small:1.92%;\"><div class=\"fusion-column-wrapper fusion-column-has-shadow fusion-flex-justify-content-flex-start fusion-content-layout-column\"><div class=\"fusion-separator fusion-full-width-sep\" style=\"align-self: center;margin-left: auto;margin-right: auto;margin-bottom:20px;width:100%;\"><div class=\"fusion-separator-border sep-shadow\" style=\"--awb-height:20px;--awb-amount:20px;background:radial-gradient(ellipse at 50% -50% , #e0dede 0px, rgba(255, 255, 255, 0) 80%) repeat scroll 0 0 rgba(0, 0, 0, 0);background:-webkit-radial-gradient(ellipse at 50% -50% , #e0dede 0px, rgba(255, 255, 255, 0) 80%) repeat scroll 0 0 rgba(0, 0, 0, 0);background:-moz-radial-gradient(ellipse at 50% -50% , #e0dede 0px, rgba(255, 255, 255, 0) 80%) repeat scroll 0 0 rgba(0, 0, 0, 0);background:-o-radial-gradient(ellipse at 50% -50% , #e0dede 0px, rgba(255, 255, 255, 0) 80%) repeat scroll 0 0 rgba(0, 0, 0, 0);\"><\/div><\/div><\/div><\/div><div class=\"fusion-layout-column fusion_builder_column_inner fusion-builder-nested-column-152 fusion_builder_column_inner_1_1 1_1 fusion-flex-column\" style=\"--awb-bg-color:#ffffff;--awb-bg-color-hover:#ffffff;--awb-bg-size:cover;--awb-width-large:100%;--awb-margin-top-large:0px;--awb-spacing-right-large:1.92%;--awb-margin-bottom-large:20px;--awb-spacing-left-large:1.92%;--awb-width-medium:100%;--awb-order-medium:0;--awb-spacing-right-medium:1.92%;--awb-spacing-left-medium:1.92%;--awb-width-small:100%;--awb-order-small:0;--awb-spacing-right-small:1.92%;--awb-spacing-left-small:1.92%;\"><div class=\"fusion-column-wrapper fusion-column-has-shadow fusion-flex-justify-content-flex-start fusion-content-layout-column\"><div class=\"fusion-text fusion-text-116\" style=\"--awb-text-color:#000000;\"><p><strong>Th\u00e9matiques applicables :<\/strong><\/p>\n<\/div><div class=\"accordian fusion-accordian\" style=\"--awb-border-size:1px;--awb-icon-size:13px;--awb-content-font-size:13px;--awb-icon-alignment:left;--awb-hover-color:#f9f9f9;--awb-border-color:#cccccc;--awb-background-color:#ffffff;--awb-divider-color:#e0dede;--awb-divider-hover-color:#e0dede;--awb-icon-color:#ffffff;--awb-title-color:#333333;--awb-content-color:#747474;--awb-icon-box-color:#333333;--awb-toggle-hover-accent-color:#26a147;--awb-title-font-family:&quot;PT Sans&quot;;--awb-title-font-weight:400;--awb-title-font-style:normal;--awb-title-font-size:13px;--awb-content-font-family:&quot;PT Sans&quot;;--awb-content-font-style:normal;--awb-content-font-weight:400;\"><div class=\"panel-group fusion-toggle-icon-boxed\" id=\"accordion-3355-29\"><div class=\"fusion-panel panel-default panel-288fe19bd8816b190 fusion-toggle-has-divider\" style=\"--awb-title-color:#333333;--awb-content-color:#747474;\"><div class=\"panel-heading\"><h4 class=\"panel-title toggle\" id=\"toggle_288fe19bd8816b190\"><a aria-expanded=\"false\" aria-controls=\"288fe19bd8816b190\" role=\"button\" data-toggle=\"collapse\" data-parent=\"#accordion-3355-29\" data-target=\"#288fe19bd8816b190\" href=\"#288fe19bd8816b190\"><span class=\"fusion-toggle-icon-wrapper\" aria-hidden=\"true\"><i class=\"fa-fusion-box active-icon awb-icon-minus\" aria-hidden=\"true\"><\/i><i class=\"fa-fusion-box inactive-icon awb-icon-plus\" aria-hidden=\"true\"><\/i><\/span><span class=\"fusion-toggle-heading\">Protection solaire de la toiture<\/span><\/a><\/h4><\/div><div id=\"288fe19bd8816b190\" class=\"panel-collapse collapse \" aria-labelledby=\"toggle_288fe19bd8816b190\"><div class=\"panel-body toggle-content fusion-clearfix\">\n<table style=\"width: 100%;height: 187px\">\n<tbody>\n<tr style=\"height: 187px\">\n<td style=\"height: 187px\"><span style=\"color: #000000\"><strong><span style=\"text-decoration: underline\">Locaux concern\u00e9s<\/span> :<\/strong><\/span><\/p>\n<ul>\n<li>Locaux clos et climatis\u00e9s ou occup\u00e9s (exemples\u00a0: bureau, salle de r\u00e9union, espace d\u2019accueil avec personnel permanent, locaux d\u2019activit\u00e9s diverses\u00a0: caf\u00e9taria, r\u00e9fectoire, salle de sport, \u2026)<\/li>\n<li>Locaux clos non-occup\u00e9s donnant <u>directement<\/u> sur les locaux ci-dessus, hors locaux techniques, stationnements et espaces de stockage non climatis\u00e9s (exemples : sanitaires, circulation, hall, \u2026)<\/li>\n<\/ul>\n<\/td>\n<td style=\"height: 187px\"><img decoding=\"async\" class=\"alignright wp-image-3430\" src=\"https:\/\/www.service-public.pf\/sde\/wp-content\/uploads\/sites\/15\/2023\/01\/SDE-REBPF-IlluTotales-Bureau-ProToiture.png\" alt=\"\" width=\"300\" height=\"225\" \/><\/td>\n<\/tr>\n<\/tbody>\n<\/table>\n<p style=\"color: #000000\"><strong><span style=\"text-decoration: underline\">Seuils \u00e0 respecter : <\/span><\/strong><\/p>\n<table class=\"table table-bordered\" style=\"width: 100%\">\n<tbody>\n<tr>\n<td style=\"width: 24.0317%\"><strong>Mesure<\/strong><\/td>\n<td style=\"width: 4.78677%\"><strong>Seuil<\/strong><\/td>\n<td style=\"width: 58.7865%\"><strong>Exemples de solutions<\/strong><\/td>\n<\/tr>\n<tr>\n<td style=\"width: 24.0317%\">Facteur solaire maximal de la toiture<\/td>\n<td style=\"width: 4.78677%\">2,5%<\/td>\n<td style=\"width: 58.7865%\">\n<ul>\n<li>Toiture (avec combles) en t\u00f4le de teinte claire avec 3 cm de laine min\u00e9rale minimum<\/li>\n<li>Toiture (avec combles) en t\u00f4le de teinte moyenne avec 5 cm de laine min\u00e9rale minimum<\/li>\n<li>Toiture (avec combles) en t\u00f4le de teinte sombre avec 7,5 cm de laine min\u00e9rale minimum<\/li>\n<li>Toiture terrasse en b\u00e9ton de teinte moyenne avec 6 cm de polystyr\u00e8ne expans\u00e9 minimum<\/li>\n<li>Toiture terrasse en b\u00e9ton avec sur-toiture largement ventil\u00e9e<\/li>\n<\/ul>\n<\/td>\n<\/tr>\n<\/tbody>\n<\/table>\n<p><span style=\"color: #000000\"><strong>Pour plus d\u2019informations sur l\u2019application de la th\u00e9matique, consultez la fiche en question\u00a0:<\/strong><\/span><\/p>\n<ul>\n<li><a href=\"https:\/\/www.service-public.pf\/sde\/wp-content\/uploads\/sites\/15\/2023\/09\/Fiche-02-Protection-solaire-des-parois-opaques-horizontales-Toitures.pdf\">Fiche d\u2019application \u00ab\u00a0Protection solaire de la toiture\u00a0\u00bb<\/a><\/li>\n<\/ul>\n<\/div><\/div><\/div><div class=\"fusion-panel panel-default panel-c05e7dac0441c51dd fusion-toggle-has-divider\" style=\"--awb-title-color:#333333;--awb-content-color:#747474;\"><div class=\"panel-heading\"><h4 class=\"panel-title toggle\" id=\"toggle_c05e7dac0441c51dd\"><a aria-expanded=\"false\" aria-controls=\"c05e7dac0441c51dd\" role=\"button\" data-toggle=\"collapse\" data-parent=\"#accordion-3355-29\" data-target=\"#c05e7dac0441c51dd\" href=\"#c05e7dac0441c51dd\"><span class=\"fusion-toggle-icon-wrapper\" aria-hidden=\"true\"><i class=\"fa-fusion-box active-icon awb-icon-minus\" aria-hidden=\"true\"><\/i><i class=\"fa-fusion-box inactive-icon awb-icon-plus\" aria-hidden=\"true\"><\/i><\/span><span class=\"fusion-toggle-heading\">Protection solaire des fa\u00e7ades (murs et baies)<\/span><\/a><\/h4><\/div><div id=\"c05e7dac0441c51dd\" class=\"panel-collapse collapse \" aria-labelledby=\"toggle_c05e7dac0441c51dd\"><div class=\"panel-body toggle-content fusion-clearfix\">\n<table style=\"width: 100%;height: 187px\">\n<tbody>\n<tr style=\"height: 187px\">\n<td style=\"height: 187px\"><span style=\"color: #000000\"><strong><span style=\"text-decoration: underline\">Locaux concern\u00e9s<\/span> :<\/strong><\/span><\/p>\n<ul>\n<li>Locaux clos et climatis\u00e9s ou occup\u00e9s (exemples : bureau, salle de r\u00e9union, espace d\u2019accueil avec personnel permanent, locaux d\u2019activit\u00e9s diverses : caf\u00e9taria, r\u00e9fectoire, salle de sport, \u2026)<\/li>\n<li>Locaux clos non-occup\u00e9s donnant <u>directement<\/u> sur les locaux ci-dessus, hors locaux techniques, stationnements et espaces de stockage non climatis\u00e9s (exemples : sanitaires, circulation, hall, \u2026)<\/li>\n<\/ul>\n<\/td>\n<td style=\"height: 187px\"><img decoding=\"async\" class=\"alignright wp-image-3430\" src=\"https:\/\/www.service-public.pf\/sde\/wp-content\/uploads\/sites\/15\/2023\/01\/SDE-REBPF-IlluTotales-Bureau-ProFacade.png\" alt=\"\" width=\"300\" height=\"225\" \/><\/td>\n<\/tr>\n<\/tbody>\n<\/table>\n<p style=\"color: #000000\"><strong><span style=\"text-decoration: underline\">Seuils \u00e0 respecter,\u00a0selon l\u2019orientation des fa\u00e7ades des locaux : <\/span><\/strong><\/p>\n<table>\n<tbody>\n<tr>\n<td width=\"20%\"><strong>Mesure<\/strong><\/td>\n<td width=\"20%\"><strong>Orientation<\/strong><\/td>\n<td width=\"5%\"><strong>Seuil<\/strong><\/td>\n<td width=\"243%\"><strong>Exemples de solutions<\/strong><\/td>\n<\/tr>\n<tr>\n<td rowspan=\"2\" width=\"20%\">Facteur solaire maximal des murs<\/td>\n<td width=\"20%\">Nord, Nord-Est, Nord-Ouest, Est, Ouest<\/td>\n<td width=\"5%\">11 %<\/td>\n<td rowspan=\"2\" width=\"243%\">Mur de teinte claire, double-peau l\u00e9g\u00e8re de teinte moyenne, mur en b\u00e9ton cellulaire, mur en parpaing de teinte moyenne, mur avec bardage ventil\u00e9, d\u00e9bord de toiture (dimensions \u00e0 calculer en fonction des caract\u00e9ristiques du mur), \u2026<\/td>\n<\/tr>\n<tr>\n<td width=\"20%\">Sud, Sud-Est, Sud-Ouest<\/td>\n<td width=\"5%\">12 %<\/td>\n<\/tr>\n<tr>\n<td rowspan=\"4\" width=\"20%\">Facteur solaire maximal des baies<\/td>\n<td width=\"20%\">Nord, Nord-Est, Nord-Ouest, Est, Ouest*<\/td>\n<td width=\"5%\">50 %<\/td>\n<td width=\"243%\">Double vitrage teint\u00e9 ou \u00e0 contr\u00f4le solaire, masque architectural (casquette, brise-soleil, \u2026) \u00e0 dimensionner selon les caract\u00e9ristiques de la baie, lame opaque<\/td>\n<\/tr>\n<tr>\n<td width=\"20%\">Sud-Est, Sud-Ouest*<\/td>\n<td width=\"5%\">60 %<\/td>\n<td rowspan=\"2\" width=\"243%\">Simple vitrage \u00e0 contr\u00f4le solaire, simple ou double vitrage teint\u00e9, double vitrage clair (au sud seulement), masque architectural (casquette, brise-soleil, \u2026) \u00e0 dimensionner selon les caract\u00e9ristiques de la baie, \u2026<\/td>\n<\/tr>\n<tr>\n<td width=\"20%\">Sud*<\/td>\n<td width=\"5%\">70 %<\/td>\n<\/tr>\n<tr>\n<td width=\"20%\">Baie horizontale<\/td>\n<td width=\"5%\">45%<\/td>\n<td width=\"243%\">Protection solaire compl\u00e9mentaire \u00e0 la baie, \u00e0 dimensionner en fonction du type de vitrage<\/td>\n<\/tr>\n<\/tbody>\n<\/table>\n<p><em><i>* Si le taux de surface de baie en fa\u00e7ade est sup\u00e9rieur \u00e0 70%, le seuil \u00e0 atteindre est alors rabaiss\u00e9 de 5 % (respectivement 45%, 55% et 65%).<\/i><\/em><\/p>\n<p style=\"color: #000000\"><strong>Pour plus d\u2019informations sur l\u2019application des th\u00e9matiques, consultez les fiches en question :<\/strong><\/p>\n<ul>\n<li><a href=\"https:\/\/www.service-public.pf\/sde\/wp-content\/uploads\/sites\/15\/2023\/09\/Fiche-03-Protection-solaire-des-parois-opaques-verticales-Murs.pdf\">Fiche d\u2019application \u00ab Protection solaire des murs \u00bb<\/a><\/li>\n<li><a href=\"https:\/\/www.service-public.pf\/sde\/wp-content\/uploads\/sites\/15\/2023\/09\/Fiche-04-Protection-solaire-des-baies.pdf\">Fiche d\u2019application \u00ab\u00a0Protection solaire des baies \u00bb<\/a><\/li>\n<li><a href=\"https:\/\/www.service-public.pf\/sde\/wp-content\/uploads\/sites\/15\/2023\/06\/Fiche-05-Prise-en-main-de-loutil-Cm-FS.pdf\">Fiche d\u2019application \u00ab\u00a0Outil de calcul pour la protection solaire des fa\u00e7ades \u00bb<\/a><\/li>\n<\/ul>\n<\/div><\/div><\/div><div class=\"fusion-panel panel-default panel-b497e627f301ad233 fusion-toggle-has-divider\" style=\"--awb-title-color:#333333;--awb-content-color:#747474;\"><div class=\"panel-heading\"><h4 class=\"panel-title toggle\" id=\"toggle_b497e627f301ad233\"><a aria-expanded=\"false\" aria-controls=\"b497e627f301ad233\" role=\"button\" data-toggle=\"collapse\" data-parent=\"#accordion-3355-29\" data-target=\"#b497e627f301ad233\" href=\"#b497e627f301ad233\"><span class=\"fusion-toggle-icon-wrapper\" aria-hidden=\"true\"><i class=\"fa-fusion-box active-icon awb-icon-minus\" aria-hidden=\"true\"><\/i><i class=\"fa-fusion-box inactive-icon awb-icon-plus\" aria-hidden=\"true\"><\/i><\/span><span class=\"fusion-toggle-heading\">Climatisation performante<\/span><\/a><\/h4><\/div><div id=\"b497e627f301ad233\" class=\"panel-collapse collapse \" aria-labelledby=\"toggle_b497e627f301ad233\"><div class=\"panel-body toggle-content fusion-clearfix\">\n<p><span style=\"color: #000000\"><strong>En dehors des dispositions concernant la perm\u00e9abilit\u00e9 \u00e0 l\u2019air des menuiseries, la th\u00e9matique est applicable si, et seulement si, la climatisation est install\u00e9e !\u00a0<\/strong><\/span><\/p>\n<table style=\"width: 100%\">\n<tbody>\n<tr>\n<td style=\"width: 74.9588%\"><span style=\"text-decoration: underline;color: #000000\"><strong>Locaux concern\u00e9s :<\/strong><\/span><\/p>\n<ul>\n<li>Tout local \u00e9quip\u00e9 d\u2019un ou plusieurs postes de travail<\/li>\n<li>Salle de r\u00e9union<\/li>\n<\/ul>\n<\/td>\n<td style=\"width: 120.451%\"><strong><img decoding=\"async\" class=\"alignright wp-image-3439 size-medium\" src=\"https:\/\/www.service-public.pf\/sde\/wp-content\/uploads\/sites\/15\/2023\/01\/SDE-REBPF-IlluTotales-Logement-Collectif-Climatisation-1.png\" alt=\"\" width=\"300\" height=\"225\" \/><\/strong><\/td>\n<\/tr>\n<\/tbody>\n<\/table>\n<p style=\"text-decoration: underline;color: #000000\"><strong>Seuils, r\u00e8gles de conception et caract\u00e9ristiques techniques \u00e0 respecter :<\/strong><\/p>\n<table class=\"table table-bordered\" style=\"width: 98.0591%;height: 296px\">\n<tbody>\n<tr style=\"height: 24px\">\n<td style=\"width: 22.9927%;height: 24px\" width=\"217\"><strong><b>Mesure<\/b><\/strong><\/td>\n<td style=\"width: 7.75817%;height: 24px\" width=\"113\"><strong><b>Seuil<\/b><\/strong><\/td>\n<td style=\"width: 44.6942%;height: 24px\" width=\"340\"><strong><b>R\u00e8gle de conception<\/b><\/strong><\/td>\n<td style=\"width: 29.0057%;height: 24px\" width=\"359\"><strong><b>Exemples de solutions<\/b><\/strong><\/td>\n<\/tr>\n<tr style=\"height: 56px\">\n<td style=\"width: 22.9927%;height: 56px\" width=\"217\">Perm\u00e9abilit\u00e9 \u00e0 l\u2019air des menuiseries<\/td>\n<td style=\"width: 52.4524%;height: 56px\" colspan=\"2\" width=\"113\">Les baies des salles de classe et du r\u00e9fectoire ont une classe de perm\u00e9abilit\u00e9 minimum de A*2 (ou A2, par \u00e9quivalence)<\/td>\n<td style=\"width: 29.0057%;height: 56px\" width=\"340\">\n<p style=\"text-align: center\">-<\/p>\n<\/td>\n<\/tr>\n<tr style=\"height: 56px\">\n<td style=\"width: 22.9927%;height: 56px\">Centralisation des installations<\/td>\n<td style=\"width: 7.75817%;height: 56px\">30 kW<sub>froid<\/sub><\/td>\n<td style=\"width: 44.6942%;height: 56px\">La centralisation est requise lorsque la puissance de climatisation des locaux concern\u00e9s, calcul\u00e9es pour r\u00e9pondre \u00e0 leurs besoins en froid, est sup\u00e9rieure au seuil fix\u00e9.<\/p>\n<p>Les locaux situ\u00e9s \u00e0 plus de 15 m\u00e8tres d\u2019un autre local inclus dans le p\u00e9rim\u00e8tre de calcul sont consid\u00e9r\u00e9s comme isol\u00e9s et leurs besoins en froid ne sont pas inclus dans le calcul.<\/td>\n<td style=\"width: 29.0057%;height: 56px\">Installation centralis\u00e9e de type \u00ab\u00a0DRV\u00a0\u00bb ou \u00ab\u00a0eau glac\u00e9e\u00a0\u00bb<\/td>\n<\/tr>\n<tr style=\"height: 56px\">\n<td style=\"width: 22.9927%;height: 56px\">Outil de commande automatis\u00e9<\/td>\n<td style=\"width: 52.4524%;height: 56px\" colspan=\"2\">Un outil permettant le pilotage des \u00e9quipements pour leur mise en marche (ou arr\u00eat) automatique est requis<\/td>\n<td style=\"width: 29.0057%;height: 56px\">Outil de gestion technique du b\u00e2timent (GTB), horloge sur le circuit d\u2019alimentation, \u00e9quipement de d\u00e9tection, \u2026<\/td>\n<\/tr>\n<tr style=\"height: 80px\">\n<td style=\"width: 22.9927%;height: 104px\" rowspan=\"2\">Efficacit\u00e9 \u00e9nerg\u00e9tique minimale (EER)<\/td>\n<td style=\"width: 7.75817%;height: 80px\">Installation individuelle<\/td>\n<td style=\"width: 44.6942%;height: 80px\">EER minimum de\u00a0:<\/p>\n<ul>\n<li>3 pour un climatiseur d\u2019une puissance inf\u00e9rieure \u00e0 21 000 BTU\/h<\/li>\n<li>2,5 pour un climatiseur d\u2019une puissance sup\u00e9rieure ou \u00e9gale \u00e0 21 000 BTU\/h<\/li>\n<\/ul>\n<\/td>\n<td style=\"width: 29.0057%;height: 104px\" rowspan=\"2\">\n<p style=\"text-align: center\">-<\/p>\n<\/td>\n<\/tr>\n<tr style=\"height: 24px\">\n<td style=\"width: 7.75817%;height: 24px\">Installation centralis\u00e9e<\/td>\n<td style=\"width: 44.6942%;height: 24px\">EER minimum de\u00a0:<\/p>\n<ul>\n<li>3,7 pour une installation de type \u00ab DRV \u00bb ou \u00ab VRV \u00bb<\/li>\n<li>3 pour une installation de type \u00ab eau glac\u00e9e \u00bb<\/li>\n<\/ul>\n<\/td>\n<\/tr>\n<\/tbody>\n<\/table>\n<p><span style=\"color: #000000\"><strong>Pour plus d\u2019informations sur l\u2019application de la th\u00e9matique, consultez la fiche en question\u00a0:<\/strong><\/span><\/p>\n<ul>\n<li><a href=\"https:\/\/www.service-public.pf\/sde\/wp-content\/uploads\/sites\/15\/2023\/06\/Fiche-09-Climatisation.pdf\">Fiche d\u2019application \u00ab\u00a0Climatisation\u00a0\u00bb<\/a><\/li>\n<\/ul>\n<\/div><\/div><\/div><\/div><\/div><div class=\"fusion-text fusion-text-117\" style=\"--awb-margin-top:10px;\"><p><span style=\"color: #000000\"><strong>Informations relatives aux demandes de permis de construire et au certificat de conformit\u00e9<\/strong><\/span><\/p>\n<p>Le p\u00e9titionnaire remplit les nouveaux formulaires de demande de permis de construire et de certificat de conformit\u00e9 de la DCA qui int\u00e8grent la d\u00e9claration du respect de la r\u00e9glementation.<\/p>\n<p><strong>Si les surfaces de plancher construites cumul\u00e9es* sont sup\u00e9rieures \u00e0 250 m\u00b2 de plancher, les demandes de permis de construire et de certificat de conformit\u00e9 doivent \u00eatre accompagn\u00e9es de l\u2019avis d\u2019un organisme agr\u00e9\u00e9<\/strong><\/p>\n<ul>\n<li><a href=\"https:\/\/www.service-public.pf\/sde\/organismes-agrees\/\">Parcourir la page d\u00e9di\u00e9e aux organismes agr\u00e9\u00e9s<\/a><\/li>\n<\/ul>\n<p><em><span style=\"font-size: 10pt\">* Les surfaces de plancher \u00e0 consid\u00e9rer sont celles de n\u2019importe quel b\u00e2timent neuf rattach\u00e9 au projet de construction, d\u00e8s lors que la typologie associ\u00e9e est bureaux, enseignement, \u00e9tablissement de soin, h\u00f4tellerie ou logement collectif.<\/span><\/em><\/p>\n<p style=\"color: #000000\"><strong>Informations sur les dispositions applicables \u00e0 la typologie <\/strong>(ne consulter que les rubriques des th\u00e9matiques concernant le projet de construction)<strong>\u00a0:<\/strong><\/p>\n<ul>\n<li><a href=\"https:\/\/www.service-public.pf\/sde\/wp-content\/uploads\/sites\/15\/2023\/04\/REPBF_Depliants_Bureaux_Pages-V2.pdf\">D\u00e9pliant \u00ab\u00a0Bureaux\u00a0\u00bb<\/a><\/li>\n<\/ul>\n<\/div><\/div><\/div><\/div><\/div><\/div><div class=\"fusion-layout-column fusion_builder_column fusion-builder-column-41 fusion_builder_column_4_5 4_5 fusion-flex-column vct_islv_inf500_content\" style=\"--awb-bg-size:cover;--awb-width-large:80%;--awb-flex-grow:0;--awb-flex-shrink:0;--awb-margin-top-large:0px;--awb-spacing-right-large:2.4%;--awb-margin-bottom-large:20px;--awb-spacing-left-large:2.4%;--awb-width-medium:100%;--awb-order-medium:0;--awb-flex-grow-medium:0;--awb-flex-shrink-medium:0;--awb-spacing-right-medium:1.92%;--awb-spacing-left-medium:1.92%;--awb-width-small:100%;--awb-order-small:0;--awb-flex-grow-small:0;--awb-flex-shrink-small:0;--awb-spacing-right-small:1.92%;--awb-spacing-left-small:1.92%;\" id=\"vct_islv_inf500_etablissementdesoin_content\"><div class=\"fusion-column-wrapper fusion-column-has-shadow fusion-flex-justify-content-flex-start fusion-content-layout-column\"><div class=\"fusion-title title fusion-title-33 fusion-sep-none fusion-title-center fusion-title-text fusion-title-size-two hidden\" style=\"--awb-margin-top-small:0px;--awb-margin-right-small:0px;--awb-margin-bottom-small:20px;--awb-margin-left-small:0px;\"><h2 class=\"fusion-title-heading title-heading-center\" style=\"margin:0;\">Protection solaire de la toiture \/ Protection solaire des murs \/ Protection solaire des baies \/ Eau chaude solaire \/ Climatisation SOIN + D\u00e9pliant \u00e9tablissement de soin + Fiche d'information \u00e9tablissement de soin + Formulaire 2-ISLV<\/h2><\/div><div class=\"fusion-text fusion-text-118 vct_description_typologie\"><p>Il s\u2019agit d\u2019un b\u00e2timent ou d\u2019une partie de b\u00e2timent \u00e0 usage d\u2019h\u00f4pital, clinique et tout autre<br \/>\n\u00e9tablissement de service public ou d\u2019int\u00e9r\u00eat collectif de la sant\u00e9 et leurs locaux accessoires ; ainsi que<br \/>\nles structures d\u2019accueil pour personnes \u00e2g\u00e9es et personnes handicap\u00e9es et leurs locaux accessoires.<\/p>\n<\/div><div class=\"fusion-builder-row fusion-builder-row-inner fusion-row fusion-flex-align-items-flex-start fusion-flex-justify-content-center fusion-flex-content-wrap\" style=\"--awb-flex-grow:0;--awb-flex-grow-medium:0;--awb-flex-grow-small:0;--awb-flex-shrink:0;--awb-flex-shrink-medium:0;--awb-flex-shrink-small:0;width:104% !important;max-width:104% !important;margin-left: calc(-4% \/ 2 );margin-right: calc(-4% \/ 2 );\"><div class=\"fusion-layout-column fusion_builder_column_inner fusion-builder-nested-column-153 fusion_builder_column_inner_1_1 1_1 fusion-flex-column\" style=\"--awb-bg-size:cover;--awb-width-large:100%;--awb-margin-top-large:0px;--awb-spacing-right-large:1.92%;--awb-margin-bottom-large:20px;--awb-spacing-left-large:1.92%;--awb-width-medium:100%;--awb-order-medium:0;--awb-spacing-right-medium:1.92%;--awb-spacing-left-medium:1.92%;--awb-width-small:100%;--awb-order-small:0;--awb-spacing-right-small:1.92%;--awb-spacing-left-small:1.92%;\"><div class=\"fusion-column-wrapper fusion-column-has-shadow fusion-flex-justify-content-flex-start fusion-content-layout-column\"><div class=\"fusion-separator fusion-full-width-sep\" style=\"align-self: center;margin-left: auto;margin-right: auto;width:100%;\"><div class=\"fusion-separator-border sep-shadow\" style=\"--awb-height:20px;--awb-amount:20px;background:radial-gradient(ellipse at 50% -50% , #e0dede 0px, rgba(255, 255, 255, 0) 80%) repeat scroll 0 0 rgba(0, 0, 0, 0);background:-webkit-radial-gradient(ellipse at 50% -50% , #e0dede 0px, rgba(255, 255, 255, 0) 80%) repeat scroll 0 0 rgba(0, 0, 0, 0);background:-moz-radial-gradient(ellipse at 50% -50% , #e0dede 0px, rgba(255, 255, 255, 0) 80%) repeat scroll 0 0 rgba(0, 0, 0, 0);background:-o-radial-gradient(ellipse at 50% -50% , #e0dede 0px, rgba(255, 255, 255, 0) 80%) repeat scroll 0 0 rgba(0, 0, 0, 0);\"><\/div><\/div><\/div><\/div><div class=\"fusion-layout-column fusion_builder_column_inner fusion-builder-nested-column-154 fusion_builder_column_inner_1_3 1_3 fusion-flex-column\" style=\"--awb-bg-size:cover;--awb-width-large:33.333333333333%;--awb-margin-top-large:0px;--awb-spacing-right-large:2vw;--awb-margin-bottom-large:20px;--awb-spacing-left-large:5.76%;--awb-width-medium:100%;--awb-order-medium:0;--awb-spacing-right-medium:1.92%;--awb-spacing-left-medium:1.92%;--awb-width-small:100%;--awb-order-small:0;--awb-spacing-right-small:1.92%;--awb-spacing-left-small:1.92%;\"><div class=\"fusion-column-wrapper fusion-column-has-shadow fusion-flex-justify-content-flex-start fusion-content-layout-column\"><div class=\"fusion-image-element \" style=\"text-align:right;--awb-max-width:450px;--awb-caption-title-font-family:var(--h2_typography-font-family);--awb-caption-title-font-weight:var(--h2_typography-font-weight);--awb-caption-title-font-style:var(--h2_typography-font-style);--awb-caption-title-size:var(--h2_typography-font-size);--awb-caption-title-transform:var(--h2_typography-text-transform);--awb-caption-title-line-height:var(--h2_typography-line-height);--awb-caption-title-letter-spacing:var(--h2_typography-letter-spacing);\"><span class=\" fusion-imageframe imageframe-none imageframe-30 hover-type-none\"><img decoding=\"async\" width=\"300\" height=\"225\" title=\"SDE REBPF IlluTotales Etablissement Soin\" src=\"https:\/\/www.service-public.pf\/sde\/wp-content\/uploads\/sites\/15\/2023\/01\/SDE-REBPF-IlluTotales-Etablissement-Soin-300x225.png\" alt class=\"img-responsive wp-image-3441\" srcset=\"https:\/\/www.service-public.pf\/sde\/wp-content\/uploads\/sites\/15\/2023\/01\/SDE-REBPF-IlluTotales-Etablissement-Soin-200x150.png 200w, https:\/\/www.service-public.pf\/sde\/wp-content\/uploads\/sites\/15\/2023\/01\/SDE-REBPF-IlluTotales-Etablissement-Soin-400x300.png 400w, https:\/\/www.service-public.pf\/sde\/wp-content\/uploads\/sites\/15\/2023\/01\/SDE-REBPF-IlluTotales-Etablissement-Soin-600x450.png 600w, https:\/\/www.service-public.pf\/sde\/wp-content\/uploads\/sites\/15\/2023\/01\/SDE-REBPF-IlluTotales-Etablissement-Soin-800x600.png 800w, https:\/\/www.service-public.pf\/sde\/wp-content\/uploads\/sites\/15\/2023\/01\/SDE-REBPF-IlluTotales-Etablissement-Soin-1200x900.png 1200w, https:\/\/www.service-public.pf\/sde\/wp-content\/uploads\/sites\/15\/2023\/01\/SDE-REBPF-IlluTotales-Etablissement-Soin.png 1453w\" sizes=\"(max-width: 1024px) 100vw, (max-width: 640px) 100vw, 800px\" \/><\/span><\/div><\/div><\/div><div class=\"fusion-layout-column fusion_builder_column_inner fusion-builder-nested-column-155 fusion_builder_column_inner_2_3 2_3 fusion-flex-column\" style=\"--awb-bg-size:cover;--awb-width-large:66.666666666667%;--awb-margin-top-large:0px;--awb-spacing-right-large:2.88%;--awb-margin-bottom-large:20px;--awb-spacing-left-large:2.88%;--awb-width-medium:100%;--awb-order-medium:0;--awb-spacing-right-medium:1.92%;--awb-spacing-left-medium:1.92%;--awb-width-small:100%;--awb-order-small:0;--awb-spacing-right-small:1.92%;--awb-spacing-left-small:1.92%;\"><div class=\"fusion-column-wrapper fusion-column-has-shadow fusion-flex-justify-content-center fusion-content-layout-column\"><div class=\"fusion-text fusion-text-119\" style=\"--awb-content-alignment:center;--awb-font-size:24pt;\"><p>Localisation\u00a0du projet : <strong>Iles Sous-Le-Vent, \u00e0 une altitude inf\u00e9rieure \u00e0 500 m\u00e8tres<\/strong><\/p>\n<p>Typologie de la construction\u00a0: <strong>\u00c9tablissement de soin<\/strong><\/p>\n<\/div><\/div><\/div><div class=\"fusion-layout-column fusion_builder_column_inner fusion-builder-nested-column-156 fusion_builder_column_inner_1_1 1_1 fusion-flex-column\" style=\"--awb-bg-size:cover;--awb-width-large:100%;--awb-margin-top-large:0px;--awb-spacing-right-large:1.92%;--awb-margin-bottom-large:20px;--awb-spacing-left-large:1.92%;--awb-width-medium:100%;--awb-order-medium:0;--awb-spacing-right-medium:1.92%;--awb-spacing-left-medium:1.92%;--awb-width-small:100%;--awb-order-small:0;--awb-spacing-right-small:1.92%;--awb-spacing-left-small:1.92%;\"><div class=\"fusion-column-wrapper fusion-column-has-shadow fusion-flex-justify-content-flex-start fusion-content-layout-column\"><div class=\"fusion-separator fusion-full-width-sep\" style=\"align-self: center;margin-left: auto;margin-right: auto;margin-bottom:20px;width:100%;\"><div class=\"fusion-separator-border sep-shadow\" style=\"--awb-height:20px;--awb-amount:20px;background:radial-gradient(ellipse at 50% -50% , #e0dede 0px, rgba(255, 255, 255, 0) 80%) repeat scroll 0 0 rgba(0, 0, 0, 0);background:-webkit-radial-gradient(ellipse at 50% -50% , #e0dede 0px, rgba(255, 255, 255, 0) 80%) repeat scroll 0 0 rgba(0, 0, 0, 0);background:-moz-radial-gradient(ellipse at 50% -50% , #e0dede 0px, rgba(255, 255, 255, 0) 80%) repeat scroll 0 0 rgba(0, 0, 0, 0);background:-o-radial-gradient(ellipse at 50% -50% , #e0dede 0px, rgba(255, 255, 255, 0) 80%) repeat scroll 0 0 rgba(0, 0, 0, 0);\"><\/div><\/div><\/div><\/div><div class=\"fusion-layout-column fusion_builder_column_inner fusion-builder-nested-column-157 fusion_builder_column_inner_1_1 1_1 fusion-flex-column\" style=\"--awb-bg-color:#ffffff;--awb-bg-color-hover:#ffffff;--awb-bg-size:cover;--awb-width-large:100%;--awb-margin-top-large:0px;--awb-spacing-right-large:1.92%;--awb-margin-bottom-large:20px;--awb-spacing-left-large:1.92%;--awb-width-medium:100%;--awb-order-medium:0;--awb-spacing-right-medium:1.92%;--awb-spacing-left-medium:1.92%;--awb-width-small:100%;--awb-order-small:0;--awb-spacing-right-small:1.92%;--awb-spacing-left-small:1.92%;\"><div class=\"fusion-column-wrapper fusion-column-has-shadow fusion-flex-justify-content-flex-start fusion-content-layout-column\"><div class=\"fusion-text fusion-text-120\" style=\"--awb-text-color:#000000;\"><p><strong>Th\u00e9matiques applicables :<\/strong><\/p>\n<\/div><div class=\"accordian fusion-accordian\" style=\"--awb-border-size:1px;--awb-icon-size:13px;--awb-content-font-size:13px;--awb-icon-alignment:left;--awb-hover-color:#f9f9f9;--awb-border-color:#cccccc;--awb-background-color:#ffffff;--awb-divider-color:#e0dede;--awb-divider-hover-color:#e0dede;--awb-icon-color:#ffffff;--awb-title-color:#333333;--awb-content-color:#747474;--awb-icon-box-color:#333333;--awb-toggle-hover-accent-color:#26a147;--awb-title-font-family:&quot;PT Sans&quot;;--awb-title-font-weight:400;--awb-title-font-style:normal;--awb-title-font-size:13px;--awb-content-font-family:&quot;PT Sans&quot;;--awb-content-font-style:normal;--awb-content-font-weight:400;\"><div class=\"panel-group fusion-toggle-icon-boxed\" id=\"accordion-3355-30\"><div class=\"fusion-panel panel-default panel-73323fed42dd9d498 fusion-toggle-has-divider\" style=\"--awb-title-color:#333333;--awb-content-color:#747474;\"><div class=\"panel-heading\"><h4 class=\"panel-title toggle\" id=\"toggle_73323fed42dd9d498\"><a aria-expanded=\"false\" aria-controls=\"73323fed42dd9d498\" role=\"button\" data-toggle=\"collapse\" data-parent=\"#accordion-3355-30\" data-target=\"#73323fed42dd9d498\" href=\"#73323fed42dd9d498\"><span class=\"fusion-toggle-icon-wrapper\" aria-hidden=\"true\"><i class=\"fa-fusion-box active-icon awb-icon-minus\" aria-hidden=\"true\"><\/i><i class=\"fa-fusion-box inactive-icon awb-icon-plus\" aria-hidden=\"true\"><\/i><\/span><span class=\"fusion-toggle-heading\">Protection solaire de la toiture<\/span><\/a><\/h4><\/div><div id=\"73323fed42dd9d498\" class=\"panel-collapse collapse \" aria-labelledby=\"toggle_73323fed42dd9d498\"><div class=\"panel-body toggle-content fusion-clearfix\">\n<table style=\"width: 100%;height: 187px\">\n<tbody>\n<tr style=\"height: 187px\">\n<td style=\"height: 187px\"><span style=\"color: #000000\"><strong><span style=\"text-decoration: underline\">Locaux concern\u00e9s<\/span> :<\/strong><\/span><\/p>\n<ul>\n<li>Locaux clos et climatis\u00e9s ou occup\u00e9s (exemples : salle de consultation, bloc op\u00e9ratoire, bureau, salle de r\u00e9union, chambre, espace d\u2019accueil avec personnel permanent, locaux d\u2019activit\u00e9s diverses : caf\u00e9t\u00e9ria, r\u00e9fectoire, \u2026)<\/li>\n<li>Locaux clos non-occup\u00e9s donnant <u>directement<\/u> sur les locaux ci-dessus, hors locaux techniques, stationnements et espaces de stockage non climatis\u00e9s (exemples : sanitaires, circulation, hall, vestiaires, \u2026)<\/li>\n<\/ul>\n<\/td>\n<td style=\"height: 187px\"><img decoding=\"async\" class=\"alignright wp-image-3430\" src=\"https:\/\/www.service-public.pf\/sde\/wp-content\/uploads\/sites\/15\/2023\/01\/SDE-REBPF-IlluTotales-Etablissement-Soin-ProToiture.png\" alt=\"\" width=\"300\" height=\"225\" \/><\/td>\n<\/tr>\n<\/tbody>\n<\/table>\n<p style=\"color: #000000\"><strong><span style=\"text-decoration: underline\">Seuils \u00e0 respecter : <\/span><\/strong><\/p>\n<table class=\"table table-bordered\" style=\"width: 100%\">\n<tbody>\n<tr>\n<td style=\"width: 24.0317%\"><strong>Mesure<\/strong><\/td>\n<td style=\"width: 4.78677%\"><strong>Seuil<\/strong><\/td>\n<td style=\"width: 58.7865%\"><strong>Exemples de solutions<\/strong><\/td>\n<\/tr>\n<tr>\n<td style=\"width: 24.0317%\">Facteur solaire maximal de la toiture<\/td>\n<td style=\"width: 4.78677%\">2,5%<\/td>\n<td style=\"width: 58.7865%\">\n<ul>\n<li>Toiture (avec combles) en t\u00f4le de teinte claire avec 3 cm de laine min\u00e9rale minimum<\/li>\n<li>Toiture (avec combles) en t\u00f4le de teinte moyenne avec 5 cm de laine min\u00e9rale minimum<\/li>\n<li>Toiture (avec combles) en t\u00f4le de teinte sombre avec 7,5 cm de laine min\u00e9rale minimum<\/li>\n<li>Toiture terrasse en b\u00e9ton de teinte moyenne avec 6 cm de polystyr\u00e8ne expans\u00e9 minimum<\/li>\n<li>Toiture terrasse en b\u00e9ton avec sur-toiture largement ventil\u00e9e<\/li>\n<\/ul>\n<\/td>\n<\/tr>\n<\/tbody>\n<\/table>\n<p><span style=\"color: #000000\"><strong>Pour plus d\u2019informations sur l\u2019application de la th\u00e9matique, consultez la fiche en question\u00a0:<\/strong><\/span><\/p>\n<ul>\n<li><a href=\"https:\/\/www.service-public.pf\/sde\/wp-content\/uploads\/sites\/15\/2023\/09\/Fiche-02-Protection-solaire-des-parois-opaques-horizontales-Toitures.pdf\">Fiche d\u2019application \u00ab\u00a0Protection solaire de la toiture\u00a0\u00bb<\/a><\/li>\n<\/ul>\n<\/div><\/div><\/div><div class=\"fusion-panel panel-default panel-fa537ae2f5e1d7f15 fusion-toggle-has-divider\" style=\"--awb-title-color:#333333;--awb-content-color:#747474;\"><div class=\"panel-heading\"><h4 class=\"panel-title toggle\" id=\"toggle_fa537ae2f5e1d7f15\"><a aria-expanded=\"false\" aria-controls=\"fa537ae2f5e1d7f15\" role=\"button\" data-toggle=\"collapse\" data-parent=\"#accordion-3355-30\" data-target=\"#fa537ae2f5e1d7f15\" href=\"#fa537ae2f5e1d7f15\"><span class=\"fusion-toggle-icon-wrapper\" aria-hidden=\"true\"><i class=\"fa-fusion-box active-icon awb-icon-minus\" aria-hidden=\"true\"><\/i><i class=\"fa-fusion-box inactive-icon awb-icon-plus\" aria-hidden=\"true\"><\/i><\/span><span class=\"fusion-toggle-heading\">Protection solaire des fa\u00e7ades (murs et baies)<\/span><\/a><\/h4><\/div><div id=\"fa537ae2f5e1d7f15\" class=\"panel-collapse collapse \" aria-labelledby=\"toggle_fa537ae2f5e1d7f15\"><div class=\"panel-body toggle-content fusion-clearfix\">\n<table style=\"width: 100%;height: 187px\">\n<tbody>\n<tr style=\"height: 187px\">\n<td style=\"height: 187px\"><span style=\"color: #000000\"><strong><span style=\"text-decoration: underline\">Locaux concern\u00e9s<\/span> :<\/strong><\/span><\/p>\n<ul>\n<li>Locaux clos et climatis\u00e9s ou occup\u00e9s (exemples : salle de consultation, bloc op\u00e9ratoire, bureau, salle de r\u00e9union, chambre, espace d\u2019accueil avec personnel permanent, locaux d\u2019activit\u00e9s diverses : caf\u00e9t\u00e9ria, r\u00e9fectoire, \u2026)<\/li>\n<li>Locaux clos non-occup\u00e9s donnant <u>directement<\/u> sur les locaux ci-dessus, hors locaux techniques, stationnements et espaces de stockage non climatis\u00e9s (exemples : sanitaires, circulation, hall, vestiaires, \u2026)<\/li>\n<\/ul>\n<\/td>\n<td style=\"height: 187px\"><img decoding=\"async\" class=\"alignright wp-image-3430\" src=\"https:\/\/www.service-public.pf\/sde\/wp-content\/uploads\/sites\/15\/2023\/01\/SDE-REBPF-IlluTotales-Etablissement-Soin-ProFacade.png\" alt=\"\" width=\"300\" height=\"225\" \/><\/td>\n<\/tr>\n<\/tbody>\n<\/table>\n<p style=\"color: #000000\"><strong><span style=\"text-decoration: underline\">Seuils \u00e0 respecter,\u00a0selon l\u2019orientation des fa\u00e7ades des locaux :<\/span><\/strong><\/p>\n<table>\n<tbody>\n<tr>\n<td width=\"20%\"><strong>Mesure<\/strong><\/td>\n<td width=\"20%\"><strong>Orientation<\/strong><\/td>\n<td width=\"5%\"><strong>Seuil<\/strong><\/td>\n<td width=\"243%\"><strong>Exemples de solutions<\/strong><\/td>\n<\/tr>\n<tr>\n<td rowspan=\"2\" width=\"20%\">Facteur solaire maximal des murs<\/td>\n<td width=\"20%\">Nord, Nord-Est, Nord-Ouest, Est, Ouest<\/td>\n<td width=\"5%\">11 %<\/td>\n<td rowspan=\"2\" width=\"243%\">Mur de teinte claire, double-peau l\u00e9g\u00e8re de teinte moyenne, mur en b\u00e9ton cellulaire, mur en parpaing de teinte moyenne, mur avec bardage ventil\u00e9, d\u00e9bord de toiture (dimensions \u00e0 calculer en fonction des caract\u00e9ristiques du mur), \u2026<\/td>\n<\/tr>\n<tr>\n<td width=\"20%\">Sud, Sud-Est, Sud-Ouest<\/td>\n<td width=\"5%\">12 %<\/td>\n<\/tr>\n<tr>\n<td rowspan=\"4\" width=\"20%\">Facteur solaire maximal des baies<\/td>\n<td width=\"20%\">Nord, Nord-Est, Nord-Ouest, Est, Ouest*<\/td>\n<td width=\"5%\">50 %<\/td>\n<td width=\"243%\">Double vitrage teint\u00e9 ou \u00e0 contr\u00f4le solaire, masque architectural (casquette, brise-soleil, \u2026) \u00e0 dimensionner selon les caract\u00e9ristiques de la baie, lame opaque<\/td>\n<\/tr>\n<tr>\n<td width=\"20%\">Sud-Est, Sud-Ouest*<\/td>\n<td width=\"5%\">60 %<\/td>\n<td rowspan=\"2\" width=\"243%\">Simple vitrage \u00e0 contr\u00f4le solaire, simple ou double vitrage teint\u00e9, double vitrage clair (au sud seulement), masque architectural (casquette, brise-soleil, \u2026) \u00e0 dimensionner selon les caract\u00e9ristiques de la baie, \u2026<\/td>\n<\/tr>\n<tr>\n<td width=\"20%\">Sud*<\/td>\n<td width=\"5%\">70 %<\/td>\n<\/tr>\n<tr>\n<td width=\"20%\">Baie horizontale<\/td>\n<td width=\"5%\">45%<\/td>\n<td width=\"243%\">Protection solaire compl\u00e9mentaire \u00e0 la baie, \u00e0 dimensionner en fonction du type de vitrage<\/td>\n<\/tr>\n<\/tbody>\n<\/table>\n<p><em><i>* Si le taux de surface de baie en fa\u00e7ade est sup\u00e9rieur \u00e0 70%, le seuil \u00e0 atteindre est alors rabaiss\u00e9 de 5 % (respectivement 45%, 55% et 65%).<\/i><\/em><\/p>\n<p style=\"color: #000000\"><strong>Pour plus d\u2019informations sur l\u2019application des th\u00e9matiques, consultez les fiches en question :<\/strong><\/p>\n<ul>\n<li><a href=\"https:\/\/www.service-public.pf\/sde\/wp-content\/uploads\/sites\/15\/2023\/09\/Fiche-03-Protection-solaire-des-parois-opaques-verticales-Murs.pdf\">Fiche d\u2019application \u00ab Protection solaire des murs \u00bb<\/a><\/li>\n<li><a href=\"https:\/\/www.service-public.pf\/sde\/wp-content\/uploads\/sites\/15\/2023\/09\/Fiche-04-Protection-solaire-des-baies.pdf\">Fiche d\u2019application \u00ab\u00a0Protection solaire des baies \u00bb<\/a><\/li>\n<li><a href=\"https:\/\/www.service-public.pf\/sde\/wp-content\/uploads\/sites\/15\/2023\/06\/Fiche-05-Prise-en-main-de-loutil-Cm-FS.pdf\">Fiche d\u2019application \u00ab\u00a0Outil de calcul pour la protection solaire des fa\u00e7ades \u00bb<\/a><\/li>\n<\/ul>\n<\/div><\/div><\/div><div class=\"fusion-panel panel-default panel-5ef498cca7ce1514b fusion-toggle-has-divider\" style=\"--awb-title-color:#333333;--awb-content-color:#747474;\"><div class=\"panel-heading\"><h4 class=\"panel-title toggle\" id=\"toggle_5ef498cca7ce1514b\"><a aria-expanded=\"false\" aria-controls=\"5ef498cca7ce1514b\" role=\"button\" data-toggle=\"collapse\" data-parent=\"#accordion-3355-30\" data-target=\"#5ef498cca7ce1514b\" href=\"#5ef498cca7ce1514b\"><span class=\"fusion-toggle-icon-wrapper\" aria-hidden=\"true\"><i class=\"fa-fusion-box active-icon awb-icon-minus\" aria-hidden=\"true\"><\/i><i class=\"fa-fusion-box inactive-icon awb-icon-plus\" aria-hidden=\"true\"><\/i><\/span><span class=\"fusion-toggle-heading\">Eau chaude solaire<\/span><\/a><\/h4><\/div><div id=\"5ef498cca7ce1514b\" class=\"panel-collapse collapse \" aria-labelledby=\"toggle_5ef498cca7ce1514b\"><div class=\"panel-body toggle-content fusion-clearfix\">\n<table style=\"width: 100%;height: 187px\">\n<tbody>\n<tr style=\"height: 187px\">\n<td style=\"height: 187px;width: 78.8732%\">\n<p style=\"color: #000000\"><strong><span style=\"text-decoration: underline\">Locaux concern\u00e9s<\/span> :<\/strong><\/p>\n<p>L\u2019exigence porte sur l\u2019ensemble des besoins en eau chaude du projet.<\/p>\n<p>Le choix du syst\u00e8me n\u2019est pas impos\u00e9.<\/td>\n<td style=\"height: 187px;width: 20.4226%\"><img decoding=\"async\" class=\"alignright wp-image-3430\" src=\"https:\/\/www.service-public.pf\/sde\/wp-content\/uploads\/sites\/15\/2023\/01\/SDE-REBPF-IlluTotales-Etablissement-Soin-ChauffeEau.png\" alt=\"\" width=\"300\" height=\"225\" \/><\/td>\n<\/tr>\n<\/tbody>\n<\/table>\n<p style=\"color: #000000\"><strong><span style=\"text-decoration: underline\">Seuils \u00e0 respecter,\u00a0selon l\u2019orientation des fa\u00e7ades des locaux :<\/span><\/strong><\/p>\n<p style=\"color: #747474\">Les seuils et r\u00e8gles varient en fonction du type de syst\u00e8me retenu.<\/p>\n<table class=\"table table-bordered\" style=\"width: 94.1613%\">\n<tbody>\n<tr>\n<td style=\"width: 16.4461%\" width=\"169\"><strong><b>Syst\u00e8me<\/b><\/strong><\/td>\n<td style=\"width: 34.9486%\" width=\"255\"><strong><b>Seuil<\/b><\/strong><\/td>\n<td style=\"width: 10%\" width=\"151\"><strong><b>R\u00e8gles de conception<\/b><\/strong><\/td>\n<td style=\"width: 39.2788%\" width=\"548\"><strong><b>Exemples de solutions<\/b><\/strong><\/td>\n<\/tr>\n<tr>\n<td style=\"width: 16.4461%\" width=\"169\">Chauffe-eau solaire individuel (CESI)<\/td>\n<td style=\"width: 34.9486%\" width=\"255\">\n<p style=\"text-align: center\">-<\/p>\n<\/td>\n<td style=\"width: 10%\" width=\"56\">\n<p style=\"text-align: center\">-<\/p>\n<\/td>\n<td style=\"width: 39.2788%\" width=\"406\">Ce type de syst\u00e8me est utile pour les points ayant des besoins en eau chaude quotidiens inf\u00e9rieurs \u00e0 500 L<\/td>\n<\/tr>\n<tr>\n<td style=\"width: 16.4461%\" width=\"169\">Chauffe-eau solaire collectif (CESC)<\/td>\n<td style=\"width: 34.9486%\" width=\"255\">Pour une temp\u00e9rature d\u2019eau chaude de 60 degr\u00e9s Celsius\u00a0:<\/p>\n<ul>\n<li>Taux de couverture de 60 % minimum des besoins \u00e9nerg\u00e9tiques en eau chaude du b\u00e2timent<\/li>\n<li>Productivit\u00e9 solaire minimale de 450 kWh\/m\u00b2capteur\/an pour une temp\u00e9rature<\/li>\n<\/ul>\n<\/td>\n<td style=\"width: 10%\" width=\"56\">Conf\u00e8re fiche d\u2019application<\/td>\n<td style=\"width: 39.2788%\" width=\"406\">\n<p style=\"text-align: center\">-<\/p>\n<\/td>\n<\/tr>\n<\/tbody>\n<\/table>\n<p><span style=\"color: #000000\"><strong><u>Cas d\u00e9rogatoires :<\/u><\/strong><\/span><\/p>\n<ol>\n<li>Concernant l\u2019installation de chauffe-eaux solaires<\/li>\n<\/ol>\n<p style=\"color: #747474\">Les b\u00e2timents livr\u00e9s sans syst\u00e8me de production d\u2019eau chaude ne sont pas soumis \u00e0 l\u2019obligation de recours aux chauffe-eaux solaires.<\/p>\n<p>A l\u2019exception des locaux d\u2019h\u00e9bergement munis d\u2019un syst\u00e8me de production d\u2019eau chaude, un ou plusieurs locaux peuvent ne pas \u00eatre aliment\u00e9s par de l\u2019eau chaude sanitaire produite par \u00e9nergie solaire s\u2019ils satisfont aux deux conditions suivantes\u00a0:<\/p>\n<ul>\n<li>Les besoins journaliers en eau chaude \u00e0 60 degr\u00e9s du point ou de l'ensemble de points de soutirage du local sont inf\u00e9rieurs \u00e0 100 litre<\/li>\n<li>Le point ou les points de soutirage dans leur ensemble sont \u00e9loign\u00e9s de plus de 15 m\u00e8tres du point aliment\u00e9 en eau chaude le plus proche<\/li>\n<\/ul>\n<p>Enfin, si le projet est aliment\u00e9 par un r\u00e9seau d\u2019alimentation en eau, public ou priv\u00e9, dont le traitement est r\u00e9alis\u00e9, en totalit\u00e9 ou en partie, par un processus de d\u00e9salinisation\u00a0alors le recours \u00e0 des \u00e9quipements de production d\u2019eau chaude de type solaire thermique n\u2019est pas impos\u00e9.<\/p>\n<ol start=\"2\">\n<li>Concernant les performances de l\u2019installation<\/li>\n<\/ol>\n<p style=\"color: #747474\">Si le b\u00e2timent pr\u00e9sente une surface de toiture insuffisante pour permettre l\u2019installation de chauffe-eaux solaires conforme aux objectifs de performance\u00a0ou si les masques solaires proches sont trop importants pour cela, il est possible de d\u00e9roger aux seuils indiqu\u00e9s ci-dessus en dimensionnant toutefois l\u2019installation pour qu\u2019elle pr\u00e9sente un taux de couverture maximum et une productivit\u00e9 maximum au regard du contexte de mise en \u0153uvre.<\/p>\n<p>Si le projet s\u2019inscrit dans ce cas d\u00e9rogatoire, le recours \u00e0 cette d\u00e9rogation devra \u00eatre justifi\u00e9 et argument\u00e9 techniquement, tout comme le dimensionnement final de l\u2019installation.<\/p>\n<p style=\"color: #000000\"><strong>Pour plus d\u2019informations sur l\u2019application de la th\u00e9matique, consultez la fiche en question :<\/strong><\/p>\n<ul>\n<li><a href=\"https:\/\/www.service-public.pf\/sde\/wp-content\/uploads\/sites\/15\/2023\/06\/Fiche-08-Eau-chaude-solaire.pdf\">Fiche d\u2019application \u00ab\u00a0Eau chaude solaire\u00a0\u00bb<\/a><\/li>\n<\/ul>\n<\/div><\/div><\/div><div class=\"fusion-panel panel-default panel-8896b74d15fb58aad fusion-toggle-has-divider\" style=\"--awb-title-color:#333333;--awb-content-color:#747474;\"><div class=\"panel-heading\"><h4 class=\"panel-title toggle\" id=\"toggle_8896b74d15fb58aad\"><a aria-expanded=\"false\" aria-controls=\"8896b74d15fb58aad\" role=\"button\" data-toggle=\"collapse\" data-parent=\"#accordion-3355-30\" data-target=\"#8896b74d15fb58aad\" href=\"#8896b74d15fb58aad\"><span class=\"fusion-toggle-icon-wrapper\" aria-hidden=\"true\"><i class=\"fa-fusion-box active-icon awb-icon-minus\" aria-hidden=\"true\"><\/i><i class=\"fa-fusion-box inactive-icon awb-icon-plus\" aria-hidden=\"true\"><\/i><\/span><span class=\"fusion-toggle-heading\"> Climatisation performante<\/span><\/a><\/h4><\/div><div id=\"8896b74d15fb58aad\" class=\"panel-collapse collapse \" aria-labelledby=\"toggle_8896b74d15fb58aad\"><div class=\"panel-body toggle-content fusion-clearfix\">\n<p><span style=\"color: #000000\"><strong>En dehors des dispositions concernant la perm\u00e9abilit\u00e9 \u00e0 l\u2019air des menuiseries, la th\u00e9matique est applicable si, et seulement si, la climatisation est install\u00e9e !\u00a0<\/strong><\/span><\/p>\n<table style=\"width: 100%\">\n<tbody>\n<tr>\n<td style=\"width: 79.3602%\">\n<p style=\"text-decoration: underline;color: #000000\"><strong>Locaux concern\u00e9s :<\/strong><\/p>\n<p>Seules les chambres sont concern\u00e9es par cette th\u00e9matique.<\/td>\n<td style=\"width: 116.05%\"><strong><img decoding=\"async\" class=\"alignright wp-image-3439 size-medium\" src=\"https:\/\/www.service-public.pf\/sde\/wp-content\/uploads\/sites\/15\/2023\/01\/SDE-REBPF-IlluTotales-Etablissement-Soin-Climatisation.png\" alt=\"\" width=\"300\" height=\"225\" \/><\/strong><\/td>\n<\/tr>\n<\/tbody>\n<\/table>\n<p style=\"text-decoration: underline;color: #000000\"><strong>Seuils, r\u00e8gles de conception et caract\u00e9ristiques techniques \u00e0 respecter :<\/strong><\/p>\n<table class=\"table table-bordered\" style=\"width: 98.0591%\">\n<tbody>\n<tr>\n<td style=\"width: 19.5816%\" width=\"217\"><strong><b>Mesure<\/b><\/strong><\/td>\n<td style=\"width: 14.4907%\" width=\"113\"><strong><b>Seuil<\/b><\/strong><\/td>\n<td style=\"width: 51.1574%\" width=\"340\"><strong><b>R\u00e8gle de conception<\/b><\/strong><\/td>\n<td style=\"width: 19.2212%\" width=\"359\"><strong><b>Exemples de solutions<\/b><\/strong><\/td>\n<\/tr>\n<tr>\n<td style=\"width: 19.5816%\" width=\"254\">Perm\u00e9abilit\u00e9 \u00e0 l\u2019air des menuiseries<\/td>\n<td style=\"width: 65.6481%\" colspan=\"2\" width=\"113\">Les baies des chambres ont une classe de perm\u00e9abilit\u00e9 minimum de A*2 (ou A2, par \u00e9quivalence)<\/td>\n<td style=\"width: 19.2212%\" width=\"340\">\n<p style=\"text-align: center\">-<\/p>\n<\/td>\n<\/tr>\n<tr>\n<td style=\"width: 19.5816%\" rowspan=\"2\" width=\"254\">Efficacit\u00e9 \u00e9nerg\u00e9tique minimale (EER)<\/td>\n<td style=\"width: 14.4907%\" width=\"113\">Installation individuelle<\/td>\n<td style=\"width: 51.1574%\" width=\"425\">EER minimum de\u00a0:<\/p>\n<ul>\n<li>2,8 pour un climatiseur d\u2019une puissance inf\u00e9rieure \u00e0 21 000 BTU\/h<\/li>\n<li>2,5 pour un climatiseur d\u2019une puissance sup\u00e9rieure ou \u00e9gale \u00e0 21 000 BTU\/h<\/li>\n<\/ul>\n<\/td>\n<td style=\"width: 19.2212%;text-align: center\" rowspan=\"2\" width=\"207\">-<\/td>\n<\/tr>\n<tr>\n<td style=\"width: 14.4907%\" width=\"85\">Installation centralis\u00e9e<\/td>\n<td style=\"width: 51.1574%\" width=\"113\">EER minimum de\u00a0:<\/p>\n<ul>\n<li>3,7 pour une installation de type \u00ab DRV \u00bb ou \u00ab VRV \u00bb<\/li>\n<li>3 pour une installation de type \u00ab eau glac\u00e9e <span style=\"font-family: inherit;font-size: inherit\">\u00bb<\/span><\/li>\n<\/ul>\n<\/td>\n<\/tr>\n<\/tbody>\n<\/table>\n<p><span style=\"color: #000000\"><strong>Pour plus d\u2019informations sur l\u2019application de la th\u00e9matique, consultez la fiche en question\u00a0:<\/strong><\/span><\/p>\n<ul>\n<li><a href=\"https:\/\/www.service-public.pf\/sde\/wp-content\/uploads\/sites\/15\/2023\/06\/Fiche-09-Climatisation.pdf\">Fiche d\u2019application \u00ab\u00a0Climatisation\u00a0\u00bb<\/a><\/li>\n<\/ul>\n<\/div><\/div><\/div><\/div><\/div><div class=\"fusion-text fusion-text-121\" style=\"--awb-margin-top:10px;\"><p><span style=\"color: #000000\"><strong>Informations relatives aux demandes de permis de construire et au certificat de conformit\u00e9<\/strong><\/span><\/p>\n<p>Le p\u00e9titionnaire remplit les nouveaux formulaires de demande de permis de construire et de certificat de conformit\u00e9 de la DCA qui int\u00e8grent la d\u00e9claration du respect de la r\u00e9glementation.<\/p>\n<p><strong>Si les surfaces de plancher construites cumul\u00e9es* sont sup\u00e9rieures \u00e0 250 m\u00b2 de plancher, les demandes de permis de construire et de certificat de conformit\u00e9 doivent \u00eatre accompagn\u00e9es de l\u2019avis d\u2019un organisme agr\u00e9\u00e9<\/strong><\/p>\n<ul>\n<li><a href=\"https:\/\/www.service-public.pf\/sde\/organismes-agrees\/\">Parcourir la page d\u00e9di\u00e9e aux organismes agr\u00e9\u00e9s<\/a><\/li>\n<\/ul>\n<p><em><span style=\"font-size: 10pt\">* Les surfaces de plancher \u00e0 consid\u00e9rer sont celles de n\u2019importe quel b\u00e2timent neuf rattach\u00e9 au projet de construction, d\u00e8s lors que la typologie associ\u00e9e est bureaux, enseignement, \u00e9tablissement de soin, h\u00f4tellerie ou logement collectif.<\/span><\/em><\/p>\n<p style=\"color: #000000\"><strong>Informations sur les dispositions applicables \u00e0 la typologie <\/strong>(ne consulter que les rubriques des th\u00e9matiques concernant le projet de construction)<strong>\u00a0:<\/strong><\/p>\n<ul>\n<li><a href=\"https:\/\/www.service-public.pf\/sde\/wp-content\/uploads\/sites\/15\/2023\/04\/REPBF_Depliants_EtablissmentDeSoin_Pages-V2.pdf\">D\u00e9pliant \u00ab\u00a0\u00c9tablissement de soin \u00bb<\/a><\/li>\n<\/ul>\n<\/div><\/div><\/div><\/div><\/div><\/div><div class=\"fusion-layout-column fusion_builder_column fusion-builder-column-42 fusion_builder_column_4_5 4_5 fusion-flex-column vct_islv_inf500_content\" style=\"--awb-bg-size:cover;--awb-width-large:80%;--awb-flex-grow:0;--awb-flex-shrink:0;--awb-margin-top-large:0px;--awb-spacing-right-large:2.4%;--awb-margin-bottom-large:20px;--awb-spacing-left-large:2.4%;--awb-width-medium:100%;--awb-order-medium:0;--awb-flex-grow-medium:0;--awb-flex-shrink-medium:0;--awb-spacing-right-medium:1.92%;--awb-spacing-left-medium:1.92%;--awb-width-small:100%;--awb-order-small:0;--awb-flex-grow-small:0;--awb-flex-shrink-small:0;--awb-spacing-right-small:1.92%;--awb-spacing-left-small:1.92%;\" id=\"vct_islv_inf500_restauration_content\"><div class=\"fusion-column-wrapper fusion-column-has-shadow fusion-flex-justify-content-flex-start fusion-content-layout-column\"><div class=\"fusion-title title fusion-title-34 fusion-sep-none fusion-title-center fusion-title-text fusion-title-size-two hidden\" style=\"--awb-margin-top-small:0px;--awb-margin-right-small:0px;--awb-margin-bottom-small:20px;--awb-margin-left-small:0px;\"><h2 class=\"fusion-title-heading title-heading-center\" style=\"margin:0;\">Protection solaire de la toiture + D\u00e9pliant Restauration + Fiche d'information Restauration + Formulaire 1-ISLV<\/h2><\/div><div class=\"fusion-text fusion-text-122 vct_description_typologie\"><p>Il s\u2019agit d\u2019un b\u00e2timent ou d\u2019une partie de b\u00e2timent \u00e0 destination de restaurant ou de d\u00e9bit de<br \/>\nboisson, ainsi que leurs locaux accessoires.<\/p>\n<\/div><div class=\"fusion-builder-row fusion-builder-row-inner fusion-row fusion-flex-align-items-flex-start fusion-flex-justify-content-center fusion-flex-content-wrap\" style=\"--awb-flex-grow:0;--awb-flex-grow-medium:0;--awb-flex-grow-small:0;--awb-flex-shrink:0;--awb-flex-shrink-medium:0;--awb-flex-shrink-small:0;width:104% !important;max-width:104% !important;margin-left: calc(-4% \/ 2 );margin-right: calc(-4% \/ 2 );\"><div class=\"fusion-layout-column fusion_builder_column_inner fusion-builder-nested-column-158 fusion_builder_column_inner_1_1 1_1 fusion-flex-column\" style=\"--awb-bg-size:cover;--awb-width-large:100%;--awb-margin-top-large:0px;--awb-spacing-right-large:1.92%;--awb-margin-bottom-large:20px;--awb-spacing-left-large:1.92%;--awb-width-medium:100%;--awb-order-medium:0;--awb-spacing-right-medium:1.92%;--awb-spacing-left-medium:1.92%;--awb-width-small:100%;--awb-order-small:0;--awb-spacing-right-small:1.92%;--awb-spacing-left-small:1.92%;\"><div class=\"fusion-column-wrapper fusion-column-has-shadow fusion-flex-justify-content-flex-start fusion-content-layout-column\"><div class=\"fusion-separator fusion-full-width-sep\" style=\"align-self: center;margin-left: auto;margin-right: auto;width:100%;\"><div class=\"fusion-separator-border sep-shadow\" style=\"--awb-height:20px;--awb-amount:20px;background:radial-gradient(ellipse at 50% -50% , #e0dede 0px, rgba(255, 255, 255, 0) 80%) repeat scroll 0 0 rgba(0, 0, 0, 0);background:-webkit-radial-gradient(ellipse at 50% -50% , #e0dede 0px, rgba(255, 255, 255, 0) 80%) repeat scroll 0 0 rgba(0, 0, 0, 0);background:-moz-radial-gradient(ellipse at 50% -50% , #e0dede 0px, rgba(255, 255, 255, 0) 80%) repeat scroll 0 0 rgba(0, 0, 0, 0);background:-o-radial-gradient(ellipse at 50% -50% , #e0dede 0px, rgba(255, 255, 255, 0) 80%) repeat scroll 0 0 rgba(0, 0, 0, 0);\"><\/div><\/div><\/div><\/div><div class=\"fusion-layout-column fusion_builder_column_inner fusion-builder-nested-column-159 fusion_builder_column_inner_1_3 1_3 fusion-flex-column\" style=\"--awb-bg-size:cover;--awb-width-large:33.333333333333%;--awb-margin-top-large:0px;--awb-spacing-right-large:2vw;--awb-margin-bottom-large:20px;--awb-spacing-left-large:5.76%;--awb-width-medium:100%;--awb-order-medium:0;--awb-spacing-right-medium:1.92%;--awb-spacing-left-medium:1.92%;--awb-width-small:100%;--awb-order-small:0;--awb-spacing-right-small:1.92%;--awb-spacing-left-small:1.92%;\"><div class=\"fusion-column-wrapper fusion-column-has-shadow fusion-flex-justify-content-flex-start fusion-content-layout-column\"><div class=\"fusion-image-element \" style=\"text-align:right;--awb-max-width:450px;--awb-caption-title-font-family:var(--h2_typography-font-family);--awb-caption-title-font-weight:var(--h2_typography-font-weight);--awb-caption-title-font-style:var(--h2_typography-font-style);--awb-caption-title-size:var(--h2_typography-font-size);--awb-caption-title-transform:var(--h2_typography-text-transform);--awb-caption-title-line-height:var(--h2_typography-line-height);--awb-caption-title-letter-spacing:var(--h2_typography-letter-spacing);\"><span class=\" fusion-imageframe imageframe-none imageframe-31 hover-type-none\"><img decoding=\"async\" width=\"300\" height=\"225\" title=\"SDE REBPF IlluTotales Restaurant\" src=\"https:\/\/www.service-public.pf\/sde\/wp-content\/uploads\/sites\/15\/2023\/01\/SDE-REBPF-IlluTotales-Restaurant-300x225.png\" alt class=\"img-responsive wp-image-3464\" srcset=\"https:\/\/www.service-public.pf\/sde\/wp-content\/uploads\/sites\/15\/2023\/01\/SDE-REBPF-IlluTotales-Restaurant-200x150.png 200w, https:\/\/www.service-public.pf\/sde\/wp-content\/uploads\/sites\/15\/2023\/01\/SDE-REBPF-IlluTotales-Restaurant-400x300.png 400w, https:\/\/www.service-public.pf\/sde\/wp-content\/uploads\/sites\/15\/2023\/01\/SDE-REBPF-IlluTotales-Restaurant-600x450.png 600w, https:\/\/www.service-public.pf\/sde\/wp-content\/uploads\/sites\/15\/2023\/01\/SDE-REBPF-IlluTotales-Restaurant-800x600.png 800w, https:\/\/www.service-public.pf\/sde\/wp-content\/uploads\/sites\/15\/2023\/01\/SDE-REBPF-IlluTotales-Restaurant-1200x900.png 1200w, https:\/\/www.service-public.pf\/sde\/wp-content\/uploads\/sites\/15\/2023\/01\/SDE-REBPF-IlluTotales-Restaurant.png 1453w\" sizes=\"(max-width: 1024px) 100vw, (max-width: 640px) 100vw, 800px\" \/><\/span><\/div><\/div><\/div><div class=\"fusion-layout-column fusion_builder_column_inner fusion-builder-nested-column-160 fusion_builder_column_inner_2_3 2_3 fusion-flex-column\" style=\"--awb-bg-size:cover;--awb-width-large:66.666666666667%;--awb-margin-top-large:0px;--awb-spacing-right-large:2.88%;--awb-margin-bottom-large:20px;--awb-spacing-left-large:2.88%;--awb-width-medium:100%;--awb-order-medium:0;--awb-spacing-right-medium:1.92%;--awb-spacing-left-medium:1.92%;--awb-width-small:100%;--awb-order-small:0;--awb-spacing-right-small:1.92%;--awb-spacing-left-small:1.92%;\"><div class=\"fusion-column-wrapper fusion-column-has-shadow fusion-flex-justify-content-center fusion-content-layout-column\"><div class=\"fusion-text fusion-text-123\" style=\"--awb-content-alignment:center;--awb-font-size:24pt;\"><p>Localisation\u00a0du projet : <strong>Iles Sous-Le-Vent, \u00e0 une altitude inf\u00e9rieure \u00e0 500 m\u00e8tres<\/strong><\/p>\n<p>Typologie de la construction\u00a0: <strong>Restauration<\/strong><\/p>\n<\/div><\/div><\/div><div class=\"fusion-layout-column fusion_builder_column_inner fusion-builder-nested-column-161 fusion_builder_column_inner_1_1 1_1 fusion-flex-column\" style=\"--awb-bg-size:cover;--awb-width-large:100%;--awb-margin-top-large:0px;--awb-spacing-right-large:1.92%;--awb-margin-bottom-large:20px;--awb-spacing-left-large:1.92%;--awb-width-medium:100%;--awb-order-medium:0;--awb-spacing-right-medium:1.92%;--awb-spacing-left-medium:1.92%;--awb-width-small:100%;--awb-order-small:0;--awb-spacing-right-small:1.92%;--awb-spacing-left-small:1.92%;\"><div class=\"fusion-column-wrapper fusion-column-has-shadow fusion-flex-justify-content-flex-start fusion-content-layout-column\"><div class=\"fusion-separator fusion-full-width-sep\" style=\"align-self: center;margin-left: auto;margin-right: auto;margin-bottom:20px;width:100%;\"><div class=\"fusion-separator-border sep-shadow\" style=\"--awb-height:20px;--awb-amount:20px;background:radial-gradient(ellipse at 50% -50% , #e0dede 0px, rgba(255, 255, 255, 0) 80%) repeat scroll 0 0 rgba(0, 0, 0, 0);background:-webkit-radial-gradient(ellipse at 50% -50% , #e0dede 0px, rgba(255, 255, 255, 0) 80%) repeat scroll 0 0 rgba(0, 0, 0, 0);background:-moz-radial-gradient(ellipse at 50% -50% , #e0dede 0px, rgba(255, 255, 255, 0) 80%) repeat scroll 0 0 rgba(0, 0, 0, 0);background:-o-radial-gradient(ellipse at 50% -50% , #e0dede 0px, rgba(255, 255, 255, 0) 80%) repeat scroll 0 0 rgba(0, 0, 0, 0);\"><\/div><\/div><\/div><\/div><div class=\"fusion-layout-column fusion_builder_column_inner fusion-builder-nested-column-162 fusion_builder_column_inner_1_1 1_1 fusion-flex-column\" style=\"--awb-bg-color:#ffffff;--awb-bg-color-hover:#ffffff;--awb-bg-size:cover;--awb-width-large:100%;--awb-margin-top-large:0px;--awb-spacing-right-large:1.92%;--awb-margin-bottom-large:20px;--awb-spacing-left-large:1.92%;--awb-width-medium:100%;--awb-order-medium:0;--awb-spacing-right-medium:1.92%;--awb-spacing-left-medium:1.92%;--awb-width-small:100%;--awb-order-small:0;--awb-spacing-right-small:1.92%;--awb-spacing-left-small:1.92%;\"><div class=\"fusion-column-wrapper fusion-column-has-shadow fusion-flex-justify-content-flex-start fusion-content-layout-column\"><div class=\"fusion-text fusion-text-124\" style=\"--awb-text-color:#000000;\"><p><strong>Th\u00e9matiques applicables :<\/strong><\/p>\n<\/div><div class=\"accordian fusion-accordian\" style=\"--awb-border-size:1px;--awb-icon-size:13px;--awb-content-font-size:13px;--awb-icon-alignment:left;--awb-hover-color:#f9f9f9;--awb-border-color:#cccccc;--awb-background-color:#ffffff;--awb-divider-color:#e0dede;--awb-divider-hover-color:#e0dede;--awb-icon-color:#ffffff;--awb-title-color:#333333;--awb-content-color:#747474;--awb-icon-box-color:#333333;--awb-toggle-hover-accent-color:#26a147;--awb-title-font-family:&quot;PT Sans&quot;;--awb-title-font-weight:400;--awb-title-font-style:normal;--awb-title-font-size:13px;--awb-content-font-family:&quot;PT Sans&quot;;--awb-content-font-style:normal;--awb-content-font-weight:400;\"><div class=\"panel-group fusion-toggle-icon-boxed\" id=\"accordion-3355-31\"><div class=\"fusion-panel panel-default panel-d66da6da2e224d05b fusion-toggle-has-divider\" style=\"--awb-title-color:#333333;--awb-content-color:#747474;\"><div class=\"panel-heading\"><h4 class=\"panel-title toggle\" id=\"toggle_d66da6da2e224d05b\"><a aria-expanded=\"false\" aria-controls=\"d66da6da2e224d05b\" role=\"button\" data-toggle=\"collapse\" data-parent=\"#accordion-3355-31\" data-target=\"#d66da6da2e224d05b\" href=\"#d66da6da2e224d05b\"><span class=\"fusion-toggle-icon-wrapper\" aria-hidden=\"true\"><i class=\"fa-fusion-box active-icon awb-icon-minus\" aria-hidden=\"true\"><\/i><i class=\"fa-fusion-box inactive-icon awb-icon-plus\" aria-hidden=\"true\"><\/i><\/span><span class=\"fusion-toggle-heading\">Protection solaire de la toiture<\/span><\/a><\/h4><\/div><div id=\"d66da6da2e224d05b\" class=\"panel-collapse collapse \" aria-labelledby=\"toggle_d66da6da2e224d05b\"><div class=\"panel-body toggle-content fusion-clearfix\">\n<table style=\"width: 100%;height: 187px\">\n<tbody>\n<tr style=\"height: 187px\">\n<td style=\"height: 187px\"><span style=\"color: #000000\"><strong><span style=\"text-decoration: underline\">Locaux concern\u00e9s<\/span> :<\/strong><\/span><\/p>\n<ul>\n<li>Locaux clos et climatis\u00e9s ou occup\u00e9s (exemples\u00a0: cuisine, salle de restauration, r\u00e9serve climatis\u00e9e, \u2026)<\/li>\n<li>Locaux clos non-occup\u00e9s donnant <u>directement<\/u> sur les locaux ci-dessus, hors locaux techniques, stationnements et espaces de stockage non climatis\u00e9s (exemples : sanitaires, circulation, \u2026)<\/li>\n<\/ul>\n<\/td>\n<td style=\"height: 187px\"><img decoding=\"async\" class=\"alignright wp-image-3430\" src=\"https:\/\/www.service-public.pf\/sde\/wp-content\/uploads\/sites\/15\/2023\/01\/SDE-REBPF-IlluTotales-Restaurant-ProToiture.png\" alt=\"\" width=\"300\" height=\"225\" \/><\/td>\n<\/tr>\n<\/tbody>\n<\/table>\n<p style=\"color: #000000\"><strong><span style=\"text-decoration: underline\">Seuils \u00e0 respecter : <\/span><\/strong><\/p>\n<table class=\"table table-bordered\" style=\"width: 100%\">\n<tbody>\n<tr>\n<td style=\"width: 24.0317%\"><strong>Mesure<\/strong><\/td>\n<td style=\"width: 4.78677%\"><strong>Seuil<\/strong><\/td>\n<td style=\"width: 58.7865%\"><strong>Exemples de solutions<\/strong><\/td>\n<\/tr>\n<tr>\n<td style=\"width: 24.0317%\">Facteur solaire maximal de la toiture<\/td>\n<td style=\"width: 4.78677%\">2,5%<\/td>\n<td style=\"width: 58.7865%\">\n<ul>\n<li>Toiture (avec combles) en t\u00f4le de teinte claire avec 3 cm de laine min\u00e9rale minimum<\/li>\n<li>Toiture (avec combles) en t\u00f4le de teinte moyenne avec 5 cm de laine min\u00e9rale minimum<\/li>\n<li>Toiture (avec combles) en t\u00f4le de teinte sombre avec 7,5 cm de laine min\u00e9rale minimum<\/li>\n<li>Toiture terrasse en b\u00e9ton de teinte moyenne avec 6 cm de polystyr\u00e8ne expans\u00e9 minimum<\/li>\n<li>Toiture en bardeau de bois apparents correspondant \u00e0 une toiture \u00ab ventil\u00e9e \u00bb<\/li>\n<li>Toiture terrasse en b\u00e9ton avec sur-toiture largement ventil\u00e9e<\/li>\n<\/ul>\n<\/td>\n<\/tr>\n<\/tbody>\n<\/table>\n<p><span style=\"color: #000000\"><strong>Pour plus d\u2019informations sur l\u2019application de la th\u00e9matique, consultez la fiche en question\u00a0:<\/strong><\/span><\/p>\n<ul>\n<li><a href=\"https:\/\/www.service-public.pf\/sde\/wp-content\/uploads\/sites\/15\/2023\/09\/Fiche-02-Protection-solaire-des-parois-opaques-horizontales-Toitures.pdf\">Fiche d\u2019application \u00ab\u00a0Protection solaire de la toiture\u00a0\u00bb<\/a><\/li>\n<\/ul>\n<p>Nota bene : les informations diffus\u00e9es dans le d\u00e9pliant mis \u00e0 disposition ci-dessous sont normalement suffisantes pour s'assurer de la conformit\u00e9 de son projet sans rentrer dans les d\u00e9tails techniques de la th\u00e9matique.<\/p>\n<\/div><\/div><\/div><\/div><\/div><div class=\"fusion-text fusion-text-125\" style=\"--awb-margin-top:10px;\"><p><span style=\"color: #000000\"><strong>Informations relatives aux demandes de permis de construire et au certificat de conformit\u00e9<\/strong><\/span><\/p>\n<p>Le p\u00e9titionnaire remplit les nouveaux formulaires de demande de permis de construire et de certificat de conformit\u00e9 de la DCA qui int\u00e8grent la d\u00e9claration du respect de la r\u00e9glementation.<\/p>\n<p><span style=\"color: #000000\"><strong>Informations sur les dispositions applicables \u00e0 la typologie :<\/strong><\/span><\/p>\n<ul>\n<li><a href=\"https:\/\/www.service-public.pf\/sde\/wp-content\/uploads\/sites\/15\/2023\/03\/REPBF_Depliants_Restauration_Pages.pdf\">D\u00e9pliant \u00ab\u00a0Restauration \u00bb<\/a><\/li>\n<\/ul>\n<\/div><\/div><\/div><\/div><\/div><\/div><div class=\"fusion-layout-column fusion_builder_column fusion-builder-column-43 fusion_builder_column_4_5 4_5 fusion-flex-column vct_islv_inf500_content\" style=\"--awb-bg-size:cover;--awb-width-large:80%;--awb-flex-grow:0;--awb-flex-shrink:0;--awb-margin-top-large:0px;--awb-spacing-right-large:2.4%;--awb-margin-bottom-large:20px;--awb-spacing-left-large:2.4%;--awb-width-medium:100%;--awb-order-medium:0;--awb-flex-grow-medium:0;--awb-flex-shrink-medium:0;--awb-spacing-right-medium:1.92%;--awb-spacing-left-medium:1.92%;--awb-width-small:100%;--awb-order-small:0;--awb-flex-grow-small:0;--awb-flex-shrink-small:0;--awb-spacing-right-small:1.92%;--awb-spacing-left-small:1.92%;\" id=\"vct_islv_inf500_etablissementdenseignement_content\"><div class=\"fusion-column-wrapper fusion-column-has-shadow fusion-flex-justify-content-flex-start fusion-content-layout-column\"><div class=\"fusion-title title fusion-title-35 fusion-sep-none fusion-title-center fusion-title-text fusion-title-size-two hidden\" style=\"--awb-margin-top-small:0px;--awb-margin-right-small:0px;--awb-margin-bottom-small:20px;--awb-margin-left-small:0px;\"><h2 class=\"fusion-title-heading title-heading-center\" style=\"margin:0;\">Protection solaire de la toiture \/ Protection solaire des murs \/ Protection solaire des baies - ECOLE \/ Ventilation naturelle - ECOLE \/ Brasseur d'air - ECOLE \/ Climatisation - ECOLE + D\u00e9pliant \u00e9tablissement d'enseignement + Fiche d'information \u00e9tablissement d'enseignement + Formulaire 2-ISLV<\/h2><\/div><div class=\"fusion-text fusion-text-126 vct_description_typologie\"><p>Il s\u2019agit d\u2019un b\u00e2timent ou d\u2019une partie de b\u00e2timent \u00e0 usage de cr\u00e8che et garderie, \u00e9cole maternelle,<br \/>\n\u00e9cole primaire, coll\u00e8ge, lyc\u00e9e, \u00e9tablissement d\u2019enseignement sup\u00e9rieur et tout autre b\u00e2timent de<br \/>\nservice public ou d\u2019int\u00e9r\u00eat collectif de l\u2019enseignement, comprenant \u00e9galement leurs locaux<br \/>\naccessoires.<\/p>\n<p>Pour rappel, les locaux \u00e0 sommeil et les internats sont assimil\u00e9s \u00e0 la typologie \u00ab logement collectif \u00bb.<\/p>\n<\/div><div class=\"fusion-builder-row fusion-builder-row-inner fusion-row fusion-flex-align-items-flex-start fusion-flex-justify-content-center fusion-flex-content-wrap\" style=\"--awb-flex-grow:0;--awb-flex-grow-medium:0;--awb-flex-grow-small:0;--awb-flex-shrink:0;--awb-flex-shrink-medium:0;--awb-flex-shrink-small:0;width:104% !important;max-width:104% !important;margin-left: calc(-4% \/ 2 );margin-right: calc(-4% \/ 2 );\"><div class=\"fusion-layout-column fusion_builder_column_inner fusion-builder-nested-column-163 fusion_builder_column_inner_1_1 1_1 fusion-flex-column\" style=\"--awb-bg-size:cover;--awb-width-large:100%;--awb-margin-top-large:0px;--awb-spacing-right-large:1.92%;--awb-margin-bottom-large:20px;--awb-spacing-left-large:1.92%;--awb-width-medium:100%;--awb-order-medium:0;--awb-spacing-right-medium:1.92%;--awb-spacing-left-medium:1.92%;--awb-width-small:100%;--awb-order-small:0;--awb-spacing-right-small:1.92%;--awb-spacing-left-small:1.92%;\"><div class=\"fusion-column-wrapper fusion-column-has-shadow fusion-flex-justify-content-flex-start fusion-content-layout-column\"><div class=\"fusion-separator fusion-full-width-sep\" style=\"align-self: center;margin-left: auto;margin-right: auto;width:100%;\"><div class=\"fusion-separator-border sep-shadow\" style=\"--awb-height:20px;--awb-amount:20px;background:radial-gradient(ellipse at 50% -50% , #e0dede 0px, rgba(255, 255, 255, 0) 80%) repeat scroll 0 0 rgba(0, 0, 0, 0);background:-webkit-radial-gradient(ellipse at 50% -50% , #e0dede 0px, rgba(255, 255, 255, 0) 80%) repeat scroll 0 0 rgba(0, 0, 0, 0);background:-moz-radial-gradient(ellipse at 50% -50% , #e0dede 0px, rgba(255, 255, 255, 0) 80%) repeat scroll 0 0 rgba(0, 0, 0, 0);background:-o-radial-gradient(ellipse at 50% -50% , #e0dede 0px, rgba(255, 255, 255, 0) 80%) repeat scroll 0 0 rgba(0, 0, 0, 0);\"><\/div><\/div><\/div><\/div><div class=\"fusion-layout-column fusion_builder_column_inner fusion-builder-nested-column-164 fusion_builder_column_inner_1_3 1_3 fusion-flex-column\" style=\"--awb-bg-size:cover;--awb-width-large:33.333333333333%;--awb-margin-top-large:0px;--awb-spacing-right-large:2vw;--awb-margin-bottom-large:20px;--awb-spacing-left-large:5.76%;--awb-width-medium:100%;--awb-order-medium:0;--awb-spacing-right-medium:1.92%;--awb-spacing-left-medium:1.92%;--awb-width-small:100%;--awb-order-small:0;--awb-spacing-right-small:1.92%;--awb-spacing-left-small:1.92%;\"><div class=\"fusion-column-wrapper fusion-column-has-shadow fusion-flex-justify-content-flex-start fusion-content-layout-column\"><div class=\"fusion-image-element \" style=\"text-align:right;--awb-max-width:450px;--awb-caption-title-font-family:var(--h2_typography-font-family);--awb-caption-title-font-weight:var(--h2_typography-font-weight);--awb-caption-title-font-style:var(--h2_typography-font-style);--awb-caption-title-size:var(--h2_typography-font-size);--awb-caption-title-transform:var(--h2_typography-text-transform);--awb-caption-title-line-height:var(--h2_typography-line-height);--awb-caption-title-letter-spacing:var(--h2_typography-letter-spacing);\"><span class=\" fusion-imageframe imageframe-none imageframe-32 hover-type-none\"><img decoding=\"async\" width=\"300\" height=\"225\" title=\"SDE REBPF IlluTotales Enseignement\" src=\"https:\/\/www.service-public.pf\/sde\/wp-content\/uploads\/sites\/15\/2023\/01\/SDE-REBPF-IlluTotales-Enseignement-300x225.png\" alt class=\"img-responsive wp-image-3429\" srcset=\"https:\/\/www.service-public.pf\/sde\/wp-content\/uploads\/sites\/15\/2023\/01\/SDE-REBPF-IlluTotales-Enseignement-200x150.png 200w, https:\/\/www.service-public.pf\/sde\/wp-content\/uploads\/sites\/15\/2023\/01\/SDE-REBPF-IlluTotales-Enseignement-400x300.png 400w, https:\/\/www.service-public.pf\/sde\/wp-content\/uploads\/sites\/15\/2023\/01\/SDE-REBPF-IlluTotales-Enseignement-600x450.png 600w, https:\/\/www.service-public.pf\/sde\/wp-content\/uploads\/sites\/15\/2023\/01\/SDE-REBPF-IlluTotales-Enseignement-800x600.png 800w, https:\/\/www.service-public.pf\/sde\/wp-content\/uploads\/sites\/15\/2023\/01\/SDE-REBPF-IlluTotales-Enseignement-1200x900.png 1200w, https:\/\/www.service-public.pf\/sde\/wp-content\/uploads\/sites\/15\/2023\/01\/SDE-REBPF-IlluTotales-Enseignement.png 1453w\" sizes=\"(max-width: 1024px) 100vw, (max-width: 640px) 100vw, 800px\" \/><\/span><\/div><\/div><\/div><div class=\"fusion-layout-column fusion_builder_column_inner fusion-builder-nested-column-165 fusion_builder_column_inner_2_3 2_3 fusion-flex-column\" style=\"--awb-bg-size:cover;--awb-width-large:66.666666666667%;--awb-margin-top-large:0px;--awb-spacing-right-large:2.88%;--awb-margin-bottom-large:20px;--awb-spacing-left-large:2.88%;--awb-width-medium:100%;--awb-order-medium:0;--awb-spacing-right-medium:1.92%;--awb-spacing-left-medium:1.92%;--awb-width-small:100%;--awb-order-small:0;--awb-spacing-right-small:1.92%;--awb-spacing-left-small:1.92%;\"><div class=\"fusion-column-wrapper fusion-column-has-shadow fusion-flex-justify-content-center fusion-content-layout-column\"><div class=\"fusion-text fusion-text-127\" style=\"--awb-content-alignment:center;--awb-font-size:24pt;\"><p>Localisation\u00a0du projet : <strong>Iles Sous-Le-Vent\u00a0\u00e0 une altitude inf\u00e9rieure \u00e0 500 m\u00e8tres<\/strong><\/p>\n<p>Typologie de la construction\u00a0: <strong>Enseignement<\/strong><\/p>\n<\/div><\/div><\/div><div class=\"fusion-layout-column fusion_builder_column_inner fusion-builder-nested-column-166 fusion_builder_column_inner_1_1 1_1 fusion-flex-column\" style=\"--awb-bg-size:cover;--awb-width-large:100%;--awb-margin-top-large:0px;--awb-spacing-right-large:1.92%;--awb-margin-bottom-large:20px;--awb-spacing-left-large:1.92%;--awb-width-medium:100%;--awb-order-medium:0;--awb-spacing-right-medium:1.92%;--awb-spacing-left-medium:1.92%;--awb-width-small:100%;--awb-order-small:0;--awb-spacing-right-small:1.92%;--awb-spacing-left-small:1.92%;\"><div class=\"fusion-column-wrapper fusion-column-has-shadow fusion-flex-justify-content-flex-start fusion-content-layout-column\"><div class=\"fusion-separator fusion-full-width-sep\" style=\"align-self: center;margin-left: auto;margin-right: auto;margin-bottom:20px;width:100%;\"><div class=\"fusion-separator-border sep-shadow\" style=\"--awb-height:20px;--awb-amount:20px;background:radial-gradient(ellipse at 50% -50% , #e0dede 0px, rgba(255, 255, 255, 0) 80%) repeat scroll 0 0 rgba(0, 0, 0, 0);background:-webkit-radial-gradient(ellipse at 50% -50% , #e0dede 0px, rgba(255, 255, 255, 0) 80%) repeat scroll 0 0 rgba(0, 0, 0, 0);background:-moz-radial-gradient(ellipse at 50% -50% , #e0dede 0px, rgba(255, 255, 255, 0) 80%) repeat scroll 0 0 rgba(0, 0, 0, 0);background:-o-radial-gradient(ellipse at 50% -50% , #e0dede 0px, rgba(255, 255, 255, 0) 80%) repeat scroll 0 0 rgba(0, 0, 0, 0);\"><\/div><\/div><\/div><\/div><div class=\"fusion-layout-column fusion_builder_column_inner fusion-builder-nested-column-167 fusion_builder_column_inner_1_1 1_1 fusion-flex-column\" style=\"--awb-bg-color:#ffffff;--awb-bg-color-hover:#ffffff;--awb-bg-size:cover;--awb-width-large:100%;--awb-margin-top-large:0px;--awb-spacing-right-large:1.92%;--awb-margin-bottom-large:20px;--awb-spacing-left-large:1.92%;--awb-width-medium:100%;--awb-order-medium:0;--awb-spacing-right-medium:1.92%;--awb-spacing-left-medium:1.92%;--awb-width-small:100%;--awb-order-small:0;--awb-spacing-right-small:1.92%;--awb-spacing-left-small:1.92%;\"><div class=\"fusion-column-wrapper fusion-column-has-shadow fusion-flex-justify-content-flex-start fusion-content-layout-column\"><div class=\"fusion-text fusion-text-128\" style=\"--awb-text-color:#000000;\"><p><strong>Th\u00e9matiques applicables :<\/strong><\/p>\n<\/div><div class=\"accordian fusion-accordian\" style=\"--awb-border-size:1px;--awb-icon-size:13px;--awb-content-font-size:13px;--awb-icon-alignment:left;--awb-hover-color:#f9f9f9;--awb-border-color:#cccccc;--awb-background-color:#ffffff;--awb-divider-color:#e0dede;--awb-divider-hover-color:#e0dede;--awb-icon-color:#ffffff;--awb-title-color:#333333;--awb-content-color:#747474;--awb-icon-box-color:#333333;--awb-toggle-hover-accent-color:#26a147;--awb-title-font-family:&quot;PT Sans&quot;;--awb-title-font-weight:400;--awb-title-font-style:normal;--awb-title-font-size:13px;--awb-content-font-family:&quot;PT Sans&quot;;--awb-content-font-style:normal;--awb-content-font-weight:400;\"><div class=\"panel-group fusion-toggle-icon-boxed\" id=\"accordion-3355-32\"><div class=\"fusion-panel panel-default panel-f876d02cfdf0eec44 fusion-toggle-has-divider\" style=\"--awb-title-color:#333333;--awb-content-color:#747474;\"><div class=\"panel-heading\"><h4 class=\"panel-title toggle\" id=\"toggle_f876d02cfdf0eec44\"><a aria-expanded=\"false\" aria-controls=\"f876d02cfdf0eec44\" role=\"button\" data-toggle=\"collapse\" data-parent=\"#accordion-3355-32\" data-target=\"#f876d02cfdf0eec44\" href=\"#f876d02cfdf0eec44\"><span class=\"fusion-toggle-icon-wrapper\" aria-hidden=\"true\"><i class=\"fa-fusion-box active-icon awb-icon-minus\" aria-hidden=\"true\"><\/i><i class=\"fa-fusion-box inactive-icon awb-icon-plus\" aria-hidden=\"true\"><\/i><\/span><span class=\"fusion-toggle-heading\">Protection solaire de la toiture<\/span><\/a><\/h4><\/div><div id=\"f876d02cfdf0eec44\" class=\"panel-collapse collapse \" aria-labelledby=\"toggle_f876d02cfdf0eec44\"><div class=\"panel-body toggle-content fusion-clearfix\">\n<table style=\"width: 100%;height: 187px\">\n<tbody>\n<tr style=\"height: 187px\">\n<td style=\"height: 187px\"><span style=\"color: #000000\"><strong><span style=\"text-decoration: underline\">Locaux concern\u00e9s<\/span> :<\/strong><\/span><\/p>\n<ul>\n<li>Locaux clos et climatis\u00e9s ou occup\u00e9s (exemples\u00a0: salle de classe, infirmerie, biblioth\u00e8que, salle de r\u00e9union, espace d\u2019accueil avec personnel permanent, \u2026)<\/li>\n<li>Locaux clos non-occup\u00e9s donnant <u>directement<\/u> sur les locaux ci-dessus, hors locaux techniques, stationnements et espaces de stockage non climatis\u00e9s (exemples : sanitaires, vestiaire, circulation close, \u2026)<\/li>\n<\/ul>\n<\/td>\n<td style=\"height: 187px\"><img decoding=\"async\" class=\"alignright wp-image-3430\" src=\"https:\/\/www.service-public.pf\/sde\/wp-content\/uploads\/sites\/15\/2023\/01\/SDE-REBPF-IlluTotales-Enseignement-ProToiture.png\" alt=\"\" width=\"300\" height=\"225\" srcset=\"https:\/\/www.service-public.pf\/sde\/wp-content\/uploads\/sites\/15\/2023\/01\/SDE-REBPF-IlluTotales-Enseignement-ProToiture-200x150.png 200w, https:\/\/www.service-public.pf\/sde\/wp-content\/uploads\/sites\/15\/2023\/01\/SDE-REBPF-IlluTotales-Enseignement-ProToiture-300x225.png 300w, https:\/\/www.service-public.pf\/sde\/wp-content\/uploads\/sites\/15\/2023\/01\/SDE-REBPF-IlluTotales-Enseignement-ProToiture-400x300.png 400w, https:\/\/www.service-public.pf\/sde\/wp-content\/uploads\/sites\/15\/2023\/01\/SDE-REBPF-IlluTotales-Enseignement-ProToiture-600x450.png 600w, https:\/\/www.service-public.pf\/sde\/wp-content\/uploads\/sites\/15\/2023\/01\/SDE-REBPF-IlluTotales-Enseignement-ProToiture-768x576.png 768w, https:\/\/www.service-public.pf\/sde\/wp-content\/uploads\/sites\/15\/2023\/01\/SDE-REBPF-IlluTotales-Enseignement-ProToiture-800x600.png 800w, https:\/\/www.service-public.pf\/sde\/wp-content\/uploads\/sites\/15\/2023\/01\/SDE-REBPF-IlluTotales-Enseignement-ProToiture-1024x768.png 1024w, https:\/\/www.service-public.pf\/sde\/wp-content\/uploads\/sites\/15\/2023\/01\/SDE-REBPF-IlluTotales-Enseignement-ProToiture-1200x900.png 1200w, https:\/\/www.service-public.pf\/sde\/wp-content\/uploads\/sites\/15\/2023\/01\/SDE-REBPF-IlluTotales-Enseignement-ProToiture.png 1453w\" sizes=\"(max-width: 300px) 100vw, 300px\" \/><\/td>\n<\/tr>\n<\/tbody>\n<\/table>\n<p style=\"color: #000000\"><strong><span style=\"text-decoration: underline\">Seuils \u00e0 respecter : <\/span><\/strong><\/p>\n<table class=\"table table-bordered\" style=\"width: 100%\">\n<tbody>\n<tr>\n<td style=\"width: 24.0317%\"><strong>Mesure<\/strong><\/td>\n<td style=\"width: 4.78677%\"><strong>Seuil<\/strong><\/td>\n<td style=\"width: 58.7865%\"><strong>Exemples de solutions<\/strong><\/td>\n<\/tr>\n<tr>\n<td style=\"width: 24.0317%\">Facteur solaire maximal de la toiture<\/td>\n<td style=\"width: 4.78677%\">2,5%<\/td>\n<td style=\"width: 58.7865%\">\n<ul>\n<li>Toiture (avec combles) en t\u00f4le de teinte claire avec 3 cm de laine min\u00e9rale minimum<\/li>\n<li>Toiture (avec combles) en t\u00f4le de teinte moyenne avec 5 cm de laine min\u00e9rale minimum<\/li>\n<li>Toiture (avec combles) en t\u00f4le de teinte sombre avec 7,5 cm de laine min\u00e9rale minimum<\/li>\n<li>Toiture terrasse en b\u00e9ton de teinte moyenne avec 6 cm de polystyr\u00e8ne expans\u00e9 minimum<\/li>\n<li>Toiture terrasse en b\u00e9ton avec sur-toiture largement ventil\u00e9e<\/li>\n<\/ul>\n<\/td>\n<\/tr>\n<\/tbody>\n<\/table>\n<p><span style=\"color: #000000\"><strong>Pour plus d\u2019informations sur l\u2019application de la th\u00e9matique, consultez la fiche en question\u00a0:<\/strong><\/span><\/p>\n<ul>\n<li><a href=\"https:\/\/www.service-public.pf\/sde\/wp-content\/uploads\/sites\/15\/2023\/09\/Fiche-02-Protection-solaire-des-parois-opaques-horizontales-Toitures.pdf\">Fiche d\u2019application \u00ab\u00a0Protection solaire de la toiture\u00a0\u00bb<\/a><\/li>\n<\/ul>\n<\/div><\/div><\/div><div class=\"fusion-panel panel-default panel-6515f4700dac52839 fusion-toggle-has-divider\" style=\"--awb-title-color:#333333;--awb-content-color:#747474;\"><div class=\"panel-heading\"><h4 class=\"panel-title toggle\" id=\"toggle_6515f4700dac52839\"><a aria-expanded=\"false\" aria-controls=\"6515f4700dac52839\" role=\"button\" data-toggle=\"collapse\" data-parent=\"#accordion-3355-32\" data-target=\"#6515f4700dac52839\" href=\"#6515f4700dac52839\"><span class=\"fusion-toggle-icon-wrapper\" aria-hidden=\"true\"><i class=\"fa-fusion-box active-icon awb-icon-minus\" aria-hidden=\"true\"><\/i><i class=\"fa-fusion-box inactive-icon awb-icon-plus\" aria-hidden=\"true\"><\/i><\/span><span class=\"fusion-toggle-heading\">Protection solaire des fa\u00e7ades (murs et baies)<\/span><\/a><\/h4><\/div><div id=\"6515f4700dac52839\" class=\"panel-collapse collapse \" aria-labelledby=\"toggle_6515f4700dac52839\"><div class=\"panel-body toggle-content fusion-clearfix\">\n<table style=\"width: 100%\">\n<tbody>\n<tr>\n<td><span style=\"color: #000000\"><strong><span style=\"text-decoration: underline\">Locaux concern\u00e9s<\/span> :<\/strong><\/span><\/p>\n<ul>\n<li>Locaux clos et climatis\u00e9s ou occup\u00e9s (exemples\u00a0: salle de classe, infirmerie, biblioth\u00e8que, salle de r\u00e9union, espace d\u2019accueil avec personnel permanent, \u2026)<\/li>\n<li>Locaux clos non-occup\u00e9s donnant <u>directement<\/u> sur les locaux ci-dessus, hors locaux techniques, stationnements et espaces de stockage non climatis\u00e9s (exemples : sanitaires, vestiaire, circulation close, \u2026)<\/li>\n<\/ul>\n<\/td>\n<td><img decoding=\"async\" class=\"alignright wp-image-3430\" src=\"https:\/\/www.service-public.pf\/sde\/wp-content\/uploads\/sites\/15\/2023\/01\/SDE-REBPF-IlluTotales-Enseignement-ProFacade.png\" alt=\"\" width=\"300\" height=\"225\" \/><\/td>\n<\/tr>\n<\/tbody>\n<\/table>\n<p style=\"color: #000000\"><strong><span style=\"text-decoration: underline\">Seuils \u00e0 respecter,\u00a0selon l\u2019orientation des fa\u00e7ades des locaux :<\/span><\/strong><\/p>\n<table>\n<tbody>\n<tr>\n<td width=\"20%\"><strong>Mesure<\/strong><\/td>\n<td width=\"20%\"><strong>Orientation<\/strong><\/td>\n<td width=\"5%\"><strong>Seuil<\/strong><\/td>\n<td width=\"243%\"><strong>Exemples de solutions<\/strong><\/td>\n<\/tr>\n<tr>\n<td rowspan=\"2\" width=\"20%\">Facteur solaire maximal des murs<\/td>\n<td width=\"20%\">Nord, Nord-Est, Nord-Ouest, Est, Ouest<\/td>\n<td width=\"5%\">11 %<\/td>\n<td rowspan=\"2\" width=\"243%\">Mur de teinte claire, double-peau l\u00e9g\u00e8re de teinte moyenne, mur en b\u00e9ton cellulaire, mur en parpaing de teinte moyenne, mur avec bardage ventil\u00e9, d\u00e9bord de toiture (dimensions \u00e0 calculer en fonction des caract\u00e9ristiques du mur), \u2026<\/td>\n<\/tr>\n<tr>\n<td width=\"20%\">Sud, Sud-Est, Sud-Ouest<\/td>\n<td width=\"5%\">12 %<\/td>\n<\/tr>\n<tr>\n<td rowspan=\"4\" width=\"20%\">Facteur solaire maximal des baies<\/td>\n<td width=\"20%\">Nord, Nord-Est, Nord-Ouest, Est, Ouest*<\/td>\n<td width=\"5%\">50 %<\/td>\n<td width=\"243%\">Double vitrage teint\u00e9 ou \u00e0 contr\u00f4le solaire, masque architectural (casquette, brise-soleil, \u2026) \u00e0 dimensionner selon les caract\u00e9ristiques de la baie, lame opaque<\/td>\n<\/tr>\n<tr>\n<td width=\"20%\">Sud-Est, Sud-Ouest*<\/td>\n<td width=\"5%\">60 %<\/td>\n<td rowspan=\"2\" width=\"243%\">Simple vitrage \u00e0 contr\u00f4le solaire, simple ou double vitrage teint\u00e9, double vitrage clair (au sud seulement), masque architectural (casquette, brise-soleil, \u2026) \u00e0 dimensionner selon les caract\u00e9ristiques de la baie, \u2026<\/td>\n<\/tr>\n<tr>\n<td width=\"20%\">Sud*<\/td>\n<td width=\"5%\">70 %<\/td>\n<\/tr>\n<tr>\n<td width=\"20%\">Baie horizontale<\/td>\n<td width=\"5%\">45%<\/td>\n<td width=\"243%\">Protection solaire compl\u00e9mentaire \u00e0 la baie, \u00e0 dimensionner en fonction du type de vitrage<\/td>\n<\/tr>\n<\/tbody>\n<\/table>\n<p><em><i>* Si le local concern\u00e9 est une salle de classe ou si le taux de surface de baie en fa\u00e7ade est sup\u00e9rieur \u00e0 70%, le seuil \u00e0 atteindre est alors rabaiss\u00e9 de 5 % (respectivement 45%, 55% et 65%).<\/i><\/em><\/p>\n<p style=\"color: #000000\"><strong>Pour plus d\u2019informations sur l\u2019application des th\u00e9matiques, consultez les fiches en question :<\/strong><\/p>\n<ul>\n<li><a href=\"https:\/\/www.service-public.pf\/sde\/wp-content\/uploads\/sites\/15\/2023\/09\/Fiche-03-Protection-solaire-des-parois-opaques-verticales-Murs.pdf\">Fiche d\u2019application \u00ab Protection solaire des murs \u00bb<\/a><\/li>\n<li><a href=\"https:\/\/www.service-public.pf\/sde\/wp-content\/uploads\/sites\/15\/2023\/09\/Fiche-04-Protection-solaire-des-baies.pdf\">Fiche d\u2019application \u00ab\u00a0Protection solaire des baies \u00bb<\/a><\/li>\n<li><a href=\"https:\/\/www.service-public.pf\/sde\/wp-content\/uploads\/sites\/15\/2023\/06\/Fiche-05-Prise-en-main-de-loutil-Cm-FS.pdf\">Fiche d\u2019application \u00ab\u00a0Outil de calcul pour la protection solaire des fa\u00e7ades \u00bb<\/a><\/li>\n<\/ul>\n<\/div><\/div><\/div><div class=\"fusion-panel panel-default panel-75c8d9d687e2f7a77 fusion-toggle-has-divider\" style=\"--awb-title-color:#333333;--awb-content-color:#747474;\"><div class=\"panel-heading\"><h4 class=\"panel-title toggle\" id=\"toggle_75c8d9d687e2f7a77\"><a aria-expanded=\"false\" aria-controls=\"75c8d9d687e2f7a77\" role=\"button\" data-toggle=\"collapse\" data-parent=\"#accordion-3355-32\" data-target=\"#75c8d9d687e2f7a77\" href=\"#75c8d9d687e2f7a77\"><span class=\"fusion-toggle-icon-wrapper\" aria-hidden=\"true\"><i class=\"fa-fusion-box active-icon awb-icon-minus\" aria-hidden=\"true\"><\/i><i class=\"fa-fusion-box inactive-icon awb-icon-plus\" aria-hidden=\"true\"><\/i><\/span><span class=\"fusion-toggle-heading\">Ventilation naturelle <\/span><\/a><\/h4><\/div><div id=\"75c8d9d687e2f7a77\" class=\"panel-collapse collapse \" aria-labelledby=\"toggle_75c8d9d687e2f7a77\"><div class=\"panel-body toggle-content fusion-clearfix\">\n<table style=\"width: 100%\">\n<tbody>\n<tr>\n<td style=\"width: 74.9588%\"><span style=\"text-decoration: underline;color: #000000\"><strong>Locaux concern\u00e9s :<\/strong><\/span><\/p>\n<ul>\n<li>Salles de classe<\/li>\n<li>R\u00e9fectoire<\/li>\n<\/ul>\n<\/td>\n<td style=\"width: 120.451%\"><strong><img decoding=\"async\" class=\"alignright wp-image-3439 size-medium\" src=\"https:\/\/www.service-public.pf\/sde\/wp-content\/uploads\/sites\/15\/2023\/01\/SDE-REBPF-IlluTotales-Enseignement-Ventilation.png\" alt=\"\" width=\"300\" height=\"225\" \/><\/strong><\/td>\n<\/tr>\n<\/tbody>\n<\/table>\n<p style=\"text-decoration: underline;color: #000000\"><strong>Seuils, r\u00e8gles de conception et caract\u00e9ristiques techniques \u00e0 respecter :<\/strong><\/p>\n<table class=\"table table-bordered\" style=\"width: 98.0591%\">\n<tbody>\n<tr>\n<td style=\"width: 19.0429%\" width=\"217\"><strong><b>Mesure<\/b><\/strong><\/td>\n<td style=\"width: 11.259%\" width=\"113\"><strong><b>Seuil<\/b><\/strong><\/td>\n<td style=\"width: 34.2814%\" width=\"340\"><strong><b>R\u00e8gle de conception<\/b><\/strong><\/td>\n<td style=\"width: 39.8674%\" width=\"359\"><strong><b>Exemples de solutions<\/b><\/strong><\/td>\n<\/tr>\n<tr>\n<td style=\"width: 19.0429%\" width=\"217\">Ventilation naturelle traversante<\/td>\n<td style=\"width: 45.5404%\" colspan=\"2\" width=\"453\">Le local poss\u00e8de au minimum deux ouvertures situ\u00e9es sur deux fa\u00e7ades diff\u00e9rentes et donnant directement sur l\u2019ext\u00e9rieur<\/td>\n<td style=\"width: 39.8674%\" width=\"359\">\n<p style=\"text-align: center\">-<\/p>\n<\/td>\n<\/tr>\n<tr>\n<td style=\"width: 19.0429%\" width=\"217\">Porosit\u00e9 minimale des locaux<\/td>\n<td style=\"width: 11.259%\" width=\"113\">Salle de classe\u00a0: 15%<\/p>\n<p>R\u00e9fectoire\u00a0: 10 %<\/td>\n<td style=\"width: 34.2814%\" width=\"340\">La porosit\u00e9 correspond \u00e0 la surface totale des ouvertures libres donnant sur l\u2019ext\u00e9rieur divis\u00e9e par la surface de plancher de la pi\u00e8ce<\/td>\n<td style=\"width: 39.8674%\" width=\"359\">Pour une salle de classe\u00a0de 60 m\u00b2 :<\/p>\n<ul>\n<li>Mise en place de 8 fen\u00eatres coulissantes \u00e0 double vantaux de dimensions 1,45 m par 1,6 m<\/li>\n<li>Mise en place de 8 fen\u00eatres \u00e0 jalousies de dimensions 0,85 m par 1,6 m<\/li>\n<\/ul>\n<\/td>\n<\/tr>\n<\/tbody>\n<\/table>\n<p style=\"color: #000000\"><strong>Pour plus d\u2019informations sur l\u2019application de la th\u00e9matique, consultez la fiche en question\u00a0:<\/strong><\/p>\n<ul>\n<li><a href=\"https:\/\/www.service-public.pf\/sde\/wp-content\/uploads\/sites\/15\/2023\/09\/Fiche-06-Ventilation-naturelle.pdf\">Fiche d\u2019application \u00ab\u00a0Ventilation naturelle\u00a0\u00bb<\/a><\/li>\n<\/ul>\n<\/div><\/div><\/div><div class=\"fusion-panel panel-default panel-b103d1ee2d310afd4 fusion-toggle-has-divider\" style=\"--awb-title-color:#333333;--awb-content-color:#747474;\"><div class=\"panel-heading\"><h4 class=\"panel-title toggle\" id=\"toggle_b103d1ee2d310afd4\"><a aria-expanded=\"false\" aria-controls=\"b103d1ee2d310afd4\" role=\"button\" data-toggle=\"collapse\" data-parent=\"#accordion-3355-32\" data-target=\"#b103d1ee2d310afd4\" href=\"#b103d1ee2d310afd4\"><span class=\"fusion-toggle-icon-wrapper\" aria-hidden=\"true\"><i class=\"fa-fusion-box active-icon awb-icon-minus\" aria-hidden=\"true\"><\/i><i class=\"fa-fusion-box inactive-icon awb-icon-plus\" aria-hidden=\"true\"><\/i><\/span><span class=\"fusion-toggle-heading\">Brasseur d\u2019air<\/span><\/a><\/h4><\/div><div id=\"b103d1ee2d310afd4\" class=\"panel-collapse collapse \" aria-labelledby=\"toggle_b103d1ee2d310afd4\"><div class=\"panel-body toggle-content fusion-clearfix\">\n<table style=\"width: 100%\">\n<tbody>\n<tr>\n<td style=\"width: 74.9588%\"><span style=\"text-decoration: underline;color: #000000\"><strong>Locaux concern\u00e9s :<\/strong><\/span><\/p>\n<ul>\n<li>Salles de classe<\/li>\n<li>R\u00e9fectoire<\/li>\n<\/ul>\n<\/td>\n<td style=\"width: 120.451%\"><strong><img decoding=\"async\" class=\"alignright wp-image-3439 size-medium\" src=\"https:\/\/www.service-public.pf\/sde\/wp-content\/uploads\/sites\/15\/2023\/01\/SDE-REBPF-IlluTotales-Enseignement-Brasseurs.png\" alt=\"\" width=\"300\" height=\"225\" \/><\/strong><\/td>\n<\/tr>\n<\/tbody>\n<\/table>\n<p style=\"text-decoration: underline;color: #000000\"><strong>Seuils, r\u00e8gles de conception et caract\u00e9ristiques techniques \u00e0 respecter :<\/strong><\/p>\n<table class=\"table table-bordered\" style=\"width: 98.0591%\">\n<tbody>\n<tr>\n<td style=\"width: 11.0537%\" width=\"217\"><strong><b>Mesure<\/b><\/strong><\/td>\n<td style=\"width: 29.1226%\" width=\"113\"><strong><b>Seuil<\/b><\/strong><\/td>\n<td style=\"width: 39.5776%\" width=\"340\"><strong><b>R\u00e8gle de conception<\/b><\/strong><\/td>\n<td style=\"width: 24.6969%\" width=\"359\"><strong><b>Exemples de solutions<\/b><\/strong><\/td>\n<\/tr>\n<tr>\n<td style=\"width: 11.0537%\" width=\"217\">Brasseurs d\u2019air<\/td>\n<td style=\"width: 29.1226%\" width=\"113\">Salle de classe\u00a0: 1 \/ 15 m\u00b2<\/p>\n<p>R\u00e9fectoire\u00a0: 1 \/ 20 m\u00b2<\/p>\n<p>Possibilit\u00e9 de diviser le nombre de brasseurs d\u2019air par deux si leur diam\u00e8tre est sup\u00e9rieur \u00e0 2 m\u00e8tres.<\/td>\n<td style=\"width: 39.5776%\" width=\"340\">\n<ul>\n<li>La hauteur sous plafond doit \u00eatre de 2,65 m \u00e0 l\u2019endroit d\u2019implantation du brasseur d\u2019air ;<\/li>\n<li>Caract\u00e9ristiques techniques : diam\u00e8tre de 120 cm minimum, efficacit\u00e9 \u00e9nerg\u00e9tique en vitesse maximum de 120 m3 minimum d\u2019air brass\u00e9 par Wh consomm\u00e9, comporte 3 vitesses minimum.<\/li>\n<\/ul>\n<\/td>\n<td style=\"width: 24.6969%\" width=\"359\">Pour une salle de classe\u00a0de 55 m\u00b2 : mise en place de 4 brasseurs d\u2019air<\/p>\n<p>Pour un r\u00e9fectoire de 230 m\u00b2 : mise en place de 12 brasseurs d\u2019air classiques ou de 6 brasseurs d\u2019air dont le diam\u00e8tre des p\u00e2les est sup\u00e9rieur \u00e0 2 m\u00e8tres.<\/td>\n<\/tr>\n<\/tbody>\n<\/table>\n<p><span style=\"color: #000000\"><strong>Pour plus d\u2019informations sur l\u2019application de la th\u00e9matique, consultez la fiche en question\u00a0:<\/strong><\/span><\/p>\n<ul>\n<li><a href=\"https:\/\/www.service-public.pf\/sde\/wp-content\/uploads\/sites\/15\/2023\/06\/Fiche-07-Brasseurs-dair.pdf\">Fiche d\u2019application \u00ab\u00a0Brasseurs d\u2019air\u00a0\u00bb<\/a><\/li>\n<\/ul>\n<\/div><\/div><\/div><div class=\"fusion-panel panel-default panel-cc5822aa9dd422f46 fusion-toggle-has-divider\" style=\"--awb-title-color:#333333;--awb-content-color:#747474;\"><div class=\"panel-heading\"><h4 class=\"panel-title toggle\" id=\"toggle_cc5822aa9dd422f46\"><a aria-expanded=\"false\" aria-controls=\"cc5822aa9dd422f46\" role=\"button\" data-toggle=\"collapse\" data-parent=\"#accordion-3355-32\" data-target=\"#cc5822aa9dd422f46\" href=\"#cc5822aa9dd422f46\"><span class=\"fusion-toggle-icon-wrapper\" aria-hidden=\"true\"><i class=\"fa-fusion-box active-icon awb-icon-minus\" aria-hidden=\"true\"><\/i><i class=\"fa-fusion-box inactive-icon awb-icon-plus\" aria-hidden=\"true\"><\/i><\/span><span class=\"fusion-toggle-heading\">Climatisation performante<\/span><\/a><\/h4><\/div><div id=\"cc5822aa9dd422f46\" class=\"panel-collapse collapse \" aria-labelledby=\"toggle_cc5822aa9dd422f46\"><div class=\"panel-body toggle-content fusion-clearfix\">\n<p><span style=\"color: #000000\"><strong>En dehors des dispositions concernant la perm\u00e9abilit\u00e9 \u00e0 l\u2019air des menuiseries, la th\u00e9matique est applicable si, et seulement si, la climatisation est install\u00e9e !\u00a0<\/strong><\/span><\/p>\n<table style=\"width: 100%\">\n<tbody>\n<tr>\n<td style=\"width: 74.9588%\"><span style=\"text-decoration: underline;color: #000000\"><strong>Locaux concern\u00e9s :<\/strong><\/span><\/p>\n<ul>\n<li>Salles de classe<\/li>\n<li>R\u00e9fectoire<\/li>\n<\/ul>\n<\/td>\n<td style=\"width: 120.451%\"><strong><img decoding=\"async\" class=\"alignright wp-image-3439 size-medium\" src=\"https:\/\/www.service-public.pf\/sde\/wp-content\/uploads\/sites\/15\/2023\/01\/SDE-REBPF-IlluTotales-Enseignement-Climatisation.png\" alt=\"\" width=\"300\" height=\"225\" \/><\/strong><\/td>\n<\/tr>\n<\/tbody>\n<\/table>\n<p style=\"text-decoration: underline;color: #000000\"><strong>Seuils, r\u00e8gles de conception et caract\u00e9ristiques techniques \u00e0 respecter :<\/strong><\/p>\n<table class=\"table table-bordered\" style=\"width: 98.0591%\">\n<tbody>\n<tr>\n<td style=\"width: 14.824%\" width=\"217\"><strong><b>Mesure<\/b><\/strong><\/td>\n<td style=\"width: 8.02754%\" width=\"113\"><strong><b>Seuil<\/b><\/strong><\/td>\n<td style=\"width: 52.2346%\" width=\"340\"><strong><b>R\u00e8gle de conception<\/b><\/strong><\/td>\n<td style=\"width: 29.3648%\" width=\"359\"><strong><b>Exemples de solutions<\/b><\/strong><\/td>\n<\/tr>\n<tr>\n<td style=\"width: 14.824%\" width=\"254\">Perm\u00e9abilit\u00e9 \u00e0 l\u2019air des menuiseries<\/td>\n<td style=\"width: 60.2621%\" colspan=\"2\" width=\"113\">Les baies des salles de classe et du r\u00e9fectoire ont une classe de perm\u00e9abilit\u00e9 minimum de A*2 (ou A2, par \u00e9quivalence)<\/td>\n<td style=\"width: 29.3648%\" width=\"340\">\n<p style=\"text-align: center\">-<\/p>\n<\/td>\n<\/tr>\n<tr>\n<td style=\"width: 14.824%\" width=\"254\">Outil de commande automatis\u00e9<\/td>\n<td style=\"width: 60.2621%\" colspan=\"2\" width=\"113\">Un outil permettant le pilotage des \u00e9quipements pour leur mise en marche (ou arr\u00eat) automatique est requis<\/td>\n<td style=\"width: 29.3648%\" width=\"340\">Outil de gestion technique du b\u00e2timent (GTB), horloge sur le circuit d\u2019alimentation, \u00e9quipement de d\u00e9tection, \u2026<\/td>\n<\/tr>\n<tr>\n<td style=\"width: 14.824%\" rowspan=\"2\" width=\"254\">Efficacit\u00e9 \u00e9nerg\u00e9tique minimale (EER)<\/td>\n<td style=\"width: 8.02754%\" width=\"113\">Installation individuelle<\/td>\n<td style=\"width: 52.2346%\" width=\"425\">EER minimum de\u00a0:<\/p>\n<ul>\n<li>2,8 pour un climatiseur d\u2019une puissance inf\u00e9rieur \u00e0 21 000 BTU\/h<\/li>\n<li>2,5 pour un climatiseur d\u2019une puissance sup\u00e9rieure ou \u00e9gale \u00e0 21 000 BTU\/h<\/li>\n<\/ul>\n<\/td>\n<td style=\"width: 29.3648%;text-align: center\" rowspan=\"2\" width=\"207\">-<\/td>\n<\/tr>\n<tr>\n<td style=\"width: 8.02754%\" width=\"85\">Installation centralis\u00e9e<\/td>\n<td style=\"width: 52.2346%\" width=\"113\">EER minimum de\u00a0:<\/p>\n<ul>\n<li>3,7 pour une installation de type \u00ab DRV \u00bb ou \u00ab VRV \u00bb<\/li>\n<li>3 pour une installation de type \u00ab eau glac\u00e9e \u00bb<\/li>\n<\/ul>\n<\/td>\n<\/tr>\n<\/tbody>\n<\/table>\n<p><span style=\"color: #000000\"><strong>Pour plus d\u2019informations sur l\u2019application de la th\u00e9matique, consultez la fiche en question\u00a0:<\/strong><\/span><\/p>\n<ul>\n<li><a href=\"https:\/\/www.service-public.pf\/sde\/wp-content\/uploads\/sites\/15\/2023\/06\/Fiche-09-Climatisation.pdf\">Fiche d\u2019application \u00ab\u00a0Climatisation\u00a0\u00bb<\/a><\/li>\n<\/ul>\n<\/div><\/div><\/div><\/div><\/div><div class=\"fusion-text fusion-text-129\" style=\"--awb-margin-top:10px;\"><p><span style=\"color: #000000\"><strong>Informations relatives aux demandes de permis de construire et au certificat de conformit\u00e9<\/strong><\/span><\/p>\n<p>Le p\u00e9titionnaire remplit les nouveaux formulaires de demande de permis de construire et de certificat de conformit\u00e9 de la DCA qui int\u00e8grent la d\u00e9claration du respect de la r\u00e9glementation.<\/p>\n<p><strong>Si les surfaces de plancher construites cumul\u00e9es* sont sup\u00e9rieures \u00e0 250 m\u00b2 de plancher, les demandes de permis de construire et de certificat de conformit\u00e9 doivent \u00eatre accompagn\u00e9es de l\u2019avis d\u2019un organisme agr\u00e9\u00e9<\/strong><\/p>\n<ul>\n<li><a href=\"https:\/\/www.service-public.pf\/sde\/organismes-agrees\/\">Parcourir la page d\u00e9di\u00e9e aux organismes agr\u00e9\u00e9s<\/a><\/li>\n<\/ul>\n<p><em><span style=\"font-size: 10pt\">* Les surfaces de plancher \u00e0 consid\u00e9rer sont celles de n\u2019importe quel b\u00e2timent neuf rattach\u00e9 au projet de construction, d\u00e8s lors que la typologie associ\u00e9e est bureaux, enseignement, \u00e9tablissement de soin, h\u00f4tellerie ou logement collectif.<\/span><\/em><\/p>\n<p style=\"color: #000000\"><strong>Informations sur les dispositions applicables \u00e0 la typologie <\/strong>(ne consulter que les rubriques des th\u00e9matiques concernant le projet de construction)<strong>\u00a0:<\/strong><\/p>\n<ul>\n<li><a href=\"https:\/\/www.service-public.pf\/sde\/wp-content\/uploads\/sites\/15\/2023\/04\/REPBF_Depliants_EtablissmentEnseignement_Pages-V2.pdf\">D\u00e9pliant \u00ab\u00a0Enseignement \u00bb<\/a><\/li>\n<\/ul>\n<\/div>\n<\/div><\/div><\/div><\/div><\/div><\/div><\/div><input type=\"hidden\" name=\"fusion_privacy_expiration_interval\" value=\"48\"><input type=\"hidden\" name=\"privacy_expiration_action\" value=\"anonymize\"><\/form><\/div><div class=\"fusion-form fusion-form-builder fusion-form-form-wrapper fusion-form-3646 vct_form_archipel\" style=\"--awb-tooltip-text-color:#ffffff;--awb-tooltip-background-color:#333333;\" data-form-id=\"3646\" id=\"archipel_tuamotu\" data-config=\"{&quot;form_id&quot;:&quot;3646&quot;,&quot;form_post_id&quot;:&quot;3646&quot;,&quot;post_id&quot;:3355,&quot;form_type&quot;:&quot;ajax&quot;,&quot;confirmation_type&quot;:&quot;message&quot;,&quot;redirect_url&quot;:&quot;&quot;,&quot;redirect_timeout&quot;:&quot;0&quot;,&quot;field_labels&quot;:{&quot;typologie_batiment_tuamotu&quot;:&quot;S\\u00e9lectionnez la typologie associ\\u00e9e \\u00e0 votre b\\u00e2timent ou partie de b\\u00e2timent&quot;},&quot;field_logics&quot;:{&quot;typologie_batiment_tuamotu&quot;:&quot;[]&quot;},&quot;field_types&quot;:{&quot;typologie_batiment_tuamotu&quot;:&quot;image_select&quot;},&quot;nonce_method&quot;:&quot;ajax&quot;,&quot;form_views&quot;:&quot;ajax&quot;,&quot;form_views_counting&quot;:&quot;all&quot;}\"><form action=\"https:\/\/www.service-public.pf\/sde\/simulateur\/\" method=\"post\" class=\"fusion-form fusion-form-3646\"><div class=\"fusion-fullwidth fullwidth-box fusion-builder-row-5-7 fusion-flex-container has-pattern-background has-mask-background nonhundred-percent-fullwidth non-hundred-percent-height-scrolling\" style=\"--awb-border-radius-top-left:0px;--awb-border-radius-top-right:0px;--awb-border-radius-bottom-right:0px;--awb-border-radius-bottom-left:0px;--awb-flex-wrap:wrap;\" ><div class=\"fusion-builder-row fusion-row fusion-flex-align-items-flex-start fusion-flex-justify-content-center fusion-flex-content-wrap\" style=\"width:104% !important;max-width:104% !important;margin-left: calc(-4% \/ 2 );margin-right: calc(-4% \/ 2 );\"><div class=\"fusion-layout-column fusion_builder_column fusion-builder-column-44 fusion_builder_column_5_6 5_6 fusion-flex-column\" style=\"--awb-bg-size:cover;--awb-width-large:83.333333333333%;--awb-flex-grow:0;--awb-flex-shrink:0;--awb-margin-top-large:0px;--awb-spacing-right-large:2.304%;--awb-margin-bottom-large:20px;--awb-spacing-left-large:2.304%;--awb-width-medium:100%;--awb-order-medium:0;--awb-flex-grow-medium:0;--awb-flex-shrink-medium:0;--awb-spacing-right-medium:1.92%;--awb-spacing-left-medium:1.92%;--awb-width-small:100%;--awb-order-small:0;--awb-flex-grow-small:0;--awb-flex-shrink-small:0;--awb-spacing-right-small:1.92%;--awb-spacing-left-small:1.92%;\"><div class=\"fusion-column-wrapper fusion-column-has-shadow fusion-flex-justify-content-flex-start fusion-content-layout-column\"><div id=\"vct_typologie_batiment_tuamotu\" class=\"fusion-form-field fusion-form-image-select-field fusion-form-label-above fusion-form-field-fusion-form-image-select-7 option-inline\" data-form-id=\"3646\" style=\"--awb-active-color:#bdd547;--awb-inactive-color:#26a147;--awb-height:150px;--awb-width:100%;--awb-padding-top:10px;--awb-padding-right:20px;--awb-padding-bottom:10px;--awb-padding-left:20px;--awb-border-size-top:2px;--awb-border-size-right:2px;--awb-border-size-bottom:2px;--awb-border-size-left:2px;--awb-hover-color:rgba(189,213,71,0.5);\"><fieldset><legend class=\"fusion-form-label-wrapper\"><span class=\"label\">S\u00e9lectionnez la typologie associ\u00e9e \u00e0 votre b\u00e2timent ou partie de b\u00e2timent<\/span><\/legend><div class=\"fusion-form-image-select\"><input tabindex=\"\" id=\"image-select-logement_individuel37\" type=\"radio\" value=\"logement_individuel\" name=\"typologie_batiment_tuamotu[]\" class=\"fusion-form-input\" data-holds-private-data=\"false\"\/><label for=\"image-select-logement_individuel37\"><span>Logement individuel<\/span><picture class=\"fusion-form-image-wrapper\"><img decoding=\"async\" width=\"1453\" height=\"1090\" src=\"https:\/\/www.service-public.pf\/sde\/wp-content\/uploads\/sites\/15\/2023\/01\/SDE-REBPF-IlluTotales-Logement-Individuel.png\" class=\"attachment-full size-full\" alt=\"\" srcset=\"https:\/\/www.service-public.pf\/sde\/wp-content\/uploads\/sites\/15\/2023\/01\/SDE-REBPF-IlluTotales-Logement-Individuel-200x150.png 200w, https:\/\/www.service-public.pf\/sde\/wp-content\/uploads\/sites\/15\/2023\/01\/SDE-REBPF-IlluTotales-Logement-Individuel-300x225.png 300w, https:\/\/www.service-public.pf\/sde\/wp-content\/uploads\/sites\/15\/2023\/01\/SDE-REBPF-IlluTotales-Logement-Individuel-400x300.png 400w, https:\/\/www.service-public.pf\/sde\/wp-content\/uploads\/sites\/15\/2023\/01\/SDE-REBPF-IlluTotales-Logement-Individuel-600x450.png 600w, https:\/\/www.service-public.pf\/sde\/wp-content\/uploads\/sites\/15\/2023\/01\/SDE-REBPF-IlluTotales-Logement-Individuel-768x576.png 768w, https:\/\/www.service-public.pf\/sde\/wp-content\/uploads\/sites\/15\/2023\/01\/SDE-REBPF-IlluTotales-Logement-Individuel-800x600.png 800w, https:\/\/www.service-public.pf\/sde\/wp-content\/uploads\/sites\/15\/2023\/01\/SDE-REBPF-IlluTotales-Logement-Individuel-1024x768.png 1024w, https:\/\/www.service-public.pf\/sde\/wp-content\/uploads\/sites\/15\/2023\/01\/SDE-REBPF-IlluTotales-Logement-Individuel-1200x900.png 1200w, https:\/\/www.service-public.pf\/sde\/wp-content\/uploads\/sites\/15\/2023\/01\/SDE-REBPF-IlluTotales-Logement-Individuel.png 1453w\" sizes=\"(max-width: 1453px) 100vw, 1453px\" \/><\/picture><\/label><\/div><div class=\"fusion-form-image-select\"><input tabindex=\"\" id=\"image-select-logement_collectif38\" type=\"radio\" value=\"logement_collectif\" name=\"typologie_batiment_tuamotu[]\" class=\"fusion-form-input\" data-holds-private-data=\"false\"\/><label for=\"image-select-logement_collectif38\"><span>Logement collectif<\/span><picture class=\"fusion-form-image-wrapper\"><img decoding=\"async\" width=\"1453\" height=\"1090\" src=\"https:\/\/www.service-public.pf\/sde\/wp-content\/uploads\/sites\/15\/2023\/01\/SDE-REBPF-IlluTotales-Logement-Collectif.png\" class=\"attachment-full size-full\" alt=\"\" srcset=\"https:\/\/www.service-public.pf\/sde\/wp-content\/uploads\/sites\/15\/2023\/01\/SDE-REBPF-IlluTotales-Logement-Collectif-200x150.png 200w, https:\/\/www.service-public.pf\/sde\/wp-content\/uploads\/sites\/15\/2023\/01\/SDE-REBPF-IlluTotales-Logement-Collectif-300x225.png 300w, https:\/\/www.service-public.pf\/sde\/wp-content\/uploads\/sites\/15\/2023\/01\/SDE-REBPF-IlluTotales-Logement-Collectif-400x300.png 400w, https:\/\/www.service-public.pf\/sde\/wp-content\/uploads\/sites\/15\/2023\/01\/SDE-REBPF-IlluTotales-Logement-Collectif-600x450.png 600w, https:\/\/www.service-public.pf\/sde\/wp-content\/uploads\/sites\/15\/2023\/01\/SDE-REBPF-IlluTotales-Logement-Collectif-768x576.png 768w, https:\/\/www.service-public.pf\/sde\/wp-content\/uploads\/sites\/15\/2023\/01\/SDE-REBPF-IlluTotales-Logement-Collectif-800x600.png 800w, https:\/\/www.service-public.pf\/sde\/wp-content\/uploads\/sites\/15\/2023\/01\/SDE-REBPF-IlluTotales-Logement-Collectif-1024x768.png 1024w, https:\/\/www.service-public.pf\/sde\/wp-content\/uploads\/sites\/15\/2023\/01\/SDE-REBPF-IlluTotales-Logement-Collectif-1200x900.png 1200w, https:\/\/www.service-public.pf\/sde\/wp-content\/uploads\/sites\/15\/2023\/01\/SDE-REBPF-IlluTotales-Logement-Collectif.png 1453w\" sizes=\"(max-width: 1453px) 100vw, 1453px\" \/><\/picture><\/label><\/div><div class=\"fusion-form-image-select\"><input tabindex=\"\" id=\"image-select-batiment_de_bureaux39\" type=\"radio\" value=\"batiment_de_bureaux\" name=\"typologie_batiment_tuamotu[]\" class=\"fusion-form-input\" data-holds-private-data=\"false\"\/><label for=\"image-select-batiment_de_bureaux39\"><span>B\u00e2timent de bureaux<\/span><picture class=\"fusion-form-image-wrapper\"><img decoding=\"async\" width=\"1453\" height=\"1090\" src=\"https:\/\/www.service-public.pf\/sde\/wp-content\/uploads\/sites\/15\/2023\/01\/SDE-REBPF-IlluTotales-Bureau.png\" class=\"attachment-full size-full\" alt=\"\" srcset=\"https:\/\/www.service-public.pf\/sde\/wp-content\/uploads\/sites\/15\/2023\/01\/SDE-REBPF-IlluTotales-Bureau-200x150.png 200w, https:\/\/www.service-public.pf\/sde\/wp-content\/uploads\/sites\/15\/2023\/01\/SDE-REBPF-IlluTotales-Bureau-300x225.png 300w, https:\/\/www.service-public.pf\/sde\/wp-content\/uploads\/sites\/15\/2023\/01\/SDE-REBPF-IlluTotales-Bureau-400x300.png 400w, https:\/\/www.service-public.pf\/sde\/wp-content\/uploads\/sites\/15\/2023\/01\/SDE-REBPF-IlluTotales-Bureau-600x450.png 600w, https:\/\/www.service-public.pf\/sde\/wp-content\/uploads\/sites\/15\/2023\/01\/SDE-REBPF-IlluTotales-Bureau-768x576.png 768w, https:\/\/www.service-public.pf\/sde\/wp-content\/uploads\/sites\/15\/2023\/01\/SDE-REBPF-IlluTotales-Bureau-800x600.png 800w, https:\/\/www.service-public.pf\/sde\/wp-content\/uploads\/sites\/15\/2023\/01\/SDE-REBPF-IlluTotales-Bureau-1024x768.png 1024w, https:\/\/www.service-public.pf\/sde\/wp-content\/uploads\/sites\/15\/2023\/01\/SDE-REBPF-IlluTotales-Bureau-1200x900.png 1200w, https:\/\/www.service-public.pf\/sde\/wp-content\/uploads\/sites\/15\/2023\/01\/SDE-REBPF-IlluTotales-Bureau.png 1453w\" sizes=\"(max-width: 1453px) 100vw, 1453px\" \/><\/picture><\/label><\/div><div class=\"fusion-form-image-select\"><input tabindex=\"\" id=\"image-select-hotellerie40\" type=\"radio\" value=\"hotellerie\" name=\"typologie_batiment_tuamotu[]\" class=\"fusion-form-input\" data-holds-private-data=\"false\"\/><label for=\"image-select-hotellerie40\"><span>H\u00f4tellerie<\/span><picture class=\"fusion-form-image-wrapper\"><img decoding=\"async\" width=\"1453\" height=\"1090\" src=\"https:\/\/www.service-public.pf\/sde\/wp-content\/uploads\/sites\/15\/2023\/01\/SDE-REBPF-IlluTotales-Hotel-Pension.png\" class=\"attachment-full size-full\" alt=\"\" srcset=\"https:\/\/www.service-public.pf\/sde\/wp-content\/uploads\/sites\/15\/2023\/01\/SDE-REBPF-IlluTotales-Hotel-Pension-200x150.png 200w, https:\/\/www.service-public.pf\/sde\/wp-content\/uploads\/sites\/15\/2023\/01\/SDE-REBPF-IlluTotales-Hotel-Pension-300x225.png 300w, https:\/\/www.service-public.pf\/sde\/wp-content\/uploads\/sites\/15\/2023\/01\/SDE-REBPF-IlluTotales-Hotel-Pension-400x300.png 400w, https:\/\/www.service-public.pf\/sde\/wp-content\/uploads\/sites\/15\/2023\/01\/SDE-REBPF-IlluTotales-Hotel-Pension-600x450.png 600w, https:\/\/www.service-public.pf\/sde\/wp-content\/uploads\/sites\/15\/2023\/01\/SDE-REBPF-IlluTotales-Hotel-Pension-768x576.png 768w, https:\/\/www.service-public.pf\/sde\/wp-content\/uploads\/sites\/15\/2023\/01\/SDE-REBPF-IlluTotales-Hotel-Pension-800x600.png 800w, https:\/\/www.service-public.pf\/sde\/wp-content\/uploads\/sites\/15\/2023\/01\/SDE-REBPF-IlluTotales-Hotel-Pension-1024x768.png 1024w, https:\/\/www.service-public.pf\/sde\/wp-content\/uploads\/sites\/15\/2023\/01\/SDE-REBPF-IlluTotales-Hotel-Pension-1200x900.png 1200w, https:\/\/www.service-public.pf\/sde\/wp-content\/uploads\/sites\/15\/2023\/01\/SDE-REBPF-IlluTotales-Hotel-Pension.png 1453w\" sizes=\"(max-width: 1453px) 100vw, 1453px\" \/><\/picture><\/label><\/div><div class=\"fusion-form-image-select\"><input tabindex=\"\" id=\"image-select-etablissement_d_enseignement41\" type=\"radio\" value=\"etablissement_d_enseignement\" name=\"typologie_batiment_tuamotu[]\" class=\"fusion-form-input\" data-holds-private-data=\"false\"\/><label for=\"image-select-etablissement_d_enseignement41\"><span>\u00c9tablissement d&#039;enseignement<\/span><picture class=\"fusion-form-image-wrapper\"><img decoding=\"async\" width=\"1453\" height=\"1090\" src=\"https:\/\/www.service-public.pf\/sde\/wp-content\/uploads\/sites\/15\/2023\/01\/SDE-REBPF-IlluTotales-Enseignement.png\" class=\"attachment-full size-full\" alt=\"\" srcset=\"https:\/\/www.service-public.pf\/sde\/wp-content\/uploads\/sites\/15\/2023\/01\/SDE-REBPF-IlluTotales-Enseignement-200x150.png 200w, https:\/\/www.service-public.pf\/sde\/wp-content\/uploads\/sites\/15\/2023\/01\/SDE-REBPF-IlluTotales-Enseignement-300x225.png 300w, https:\/\/www.service-public.pf\/sde\/wp-content\/uploads\/sites\/15\/2023\/01\/SDE-REBPF-IlluTotales-Enseignement-400x300.png 400w, https:\/\/www.service-public.pf\/sde\/wp-content\/uploads\/sites\/15\/2023\/01\/SDE-REBPF-IlluTotales-Enseignement-600x450.png 600w, https:\/\/www.service-public.pf\/sde\/wp-content\/uploads\/sites\/15\/2023\/01\/SDE-REBPF-IlluTotales-Enseignement-768x576.png 768w, https:\/\/www.service-public.pf\/sde\/wp-content\/uploads\/sites\/15\/2023\/01\/SDE-REBPF-IlluTotales-Enseignement-800x600.png 800w, https:\/\/www.service-public.pf\/sde\/wp-content\/uploads\/sites\/15\/2023\/01\/SDE-REBPF-IlluTotales-Enseignement-1024x768.png 1024w, https:\/\/www.service-public.pf\/sde\/wp-content\/uploads\/sites\/15\/2023\/01\/SDE-REBPF-IlluTotales-Enseignement-1200x900.png 1200w, https:\/\/www.service-public.pf\/sde\/wp-content\/uploads\/sites\/15\/2023\/01\/SDE-REBPF-IlluTotales-Enseignement.png 1453w\" sizes=\"(max-width: 1453px) 100vw, 1453px\" \/><\/picture><\/label><\/div><div class=\"fusion-form-image-select\"><input tabindex=\"\" id=\"image-select-etablissement_de_soin42\" type=\"radio\" value=\"etablissement_de_soin\" name=\"typologie_batiment_tuamotu[]\" class=\"fusion-form-input\" data-holds-private-data=\"false\"\/><label for=\"image-select-etablissement_de_soin42\"><span>\u00c9tablissement de soin<\/span><picture class=\"fusion-form-image-wrapper\"><img decoding=\"async\" width=\"1453\" height=\"1090\" src=\"https:\/\/www.service-public.pf\/sde\/wp-content\/uploads\/sites\/15\/2023\/01\/SDE-REBPF-IlluTotales-Etablissement-Soin.png\" class=\"attachment-full size-full\" alt=\"\" srcset=\"https:\/\/www.service-public.pf\/sde\/wp-content\/uploads\/sites\/15\/2023\/01\/SDE-REBPF-IlluTotales-Etablissement-Soin-200x150.png 200w, https:\/\/www.service-public.pf\/sde\/wp-content\/uploads\/sites\/15\/2023\/01\/SDE-REBPF-IlluTotales-Etablissement-Soin-300x225.png 300w, https:\/\/www.service-public.pf\/sde\/wp-content\/uploads\/sites\/15\/2023\/01\/SDE-REBPF-IlluTotales-Etablissement-Soin-400x300.png 400w, https:\/\/www.service-public.pf\/sde\/wp-content\/uploads\/sites\/15\/2023\/01\/SDE-REBPF-IlluTotales-Etablissement-Soin-600x450.png 600w, https:\/\/www.service-public.pf\/sde\/wp-content\/uploads\/sites\/15\/2023\/01\/SDE-REBPF-IlluTotales-Etablissement-Soin-768x576.png 768w, https:\/\/www.service-public.pf\/sde\/wp-content\/uploads\/sites\/15\/2023\/01\/SDE-REBPF-IlluTotales-Etablissement-Soin-800x600.png 800w, https:\/\/www.service-public.pf\/sde\/wp-content\/uploads\/sites\/15\/2023\/01\/SDE-REBPF-IlluTotales-Etablissement-Soin-1024x768.png 1024w, https:\/\/www.service-public.pf\/sde\/wp-content\/uploads\/sites\/15\/2023\/01\/SDE-REBPF-IlluTotales-Etablissement-Soin-1200x900.png 1200w, https:\/\/www.service-public.pf\/sde\/wp-content\/uploads\/sites\/15\/2023\/01\/SDE-REBPF-IlluTotales-Etablissement-Soin.png 1453w\" sizes=\"(max-width: 1453px) 100vw, 1453px\" \/><\/picture><\/label><\/div><div class=\"fusion-form-image-select\"><input tabindex=\"\" id=\"image-select-restauration43\" type=\"radio\" value=\"restauration\" name=\"typologie_batiment_tuamotu[]\" class=\"fusion-form-input\" data-holds-private-data=\"false\"\/><label for=\"image-select-restauration43\"><span>Restauration<\/span><picture class=\"fusion-form-image-wrapper\"><img decoding=\"async\" width=\"1453\" height=\"1090\" src=\"https:\/\/www.service-public.pf\/sde\/wp-content\/uploads\/sites\/15\/2023\/01\/SDE-REBPF-IlluTotales-Restaurant.png\" class=\"attachment-full size-full\" alt=\"\" srcset=\"https:\/\/www.service-public.pf\/sde\/wp-content\/uploads\/sites\/15\/2023\/01\/SDE-REBPF-IlluTotales-Restaurant-200x150.png 200w, https:\/\/www.service-public.pf\/sde\/wp-content\/uploads\/sites\/15\/2023\/01\/SDE-REBPF-IlluTotales-Restaurant-300x225.png 300w, https:\/\/www.service-public.pf\/sde\/wp-content\/uploads\/sites\/15\/2023\/01\/SDE-REBPF-IlluTotales-Restaurant-400x300.png 400w, https:\/\/www.service-public.pf\/sde\/wp-content\/uploads\/sites\/15\/2023\/01\/SDE-REBPF-IlluTotales-Restaurant-600x450.png 600w, https:\/\/www.service-public.pf\/sde\/wp-content\/uploads\/sites\/15\/2023\/01\/SDE-REBPF-IlluTotales-Restaurant-768x576.png 768w, https:\/\/www.service-public.pf\/sde\/wp-content\/uploads\/sites\/15\/2023\/01\/SDE-REBPF-IlluTotales-Restaurant-800x600.png 800w, https:\/\/www.service-public.pf\/sde\/wp-content\/uploads\/sites\/15\/2023\/01\/SDE-REBPF-IlluTotales-Restaurant-1024x768.png 1024w, https:\/\/www.service-public.pf\/sde\/wp-content\/uploads\/sites\/15\/2023\/01\/SDE-REBPF-IlluTotales-Restaurant-1200x900.png 1200w, https:\/\/www.service-public.pf\/sde\/wp-content\/uploads\/sites\/15\/2023\/01\/SDE-REBPF-IlluTotales-Restaurant.png 1453w\" sizes=\"(max-width: 1453px) 100vw, 1453px\" \/><\/picture><\/label><\/div><div class=\"fusion-form-image-select\"><input tabindex=\"\" id=\"image-select-autre_batiment44\" type=\"radio\" value=\"autre_batiment\" name=\"typologie_batiment_tuamotu[]\" class=\"fusion-form-input\" data-holds-private-data=\"false\"\/><label for=\"image-select-autre_batiment44\"><span>Autre b\u00e2timent<\/span><picture class=\"fusion-form-image-wrapper\"><img decoding=\"async\" width=\"1453\" height=\"1090\" src=\"https:\/\/www.service-public.pf\/sde\/wp-content\/uploads\/sites\/15\/2023\/01\/SDE-REBPF-IlluTotales-Divers.png\" class=\"attachment-full size-full\" alt=\"\" srcset=\"https:\/\/www.service-public.pf\/sde\/wp-content\/uploads\/sites\/15\/2023\/01\/SDE-REBPF-IlluTotales-Divers-200x150.png 200w, https:\/\/www.service-public.pf\/sde\/wp-content\/uploads\/sites\/15\/2023\/01\/SDE-REBPF-IlluTotales-Divers-300x225.png 300w, https:\/\/www.service-public.pf\/sde\/wp-content\/uploads\/sites\/15\/2023\/01\/SDE-REBPF-IlluTotales-Divers-400x300.png 400w, https:\/\/www.service-public.pf\/sde\/wp-content\/uploads\/sites\/15\/2023\/01\/SDE-REBPF-IlluTotales-Divers-600x450.png 600w, https:\/\/www.service-public.pf\/sde\/wp-content\/uploads\/sites\/15\/2023\/01\/SDE-REBPF-IlluTotales-Divers-768x576.png 768w, https:\/\/www.service-public.pf\/sde\/wp-content\/uploads\/sites\/15\/2023\/01\/SDE-REBPF-IlluTotales-Divers-800x600.png 800w, https:\/\/www.service-public.pf\/sde\/wp-content\/uploads\/sites\/15\/2023\/01\/SDE-REBPF-IlluTotales-Divers-1024x768.png 1024w, https:\/\/www.service-public.pf\/sde\/wp-content\/uploads\/sites\/15\/2023\/01\/SDE-REBPF-IlluTotales-Divers-1200x900.png 1200w, https:\/\/www.service-public.pf\/sde\/wp-content\/uploads\/sites\/15\/2023\/01\/SDE-REBPF-IlluTotales-Divers.png 1453w\" sizes=\"(max-width: 1453px) 100vw, 1453px\" \/><\/picture><\/label><\/div><\/fieldset><\/div><\/div><\/div><div class=\"fusion-layout-column fusion_builder_column fusion-builder-column-45 fusion_builder_column_4_5 4_5 fusion-flex-column vct_tuamotu_content\" style=\"--awb-bg-size:cover;--awb-width-large:80%;--awb-flex-grow:0;--awb-flex-shrink:0;--awb-margin-top-large:0px;--awb-spacing-right-large:2.4%;--awb-margin-bottom-large:20px;--awb-spacing-left-large:2.4%;--awb-width-medium:100%;--awb-order-medium:0;--awb-flex-grow-medium:0;--awb-flex-shrink-medium:0;--awb-spacing-right-medium:1.92%;--awb-spacing-left-medium:1.92%;--awb-width-small:100%;--awb-order-small:0;--awb-flex-grow-small:0;--awb-flex-shrink-small:0;--awb-spacing-right-small:1.92%;--awb-spacing-left-small:1.92%;\" id=\"vct_tuamotu_autrebatiment_content\"><div class=\"fusion-column-wrapper fusion-column-has-shadow fusion-flex-justify-content-flex-start fusion-content-layout-column\"><div class=\"fusion-title title fusion-title-36 fusion-sep-none fusion-title-center fusion-title-text fusion-title-size-two hidden\" style=\"--awb-margin-top-small:0px;--awb-margin-right-small:0px;--awb-margin-bottom-small:20px;--awb-margin-left-small:0px;\"><h2 class=\"fusion-title-heading title-heading-center\" style=\"margin:0;\">Protection solaire de la toiture + D\u00e9pliant Autre + Formulaire 1-AGMT<\/h2><\/div><div class=\"fusion-text fusion-text-130 vct_description_typologie\"><p>Il s\u2019agit de tout b\u00e2timent ou toute partie de b\u00e2timent, qui est concern\u00e9 par la r\u00e9glementation mais<br \/>\nqui n\u2019est pas associ\u00e9 \u00e0 une typologie particuli\u00e8re.<\/p>\n<p>Pour rappel, les b\u00e2timents ou parties de b\u00e2timents non concern\u00e9s par la r\u00e9glementation sont :<\/p>\n<ul>\n<li>Les constructions neuves totalement ouvertes ;<\/li>\n<li>Les constructions neuves et partiellement ou totalement close mais inoccup\u00e9es et non<br \/>\nclimatis\u00e9es ;<\/li>\n<li>Les habitations de style traditionnel polyn\u00e9sien telles que d\u00e9finies \u00e0 l\u2019article D.370-1 et<br \/>\nsuivants du code de l\u2019am\u00e9nagement de Polyn\u00e9sie fran\u00e7aise ;<\/li>\n<li>Les \u00e9tablissements recevant du public (ERP) suivants\u00a0: b\u00e2timents de culte\u00a0; \u00e9tablissements de<br \/>\nplein air\u00a0; chapiteaux, tentes, structures\u00a0; structures gonflables\u00a0; stationnements couverts\u00a0;<br \/>\ngares\u00a0; \u00e9tablissements flottants.<\/li>\n<\/ul>\n<\/div><div class=\"fusion-builder-row fusion-builder-row-inner fusion-row fusion-flex-align-items-flex-start fusion-flex-justify-content-center fusion-flex-content-wrap\" style=\"--awb-flex-grow:0;--awb-flex-grow-medium:0;--awb-flex-grow-small:0;--awb-flex-shrink:0;--awb-flex-shrink-medium:0;--awb-flex-shrink-small:0;width:104% !important;max-width:104% !important;margin-left: calc(-4% \/ 2 );margin-right: calc(-4% \/ 2 );\"><div class=\"fusion-layout-column fusion_builder_column_inner fusion-builder-nested-column-168 fusion_builder_column_inner_1_1 1_1 fusion-flex-column\" style=\"--awb-bg-size:cover;--awb-width-large:100%;--awb-margin-top-large:0px;--awb-spacing-right-large:1.92%;--awb-margin-bottom-large:20px;--awb-spacing-left-large:1.92%;--awb-width-medium:100%;--awb-order-medium:0;--awb-spacing-right-medium:1.92%;--awb-spacing-left-medium:1.92%;--awb-width-small:100%;--awb-order-small:0;--awb-spacing-right-small:1.92%;--awb-spacing-left-small:1.92%;\"><div class=\"fusion-column-wrapper fusion-column-has-shadow fusion-flex-justify-content-flex-start fusion-content-layout-column\"><div class=\"fusion-separator fusion-full-width-sep\" style=\"align-self: center;margin-left: auto;margin-right: auto;width:100%;\"><div class=\"fusion-separator-border sep-shadow\" style=\"--awb-height:20px;--awb-amount:20px;background:radial-gradient(ellipse at 50% -50% , #e0dede 0px, rgba(255, 255, 255, 0) 80%) repeat scroll 0 0 rgba(0, 0, 0, 0);background:-webkit-radial-gradient(ellipse at 50% -50% , #e0dede 0px, rgba(255, 255, 255, 0) 80%) repeat scroll 0 0 rgba(0, 0, 0, 0);background:-moz-radial-gradient(ellipse at 50% -50% , #e0dede 0px, rgba(255, 255, 255, 0) 80%) repeat scroll 0 0 rgba(0, 0, 0, 0);background:-o-radial-gradient(ellipse at 50% -50% , #e0dede 0px, rgba(255, 255, 255, 0) 80%) repeat scroll 0 0 rgba(0, 0, 0, 0);\"><\/div><\/div><\/div><\/div><div class=\"fusion-layout-column fusion_builder_column_inner fusion-builder-nested-column-169 fusion_builder_column_inner_1_3 1_3 fusion-flex-column\" style=\"--awb-bg-size:cover;--awb-width-large:33.333333333333%;--awb-margin-top-large:0px;--awb-spacing-right-large:2vw;--awb-margin-bottom-large:20px;--awb-spacing-left-large:5.76%;--awb-width-medium:100%;--awb-order-medium:0;--awb-spacing-right-medium:1.92%;--awb-spacing-left-medium:1.92%;--awb-width-small:100%;--awb-order-small:0;--awb-spacing-right-small:1.92%;--awb-spacing-left-small:1.92%;\"><div class=\"fusion-column-wrapper fusion-column-has-shadow fusion-flex-justify-content-flex-start fusion-content-layout-column\"><div class=\"fusion-image-element \" style=\"text-align:right;--awb-max-width:450px;--awb-caption-title-font-family:var(--h2_typography-font-family);--awb-caption-title-font-weight:var(--h2_typography-font-weight);--awb-caption-title-font-style:var(--h2_typography-font-style);--awb-caption-title-size:var(--h2_typography-font-size);--awb-caption-title-transform:var(--h2_typography-text-transform);--awb-caption-title-line-height:var(--h2_typography-line-height);--awb-caption-title-letter-spacing:var(--h2_typography-letter-spacing);\"><span class=\" fusion-imageframe imageframe-none imageframe-33 hover-type-none\"><img decoding=\"async\" width=\"300\" height=\"225\" title=\"SDE REBPF IlluTotales Divers\" src=\"https:\/\/www.service-public.pf\/sde\/wp-content\/uploads\/sites\/15\/2023\/01\/SDE-REBPF-IlluTotales-Divers-300x225.png\" alt class=\"img-responsive wp-image-3435\" srcset=\"https:\/\/www.service-public.pf\/sde\/wp-content\/uploads\/sites\/15\/2023\/01\/SDE-REBPF-IlluTotales-Divers-200x150.png 200w, https:\/\/www.service-public.pf\/sde\/wp-content\/uploads\/sites\/15\/2023\/01\/SDE-REBPF-IlluTotales-Divers-400x300.png 400w, https:\/\/www.service-public.pf\/sde\/wp-content\/uploads\/sites\/15\/2023\/01\/SDE-REBPF-IlluTotales-Divers-600x450.png 600w, https:\/\/www.service-public.pf\/sde\/wp-content\/uploads\/sites\/15\/2023\/01\/SDE-REBPF-IlluTotales-Divers-800x600.png 800w, https:\/\/www.service-public.pf\/sde\/wp-content\/uploads\/sites\/15\/2023\/01\/SDE-REBPF-IlluTotales-Divers-1200x900.png 1200w, https:\/\/www.service-public.pf\/sde\/wp-content\/uploads\/sites\/15\/2023\/01\/SDE-REBPF-IlluTotales-Divers.png 1453w\" sizes=\"(max-width: 1024px) 100vw, (max-width: 640px) 100vw, 800px\" \/><\/span><\/div><\/div><\/div><div class=\"fusion-layout-column fusion_builder_column_inner fusion-builder-nested-column-170 fusion_builder_column_inner_2_3 2_3 fusion-flex-column\" style=\"--awb-bg-size:cover;--awb-width-large:66.666666666667%;--awb-margin-top-large:0px;--awb-spacing-right-large:2.88%;--awb-margin-bottom-large:20px;--awb-spacing-left-large:2.88%;--awb-width-medium:100%;--awb-order-medium:0;--awb-spacing-right-medium:1.92%;--awb-spacing-left-medium:1.92%;--awb-width-small:100%;--awb-order-small:0;--awb-spacing-right-small:1.92%;--awb-spacing-left-small:1.92%;\"><div class=\"fusion-column-wrapper fusion-column-has-shadow fusion-flex-justify-content-center fusion-content-layout-column\"><div class=\"fusion-text fusion-text-131\" style=\"--awb-content-alignment:center;--awb-font-size:24pt;\"><p>Localisation\u00a0du projet : <strong>Tuamotu<\/strong><\/p>\n<p>Typologie de la construction\u00a0: <strong>Pas de typologie particuli\u00e8re au sens de la REBPf<\/strong><\/p>\n<\/div><\/div><\/div><div class=\"fusion-layout-column fusion_builder_column_inner fusion-builder-nested-column-171 fusion_builder_column_inner_1_1 1_1 fusion-flex-column\" style=\"--awb-bg-size:cover;--awb-width-large:100%;--awb-margin-top-large:0px;--awb-spacing-right-large:1.92%;--awb-margin-bottom-large:20px;--awb-spacing-left-large:1.92%;--awb-width-medium:100%;--awb-order-medium:0;--awb-spacing-right-medium:1.92%;--awb-spacing-left-medium:1.92%;--awb-width-small:100%;--awb-order-small:0;--awb-spacing-right-small:1.92%;--awb-spacing-left-small:1.92%;\"><div class=\"fusion-column-wrapper fusion-column-has-shadow fusion-flex-justify-content-flex-start fusion-content-layout-column\"><div class=\"fusion-separator fusion-full-width-sep\" style=\"align-self: center;margin-left: auto;margin-right: auto;margin-bottom:20px;width:100%;\"><div class=\"fusion-separator-border sep-shadow\" style=\"--awb-height:20px;--awb-amount:20px;background:radial-gradient(ellipse at 50% -50% , #e0dede 0px, rgba(255, 255, 255, 0) 80%) repeat scroll 0 0 rgba(0, 0, 0, 0);background:-webkit-radial-gradient(ellipse at 50% -50% , #e0dede 0px, rgba(255, 255, 255, 0) 80%) repeat scroll 0 0 rgba(0, 0, 0, 0);background:-moz-radial-gradient(ellipse at 50% -50% , #e0dede 0px, rgba(255, 255, 255, 0) 80%) repeat scroll 0 0 rgba(0, 0, 0, 0);background:-o-radial-gradient(ellipse at 50% -50% , #e0dede 0px, rgba(255, 255, 255, 0) 80%) repeat scroll 0 0 rgba(0, 0, 0, 0);\"><\/div><\/div><\/div><\/div><div class=\"fusion-layout-column fusion_builder_column_inner fusion-builder-nested-column-172 fusion_builder_column_inner_1_1 1_1 fusion-flex-column\" style=\"--awb-bg-color:#ffffff;--awb-bg-color-hover:#ffffff;--awb-bg-size:cover;--awb-width-large:100%;--awb-margin-top-large:0px;--awb-spacing-right-large:1.92%;--awb-margin-bottom-large:20px;--awb-spacing-left-large:1.92%;--awb-width-medium:100%;--awb-order-medium:0;--awb-spacing-right-medium:1.92%;--awb-spacing-left-medium:1.92%;--awb-width-small:100%;--awb-order-small:0;--awb-spacing-right-small:1.92%;--awb-spacing-left-small:1.92%;\"><div class=\"fusion-column-wrapper fusion-column-has-shadow fusion-flex-justify-content-flex-start fusion-content-layout-column\"><div class=\"fusion-text fusion-text-132\" style=\"--awb-text-color:#000000;\"><p><strong>Th\u00e9matiques applicables :<\/strong><\/p>\n<\/div><div class=\"accordian fusion-accordian\" style=\"--awb-border-size:1px;--awb-icon-size:13px;--awb-content-font-size:13px;--awb-icon-alignment:left;--awb-hover-color:#f9f9f9;--awb-border-color:#cccccc;--awb-background-color:#ffffff;--awb-divider-color:#e0dede;--awb-divider-hover-color:#e0dede;--awb-icon-color:#ffffff;--awb-title-color:#333333;--awb-content-color:#747474;--awb-icon-box-color:#333333;--awb-toggle-hover-accent-color:#26a147;--awb-title-font-family:&quot;PT Sans&quot;;--awb-title-font-weight:400;--awb-title-font-style:normal;--awb-title-font-size:13px;--awb-content-font-family:&quot;PT Sans&quot;;--awb-content-font-style:normal;--awb-content-font-weight:400;\"><div class=\"panel-group fusion-toggle-icon-boxed\" id=\"accordion-3355-33\"><div class=\"fusion-panel panel-default panel-e899a2e9062cd7011 fusion-toggle-has-divider\" style=\"--awb-title-color:#333333;--awb-content-color:#747474;\"><div class=\"panel-heading\"><h4 class=\"panel-title toggle\" id=\"toggle_e899a2e9062cd7011\"><a aria-expanded=\"false\" aria-controls=\"e899a2e9062cd7011\" role=\"button\" data-toggle=\"collapse\" data-parent=\"#accordion-3355-33\" data-target=\"#e899a2e9062cd7011\" href=\"#e899a2e9062cd7011\"><span class=\"fusion-toggle-icon-wrapper\" aria-hidden=\"true\"><i class=\"fa-fusion-box active-icon awb-icon-minus\" aria-hidden=\"true\"><\/i><i class=\"fa-fusion-box inactive-icon awb-icon-plus\" aria-hidden=\"true\"><\/i><\/span><span class=\"fusion-toggle-heading\">Protection solaire de la toiture<\/span><\/a><\/h4><\/div><div id=\"e899a2e9062cd7011\" class=\"panel-collapse collapse \" aria-labelledby=\"toggle_e899a2e9062cd7011\"><div class=\"panel-body toggle-content fusion-clearfix\">\n<table style=\"width: 100%;height: 187px\">\n<tbody>\n<tr style=\"height: 187px\">\n<td style=\"height: 187px\"><span style=\"text-decoration: underline\"><span style=\"color: #000000\"><strong>Locaux concern\u00e9s :<\/strong><\/span><\/span><\/p>\n<ul>\n<li>Locaux clos et climatis\u00e9s ou occup\u00e9s<\/li>\n<li>Locaux clos non-occup\u00e9s donnant <u>directement<\/u> sur les locaux clos et climatis\u00e9s ou occup\u00e9s, \u00e0 l\u2019exception des locaux techniques, des stationnements et des espaces de stockage non climatis\u00e9s<\/li>\n<\/ul>\n<\/td>\n<td style=\"height: 187px\"><img decoding=\"async\" class=\"alignright wp-image-3430\" src=\"https:\/\/www.service-public.pf\/sde\/wp-content\/uploads\/sites\/15\/2023\/01\/SDE-REBPF-IlluTotales-Divers-ProToiture.png\" alt=\"\" width=\"300\" height=\"225\" \/><\/td>\n<\/tr>\n<\/tbody>\n<\/table>\n<p style=\"color: #000000\"><strong><span style=\"text-decoration: underline\">Seuils \u00e0 respecter<\/span> :<\/strong><\/p>\n<table class=\"table table-bordered\">\n<tbody>\n<tr>\n<td style=\"width: 25%\"><strong>Mesure<\/strong><\/td>\n<td style=\"width: 7.0755%\"><strong>Seuil<\/strong><\/td>\n<td style=\"width: 55.6175%\"><strong>Exemples de solutions<\/strong><\/td>\n<\/tr>\n<tr>\n<td style=\"width: 25%\">Facteur solaire maximal de la toiture<\/td>\n<td style=\"width: 7.0755%\">2,5%<\/td>\n<td style=\"width: 55.6175%\">\n<ul>\n<li>Toiture (avec combles) en t\u00f4le de teinte claire avec 3 cm de laine min\u00e9rale minimum<\/li>\n<li>Toiture (avec combles) en t\u00f4le de teinte moyenne avec 5 cm de laine min\u00e9rale minimum<\/li>\n<li>Toiture (avec combles) en t\u00f4le de teinte sombre avec 7,5 cm de laine min\u00e9rale minimum<\/li>\n<li>Toiture terrasse en b\u00e9ton de teinte moyenne avec 6 cm de polystyr\u00e8ne expans\u00e9 minimum<\/li>\n<li>Toiture terrasse en b\u00e9ton avec sur-toiture largement ventil\u00e9e<\/li>\n<\/ul>\n<\/td>\n<\/tr>\n<\/tbody>\n<\/table>\n<p><span style=\"color: #000000\"><strong>Pour plus d\u2019informations sur l\u2019application de la th\u00e9matique, consultez la fiche en question\u00a0:<\/strong><\/span><\/p>\n<ul>\n<li><a href=\"https:\/\/www.service-public.pf\/sde\/wp-content\/uploads\/sites\/15\/2023\/09\/Fiche-02-Protection-solaire-des-parois-opaques-horizontales-Toitures.pdf\">Fiche d\u2019application \u00ab\u00a0Protection solaire de la toiture\u00a0\u00bb<\/a><\/li>\n<\/ul>\n<p>Nota bene : les informations diffus\u00e9es dans le d\u00e9pliant mis \u00e0 disposition ci-dessous sont normalement suffisantes pour s'assurer de la conformit\u00e9 de son projet sans rentrer dans les d\u00e9tails techniques de la th\u00e9matique.<\/p>\n<\/div><\/div><\/div><\/div><\/div><div class=\"fusion-text fusion-text-133\" style=\"--awb-margin-top:10px;\"><p><span style=\"color: #000000\"><strong>Informations relatives aux demandes de permis de construire et au certificat de conformit\u00e9<\/strong><\/span><\/p>\n<p>Le p\u00e9titionnaire remplit les nouveaux formulaires de demande de permis de construire et de certificat de conformit\u00e9 de la DCA qui int\u00e8grent la d\u00e9claration du respect de la r\u00e9glementation.<\/p>\n<p><span style=\"color: #000000\"><strong>Informations sur les dispositions applicables \u00e0 la typologie<\/strong> <strong>:<\/strong><\/span><\/p>\n<ul>\n<li><a href=\"https:\/\/www.service-public.pf\/sde\/wp-content\/uploads\/sites\/15\/2023\/03\/REPBF_Depliants_Autres_Pages.pdf\">D\u00e9pliant \u00ab\u00a0Tous les b\u00e2timents\u00a0\u00bb<\/a><\/li>\n<\/ul>\n<\/div><\/div><\/div><\/div><\/div><\/div><div class=\"fusion-layout-column fusion_builder_column fusion-builder-column-46 fusion_builder_column_4_5 4_5 fusion-flex-column vct_tuamotu_content\" style=\"--awb-bg-size:cover;--awb-width-large:80%;--awb-flex-grow:0;--awb-flex-shrink:0;--awb-margin-top-large:0px;--awb-spacing-right-large:2.4%;--awb-margin-bottom-large:20px;--awb-spacing-left-large:2.4%;--awb-width-medium:100%;--awb-order-medium:0;--awb-flex-grow-medium:0;--awb-flex-shrink-medium:0;--awb-spacing-right-medium:1.92%;--awb-spacing-left-medium:1.92%;--awb-width-small:100%;--awb-order-small:0;--awb-flex-grow-small:0;--awb-flex-shrink-small:0;--awb-spacing-right-small:1.92%;--awb-spacing-left-small:1.92%;\" id=\"vct_tuamotu_logementindividuel_content\"><div class=\"fusion-column-wrapper fusion-column-has-shadow fusion-flex-justify-content-flex-start fusion-content-layout-column\"><div class=\"fusion-title title fusion-title-37 fusion-sep-none fusion-title-center fusion-title-text fusion-title-size-two hidden\" style=\"--awb-margin-top-small:0px;--awb-margin-right-small:0px;--awb-margin-bottom-small:20px;--awb-margin-left-small:0px;\"><h2 class=\"fusion-title-heading title-heading-center\" style=\"margin:0;\">Protection solaire de la toiture + D\u00e9pliant logement individuel + Fiche d'information logement individuel + Formulaire 1-AGMT<\/h2><\/div><div class=\"fusion-text fusion-text-134 vct_description_typologie\"><p>Un logement individuel correspond \u00e0 la notion de maison individuelle telle que d\u00e9finie par le code de<br \/>\nl\u2019am\u00e9nagement, \u00e0 savoir un b\u00e2timent \u00e0 usage d\u2019habitation comprenant au plus deux logements<br \/>\nsuperpos\u00e9s ou accol\u00e9s.<\/p>\n<p>On assimile \u00e9galement au logement individuel les structures d\u2019h\u00e9bergement de tourisme et<br \/>\nchambres chez l\u2019habitant dont le nombre d\u2019unit\u00e9s d\u2019h\u00e9bergement est inf\u00e9rieur ou \u00e9gal \u00e0 cinq ou dont<br \/>\nl\u2019effectif est inf\u00e9rieur \u00e0 vingt personnes (ERP du 2\u00e8me groupe - cat\u00e9gorie 5)<\/p>\n<\/div><div class=\"fusion-builder-row fusion-builder-row-inner fusion-row fusion-flex-align-items-flex-start fusion-flex-justify-content-center fusion-flex-content-wrap\" style=\"--awb-flex-grow:0;--awb-flex-grow-medium:0;--awb-flex-grow-small:0;--awb-flex-shrink:0;--awb-flex-shrink-medium:0;--awb-flex-shrink-small:0;width:104% !important;max-width:104% !important;margin-left: calc(-4% \/ 2 );margin-right: calc(-4% \/ 2 );\"><div class=\"fusion-layout-column fusion_builder_column_inner fusion-builder-nested-column-173 fusion_builder_column_inner_1_1 1_1 fusion-flex-column\" style=\"--awb-bg-size:cover;--awb-width-large:100%;--awb-margin-top-large:0px;--awb-spacing-right-large:1.92%;--awb-margin-bottom-large:20px;--awb-spacing-left-large:1.92%;--awb-width-medium:100%;--awb-order-medium:0;--awb-spacing-right-medium:1.92%;--awb-spacing-left-medium:1.92%;--awb-width-small:100%;--awb-order-small:0;--awb-spacing-right-small:1.92%;--awb-spacing-left-small:1.92%;\"><div class=\"fusion-column-wrapper fusion-column-has-shadow fusion-flex-justify-content-flex-start fusion-content-layout-column\"><div class=\"fusion-separator fusion-full-width-sep\" style=\"align-self: center;margin-left: auto;margin-right: auto;width:100%;\"><div class=\"fusion-separator-border sep-shadow\" style=\"--awb-height:20px;--awb-amount:20px;background:radial-gradient(ellipse at 50% -50% , #e0dede 0px, rgba(255, 255, 255, 0) 80%) repeat scroll 0 0 rgba(0, 0, 0, 0);background:-webkit-radial-gradient(ellipse at 50% -50% , #e0dede 0px, rgba(255, 255, 255, 0) 80%) repeat scroll 0 0 rgba(0, 0, 0, 0);background:-moz-radial-gradient(ellipse at 50% -50% , #e0dede 0px, rgba(255, 255, 255, 0) 80%) repeat scroll 0 0 rgba(0, 0, 0, 0);background:-o-radial-gradient(ellipse at 50% -50% , #e0dede 0px, rgba(255, 255, 255, 0) 80%) repeat scroll 0 0 rgba(0, 0, 0, 0);\"><\/div><\/div><\/div><\/div><div class=\"fusion-layout-column fusion_builder_column_inner fusion-builder-nested-column-174 fusion_builder_column_inner_1_3 1_3 fusion-flex-column\" style=\"--awb-bg-size:cover;--awb-width-large:33.333333333333%;--awb-margin-top-large:0px;--awb-spacing-right-large:2vw;--awb-margin-bottom-large:20px;--awb-spacing-left-large:5.76%;--awb-width-medium:100%;--awb-order-medium:0;--awb-spacing-right-medium:1.92%;--awb-spacing-left-medium:1.92%;--awb-width-small:100%;--awb-order-small:0;--awb-spacing-right-small:1.92%;--awb-spacing-left-small:1.92%;\"><div class=\"fusion-column-wrapper fusion-column-has-shadow fusion-flex-justify-content-flex-start fusion-content-layout-column\"><div class=\"fusion-image-element \" style=\"text-align:right;--awb-max-width:450px;--awb-caption-title-font-family:var(--h2_typography-font-family);--awb-caption-title-font-weight:var(--h2_typography-font-weight);--awb-caption-title-font-style:var(--h2_typography-font-style);--awb-caption-title-size:var(--h2_typography-font-size);--awb-caption-title-transform:var(--h2_typography-text-transform);--awb-caption-title-line-height:var(--h2_typography-line-height);--awb-caption-title-letter-spacing:var(--h2_typography-letter-spacing);\"><span class=\" fusion-imageframe imageframe-none imageframe-34 hover-type-none\"><img decoding=\"async\" width=\"300\" height=\"225\" title=\"SDE REBPF IlluTotales Logement Individuel\" src=\"https:\/\/www.service-public.pf\/sde\/wp-content\/uploads\/sites\/15\/2023\/01\/SDE-REBPF-IlluTotales-Logement-Individuel-300x225.png\" alt class=\"img-responsive wp-image-3460\" srcset=\"https:\/\/www.service-public.pf\/sde\/wp-content\/uploads\/sites\/15\/2023\/01\/SDE-REBPF-IlluTotales-Logement-Individuel-200x150.png 200w, https:\/\/www.service-public.pf\/sde\/wp-content\/uploads\/sites\/15\/2023\/01\/SDE-REBPF-IlluTotales-Logement-Individuel-400x300.png 400w, https:\/\/www.service-public.pf\/sde\/wp-content\/uploads\/sites\/15\/2023\/01\/SDE-REBPF-IlluTotales-Logement-Individuel-600x450.png 600w, https:\/\/www.service-public.pf\/sde\/wp-content\/uploads\/sites\/15\/2023\/01\/SDE-REBPF-IlluTotales-Logement-Individuel-800x600.png 800w, https:\/\/www.service-public.pf\/sde\/wp-content\/uploads\/sites\/15\/2023\/01\/SDE-REBPF-IlluTotales-Logement-Individuel-1200x900.png 1200w, https:\/\/www.service-public.pf\/sde\/wp-content\/uploads\/sites\/15\/2023\/01\/SDE-REBPF-IlluTotales-Logement-Individuel.png 1453w\" sizes=\"(max-width: 1024px) 100vw, (max-width: 640px) 100vw, 800px\" \/><\/span><\/div><\/div><\/div><div class=\"fusion-layout-column fusion_builder_column_inner fusion-builder-nested-column-175 fusion_builder_column_inner_2_3 2_3 fusion-flex-column\" style=\"--awb-bg-size:cover;--awb-width-large:66.666666666667%;--awb-margin-top-large:0px;--awb-spacing-right-large:2.88%;--awb-margin-bottom-large:20px;--awb-spacing-left-large:2.88%;--awb-width-medium:100%;--awb-order-medium:0;--awb-spacing-right-medium:1.92%;--awb-spacing-left-medium:1.92%;--awb-width-small:100%;--awb-order-small:0;--awb-spacing-right-small:1.92%;--awb-spacing-left-small:1.92%;\"><div class=\"fusion-column-wrapper fusion-column-has-shadow fusion-flex-justify-content-center fusion-content-layout-column\"><div class=\"fusion-text fusion-text-135\" style=\"--awb-content-alignment:center;--awb-font-size:24pt;\"><p>Localisation\u00a0du projet : <strong>Tuamotu<\/strong><\/p>\n<p>Typologie de la construction\u00a0: <strong>Logement individuel<\/strong><\/p>\n<\/div><\/div><\/div><div class=\"fusion-layout-column fusion_builder_column_inner fusion-builder-nested-column-176 fusion_builder_column_inner_1_1 1_1 fusion-flex-column\" style=\"--awb-bg-size:cover;--awb-width-large:100%;--awb-margin-top-large:0px;--awb-spacing-right-large:1.92%;--awb-margin-bottom-large:20px;--awb-spacing-left-large:1.92%;--awb-width-medium:100%;--awb-order-medium:0;--awb-spacing-right-medium:1.92%;--awb-spacing-left-medium:1.92%;--awb-width-small:100%;--awb-order-small:0;--awb-spacing-right-small:1.92%;--awb-spacing-left-small:1.92%;\"><div class=\"fusion-column-wrapper fusion-column-has-shadow fusion-flex-justify-content-flex-start fusion-content-layout-column\"><div class=\"fusion-separator fusion-full-width-sep\" style=\"align-self: center;margin-left: auto;margin-right: auto;margin-bottom:20px;width:100%;\"><div class=\"fusion-separator-border sep-shadow\" style=\"--awb-height:20px;--awb-amount:20px;background:radial-gradient(ellipse at 50% -50% , #e0dede 0px, rgba(255, 255, 255, 0) 80%) repeat scroll 0 0 rgba(0, 0, 0, 0);background:-webkit-radial-gradient(ellipse at 50% -50% , #e0dede 0px, rgba(255, 255, 255, 0) 80%) repeat scroll 0 0 rgba(0, 0, 0, 0);background:-moz-radial-gradient(ellipse at 50% -50% , #e0dede 0px, rgba(255, 255, 255, 0) 80%) repeat scroll 0 0 rgba(0, 0, 0, 0);background:-o-radial-gradient(ellipse at 50% -50% , #e0dede 0px, rgba(255, 255, 255, 0) 80%) repeat scroll 0 0 rgba(0, 0, 0, 0);\"><\/div><\/div><\/div><\/div><div class=\"fusion-layout-column fusion_builder_column_inner fusion-builder-nested-column-177 fusion_builder_column_inner_1_1 1_1 fusion-flex-column\" style=\"--awb-bg-color:#ffffff;--awb-bg-color-hover:#ffffff;--awb-bg-size:cover;--awb-width-large:100%;--awb-margin-top-large:0px;--awb-spacing-right-large:1.92%;--awb-margin-bottom-large:20px;--awb-spacing-left-large:1.92%;--awb-width-medium:100%;--awb-order-medium:0;--awb-spacing-right-medium:1.92%;--awb-spacing-left-medium:1.92%;--awb-width-small:100%;--awb-order-small:0;--awb-spacing-right-small:1.92%;--awb-spacing-left-small:1.92%;\"><div class=\"fusion-column-wrapper fusion-column-has-shadow fusion-flex-justify-content-flex-start fusion-content-layout-column\"><div class=\"fusion-text fusion-text-136\" style=\"--awb-text-color:#000000;\"><p><strong>Th\u00e9matiques applicables :<\/strong><\/p>\n<\/div><div class=\"accordian fusion-accordian\" style=\"--awb-border-size:1px;--awb-icon-size:13px;--awb-content-font-size:13px;--awb-icon-alignment:left;--awb-hover-color:#f9f9f9;--awb-border-color:#cccccc;--awb-background-color:#ffffff;--awb-divider-color:#e0dede;--awb-divider-hover-color:#e0dede;--awb-icon-color:#ffffff;--awb-title-color:#333333;--awb-content-color:#747474;--awb-icon-box-color:#333333;--awb-toggle-hover-accent-color:#26a147;--awb-title-font-family:&quot;PT Sans&quot;;--awb-title-font-weight:400;--awb-title-font-style:normal;--awb-title-font-size:13px;--awb-content-font-family:&quot;PT Sans&quot;;--awb-content-font-style:normal;--awb-content-font-weight:400;\"><div class=\"panel-group fusion-toggle-icon-boxed\" id=\"accordion-3355-34\"><div class=\"fusion-panel panel-default panel-3133b83b52636ab17 fusion-toggle-has-divider\" style=\"--awb-title-color:#333333;--awb-content-color:#747474;\"><div class=\"panel-heading\"><h4 class=\"panel-title toggle\" id=\"toggle_3133b83b52636ab17\"><a aria-expanded=\"false\" aria-controls=\"3133b83b52636ab17\" role=\"button\" data-toggle=\"collapse\" data-parent=\"#accordion-3355-34\" data-target=\"#3133b83b52636ab17\" href=\"#3133b83b52636ab17\"><span class=\"fusion-toggle-icon-wrapper\" aria-hidden=\"true\"><i class=\"fa-fusion-box active-icon awb-icon-minus\" aria-hidden=\"true\"><\/i><i class=\"fa-fusion-box inactive-icon awb-icon-plus\" aria-hidden=\"true\"><\/i><\/span><span class=\"fusion-toggle-heading\">Protection solaire de la toiture<\/span><\/a><\/h4><\/div><div id=\"3133b83b52636ab17\" class=\"panel-collapse collapse \" aria-labelledby=\"toggle_3133b83b52636ab17\"><div class=\"panel-body toggle-content fusion-clearfix\">\n<table style=\"width: 100%;height: 187px\">\n<tbody>\n<tr style=\"height: 187px\">\n<td style=\"height: 187px\"><span style=\"color: #000000\"><strong><span style=\"text-decoration: underline\">Locaux concern\u00e9s<\/span> :<\/strong><\/span><\/p>\n<ul>\n<li>Locaux clos et climatis\u00e9s ou occup\u00e9s (exemples\u00a0: chambre, s\u00e9jour, bureau, \u2026)<\/li>\n<li>Locaux clos non-occup\u00e9s donnant <u>directement<\/u> sur les locaux ci-dessus, hors locaux techniques, stationnements et espaces de stockage non climatis\u00e9s (exemples : sanitaires, salle de bain, buanderie, \u2026)<\/li>\n<\/ul>\n<\/td>\n<td style=\"height: 187px\"><img decoding=\"async\" class=\"alignright wp-image-3430\" src=\"https:\/\/www.service-public.pf\/sde\/wp-content\/uploads\/sites\/15\/2023\/01\/SDE-REBPF-IlluTotales-Logement-Individuel-ProToiture.png\" alt=\"\" width=\"300\" height=\"225\" \/><\/td>\n<\/tr>\n<\/tbody>\n<\/table>\n<p style=\"color: #000000\"><strong><span style=\"text-decoration: underline\">Seuils \u00e0 respecter<\/span> :<\/strong><\/p>\n<table class=\"table table-bordered\">\n<tbody>\n<tr>\n<td style=\"width: 25%\"><strong>Mesure<\/strong><\/td>\n<td style=\"width: 7.0755%\"><strong>Seuil<\/strong><\/td>\n<td style=\"width: 55.6175%\"><strong>Exemples de solutions<\/strong><\/td>\n<\/tr>\n<tr>\n<td style=\"width: 25%\">Facteur solaire maximal de la toiture<\/td>\n<td style=\"width: 7.0755%\">2,5%<\/td>\n<td style=\"width: 55.6175%\">\n<ul>\n<li>Toiture (avec combles) en t\u00f4le de teinte claire avec 3 cm de laine min\u00e9rale minimum<\/li>\n<li>Toiture (avec combles) en t\u00f4le de teinte moyenne avec 5 cm de laine min\u00e9rale minimum<\/li>\n<li>Toiture (avec combles) en t\u00f4le de teinte sombre avec 7,5 cm de laine min\u00e9rale minimum<\/li>\n<li>Toiture terrasse en b\u00e9ton de teinte moyenne avec 6 cm de polystyr\u00e8ne expans\u00e9 minimum<\/li>\n<li>Toiture terrasse en b\u00e9ton avec sur-toiture largement ventil\u00e9e<\/li>\n<\/ul>\n<\/td>\n<\/tr>\n<\/tbody>\n<\/table>\n<p><span style=\"color: #000000\"><strong>Pour plus d\u2019informations sur l\u2019application de la th\u00e9matique, consultez la fiche en question\u00a0:<\/strong><\/span><\/p>\n<ul>\n<li><a href=\"https:\/\/www.service-public.pf\/sde\/wp-content\/uploads\/sites\/15\/2023\/09\/Fiche-02-Protection-solaire-des-parois-opaques-horizontales-Toitures.pdf\">Fiche d\u2019application \u00ab\u00a0Protection solaire de la toiture\u00a0\u00bb<\/a><\/li>\n<\/ul>\n<p>Nota bene : les informations diffus\u00e9es dans le d\u00e9pliant et les guides mis \u00e0 disposition ci-dessous sont normalement suffisantes pour s'assurer de la conformit\u00e9 de son projet sans rentrer dans les d\u00e9tails techniques de la th\u00e9matique.<\/p>\n<\/div><\/div><\/div><div class=\"fusion-panel panel-default panel-d4b4a8d1d3ea4a8f7 fusion-toggle-has-divider\" style=\"--awb-title-color:#333333;--awb-content-color:#747474;\"><div class=\"panel-heading\"><h4 class=\"panel-title toggle\" id=\"toggle_d4b4a8d1d3ea4a8f7\"><a aria-expanded=\"false\" aria-controls=\"d4b4a8d1d3ea4a8f7\" role=\"button\" data-toggle=\"collapse\" data-parent=\"#accordion-3355-34\" data-target=\"#d4b4a8d1d3ea4a8f7\" href=\"#d4b4a8d1d3ea4a8f7\"><span class=\"fusion-toggle-icon-wrapper\" aria-hidden=\"true\"><i class=\"fa-fusion-box active-icon awb-icon-minus\" aria-hidden=\"true\"><\/i><i class=\"fa-fusion-box inactive-icon awb-icon-plus\" aria-hidden=\"true\"><\/i><\/span><span class=\"fusion-toggle-heading\">Protection solaire des baies<\/span><\/a><\/h4><\/div><div id=\"d4b4a8d1d3ea4a8f7\" class=\"panel-collapse collapse \" aria-labelledby=\"toggle_d4b4a8d1d3ea4a8f7\"><div class=\"panel-body toggle-content fusion-clearfix\">\n<table style=\"width: 100%;height: 187px\">\n<tbody>\n<tr style=\"height: 187px\">\n<td style=\"height: 187px\"><span style=\"color: #000000\"><strong><span style=\"text-decoration: underline\">Locaux concern\u00e9s<\/span> :<\/strong><\/span><\/p>\n<ul>\n<li>Locaux clos et climatis\u00e9s ou occup\u00e9s (exemples\u00a0: chambre, s\u00e9jour, bureau, \u2026)<\/li>\n<li>Locaux clos non-occup\u00e9s donnant <u>directement<\/u> sur les locaux ci-dessus, hors locaux techniques, stationnements et espaces de stockage non climatis\u00e9s (exemples : sanitaires, salle de bain, buanderie, \u2026)<\/li>\n<\/ul>\n<\/td>\n<td style=\"height: 187px\"><img decoding=\"async\" class=\"alignright wp-image-3430\" src=\"https:\/\/www.service-public.pf\/sde\/wp-content\/uploads\/sites\/15\/2023\/03\/Picture1.png\" alt=\"\" width=\"300\" height=\"225\" \/><\/td>\n<\/tr>\n<\/tbody>\n<\/table>\n<p style=\"color: #000000\"><strong><span style=\"text-decoration: underline\">Seuils, r\u00e8gles de conception et caract\u00e9ristiques techniques \u00e0 respecter : <\/span><\/strong><\/p>\n<table class=\"table table-bordered\" style=\"width: 100%;height: 72px\">\n<tbody>\n<tr style=\"height: 24px\">\n<td style=\"width: 25%;height: 24px\"><strong>R\u00e8gle de conception<\/strong><\/td>\n<td style=\"width: 55.6175%;height: 24px\"><strong>Exemple de solution<\/strong><\/td>\n<\/tr>\n<tr style=\"height: 48px\">\n<td style=\"width: 25%;height: 48px\">La mise en \u0153uvre de baies horizontales* est interdite dans les locaux concern\u00e9s par la disposition<\/td>\n<td style=\"width: 55.6175%;height: 48px\">Afin de conserver un apport de lumi\u00e8re naturelle dans les espaces sous-toiture, il est possible de mettre en place des baies verticales \u00e0 la place (ex : chien assis)<\/td>\n<\/tr>\n<\/tbody>\n<\/table>\n<p>* Une baie est consid\u00e9r\u00e9e comme horizontale si son inclinaison est inf\u00e9rieure \u00e0 60\u00b0 par rapport au plan horizontal.<\/p>\n<\/div><\/div><\/div><\/div><\/div><div class=\"fusion-text fusion-text-137\" style=\"--awb-margin-top:10px;\"><p><span style=\"color: #000000\"><strong>Informations relatives aux demandes de permis de construire et au certificat de conformit\u00e9<\/strong><\/span><\/p>\n<p>Le p\u00e9titionnaire remplit les nouveaux formulaires de demande de permis de construire et de certificat de conformit\u00e9 de la DCA qui int\u00e8grent la d\u00e9claration du respect de la r\u00e9glementation.<\/p>\n<p><span style=\"color: #000000\"><strong>Informations sur les dispositions applicables \u00e0 la typologie <\/strong> (ne consulter que les rubriques des th\u00e9matiques concernant le projet de construction)<strong>\u00a0:<\/strong><\/span><\/p>\n<ul>\n<li><a href=\"https:\/\/www.service-public.pf\/sde\/wp-content\/uploads\/sites\/15\/2023\/03\/REPBF_Depliants_LogementIndividuel_Pages.pdf\">D\u00e9pliant \u00ab\u00a0Logement individuel\u00a0\u00bb<\/a><\/li>\n<li><a href=\"https:\/\/www.service-public.pf\/sde\/wp-content\/uploads\/sites\/15\/2023\/09\/REBPf-Guide-logement-individuel-version-simplifiee.pdf\">Guide simplifi\u00e9 pour le respect de la r\u00e9glementation - Logement individuel<\/a><\/li>\n<li><a href=\"https:\/\/www.service-public.pf\/sde\/wp-content\/uploads\/sites\/15\/2023\/09\/REBPf-Guide-logement-individuel-version-simplifiee-tahitien.pdf\">Guide simplifi\u00e9 pour le respect de la r\u00e9glementation - Logement individuel - reo tahiti<\/a><\/li>\n<li><a href=\"https:\/\/www.service-public.pf\/sde\/wp-content\/uploads\/sites\/15\/2023\/06\/REBPf-Guide-logement-individuel-version-detaillee.pdf\">Guide d\u00e9taill\u00e9 pour le respect de la r\u00e9glementation - Logement individuel<\/a><\/li>\n<\/ul>\n<\/div><\/div><\/div><\/div><\/div><\/div><div class=\"fusion-layout-column fusion_builder_column fusion-builder-column-47 fusion_builder_column_4_5 4_5 fusion-flex-column vct_tuamotu_content\" style=\"--awb-bg-size:cover;--awb-width-large:80%;--awb-flex-grow:0;--awb-flex-shrink:0;--awb-margin-top-large:0px;--awb-spacing-right-large:2.4%;--awb-margin-bottom-large:20px;--awb-spacing-left-large:2.4%;--awb-width-medium:100%;--awb-order-medium:0;--awb-flex-grow-medium:0;--awb-flex-shrink-medium:0;--awb-spacing-right-medium:1.92%;--awb-spacing-left-medium:1.92%;--awb-width-small:100%;--awb-order-small:0;--awb-flex-grow-small:0;--awb-flex-shrink-small:0;--awb-spacing-right-small:1.92%;--awb-spacing-left-small:1.92%;\" id=\"vct_tuamotu_hotellerie_content\"><div class=\"fusion-column-wrapper fusion-column-has-shadow fusion-flex-justify-content-flex-start fusion-content-layout-column\"><div class=\"fusion-title title fusion-title-38 fusion-sep-none fusion-title-center fusion-title-text fusion-title-size-two hidden\" style=\"--awb-margin-top-small:0px;--awb-margin-right-small:0px;--awb-margin-bottom-small:20px;--awb-margin-left-small:0px;\"><h2 class=\"fusion-title-heading title-heading-center\" style=\"margin:0;\">Protection solaire de la toiture \/ Protection solaire des murs \/ Protection solaire des baies+ D\u00e9pliant h\u00f4tellerie + Fiche d'information h\u00f4tellerie + Formulaire 2-MT<\/h2><\/div><div class=\"fusion-text fusion-text-138 vct_description_typologie\"><p>Il s\u2019agit d\u2019un b\u00e2timent ou d\u2019une partie de b\u00e2timent \u00e0 usage d\u2019h\u00f4tel de tourisme, pension de familles,<br \/>\nmeubl\u00e9 de tourisme, auberge de jeunesse, village de vacances, villa de luxe, bungalow ainsi que tout<br \/>\nautre h\u00e9bergement \u00e0 vocation touristique, comprenant \u00e9galement leurs locaux accessoires.<\/p>\n<p>Pour rappel, les projets de construction d\u2019une structure d\u2019h\u00e9bergement de tourisme et chambres<br \/>\nchez l\u2019habitant dont le nombre d\u2019unit\u00e9s d\u2019h\u00e9bergement est inf\u00e9rieur ou \u00e9gal \u00e0 cinq ou dont l\u2019effectif<br \/>\nest inf\u00e9rieur \u00e0 vingt personnes sont assimil\u00e9es \u00e0 la typologie logement individuel.<\/p>\n<\/div><div class=\"fusion-builder-row fusion-builder-row-inner fusion-row fusion-flex-align-items-flex-start fusion-flex-justify-content-center fusion-flex-content-wrap\" style=\"--awb-flex-grow:0;--awb-flex-grow-medium:0;--awb-flex-grow-small:0;--awb-flex-shrink:0;--awb-flex-shrink-medium:0;--awb-flex-shrink-small:0;width:104% !important;max-width:104% !important;margin-left: calc(-4% \/ 2 );margin-right: calc(-4% \/ 2 );\"><div class=\"fusion-layout-column fusion_builder_column_inner fusion-builder-nested-column-178 fusion_builder_column_inner_1_1 1_1 fusion-flex-column\" style=\"--awb-bg-size:cover;--awb-width-large:100%;--awb-margin-top-large:0px;--awb-spacing-right-large:1.92%;--awb-margin-bottom-large:20px;--awb-spacing-left-large:1.92%;--awb-width-medium:100%;--awb-order-medium:0;--awb-spacing-right-medium:1.92%;--awb-spacing-left-medium:1.92%;--awb-width-small:100%;--awb-order-small:0;--awb-spacing-right-small:1.92%;--awb-spacing-left-small:1.92%;\"><div class=\"fusion-column-wrapper fusion-column-has-shadow fusion-flex-justify-content-flex-start fusion-content-layout-column\"><div class=\"fusion-separator fusion-full-width-sep\" style=\"align-self: center;margin-left: auto;margin-right: auto;width:100%;\"><div class=\"fusion-separator-border sep-shadow\" style=\"--awb-height:20px;--awb-amount:20px;background:radial-gradient(ellipse at 50% -50% , #e0dede 0px, rgba(255, 255, 255, 0) 80%) repeat scroll 0 0 rgba(0, 0, 0, 0);background:-webkit-radial-gradient(ellipse at 50% -50% , #e0dede 0px, rgba(255, 255, 255, 0) 80%) repeat scroll 0 0 rgba(0, 0, 0, 0);background:-moz-radial-gradient(ellipse at 50% -50% , #e0dede 0px, rgba(255, 255, 255, 0) 80%) repeat scroll 0 0 rgba(0, 0, 0, 0);background:-o-radial-gradient(ellipse at 50% -50% , #e0dede 0px, rgba(255, 255, 255, 0) 80%) repeat scroll 0 0 rgba(0, 0, 0, 0);\"><\/div><\/div><\/div><\/div><div class=\"fusion-layout-column fusion_builder_column_inner fusion-builder-nested-column-179 fusion_builder_column_inner_1_3 1_3 fusion-flex-column\" style=\"--awb-bg-size:cover;--awb-width-large:33.333333333333%;--awb-margin-top-large:0px;--awb-spacing-right-large:2vw;--awb-margin-bottom-large:20px;--awb-spacing-left-large:5.76%;--awb-width-medium:100%;--awb-order-medium:0;--awb-spacing-right-medium:1.92%;--awb-spacing-left-medium:1.92%;--awb-width-small:100%;--awb-order-small:0;--awb-spacing-right-small:1.92%;--awb-spacing-left-small:1.92%;\"><div class=\"fusion-column-wrapper fusion-column-has-shadow fusion-flex-justify-content-flex-start fusion-content-layout-column\"><div class=\"fusion-image-element \" style=\"text-align:right;--awb-max-width:450px;--awb-caption-title-font-family:var(--h2_typography-font-family);--awb-caption-title-font-weight:var(--h2_typography-font-weight);--awb-caption-title-font-style:var(--h2_typography-font-style);--awb-caption-title-size:var(--h2_typography-font-size);--awb-caption-title-transform:var(--h2_typography-text-transform);--awb-caption-title-line-height:var(--h2_typography-line-height);--awb-caption-title-letter-spacing:var(--h2_typography-letter-spacing);\"><span class=\" fusion-imageframe imageframe-none imageframe-35 hover-type-none\"><img decoding=\"async\" width=\"300\" height=\"225\" title=\"SDE REBPF IlluTotales Hotel Pension\" src=\"https:\/\/www.service-public.pf\/sde\/wp-content\/uploads\/sites\/15\/2023\/01\/SDE-REBPF-IlluTotales-Hotel-Pension-300x225.png\" alt class=\"img-responsive wp-image-3446\" srcset=\"https:\/\/www.service-public.pf\/sde\/wp-content\/uploads\/sites\/15\/2023\/01\/SDE-REBPF-IlluTotales-Hotel-Pension-200x150.png 200w, https:\/\/www.service-public.pf\/sde\/wp-content\/uploads\/sites\/15\/2023\/01\/SDE-REBPF-IlluTotales-Hotel-Pension-400x300.png 400w, https:\/\/www.service-public.pf\/sde\/wp-content\/uploads\/sites\/15\/2023\/01\/SDE-REBPF-IlluTotales-Hotel-Pension-600x450.png 600w, https:\/\/www.service-public.pf\/sde\/wp-content\/uploads\/sites\/15\/2023\/01\/SDE-REBPF-IlluTotales-Hotel-Pension-800x600.png 800w, https:\/\/www.service-public.pf\/sde\/wp-content\/uploads\/sites\/15\/2023\/01\/SDE-REBPF-IlluTotales-Hotel-Pension-1200x900.png 1200w, https:\/\/www.service-public.pf\/sde\/wp-content\/uploads\/sites\/15\/2023\/01\/SDE-REBPF-IlluTotales-Hotel-Pension.png 1453w\" sizes=\"(max-width: 1024px) 100vw, (max-width: 640px) 100vw, 800px\" \/><\/span><\/div><\/div><\/div><div class=\"fusion-layout-column fusion_builder_column_inner fusion-builder-nested-column-180 fusion_builder_column_inner_2_3 2_3 fusion-flex-column\" style=\"--awb-bg-size:cover;--awb-width-large:66.666666666667%;--awb-margin-top-large:0px;--awb-spacing-right-large:2.88%;--awb-margin-bottom-large:20px;--awb-spacing-left-large:2.88%;--awb-width-medium:100%;--awb-order-medium:0;--awb-spacing-right-medium:1.92%;--awb-spacing-left-medium:1.92%;--awb-width-small:100%;--awb-order-small:0;--awb-spacing-right-small:1.92%;--awb-spacing-left-small:1.92%;\"><div class=\"fusion-column-wrapper fusion-column-has-shadow fusion-flex-justify-content-center fusion-content-layout-column\"><div class=\"fusion-text fusion-text-139\" style=\"--awb-content-alignment:center;--awb-font-size:24pt;\"><p>Localisation\u00a0du projet : <strong>Tuamotu<\/strong><\/p>\n<p>Typologie de la construction\u00a0: <strong>H\u00f4tellerie<\/strong><\/p>\n<\/div><\/div><\/div><div class=\"fusion-layout-column fusion_builder_column_inner fusion-builder-nested-column-181 fusion_builder_column_inner_1_1 1_1 fusion-flex-column\" style=\"--awb-bg-size:cover;--awb-width-large:100%;--awb-margin-top-large:0px;--awb-spacing-right-large:1.92%;--awb-margin-bottom-large:20px;--awb-spacing-left-large:1.92%;--awb-width-medium:100%;--awb-order-medium:0;--awb-spacing-right-medium:1.92%;--awb-spacing-left-medium:1.92%;--awb-width-small:100%;--awb-order-small:0;--awb-spacing-right-small:1.92%;--awb-spacing-left-small:1.92%;\"><div class=\"fusion-column-wrapper fusion-column-has-shadow fusion-flex-justify-content-flex-start fusion-content-layout-column\"><div class=\"fusion-separator fusion-full-width-sep\" style=\"align-self: center;margin-left: auto;margin-right: auto;margin-bottom:20px;width:100%;\"><div class=\"fusion-separator-border sep-shadow\" style=\"--awb-height:20px;--awb-amount:20px;background:radial-gradient(ellipse at 50% -50% , #e0dede 0px, rgba(255, 255, 255, 0) 80%) repeat scroll 0 0 rgba(0, 0, 0, 0);background:-webkit-radial-gradient(ellipse at 50% -50% , #e0dede 0px, rgba(255, 255, 255, 0) 80%) repeat scroll 0 0 rgba(0, 0, 0, 0);background:-moz-radial-gradient(ellipse at 50% -50% , #e0dede 0px, rgba(255, 255, 255, 0) 80%) repeat scroll 0 0 rgba(0, 0, 0, 0);background:-o-radial-gradient(ellipse at 50% -50% , #e0dede 0px, rgba(255, 255, 255, 0) 80%) repeat scroll 0 0 rgba(0, 0, 0, 0);\"><\/div><\/div><\/div><\/div><div class=\"fusion-layout-column fusion_builder_column_inner fusion-builder-nested-column-182 fusion_builder_column_inner_1_1 1_1 fusion-flex-column\" style=\"--awb-bg-color:#ffffff;--awb-bg-color-hover:#ffffff;--awb-bg-size:cover;--awb-width-large:100%;--awb-margin-top-large:0px;--awb-spacing-right-large:1.92%;--awb-margin-bottom-large:20px;--awb-spacing-left-large:1.92%;--awb-width-medium:100%;--awb-order-medium:0;--awb-spacing-right-medium:1.92%;--awb-spacing-left-medium:1.92%;--awb-width-small:100%;--awb-order-small:0;--awb-spacing-right-small:1.92%;--awb-spacing-left-small:1.92%;\"><div class=\"fusion-column-wrapper fusion-column-has-shadow fusion-flex-justify-content-flex-start fusion-content-layout-column\"><div class=\"fusion-text fusion-text-140\" style=\"--awb-text-color:#000000;\"><p><strong>Th\u00e9matiques applicables :<\/strong><\/p>\n<\/div><div class=\"accordian fusion-accordian\" style=\"--awb-border-size:1px;--awb-icon-size:13px;--awb-content-font-size:13px;--awb-icon-alignment:left;--awb-hover-color:#f9f9f9;--awb-border-color:#cccccc;--awb-background-color:#ffffff;--awb-divider-color:#e0dede;--awb-divider-hover-color:#e0dede;--awb-icon-color:#ffffff;--awb-title-color:#333333;--awb-content-color:#747474;--awb-icon-box-color:#333333;--awb-toggle-hover-accent-color:#26a147;--awb-title-font-family:&quot;PT Sans&quot;;--awb-title-font-weight:400;--awb-title-font-style:normal;--awb-title-font-size:13px;--awb-content-font-family:&quot;PT Sans&quot;;--awb-content-font-style:normal;--awb-content-font-weight:400;\"><div class=\"panel-group fusion-toggle-icon-boxed\" id=\"accordion-3355-35\"><div class=\"fusion-panel panel-default panel-63a04541412e13f6e fusion-toggle-has-divider\" style=\"--awb-title-color:#333333;--awb-content-color:#747474;\"><div class=\"panel-heading\"><h4 class=\"panel-title toggle\" id=\"toggle_63a04541412e13f6e\"><a aria-expanded=\"false\" aria-controls=\"63a04541412e13f6e\" role=\"button\" data-toggle=\"collapse\" data-parent=\"#accordion-3355-35\" data-target=\"#63a04541412e13f6e\" href=\"#63a04541412e13f6e\"><span class=\"fusion-toggle-icon-wrapper\" aria-hidden=\"true\"><i class=\"fa-fusion-box active-icon awb-icon-minus\" aria-hidden=\"true\"><\/i><i class=\"fa-fusion-box inactive-icon awb-icon-plus\" aria-hidden=\"true\"><\/i><\/span><span class=\"fusion-toggle-heading\">Protection solaire de la toiture<\/span><\/a><\/h4><\/div><div id=\"63a04541412e13f6e\" class=\"panel-collapse collapse \" aria-labelledby=\"toggle_63a04541412e13f6e\"><div class=\"panel-body toggle-content fusion-clearfix\">\n<table style=\"width: 100%;height: 187px\">\n<tbody>\n<tr style=\"height: 187px\">\n<td style=\"height: 187px\"><span style=\"color: #000000\"><strong><span style=\"text-decoration: underline\">Locaux concern\u00e9s<\/span> :<\/strong><\/span><\/p>\n<ul>\n<li>Locaux clos et climatis\u00e9s ou occup\u00e9s (exemples\u00a0: chambre, s\u00e9jour, bureau, espace polyvalent, salle de sport, restaurant, buanderie professionnelle, \u2026)<\/li>\n<li>Locaux clos non-occup\u00e9s donnant <u>directement<\/u> sur les locaux ci-dessus, hors locaux techniques, stationnements et espaces de stockage non climatis\u00e9s (exemples : sanitaires, salle de bain, vestiaires, d\u00e9gagement, circulation \u2026)<\/li>\n<\/ul>\n<\/td>\n<td style=\"height: 187px\"><img decoding=\"async\" class=\"alignright wp-image-3430\" src=\"https:\/\/www.service-public.pf\/sde\/wp-content\/uploads\/sites\/15\/2023\/01\/SDE-REBPF-IlluTotales-Hotel-Pension-0-copie.png\" alt=\"\" width=\"300\" height=\"225\" \/><\/td>\n<\/tr>\n<\/tbody>\n<\/table>\n<p style=\"color: #000000\"><strong><span style=\"text-decoration: underline\">Seuils \u00e0 respecter<\/span> :<\/strong><\/p>\n<table class=\"table table-bordered\">\n<tbody>\n<tr>\n<td style=\"width: 25%\"><strong>Mesure<\/strong><\/td>\n<td style=\"width: 7.0755%\"><strong>Seuil<\/strong><\/td>\n<td style=\"width: 55.6175%\"><strong>Exemples de solutions<\/strong><\/td>\n<\/tr>\n<tr>\n<td style=\"width: 25%\">Facteur solaire maximal de la toiture<\/td>\n<td style=\"width: 7.0755%\">2,5%<\/td>\n<td style=\"width: 55.6175%\">\n<ul>\n<li>Toiture (avec combles) en t\u00f4le de teinte claire avec 3 cm de laine min\u00e9rale minimum<\/li>\n<li>Toiture (avec combles) en t\u00f4le de teinte moyenne avec 5 cm de laine min\u00e9rale minimum<\/li>\n<li>Toiture (avec combles) en t\u00f4le de teinte sombre avec 7,5 cm de laine min\u00e9rale minimum<\/li>\n<li>Toiture terrasse en b\u00e9ton de teinte moyenne avec 6 cm de polystyr\u00e8ne expans\u00e9 minimum<\/li>\n<li>Toiture terrasse en b\u00e9ton avec sur-toiture largement ventil\u00e9e<\/li>\n<li>Toiture en bardeau de bois apparents correspondant \u00e0 une toiture \u00ab\u00a0ventil\u00e9e\u00a0\u00bb<\/li>\n<li>Toiture en pandanus dont l\u2019\u00e9paisseur totale est sup\u00e9rieure ou \u00e9gale \u00e0 10 cm<\/li>\n<\/ul>\n<\/td>\n<\/tr>\n<\/tbody>\n<\/table>\n<p><span style=\"color: #000000\"><strong>Pour plus d\u2019informations sur l\u2019application de la th\u00e9matique, consultez la fiche en question\u00a0:<\/strong><\/span><\/p>\n<ul>\n<li><a href=\"https:\/\/www.service-public.pf\/sde\/wp-content\/uploads\/sites\/15\/2023\/09\/Fiche-02-Protection-solaire-des-parois-opaques-horizontales-Toitures.pdf\">Fiche d\u2019application \u00ab\u00a0Protection solaire de la toiture\u00a0\u00bb<\/a><\/li>\n<\/ul>\n<\/div><\/div><\/div><div class=\"fusion-panel panel-default panel-02a91a6585e5412a2 fusion-toggle-has-divider\" style=\"--awb-title-color:#333333;--awb-content-color:#747474;\"><div class=\"panel-heading\"><h4 class=\"panel-title toggle\" id=\"toggle_02a91a6585e5412a2\"><a aria-expanded=\"false\" aria-controls=\"02a91a6585e5412a2\" role=\"button\" data-toggle=\"collapse\" data-parent=\"#accordion-3355-35\" data-target=\"#02a91a6585e5412a2\" href=\"#02a91a6585e5412a2\"><span class=\"fusion-toggle-icon-wrapper\" aria-hidden=\"true\"><i class=\"fa-fusion-box active-icon awb-icon-minus\" aria-hidden=\"true\"><\/i><i class=\"fa-fusion-box inactive-icon awb-icon-plus\" aria-hidden=\"true\"><\/i><\/span><span class=\"fusion-toggle-heading\">Protection solaire des fa\u00e7ades (murs et baies)<\/span><\/a><\/h4><\/div><div id=\"02a91a6585e5412a2\" class=\"panel-collapse collapse \" aria-labelledby=\"toggle_02a91a6585e5412a2\"><div class=\"panel-body toggle-content fusion-clearfix\">\n<table style=\"width: 100%;height: 187px\">\n<tbody>\n<tr style=\"height: 187px\">\n<td style=\"height: 187px\"><span style=\"color: #000000\"><strong><span style=\"text-decoration: underline\">Locaux concern\u00e9s<\/span> :<\/strong><\/span><\/p>\n<ul>\n<li>Locaux clos et climatis\u00e9s ou occup\u00e9s (exemples\u00a0: chambre, s\u00e9jour, bureau, espace polyvalent, salle de sport, restaurant, buanderie professionnelle, \u2026)<\/li>\n<li>Locaux clos non-occup\u00e9s donnant <u>directement<\/u> sur les locaux ci-dessus, hors locaux techniques, stationnements et espaces de stockage non climatis\u00e9s (exemples : sanitaires, salle de bain, vestiaires, d\u00e9gagement, circulation \u2026)<\/li>\n<\/ul>\n<\/td>\n<td style=\"height: 187px\"><img decoding=\"async\" class=\"alignright wp-image-3430\" src=\"https:\/\/www.service-public.pf\/sde\/wp-content\/uploads\/sites\/15\/2023\/03\/Hotel-Pension-ProFacade.png\" alt=\"\" width=\"300\" height=\"225\" \/><\/td>\n<\/tr>\n<\/tbody>\n<\/table>\n<p style=\"color: #000000\"><strong><span style=\"text-decoration: underline\">Seuils \u00e0 respecter,\u00a0selon l\u2019orientation des fa\u00e7ades des locaux :<\/span><\/strong><\/p>\n<table>\n<tbody>\n<tr>\n<td width=\"20%\"><strong>Mesure<\/strong><\/td>\n<td width=\"20%\"><strong>Orientation<\/strong><\/td>\n<td width=\"5%\"><strong>Seuil<\/strong><\/td>\n<td width=\"243%\"><strong>Exemples de solutions<\/strong><\/td>\n<\/tr>\n<tr>\n<td rowspan=\"2\" width=\"20%\">Facteur solaire maximal des murs<\/td>\n<td width=\"20%\">Nord, Nord-Est, Nord-Ouest, Est, Ouest<\/td>\n<td width=\"5%\">11 %<\/td>\n<td rowspan=\"2\" width=\"243%\">Mur de teinte claire, double-peau l\u00e9g\u00e8re de teinte moyenne, mur en b\u00e9ton cellulaire, mur en parpaing de teinte moyenne, mur avec bardage ventil\u00e9, d\u00e9bord de toiture (dimensions \u00e0 calculer en fonction des caract\u00e9ristiques du mur), \u2026<\/td>\n<\/tr>\n<tr>\n<td width=\"20%\">Sud, Sud-Est, Sud-Ouest<\/td>\n<td width=\"5%\">12 %<\/td>\n<\/tr>\n<tr>\n<td rowspan=\"4\" width=\"20%\">Facteur solaire maximal des baies<\/td>\n<td width=\"20%\">Nord, Nord-Est, Nord-Ouest, Est, Ouest*<\/td>\n<td width=\"5%\">50 %<\/td>\n<td width=\"243%\">Double vitrage teint\u00e9 ou \u00e0 contr\u00f4le solaire, masque architectural (casquette, brise-soleil, \u2026) \u00e0 dimensionner selon les caract\u00e9ristiques de la baie, lame opaque<\/td>\n<\/tr>\n<tr>\n<td width=\"20%\">Sud-Est, Sud-Ouest*<\/td>\n<td width=\"5%\">60 %<\/td>\n<td rowspan=\"2\" width=\"243%\">Simple vitrage \u00e0 contr\u00f4le solaire, simple ou double vitrage teint\u00e9, double vitrage clair (au sud seulement), masque architectural (casquette, brise-soleil, \u2026) \u00e0 dimensionner selon les caract\u00e9ristiques de la baie, \u2026<\/td>\n<\/tr>\n<tr>\n<td width=\"20%\">Sud*<\/td>\n<td width=\"5%\">70 %<\/td>\n<\/tr>\n<tr>\n<td width=\"20%\">Baie horizontale<\/td>\n<td width=\"5%\">45%<\/td>\n<td width=\"243%\">Protection solaire compl\u00e9mentaire \u00e0 la baie, \u00e0 dimensionner en fonction du type de vitrage<\/td>\n<\/tr>\n<\/tbody>\n<\/table>\n<p><i>* Si le taux de surface de baie en fa\u00e7ade est sup\u00e9rieur \u00e0 70%, le seuil \u00e0 atteindre est alors rabaiss\u00e9 de 5 % (respectivement 45%, 55% et 65%).<\/i><\/p>\n<p style=\"color: #000000\"><strong>Pour plus d'informations sur l'application de ces th\u00e9matiques, consultez les fiches suivantes :<\/strong><\/p>\n<ul>\n<li><a href=\"https:\/\/www.service-public.pf\/sde\/wp-content\/uploads\/sites\/15\/2023\/09\/Fiche-03-Protection-solaire-des-parois-opaques-verticales-Murs.pdf\">Fiche d\u2019application \u00ab Protection solaire des murs \u00bb<\/a><\/li>\n<li><a href=\"https:\/\/www.service-public.pf\/sde\/wp-content\/uploads\/sites\/15\/2023\/09\/Fiche-04-Protection-solaire-des-baies.pdf\">Fiche d\u2019application \u00ab\u00a0Protection solaire des baies \u00bb<\/a><\/li>\n<li><a href=\"https:\/\/www.service-public.pf\/sde\/wp-content\/uploads\/sites\/15\/2023\/06\/Fiche-05-Prise-en-main-de-loutil-Cm-FS.pdf\">Fiche d\u2019application \u00ab\u00a0Outil de calcul pour la protection solaire des fa\u00e7ades \u00bb<\/a><\/li>\n<\/ul>\n<\/div><\/div><\/div><\/div><\/div><div class=\"fusion-text fusion-text-141\" style=\"--awb-margin-top:10px;\"><p><span style=\"color: #000000\"><strong>Informations relatives aux demandes de permis de construire et au certificat de conformit\u00e9<\/strong><\/span><\/p>\n<p>Le p\u00e9titionnaire remplit les nouveaux formulaires de demande de permis de construire et de certificat de conformit\u00e9 de la DCA qui int\u00e8grent la d\u00e9claration du respect de la r\u00e9glementation.<\/p>\n<p><strong>Si les surfaces de plancher construites cumul\u00e9es* sont sup\u00e9rieures \u00e0 250 m\u00b2 de plancher, les demandes de permis de construire et de certificat de conformit\u00e9 doivent \u00eatre accompagn\u00e9es de l\u2019avis d\u2019un organisme agr\u00e9\u00e9<\/strong><\/p>\n<ul>\n<li><a href=\"https:\/\/www.service-public.pf\/sde\/organismes-agrees\/\">Parcourir la page d\u00e9di\u00e9e aux organismes agr\u00e9\u00e9s<\/a><\/li>\n<\/ul>\n<p><em><span style=\"font-size: 10pt\">* Les surfaces de plancher \u00e0 consid\u00e9rer sont celles de n\u2019importe quel b\u00e2timent neuf rattach\u00e9 au projet de construction, d\u00e8s lors que la typologie associ\u00e9e est bureaux, enseignement, \u00e9tablissement de soin, h\u00f4tellerie ou logement collectif.<\/span><\/em><\/p>\n<p><span style=\"color: #000000\"><strong>Informations sur les dispositions applicables \u00e0 la typologie <\/strong> (ne consulter que les rubriques des th\u00e9matiques concernant le projet de construction)<strong> :<\/strong><\/span><\/p>\n<ul>\n<li><a href=\"https:\/\/www.service-public.pf\/sde\/wp-content\/uploads\/sites\/15\/2023\/04\/REPBF_Depliants_Hotellerie_Pages-V2.pdf\">D\u00e9pliant \u00ab\u00a0H\u00f4tellerie\u00a0\u00bb<\/a><\/li>\n<\/ul>\n<\/div><\/div><\/div><\/div><\/div><\/div><div class=\"fusion-layout-column fusion_builder_column fusion-builder-column-48 fusion_builder_column_4_5 4_5 fusion-flex-column vct_tuamotu_content\" style=\"--awb-bg-size:cover;--awb-width-large:80%;--awb-flex-grow:0;--awb-flex-shrink:0;--awb-margin-top-large:0px;--awb-spacing-right-large:2.4%;--awb-margin-bottom-large:20px;--awb-spacing-left-large:2.4%;--awb-width-medium:100%;--awb-order-medium:0;--awb-flex-grow-medium:0;--awb-flex-shrink-medium:0;--awb-spacing-right-medium:1.92%;--awb-spacing-left-medium:1.92%;--awb-width-small:100%;--awb-order-small:0;--awb-flex-grow-small:0;--awb-flex-shrink-small:0;--awb-spacing-right-small:1.92%;--awb-spacing-left-small:1.92%;\" id=\"vct_tuamotu_logementcollectif_content\"><div class=\"fusion-column-wrapper fusion-column-has-shadow fusion-flex-justify-content-flex-start fusion-content-layout-column\"><div class=\"fusion-title title fusion-title-39 fusion-sep-none fusion-title-center fusion-title-text fusion-title-size-two hidden\" style=\"--awb-margin-top-small:0px;--awb-margin-right-small:0px;--awb-margin-bottom-small:20px;--awb-margin-left-small:0px;\"><h2 class=\"fusion-title-heading title-heading-center\" style=\"margin:0;\">Protection solaire de la toiture \/ Protection solaire des murs \/ Protection solaire des baies + D\u00e9pliant logement collectif + Fiche d'information logement collectif + Formulaire 2-MT<\/h2><\/div><div class=\"fusion-text fusion-text-142 vct_description_typologie\"><p>Un logement collectif correspond \u00e0 un b\u00e2timent \u00e0 usage d\u2019habitation comprenant au moins trois<br \/>\nlogements superpos\u00e9s ou accol\u00e9s.<\/p>\n<p>On assimile \u00e9galement au logement collectif les locaux \u00e0 sommeil et les internats (locaux \u00e0 sommeil<br \/>\net espaces de vie) des \u00e9tablissements d\u2019enseignement.<\/p>\n<\/div><div class=\"fusion-builder-row fusion-builder-row-inner fusion-row fusion-flex-align-items-flex-start fusion-flex-justify-content-center fusion-flex-content-wrap\" style=\"--awb-flex-grow:0;--awb-flex-grow-medium:0;--awb-flex-grow-small:0;--awb-flex-shrink:0;--awb-flex-shrink-medium:0;--awb-flex-shrink-small:0;width:104% !important;max-width:104% !important;margin-left: calc(-4% \/ 2 );margin-right: calc(-4% \/ 2 );\"><div class=\"fusion-layout-column fusion_builder_column_inner fusion-builder-nested-column-183 fusion_builder_column_inner_1_1 1_1 fusion-flex-column\" style=\"--awb-bg-size:cover;--awb-width-large:100%;--awb-margin-top-large:0px;--awb-spacing-right-large:1.92%;--awb-margin-bottom-large:20px;--awb-spacing-left-large:1.92%;--awb-width-medium:100%;--awb-order-medium:0;--awb-spacing-right-medium:1.92%;--awb-spacing-left-medium:1.92%;--awb-width-small:100%;--awb-order-small:0;--awb-spacing-right-small:1.92%;--awb-spacing-left-small:1.92%;\"><div class=\"fusion-column-wrapper fusion-column-has-shadow fusion-flex-justify-content-flex-start fusion-content-layout-column\"><div class=\"fusion-separator fusion-full-width-sep\" style=\"align-self: center;margin-left: auto;margin-right: auto;width:100%;\"><div class=\"fusion-separator-border sep-shadow\" style=\"--awb-height:20px;--awb-amount:20px;background:radial-gradient(ellipse at 50% -50% , #e0dede 0px, rgba(255, 255, 255, 0) 80%) repeat scroll 0 0 rgba(0, 0, 0, 0);background:-webkit-radial-gradient(ellipse at 50% -50% , #e0dede 0px, rgba(255, 255, 255, 0) 80%) repeat scroll 0 0 rgba(0, 0, 0, 0);background:-moz-radial-gradient(ellipse at 50% -50% , #e0dede 0px, rgba(255, 255, 255, 0) 80%) repeat scroll 0 0 rgba(0, 0, 0, 0);background:-o-radial-gradient(ellipse at 50% -50% , #e0dede 0px, rgba(255, 255, 255, 0) 80%) repeat scroll 0 0 rgba(0, 0, 0, 0);\"><\/div><\/div><\/div><\/div><div class=\"fusion-layout-column fusion_builder_column_inner fusion-builder-nested-column-184 fusion_builder_column_inner_1_3 1_3 fusion-flex-column\" style=\"--awb-bg-size:cover;--awb-width-large:33.333333333333%;--awb-margin-top-large:0px;--awb-spacing-right-large:5.76%;--awb-margin-bottom-large:20px;--awb-spacing-left-large:5.76%;--awb-width-medium:100%;--awb-order-medium:0;--awb-spacing-right-medium:1.92%;--awb-spacing-left-medium:1.92%;--awb-width-small:100%;--awb-order-small:0;--awb-spacing-right-small:1.92%;--awb-spacing-left-small:1.92%;\"><div class=\"fusion-column-wrapper fusion-column-has-shadow fusion-flex-justify-content-flex-start fusion-content-layout-column\"><div class=\"fusion-image-element \" style=\"text-align:right;--awb-max-width:450px;--awb-caption-title-font-family:var(--h2_typography-font-family);--awb-caption-title-font-weight:var(--h2_typography-font-weight);--awb-caption-title-font-style:var(--h2_typography-font-style);--awb-caption-title-size:var(--h2_typography-font-size);--awb-caption-title-transform:var(--h2_typography-text-transform);--awb-caption-title-line-height:var(--h2_typography-line-height);--awb-caption-title-letter-spacing:var(--h2_typography-letter-spacing);\"><span class=\" fusion-imageframe imageframe-none imageframe-36 hover-type-none\"><img decoding=\"async\" width=\"400\" height=\"300\" title=\"SDE REBPF IlluTotales Logement Collectif\" src=\"https:\/\/www.service-public.pf\/sde\/wp-content\/uploads\/sites\/15\/2023\/01\/SDE-REBPF-IlluTotales-Logement-Collectif-1-400x300.png\" alt class=\"img-responsive wp-image-3533\" srcset=\"https:\/\/www.service-public.pf\/sde\/wp-content\/uploads\/sites\/15\/2023\/01\/SDE-REBPF-IlluTotales-Logement-Collectif-1-200x150.png 200w, https:\/\/www.service-public.pf\/sde\/wp-content\/uploads\/sites\/15\/2023\/01\/SDE-REBPF-IlluTotales-Logement-Collectif-1-400x300.png 400w, https:\/\/www.service-public.pf\/sde\/wp-content\/uploads\/sites\/15\/2023\/01\/SDE-REBPF-IlluTotales-Logement-Collectif-1-600x450.png 600w, https:\/\/www.service-public.pf\/sde\/wp-content\/uploads\/sites\/15\/2023\/01\/SDE-REBPF-IlluTotales-Logement-Collectif-1-800x600.png 800w, https:\/\/www.service-public.pf\/sde\/wp-content\/uploads\/sites\/15\/2023\/01\/SDE-REBPF-IlluTotales-Logement-Collectif-1-1200x900.png 1200w, https:\/\/www.service-public.pf\/sde\/wp-content\/uploads\/sites\/15\/2023\/01\/SDE-REBPF-IlluTotales-Logement-Collectif-1.png 1453w\" sizes=\"(max-width: 1024px) 100vw, (max-width: 640px) 100vw, 600px\" \/><\/span><\/div><\/div><\/div><div class=\"fusion-layout-column fusion_builder_column_inner fusion-builder-nested-column-185 fusion_builder_column_inner_2_3 2_3 fusion-flex-column\" style=\"--awb-bg-size:cover;--awb-width-large:66.666666666667%;--awb-margin-top-large:0px;--awb-spacing-right-large:2.88%;--awb-margin-bottom-large:20px;--awb-spacing-left-large:2.88%;--awb-width-medium:100%;--awb-order-medium:0;--awb-spacing-right-medium:1.92%;--awb-spacing-left-medium:1.92%;--awb-width-small:100%;--awb-order-small:0;--awb-spacing-right-small:1.92%;--awb-spacing-left-small:1.92%;\"><div class=\"fusion-column-wrapper fusion-column-has-shadow fusion-flex-justify-content-center fusion-content-layout-column\"><div class=\"fusion-text fusion-text-143\" style=\"--awb-content-alignment:center;\"><p><span style=\"font-size: 24pt\">Localisation\u00a0du projet :<strong> Tuamotu<\/strong><\/span><\/p>\n<p><span style=\"font-size: 24pt\">Typologie de la construction\u00a0:<strong> Logement collectif<\/strong><\/span><\/p>\n<\/div><\/div><\/div><div class=\"fusion-layout-column fusion_builder_column_inner fusion-builder-nested-column-186 fusion_builder_column_inner_1_1 1_1 fusion-flex-column\" style=\"--awb-bg-size:cover;--awb-width-large:100%;--awb-margin-top-large:0px;--awb-spacing-right-large:1.92%;--awb-margin-bottom-large:20px;--awb-spacing-left-large:1.92%;--awb-width-medium:100%;--awb-order-medium:0;--awb-spacing-right-medium:1.92%;--awb-spacing-left-medium:1.92%;--awb-width-small:100%;--awb-order-small:0;--awb-spacing-right-small:1.92%;--awb-spacing-left-small:1.92%;\"><div class=\"fusion-column-wrapper fusion-column-has-shadow fusion-flex-justify-content-flex-start fusion-content-layout-column\"><div class=\"fusion-separator fusion-full-width-sep\" style=\"align-self: center;margin-left: auto;margin-right: auto;margin-bottom:20px;width:100%;\"><div class=\"fusion-separator-border sep-shadow\" style=\"--awb-height:20px;--awb-amount:20px;background:radial-gradient(ellipse at 50% -50% , #e0dede 0px, rgba(255, 255, 255, 0) 80%) repeat scroll 0 0 rgba(0, 0, 0, 0);background:-webkit-radial-gradient(ellipse at 50% -50% , #e0dede 0px, rgba(255, 255, 255, 0) 80%) repeat scroll 0 0 rgba(0, 0, 0, 0);background:-moz-radial-gradient(ellipse at 50% -50% , #e0dede 0px, rgba(255, 255, 255, 0) 80%) repeat scroll 0 0 rgba(0, 0, 0, 0);background:-o-radial-gradient(ellipse at 50% -50% , #e0dede 0px, rgba(255, 255, 255, 0) 80%) repeat scroll 0 0 rgba(0, 0, 0, 0);\"><\/div><\/div><\/div><\/div><div class=\"fusion-layout-column fusion_builder_column_inner fusion-builder-nested-column-187 fusion_builder_column_inner_1_1 1_1 fusion-flex-column\" style=\"--awb-bg-size:cover;--awb-width-large:100%;--awb-margin-top-large:0px;--awb-spacing-right-large:1.92%;--awb-margin-bottom-large:20px;--awb-spacing-left-large:1.92%;--awb-width-medium:100%;--awb-order-medium:0;--awb-spacing-right-medium:1.92%;--awb-spacing-left-medium:1.92%;--awb-width-small:100%;--awb-order-small:0;--awb-spacing-right-small:1.92%;--awb-spacing-left-small:1.92%;\"><div class=\"fusion-column-wrapper fusion-column-has-shadow fusion-flex-justify-content-flex-start fusion-content-layout-column\"><div class=\"fusion-text fusion-text-144\"><p><span style=\"color: #000000\"><strong>Th\u00e9matiques applicables :<\/strong><\/span><\/p>\n<\/div><div class=\"accordian fusion-accordian\" style=\"--awb-border-size:1px;--awb-icon-size:13px;--awb-content-font-size:13px;--awb-icon-alignment:left;--awb-hover-color:#f9f9f9;--awb-border-color:#cccccc;--awb-background-color:#ffffff;--awb-divider-color:#e0dede;--awb-divider-hover-color:#e0dede;--awb-icon-color:#ffffff;--awb-title-color:#333333;--awb-content-color:#747474;--awb-icon-box-color:#333333;--awb-toggle-hover-accent-color:#26a147;--awb-title-font-family:&quot;PT Sans&quot;;--awb-title-font-weight:400;--awb-title-font-style:normal;--awb-title-font-size:13px;--awb-content-font-family:&quot;PT Sans&quot;;--awb-content-font-style:normal;--awb-content-font-weight:400;\"><div class=\"panel-group fusion-toggle-icon-boxed\" id=\"accordion-3355-36\"><div class=\"fusion-panel panel-default panel-7ffe15c39e64fe5da fusion-toggle-has-divider\" style=\"--awb-title-color:#333333;--awb-content-color:#747474;\"><div class=\"panel-heading\"><h4 class=\"panel-title toggle\" id=\"toggle_7ffe15c39e64fe5da\"><a aria-expanded=\"false\" aria-controls=\"7ffe15c39e64fe5da\" role=\"button\" data-toggle=\"collapse\" data-parent=\"#accordion-3355-36\" data-target=\"#7ffe15c39e64fe5da\" href=\"#7ffe15c39e64fe5da\"><span class=\"fusion-toggle-icon-wrapper\" aria-hidden=\"true\"><i class=\"fa-fusion-box active-icon awb-icon-minus\" aria-hidden=\"true\"><\/i><i class=\"fa-fusion-box inactive-icon awb-icon-plus\" aria-hidden=\"true\"><\/i><\/span><span class=\"fusion-toggle-heading\">Protection solaire de la toiture<\/span><\/a><\/h4><\/div><div id=\"7ffe15c39e64fe5da\" class=\"panel-collapse collapse \" aria-labelledby=\"toggle_7ffe15c39e64fe5da\"><div class=\"panel-body toggle-content fusion-clearfix\">\n<table style=\"width: 100%\">\n<tbody>\n<tr>\n<td style=\"width: 65%\" rowspan=\"2\"><span style=\"text-decoration: underline\"><span style=\"color: #000000\"><strong>Locaux concern\u00e9s :<\/strong><\/span><\/span><\/p>\n<ul>\n<li>Locaux clos et climatis\u00e9s ou occup\u00e9s (exemples\u00a0: chambre, s\u00e9jour, bureau, \u2026)<\/li>\n<li>Locaux clos non-occup\u00e9s donnant <u>directement<\/u> sur les locaux ci-dessus, hors locaux techniques, stationnements et espaces de stockage non climatis\u00e9s (exemples : sanitaires, salle de bain, buanderie, local poubelle, \u2026)<\/li>\n<\/ul>\n<\/td>\n<td style=\"width: 17.5%\"><span style=\"font-size: 12pt\"><img decoding=\"async\" class=\"wp-image-3430 aligncenter\" src=\"https:\/\/www.service-public.pf\/sde\/wp-content\/uploads\/sites\/15\/2023\/01\/SDE-REBPF-IlluTotales-Logement-Collectif-ProToiture-1.png\" alt=\"\" width=\"300\" height=\"225\" \/><\/span><\/td>\n<\/tr>\n<\/tbody>\n<\/table>\n<h2><\/h2>\n<p style=\"text-decoration: underline\"><span style=\"color: #000000\"><strong>Seuils \u00e0 respecter :<\/strong><\/span><\/p>\n<table class=\"table table-bordered\" style=\"width: 99.6977%\">\n<tbody>\n<tr>\n<td style=\"width: 21.761%\" width=\"169\"><strong><b>Mesure<\/b><\/strong><\/td>\n<td style=\"width: 7.54717%\" width=\"56\"><strong><b>Seuil<\/b><\/strong><\/td>\n<td style=\"width: 111.824%\" width=\"548\"><strong><b>Exemples de solutions<\/b><\/strong><\/td>\n<\/tr>\n<tr>\n<td style=\"width: 21.761%\" width=\"169\">Facteur solaire maximal de la toiture<\/td>\n<td style=\"width: 7.54717%\" width=\"56\">2,5 %<\/td>\n<td style=\"width: 111.824%\" width=\"548\">\n<ul>\n<li>Toiture (avec combles) en t\u00f4le de teinte claire avec 3 cm de laine min\u00e9rale minimum<\/li>\n<li>Toiture (avec combles) en t\u00f4le de teinte moyenne avec 5 cm de laine min\u00e9rale minimum<\/li>\n<li>Toiture (avec combles) en t\u00f4le de teinte sombre avec 7,5 cm de laine min\u00e9rale minimum<\/li>\n<li>Toiture terrasse en b\u00e9ton de teinte moyenne avec 6 cm de polystyr\u00e8ne expans\u00e9 minimum<\/li>\n<li>Toiture terrasse en b\u00e9ton avec sur-toiture largement ventil\u00e9e<\/li>\n<\/ul>\n<\/td>\n<\/tr>\n<\/tbody>\n<\/table>\n<p><span style=\"color: #000000\"><strong>Pour plus d\u2019informations sur l\u2019application de la th\u00e9matique, consultez la fiche en question\u00a0:<\/strong><\/span><\/p>\n<ul>\n<li><a href=\"https:\/\/www.service-public.pf\/sde\/wp-content\/uploads\/sites\/15\/2023\/09\/Fiche-02-Protection-solaire-des-parois-opaques-horizontales-Toitures.pdf\">Fiche d\u2019application \u00ab\u00a0Protection solaire de la toiture\u00a0\u00bb<\/a><\/li>\n<\/ul>\n<\/div><\/div><\/div><div class=\"fusion-panel panel-default panel-8665d5bb177db9662 fusion-toggle-has-divider\" style=\"--awb-title-color:#333333;--awb-content-color:#747474;\"><div class=\"panel-heading\"><h4 class=\"panel-title toggle\" id=\"toggle_8665d5bb177db9662\"><a aria-expanded=\"false\" aria-controls=\"8665d5bb177db9662\" role=\"button\" data-toggle=\"collapse\" data-parent=\"#accordion-3355-36\" data-target=\"#8665d5bb177db9662\" href=\"#8665d5bb177db9662\"><span class=\"fusion-toggle-icon-wrapper\" aria-hidden=\"true\"><i class=\"fa-fusion-box active-icon awb-icon-minus\" aria-hidden=\"true\"><\/i><i class=\"fa-fusion-box inactive-icon awb-icon-plus\" aria-hidden=\"true\"><\/i><\/span><span class=\"fusion-toggle-heading\">Protection solaire des fa\u00e7ades (murs et baies)<\/span><\/a><\/h4><\/div><div id=\"8665d5bb177db9662\" class=\"panel-collapse collapse \" aria-labelledby=\"toggle_8665d5bb177db9662\"><div class=\"panel-body toggle-content fusion-clearfix\">\n<table style=\"width: 100%\">\n<tbody>\n<tr>\n<td style=\"width: 65%\" rowspan=\"2\"><span style=\"text-decoration: underline\"><span style=\"color: #000000\"><strong>Locaux concern\u00e9s :<\/strong><\/span><\/span><\/p>\n<ul>\n<li>Locaux clos et climatis\u00e9s ou occup\u00e9s (exemples\u00a0: chambre, s\u00e9jour, bureau, \u2026)<\/li>\n<li>Locaux clos non-occup\u00e9s donnant <u>directement<\/u> sur les locaux ci-dessus, hors locaux techniques, stationnements et espaces de stockage non climatis\u00e9s (exemples : sanitaires, salle de bain, buanderie, local poubelle, salle de sport, \u2026)<\/li>\n<\/ul>\n<\/td>\n<td style=\"width: 17.5%\"><img decoding=\"async\" class=\"wp-image-3430 aligncenter\" src=\"https:\/\/www.service-public.pf\/sde\/wp-content\/uploads\/sites\/15\/2023\/01\/SDE-REBPF-IlluTotales-Logement-Collectif-ProFacade-1.png\" alt=\"\" width=\"300\" height=\"225\" \/><\/td>\n<\/tr>\n<\/tbody>\n<\/table>\n<h2><\/h2>\n<p style=\"text-decoration: underline\"><span style=\"color: #000000\"><strong>Seuils \u00e0 respecter, selon l'orientation des fa\u00e7ades des locaux :<\/strong><\/span><\/p>\n<table>\n<tbody>\n<tr>\n<td width=\"20%\"><strong>Mesure<\/strong><\/td>\n<td width=\"20%\"><strong>Orientation<\/strong><\/td>\n<td width=\"5%\"><strong>Seuil<\/strong><\/td>\n<td width=\"243%\"><strong>Exemples de solutions<\/strong><\/td>\n<\/tr>\n<tr>\n<td rowspan=\"2\" width=\"20%\">Facteur solaire maximal des murs<\/td>\n<td width=\"20%\">Nord, Nord-Est, Nord-Ouest, Est, Ouest<\/td>\n<td width=\"5%\">11 %<\/td>\n<td rowspan=\"2\" width=\"243%\">Mur de teinte claire, double-peau l\u00e9g\u00e8re de teinte moyenne, mur en b\u00e9ton cellulaire, mur en parpaing de teinte moyenne, mur avec bardage ventil\u00e9, d\u00e9bord de toiture (dimensions \u00e0 calculer en fonction des caract\u00e9ristiques du mur), \u2026<\/td>\n<\/tr>\n<tr>\n<td width=\"20%\">Sud, Sud-Est, Sud-Ouest<\/td>\n<td width=\"5%\">12 %<\/td>\n<\/tr>\n<tr>\n<td rowspan=\"4\" width=\"20%\">Facteur solaire maximal des baies<\/td>\n<td width=\"20%\">Nord, Nord-Est, Nord-Ouest, Est, Ouest*<\/td>\n<td width=\"5%\">50 %<\/td>\n<td width=\"243%\">Double vitrage teint\u00e9 ou \u00e0 contr\u00f4le solaire, masque architectural (casquette, brise-soleil, \u2026) \u00e0 dimensionner selon les caract\u00e9ristiques de la baie, lame opaque<\/td>\n<\/tr>\n<tr>\n<td width=\"20%\">Sud-Est, Sud-Ouest*<\/td>\n<td width=\"5%\">60 %<\/td>\n<td rowspan=\"2\" width=\"243%\">Simple vitrage \u00e0 contr\u00f4le solaire, simple ou double vitrage teint\u00e9, double vitrage clair (au sud seulement), masque architectural (casquette, brise-soleil, \u2026) \u00e0 dimensionner selon les caract\u00e9ristiques de la baie, \u2026<\/td>\n<\/tr>\n<tr>\n<td width=\"20%\">Sud*<\/td>\n<td width=\"5%\">70 %<\/td>\n<\/tr>\n<tr>\n<td width=\"20%\">Baie horizontale<\/td>\n<td width=\"5%\">45%<\/td>\n<td width=\"243%\">Protection solaire compl\u00e9mentaire \u00e0 la baie, \u00e0 dimensionner en fonction du type de vitrage<\/td>\n<\/tr>\n<\/tbody>\n<\/table>\n<p><em><i>*Si le taux de surface de baie en fa\u00e7ade est sup\u00e9rieur \u00e0 70%, le seuil \u00e0 atteindre est alors rabaiss\u00e9 de 5 % (respectivement 45%, 55% et 65%).<\/i><\/em><\/p>\n<p style=\"color: #000000\"><strong>Pour plus d'informations sur l'application de ces th\u00e9matiques, consultez les fiches suivantes :<\/strong><\/p>\n<ul>\n<li><a href=\"https:\/\/www.service-public.pf\/sde\/wp-content\/uploads\/sites\/15\/2023\/09\/Fiche-03-Protection-solaire-des-parois-opaques-verticales-Murs.pdf\"><span style=\"font-size: 12pt\">Fiche d\u2019application \u00ab Protection solaire des murs \u00bb<\/span><\/a><\/li>\n<li><a href=\"https:\/\/www.service-public.pf\/sde\/wp-content\/uploads\/sites\/15\/2023\/09\/Fiche-04-Protection-solaire-des-baies.pdf\">Fiche d\u2019application \u00ab\u00a0Protection solaire des baies \u00bb<\/a><\/li>\n<li><a href=\"https:\/\/www.service-public.pf\/sde\/wp-content\/uploads\/sites\/15\/2023\/06\/Fiche-05-Prise-en-main-de-loutil-Cm-FS.pdf\">Fiche d\u2019application \u00ab\u00a0Outil de calcul pour la protection solaire des fa\u00e7ades \u00bb<\/a><\/li>\n<\/ul>\n<\/div><\/div><\/div><\/div><\/div><div class=\"fusion-text fusion-text-145\"><p><span style=\"color: #000000\"><strong>Informations relatives aux demandes de permis de construire et au certificat de conformit\u00e9<\/strong><\/span><\/p>\n<p>Le p\u00e9titionnaire remplit les nouveaux formulaires de demande de permis de construire et de certificat de conformit\u00e9 de la DCA qui int\u00e8grent la d\u00e9claration du respect de la r\u00e9glementation.<\/p>\n<p><strong>Si les surfaces de plancher construites cumul\u00e9es* sont sup\u00e9rieures \u00e0 250 m\u00b2 de plancher, les demandes de permis de construire et de certificat de conformit\u00e9 doivent \u00eatre accompagn\u00e9es de l\u2019avis d\u2019un organisme agr\u00e9\u00e9<\/strong><\/p>\n<ul>\n<li><a href=\"https:\/\/www.service-public.pf\/sde\/organismes-agrees\/\">Parcourir la page d\u00e9di\u00e9e aux organismes agr\u00e9\u00e9s<\/a><\/li>\n<\/ul>\n<p><em><span style=\"font-size: 10pt\">* Les surfaces de plancher \u00e0 consid\u00e9rer sont celles de n\u2019importe quel b\u00e2timent neuf rattach\u00e9 au projet de construction, d\u00e8s lors que la typologie associ\u00e9e est bureaux, enseignement, \u00e9tablissement de soin, h\u00f4tellerie ou logement collectif.<\/span><\/em><\/p>\n<p><span style=\"color: #000000\"><strong>Informations sur les dispositions applicables \u00e0 la typologie <\/strong>(ne consulter que les rubriques des th\u00e9matiques concernant le projet de construction)<strong>\u00a0:<\/strong><\/span><\/p>\n<ul>\n<li><a href=\"https:\/\/www.service-public.pf\/sde\/wp-content\/uploads\/sites\/15\/2023\/04\/REPBF_Depliants_LogementCollectif_Pages-V2.pdf\">D\u00e9pliant concernant la typologie Logement collectif<\/a><\/li>\n<\/ul>\n<\/div><\/div><\/div><\/div><\/div><\/div><div class=\"fusion-layout-column fusion_builder_column fusion-builder-column-49 fusion_builder_column_4_5 4_5 fusion-flex-column vct_tuamotu_content\" style=\"--awb-bg-size:cover;--awb-width-large:80%;--awb-flex-grow:0;--awb-flex-shrink:0;--awb-margin-top-large:0px;--awb-spacing-right-large:2.4%;--awb-margin-bottom-large:20px;--awb-spacing-left-large:2.4%;--awb-width-medium:100%;--awb-order-medium:0;--awb-flex-grow-medium:0;--awb-flex-shrink-medium:0;--awb-spacing-right-medium:1.92%;--awb-spacing-left-medium:1.92%;--awb-width-small:100%;--awb-order-small:0;--awb-flex-grow-small:0;--awb-flex-shrink-small:0;--awb-spacing-right-small:1.92%;--awb-spacing-left-small:1.92%;\" id=\"vct_tuamotu_batimentdebureaux_content\"><div class=\"fusion-column-wrapper fusion-column-has-shadow fusion-flex-justify-content-flex-start fusion-content-layout-column\"><div class=\"fusion-title title fusion-title-40 fusion-sep-none fusion-title-center fusion-title-text fusion-title-size-two hidden\" style=\"--awb-margin-top-small:0px;--awb-margin-right-small:0px;--awb-margin-bottom-small:20px;--awb-margin-left-small:0px;\"><h2 class=\"fusion-title-heading title-heading-center\" style=\"margin:0;\">Protection solaire de la toiture \/ Protection solaire des murs \/ Protection solaire des baies + D\u00e9pliant bureaux + Fiche d'information bureaux + Formulaire 2-MT<\/h2><\/div><div class=\"fusion-text fusion-text-146 vct_description_typologie\"><p>Il s\u2019agit d\u2019un b\u00e2timent ou d\u2019une partie de b\u00e2timent \u00e0 usage de bureaux, banque, administration,<br \/>\nespace de coworking comprenant \u00e9galement leurs locaux accessoires (sanitaires, salles de r\u00e9union,<br \/>\ncaf\u00e9taria, \u2026).<\/p>\n<p><em>A noter que le ou les locaux de bureaux qui se rattachent \u00e0 une autre destination ne sont pas associ\u00e9s<\/em><br \/>\n<em>\u00e0 la typologie \u00ab bureaux \u00bb mais \u00e0 la typologie du b\u00e2timent ou de la partie de b\u00e2timent. Par exemple,<\/em><br \/>\n<em>le bureau d\u2019un garage automobile est associ\u00e9 au garage, qui ne correspond pas \u00e0 une typologie<\/em><br \/>\n<em>particuli\u00e8re et correspond donc \u00e0 la section \u00ab\u00a0autre b\u00e2timent\u00a0\u00bb. M\u00eame chose pour un bureau<\/em><br \/>\n<em>administratif d\u2019une salle de sport.<\/em><\/p>\n<\/div><div class=\"fusion-builder-row fusion-builder-row-inner fusion-row fusion-flex-align-items-flex-start fusion-flex-justify-content-center fusion-flex-content-wrap\" style=\"--awb-flex-grow:0;--awb-flex-grow-medium:0;--awb-flex-grow-small:0;--awb-flex-shrink:0;--awb-flex-shrink-medium:0;--awb-flex-shrink-small:0;width:104% !important;max-width:104% !important;margin-left: calc(-4% \/ 2 );margin-right: calc(-4% \/ 2 );\"><div class=\"fusion-layout-column fusion_builder_column_inner fusion-builder-nested-column-188 fusion_builder_column_inner_1_1 1_1 fusion-flex-column\" style=\"--awb-bg-size:cover;--awb-width-large:100%;--awb-margin-top-large:0px;--awb-spacing-right-large:1.92%;--awb-margin-bottom-large:20px;--awb-spacing-left-large:1.92%;--awb-width-medium:100%;--awb-order-medium:0;--awb-spacing-right-medium:1.92%;--awb-spacing-left-medium:1.92%;--awb-width-small:100%;--awb-order-small:0;--awb-spacing-right-small:1.92%;--awb-spacing-left-small:1.92%;\"><div class=\"fusion-column-wrapper fusion-column-has-shadow fusion-flex-justify-content-flex-start fusion-content-layout-column\"><div class=\"fusion-separator fusion-full-width-sep\" style=\"align-self: center;margin-left: auto;margin-right: auto;width:100%;\"><div class=\"fusion-separator-border sep-shadow\" style=\"--awb-height:20px;--awb-amount:20px;background:radial-gradient(ellipse at 50% -50% , #e0dede 0px, rgba(255, 255, 255, 0) 80%) repeat scroll 0 0 rgba(0, 0, 0, 0);background:-webkit-radial-gradient(ellipse at 50% -50% , #e0dede 0px, rgba(255, 255, 255, 0) 80%) repeat scroll 0 0 rgba(0, 0, 0, 0);background:-moz-radial-gradient(ellipse at 50% -50% , #e0dede 0px, rgba(255, 255, 255, 0) 80%) repeat scroll 0 0 rgba(0, 0, 0, 0);background:-o-radial-gradient(ellipse at 50% -50% , #e0dede 0px, rgba(255, 255, 255, 0) 80%) repeat scroll 0 0 rgba(0, 0, 0, 0);\"><\/div><\/div><\/div><\/div><div class=\"fusion-layout-column fusion_builder_column_inner fusion-builder-nested-column-189 fusion_builder_column_inner_1_3 1_3 fusion-flex-column\" style=\"--awb-bg-size:cover;--awb-width-large:33.333333333333%;--awb-margin-top-large:0px;--awb-spacing-right-large:2vw;--awb-margin-bottom-large:20px;--awb-spacing-left-large:5.76%;--awb-width-medium:100%;--awb-order-medium:0;--awb-spacing-right-medium:1.92%;--awb-spacing-left-medium:1.92%;--awb-width-small:100%;--awb-order-small:0;--awb-spacing-right-small:1.92%;--awb-spacing-left-small:1.92%;\"><div class=\"fusion-column-wrapper fusion-column-has-shadow fusion-flex-justify-content-flex-start fusion-content-layout-column\"><div class=\"fusion-image-element \" style=\"text-align:right;--awb-max-width:450px;--awb-caption-title-font-family:var(--h2_typography-font-family);--awb-caption-title-font-weight:var(--h2_typography-font-weight);--awb-caption-title-font-style:var(--h2_typography-font-style);--awb-caption-title-size:var(--h2_typography-font-size);--awb-caption-title-transform:var(--h2_typography-text-transform);--awb-caption-title-line-height:var(--h2_typography-line-height);--awb-caption-title-letter-spacing:var(--h2_typography-letter-spacing);\"><span class=\" fusion-imageframe imageframe-none imageframe-37 hover-type-none\"><img decoding=\"async\" width=\"300\" height=\"225\" title=\"SDE REBPF IlluTotales Bureau\" src=\"https:\/\/www.service-public.pf\/sde\/wp-content\/uploads\/sites\/15\/2023\/01\/SDE-REBPF-IlluTotales-Bureau-300x225.png\" alt class=\"img-responsive wp-image-3431\" srcset=\"https:\/\/www.service-public.pf\/sde\/wp-content\/uploads\/sites\/15\/2023\/01\/SDE-REBPF-IlluTotales-Bureau-200x150.png 200w, https:\/\/www.service-public.pf\/sde\/wp-content\/uploads\/sites\/15\/2023\/01\/SDE-REBPF-IlluTotales-Bureau-400x300.png 400w, https:\/\/www.service-public.pf\/sde\/wp-content\/uploads\/sites\/15\/2023\/01\/SDE-REBPF-IlluTotales-Bureau-600x450.png 600w, https:\/\/www.service-public.pf\/sde\/wp-content\/uploads\/sites\/15\/2023\/01\/SDE-REBPF-IlluTotales-Bureau-800x600.png 800w, https:\/\/www.service-public.pf\/sde\/wp-content\/uploads\/sites\/15\/2023\/01\/SDE-REBPF-IlluTotales-Bureau-1200x900.png 1200w, https:\/\/www.service-public.pf\/sde\/wp-content\/uploads\/sites\/15\/2023\/01\/SDE-REBPF-IlluTotales-Bureau.png 1453w\" sizes=\"(max-width: 1024px) 100vw, (max-width: 640px) 100vw, 800px\" \/><\/span><\/div><\/div><\/div><div class=\"fusion-layout-column fusion_builder_column_inner fusion-builder-nested-column-190 fusion_builder_column_inner_2_3 2_3 fusion-flex-column\" style=\"--awb-bg-size:cover;--awb-width-large:66.666666666667%;--awb-margin-top-large:0px;--awb-spacing-right-large:2.88%;--awb-margin-bottom-large:20px;--awb-spacing-left-large:2.88%;--awb-width-medium:100%;--awb-order-medium:0;--awb-spacing-right-medium:1.92%;--awb-spacing-left-medium:1.92%;--awb-width-small:100%;--awb-order-small:0;--awb-spacing-right-small:1.92%;--awb-spacing-left-small:1.92%;\"><div class=\"fusion-column-wrapper fusion-column-has-shadow fusion-flex-justify-content-center fusion-content-layout-column\"><div class=\"fusion-text fusion-text-147\" style=\"--awb-content-alignment:center;--awb-font-size:24pt;\"><p>Localisation\u00a0du projet : <strong>Tuamotu<\/strong><\/p>\n<p>Typologie de la construction\u00a0: <strong>Bureaux<\/strong><\/p>\n<\/div><\/div><\/div><div class=\"fusion-layout-column fusion_builder_column_inner fusion-builder-nested-column-191 fusion_builder_column_inner_1_1 1_1 fusion-flex-column\" style=\"--awb-bg-size:cover;--awb-width-large:100%;--awb-margin-top-large:0px;--awb-spacing-right-large:1.92%;--awb-margin-bottom-large:20px;--awb-spacing-left-large:1.92%;--awb-width-medium:100%;--awb-order-medium:0;--awb-spacing-right-medium:1.92%;--awb-spacing-left-medium:1.92%;--awb-width-small:100%;--awb-order-small:0;--awb-spacing-right-small:1.92%;--awb-spacing-left-small:1.92%;\"><div class=\"fusion-column-wrapper fusion-column-has-shadow fusion-flex-justify-content-flex-start fusion-content-layout-column\"><div class=\"fusion-separator fusion-full-width-sep\" style=\"align-self: center;margin-left: auto;margin-right: auto;margin-bottom:20px;width:100%;\"><div class=\"fusion-separator-border sep-shadow\" style=\"--awb-height:20px;--awb-amount:20px;background:radial-gradient(ellipse at 50% -50% , #e0dede 0px, rgba(255, 255, 255, 0) 80%) repeat scroll 0 0 rgba(0, 0, 0, 0);background:-webkit-radial-gradient(ellipse at 50% -50% , #e0dede 0px, rgba(255, 255, 255, 0) 80%) repeat scroll 0 0 rgba(0, 0, 0, 0);background:-moz-radial-gradient(ellipse at 50% -50% , #e0dede 0px, rgba(255, 255, 255, 0) 80%) repeat scroll 0 0 rgba(0, 0, 0, 0);background:-o-radial-gradient(ellipse at 50% -50% , #e0dede 0px, rgba(255, 255, 255, 0) 80%) repeat scroll 0 0 rgba(0, 0, 0, 0);\"><\/div><\/div><\/div><\/div><div class=\"fusion-layout-column fusion_builder_column_inner fusion-builder-nested-column-192 fusion_builder_column_inner_1_1 1_1 fusion-flex-column\" style=\"--awb-bg-color:#ffffff;--awb-bg-color-hover:#ffffff;--awb-bg-size:cover;--awb-width-large:100%;--awb-margin-top-large:0px;--awb-spacing-right-large:1.92%;--awb-margin-bottom-large:20px;--awb-spacing-left-large:1.92%;--awb-width-medium:100%;--awb-order-medium:0;--awb-spacing-right-medium:1.92%;--awb-spacing-left-medium:1.92%;--awb-width-small:100%;--awb-order-small:0;--awb-spacing-right-small:1.92%;--awb-spacing-left-small:1.92%;\"><div class=\"fusion-column-wrapper fusion-column-has-shadow fusion-flex-justify-content-flex-start fusion-content-layout-column\"><div class=\"fusion-text fusion-text-148\" style=\"--awb-text-color:#000000;\"><p><strong>Th\u00e9matiques applicables :<\/strong><\/p>\n<\/div><div class=\"accordian fusion-accordian\" style=\"--awb-border-size:1px;--awb-icon-size:13px;--awb-content-font-size:13px;--awb-icon-alignment:left;--awb-hover-color:#f9f9f9;--awb-border-color:#cccccc;--awb-background-color:#ffffff;--awb-divider-color:#e0dede;--awb-divider-hover-color:#e0dede;--awb-icon-color:#ffffff;--awb-title-color:#333333;--awb-content-color:#747474;--awb-icon-box-color:#333333;--awb-toggle-hover-accent-color:#26a147;--awb-title-font-family:&quot;PT Sans&quot;;--awb-title-font-weight:400;--awb-title-font-style:normal;--awb-title-font-size:13px;--awb-content-font-family:&quot;PT Sans&quot;;--awb-content-font-style:normal;--awb-content-font-weight:400;\"><div class=\"panel-group fusion-toggle-icon-boxed\" id=\"accordion-3355-37\"><div class=\"fusion-panel panel-default panel-e01b042c21a2e38d9 fusion-toggle-has-divider\" style=\"--awb-title-color:#333333;--awb-content-color:#747474;\"><div class=\"panel-heading\"><h4 class=\"panel-title toggle\" id=\"toggle_e01b042c21a2e38d9\"><a aria-expanded=\"false\" aria-controls=\"e01b042c21a2e38d9\" role=\"button\" data-toggle=\"collapse\" data-parent=\"#accordion-3355-37\" data-target=\"#e01b042c21a2e38d9\" href=\"#e01b042c21a2e38d9\"><span class=\"fusion-toggle-icon-wrapper\" aria-hidden=\"true\"><i class=\"fa-fusion-box active-icon awb-icon-minus\" aria-hidden=\"true\"><\/i><i class=\"fa-fusion-box inactive-icon awb-icon-plus\" aria-hidden=\"true\"><\/i><\/span><span class=\"fusion-toggle-heading\">Protection solaire de la toiture<\/span><\/a><\/h4><\/div><div id=\"e01b042c21a2e38d9\" class=\"panel-collapse collapse \" aria-labelledby=\"toggle_e01b042c21a2e38d9\"><div class=\"panel-body toggle-content fusion-clearfix\">\n<table style=\"width: 100%;height: 187px\">\n<tbody>\n<tr style=\"height: 187px\">\n<td style=\"height: 187px\"><span style=\"color: #000000\"><strong><span style=\"text-decoration: underline\">Locaux concern\u00e9s<\/span> :<\/strong><\/span><\/p>\n<ul>\n<li>Locaux clos et climatis\u00e9s ou occup\u00e9s (exemples : bureau, salle de r\u00e9union, espace d\u2019accueil avec personnel permanent, locaux d\u2019activit\u00e9s diverses : caf\u00e9t\u00e9ria, r\u00e9fectoire, salle de sport, \u2026)<\/li>\n<li>Locaux clos non-occup\u00e9s donnant <u>directement<\/u> sur les locaux ci-dessus, hors locaux techniques, stationnements et espaces de stockage non climatis\u00e9s (exemples : sanitaires, circulation, hall, \u2026)<\/li>\n<\/ul>\n<\/td>\n<td style=\"height: 187px\"><img decoding=\"async\" class=\"alignright wp-image-3430\" src=\"https:\/\/www.service-public.pf\/sde\/wp-content\/uploads\/sites\/15\/2023\/01\/SDE-REBPF-IlluTotales-Bureau-ProToiture.png\" alt=\"\" width=\"300\" height=\"225\" \/><\/td>\n<\/tr>\n<\/tbody>\n<\/table>\n<p style=\"color: #000000\"><strong><span style=\"text-decoration: underline\">Seuils \u00e0 respecter : <\/span><\/strong><\/p>\n<table class=\"table table-bordered\" style=\"width: 100%\">\n<tbody>\n<tr>\n<td style=\"width: 24.0317%\"><strong>Mesure<\/strong><\/td>\n<td style=\"width: 4.78677%\"><strong>Seuil<\/strong><\/td>\n<td style=\"width: 58.7865%\"><strong>Exemples de solutions<\/strong><\/td>\n<\/tr>\n<tr>\n<td style=\"width: 24.0317%\">Facteur solaire maximal de la toiture<\/td>\n<td style=\"width: 4.78677%\">2,5%<\/td>\n<td style=\"width: 58.7865%\">\n<ul>\n<li>Toiture (avec combles) en t\u00f4le de teinte claire avec 3 cm de laine min\u00e9rale minimum<\/li>\n<li>Toiture (avec combles) en t\u00f4le de teinte moyenne avec 5 cm de laine min\u00e9rale minimum<\/li>\n<li>Toiture (avec combles) en t\u00f4le de teinte sombre avec 7,5 cm de laine min\u00e9rale minimum<\/li>\n<li>Toiture terrasse en b\u00e9ton de teinte moyenne avec 6 cm de polystyr\u00e8ne expans\u00e9 minimum<\/li>\n<li>Toiture terrasse en b\u00e9ton avec sur-toiture largement ventil\u00e9e<\/li>\n<\/ul>\n<\/td>\n<\/tr>\n<\/tbody>\n<\/table>\n<p><span style=\"color: #000000\"><strong>Pour plus d\u2019informations sur l\u2019application de la th\u00e9matique, consultez la fiche en question\u00a0:<\/strong><\/span><\/p>\n<ul>\n<li><a href=\"https:\/\/www.service-public.pf\/sde\/wp-content\/uploads\/sites\/15\/2023\/09\/Fiche-02-Protection-solaire-des-parois-opaques-horizontales-Toitures.pdf\">Fiche d\u2019application \u00ab\u00a0Protection solaire de la toiture\u00a0\u00bb<\/a><\/li>\n<\/ul>\n<\/div><\/div><\/div><div class=\"fusion-panel panel-default panel-4539bdd714f293802 fusion-toggle-has-divider\" style=\"--awb-title-color:#333333;--awb-content-color:#747474;\"><div class=\"panel-heading\"><h4 class=\"panel-title toggle\" id=\"toggle_4539bdd714f293802\"><a aria-expanded=\"false\" aria-controls=\"4539bdd714f293802\" role=\"button\" data-toggle=\"collapse\" data-parent=\"#accordion-3355-37\" data-target=\"#4539bdd714f293802\" href=\"#4539bdd714f293802\"><span class=\"fusion-toggle-icon-wrapper\" aria-hidden=\"true\"><i class=\"fa-fusion-box active-icon awb-icon-minus\" aria-hidden=\"true\"><\/i><i class=\"fa-fusion-box inactive-icon awb-icon-plus\" aria-hidden=\"true\"><\/i><\/span><span class=\"fusion-toggle-heading\">Protection solaire des fa\u00e7ades (murs et baies)<\/span><\/a><\/h4><\/div><div id=\"4539bdd714f293802\" class=\"panel-collapse collapse \" aria-labelledby=\"toggle_4539bdd714f293802\"><div class=\"panel-body toggle-content fusion-clearfix\">\n<table style=\"width: 100%;height: 187px\">\n<tbody>\n<tr style=\"height: 187px\">\n<td style=\"height: 187px\"><span style=\"color: #000000\"><strong><span style=\"text-decoration: underline\">Locaux concern\u00e9s<\/span> :<\/strong><\/span><\/p>\n<ul>\n<li>Locaux clos et climatis\u00e9s ou occup\u00e9s (exemples : bureau, salle de r\u00e9union, espace d\u2019accueil avec personnel permanent, locaux d\u2019activit\u00e9s diverses : caf\u00e9t\u00e9ria, r\u00e9fectoire, salle de sport, \u2026)<\/li>\n<li>Locaux clos non-occup\u00e9s donnant <u>directement<\/u> sur les locaux ci-dessus, hors locaux techniques, stationnements et espaces de stockage non climatis\u00e9s (exemples : sanitaires, circulation, hall, \u2026)<\/li>\n<\/ul>\n<\/td>\n<td style=\"height: 187px\"><img decoding=\"async\" class=\"alignright wp-image-3430\" src=\"https:\/\/www.service-public.pf\/sde\/wp-content\/uploads\/sites\/15\/2023\/01\/SDE-REBPF-IlluTotales-Bureau-ProFacade.png\" alt=\"\" width=\"300\" height=\"225\" \/><\/td>\n<\/tr>\n<\/tbody>\n<\/table>\n<p style=\"color: #000000\"><strong><span style=\"text-decoration: underline\">Seuils \u00e0 respecter : <\/span><\/strong><\/p>\n<table>\n<tbody>\n<tr>\n<td width=\"20%\"><strong>Mesure<\/strong><\/td>\n<td width=\"20%\"><strong>Orientation<\/strong><\/td>\n<td width=\"5%\"><strong>Seuil<\/strong><\/td>\n<td width=\"243%\"><strong>Exemples de solutions<\/strong><\/td>\n<\/tr>\n<tr>\n<td rowspan=\"2\" width=\"20%\">Facteur solaire maximal des murs<\/td>\n<td width=\"20%\">Nord, Nord-Est, Nord-Ouest, Est, Ouest<\/td>\n<td width=\"5%\">11 %<\/td>\n<td rowspan=\"2\" width=\"243%\">Mur de teinte claire, double-peau l\u00e9g\u00e8re de teinte moyenne, mur en b\u00e9ton cellulaire, mur en parpaing de teinte moyenne, mur avec bardage ventil\u00e9, d\u00e9bord de toiture (dimensions \u00e0 calculer en fonction des caract\u00e9ristiques du mur), \u2026<\/td>\n<\/tr>\n<tr>\n<td width=\"20%\">Sud, Sud-Est, Sud-Ouest<\/td>\n<td width=\"5%\">12 %<\/td>\n<\/tr>\n<tr>\n<td rowspan=\"4\" width=\"20%\">Facteur solaire maximal des baies<\/td>\n<td width=\"20%\">Nord, Nord-Est, Nord-Ouest, Est, Ouest*<\/td>\n<td width=\"5%\">50 %<\/td>\n<td width=\"243%\">Double vitrage teint\u00e9 ou \u00e0 contr\u00f4le solaire, masque architectural (casquette, brise-soleil, \u2026) \u00e0 dimensionner selon les caract\u00e9ristiques de la baie, lame opaque<\/td>\n<\/tr>\n<tr>\n<td width=\"20%\">Sud-Est, Sud-Ouest*<\/td>\n<td width=\"5%\">60 %<\/td>\n<td rowspan=\"2\" width=\"243%\">Simple vitrage \u00e0 contr\u00f4le solaire, simple ou double vitrage teint\u00e9, double vitrage clair (au sud seulement), masque architectural (casquette, brise-soleil, \u2026) \u00e0 dimensionner selon les caract\u00e9ristiques de la baie, \u2026<\/td>\n<\/tr>\n<tr>\n<td width=\"20%\">Sud*<\/td>\n<td width=\"5%\">70 %<\/td>\n<\/tr>\n<tr>\n<td width=\"20%\">Baie horizontale<\/td>\n<td width=\"5%\">45%<\/td>\n<td width=\"243%\">Protection solaire compl\u00e9mentaire \u00e0 la baie, \u00e0 dimensionner en fonction du type de vitrage<\/td>\n<\/tr>\n<\/tbody>\n<\/table>\n<p><em><i>* Si le taux de surface de baie en fa\u00e7ade est sup\u00e9rieur \u00e0 70%, le seuil \u00e0 atteindre est alors rabaiss\u00e9 de 5 % (respectivement 45%, 55% et 65%).<\/i><\/em><\/p>\n<p style=\"color: #000000\"><strong>Pour plus d'informations sur l'application de ces th\u00e9matiques, consultez les fiches suivantes :<\/strong><\/p>\n<ul>\n<li><a href=\"https:\/\/www.service-public.pf\/sde\/wp-content\/uploads\/sites\/15\/2023\/09\/Fiche-03-Protection-solaire-des-parois-opaques-verticales-Murs.pdf\">Fiche d\u2019application \u00ab Protection solaire des murs \u00bb<\/a><\/li>\n<li><a href=\"https:\/\/www.service-public.pf\/sde\/wp-content\/uploads\/sites\/15\/2023\/09\/Fiche-04-Protection-solaire-des-baies.pdf\">Fiche d\u2019application \u00ab\u00a0Protection solaire des baies \u00bb<\/a><\/li>\n<li><a href=\"https:\/\/www.service-public.pf\/sde\/wp-content\/uploads\/sites\/15\/2023\/06\/Fiche-05-Prise-en-main-de-loutil-Cm-FS.pdf\">Fiche d\u2019application \u00ab\u00a0Outil de calcul pour la protection solaire des fa\u00e7ades \u00bb<\/a><\/li>\n<\/ul>\n<\/div><\/div><\/div><\/div><\/div><div class=\"fusion-text fusion-text-149\" style=\"--awb-margin-top:10px;\"><p><span style=\"color: #000000\"><strong>Informations relatives aux demandes de permis de construire et au certificat de conformit\u00e9<\/strong><\/span><\/p>\n<p>La demande de permis de construire est accompagn\u00e9e d\u2019un formulaire de d\u00e9claration<\/p>\n<ul>\n<li>Formulaire de d\u00e9claration \u2013 Tuamotu<\/li>\n<\/ul>\n<p><strong>Si les surfaces de plancher construites cumul\u00e9es* sont sup\u00e9rieures \u00e0 250 m\u00b2 de plancher, les demandes de permis de construire et de certificat de conformit\u00e9 doivent \u00eatre accompagn\u00e9es de l\u2019avis d\u2019un organisme agr\u00e9\u00e9<\/strong><\/p>\n<ul>\n<li><a href=\"https:\/\/www.service-public.pf\/sde\/organismes-agrees\/\">Parcourir la page d\u00e9di\u00e9e aux organismes agr\u00e9\u00e9s<\/a><\/li>\n<\/ul>\n<p><em><span style=\"font-size: 10pt\">* Les surfaces de plancher \u00e0 consid\u00e9rer sont celles de n\u2019importe quel b\u00e2timent neuf rattach\u00e9 au projet de construction, d\u00e8s lors que la typologie associ\u00e9e est bureaux, enseignement, \u00e9tablissement de soin, h\u00f4tellerie ou logement collectif.<\/span><\/em><\/p>\n<p style=\"color: #000000\"><strong>Pour plus d\u2019informations sur les dispositions \u00e0 respecter <\/strong>(ne consulter que les rubriques des th\u00e9matiques concernant le projet de construction)<strong>\u00a0:<\/strong><\/p>\n<ul>\n<li><a href=\"https:\/\/www.service-public.pf\/sde\/wp-content\/uploads\/sites\/15\/2023\/04\/REPBF_Depliants_Bureaux_Pages-V2.pdf\">D\u00e9pliant \u00ab\u00a0Bureaux\u00a0\u00bb<\/a><\/li>\n<\/ul>\n<\/div><\/div><\/div><\/div><\/div><\/div><div class=\"fusion-layout-column fusion_builder_column fusion-builder-column-50 fusion_builder_column_4_5 4_5 fusion-flex-column vct_tuamotu_content\" style=\"--awb-bg-size:cover;--awb-width-large:80%;--awb-flex-grow:0;--awb-flex-shrink:0;--awb-margin-top-large:0px;--awb-spacing-right-large:2.4%;--awb-margin-bottom-large:20px;--awb-spacing-left-large:2.4%;--awb-width-medium:100%;--awb-order-medium:0;--awb-flex-grow-medium:0;--awb-flex-shrink-medium:0;--awb-spacing-right-medium:1.92%;--awb-spacing-left-medium:1.92%;--awb-width-small:100%;--awb-order-small:0;--awb-flex-grow-small:0;--awb-flex-shrink-small:0;--awb-spacing-right-small:1.92%;--awb-spacing-left-small:1.92%;\" id=\"vct_tuamotu_etablissementdesoin_content\"><div class=\"fusion-column-wrapper fusion-column-has-shadow fusion-flex-justify-content-flex-start fusion-content-layout-column\"><div class=\"fusion-title title fusion-title-41 fusion-sep-none fusion-title-center fusion-title-text fusion-title-size-two hidden\" style=\"--awb-margin-top-small:0px;--awb-margin-right-small:0px;--awb-margin-bottom-small:20px;--awb-margin-left-small:0px;\"><h2 class=\"fusion-title-heading title-heading-center\" style=\"margin:0;\">Protection solaire de la toiture \/ Protection solaire des murs \/ Protection solaire des baies\u00a0+ D\u00e9pliant \u00e9tablissement de soin + Fiche d'information \u00e9tablissement de soin + Formulaire 2-MT<\/h2><\/div><div class=\"fusion-text fusion-text-150 vct_description_typologie\"><p>Il s\u2019agit d\u2019un b\u00e2timent ou d\u2019une partie de b\u00e2timent \u00e0 usage d\u2019h\u00f4pital, clinique et tout autre<br \/>\n\u00e9tablissement de service public ou d\u2019int\u00e9r\u00eat collectif de la sant\u00e9 et leurs locaux accessoires ; ainsi que<br \/>\nles structures d\u2019accueil pour personnes \u00e2g\u00e9es et personnes handicap\u00e9es et leurs locaux accessoires.<\/p>\n<\/div><div class=\"fusion-builder-row fusion-builder-row-inner fusion-row fusion-flex-align-items-flex-start fusion-flex-justify-content-center fusion-flex-content-wrap\" style=\"--awb-flex-grow:0;--awb-flex-grow-medium:0;--awb-flex-grow-small:0;--awb-flex-shrink:0;--awb-flex-shrink-medium:0;--awb-flex-shrink-small:0;width:104% !important;max-width:104% !important;margin-left: calc(-4% \/ 2 );margin-right: calc(-4% \/ 2 );\"><div class=\"fusion-layout-column fusion_builder_column_inner fusion-builder-nested-column-193 fusion_builder_column_inner_1_1 1_1 fusion-flex-column\" style=\"--awb-bg-size:cover;--awb-width-large:100%;--awb-margin-top-large:0px;--awb-spacing-right-large:1.92%;--awb-margin-bottom-large:20px;--awb-spacing-left-large:1.92%;--awb-width-medium:100%;--awb-order-medium:0;--awb-spacing-right-medium:1.92%;--awb-spacing-left-medium:1.92%;--awb-width-small:100%;--awb-order-small:0;--awb-spacing-right-small:1.92%;--awb-spacing-left-small:1.92%;\"><div class=\"fusion-column-wrapper fusion-column-has-shadow fusion-flex-justify-content-flex-start fusion-content-layout-column\"><div class=\"fusion-separator fusion-full-width-sep\" style=\"align-self: center;margin-left: auto;margin-right: auto;width:100%;\"><div class=\"fusion-separator-border sep-shadow\" style=\"--awb-height:20px;--awb-amount:20px;background:radial-gradient(ellipse at 50% -50% , #e0dede 0px, rgba(255, 255, 255, 0) 80%) repeat scroll 0 0 rgba(0, 0, 0, 0);background:-webkit-radial-gradient(ellipse at 50% -50% , #e0dede 0px, rgba(255, 255, 255, 0) 80%) repeat scroll 0 0 rgba(0, 0, 0, 0);background:-moz-radial-gradient(ellipse at 50% -50% , #e0dede 0px, rgba(255, 255, 255, 0) 80%) repeat scroll 0 0 rgba(0, 0, 0, 0);background:-o-radial-gradient(ellipse at 50% -50% , #e0dede 0px, rgba(255, 255, 255, 0) 80%) repeat scroll 0 0 rgba(0, 0, 0, 0);\"><\/div><\/div><\/div><\/div><div class=\"fusion-layout-column fusion_builder_column_inner fusion-builder-nested-column-194 fusion_builder_column_inner_1_3 1_3 fusion-flex-column\" style=\"--awb-bg-size:cover;--awb-width-large:33.333333333333%;--awb-margin-top-large:0px;--awb-spacing-right-large:2vw;--awb-margin-bottom-large:20px;--awb-spacing-left-large:5.76%;--awb-width-medium:100%;--awb-order-medium:0;--awb-spacing-right-medium:1.92%;--awb-spacing-left-medium:1.92%;--awb-width-small:100%;--awb-order-small:0;--awb-spacing-right-small:1.92%;--awb-spacing-left-small:1.92%;\"><div class=\"fusion-column-wrapper fusion-column-has-shadow fusion-flex-justify-content-flex-start fusion-content-layout-column\"><div class=\"fusion-image-element \" style=\"text-align:right;--awb-max-width:450px;--awb-caption-title-font-family:var(--h2_typography-font-family);--awb-caption-title-font-weight:var(--h2_typography-font-weight);--awb-caption-title-font-style:var(--h2_typography-font-style);--awb-caption-title-size:var(--h2_typography-font-size);--awb-caption-title-transform:var(--h2_typography-text-transform);--awb-caption-title-line-height:var(--h2_typography-line-height);--awb-caption-title-letter-spacing:var(--h2_typography-letter-spacing);\"><span class=\" fusion-imageframe imageframe-none imageframe-38 hover-type-none\"><img decoding=\"async\" width=\"300\" height=\"225\" title=\"SDE REBPF IlluTotales Etablissement Soin\" src=\"https:\/\/www.service-public.pf\/sde\/wp-content\/uploads\/sites\/15\/2023\/01\/SDE-REBPF-IlluTotales-Etablissement-Soin-300x225.png\" alt class=\"img-responsive wp-image-3441\" srcset=\"https:\/\/www.service-public.pf\/sde\/wp-content\/uploads\/sites\/15\/2023\/01\/SDE-REBPF-IlluTotales-Etablissement-Soin-200x150.png 200w, https:\/\/www.service-public.pf\/sde\/wp-content\/uploads\/sites\/15\/2023\/01\/SDE-REBPF-IlluTotales-Etablissement-Soin-400x300.png 400w, https:\/\/www.service-public.pf\/sde\/wp-content\/uploads\/sites\/15\/2023\/01\/SDE-REBPF-IlluTotales-Etablissement-Soin-600x450.png 600w, https:\/\/www.service-public.pf\/sde\/wp-content\/uploads\/sites\/15\/2023\/01\/SDE-REBPF-IlluTotales-Etablissement-Soin-800x600.png 800w, https:\/\/www.service-public.pf\/sde\/wp-content\/uploads\/sites\/15\/2023\/01\/SDE-REBPF-IlluTotales-Etablissement-Soin-1200x900.png 1200w, https:\/\/www.service-public.pf\/sde\/wp-content\/uploads\/sites\/15\/2023\/01\/SDE-REBPF-IlluTotales-Etablissement-Soin.png 1453w\" sizes=\"(max-width: 1024px) 100vw, (max-width: 640px) 100vw, 800px\" \/><\/span><\/div><\/div><\/div><div class=\"fusion-layout-column fusion_builder_column_inner fusion-builder-nested-column-195 fusion_builder_column_inner_2_3 2_3 fusion-flex-column\" style=\"--awb-bg-size:cover;--awb-width-large:66.666666666667%;--awb-margin-top-large:0px;--awb-spacing-right-large:2.88%;--awb-margin-bottom-large:20px;--awb-spacing-left-large:2.88%;--awb-width-medium:100%;--awb-order-medium:0;--awb-spacing-right-medium:1.92%;--awb-spacing-left-medium:1.92%;--awb-width-small:100%;--awb-order-small:0;--awb-spacing-right-small:1.92%;--awb-spacing-left-small:1.92%;\"><div class=\"fusion-column-wrapper fusion-column-has-shadow fusion-flex-justify-content-center fusion-content-layout-column\"><div class=\"fusion-text fusion-text-151\" style=\"--awb-content-alignment:center;--awb-font-size:24pt;\"><p>Localisation\u00a0du projet : <strong>Tuamotu<\/strong><\/p>\n<p>Typologie de la construction\u00a0: <strong>\u00c9tablissement de soin<\/strong><\/p>\n<\/div><\/div><\/div><div class=\"fusion-layout-column fusion_builder_column_inner fusion-builder-nested-column-196 fusion_builder_column_inner_1_1 1_1 fusion-flex-column\" style=\"--awb-bg-size:cover;--awb-width-large:100%;--awb-margin-top-large:0px;--awb-spacing-right-large:1.92%;--awb-margin-bottom-large:20px;--awb-spacing-left-large:1.92%;--awb-width-medium:100%;--awb-order-medium:0;--awb-spacing-right-medium:1.92%;--awb-spacing-left-medium:1.92%;--awb-width-small:100%;--awb-order-small:0;--awb-spacing-right-small:1.92%;--awb-spacing-left-small:1.92%;\"><div class=\"fusion-column-wrapper fusion-column-has-shadow fusion-flex-justify-content-flex-start fusion-content-layout-column\"><div class=\"fusion-separator fusion-full-width-sep\" style=\"align-self: center;margin-left: auto;margin-right: auto;margin-bottom:20px;width:100%;\"><div class=\"fusion-separator-border sep-shadow\" style=\"--awb-height:20px;--awb-amount:20px;background:radial-gradient(ellipse at 50% -50% , #e0dede 0px, rgba(255, 255, 255, 0) 80%) repeat scroll 0 0 rgba(0, 0, 0, 0);background:-webkit-radial-gradient(ellipse at 50% -50% , #e0dede 0px, rgba(255, 255, 255, 0) 80%) repeat scroll 0 0 rgba(0, 0, 0, 0);background:-moz-radial-gradient(ellipse at 50% -50% , #e0dede 0px, rgba(255, 255, 255, 0) 80%) repeat scroll 0 0 rgba(0, 0, 0, 0);background:-o-radial-gradient(ellipse at 50% -50% , #e0dede 0px, rgba(255, 255, 255, 0) 80%) repeat scroll 0 0 rgba(0, 0, 0, 0);\"><\/div><\/div><\/div><\/div><div class=\"fusion-layout-column fusion_builder_column_inner fusion-builder-nested-column-197 fusion_builder_column_inner_1_1 1_1 fusion-flex-column\" style=\"--awb-bg-color:#ffffff;--awb-bg-color-hover:#ffffff;--awb-bg-size:cover;--awb-width-large:100%;--awb-margin-top-large:0px;--awb-spacing-right-large:1.92%;--awb-margin-bottom-large:20px;--awb-spacing-left-large:1.92%;--awb-width-medium:100%;--awb-order-medium:0;--awb-spacing-right-medium:1.92%;--awb-spacing-left-medium:1.92%;--awb-width-small:100%;--awb-order-small:0;--awb-spacing-right-small:1.92%;--awb-spacing-left-small:1.92%;\"><div class=\"fusion-column-wrapper fusion-column-has-shadow fusion-flex-justify-content-flex-start fusion-content-layout-column\"><div class=\"fusion-text fusion-text-152\" style=\"--awb-text-color:#000000;\"><p><strong>Th\u00e9matiques applicables :<\/strong><\/p>\n<\/div><div class=\"accordian fusion-accordian\" style=\"--awb-border-size:1px;--awb-icon-size:13px;--awb-content-font-size:13px;--awb-icon-alignment:left;--awb-hover-color:#f9f9f9;--awb-border-color:#cccccc;--awb-background-color:#ffffff;--awb-divider-color:#e0dede;--awb-divider-hover-color:#e0dede;--awb-icon-color:#ffffff;--awb-title-color:#333333;--awb-content-color:#747474;--awb-icon-box-color:#333333;--awb-toggle-hover-accent-color:#26a147;--awb-title-font-family:&quot;PT Sans&quot;;--awb-title-font-weight:400;--awb-title-font-style:normal;--awb-title-font-size:13px;--awb-content-font-family:&quot;PT Sans&quot;;--awb-content-font-style:normal;--awb-content-font-weight:400;\"><div class=\"panel-group fusion-toggle-icon-boxed\" id=\"accordion-3355-38\"><div class=\"fusion-panel panel-default panel-ba8c7b5f150fabf8c fusion-toggle-has-divider\" style=\"--awb-title-color:#333333;--awb-content-color:#747474;\"><div class=\"panel-heading\"><h4 class=\"panel-title toggle\" id=\"toggle_ba8c7b5f150fabf8c\"><a aria-expanded=\"false\" aria-controls=\"ba8c7b5f150fabf8c\" role=\"button\" data-toggle=\"collapse\" data-parent=\"#accordion-3355-38\" data-target=\"#ba8c7b5f150fabf8c\" href=\"#ba8c7b5f150fabf8c\"><span class=\"fusion-toggle-icon-wrapper\" aria-hidden=\"true\"><i class=\"fa-fusion-box active-icon awb-icon-minus\" aria-hidden=\"true\"><\/i><i class=\"fa-fusion-box inactive-icon awb-icon-plus\" aria-hidden=\"true\"><\/i><\/span><span class=\"fusion-toggle-heading\">Protection solaire de la toiture<\/span><\/a><\/h4><\/div><div id=\"ba8c7b5f150fabf8c\" class=\"panel-collapse collapse \" aria-labelledby=\"toggle_ba8c7b5f150fabf8c\"><div class=\"panel-body toggle-content fusion-clearfix\">\n<table style=\"width: 100%;height: 187px\">\n<tbody>\n<tr style=\"height: 187px\">\n<td style=\"height: 187px\"><span style=\"color: #000000\"><strong><span style=\"text-decoration: underline\">Locaux concern\u00e9s<\/span> :<\/strong><\/span><\/p>\n<ul>\n<li>Locaux clos et climatis\u00e9s ou occup\u00e9s (exemples : salle de consultation, bloc op\u00e9ratoire, bureau, salle de r\u00e9union, chambre, espace d\u2019accueil avec personnel permanent, locaux d\u2019activit\u00e9s diverses : caf\u00e9t\u00e9ria, r\u00e9fectoire, \u2026)<\/li>\n<li>Locaux clos non-occup\u00e9s donnant <u>directement<\/u> sur les locaux ci-dessus, hors locaux techniques, stationnements et espaces de stockage non climatis\u00e9s (exemples : sanitaires, circulation, hall, vestiaires, \u2026)<\/li>\n<\/ul>\n<\/td>\n<td style=\"height: 187px\"><img decoding=\"async\" class=\"alignright wp-image-3430\" src=\"https:\/\/www.service-public.pf\/sde\/wp-content\/uploads\/sites\/15\/2023\/01\/SDE-REBPF-IlluTotales-Etablissement-Soin-ProToiture.png\" alt=\"\" width=\"300\" height=\"225\" \/><\/td>\n<\/tr>\n<\/tbody>\n<\/table>\n<p style=\"color: #000000\"><strong><span style=\"text-decoration: underline\">Seuils \u00e0 respecter : <\/span><\/strong><\/p>\n<table class=\"table table-bordered\" style=\"width: 100%\">\n<tbody>\n<tr>\n<td style=\"width: 24.0317%\"><strong>Mesure<\/strong><\/td>\n<td style=\"width: 4.78677%\"><strong>Seuil<\/strong><\/td>\n<td style=\"width: 58.7865%\"><strong>Exemples de solutions<\/strong><\/td>\n<\/tr>\n<tr>\n<td style=\"width: 24.0317%\">Facteur solaire maximal de la toiture<\/td>\n<td style=\"width: 4.78677%\">2,5%<\/td>\n<td style=\"width: 58.7865%\">\n<ul>\n<li>Toiture (avec combles) en t\u00f4le de teinte claire avec 3 cm de laine min\u00e9rale minimum<\/li>\n<li>Toiture (avec combles) en t\u00f4le de teinte moyenne avec 5 cm de laine min\u00e9rale minimum<\/li>\n<li>Toiture (avec combles) en t\u00f4le de teinte sombre avec 7,5 cm de laine min\u00e9rale minimum<\/li>\n<li>Toiture terrasse en b\u00e9ton de teinte moyenne avec 6 cm de polystyr\u00e8ne expans\u00e9 minimum<\/li>\n<li>Toiture terrasse en b\u00e9ton avec sur-toiture largement ventil\u00e9e<\/li>\n<\/ul>\n<\/td>\n<\/tr>\n<\/tbody>\n<\/table>\n<p><span style=\"color: #000000\"><strong>Pour plus d\u2019informations sur l\u2019application de la th\u00e9matique, consultez la fiche en question\u00a0:<\/strong><\/span><\/p>\n<ul>\n<li><a href=\"https:\/\/www.service-public.pf\/sde\/wp-content\/uploads\/sites\/15\/2023\/09\/Fiche-02-Protection-solaire-des-parois-opaques-horizontales-Toitures.pdf\">Fiche d\u2019application \u00ab\u00a0Protection solaire de la toiture\u00a0\u00bb<\/a><\/li>\n<\/ul>\n<\/div><\/div><\/div><div class=\"fusion-panel panel-default panel-162742a35a7dd7ab9 fusion-toggle-has-divider\" style=\"--awb-title-color:#333333;--awb-content-color:#747474;\"><div class=\"panel-heading\"><h4 class=\"panel-title toggle\" id=\"toggle_162742a35a7dd7ab9\"><a aria-expanded=\"false\" aria-controls=\"162742a35a7dd7ab9\" role=\"button\" data-toggle=\"collapse\" data-parent=\"#accordion-3355-38\" data-target=\"#162742a35a7dd7ab9\" href=\"#162742a35a7dd7ab9\"><span class=\"fusion-toggle-icon-wrapper\" aria-hidden=\"true\"><i class=\"fa-fusion-box active-icon awb-icon-minus\" aria-hidden=\"true\"><\/i><i class=\"fa-fusion-box inactive-icon awb-icon-plus\" aria-hidden=\"true\"><\/i><\/span><span class=\"fusion-toggle-heading\">Protection solaire des fa\u00e7ades (murs et baies)<\/span><\/a><\/h4><\/div><div id=\"162742a35a7dd7ab9\" class=\"panel-collapse collapse \" aria-labelledby=\"toggle_162742a35a7dd7ab9\"><div class=\"panel-body toggle-content fusion-clearfix\">\n<table style=\"width: 100%;height: 187px\">\n<tbody>\n<tr style=\"height: 187px\">\n<td style=\"height: 187px\"><span style=\"color: #000000\"><strong><span style=\"text-decoration: underline\">Locaux concern\u00e9s<\/span> :<\/strong><\/span><\/p>\n<ul>\n<li>Locaux clos et climatis\u00e9s ou occup\u00e9s (exemples : salle de consultation, bloc op\u00e9ratoire, bureau, salle de r\u00e9union, chambre, espace d\u2019accueil avec personnel permanent, locaux d\u2019activit\u00e9s diverses : caf\u00e9t\u00e9ria, r\u00e9fectoire, \u2026)<\/li>\n<li>Locaux clos non-occup\u00e9s donnant <u>directement<\/u> sur les locaux ci-dessus, hors locaux techniques, stationnements et espaces de stockage non climatis\u00e9s (exemples : sanitaires, circulation, hall, vestiaires, \u2026)<\/li>\n<\/ul>\n<\/td>\n<td style=\"height: 187px\"><img decoding=\"async\" class=\"alignright wp-image-3430\" src=\"https:\/\/www.service-public.pf\/sde\/wp-content\/uploads\/sites\/15\/2023\/01\/SDE-REBPF-IlluTotales-Etablissement-Soin-ProFacade.png\" alt=\"\" width=\"300\" height=\"225\" \/><\/td>\n<\/tr>\n<\/tbody>\n<\/table>\n<p style=\"color: #000000\"><strong><span style=\"text-decoration: underline\">Seuils \u00e0 respecter : <\/span><\/strong><\/p>\n<table>\n<tbody>\n<tr>\n<td width=\"20%\"><strong>Mesure<\/strong><\/td>\n<td width=\"20%\"><strong>Orientation<\/strong><\/td>\n<td width=\"5%\"><strong>Seuil<\/strong><\/td>\n<td width=\"243%\"><strong>Exemples de solutions<\/strong><\/td>\n<\/tr>\n<tr>\n<td rowspan=\"2\" width=\"20%\">Facteur solaire maximal des murs<\/td>\n<td width=\"20%\">Nord, Nord-Est, Nord-Ouest, Est, Ouest<\/td>\n<td width=\"5%\">11 %<\/td>\n<td rowspan=\"2\" width=\"243%\">Mur de teinte claire, double-peau l\u00e9g\u00e8re de teinte moyenne, mur en b\u00e9ton cellulaire, mur en parpaing de teinte moyenne, mur avec bardage ventil\u00e9, d\u00e9bord de toiture (dimensions \u00e0 calculer en fonction des caract\u00e9ristiques du mur), \u2026<\/td>\n<\/tr>\n<tr>\n<td width=\"20%\">Sud, Sud-Est, Sud-Ouest<\/td>\n<td width=\"5%\">12 %<\/td>\n<\/tr>\n<tr>\n<td rowspan=\"4\" width=\"20%\">Facteur solaire maximal des baies<\/td>\n<td width=\"20%\">Nord, Nord-Est, Nord-Ouest, Est, Ouest*<\/td>\n<td width=\"5%\">50 %<\/td>\n<td width=\"243%\">Double vitrage teint\u00e9 ou \u00e0 contr\u00f4le solaire, masque architectural (casquette, brise-soleil, \u2026) \u00e0 dimensionner selon les caract\u00e9ristiques de la baie, lame opaque<\/td>\n<\/tr>\n<tr>\n<td width=\"20%\">Sud-Est, Sud-Ouest*<\/td>\n<td width=\"5%\">60 %<\/td>\n<td rowspan=\"2\" width=\"243%\">Simple vitrage \u00e0 contr\u00f4le solaire, simple ou double vitrage teint\u00e9, double vitrage clair (au sud seulement), masque architectural (casquette, brise-soleil, \u2026) \u00e0 dimensionner selon les caract\u00e9ristiques de la baie, \u2026<\/td>\n<\/tr>\n<tr>\n<td width=\"20%\">Sud*<\/td>\n<td width=\"5%\">70 %<\/td>\n<\/tr>\n<tr>\n<td width=\"20%\">Baie horizontale<\/td>\n<td width=\"5%\">45%<\/td>\n<td width=\"243%\">Protection solaire compl\u00e9mentaire \u00e0 la baie, \u00e0 dimensionner en fonction du type de vitrage<\/td>\n<\/tr>\n<\/tbody>\n<\/table>\n<p><em><i>* Si le taux de surface de baie en fa\u00e7ade est sup\u00e9rieur \u00e0 70%, le seuil \u00e0 atteindre est alors rabaiss\u00e9 de 5 % (respectivement 45%, 55% et 65%).<\/i><\/em><\/p>\n<p style=\"color: #000000\"><strong>Pour plus d'informations sur l'application de ces th\u00e9matiques, consultez les fiches suivantes :<\/strong><\/p>\n<ul>\n<li><a href=\"https:\/\/www.service-public.pf\/sde\/wp-content\/uploads\/sites\/15\/2023\/09\/Fiche-03-Protection-solaire-des-parois-opaques-verticales-Murs.pdf\">Fiche d\u2019application \u00ab Protection solaire des murs \u00bb<\/a><\/li>\n<li><a href=\"https:\/\/www.service-public.pf\/sde\/wp-content\/uploads\/sites\/15\/2023\/09\/Fiche-04-Protection-solaire-des-baies.pdf\">Fiche d\u2019application \u00ab\u00a0Protection solaire des baies \u00bb<\/a><\/li>\n<li><a href=\"https:\/\/www.service-public.pf\/sde\/wp-content\/uploads\/sites\/15\/2023\/06\/Fiche-05-Prise-en-main-de-loutil-Cm-FS.pdf\">Fiche d\u2019application \u00ab\u00a0Outil de calcul pour la protection solaire des fa\u00e7ades \u00bb<\/a><\/li>\n<\/ul>\n<\/div><\/div><\/div><\/div><\/div><div class=\"fusion-text fusion-text-153\" style=\"--awb-margin-top:10px;\"><p><span style=\"color: #000000\"><strong>Informations relatives aux demandes de permis de construire et au certificat de conformit\u00e9<\/strong><\/span><\/p>\n<p>Le p\u00e9titionnaire remplit les nouveaux formulaires de demande de permis de construire et de certificat de conformit\u00e9 de la DCA qui int\u00e8grent la d\u00e9claration du respect de la r\u00e9glementation.<\/p>\n<p><strong>Si les surfaces de plancher construites cumul\u00e9es* sont sup\u00e9rieures \u00e0 250 m\u00b2 de plancher, les demandes de permis de construire et de certificat de conformit\u00e9 doivent \u00eatre accompagn\u00e9es de l\u2019avis d\u2019un organisme agr\u00e9\u00e9<\/strong><\/p>\n<ul>\n<li><a href=\"https:\/\/www.service-public.pf\/sde\/organismes-agrees\/\">Parcourir la page d\u00e9di\u00e9e aux organismes agr\u00e9\u00e9s<\/a><\/li>\n<\/ul>\n<p><em><span style=\"font-size: 10pt\">* Les surfaces de plancher \u00e0 consid\u00e9rer sont celles de n\u2019importe quel b\u00e2timent neuf rattach\u00e9 au projet de construction, d\u00e8s lors que la typologie associ\u00e9e est bureaux, enseignement, \u00e9tablissement de soin, h\u00f4tellerie ou logement collectif.<\/span><\/em><\/p>\n<p style=\"color: #000000\"><strong>Informations sur les dispositions applicables \u00e0 la typologie <\/strong>(ne consulter que les rubriques des th\u00e9matiques concernant le projet de construction)<strong>\u00a0:<\/strong><\/p>\n<ul>\n<li><a href=\"https:\/\/www.service-public.pf\/sde\/wp-content\/uploads\/sites\/15\/2023\/04\/REPBF_Depliants_EtablissmentDeSoin_Pages-V2.pdf\">D\u00e9pliant \u00ab\u00a0\u00c9tablissement de soin \u00bb<\/a><\/li>\n<\/ul>\n<\/div><\/div><\/div><\/div><\/div><\/div><div class=\"fusion-layout-column fusion_builder_column fusion-builder-column-51 fusion_builder_column_4_5 4_5 fusion-flex-column vct_tuamotu_content\" style=\"--awb-bg-size:cover;--awb-width-large:80%;--awb-flex-grow:0;--awb-flex-shrink:0;--awb-margin-top-large:0px;--awb-spacing-right-large:2.4%;--awb-margin-bottom-large:20px;--awb-spacing-left-large:2.4%;--awb-width-medium:100%;--awb-order-medium:0;--awb-flex-grow-medium:0;--awb-flex-shrink-medium:0;--awb-spacing-right-medium:1.92%;--awb-spacing-left-medium:1.92%;--awb-width-small:100%;--awb-order-small:0;--awb-flex-grow-small:0;--awb-flex-shrink-small:0;--awb-spacing-right-small:1.92%;--awb-spacing-left-small:1.92%;\" id=\"vct_tuamotu_restauration_content\"><div class=\"fusion-column-wrapper fusion-column-has-shadow fusion-flex-justify-content-flex-start fusion-content-layout-column\"><div class=\"fusion-title title fusion-title-42 fusion-sep-none fusion-title-center fusion-title-text fusion-title-size-two hidden\" style=\"--awb-margin-top-small:0px;--awb-margin-right-small:0px;--awb-margin-bottom-small:20px;--awb-margin-left-small:0px;\"><h2 class=\"fusion-title-heading title-heading-center\" style=\"margin:0;\">Protection solaire de la toiture + D\u00e9pliant Restauration + Fiche d'information Restauration + Formulaire 1-AGMT<\/h2><\/div><div class=\"fusion-text fusion-text-154 vct_description_typologie\"><p>Il s\u2019agit d\u2019un b\u00e2timent ou d\u2019une partie de b\u00e2timent \u00e0 destination de restaurant ou de d\u00e9bit de<br \/>\nboisson, ainsi que leurs locaux accessoires.<\/p>\n<\/div><div class=\"fusion-builder-row fusion-builder-row-inner fusion-row fusion-flex-align-items-flex-start fusion-flex-justify-content-center fusion-flex-content-wrap\" style=\"--awb-flex-grow:0;--awb-flex-grow-medium:0;--awb-flex-grow-small:0;--awb-flex-shrink:0;--awb-flex-shrink-medium:0;--awb-flex-shrink-small:0;width:104% !important;max-width:104% !important;margin-left: calc(-4% \/ 2 );margin-right: calc(-4% \/ 2 );\"><div class=\"fusion-layout-column fusion_builder_column_inner fusion-builder-nested-column-198 fusion_builder_column_inner_1_1 1_1 fusion-flex-column\" style=\"--awb-bg-size:cover;--awb-width-large:100%;--awb-margin-top-large:0px;--awb-spacing-right-large:1.92%;--awb-margin-bottom-large:20px;--awb-spacing-left-large:1.92%;--awb-width-medium:100%;--awb-order-medium:0;--awb-spacing-right-medium:1.92%;--awb-spacing-left-medium:1.92%;--awb-width-small:100%;--awb-order-small:0;--awb-spacing-right-small:1.92%;--awb-spacing-left-small:1.92%;\"><div class=\"fusion-column-wrapper fusion-column-has-shadow fusion-flex-justify-content-flex-start fusion-content-layout-column\"><div class=\"fusion-separator fusion-full-width-sep\" style=\"align-self: center;margin-left: auto;margin-right: auto;width:100%;\"><div class=\"fusion-separator-border sep-shadow\" style=\"--awb-height:20px;--awb-amount:20px;background:radial-gradient(ellipse at 50% -50% , #e0dede 0px, rgba(255, 255, 255, 0) 80%) repeat scroll 0 0 rgba(0, 0, 0, 0);background:-webkit-radial-gradient(ellipse at 50% -50% , #e0dede 0px, rgba(255, 255, 255, 0) 80%) repeat scroll 0 0 rgba(0, 0, 0, 0);background:-moz-radial-gradient(ellipse at 50% -50% , #e0dede 0px, rgba(255, 255, 255, 0) 80%) repeat scroll 0 0 rgba(0, 0, 0, 0);background:-o-radial-gradient(ellipse at 50% -50% , #e0dede 0px, rgba(255, 255, 255, 0) 80%) repeat scroll 0 0 rgba(0, 0, 0, 0);\"><\/div><\/div><\/div><\/div><div class=\"fusion-layout-column fusion_builder_column_inner fusion-builder-nested-column-199 fusion_builder_column_inner_1_3 1_3 fusion-flex-column\" style=\"--awb-bg-size:cover;--awb-width-large:33.333333333333%;--awb-margin-top-large:0px;--awb-spacing-right-large:2vw;--awb-margin-bottom-large:20px;--awb-spacing-left-large:5.76%;--awb-width-medium:100%;--awb-order-medium:0;--awb-spacing-right-medium:1.92%;--awb-spacing-left-medium:1.92%;--awb-width-small:100%;--awb-order-small:0;--awb-spacing-right-small:1.92%;--awb-spacing-left-small:1.92%;\"><div class=\"fusion-column-wrapper fusion-column-has-shadow fusion-flex-justify-content-flex-start fusion-content-layout-column\"><div class=\"fusion-image-element \" style=\"text-align:right;--awb-max-width:450px;--awb-caption-title-font-family:var(--h2_typography-font-family);--awb-caption-title-font-weight:var(--h2_typography-font-weight);--awb-caption-title-font-style:var(--h2_typography-font-style);--awb-caption-title-size:var(--h2_typography-font-size);--awb-caption-title-transform:var(--h2_typography-text-transform);--awb-caption-title-line-height:var(--h2_typography-line-height);--awb-caption-title-letter-spacing:var(--h2_typography-letter-spacing);\"><span class=\" fusion-imageframe imageframe-none imageframe-39 hover-type-none\"><img decoding=\"async\" width=\"300\" height=\"225\" title=\"SDE REBPF IlluTotales Restaurant\" src=\"https:\/\/www.service-public.pf\/sde\/wp-content\/uploads\/sites\/15\/2023\/01\/SDE-REBPF-IlluTotales-Restaurant-300x225.png\" alt class=\"img-responsive wp-image-3464\" srcset=\"https:\/\/www.service-public.pf\/sde\/wp-content\/uploads\/sites\/15\/2023\/01\/SDE-REBPF-IlluTotales-Restaurant-200x150.png 200w, https:\/\/www.service-public.pf\/sde\/wp-content\/uploads\/sites\/15\/2023\/01\/SDE-REBPF-IlluTotales-Restaurant-400x300.png 400w, https:\/\/www.service-public.pf\/sde\/wp-content\/uploads\/sites\/15\/2023\/01\/SDE-REBPF-IlluTotales-Restaurant-600x450.png 600w, https:\/\/www.service-public.pf\/sde\/wp-content\/uploads\/sites\/15\/2023\/01\/SDE-REBPF-IlluTotales-Restaurant-800x600.png 800w, https:\/\/www.service-public.pf\/sde\/wp-content\/uploads\/sites\/15\/2023\/01\/SDE-REBPF-IlluTotales-Restaurant-1200x900.png 1200w, https:\/\/www.service-public.pf\/sde\/wp-content\/uploads\/sites\/15\/2023\/01\/SDE-REBPF-IlluTotales-Restaurant.png 1453w\" sizes=\"(max-width: 1024px) 100vw, (max-width: 640px) 100vw, 800px\" \/><\/span><\/div><\/div><\/div><div class=\"fusion-layout-column fusion_builder_column_inner fusion-builder-nested-column-200 fusion_builder_column_inner_2_3 2_3 fusion-flex-column\" style=\"--awb-bg-size:cover;--awb-width-large:66.666666666667%;--awb-margin-top-large:0px;--awb-spacing-right-large:2.88%;--awb-margin-bottom-large:20px;--awb-spacing-left-large:2.88%;--awb-width-medium:100%;--awb-order-medium:0;--awb-spacing-right-medium:1.92%;--awb-spacing-left-medium:1.92%;--awb-width-small:100%;--awb-order-small:0;--awb-spacing-right-small:1.92%;--awb-spacing-left-small:1.92%;\"><div class=\"fusion-column-wrapper fusion-column-has-shadow fusion-flex-justify-content-center fusion-content-layout-column\"><div class=\"fusion-text fusion-text-155\" style=\"--awb-content-alignment:center;--awb-font-size:24pt;\"><p>Localisation\u00a0du projet : <strong>Tuamotu<\/strong><\/p>\n<p>Typologie de la construction\u00a0: <strong>Restauration<\/strong><\/p>\n<\/div><\/div><\/div><div class=\"fusion-layout-column fusion_builder_column_inner fusion-builder-nested-column-201 fusion_builder_column_inner_1_1 1_1 fusion-flex-column\" style=\"--awb-bg-size:cover;--awb-width-large:100%;--awb-margin-top-large:0px;--awb-spacing-right-large:1.92%;--awb-margin-bottom-large:20px;--awb-spacing-left-large:1.92%;--awb-width-medium:100%;--awb-order-medium:0;--awb-spacing-right-medium:1.92%;--awb-spacing-left-medium:1.92%;--awb-width-small:100%;--awb-order-small:0;--awb-spacing-right-small:1.92%;--awb-spacing-left-small:1.92%;\"><div class=\"fusion-column-wrapper fusion-column-has-shadow fusion-flex-justify-content-flex-start fusion-content-layout-column\"><div class=\"fusion-separator fusion-full-width-sep\" style=\"align-self: center;margin-left: auto;margin-right: auto;margin-bottom:20px;width:100%;\"><div class=\"fusion-separator-border sep-shadow\" style=\"--awb-height:20px;--awb-amount:20px;background:radial-gradient(ellipse at 50% -50% , #e0dede 0px, rgba(255, 255, 255, 0) 80%) repeat scroll 0 0 rgba(0, 0, 0, 0);background:-webkit-radial-gradient(ellipse at 50% -50% , #e0dede 0px, rgba(255, 255, 255, 0) 80%) repeat scroll 0 0 rgba(0, 0, 0, 0);background:-moz-radial-gradient(ellipse at 50% -50% , #e0dede 0px, rgba(255, 255, 255, 0) 80%) repeat scroll 0 0 rgba(0, 0, 0, 0);background:-o-radial-gradient(ellipse at 50% -50% , #e0dede 0px, rgba(255, 255, 255, 0) 80%) repeat scroll 0 0 rgba(0, 0, 0, 0);\"><\/div><\/div><\/div><\/div><div class=\"fusion-layout-column fusion_builder_column_inner fusion-builder-nested-column-202 fusion_builder_column_inner_1_1 1_1 fusion-flex-column\" style=\"--awb-bg-color:#ffffff;--awb-bg-color-hover:#ffffff;--awb-bg-size:cover;--awb-width-large:100%;--awb-margin-top-large:0px;--awb-spacing-right-large:1.92%;--awb-margin-bottom-large:20px;--awb-spacing-left-large:1.92%;--awb-width-medium:100%;--awb-order-medium:0;--awb-spacing-right-medium:1.92%;--awb-spacing-left-medium:1.92%;--awb-width-small:100%;--awb-order-small:0;--awb-spacing-right-small:1.92%;--awb-spacing-left-small:1.92%;\"><div class=\"fusion-column-wrapper fusion-column-has-shadow fusion-flex-justify-content-flex-start fusion-content-layout-column\"><div class=\"fusion-text fusion-text-156\" style=\"--awb-text-color:#000000;\"><p><strong>Th\u00e9matiques applicables :<\/strong><\/p>\n<\/div><div class=\"accordian fusion-accordian\" style=\"--awb-border-size:1px;--awb-icon-size:13px;--awb-content-font-size:13px;--awb-icon-alignment:left;--awb-hover-color:#f9f9f9;--awb-border-color:#cccccc;--awb-background-color:#ffffff;--awb-divider-color:#e0dede;--awb-divider-hover-color:#e0dede;--awb-icon-color:#ffffff;--awb-title-color:#333333;--awb-content-color:#747474;--awb-icon-box-color:#333333;--awb-toggle-hover-accent-color:#26a147;--awb-title-font-family:&quot;PT Sans&quot;;--awb-title-font-weight:400;--awb-title-font-style:normal;--awb-title-font-size:13px;--awb-content-font-family:&quot;PT Sans&quot;;--awb-content-font-style:normal;--awb-content-font-weight:400;\"><div class=\"panel-group fusion-toggle-icon-boxed\" id=\"accordion-3355-39\"><div class=\"fusion-panel panel-default panel-5bd0fc2a7cae76a21 fusion-toggle-has-divider\" style=\"--awb-title-color:#333333;--awb-content-color:#747474;\"><div class=\"panel-heading\"><h4 class=\"panel-title toggle\" id=\"toggle_5bd0fc2a7cae76a21\"><a aria-expanded=\"false\" aria-controls=\"5bd0fc2a7cae76a21\" role=\"button\" data-toggle=\"collapse\" data-parent=\"#accordion-3355-39\" data-target=\"#5bd0fc2a7cae76a21\" href=\"#5bd0fc2a7cae76a21\"><span class=\"fusion-toggle-icon-wrapper\" aria-hidden=\"true\"><i class=\"fa-fusion-box active-icon awb-icon-minus\" aria-hidden=\"true\"><\/i><i class=\"fa-fusion-box inactive-icon awb-icon-plus\" aria-hidden=\"true\"><\/i><\/span><span class=\"fusion-toggle-heading\">Protection solaire de la toiture<\/span><\/a><\/h4><\/div><div id=\"5bd0fc2a7cae76a21\" class=\"panel-collapse collapse \" aria-labelledby=\"toggle_5bd0fc2a7cae76a21\"><div class=\"panel-body toggle-content fusion-clearfix\">\n<table style=\"width: 100%;height: 187px\">\n<tbody>\n<tr style=\"height: 187px\">\n<td style=\"height: 187px\"><span style=\"color: #000000\"><strong><span style=\"text-decoration: underline\">Locaux concern\u00e9s<\/span> :<\/strong><\/span><\/p>\n<ul>\n<li>Locaux clos et climatis\u00e9s ou occup\u00e9s (exemples\u00a0: cuisine, salle de restauration, r\u00e9serve climatis\u00e9e, \u2026)<\/li>\n<li>Locaux clos non-occup\u00e9s donnant <u>directement<\/u> sur les locaux ci-dessus, hors locaux techniques, stationnements et espaces de stockage non climatis\u00e9s (exemples : sanitaires, circulation, \u2026)<\/li>\n<\/ul>\n<\/td>\n<td style=\"height: 187px\"><img decoding=\"async\" class=\"alignright wp-image-3430\" src=\"https:\/\/www.service-public.pf\/sde\/wp-content\/uploads\/sites\/15\/2023\/01\/SDE-REBPF-IlluTotales-Restaurant-ProToiture.png\" alt=\"\" width=\"300\" height=\"225\" \/><\/td>\n<\/tr>\n<\/tbody>\n<\/table>\n<p style=\"color: #000000\"><strong><span style=\"text-decoration: underline\">Seuils \u00e0 respecter : <\/span><\/strong><\/p>\n<table class=\"table table-bordered\" style=\"width: 100%\">\n<tbody>\n<tr>\n<td style=\"width: 24.0317%\"><strong>Mesure<\/strong><\/td>\n<td style=\"width: 4.78677%\"><strong>Seuil<\/strong><\/td>\n<td style=\"width: 58.7865%\"><strong>Exemples de solutions<\/strong><\/td>\n<\/tr>\n<tr>\n<td style=\"width: 24.0317%\">Facteur solaire maximal de la toiture<\/td>\n<td style=\"width: 4.78677%\">2,5%<\/td>\n<td style=\"width: 58.7865%\">\n<ul>\n<li>Toiture (avec combles) en t\u00f4le de teinte claire avec 3 cm de laine min\u00e9rale minimum<\/li>\n<li>Toiture (avec combles) en t\u00f4le de teinte moyenne avec 5 cm de laine min\u00e9rale minimum<\/li>\n<li>Toiture (avec combles) en t\u00f4le de teinte sombre avec 7,5 cm de laine min\u00e9rale minimum<\/li>\n<li>Toiture terrasse en b\u00e9ton de teinte moyenne avec 6 cm de polystyr\u00e8ne expans\u00e9 minimum<\/li>\n<li>Toiture en bardeau de bois apparents correspondant \u00e0 une toiture \u00ab ventil\u00e9e \u00bb<\/li>\n<li>Toiture terrasse en b\u00e9ton avec sur-toiture largement ventil\u00e9e<\/li>\n<\/ul>\n<\/td>\n<\/tr>\n<\/tbody>\n<\/table>\n<p><span style=\"color: #000000\"><strong>Pour plus d\u2019informations sur l\u2019application de la th\u00e9matique, consultez la fiche en question\u00a0:<\/strong><\/span><\/p>\n<ul>\n<li><a href=\"https:\/\/www.service-public.pf\/sde\/wp-content\/uploads\/sites\/15\/2023\/09\/Fiche-02-Protection-solaire-des-parois-opaques-horizontales-Toitures.pdf\">Fiche d\u2019application \u00ab\u00a0Protection solaire de la toiture\u00a0\u00bb<\/a><\/li>\n<\/ul>\n<p>Nota bene : les informations diffus\u00e9es dans le d\u00e9pliant mis \u00e0 disposition ci-dessous sont normalement suffisantes pour s'assurer de la conformit\u00e9 de son projet sans rentrer dans les d\u00e9tails techniques de la th\u00e9matique.<\/p>\n<\/div><\/div><\/div><\/div><\/div><div class=\"fusion-text fusion-text-157\" style=\"--awb-margin-top:10px;\"><p><span style=\"color: #000000\"><strong>Informations relatives aux demandes de permis de construire et au certificat de conformit\u00e9<\/strong><\/span><\/p>\n<p>Le p\u00e9titionnaire remplit les nouveaux formulaires de demande de permis de construire et de certificat de conformit\u00e9 de la DCA qui int\u00e8grent la d\u00e9claration du respect de la r\u00e9glementation.<\/p>\n<p><span style=\"color: #000000\"><strong>Informations sur les dispositions applicables \u00e0 la typologie :<\/strong><\/span><\/p>\n<ul>\n<li><a href=\"https:\/\/www.service-public.pf\/sde\/wp-content\/uploads\/sites\/15\/2023\/03\/REPBF_Depliants_Restauration_Pages.pdf\">D\u00e9pliant \u00ab\u00a0Restauration \u00bb<\/a><\/li>\n<\/ul>\n<\/div><\/div><\/div><\/div><\/div><\/div><div class=\"fusion-layout-column fusion_builder_column fusion-builder-column-52 fusion_builder_column_4_5 4_5 fusion-flex-column vct_tuamotu_content\" style=\"--awb-bg-size:cover;--awb-width-large:80%;--awb-flex-grow:0;--awb-flex-shrink:0;--awb-margin-top-large:0px;--awb-spacing-right-large:2.4%;--awb-margin-bottom-large:20px;--awb-spacing-left-large:2.4%;--awb-width-medium:100%;--awb-order-medium:0;--awb-flex-grow-medium:0;--awb-flex-shrink-medium:0;--awb-spacing-right-medium:1.92%;--awb-spacing-left-medium:1.92%;--awb-width-small:100%;--awb-order-small:0;--awb-flex-grow-small:0;--awb-flex-shrink-small:0;--awb-spacing-right-small:1.92%;--awb-spacing-left-small:1.92%;\" id=\"vct_tuamotu_etablissementdenseignement_content\"><div class=\"fusion-column-wrapper fusion-column-has-shadow fusion-flex-justify-content-flex-start fusion-content-layout-column\"><div class=\"fusion-title title fusion-title-43 fusion-sep-none fusion-title-center fusion-title-text fusion-title-size-two hidden\" style=\"--awb-margin-top-small:0px;--awb-margin-right-small:0px;--awb-margin-bottom-small:20px;--awb-margin-left-small:0px;\"><h2 class=\"fusion-title-heading title-heading-center\" style=\"margin:0;\">Protection solaire de la toiture \/ Protection solaire des murs \/ Protection solaire des baies - ECOLE + D\u00e9pliant \u00e9tablissement d'enseignement + Fiche d'information \u00e9tablissement d'enseignement + Formulaire 2-MT<\/h2><\/div><div class=\"fusion-text fusion-text-158 vct_description_typologie\"><p>Il s\u2019agit d\u2019un b\u00e2timent ou d\u2019une partie de b\u00e2timent \u00e0 usage de cr\u00e8che et garderie, \u00e9cole maternelle,<br \/>\n\u00e9cole primaire, coll\u00e8ge, lyc\u00e9e, \u00e9tablissement d\u2019enseignement sup\u00e9rieur et tout autre b\u00e2timent de<br \/>\nservice public ou d\u2019int\u00e9r\u00eat collectif de l\u2019enseignement, comprenant \u00e9galement leurs locaux<br \/>\naccessoires.<\/p>\n<p>Pour rappel, les locaux \u00e0 sommeil et les internats sont assimil\u00e9s \u00e0 la typologie \u00ab logement collectif \u00bb.<\/p>\n<\/div><div class=\"fusion-builder-row fusion-builder-row-inner fusion-row fusion-flex-align-items-flex-start fusion-flex-justify-content-center fusion-flex-content-wrap\" style=\"--awb-flex-grow:0;--awb-flex-grow-medium:0;--awb-flex-grow-small:0;--awb-flex-shrink:0;--awb-flex-shrink-medium:0;--awb-flex-shrink-small:0;width:104% !important;max-width:104% !important;margin-left: calc(-4% \/ 2 );margin-right: calc(-4% \/ 2 );\"><div class=\"fusion-layout-column fusion_builder_column_inner fusion-builder-nested-column-203 fusion_builder_column_inner_1_1 1_1 fusion-flex-column\" style=\"--awb-bg-size:cover;--awb-width-large:100%;--awb-margin-top-large:0px;--awb-spacing-right-large:1.92%;--awb-margin-bottom-large:20px;--awb-spacing-left-large:1.92%;--awb-width-medium:100%;--awb-order-medium:0;--awb-spacing-right-medium:1.92%;--awb-spacing-left-medium:1.92%;--awb-width-small:100%;--awb-order-small:0;--awb-spacing-right-small:1.92%;--awb-spacing-left-small:1.92%;\"><div class=\"fusion-column-wrapper fusion-column-has-shadow fusion-flex-justify-content-flex-start fusion-content-layout-column\"><div class=\"fusion-separator fusion-full-width-sep\" style=\"align-self: center;margin-left: auto;margin-right: auto;width:100%;\"><div class=\"fusion-separator-border sep-shadow\" style=\"--awb-height:20px;--awb-amount:20px;background:radial-gradient(ellipse at 50% -50% , #e0dede 0px, rgba(255, 255, 255, 0) 80%) repeat scroll 0 0 rgba(0, 0, 0, 0);background:-webkit-radial-gradient(ellipse at 50% -50% , #e0dede 0px, rgba(255, 255, 255, 0) 80%) repeat scroll 0 0 rgba(0, 0, 0, 0);background:-moz-radial-gradient(ellipse at 50% -50% , #e0dede 0px, rgba(255, 255, 255, 0) 80%) repeat scroll 0 0 rgba(0, 0, 0, 0);background:-o-radial-gradient(ellipse at 50% -50% , #e0dede 0px, rgba(255, 255, 255, 0) 80%) repeat scroll 0 0 rgba(0, 0, 0, 0);\"><\/div><\/div><\/div><\/div><div class=\"fusion-layout-column fusion_builder_column_inner fusion-builder-nested-column-204 fusion_builder_column_inner_1_3 1_3 fusion-flex-column\" style=\"--awb-bg-size:cover;--awb-width-large:33.333333333333%;--awb-margin-top-large:0px;--awb-spacing-right-large:2vw;--awb-margin-bottom-large:20px;--awb-spacing-left-large:5.76%;--awb-width-medium:100%;--awb-order-medium:0;--awb-spacing-right-medium:1.92%;--awb-spacing-left-medium:1.92%;--awb-width-small:100%;--awb-order-small:0;--awb-spacing-right-small:1.92%;--awb-spacing-left-small:1.92%;\"><div class=\"fusion-column-wrapper fusion-column-has-shadow fusion-flex-justify-content-flex-start fusion-content-layout-column\"><div class=\"fusion-image-element \" style=\"text-align:right;--awb-max-width:450px;--awb-caption-title-font-family:var(--h2_typography-font-family);--awb-caption-title-font-weight:var(--h2_typography-font-weight);--awb-caption-title-font-style:var(--h2_typography-font-style);--awb-caption-title-size:var(--h2_typography-font-size);--awb-caption-title-transform:var(--h2_typography-text-transform);--awb-caption-title-line-height:var(--h2_typography-line-height);--awb-caption-title-letter-spacing:var(--h2_typography-letter-spacing);\"><span class=\" fusion-imageframe imageframe-none imageframe-40 hover-type-none\"><img decoding=\"async\" width=\"300\" height=\"225\" title=\"SDE REBPF IlluTotales Enseignement\" src=\"https:\/\/www.service-public.pf\/sde\/wp-content\/uploads\/sites\/15\/2023\/01\/SDE-REBPF-IlluTotales-Enseignement-300x225.png\" alt class=\"img-responsive wp-image-3429\" srcset=\"https:\/\/www.service-public.pf\/sde\/wp-content\/uploads\/sites\/15\/2023\/01\/SDE-REBPF-IlluTotales-Enseignement-200x150.png 200w, https:\/\/www.service-public.pf\/sde\/wp-content\/uploads\/sites\/15\/2023\/01\/SDE-REBPF-IlluTotales-Enseignement-400x300.png 400w, https:\/\/www.service-public.pf\/sde\/wp-content\/uploads\/sites\/15\/2023\/01\/SDE-REBPF-IlluTotales-Enseignement-600x450.png 600w, https:\/\/www.service-public.pf\/sde\/wp-content\/uploads\/sites\/15\/2023\/01\/SDE-REBPF-IlluTotales-Enseignement-800x600.png 800w, https:\/\/www.service-public.pf\/sde\/wp-content\/uploads\/sites\/15\/2023\/01\/SDE-REBPF-IlluTotales-Enseignement-1200x900.png 1200w, https:\/\/www.service-public.pf\/sde\/wp-content\/uploads\/sites\/15\/2023\/01\/SDE-REBPF-IlluTotales-Enseignement.png 1453w\" sizes=\"(max-width: 1024px) 100vw, (max-width: 640px) 100vw, 800px\" \/><\/span><\/div><\/div><\/div><div class=\"fusion-layout-column fusion_builder_column_inner fusion-builder-nested-column-205 fusion_builder_column_inner_2_3 2_3 fusion-flex-column\" style=\"--awb-bg-size:cover;--awb-width-large:66.666666666667%;--awb-margin-top-large:0px;--awb-spacing-right-large:2.88%;--awb-margin-bottom-large:20px;--awb-spacing-left-large:2.88%;--awb-width-medium:100%;--awb-order-medium:0;--awb-spacing-right-medium:1.92%;--awb-spacing-left-medium:1.92%;--awb-width-small:100%;--awb-order-small:0;--awb-spacing-right-small:1.92%;--awb-spacing-left-small:1.92%;\"><div class=\"fusion-column-wrapper fusion-column-has-shadow fusion-flex-justify-content-center fusion-content-layout-column\"><div class=\"fusion-text fusion-text-159\" style=\"--awb-content-alignment:center;--awb-font-size:24pt;\"><p>Localisation\u00a0du projet : <strong>Tuamotu<\/strong><\/p>\n<p>Typologie de la construction\u00a0: <strong>Enseignement<\/strong><\/p>\n<\/div><\/div><\/div><div class=\"fusion-layout-column fusion_builder_column_inner fusion-builder-nested-column-206 fusion_builder_column_inner_1_1 1_1 fusion-flex-column\" style=\"--awb-bg-size:cover;--awb-width-large:100%;--awb-margin-top-large:0px;--awb-spacing-right-large:1.92%;--awb-margin-bottom-large:20px;--awb-spacing-left-large:1.92%;--awb-width-medium:100%;--awb-order-medium:0;--awb-spacing-right-medium:1.92%;--awb-spacing-left-medium:1.92%;--awb-width-small:100%;--awb-order-small:0;--awb-spacing-right-small:1.92%;--awb-spacing-left-small:1.92%;\"><div class=\"fusion-column-wrapper fusion-column-has-shadow fusion-flex-justify-content-flex-start fusion-content-layout-column\"><div class=\"fusion-separator fusion-full-width-sep\" style=\"align-self: center;margin-left: auto;margin-right: auto;margin-bottom:20px;width:100%;\"><div class=\"fusion-separator-border sep-shadow\" style=\"--awb-height:20px;--awb-amount:20px;background:radial-gradient(ellipse at 50% -50% , #e0dede 0px, rgba(255, 255, 255, 0) 80%) repeat scroll 0 0 rgba(0, 0, 0, 0);background:-webkit-radial-gradient(ellipse at 50% -50% , #e0dede 0px, rgba(255, 255, 255, 0) 80%) repeat scroll 0 0 rgba(0, 0, 0, 0);background:-moz-radial-gradient(ellipse at 50% -50% , #e0dede 0px, rgba(255, 255, 255, 0) 80%) repeat scroll 0 0 rgba(0, 0, 0, 0);background:-o-radial-gradient(ellipse at 50% -50% , #e0dede 0px, rgba(255, 255, 255, 0) 80%) repeat scroll 0 0 rgba(0, 0, 0, 0);\"><\/div><\/div><\/div><\/div><div class=\"fusion-layout-column fusion_builder_column_inner fusion-builder-nested-column-207 fusion_builder_column_inner_1_1 1_1 fusion-flex-column\" style=\"--awb-bg-color:#ffffff;--awb-bg-color-hover:#ffffff;--awb-bg-size:cover;--awb-width-large:100%;--awb-margin-top-large:0px;--awb-spacing-right-large:1.92%;--awb-margin-bottom-large:20px;--awb-spacing-left-large:1.92%;--awb-width-medium:100%;--awb-order-medium:0;--awb-spacing-right-medium:1.92%;--awb-spacing-left-medium:1.92%;--awb-width-small:100%;--awb-order-small:0;--awb-spacing-right-small:1.92%;--awb-spacing-left-small:1.92%;\"><div class=\"fusion-column-wrapper fusion-column-has-shadow fusion-flex-justify-content-flex-start fusion-content-layout-column\"><div class=\"fusion-text fusion-text-160\" style=\"--awb-text-color:#000000;\"><p><strong>Th\u00e9matiques applicables :<\/strong><\/p>\n<\/div><div class=\"accordian fusion-accordian\" style=\"--awb-border-size:1px;--awb-icon-size:13px;--awb-content-font-size:13px;--awb-icon-alignment:left;--awb-hover-color:#f9f9f9;--awb-border-color:#cccccc;--awb-background-color:#ffffff;--awb-divider-color:#e0dede;--awb-divider-hover-color:#e0dede;--awb-icon-color:#ffffff;--awb-title-color:#333333;--awb-content-color:#747474;--awb-icon-box-color:#333333;--awb-toggle-hover-accent-color:#26a147;--awb-title-font-family:&quot;PT Sans&quot;;--awb-title-font-weight:400;--awb-title-font-style:normal;--awb-title-font-size:13px;--awb-content-font-family:&quot;PT Sans&quot;;--awb-content-font-style:normal;--awb-content-font-weight:400;\"><div class=\"panel-group fusion-toggle-icon-boxed\" id=\"accordion-3355-40\"><div class=\"fusion-panel panel-default panel-3b8dc704906b98c2a fusion-toggle-has-divider\" style=\"--awb-title-color:#333333;--awb-content-color:#747474;\"><div class=\"panel-heading\"><h4 class=\"panel-title toggle\" id=\"toggle_3b8dc704906b98c2a\"><a aria-expanded=\"false\" aria-controls=\"3b8dc704906b98c2a\" role=\"button\" data-toggle=\"collapse\" data-parent=\"#accordion-3355-40\" data-target=\"#3b8dc704906b98c2a\" href=\"#3b8dc704906b98c2a\"><span class=\"fusion-toggle-icon-wrapper\" aria-hidden=\"true\"><i class=\"fa-fusion-box active-icon awb-icon-minus\" aria-hidden=\"true\"><\/i><i class=\"fa-fusion-box inactive-icon awb-icon-plus\" aria-hidden=\"true\"><\/i><\/span><span class=\"fusion-toggle-heading\">Protection solaire de la toiture<\/span><\/a><\/h4><\/div><div id=\"3b8dc704906b98c2a\" class=\"panel-collapse collapse \" aria-labelledby=\"toggle_3b8dc704906b98c2a\"><div class=\"panel-body toggle-content fusion-clearfix\">\n<table style=\"width: 100%;height: 187px\">\n<tbody>\n<tr style=\"height: 187px\">\n<td style=\"height: 187px\"><span style=\"color: #000000\"><strong><span style=\"text-decoration: underline\">Locaux concern\u00e9s<\/span> :<\/strong><\/span><\/p>\n<ul>\n<li>Locaux clos et climatis\u00e9s ou occup\u00e9s (exemples\u00a0: salle de classe, infirmerie, biblioth\u00e8que, salle de r\u00e9union, espace d\u2019accueil avec personnel permanent, \u2026)<\/li>\n<li>Locaux clos non-occup\u00e9s donnant <u>directement<\/u> sur les locaux ci-dessus, hors locaux techniques, stationnements et espaces de stockage non climatis\u00e9s (exemples : sanitaires, vestiaire, circulation close, \u2026)<\/li>\n<\/ul>\n<\/td>\n<td style=\"height: 187px\"><img decoding=\"async\" class=\"alignright wp-image-3430\" src=\"https:\/\/www.service-public.pf\/sde\/wp-content\/uploads\/sites\/15\/2023\/01\/SDE-REBPF-IlluTotales-Enseignement-ProToiture.png\" alt=\"\" width=\"300\" height=\"225\" srcset=\"https:\/\/www.service-public.pf\/sde\/wp-content\/uploads\/sites\/15\/2023\/01\/SDE-REBPF-IlluTotales-Enseignement-ProToiture-200x150.png 200w, https:\/\/www.service-public.pf\/sde\/wp-content\/uploads\/sites\/15\/2023\/01\/SDE-REBPF-IlluTotales-Enseignement-ProToiture-300x225.png 300w, https:\/\/www.service-public.pf\/sde\/wp-content\/uploads\/sites\/15\/2023\/01\/SDE-REBPF-IlluTotales-Enseignement-ProToiture-400x300.png 400w, https:\/\/www.service-public.pf\/sde\/wp-content\/uploads\/sites\/15\/2023\/01\/SDE-REBPF-IlluTotales-Enseignement-ProToiture-600x450.png 600w, https:\/\/www.service-public.pf\/sde\/wp-content\/uploads\/sites\/15\/2023\/01\/SDE-REBPF-IlluTotales-Enseignement-ProToiture-768x576.png 768w, https:\/\/www.service-public.pf\/sde\/wp-content\/uploads\/sites\/15\/2023\/01\/SDE-REBPF-IlluTotales-Enseignement-ProToiture-800x600.png 800w, https:\/\/www.service-public.pf\/sde\/wp-content\/uploads\/sites\/15\/2023\/01\/SDE-REBPF-IlluTotales-Enseignement-ProToiture-1024x768.png 1024w, https:\/\/www.service-public.pf\/sde\/wp-content\/uploads\/sites\/15\/2023\/01\/SDE-REBPF-IlluTotales-Enseignement-ProToiture-1200x900.png 1200w, https:\/\/www.service-public.pf\/sde\/wp-content\/uploads\/sites\/15\/2023\/01\/SDE-REBPF-IlluTotales-Enseignement-ProToiture.png 1453w\" sizes=\"(max-width: 300px) 100vw, 300px\" \/><\/td>\n<\/tr>\n<\/tbody>\n<\/table>\n<p style=\"color: #000000\"><strong><span style=\"text-decoration: underline\">Seuils \u00e0 respecter : <\/span><\/strong><\/p>\n<table class=\"table table-bordered\" style=\"width: 100%\">\n<tbody>\n<tr>\n<td style=\"width: 24.0317%\"><strong>Mesure<\/strong><\/td>\n<td style=\"width: 4.78677%\"><strong>Seuil<\/strong><\/td>\n<td style=\"width: 58.7865%\"><strong>Exemples de solutions<\/strong><\/td>\n<\/tr>\n<tr>\n<td style=\"width: 24.0317%\">Facteur solaire maximal de la toiture<\/td>\n<td style=\"width: 4.78677%\">2,5%<\/td>\n<td style=\"width: 58.7865%\">\n<ul>\n<li>Toiture (avec combles) en t\u00f4le de teinte claire avec 3 cm de laine min\u00e9rale minimum<\/li>\n<li>Toiture (avec combles) en t\u00f4le de teinte moyenne avec 5 cm de laine min\u00e9rale minimum<\/li>\n<li>Toiture (avec combles) en t\u00f4le de teinte sombre avec 7,5 cm de laine min\u00e9rale minimum<\/li>\n<li>Toiture terrasse en b\u00e9ton de teinte moyenne avec 6 cm de polystyr\u00e8ne expans\u00e9 minimum<\/li>\n<li>Toiture terrasse en b\u00e9ton avec sur-toiture largement ventil\u00e9e<\/li>\n<\/ul>\n<\/td>\n<\/tr>\n<\/tbody>\n<\/table>\n<p><span style=\"color: #000000\"><strong>Pour plus d\u2019informations sur l\u2019application de la th\u00e9matique, consultez la fiche en question\u00a0:<\/strong><\/span><\/p>\n<ul>\n<li><a href=\"https:\/\/www.service-public.pf\/sde\/wp-content\/uploads\/sites\/15\/2023\/09\/Fiche-02-Protection-solaire-des-parois-opaques-horizontales-Toitures.pdf\">Fiche d\u2019application \u00ab\u00a0Protection solaire de la toiture\u00a0\u00bb<\/a><\/li>\n<\/ul>\n<\/div><\/div><\/div><div class=\"fusion-panel panel-default panel-f0792f654f914405d fusion-toggle-has-divider\" style=\"--awb-title-color:#333333;--awb-content-color:#747474;\"><div class=\"panel-heading\"><h4 class=\"panel-title toggle\" id=\"toggle_f0792f654f914405d\"><a aria-expanded=\"false\" aria-controls=\"f0792f654f914405d\" role=\"button\" data-toggle=\"collapse\" data-parent=\"#accordion-3355-40\" data-target=\"#f0792f654f914405d\" href=\"#f0792f654f914405d\"><span class=\"fusion-toggle-icon-wrapper\" aria-hidden=\"true\"><i class=\"fa-fusion-box active-icon awb-icon-minus\" aria-hidden=\"true\"><\/i><i class=\"fa-fusion-box inactive-icon awb-icon-plus\" aria-hidden=\"true\"><\/i><\/span><span class=\"fusion-toggle-heading\">Protection solaire des fa\u00e7ades (murs et baies)<\/span><\/a><\/h4><\/div><div id=\"f0792f654f914405d\" class=\"panel-collapse collapse \" aria-labelledby=\"toggle_f0792f654f914405d\"><div class=\"panel-body toggle-content fusion-clearfix\">\n<table style=\"width: 100%;height: 187px\">\n<tbody>\n<tr style=\"height: 187px\">\n<td style=\"height: 187px\"><span style=\"color: #000000\"><strong><span style=\"text-decoration: underline\">Locaux concern\u00e9s<\/span> :<\/strong><\/span><\/p>\n<ul>\n<li>Locaux clos et climatis\u00e9s ou occup\u00e9s (exemples\u00a0: salle de classe, infirmerie, biblioth\u00e8que, salle de r\u00e9union, espace d\u2019accueil avec personnel permanent, \u2026)<\/li>\n<li>Locaux clos non-occup\u00e9s donnant <u>directement<\/u> sur les locaux ci-dessus, hors locaux techniques, stationnements et espaces de stockage non climatis\u00e9s (exemples : sanitaires, vestiaire, circulation close, \u2026)<\/li>\n<\/ul>\n<\/td>\n<td style=\"height: 187px\"><img decoding=\"async\" class=\"alignright wp-image-3430\" src=\"https:\/\/www.service-public.pf\/sde\/wp-content\/uploads\/sites\/15\/2023\/01\/SDE-REBPF-IlluTotales-Enseignement-ProFacade.png\" alt=\"\" width=\"300\" height=\"225\" \/><\/td>\n<\/tr>\n<\/tbody>\n<\/table>\n<p style=\"color: #000000\"><strong><span style=\"text-decoration: underline\">Seuils \u00e0 respecter : <\/span><\/strong><\/p>\n<table>\n<tbody>\n<tr>\n<td width=\"20%\"><strong>Mesure<\/strong><\/td>\n<td width=\"20%\"><strong>Orientation<\/strong><\/td>\n<td width=\"5%\"><strong>Seuil<\/strong><\/td>\n<td width=\"243%\"><strong>Exemples de solutions<\/strong><\/td>\n<\/tr>\n<tr>\n<td rowspan=\"2\" width=\"20%\">Facteur solaire maximal des murs<\/td>\n<td width=\"20%\">Nord, Nord-Est, Nord-Ouest, Est, Ouest<\/td>\n<td width=\"5%\">11 %<\/td>\n<td rowspan=\"2\" width=\"243%\">Mur de teinte claire, double-peau l\u00e9g\u00e8re de teinte moyenne, mur en b\u00e9ton cellulaire, mur en parpaing de teinte moyenne, mur avec bardage ventil\u00e9, d\u00e9bord de toiture (dimensions \u00e0 calculer en fonction des caract\u00e9ristiques du mur), \u2026<\/td>\n<\/tr>\n<tr>\n<td width=\"20%\">Sud, Sud-Est, Sud-Ouest<\/td>\n<td width=\"5%\">12 %<\/td>\n<\/tr>\n<tr>\n<td rowspan=\"4\" width=\"20%\">Facteur solaire maximal des baies<\/td>\n<td width=\"20%\">Nord, Nord-Est, Nord-Ouest, Est, Ouest*<\/td>\n<td width=\"5%\">50 %<\/td>\n<td width=\"243%\">Double vitrage teint\u00e9 ou \u00e0 contr\u00f4le solaire, masque architectural (casquette, brise-soleil, \u2026) \u00e0 dimensionner selon les caract\u00e9ristiques de la baie, lame opaque<\/td>\n<\/tr>\n<tr>\n<td width=\"20%\">Sud-Est, Sud-Ouest*<\/td>\n<td width=\"5%\">60 %<\/td>\n<td rowspan=\"2\" width=\"243%\">Simple vitrage \u00e0 contr\u00f4le solaire, simple ou double vitrage teint\u00e9, double vitrage clair (au sud seulement), masque architectural (casquette, brise-soleil, \u2026) \u00e0 dimensionner selon les caract\u00e9ristiques de la baie, \u2026<\/td>\n<\/tr>\n<tr>\n<td width=\"20%\">Sud*<\/td>\n<td width=\"5%\">70 %<\/td>\n<\/tr>\n<tr>\n<td width=\"20%\">Baie horizontale<\/td>\n<td width=\"5%\">45%<\/td>\n<td width=\"243%\">Protection solaire compl\u00e9mentaire \u00e0 la baie, \u00e0 dimensionner en fonction du type de vitrage<\/td>\n<\/tr>\n<\/tbody>\n<\/table>\n<p><em><i>* Si le local concern\u00e9 est une salle de classe ou si le taux de surface de baie en fa\u00e7ade est sup\u00e9rieur \u00e0 70%, le seuil \u00e0 atteindre est alors rabaiss\u00e9 de 5 % (respectivement 45%, 55% et 65%).<\/i><\/em><\/p>\n<p style=\"color: #000000\"><strong>Pour plus d'informations sur l'application de ces th\u00e9matiques, consultez les fiches suivantes :<\/strong><\/p>\n<ul>\n<li><a href=\"https:\/\/www.service-public.pf\/sde\/wp-content\/uploads\/sites\/15\/2023\/09\/Fiche-03-Protection-solaire-des-parois-opaques-verticales-Murs.pdf\">Fiche d\u2019application \u00ab Protection solaire des murs \u00bb<\/a><\/li>\n<li><a href=\"https:\/\/www.service-public.pf\/sde\/wp-content\/uploads\/sites\/15\/2023\/09\/Fiche-04-Protection-solaire-des-baies.pdf\">Fiche d\u2019application \u00ab\u00a0Protection solaire des baies \u00bb<\/a><\/li>\n<li><a href=\"https:\/\/www.service-public.pf\/sde\/wp-content\/uploads\/sites\/15\/2023\/06\/Fiche-05-Prise-en-main-de-loutil-Cm-FS.pdf\">Fiche d\u2019application \u00ab\u00a0Outil de calcul pour la protection solaire des fa\u00e7ades \u00bb<\/a><\/li>\n<\/ul>\n<\/div><\/div><\/div><\/div><\/div><div class=\"fusion-text fusion-text-161\" style=\"--awb-margin-top:10px;\"><p><span style=\"color: #000000\"><strong>Informations relatives aux demandes de permis de construire et au certificat de conformit\u00e9<\/strong><\/span><\/p>\n<p>Le p\u00e9titionnaire remplit les nouveaux formulaires de demande de permis de construire et de certificat de conformit\u00e9 de la DCA qui int\u00e8grent la d\u00e9claration du respect de la r\u00e9glementation.<\/p>\n<p><strong>Si les surfaces de plancher construites cumul\u00e9es* sont sup\u00e9rieures \u00e0 250 m\u00b2 de plancher, les demandes de permis de construire et de certificat de conformit\u00e9 doivent \u00eatre accompagn\u00e9es de l\u2019avis d\u2019un organisme agr\u00e9\u00e9<\/strong><\/p>\n<ul>\n<li><a href=\"https:\/\/www.service-public.pf\/sde\/organismes-agrees\/\">Parcourir la page d\u00e9di\u00e9e aux organismes agr\u00e9\u00e9s<\/a><\/li>\n<\/ul>\n<p><em><span style=\"font-size: 10pt\">* Les surfaces de plancher \u00e0 consid\u00e9rer sont celles de n\u2019importe quel b\u00e2timent neuf rattach\u00e9 au projet de construction, d\u00e8s lors que la typologie associ\u00e9e est bureaux, enseignement, \u00e9tablissement de soin, h\u00f4tellerie ou logement collectif.<\/span><\/em><\/p>\n<p style=\"color: #000000\"><strong>Informations sur les dispositions applicables \u00e0 la typologie <\/strong>(ne consulter que les rubriques des th\u00e9matiques concernant le projet de construction)<strong>\u00a0:<\/strong><\/p>\n<ul>\n<li><a href=\"https:\/\/www.service-public.pf\/sde\/wp-content\/uploads\/sites\/15\/2023\/04\/REPBF_Depliants_EtablissmentEnseignement_Pages-V2.pdf\">D\u00e9pliant \u00ab\u00a0Enseignement \u00bb<\/a><\/li>\n<\/ul>\n<\/div>\n<\/div><\/div><\/div><\/div><\/div><\/div><\/div><input type=\"hidden\" name=\"fusion_privacy_expiration_interval\" value=\"48\"><input type=\"hidden\" name=\"privacy_expiration_action\" value=\"anonymize\"><\/form><\/div><div class=\"fusion-form fusion-form-builder fusion-form-form-wrapper fusion-form-3644 vct_form_archipel\" style=\"--awb-tooltip-text-color:#ffffff;--awb-tooltip-background-color:#333333;\" data-form-id=\"3644\" id=\"archipel_marquises\" data-config=\"{&quot;form_id&quot;:&quot;3644&quot;,&quot;form_post_id&quot;:&quot;3644&quot;,&quot;post_id&quot;:3355,&quot;form_type&quot;:&quot;ajax&quot;,&quot;confirmation_type&quot;:&quot;message&quot;,&quot;redirect_url&quot;:&quot;&quot;,&quot;redirect_timeout&quot;:&quot;0&quot;,&quot;field_labels&quot;:{&quot;altitudes_marquises&quot;:&quot;Ainsi que l&#039;altitude \\u00e0 laquelle sera implant\\u00e9 le projet&quot;,&quot;typologie_batiment_marquises_inf&quot;:&quot;S\\u00e9lectionnez la typologie associ\\u00e9e \\u00e0 votre b\\u00e2timent ou partie de b\\u00e2timent&quot;,&quot;typologie_batiment_marquises_sup&quot;:&quot;S\\u00e9lectionnez la typologie associ\\u00e9e \\u00e0 votre b\\u00e2timent ou partie de b\\u00e2timent&quot;},&quot;field_logics&quot;:{&quot;altitudes_marquises&quot;:&quot;[]&quot;,&quot;typologie_batiment_marquises_inf&quot;:&quot;[{\\&quot;operator\\&quot;:\\&quot;and\\&quot;,\\&quot;comparison\\&quot;:\\&quot;equal\\&quot;,\\&quot;field\\&quot;:\\&quot;altitudes_marquises[]\\&quot;,\\&quot;value\\&quot;:\\&quot;inferieur_500_m\\&quot;}]&quot;,&quot;typologie_batiment_marquises_sup&quot;:&quot;[{\\&quot;operator\\&quot;:\\&quot;and\\&quot;,\\&quot;comparison\\&quot;:\\&quot;equal\\&quot;,\\&quot;field\\&quot;:\\&quot;altitudes_marquises[]\\&quot;,\\&quot;value\\&quot;:\\&quot;superieur_500_m\\&quot;}]&quot;},&quot;field_types&quot;:{&quot;altitudes_marquises&quot;:&quot;image_select&quot;,&quot;typologie_batiment_marquises_inf&quot;:&quot;image_select&quot;,&quot;typologie_batiment_marquises_sup&quot;:&quot;image_select&quot;},&quot;nonce_method&quot;:&quot;ajax&quot;,&quot;form_views&quot;:&quot;ajax&quot;,&quot;form_views_counting&quot;:&quot;all&quot;}\"><form action=\"https:\/\/www.service-public.pf\/sde\/simulateur\/\" method=\"post\" class=\"fusion-form fusion-form-3644\"><div class=\"fusion-fullwidth fullwidth-box fusion-builder-row-5-8 fusion-flex-container has-pattern-background has-mask-background nonhundred-percent-fullwidth non-hundred-percent-height-scrolling\" style=\"--awb-border-radius-top-left:0px;--awb-border-radius-top-right:0px;--awb-border-radius-bottom-right:0px;--awb-border-radius-bottom-left:0px;--awb-flex-wrap:wrap;\" ><div class=\"fusion-builder-row fusion-row fusion-flex-align-items-flex-start fusion-flex-justify-content-center fusion-flex-content-wrap\" style=\"width:104% !important;max-width:104% !important;margin-left: calc(-4% \/ 2 );margin-right: calc(-4% \/ 2 );\"><div class=\"fusion-layout-column fusion_builder_column fusion-builder-column-53 fusion_builder_column_5_6 5_6 fusion-flex-column\" style=\"--awb-bg-size:cover;--awb-width-large:83.333333333333%;--awb-flex-grow:0;--awb-flex-shrink:0;--awb-margin-top-large:0px;--awb-spacing-right-large:2.304%;--awb-margin-bottom-large:20px;--awb-spacing-left-large:2.304%;--awb-width-medium:100%;--awb-order-medium:0;--awb-flex-grow-medium:0;--awb-flex-shrink-medium:0;--awb-spacing-right-medium:1.92%;--awb-spacing-left-medium:1.92%;--awb-width-small:100%;--awb-order-small:0;--awb-flex-grow-small:0;--awb-flex-shrink-small:0;--awb-spacing-right-small:1.92%;--awb-spacing-left-small:1.92%;\"><div class=\"fusion-column-wrapper fusion-column-has-shadow fusion-flex-justify-content-flex-start fusion-content-layout-column\"><div id=\"vct_altitude_marquises\" class=\"fusion-form-field fusion-form-image-select-field fusion-form-label-above fusion-form-field-fusion-form-image-select-8 option-inline\" data-form-id=\"3644\" style=\"--awb-active-color:#bdd547;--awb-inactive-color:#26a147;--awb-height:150px;--awb-width:150px;--awb-padding-top:10px;--awb-padding-right:20px;--awb-padding-bottom:10px;--awb-padding-left:20px;--awb-border-size-top:2px;--awb-border-size-right:2px;--awb-border-size-bottom:2px;--awb-border-size-left:2px;--awb-hover-color:rgba(189,213,71,0.5);\"><fieldset><legend class=\"fusion-form-label-wrapper\"><span class=\"label\">Ainsi que l&#039;altitude \u00e0 laquelle sera implant\u00e9 le projet<\/span><\/legend><div class=\"fusion-form-image-select\"><input tabindex=\"\" id=\"image-select-inferieur_500_m45\" type=\"radio\" value=\"inferieur_500_m\" name=\"altitudes_marquises[]\" class=\"fusion-form-input\" data-holds-private-data=\"false\"\/><label for=\"image-select-inferieur_500_m45\"><span>&lt; 500 m<\/span><picture class=\"fusion-form-image-wrapper\"><img decoding=\"async\" width=\"2560\" height=\"1707\" src=\"https:\/\/www.service-public.pf\/sde\/wp-content\/uploads\/sites\/15\/2022\/12\/5479107-scaled.jpg\" class=\"attachment-full size-full\" alt=\"\" srcset=\"https:\/\/www.service-public.pf\/sde\/wp-content\/uploads\/sites\/15\/2022\/12\/5479107-200x133.jpg 200w, https:\/\/www.service-public.pf\/sde\/wp-content\/uploads\/sites\/15\/2022\/12\/5479107-300x200.jpg 300w, https:\/\/www.service-public.pf\/sde\/wp-content\/uploads\/sites\/15\/2022\/12\/5479107-400x267.jpg 400w, https:\/\/www.service-public.pf\/sde\/wp-content\/uploads\/sites\/15\/2022\/12\/5479107-600x400.jpg 600w, https:\/\/www.service-public.pf\/sde\/wp-content\/uploads\/sites\/15\/2022\/12\/5479107-768x512.jpg 768w, https:\/\/www.service-public.pf\/sde\/wp-content\/uploads\/sites\/15\/2022\/12\/5479107-800x533.jpg 800w, https:\/\/www.service-public.pf\/sde\/wp-content\/uploads\/sites\/15\/2022\/12\/5479107-1024x683.jpg 1024w, https:\/\/www.service-public.pf\/sde\/wp-content\/uploads\/sites\/15\/2022\/12\/5479107-1200x800.jpg 1200w, https:\/\/www.service-public.pf\/sde\/wp-content\/uploads\/sites\/15\/2022\/12\/5479107-1536x1024.jpg 1536w, https:\/\/www.service-public.pf\/sde\/wp-content\/uploads\/sites\/15\/2022\/12\/5479107-scaled.jpg 2560w\" sizes=\"(max-width: 2560px) 100vw, 2560px\" \/><\/picture><\/label><\/div><div class=\"fusion-form-image-select\"><input tabindex=\"\" id=\"image-select-superieur_500_m46\" type=\"radio\" value=\"superieur_500_m\" name=\"altitudes_marquises[]\" class=\"fusion-form-input\" data-holds-private-data=\"false\"\/><label for=\"image-select-superieur_500_m46\"><span>\u2a7e 500 m<\/span><picture class=\"fusion-form-image-wrapper\"><img decoding=\"async\" width=\"2560\" height=\"1707\" src=\"https:\/\/www.service-public.pf\/sde\/wp-content\/uploads\/sites\/15\/2022\/12\/5479107-scaled.jpg\" class=\"attachment-full size-full\" alt=\"\" srcset=\"https:\/\/www.service-public.pf\/sde\/wp-content\/uploads\/sites\/15\/2022\/12\/5479107-200x133.jpg 200w, https:\/\/www.service-public.pf\/sde\/wp-content\/uploads\/sites\/15\/2022\/12\/5479107-300x200.jpg 300w, https:\/\/www.service-public.pf\/sde\/wp-content\/uploads\/sites\/15\/2022\/12\/5479107-400x267.jpg 400w, https:\/\/www.service-public.pf\/sde\/wp-content\/uploads\/sites\/15\/2022\/12\/5479107-600x400.jpg 600w, https:\/\/www.service-public.pf\/sde\/wp-content\/uploads\/sites\/15\/2022\/12\/5479107-768x512.jpg 768w, https:\/\/www.service-public.pf\/sde\/wp-content\/uploads\/sites\/15\/2022\/12\/5479107-800x533.jpg 800w, https:\/\/www.service-public.pf\/sde\/wp-content\/uploads\/sites\/15\/2022\/12\/5479107-1024x683.jpg 1024w, https:\/\/www.service-public.pf\/sde\/wp-content\/uploads\/sites\/15\/2022\/12\/5479107-1200x800.jpg 1200w, https:\/\/www.service-public.pf\/sde\/wp-content\/uploads\/sites\/15\/2022\/12\/5479107-1536x1024.jpg 1536w, https:\/\/www.service-public.pf\/sde\/wp-content\/uploads\/sites\/15\/2022\/12\/5479107-scaled.jpg 2560w\" sizes=\"(max-width: 2560px) 100vw, 2560px\" \/><\/picture><\/label><\/div><\/fieldset><\/div><div id=\"vct_typologie_batiment_marquises_inf\" class=\"fusion-form-field fusion-form-image-select-field fusion-form-label-above fusion-form-field-fusion-form-image-select-9 option-inline\" data-form-id=\"3644\" style=\"--awb-active-color:#bdd547;--awb-inactive-color:#26a147;--awb-height:150px;--awb-width:100%;--awb-padding-top:10px;--awb-padding-right:20px;--awb-padding-bottom:10px;--awb-padding-left:20px;--awb-border-size-top:2px;--awb-border-size-right:2px;--awb-border-size-bottom:2px;--awb-border-size-left:2px;--awb-hover-color:rgba(189,213,71,0.5);\"><fieldset><legend class=\"fusion-form-label-wrapper\"><span class=\"label\">S\u00e9lectionnez la typologie associ\u00e9e \u00e0 votre b\u00e2timent ou partie de b\u00e2timent<\/span><\/legend><div class=\"fusion-form-image-select\"><input tabindex=\"\" id=\"image-select-logement_individuel47\" type=\"radio\" value=\"logement_individuel\" name=\"typologie_batiment_marquises_inf[]\" class=\"fusion-form-input\" data-holds-private-data=\"false\"\/><label for=\"image-select-logement_individuel47\"><span>Logement individuel<\/span><picture class=\"fusion-form-image-wrapper\"><img decoding=\"async\" width=\"1453\" height=\"1090\" src=\"https:\/\/www.service-public.pf\/sde\/wp-content\/uploads\/sites\/15\/2023\/01\/SDE-REBPF-IlluTotales-Logement-Individuel.png\" class=\"attachment-full size-full\" alt=\"\" srcset=\"https:\/\/www.service-public.pf\/sde\/wp-content\/uploads\/sites\/15\/2023\/01\/SDE-REBPF-IlluTotales-Logement-Individuel-200x150.png 200w, https:\/\/www.service-public.pf\/sde\/wp-content\/uploads\/sites\/15\/2023\/01\/SDE-REBPF-IlluTotales-Logement-Individuel-300x225.png 300w, https:\/\/www.service-public.pf\/sde\/wp-content\/uploads\/sites\/15\/2023\/01\/SDE-REBPF-IlluTotales-Logement-Individuel-400x300.png 400w, https:\/\/www.service-public.pf\/sde\/wp-content\/uploads\/sites\/15\/2023\/01\/SDE-REBPF-IlluTotales-Logement-Individuel-600x450.png 600w, https:\/\/www.service-public.pf\/sde\/wp-content\/uploads\/sites\/15\/2023\/01\/SDE-REBPF-IlluTotales-Logement-Individuel-768x576.png 768w, https:\/\/www.service-public.pf\/sde\/wp-content\/uploads\/sites\/15\/2023\/01\/SDE-REBPF-IlluTotales-Logement-Individuel-800x600.png 800w, https:\/\/www.service-public.pf\/sde\/wp-content\/uploads\/sites\/15\/2023\/01\/SDE-REBPF-IlluTotales-Logement-Individuel-1024x768.png 1024w, https:\/\/www.service-public.pf\/sde\/wp-content\/uploads\/sites\/15\/2023\/01\/SDE-REBPF-IlluTotales-Logement-Individuel-1200x900.png 1200w, https:\/\/www.service-public.pf\/sde\/wp-content\/uploads\/sites\/15\/2023\/01\/SDE-REBPF-IlluTotales-Logement-Individuel.png 1453w\" sizes=\"(max-width: 1453px) 100vw, 1453px\" \/><\/picture><\/label><\/div><div class=\"fusion-form-image-select\"><input tabindex=\"\" id=\"image-select-logement_collectif48\" type=\"radio\" value=\"logement_collectif\" name=\"typologie_batiment_marquises_inf[]\" class=\"fusion-form-input\" data-holds-private-data=\"false\"\/><label for=\"image-select-logement_collectif48\"><span>Logement collectif<\/span><picture class=\"fusion-form-image-wrapper\"><img decoding=\"async\" width=\"1453\" height=\"1090\" src=\"https:\/\/www.service-public.pf\/sde\/wp-content\/uploads\/sites\/15\/2023\/01\/SDE-REBPF-IlluTotales-Logement-Collectif.png\" class=\"attachment-full size-full\" alt=\"\" srcset=\"https:\/\/www.service-public.pf\/sde\/wp-content\/uploads\/sites\/15\/2023\/01\/SDE-REBPF-IlluTotales-Logement-Collectif-200x150.png 200w, https:\/\/www.service-public.pf\/sde\/wp-content\/uploads\/sites\/15\/2023\/01\/SDE-REBPF-IlluTotales-Logement-Collectif-300x225.png 300w, https:\/\/www.service-public.pf\/sde\/wp-content\/uploads\/sites\/15\/2023\/01\/SDE-REBPF-IlluTotales-Logement-Collectif-400x300.png 400w, https:\/\/www.service-public.pf\/sde\/wp-content\/uploads\/sites\/15\/2023\/01\/SDE-REBPF-IlluTotales-Logement-Collectif-600x450.png 600w, https:\/\/www.service-public.pf\/sde\/wp-content\/uploads\/sites\/15\/2023\/01\/SDE-REBPF-IlluTotales-Logement-Collectif-768x576.png 768w, https:\/\/www.service-public.pf\/sde\/wp-content\/uploads\/sites\/15\/2023\/01\/SDE-REBPF-IlluTotales-Logement-Collectif-800x600.png 800w, https:\/\/www.service-public.pf\/sde\/wp-content\/uploads\/sites\/15\/2023\/01\/SDE-REBPF-IlluTotales-Logement-Collectif-1024x768.png 1024w, https:\/\/www.service-public.pf\/sde\/wp-content\/uploads\/sites\/15\/2023\/01\/SDE-REBPF-IlluTotales-Logement-Collectif-1200x900.png 1200w, https:\/\/www.service-public.pf\/sde\/wp-content\/uploads\/sites\/15\/2023\/01\/SDE-REBPF-IlluTotales-Logement-Collectif.png 1453w\" sizes=\"(max-width: 1453px) 100vw, 1453px\" \/><\/picture><\/label><\/div><div class=\"fusion-form-image-select\"><input tabindex=\"\" id=\"image-select-batiment_de_bureaux49\" type=\"radio\" value=\"batiment_de_bureaux\" name=\"typologie_batiment_marquises_inf[]\" class=\"fusion-form-input\" data-holds-private-data=\"false\"\/><label for=\"image-select-batiment_de_bureaux49\"><span>B\u00e2timent de bureaux<\/span><picture class=\"fusion-form-image-wrapper\"><img decoding=\"async\" width=\"1453\" height=\"1090\" src=\"https:\/\/www.service-public.pf\/sde\/wp-content\/uploads\/sites\/15\/2023\/01\/SDE-REBPF-IlluTotales-Bureau.png\" class=\"attachment-full size-full\" alt=\"\" srcset=\"https:\/\/www.service-public.pf\/sde\/wp-content\/uploads\/sites\/15\/2023\/01\/SDE-REBPF-IlluTotales-Bureau-200x150.png 200w, https:\/\/www.service-public.pf\/sde\/wp-content\/uploads\/sites\/15\/2023\/01\/SDE-REBPF-IlluTotales-Bureau-300x225.png 300w, https:\/\/www.service-public.pf\/sde\/wp-content\/uploads\/sites\/15\/2023\/01\/SDE-REBPF-IlluTotales-Bureau-400x300.png 400w, https:\/\/www.service-public.pf\/sde\/wp-content\/uploads\/sites\/15\/2023\/01\/SDE-REBPF-IlluTotales-Bureau-600x450.png 600w, https:\/\/www.service-public.pf\/sde\/wp-content\/uploads\/sites\/15\/2023\/01\/SDE-REBPF-IlluTotales-Bureau-768x576.png 768w, https:\/\/www.service-public.pf\/sde\/wp-content\/uploads\/sites\/15\/2023\/01\/SDE-REBPF-IlluTotales-Bureau-800x600.png 800w, https:\/\/www.service-public.pf\/sde\/wp-content\/uploads\/sites\/15\/2023\/01\/SDE-REBPF-IlluTotales-Bureau-1024x768.png 1024w, https:\/\/www.service-public.pf\/sde\/wp-content\/uploads\/sites\/15\/2023\/01\/SDE-REBPF-IlluTotales-Bureau-1200x900.png 1200w, https:\/\/www.service-public.pf\/sde\/wp-content\/uploads\/sites\/15\/2023\/01\/SDE-REBPF-IlluTotales-Bureau.png 1453w\" sizes=\"(max-width: 1453px) 100vw, 1453px\" \/><\/picture><\/label><\/div><div class=\"fusion-form-image-select\"><input tabindex=\"\" id=\"image-select-hotellerie50\" type=\"radio\" value=\"hotellerie\" name=\"typologie_batiment_marquises_inf[]\" class=\"fusion-form-input\" data-holds-private-data=\"false\"\/><label for=\"image-select-hotellerie50\"><span>H\u00f4tellerie<\/span><picture class=\"fusion-form-image-wrapper\"><img decoding=\"async\" width=\"1453\" height=\"1090\" src=\"https:\/\/www.service-public.pf\/sde\/wp-content\/uploads\/sites\/15\/2023\/01\/SDE-REBPF-IlluTotales-Hotel-Pension.png\" class=\"attachment-full size-full\" alt=\"\" srcset=\"https:\/\/www.service-public.pf\/sde\/wp-content\/uploads\/sites\/15\/2023\/01\/SDE-REBPF-IlluTotales-Hotel-Pension-200x150.png 200w, https:\/\/www.service-public.pf\/sde\/wp-content\/uploads\/sites\/15\/2023\/01\/SDE-REBPF-IlluTotales-Hotel-Pension-300x225.png 300w, https:\/\/www.service-public.pf\/sde\/wp-content\/uploads\/sites\/15\/2023\/01\/SDE-REBPF-IlluTotales-Hotel-Pension-400x300.png 400w, https:\/\/www.service-public.pf\/sde\/wp-content\/uploads\/sites\/15\/2023\/01\/SDE-REBPF-IlluTotales-Hotel-Pension-600x450.png 600w, https:\/\/www.service-public.pf\/sde\/wp-content\/uploads\/sites\/15\/2023\/01\/SDE-REBPF-IlluTotales-Hotel-Pension-768x576.png 768w, https:\/\/www.service-public.pf\/sde\/wp-content\/uploads\/sites\/15\/2023\/01\/SDE-REBPF-IlluTotales-Hotel-Pension-800x600.png 800w, https:\/\/www.service-public.pf\/sde\/wp-content\/uploads\/sites\/15\/2023\/01\/SDE-REBPF-IlluTotales-Hotel-Pension-1024x768.png 1024w, https:\/\/www.service-public.pf\/sde\/wp-content\/uploads\/sites\/15\/2023\/01\/SDE-REBPF-IlluTotales-Hotel-Pension-1200x900.png 1200w, https:\/\/www.service-public.pf\/sde\/wp-content\/uploads\/sites\/15\/2023\/01\/SDE-REBPF-IlluTotales-Hotel-Pension.png 1453w\" sizes=\"(max-width: 1453px) 100vw, 1453px\" \/><\/picture><\/label><\/div><div class=\"fusion-form-image-select\"><input tabindex=\"\" id=\"image-select-etablissement_d_enseignement51\" type=\"radio\" value=\"etablissement_d_enseignement\" name=\"typologie_batiment_marquises_inf[]\" class=\"fusion-form-input\" data-holds-private-data=\"false\"\/><label for=\"image-select-etablissement_d_enseignement51\"><span>\u00c9tablissement d&#039;enseignement<\/span><picture class=\"fusion-form-image-wrapper\"><img decoding=\"async\" width=\"1453\" height=\"1090\" src=\"https:\/\/www.service-public.pf\/sde\/wp-content\/uploads\/sites\/15\/2023\/01\/SDE-REBPF-IlluTotales-Enseignement.png\" class=\"attachment-full size-full\" alt=\"\" srcset=\"https:\/\/www.service-public.pf\/sde\/wp-content\/uploads\/sites\/15\/2023\/01\/SDE-REBPF-IlluTotales-Enseignement-200x150.png 200w, https:\/\/www.service-public.pf\/sde\/wp-content\/uploads\/sites\/15\/2023\/01\/SDE-REBPF-IlluTotales-Enseignement-300x225.png 300w, https:\/\/www.service-public.pf\/sde\/wp-content\/uploads\/sites\/15\/2023\/01\/SDE-REBPF-IlluTotales-Enseignement-400x300.png 400w, https:\/\/www.service-public.pf\/sde\/wp-content\/uploads\/sites\/15\/2023\/01\/SDE-REBPF-IlluTotales-Enseignement-600x450.png 600w, https:\/\/www.service-public.pf\/sde\/wp-content\/uploads\/sites\/15\/2023\/01\/SDE-REBPF-IlluTotales-Enseignement-768x576.png 768w, https:\/\/www.service-public.pf\/sde\/wp-content\/uploads\/sites\/15\/2023\/01\/SDE-REBPF-IlluTotales-Enseignement-800x600.png 800w, https:\/\/www.service-public.pf\/sde\/wp-content\/uploads\/sites\/15\/2023\/01\/SDE-REBPF-IlluTotales-Enseignement-1024x768.png 1024w, https:\/\/www.service-public.pf\/sde\/wp-content\/uploads\/sites\/15\/2023\/01\/SDE-REBPF-IlluTotales-Enseignement-1200x900.png 1200w, https:\/\/www.service-public.pf\/sde\/wp-content\/uploads\/sites\/15\/2023\/01\/SDE-REBPF-IlluTotales-Enseignement.png 1453w\" sizes=\"(max-width: 1453px) 100vw, 1453px\" \/><\/picture><\/label><\/div><div class=\"fusion-form-image-select\"><input tabindex=\"\" id=\"image-select-etablissement_de_soin52\" type=\"radio\" value=\"etablissement_de_soin\" name=\"typologie_batiment_marquises_inf[]\" class=\"fusion-form-input\" data-holds-private-data=\"false\"\/><label for=\"image-select-etablissement_de_soin52\"><span>\u00c9tablissement de soin<\/span><picture class=\"fusion-form-image-wrapper\"><img decoding=\"async\" width=\"1453\" height=\"1090\" src=\"https:\/\/www.service-public.pf\/sde\/wp-content\/uploads\/sites\/15\/2023\/01\/SDE-REBPF-IlluTotales-Etablissement-Soin.png\" class=\"attachment-full size-full\" alt=\"\" srcset=\"https:\/\/www.service-public.pf\/sde\/wp-content\/uploads\/sites\/15\/2023\/01\/SDE-REBPF-IlluTotales-Etablissement-Soin-200x150.png 200w, https:\/\/www.service-public.pf\/sde\/wp-content\/uploads\/sites\/15\/2023\/01\/SDE-REBPF-IlluTotales-Etablissement-Soin-300x225.png 300w, https:\/\/www.service-public.pf\/sde\/wp-content\/uploads\/sites\/15\/2023\/01\/SDE-REBPF-IlluTotales-Etablissement-Soin-400x300.png 400w, https:\/\/www.service-public.pf\/sde\/wp-content\/uploads\/sites\/15\/2023\/01\/SDE-REBPF-IlluTotales-Etablissement-Soin-600x450.png 600w, https:\/\/www.service-public.pf\/sde\/wp-content\/uploads\/sites\/15\/2023\/01\/SDE-REBPF-IlluTotales-Etablissement-Soin-768x576.png 768w, https:\/\/www.service-public.pf\/sde\/wp-content\/uploads\/sites\/15\/2023\/01\/SDE-REBPF-IlluTotales-Etablissement-Soin-800x600.png 800w, https:\/\/www.service-public.pf\/sde\/wp-content\/uploads\/sites\/15\/2023\/01\/SDE-REBPF-IlluTotales-Etablissement-Soin-1024x768.png 1024w, https:\/\/www.service-public.pf\/sde\/wp-content\/uploads\/sites\/15\/2023\/01\/SDE-REBPF-IlluTotales-Etablissement-Soin-1200x900.png 1200w, https:\/\/www.service-public.pf\/sde\/wp-content\/uploads\/sites\/15\/2023\/01\/SDE-REBPF-IlluTotales-Etablissement-Soin.png 1453w\" sizes=\"(max-width: 1453px) 100vw, 1453px\" \/><\/picture><\/label><\/div><div class=\"fusion-form-image-select\"><input tabindex=\"\" id=\"image-select-restauration53\" type=\"radio\" value=\"restauration\" name=\"typologie_batiment_marquises_inf[]\" class=\"fusion-form-input\" data-holds-private-data=\"false\"\/><label for=\"image-select-restauration53\"><span>Restauration<\/span><picture class=\"fusion-form-image-wrapper\"><img decoding=\"async\" width=\"1453\" height=\"1090\" src=\"https:\/\/www.service-public.pf\/sde\/wp-content\/uploads\/sites\/15\/2023\/01\/SDE-REBPF-IlluTotales-Restaurant.png\" class=\"attachment-full size-full\" alt=\"\" srcset=\"https:\/\/www.service-public.pf\/sde\/wp-content\/uploads\/sites\/15\/2023\/01\/SDE-REBPF-IlluTotales-Restaurant-200x150.png 200w, https:\/\/www.service-public.pf\/sde\/wp-content\/uploads\/sites\/15\/2023\/01\/SDE-REBPF-IlluTotales-Restaurant-300x225.png 300w, https:\/\/www.service-public.pf\/sde\/wp-content\/uploads\/sites\/15\/2023\/01\/SDE-REBPF-IlluTotales-Restaurant-400x300.png 400w, https:\/\/www.service-public.pf\/sde\/wp-content\/uploads\/sites\/15\/2023\/01\/SDE-REBPF-IlluTotales-Restaurant-600x450.png 600w, https:\/\/www.service-public.pf\/sde\/wp-content\/uploads\/sites\/15\/2023\/01\/SDE-REBPF-IlluTotales-Restaurant-768x576.png 768w, https:\/\/www.service-public.pf\/sde\/wp-content\/uploads\/sites\/15\/2023\/01\/SDE-REBPF-IlluTotales-Restaurant-800x600.png 800w, https:\/\/www.service-public.pf\/sde\/wp-content\/uploads\/sites\/15\/2023\/01\/SDE-REBPF-IlluTotales-Restaurant-1024x768.png 1024w, https:\/\/www.service-public.pf\/sde\/wp-content\/uploads\/sites\/15\/2023\/01\/SDE-REBPF-IlluTotales-Restaurant-1200x900.png 1200w, https:\/\/www.service-public.pf\/sde\/wp-content\/uploads\/sites\/15\/2023\/01\/SDE-REBPF-IlluTotales-Restaurant.png 1453w\" sizes=\"(max-width: 1453px) 100vw, 1453px\" \/><\/picture><\/label><\/div><div class=\"fusion-form-image-select\"><input tabindex=\"\" id=\"image-select-autre_batiment54\" type=\"radio\" value=\"autre_batiment\" name=\"typologie_batiment_marquises_inf[]\" class=\"fusion-form-input\" data-holds-private-data=\"false\"\/><label for=\"image-select-autre_batiment54\"><span>Autre b\u00e2timent<\/span><picture class=\"fusion-form-image-wrapper\"><img decoding=\"async\" width=\"1453\" height=\"1090\" src=\"https:\/\/www.service-public.pf\/sde\/wp-content\/uploads\/sites\/15\/2023\/01\/SDE-REBPF-IlluTotales-Divers.png\" class=\"attachment-full size-full\" alt=\"\" srcset=\"https:\/\/www.service-public.pf\/sde\/wp-content\/uploads\/sites\/15\/2023\/01\/SDE-REBPF-IlluTotales-Divers-200x150.png 200w, https:\/\/www.service-public.pf\/sde\/wp-content\/uploads\/sites\/15\/2023\/01\/SDE-REBPF-IlluTotales-Divers-300x225.png 300w, https:\/\/www.service-public.pf\/sde\/wp-content\/uploads\/sites\/15\/2023\/01\/SDE-REBPF-IlluTotales-Divers-400x300.png 400w, https:\/\/www.service-public.pf\/sde\/wp-content\/uploads\/sites\/15\/2023\/01\/SDE-REBPF-IlluTotales-Divers-600x450.png 600w, https:\/\/www.service-public.pf\/sde\/wp-content\/uploads\/sites\/15\/2023\/01\/SDE-REBPF-IlluTotales-Divers-768x576.png 768w, https:\/\/www.service-public.pf\/sde\/wp-content\/uploads\/sites\/15\/2023\/01\/SDE-REBPF-IlluTotales-Divers-800x600.png 800w, https:\/\/www.service-public.pf\/sde\/wp-content\/uploads\/sites\/15\/2023\/01\/SDE-REBPF-IlluTotales-Divers-1024x768.png 1024w, https:\/\/www.service-public.pf\/sde\/wp-content\/uploads\/sites\/15\/2023\/01\/SDE-REBPF-IlluTotales-Divers-1200x900.png 1200w, https:\/\/www.service-public.pf\/sde\/wp-content\/uploads\/sites\/15\/2023\/01\/SDE-REBPF-IlluTotales-Divers.png 1453w\" sizes=\"(max-width: 1453px) 100vw, 1453px\" \/><\/picture><\/label><\/div><\/fieldset><\/div><\/div><\/div><div class=\"fusion-layout-column fusion_builder_column fusion-builder-column-54 fusion_builder_column_4_5 4_5 fusion-flex-column vct_marquises_inf500_content\" style=\"--awb-bg-size:cover;--awb-width-large:80%;--awb-flex-grow:0;--awb-flex-shrink:0;--awb-margin-top-large:0px;--awb-spacing-right-large:2.4%;--awb-margin-bottom-large:20px;--awb-spacing-left-large:2.4%;--awb-width-medium:100%;--awb-order-medium:0;--awb-flex-grow-medium:0;--awb-flex-shrink-medium:0;--awb-spacing-right-medium:1.92%;--awb-spacing-left-medium:1.92%;--awb-width-small:100%;--awb-order-small:0;--awb-flex-grow-small:0;--awb-flex-shrink-small:0;--awb-spacing-right-small:1.92%;--awb-spacing-left-small:1.92%;\" id=\"vct_marquises_inf500_autrebatiment_content\"><div class=\"fusion-column-wrapper fusion-column-has-shadow fusion-flex-justify-content-flex-start fusion-content-layout-column\"><div class=\"fusion-title title fusion-title-44 fusion-sep-none fusion-title-center fusion-title-text fusion-title-size-two hidden\" style=\"--awb-margin-top-small:0px;--awb-margin-right-small:0px;--awb-margin-bottom-small:20px;--awb-margin-left-small:0px;\"><h2 class=\"fusion-title-heading title-heading-center\" style=\"margin:0;\">Protection solaire de la toiture + D\u00e9pliant Autre + Formulaire 1-AGMT<\/h2><\/div><div class=\"fusion-text fusion-text-162 vct_description_typologie\"><p>Il s\u2019agit de tout b\u00e2timent ou toute partie de b\u00e2timent, qui est concern\u00e9 par la r\u00e9glementation mais<br \/>\nqui n\u2019est pas associ\u00e9 \u00e0 une typologie particuli\u00e8re.<\/p>\n<p>Pour rappel, les b\u00e2timents ou parties de b\u00e2timents non concern\u00e9s par la r\u00e9glementation sont :<\/p>\n<ul>\n<li>Les constructions neuves totalement ouvertes ;<\/li>\n<li>Les constructions neuves et partiellement ou totalement close mais inoccup\u00e9es et non<br \/>\nclimatis\u00e9es ;<\/li>\n<li>Les habitations de style traditionnel polyn\u00e9sien telles que d\u00e9finies \u00e0 l\u2019article D.370-1 et<br \/>\nsuivants du code de l\u2019am\u00e9nagement de Polyn\u00e9sie fran\u00e7aise ;<\/li>\n<li>Les \u00e9tablissements recevant du public (ERP) suivants\u00a0: b\u00e2timents de culte\u00a0; \u00e9tablissements de<br \/>\nplein air\u00a0; chapiteaux, tentes, structures\u00a0; structures gonflables\u00a0; stationnements couverts\u00a0;<br \/>\ngares\u00a0; \u00e9tablissements flottants.<\/li>\n<\/ul>\n<\/div><div class=\"fusion-builder-row fusion-builder-row-inner fusion-row fusion-flex-align-items-flex-start fusion-flex-justify-content-center fusion-flex-content-wrap\" style=\"--awb-flex-grow:0;--awb-flex-grow-medium:0;--awb-flex-grow-small:0;--awb-flex-shrink:0;--awb-flex-shrink-medium:0;--awb-flex-shrink-small:0;width:104% !important;max-width:104% !important;margin-left: calc(-4% \/ 2 );margin-right: calc(-4% \/ 2 );\"><div class=\"fusion-layout-column fusion_builder_column_inner fusion-builder-nested-column-208 fusion_builder_column_inner_1_1 1_1 fusion-flex-column\" style=\"--awb-bg-size:cover;--awb-width-large:100%;--awb-margin-top-large:0px;--awb-spacing-right-large:1.92%;--awb-margin-bottom-large:20px;--awb-spacing-left-large:1.92%;--awb-width-medium:100%;--awb-order-medium:0;--awb-spacing-right-medium:1.92%;--awb-spacing-left-medium:1.92%;--awb-width-small:100%;--awb-order-small:0;--awb-spacing-right-small:1.92%;--awb-spacing-left-small:1.92%;\"><div class=\"fusion-column-wrapper fusion-column-has-shadow fusion-flex-justify-content-flex-start fusion-content-layout-column\"><div class=\"fusion-separator fusion-full-width-sep\" style=\"align-self: center;margin-left: auto;margin-right: auto;width:100%;\"><div class=\"fusion-separator-border sep-shadow\" style=\"--awb-height:20px;--awb-amount:20px;background:radial-gradient(ellipse at 50% -50% , #e0dede 0px, rgba(255, 255, 255, 0) 80%) repeat scroll 0 0 rgba(0, 0, 0, 0);background:-webkit-radial-gradient(ellipse at 50% -50% , #e0dede 0px, rgba(255, 255, 255, 0) 80%) repeat scroll 0 0 rgba(0, 0, 0, 0);background:-moz-radial-gradient(ellipse at 50% -50% , #e0dede 0px, rgba(255, 255, 255, 0) 80%) repeat scroll 0 0 rgba(0, 0, 0, 0);background:-o-radial-gradient(ellipse at 50% -50% , #e0dede 0px, rgba(255, 255, 255, 0) 80%) repeat scroll 0 0 rgba(0, 0, 0, 0);\"><\/div><\/div><\/div><\/div><div class=\"fusion-layout-column fusion_builder_column_inner fusion-builder-nested-column-209 fusion_builder_column_inner_1_3 1_3 fusion-flex-column\" style=\"--awb-bg-size:cover;--awb-width-large:33.333333333333%;--awb-margin-top-large:0px;--awb-spacing-right-large:2vw;--awb-margin-bottom-large:20px;--awb-spacing-left-large:5.76%;--awb-width-medium:100%;--awb-order-medium:0;--awb-spacing-right-medium:1.92%;--awb-spacing-left-medium:1.92%;--awb-width-small:100%;--awb-order-small:0;--awb-spacing-right-small:1.92%;--awb-spacing-left-small:1.92%;\"><div class=\"fusion-column-wrapper fusion-column-has-shadow fusion-flex-justify-content-flex-start fusion-content-layout-column\"><div class=\"fusion-image-element \" style=\"text-align:right;--awb-max-width:450px;--awb-caption-title-font-family:var(--h2_typography-font-family);--awb-caption-title-font-weight:var(--h2_typography-font-weight);--awb-caption-title-font-style:var(--h2_typography-font-style);--awb-caption-title-size:var(--h2_typography-font-size);--awb-caption-title-transform:var(--h2_typography-text-transform);--awb-caption-title-line-height:var(--h2_typography-line-height);--awb-caption-title-letter-spacing:var(--h2_typography-letter-spacing);\"><span class=\" fusion-imageframe imageframe-none imageframe-41 hover-type-none\"><img decoding=\"async\" width=\"300\" height=\"225\" title=\"SDE REBPF IlluTotales Divers\" src=\"https:\/\/www.service-public.pf\/sde\/wp-content\/uploads\/sites\/15\/2023\/01\/SDE-REBPF-IlluTotales-Divers-300x225.png\" alt class=\"img-responsive wp-image-3435\" srcset=\"https:\/\/www.service-public.pf\/sde\/wp-content\/uploads\/sites\/15\/2023\/01\/SDE-REBPF-IlluTotales-Divers-200x150.png 200w, https:\/\/www.service-public.pf\/sde\/wp-content\/uploads\/sites\/15\/2023\/01\/SDE-REBPF-IlluTotales-Divers-400x300.png 400w, https:\/\/www.service-public.pf\/sde\/wp-content\/uploads\/sites\/15\/2023\/01\/SDE-REBPF-IlluTotales-Divers-600x450.png 600w, https:\/\/www.service-public.pf\/sde\/wp-content\/uploads\/sites\/15\/2023\/01\/SDE-REBPF-IlluTotales-Divers-800x600.png 800w, https:\/\/www.service-public.pf\/sde\/wp-content\/uploads\/sites\/15\/2023\/01\/SDE-REBPF-IlluTotales-Divers-1200x900.png 1200w, https:\/\/www.service-public.pf\/sde\/wp-content\/uploads\/sites\/15\/2023\/01\/SDE-REBPF-IlluTotales-Divers.png 1453w\" sizes=\"(max-width: 1024px) 100vw, (max-width: 640px) 100vw, 800px\" \/><\/span><\/div><\/div><\/div><div class=\"fusion-layout-column fusion_builder_column_inner fusion-builder-nested-column-210 fusion_builder_column_inner_2_3 2_3 fusion-flex-column\" style=\"--awb-bg-size:cover;--awb-width-large:66.666666666667%;--awb-margin-top-large:0px;--awb-spacing-right-large:2.88%;--awb-margin-bottom-large:20px;--awb-spacing-left-large:2.88%;--awb-width-medium:100%;--awb-order-medium:0;--awb-spacing-right-medium:1.92%;--awb-spacing-left-medium:1.92%;--awb-width-small:100%;--awb-order-small:0;--awb-spacing-right-small:1.92%;--awb-spacing-left-small:1.92%;\"><div class=\"fusion-column-wrapper fusion-column-has-shadow fusion-flex-justify-content-center fusion-content-layout-column\"><div class=\"fusion-text fusion-text-163\" style=\"--awb-content-alignment:center;--awb-font-size:24pt;\"><p>Localisation\u00a0du projet : <strong>Marquises\u00a0\u00e0 une altitude inf\u00e9rieure \u00e0 500 m\u00e8tres<\/strong><\/p>\n<p>Typologie de la construction\u00a0: <strong>Pas de typologie particuli\u00e8re au sens de la REBPf<\/strong><\/p>\n<\/div><\/div><\/div><div class=\"fusion-layout-column fusion_builder_column_inner fusion-builder-nested-column-211 fusion_builder_column_inner_1_1 1_1 fusion-flex-column\" style=\"--awb-bg-size:cover;--awb-width-large:100%;--awb-margin-top-large:0px;--awb-spacing-right-large:1.92%;--awb-margin-bottom-large:20px;--awb-spacing-left-large:1.92%;--awb-width-medium:100%;--awb-order-medium:0;--awb-spacing-right-medium:1.92%;--awb-spacing-left-medium:1.92%;--awb-width-small:100%;--awb-order-small:0;--awb-spacing-right-small:1.92%;--awb-spacing-left-small:1.92%;\"><div class=\"fusion-column-wrapper fusion-column-has-shadow fusion-flex-justify-content-flex-start fusion-content-layout-column\"><div class=\"fusion-separator fusion-full-width-sep\" style=\"align-self: center;margin-left: auto;margin-right: auto;margin-bottom:20px;width:100%;\"><div class=\"fusion-separator-border sep-shadow\" style=\"--awb-height:20px;--awb-amount:20px;background:radial-gradient(ellipse at 50% -50% , #e0dede 0px, rgba(255, 255, 255, 0) 80%) repeat scroll 0 0 rgba(0, 0, 0, 0);background:-webkit-radial-gradient(ellipse at 50% -50% , #e0dede 0px, rgba(255, 255, 255, 0) 80%) repeat scroll 0 0 rgba(0, 0, 0, 0);background:-moz-radial-gradient(ellipse at 50% -50% , #e0dede 0px, rgba(255, 255, 255, 0) 80%) repeat scroll 0 0 rgba(0, 0, 0, 0);background:-o-radial-gradient(ellipse at 50% -50% , #e0dede 0px, rgba(255, 255, 255, 0) 80%) repeat scroll 0 0 rgba(0, 0, 0, 0);\"><\/div><\/div><\/div><\/div><div class=\"fusion-layout-column fusion_builder_column_inner fusion-builder-nested-column-212 fusion_builder_column_inner_1_1 1_1 fusion-flex-column\" style=\"--awb-bg-color:#ffffff;--awb-bg-color-hover:#ffffff;--awb-bg-size:cover;--awb-width-large:100%;--awb-margin-top-large:0px;--awb-spacing-right-large:1.92%;--awb-margin-bottom-large:20px;--awb-spacing-left-large:1.92%;--awb-width-medium:100%;--awb-order-medium:0;--awb-spacing-right-medium:1.92%;--awb-spacing-left-medium:1.92%;--awb-width-small:100%;--awb-order-small:0;--awb-spacing-right-small:1.92%;--awb-spacing-left-small:1.92%;\"><div class=\"fusion-column-wrapper fusion-column-has-shadow fusion-flex-justify-content-flex-start fusion-content-layout-column\"><div class=\"fusion-text fusion-text-164\" style=\"--awb-text-color:#000000;\"><p><strong>Th\u00e9matiques applicables :<\/strong><\/p>\n<\/div><div class=\"accordian fusion-accordian\" style=\"--awb-border-size:1px;--awb-icon-size:13px;--awb-content-font-size:13px;--awb-icon-alignment:left;--awb-hover-color:#f9f9f9;--awb-border-color:#cccccc;--awb-background-color:#ffffff;--awb-divider-color:#e0dede;--awb-divider-hover-color:#e0dede;--awb-icon-color:#ffffff;--awb-title-color:#333333;--awb-content-color:#747474;--awb-icon-box-color:#333333;--awb-toggle-hover-accent-color:#26a147;--awb-title-font-family:&quot;PT Sans&quot;;--awb-title-font-weight:400;--awb-title-font-style:normal;--awb-title-font-size:13px;--awb-content-font-family:&quot;PT Sans&quot;;--awb-content-font-style:normal;--awb-content-font-weight:400;\"><div class=\"panel-group fusion-toggle-icon-boxed\" id=\"accordion-3355-41\"><div class=\"fusion-panel panel-default panel-037dca24ebb7587b9 fusion-toggle-has-divider\" style=\"--awb-title-color:#333333;--awb-content-color:#747474;\"><div class=\"panel-heading\"><h4 class=\"panel-title toggle\" id=\"toggle_037dca24ebb7587b9\"><a aria-expanded=\"false\" aria-controls=\"037dca24ebb7587b9\" role=\"button\" data-toggle=\"collapse\" data-parent=\"#accordion-3355-41\" data-target=\"#037dca24ebb7587b9\" href=\"#037dca24ebb7587b9\"><span class=\"fusion-toggle-icon-wrapper\" aria-hidden=\"true\"><i class=\"fa-fusion-box active-icon awb-icon-minus\" aria-hidden=\"true\"><\/i><i class=\"fa-fusion-box inactive-icon awb-icon-plus\" aria-hidden=\"true\"><\/i><\/span><span class=\"fusion-toggle-heading\">Protection solaire de la toiture<\/span><\/a><\/h4><\/div><div id=\"037dca24ebb7587b9\" class=\"panel-collapse collapse \" aria-labelledby=\"toggle_037dca24ebb7587b9\"><div class=\"panel-body toggle-content fusion-clearfix\">\n<table style=\"width: 100%;height: 187px\">\n<tbody>\n<tr style=\"height: 187px\">\n<td style=\"height: 187px\"><span style=\"color: #000000\"><strong><span style=\"text-decoration: underline\">Locaux concern\u00e9s<\/span> :<\/strong><\/span><\/p>\n<ul>\n<li>Locaux clos et climatis\u00e9s ou occup\u00e9s<\/li>\n<li>Locaux clos non-occup\u00e9s donnant <u>directement<\/u> sur les locaux clos et climatis\u00e9s ou occup\u00e9s, \u00e0 l\u2019exception des locaux techniques, des stationnements et des espaces de stockage non climatis\u00e9s<\/li>\n<\/ul>\n<\/td>\n<td style=\"height: 187px\"><img decoding=\"async\" class=\"alignright wp-image-3430\" src=\"https:\/\/www.service-public.pf\/sde\/wp-content\/uploads\/sites\/15\/2023\/01\/SDE-REBPF-IlluTotales-Divers-ProToiture.png\" alt=\"\" width=\"300\" height=\"225\" \/><\/td>\n<\/tr>\n<\/tbody>\n<\/table>\n<p style=\"color: #000000\"><strong><span style=\"text-decoration: underline\">Seuils \u00e0 respecter<\/span> :<\/strong><\/p>\n<table class=\"table table-bordered\">\n<tbody>\n<tr>\n<td style=\"width: 25%\"><strong>Mesure<\/strong><\/td>\n<td style=\"width: 7.0755%\"><strong>Seuil<\/strong><\/td>\n<td style=\"width: 55.6175%\"><strong>Exemples de solutions<\/strong><\/td>\n<\/tr>\n<tr>\n<td style=\"width: 25%\">Facteur solaire maximal de la toiture<\/td>\n<td style=\"width: 7.0755%\">2,5%<\/td>\n<td style=\"width: 55.6175%\">\n<ul>\n<li>Toiture (avec combles) en t\u00f4le de teinte claire avec 3 cm de laine min\u00e9rale minimum<\/li>\n<li>Toiture (avec combles) en t\u00f4le de teinte moyenne avec 5 cm de laine min\u00e9rale minimum<\/li>\n<li>Toiture (avec combles) en t\u00f4le de teinte sombre avec 7,5 cm de laine min\u00e9rale minimum<\/li>\n<li>Toiture terrasse en b\u00e9ton de teinte moyenne avec 6 cm de polystyr\u00e8ne expans\u00e9 minimum<\/li>\n<li>Toiture terrasse en b\u00e9ton avec sur-toiture largement ventil\u00e9e<\/li>\n<\/ul>\n<\/td>\n<\/tr>\n<\/tbody>\n<\/table>\n<p><span style=\"color: #000000\"><strong>Pour plus d\u2019informations sur l\u2019application de la th\u00e9matique, consultez la fiche en question\u00a0:<\/strong><\/span><\/p>\n<ul>\n<li><a href=\"https:\/\/www.service-public.pf\/sde\/wp-content\/uploads\/sites\/15\/2023\/09\/Fiche-02-Protection-solaire-des-parois-opaques-horizontales-Toitures.pdf\">Fiche d\u2019application \u00ab\u00a0Protection solaire de la toiture\u00a0\u00bb<\/a><\/li>\n<\/ul>\n<p>Nota bene : les informations diffus\u00e9es dans le d\u00e9pliant mis \u00e0 disposition ci-dessous sont normalement suffisantes pour s'assurer de la conformit\u00e9 de son projet sans rentrer dans les d\u00e9tails techniques de la th\u00e9matique.<\/p>\n<\/div><\/div><\/div><\/div><\/div><div class=\"fusion-text fusion-text-165\" style=\"--awb-margin-top:10px;\"><p><span style=\"color: #000000\"><strong>Informations relatives aux demandes de permis de construire et au certificat de conformit\u00e9<\/strong><\/span><\/p>\n<p>Le p\u00e9titionnaire remplit les nouveaux formulaires de demande de permis de construire et de certificat de conformit\u00e9 de la DCA qui int\u00e8grent la d\u00e9claration du respect de la r\u00e9glementation.<\/p>\n<p><span style=\"color: #000000\"><strong>Informations sur les dispositions applicables \u00e0 la typologie :<\/strong><\/span><\/p>\n<ul>\n<li><a href=\"https:\/\/www.service-public.pf\/sde\/wp-content\/uploads\/sites\/15\/2023\/03\/REPBF_Depliants_Autres_Pages.pdf\">D\u00e9pliant \u00ab\u00a0Tous les b\u00e2timents\u00a0\u00bb<\/a><\/li>\n<\/ul>\n<\/div><\/div><\/div><\/div><\/div><\/div><div class=\"fusion-layout-column fusion_builder_column fusion-builder-column-55 fusion_builder_column_4_5 4_5 fusion-flex-column vct_marquises_inf500_content\" style=\"--awb-bg-size:cover;--awb-width-large:80%;--awb-flex-grow:0;--awb-flex-shrink:0;--awb-margin-top-large:0px;--awb-spacing-right-large:2.4%;--awb-margin-bottom-large:20px;--awb-spacing-left-large:2.4%;--awb-width-medium:100%;--awb-order-medium:0;--awb-flex-grow-medium:0;--awb-flex-shrink-medium:0;--awb-spacing-right-medium:1.92%;--awb-spacing-left-medium:1.92%;--awb-width-small:100%;--awb-order-small:0;--awb-flex-grow-small:0;--awb-flex-shrink-small:0;--awb-spacing-right-small:1.92%;--awb-spacing-left-small:1.92%;\" id=\"vct_marquises_inf500_logementindividuel_content\"><div class=\"fusion-column-wrapper fusion-column-has-shadow fusion-flex-justify-content-flex-start fusion-content-layout-column\"><div class=\"fusion-title title fusion-title-45 fusion-sep-none fusion-title-center fusion-title-text fusion-title-size-two hidden\" style=\"--awb-margin-top-small:0px;--awb-margin-right-small:0px;--awb-margin-bottom-small:20px;--awb-margin-left-small:0px;\"><h2 class=\"fusion-title-heading title-heading-center\" style=\"margin:0;\">Protection solaire de la toiture + D\u00e9pliant logement individuel + Fiche d'information logement individuel + Formulaire 1-AGMT<\/h2><\/div><div class=\"fusion-text fusion-text-166 vct_description_typologie\"><p>Un logement individuel correspond \u00e0 la notion de maison individuelle telle que d\u00e9finie par le code de<br \/>\nl\u2019am\u00e9nagement, \u00e0 savoir un b\u00e2timent \u00e0 usage d\u2019habitation comprenant au plus deux logements<br \/>\nsuperpos\u00e9s ou accol\u00e9s.<\/p>\n<p>On assimile \u00e9galement au logement individuel les structures d\u2019h\u00e9bergement de tourisme et<br \/>\nchambres chez l\u2019habitant dont le nombre d\u2019unit\u00e9s d\u2019h\u00e9bergement est inf\u00e9rieur ou \u00e9gal \u00e0 cinq ou dont<br \/>\nl\u2019effectif est inf\u00e9rieur \u00e0 vingt personnes (ERP du 2\u00e8me groupe - cat\u00e9gorie 5)<\/p>\n<\/div><div class=\"fusion-builder-row fusion-builder-row-inner fusion-row fusion-flex-align-items-flex-start fusion-flex-justify-content-center fusion-flex-content-wrap\" style=\"--awb-flex-grow:0;--awb-flex-grow-medium:0;--awb-flex-grow-small:0;--awb-flex-shrink:0;--awb-flex-shrink-medium:0;--awb-flex-shrink-small:0;width:104% !important;max-width:104% !important;margin-left: calc(-4% \/ 2 );margin-right: calc(-4% \/ 2 );\"><div class=\"fusion-layout-column fusion_builder_column_inner fusion-builder-nested-column-213 fusion_builder_column_inner_1_1 1_1 fusion-flex-column\" style=\"--awb-bg-size:cover;--awb-width-large:100%;--awb-margin-top-large:0px;--awb-spacing-right-large:1.92%;--awb-margin-bottom-large:20px;--awb-spacing-left-large:1.92%;--awb-width-medium:100%;--awb-order-medium:0;--awb-spacing-right-medium:1.92%;--awb-spacing-left-medium:1.92%;--awb-width-small:100%;--awb-order-small:0;--awb-spacing-right-small:1.92%;--awb-spacing-left-small:1.92%;\"><div class=\"fusion-column-wrapper fusion-column-has-shadow fusion-flex-justify-content-flex-start fusion-content-layout-column\"><div class=\"fusion-separator fusion-full-width-sep\" style=\"align-self: center;margin-left: auto;margin-right: auto;width:100%;\"><div class=\"fusion-separator-border sep-shadow\" style=\"--awb-height:20px;--awb-amount:20px;background:radial-gradient(ellipse at 50% -50% , #e0dede 0px, rgba(255, 255, 255, 0) 80%) repeat scroll 0 0 rgba(0, 0, 0, 0);background:-webkit-radial-gradient(ellipse at 50% -50% , #e0dede 0px, rgba(255, 255, 255, 0) 80%) repeat scroll 0 0 rgba(0, 0, 0, 0);background:-moz-radial-gradient(ellipse at 50% -50% , #e0dede 0px, rgba(255, 255, 255, 0) 80%) repeat scroll 0 0 rgba(0, 0, 0, 0);background:-o-radial-gradient(ellipse at 50% -50% , #e0dede 0px, rgba(255, 255, 255, 0) 80%) repeat scroll 0 0 rgba(0, 0, 0, 0);\"><\/div><\/div><\/div><\/div><div class=\"fusion-layout-column fusion_builder_column_inner fusion-builder-nested-column-214 fusion_builder_column_inner_1_3 1_3 fusion-flex-column\" style=\"--awb-bg-size:cover;--awb-width-large:33.333333333333%;--awb-margin-top-large:0px;--awb-spacing-right-large:2vw;--awb-margin-bottom-large:20px;--awb-spacing-left-large:5.76%;--awb-width-medium:100%;--awb-order-medium:0;--awb-spacing-right-medium:1.92%;--awb-spacing-left-medium:1.92%;--awb-width-small:100%;--awb-order-small:0;--awb-spacing-right-small:1.92%;--awb-spacing-left-small:1.92%;\"><div class=\"fusion-column-wrapper fusion-column-has-shadow fusion-flex-justify-content-flex-start fusion-content-layout-column\"><div class=\"fusion-image-element \" style=\"text-align:right;--awb-max-width:450px;--awb-caption-title-font-family:var(--h2_typography-font-family);--awb-caption-title-font-weight:var(--h2_typography-font-weight);--awb-caption-title-font-style:var(--h2_typography-font-style);--awb-caption-title-size:var(--h2_typography-font-size);--awb-caption-title-transform:var(--h2_typography-text-transform);--awb-caption-title-line-height:var(--h2_typography-line-height);--awb-caption-title-letter-spacing:var(--h2_typography-letter-spacing);\"><span class=\" fusion-imageframe imageframe-none imageframe-42 hover-type-none\"><img decoding=\"async\" width=\"300\" height=\"225\" title=\"SDE REBPF IlluTotales Logement Individuel\" src=\"https:\/\/www.service-public.pf\/sde\/wp-content\/uploads\/sites\/15\/2023\/01\/SDE-REBPF-IlluTotales-Logement-Individuel-300x225.png\" alt class=\"img-responsive wp-image-3460\" srcset=\"https:\/\/www.service-public.pf\/sde\/wp-content\/uploads\/sites\/15\/2023\/01\/SDE-REBPF-IlluTotales-Logement-Individuel-200x150.png 200w, https:\/\/www.service-public.pf\/sde\/wp-content\/uploads\/sites\/15\/2023\/01\/SDE-REBPF-IlluTotales-Logement-Individuel-400x300.png 400w, https:\/\/www.service-public.pf\/sde\/wp-content\/uploads\/sites\/15\/2023\/01\/SDE-REBPF-IlluTotales-Logement-Individuel-600x450.png 600w, https:\/\/www.service-public.pf\/sde\/wp-content\/uploads\/sites\/15\/2023\/01\/SDE-REBPF-IlluTotales-Logement-Individuel-800x600.png 800w, https:\/\/www.service-public.pf\/sde\/wp-content\/uploads\/sites\/15\/2023\/01\/SDE-REBPF-IlluTotales-Logement-Individuel-1200x900.png 1200w, https:\/\/www.service-public.pf\/sde\/wp-content\/uploads\/sites\/15\/2023\/01\/SDE-REBPF-IlluTotales-Logement-Individuel.png 1453w\" sizes=\"(max-width: 1024px) 100vw, (max-width: 640px) 100vw, 800px\" \/><\/span><\/div><\/div><\/div><div class=\"fusion-layout-column fusion_builder_column_inner fusion-builder-nested-column-215 fusion_builder_column_inner_2_3 2_3 fusion-flex-column\" style=\"--awb-bg-size:cover;--awb-width-large:66.666666666667%;--awb-margin-top-large:0px;--awb-spacing-right-large:2.88%;--awb-margin-bottom-large:20px;--awb-spacing-left-large:2.88%;--awb-width-medium:100%;--awb-order-medium:0;--awb-spacing-right-medium:1.92%;--awb-spacing-left-medium:1.92%;--awb-width-small:100%;--awb-order-small:0;--awb-spacing-right-small:1.92%;--awb-spacing-left-small:1.92%;\"><div class=\"fusion-column-wrapper fusion-column-has-shadow fusion-flex-justify-content-center fusion-content-layout-column\"><div class=\"fusion-text fusion-text-167\" style=\"--awb-content-alignment:center;--awb-font-size:24pt;\"><p>Localisation\u00a0du projet : <strong>Marquises\u00a0\u00e0 une altitude inf\u00e9rieure \u00e0 500 m\u00e8tres<\/strong><\/p>\n<p>Typologie de la construction\u00a0: <strong>Logement individuel<\/strong><\/p>\n<\/div><\/div><\/div><div class=\"fusion-layout-column fusion_builder_column_inner fusion-builder-nested-column-216 fusion_builder_column_inner_1_1 1_1 fusion-flex-column\" style=\"--awb-bg-size:cover;--awb-width-large:100%;--awb-margin-top-large:0px;--awb-spacing-right-large:1.92%;--awb-margin-bottom-large:20px;--awb-spacing-left-large:1.92%;--awb-width-medium:100%;--awb-order-medium:0;--awb-spacing-right-medium:1.92%;--awb-spacing-left-medium:1.92%;--awb-width-small:100%;--awb-order-small:0;--awb-spacing-right-small:1.92%;--awb-spacing-left-small:1.92%;\"><div class=\"fusion-column-wrapper fusion-column-has-shadow fusion-flex-justify-content-flex-start fusion-content-layout-column\"><div class=\"fusion-separator fusion-full-width-sep\" style=\"align-self: center;margin-left: auto;margin-right: auto;margin-bottom:20px;width:100%;\"><div class=\"fusion-separator-border sep-shadow\" style=\"--awb-height:20px;--awb-amount:20px;background:radial-gradient(ellipse at 50% -50% , #e0dede 0px, rgba(255, 255, 255, 0) 80%) repeat scroll 0 0 rgba(0, 0, 0, 0);background:-webkit-radial-gradient(ellipse at 50% -50% , #e0dede 0px, rgba(255, 255, 255, 0) 80%) repeat scroll 0 0 rgba(0, 0, 0, 0);background:-moz-radial-gradient(ellipse at 50% -50% , #e0dede 0px, rgba(255, 255, 255, 0) 80%) repeat scroll 0 0 rgba(0, 0, 0, 0);background:-o-radial-gradient(ellipse at 50% -50% , #e0dede 0px, rgba(255, 255, 255, 0) 80%) repeat scroll 0 0 rgba(0, 0, 0, 0);\"><\/div><\/div><\/div><\/div><div class=\"fusion-layout-column fusion_builder_column_inner fusion-builder-nested-column-217 fusion_builder_column_inner_1_1 1_1 fusion-flex-column\" style=\"--awb-bg-color:#ffffff;--awb-bg-color-hover:#ffffff;--awb-bg-size:cover;--awb-width-large:100%;--awb-margin-top-large:0px;--awb-spacing-right-large:1.92%;--awb-margin-bottom-large:20px;--awb-spacing-left-large:1.92%;--awb-width-medium:100%;--awb-order-medium:0;--awb-spacing-right-medium:1.92%;--awb-spacing-left-medium:1.92%;--awb-width-small:100%;--awb-order-small:0;--awb-spacing-right-small:1.92%;--awb-spacing-left-small:1.92%;\"><div class=\"fusion-column-wrapper fusion-column-has-shadow fusion-flex-justify-content-flex-start fusion-content-layout-column\"><div class=\"fusion-text fusion-text-168\" style=\"--awb-text-color:#000000;\"><p><strong>Th\u00e9matiques applicables :<\/strong><\/p>\n<\/div><div class=\"accordian fusion-accordian\" style=\"--awb-border-size:1px;--awb-icon-size:13px;--awb-content-font-size:13px;--awb-icon-alignment:left;--awb-hover-color:#f9f9f9;--awb-border-color:#cccccc;--awb-background-color:#ffffff;--awb-divider-color:#e0dede;--awb-divider-hover-color:#e0dede;--awb-icon-color:#ffffff;--awb-title-color:#333333;--awb-content-color:#747474;--awb-icon-box-color:#333333;--awb-toggle-hover-accent-color:#26a147;--awb-title-font-family:&quot;PT Sans&quot;;--awb-title-font-weight:400;--awb-title-font-style:normal;--awb-title-font-size:13px;--awb-content-font-family:&quot;PT Sans&quot;;--awb-content-font-style:normal;--awb-content-font-weight:400;\"><div class=\"panel-group fusion-toggle-icon-boxed\" id=\"accordion-3355-42\"><div class=\"fusion-panel panel-default panel-73d3d6ab8fc07d7d2 fusion-toggle-has-divider\" style=\"--awb-title-color:#333333;--awb-content-color:#747474;\"><div class=\"panel-heading\"><h4 class=\"panel-title toggle\" id=\"toggle_73d3d6ab8fc07d7d2\"><a aria-expanded=\"false\" aria-controls=\"73d3d6ab8fc07d7d2\" role=\"button\" data-toggle=\"collapse\" data-parent=\"#accordion-3355-42\" data-target=\"#73d3d6ab8fc07d7d2\" href=\"#73d3d6ab8fc07d7d2\"><span class=\"fusion-toggle-icon-wrapper\" aria-hidden=\"true\"><i class=\"fa-fusion-box active-icon awb-icon-minus\" aria-hidden=\"true\"><\/i><i class=\"fa-fusion-box inactive-icon awb-icon-plus\" aria-hidden=\"true\"><\/i><\/span><span class=\"fusion-toggle-heading\">Protection solaire de la toiture<\/span><\/a><\/h4><\/div><div id=\"73d3d6ab8fc07d7d2\" class=\"panel-collapse collapse \" aria-labelledby=\"toggle_73d3d6ab8fc07d7d2\"><div class=\"panel-body toggle-content fusion-clearfix\">\n<table style=\"width: 100%;height: 187px\">\n<tbody>\n<tr style=\"height: 187px\">\n<td style=\"height: 187px\"><span style=\"color: #000000\"><strong><span style=\"text-decoration: underline\">Locaux concern\u00e9s<\/span> :<\/strong><\/span><\/p>\n<ul>\n<li>Locaux clos et climatis\u00e9s ou occup\u00e9s (exemples\u00a0: chambre, s\u00e9jour, bureau, \u2026)<\/li>\n<li>Locaux clos non-occup\u00e9s donnant <u>directement<\/u> sur les locaux ci-dessus, hors locaux techniques, stationnements et espaces de stockage non climatis\u00e9s (exemples : sanitaires, salle de bain, buanderie, \u2026)<\/li>\n<\/ul>\n<\/td>\n<td style=\"height: 187px\"><img decoding=\"async\" class=\"alignright wp-image-3430\" src=\"https:\/\/www.service-public.pf\/sde\/wp-content\/uploads\/sites\/15\/2023\/01\/SDE-REBPF-IlluTotales-Logement-Individuel-ProToiture.png\" alt=\"\" width=\"300\" height=\"225\" \/><\/td>\n<\/tr>\n<\/tbody>\n<\/table>\n<p style=\"color: #000000\"><strong><span style=\"text-decoration: underline\">Seuils \u00e0 respecter<\/span> :<\/strong><\/p>\n<table class=\"table table-bordered\">\n<tbody>\n<tr>\n<td style=\"width: 25%\"><strong>Mesure<\/strong><\/td>\n<td style=\"width: 7.0755%\"><strong>Seuil<\/strong><\/td>\n<td style=\"width: 55.6175%\"><strong>Exemples de solutions<\/strong><\/td>\n<\/tr>\n<tr>\n<td style=\"width: 25%\">Facteur solaire maximal de la toiture<\/td>\n<td style=\"width: 7.0755%\">2,5%<\/td>\n<td style=\"width: 55.6175%\">\n<ul>\n<li>Toiture (avec combles) en t\u00f4le de teinte claire avec 3 cm de laine min\u00e9rale minimum<\/li>\n<li>Toiture (avec combles) en t\u00f4le de teinte moyenne avec 5 cm de laine min\u00e9rale minimum<\/li>\n<li>Toiture (avec combles) en t\u00f4le de teinte sombre avec 7,5 cm de laine min\u00e9rale minimum<\/li>\n<li>Toiture terrasse en b\u00e9ton de teinte moyenne avec 6 cm de polystyr\u00e8ne expans\u00e9 minimum<\/li>\n<li>Toiture terrasse en b\u00e9ton avec sur-toiture largement ventil\u00e9e<\/li>\n<\/ul>\n<\/td>\n<\/tr>\n<\/tbody>\n<\/table>\n<p><span style=\"color: #000000\"><strong>Pour plus d\u2019informations sur l\u2019application de la th\u00e9matique, consultez la fiche en question\u00a0:<\/strong><\/span><\/p>\n<ul>\n<li><a href=\"https:\/\/www.service-public.pf\/sde\/wp-content\/uploads\/sites\/15\/2023\/09\/Fiche-02-Protection-solaire-des-parois-opaques-horizontales-Toitures.pdf\">Fiche d\u2019application \u00ab\u00a0Protection solaire de la toiture\u00a0\u00bb<\/a><\/li>\n<\/ul>\n<p>Nota bene : les informations diffus\u00e9es dans le d\u00e9pliant et les guides mis \u00e0 disposition ci-dessous sont normalement suffisantes pour s'assurer de la conformit\u00e9 de son projet sans rentrer dans les d\u00e9tails techniques de la th\u00e9matique.<\/p>\n<\/div><\/div><\/div><div class=\"fusion-panel panel-default panel-8595ebd3efdad022b fusion-toggle-has-divider\" style=\"--awb-title-color:#333333;--awb-content-color:#747474;\"><div class=\"panel-heading\"><h4 class=\"panel-title toggle\" id=\"toggle_8595ebd3efdad022b\"><a aria-expanded=\"false\" aria-controls=\"8595ebd3efdad022b\" role=\"button\" data-toggle=\"collapse\" data-parent=\"#accordion-3355-42\" data-target=\"#8595ebd3efdad022b\" href=\"#8595ebd3efdad022b\"><span class=\"fusion-toggle-icon-wrapper\" aria-hidden=\"true\"><i class=\"fa-fusion-box active-icon awb-icon-minus\" aria-hidden=\"true\"><\/i><i class=\"fa-fusion-box inactive-icon awb-icon-plus\" aria-hidden=\"true\"><\/i><\/span><span class=\"fusion-toggle-heading\">Protection solaire des baies<\/span><\/a><\/h4><\/div><div id=\"8595ebd3efdad022b\" class=\"panel-collapse collapse \" aria-labelledby=\"toggle_8595ebd3efdad022b\"><div class=\"panel-body toggle-content fusion-clearfix\">\n<table style=\"width: 100%;height: 187px\">\n<tbody>\n<tr style=\"height: 187px\">\n<td style=\"height: 187px\"><span style=\"color: #000000\"><strong><span style=\"text-decoration: underline\">Locaux concern\u00e9s<\/span> :<\/strong><\/span><\/p>\n<ul>\n<li>Locaux clos et climatis\u00e9s ou occup\u00e9s (exemples\u00a0: chambre, s\u00e9jour, bureau, \u2026)<\/li>\n<li>Locaux clos non-occup\u00e9s donnant <u>directement<\/u> sur les locaux ci-dessus, hors locaux techniques, stationnements et espaces de stockage non climatis\u00e9s (exemples : sanitaires, salle de bain, buanderie, \u2026)<\/li>\n<\/ul>\n<\/td>\n<td style=\"height: 187px\"><img decoding=\"async\" class=\"alignright wp-image-3430\" src=\"https:\/\/www.service-public.pf\/sde\/wp-content\/uploads\/sites\/15\/2023\/03\/Picture1.png\" alt=\"\" width=\"300\" height=\"225\" \/><\/td>\n<\/tr>\n<\/tbody>\n<\/table>\n<p style=\"color: #000000\"><strong><span style=\"text-decoration: underline\">Seuils, r\u00e8gles de conception et caract\u00e9ristiques techniques \u00e0 respecter : <\/span><\/strong><\/p>\n<table class=\"table table-bordered\">\n<tbody>\n<tr>\n<td style=\"width: 25%\"><strong>R\u00e8gle de conception<\/strong><\/td>\n<td style=\"width: 55.6175%\"><strong>Exemple de solution<\/strong><\/td>\n<\/tr>\n<tr>\n<td style=\"width: 25%\">La mise en \u0153uvre de baies horizontales* est interdite dans les locaux concern\u00e9s par la disposition<\/td>\n<td style=\"width: 55.6175%\">Afin de conserver un apport de lumi\u00e8re naturelle dans les espaces sous-toiture, il est possible de mettre en place des baies verticales \u00e0 la place (ex : chien assis)<\/td>\n<\/tr>\n<\/tbody>\n<\/table>\n<p>* Une baie est consid\u00e9r\u00e9e comme horizontale si son inclinaison est inf\u00e9rieure \u00e0 60\u00b0 par rapport au plan horizontal.<\/p>\n<\/div><\/div><\/div><\/div><\/div><div class=\"fusion-text fusion-text-169\" style=\"--awb-margin-top:10px;\"><p><span style=\"color: #000000\"><strong>Informations relatives aux demandes de permis de construire et au certificat de conformit\u00e9<\/strong><\/span><\/p>\n<p>Le p\u00e9titionnaire remplit les nouveaux formulaires de demande de permis de construire et de certificat de conformit\u00e9 de la DCA qui int\u00e8grent la d\u00e9claration du respect de la r\u00e9glementation.<\/p>\n<p><span style=\"color: #000000\"><strong>Informations sur les dispositions applicables \u00e0 la typologie <\/strong> (ne consulter que les rubriques des th\u00e9matiques concernant le projet de construction)<strong> :<\/strong><\/span><\/p>\n<ul>\n<li><a href=\"https:\/\/www.service-public.pf\/sde\/wp-content\/uploads\/sites\/15\/2023\/03\/REPBF_Depliants_LogementIndividuel_Pages.pdf\">D\u00e9pliant \u00ab\u00a0Logement individuel\u00a0\u00bb<\/a><\/li>\n<li><a href=\"https:\/\/www.service-public.pf\/sde\/wp-content\/uploads\/sites\/15\/2023\/09\/REBPf-Guide-logement-individuel-version-simplifiee.pdf\">Guide simplifi\u00e9 pour le respect de la r\u00e9glementation - Logement individuel<\/a><\/li>\n<li><a href=\"https:\/\/www.service-public.pf\/sde\/wp-content\/uploads\/sites\/15\/2023\/09\/REBPf-Guide-logement-individuel-version-simplifiee-tahitien.pdf\">Guide simplifi\u00e9 pour le respect de la r\u00e9glementation - Logement individuel - reo tahiti<\/a><\/li>\n<li><a href=\"https:\/\/www.service-public.pf\/sde\/wp-content\/uploads\/sites\/15\/2023\/06\/REBPf-Guide-logement-individuel-version-detaillee.pdf\">Guide d\u00e9taill\u00e9 pour le respect de la r\u00e9glementation - Logement individuel<\/a><\/li>\n<\/ul>\n<\/div><\/div><\/div><\/div><\/div><\/div><div class=\"fusion-layout-column fusion_builder_column fusion-builder-column-56 fusion_builder_column_4_5 4_5 fusion-flex-column vct_marquises_inf500_content\" style=\"--awb-bg-size:cover;--awb-width-large:80%;--awb-flex-grow:0;--awb-flex-shrink:0;--awb-margin-top-large:0px;--awb-spacing-right-large:2.4%;--awb-margin-bottom-large:20px;--awb-spacing-left-large:2.4%;--awb-width-medium:100%;--awb-order-medium:0;--awb-flex-grow-medium:0;--awb-flex-shrink-medium:0;--awb-spacing-right-medium:1.92%;--awb-spacing-left-medium:1.92%;--awb-width-small:100%;--awb-order-small:0;--awb-flex-grow-small:0;--awb-flex-shrink-small:0;--awb-spacing-right-small:1.92%;--awb-spacing-left-small:1.92%;\" id=\"vct_marquises_inf500_hotellerie_content\"><div class=\"fusion-column-wrapper fusion-column-has-shadow fusion-flex-justify-content-flex-start fusion-content-layout-column\"><div class=\"fusion-title title fusion-title-46 fusion-sep-none fusion-title-center fusion-title-text fusion-title-size-two hidden\" style=\"--awb-margin-top-small:0px;--awb-margin-right-small:0px;--awb-margin-bottom-small:20px;--awb-margin-left-small:0px;\"><h2 class=\"fusion-title-heading title-heading-center\" style=\"margin:0;\">Protection solaire de la toiture \/ Protection solaire des murs \/ Protection solaire des baies+ D\u00e9pliant h\u00f4tellerie + Fiche d'information h\u00f4tellerie + Formulaire 2-MT<\/h2><\/div><div class=\"fusion-text fusion-text-170 vct_description_typologie\"><p>Il s\u2019agit d\u2019un b\u00e2timent ou d\u2019une partie de b\u00e2timent \u00e0 usage d\u2019h\u00f4tel de tourisme, pension de familles,<br \/>\nmeubl\u00e9 de tourisme, auberge de jeunesse, village de vacances, villa de luxe, bungalow ainsi que tout<br \/>\nautre h\u00e9bergement \u00e0 vocation touristique, comprenant \u00e9galement leurs locaux accessoires.<\/p>\n<p>Pour rappel, les projets de construction d\u2019une structure d\u2019h\u00e9bergement de tourisme et chambres<br \/>\nchez l\u2019habitant dont le nombre d\u2019unit\u00e9s d\u2019h\u00e9bergement est inf\u00e9rieur ou \u00e9gal \u00e0 cinq ou dont l\u2019effectif<br \/>\nest inf\u00e9rieur \u00e0 vingt personnes sont assimil\u00e9es \u00e0 la typologie logement individuel.<\/p>\n<\/div><div class=\"fusion-builder-row fusion-builder-row-inner fusion-row fusion-flex-align-items-flex-start fusion-flex-justify-content-center fusion-flex-content-wrap\" style=\"--awb-flex-grow:0;--awb-flex-grow-medium:0;--awb-flex-grow-small:0;--awb-flex-shrink:0;--awb-flex-shrink-medium:0;--awb-flex-shrink-small:0;width:104% !important;max-width:104% !important;margin-left: calc(-4% \/ 2 );margin-right: calc(-4% \/ 2 );\"><div class=\"fusion-layout-column fusion_builder_column_inner fusion-builder-nested-column-218 fusion_builder_column_inner_1_1 1_1 fusion-flex-column\" style=\"--awb-bg-size:cover;--awb-width-large:100%;--awb-margin-top-large:0px;--awb-spacing-right-large:1.92%;--awb-margin-bottom-large:20px;--awb-spacing-left-large:1.92%;--awb-width-medium:100%;--awb-order-medium:0;--awb-spacing-right-medium:1.92%;--awb-spacing-left-medium:1.92%;--awb-width-small:100%;--awb-order-small:0;--awb-spacing-right-small:1.92%;--awb-spacing-left-small:1.92%;\"><div class=\"fusion-column-wrapper fusion-column-has-shadow fusion-flex-justify-content-flex-start fusion-content-layout-column\"><div class=\"fusion-separator fusion-full-width-sep\" style=\"align-self: center;margin-left: auto;margin-right: auto;width:100%;\"><div class=\"fusion-separator-border sep-shadow\" style=\"--awb-height:20px;--awb-amount:20px;background:radial-gradient(ellipse at 50% -50% , #e0dede 0px, rgba(255, 255, 255, 0) 80%) repeat scroll 0 0 rgba(0, 0, 0, 0);background:-webkit-radial-gradient(ellipse at 50% -50% , #e0dede 0px, rgba(255, 255, 255, 0) 80%) repeat scroll 0 0 rgba(0, 0, 0, 0);background:-moz-radial-gradient(ellipse at 50% -50% , #e0dede 0px, rgba(255, 255, 255, 0) 80%) repeat scroll 0 0 rgba(0, 0, 0, 0);background:-o-radial-gradient(ellipse at 50% -50% , #e0dede 0px, rgba(255, 255, 255, 0) 80%) repeat scroll 0 0 rgba(0, 0, 0, 0);\"><\/div><\/div><\/div><\/div><div class=\"fusion-layout-column fusion_builder_column_inner fusion-builder-nested-column-219 fusion_builder_column_inner_1_3 1_3 fusion-flex-column\" style=\"--awb-bg-size:cover;--awb-width-large:33.333333333333%;--awb-margin-top-large:0px;--awb-spacing-right-large:2vw;--awb-margin-bottom-large:20px;--awb-spacing-left-large:5.76%;--awb-width-medium:100%;--awb-order-medium:0;--awb-spacing-right-medium:1.92%;--awb-spacing-left-medium:1.92%;--awb-width-small:100%;--awb-order-small:0;--awb-spacing-right-small:1.92%;--awb-spacing-left-small:1.92%;\"><div class=\"fusion-column-wrapper fusion-column-has-shadow fusion-flex-justify-content-flex-start fusion-content-layout-column\"><div class=\"fusion-image-element \" style=\"text-align:right;--awb-max-width:450px;--awb-caption-title-font-family:var(--h2_typography-font-family);--awb-caption-title-font-weight:var(--h2_typography-font-weight);--awb-caption-title-font-style:var(--h2_typography-font-style);--awb-caption-title-size:var(--h2_typography-font-size);--awb-caption-title-transform:var(--h2_typography-text-transform);--awb-caption-title-line-height:var(--h2_typography-line-height);--awb-caption-title-letter-spacing:var(--h2_typography-letter-spacing);\"><span class=\" fusion-imageframe imageframe-none imageframe-43 hover-type-none\"><img decoding=\"async\" width=\"300\" height=\"225\" title=\"SDE REBPF IlluTotales Hotel Pension\" src=\"https:\/\/www.service-public.pf\/sde\/wp-content\/uploads\/sites\/15\/2023\/01\/SDE-REBPF-IlluTotales-Hotel-Pension-300x225.png\" alt class=\"img-responsive wp-image-3446\" srcset=\"https:\/\/www.service-public.pf\/sde\/wp-content\/uploads\/sites\/15\/2023\/01\/SDE-REBPF-IlluTotales-Hotel-Pension-200x150.png 200w, https:\/\/www.service-public.pf\/sde\/wp-content\/uploads\/sites\/15\/2023\/01\/SDE-REBPF-IlluTotales-Hotel-Pension-400x300.png 400w, https:\/\/www.service-public.pf\/sde\/wp-content\/uploads\/sites\/15\/2023\/01\/SDE-REBPF-IlluTotales-Hotel-Pension-600x450.png 600w, https:\/\/www.service-public.pf\/sde\/wp-content\/uploads\/sites\/15\/2023\/01\/SDE-REBPF-IlluTotales-Hotel-Pension-800x600.png 800w, https:\/\/www.service-public.pf\/sde\/wp-content\/uploads\/sites\/15\/2023\/01\/SDE-REBPF-IlluTotales-Hotel-Pension-1200x900.png 1200w, https:\/\/www.service-public.pf\/sde\/wp-content\/uploads\/sites\/15\/2023\/01\/SDE-REBPF-IlluTotales-Hotel-Pension.png 1453w\" sizes=\"(max-width: 1024px) 100vw, (max-width: 640px) 100vw, 800px\" \/><\/span><\/div><\/div><\/div><div class=\"fusion-layout-column fusion_builder_column_inner fusion-builder-nested-column-220 fusion_builder_column_inner_2_3 2_3 fusion-flex-column\" style=\"--awb-bg-size:cover;--awb-width-large:66.666666666667%;--awb-margin-top-large:0px;--awb-spacing-right-large:2.88%;--awb-margin-bottom-large:20px;--awb-spacing-left-large:2.88%;--awb-width-medium:100%;--awb-order-medium:0;--awb-spacing-right-medium:1.92%;--awb-spacing-left-medium:1.92%;--awb-width-small:100%;--awb-order-small:0;--awb-spacing-right-small:1.92%;--awb-spacing-left-small:1.92%;\"><div class=\"fusion-column-wrapper fusion-column-has-shadow fusion-flex-justify-content-center fusion-content-layout-column\"><div class=\"fusion-text fusion-text-171\" style=\"--awb-content-alignment:center;--awb-font-size:24pt;\"><p>Localisation\u00a0du projet : <strong>Marquises\u00a0\u00e0 une altitude inf\u00e9rieure \u00e0 500 m\u00e8tres<\/strong><\/p>\n<p>Typologie de la construction\u00a0: <strong>H\u00f4tellerie<\/strong><\/p>\n<\/div><\/div><\/div><div class=\"fusion-layout-column fusion_builder_column_inner fusion-builder-nested-column-221 fusion_builder_column_inner_1_1 1_1 fusion-flex-column\" style=\"--awb-bg-size:cover;--awb-width-large:100%;--awb-margin-top-large:0px;--awb-spacing-right-large:1.92%;--awb-margin-bottom-large:20px;--awb-spacing-left-large:1.92%;--awb-width-medium:100%;--awb-order-medium:0;--awb-spacing-right-medium:1.92%;--awb-spacing-left-medium:1.92%;--awb-width-small:100%;--awb-order-small:0;--awb-spacing-right-small:1.92%;--awb-spacing-left-small:1.92%;\"><div class=\"fusion-column-wrapper fusion-column-has-shadow fusion-flex-justify-content-flex-start fusion-content-layout-column\"><div class=\"fusion-separator fusion-full-width-sep\" style=\"align-self: center;margin-left: auto;margin-right: auto;margin-bottom:20px;width:100%;\"><div class=\"fusion-separator-border sep-shadow\" style=\"--awb-height:20px;--awb-amount:20px;background:radial-gradient(ellipse at 50% -50% , #e0dede 0px, rgba(255, 255, 255, 0) 80%) repeat scroll 0 0 rgba(0, 0, 0, 0);background:-webkit-radial-gradient(ellipse at 50% -50% , #e0dede 0px, rgba(255, 255, 255, 0) 80%) repeat scroll 0 0 rgba(0, 0, 0, 0);background:-moz-radial-gradient(ellipse at 50% -50% , #e0dede 0px, rgba(255, 255, 255, 0) 80%) repeat scroll 0 0 rgba(0, 0, 0, 0);background:-o-radial-gradient(ellipse at 50% -50% , #e0dede 0px, rgba(255, 255, 255, 0) 80%) repeat scroll 0 0 rgba(0, 0, 0, 0);\"><\/div><\/div><\/div><\/div><div class=\"fusion-layout-column fusion_builder_column_inner fusion-builder-nested-column-222 fusion_builder_column_inner_1_1 1_1 fusion-flex-column\" style=\"--awb-bg-color:#ffffff;--awb-bg-color-hover:#ffffff;--awb-bg-size:cover;--awb-width-large:100%;--awb-margin-top-large:0px;--awb-spacing-right-large:1.92%;--awb-margin-bottom-large:20px;--awb-spacing-left-large:1.92%;--awb-width-medium:100%;--awb-order-medium:0;--awb-spacing-right-medium:1.92%;--awb-spacing-left-medium:1.92%;--awb-width-small:100%;--awb-order-small:0;--awb-spacing-right-small:1.92%;--awb-spacing-left-small:1.92%;\"><div class=\"fusion-column-wrapper fusion-column-has-shadow fusion-flex-justify-content-flex-start fusion-content-layout-column\"><div class=\"fusion-text fusion-text-172\" style=\"--awb-text-color:#000000;\"><p><strong>Th\u00e9matiques applicables :<\/strong><\/p>\n<\/div><div class=\"accordian fusion-accordian\" style=\"--awb-border-size:1px;--awb-icon-size:13px;--awb-content-font-size:13px;--awb-icon-alignment:left;--awb-hover-color:#f9f9f9;--awb-border-color:#cccccc;--awb-background-color:#ffffff;--awb-divider-color:#e0dede;--awb-divider-hover-color:#e0dede;--awb-icon-color:#ffffff;--awb-title-color:#333333;--awb-content-color:#747474;--awb-icon-box-color:#333333;--awb-toggle-hover-accent-color:#26a147;--awb-title-font-family:&quot;PT Sans&quot;;--awb-title-font-weight:400;--awb-title-font-style:normal;--awb-title-font-size:13px;--awb-content-font-family:&quot;PT Sans&quot;;--awb-content-font-style:normal;--awb-content-font-weight:400;\"><div class=\"panel-group fusion-toggle-icon-boxed\" id=\"accordion-3355-43\"><div class=\"fusion-panel panel-default panel-6525716adae05ee02 fusion-toggle-has-divider\" style=\"--awb-title-color:#333333;--awb-content-color:#747474;\"><div class=\"panel-heading\"><h4 class=\"panel-title toggle\" id=\"toggle_6525716adae05ee02\"><a aria-expanded=\"false\" aria-controls=\"6525716adae05ee02\" role=\"button\" data-toggle=\"collapse\" data-parent=\"#accordion-3355-43\" data-target=\"#6525716adae05ee02\" href=\"#6525716adae05ee02\"><span class=\"fusion-toggle-icon-wrapper\" aria-hidden=\"true\"><i class=\"fa-fusion-box active-icon awb-icon-minus\" aria-hidden=\"true\"><\/i><i class=\"fa-fusion-box inactive-icon awb-icon-plus\" aria-hidden=\"true\"><\/i><\/span><span class=\"fusion-toggle-heading\">Protection solaire de la toiture<\/span><\/a><\/h4><\/div><div id=\"6525716adae05ee02\" class=\"panel-collapse collapse \" aria-labelledby=\"toggle_6525716adae05ee02\"><div class=\"panel-body toggle-content fusion-clearfix\">\n<table style=\"width: 100%;height: 187px\">\n<tbody>\n<tr style=\"height: 187px\">\n<td style=\"height: 187px\"><span style=\"color: #000000\"><strong><span style=\"text-decoration: underline\">Locaux concern\u00e9s<\/span> :<\/strong><\/span><\/p>\n<ul>\n<li>Locaux clos et climatis\u00e9s ou occup\u00e9s (exemples\u00a0: chambre, s\u00e9jour, bureau, espace polyvalent, salle de sport, restaurant, buanderie professionnelle, \u2026)<\/li>\n<li>Locaux clos non-occup\u00e9s donnant <u>directement<\/u> sur les locaux ci-dessus, hors locaux techniques, stationnements et espaces de stockage non climatis\u00e9s (exemples : sanitaires, salle de bain, vestiaires, d\u00e9gagement, circulation \u2026)<\/li>\n<\/ul>\n<\/td>\n<td style=\"height: 187px\"><img decoding=\"async\" class=\"alignright wp-image-3430\" src=\"https:\/\/www.service-public.pf\/sde\/wp-content\/uploads\/sites\/15\/2023\/01\/SDE-REBPF-IlluTotales-Hotel-Pension-0-copie.png\" alt=\"\" width=\"300\" height=\"225\" \/><\/td>\n<\/tr>\n<\/tbody>\n<\/table>\n<p style=\"color: #000000\"><strong><span style=\"text-decoration: underline\">Seuils \u00e0 respecter<\/span> :<\/strong><\/p>\n<table class=\"table table-bordered\">\n<tbody>\n<tr>\n<td style=\"width: 25%\"><strong>Mesure<\/strong><\/td>\n<td style=\"width: 7.0755%\"><strong>Seuil<\/strong><\/td>\n<td style=\"width: 55.6175%\"><strong>Exemples de solutions<\/strong><\/td>\n<\/tr>\n<tr>\n<td style=\"width: 25%\">Facteur solaire maximal de la toiture<\/td>\n<td style=\"width: 7.0755%\">2,5%<\/td>\n<td style=\"width: 55.6175%\">\n<ul>\n<li>Toiture (avec combles) en t\u00f4le de teinte claire avec 3 cm de laine min\u00e9rale minimum<\/li>\n<li>Toiture (avec combles) en t\u00f4le de teinte moyenne avec 5 cm de laine min\u00e9rale minimum<\/li>\n<li>Toiture (avec combles) en t\u00f4le de teinte sombre avec 7,5 cm de laine min\u00e9rale minimum<\/li>\n<li>Toiture terrasse en b\u00e9ton de teinte moyenne avec 6 cm de polystyr\u00e8ne expans\u00e9 minimum<\/li>\n<li>Toiture terrasse en b\u00e9ton avec sur-toiture largement ventil\u00e9e<\/li>\n<li>Toiture en bardeau de bois apparents correspondant \u00e0 une toiture \u00ab\u00a0ventil\u00e9e\u00a0\u00bb<\/li>\n<li>Toiture en pandanus dont l\u2019\u00e9paisseur totale est sup\u00e9rieure ou \u00e9gale \u00e0 10 cm<\/li>\n<\/ul>\n<\/td>\n<\/tr>\n<\/tbody>\n<\/table>\n<p><span style=\"color: #000000\"><strong>Pour plus d\u2019informations sur l\u2019application de la th\u00e9matique, consultez la fiche en question\u00a0:<\/strong><\/span><\/p>\n<ul>\n<li><a href=\"https:\/\/www.service-public.pf\/sde\/wp-content\/uploads\/sites\/15\/2023\/09\/Fiche-02-Protection-solaire-des-parois-opaques-horizontales-Toitures.pdf\">Fiche d\u2019application \u00ab\u00a0Protection solaire de la toiture\u00a0\u00bb<\/a><\/li>\n<\/ul>\n<\/div><\/div><\/div><div class=\"fusion-panel panel-default panel-98e432fa2e414d6f9 fusion-toggle-has-divider\" style=\"--awb-title-color:#333333;--awb-content-color:#747474;\"><div class=\"panel-heading\"><h4 class=\"panel-title toggle\" id=\"toggle_98e432fa2e414d6f9\"><a aria-expanded=\"false\" aria-controls=\"98e432fa2e414d6f9\" role=\"button\" data-toggle=\"collapse\" data-parent=\"#accordion-3355-43\" data-target=\"#98e432fa2e414d6f9\" href=\"#98e432fa2e414d6f9\"><span class=\"fusion-toggle-icon-wrapper\" aria-hidden=\"true\"><i class=\"fa-fusion-box active-icon awb-icon-minus\" aria-hidden=\"true\"><\/i><i class=\"fa-fusion-box inactive-icon awb-icon-plus\" aria-hidden=\"true\"><\/i><\/span><span class=\"fusion-toggle-heading\">Protection solaire des fa\u00e7ades (murs et baies)<\/span><\/a><\/h4><\/div><div id=\"98e432fa2e414d6f9\" class=\"panel-collapse collapse \" aria-labelledby=\"toggle_98e432fa2e414d6f9\"><div class=\"panel-body toggle-content fusion-clearfix\">\n<table style=\"width: 100%;height: 187px\">\n<tbody>\n<tr style=\"height: 187px\">\n<td style=\"height: 187px\"><span style=\"color: #000000\"><strong><span style=\"text-decoration: underline\">Locaux concern\u00e9s<\/span> :<\/strong><\/span><\/p>\n<ul>\n<li>Locaux clos et climatis\u00e9s ou occup\u00e9s (exemples\u00a0: chambre, s\u00e9jour, bureau, espace polyvalent, salle de sport, restaurant, buanderie professionnelle, \u2026)<\/li>\n<li>Locaux clos non-occup\u00e9s donnant <u>directement<\/u> sur les locaux ci-dessus, hors locaux techniques, stationnements et espaces de stockage non climatis\u00e9s (exemples : sanitaires, salle de bain, vestiaires, d\u00e9gagement, circulation \u2026)<\/li>\n<\/ul>\n<\/td>\n<td style=\"height: 187px\"><img decoding=\"async\" class=\"alignright wp-image-3430\" src=\"https:\/\/www.service-public.pf\/sde\/wp-content\/uploads\/sites\/15\/2023\/03\/Hotel-Pension-ProFacade.png\" alt=\"\" width=\"300\" height=\"225\" \/><\/td>\n<\/tr>\n<\/tbody>\n<\/table>\n<p style=\"color: #000000\"><strong><span style=\"text-decoration: underline\">Seuils \u00e0 respecter,\u00a0selon l\u2019orientation des fa\u00e7ades des locaux :<\/span><\/strong><\/p>\n<table>\n<tbody>\n<tr>\n<td width=\"20%\"><strong>Mesure<\/strong><\/td>\n<td width=\"20%\"><strong>Orientation<\/strong><\/td>\n<td width=\"5%\"><strong>Seuil<\/strong><\/td>\n<td width=\"243%\"><strong>Exemples de solutions<\/strong><\/td>\n<\/tr>\n<tr>\n<td rowspan=\"2\" width=\"20%\">Facteur solaire maximal des murs<\/td>\n<td width=\"20%\">Nord, Nord-Est, Nord-Ouest, Est, Ouest<\/td>\n<td width=\"5%\">11 %<\/td>\n<td rowspan=\"2\" width=\"243%\">Mur de teinte claire, double-peau l\u00e9g\u00e8re de teinte moyenne, mur en b\u00e9ton cellulaire, mur en parpaing de teinte moyenne, mur avec bardage ventil\u00e9, d\u00e9bord de toiture (dimensions \u00e0 calculer en fonction des caract\u00e9ristiques du mur), \u2026<\/td>\n<\/tr>\n<tr>\n<td width=\"20%\">Sud, Sud-Est, Sud-Ouest<\/td>\n<td width=\"5%\">12 %<\/td>\n<\/tr>\n<tr>\n<td rowspan=\"4\" width=\"20%\">Facteur solaire maximal des baies<\/td>\n<td width=\"20%\">Nord, Nord-Est, Nord-Ouest, Est, Ouest*<\/td>\n<td width=\"5%\">50 %<\/td>\n<td width=\"243%\">Double vitrage teint\u00e9 ou \u00e0 contr\u00f4le solaire, masque architectural (casquette, brise-soleil, \u2026) \u00e0 dimensionner selon les caract\u00e9ristiques de la baie, lame opaque<\/td>\n<\/tr>\n<tr>\n<td width=\"20%\">Sud-Est, Sud-Ouest*<\/td>\n<td width=\"5%\">60 %<\/td>\n<td rowspan=\"2\" width=\"243%\">Simple vitrage \u00e0 contr\u00f4le solaire, simple ou double vitrage teint\u00e9, double vitrage clair (au sud seulement), masque architectural (casquette, brise-soleil, \u2026) \u00e0 dimensionner selon les caract\u00e9ristiques de la baie, \u2026<\/td>\n<\/tr>\n<tr>\n<td width=\"20%\">Sud*<\/td>\n<td width=\"5%\">70 %<\/td>\n<\/tr>\n<tr>\n<td width=\"20%\">Baie horizontale<\/td>\n<td width=\"5%\">45%<\/td>\n<td width=\"243%\">Protection solaire compl\u00e9mentaire \u00e0 la baie, \u00e0 dimensionner en fonction du type de vitrage<\/td>\n<\/tr>\n<\/tbody>\n<\/table>\n<p><i>* Si le taux de surface de baie en fa\u00e7ade est sup\u00e9rieur \u00e0 70%, le seuil \u00e0 atteindre est alors rabaiss\u00e9 de 5 % (respectivement 45%, 55% et 65%).<\/i><\/p>\n<p style=\"color: #000000\"><strong>Pour plus d'informations sur l'application de ces th\u00e9matiques, consultez les fiches suivantes :<\/strong><\/p>\n<ul>\n<li><a href=\"https:\/\/www.service-public.pf\/sde\/wp-content\/uploads\/sites\/15\/2023\/09\/Fiche-03-Protection-solaire-des-parois-opaques-verticales-Murs.pdf\">Fiche d\u2019application \u00ab Protection solaire des murs \u00bb<\/a><\/li>\n<li><a href=\"https:\/\/www.service-public.pf\/sde\/wp-content\/uploads\/sites\/15\/2023\/09\/Fiche-04-Protection-solaire-des-baies.pdf\">Fiche d\u2019application \u00ab\u00a0Protection solaire des baies \u00bb<\/a><\/li>\n<li><a href=\"https:\/\/www.service-public.pf\/sde\/wp-content\/uploads\/sites\/15\/2023\/06\/Fiche-05-Prise-en-main-de-loutil-Cm-FS.pdf\">Fiche d\u2019application \u00ab\u00a0Outil de calcul pour la protection solaire des fa\u00e7ades \u00bb<\/a><\/li>\n<\/ul>\n<\/div><\/div><\/div><\/div><\/div><div class=\"fusion-text fusion-text-173\" style=\"--awb-margin-top:10px;\"><p><span style=\"color: #000000\"><strong>Informations relatives aux demandes de permis de construire et au certificat de conformit\u00e9<\/strong><\/span><\/p>\n<p>Le p\u00e9titionnaire remplit les nouveaux formulaires de demande de permis de construire et de certificat de conformit\u00e9 de la DCA qui int\u00e8grent la d\u00e9claration du respect de la r\u00e9glementation.<\/p>\n<p><strong>Si les surfaces de plancher construites cumul\u00e9es* sont sup\u00e9rieures \u00e0 250 m\u00b2 de plancher, les demandes de permis de construire et de certificat de conformit\u00e9 doivent \u00eatre accompagn\u00e9es de l\u2019avis d\u2019un organisme agr\u00e9\u00e9<\/strong><\/p>\n<ul>\n<li><a href=\"https:\/\/www.service-public.pf\/sde\/organismes-agrees\/\">Parcourir la page d\u00e9di\u00e9e aux organismes agr\u00e9\u00e9s<\/a><\/li>\n<\/ul>\n<p><em><span style=\"font-size: 10pt\">* Les surfaces de plancher \u00e0 consid\u00e9rer sont celles de n\u2019importe quel b\u00e2timent neuf rattach\u00e9 au projet de construction, d\u00e8s lors que la typologie associ\u00e9e est bureaux, enseignement, \u00e9tablissement de soin, h\u00f4tellerie ou logement collectif.<\/span><\/em><\/p>\n<p><span style=\"color: #000000\"><strong>Informations sur les dispositions applicables \u00e0 la typologie <\/strong> (ne consulter que les rubriques des th\u00e9matiques concernant le projet de construction)<strong> :<\/strong><\/span><\/p>\n<ul>\n<li><a href=\"https:\/\/www.service-public.pf\/sde\/wp-content\/uploads\/sites\/15\/2023\/04\/REPBF_Depliants_Hotellerie_Pages-V2.pdf\">D\u00e9pliant \u00ab\u00a0H\u00f4tellerie\u00a0\u00bb<\/a><\/li>\n<\/ul>\n<\/div><\/div><\/div><\/div><\/div><\/div><div class=\"fusion-layout-column fusion_builder_column fusion-builder-column-57 fusion_builder_column_4_5 4_5 fusion-flex-column vct_marquises_inf500_content\" style=\"--awb-bg-size:cover;--awb-width-large:80%;--awb-flex-grow:0;--awb-flex-shrink:0;--awb-margin-top-large:0px;--awb-spacing-right-large:2.4%;--awb-margin-bottom-large:20px;--awb-spacing-left-large:2.4%;--awb-width-medium:100%;--awb-order-medium:0;--awb-flex-grow-medium:0;--awb-flex-shrink-medium:0;--awb-spacing-right-medium:1.92%;--awb-spacing-left-medium:1.92%;--awb-width-small:100%;--awb-order-small:0;--awb-flex-grow-small:0;--awb-flex-shrink-small:0;--awb-spacing-right-small:1.92%;--awb-spacing-left-small:1.92%;\" id=\"vct_marquises_inf500_logementcollectif_content\"><div class=\"fusion-column-wrapper fusion-column-has-shadow fusion-flex-justify-content-flex-start fusion-content-layout-column\"><div class=\"fusion-title title fusion-title-47 fusion-sep-none fusion-title-center fusion-title-text fusion-title-size-two hidden\" style=\"--awb-margin-top-small:0px;--awb-margin-right-small:0px;--awb-margin-bottom-small:20px;--awb-margin-left-small:0px;\"><h2 class=\"fusion-title-heading title-heading-center\" style=\"margin:0;\">Protection solaire de la toiture \/ Protection solaire des murs \/ Protection solaire des baies + D\u00e9pliant logement collectif + Fiche d'information logement collectif + Formulaire 2-MT<\/h2><\/div><div class=\"fusion-text fusion-text-174 vct_description_typologie\"><p>Un logement collectif correspond \u00e0 un b\u00e2timent \u00e0 usage d\u2019habitation comprenant au moins trois<br \/>\nlogements superpos\u00e9s ou accol\u00e9s.<\/p>\n<p>On assimile \u00e9galement au logement collectif les locaux \u00e0 sommeil et les internats (locaux \u00e0 sommeil<br \/>\net espaces de vie) des \u00e9tablissements d\u2019enseignement.<\/p>\n<\/div><div class=\"fusion-builder-row fusion-builder-row-inner fusion-row fusion-flex-align-items-flex-start fusion-flex-justify-content-center fusion-flex-content-wrap\" style=\"--awb-flex-grow:0;--awb-flex-grow-medium:0;--awb-flex-grow-small:0;--awb-flex-shrink:0;--awb-flex-shrink-medium:0;--awb-flex-shrink-small:0;width:104% !important;max-width:104% !important;margin-left: calc(-4% \/ 2 );margin-right: calc(-4% \/ 2 );\"><div class=\"fusion-layout-column fusion_builder_column_inner fusion-builder-nested-column-223 fusion_builder_column_inner_1_1 1_1 fusion-flex-column\" style=\"--awb-bg-size:cover;--awb-width-large:100%;--awb-margin-top-large:0px;--awb-spacing-right-large:1.92%;--awb-margin-bottom-large:20px;--awb-spacing-left-large:1.92%;--awb-width-medium:100%;--awb-order-medium:0;--awb-spacing-right-medium:1.92%;--awb-spacing-left-medium:1.92%;--awb-width-small:100%;--awb-order-small:0;--awb-spacing-right-small:1.92%;--awb-spacing-left-small:1.92%;\"><div class=\"fusion-column-wrapper fusion-column-has-shadow fusion-flex-justify-content-flex-start fusion-content-layout-column\"><div class=\"fusion-separator fusion-full-width-sep\" style=\"align-self: center;margin-left: auto;margin-right: auto;width:100%;\"><div class=\"fusion-separator-border sep-shadow\" style=\"--awb-height:20px;--awb-amount:20px;background:radial-gradient(ellipse at 50% -50% , #e0dede 0px, rgba(255, 255, 255, 0) 80%) repeat scroll 0 0 rgba(0, 0, 0, 0);background:-webkit-radial-gradient(ellipse at 50% -50% , #e0dede 0px, rgba(255, 255, 255, 0) 80%) repeat scroll 0 0 rgba(0, 0, 0, 0);background:-moz-radial-gradient(ellipse at 50% -50% , #e0dede 0px, rgba(255, 255, 255, 0) 80%) repeat scroll 0 0 rgba(0, 0, 0, 0);background:-o-radial-gradient(ellipse at 50% -50% , #e0dede 0px, rgba(255, 255, 255, 0) 80%) repeat scroll 0 0 rgba(0, 0, 0, 0);\"><\/div><\/div><\/div><\/div><div class=\"fusion-layout-column fusion_builder_column_inner fusion-builder-nested-column-224 fusion_builder_column_inner_1_3 1_3 fusion-flex-column\" style=\"--awb-bg-size:cover;--awb-width-large:33.333333333333%;--awb-margin-top-large:0px;--awb-spacing-right-large:2vw;--awb-margin-bottom-large:20px;--awb-spacing-left-large:5.76%;--awb-width-medium:100%;--awb-order-medium:0;--awb-spacing-right-medium:1.92%;--awb-spacing-left-medium:1.92%;--awb-width-small:100%;--awb-order-small:0;--awb-spacing-right-small:1.92%;--awb-spacing-left-small:1.92%;\"><div class=\"fusion-column-wrapper fusion-column-has-shadow fusion-flex-justify-content-flex-start fusion-content-layout-column\"><div class=\"fusion-image-element \" style=\"text-align:right;--awb-max-width:450px;--awb-caption-title-font-family:var(--h2_typography-font-family);--awb-caption-title-font-weight:var(--h2_typography-font-weight);--awb-caption-title-font-style:var(--h2_typography-font-style);--awb-caption-title-size:var(--h2_typography-font-size);--awb-caption-title-transform:var(--h2_typography-text-transform);--awb-caption-title-line-height:var(--h2_typography-line-height);--awb-caption-title-letter-spacing:var(--h2_typography-letter-spacing);\"><span class=\" fusion-imageframe imageframe-none imageframe-44 hover-type-none\"><img decoding=\"async\" width=\"300\" height=\"225\" title=\"SDE REBPF IlluTotales Logement Collectif\" src=\"https:\/\/www.service-public.pf\/sde\/wp-content\/uploads\/sites\/15\/2023\/01\/SDE-REBPF-IlluTotales-Logement-Collectif-1-300x225.png\" alt class=\"img-responsive wp-image-3533\" srcset=\"https:\/\/www.service-public.pf\/sde\/wp-content\/uploads\/sites\/15\/2023\/01\/SDE-REBPF-IlluTotales-Logement-Collectif-1-200x150.png 200w, https:\/\/www.service-public.pf\/sde\/wp-content\/uploads\/sites\/15\/2023\/01\/SDE-REBPF-IlluTotales-Logement-Collectif-1-400x300.png 400w, https:\/\/www.service-public.pf\/sde\/wp-content\/uploads\/sites\/15\/2023\/01\/SDE-REBPF-IlluTotales-Logement-Collectif-1-600x450.png 600w, https:\/\/www.service-public.pf\/sde\/wp-content\/uploads\/sites\/15\/2023\/01\/SDE-REBPF-IlluTotales-Logement-Collectif-1-800x600.png 800w, https:\/\/www.service-public.pf\/sde\/wp-content\/uploads\/sites\/15\/2023\/01\/SDE-REBPF-IlluTotales-Logement-Collectif-1-1200x900.png 1200w, https:\/\/www.service-public.pf\/sde\/wp-content\/uploads\/sites\/15\/2023\/01\/SDE-REBPF-IlluTotales-Logement-Collectif-1.png 1453w\" sizes=\"(max-width: 1024px) 100vw, (max-width: 640px) 100vw, 800px\" \/><\/span><\/div><\/div><\/div><div class=\"fusion-layout-column fusion_builder_column_inner fusion-builder-nested-column-225 fusion_builder_column_inner_2_3 2_3 fusion-flex-column\" style=\"--awb-bg-size:cover;--awb-width-large:66.666666666667%;--awb-margin-top-large:0px;--awb-spacing-right-large:2.88%;--awb-margin-bottom-large:20px;--awb-spacing-left-large:2.88%;--awb-width-medium:100%;--awb-order-medium:0;--awb-spacing-right-medium:1.92%;--awb-spacing-left-medium:1.92%;--awb-width-small:100%;--awb-order-small:0;--awb-spacing-right-small:1.92%;--awb-spacing-left-small:1.92%;\"><div class=\"fusion-column-wrapper fusion-column-has-shadow fusion-flex-justify-content-center fusion-content-layout-column\"><div class=\"fusion-text fusion-text-175\" style=\"--awb-content-alignment:center;--awb-font-size:24pt;\"><p>Localisation\u00a0du projet : <strong>Marquises\u00a0\u00e0 une altitude inf\u00e9rieure \u00e0 500 m\u00e8tres<\/strong><\/p>\n<p>Typologie de la construction\u00a0: <strong>Logement collectif<\/strong><\/p>\n<\/div><\/div><\/div><div class=\"fusion-layout-column fusion_builder_column_inner fusion-builder-nested-column-226 fusion_builder_column_inner_1_1 1_1 fusion-flex-column\" style=\"--awb-bg-size:cover;--awb-width-large:100%;--awb-margin-top-large:0px;--awb-spacing-right-large:1.92%;--awb-margin-bottom-large:20px;--awb-spacing-left-large:1.92%;--awb-width-medium:100%;--awb-order-medium:0;--awb-spacing-right-medium:1.92%;--awb-spacing-left-medium:1.92%;--awb-width-small:100%;--awb-order-small:0;--awb-spacing-right-small:1.92%;--awb-spacing-left-small:1.92%;\"><div class=\"fusion-column-wrapper fusion-column-has-shadow fusion-flex-justify-content-flex-start fusion-content-layout-column\"><div class=\"fusion-separator fusion-full-width-sep\" style=\"align-self: center;margin-left: auto;margin-right: auto;margin-bottom:20px;width:100%;\"><div class=\"fusion-separator-border sep-shadow\" style=\"--awb-height:20px;--awb-amount:20px;background:radial-gradient(ellipse at 50% -50% , #e0dede 0px, rgba(255, 255, 255, 0) 80%) repeat scroll 0 0 rgba(0, 0, 0, 0);background:-webkit-radial-gradient(ellipse at 50% -50% , #e0dede 0px, rgba(255, 255, 255, 0) 80%) repeat scroll 0 0 rgba(0, 0, 0, 0);background:-moz-radial-gradient(ellipse at 50% -50% , #e0dede 0px, rgba(255, 255, 255, 0) 80%) repeat scroll 0 0 rgba(0, 0, 0, 0);background:-o-radial-gradient(ellipse at 50% -50% , #e0dede 0px, rgba(255, 255, 255, 0) 80%) repeat scroll 0 0 rgba(0, 0, 0, 0);\"><\/div><\/div><\/div><\/div><div class=\"fusion-layout-column fusion_builder_column_inner fusion-builder-nested-column-227 fusion_builder_column_inner_1_1 1_1 fusion-flex-column\" style=\"--awb-bg-color:#ffffff;--awb-bg-color-hover:#ffffff;--awb-bg-size:cover;--awb-width-large:100%;--awb-margin-top-large:0px;--awb-spacing-right-large:1.92%;--awb-margin-bottom-large:20px;--awb-spacing-left-large:1.92%;--awb-width-medium:100%;--awb-order-medium:0;--awb-spacing-right-medium:1.92%;--awb-spacing-left-medium:1.92%;--awb-width-small:100%;--awb-order-small:0;--awb-spacing-right-small:1.92%;--awb-spacing-left-small:1.92%;\"><div class=\"fusion-column-wrapper fusion-column-has-shadow fusion-flex-justify-content-flex-start fusion-content-layout-column\"><div class=\"fusion-text fusion-text-176\" style=\"--awb-text-color:#000000;\"><p><strong>Th\u00e9matiques applicables :<\/strong><\/p>\n<\/div><div class=\"accordian fusion-accordian\" style=\"--awb-border-size:1px;--awb-icon-size:13px;--awb-content-font-size:13px;--awb-icon-alignment:left;--awb-hover-color:#f9f9f9;--awb-border-color:#cccccc;--awb-background-color:#ffffff;--awb-divider-color:#e0dede;--awb-divider-hover-color:#e0dede;--awb-icon-color:#ffffff;--awb-title-color:#333333;--awb-content-color:#747474;--awb-icon-box-color:#333333;--awb-toggle-hover-accent-color:#26a147;--awb-title-font-family:&quot;PT Sans&quot;;--awb-title-font-weight:400;--awb-title-font-style:normal;--awb-title-font-size:13px;--awb-content-font-family:&quot;PT Sans&quot;;--awb-content-font-style:normal;--awb-content-font-weight:400;\"><div class=\"panel-group fusion-toggle-icon-boxed\" id=\"accordion-3355-44\"><div class=\"fusion-panel panel-default panel-ae16825c35710fbfb fusion-toggle-has-divider\" style=\"--awb-title-color:#333333;--awb-content-color:#747474;\"><div class=\"panel-heading\"><h4 class=\"panel-title toggle\" id=\"toggle_ae16825c35710fbfb\"><a aria-expanded=\"false\" aria-controls=\"ae16825c35710fbfb\" role=\"button\" data-toggle=\"collapse\" data-parent=\"#accordion-3355-44\" data-target=\"#ae16825c35710fbfb\" href=\"#ae16825c35710fbfb\"><span class=\"fusion-toggle-icon-wrapper\" aria-hidden=\"true\"><i class=\"fa-fusion-box active-icon awb-icon-minus\" aria-hidden=\"true\"><\/i><i class=\"fa-fusion-box inactive-icon awb-icon-plus\" aria-hidden=\"true\"><\/i><\/span><span class=\"fusion-toggle-heading\">Protection solaire de la toiture<\/span><\/a><\/h4><\/div><div id=\"ae16825c35710fbfb\" class=\"panel-collapse collapse \" aria-labelledby=\"toggle_ae16825c35710fbfb\"><div class=\"panel-body toggle-content fusion-clearfix\">\n<table style=\"width: 100%;height: 187px\">\n<tbody>\n<tr style=\"height: 187px\">\n<td style=\"height: 187px\"><span style=\"color: #000000\"><strong><span style=\"text-decoration: underline\">Locaux concern\u00e9s<\/span> :<\/strong><\/span><\/p>\n<ul>\n<li>Locaux clos et climatis\u00e9s ou occup\u00e9s (exemples\u00a0: chambre, s\u00e9jour, bureau, \u2026)<\/li>\n<li>Locaux clos non-occup\u00e9s donnant <u>directement<\/u> sur les locaux ci-dessus, hors locaux techniques, stationnements et espaces de stockage non climatis\u00e9s (exemples : sanitaires, salle de bain, buanderie, local poubelle, \u2026)<\/li>\n<\/ul>\n<\/td>\n<td style=\"height: 187px\"><img decoding=\"async\" class=\"alignright wp-image-3430\" src=\"https:\/\/www.service-public.pf\/sde\/wp-content\/uploads\/sites\/15\/2023\/01\/SDE-REBPF-IlluTotales-Logement-Collectif-ProToiture-1.png\" alt=\"\" width=\"300\" height=\"225\" \/><\/td>\n<\/tr>\n<\/tbody>\n<\/table>\n<p style=\"color: #000000\"><strong><span style=\"text-decoration: underline\">Seuils \u00e0 respecter : <\/span><\/strong><\/p>\n<table class=\"table table-bordered\" style=\"width: 100%\">\n<tbody>\n<tr>\n<td style=\"width: 24.0317%\"><strong>Mesure<\/strong><\/td>\n<td style=\"width: 4.78677%\"><strong>Seuil<\/strong><\/td>\n<td style=\"width: 58.7865%\"><strong>Exemples de solutions<\/strong><\/td>\n<\/tr>\n<tr>\n<td style=\"width: 24.0317%\">Facteur solaire maximal de la toiture<\/td>\n<td style=\"width: 4.78677%\">2,5%<\/td>\n<td style=\"width: 58.7865%\">\n<ul>\n<li>Toiture (avec combles) en t\u00f4le de teinte claire avec 3 cm de laine min\u00e9rale minimum<\/li>\n<li>Toiture (avec combles) en t\u00f4le de teinte moyenne avec 5 cm de laine min\u00e9rale minimum<\/li>\n<li>Toiture (avec combles) en t\u00f4le de teinte sombre avec 7,5 cm de laine min\u00e9rale minimum<\/li>\n<li>Toiture terrasse en b\u00e9ton de teinte moyenne avec 6 cm de polystyr\u00e8ne expans\u00e9 minimum<\/li>\n<li>Toiture terrasse en b\u00e9ton avec sur-toiture largement ventil\u00e9e<\/li>\n<\/ul>\n<\/td>\n<\/tr>\n<\/tbody>\n<\/table>\n<p><span style=\"color: #000000\"><strong>Pour plus d\u2019informations sur l\u2019application de la th\u00e9matique, consultez la fiche en question\u00a0:<\/strong><\/span><\/p>\n<ul>\n<li><a href=\"https:\/\/www.service-public.pf\/sde\/wp-content\/uploads\/sites\/15\/2023\/09\/Fiche-02-Protection-solaire-des-parois-opaques-horizontales-Toitures.pdf\">Fiche d\u2019application \u00ab\u00a0Protection solaire de la toiture\u00a0\u00bb<\/a><\/li>\n<\/ul>\n<\/div><\/div><\/div><div class=\"fusion-panel panel-default panel-1f78ff875ce74ca09 fusion-toggle-has-divider\" style=\"--awb-title-color:#333333;--awb-content-color:#747474;\"><div class=\"panel-heading\"><h4 class=\"panel-title toggle\" id=\"toggle_1f78ff875ce74ca09\"><a aria-expanded=\"false\" aria-controls=\"1f78ff875ce74ca09\" role=\"button\" data-toggle=\"collapse\" data-parent=\"#accordion-3355-44\" data-target=\"#1f78ff875ce74ca09\" href=\"#1f78ff875ce74ca09\"><span class=\"fusion-toggle-icon-wrapper\" aria-hidden=\"true\"><i class=\"fa-fusion-box active-icon awb-icon-minus\" aria-hidden=\"true\"><\/i><i class=\"fa-fusion-box inactive-icon awb-icon-plus\" aria-hidden=\"true\"><\/i><\/span><span class=\"fusion-toggle-heading\">Protection solaire des fa\u00e7ades (murs et baies)<\/span><\/a><\/h4><\/div><div id=\"1f78ff875ce74ca09\" class=\"panel-collapse collapse \" aria-labelledby=\"toggle_1f78ff875ce74ca09\"><div class=\"panel-body toggle-content fusion-clearfix\">\n<table style=\"width: 100%;height: 187px\">\n<tbody>\n<tr style=\"height: 187px\">\n<td style=\"height: 187px\"><span style=\"color: #000000\"><strong><span style=\"text-decoration: underline\">Locaux concern\u00e9s<\/span> :<\/strong><\/span><\/p>\n<ul>\n<li>Locaux clos et climatis\u00e9s ou occup\u00e9s (exemples\u00a0: chambre, s\u00e9jour, bureau, \u2026)<\/li>\n<li>Locaux clos non-occup\u00e9s donnant <u>directement<\/u> sur les locaux ci-dessus, hors locaux techniques, stationnements et espaces de stockage non climatis\u00e9s (exemples : sanitaires, salle de bain, buanderie, local poubelle, salle de sport, \u2026)<\/li>\n<\/ul>\n<\/td>\n<td style=\"height: 187px\"><img decoding=\"async\" class=\"alignright wp-image-3430\" src=\"https:\/\/www.service-public.pf\/sde\/wp-content\/uploads\/sites\/15\/2023\/01\/SDE-REBPF-IlluTotales-Logement-Collectif-ProFacade.png\" alt=\"\" width=\"300\" height=\"225\" \/><\/td>\n<\/tr>\n<\/tbody>\n<\/table>\n<p style=\"color: #000000\"><strong><span style=\"text-decoration: underline\">Seuils \u00e0 respecter : <\/span><\/strong><\/p>\n<table>\n<tbody>\n<tr>\n<td width=\"20%\"><strong>Mesure<\/strong><\/td>\n<td width=\"20%\"><strong>Orientation<\/strong><\/td>\n<td width=\"5%\"><strong>Seuil<\/strong><\/td>\n<td width=\"243%\"><strong>Exemples de solutions<\/strong><\/td>\n<\/tr>\n<tr>\n<td rowspan=\"2\" width=\"20%\">Facteur solaire maximal des murs<\/td>\n<td width=\"20%\">Nord, Nord-Est, Nord-Ouest, Est, Ouest<\/td>\n<td width=\"5%\">11 %<\/td>\n<td rowspan=\"2\" width=\"243%\">Mur de teinte claire, double-peau l\u00e9g\u00e8re de teinte moyenne, mur en b\u00e9ton cellulaire, mur en parpaing de teinte moyenne, mur avec bardage ventil\u00e9, d\u00e9bord de toiture (dimensions \u00e0 calculer en fonction des caract\u00e9ristiques du mur), \u2026<\/td>\n<\/tr>\n<tr>\n<td width=\"20%\">Sud, Sud-Est, Sud-Ouest<\/td>\n<td width=\"5%\">12 %<\/td>\n<\/tr>\n<tr>\n<td rowspan=\"4\" width=\"20%\">Facteur solaire maximal des baies<\/td>\n<td width=\"20%\">Nord, Nord-Est, Nord-Ouest, Est, Ouest*<\/td>\n<td width=\"5%\">50 %<\/td>\n<td width=\"243%\">Double vitrage teint\u00e9 ou \u00e0 contr\u00f4le solaire, masque architectural (casquette, brise-soleil, \u2026) \u00e0 dimensionner selon les caract\u00e9ristiques de la baie, lame opaque<\/td>\n<\/tr>\n<tr>\n<td width=\"20%\">Sud-Est, Sud-Ouest*<\/td>\n<td width=\"5%\">60 %<\/td>\n<td rowspan=\"2\" width=\"243%\">Simple vitrage \u00e0 contr\u00f4le solaire, simple ou double vitrage teint\u00e9, double vitrage clair (au sud seulement), masque architectural (casquette, brise-soleil, \u2026) \u00e0 dimensionner selon les caract\u00e9ristiques de la baie, \u2026<\/td>\n<\/tr>\n<tr>\n<td width=\"20%\">Sud*<\/td>\n<td width=\"5%\">70 %<\/td>\n<\/tr>\n<tr>\n<td width=\"20%\">Baie horizontale<\/td>\n<td width=\"5%\">45%<\/td>\n<td width=\"243%\">Protection solaire compl\u00e9mentaire \u00e0 la baie, \u00e0 dimensionner en fonction du type de vitrage<\/td>\n<\/tr>\n<\/tbody>\n<\/table>\n<p><i>*Si le taux de surface de baie en fa\u00e7ade est sup\u00e9rieur \u00e0 70%, le seuil \u00e0 atteindre est alors rabaiss\u00e9 de 5 % (respectivement 45%, 55% et 65%).<\/i><\/p>\n<p style=\"color: #000000\"><strong>Pour plus d'informations sur l'application de ces th\u00e9matiques, consultez les fiches suivantes :<\/strong><\/p>\n<ul>\n<li><a href=\"https:\/\/www.service-public.pf\/sde\/wp-content\/uploads\/sites\/15\/2023\/09\/Fiche-03-Protection-solaire-des-parois-opaques-verticales-Murs.pdf\">Fiche d\u2019application \u00ab Protection solaire des murs \u00bb<\/a><\/li>\n<li><a href=\"https:\/\/www.service-public.pf\/sde\/wp-content\/uploads\/sites\/15\/2023\/09\/Fiche-04-Protection-solaire-des-baies.pdf\">Fiche d\u2019application \u00ab\u00a0Protection solaire des baies \u00bb<\/a><\/li>\n<li><a href=\"https:\/\/www.service-public.pf\/sde\/wp-content\/uploads\/sites\/15\/2023\/06\/Fiche-05-Prise-en-main-de-loutil-Cm-FS.pdf\">Fiche d\u2019application \u00ab\u00a0Outil de calcul pour la protection solaire des fa\u00e7ades \u00bb<\/a><\/li>\n<\/ul>\n<\/div><\/div><\/div><\/div><\/div><div class=\"fusion-text fusion-text-177\" style=\"--awb-margin-top:10px;\"><p><span style=\"color: #000000\"><strong>Informations relatives aux demandes de permis de construire et au certificat de conformit\u00e9<\/strong><\/span><\/p>\n<p>Le p\u00e9titionnaire remplit les nouveaux formulaires de demande de permis de construire et de certificat de conformit\u00e9 de la DCA qui int\u00e8grent la d\u00e9claration du respect de la r\u00e9glementation.<\/p>\n<p><strong>Si les surfaces de plancher construites cumul\u00e9es* sont sup\u00e9rieures \u00e0 250 m\u00b2 de plancher, les demandes de permis de construire et de certificat de conformit\u00e9 doivent \u00eatre accompagn\u00e9es de l\u2019avis d\u2019un organisme agr\u00e9\u00e9<\/strong><\/p>\n<ul>\n<li><a href=\"https:\/\/www.service-public.pf\/sde\/organismes-agrees\/\">Parcourir la page d\u00e9di\u00e9e aux organismes agr\u00e9\u00e9s<\/a><\/li>\n<\/ul>\n<p><em><span style=\"font-size: 10pt\">* Les surfaces de plancher \u00e0 consid\u00e9rer sont celles de n\u2019importe quel b\u00e2timent neuf rattach\u00e9 au projet de construction, d\u00e8s lors que la typologie associ\u00e9e est bureaux, enseignement, \u00e9tablissement de soin, h\u00f4tellerie ou logement collectif.<\/span><\/em><\/p>\n<p><span style=\"color: #000000\"><strong>Informations sur les dispositions applicables \u00e0 la typologie <\/strong>(ne consulter que les rubriques des th\u00e9matiques concernant le projet de construction)<strong>\u00a0:<\/strong><\/span><\/p>\n<ul>\n<li><a href=\"https:\/\/www.service-public.pf\/sde\/wp-content\/uploads\/sites\/15\/2023\/04\/REPBF_Depliants_LogementCollectif_Pages-V2.pdf\">D\u00e9pliant \u00ab\u00a0Logement collectif\u00a0\u00bb<br \/>\n<\/a><\/li>\n<\/ul>\n<\/div><\/div><\/div><\/div><\/div><\/div><div class=\"fusion-layout-column fusion_builder_column fusion-builder-column-58 fusion_builder_column_4_5 4_5 fusion-flex-column vct_marquises_inf500_content\" style=\"--awb-bg-size:cover;--awb-width-large:80%;--awb-flex-grow:0;--awb-flex-shrink:0;--awb-margin-top-large:0px;--awb-spacing-right-large:2.4%;--awb-margin-bottom-large:20px;--awb-spacing-left-large:2.4%;--awb-width-medium:100%;--awb-order-medium:0;--awb-flex-grow-medium:0;--awb-flex-shrink-medium:0;--awb-spacing-right-medium:1.92%;--awb-spacing-left-medium:1.92%;--awb-width-small:100%;--awb-order-small:0;--awb-flex-grow-small:0;--awb-flex-shrink-small:0;--awb-spacing-right-small:1.92%;--awb-spacing-left-small:1.92%;\" id=\"vct_marquises_inf500_batimentdebureaux_content\"><div class=\"fusion-column-wrapper fusion-column-has-shadow fusion-flex-justify-content-flex-start fusion-content-layout-column\"><div class=\"fusion-title title fusion-title-48 fusion-sep-none fusion-title-center fusion-title-text fusion-title-size-two hidden\" style=\"--awb-margin-top-small:0px;--awb-margin-right-small:0px;--awb-margin-bottom-small:20px;--awb-margin-left-small:0px;\"><h2 class=\"fusion-title-heading title-heading-center\" style=\"margin:0;\">Protection solaire de la toiture \/ Protection solaire des murs \/ Protection solaire des baies + D\u00e9pliant bureaux + Fiche d'information bureaux + Formulaire 2-MT<\/h2><\/div><div class=\"fusion-text fusion-text-178 vct_description_typologie\"><p>Il s\u2019agit d\u2019un b\u00e2timent ou d\u2019une partie de b\u00e2timent \u00e0 usage de bureaux, banque, administration,<br \/>\nespace de coworking comprenant \u00e9galement leurs locaux accessoires (sanitaires, salles de r\u00e9union,<br \/>\ncaf\u00e9taria, \u2026).<\/p>\n<p><em>A noter que le ou les locaux de bureaux qui se rattachent \u00e0 une autre destination ne sont pas associ\u00e9s<\/em><br \/>\n<em>\u00e0 la typologie \u00ab bureaux \u00bb mais \u00e0 la typologie du b\u00e2timent ou de la partie de b\u00e2timent. Par exemple,<\/em><br \/>\n<em>le bureau d\u2019un garage automobile est associ\u00e9 au garage, qui ne correspond pas \u00e0 une typologie<\/em><br \/>\n<em>particuli\u00e8re et correspond donc \u00e0 la section \u00ab\u00a0autre b\u00e2timent\u00a0\u00bb. M\u00eame chose pour un bureau<\/em><br \/>\n<em>administratif d\u2019une salle de sport.<\/em><\/p>\n<\/div><div class=\"fusion-builder-row fusion-builder-row-inner fusion-row fusion-flex-align-items-flex-start fusion-flex-justify-content-center fusion-flex-content-wrap\" style=\"--awb-flex-grow:0;--awb-flex-grow-medium:0;--awb-flex-grow-small:0;--awb-flex-shrink:0;--awb-flex-shrink-medium:0;--awb-flex-shrink-small:0;width:104% !important;max-width:104% !important;margin-left: calc(-4% \/ 2 );margin-right: calc(-4% \/ 2 );\"><div class=\"fusion-layout-column fusion_builder_column_inner fusion-builder-nested-column-228 fusion_builder_column_inner_1_1 1_1 fusion-flex-column\" style=\"--awb-bg-size:cover;--awb-width-large:100%;--awb-margin-top-large:0px;--awb-spacing-right-large:1.92%;--awb-margin-bottom-large:20px;--awb-spacing-left-large:1.92%;--awb-width-medium:100%;--awb-order-medium:0;--awb-spacing-right-medium:1.92%;--awb-spacing-left-medium:1.92%;--awb-width-small:100%;--awb-order-small:0;--awb-spacing-right-small:1.92%;--awb-spacing-left-small:1.92%;\"><div class=\"fusion-column-wrapper fusion-column-has-shadow fusion-flex-justify-content-flex-start fusion-content-layout-column\"><div class=\"fusion-separator fusion-full-width-sep\" style=\"align-self: center;margin-left: auto;margin-right: auto;width:100%;\"><div class=\"fusion-separator-border sep-shadow\" style=\"--awb-height:20px;--awb-amount:20px;background:radial-gradient(ellipse at 50% -50% , #e0dede 0px, rgba(255, 255, 255, 0) 80%) repeat scroll 0 0 rgba(0, 0, 0, 0);background:-webkit-radial-gradient(ellipse at 50% -50% , #e0dede 0px, rgba(255, 255, 255, 0) 80%) repeat scroll 0 0 rgba(0, 0, 0, 0);background:-moz-radial-gradient(ellipse at 50% -50% , #e0dede 0px, rgba(255, 255, 255, 0) 80%) repeat scroll 0 0 rgba(0, 0, 0, 0);background:-o-radial-gradient(ellipse at 50% -50% , #e0dede 0px, rgba(255, 255, 255, 0) 80%) repeat scroll 0 0 rgba(0, 0, 0, 0);\"><\/div><\/div><\/div><\/div><div class=\"fusion-layout-column fusion_builder_column_inner fusion-builder-nested-column-229 fusion_builder_column_inner_1_3 1_3 fusion-flex-column\" style=\"--awb-bg-size:cover;--awb-width-large:33.333333333333%;--awb-margin-top-large:0px;--awb-spacing-right-large:2vw;--awb-margin-bottom-large:20px;--awb-spacing-left-large:5.76%;--awb-width-medium:100%;--awb-order-medium:0;--awb-spacing-right-medium:1.92%;--awb-spacing-left-medium:1.92%;--awb-width-small:100%;--awb-order-small:0;--awb-spacing-right-small:1.92%;--awb-spacing-left-small:1.92%;\"><div class=\"fusion-column-wrapper fusion-column-has-shadow fusion-flex-justify-content-flex-start fusion-content-layout-column\"><div class=\"fusion-image-element \" style=\"text-align:right;--awb-max-width:450px;--awb-caption-title-font-family:var(--h2_typography-font-family);--awb-caption-title-font-weight:var(--h2_typography-font-weight);--awb-caption-title-font-style:var(--h2_typography-font-style);--awb-caption-title-size:var(--h2_typography-font-size);--awb-caption-title-transform:var(--h2_typography-text-transform);--awb-caption-title-line-height:var(--h2_typography-line-height);--awb-caption-title-letter-spacing:var(--h2_typography-letter-spacing);\"><span class=\" fusion-imageframe imageframe-none imageframe-45 hover-type-none\"><img decoding=\"async\" width=\"300\" height=\"225\" title=\"SDE REBPF IlluTotales Bureau\" src=\"https:\/\/www.service-public.pf\/sde\/wp-content\/uploads\/sites\/15\/2023\/01\/SDE-REBPF-IlluTotales-Bureau-300x225.png\" alt class=\"img-responsive wp-image-3431\" srcset=\"https:\/\/www.service-public.pf\/sde\/wp-content\/uploads\/sites\/15\/2023\/01\/SDE-REBPF-IlluTotales-Bureau-200x150.png 200w, https:\/\/www.service-public.pf\/sde\/wp-content\/uploads\/sites\/15\/2023\/01\/SDE-REBPF-IlluTotales-Bureau-400x300.png 400w, https:\/\/www.service-public.pf\/sde\/wp-content\/uploads\/sites\/15\/2023\/01\/SDE-REBPF-IlluTotales-Bureau-600x450.png 600w, https:\/\/www.service-public.pf\/sde\/wp-content\/uploads\/sites\/15\/2023\/01\/SDE-REBPF-IlluTotales-Bureau-800x600.png 800w, https:\/\/www.service-public.pf\/sde\/wp-content\/uploads\/sites\/15\/2023\/01\/SDE-REBPF-IlluTotales-Bureau-1200x900.png 1200w, https:\/\/www.service-public.pf\/sde\/wp-content\/uploads\/sites\/15\/2023\/01\/SDE-REBPF-IlluTotales-Bureau.png 1453w\" sizes=\"(max-width: 1024px) 100vw, (max-width: 640px) 100vw, 800px\" \/><\/span><\/div><\/div><\/div><div class=\"fusion-layout-column fusion_builder_column_inner fusion-builder-nested-column-230 fusion_builder_column_inner_2_3 2_3 fusion-flex-column\" style=\"--awb-bg-size:cover;--awb-width-large:66.666666666667%;--awb-margin-top-large:0px;--awb-spacing-right-large:2.88%;--awb-margin-bottom-large:20px;--awb-spacing-left-large:2.88%;--awb-width-medium:100%;--awb-order-medium:0;--awb-spacing-right-medium:1.92%;--awb-spacing-left-medium:1.92%;--awb-width-small:100%;--awb-order-small:0;--awb-spacing-right-small:1.92%;--awb-spacing-left-small:1.92%;\"><div class=\"fusion-column-wrapper fusion-column-has-shadow fusion-flex-justify-content-center fusion-content-layout-column\"><div class=\"fusion-text fusion-text-179\" style=\"--awb-content-alignment:center;--awb-font-size:24pt;\"><p>Localisation\u00a0du projet : <strong>Marquises\u00a0\u00e0 une altitude inf\u00e9rieure \u00e0 500 m\u00e8tres<\/strong><\/p>\n<p>Typologie de la construction\u00a0: <strong>Bureaux<\/strong><\/p>\n<\/div><\/div><\/div><div class=\"fusion-layout-column fusion_builder_column_inner fusion-builder-nested-column-231 fusion_builder_column_inner_1_1 1_1 fusion-flex-column\" style=\"--awb-bg-size:cover;--awb-width-large:100%;--awb-margin-top-large:0px;--awb-spacing-right-large:1.92%;--awb-margin-bottom-large:20px;--awb-spacing-left-large:1.92%;--awb-width-medium:100%;--awb-order-medium:0;--awb-spacing-right-medium:1.92%;--awb-spacing-left-medium:1.92%;--awb-width-small:100%;--awb-order-small:0;--awb-spacing-right-small:1.92%;--awb-spacing-left-small:1.92%;\"><div class=\"fusion-column-wrapper fusion-column-has-shadow fusion-flex-justify-content-flex-start fusion-content-layout-column\"><div class=\"fusion-separator fusion-full-width-sep\" style=\"align-self: center;margin-left: auto;margin-right: auto;margin-bottom:20px;width:100%;\"><div class=\"fusion-separator-border sep-shadow\" style=\"--awb-height:20px;--awb-amount:20px;background:radial-gradient(ellipse at 50% -50% , #e0dede 0px, rgba(255, 255, 255, 0) 80%) repeat scroll 0 0 rgba(0, 0, 0, 0);background:-webkit-radial-gradient(ellipse at 50% -50% , #e0dede 0px, rgba(255, 255, 255, 0) 80%) repeat scroll 0 0 rgba(0, 0, 0, 0);background:-moz-radial-gradient(ellipse at 50% -50% , #e0dede 0px, rgba(255, 255, 255, 0) 80%) repeat scroll 0 0 rgba(0, 0, 0, 0);background:-o-radial-gradient(ellipse at 50% -50% , #e0dede 0px, rgba(255, 255, 255, 0) 80%) repeat scroll 0 0 rgba(0, 0, 0, 0);\"><\/div><\/div><\/div><\/div><div class=\"fusion-layout-column fusion_builder_column_inner fusion-builder-nested-column-232 fusion_builder_column_inner_1_1 1_1 fusion-flex-column\" style=\"--awb-bg-color:#ffffff;--awb-bg-color-hover:#ffffff;--awb-bg-size:cover;--awb-width-large:100%;--awb-margin-top-large:0px;--awb-spacing-right-large:1.92%;--awb-margin-bottom-large:20px;--awb-spacing-left-large:1.92%;--awb-width-medium:100%;--awb-order-medium:0;--awb-spacing-right-medium:1.92%;--awb-spacing-left-medium:1.92%;--awb-width-small:100%;--awb-order-small:0;--awb-spacing-right-small:1.92%;--awb-spacing-left-small:1.92%;\"><div class=\"fusion-column-wrapper fusion-column-has-shadow fusion-flex-justify-content-flex-start fusion-content-layout-column\"><div class=\"fusion-text fusion-text-180\" style=\"--awb-text-color:#000000;\"><p><strong>Th\u00e9matiques applicables :<\/strong><\/p>\n<\/div><div class=\"accordian fusion-accordian\" style=\"--awb-border-size:1px;--awb-icon-size:13px;--awb-content-font-size:13px;--awb-icon-alignment:left;--awb-hover-color:#f9f9f9;--awb-border-color:#cccccc;--awb-background-color:#ffffff;--awb-divider-color:#e0dede;--awb-divider-hover-color:#e0dede;--awb-icon-color:#ffffff;--awb-title-color:#333333;--awb-content-color:#747474;--awb-icon-box-color:#333333;--awb-toggle-hover-accent-color:#26a147;--awb-title-font-family:&quot;PT Sans&quot;;--awb-title-font-weight:400;--awb-title-font-style:normal;--awb-title-font-size:13px;--awb-content-font-family:&quot;PT Sans&quot;;--awb-content-font-style:normal;--awb-content-font-weight:400;\"><div class=\"panel-group fusion-toggle-icon-boxed\" id=\"accordion-3355-45\"><div class=\"fusion-panel panel-default panel-a24e71a6c683b8265 fusion-toggle-has-divider\" style=\"--awb-title-color:#333333;--awb-content-color:#747474;\"><div class=\"panel-heading\"><h4 class=\"panel-title toggle\" id=\"toggle_a24e71a6c683b8265\"><a aria-expanded=\"false\" aria-controls=\"a24e71a6c683b8265\" role=\"button\" data-toggle=\"collapse\" data-parent=\"#accordion-3355-45\" data-target=\"#a24e71a6c683b8265\" href=\"#a24e71a6c683b8265\"><span class=\"fusion-toggle-icon-wrapper\" aria-hidden=\"true\"><i class=\"fa-fusion-box active-icon awb-icon-minus\" aria-hidden=\"true\"><\/i><i class=\"fa-fusion-box inactive-icon awb-icon-plus\" aria-hidden=\"true\"><\/i><\/span><span class=\"fusion-toggle-heading\">Protection solaire de la toiture<\/span><\/a><\/h4><\/div><div id=\"a24e71a6c683b8265\" class=\"panel-collapse collapse \" aria-labelledby=\"toggle_a24e71a6c683b8265\"><div class=\"panel-body toggle-content fusion-clearfix\">\n<table style=\"width: 100%;height: 187px\">\n<tbody>\n<tr style=\"height: 187px\">\n<td style=\"height: 187px\"><span style=\"color: #000000\"><strong><span style=\"text-decoration: underline\">Locaux concern\u00e9s<\/span> :<\/strong><\/span><\/p>\n<ul>\n<li>Locaux clos et climatis\u00e9s ou occup\u00e9s (exemples : bureau, salle de r\u00e9union, espace d\u2019accueil avec personnel permanent, locaux d\u2019activit\u00e9s diverses : caf\u00e9t\u00e9ria, r\u00e9fectoire, salle de sport, \u2026)<\/li>\n<li>Locaux clos non-occup\u00e9s donnant <u>directement<\/u> sur les locaux ci-dessus, hors locaux techniques, stationnements et espaces de stockage non climatis\u00e9s (exemples : sanitaires, circulation, hall, \u2026)<\/li>\n<\/ul>\n<\/td>\n<td style=\"height: 187px\"><img decoding=\"async\" class=\"alignright wp-image-3430\" src=\"https:\/\/www.service-public.pf\/sde\/wp-content\/uploads\/sites\/15\/2023\/01\/SDE-REBPF-IlluTotales-Bureau-ProToiture.png\" alt=\"\" width=\"300\" height=\"225\" \/><\/td>\n<\/tr>\n<\/tbody>\n<\/table>\n<p style=\"color: #000000\"><strong><span style=\"text-decoration: underline\">Seuils \u00e0 respecter : <\/span><\/strong><\/p>\n<table class=\"table table-bordered\" style=\"width: 100%\">\n<tbody>\n<tr>\n<td style=\"width: 24.0317%\"><strong>Mesure<\/strong><\/td>\n<td style=\"width: 4.78677%\"><strong>Seuil<\/strong><\/td>\n<td style=\"width: 58.7865%\"><strong>Exemples de solutions<\/strong><\/td>\n<\/tr>\n<tr>\n<td style=\"width: 24.0317%\">Facteur solaire maximal de la toiture<\/td>\n<td style=\"width: 4.78677%\">2,5%<\/td>\n<td style=\"width: 58.7865%\">\n<ul>\n<li>Toiture (avec combles) en t\u00f4le de teinte claire avec 3 cm de laine min\u00e9rale minimum<\/li>\n<li>Toiture (avec combles) en t\u00f4le de teinte moyenne avec 5 cm de laine min\u00e9rale minimum<\/li>\n<li>Toiture (avec combles) en t\u00f4le de teinte sombre avec 7,5 cm de laine min\u00e9rale minimum<\/li>\n<li>Toiture terrasse en b\u00e9ton de teinte moyenne avec 6 cm de polystyr\u00e8ne expans\u00e9 minimum<\/li>\n<li>Toiture terrasse en b\u00e9ton avec sur-toiture largement ventil\u00e9e<\/li>\n<\/ul>\n<\/td>\n<\/tr>\n<\/tbody>\n<\/table>\n<p><span style=\"color: #000000\"><strong>Pour plus d\u2019informations sur l\u2019application de la th\u00e9matique, consultez la fiche en question\u00a0:<\/strong><\/span><\/p>\n<ul>\n<li><a href=\"https:\/\/www.service-public.pf\/sde\/wp-content\/uploads\/sites\/15\/2023\/09\/Fiche-02-Protection-solaire-des-parois-opaques-horizontales-Toitures.pdf\">Fiche d\u2019application \u00ab\u00a0Protection solaire de la toiture\u00a0\u00bb<\/a><\/li>\n<\/ul>\n<\/div><\/div><\/div><div class=\"fusion-panel panel-default panel-020bddc82282fa1f1 fusion-toggle-has-divider\" style=\"--awb-title-color:#333333;--awb-content-color:#747474;\"><div class=\"panel-heading\"><h4 class=\"panel-title toggle\" id=\"toggle_020bddc82282fa1f1\"><a aria-expanded=\"false\" aria-controls=\"020bddc82282fa1f1\" role=\"button\" data-toggle=\"collapse\" data-parent=\"#accordion-3355-45\" data-target=\"#020bddc82282fa1f1\" href=\"#020bddc82282fa1f1\"><span class=\"fusion-toggle-icon-wrapper\" aria-hidden=\"true\"><i class=\"fa-fusion-box active-icon awb-icon-minus\" aria-hidden=\"true\"><\/i><i class=\"fa-fusion-box inactive-icon awb-icon-plus\" aria-hidden=\"true\"><\/i><\/span><span class=\"fusion-toggle-heading\">Protection solaire des fa\u00e7ades (murs et baies)<\/span><\/a><\/h4><\/div><div id=\"020bddc82282fa1f1\" class=\"panel-collapse collapse \" aria-labelledby=\"toggle_020bddc82282fa1f1\"><div class=\"panel-body toggle-content fusion-clearfix\">\n<table style=\"width: 100%;height: 187px\">\n<tbody>\n<tr style=\"height: 187px\">\n<td style=\"height: 187px\"><span style=\"color: #000000\"><strong><span style=\"text-decoration: underline\">Locaux concern\u00e9s<\/span> :<\/strong><\/span><\/p>\n<ul>\n<li>Locaux clos et climatis\u00e9s ou occup\u00e9s (exemples : bureau, salle de r\u00e9union, espace d\u2019accueil avec personnel permanent, locaux d\u2019activit\u00e9s diverses : caf\u00e9t\u00e9ria, r\u00e9fectoire, salle de sport, \u2026)<\/li>\n<li>Locaux clos non-occup\u00e9s donnant <u>directement<\/u> sur les locaux ci-dessus, hors locaux techniques, stationnements et espaces de stockage non climatis\u00e9s (exemples : sanitaires, circulation, hall, \u2026)<\/li>\n<\/ul>\n<\/td>\n<td style=\"height: 187px\"><img decoding=\"async\" class=\"alignright wp-image-3430\" src=\"https:\/\/www.service-public.pf\/sde\/wp-content\/uploads\/sites\/15\/2023\/01\/SDE-REBPF-IlluTotales-Bureau-ProFacade.png\" alt=\"\" width=\"300\" height=\"225\" \/><\/td>\n<\/tr>\n<\/tbody>\n<\/table>\n<p style=\"color: #000000\"><strong><span style=\"text-decoration: underline\">Seuils \u00e0 respecter : <\/span><\/strong><\/p>\n<table>\n<tbody>\n<tr>\n<td width=\"20%\"><strong>Mesure<\/strong><\/td>\n<td width=\"20%\"><strong>Orientation<\/strong><\/td>\n<td width=\"5%\"><strong>Seuil<\/strong><\/td>\n<td width=\"243%\"><strong>Exemples de solutions<\/strong><\/td>\n<\/tr>\n<tr>\n<td rowspan=\"2\" width=\"20%\">Facteur solaire maximal des murs<\/td>\n<td width=\"20%\">Nord, Nord-Est, Nord-Ouest, Est, Ouest<\/td>\n<td width=\"5%\">11 %<\/td>\n<td rowspan=\"2\" width=\"243%\">Mur de teinte claire, double-peau l\u00e9g\u00e8re de teinte moyenne, mur en b\u00e9ton cellulaire, mur en parpaing de teinte moyenne, mur avec bardage ventil\u00e9, d\u00e9bord de toiture (dimensions \u00e0 calculer en fonction des caract\u00e9ristiques du mur), \u2026<\/td>\n<\/tr>\n<tr>\n<td width=\"20%\">Sud, Sud-Est, Sud-Ouest<\/td>\n<td width=\"5%\">12 %<\/td>\n<\/tr>\n<tr>\n<td rowspan=\"4\" width=\"20%\">Facteur solaire maximal des baies<\/td>\n<td width=\"20%\">Nord, Nord-Est, Nord-Ouest, Est, Ouest*<\/td>\n<td width=\"5%\">50 %<\/td>\n<td width=\"243%\">Double vitrage teint\u00e9 ou \u00e0 contr\u00f4le solaire, masque architectural (casquette, brise-soleil, \u2026) \u00e0 dimensionner selon les caract\u00e9ristiques de la baie, lame opaque<\/td>\n<\/tr>\n<tr>\n<td width=\"20%\">Sud-Est, Sud-Ouest*<\/td>\n<td width=\"5%\">60 %<\/td>\n<td rowspan=\"2\" width=\"243%\">Simple vitrage \u00e0 contr\u00f4le solaire, simple ou double vitrage teint\u00e9, double vitrage clair (au sud seulement), masque architectural (casquette, brise-soleil, \u2026) \u00e0 dimensionner selon les caract\u00e9ristiques de la baie, \u2026<\/td>\n<\/tr>\n<tr>\n<td width=\"20%\">Sud*<\/td>\n<td width=\"5%\">70 %<\/td>\n<\/tr>\n<tr>\n<td width=\"20%\">Baie horizontale<\/td>\n<td width=\"5%\">45%<\/td>\n<td width=\"243%\">Protection solaire compl\u00e9mentaire \u00e0 la baie, \u00e0 dimensionner en fonction du type de vitrage<\/td>\n<\/tr>\n<\/tbody>\n<\/table>\n<p><i>* Si le taux de surface de baie en fa\u00e7ade est sup\u00e9rieur \u00e0 70%, le seuil \u00e0 atteindre est alors rabaiss\u00e9 de 5 % (respectivement 45%, 55% et 65%).<\/i><\/p>\n<p style=\"color: #000000\"><strong>Pour plus d'informations sur l'application de ces th\u00e9matiques, consultez les fiches suivantes :<\/strong><\/p>\n<ul>\n<li><a href=\"https:\/\/www.service-public.pf\/sde\/wp-content\/uploads\/sites\/15\/2023\/09\/Fiche-03-Protection-solaire-des-parois-opaques-verticales-Murs.pdf\">Fiche d\u2019application \u00ab Protection solaire des murs \u00bb<\/a><\/li>\n<li><a href=\"https:\/\/www.service-public.pf\/sde\/wp-content\/uploads\/sites\/15\/2023\/09\/Fiche-04-Protection-solaire-des-baies.pdf\">Fiche d\u2019application \u00ab\u00a0Protection solaire des baies \u00bb<\/a><\/li>\n<li><a href=\"https:\/\/www.service-public.pf\/sde\/wp-content\/uploads\/sites\/15\/2023\/06\/Fiche-05-Prise-en-main-de-loutil-Cm-FS.pdf\">Fiche d\u2019application \u00ab\u00a0Outil de calcul pour la protection solaire des fa\u00e7ades \u00bb<\/a><\/li>\n<\/ul>\n<\/div><\/div><\/div><\/div><\/div><div class=\"fusion-text fusion-text-181\" style=\"--awb-margin-top:10px;\"><p><span style=\"color: #000000\"><strong>Informations relatives aux demandes de permis de construire et au certificat de conformit\u00e9<\/strong><\/span><\/p>\n<p>Le p\u00e9titionnaire remplit les nouveaux formulaires de demande de permis de construire et de certificat de conformit\u00e9 de la DCA qui int\u00e8grent la d\u00e9claration du respect de la r\u00e9glementation.<\/p>\n<p><strong>Si les surfaces de plancher construites cumul\u00e9es* sont sup\u00e9rieures \u00e0 250 m\u00b2 de plancher, les demandes de permis de construire et de certificat de conformit\u00e9 doivent \u00eatre accompagn\u00e9es de l\u2019avis d\u2019un organisme agr\u00e9\u00e9<\/strong><\/p>\n<ul>\n<li><a href=\"https:\/\/www.service-public.pf\/sde\/organismes-agrees\/\">Parcourir la page d\u00e9di\u00e9e aux organismes agr\u00e9\u00e9s<\/a><\/li>\n<\/ul>\n<p><em><span style=\"font-size: 10pt\">* Les surfaces de plancher \u00e0 consid\u00e9rer sont celles de n\u2019importe quel b\u00e2timent neuf rattach\u00e9 au projet de construction, d\u00e8s lors que la typologie associ\u00e9e est bureaux, enseignement, \u00e9tablissement de soin, h\u00f4tellerie ou logement collectif.<\/span><\/em><\/p>\n<p><span style=\"color: #000000\"><strong>Informations sur les dispositions applicables \u00e0 la typologie <\/strong>(ne consulter que les rubriques des th\u00e9matiques concernant le projet de construction)<strong>\u00a0:<\/strong><\/span><\/p>\n<ul>\n<li><a href=\"https:\/\/www.service-public.pf\/sde\/wp-content\/uploads\/sites\/15\/2023\/04\/REPBF_Depliants_Bureaux_Pages-V2.pdf\">D\u00e9pliant \u00ab\u00a0Bureaux\u00a0\u00bb<\/a><\/li>\n<\/ul>\n<\/div><\/div><\/div><\/div><\/div><\/div><div class=\"fusion-layout-column fusion_builder_column fusion-builder-column-59 fusion_builder_column_4_5 4_5 fusion-flex-column vct_marquises_inf500_content\" style=\"--awb-bg-size:cover;--awb-width-large:80%;--awb-flex-grow:0;--awb-flex-shrink:0;--awb-margin-top-large:0px;--awb-spacing-right-large:2.4%;--awb-margin-bottom-large:20px;--awb-spacing-left-large:2.4%;--awb-width-medium:100%;--awb-order-medium:0;--awb-flex-grow-medium:0;--awb-flex-shrink-medium:0;--awb-spacing-right-medium:1.92%;--awb-spacing-left-medium:1.92%;--awb-width-small:100%;--awb-order-small:0;--awb-flex-grow-small:0;--awb-flex-shrink-small:0;--awb-spacing-right-small:1.92%;--awb-spacing-left-small:1.92%;\" id=\"vct_marquises_inf500_etablissementdesoin_content\"><div class=\"fusion-column-wrapper fusion-column-has-shadow fusion-flex-justify-content-flex-start fusion-content-layout-column\"><div class=\"fusion-title title fusion-title-49 fusion-sep-none fusion-title-center fusion-title-text fusion-title-size-two hidden\" style=\"--awb-margin-top-small:0px;--awb-margin-right-small:0px;--awb-margin-bottom-small:20px;--awb-margin-left-small:0px;\"><h2 class=\"fusion-title-heading title-heading-center\" style=\"margin:0;\">Protection solaire de la toiture \/ Protection solaire des murs \/ Protection solaire des baies\u00a0+ D\u00e9pliant \u00e9tablissement de soin + Fiche d'information \u00e9tablissement de soin + Formulaire 2-MT<\/h2><\/div><div class=\"fusion-text fusion-text-182 vct_description_typologie\"><p>Il s\u2019agit d\u2019un b\u00e2timent ou d\u2019une partie de b\u00e2timent \u00e0 usage d\u2019h\u00f4pital, clinique et tout autre<br \/>\n\u00e9tablissement de service public ou d\u2019int\u00e9r\u00eat collectif de la sant\u00e9 et leurs locaux accessoires ; ainsi que<br \/>\nles structures d\u2019accueil pour personnes \u00e2g\u00e9es et personnes handicap\u00e9es et leurs locaux accessoires.<\/p>\n<\/div><div class=\"fusion-builder-row fusion-builder-row-inner fusion-row fusion-flex-align-items-flex-start fusion-flex-justify-content-center fusion-flex-content-wrap\" style=\"--awb-flex-grow:0;--awb-flex-grow-medium:0;--awb-flex-grow-small:0;--awb-flex-shrink:0;--awb-flex-shrink-medium:0;--awb-flex-shrink-small:0;width:104% !important;max-width:104% !important;margin-left: calc(-4% \/ 2 );margin-right: calc(-4% \/ 2 );\"><div class=\"fusion-layout-column fusion_builder_column_inner fusion-builder-nested-column-233 fusion_builder_column_inner_1_1 1_1 fusion-flex-column\" style=\"--awb-bg-size:cover;--awb-width-large:100%;--awb-margin-top-large:0px;--awb-spacing-right-large:1.92%;--awb-margin-bottom-large:20px;--awb-spacing-left-large:1.92%;--awb-width-medium:100%;--awb-order-medium:0;--awb-spacing-right-medium:1.92%;--awb-spacing-left-medium:1.92%;--awb-width-small:100%;--awb-order-small:0;--awb-spacing-right-small:1.92%;--awb-spacing-left-small:1.92%;\"><div class=\"fusion-column-wrapper fusion-column-has-shadow fusion-flex-justify-content-flex-start fusion-content-layout-column\"><div class=\"fusion-separator fusion-full-width-sep\" style=\"align-self: center;margin-left: auto;margin-right: auto;width:100%;\"><div class=\"fusion-separator-border sep-shadow\" style=\"--awb-height:20px;--awb-amount:20px;background:radial-gradient(ellipse at 50% -50% , #e0dede 0px, rgba(255, 255, 255, 0) 80%) repeat scroll 0 0 rgba(0, 0, 0, 0);background:-webkit-radial-gradient(ellipse at 50% -50% , #e0dede 0px, rgba(255, 255, 255, 0) 80%) repeat scroll 0 0 rgba(0, 0, 0, 0);background:-moz-radial-gradient(ellipse at 50% -50% , #e0dede 0px, rgba(255, 255, 255, 0) 80%) repeat scroll 0 0 rgba(0, 0, 0, 0);background:-o-radial-gradient(ellipse at 50% -50% , #e0dede 0px, rgba(255, 255, 255, 0) 80%) repeat scroll 0 0 rgba(0, 0, 0, 0);\"><\/div><\/div><\/div><\/div><div class=\"fusion-layout-column fusion_builder_column_inner fusion-builder-nested-column-234 fusion_builder_column_inner_1_3 1_3 fusion-flex-column\" style=\"--awb-bg-size:cover;--awb-width-large:33.333333333333%;--awb-margin-top-large:0px;--awb-spacing-right-large:2vw;--awb-margin-bottom-large:20px;--awb-spacing-left-large:5.76%;--awb-width-medium:100%;--awb-order-medium:0;--awb-spacing-right-medium:1.92%;--awb-spacing-left-medium:1.92%;--awb-width-small:100%;--awb-order-small:0;--awb-spacing-right-small:1.92%;--awb-spacing-left-small:1.92%;\"><div class=\"fusion-column-wrapper fusion-column-has-shadow fusion-flex-justify-content-flex-start fusion-content-layout-column\"><div class=\"fusion-image-element \" style=\"text-align:right;--awb-max-width:450px;--awb-caption-title-font-family:var(--h2_typography-font-family);--awb-caption-title-font-weight:var(--h2_typography-font-weight);--awb-caption-title-font-style:var(--h2_typography-font-style);--awb-caption-title-size:var(--h2_typography-font-size);--awb-caption-title-transform:var(--h2_typography-text-transform);--awb-caption-title-line-height:var(--h2_typography-line-height);--awb-caption-title-letter-spacing:var(--h2_typography-letter-spacing);\"><span class=\" fusion-imageframe imageframe-none imageframe-46 hover-type-none\"><img decoding=\"async\" width=\"300\" height=\"225\" title=\"SDE REBPF IlluTotales Etablissement Soin\" src=\"https:\/\/www.service-public.pf\/sde\/wp-content\/uploads\/sites\/15\/2023\/01\/SDE-REBPF-IlluTotales-Etablissement-Soin-300x225.png\" alt class=\"img-responsive wp-image-3441\" srcset=\"https:\/\/www.service-public.pf\/sde\/wp-content\/uploads\/sites\/15\/2023\/01\/SDE-REBPF-IlluTotales-Etablissement-Soin-200x150.png 200w, https:\/\/www.service-public.pf\/sde\/wp-content\/uploads\/sites\/15\/2023\/01\/SDE-REBPF-IlluTotales-Etablissement-Soin-400x300.png 400w, https:\/\/www.service-public.pf\/sde\/wp-content\/uploads\/sites\/15\/2023\/01\/SDE-REBPF-IlluTotales-Etablissement-Soin-600x450.png 600w, https:\/\/www.service-public.pf\/sde\/wp-content\/uploads\/sites\/15\/2023\/01\/SDE-REBPF-IlluTotales-Etablissement-Soin-800x600.png 800w, https:\/\/www.service-public.pf\/sde\/wp-content\/uploads\/sites\/15\/2023\/01\/SDE-REBPF-IlluTotales-Etablissement-Soin-1200x900.png 1200w, https:\/\/www.service-public.pf\/sde\/wp-content\/uploads\/sites\/15\/2023\/01\/SDE-REBPF-IlluTotales-Etablissement-Soin.png 1453w\" sizes=\"(max-width: 1024px) 100vw, (max-width: 640px) 100vw, 800px\" \/><\/span><\/div><\/div><\/div><div class=\"fusion-layout-column fusion_builder_column_inner fusion-builder-nested-column-235 fusion_builder_column_inner_2_3 2_3 fusion-flex-column\" style=\"--awb-bg-size:cover;--awb-width-large:66.666666666667%;--awb-margin-top-large:0px;--awb-spacing-right-large:2.88%;--awb-margin-bottom-large:20px;--awb-spacing-left-large:2.88%;--awb-width-medium:100%;--awb-order-medium:0;--awb-spacing-right-medium:1.92%;--awb-spacing-left-medium:1.92%;--awb-width-small:100%;--awb-order-small:0;--awb-spacing-right-small:1.92%;--awb-spacing-left-small:1.92%;\"><div class=\"fusion-column-wrapper fusion-column-has-shadow fusion-flex-justify-content-center fusion-content-layout-column\"><div class=\"fusion-text fusion-text-183\" style=\"--awb-content-alignment:center;--awb-font-size:24pt;\"><p>Localisation\u00a0du projet : <strong>Marquises\u00a0\u00e0 une altitude inf\u00e9rieure \u00e0 500 m\u00e8tres<\/strong><\/p>\n<p>Typologie de la construction\u00a0: <strong>\u00c9tablissement de soin<\/strong><\/p>\n<\/div><\/div><\/div><div class=\"fusion-layout-column fusion_builder_column_inner fusion-builder-nested-column-236 fusion_builder_column_inner_1_1 1_1 fusion-flex-column\" style=\"--awb-bg-size:cover;--awb-width-large:100%;--awb-margin-top-large:0px;--awb-spacing-right-large:1.92%;--awb-margin-bottom-large:20px;--awb-spacing-left-large:1.92%;--awb-width-medium:100%;--awb-order-medium:0;--awb-spacing-right-medium:1.92%;--awb-spacing-left-medium:1.92%;--awb-width-small:100%;--awb-order-small:0;--awb-spacing-right-small:1.92%;--awb-spacing-left-small:1.92%;\"><div class=\"fusion-column-wrapper fusion-column-has-shadow fusion-flex-justify-content-flex-start fusion-content-layout-column\"><div class=\"fusion-separator fusion-full-width-sep\" style=\"align-self: center;margin-left: auto;margin-right: auto;margin-bottom:20px;width:100%;\"><div class=\"fusion-separator-border sep-shadow\" style=\"--awb-height:20px;--awb-amount:20px;background:radial-gradient(ellipse at 50% -50% , #e0dede 0px, rgba(255, 255, 255, 0) 80%) repeat scroll 0 0 rgba(0, 0, 0, 0);background:-webkit-radial-gradient(ellipse at 50% -50% , #e0dede 0px, rgba(255, 255, 255, 0) 80%) repeat scroll 0 0 rgba(0, 0, 0, 0);background:-moz-radial-gradient(ellipse at 50% -50% , #e0dede 0px, rgba(255, 255, 255, 0) 80%) repeat scroll 0 0 rgba(0, 0, 0, 0);background:-o-radial-gradient(ellipse at 50% -50% , #e0dede 0px, rgba(255, 255, 255, 0) 80%) repeat scroll 0 0 rgba(0, 0, 0, 0);\"><\/div><\/div><\/div><\/div><div class=\"fusion-layout-column fusion_builder_column_inner fusion-builder-nested-column-237 fusion_builder_column_inner_1_1 1_1 fusion-flex-column\" style=\"--awb-bg-color:#ffffff;--awb-bg-color-hover:#ffffff;--awb-bg-size:cover;--awb-width-large:100%;--awb-margin-top-large:0px;--awb-spacing-right-large:1.92%;--awb-margin-bottom-large:20px;--awb-spacing-left-large:1.92%;--awb-width-medium:100%;--awb-order-medium:0;--awb-spacing-right-medium:1.92%;--awb-spacing-left-medium:1.92%;--awb-width-small:100%;--awb-order-small:0;--awb-spacing-right-small:1.92%;--awb-spacing-left-small:1.92%;\"><div class=\"fusion-column-wrapper fusion-column-has-shadow fusion-flex-justify-content-flex-start fusion-content-layout-column\"><div class=\"fusion-text fusion-text-184\" style=\"--awb-text-color:#000000;\"><p><strong>Th\u00e9matiques applicables :<\/strong><\/p>\n<\/div><div class=\"accordian fusion-accordian\" style=\"--awb-border-size:1px;--awb-icon-size:13px;--awb-content-font-size:13px;--awb-icon-alignment:left;--awb-hover-color:#f9f9f9;--awb-border-color:#cccccc;--awb-background-color:#ffffff;--awb-divider-color:#e0dede;--awb-divider-hover-color:#e0dede;--awb-icon-color:#ffffff;--awb-title-color:#333333;--awb-content-color:#747474;--awb-icon-box-color:#333333;--awb-toggle-hover-accent-color:#26a147;--awb-title-font-family:&quot;PT Sans&quot;;--awb-title-font-weight:400;--awb-title-font-style:normal;--awb-title-font-size:13px;--awb-content-font-family:&quot;PT Sans&quot;;--awb-content-font-style:normal;--awb-content-font-weight:400;\"><div class=\"panel-group fusion-toggle-icon-boxed\" id=\"accordion-3355-46\"><div class=\"fusion-panel panel-default panel-a65dae09892e77e38 fusion-toggle-has-divider\" style=\"--awb-title-color:#333333;--awb-content-color:#747474;\"><div class=\"panel-heading\"><h4 class=\"panel-title toggle\" id=\"toggle_a65dae09892e77e38\"><a aria-expanded=\"false\" aria-controls=\"a65dae09892e77e38\" role=\"button\" data-toggle=\"collapse\" data-parent=\"#accordion-3355-46\" data-target=\"#a65dae09892e77e38\" href=\"#a65dae09892e77e38\"><span class=\"fusion-toggle-icon-wrapper\" aria-hidden=\"true\"><i class=\"fa-fusion-box active-icon awb-icon-minus\" aria-hidden=\"true\"><\/i><i class=\"fa-fusion-box inactive-icon awb-icon-plus\" aria-hidden=\"true\"><\/i><\/span><span class=\"fusion-toggle-heading\">Protection solaire de la toiture<\/span><\/a><\/h4><\/div><div id=\"a65dae09892e77e38\" class=\"panel-collapse collapse \" aria-labelledby=\"toggle_a65dae09892e77e38\"><div class=\"panel-body toggle-content fusion-clearfix\">\n<table style=\"width: 100%;height: 187px\">\n<tbody>\n<tr style=\"height: 187px\">\n<td style=\"height: 187px\"><span style=\"color: #000000\"><strong><span style=\"text-decoration: underline\">Locaux concern\u00e9s<\/span> :<\/strong><\/span><\/p>\n<ul>\n<li>Locaux clos et climatis\u00e9s ou occup\u00e9s (exemples : salle de consultation, bloc op\u00e9ratoire, bureau, salle de r\u00e9union, chambre, espace d\u2019accueil avec personnel permanent, locaux d\u2019activit\u00e9s diverses : caf\u00e9t\u00e9ria, r\u00e9fectoire, \u2026)<\/li>\n<li>Locaux clos non-occup\u00e9s donnant <u>directement<\/u> sur les locaux ci-dessus, hors locaux techniques, stationnements et espaces de stockage non climatis\u00e9s (exemples : sanitaires, circulation, hall, vestiaires, \u2026)<\/li>\n<\/ul>\n<\/td>\n<td style=\"height: 187px\"><img decoding=\"async\" class=\"alignright wp-image-3430\" src=\"https:\/\/www.service-public.pf\/sde\/wp-content\/uploads\/sites\/15\/2023\/01\/SDE-REBPF-IlluTotales-Etablissement-Soin-ProToiture.png\" alt=\"\" width=\"300\" height=\"225\" \/><\/td>\n<\/tr>\n<\/tbody>\n<\/table>\n<p style=\"color: #000000\"><strong><span style=\"text-decoration: underline\">Seuils \u00e0 respecter : <\/span><\/strong><\/p>\n<table class=\"table table-bordered\" style=\"width: 100%\">\n<tbody>\n<tr>\n<td style=\"width: 24.0317%\"><strong>Mesure<\/strong><\/td>\n<td style=\"width: 4.78677%\"><strong>Seuil<\/strong><\/td>\n<td style=\"width: 58.7865%\"><strong>Exemples de solutions<\/strong><\/td>\n<\/tr>\n<tr>\n<td style=\"width: 24.0317%\">Facteur solaire maximal de la toiture<\/td>\n<td style=\"width: 4.78677%\">2,5%<\/td>\n<td style=\"width: 58.7865%\">\n<ul>\n<li>Toiture (avec combles) en t\u00f4le de teinte claire avec 3 cm de laine min\u00e9rale minimum<\/li>\n<li>Toiture (avec combles) en t\u00f4le de teinte moyenne avec 5 cm de laine min\u00e9rale minimum<\/li>\n<li>Toiture (avec combles) en t\u00f4le de teinte sombre avec 7,5 cm de laine min\u00e9rale minimum<\/li>\n<li>Toiture terrasse en b\u00e9ton de teinte moyenne avec 6 cm de polystyr\u00e8ne expans\u00e9 minimum<\/li>\n<li>Toiture terrasse en b\u00e9ton avec sur-toiture largement ventil\u00e9e<\/li>\n<\/ul>\n<\/td>\n<\/tr>\n<\/tbody>\n<\/table>\n<p><span style=\"color: #000000\"><strong>Pour plus d\u2019informations sur l\u2019application de la th\u00e9matique, consultez la fiche en question\u00a0:<\/strong><\/span><\/p>\n<ul>\n<li><a href=\"https:\/\/www.service-public.pf\/sde\/wp-content\/uploads\/sites\/15\/2023\/09\/Fiche-02-Protection-solaire-des-parois-opaques-horizontales-Toitures.pdf\">Fiche d\u2019application \u00ab\u00a0Protection solaire de la toiture\u00a0\u00bb<\/a><\/li>\n<\/ul>\n<\/div><\/div><\/div><div class=\"fusion-panel panel-default panel-34e5a12f2ff8293b2 fusion-toggle-has-divider\" style=\"--awb-title-color:#333333;--awb-content-color:#747474;\"><div class=\"panel-heading\"><h4 class=\"panel-title toggle\" id=\"toggle_34e5a12f2ff8293b2\"><a aria-expanded=\"false\" aria-controls=\"34e5a12f2ff8293b2\" role=\"button\" data-toggle=\"collapse\" data-parent=\"#accordion-3355-46\" data-target=\"#34e5a12f2ff8293b2\" href=\"#34e5a12f2ff8293b2\"><span class=\"fusion-toggle-icon-wrapper\" aria-hidden=\"true\"><i class=\"fa-fusion-box active-icon awb-icon-minus\" aria-hidden=\"true\"><\/i><i class=\"fa-fusion-box inactive-icon awb-icon-plus\" aria-hidden=\"true\"><\/i><\/span><span class=\"fusion-toggle-heading\">Protection solaire des fa\u00e7ades (murs et baies)<\/span><\/a><\/h4><\/div><div id=\"34e5a12f2ff8293b2\" class=\"panel-collapse collapse \" aria-labelledby=\"toggle_34e5a12f2ff8293b2\"><div class=\"panel-body toggle-content fusion-clearfix\">\n<table style=\"width: 100%;height: 187px\">\n<tbody>\n<tr style=\"height: 187px\">\n<td style=\"height: 187px\"><span style=\"color: #000000\"><strong><span style=\"text-decoration: underline\">Locaux concern\u00e9s<\/span> :<\/strong><\/span><\/p>\n<ul>\n<li>Locaux clos et climatis\u00e9s ou occup\u00e9s (exemples : salle de consultation, bloc op\u00e9ratoire, bureau, salle de r\u00e9union, chambre, espace d\u2019accueil avec personnel permanent, locaux d\u2019activit\u00e9s diverses : caf\u00e9t\u00e9ria, r\u00e9fectoire, \u2026)<\/li>\n<li>Locaux clos non-occup\u00e9s donnant <u>directement<\/u> sur les locaux ci-dessus, hors locaux techniques, stationnements et espaces de stockage non climatis\u00e9s (exemples : sanitaires, circulation, hall, vestiaires, \u2026)<\/li>\n<\/ul>\n<\/td>\n<td style=\"height: 187px\"><img decoding=\"async\" class=\"alignright wp-image-3430\" src=\"https:\/\/www.service-public.pf\/sde\/wp-content\/uploads\/sites\/15\/2023\/01\/SDE-REBPF-IlluTotales-Etablissement-Soin-ProFacade.png\" alt=\"\" width=\"300\" height=\"225\" \/><\/td>\n<\/tr>\n<\/tbody>\n<\/table>\n<p style=\"color: #000000\"><strong><span style=\"text-decoration: underline\">Seuils \u00e0 respecter,\u00a0selon l\u2019orientation des fa\u00e7ades des locaux :<\/span><\/strong><\/p>\n<table>\n<tbody>\n<tr>\n<td width=\"20%\"><strong>Mesure<\/strong><\/td>\n<td width=\"20%\"><strong>Orientation<\/strong><\/td>\n<td width=\"5%\"><strong>Seuil<\/strong><\/td>\n<td width=\"243%\"><strong>Exemples de solutions<\/strong><\/td>\n<\/tr>\n<tr>\n<td rowspan=\"2\" width=\"20%\">Facteur solaire maximal des murs<\/td>\n<td width=\"20%\">Nord, Nord-Est, Nord-Ouest, Est, Ouest<\/td>\n<td width=\"5%\">11 %<\/td>\n<td rowspan=\"2\" width=\"243%\">Mur de teinte claire, double-peau l\u00e9g\u00e8re de teinte moyenne, mur en b\u00e9ton cellulaire, mur en parpaing de teinte moyenne, mur avec bardage ventil\u00e9, d\u00e9bord de toiture (dimensions \u00e0 calculer en fonction des caract\u00e9ristiques du mur), \u2026<\/td>\n<\/tr>\n<tr>\n<td width=\"20%\">Sud, Sud-Est, Sud-Ouest<\/td>\n<td width=\"5%\">12 %<\/td>\n<\/tr>\n<tr>\n<td rowspan=\"4\" width=\"20%\">Facteur solaire maximal des baies<\/td>\n<td width=\"20%\">Nord, Nord-Est, Nord-Ouest, Est, Ouest*<\/td>\n<td width=\"5%\">50 %<\/td>\n<td width=\"243%\">Double vitrage teint\u00e9 ou \u00e0 contr\u00f4le solaire, masque architectural (casquette, brise-soleil, \u2026) \u00e0 dimensionner selon les caract\u00e9ristiques de la baie, lame opaque<\/td>\n<\/tr>\n<tr>\n<td width=\"20%\">Sud-Est, Sud-Ouest*<\/td>\n<td width=\"5%\">60 %<\/td>\n<td rowspan=\"2\" width=\"243%\">Simple vitrage \u00e0 contr\u00f4le solaire, simple ou double vitrage teint\u00e9, double vitrage clair (au sud seulement), masque architectural (casquette, brise-soleil, \u2026) \u00e0 dimensionner selon les caract\u00e9ristiques de la baie, \u2026<\/td>\n<\/tr>\n<tr>\n<td width=\"20%\">Sud*<\/td>\n<td width=\"5%\">70 %<\/td>\n<\/tr>\n<tr>\n<td width=\"20%\">Baie horizontale<\/td>\n<td width=\"5%\">45%<\/td>\n<td width=\"243%\">Protection solaire compl\u00e9mentaire \u00e0 la baie, \u00e0 dimensionner en fonction du type de vitrage<\/td>\n<\/tr>\n<\/tbody>\n<\/table>\n<p><em><i>* Si le taux de surface de baie en fa\u00e7ade est sup\u00e9rieur \u00e0 70%, le seuil \u00e0 atteindre est alors rabaiss\u00e9 de 5 % (respectivement 45%, 55% et 65%).<\/i><\/em><\/p>\n<p style=\"color: #000000\"><strong>Pour plus d'informations sur l'application de ces th\u00e9matiques, consultez les fiches suivantes :<\/strong><\/p>\n<ul>\n<li><a href=\"https:\/\/www.service-public.pf\/sde\/wp-content\/uploads\/sites\/15\/2023\/09\/Fiche-03-Protection-solaire-des-parois-opaques-verticales-Murs.pdf\">Fiche d\u2019application \u00ab Protection solaire des murs \u00bb<\/a><\/li>\n<li><a href=\"https:\/\/www.service-public.pf\/sde\/wp-content\/uploads\/sites\/15\/2023\/09\/Fiche-04-Protection-solaire-des-baies.pdf\">Fiche d\u2019application \u00ab\u00a0Protection solaire des baies \u00bb<\/a><\/li>\n<li><a href=\"https:\/\/www.service-public.pf\/sde\/wp-content\/uploads\/sites\/15\/2023\/06\/Fiche-05-Prise-en-main-de-loutil-Cm-FS.pdf\">Fiche d\u2019application \u00ab\u00a0Outil de calcul pour la protection solaire des fa\u00e7ades \u00bb<\/a><\/li>\n<\/ul>\n<\/div><\/div><\/div><\/div><\/div><div class=\"fusion-text fusion-text-185\" style=\"--awb-margin-top:10px;\"><p><span style=\"color: #000000\"><strong>Informations relatives aux demandes de permis de construire et au certificat de conformit\u00e9<\/strong><\/span><\/p>\n<p>Le p\u00e9titionnaire remplit les nouveaux formulaires de demande de permis de construire et de certificat de conformit\u00e9 de la DCA qui int\u00e8grent la d\u00e9claration du respect de la r\u00e9glementation.<\/p>\n<p><strong>Si les surfaces de plancher construites cumul\u00e9es* sont sup\u00e9rieures \u00e0 250 m\u00b2 de plancher, les demandes de permis de construire et de certificat de conformit\u00e9 doivent \u00eatre accompagn\u00e9es de l\u2019avis d\u2019un organisme agr\u00e9\u00e9<\/strong><\/p>\n<ul>\n<li><a href=\"https:\/\/www.service-public.pf\/sde\/organismes-agrees\/\">Parcourir la page d\u00e9di\u00e9e aux organismes agr\u00e9\u00e9s<\/a><\/li>\n<\/ul>\n<p><em><span style=\"font-size: 10pt\">* Les surfaces de plancher \u00e0 consid\u00e9rer sont celles de n\u2019importe quel b\u00e2timent neuf rattach\u00e9 au projet de construction, d\u00e8s lors que la typologie associ\u00e9e est bureaux, enseignement, \u00e9tablissement de soin, h\u00f4tellerie ou logement collectif.<\/span><\/em><\/p>\n<p><span style=\"color: #000000\"><strong>Informations sur les dispositions applicables \u00e0 la typologie <\/strong>(ne consulter que les rubriques des th\u00e9matiques concernant le projet de construction)<strong>\u00a0:<\/strong><\/span><\/p>\n<ul>\n<li><a href=\"https:\/\/www.service-public.pf\/sde\/wp-content\/uploads\/sites\/15\/2023\/04\/REPBF_Depliants_EtablissmentDeSoin_Pages-V2.pdf\">D\u00e9pliant \u00ab\u00a0\u00c9tablissement de soin \u00bb<\/a><\/li>\n<\/ul>\n<\/div><\/div><\/div><\/div><\/div><\/div><div class=\"fusion-layout-column fusion_builder_column fusion-builder-column-60 fusion_builder_column_4_5 4_5 fusion-flex-column vct_marquises_inf500_content\" style=\"--awb-bg-size:cover;--awb-width-large:80%;--awb-flex-grow:0;--awb-flex-shrink:0;--awb-margin-top-large:0px;--awb-spacing-right-large:2.4%;--awb-margin-bottom-large:20px;--awb-spacing-left-large:2.4%;--awb-width-medium:100%;--awb-order-medium:0;--awb-flex-grow-medium:0;--awb-flex-shrink-medium:0;--awb-spacing-right-medium:1.92%;--awb-spacing-left-medium:1.92%;--awb-width-small:100%;--awb-order-small:0;--awb-flex-grow-small:0;--awb-flex-shrink-small:0;--awb-spacing-right-small:1.92%;--awb-spacing-left-small:1.92%;\" id=\"vct_marquises_inf500_restauration_content\"><div class=\"fusion-column-wrapper fusion-column-has-shadow fusion-flex-justify-content-flex-start fusion-content-layout-column\"><div class=\"fusion-title title fusion-title-50 fusion-sep-none fusion-title-center fusion-title-text fusion-title-size-two hidden\" style=\"--awb-margin-top-small:0px;--awb-margin-right-small:0px;--awb-margin-bottom-small:20px;--awb-margin-left-small:0px;\"><h2 class=\"fusion-title-heading title-heading-center\" style=\"margin:0;\">Protection solaire de la toiture + D\u00e9pliant Restauration + Fiche d'information Restauration + Formulaire 1-AGMT<\/h2><\/div><div class=\"fusion-text fusion-text-186 vct_description_typologie\"><p>Il s\u2019agit d\u2019un b\u00e2timent ou d\u2019une partie de b\u00e2timent \u00e0 destination de restaurant ou de d\u00e9bit de<br \/>\nboisson, ainsi que leurs locaux accessoires.<\/p>\n<\/div><div class=\"fusion-builder-row fusion-builder-row-inner fusion-row fusion-flex-align-items-flex-start fusion-flex-justify-content-center fusion-flex-content-wrap\" style=\"--awb-flex-grow:0;--awb-flex-grow-medium:0;--awb-flex-grow-small:0;--awb-flex-shrink:0;--awb-flex-shrink-medium:0;--awb-flex-shrink-small:0;width:104% !important;max-width:104% !important;margin-left: calc(-4% \/ 2 );margin-right: calc(-4% \/ 2 );\"><div class=\"fusion-layout-column fusion_builder_column_inner fusion-builder-nested-column-238 fusion_builder_column_inner_1_1 1_1 fusion-flex-column\" style=\"--awb-bg-size:cover;--awb-width-large:100%;--awb-margin-top-large:0px;--awb-spacing-right-large:1.92%;--awb-margin-bottom-large:20px;--awb-spacing-left-large:1.92%;--awb-width-medium:100%;--awb-order-medium:0;--awb-spacing-right-medium:1.92%;--awb-spacing-left-medium:1.92%;--awb-width-small:100%;--awb-order-small:0;--awb-spacing-right-small:1.92%;--awb-spacing-left-small:1.92%;\"><div class=\"fusion-column-wrapper fusion-column-has-shadow fusion-flex-justify-content-flex-start fusion-content-layout-column\"><div class=\"fusion-separator fusion-full-width-sep\" style=\"align-self: center;margin-left: auto;margin-right: auto;width:100%;\"><div class=\"fusion-separator-border sep-shadow\" style=\"--awb-height:20px;--awb-amount:20px;background:radial-gradient(ellipse at 50% -50% , #e0dede 0px, rgba(255, 255, 255, 0) 80%) repeat scroll 0 0 rgba(0, 0, 0, 0);background:-webkit-radial-gradient(ellipse at 50% -50% , #e0dede 0px, rgba(255, 255, 255, 0) 80%) repeat scroll 0 0 rgba(0, 0, 0, 0);background:-moz-radial-gradient(ellipse at 50% -50% , #e0dede 0px, rgba(255, 255, 255, 0) 80%) repeat scroll 0 0 rgba(0, 0, 0, 0);background:-o-radial-gradient(ellipse at 50% -50% , #e0dede 0px, rgba(255, 255, 255, 0) 80%) repeat scroll 0 0 rgba(0, 0, 0, 0);\"><\/div><\/div><\/div><\/div><div class=\"fusion-layout-column fusion_builder_column_inner fusion-builder-nested-column-239 fusion_builder_column_inner_1_3 1_3 fusion-flex-column\" style=\"--awb-bg-size:cover;--awb-width-large:33.333333333333%;--awb-margin-top-large:0px;--awb-spacing-right-large:2vw;--awb-margin-bottom-large:20px;--awb-spacing-left-large:5.76%;--awb-width-medium:100%;--awb-order-medium:0;--awb-spacing-right-medium:1.92%;--awb-spacing-left-medium:1.92%;--awb-width-small:100%;--awb-order-small:0;--awb-spacing-right-small:1.92%;--awb-spacing-left-small:1.92%;\"><div class=\"fusion-column-wrapper fusion-column-has-shadow fusion-flex-justify-content-flex-start fusion-content-layout-column\"><div class=\"fusion-image-element \" style=\"text-align:right;--awb-max-width:450px;--awb-caption-title-font-family:var(--h2_typography-font-family);--awb-caption-title-font-weight:var(--h2_typography-font-weight);--awb-caption-title-font-style:var(--h2_typography-font-style);--awb-caption-title-size:var(--h2_typography-font-size);--awb-caption-title-transform:var(--h2_typography-text-transform);--awb-caption-title-line-height:var(--h2_typography-line-height);--awb-caption-title-letter-spacing:var(--h2_typography-letter-spacing);\"><span class=\" fusion-imageframe imageframe-none imageframe-47 hover-type-none\"><img decoding=\"async\" width=\"300\" height=\"225\" title=\"SDE REBPF IlluTotales Restaurant\" src=\"https:\/\/www.service-public.pf\/sde\/wp-content\/uploads\/sites\/15\/2023\/01\/SDE-REBPF-IlluTotales-Restaurant-300x225.png\" alt class=\"img-responsive wp-image-3464\" srcset=\"https:\/\/www.service-public.pf\/sde\/wp-content\/uploads\/sites\/15\/2023\/01\/SDE-REBPF-IlluTotales-Restaurant-200x150.png 200w, https:\/\/www.service-public.pf\/sde\/wp-content\/uploads\/sites\/15\/2023\/01\/SDE-REBPF-IlluTotales-Restaurant-400x300.png 400w, https:\/\/www.service-public.pf\/sde\/wp-content\/uploads\/sites\/15\/2023\/01\/SDE-REBPF-IlluTotales-Restaurant-600x450.png 600w, https:\/\/www.service-public.pf\/sde\/wp-content\/uploads\/sites\/15\/2023\/01\/SDE-REBPF-IlluTotales-Restaurant-800x600.png 800w, https:\/\/www.service-public.pf\/sde\/wp-content\/uploads\/sites\/15\/2023\/01\/SDE-REBPF-IlluTotales-Restaurant-1200x900.png 1200w, https:\/\/www.service-public.pf\/sde\/wp-content\/uploads\/sites\/15\/2023\/01\/SDE-REBPF-IlluTotales-Restaurant.png 1453w\" sizes=\"(max-width: 1024px) 100vw, (max-width: 640px) 100vw, 800px\" \/><\/span><\/div><\/div><\/div><div class=\"fusion-layout-column fusion_builder_column_inner fusion-builder-nested-column-240 fusion_builder_column_inner_2_3 2_3 fusion-flex-column\" style=\"--awb-bg-size:cover;--awb-width-large:66.666666666667%;--awb-margin-top-large:0px;--awb-spacing-right-large:2.88%;--awb-margin-bottom-large:20px;--awb-spacing-left-large:2.88%;--awb-width-medium:100%;--awb-order-medium:0;--awb-spacing-right-medium:1.92%;--awb-spacing-left-medium:1.92%;--awb-width-small:100%;--awb-order-small:0;--awb-spacing-right-small:1.92%;--awb-spacing-left-small:1.92%;\"><div class=\"fusion-column-wrapper fusion-column-has-shadow fusion-flex-justify-content-center fusion-content-layout-column\"><div class=\"fusion-text fusion-text-187\" style=\"--awb-content-alignment:center;--awb-font-size:24pt;\"><p>Localisation\u00a0du projet : <strong>Marquises\u00a0\u00e0 une altitude inf\u00e9rieure \u00e0 500 m\u00e8tres<\/strong><\/p>\n<p>Typologie de la construction\u00a0: <strong>Restauration<\/strong><\/p>\n<\/div><\/div><\/div><div class=\"fusion-layout-column fusion_builder_column_inner fusion-builder-nested-column-241 fusion_builder_column_inner_1_1 1_1 fusion-flex-column\" style=\"--awb-bg-size:cover;--awb-width-large:100%;--awb-margin-top-large:0px;--awb-spacing-right-large:1.92%;--awb-margin-bottom-large:20px;--awb-spacing-left-large:1.92%;--awb-width-medium:100%;--awb-order-medium:0;--awb-spacing-right-medium:1.92%;--awb-spacing-left-medium:1.92%;--awb-width-small:100%;--awb-order-small:0;--awb-spacing-right-small:1.92%;--awb-spacing-left-small:1.92%;\"><div class=\"fusion-column-wrapper fusion-column-has-shadow fusion-flex-justify-content-flex-start fusion-content-layout-column\"><div class=\"fusion-separator fusion-full-width-sep\" style=\"align-self: center;margin-left: auto;margin-right: auto;margin-bottom:20px;width:100%;\"><div class=\"fusion-separator-border sep-shadow\" style=\"--awb-height:20px;--awb-amount:20px;background:radial-gradient(ellipse at 50% -50% , #e0dede 0px, rgba(255, 255, 255, 0) 80%) repeat scroll 0 0 rgba(0, 0, 0, 0);background:-webkit-radial-gradient(ellipse at 50% -50% , #e0dede 0px, rgba(255, 255, 255, 0) 80%) repeat scroll 0 0 rgba(0, 0, 0, 0);background:-moz-radial-gradient(ellipse at 50% -50% , #e0dede 0px, rgba(255, 255, 255, 0) 80%) repeat scroll 0 0 rgba(0, 0, 0, 0);background:-o-radial-gradient(ellipse at 50% -50% , #e0dede 0px, rgba(255, 255, 255, 0) 80%) repeat scroll 0 0 rgba(0, 0, 0, 0);\"><\/div><\/div><\/div><\/div><div class=\"fusion-layout-column fusion_builder_column_inner fusion-builder-nested-column-242 fusion_builder_column_inner_1_1 1_1 fusion-flex-column\" style=\"--awb-bg-color:#ffffff;--awb-bg-color-hover:#ffffff;--awb-bg-size:cover;--awb-width-large:100%;--awb-margin-top-large:0px;--awb-spacing-right-large:1.92%;--awb-margin-bottom-large:20px;--awb-spacing-left-large:1.92%;--awb-width-medium:100%;--awb-order-medium:0;--awb-spacing-right-medium:1.92%;--awb-spacing-left-medium:1.92%;--awb-width-small:100%;--awb-order-small:0;--awb-spacing-right-small:1.92%;--awb-spacing-left-small:1.92%;\"><div class=\"fusion-column-wrapper fusion-column-has-shadow fusion-flex-justify-content-flex-start fusion-content-layout-column\"><div class=\"fusion-text fusion-text-188\" style=\"--awb-text-color:#000000;\"><p><strong>Th\u00e9matiques applicables :<\/strong><\/p>\n<\/div><div class=\"accordian fusion-accordian\" style=\"--awb-border-size:1px;--awb-icon-size:13px;--awb-content-font-size:13px;--awb-icon-alignment:left;--awb-hover-color:#f9f9f9;--awb-border-color:#cccccc;--awb-background-color:#ffffff;--awb-divider-color:#e0dede;--awb-divider-hover-color:#e0dede;--awb-icon-color:#ffffff;--awb-title-color:#333333;--awb-content-color:#747474;--awb-icon-box-color:#333333;--awb-toggle-hover-accent-color:#26a147;--awb-title-font-family:&quot;PT Sans&quot;;--awb-title-font-weight:400;--awb-title-font-style:normal;--awb-title-font-size:13px;--awb-content-font-family:&quot;PT Sans&quot;;--awb-content-font-style:normal;--awb-content-font-weight:400;\"><div class=\"panel-group fusion-toggle-icon-boxed\" id=\"accordion-3355-47\"><div class=\"fusion-panel panel-default panel-e868e08b214dcef50 fusion-toggle-has-divider\" style=\"--awb-title-color:#333333;--awb-content-color:#747474;\"><div class=\"panel-heading\"><h4 class=\"panel-title toggle\" id=\"toggle_e868e08b214dcef50\"><a aria-expanded=\"false\" aria-controls=\"e868e08b214dcef50\" role=\"button\" data-toggle=\"collapse\" data-parent=\"#accordion-3355-47\" data-target=\"#e868e08b214dcef50\" href=\"#e868e08b214dcef50\"><span class=\"fusion-toggle-icon-wrapper\" aria-hidden=\"true\"><i class=\"fa-fusion-box active-icon awb-icon-minus\" aria-hidden=\"true\"><\/i><i class=\"fa-fusion-box inactive-icon awb-icon-plus\" aria-hidden=\"true\"><\/i><\/span><span class=\"fusion-toggle-heading\">Protection solaire de la toiture<\/span><\/a><\/h4><\/div><div id=\"e868e08b214dcef50\" class=\"panel-collapse collapse \" aria-labelledby=\"toggle_e868e08b214dcef50\"><div class=\"panel-body toggle-content fusion-clearfix\">\n<table style=\"width: 100%;height: 187px\">\n<tbody>\n<tr style=\"height: 187px\">\n<td style=\"height: 187px\"><span style=\"color: #000000\"><strong><span style=\"text-decoration: underline\">Locaux concern\u00e9s<\/span> :<\/strong><\/span><\/p>\n<ul>\n<li>Locaux clos et climatis\u00e9s ou occup\u00e9s (exemples\u00a0: cuisine, salle de restauration, r\u00e9serve climatis\u00e9e, \u2026)<\/li>\n<li>Locaux clos non-occup\u00e9s donnant <u>directement<\/u> sur les locaux ci-dessus, hors locaux techniques, stationnements et espaces de stockage non climatis\u00e9s (exemples : sanitaires, circulation, \u2026)<\/li>\n<\/ul>\n<\/td>\n<td style=\"height: 187px\"><img decoding=\"async\" class=\"alignright wp-image-3430\" src=\"https:\/\/www.service-public.pf\/sde\/wp-content\/uploads\/sites\/15\/2023\/01\/SDE-REBPF-IlluTotales-Restaurant-ProToiture.png\" alt=\"\" width=\"300\" height=\"225\" \/><\/td>\n<\/tr>\n<\/tbody>\n<\/table>\n<p style=\"color: #000000\"><strong><span style=\"text-decoration: underline\">Seuils \u00e0 respecter : <\/span><\/strong><\/p>\n<table class=\"table table-bordered\" style=\"width: 100%\">\n<tbody>\n<tr>\n<td style=\"width: 24.0317%\"><strong>Mesure<\/strong><\/td>\n<td style=\"width: 4.78677%\"><strong>Seuil<\/strong><\/td>\n<td style=\"width: 58.7865%\"><strong>Exemples de solutions<\/strong><\/td>\n<\/tr>\n<tr>\n<td style=\"width: 24.0317%\">Facteur solaire maximal de la toiture<\/td>\n<td style=\"width: 4.78677%\">2,5%<\/td>\n<td style=\"width: 58.7865%\">\n<ul>\n<li>Toiture (avec combles) en t\u00f4le de teinte claire avec 3 cm de laine min\u00e9rale minimum<\/li>\n<li>Toiture (avec combles) en t\u00f4le de teinte moyenne avec 5 cm de laine min\u00e9rale minimum<\/li>\n<li>Toiture (avec combles) en t\u00f4le de teinte sombre avec 7,5 cm de laine min\u00e9rale minimum<\/li>\n<li>Toiture terrasse en b\u00e9ton de teinte moyenne avec 6 cm de polystyr\u00e8ne expans\u00e9 minimum<\/li>\n<li>Toiture en bardeau de bois apparents correspondant \u00e0 une toiture \u00ab ventil\u00e9e \u00bb<\/li>\n<li>Toiture terrasse en b\u00e9ton avec sur-toiture largement ventil\u00e9e<\/li>\n<\/ul>\n<\/td>\n<\/tr>\n<\/tbody>\n<\/table>\n<p><span style=\"color: #000000\"><strong>Pour plus d\u2019informations sur l\u2019application de la th\u00e9matique, consultez la fiche en question\u00a0:<\/strong><\/span><\/p>\n<ul>\n<li><a href=\"https:\/\/www.service-public.pf\/sde\/wp-content\/uploads\/sites\/15\/2023\/09\/Fiche-02-Protection-solaire-des-parois-opaques-horizontales-Toitures.pdf\">Fiche d\u2019application \u00ab\u00a0Protection solaire de la toiture\u00a0\u00bb<\/a><\/li>\n<\/ul>\n<p>Nota bene : les informations diffus\u00e9es dans le d\u00e9pliant mis \u00e0 disposition ci-dessous sont normalement suffisantes pour s'assurer de la conformit\u00e9 de son projet sans rentrer dans les d\u00e9tails techniques de la th\u00e9matique.<\/p>\n<\/div><\/div><\/div><\/div><\/div><div class=\"fusion-text fusion-text-189\" style=\"--awb-margin-top:10px;\"><p><span style=\"color: #000000\"><strong>Informations relatives aux demandes de permis de construire et au certificat de conformit\u00e9<\/strong><\/span><\/p>\n<p>Le p\u00e9titionnaire remplit les nouveaux formulaires de demande de permis de construire et de certificat de conformit\u00e9 de la DCA qui int\u00e8grent la d\u00e9claration du respect de la r\u00e9glementation.<\/p>\n<p><span style=\"color: #000000\"><strong>Informations sur les dispositions applicables \u00e0 la typologie <\/strong><strong>:<\/strong><\/span><\/p>\n<ul>\n<li><a href=\"https:\/\/www.service-public.pf\/sde\/wp-content\/uploads\/sites\/15\/2023\/03\/REPBF_Depliants_Restauration_Pages.pdf\">D\u00e9pliant \u00ab\u00a0Restauration \u00bb<\/a><\/li>\n<\/ul>\n<\/div><\/div><\/div><\/div><\/div><\/div><div class=\"fusion-layout-column fusion_builder_column fusion-builder-column-61 fusion_builder_column_4_5 4_5 fusion-flex-column vct_marquises_inf500_content\" style=\"--awb-bg-size:cover;--awb-width-large:80%;--awb-flex-grow:0;--awb-flex-shrink:0;--awb-margin-top-large:0px;--awb-spacing-right-large:2.4%;--awb-margin-bottom-large:20px;--awb-spacing-left-large:2.4%;--awb-width-medium:100%;--awb-order-medium:0;--awb-flex-grow-medium:0;--awb-flex-shrink-medium:0;--awb-spacing-right-medium:1.92%;--awb-spacing-left-medium:1.92%;--awb-width-small:100%;--awb-order-small:0;--awb-flex-grow-small:0;--awb-flex-shrink-small:0;--awb-spacing-right-small:1.92%;--awb-spacing-left-small:1.92%;\" id=\"vct_marquises_inf500_etablissementdenseignement_content\"><div class=\"fusion-column-wrapper fusion-column-has-shadow fusion-flex-justify-content-flex-start fusion-content-layout-column\"><div class=\"fusion-title title fusion-title-51 fusion-sep-none fusion-title-center fusion-title-text fusion-title-size-two hidden\" style=\"--awb-margin-top-small:0px;--awb-margin-right-small:0px;--awb-margin-bottom-small:20px;--awb-margin-left-small:0px;\"><h2 class=\"fusion-title-heading title-heading-center\" style=\"margin:0;\">Protection solaire de la toiture \/ Protection solaire des murs \/ Protection solaire des baies - ECOLE + D\u00e9pliant \u00e9tablissement d'enseignement + Fiche d'information \u00e9tablissement d'enseignement + Formulaire 2-MT<\/h2><\/div><div class=\"fusion-text fusion-text-190 vct_description_typologie\"><p>Il s\u2019agit d\u2019un b\u00e2timent ou d\u2019une partie de b\u00e2timent \u00e0 usage de cr\u00e8che et garderie, \u00e9cole maternelle,<br \/>\n\u00e9cole primaire, coll\u00e8ge, lyc\u00e9e, \u00e9tablissement d\u2019enseignement sup\u00e9rieur et tout autre b\u00e2timent de<br \/>\nservice public ou d\u2019int\u00e9r\u00eat collectif de l\u2019enseignement, comprenant \u00e9galement leurs locaux<br \/>\naccessoires.<\/p>\n<p>Pour rappel, les locaux \u00e0 sommeil et les internats sont assimil\u00e9s \u00e0 la typologie \u00ab logement collectif \u00bb.<\/p>\n<\/div><div class=\"fusion-builder-row fusion-builder-row-inner fusion-row fusion-flex-align-items-flex-start fusion-flex-justify-content-center fusion-flex-content-wrap\" style=\"--awb-flex-grow:0;--awb-flex-grow-medium:0;--awb-flex-grow-small:0;--awb-flex-shrink:0;--awb-flex-shrink-medium:0;--awb-flex-shrink-small:0;width:104% !important;max-width:104% !important;margin-left: calc(-4% \/ 2 );margin-right: calc(-4% \/ 2 );\"><div class=\"fusion-layout-column fusion_builder_column_inner fusion-builder-nested-column-243 fusion_builder_column_inner_1_1 1_1 fusion-flex-column\" style=\"--awb-bg-size:cover;--awb-width-large:100%;--awb-margin-top-large:0px;--awb-spacing-right-large:1.92%;--awb-margin-bottom-large:20px;--awb-spacing-left-large:1.92%;--awb-width-medium:100%;--awb-order-medium:0;--awb-spacing-right-medium:1.92%;--awb-spacing-left-medium:1.92%;--awb-width-small:100%;--awb-order-small:0;--awb-spacing-right-small:1.92%;--awb-spacing-left-small:1.92%;\"><div class=\"fusion-column-wrapper fusion-column-has-shadow fusion-flex-justify-content-flex-start fusion-content-layout-column\"><div class=\"fusion-separator fusion-full-width-sep\" style=\"align-self: center;margin-left: auto;margin-right: auto;width:100%;\"><div class=\"fusion-separator-border sep-shadow\" style=\"--awb-height:20px;--awb-amount:20px;background:radial-gradient(ellipse at 50% -50% , #e0dede 0px, rgba(255, 255, 255, 0) 80%) repeat scroll 0 0 rgba(0, 0, 0, 0);background:-webkit-radial-gradient(ellipse at 50% -50% , #e0dede 0px, rgba(255, 255, 255, 0) 80%) repeat scroll 0 0 rgba(0, 0, 0, 0);background:-moz-radial-gradient(ellipse at 50% -50% , #e0dede 0px, rgba(255, 255, 255, 0) 80%) repeat scroll 0 0 rgba(0, 0, 0, 0);background:-o-radial-gradient(ellipse at 50% -50% , #e0dede 0px, rgba(255, 255, 255, 0) 80%) repeat scroll 0 0 rgba(0, 0, 0, 0);\"><\/div><\/div><\/div><\/div><div class=\"fusion-layout-column fusion_builder_column_inner fusion-builder-nested-column-244 fusion_builder_column_inner_1_3 1_3 fusion-flex-column\" style=\"--awb-bg-size:cover;--awb-width-large:33.333333333333%;--awb-margin-top-large:0px;--awb-spacing-right-large:2vw;--awb-margin-bottom-large:20px;--awb-spacing-left-large:5.76%;--awb-width-medium:100%;--awb-order-medium:0;--awb-spacing-right-medium:1.92%;--awb-spacing-left-medium:1.92%;--awb-width-small:100%;--awb-order-small:0;--awb-spacing-right-small:1.92%;--awb-spacing-left-small:1.92%;\"><div class=\"fusion-column-wrapper fusion-column-has-shadow fusion-flex-justify-content-flex-start fusion-content-layout-column\"><div class=\"fusion-image-element \" style=\"text-align:right;--awb-max-width:450px;--awb-caption-title-font-family:var(--h2_typography-font-family);--awb-caption-title-font-weight:var(--h2_typography-font-weight);--awb-caption-title-font-style:var(--h2_typography-font-style);--awb-caption-title-size:var(--h2_typography-font-size);--awb-caption-title-transform:var(--h2_typography-text-transform);--awb-caption-title-line-height:var(--h2_typography-line-height);--awb-caption-title-letter-spacing:var(--h2_typography-letter-spacing);\"><span class=\" fusion-imageframe imageframe-none imageframe-48 hover-type-none\"><img decoding=\"async\" width=\"300\" height=\"225\" title=\"SDE REBPF IlluTotales Enseignement\" src=\"https:\/\/www.service-public.pf\/sde\/wp-content\/uploads\/sites\/15\/2023\/01\/SDE-REBPF-IlluTotales-Enseignement-300x225.png\" alt class=\"img-responsive wp-image-3429\" srcset=\"https:\/\/www.service-public.pf\/sde\/wp-content\/uploads\/sites\/15\/2023\/01\/SDE-REBPF-IlluTotales-Enseignement-200x150.png 200w, https:\/\/www.service-public.pf\/sde\/wp-content\/uploads\/sites\/15\/2023\/01\/SDE-REBPF-IlluTotales-Enseignement-400x300.png 400w, https:\/\/www.service-public.pf\/sde\/wp-content\/uploads\/sites\/15\/2023\/01\/SDE-REBPF-IlluTotales-Enseignement-600x450.png 600w, https:\/\/www.service-public.pf\/sde\/wp-content\/uploads\/sites\/15\/2023\/01\/SDE-REBPF-IlluTotales-Enseignement-800x600.png 800w, https:\/\/www.service-public.pf\/sde\/wp-content\/uploads\/sites\/15\/2023\/01\/SDE-REBPF-IlluTotales-Enseignement-1200x900.png 1200w, https:\/\/www.service-public.pf\/sde\/wp-content\/uploads\/sites\/15\/2023\/01\/SDE-REBPF-IlluTotales-Enseignement.png 1453w\" sizes=\"(max-width: 1024px) 100vw, (max-width: 640px) 100vw, 800px\" \/><\/span><\/div><\/div><\/div><div class=\"fusion-layout-column fusion_builder_column_inner fusion-builder-nested-column-245 fusion_builder_column_inner_2_3 2_3 fusion-flex-column\" style=\"--awb-bg-size:cover;--awb-width-large:66.666666666667%;--awb-margin-top-large:0px;--awb-spacing-right-large:2.88%;--awb-margin-bottom-large:20px;--awb-spacing-left-large:2.88%;--awb-width-medium:100%;--awb-order-medium:0;--awb-spacing-right-medium:1.92%;--awb-spacing-left-medium:1.92%;--awb-width-small:100%;--awb-order-small:0;--awb-spacing-right-small:1.92%;--awb-spacing-left-small:1.92%;\"><div class=\"fusion-column-wrapper fusion-column-has-shadow fusion-flex-justify-content-center fusion-content-layout-column\"><div class=\"fusion-text fusion-text-191\" style=\"--awb-content-alignment:center;--awb-font-size:24pt;\"><p>Localisation\u00a0du projet : <strong>Marquises \u00e0 une altitude inf\u00e9rieure \u00e0 500 m\u00e8tres<\/strong><\/p>\n<p>Typologie de la construction\u00a0: <strong>Enseignement<\/strong><\/p>\n<\/div><\/div><\/div><div class=\"fusion-layout-column fusion_builder_column_inner fusion-builder-nested-column-246 fusion_builder_column_inner_1_1 1_1 fusion-flex-column\" style=\"--awb-bg-size:cover;--awb-width-large:100%;--awb-margin-top-large:0px;--awb-spacing-right-large:1.92%;--awb-margin-bottom-large:20px;--awb-spacing-left-large:1.92%;--awb-width-medium:100%;--awb-order-medium:0;--awb-spacing-right-medium:1.92%;--awb-spacing-left-medium:1.92%;--awb-width-small:100%;--awb-order-small:0;--awb-spacing-right-small:1.92%;--awb-spacing-left-small:1.92%;\"><div class=\"fusion-column-wrapper fusion-column-has-shadow fusion-flex-justify-content-flex-start fusion-content-layout-column\"><div class=\"fusion-separator fusion-full-width-sep\" style=\"align-self: center;margin-left: auto;margin-right: auto;margin-bottom:20px;width:100%;\"><div class=\"fusion-separator-border sep-shadow\" style=\"--awb-height:20px;--awb-amount:20px;background:radial-gradient(ellipse at 50% -50% , #e0dede 0px, rgba(255, 255, 255, 0) 80%) repeat scroll 0 0 rgba(0, 0, 0, 0);background:-webkit-radial-gradient(ellipse at 50% -50% , #e0dede 0px, rgba(255, 255, 255, 0) 80%) repeat scroll 0 0 rgba(0, 0, 0, 0);background:-moz-radial-gradient(ellipse at 50% -50% , #e0dede 0px, rgba(255, 255, 255, 0) 80%) repeat scroll 0 0 rgba(0, 0, 0, 0);background:-o-radial-gradient(ellipse at 50% -50% , #e0dede 0px, rgba(255, 255, 255, 0) 80%) repeat scroll 0 0 rgba(0, 0, 0, 0);\"><\/div><\/div><\/div><\/div><div class=\"fusion-layout-column fusion_builder_column_inner fusion-builder-nested-column-247 fusion_builder_column_inner_1_1 1_1 fusion-flex-column\" style=\"--awb-bg-color:#ffffff;--awb-bg-color-hover:#ffffff;--awb-bg-size:cover;--awb-width-large:100%;--awb-margin-top-large:0px;--awb-spacing-right-large:1.92%;--awb-margin-bottom-large:20px;--awb-spacing-left-large:1.92%;--awb-width-medium:100%;--awb-order-medium:0;--awb-spacing-right-medium:1.92%;--awb-spacing-left-medium:1.92%;--awb-width-small:100%;--awb-order-small:0;--awb-spacing-right-small:1.92%;--awb-spacing-left-small:1.92%;\"><div class=\"fusion-column-wrapper fusion-column-has-shadow fusion-flex-justify-content-flex-start fusion-content-layout-column\"><div class=\"fusion-text fusion-text-192\" style=\"--awb-text-color:#000000;\"><p><strong>Th\u00e9matiques applicables :<\/strong><\/p>\n<\/div><div class=\"accordian fusion-accordian\" style=\"--awb-border-size:1px;--awb-icon-size:13px;--awb-content-font-size:13px;--awb-icon-alignment:left;--awb-hover-color:#f9f9f9;--awb-border-color:#cccccc;--awb-background-color:#ffffff;--awb-divider-color:#e0dede;--awb-divider-hover-color:#e0dede;--awb-icon-color:#ffffff;--awb-title-color:#333333;--awb-content-color:#747474;--awb-icon-box-color:#333333;--awb-toggle-hover-accent-color:#26a147;--awb-title-font-family:&quot;PT Sans&quot;;--awb-title-font-weight:400;--awb-title-font-style:normal;--awb-title-font-size:13px;--awb-content-font-family:&quot;PT Sans&quot;;--awb-content-font-style:normal;--awb-content-font-weight:400;\"><div class=\"panel-group fusion-toggle-icon-boxed\" id=\"accordion-3355-48\"><div class=\"fusion-panel panel-default panel-6cc3fa743dc9837c2 fusion-toggle-has-divider\" style=\"--awb-title-color:#333333;--awb-content-color:#747474;\"><div class=\"panel-heading\"><h4 class=\"panel-title toggle\" id=\"toggle_6cc3fa743dc9837c2\"><a aria-expanded=\"false\" aria-controls=\"6cc3fa743dc9837c2\" role=\"button\" data-toggle=\"collapse\" data-parent=\"#accordion-3355-48\" data-target=\"#6cc3fa743dc9837c2\" href=\"#6cc3fa743dc9837c2\"><span class=\"fusion-toggle-icon-wrapper\" aria-hidden=\"true\"><i class=\"fa-fusion-box active-icon awb-icon-minus\" aria-hidden=\"true\"><\/i><i class=\"fa-fusion-box inactive-icon awb-icon-plus\" aria-hidden=\"true\"><\/i><\/span><span class=\"fusion-toggle-heading\">Protection solaire de la toiture<\/span><\/a><\/h4><\/div><div id=\"6cc3fa743dc9837c2\" class=\"panel-collapse collapse \" aria-labelledby=\"toggle_6cc3fa743dc9837c2\"><div class=\"panel-body toggle-content fusion-clearfix\">\n<table style=\"width: 100%;height: 187px\">\n<tbody>\n<tr style=\"height: 187px\">\n<td style=\"height: 187px\"><span style=\"color: #000000\"><strong><span style=\"text-decoration: underline\">Locaux concern\u00e9s<\/span> :<\/strong><\/span><\/p>\n<ul>\n<li>Locaux clos et climatis\u00e9s ou occup\u00e9s (exemples\u00a0: salle de classe, infirmerie, biblioth\u00e8que, salle de r\u00e9union, espace d\u2019accueil avec personnel permanent, \u2026)<\/li>\n<li>Locaux clos non-occup\u00e9s donnant <u>directement<\/u> sur les locaux ci-dessus, hors locaux techniques, stationnements et espaces de stockage non climatis\u00e9s (exemples : sanitaires, vestiaire, circulation close, \u2026)<\/li>\n<\/ul>\n<\/td>\n<td style=\"height: 187px\"><img decoding=\"async\" class=\"alignright wp-image-3430\" src=\"https:\/\/www.service-public.pf\/sde\/wp-content\/uploads\/sites\/15\/2023\/01\/SDE-REBPF-IlluTotales-Enseignement-ProToiture.png\" alt=\"\" width=\"300\" height=\"225\" srcset=\"https:\/\/www.service-public.pf\/sde\/wp-content\/uploads\/sites\/15\/2023\/01\/SDE-REBPF-IlluTotales-Enseignement-ProToiture-200x150.png 200w, https:\/\/www.service-public.pf\/sde\/wp-content\/uploads\/sites\/15\/2023\/01\/SDE-REBPF-IlluTotales-Enseignement-ProToiture-300x225.png 300w, https:\/\/www.service-public.pf\/sde\/wp-content\/uploads\/sites\/15\/2023\/01\/SDE-REBPF-IlluTotales-Enseignement-ProToiture-400x300.png 400w, https:\/\/www.service-public.pf\/sde\/wp-content\/uploads\/sites\/15\/2023\/01\/SDE-REBPF-IlluTotales-Enseignement-ProToiture-600x450.png 600w, https:\/\/www.service-public.pf\/sde\/wp-content\/uploads\/sites\/15\/2023\/01\/SDE-REBPF-IlluTotales-Enseignement-ProToiture-768x576.png 768w, https:\/\/www.service-public.pf\/sde\/wp-content\/uploads\/sites\/15\/2023\/01\/SDE-REBPF-IlluTotales-Enseignement-ProToiture-800x600.png 800w, https:\/\/www.service-public.pf\/sde\/wp-content\/uploads\/sites\/15\/2023\/01\/SDE-REBPF-IlluTotales-Enseignement-ProToiture-1024x768.png 1024w, https:\/\/www.service-public.pf\/sde\/wp-content\/uploads\/sites\/15\/2023\/01\/SDE-REBPF-IlluTotales-Enseignement-ProToiture-1200x900.png 1200w, https:\/\/www.service-public.pf\/sde\/wp-content\/uploads\/sites\/15\/2023\/01\/SDE-REBPF-IlluTotales-Enseignement-ProToiture.png 1453w\" sizes=\"(max-width: 300px) 100vw, 300px\" \/><\/td>\n<\/tr>\n<\/tbody>\n<\/table>\n<p style=\"color: #000000\"><strong><span style=\"text-decoration: underline\">Seuils \u00e0 respecter : <\/span><\/strong><\/p>\n<table class=\"table table-bordered\" style=\"width: 100%\">\n<tbody>\n<tr>\n<td style=\"width: 24.0317%\"><strong>Mesure<\/strong><\/td>\n<td style=\"width: 4.78677%\"><strong>Seuil<\/strong><\/td>\n<td style=\"width: 58.7865%\"><strong>Exemples de solutions<\/strong><\/td>\n<\/tr>\n<tr>\n<td style=\"width: 24.0317%\">Facteur solaire maximal de la toiture<\/td>\n<td style=\"width: 4.78677%\">2,5%<\/td>\n<td style=\"width: 58.7865%\">\n<ul>\n<li>Toiture (avec combles) en t\u00f4le de teinte claire avec 3 cm de laine min\u00e9rale minimum<\/li>\n<li>Toiture (avec combles) en t\u00f4le de teinte moyenne avec 5 cm de laine min\u00e9rale minimum<\/li>\n<li>Toiture (avec combles) en t\u00f4le de teinte sombre avec 7,5 cm de laine min\u00e9rale minimum<\/li>\n<li>Toiture terrasse en b\u00e9ton de teinte moyenne avec 6 cm de polystyr\u00e8ne expans\u00e9 minimum<\/li>\n<li>Toiture terrasse en b\u00e9ton avec sur-toiture largement ventil\u00e9e<\/li>\n<\/ul>\n<\/td>\n<\/tr>\n<\/tbody>\n<\/table>\n<p><span style=\"color: #000000\"><strong>Pour plus d\u2019informations sur l\u2019application de la th\u00e9matique, consultez la fiche en question\u00a0:<\/strong><\/span><\/p>\n<ul>\n<li><a href=\"https:\/\/www.service-public.pf\/sde\/wp-content\/uploads\/sites\/15\/2023\/09\/Fiche-02-Protection-solaire-des-parois-opaques-horizontales-Toitures.pdf\">Fiche d\u2019application \u00ab\u00a0Protection solaire de la toiture\u00a0\u00bb<\/a><\/li>\n<\/ul>\n<\/div><\/div><\/div><div class=\"fusion-panel panel-default panel-c48295c7cfbb0bc6f fusion-toggle-has-divider\" style=\"--awb-title-color:#333333;--awb-content-color:#747474;\"><div class=\"panel-heading\"><h4 class=\"panel-title toggle\" id=\"toggle_c48295c7cfbb0bc6f\"><a aria-expanded=\"false\" aria-controls=\"c48295c7cfbb0bc6f\" role=\"button\" data-toggle=\"collapse\" data-parent=\"#accordion-3355-48\" data-target=\"#c48295c7cfbb0bc6f\" href=\"#c48295c7cfbb0bc6f\"><span class=\"fusion-toggle-icon-wrapper\" aria-hidden=\"true\"><i class=\"fa-fusion-box active-icon awb-icon-minus\" aria-hidden=\"true\"><\/i><i class=\"fa-fusion-box inactive-icon awb-icon-plus\" aria-hidden=\"true\"><\/i><\/span><span class=\"fusion-toggle-heading\">Protection solaire des fa\u00e7ades (murs et baies)<\/span><\/a><\/h4><\/div><div id=\"c48295c7cfbb0bc6f\" class=\"panel-collapse collapse \" aria-labelledby=\"toggle_c48295c7cfbb0bc6f\"><div class=\"panel-body toggle-content fusion-clearfix\">\n<table style=\"width: 100%;height: 187px\">\n<tbody>\n<tr style=\"height: 187px\">\n<td style=\"height: 187px\"><span style=\"color: #000000\"><strong><span style=\"text-decoration: underline\">Locaux concern\u00e9s<\/span> :<\/strong><\/span><\/p>\n<ul>\n<li>Locaux clos et climatis\u00e9s ou occup\u00e9s (exemples\u00a0: salle de classe, infirmerie, biblioth\u00e8que, salle de r\u00e9union, espace d\u2019accueil avec personnel permanent, \u2026)<\/li>\n<li>Locaux clos non-occup\u00e9s donnant <u>directement<\/u> sur les locaux ci-dessus, hors locaux techniques, stationnements et espaces de stockage non climatis\u00e9s (exemples : sanitaires, vestiaire, circulation close, \u2026)<\/li>\n<\/ul>\n<\/td>\n<td style=\"height: 187px\"><img decoding=\"async\" class=\"alignright wp-image-3430\" src=\"https:\/\/www.service-public.pf\/sde\/wp-content\/uploads\/sites\/15\/2023\/01\/SDE-REBPF-IlluTotales-Enseignement-ProFacade.png\" alt=\"\" width=\"300\" height=\"225\" \/><\/td>\n<\/tr>\n<\/tbody>\n<\/table>\n<p style=\"color: #000000\"><strong><span style=\"text-decoration: underline\">Seuils \u00e0 respecter : <\/span><\/strong><\/p>\n<table>\n<tbody>\n<tr>\n<td width=\"20%\"><strong>Mesure<\/strong><\/td>\n<td width=\"20%\"><strong>Orientation<\/strong><\/td>\n<td width=\"5%\"><strong>Seuil<\/strong><\/td>\n<td width=\"243%\"><strong>Exemples de solutions<\/strong><\/td>\n<\/tr>\n<tr>\n<td rowspan=\"2\" width=\"20%\">Facteur solaire maximal des murs<\/td>\n<td width=\"20%\">Nord, Nord-Est, Nord-Ouest, Est, Ouest<\/td>\n<td width=\"5%\">11 %<\/td>\n<td rowspan=\"2\" width=\"243%\">Mur de teinte claire, double-peau l\u00e9g\u00e8re de teinte moyenne, mur en b\u00e9ton cellulaire, mur en parpaing de teinte moyenne, mur avec bardage ventil\u00e9, d\u00e9bord de toiture (dimensions \u00e0 calculer en fonction des caract\u00e9ristiques du mur), \u2026<\/td>\n<\/tr>\n<tr>\n<td width=\"20%\">Sud, Sud-Est, Sud-Ouest<\/td>\n<td width=\"5%\">12 %<\/td>\n<\/tr>\n<tr>\n<td rowspan=\"4\" width=\"20%\">Facteur solaire maximal des baies<\/td>\n<td width=\"20%\">Nord, Nord-Est, Nord-Ouest, Est, Ouest*<\/td>\n<td width=\"5%\">50 %<\/td>\n<td width=\"243%\">Double vitrage teint\u00e9 ou \u00e0 contr\u00f4le solaire, masque architectural (casquette, brise-soleil, \u2026) \u00e0 dimensionner selon les caract\u00e9ristiques de la baie, lame opaque<\/td>\n<\/tr>\n<tr>\n<td width=\"20%\">Sud-Est, Sud-Ouest*<\/td>\n<td width=\"5%\">60 %<\/td>\n<td rowspan=\"2\" width=\"243%\">Simple vitrage \u00e0 contr\u00f4le solaire, simple ou double vitrage teint\u00e9, double vitrage clair (au sud seulement), masque architectural (casquette, brise-soleil, \u2026) \u00e0 dimensionner selon les caract\u00e9ristiques de la baie, \u2026<\/td>\n<\/tr>\n<tr>\n<td width=\"20%\">Sud*<\/td>\n<td width=\"5%\">70 %<\/td>\n<\/tr>\n<tr>\n<td width=\"20%\">Baie horizontale<\/td>\n<td width=\"5%\">45%<\/td>\n<td width=\"243%\">Protection solaire compl\u00e9mentaire \u00e0 la baie, \u00e0 dimensionner en fonction du type de vitrage<\/td>\n<\/tr>\n<\/tbody>\n<\/table>\n<p>* Si le local concern\u00e9 est une salle de classe ou si le taux de surface de baie en fa\u00e7ade est sup\u00e9rieur \u00e0 70%, le seuil \u00e0 atteindre est alors rabaiss\u00e9 de 5 % (respectivement 45%, 55% et 65%)<\/p>\n<p style=\"color: #000000\"><strong>Pour plus d'informations sur l'application de ces th\u00e9matiques, consultez les fiches suivantes :<\/strong><\/p>\n<ul>\n<li><a href=\"https:\/\/www.service-public.pf\/sde\/wp-content\/uploads\/sites\/15\/2023\/09\/Fiche-03-Protection-solaire-des-parois-opaques-verticales-Murs.pdf\">Fiche d\u2019application \u00ab Protection solaire des murs \u00bb<\/a><\/li>\n<li><a href=\"https:\/\/www.service-public.pf\/sde\/wp-content\/uploads\/sites\/15\/2023\/09\/Fiche-04-Protection-solaire-des-baies.pdf\">Fiche d\u2019application \u00ab\u00a0Protection solaire des baies \u00bb<\/a><\/li>\n<li><a href=\"https:\/\/www.service-public.pf\/sde\/wp-content\/uploads\/sites\/15\/2023\/06\/Fiche-05-Prise-en-main-de-loutil-Cm-FS.pdf\">Fiche d\u2019application \u00ab\u00a0Outil de calcul pour la protection solaire des fa\u00e7ades \u00bb<\/a><\/li>\n<\/ul>\n<\/div><\/div><\/div><\/div><\/div><div class=\"fusion-text fusion-text-193\" style=\"--awb-margin-top:10px;\"><p><span style=\"color: #000000\"><strong>Informations relatives aux demandes de permis de construire et au certificat de conformit\u00e9<\/strong><\/span><\/p>\n<p>Le p\u00e9titionnaire remplit les nouveaux formulaires de demande de permis de construire et de certificat de conformit\u00e9 de la DCA qui int\u00e8grent la d\u00e9claration du respect de la r\u00e9glementation.<\/p>\n<p><strong>Si les surfaces de plancher construites cumul\u00e9es* sont sup\u00e9rieures \u00e0 250 m\u00b2 de plancher, les demandes de permis de construire et de certificat de conformit\u00e9 doivent \u00eatre accompagn\u00e9es de l\u2019avis d\u2019un organisme agr\u00e9\u00e9<\/strong><\/p>\n<ul>\n<li><a href=\"https:\/\/www.service-public.pf\/sde\/organismes-agrees\/\">Parcourir la page d\u00e9di\u00e9e aux organismes agr\u00e9\u00e9s<\/a><\/li>\n<\/ul>\n<p><em><span style=\"font-size: 10pt\">* Les surfaces de plancher \u00e0 consid\u00e9rer sont celles de n\u2019importe quel b\u00e2timent neuf rattach\u00e9 au projet de construction, d\u00e8s lors que la typologie associ\u00e9e est bureaux, enseignement, \u00e9tablissement de soin, h\u00f4tellerie ou logement collectif.<\/span><\/em><\/p>\n<p><span style=\"color: #000000\"><strong>Informations sur les dispositions applicables \u00e0 la typologie <\/strong>(ne consulter que les rubriques des th\u00e9matiques concernant le projet de construction)<strong>\u00a0:<\/strong><\/span><\/p>\n<ul>\n<li><a href=\"https:\/\/www.service-public.pf\/sde\/wp-content\/uploads\/sites\/15\/2023\/04\/REPBF_Depliants_EtablissmentEnseignement_Pages-V2.pdf\">D\u00e9pliant \u00ab\u00a0Enseignement \u00bb<\/a><\/li>\n<\/ul>\n<\/div><\/div><\/div><\/div><\/div><\/div><\/div><\/div><div class=\"fusion-fullwidth fullwidth-box fusion-builder-row-5-9 fusion-flex-container has-pattern-background has-mask-background nonhundred-percent-fullwidth non-hundred-percent-height-scrolling\" style=\"--awb-border-radius-top-left:0px;--awb-border-radius-top-right:0px;--awb-border-radius-bottom-right:0px;--awb-border-radius-bottom-left:0px;--awb-flex-wrap:wrap;\" ><div class=\"fusion-builder-row fusion-row fusion-flex-align-items-flex-start fusion-flex-justify-content-center fusion-flex-content-wrap\" style=\"width:104% !important;max-width:104% !important;margin-left: calc(-4% \/ 2 );margin-right: calc(-4% \/ 2 );\"><div class=\"fusion-layout-column fusion_builder_column fusion-builder-column-62 fusion_builder_column_5_6 5_6 fusion-flex-column\" style=\"--awb-bg-size:cover;--awb-width-large:83.333333333333%;--awb-flex-grow:0;--awb-flex-shrink:0;--awb-margin-top-large:0px;--awb-spacing-right-large:2.304%;--awb-margin-bottom-large:20px;--awb-spacing-left-large:2.304%;--awb-width-medium:100%;--awb-order-medium:0;--awb-flex-grow-medium:0;--awb-flex-shrink-medium:0;--awb-spacing-right-medium:1.92%;--awb-spacing-left-medium:1.92%;--awb-width-small:100%;--awb-order-small:0;--awb-flex-grow-small:0;--awb-flex-shrink-small:0;--awb-spacing-right-small:1.92%;--awb-spacing-left-small:1.92%;\"><div class=\"fusion-column-wrapper fusion-column-has-shadow fusion-flex-justify-content-flex-start fusion-content-layout-column\"><div id=\"vct_typologie_batiment_marquises_sup\" class=\"fusion-form-field fusion-form-image-select-field fusion-form-label-above fusion-form-field-fusion-form-image-select-10 option-inline\" data-form-id=\"3644\" style=\"--awb-active-color:#bdd547;--awb-inactive-color:#26a147;--awb-height:150px;--awb-width:100%;--awb-padding-top:10px;--awb-padding-right:20px;--awb-padding-bottom:10px;--awb-padding-left:20px;--awb-border-size-top:2px;--awb-border-size-right:2px;--awb-border-size-bottom:2px;--awb-border-size-left:2px;--awb-hover-color:rgba(189,213,71,0.5);\"><fieldset><legend class=\"fusion-form-label-wrapper\"><span class=\"label\">S\u00e9lectionnez la typologie associ\u00e9e \u00e0 votre b\u00e2timent ou partie de b\u00e2timent<\/span><\/legend><div class=\"fusion-form-image-select\"><input tabindex=\"\" id=\"image-select-logement_individuel55\" type=\"radio\" value=\"logement_individuel\" name=\"typologie_batiment_marquises_sup[]\" class=\"fusion-form-input\" data-holds-private-data=\"false\"\/><label for=\"image-select-logement_individuel55\"><span>Logement individuel<\/span><picture class=\"fusion-form-image-wrapper\"><img decoding=\"async\" width=\"1453\" height=\"1090\" src=\"https:\/\/www.service-public.pf\/sde\/wp-content\/uploads\/sites\/15\/2023\/01\/SDE-REBPF-IlluTotales-Logement-Individuel.png\" class=\"attachment-full size-full\" alt=\"\" srcset=\"https:\/\/www.service-public.pf\/sde\/wp-content\/uploads\/sites\/15\/2023\/01\/SDE-REBPF-IlluTotales-Logement-Individuel-200x150.png 200w, https:\/\/www.service-public.pf\/sde\/wp-content\/uploads\/sites\/15\/2023\/01\/SDE-REBPF-IlluTotales-Logement-Individuel-300x225.png 300w, https:\/\/www.service-public.pf\/sde\/wp-content\/uploads\/sites\/15\/2023\/01\/SDE-REBPF-IlluTotales-Logement-Individuel-400x300.png 400w, https:\/\/www.service-public.pf\/sde\/wp-content\/uploads\/sites\/15\/2023\/01\/SDE-REBPF-IlluTotales-Logement-Individuel-600x450.png 600w, https:\/\/www.service-public.pf\/sde\/wp-content\/uploads\/sites\/15\/2023\/01\/SDE-REBPF-IlluTotales-Logement-Individuel-768x576.png 768w, https:\/\/www.service-public.pf\/sde\/wp-content\/uploads\/sites\/15\/2023\/01\/SDE-REBPF-IlluTotales-Logement-Individuel-800x600.png 800w, https:\/\/www.service-public.pf\/sde\/wp-content\/uploads\/sites\/15\/2023\/01\/SDE-REBPF-IlluTotales-Logement-Individuel-1024x768.png 1024w, https:\/\/www.service-public.pf\/sde\/wp-content\/uploads\/sites\/15\/2023\/01\/SDE-REBPF-IlluTotales-Logement-Individuel-1200x900.png 1200w, https:\/\/www.service-public.pf\/sde\/wp-content\/uploads\/sites\/15\/2023\/01\/SDE-REBPF-IlluTotales-Logement-Individuel.png 1453w\" sizes=\"(max-width: 1453px) 100vw, 1453px\" \/><\/picture><\/label><\/div><div class=\"fusion-form-image-select\"><input tabindex=\"\" id=\"image-select-logement_collectif56\" type=\"radio\" value=\"logement_collectif\" name=\"typologie_batiment_marquises_sup[]\" class=\"fusion-form-input\" data-holds-private-data=\"false\"\/><label for=\"image-select-logement_collectif56\"><span>Logement collectif<\/span><picture class=\"fusion-form-image-wrapper\"><img decoding=\"async\" width=\"1453\" height=\"1090\" src=\"https:\/\/www.service-public.pf\/sde\/wp-content\/uploads\/sites\/15\/2023\/01\/SDE-REBPF-IlluTotales-Logement-Collectif.png\" class=\"attachment-full size-full\" alt=\"\" srcset=\"https:\/\/www.service-public.pf\/sde\/wp-content\/uploads\/sites\/15\/2023\/01\/SDE-REBPF-IlluTotales-Logement-Collectif-200x150.png 200w, https:\/\/www.service-public.pf\/sde\/wp-content\/uploads\/sites\/15\/2023\/01\/SDE-REBPF-IlluTotales-Logement-Collectif-300x225.png 300w, https:\/\/www.service-public.pf\/sde\/wp-content\/uploads\/sites\/15\/2023\/01\/SDE-REBPF-IlluTotales-Logement-Collectif-400x300.png 400w, https:\/\/www.service-public.pf\/sde\/wp-content\/uploads\/sites\/15\/2023\/01\/SDE-REBPF-IlluTotales-Logement-Collectif-600x450.png 600w, https:\/\/www.service-public.pf\/sde\/wp-content\/uploads\/sites\/15\/2023\/01\/SDE-REBPF-IlluTotales-Logement-Collectif-768x576.png 768w, https:\/\/www.service-public.pf\/sde\/wp-content\/uploads\/sites\/15\/2023\/01\/SDE-REBPF-IlluTotales-Logement-Collectif-800x600.png 800w, https:\/\/www.service-public.pf\/sde\/wp-content\/uploads\/sites\/15\/2023\/01\/SDE-REBPF-IlluTotales-Logement-Collectif-1024x768.png 1024w, https:\/\/www.service-public.pf\/sde\/wp-content\/uploads\/sites\/15\/2023\/01\/SDE-REBPF-IlluTotales-Logement-Collectif-1200x900.png 1200w, https:\/\/www.service-public.pf\/sde\/wp-content\/uploads\/sites\/15\/2023\/01\/SDE-REBPF-IlluTotales-Logement-Collectif.png 1453w\" sizes=\"(max-width: 1453px) 100vw, 1453px\" \/><\/picture><\/label><\/div><div class=\"fusion-form-image-select\"><input tabindex=\"\" id=\"image-select-batiment_de_bureaux57\" type=\"radio\" value=\"batiment_de_bureaux\" name=\"typologie_batiment_marquises_sup[]\" class=\"fusion-form-input\" data-holds-private-data=\"false\"\/><label for=\"image-select-batiment_de_bureaux57\"><span>B\u00e2timent de bureaux<\/span><picture class=\"fusion-form-image-wrapper\"><img decoding=\"async\" width=\"1453\" height=\"1090\" src=\"https:\/\/www.service-public.pf\/sde\/wp-content\/uploads\/sites\/15\/2023\/01\/SDE-REBPF-IlluTotales-Bureau.png\" class=\"attachment-full size-full\" alt=\"\" srcset=\"https:\/\/www.service-public.pf\/sde\/wp-content\/uploads\/sites\/15\/2023\/01\/SDE-REBPF-IlluTotales-Bureau-200x150.png 200w, https:\/\/www.service-public.pf\/sde\/wp-content\/uploads\/sites\/15\/2023\/01\/SDE-REBPF-IlluTotales-Bureau-300x225.png 300w, https:\/\/www.service-public.pf\/sde\/wp-content\/uploads\/sites\/15\/2023\/01\/SDE-REBPF-IlluTotales-Bureau-400x300.png 400w, https:\/\/www.service-public.pf\/sde\/wp-content\/uploads\/sites\/15\/2023\/01\/SDE-REBPF-IlluTotales-Bureau-600x450.png 600w, https:\/\/www.service-public.pf\/sde\/wp-content\/uploads\/sites\/15\/2023\/01\/SDE-REBPF-IlluTotales-Bureau-768x576.png 768w, https:\/\/www.service-public.pf\/sde\/wp-content\/uploads\/sites\/15\/2023\/01\/SDE-REBPF-IlluTotales-Bureau-800x600.png 800w, https:\/\/www.service-public.pf\/sde\/wp-content\/uploads\/sites\/15\/2023\/01\/SDE-REBPF-IlluTotales-Bureau-1024x768.png 1024w, https:\/\/www.service-public.pf\/sde\/wp-content\/uploads\/sites\/15\/2023\/01\/SDE-REBPF-IlluTotales-Bureau-1200x900.png 1200w, https:\/\/www.service-public.pf\/sde\/wp-content\/uploads\/sites\/15\/2023\/01\/SDE-REBPF-IlluTotales-Bureau.png 1453w\" sizes=\"(max-width: 1453px) 100vw, 1453px\" \/><\/picture><\/label><\/div><div class=\"fusion-form-image-select\"><input tabindex=\"\" id=\"image-select-hotellerie58\" type=\"radio\" value=\"hotellerie\" name=\"typologie_batiment_marquises_sup[]\" class=\"fusion-form-input\" data-holds-private-data=\"false\"\/><label for=\"image-select-hotellerie58\"><span>H\u00f4tellerie<\/span><picture class=\"fusion-form-image-wrapper\"><img decoding=\"async\" width=\"1453\" height=\"1090\" src=\"https:\/\/www.service-public.pf\/sde\/wp-content\/uploads\/sites\/15\/2023\/01\/SDE-REBPF-IlluTotales-Hotel-Pension.png\" class=\"attachment-full size-full\" alt=\"\" srcset=\"https:\/\/www.service-public.pf\/sde\/wp-content\/uploads\/sites\/15\/2023\/01\/SDE-REBPF-IlluTotales-Hotel-Pension-200x150.png 200w, https:\/\/www.service-public.pf\/sde\/wp-content\/uploads\/sites\/15\/2023\/01\/SDE-REBPF-IlluTotales-Hotel-Pension-300x225.png 300w, https:\/\/www.service-public.pf\/sde\/wp-content\/uploads\/sites\/15\/2023\/01\/SDE-REBPF-IlluTotales-Hotel-Pension-400x300.png 400w, https:\/\/www.service-public.pf\/sde\/wp-content\/uploads\/sites\/15\/2023\/01\/SDE-REBPF-IlluTotales-Hotel-Pension-600x450.png 600w, https:\/\/www.service-public.pf\/sde\/wp-content\/uploads\/sites\/15\/2023\/01\/SDE-REBPF-IlluTotales-Hotel-Pension-768x576.png 768w, https:\/\/www.service-public.pf\/sde\/wp-content\/uploads\/sites\/15\/2023\/01\/SDE-REBPF-IlluTotales-Hotel-Pension-800x600.png 800w, https:\/\/www.service-public.pf\/sde\/wp-content\/uploads\/sites\/15\/2023\/01\/SDE-REBPF-IlluTotales-Hotel-Pension-1024x768.png 1024w, https:\/\/www.service-public.pf\/sde\/wp-content\/uploads\/sites\/15\/2023\/01\/SDE-REBPF-IlluTotales-Hotel-Pension-1200x900.png 1200w, https:\/\/www.service-public.pf\/sde\/wp-content\/uploads\/sites\/15\/2023\/01\/SDE-REBPF-IlluTotales-Hotel-Pension.png 1453w\" sizes=\"(max-width: 1453px) 100vw, 1453px\" \/><\/picture><\/label><\/div><div class=\"fusion-form-image-select\"><input tabindex=\"\" id=\"image-select-etablissement_d_enseignement59\" type=\"radio\" value=\"etablissement_d_enseignement\" name=\"typologie_batiment_marquises_sup[]\" class=\"fusion-form-input\" data-holds-private-data=\"false\"\/><label for=\"image-select-etablissement_d_enseignement59\"><span>\u00c9tablissement d&#039;enseignement<\/span><picture class=\"fusion-form-image-wrapper\"><img decoding=\"async\" width=\"1453\" height=\"1090\" src=\"https:\/\/www.service-public.pf\/sde\/wp-content\/uploads\/sites\/15\/2023\/01\/SDE-REBPF-IlluTotales-Enseignement.png\" class=\"attachment-full size-full\" alt=\"\" srcset=\"https:\/\/www.service-public.pf\/sde\/wp-content\/uploads\/sites\/15\/2023\/01\/SDE-REBPF-IlluTotales-Enseignement-200x150.png 200w, https:\/\/www.service-public.pf\/sde\/wp-content\/uploads\/sites\/15\/2023\/01\/SDE-REBPF-IlluTotales-Enseignement-300x225.png 300w, https:\/\/www.service-public.pf\/sde\/wp-content\/uploads\/sites\/15\/2023\/01\/SDE-REBPF-IlluTotales-Enseignement-400x300.png 400w, https:\/\/www.service-public.pf\/sde\/wp-content\/uploads\/sites\/15\/2023\/01\/SDE-REBPF-IlluTotales-Enseignement-600x450.png 600w, https:\/\/www.service-public.pf\/sde\/wp-content\/uploads\/sites\/15\/2023\/01\/SDE-REBPF-IlluTotales-Enseignement-768x576.png 768w, https:\/\/www.service-public.pf\/sde\/wp-content\/uploads\/sites\/15\/2023\/01\/SDE-REBPF-IlluTotales-Enseignement-800x600.png 800w, https:\/\/www.service-public.pf\/sde\/wp-content\/uploads\/sites\/15\/2023\/01\/SDE-REBPF-IlluTotales-Enseignement-1024x768.png 1024w, https:\/\/www.service-public.pf\/sde\/wp-content\/uploads\/sites\/15\/2023\/01\/SDE-REBPF-IlluTotales-Enseignement-1200x900.png 1200w, https:\/\/www.service-public.pf\/sde\/wp-content\/uploads\/sites\/15\/2023\/01\/SDE-REBPF-IlluTotales-Enseignement.png 1453w\" sizes=\"(max-width: 1453px) 100vw, 1453px\" \/><\/picture><\/label><\/div><div class=\"fusion-form-image-select\"><input tabindex=\"\" id=\"image-select-etablissement_de_soin60\" type=\"radio\" value=\"etablissement_de_soin\" name=\"typologie_batiment_marquises_sup[]\" class=\"fusion-form-input\" data-holds-private-data=\"false\"\/><label for=\"image-select-etablissement_de_soin60\"><span>\u00c9tablissement de soin<\/span><picture class=\"fusion-form-image-wrapper\"><img decoding=\"async\" width=\"1453\" height=\"1090\" src=\"https:\/\/www.service-public.pf\/sde\/wp-content\/uploads\/sites\/15\/2023\/01\/SDE-REBPF-IlluTotales-Etablissement-Soin.png\" class=\"attachment-full size-full\" alt=\"\" srcset=\"https:\/\/www.service-public.pf\/sde\/wp-content\/uploads\/sites\/15\/2023\/01\/SDE-REBPF-IlluTotales-Etablissement-Soin-200x150.png 200w, https:\/\/www.service-public.pf\/sde\/wp-content\/uploads\/sites\/15\/2023\/01\/SDE-REBPF-IlluTotales-Etablissement-Soin-300x225.png 300w, https:\/\/www.service-public.pf\/sde\/wp-content\/uploads\/sites\/15\/2023\/01\/SDE-REBPF-IlluTotales-Etablissement-Soin-400x300.png 400w, https:\/\/www.service-public.pf\/sde\/wp-content\/uploads\/sites\/15\/2023\/01\/SDE-REBPF-IlluTotales-Etablissement-Soin-600x450.png 600w, https:\/\/www.service-public.pf\/sde\/wp-content\/uploads\/sites\/15\/2023\/01\/SDE-REBPF-IlluTotales-Etablissement-Soin-768x576.png 768w, https:\/\/www.service-public.pf\/sde\/wp-content\/uploads\/sites\/15\/2023\/01\/SDE-REBPF-IlluTotales-Etablissement-Soin-800x600.png 800w, https:\/\/www.service-public.pf\/sde\/wp-content\/uploads\/sites\/15\/2023\/01\/SDE-REBPF-IlluTotales-Etablissement-Soin-1024x768.png 1024w, https:\/\/www.service-public.pf\/sde\/wp-content\/uploads\/sites\/15\/2023\/01\/SDE-REBPF-IlluTotales-Etablissement-Soin-1200x900.png 1200w, https:\/\/www.service-public.pf\/sde\/wp-content\/uploads\/sites\/15\/2023\/01\/SDE-REBPF-IlluTotales-Etablissement-Soin.png 1453w\" sizes=\"(max-width: 1453px) 100vw, 1453px\" \/><\/picture><\/label><\/div><div class=\"fusion-form-image-select\"><input tabindex=\"\" id=\"image-select-restauration61\" type=\"radio\" value=\"restauration\" name=\"typologie_batiment_marquises_sup[]\" class=\"fusion-form-input\" data-holds-private-data=\"false\"\/><label for=\"image-select-restauration61\"><span>Restauration<\/span><picture class=\"fusion-form-image-wrapper\"><img decoding=\"async\" width=\"1453\" height=\"1090\" src=\"https:\/\/www.service-public.pf\/sde\/wp-content\/uploads\/sites\/15\/2023\/01\/SDE-REBPF-IlluTotales-Restaurant.png\" class=\"attachment-full size-full\" alt=\"\" srcset=\"https:\/\/www.service-public.pf\/sde\/wp-content\/uploads\/sites\/15\/2023\/01\/SDE-REBPF-IlluTotales-Restaurant-200x150.png 200w, https:\/\/www.service-public.pf\/sde\/wp-content\/uploads\/sites\/15\/2023\/01\/SDE-REBPF-IlluTotales-Restaurant-300x225.png 300w, https:\/\/www.service-public.pf\/sde\/wp-content\/uploads\/sites\/15\/2023\/01\/SDE-REBPF-IlluTotales-Restaurant-400x300.png 400w, https:\/\/www.service-public.pf\/sde\/wp-content\/uploads\/sites\/15\/2023\/01\/SDE-REBPF-IlluTotales-Restaurant-600x450.png 600w, https:\/\/www.service-public.pf\/sde\/wp-content\/uploads\/sites\/15\/2023\/01\/SDE-REBPF-IlluTotales-Restaurant-768x576.png 768w, https:\/\/www.service-public.pf\/sde\/wp-content\/uploads\/sites\/15\/2023\/01\/SDE-REBPF-IlluTotales-Restaurant-800x600.png 800w, https:\/\/www.service-public.pf\/sde\/wp-content\/uploads\/sites\/15\/2023\/01\/SDE-REBPF-IlluTotales-Restaurant-1024x768.png 1024w, https:\/\/www.service-public.pf\/sde\/wp-content\/uploads\/sites\/15\/2023\/01\/SDE-REBPF-IlluTotales-Restaurant-1200x900.png 1200w, https:\/\/www.service-public.pf\/sde\/wp-content\/uploads\/sites\/15\/2023\/01\/SDE-REBPF-IlluTotales-Restaurant.png 1453w\" sizes=\"(max-width: 1453px) 100vw, 1453px\" \/><\/picture><\/label><\/div><div class=\"fusion-form-image-select\"><input tabindex=\"\" id=\"image-select-autre_batiment62\" type=\"radio\" value=\"autre_batiment\" name=\"typologie_batiment_marquises_sup[]\" class=\"fusion-form-input\" data-holds-private-data=\"false\"\/><label for=\"image-select-autre_batiment62\"><span>Autre b\u00e2timent<\/span><picture class=\"fusion-form-image-wrapper\"><img decoding=\"async\" width=\"1453\" height=\"1090\" src=\"https:\/\/www.service-public.pf\/sde\/wp-content\/uploads\/sites\/15\/2023\/01\/SDE-REBPF-IlluTotales-Divers.png\" class=\"attachment-full size-full\" alt=\"\" srcset=\"https:\/\/www.service-public.pf\/sde\/wp-content\/uploads\/sites\/15\/2023\/01\/SDE-REBPF-IlluTotales-Divers-200x150.png 200w, https:\/\/www.service-public.pf\/sde\/wp-content\/uploads\/sites\/15\/2023\/01\/SDE-REBPF-IlluTotales-Divers-300x225.png 300w, https:\/\/www.service-public.pf\/sde\/wp-content\/uploads\/sites\/15\/2023\/01\/SDE-REBPF-IlluTotales-Divers-400x300.png 400w, https:\/\/www.service-public.pf\/sde\/wp-content\/uploads\/sites\/15\/2023\/01\/SDE-REBPF-IlluTotales-Divers-600x450.png 600w, https:\/\/www.service-public.pf\/sde\/wp-content\/uploads\/sites\/15\/2023\/01\/SDE-REBPF-IlluTotales-Divers-768x576.png 768w, https:\/\/www.service-public.pf\/sde\/wp-content\/uploads\/sites\/15\/2023\/01\/SDE-REBPF-IlluTotales-Divers-800x600.png 800w, https:\/\/www.service-public.pf\/sde\/wp-content\/uploads\/sites\/15\/2023\/01\/SDE-REBPF-IlluTotales-Divers-1024x768.png 1024w, https:\/\/www.service-public.pf\/sde\/wp-content\/uploads\/sites\/15\/2023\/01\/SDE-REBPF-IlluTotales-Divers-1200x900.png 1200w, https:\/\/www.service-public.pf\/sde\/wp-content\/uploads\/sites\/15\/2023\/01\/SDE-REBPF-IlluTotales-Divers.png 1453w\" sizes=\"(max-width: 1453px) 100vw, 1453px\" \/><\/picture><\/label><\/div><\/fieldset><\/div><\/div><\/div><div class=\"fusion-layout-column fusion_builder_column fusion-builder-column-63 fusion_builder_column_4_5 4_5 fusion-flex-column vct_marquises_sup500_content\" style=\"--awb-bg-size:cover;--awb-width-large:80%;--awb-flex-grow:0;--awb-flex-shrink:0;--awb-margin-top-large:0px;--awb-spacing-right-large:2.4%;--awb-margin-bottom-large:20px;--awb-spacing-left-large:2.4%;--awb-width-medium:100%;--awb-order-medium:0;--awb-flex-grow-medium:0;--awb-flex-shrink-medium:0;--awb-spacing-right-medium:1.92%;--awb-spacing-left-medium:1.92%;--awb-width-small:100%;--awb-order-small:0;--awb-flex-grow-small:0;--awb-flex-shrink-small:0;--awb-spacing-right-small:1.92%;--awb-spacing-left-small:1.92%;\" id=\"vct_marquises_sup500_autrebatiment_content\"><div class=\"fusion-column-wrapper fusion-column-has-shadow fusion-flex-justify-content-flex-start fusion-content-layout-column\"><div class=\"fusion-title title fusion-title-52 fusion-sep-none fusion-title-center fusion-title-text fusion-title-size-two hidden\" style=\"--awb-margin-top-small:0px;--awb-margin-right-small:0px;--awb-margin-bottom-small:20px;--awb-margin-left-small:0px;\"><h2 class=\"fusion-title-heading title-heading-center\" style=\"margin:0;\">Protection solaire de la toiture + D\u00e9pliant Autre + Formulaire 1-AGMT<\/h2><\/div><div class=\"fusion-text fusion-text-194 vct_description_typologie\"><p>Il s\u2019agit de tout b\u00e2timent ou toute partie de b\u00e2timent, qui est concern\u00e9 par la r\u00e9glementation mais<br \/>\nqui n\u2019est pas associ\u00e9 \u00e0 une typologie particuli\u00e8re.<\/p>\n<p>Pour rappel, les b\u00e2timents ou parties de b\u00e2timents non concern\u00e9s par la r\u00e9glementation sont :<\/p>\n<ul>\n<li>Les constructions neuves totalement ouvertes ;<\/li>\n<li>Les constructions neuves et partiellement ou totalement close mais inoccup\u00e9es et non<br \/>\nclimatis\u00e9es ;<\/li>\n<li>Les habitations de style traditionnel polyn\u00e9sien telles que d\u00e9finies \u00e0 l\u2019article D.370-1 et<br \/>\nsuivants du code de l\u2019am\u00e9nagement de Polyn\u00e9sie fran\u00e7aise ;<\/li>\n<li>Les \u00e9tablissements recevant du public (ERP) suivants\u00a0: b\u00e2timents de culte\u00a0; \u00e9tablissements de<br \/>\nplein air\u00a0; chapiteaux, tentes, structures\u00a0; structures gonflables\u00a0; stationnements couverts\u00a0;<br \/>\ngares\u00a0; \u00e9tablissements flottants.<\/li>\n<\/ul>\n<\/div><div class=\"fusion-builder-row fusion-builder-row-inner fusion-row fusion-flex-align-items-flex-start fusion-flex-justify-content-center fusion-flex-content-wrap\" style=\"--awb-flex-grow:0;--awb-flex-grow-medium:0;--awb-flex-grow-small:0;--awb-flex-shrink:0;--awb-flex-shrink-medium:0;--awb-flex-shrink-small:0;width:104% !important;max-width:104% !important;margin-left: calc(-4% \/ 2 );margin-right: calc(-4% \/ 2 );\"><div class=\"fusion-layout-column fusion_builder_column_inner fusion-builder-nested-column-248 fusion_builder_column_inner_1_1 1_1 fusion-flex-column\" style=\"--awb-bg-size:cover;--awb-width-large:100%;--awb-margin-top-large:0px;--awb-spacing-right-large:1.92%;--awb-margin-bottom-large:20px;--awb-spacing-left-large:1.92%;--awb-width-medium:100%;--awb-order-medium:0;--awb-spacing-right-medium:1.92%;--awb-spacing-left-medium:1.92%;--awb-width-small:100%;--awb-order-small:0;--awb-spacing-right-small:1.92%;--awb-spacing-left-small:1.92%;\"><div class=\"fusion-column-wrapper fusion-column-has-shadow fusion-flex-justify-content-flex-start fusion-content-layout-column\"><div class=\"fusion-separator fusion-full-width-sep\" style=\"align-self: center;margin-left: auto;margin-right: auto;width:100%;\"><div class=\"fusion-separator-border sep-shadow\" style=\"--awb-height:20px;--awb-amount:20px;background:radial-gradient(ellipse at 50% -50% , #e0dede 0px, rgba(255, 255, 255, 0) 80%) repeat scroll 0 0 rgba(0, 0, 0, 0);background:-webkit-radial-gradient(ellipse at 50% -50% , #e0dede 0px, rgba(255, 255, 255, 0) 80%) repeat scroll 0 0 rgba(0, 0, 0, 0);background:-moz-radial-gradient(ellipse at 50% -50% , #e0dede 0px, rgba(255, 255, 255, 0) 80%) repeat scroll 0 0 rgba(0, 0, 0, 0);background:-o-radial-gradient(ellipse at 50% -50% , #e0dede 0px, rgba(255, 255, 255, 0) 80%) repeat scroll 0 0 rgba(0, 0, 0, 0);\"><\/div><\/div><\/div><\/div><div class=\"fusion-layout-column fusion_builder_column_inner fusion-builder-nested-column-249 fusion_builder_column_inner_1_3 1_3 fusion-flex-column\" style=\"--awb-bg-size:cover;--awb-width-large:33.333333333333%;--awb-margin-top-large:0px;--awb-spacing-right-large:2vw;--awb-margin-bottom-large:20px;--awb-spacing-left-large:5.76%;--awb-width-medium:100%;--awb-order-medium:0;--awb-spacing-right-medium:1.92%;--awb-spacing-left-medium:1.92%;--awb-width-small:100%;--awb-order-small:0;--awb-spacing-right-small:1.92%;--awb-spacing-left-small:1.92%;\"><div class=\"fusion-column-wrapper fusion-column-has-shadow fusion-flex-justify-content-flex-start fusion-content-layout-column\"><div class=\"fusion-image-element \" style=\"text-align:right;--awb-max-width:450px;--awb-caption-title-font-family:var(--h2_typography-font-family);--awb-caption-title-font-weight:var(--h2_typography-font-weight);--awb-caption-title-font-style:var(--h2_typography-font-style);--awb-caption-title-size:var(--h2_typography-font-size);--awb-caption-title-transform:var(--h2_typography-text-transform);--awb-caption-title-line-height:var(--h2_typography-line-height);--awb-caption-title-letter-spacing:var(--h2_typography-letter-spacing);\"><span class=\" fusion-imageframe imageframe-none imageframe-49 hover-type-none\"><img decoding=\"async\" width=\"300\" height=\"225\" title=\"SDE REBPF IlluTotales Divers\" src=\"https:\/\/www.service-public.pf\/sde\/wp-content\/uploads\/sites\/15\/2023\/01\/SDE-REBPF-IlluTotales-Divers-300x225.png\" alt class=\"img-responsive wp-image-3435\" srcset=\"https:\/\/www.service-public.pf\/sde\/wp-content\/uploads\/sites\/15\/2023\/01\/SDE-REBPF-IlluTotales-Divers-200x150.png 200w, https:\/\/www.service-public.pf\/sde\/wp-content\/uploads\/sites\/15\/2023\/01\/SDE-REBPF-IlluTotales-Divers-400x300.png 400w, https:\/\/www.service-public.pf\/sde\/wp-content\/uploads\/sites\/15\/2023\/01\/SDE-REBPF-IlluTotales-Divers-600x450.png 600w, https:\/\/www.service-public.pf\/sde\/wp-content\/uploads\/sites\/15\/2023\/01\/SDE-REBPF-IlluTotales-Divers-800x600.png 800w, https:\/\/www.service-public.pf\/sde\/wp-content\/uploads\/sites\/15\/2023\/01\/SDE-REBPF-IlluTotales-Divers-1200x900.png 1200w, https:\/\/www.service-public.pf\/sde\/wp-content\/uploads\/sites\/15\/2023\/01\/SDE-REBPF-IlluTotales-Divers.png 1453w\" sizes=\"(max-width: 1024px) 100vw, (max-width: 640px) 100vw, 800px\" \/><\/span><\/div><\/div><\/div><div class=\"fusion-layout-column fusion_builder_column_inner fusion-builder-nested-column-250 fusion_builder_column_inner_2_3 2_3 fusion-flex-column\" style=\"--awb-bg-size:cover;--awb-width-large:66.666666666667%;--awb-margin-top-large:0px;--awb-spacing-right-large:2.88%;--awb-margin-bottom-large:20px;--awb-spacing-left-large:2.88%;--awb-width-medium:100%;--awb-order-medium:0;--awb-spacing-right-medium:1.92%;--awb-spacing-left-medium:1.92%;--awb-width-small:100%;--awb-order-small:0;--awb-spacing-right-small:1.92%;--awb-spacing-left-small:1.92%;\"><div class=\"fusion-column-wrapper fusion-column-has-shadow fusion-flex-justify-content-center fusion-content-layout-column\"><div class=\"fusion-text fusion-text-195\" style=\"--awb-content-alignment:center;--awb-font-size:24pt;\"><p>Localisation\u00a0du projet : <strong>Marquises\u00a0\u00e0 une altitude sup\u00e9rieure ou \u00e9gale \u00e0 500 m\u00e8tres<\/strong><\/p>\n<p>Typologie de la construction\u00a0: <strong>Pas de typologie particuli\u00e8re au sens de la REBPf<\/strong><\/p>\n<\/div><\/div><\/div><div class=\"fusion-layout-column fusion_builder_column_inner fusion-builder-nested-column-251 fusion_builder_column_inner_1_1 1_1 fusion-flex-column\" style=\"--awb-bg-size:cover;--awb-width-large:100%;--awb-margin-top-large:0px;--awb-spacing-right-large:1.92%;--awb-margin-bottom-large:20px;--awb-spacing-left-large:1.92%;--awb-width-medium:100%;--awb-order-medium:0;--awb-spacing-right-medium:1.92%;--awb-spacing-left-medium:1.92%;--awb-width-small:100%;--awb-order-small:0;--awb-spacing-right-small:1.92%;--awb-spacing-left-small:1.92%;\"><div class=\"fusion-column-wrapper fusion-column-has-shadow fusion-flex-justify-content-flex-start fusion-content-layout-column\"><div class=\"fusion-separator fusion-full-width-sep\" style=\"align-self: center;margin-left: auto;margin-right: auto;margin-bottom:20px;width:100%;\"><div class=\"fusion-separator-border sep-shadow\" style=\"--awb-height:20px;--awb-amount:20px;background:radial-gradient(ellipse at 50% -50% , #e0dede 0px, rgba(255, 255, 255, 0) 80%) repeat scroll 0 0 rgba(0, 0, 0, 0);background:-webkit-radial-gradient(ellipse at 50% -50% , #e0dede 0px, rgba(255, 255, 255, 0) 80%) repeat scroll 0 0 rgba(0, 0, 0, 0);background:-moz-radial-gradient(ellipse at 50% -50% , #e0dede 0px, rgba(255, 255, 255, 0) 80%) repeat scroll 0 0 rgba(0, 0, 0, 0);background:-o-radial-gradient(ellipse at 50% -50% , #e0dede 0px, rgba(255, 255, 255, 0) 80%) repeat scroll 0 0 rgba(0, 0, 0, 0);\"><\/div><\/div><\/div><\/div><div class=\"fusion-layout-column fusion_builder_column_inner fusion-builder-nested-column-252 fusion_builder_column_inner_1_1 1_1 fusion-flex-column\" style=\"--awb-bg-color:#ffffff;--awb-bg-color-hover:#ffffff;--awb-bg-size:cover;--awb-width-large:100%;--awb-margin-top-large:0px;--awb-spacing-right-large:1.92%;--awb-margin-bottom-large:20px;--awb-spacing-left-large:1.92%;--awb-width-medium:100%;--awb-order-medium:0;--awb-spacing-right-medium:1.92%;--awb-spacing-left-medium:1.92%;--awb-width-small:100%;--awb-order-small:0;--awb-spacing-right-small:1.92%;--awb-spacing-left-small:1.92%;\"><div class=\"fusion-column-wrapper fusion-column-has-shadow fusion-flex-justify-content-flex-start fusion-content-layout-column\"><div class=\"fusion-text fusion-text-196\" style=\"--awb-text-color:#000000;\"><p><strong>Th\u00e9matiques applicables :<\/strong><\/p>\n<\/div><div class=\"accordian fusion-accordian\" style=\"--awb-border-size:1px;--awb-icon-size:13px;--awb-content-font-size:13px;--awb-icon-alignment:left;--awb-hover-color:#f9f9f9;--awb-border-color:#cccccc;--awb-background-color:#ffffff;--awb-divider-color:#e0dede;--awb-divider-hover-color:#e0dede;--awb-icon-color:#ffffff;--awb-title-color:#333333;--awb-content-color:#747474;--awb-icon-box-color:#333333;--awb-toggle-hover-accent-color:#26a147;--awb-title-font-family:&quot;PT Sans&quot;;--awb-title-font-weight:400;--awb-title-font-style:normal;--awb-title-font-size:13px;--awb-content-font-family:&quot;PT Sans&quot;;--awb-content-font-style:normal;--awb-content-font-weight:400;\"><div class=\"panel-group fusion-toggle-icon-boxed\" id=\"accordion-3355-49\"><div class=\"fusion-panel panel-default panel-ce99f37d88366aee7 fusion-toggle-has-divider\" style=\"--awb-title-color:#333333;--awb-content-color:#747474;\"><div class=\"panel-heading\"><h4 class=\"panel-title toggle\" id=\"toggle_ce99f37d88366aee7\"><a aria-expanded=\"false\" aria-controls=\"ce99f37d88366aee7\" role=\"button\" data-toggle=\"collapse\" data-parent=\"#accordion-3355-49\" data-target=\"#ce99f37d88366aee7\" href=\"#ce99f37d88366aee7\"><span class=\"fusion-toggle-icon-wrapper\" aria-hidden=\"true\"><i class=\"fa-fusion-box active-icon awb-icon-minus\" aria-hidden=\"true\"><\/i><i class=\"fa-fusion-box inactive-icon awb-icon-plus\" aria-hidden=\"true\"><\/i><\/span><span class=\"fusion-toggle-heading\">Protection solaire de la toiture<\/span><\/a><\/h4><\/div><div id=\"ce99f37d88366aee7\" class=\"panel-collapse collapse \" aria-labelledby=\"toggle_ce99f37d88366aee7\"><div class=\"panel-body toggle-content fusion-clearfix\">\n<table style=\"width: 100%;height: 187px\">\n<tbody>\n<tr style=\"height: 187px\">\n<td style=\"height: 187px\"><span style=\"color: #000000\"><strong><span style=\"text-decoration: underline\">Locaux concern\u00e9s<\/span> :<\/strong><\/span><\/p>\n<ul>\n<li>Locaux clos et climatis\u00e9s ou occup\u00e9s<\/li>\n<li>Locaux clos non-occup\u00e9s donnant <u>directement<\/u> sur les locaux clos et climatis\u00e9s ou occup\u00e9s, \u00e0 l\u2019exception des locaux techniques, des stationnements et des espaces de stockage non climatis\u00e9s<\/li>\n<\/ul>\n<\/td>\n<td style=\"height: 187px\"><img decoding=\"async\" class=\"alignright wp-image-3430\" src=\"https:\/\/www.service-public.pf\/sde\/wp-content\/uploads\/sites\/15\/2023\/01\/SDE-REBPF-IlluTotales-Divers-ProToiture.png\" alt=\"\" width=\"300\" height=\"225\" \/><\/td>\n<\/tr>\n<\/tbody>\n<\/table>\n<p style=\"color: #000000\"><strong><span style=\"text-decoration: underline\">Seuils \u00e0 respecter<\/span> :<\/strong><\/p>\n<table class=\"table table-bordered\">\n<tbody>\n<tr>\n<td style=\"width: 25%\"><strong>Mesure<\/strong><\/td>\n<td style=\"width: 7.0755%\"><strong>Seuil<\/strong><\/td>\n<td style=\"width: 55.6175%\"><strong>Exemples de solutions<\/strong><\/td>\n<\/tr>\n<tr>\n<td style=\"width: 25%\">Facteur solaire maximal de la toiture<\/td>\n<td style=\"width: 7.0755%\">2,5%<\/td>\n<td style=\"width: 55.6175%\">\n<ul>\n<li>Toiture (avec combles) en t\u00f4le de teinte claire avec 3 cm de laine min\u00e9rale minimum<\/li>\n<li>Toiture (avec combles) en t\u00f4le de teinte moyenne avec 5 cm de laine min\u00e9rale minimum<\/li>\n<li>Toiture (avec combles) en t\u00f4le de teinte sombre avec 7,5 cm de laine min\u00e9rale minimum<\/li>\n<li>Toiture terrasse en b\u00e9ton de teinte moyenne avec 6 cm de polystyr\u00e8ne expans\u00e9 minimum<\/li>\n<li>Toiture terrasse en b\u00e9ton avec sur-toiture largement ventil\u00e9e<\/li>\n<\/ul>\n<\/td>\n<\/tr>\n<\/tbody>\n<\/table>\n<p><span style=\"color: #000000\"><strong>Pour plus d\u2019informations sur l\u2019application de la th\u00e9matique, consultez la fiche en question\u00a0:<\/strong><\/span><\/p>\n<ul>\n<li><a href=\"https:\/\/www.service-public.pf\/sde\/wp-content\/uploads\/sites\/15\/2023\/09\/Fiche-02-Protection-solaire-des-parois-opaques-horizontales-Toitures.pdf\">Fiche d\u2019application \u00ab\u00a0Protection solaire de la toiture\u00a0\u00bb<\/a><\/li>\n<\/ul>\n<p>Nota bene : les informations diffus\u00e9es dans le d\u00e9pliant mis \u00e0 disposition ci-dessous sont normalement suffisantes pour s'assurer de la conformit\u00e9 de son projet sans rentrer dans les d\u00e9tails techniques de la th\u00e9matique.<\/p>\n<\/div><\/div><\/div><\/div><\/div><div class=\"fusion-text fusion-text-197\" style=\"--awb-margin-top:10px;\"><p><span style=\"color: #000000\"><strong>Informations relatives aux demandes de permis de construire et au certificat de conformit\u00e9<\/strong><\/span><\/p>\n<p>Le p\u00e9titionnaire remplit les nouveaux formulaires de demande de permis de construire et de certificat de conformit\u00e9 de la DCA qui int\u00e8grent la d\u00e9claration du respect de la r\u00e9glementation.<\/p>\n<p><span style=\"color: #000000\"><strong>Informations sur les dispositions applicables \u00e0 la typologie :<\/strong><\/span><\/p>\n<ul>\n<li><a href=\"https:\/\/www.service-public.pf\/sde\/wp-content\/uploads\/sites\/15\/2023\/03\/REPBF_Depliants_Autres_Pages.pdf\">D\u00e9pliant \u00ab\u00a0Tous les b\u00e2timents\u00a0\u00bb<\/a><\/li>\n<\/ul>\n<\/div><\/div><\/div><\/div><\/div><\/div><div class=\"fusion-layout-column fusion_builder_column fusion-builder-column-64 fusion_builder_column_4_5 4_5 fusion-flex-column vct_marquises_sup500_content\" style=\"--awb-bg-size:cover;--awb-width-large:80%;--awb-flex-grow:0;--awb-flex-shrink:0;--awb-margin-top-large:0px;--awb-spacing-right-large:2.4%;--awb-margin-bottom-large:20px;--awb-spacing-left-large:2.4%;--awb-width-medium:100%;--awb-order-medium:0;--awb-flex-grow-medium:0;--awb-flex-shrink-medium:0;--awb-spacing-right-medium:1.92%;--awb-spacing-left-medium:1.92%;--awb-width-small:100%;--awb-order-small:0;--awb-flex-grow-small:0;--awb-flex-shrink-small:0;--awb-spacing-right-small:1.92%;--awb-spacing-left-small:1.92%;\" id=\"vct_marquises_sup500_logementindividuel_content\"><div class=\"fusion-column-wrapper fusion-column-has-shadow fusion-flex-justify-content-flex-start fusion-content-layout-column\"><div class=\"fusion-title title fusion-title-53 fusion-sep-none fusion-title-center fusion-title-text fusion-title-size-two hidden\" style=\"--awb-margin-top-small:0px;--awb-margin-right-small:0px;--awb-margin-bottom-small:20px;--awb-margin-left-small:0px;\"><h2 class=\"fusion-title-heading title-heading-center\" style=\"margin:0;\">Protection solaire de la toiture \/ Baie horizontale interdite + D\u00e9pliant logement individuel + Fiche d'information logement individuel + Formulaire 1-AGMT<\/h2><\/div><div class=\"fusion-text fusion-text-198 vct_description_typologie\"><p>Un logement individuel correspond \u00e0 la notion de maison individuelle telle que d\u00e9finie par le code de<br \/>\nl\u2019am\u00e9nagement, \u00e0 savoir un b\u00e2timent \u00e0 usage d\u2019habitation comprenant au plus deux logements<br \/>\nsuperpos\u00e9s ou accol\u00e9s.<\/p>\n<p>On assimile \u00e9galement au logement individuel les structures d\u2019h\u00e9bergement de tourisme et<br \/>\nchambres chez l\u2019habitant dont le nombre d\u2019unit\u00e9s d\u2019h\u00e9bergement est inf\u00e9rieur ou \u00e9gal \u00e0 cinq ou dont<br \/>\nl\u2019effectif est inf\u00e9rieur \u00e0 vingt personnes (ERP du 2\u00e8me groupe - cat\u00e9gorie 5)<\/p>\n<\/div><div class=\"fusion-builder-row fusion-builder-row-inner fusion-row fusion-flex-align-items-flex-start fusion-flex-justify-content-center fusion-flex-content-wrap\" style=\"--awb-flex-grow:0;--awb-flex-grow-medium:0;--awb-flex-grow-small:0;--awb-flex-shrink:0;--awb-flex-shrink-medium:0;--awb-flex-shrink-small:0;width:104% !important;max-width:104% !important;margin-left: calc(-4% \/ 2 );margin-right: calc(-4% \/ 2 );\"><div class=\"fusion-layout-column fusion_builder_column_inner fusion-builder-nested-column-253 fusion_builder_column_inner_1_1 1_1 fusion-flex-column\" style=\"--awb-bg-size:cover;--awb-width-large:100%;--awb-margin-top-large:0px;--awb-spacing-right-large:1.92%;--awb-margin-bottom-large:20px;--awb-spacing-left-large:1.92%;--awb-width-medium:100%;--awb-order-medium:0;--awb-spacing-right-medium:1.92%;--awb-spacing-left-medium:1.92%;--awb-width-small:100%;--awb-order-small:0;--awb-spacing-right-small:1.92%;--awb-spacing-left-small:1.92%;\"><div class=\"fusion-column-wrapper fusion-column-has-shadow fusion-flex-justify-content-flex-start fusion-content-layout-column\"><div class=\"fusion-separator fusion-full-width-sep\" style=\"align-self: center;margin-left: auto;margin-right: auto;width:100%;\"><div class=\"fusion-separator-border sep-shadow\" style=\"--awb-height:20px;--awb-amount:20px;background:radial-gradient(ellipse at 50% -50% , #e0dede 0px, rgba(255, 255, 255, 0) 80%) repeat scroll 0 0 rgba(0, 0, 0, 0);background:-webkit-radial-gradient(ellipse at 50% -50% , #e0dede 0px, rgba(255, 255, 255, 0) 80%) repeat scroll 0 0 rgba(0, 0, 0, 0);background:-moz-radial-gradient(ellipse at 50% -50% , #e0dede 0px, rgba(255, 255, 255, 0) 80%) repeat scroll 0 0 rgba(0, 0, 0, 0);background:-o-radial-gradient(ellipse at 50% -50% , #e0dede 0px, rgba(255, 255, 255, 0) 80%) repeat scroll 0 0 rgba(0, 0, 0, 0);\"><\/div><\/div><\/div><\/div><div class=\"fusion-layout-column fusion_builder_column_inner fusion-builder-nested-column-254 fusion_builder_column_inner_1_3 1_3 fusion-flex-column\" style=\"--awb-bg-size:cover;--awb-width-large:33.333333333333%;--awb-margin-top-large:0px;--awb-spacing-right-large:2vw;--awb-margin-bottom-large:20px;--awb-spacing-left-large:5.76%;--awb-width-medium:100%;--awb-order-medium:0;--awb-spacing-right-medium:1.92%;--awb-spacing-left-medium:1.92%;--awb-width-small:100%;--awb-order-small:0;--awb-spacing-right-small:1.92%;--awb-spacing-left-small:1.92%;\"><div class=\"fusion-column-wrapper fusion-column-has-shadow fusion-flex-justify-content-flex-start fusion-content-layout-column\"><div class=\"fusion-image-element \" style=\"text-align:right;--awb-max-width:450px;--awb-caption-title-font-family:var(--h2_typography-font-family);--awb-caption-title-font-weight:var(--h2_typography-font-weight);--awb-caption-title-font-style:var(--h2_typography-font-style);--awb-caption-title-size:var(--h2_typography-font-size);--awb-caption-title-transform:var(--h2_typography-text-transform);--awb-caption-title-line-height:var(--h2_typography-line-height);--awb-caption-title-letter-spacing:var(--h2_typography-letter-spacing);\"><span class=\" fusion-imageframe imageframe-none imageframe-50 hover-type-none\"><img decoding=\"async\" width=\"300\" height=\"225\" title=\"SDE REBPF IlluTotales Logement Individuel\" src=\"https:\/\/www.service-public.pf\/sde\/wp-content\/uploads\/sites\/15\/2023\/01\/SDE-REBPF-IlluTotales-Logement-Individuel-300x225.png\" alt class=\"img-responsive wp-image-3460\" srcset=\"https:\/\/www.service-public.pf\/sde\/wp-content\/uploads\/sites\/15\/2023\/01\/SDE-REBPF-IlluTotales-Logement-Individuel-200x150.png 200w, https:\/\/www.service-public.pf\/sde\/wp-content\/uploads\/sites\/15\/2023\/01\/SDE-REBPF-IlluTotales-Logement-Individuel-400x300.png 400w, https:\/\/www.service-public.pf\/sde\/wp-content\/uploads\/sites\/15\/2023\/01\/SDE-REBPF-IlluTotales-Logement-Individuel-600x450.png 600w, https:\/\/www.service-public.pf\/sde\/wp-content\/uploads\/sites\/15\/2023\/01\/SDE-REBPF-IlluTotales-Logement-Individuel-800x600.png 800w, https:\/\/www.service-public.pf\/sde\/wp-content\/uploads\/sites\/15\/2023\/01\/SDE-REBPF-IlluTotales-Logement-Individuel-1200x900.png 1200w, https:\/\/www.service-public.pf\/sde\/wp-content\/uploads\/sites\/15\/2023\/01\/SDE-REBPF-IlluTotales-Logement-Individuel.png 1453w\" sizes=\"(max-width: 1024px) 100vw, (max-width: 640px) 100vw, 800px\" \/><\/span><\/div><\/div><\/div><div class=\"fusion-layout-column fusion_builder_column_inner fusion-builder-nested-column-255 fusion_builder_column_inner_2_3 2_3 fusion-flex-column\" style=\"--awb-bg-size:cover;--awb-width-large:66.666666666667%;--awb-margin-top-large:0px;--awb-spacing-right-large:2.88%;--awb-margin-bottom-large:20px;--awb-spacing-left-large:2.88%;--awb-width-medium:100%;--awb-order-medium:0;--awb-spacing-right-medium:1.92%;--awb-spacing-left-medium:1.92%;--awb-width-small:100%;--awb-order-small:0;--awb-spacing-right-small:1.92%;--awb-spacing-left-small:1.92%;\"><div class=\"fusion-column-wrapper fusion-column-has-shadow fusion-flex-justify-content-center fusion-content-layout-column\"><div class=\"fusion-text fusion-text-199\" style=\"--awb-content-alignment:center;--awb-font-size:24pt;\"><p>Localisation\u00a0du projet : <strong>Marquises\u00a0\u00e0 une altitude sup\u00e9rieure ou \u00e9gale \u00e0 500 m\u00e8tres<\/strong><\/p>\n<p>Typologie de la construction\u00a0: <strong>Logement individuel<\/strong><\/p>\n<\/div><\/div><\/div><div class=\"fusion-layout-column fusion_builder_column_inner fusion-builder-nested-column-256 fusion_builder_column_inner_1_1 1_1 fusion-flex-column\" style=\"--awb-bg-size:cover;--awb-width-large:100%;--awb-margin-top-large:0px;--awb-spacing-right-large:1.92%;--awb-margin-bottom-large:20px;--awb-spacing-left-large:1.92%;--awb-width-medium:100%;--awb-order-medium:0;--awb-spacing-right-medium:1.92%;--awb-spacing-left-medium:1.92%;--awb-width-small:100%;--awb-order-small:0;--awb-spacing-right-small:1.92%;--awb-spacing-left-small:1.92%;\"><div class=\"fusion-column-wrapper fusion-column-has-shadow fusion-flex-justify-content-flex-start fusion-content-layout-column\"><div class=\"fusion-separator fusion-full-width-sep\" style=\"align-self: center;margin-left: auto;margin-right: auto;margin-bottom:20px;width:100%;\"><div class=\"fusion-separator-border sep-shadow\" style=\"--awb-height:20px;--awb-amount:20px;background:radial-gradient(ellipse at 50% -50% , #e0dede 0px, rgba(255, 255, 255, 0) 80%) repeat scroll 0 0 rgba(0, 0, 0, 0);background:-webkit-radial-gradient(ellipse at 50% -50% , #e0dede 0px, rgba(255, 255, 255, 0) 80%) repeat scroll 0 0 rgba(0, 0, 0, 0);background:-moz-radial-gradient(ellipse at 50% -50% , #e0dede 0px, rgba(255, 255, 255, 0) 80%) repeat scroll 0 0 rgba(0, 0, 0, 0);background:-o-radial-gradient(ellipse at 50% -50% , #e0dede 0px, rgba(255, 255, 255, 0) 80%) repeat scroll 0 0 rgba(0, 0, 0, 0);\"><\/div><\/div><\/div><\/div><div class=\"fusion-layout-column fusion_builder_column_inner fusion-builder-nested-column-257 fusion_builder_column_inner_1_1 1_1 fusion-flex-column\" style=\"--awb-bg-color:#ffffff;--awb-bg-color-hover:#ffffff;--awb-bg-size:cover;--awb-width-large:100%;--awb-margin-top-large:0px;--awb-spacing-right-large:1.92%;--awb-margin-bottom-large:20px;--awb-spacing-left-large:1.92%;--awb-width-medium:100%;--awb-order-medium:0;--awb-spacing-right-medium:1.92%;--awb-spacing-left-medium:1.92%;--awb-width-small:100%;--awb-order-small:0;--awb-spacing-right-small:1.92%;--awb-spacing-left-small:1.92%;\"><div class=\"fusion-column-wrapper fusion-column-has-shadow fusion-flex-justify-content-flex-start fusion-content-layout-column\"><div class=\"fusion-text fusion-text-200\" style=\"--awb-text-color:#000000;\"><p><strong>Th\u00e9matiques applicables :<\/strong><\/p>\n<\/div><div class=\"accordian fusion-accordian\" style=\"--awb-border-size:1px;--awb-icon-size:13px;--awb-content-font-size:13px;--awb-icon-alignment:left;--awb-hover-color:#f9f9f9;--awb-border-color:#cccccc;--awb-background-color:#ffffff;--awb-divider-color:#e0dede;--awb-divider-hover-color:#e0dede;--awb-icon-color:#ffffff;--awb-title-color:#333333;--awb-content-color:#747474;--awb-icon-box-color:#333333;--awb-toggle-hover-accent-color:#26a147;--awb-title-font-family:&quot;PT Sans&quot;;--awb-title-font-weight:400;--awb-title-font-style:normal;--awb-title-font-size:13px;--awb-content-font-family:&quot;PT Sans&quot;;--awb-content-font-style:normal;--awb-content-font-weight:400;\"><div class=\"panel-group fusion-toggle-icon-boxed\" id=\"accordion-3355-50\"><div class=\"fusion-panel panel-default panel-4815b68173907e597 fusion-toggle-has-divider\" style=\"--awb-title-color:#333333;--awb-content-color:#747474;\"><div class=\"panel-heading\"><h4 class=\"panel-title toggle\" id=\"toggle_4815b68173907e597\"><a aria-expanded=\"false\" aria-controls=\"4815b68173907e597\" role=\"button\" data-toggle=\"collapse\" data-parent=\"#accordion-3355-50\" data-target=\"#4815b68173907e597\" href=\"#4815b68173907e597\"><span class=\"fusion-toggle-icon-wrapper\" aria-hidden=\"true\"><i class=\"fa-fusion-box active-icon awb-icon-minus\" aria-hidden=\"true\"><\/i><i class=\"fa-fusion-box inactive-icon awb-icon-plus\" aria-hidden=\"true\"><\/i><\/span><span class=\"fusion-toggle-heading\">Protection solaire de la toiture<\/span><\/a><\/h4><\/div><div id=\"4815b68173907e597\" class=\"panel-collapse collapse \" aria-labelledby=\"toggle_4815b68173907e597\"><div class=\"panel-body toggle-content fusion-clearfix\">\n<table style=\"width: 100%;height: 187px\">\n<tbody>\n<tr style=\"height: 187px\">\n<td style=\"height: 187px\"><span style=\"color: #000000\"><strong><span style=\"text-decoration: underline\">Locaux concern\u00e9s<\/span> :<\/strong><\/span><\/p>\n<ul>\n<li>Locaux clos et climatis\u00e9s ou occup\u00e9s (exemples\u00a0: chambre, s\u00e9jour, bureau, \u2026)<\/li>\n<li>Locaux clos non-occup\u00e9s donnant <u>directement<\/u> sur les locaux ci-dessus, hors locaux techniques, stationnements et espaces de stockage non climatis\u00e9s (exemples : sanitaires, salle de bain, buanderie, \u2026)<\/li>\n<\/ul>\n<\/td>\n<td style=\"height: 187px\"><img decoding=\"async\" class=\"alignright wp-image-3430\" src=\"https:\/\/www.service-public.pf\/sde\/wp-content\/uploads\/sites\/15\/2023\/01\/SDE-REBPF-IlluTotales-Logement-Individuel-ProToiture.png\" alt=\"\" width=\"300\" height=\"225\" \/><\/td>\n<\/tr>\n<\/tbody>\n<\/table>\n<p style=\"color: #000000\"><strong><span style=\"text-decoration: underline\">Seuils \u00e0 respecter<\/span> :<\/strong><\/p>\n<table class=\"table table-bordered\">\n<tbody>\n<tr>\n<td style=\"width: 25%\"><strong>Mesure<\/strong><\/td>\n<td style=\"width: 7.0755%\"><strong>Seuil<\/strong><\/td>\n<td style=\"width: 55.6175%\"><strong>Exemples de solutions<\/strong><\/td>\n<\/tr>\n<tr>\n<td style=\"width: 25%\">Facteur solaire maximal de la toiture<\/td>\n<td style=\"width: 7.0755%\">2,5%<\/td>\n<td style=\"width: 55.6175%\">\n<ul>\n<li>Toiture (avec combles) en t\u00f4le de teinte claire avec 3 cm de laine min\u00e9rale minimum<\/li>\n<li>Toiture (avec combles) en t\u00f4le de teinte moyenne avec 5 cm de laine min\u00e9rale minimum<\/li>\n<li>Toiture (avec combles) en t\u00f4le de teinte sombre avec 7,5 cm de laine min\u00e9rale minimum<\/li>\n<li>Toiture terrasse en b\u00e9ton de teinte moyenne avec 6 cm de polystyr\u00e8ne expans\u00e9 minimum<\/li>\n<li>Toiture terrasse en b\u00e9ton avec sur-toiture largement ventil\u00e9e<\/li>\n<\/ul>\n<\/td>\n<\/tr>\n<\/tbody>\n<\/table>\n<p><span style=\"color: #000000\"><strong>Pour plus d\u2019informations sur l\u2019application de la th\u00e9matique, consultez la fiche en question\u00a0:<\/strong><\/span><\/p>\n<ul>\n<li><a href=\"https:\/\/www.service-public.pf\/sde\/wp-content\/uploads\/sites\/15\/2023\/09\/Fiche-02-Protection-solaire-des-parois-opaques-horizontales-Toitures.pdf\">Fiche d\u2019application \u00ab\u00a0Protection solaire de la toiture\u00a0\u00bb<\/a><\/li>\n<\/ul>\n<p>Nota bene : les informations diffus\u00e9es dans le d\u00e9pliant et les guides mis \u00e0 disposition ci-dessous sont normalement suffisantes pour s'assurer de la conformit\u00e9 de son projet sans rentrer dans les d\u00e9tails techniques de la th\u00e9matique.<\/p>\n<\/div><\/div><\/div><div class=\"fusion-panel panel-default panel-91307aab17b8f615c fusion-toggle-has-divider\" style=\"--awb-title-color:#333333;--awb-content-color:#747474;\"><div class=\"panel-heading\"><h4 class=\"panel-title toggle\" id=\"toggle_91307aab17b8f615c\"><a aria-expanded=\"false\" aria-controls=\"91307aab17b8f615c\" role=\"button\" data-toggle=\"collapse\" data-parent=\"#accordion-3355-50\" data-target=\"#91307aab17b8f615c\" href=\"#91307aab17b8f615c\"><span class=\"fusion-toggle-icon-wrapper\" aria-hidden=\"true\"><i class=\"fa-fusion-box active-icon awb-icon-minus\" aria-hidden=\"true\"><\/i><i class=\"fa-fusion-box inactive-icon awb-icon-plus\" aria-hidden=\"true\"><\/i><\/span><span class=\"fusion-toggle-heading\">Protection solaire des baies<\/span><\/a><\/h4><\/div><div id=\"91307aab17b8f615c\" class=\"panel-collapse collapse \" aria-labelledby=\"toggle_91307aab17b8f615c\"><div class=\"panel-body toggle-content fusion-clearfix\">\n<table style=\"width: 100%;height: 187px\">\n<tbody>\n<tr style=\"height: 187px\">\n<td style=\"height: 187px\"><span style=\"color: #000000\"><strong><span style=\"text-decoration: underline\">Locaux concern\u00e9s<\/span> :<\/strong><\/span><\/p>\n<ul>\n<li>Locaux clos et climatis\u00e9s ou occup\u00e9s (exemples\u00a0: chambre, s\u00e9jour, bureau, \u2026)<\/li>\n<li>Locaux clos non-occup\u00e9s donnant <u>directement<\/u> sur les locaux ci-dessus, hors locaux techniques, stationnements et espaces de stockage non climatis\u00e9s (exemples : sanitaires, salle de bain, buanderie, \u2026)<\/li>\n<\/ul>\n<\/td>\n<td style=\"height: 187px\"><img decoding=\"async\" class=\"alignright wp-image-3430\" src=\"https:\/\/www.service-public.pf\/sde\/wp-content\/uploads\/sites\/15\/2023\/03\/Picture1.png\" alt=\"\" width=\"300\" height=\"225\" \/><\/td>\n<\/tr>\n<\/tbody>\n<\/table>\n<p style=\"color: #000000\"><strong><span style=\"text-decoration: underline\">Seuils, r\u00e8gles de conception et caract\u00e9ristiques techniques \u00e0 respecter : <\/span><\/strong><\/p>\n<table class=\"table table-bordered\">\n<tbody>\n<tr>\n<td style=\"width: 25%\"><strong>R\u00e8gle de conception<\/strong><\/td>\n<td style=\"width: 55.6175%\"><strong>Exemple de solution<\/strong><\/td>\n<\/tr>\n<tr>\n<td style=\"width: 25%\">La mise en \u0153uvre de baies horizontales* est interdite dans les locaux concern\u00e9s par la disposition<\/td>\n<td style=\"width: 55.6175%\">Afin de conserver un apport de lumi\u00e8re naturelle dans les espaces sous-toiture, il est possible de mettre en place des baies verticales \u00e0 la place (ex : chien assis)<\/td>\n<\/tr>\n<\/tbody>\n<\/table>\n<p>* Une baie est consid\u00e9r\u00e9e comme horizontale si son inclinaison est inf\u00e9rieure \u00e0 60\u00b0 par rapport au plan horizontal.<\/p>\n<\/div><\/div><\/div><\/div><\/div><div class=\"fusion-text fusion-text-201\" style=\"--awb-margin-top:10px;\"><p><span style=\"color: #000000\"><strong>Informations relatives aux demandes de permis de construire et au certificat de conformit\u00e9<\/strong><\/span><\/p>\n<p>Le p\u00e9titionnaire remplit les nouveaux formulaires de demande de permis de construire et de certificat de conformit\u00e9 de la DCA qui int\u00e8grent la d\u00e9claration du respect de la r\u00e9glementation.<\/p>\n<p><span style=\"color: #000000\"><strong>Informations sur les dispositions applicables \u00e0 la typologie <\/strong> (ne consulter que les rubriques des th\u00e9matiques concernant le projet de construction)<strong> :<\/strong><\/span><\/p>\n<ul>\n<li><a href=\"https:\/\/www.service-public.pf\/sde\/wp-content\/uploads\/sites\/15\/2023\/03\/REPBF_Depliants_LogementIndividuel_Pages.pdf\">D\u00e9pliant \u00ab\u00a0Logement individuel\u00a0\u00bb<\/a><\/li>\n<li><a href=\"https:\/\/www.service-public.pf\/sde\/wp-content\/uploads\/sites\/15\/2023\/09\/REBPf-Guide-logement-individuel-version-simplifiee.pdf\">Guide simplifi\u00e9 pour le respect de la r\u00e9glementation - Logement individuel<\/a><\/li>\n<li><a href=\"https:\/\/www.service-public.pf\/sde\/wp-content\/uploads\/sites\/15\/2023\/09\/REBPf-Guide-logement-individuel-version-simplifiee-tahitien.pdf\">Guide simplifi\u00e9 pour le respect de la r\u00e9glementation - Logement individuel - reo tahiti<\/a><\/li>\n<li><a href=\"https:\/\/www.service-public.pf\/sde\/wp-content\/uploads\/sites\/15\/2023\/06\/REBPf-Guide-logement-individuel-version-detaillee.pdf\">Guide d\u00e9taill\u00e9 pour le respect de la r\u00e9glementation - Logement individuel<\/a><\/li>\n<\/ul>\n<\/div><\/div><\/div><\/div><\/div><\/div><div class=\"fusion-layout-column fusion_builder_column fusion-builder-column-65 fusion_builder_column_4_5 4_5 fusion-flex-column vct_marquises_sup500_content\" style=\"--awb-bg-size:cover;--awb-width-large:80%;--awb-flex-grow:0;--awb-flex-shrink:0;--awb-margin-top-large:0px;--awb-spacing-right-large:2.4%;--awb-margin-bottom-large:20px;--awb-spacing-left-large:2.4%;--awb-width-medium:100%;--awb-order-medium:0;--awb-flex-grow-medium:0;--awb-flex-shrink-medium:0;--awb-spacing-right-medium:1.92%;--awb-spacing-left-medium:1.92%;--awb-width-small:100%;--awb-order-small:0;--awb-flex-grow-small:0;--awb-flex-shrink-small:0;--awb-spacing-right-small:1.92%;--awb-spacing-left-small:1.92%;\" id=\"vct_marquises_sup500_hotellerie_content\"><div class=\"fusion-column-wrapper fusion-column-has-shadow fusion-flex-justify-content-flex-start fusion-content-layout-column\"><div class=\"fusion-title title fusion-title-54 fusion-sep-none fusion-title-center fusion-title-text fusion-title-size-two hidden\" style=\"--awb-margin-top-small:0px;--awb-margin-right-small:0px;--awb-margin-bottom-small:20px;--awb-margin-left-small:0px;\"><h2 class=\"fusion-title-heading title-heading-center\" style=\"margin:0;\">Protection solaire de la toiture + D\u00e9pliant h\u00f4tellerie + Fiche d'information h\u00f4tellerie + Formulaire 2-MT<\/h2><\/div><div class=\"fusion-text fusion-text-202 vct_description_typologie\"><p>Il s\u2019agit d\u2019un b\u00e2timent ou d\u2019une partie de b\u00e2timent \u00e0 usage d\u2019h\u00f4tel de tourisme, pension de familles,<br \/>\nmeubl\u00e9 de tourisme, auberge de jeunesse, village de vacances, villa de luxe, bungalow ainsi que tout<br \/>\nautre h\u00e9bergement \u00e0 vocation touristique, comprenant \u00e9galement leurs locaux accessoires.<\/p>\n<p>Pour rappel, les projets de construction d\u2019une structure d\u2019h\u00e9bergement de tourisme et chambres<br \/>\nchez l\u2019habitant dont le nombre d\u2019unit\u00e9s d\u2019h\u00e9bergement est inf\u00e9rieur ou \u00e9gal \u00e0 cinq ou dont l\u2019effectif<br \/>\nest inf\u00e9rieur \u00e0 vingt personnes sont assimil\u00e9es \u00e0 la typologie logement individuel.<\/p>\n<\/div><div class=\"fusion-builder-row fusion-builder-row-inner fusion-row fusion-flex-align-items-flex-start fusion-flex-justify-content-center fusion-flex-content-wrap\" style=\"--awb-flex-grow:0;--awb-flex-grow-medium:0;--awb-flex-grow-small:0;--awb-flex-shrink:0;--awb-flex-shrink-medium:0;--awb-flex-shrink-small:0;width:104% !important;max-width:104% !important;margin-left: calc(-4% \/ 2 );margin-right: calc(-4% \/ 2 );\"><div class=\"fusion-layout-column fusion_builder_column_inner fusion-builder-nested-column-258 fusion_builder_column_inner_1_1 1_1 fusion-flex-column\" style=\"--awb-bg-size:cover;--awb-width-large:100%;--awb-margin-top-large:0px;--awb-spacing-right-large:1.92%;--awb-margin-bottom-large:20px;--awb-spacing-left-large:1.92%;--awb-width-medium:100%;--awb-order-medium:0;--awb-spacing-right-medium:1.92%;--awb-spacing-left-medium:1.92%;--awb-width-small:100%;--awb-order-small:0;--awb-spacing-right-small:1.92%;--awb-spacing-left-small:1.92%;\"><div class=\"fusion-column-wrapper fusion-column-has-shadow fusion-flex-justify-content-flex-start fusion-content-layout-column\"><div class=\"fusion-separator fusion-full-width-sep\" style=\"align-self: center;margin-left: auto;margin-right: auto;width:100%;\"><div class=\"fusion-separator-border sep-shadow\" style=\"--awb-height:20px;--awb-amount:20px;background:radial-gradient(ellipse at 50% -50% , #e0dede 0px, rgba(255, 255, 255, 0) 80%) repeat scroll 0 0 rgba(0, 0, 0, 0);background:-webkit-radial-gradient(ellipse at 50% -50% , #e0dede 0px, rgba(255, 255, 255, 0) 80%) repeat scroll 0 0 rgba(0, 0, 0, 0);background:-moz-radial-gradient(ellipse at 50% -50% , #e0dede 0px, rgba(255, 255, 255, 0) 80%) repeat scroll 0 0 rgba(0, 0, 0, 0);background:-o-radial-gradient(ellipse at 50% -50% , #e0dede 0px, rgba(255, 255, 255, 0) 80%) repeat scroll 0 0 rgba(0, 0, 0, 0);\"><\/div><\/div><\/div><\/div><div class=\"fusion-layout-column fusion_builder_column_inner fusion-builder-nested-column-259 fusion_builder_column_inner_1_3 1_3 fusion-flex-column\" style=\"--awb-bg-size:cover;--awb-width-large:33.333333333333%;--awb-margin-top-large:0px;--awb-spacing-right-large:2vw;--awb-margin-bottom-large:20px;--awb-spacing-left-large:5.76%;--awb-width-medium:100%;--awb-order-medium:0;--awb-spacing-right-medium:1.92%;--awb-spacing-left-medium:1.92%;--awb-width-small:100%;--awb-order-small:0;--awb-spacing-right-small:1.92%;--awb-spacing-left-small:1.92%;\"><div class=\"fusion-column-wrapper fusion-column-has-shadow fusion-flex-justify-content-flex-start fusion-content-layout-column\"><div class=\"fusion-image-element \" style=\"text-align:right;--awb-max-width:450px;--awb-caption-title-font-family:var(--h2_typography-font-family);--awb-caption-title-font-weight:var(--h2_typography-font-weight);--awb-caption-title-font-style:var(--h2_typography-font-style);--awb-caption-title-size:var(--h2_typography-font-size);--awb-caption-title-transform:var(--h2_typography-text-transform);--awb-caption-title-line-height:var(--h2_typography-line-height);--awb-caption-title-letter-spacing:var(--h2_typography-letter-spacing);\"><span class=\" fusion-imageframe imageframe-none imageframe-51 hover-type-none\"><img decoding=\"async\" width=\"300\" height=\"225\" title=\"SDE REBPF IlluTotales Hotel Pension\" src=\"https:\/\/www.service-public.pf\/sde\/wp-content\/uploads\/sites\/15\/2023\/01\/SDE-REBPF-IlluTotales-Hotel-Pension-300x225.png\" alt class=\"img-responsive wp-image-3446\" srcset=\"https:\/\/www.service-public.pf\/sde\/wp-content\/uploads\/sites\/15\/2023\/01\/SDE-REBPF-IlluTotales-Hotel-Pension-200x150.png 200w, https:\/\/www.service-public.pf\/sde\/wp-content\/uploads\/sites\/15\/2023\/01\/SDE-REBPF-IlluTotales-Hotel-Pension-400x300.png 400w, https:\/\/www.service-public.pf\/sde\/wp-content\/uploads\/sites\/15\/2023\/01\/SDE-REBPF-IlluTotales-Hotel-Pension-600x450.png 600w, https:\/\/www.service-public.pf\/sde\/wp-content\/uploads\/sites\/15\/2023\/01\/SDE-REBPF-IlluTotales-Hotel-Pension-800x600.png 800w, https:\/\/www.service-public.pf\/sde\/wp-content\/uploads\/sites\/15\/2023\/01\/SDE-REBPF-IlluTotales-Hotel-Pension-1200x900.png 1200w, https:\/\/www.service-public.pf\/sde\/wp-content\/uploads\/sites\/15\/2023\/01\/SDE-REBPF-IlluTotales-Hotel-Pension.png 1453w\" sizes=\"(max-width: 1024px) 100vw, (max-width: 640px) 100vw, 800px\" \/><\/span><\/div><\/div><\/div><div class=\"fusion-layout-column fusion_builder_column_inner fusion-builder-nested-column-260 fusion_builder_column_inner_2_3 2_3 fusion-flex-column\" style=\"--awb-bg-size:cover;--awb-width-large:66.666666666667%;--awb-margin-top-large:0px;--awb-spacing-right-large:2.88%;--awb-margin-bottom-large:20px;--awb-spacing-left-large:2.88%;--awb-width-medium:100%;--awb-order-medium:0;--awb-spacing-right-medium:1.92%;--awb-spacing-left-medium:1.92%;--awb-width-small:100%;--awb-order-small:0;--awb-spacing-right-small:1.92%;--awb-spacing-left-small:1.92%;\"><div class=\"fusion-column-wrapper fusion-column-has-shadow fusion-flex-justify-content-center fusion-content-layout-column\"><div class=\"fusion-text fusion-text-203\" style=\"--awb-content-alignment:center;--awb-font-size:24pt;\"><p>Localisation\u00a0du projet : <strong>Marquises\u00a0\u00e0 une altitude sup\u00e9rieure ou \u00e9gale \u00e0 500 m\u00e8tres<\/strong><\/p>\n<p>Typologie de la construction\u00a0: <strong>H\u00f4tellerie<\/strong><\/p>\n<\/div><\/div><\/div><div class=\"fusion-layout-column fusion_builder_column_inner fusion-builder-nested-column-261 fusion_builder_column_inner_1_1 1_1 fusion-flex-column\" style=\"--awb-bg-size:cover;--awb-width-large:100%;--awb-margin-top-large:0px;--awb-spacing-right-large:1.92%;--awb-margin-bottom-large:20px;--awb-spacing-left-large:1.92%;--awb-width-medium:100%;--awb-order-medium:0;--awb-spacing-right-medium:1.92%;--awb-spacing-left-medium:1.92%;--awb-width-small:100%;--awb-order-small:0;--awb-spacing-right-small:1.92%;--awb-spacing-left-small:1.92%;\"><div class=\"fusion-column-wrapper fusion-column-has-shadow fusion-flex-justify-content-flex-start fusion-content-layout-column\"><div class=\"fusion-separator fusion-full-width-sep\" style=\"align-self: center;margin-left: auto;margin-right: auto;margin-bottom:20px;width:100%;\"><div class=\"fusion-separator-border sep-shadow\" style=\"--awb-height:20px;--awb-amount:20px;background:radial-gradient(ellipse at 50% -50% , #e0dede 0px, rgba(255, 255, 255, 0) 80%) repeat scroll 0 0 rgba(0, 0, 0, 0);background:-webkit-radial-gradient(ellipse at 50% -50% , #e0dede 0px, rgba(255, 255, 255, 0) 80%) repeat scroll 0 0 rgba(0, 0, 0, 0);background:-moz-radial-gradient(ellipse at 50% -50% , #e0dede 0px, rgba(255, 255, 255, 0) 80%) repeat scroll 0 0 rgba(0, 0, 0, 0);background:-o-radial-gradient(ellipse at 50% -50% , #e0dede 0px, rgba(255, 255, 255, 0) 80%) repeat scroll 0 0 rgba(0, 0, 0, 0);\"><\/div><\/div><\/div><\/div><div class=\"fusion-layout-column fusion_builder_column_inner fusion-builder-nested-column-262 fusion_builder_column_inner_1_1 1_1 fusion-flex-column\" style=\"--awb-bg-color:#ffffff;--awb-bg-color-hover:#ffffff;--awb-bg-size:cover;--awb-width-large:100%;--awb-margin-top-large:0px;--awb-spacing-right-large:1.92%;--awb-margin-bottom-large:20px;--awb-spacing-left-large:1.92%;--awb-width-medium:100%;--awb-order-medium:0;--awb-spacing-right-medium:1.92%;--awb-spacing-left-medium:1.92%;--awb-width-small:100%;--awb-order-small:0;--awb-spacing-right-small:1.92%;--awb-spacing-left-small:1.92%;\"><div class=\"fusion-column-wrapper fusion-column-has-shadow fusion-flex-justify-content-flex-start fusion-content-layout-column\"><div class=\"fusion-text fusion-text-204\" style=\"--awb-text-color:#000000;\"><p><strong>Th\u00e9matiques applicables :<\/strong><\/p>\n<\/div><div class=\"accordian fusion-accordian\" style=\"--awb-border-size:1px;--awb-icon-size:13px;--awb-content-font-size:13px;--awb-icon-alignment:left;--awb-hover-color:#f9f9f9;--awb-border-color:#cccccc;--awb-background-color:#ffffff;--awb-divider-color:#e0dede;--awb-divider-hover-color:#e0dede;--awb-icon-color:#ffffff;--awb-title-color:#333333;--awb-content-color:#747474;--awb-icon-box-color:#333333;--awb-toggle-hover-accent-color:#26a147;--awb-title-font-family:&quot;PT Sans&quot;;--awb-title-font-weight:400;--awb-title-font-style:normal;--awb-title-font-size:13px;--awb-content-font-family:&quot;PT Sans&quot;;--awb-content-font-style:normal;--awb-content-font-weight:400;\"><div class=\"panel-group fusion-toggle-icon-boxed\" id=\"accordion-3355-51\"><div class=\"fusion-panel panel-default panel-909ec6f7034137f08 fusion-toggle-has-divider\" style=\"--awb-title-color:#333333;--awb-content-color:#747474;\"><div class=\"panel-heading\"><h4 class=\"panel-title toggle\" id=\"toggle_909ec6f7034137f08\"><a aria-expanded=\"false\" aria-controls=\"909ec6f7034137f08\" role=\"button\" data-toggle=\"collapse\" data-parent=\"#accordion-3355-51\" data-target=\"#909ec6f7034137f08\" href=\"#909ec6f7034137f08\"><span class=\"fusion-toggle-icon-wrapper\" aria-hidden=\"true\"><i class=\"fa-fusion-box active-icon awb-icon-minus\" aria-hidden=\"true\"><\/i><i class=\"fa-fusion-box inactive-icon awb-icon-plus\" aria-hidden=\"true\"><\/i><\/span><span class=\"fusion-toggle-heading\">Protection solaire de la toiture<\/span><\/a><\/h4><\/div><div id=\"909ec6f7034137f08\" class=\"panel-collapse collapse \" aria-labelledby=\"toggle_909ec6f7034137f08\"><div class=\"panel-body toggle-content fusion-clearfix\">\n<table style=\"width: 100%;height: 187px\">\n<tbody>\n<tr style=\"height: 187px\">\n<td style=\"height: 187px\"><span style=\"color: #000000\"><strong><span style=\"text-decoration: underline\">Locaux concern\u00e9s<\/span> :<\/strong><\/span><\/p>\n<ul>\n<li>Locaux clos et climatis\u00e9s ou occup\u00e9s (exemples\u00a0: chambre, s\u00e9jour, bureau, espace polyvalent, salle de sport, restaurant, buanderie professionnelle, \u2026)<\/li>\n<li>Locaux clos non-occup\u00e9s donnant <u>directement<\/u> sur les locaux ci-dessus, hors locaux techniques, stationnements et espaces de stockage non climatis\u00e9s (exemples : sanitaires, salle de bain, vestiaires, d\u00e9gagement, circulation \u2026)<\/li>\n<\/ul>\n<\/td>\n<td style=\"height: 187px\"><img decoding=\"async\" class=\"alignright wp-image-3430\" src=\"https:\/\/www.service-public.pf\/sde\/wp-content\/uploads\/sites\/15\/2023\/01\/SDE-REBPF-IlluTotales-Hotel-Pension-0-copie.png\" alt=\"\" width=\"300\" height=\"225\" \/><\/td>\n<\/tr>\n<\/tbody>\n<\/table>\n<p style=\"color: #000000\"><strong><span style=\"text-decoration: underline\">Seuils \u00e0 respecter<\/span> :<\/strong><\/p>\n<table class=\"table table-bordered\">\n<tbody>\n<tr>\n<td style=\"width: 25%\"><strong>Mesure<\/strong><\/td>\n<td style=\"width: 7.0755%\"><strong>Seuil<\/strong><\/td>\n<td style=\"width: 55.6175%\"><strong>Exemples de solutions<\/strong><\/td>\n<\/tr>\n<tr>\n<td style=\"width: 25%\">Facteur solaire maximal de la toiture<\/td>\n<td style=\"width: 7.0755%\">2,5%<\/td>\n<td style=\"width: 55.6175%\">\n<ul>\n<li>Toiture (avec combles) en t\u00f4le de teinte claire avec 3 cm de laine min\u00e9rale minimum<\/li>\n<li>Toiture (avec combles) en t\u00f4le de teinte moyenne avec 5 cm de laine min\u00e9rale minimum<\/li>\n<li>Toiture (avec combles) en t\u00f4le de teinte sombre avec 7,5 cm de laine min\u00e9rale minimum<\/li>\n<li>Toiture terrasse en b\u00e9ton de teinte moyenne avec 6 cm de polystyr\u00e8ne expans\u00e9 minimum<\/li>\n<li>Toiture terrasse en b\u00e9ton avec sur-toiture largement ventil\u00e9e<\/li>\n<li>Toiture en bardeau de bois apparents correspondant \u00e0 une toiture \u00ab\u00a0ventil\u00e9e\u00a0\u00bb<\/li>\n<li>Toiture en pandanus dont l\u2019\u00e9paisseur totale est sup\u00e9rieure ou \u00e9gale \u00e0 10 cm<\/li>\n<\/ul>\n<\/td>\n<\/tr>\n<\/tbody>\n<\/table>\n<p style=\"color: #000000\"><strong>Pour plus d'informations sur l'application de ces th\u00e9matiques, consultez la fiche suivante :<\/strong><\/p>\n<ul>\n<li><a href=\"https:\/\/www.service-public.pf\/sde\/wp-content\/uploads\/sites\/15\/2023\/09\/Fiche-02-Protection-solaire-des-parois-opaques-horizontales-Toitures.pdf\">Fiche d\u2019application \u00ab\u00a0Protection solaire de la toiture\u00a0\u00bb<\/a><\/li>\n<\/ul>\n<\/div><\/div><\/div><\/div><\/div><div class=\"fusion-text fusion-text-205\" style=\"--awb-margin-top:10px;\"><p><span style=\"color: #000000\"><strong>Informations relatives aux demandes de permis de construire et au certificat de conformit\u00e9<\/strong><\/span><\/p>\n<p>Le p\u00e9titionnaire remplit les nouveaux formulaires de demande de permis de construire et de certificat de conformit\u00e9 de la DCA qui int\u00e8grent la d\u00e9claration du respect de la r\u00e9glementation.<\/p>\n<p><strong>Si les surfaces de plancher construites cumul\u00e9es* sont sup\u00e9rieures \u00e0 250 m\u00b2 de plancher, les demandes de permis de construire et de certificat de conformit\u00e9 doivent \u00eatre accompagn\u00e9es de l\u2019avis d\u2019un organisme agr\u00e9\u00e9<\/strong><\/p>\n<ul>\n<li><a href=\"https:\/\/www.service-public.pf\/sde\/organismes-agrees\/\">Parcourir la page d\u00e9di\u00e9e aux organismes agr\u00e9\u00e9s<\/a><\/li>\n<\/ul>\n<p><em><span style=\"font-size: 10pt\">* Les surfaces de plancher \u00e0 consid\u00e9rer sont celles de n\u2019importe quel b\u00e2timent neuf rattach\u00e9 au projet de construction, d\u00e8s lors que la typologie associ\u00e9e est bureaux, enseignement, \u00e9tablissement de soin, h\u00f4tellerie ou logement collectif.<\/span><\/em><\/p>\n<p><span style=\"color: #000000\"><strong>Informations sur les dispositions applicables \u00e0 la typologie <\/strong>(ne consulter que les rubriques des th\u00e9matiques concernant le projet de construction)<strong>\u00a0:<\/strong><\/span><\/p>\n<ul>\n<li><a href=\"https:\/\/www.service-public.pf\/sde\/wp-content\/uploads\/sites\/15\/2023\/04\/REPBF_Depliants_Hotellerie_Pages-V2.pdf\">D\u00e9pliant \u00ab\u00a0H\u00f4tellerie\u00a0\u00bb<\/a><\/li>\n<\/ul>\n<\/div><\/div><\/div><\/div><\/div><\/div><div class=\"fusion-layout-column fusion_builder_column fusion-builder-column-66 fusion_builder_column_4_5 4_5 fusion-flex-column vct_marquises_sup500_content\" style=\"--awb-bg-size:cover;--awb-width-large:80%;--awb-flex-grow:0;--awb-flex-shrink:0;--awb-margin-top-large:0px;--awb-spacing-right-large:2.4%;--awb-margin-bottom-large:20px;--awb-spacing-left-large:2.4%;--awb-width-medium:100%;--awb-order-medium:0;--awb-flex-grow-medium:0;--awb-flex-shrink-medium:0;--awb-spacing-right-medium:1.92%;--awb-spacing-left-medium:1.92%;--awb-width-small:100%;--awb-order-small:0;--awb-flex-grow-small:0;--awb-flex-shrink-small:0;--awb-spacing-right-small:1.92%;--awb-spacing-left-small:1.92%;\" id=\"vct_marquises_sup500_logementcollectif_content\"><div class=\"fusion-column-wrapper fusion-column-has-shadow fusion-flex-justify-content-flex-start fusion-content-layout-column\"><div class=\"fusion-title title fusion-title-55 fusion-sep-none fusion-title-center fusion-title-text fusion-title-size-two hidden\" style=\"--awb-margin-top-small:0px;--awb-margin-right-small:0px;--awb-margin-bottom-small:20px;--awb-margin-left-small:0px;\"><h2 class=\"fusion-title-heading title-heading-center\" style=\"margin:0;\">Protection solaire de la toiture + D\u00e9pliant logement collectif + Fiche d'information logement collectif + Formulaire 2-MT<\/h2><\/div><div class=\"fusion-text fusion-text-206 vct_description_typologie\"><p>Un logement collectif correspond \u00e0 un b\u00e2timent \u00e0 usage d\u2019habitation comprenant au moins trois<br \/>\nlogements superpos\u00e9s ou accol\u00e9s.<\/p>\n<p>On assimile \u00e9galement au logement collectif les locaux \u00e0 sommeil et les internats (locaux \u00e0 sommeil<br \/>\net espaces de vie) des \u00e9tablissements d\u2019enseignement.<\/p>\n<\/div><div class=\"fusion-builder-row fusion-builder-row-inner fusion-row fusion-flex-align-items-flex-start fusion-flex-justify-content-center fusion-flex-content-wrap\" style=\"--awb-flex-grow:0;--awb-flex-grow-medium:0;--awb-flex-grow-small:0;--awb-flex-shrink:0;--awb-flex-shrink-medium:0;--awb-flex-shrink-small:0;width:104% !important;max-width:104% !important;margin-left: calc(-4% \/ 2 );margin-right: calc(-4% \/ 2 );\"><div class=\"fusion-layout-column fusion_builder_column_inner fusion-builder-nested-column-263 fusion_builder_column_inner_1_1 1_1 fusion-flex-column\" style=\"--awb-bg-size:cover;--awb-width-large:100%;--awb-margin-top-large:0px;--awb-spacing-right-large:1.92%;--awb-margin-bottom-large:20px;--awb-spacing-left-large:1.92%;--awb-width-medium:100%;--awb-order-medium:0;--awb-spacing-right-medium:1.92%;--awb-spacing-left-medium:1.92%;--awb-width-small:100%;--awb-order-small:0;--awb-spacing-right-small:1.92%;--awb-spacing-left-small:1.92%;\"><div class=\"fusion-column-wrapper fusion-column-has-shadow fusion-flex-justify-content-flex-start fusion-content-layout-column\"><div class=\"fusion-separator fusion-full-width-sep\" style=\"align-self: center;margin-left: auto;margin-right: auto;width:100%;\"><div class=\"fusion-separator-border sep-shadow\" style=\"--awb-height:20px;--awb-amount:20px;background:radial-gradient(ellipse at 50% -50% , #e0dede 0px, rgba(255, 255, 255, 0) 80%) repeat scroll 0 0 rgba(0, 0, 0, 0);background:-webkit-radial-gradient(ellipse at 50% -50% , #e0dede 0px, rgba(255, 255, 255, 0) 80%) repeat scroll 0 0 rgba(0, 0, 0, 0);background:-moz-radial-gradient(ellipse at 50% -50% , #e0dede 0px, rgba(255, 255, 255, 0) 80%) repeat scroll 0 0 rgba(0, 0, 0, 0);background:-o-radial-gradient(ellipse at 50% -50% , #e0dede 0px, rgba(255, 255, 255, 0) 80%) repeat scroll 0 0 rgba(0, 0, 0, 0);\"><\/div><\/div><\/div><\/div><div class=\"fusion-layout-column fusion_builder_column_inner fusion-builder-nested-column-264 fusion_builder_column_inner_1_3 1_3 fusion-flex-column\" style=\"--awb-bg-size:cover;--awb-width-large:33.333333333333%;--awb-margin-top-large:0px;--awb-spacing-right-large:2vw;--awb-margin-bottom-large:20px;--awb-spacing-left-large:5.76%;--awb-width-medium:100%;--awb-order-medium:0;--awb-spacing-right-medium:1.92%;--awb-spacing-left-medium:1.92%;--awb-width-small:100%;--awb-order-small:0;--awb-spacing-right-small:1.92%;--awb-spacing-left-small:1.92%;\"><div class=\"fusion-column-wrapper fusion-column-has-shadow fusion-flex-justify-content-flex-start fusion-content-layout-column\"><div class=\"fusion-image-element \" style=\"text-align:right;--awb-max-width:450px;--awb-caption-title-font-family:var(--h2_typography-font-family);--awb-caption-title-font-weight:var(--h2_typography-font-weight);--awb-caption-title-font-style:var(--h2_typography-font-style);--awb-caption-title-size:var(--h2_typography-font-size);--awb-caption-title-transform:var(--h2_typography-text-transform);--awb-caption-title-line-height:var(--h2_typography-line-height);--awb-caption-title-letter-spacing:var(--h2_typography-letter-spacing);\"><span class=\" fusion-imageframe imageframe-none imageframe-52 hover-type-none\"><img decoding=\"async\" width=\"300\" height=\"225\" title=\"SDE REBPF IlluTotales Logement Collectif\" src=\"https:\/\/www.service-public.pf\/sde\/wp-content\/uploads\/sites\/15\/2023\/01\/SDE-REBPF-IlluTotales-Logement-Collectif-1-300x225.png\" alt class=\"img-responsive wp-image-3533\" srcset=\"https:\/\/www.service-public.pf\/sde\/wp-content\/uploads\/sites\/15\/2023\/01\/SDE-REBPF-IlluTotales-Logement-Collectif-1-200x150.png 200w, https:\/\/www.service-public.pf\/sde\/wp-content\/uploads\/sites\/15\/2023\/01\/SDE-REBPF-IlluTotales-Logement-Collectif-1-400x300.png 400w, https:\/\/www.service-public.pf\/sde\/wp-content\/uploads\/sites\/15\/2023\/01\/SDE-REBPF-IlluTotales-Logement-Collectif-1-600x450.png 600w, https:\/\/www.service-public.pf\/sde\/wp-content\/uploads\/sites\/15\/2023\/01\/SDE-REBPF-IlluTotales-Logement-Collectif-1-800x600.png 800w, https:\/\/www.service-public.pf\/sde\/wp-content\/uploads\/sites\/15\/2023\/01\/SDE-REBPF-IlluTotales-Logement-Collectif-1-1200x900.png 1200w, https:\/\/www.service-public.pf\/sde\/wp-content\/uploads\/sites\/15\/2023\/01\/SDE-REBPF-IlluTotales-Logement-Collectif-1.png 1453w\" sizes=\"(max-width: 1024px) 100vw, (max-width: 640px) 100vw, 800px\" \/><\/span><\/div><\/div><\/div><div class=\"fusion-layout-column fusion_builder_column_inner fusion-builder-nested-column-265 fusion_builder_column_inner_2_3 2_3 fusion-flex-column\" style=\"--awb-bg-size:cover;--awb-width-large:66.666666666667%;--awb-margin-top-large:0px;--awb-spacing-right-large:2.88%;--awb-margin-bottom-large:20px;--awb-spacing-left-large:2.88%;--awb-width-medium:100%;--awb-order-medium:0;--awb-spacing-right-medium:1.92%;--awb-spacing-left-medium:1.92%;--awb-width-small:100%;--awb-order-small:0;--awb-spacing-right-small:1.92%;--awb-spacing-left-small:1.92%;\"><div class=\"fusion-column-wrapper fusion-column-has-shadow fusion-flex-justify-content-center fusion-content-layout-column\"><div class=\"fusion-text fusion-text-207\" style=\"--awb-content-alignment:center;--awb-font-size:24pt;\"><p>Localisation\u00a0du projet : <strong>Marquises \u00e0 une altitude sup\u00e9rieure ou \u00e9gale \u00e0 500 m\u00e8tres<\/strong><\/p>\n<p>Typologie de la construction\u00a0: <strong>Logement collectif<\/strong><\/p>\n<\/div><\/div><\/div><div class=\"fusion-layout-column fusion_builder_column_inner fusion-builder-nested-column-266 fusion_builder_column_inner_1_1 1_1 fusion-flex-column\" style=\"--awb-bg-size:cover;--awb-width-large:100%;--awb-margin-top-large:0px;--awb-spacing-right-large:1.92%;--awb-margin-bottom-large:20px;--awb-spacing-left-large:1.92%;--awb-width-medium:100%;--awb-order-medium:0;--awb-spacing-right-medium:1.92%;--awb-spacing-left-medium:1.92%;--awb-width-small:100%;--awb-order-small:0;--awb-spacing-right-small:1.92%;--awb-spacing-left-small:1.92%;\"><div class=\"fusion-column-wrapper fusion-column-has-shadow fusion-flex-justify-content-flex-start fusion-content-layout-column\"><div class=\"fusion-separator fusion-full-width-sep\" style=\"align-self: center;margin-left: auto;margin-right: auto;margin-bottom:20px;width:100%;\"><div class=\"fusion-separator-border sep-shadow\" style=\"--awb-height:20px;--awb-amount:20px;background:radial-gradient(ellipse at 50% -50% , #e0dede 0px, rgba(255, 255, 255, 0) 80%) repeat scroll 0 0 rgba(0, 0, 0, 0);background:-webkit-radial-gradient(ellipse at 50% -50% , #e0dede 0px, rgba(255, 255, 255, 0) 80%) repeat scroll 0 0 rgba(0, 0, 0, 0);background:-moz-radial-gradient(ellipse at 50% -50% , #e0dede 0px, rgba(255, 255, 255, 0) 80%) repeat scroll 0 0 rgba(0, 0, 0, 0);background:-o-radial-gradient(ellipse at 50% -50% , #e0dede 0px, rgba(255, 255, 255, 0) 80%) repeat scroll 0 0 rgba(0, 0, 0, 0);\"><\/div><\/div><\/div><\/div><div class=\"fusion-layout-column fusion_builder_column_inner fusion-builder-nested-column-267 fusion_builder_column_inner_1_1 1_1 fusion-flex-column\" style=\"--awb-bg-color:#ffffff;--awb-bg-color-hover:#ffffff;--awb-bg-size:cover;--awb-width-large:100%;--awb-margin-top-large:0px;--awb-spacing-right-large:1.92%;--awb-margin-bottom-large:20px;--awb-spacing-left-large:1.92%;--awb-width-medium:100%;--awb-order-medium:0;--awb-spacing-right-medium:1.92%;--awb-spacing-left-medium:1.92%;--awb-width-small:100%;--awb-order-small:0;--awb-spacing-right-small:1.92%;--awb-spacing-left-small:1.92%;\"><div class=\"fusion-column-wrapper fusion-column-has-shadow fusion-flex-justify-content-flex-start fusion-content-layout-column\"><div class=\"fusion-text fusion-text-208\" style=\"--awb-text-color:#000000;\"><p><strong>Th\u00e9matiques applicables :<\/strong><\/p>\n<\/div><div class=\"accordian fusion-accordian\" style=\"--awb-border-size:1px;--awb-icon-size:13px;--awb-content-font-size:13px;--awb-icon-alignment:left;--awb-hover-color:#f9f9f9;--awb-border-color:#cccccc;--awb-background-color:#ffffff;--awb-divider-color:#e0dede;--awb-divider-hover-color:#e0dede;--awb-icon-color:#ffffff;--awb-title-color:#333333;--awb-content-color:#747474;--awb-icon-box-color:#333333;--awb-toggle-hover-accent-color:#26a147;--awb-title-font-family:&quot;PT Sans&quot;;--awb-title-font-weight:400;--awb-title-font-style:normal;--awb-title-font-size:13px;--awb-content-font-family:&quot;PT Sans&quot;;--awb-content-font-style:normal;--awb-content-font-weight:400;\"><div class=\"panel-group fusion-toggle-icon-boxed\" id=\"accordion-3355-52\"><div class=\"fusion-panel panel-default panel-ced47cb82daf8a18f fusion-toggle-has-divider\" style=\"--awb-title-color:#333333;--awb-content-color:#747474;\"><div class=\"panel-heading\"><h4 class=\"panel-title toggle\" id=\"toggle_ced47cb82daf8a18f\"><a aria-expanded=\"false\" aria-controls=\"ced47cb82daf8a18f\" role=\"button\" data-toggle=\"collapse\" data-parent=\"#accordion-3355-52\" data-target=\"#ced47cb82daf8a18f\" href=\"#ced47cb82daf8a18f\"><span class=\"fusion-toggle-icon-wrapper\" aria-hidden=\"true\"><i class=\"fa-fusion-box active-icon awb-icon-minus\" aria-hidden=\"true\"><\/i><i class=\"fa-fusion-box inactive-icon awb-icon-plus\" aria-hidden=\"true\"><\/i><\/span><span class=\"fusion-toggle-heading\">Protection solaire de la toiture<\/span><\/a><\/h4><\/div><div id=\"ced47cb82daf8a18f\" class=\"panel-collapse collapse \" aria-labelledby=\"toggle_ced47cb82daf8a18f\"><div class=\"panel-body toggle-content fusion-clearfix\">\n<table style=\"width: 100%;height: 187px\">\n<tbody>\n<tr style=\"height: 187px\">\n<td style=\"height: 187px\"><span style=\"color: #000000\"><strong><span style=\"text-decoration: underline\">Locaux concern\u00e9s<\/span> :<\/strong><\/span><\/p>\n<ul>\n<li>Locaux clos et climatis\u00e9s ou occup\u00e9s (exemples\u00a0: chambre, s\u00e9jour, bureau, \u2026)<\/li>\n<li>Locaux clos non-occup\u00e9s donnant <u>directement<\/u> sur les locaux ci-dessus, hors locaux techniques, stationnements et espaces de stockage non climatis\u00e9s (exemples : sanitaires, salle de bain, buanderie, local poubelle, \u2026)<\/li>\n<\/ul>\n<\/td>\n<td style=\"height: 187px\"><img decoding=\"async\" class=\"alignright wp-image-3430\" src=\"https:\/\/www.service-public.pf\/sde\/wp-content\/uploads\/sites\/15\/2023\/01\/SDE-REBPF-IlluTotales-Logement-Collectif-ProToiture-1.png\" alt=\"\" width=\"300\" height=\"225\" \/><\/td>\n<\/tr>\n<\/tbody>\n<\/table>\n<p style=\"color: #000000\"><strong><span style=\"text-decoration: underline\">Seuils \u00e0 respecter : <\/span><\/strong><\/p>\n<table class=\"table table-bordered\" style=\"width: 100%\">\n<tbody>\n<tr>\n<td style=\"width: 24.0317%\"><strong>Mesure<\/strong><\/td>\n<td style=\"width: 4.78677%\"><strong>Seuil<\/strong><\/td>\n<td style=\"width: 58.7865%\"><strong>Exemples de solutions<\/strong><\/td>\n<\/tr>\n<tr>\n<td style=\"width: 24.0317%\">Facteur solaire maximal de la toiture<\/td>\n<td style=\"width: 4.78677%\">2,5%<\/td>\n<td style=\"width: 58.7865%\">\n<ul>\n<li>Toiture (avec combles) en t\u00f4le de teinte claire avec 3 cm de laine min\u00e9rale minimum<\/li>\n<li>Toiture (avec combles) en t\u00f4le de teinte moyenne avec 5 cm de laine min\u00e9rale minimum<\/li>\n<li>Toiture (avec combles) en t\u00f4le de teinte sombre avec 7,5 cm de laine min\u00e9rale minimum<\/li>\n<li>Toiture terrasse en b\u00e9ton de teinte moyenne avec 6 cm de polystyr\u00e8ne expans\u00e9 minimum<\/li>\n<li>Toiture terrasse en b\u00e9ton avec sur-toiture largement ventil\u00e9e<\/li>\n<\/ul>\n<\/td>\n<\/tr>\n<\/tbody>\n<\/table>\n<p style=\"color: #000000\"><strong>Pour plus d'informations sur l'application de ces th\u00e9matiques, consultez la fiche suivante :<\/strong><\/p>\n<ul>\n<li><a href=\"https:\/\/www.service-public.pf\/sde\/wp-content\/uploads\/sites\/15\/2023\/09\/Fiche-02-Protection-solaire-des-parois-opaques-horizontales-Toitures.pdf\">Fiche d\u2019application \u00ab\u00a0Protection solaire de la toiture\u00a0\u00bb<\/a><\/li>\n<\/ul>\n<\/div><\/div><\/div><\/div><\/div><div class=\"fusion-text fusion-text-209\" style=\"--awb-margin-top:10px;\"><p><span style=\"color: #000000\"><strong>Informations relatives aux demandes de permis de construire et au certificat de conformit\u00e9<\/strong><\/span><\/p>\n<p>Le p\u00e9titionnaire remplit les nouveaux formulaires de demande de permis de construire et de certificat de conformit\u00e9 de la DCA qui int\u00e8grent la d\u00e9claration du respect de la r\u00e9glementation.<\/p>\n<p><strong>Si les surfaces de plancher construites cumul\u00e9es* sont sup\u00e9rieures \u00e0 250 m\u00b2 de plancher, les demandes de permis de construire et de certificat de conformit\u00e9 doivent \u00eatre accompagn\u00e9es de l\u2019avis d\u2019un organisme agr\u00e9\u00e9<\/strong><\/p>\n<ul>\n<li><a href=\"https:\/\/www.service-public.pf\/sde\/organismes-agrees\/\">Parcourir la page d\u00e9di\u00e9e aux organismes agr\u00e9\u00e9s<\/a><\/li>\n<\/ul>\n<p><em><span style=\"font-size: 10pt\">* Les surfaces de plancher \u00e0 consid\u00e9rer sont celles de n\u2019importe quel b\u00e2timent neuf rattach\u00e9 au projet de construction, d\u00e8s lors que la typologie associ\u00e9e est bureaux, enseignement, \u00e9tablissement de soin, h\u00f4tellerie ou logement collectif.<\/span><\/em><\/p>\n<p><span style=\"color: #000000\"><strong>Informations sur les dispositions applicables \u00e0 la typologie <\/strong>(ne consulter que les rubriques des th\u00e9matiques concernant le projet de construction)<strong>\u00a0:<\/strong><\/span><\/p>\n<ul>\n<li><a href=\"https:\/\/www.service-public.pf\/sde\/wp-content\/uploads\/sites\/15\/2023\/04\/REPBF_Depliants_LogementCollectif_Pages-V2.pdf\">D\u00e9pliant \u00ab\u00a0Logement collectif\u00a0\u00bb<br \/>\n<\/a><\/li>\n<\/ul>\n<\/div><\/div><\/div><\/div><\/div><\/div><div class=\"fusion-layout-column fusion_builder_column fusion-builder-column-67 fusion_builder_column_4_5 4_5 fusion-flex-column vct_marquises_sup500_content\" style=\"--awb-bg-size:cover;--awb-width-large:80%;--awb-flex-grow:0;--awb-flex-shrink:0;--awb-margin-top-large:0px;--awb-spacing-right-large:2.4%;--awb-margin-bottom-large:20px;--awb-spacing-left-large:2.4%;--awb-width-medium:100%;--awb-order-medium:0;--awb-flex-grow-medium:0;--awb-flex-shrink-medium:0;--awb-spacing-right-medium:1.92%;--awb-spacing-left-medium:1.92%;--awb-width-small:100%;--awb-order-small:0;--awb-flex-grow-small:0;--awb-flex-shrink-small:0;--awb-spacing-right-small:1.92%;--awb-spacing-left-small:1.92%;\" id=\"vct_marquises_sup500_batimentdebureaux_content\"><div class=\"fusion-column-wrapper fusion-column-has-shadow fusion-flex-justify-content-flex-start fusion-content-layout-column\"><div class=\"fusion-title title fusion-title-56 fusion-sep-none fusion-title-center fusion-title-text fusion-title-size-two hidden\" style=\"--awb-margin-top-small:0px;--awb-margin-right-small:0px;--awb-margin-bottom-small:20px;--awb-margin-left-small:0px;\"><h2 class=\"fusion-title-heading title-heading-center\" style=\"margin:0;\">Protection solaire de la toiture + D\u00e9pliant bureaux + Fiche d'information bureaux + Formulaire 2-MT<\/h2><\/div><div class=\"fusion-text fusion-text-210 vct_description_typologie\"><p>Il s\u2019agit d\u2019un b\u00e2timent ou d\u2019une partie de b\u00e2timent \u00e0 usage de bureaux, banque, administration,<br \/>\nespace de coworking comprenant \u00e9galement leurs locaux accessoires (sanitaires, salles de r\u00e9union,<br \/>\ncaf\u00e9taria, \u2026).<\/p>\n<p><em>A noter que le ou les locaux de bureaux qui se rattachent \u00e0 une autre destination ne sont pas associ\u00e9s<\/em><br \/>\n<em>\u00e0 la typologie \u00ab bureaux \u00bb mais \u00e0 la typologie du b\u00e2timent ou de la partie de b\u00e2timent. Par exemple,<\/em><br \/>\n<em>le bureau d\u2019un garage automobile est associ\u00e9 au garage, qui ne correspond pas \u00e0 une typologie<\/em><br \/>\n<em>particuli\u00e8re et correspond donc \u00e0 la section \u00ab\u00a0autre b\u00e2timent\u00a0\u00bb. M\u00eame chose pour un bureau<\/em><br \/>\n<em>administratif d\u2019une salle de sport.<\/em><\/p>\n<\/div><div class=\"fusion-builder-row fusion-builder-row-inner fusion-row fusion-flex-align-items-flex-start fusion-flex-justify-content-center fusion-flex-content-wrap\" style=\"--awb-flex-grow:0;--awb-flex-grow-medium:0;--awb-flex-grow-small:0;--awb-flex-shrink:0;--awb-flex-shrink-medium:0;--awb-flex-shrink-small:0;width:104% !important;max-width:104% !important;margin-left: calc(-4% \/ 2 );margin-right: calc(-4% \/ 2 );\"><div class=\"fusion-layout-column fusion_builder_column_inner fusion-builder-nested-column-268 fusion_builder_column_inner_1_1 1_1 fusion-flex-column\" style=\"--awb-bg-size:cover;--awb-width-large:100%;--awb-margin-top-large:0px;--awb-spacing-right-large:1.92%;--awb-margin-bottom-large:20px;--awb-spacing-left-large:1.92%;--awb-width-medium:100%;--awb-order-medium:0;--awb-spacing-right-medium:1.92%;--awb-spacing-left-medium:1.92%;--awb-width-small:100%;--awb-order-small:0;--awb-spacing-right-small:1.92%;--awb-spacing-left-small:1.92%;\"><div class=\"fusion-column-wrapper fusion-column-has-shadow fusion-flex-justify-content-flex-start fusion-content-layout-column\"><div class=\"fusion-separator fusion-full-width-sep\" style=\"align-self: center;margin-left: auto;margin-right: auto;width:100%;\"><div class=\"fusion-separator-border sep-shadow\" style=\"--awb-height:20px;--awb-amount:20px;background:radial-gradient(ellipse at 50% -50% , #e0dede 0px, rgba(255, 255, 255, 0) 80%) repeat scroll 0 0 rgba(0, 0, 0, 0);background:-webkit-radial-gradient(ellipse at 50% -50% , #e0dede 0px, rgba(255, 255, 255, 0) 80%) repeat scroll 0 0 rgba(0, 0, 0, 0);background:-moz-radial-gradient(ellipse at 50% -50% , #e0dede 0px, rgba(255, 255, 255, 0) 80%) repeat scroll 0 0 rgba(0, 0, 0, 0);background:-o-radial-gradient(ellipse at 50% -50% , #e0dede 0px, rgba(255, 255, 255, 0) 80%) repeat scroll 0 0 rgba(0, 0, 0, 0);\"><\/div><\/div><\/div><\/div><div class=\"fusion-layout-column fusion_builder_column_inner fusion-builder-nested-column-269 fusion_builder_column_inner_1_3 1_3 fusion-flex-column\" style=\"--awb-bg-size:cover;--awb-width-large:33.333333333333%;--awb-margin-top-large:0px;--awb-spacing-right-large:2vw;--awb-margin-bottom-large:20px;--awb-spacing-left-large:5.76%;--awb-width-medium:100%;--awb-order-medium:0;--awb-spacing-right-medium:1.92%;--awb-spacing-left-medium:1.92%;--awb-width-small:100%;--awb-order-small:0;--awb-spacing-right-small:1.92%;--awb-spacing-left-small:1.92%;\"><div class=\"fusion-column-wrapper fusion-column-has-shadow fusion-flex-justify-content-flex-start fusion-content-layout-column\"><div class=\"fusion-image-element \" style=\"text-align:right;--awb-max-width:450px;--awb-caption-title-font-family:var(--h2_typography-font-family);--awb-caption-title-font-weight:var(--h2_typography-font-weight);--awb-caption-title-font-style:var(--h2_typography-font-style);--awb-caption-title-size:var(--h2_typography-font-size);--awb-caption-title-transform:var(--h2_typography-text-transform);--awb-caption-title-line-height:var(--h2_typography-line-height);--awb-caption-title-letter-spacing:var(--h2_typography-letter-spacing);\"><span class=\" fusion-imageframe imageframe-none imageframe-53 hover-type-none\"><img decoding=\"async\" width=\"300\" height=\"225\" title=\"SDE REBPF IlluTotales Bureau\" src=\"https:\/\/www.service-public.pf\/sde\/wp-content\/uploads\/sites\/15\/2023\/01\/SDE-REBPF-IlluTotales-Bureau-300x225.png\" alt class=\"img-responsive wp-image-3431\" srcset=\"https:\/\/www.service-public.pf\/sde\/wp-content\/uploads\/sites\/15\/2023\/01\/SDE-REBPF-IlluTotales-Bureau-200x150.png 200w, https:\/\/www.service-public.pf\/sde\/wp-content\/uploads\/sites\/15\/2023\/01\/SDE-REBPF-IlluTotales-Bureau-400x300.png 400w, https:\/\/www.service-public.pf\/sde\/wp-content\/uploads\/sites\/15\/2023\/01\/SDE-REBPF-IlluTotales-Bureau-600x450.png 600w, https:\/\/www.service-public.pf\/sde\/wp-content\/uploads\/sites\/15\/2023\/01\/SDE-REBPF-IlluTotales-Bureau-800x600.png 800w, https:\/\/www.service-public.pf\/sde\/wp-content\/uploads\/sites\/15\/2023\/01\/SDE-REBPF-IlluTotales-Bureau-1200x900.png 1200w, https:\/\/www.service-public.pf\/sde\/wp-content\/uploads\/sites\/15\/2023\/01\/SDE-REBPF-IlluTotales-Bureau.png 1453w\" sizes=\"(max-width: 1024px) 100vw, (max-width: 640px) 100vw, 800px\" \/><\/span><\/div><\/div><\/div><div class=\"fusion-layout-column fusion_builder_column_inner fusion-builder-nested-column-270 fusion_builder_column_inner_2_3 2_3 fusion-flex-column\" style=\"--awb-bg-size:cover;--awb-width-large:66.666666666667%;--awb-margin-top-large:0px;--awb-spacing-right-large:2.88%;--awb-margin-bottom-large:20px;--awb-spacing-left-large:2.88%;--awb-width-medium:100%;--awb-order-medium:0;--awb-spacing-right-medium:1.92%;--awb-spacing-left-medium:1.92%;--awb-width-small:100%;--awb-order-small:0;--awb-spacing-right-small:1.92%;--awb-spacing-left-small:1.92%;\"><div class=\"fusion-column-wrapper fusion-column-has-shadow fusion-flex-justify-content-center fusion-content-layout-column\"><div class=\"fusion-text fusion-text-211\" style=\"--awb-content-alignment:center;--awb-font-size:24pt;\"><p>Localisation\u00a0du projet : <strong>Marquises\u00a0\u00e0 une altitude sup\u00e9rieure ou \u00e9gale \u00e0 500 m\u00e8tres<\/strong><\/p>\n<p>Typologie de la construction\u00a0: <strong>Bureaux<\/strong><\/p>\n<\/div><\/div><\/div><div class=\"fusion-layout-column fusion_builder_column_inner fusion-builder-nested-column-271 fusion_builder_column_inner_1_1 1_1 fusion-flex-column\" style=\"--awb-bg-size:cover;--awb-width-large:100%;--awb-margin-top-large:0px;--awb-spacing-right-large:1.92%;--awb-margin-bottom-large:20px;--awb-spacing-left-large:1.92%;--awb-width-medium:100%;--awb-order-medium:0;--awb-spacing-right-medium:1.92%;--awb-spacing-left-medium:1.92%;--awb-width-small:100%;--awb-order-small:0;--awb-spacing-right-small:1.92%;--awb-spacing-left-small:1.92%;\"><div class=\"fusion-column-wrapper fusion-column-has-shadow fusion-flex-justify-content-flex-start fusion-content-layout-column\"><div class=\"fusion-separator fusion-full-width-sep\" style=\"align-self: center;margin-left: auto;margin-right: auto;margin-bottom:20px;width:100%;\"><div class=\"fusion-separator-border sep-shadow\" style=\"--awb-height:20px;--awb-amount:20px;background:radial-gradient(ellipse at 50% -50% , #e0dede 0px, rgba(255, 255, 255, 0) 80%) repeat scroll 0 0 rgba(0, 0, 0, 0);background:-webkit-radial-gradient(ellipse at 50% -50% , #e0dede 0px, rgba(255, 255, 255, 0) 80%) repeat scroll 0 0 rgba(0, 0, 0, 0);background:-moz-radial-gradient(ellipse at 50% -50% , #e0dede 0px, rgba(255, 255, 255, 0) 80%) repeat scroll 0 0 rgba(0, 0, 0, 0);background:-o-radial-gradient(ellipse at 50% -50% , #e0dede 0px, rgba(255, 255, 255, 0) 80%) repeat scroll 0 0 rgba(0, 0, 0, 0);\"><\/div><\/div><\/div><\/div><div class=\"fusion-layout-column fusion_builder_column_inner fusion-builder-nested-column-272 fusion_builder_column_inner_1_1 1_1 fusion-flex-column\" style=\"--awb-bg-color:#ffffff;--awb-bg-color-hover:#ffffff;--awb-bg-size:cover;--awb-width-large:100%;--awb-margin-top-large:0px;--awb-spacing-right-large:1.92%;--awb-margin-bottom-large:20px;--awb-spacing-left-large:1.92%;--awb-width-medium:100%;--awb-order-medium:0;--awb-spacing-right-medium:1.92%;--awb-spacing-left-medium:1.92%;--awb-width-small:100%;--awb-order-small:0;--awb-spacing-right-small:1.92%;--awb-spacing-left-small:1.92%;\"><div class=\"fusion-column-wrapper fusion-column-has-shadow fusion-flex-justify-content-flex-start fusion-content-layout-column\"><div class=\"fusion-text fusion-text-212\" style=\"--awb-text-color:#000000;\"><p><strong>Th\u00e9matiques applicables :<\/strong><\/p>\n<\/div><div class=\"accordian fusion-accordian\" style=\"--awb-border-size:1px;--awb-icon-size:13px;--awb-content-font-size:13px;--awb-icon-alignment:left;--awb-hover-color:#f9f9f9;--awb-border-color:#cccccc;--awb-background-color:#ffffff;--awb-divider-color:#e0dede;--awb-divider-hover-color:#e0dede;--awb-icon-color:#ffffff;--awb-title-color:#333333;--awb-content-color:#747474;--awb-icon-box-color:#333333;--awb-toggle-hover-accent-color:#26a147;--awb-title-font-family:&quot;PT Sans&quot;;--awb-title-font-weight:400;--awb-title-font-style:normal;--awb-title-font-size:13px;--awb-content-font-family:&quot;PT Sans&quot;;--awb-content-font-style:normal;--awb-content-font-weight:400;\"><div class=\"panel-group fusion-toggle-icon-boxed\" id=\"accordion-3355-53\"><div class=\"fusion-panel panel-default panel-03ad8b7cc006bf9ce fusion-toggle-has-divider\" style=\"--awb-title-color:#333333;--awb-content-color:#747474;\"><div class=\"panel-heading\"><h4 class=\"panel-title toggle\" id=\"toggle_03ad8b7cc006bf9ce\"><a aria-expanded=\"false\" aria-controls=\"03ad8b7cc006bf9ce\" role=\"button\" data-toggle=\"collapse\" data-parent=\"#accordion-3355-53\" data-target=\"#03ad8b7cc006bf9ce\" href=\"#03ad8b7cc006bf9ce\"><span class=\"fusion-toggle-icon-wrapper\" aria-hidden=\"true\"><i class=\"fa-fusion-box active-icon awb-icon-minus\" aria-hidden=\"true\"><\/i><i class=\"fa-fusion-box inactive-icon awb-icon-plus\" aria-hidden=\"true\"><\/i><\/span><span class=\"fusion-toggle-heading\">Protection solaire de la toiture<\/span><\/a><\/h4><\/div><div id=\"03ad8b7cc006bf9ce\" class=\"panel-collapse collapse \" aria-labelledby=\"toggle_03ad8b7cc006bf9ce\"><div class=\"panel-body toggle-content fusion-clearfix\">\n<table style=\"width: 100%;height: 187px\">\n<tbody>\n<tr style=\"height: 187px\">\n<td style=\"height: 187px\"><span style=\"color: #000000\"><strong><span style=\"text-decoration: underline\">Locaux concern\u00e9s<\/span> :<\/strong><\/span><\/p>\n<ul>\n<li>Locaux clos et climatis\u00e9s ou occup\u00e9s (exemples : bureau, salle de r\u00e9union, espace d\u2019accueil avec personnel permanent, locaux d\u2019activit\u00e9s diverses : caf\u00e9t\u00e9ria, r\u00e9fectoire, salle de sport, \u2026)<\/li>\n<li>Locaux clos non-occup\u00e9s donnant <u>directement<\/u> sur les locaux ci-dessus, hors locaux techniques, stationnements et espaces de stockage non climatis\u00e9s (exemples : sanitaires, circulation, hall, \u2026)<\/li>\n<\/ul>\n<\/td>\n<td style=\"height: 187px\"><img decoding=\"async\" class=\"alignright wp-image-3430\" src=\"https:\/\/www.service-public.pf\/sde\/wp-content\/uploads\/sites\/15\/2023\/01\/SDE-REBPF-IlluTotales-Bureau-ProToiture.png\" alt=\"\" width=\"300\" height=\"225\" \/><\/td>\n<\/tr>\n<\/tbody>\n<\/table>\n<p style=\"color: #000000\"><strong><span style=\"text-decoration: underline\">Seuils \u00e0 respecter : <\/span><\/strong><\/p>\n<table class=\"table table-bordered\" style=\"width: 100%\">\n<tbody>\n<tr>\n<td style=\"width: 24.0317%\"><strong>Mesure<\/strong><\/td>\n<td style=\"width: 4.78677%\"><strong>Seuil<\/strong><\/td>\n<td style=\"width: 58.7865%\"><strong>Exemples de solutions<\/strong><\/td>\n<\/tr>\n<tr>\n<td style=\"width: 24.0317%\">Facteur solaire maximal de la toiture<\/td>\n<td style=\"width: 4.78677%\">2,5%<\/td>\n<td style=\"width: 58.7865%\">\n<ul>\n<li>Toiture (avec combles) en t\u00f4le de teinte claire avec 3 cm de laine min\u00e9rale minimum<\/li>\n<li>Toiture (avec combles) en t\u00f4le de teinte moyenne avec 5 cm de laine min\u00e9rale minimum<\/li>\n<li>Toiture (avec combles) en t\u00f4le de teinte sombre avec 7,5 cm de laine min\u00e9rale minimum<\/li>\n<li>Toiture terrasse en b\u00e9ton de teinte moyenne avec 6 cm de polystyr\u00e8ne expans\u00e9 minimum<\/li>\n<li>Toiture terrasse en b\u00e9ton avec sur-toiture largement ventil\u00e9e<\/li>\n<\/ul>\n<\/td>\n<\/tr>\n<\/tbody>\n<\/table>\n<p style=\"color: #000000\"><strong>Pour plus d'informations sur l'application de ces th\u00e9matiques, consultez la fiche suivante :<\/strong><\/p>\n<ul>\n<li><a href=\"https:\/\/www.service-public.pf\/sde\/wp-content\/uploads\/sites\/15\/2023\/09\/Fiche-02-Protection-solaire-des-parois-opaques-horizontales-Toitures.pdf\">Fiche d\u2019application \u00ab\u00a0Protection solaire de la toiture\u00a0\u00bb<\/a><\/li>\n<\/ul>\n<\/div><\/div><\/div><\/div><\/div><div class=\"fusion-text fusion-text-213\" style=\"--awb-margin-top:10px;\"><p><span style=\"color: #000000\"><strong>Informations relatives aux demandes de permis de construire et au certificat de conformit\u00e9<\/strong><\/span><\/p>\n<p>Le p\u00e9titionnaire remplit les nouveaux formulaires de demande de permis de construire et de certificat de conformit\u00e9 de la DCA qui int\u00e8grent la d\u00e9claration du respect de la r\u00e9glementation.<\/p>\n<p><strong>Si les surfaces de plancher construites cumul\u00e9es* sont sup\u00e9rieures \u00e0 250 m\u00b2 de plancher, les demandes de permis de construire et de certificat de conformit\u00e9 doivent \u00eatre accompagn\u00e9es de l\u2019avis d\u2019un organisme agr\u00e9\u00e9<\/strong><\/p>\n<ul>\n<li><a href=\"https:\/\/www.service-public.pf\/sde\/organismes-agrees\/\">Parcourir la page d\u00e9di\u00e9e aux organismes agr\u00e9\u00e9s<\/a><\/li>\n<\/ul>\n<p><em><span style=\"font-size: 10pt\">* Les surfaces de plancher \u00e0 consid\u00e9rer sont celles de n\u2019importe quel b\u00e2timent neuf rattach\u00e9 au projet de construction, d\u00e8s lors que la typologie associ\u00e9e est bureaux, enseignement, \u00e9tablissement de soin, h\u00f4tellerie ou logement collectif.<\/span><\/em><\/p>\n<p><span style=\"color: #000000\"><strong>Informations sur les dispositions applicables \u00e0 la typologie <\/strong>(ne consulter que les rubriques des th\u00e9matiques concernant le projet de construction)<strong>\u00a0:<\/strong><\/span><\/p>\n<ul>\n<li><a href=\"https:\/\/www.service-public.pf\/sde\/wp-content\/uploads\/sites\/15\/2023\/04\/REPBF_Depliants_Bureaux_Pages-V2.pdf\">D\u00e9pliant \u00ab\u00a0Bureaux\u00a0\u00bb<\/a><\/li>\n<\/ul>\n<\/div><\/div><\/div><\/div><\/div><\/div><div class=\"fusion-layout-column fusion_builder_column fusion-builder-column-68 fusion_builder_column_4_5 4_5 fusion-flex-column vct_marquises_sup500_content\" style=\"--awb-bg-size:cover;--awb-width-large:80%;--awb-flex-grow:0;--awb-flex-shrink:0;--awb-margin-top-large:0px;--awb-spacing-right-large:2.4%;--awb-margin-bottom-large:20px;--awb-spacing-left-large:2.4%;--awb-width-medium:100%;--awb-order-medium:0;--awb-flex-grow-medium:0;--awb-flex-shrink-medium:0;--awb-spacing-right-medium:1.92%;--awb-spacing-left-medium:1.92%;--awb-width-small:100%;--awb-order-small:0;--awb-flex-grow-small:0;--awb-flex-shrink-small:0;--awb-spacing-right-small:1.92%;--awb-spacing-left-small:1.92%;\" id=\"vct_marquises_sup500_etablissementdesoin_content\"><div class=\"fusion-column-wrapper fusion-column-has-shadow fusion-flex-justify-content-flex-start fusion-content-layout-column\"><div class=\"fusion-title title fusion-title-57 fusion-sep-none fusion-title-center fusion-title-text fusion-title-size-two hidden\" style=\"--awb-margin-top-small:0px;--awb-margin-right-small:0px;--awb-margin-bottom-small:20px;--awb-margin-left-small:0px;\"><h2 class=\"fusion-title-heading title-heading-center\" style=\"margin:0;\">Protection solaire de la toiture + D\u00e9pliant \u00e9tablissement de soin + Fiche d'information \u00e9tablissement de soin + Formulaire 2-MT<\/h2><\/div><div class=\"fusion-text fusion-text-214 vct_description_typologie\"><p>Il s\u2019agit d\u2019un b\u00e2timent ou d\u2019une partie de b\u00e2timent \u00e0 usage d\u2019h\u00f4pital, clinique et tout autre<br \/>\n\u00e9tablissement de service public ou d\u2019int\u00e9r\u00eat collectif de la sant\u00e9 et leurs locaux accessoires ; ainsi que<br \/>\nles structures d\u2019accueil pour personnes \u00e2g\u00e9es et personnes handicap\u00e9es et leurs locaux accessoires.<\/p>\n<\/div><div class=\"fusion-builder-row fusion-builder-row-inner fusion-row fusion-flex-align-items-flex-start fusion-flex-justify-content-center fusion-flex-content-wrap\" style=\"--awb-flex-grow:0;--awb-flex-grow-medium:0;--awb-flex-grow-small:0;--awb-flex-shrink:0;--awb-flex-shrink-medium:0;--awb-flex-shrink-small:0;width:104% !important;max-width:104% !important;margin-left: calc(-4% \/ 2 );margin-right: calc(-4% \/ 2 );\"><div class=\"fusion-layout-column fusion_builder_column_inner fusion-builder-nested-column-273 fusion_builder_column_inner_1_1 1_1 fusion-flex-column\" style=\"--awb-bg-size:cover;--awb-width-large:100%;--awb-margin-top-large:0px;--awb-spacing-right-large:1.92%;--awb-margin-bottom-large:20px;--awb-spacing-left-large:1.92%;--awb-width-medium:100%;--awb-order-medium:0;--awb-spacing-right-medium:1.92%;--awb-spacing-left-medium:1.92%;--awb-width-small:100%;--awb-order-small:0;--awb-spacing-right-small:1.92%;--awb-spacing-left-small:1.92%;\"><div class=\"fusion-column-wrapper fusion-column-has-shadow fusion-flex-justify-content-flex-start fusion-content-layout-column\"><div class=\"fusion-separator fusion-full-width-sep\" style=\"align-self: center;margin-left: auto;margin-right: auto;width:100%;\"><div class=\"fusion-separator-border sep-shadow\" style=\"--awb-height:20px;--awb-amount:20px;background:radial-gradient(ellipse at 50% -50% , #e0dede 0px, rgba(255, 255, 255, 0) 80%) repeat scroll 0 0 rgba(0, 0, 0, 0);background:-webkit-radial-gradient(ellipse at 50% -50% , #e0dede 0px, rgba(255, 255, 255, 0) 80%) repeat scroll 0 0 rgba(0, 0, 0, 0);background:-moz-radial-gradient(ellipse at 50% -50% , #e0dede 0px, rgba(255, 255, 255, 0) 80%) repeat scroll 0 0 rgba(0, 0, 0, 0);background:-o-radial-gradient(ellipse at 50% -50% , #e0dede 0px, rgba(255, 255, 255, 0) 80%) repeat scroll 0 0 rgba(0, 0, 0, 0);\"><\/div><\/div><\/div><\/div><div class=\"fusion-layout-column fusion_builder_column_inner fusion-builder-nested-column-274 fusion_builder_column_inner_1_3 1_3 fusion-flex-column\" style=\"--awb-bg-size:cover;--awb-width-large:33.333333333333%;--awb-margin-top-large:0px;--awb-spacing-right-large:2vw;--awb-margin-bottom-large:20px;--awb-spacing-left-large:5.76%;--awb-width-medium:100%;--awb-order-medium:0;--awb-spacing-right-medium:1.92%;--awb-spacing-left-medium:1.92%;--awb-width-small:100%;--awb-order-small:0;--awb-spacing-right-small:1.92%;--awb-spacing-left-small:1.92%;\"><div class=\"fusion-column-wrapper fusion-column-has-shadow fusion-flex-justify-content-flex-start fusion-content-layout-column\"><div class=\"fusion-image-element \" style=\"text-align:right;--awb-max-width:450px;--awb-caption-title-font-family:var(--h2_typography-font-family);--awb-caption-title-font-weight:var(--h2_typography-font-weight);--awb-caption-title-font-style:var(--h2_typography-font-style);--awb-caption-title-size:var(--h2_typography-font-size);--awb-caption-title-transform:var(--h2_typography-text-transform);--awb-caption-title-line-height:var(--h2_typography-line-height);--awb-caption-title-letter-spacing:var(--h2_typography-letter-spacing);\"><span class=\" fusion-imageframe imageframe-none imageframe-54 hover-type-none\"><img decoding=\"async\" width=\"300\" height=\"225\" title=\"SDE REBPF IlluTotales Etablissement Soin\" src=\"https:\/\/www.service-public.pf\/sde\/wp-content\/uploads\/sites\/15\/2023\/01\/SDE-REBPF-IlluTotales-Etablissement-Soin-300x225.png\" alt class=\"img-responsive wp-image-3441\" srcset=\"https:\/\/www.service-public.pf\/sde\/wp-content\/uploads\/sites\/15\/2023\/01\/SDE-REBPF-IlluTotales-Etablissement-Soin-200x150.png 200w, https:\/\/www.service-public.pf\/sde\/wp-content\/uploads\/sites\/15\/2023\/01\/SDE-REBPF-IlluTotales-Etablissement-Soin-400x300.png 400w, https:\/\/www.service-public.pf\/sde\/wp-content\/uploads\/sites\/15\/2023\/01\/SDE-REBPF-IlluTotales-Etablissement-Soin-600x450.png 600w, https:\/\/www.service-public.pf\/sde\/wp-content\/uploads\/sites\/15\/2023\/01\/SDE-REBPF-IlluTotales-Etablissement-Soin-800x600.png 800w, https:\/\/www.service-public.pf\/sde\/wp-content\/uploads\/sites\/15\/2023\/01\/SDE-REBPF-IlluTotales-Etablissement-Soin-1200x900.png 1200w, https:\/\/www.service-public.pf\/sde\/wp-content\/uploads\/sites\/15\/2023\/01\/SDE-REBPF-IlluTotales-Etablissement-Soin.png 1453w\" sizes=\"(max-width: 1024px) 100vw, (max-width: 640px) 100vw, 800px\" \/><\/span><\/div><\/div><\/div><div class=\"fusion-layout-column fusion_builder_column_inner fusion-builder-nested-column-275 fusion_builder_column_inner_2_3 2_3 fusion-flex-column\" style=\"--awb-bg-size:cover;--awb-width-large:66.666666666667%;--awb-margin-top-large:0px;--awb-spacing-right-large:2.88%;--awb-margin-bottom-large:20px;--awb-spacing-left-large:2.88%;--awb-width-medium:100%;--awb-order-medium:0;--awb-spacing-right-medium:1.92%;--awb-spacing-left-medium:1.92%;--awb-width-small:100%;--awb-order-small:0;--awb-spacing-right-small:1.92%;--awb-spacing-left-small:1.92%;\"><div class=\"fusion-column-wrapper fusion-column-has-shadow fusion-flex-justify-content-center fusion-content-layout-column\"><div class=\"fusion-text fusion-text-215\" style=\"--awb-content-alignment:center;--awb-font-size:24pt;\"><p>Localisation\u00a0du projet : <strong>Marquises\u00a0\u00e0 une altitude sup\u00e9rieure ou \u00e9gale \u00e0 500 m\u00e8tres<\/strong><\/p>\n<p>Typologie de la construction\u00a0: <strong>\u00c9tablissement de soin<\/strong><\/p>\n<\/div><\/div><\/div><div class=\"fusion-layout-column fusion_builder_column_inner fusion-builder-nested-column-276 fusion_builder_column_inner_1_1 1_1 fusion-flex-column\" style=\"--awb-bg-size:cover;--awb-width-large:100%;--awb-margin-top-large:0px;--awb-spacing-right-large:1.92%;--awb-margin-bottom-large:20px;--awb-spacing-left-large:1.92%;--awb-width-medium:100%;--awb-order-medium:0;--awb-spacing-right-medium:1.92%;--awb-spacing-left-medium:1.92%;--awb-width-small:100%;--awb-order-small:0;--awb-spacing-right-small:1.92%;--awb-spacing-left-small:1.92%;\"><div class=\"fusion-column-wrapper fusion-column-has-shadow fusion-flex-justify-content-flex-start fusion-content-layout-column\"><div class=\"fusion-separator fusion-full-width-sep\" style=\"align-self: center;margin-left: auto;margin-right: auto;margin-bottom:20px;width:100%;\"><div class=\"fusion-separator-border sep-shadow\" style=\"--awb-height:20px;--awb-amount:20px;background:radial-gradient(ellipse at 50% -50% , #e0dede 0px, rgba(255, 255, 255, 0) 80%) repeat scroll 0 0 rgba(0, 0, 0, 0);background:-webkit-radial-gradient(ellipse at 50% -50% , #e0dede 0px, rgba(255, 255, 255, 0) 80%) repeat scroll 0 0 rgba(0, 0, 0, 0);background:-moz-radial-gradient(ellipse at 50% -50% , #e0dede 0px, rgba(255, 255, 255, 0) 80%) repeat scroll 0 0 rgba(0, 0, 0, 0);background:-o-radial-gradient(ellipse at 50% -50% , #e0dede 0px, rgba(255, 255, 255, 0) 80%) repeat scroll 0 0 rgba(0, 0, 0, 0);\"><\/div><\/div><\/div><\/div><div class=\"fusion-layout-column fusion_builder_column_inner fusion-builder-nested-column-277 fusion_builder_column_inner_1_1 1_1 fusion-flex-column\" style=\"--awb-bg-color:#ffffff;--awb-bg-color-hover:#ffffff;--awb-bg-size:cover;--awb-width-large:100%;--awb-margin-top-large:0px;--awb-spacing-right-large:1.92%;--awb-margin-bottom-large:20px;--awb-spacing-left-large:1.92%;--awb-width-medium:100%;--awb-order-medium:0;--awb-spacing-right-medium:1.92%;--awb-spacing-left-medium:1.92%;--awb-width-small:100%;--awb-order-small:0;--awb-spacing-right-small:1.92%;--awb-spacing-left-small:1.92%;\"><div class=\"fusion-column-wrapper fusion-column-has-shadow fusion-flex-justify-content-flex-start fusion-content-layout-column\"><div class=\"fusion-text fusion-text-216\" style=\"--awb-text-color:#000000;\"><p><strong>Th\u00e9matiques applicables :<\/strong><\/p>\n<\/div><div class=\"accordian fusion-accordian\" style=\"--awb-border-size:1px;--awb-icon-size:13px;--awb-content-font-size:13px;--awb-icon-alignment:left;--awb-hover-color:#f9f9f9;--awb-border-color:#cccccc;--awb-background-color:#ffffff;--awb-divider-color:#e0dede;--awb-divider-hover-color:#e0dede;--awb-icon-color:#ffffff;--awb-title-color:#333333;--awb-content-color:#747474;--awb-icon-box-color:#333333;--awb-toggle-hover-accent-color:#26a147;--awb-title-font-family:&quot;PT Sans&quot;;--awb-title-font-weight:400;--awb-title-font-style:normal;--awb-title-font-size:13px;--awb-content-font-family:&quot;PT Sans&quot;;--awb-content-font-style:normal;--awb-content-font-weight:400;\"><div class=\"panel-group fusion-toggle-icon-boxed\" id=\"accordion-3355-54\"><div class=\"fusion-panel panel-default panel-790742ed91b40c1c8 fusion-toggle-has-divider\" style=\"--awb-title-color:#333333;--awb-content-color:#747474;\"><div class=\"panel-heading\"><h4 class=\"panel-title toggle\" id=\"toggle_790742ed91b40c1c8\"><a aria-expanded=\"false\" aria-controls=\"790742ed91b40c1c8\" role=\"button\" data-toggle=\"collapse\" data-parent=\"#accordion-3355-54\" data-target=\"#790742ed91b40c1c8\" href=\"#790742ed91b40c1c8\"><span class=\"fusion-toggle-icon-wrapper\" aria-hidden=\"true\"><i class=\"fa-fusion-box active-icon awb-icon-minus\" aria-hidden=\"true\"><\/i><i class=\"fa-fusion-box inactive-icon awb-icon-plus\" aria-hidden=\"true\"><\/i><\/span><span class=\"fusion-toggle-heading\">Protection solaire de la toiture<\/span><\/a><\/h4><\/div><div id=\"790742ed91b40c1c8\" class=\"panel-collapse collapse \" aria-labelledby=\"toggle_790742ed91b40c1c8\"><div class=\"panel-body toggle-content fusion-clearfix\">\n<table style=\"width: 100%;height: 187px\">\n<tbody>\n<tr style=\"height: 187px\">\n<td style=\"height: 187px\"><span style=\"color: #000000\"><strong><span style=\"text-decoration: underline\">Locaux concern\u00e9s<\/span> :<\/strong><\/span><\/p>\n<ul>\n<li>Locaux clos et climatis\u00e9s ou occup\u00e9s (exemples : salle de consultation, bloc op\u00e9ratoire, bureau, salle de r\u00e9union, chambre, espace d\u2019accueil avec personnel permanent, locaux d\u2019activit\u00e9s diverses : caf\u00e9t\u00e9ria, r\u00e9fectoire, \u2026)<\/li>\n<li>Locaux clos non-occup\u00e9s donnant <u>directement<\/u> sur les locaux ci-dessus, hors locaux techniques, stationnements et espaces de stockage non climatis\u00e9s (exemples : sanitaires, circulation, hall, vestiaires, \u2026)<\/li>\n<\/ul>\n<\/td>\n<td style=\"height: 187px\"><img decoding=\"async\" class=\"alignright wp-image-3430\" src=\"https:\/\/www.service-public.pf\/sde\/wp-content\/uploads\/sites\/15\/2023\/01\/SDE-REBPF-IlluTotales-Etablissement-Soin-ProToiture.png\" alt=\"\" width=\"300\" height=\"225\" \/><\/td>\n<\/tr>\n<\/tbody>\n<\/table>\n<p style=\"color: #000000\"><strong><span style=\"text-decoration: underline\">Seuils \u00e0 respecter : <\/span><\/strong><\/p>\n<table class=\"table table-bordered\" style=\"width: 100%\">\n<tbody>\n<tr>\n<td style=\"width: 24.0317%\"><strong>Mesure<\/strong><\/td>\n<td style=\"width: 4.78677%\"><strong>Seuil<\/strong><\/td>\n<td style=\"width: 58.7865%\"><strong>Exemples de solutions<\/strong><\/td>\n<\/tr>\n<tr>\n<td style=\"width: 24.0317%\">Facteur solaire maximal de la toiture<\/td>\n<td style=\"width: 4.78677%\">2,5%<\/td>\n<td style=\"width: 58.7865%\">\n<ul>\n<li>Toiture (avec combles) en t\u00f4le de teinte claire avec 3 cm de laine min\u00e9rale minimum<\/li>\n<li>Toiture (avec combles) en t\u00f4le de teinte moyenne avec 5 cm de laine min\u00e9rale minimum<\/li>\n<li>Toiture (avec combles) en t\u00f4le de teinte sombre avec 7,5 cm de laine min\u00e9rale minimum<\/li>\n<li>Toiture terrasse en b\u00e9ton de teinte moyenne avec 6 cm de polystyr\u00e8ne expans\u00e9 minimum<\/li>\n<li>Toiture terrasse en b\u00e9ton avec sur-toiture largement ventil\u00e9e<\/li>\n<\/ul>\n<\/td>\n<\/tr>\n<\/tbody>\n<\/table>\n<p style=\"color: #000000\"><strong>Pour plus d'informations sur l'application de ces th\u00e9matiques, consultez la fiche suivante :<\/strong><\/p>\n<ul>\n<li><a href=\"https:\/\/www.service-public.pf\/sde\/wp-content\/uploads\/sites\/15\/2023\/09\/Fiche-02-Protection-solaire-des-parois-opaques-horizontales-Toitures.pdf\">Fiche d\u2019application \u00ab\u00a0Protection solaire de la toiture\u00a0\u00bb<\/a><\/li>\n<\/ul>\n<\/div><\/div><\/div><\/div><\/div><div class=\"fusion-text fusion-text-217\" style=\"--awb-margin-top:10px;\"><p><span style=\"color: #000000\"><strong>Informations relatives aux demandes de permis de construire et au certificat de conformit\u00e9<\/strong><\/span><\/p>\n<p>Le p\u00e9titionnaire remplit les nouveaux formulaires de demande de permis de construire et de certificat de conformit\u00e9 de la DCA qui int\u00e8grent la d\u00e9claration du respect de la r\u00e9glementation<\/p>\n<p><strong>Si les surfaces de plancher construites cumul\u00e9es* sont sup\u00e9rieures \u00e0 250 m\u00b2 de plancher, les demandes de permis de construire et de certificat de conformit\u00e9 doivent \u00eatre accompagn\u00e9es de l\u2019avis d\u2019un organisme agr\u00e9\u00e9<\/strong><\/p>\n<ul>\n<li><a href=\"https:\/\/www.service-public.pf\/sde\/organismes-agrees\/\">Parcourir la page d\u00e9di\u00e9e aux organismes agr\u00e9\u00e9s<\/a><\/li>\n<\/ul>\n<p><em><span style=\"font-size: 10pt\">* Les surfaces de plancher \u00e0 consid\u00e9rer sont celles de n\u2019importe quel b\u00e2timent neuf rattach\u00e9 au projet de construction, d\u00e8s lors que la typologie associ\u00e9e est bureaux, enseignement, \u00e9tablissement de soin, h\u00f4tellerie ou logement collectif.<\/span><\/em><\/p>\n<p><span style=\"color: #000000\"><strong>Informations sur les dispositions applicables \u00e0 la typologie <\/strong>(ne consulter que les rubriques des th\u00e9matiques concernant le projet de construction)<strong>\u00a0:<\/strong><\/span><\/p>\n<ul>\n<li><a href=\"https:\/\/www.service-public.pf\/sde\/wp-content\/uploads\/sites\/15\/2023\/04\/REPBF_Depliants_EtablissmentDeSoin_Pages-V2.pdf\">D\u00e9pliant \u00ab\u00a0\u00c9tablissement de soin \u00bb<\/a><\/li>\n<\/ul>\n<\/div><\/div><\/div><\/div><\/div><\/div><div class=\"fusion-layout-column fusion_builder_column fusion-builder-column-69 fusion_builder_column_4_5 4_5 fusion-flex-column vct_marquises_sup500_content\" style=\"--awb-bg-size:cover;--awb-width-large:80%;--awb-flex-grow:0;--awb-flex-shrink:0;--awb-margin-top-large:0px;--awb-spacing-right-large:2.4%;--awb-margin-bottom-large:20px;--awb-spacing-left-large:2.4%;--awb-width-medium:100%;--awb-order-medium:0;--awb-flex-grow-medium:0;--awb-flex-shrink-medium:0;--awb-spacing-right-medium:1.92%;--awb-spacing-left-medium:1.92%;--awb-width-small:100%;--awb-order-small:0;--awb-flex-grow-small:0;--awb-flex-shrink-small:0;--awb-spacing-right-small:1.92%;--awb-spacing-left-small:1.92%;\" id=\"vct_marquises_sup500_restauration_content\"><div class=\"fusion-column-wrapper fusion-column-has-shadow fusion-flex-justify-content-flex-start fusion-content-layout-column\"><div class=\"fusion-title title fusion-title-58 fusion-sep-none fusion-title-center fusion-title-text fusion-title-size-two hidden\" style=\"--awb-margin-top-small:0px;--awb-margin-right-small:0px;--awb-margin-bottom-small:20px;--awb-margin-left-small:0px;\"><h2 class=\"fusion-title-heading title-heading-center\" style=\"margin:0;\">Protection solaire de la toiture + D\u00e9pliant Restauration + Fiche d'information Restauration + Formulaire 1-AGMT<\/h2><\/div><div class=\"fusion-text fusion-text-218 vct_description_typologie\"><p>Il s\u2019agit d\u2019un b\u00e2timent ou d\u2019une partie de b\u00e2timent \u00e0 destination de restaurant ou de d\u00e9bit de<br \/>\nboisson, ainsi que leurs locaux accessoires.<\/p>\n<\/div><div class=\"fusion-builder-row fusion-builder-row-inner fusion-row fusion-flex-align-items-flex-start fusion-flex-justify-content-center fusion-flex-content-wrap\" style=\"--awb-flex-grow:0;--awb-flex-grow-medium:0;--awb-flex-grow-small:0;--awb-flex-shrink:0;--awb-flex-shrink-medium:0;--awb-flex-shrink-small:0;width:104% !important;max-width:104% !important;margin-left: calc(-4% \/ 2 );margin-right: calc(-4% \/ 2 );\"><div class=\"fusion-layout-column fusion_builder_column_inner fusion-builder-nested-column-278 fusion_builder_column_inner_1_1 1_1 fusion-flex-column\" style=\"--awb-bg-size:cover;--awb-width-large:100%;--awb-margin-top-large:0px;--awb-spacing-right-large:1.92%;--awb-margin-bottom-large:20px;--awb-spacing-left-large:1.92%;--awb-width-medium:100%;--awb-order-medium:0;--awb-spacing-right-medium:1.92%;--awb-spacing-left-medium:1.92%;--awb-width-small:100%;--awb-order-small:0;--awb-spacing-right-small:1.92%;--awb-spacing-left-small:1.92%;\"><div class=\"fusion-column-wrapper fusion-column-has-shadow fusion-flex-justify-content-flex-start fusion-content-layout-column\"><div class=\"fusion-separator fusion-full-width-sep\" style=\"align-self: center;margin-left: auto;margin-right: auto;width:100%;\"><div class=\"fusion-separator-border sep-shadow\" style=\"--awb-height:20px;--awb-amount:20px;background:radial-gradient(ellipse at 50% -50% , #e0dede 0px, rgba(255, 255, 255, 0) 80%) repeat scroll 0 0 rgba(0, 0, 0, 0);background:-webkit-radial-gradient(ellipse at 50% -50% , #e0dede 0px, rgba(255, 255, 255, 0) 80%) repeat scroll 0 0 rgba(0, 0, 0, 0);background:-moz-radial-gradient(ellipse at 50% -50% , #e0dede 0px, rgba(255, 255, 255, 0) 80%) repeat scroll 0 0 rgba(0, 0, 0, 0);background:-o-radial-gradient(ellipse at 50% -50% , #e0dede 0px, rgba(255, 255, 255, 0) 80%) repeat scroll 0 0 rgba(0, 0, 0, 0);\"><\/div><\/div><\/div><\/div><div class=\"fusion-layout-column fusion_builder_column_inner fusion-builder-nested-column-279 fusion_builder_column_inner_1_3 1_3 fusion-flex-column\" style=\"--awb-bg-size:cover;--awb-width-large:33.333333333333%;--awb-margin-top-large:0px;--awb-spacing-right-large:2vw;--awb-margin-bottom-large:20px;--awb-spacing-left-large:5.76%;--awb-width-medium:100%;--awb-order-medium:0;--awb-spacing-right-medium:1.92%;--awb-spacing-left-medium:1.92%;--awb-width-small:100%;--awb-order-small:0;--awb-spacing-right-small:1.92%;--awb-spacing-left-small:1.92%;\"><div class=\"fusion-column-wrapper fusion-column-has-shadow fusion-flex-justify-content-flex-start fusion-content-layout-column\"><div class=\"fusion-image-element \" style=\"text-align:right;--awb-max-width:450px;--awb-caption-title-font-family:var(--h2_typography-font-family);--awb-caption-title-font-weight:var(--h2_typography-font-weight);--awb-caption-title-font-style:var(--h2_typography-font-style);--awb-caption-title-size:var(--h2_typography-font-size);--awb-caption-title-transform:var(--h2_typography-text-transform);--awb-caption-title-line-height:var(--h2_typography-line-height);--awb-caption-title-letter-spacing:var(--h2_typography-letter-spacing);\"><span class=\" fusion-imageframe imageframe-none imageframe-55 hover-type-none\"><img decoding=\"async\" width=\"300\" height=\"225\" title=\"SDE REBPF IlluTotales Restaurant\" src=\"https:\/\/www.service-public.pf\/sde\/wp-content\/uploads\/sites\/15\/2023\/01\/SDE-REBPF-IlluTotales-Restaurant-300x225.png\" alt class=\"img-responsive wp-image-3464\" srcset=\"https:\/\/www.service-public.pf\/sde\/wp-content\/uploads\/sites\/15\/2023\/01\/SDE-REBPF-IlluTotales-Restaurant-200x150.png 200w, https:\/\/www.service-public.pf\/sde\/wp-content\/uploads\/sites\/15\/2023\/01\/SDE-REBPF-IlluTotales-Restaurant-400x300.png 400w, https:\/\/www.service-public.pf\/sde\/wp-content\/uploads\/sites\/15\/2023\/01\/SDE-REBPF-IlluTotales-Restaurant-600x450.png 600w, https:\/\/www.service-public.pf\/sde\/wp-content\/uploads\/sites\/15\/2023\/01\/SDE-REBPF-IlluTotales-Restaurant-800x600.png 800w, https:\/\/www.service-public.pf\/sde\/wp-content\/uploads\/sites\/15\/2023\/01\/SDE-REBPF-IlluTotales-Restaurant-1200x900.png 1200w, https:\/\/www.service-public.pf\/sde\/wp-content\/uploads\/sites\/15\/2023\/01\/SDE-REBPF-IlluTotales-Restaurant.png 1453w\" sizes=\"(max-width: 1024px) 100vw, (max-width: 640px) 100vw, 800px\" \/><\/span><\/div><\/div><\/div><div class=\"fusion-layout-column fusion_builder_column_inner fusion-builder-nested-column-280 fusion_builder_column_inner_2_3 2_3 fusion-flex-column\" style=\"--awb-bg-size:cover;--awb-width-large:66.666666666667%;--awb-margin-top-large:0px;--awb-spacing-right-large:2.88%;--awb-margin-bottom-large:20px;--awb-spacing-left-large:2.88%;--awb-width-medium:100%;--awb-order-medium:0;--awb-spacing-right-medium:1.92%;--awb-spacing-left-medium:1.92%;--awb-width-small:100%;--awb-order-small:0;--awb-spacing-right-small:1.92%;--awb-spacing-left-small:1.92%;\"><div class=\"fusion-column-wrapper fusion-column-has-shadow fusion-flex-justify-content-center fusion-content-layout-column\"><div class=\"fusion-text fusion-text-219\" style=\"--awb-content-alignment:center;--awb-font-size:24pt;\"><p>Localisation\u00a0du projet : <strong>Marquises\u00a0\u00e0 une altitude sup\u00e9rieure ou \u00e9gale \u00e0 500 m\u00e8tres<\/strong><\/p>\n<p>Typologie de la construction\u00a0: <strong>Restauration<\/strong><\/p>\n<\/div><\/div><\/div><div class=\"fusion-layout-column fusion_builder_column_inner fusion-builder-nested-column-281 fusion_builder_column_inner_1_1 1_1 fusion-flex-column\" style=\"--awb-bg-size:cover;--awb-width-large:100%;--awb-margin-top-large:0px;--awb-spacing-right-large:1.92%;--awb-margin-bottom-large:20px;--awb-spacing-left-large:1.92%;--awb-width-medium:100%;--awb-order-medium:0;--awb-spacing-right-medium:1.92%;--awb-spacing-left-medium:1.92%;--awb-width-small:100%;--awb-order-small:0;--awb-spacing-right-small:1.92%;--awb-spacing-left-small:1.92%;\"><div class=\"fusion-column-wrapper fusion-column-has-shadow fusion-flex-justify-content-flex-start fusion-content-layout-column\"><div class=\"fusion-separator fusion-full-width-sep\" style=\"align-self: center;margin-left: auto;margin-right: auto;margin-bottom:20px;width:100%;\"><div class=\"fusion-separator-border sep-shadow\" style=\"--awb-height:20px;--awb-amount:20px;background:radial-gradient(ellipse at 50% -50% , #e0dede 0px, rgba(255, 255, 255, 0) 80%) repeat scroll 0 0 rgba(0, 0, 0, 0);background:-webkit-radial-gradient(ellipse at 50% -50% , #e0dede 0px, rgba(255, 255, 255, 0) 80%) repeat scroll 0 0 rgba(0, 0, 0, 0);background:-moz-radial-gradient(ellipse at 50% -50% , #e0dede 0px, rgba(255, 255, 255, 0) 80%) repeat scroll 0 0 rgba(0, 0, 0, 0);background:-o-radial-gradient(ellipse at 50% -50% , #e0dede 0px, rgba(255, 255, 255, 0) 80%) repeat scroll 0 0 rgba(0, 0, 0, 0);\"><\/div><\/div><\/div><\/div><div class=\"fusion-layout-column fusion_builder_column_inner fusion-builder-nested-column-282 fusion_builder_column_inner_1_1 1_1 fusion-flex-column\" style=\"--awb-bg-color:#ffffff;--awb-bg-color-hover:#ffffff;--awb-bg-size:cover;--awb-width-large:100%;--awb-margin-top-large:0px;--awb-spacing-right-large:1.92%;--awb-margin-bottom-large:20px;--awb-spacing-left-large:1.92%;--awb-width-medium:100%;--awb-order-medium:0;--awb-spacing-right-medium:1.92%;--awb-spacing-left-medium:1.92%;--awb-width-small:100%;--awb-order-small:0;--awb-spacing-right-small:1.92%;--awb-spacing-left-small:1.92%;\"><div class=\"fusion-column-wrapper fusion-column-has-shadow fusion-flex-justify-content-flex-start fusion-content-layout-column\"><div class=\"fusion-text fusion-text-220\" style=\"--awb-text-color:#000000;\"><p><strong>Th\u00e9matiques applicables :<\/strong><\/p>\n<\/div><div class=\"accordian fusion-accordian\" style=\"--awb-border-size:1px;--awb-icon-size:13px;--awb-content-font-size:13px;--awb-icon-alignment:left;--awb-hover-color:#f9f9f9;--awb-border-color:#cccccc;--awb-background-color:#ffffff;--awb-divider-color:#e0dede;--awb-divider-hover-color:#e0dede;--awb-icon-color:#ffffff;--awb-title-color:#333333;--awb-content-color:#747474;--awb-icon-box-color:#333333;--awb-toggle-hover-accent-color:#26a147;--awb-title-font-family:&quot;PT Sans&quot;;--awb-title-font-weight:400;--awb-title-font-style:normal;--awb-title-font-size:13px;--awb-content-font-family:&quot;PT Sans&quot;;--awb-content-font-style:normal;--awb-content-font-weight:400;\"><div class=\"panel-group fusion-toggle-icon-boxed\" id=\"accordion-3355-55\"><div class=\"fusion-panel panel-default panel-4249ed312e403a26c fusion-toggle-has-divider\" style=\"--awb-title-color:#333333;--awb-content-color:#747474;\"><div class=\"panel-heading\"><h4 class=\"panel-title toggle\" id=\"toggle_4249ed312e403a26c\"><a aria-expanded=\"false\" aria-controls=\"4249ed312e403a26c\" role=\"button\" data-toggle=\"collapse\" data-parent=\"#accordion-3355-55\" data-target=\"#4249ed312e403a26c\" href=\"#4249ed312e403a26c\"><span class=\"fusion-toggle-icon-wrapper\" aria-hidden=\"true\"><i class=\"fa-fusion-box active-icon awb-icon-minus\" aria-hidden=\"true\"><\/i><i class=\"fa-fusion-box inactive-icon awb-icon-plus\" aria-hidden=\"true\"><\/i><\/span><span class=\"fusion-toggle-heading\">Protection solaire de la toiture<\/span><\/a><\/h4><\/div><div id=\"4249ed312e403a26c\" class=\"panel-collapse collapse \" aria-labelledby=\"toggle_4249ed312e403a26c\"><div class=\"panel-body toggle-content fusion-clearfix\">\n<table style=\"width: 100%;height: 187px\">\n<tbody>\n<tr style=\"height: 187px\">\n<td style=\"height: 187px\"><span style=\"color: #000000\"><strong><span style=\"text-decoration: underline\">Locaux concern\u00e9s<\/span> :<\/strong><\/span><\/p>\n<ul>\n<li>Locaux clos et climatis\u00e9s ou occup\u00e9s (exemples\u00a0: cuisine, salle de restauration, r\u00e9serve climatis\u00e9e, \u2026)<\/li>\n<li>Locaux clos non-occup\u00e9s donnant <u>directement<\/u> sur les locaux ci-dessus, hors locaux techniques, stationnements et espaces de stockage non climatis\u00e9s (exemples : sanitaires, circulation, \u2026)<\/li>\n<\/ul>\n<\/td>\n<td style=\"height: 187px\"><img decoding=\"async\" class=\"alignright wp-image-3430\" src=\"https:\/\/www.service-public.pf\/sde\/wp-content\/uploads\/sites\/15\/2023\/01\/SDE-REBPF-IlluTotales-Restaurant-ProToiture.png\" alt=\"\" width=\"300\" height=\"225\" \/><\/td>\n<\/tr>\n<\/tbody>\n<\/table>\n<p style=\"color: #000000\"><strong><span style=\"text-decoration: underline\">Seuils \u00e0 respecter : <\/span><\/strong><\/p>\n<table class=\"table table-bordered\" style=\"width: 100%\">\n<tbody>\n<tr>\n<td style=\"width: 24.0317%\"><strong>Mesure<\/strong><\/td>\n<td style=\"width: 4.78677%\"><strong>Seuil<\/strong><\/td>\n<td style=\"width: 58.7865%\"><strong>Exemples de solutions<\/strong><\/td>\n<\/tr>\n<tr>\n<td style=\"width: 24.0317%\">Facteur solaire maximal de la toiture<\/td>\n<td style=\"width: 4.78677%\">2,5%<\/td>\n<td style=\"width: 58.7865%\">\n<ul>\n<li>Toiture (avec combles) en t\u00f4le de teinte claire avec 3 cm de laine min\u00e9rale minimum<\/li>\n<li>Toiture (avec combles) en t\u00f4le de teinte moyenne avec 5 cm de laine min\u00e9rale minimum<\/li>\n<li>Toiture (avec combles) en t\u00f4le de teinte sombre avec 7,5 cm de laine min\u00e9rale minimum<\/li>\n<li>Toiture terrasse en b\u00e9ton de teinte moyenne avec 6 cm de polystyr\u00e8ne expans\u00e9 minimum<\/li>\n<li>Toiture en bardeau de bois apparents correspondant \u00e0 une toiture \u00ab ventil\u00e9e \u00bb<\/li>\n<li>Toiture terrasse en b\u00e9ton avec sur-toiture largement ventil\u00e9e<\/li>\n<\/ul>\n<\/td>\n<\/tr>\n<\/tbody>\n<\/table>\n<p><span style=\"color: #000000\"><strong>Pour plus d\u2019informations sur l\u2019application de la th\u00e9matique, consultez la fiche en question\u00a0:<\/strong><\/span><\/p>\n<ul>\n<li><a href=\"https:\/\/www.service-public.pf\/sde\/wp-content\/uploads\/sites\/15\/2023\/09\/Fiche-02-Protection-solaire-des-parois-opaques-horizontales-Toitures.pdf\">Fiche d\u2019application \u00ab\u00a0Protection solaire de la toiture\u00a0\u00bb<\/a><\/li>\n<\/ul>\n<p>Nota bene : les informations diffus\u00e9es dans le d\u00e9pliant mis \u00e0 disposition ci-dessous sont normalement suffisantes pour s'assurer de la conformit\u00e9 de son projet sans rentrer dans les d\u00e9tails techniques de la th\u00e9matique.<\/p>\n<\/div><\/div><\/div><\/div><\/div><div class=\"fusion-text fusion-text-221\" style=\"--awb-margin-top:10px;\"><p><span style=\"color: #000000\"><strong>Informations relatives aux demandes de permis de construire et au certificat de conformit\u00e9<\/strong><\/span><\/p>\n<p>Le p\u00e9titionnaire remplit les nouveaux formulaires de demande de permis de construire et de certificat de conformit\u00e9 de la DCA qui int\u00e8grent la d\u00e9claration du respect de la r\u00e9glementation.<\/p>\n<p><span style=\"color: #000000\"><strong>Pour plus d\u2019informations sur les dispositions \u00e0 respecter<\/strong><strong>\u00a0:<\/strong><\/span><\/p>\n<ul>\n<li><a href=\"https:\/\/www.service-public.pf\/sde\/wp-content\/uploads\/sites\/15\/2023\/03\/REPBF_Depliants_Restauration_Pages.pdf\">D\u00e9pliant \u00ab\u00a0Restauration \u00bb<\/a><\/li>\n<\/ul>\n<\/div><\/div><\/div><\/div><\/div><\/div><div class=\"fusion-layout-column fusion_builder_column fusion-builder-column-70 fusion_builder_column_4_5 4_5 fusion-flex-column vct_marquises_sup500_content\" style=\"--awb-bg-size:cover;--awb-width-large:80%;--awb-flex-grow:0;--awb-flex-shrink:0;--awb-margin-top-large:0px;--awb-spacing-right-large:2.4%;--awb-margin-bottom-large:20px;--awb-spacing-left-large:2.4%;--awb-width-medium:100%;--awb-order-medium:0;--awb-flex-grow-medium:0;--awb-flex-shrink-medium:0;--awb-spacing-right-medium:1.92%;--awb-spacing-left-medium:1.92%;--awb-width-small:100%;--awb-order-small:0;--awb-flex-grow-small:0;--awb-flex-shrink-small:0;--awb-spacing-right-small:1.92%;--awb-spacing-left-small:1.92%;\" id=\"vct_marquises_sup500_etablissementdenseignement_content\"><div class=\"fusion-column-wrapper fusion-column-has-shadow fusion-flex-justify-content-flex-start fusion-content-layout-column\"><div class=\"fusion-title title fusion-title-59 fusion-sep-none fusion-title-center fusion-title-text fusion-title-size-two hidden\" style=\"--awb-margin-top-small:0px;--awb-margin-right-small:0px;--awb-margin-bottom-small:20px;--awb-margin-left-small:0px;\"><h2 class=\"fusion-title-heading title-heading-center\" style=\"margin:0;\">Protection solaire de la toiture + D\u00e9pliant \u00e9tablissement d'enseignement + Fiche d'information \u00e9tablissement d'enseignement + Formulaire 2-MT<\/h2><\/div><div class=\"fusion-text fusion-text-222 vct_description_typologie\"><p>Il s\u2019agit d\u2019un b\u00e2timent ou d\u2019une partie de b\u00e2timent \u00e0 usage de cr\u00e8che et garderie, \u00e9cole maternelle,<br \/>\n\u00e9cole primaire, coll\u00e8ge, lyc\u00e9e, \u00e9tablissement d\u2019enseignement sup\u00e9rieur et tout autre b\u00e2timent de<br \/>\nservice public ou d\u2019int\u00e9r\u00eat collectif de l\u2019enseignement, comprenant \u00e9galement leurs locaux<br \/>\naccessoires.<\/p>\n<p>Pour rappel, les locaux \u00e0 sommeil et les internats sont assimil\u00e9s \u00e0 la typologie \u00ab logement collectif \u00bb.<\/p>\n<\/div><div class=\"fusion-builder-row fusion-builder-row-inner fusion-row fusion-flex-align-items-flex-start fusion-flex-justify-content-center fusion-flex-content-wrap\" style=\"--awb-flex-grow:0;--awb-flex-grow-medium:0;--awb-flex-grow-small:0;--awb-flex-shrink:0;--awb-flex-shrink-medium:0;--awb-flex-shrink-small:0;width:104% !important;max-width:104% !important;margin-left: calc(-4% \/ 2 );margin-right: calc(-4% \/ 2 );\"><div class=\"fusion-layout-column fusion_builder_column_inner fusion-builder-nested-column-283 fusion_builder_column_inner_1_1 1_1 fusion-flex-column\" style=\"--awb-bg-size:cover;--awb-width-large:100%;--awb-margin-top-large:0px;--awb-spacing-right-large:1.92%;--awb-margin-bottom-large:20px;--awb-spacing-left-large:1.92%;--awb-width-medium:100%;--awb-order-medium:0;--awb-spacing-right-medium:1.92%;--awb-spacing-left-medium:1.92%;--awb-width-small:100%;--awb-order-small:0;--awb-spacing-right-small:1.92%;--awb-spacing-left-small:1.92%;\"><div class=\"fusion-column-wrapper fusion-column-has-shadow fusion-flex-justify-content-flex-start fusion-content-layout-column\"><div class=\"fusion-separator fusion-full-width-sep\" style=\"align-self: center;margin-left: auto;margin-right: auto;width:100%;\"><div class=\"fusion-separator-border sep-shadow\" style=\"--awb-height:20px;--awb-amount:20px;background:radial-gradient(ellipse at 50% -50% , #e0dede 0px, rgba(255, 255, 255, 0) 80%) repeat scroll 0 0 rgba(0, 0, 0, 0);background:-webkit-radial-gradient(ellipse at 50% -50% , #e0dede 0px, rgba(255, 255, 255, 0) 80%) repeat scroll 0 0 rgba(0, 0, 0, 0);background:-moz-radial-gradient(ellipse at 50% -50% , #e0dede 0px, rgba(255, 255, 255, 0) 80%) repeat scroll 0 0 rgba(0, 0, 0, 0);background:-o-radial-gradient(ellipse at 50% -50% , #e0dede 0px, rgba(255, 255, 255, 0) 80%) repeat scroll 0 0 rgba(0, 0, 0, 0);\"><\/div><\/div><\/div><\/div><div class=\"fusion-layout-column fusion_builder_column_inner fusion-builder-nested-column-284 fusion_builder_column_inner_1_3 1_3 fusion-flex-column\" style=\"--awb-bg-size:cover;--awb-width-large:33.333333333333%;--awb-margin-top-large:0px;--awb-spacing-right-large:2vw;--awb-margin-bottom-large:20px;--awb-spacing-left-large:5.76%;--awb-width-medium:100%;--awb-order-medium:0;--awb-spacing-right-medium:1.92%;--awb-spacing-left-medium:1.92%;--awb-width-small:100%;--awb-order-small:0;--awb-spacing-right-small:1.92%;--awb-spacing-left-small:1.92%;\"><div class=\"fusion-column-wrapper fusion-column-has-shadow fusion-flex-justify-content-flex-start fusion-content-layout-column\"><div class=\"fusion-image-element \" style=\"text-align:right;--awb-max-width:450px;--awb-caption-title-font-family:var(--h2_typography-font-family);--awb-caption-title-font-weight:var(--h2_typography-font-weight);--awb-caption-title-font-style:var(--h2_typography-font-style);--awb-caption-title-size:var(--h2_typography-font-size);--awb-caption-title-transform:var(--h2_typography-text-transform);--awb-caption-title-line-height:var(--h2_typography-line-height);--awb-caption-title-letter-spacing:var(--h2_typography-letter-spacing);\"><span class=\" fusion-imageframe imageframe-none imageframe-56 hover-type-none\"><img decoding=\"async\" width=\"300\" height=\"225\" title=\"SDE REBPF IlluTotales Enseignement\" src=\"https:\/\/www.service-public.pf\/sde\/wp-content\/uploads\/sites\/15\/2023\/01\/SDE-REBPF-IlluTotales-Enseignement-300x225.png\" alt class=\"img-responsive wp-image-3429\" srcset=\"https:\/\/www.service-public.pf\/sde\/wp-content\/uploads\/sites\/15\/2023\/01\/SDE-REBPF-IlluTotales-Enseignement-200x150.png 200w, https:\/\/www.service-public.pf\/sde\/wp-content\/uploads\/sites\/15\/2023\/01\/SDE-REBPF-IlluTotales-Enseignement-400x300.png 400w, https:\/\/www.service-public.pf\/sde\/wp-content\/uploads\/sites\/15\/2023\/01\/SDE-REBPF-IlluTotales-Enseignement-600x450.png 600w, https:\/\/www.service-public.pf\/sde\/wp-content\/uploads\/sites\/15\/2023\/01\/SDE-REBPF-IlluTotales-Enseignement-800x600.png 800w, https:\/\/www.service-public.pf\/sde\/wp-content\/uploads\/sites\/15\/2023\/01\/SDE-REBPF-IlluTotales-Enseignement-1200x900.png 1200w, https:\/\/www.service-public.pf\/sde\/wp-content\/uploads\/sites\/15\/2023\/01\/SDE-REBPF-IlluTotales-Enseignement.png 1453w\" sizes=\"(max-width: 1024px) 100vw, (max-width: 640px) 100vw, 800px\" \/><\/span><\/div><\/div><\/div><div class=\"fusion-layout-column fusion_builder_column_inner fusion-builder-nested-column-285 fusion_builder_column_inner_2_3 2_3 fusion-flex-column\" style=\"--awb-bg-size:cover;--awb-width-large:66.666666666667%;--awb-margin-top-large:0px;--awb-spacing-right-large:2.88%;--awb-margin-bottom-large:20px;--awb-spacing-left-large:2.88%;--awb-width-medium:100%;--awb-order-medium:0;--awb-spacing-right-medium:1.92%;--awb-spacing-left-medium:1.92%;--awb-width-small:100%;--awb-order-small:0;--awb-spacing-right-small:1.92%;--awb-spacing-left-small:1.92%;\"><div class=\"fusion-column-wrapper fusion-column-has-shadow fusion-flex-justify-content-center fusion-content-layout-column\"><div class=\"fusion-text fusion-text-223\" style=\"--awb-content-alignment:center;--awb-font-size:24pt;\"><p>Localisation\u00a0du projet : <strong>Marquises \u00e0 une altitude sup\u00e9rieure ou \u00e9gale \u00e0 500 m\u00e8tres<\/strong><\/p>\n<p>Typologie de la construction\u00a0: <strong>Enseignement<\/strong><\/p>\n<\/div><\/div><\/div><div class=\"fusion-layout-column fusion_builder_column_inner fusion-builder-nested-column-286 fusion_builder_column_inner_1_1 1_1 fusion-flex-column\" style=\"--awb-bg-size:cover;--awb-width-large:100%;--awb-margin-top-large:0px;--awb-spacing-right-large:1.92%;--awb-margin-bottom-large:20px;--awb-spacing-left-large:1.92%;--awb-width-medium:100%;--awb-order-medium:0;--awb-spacing-right-medium:1.92%;--awb-spacing-left-medium:1.92%;--awb-width-small:100%;--awb-order-small:0;--awb-spacing-right-small:1.92%;--awb-spacing-left-small:1.92%;\"><div class=\"fusion-column-wrapper fusion-column-has-shadow fusion-flex-justify-content-flex-start fusion-content-layout-column\"><div class=\"fusion-separator fusion-full-width-sep\" style=\"align-self: center;margin-left: auto;margin-right: auto;margin-bottom:20px;width:100%;\"><div class=\"fusion-separator-border sep-shadow\" style=\"--awb-height:20px;--awb-amount:20px;background:radial-gradient(ellipse at 50% -50% , #e0dede 0px, rgba(255, 255, 255, 0) 80%) repeat scroll 0 0 rgba(0, 0, 0, 0);background:-webkit-radial-gradient(ellipse at 50% -50% , #e0dede 0px, rgba(255, 255, 255, 0) 80%) repeat scroll 0 0 rgba(0, 0, 0, 0);background:-moz-radial-gradient(ellipse at 50% -50% , #e0dede 0px, rgba(255, 255, 255, 0) 80%) repeat scroll 0 0 rgba(0, 0, 0, 0);background:-o-radial-gradient(ellipse at 50% -50% , #e0dede 0px, rgba(255, 255, 255, 0) 80%) repeat scroll 0 0 rgba(0, 0, 0, 0);\"><\/div><\/div><\/div><\/div><div class=\"fusion-layout-column fusion_builder_column_inner fusion-builder-nested-column-287 fusion_builder_column_inner_1_1 1_1 fusion-flex-column\" style=\"--awb-bg-color:#ffffff;--awb-bg-color-hover:#ffffff;--awb-bg-size:cover;--awb-width-large:100%;--awb-margin-top-large:0px;--awb-spacing-right-large:1.92%;--awb-margin-bottom-large:20px;--awb-spacing-left-large:1.92%;--awb-width-medium:100%;--awb-order-medium:0;--awb-spacing-right-medium:1.92%;--awb-spacing-left-medium:1.92%;--awb-width-small:100%;--awb-order-small:0;--awb-spacing-right-small:1.92%;--awb-spacing-left-small:1.92%;\"><div class=\"fusion-column-wrapper fusion-column-has-shadow fusion-flex-justify-content-flex-start fusion-content-layout-column\"><div class=\"fusion-text fusion-text-224\" style=\"--awb-text-color:#000000;\"><p><strong>Th\u00e9matiques applicables :<\/strong><\/p>\n<\/div><div class=\"accordian fusion-accordian\" style=\"--awb-border-size:1px;--awb-icon-size:13px;--awb-content-font-size:13px;--awb-icon-alignment:left;--awb-hover-color:#f9f9f9;--awb-border-color:#cccccc;--awb-background-color:#ffffff;--awb-divider-color:#e0dede;--awb-divider-hover-color:#e0dede;--awb-icon-color:#ffffff;--awb-title-color:#333333;--awb-content-color:#747474;--awb-icon-box-color:#333333;--awb-toggle-hover-accent-color:#26a147;--awb-title-font-family:&quot;PT Sans&quot;;--awb-title-font-weight:400;--awb-title-font-style:normal;--awb-title-font-size:13px;--awb-content-font-family:&quot;PT Sans&quot;;--awb-content-font-style:normal;--awb-content-font-weight:400;\"><div class=\"panel-group fusion-toggle-icon-boxed\" id=\"accordion-3355-56\"><div class=\"fusion-panel panel-default panel-641014e249bc02479 fusion-toggle-has-divider\" style=\"--awb-title-color:#333333;--awb-content-color:#747474;\"><div class=\"panel-heading\"><h4 class=\"panel-title toggle\" id=\"toggle_641014e249bc02479\"><a aria-expanded=\"false\" aria-controls=\"641014e249bc02479\" role=\"button\" data-toggle=\"collapse\" data-parent=\"#accordion-3355-56\" data-target=\"#641014e249bc02479\" href=\"#641014e249bc02479\"><span class=\"fusion-toggle-icon-wrapper\" aria-hidden=\"true\"><i class=\"fa-fusion-box active-icon awb-icon-minus\" aria-hidden=\"true\"><\/i><i class=\"fa-fusion-box inactive-icon awb-icon-plus\" aria-hidden=\"true\"><\/i><\/span><span class=\"fusion-toggle-heading\">Protection solaire de la toiture<\/span><\/a><\/h4><\/div><div id=\"641014e249bc02479\" class=\"panel-collapse collapse \" aria-labelledby=\"toggle_641014e249bc02479\"><div class=\"panel-body toggle-content fusion-clearfix\">\n<table style=\"width: 100%;height: 187px\">\n<tbody>\n<tr style=\"height: 187px\">\n<td style=\"height: 187px\"><span style=\"color: #000000\"><strong><span style=\"text-decoration: underline\">Locaux concern\u00e9s<\/span> :<\/strong><\/span><\/p>\n<ul>\n<li>Locaux clos et climatis\u00e9s ou occup\u00e9s (exemples\u00a0: salle de classe, infirmerie, biblioth\u00e8que, salle de r\u00e9union, espace d\u2019accueil avec personnel permanent, \u2026)<\/li>\n<li>Locaux clos non-occup\u00e9s donnant <u>directement<\/u> sur les locaux ci-dessus, hors locaux techniques, stationnements et espaces de stockage non climatis\u00e9s (exemples : sanitaires, vestiaire, circulation close, \u2026)<\/li>\n<\/ul>\n<\/td>\n<td style=\"height: 187px\"><img decoding=\"async\" class=\"alignright wp-image-3430\" src=\"https:\/\/www.service-public.pf\/sde\/wp-content\/uploads\/sites\/15\/2023\/01\/SDE-REBPF-IlluTotales-Enseignement-ProToiture.png\" alt=\"\" width=\"300\" height=\"225\" srcset=\"https:\/\/www.service-public.pf\/sde\/wp-content\/uploads\/sites\/15\/2023\/01\/SDE-REBPF-IlluTotales-Enseignement-ProToiture-200x150.png 200w, https:\/\/www.service-public.pf\/sde\/wp-content\/uploads\/sites\/15\/2023\/01\/SDE-REBPF-IlluTotales-Enseignement-ProToiture-300x225.png 300w, https:\/\/www.service-public.pf\/sde\/wp-content\/uploads\/sites\/15\/2023\/01\/SDE-REBPF-IlluTotales-Enseignement-ProToiture-400x300.png 400w, https:\/\/www.service-public.pf\/sde\/wp-content\/uploads\/sites\/15\/2023\/01\/SDE-REBPF-IlluTotales-Enseignement-ProToiture-600x450.png 600w, https:\/\/www.service-public.pf\/sde\/wp-content\/uploads\/sites\/15\/2023\/01\/SDE-REBPF-IlluTotales-Enseignement-ProToiture-768x576.png 768w, https:\/\/www.service-public.pf\/sde\/wp-content\/uploads\/sites\/15\/2023\/01\/SDE-REBPF-IlluTotales-Enseignement-ProToiture-800x600.png 800w, https:\/\/www.service-public.pf\/sde\/wp-content\/uploads\/sites\/15\/2023\/01\/SDE-REBPF-IlluTotales-Enseignement-ProToiture-1024x768.png 1024w, https:\/\/www.service-public.pf\/sde\/wp-content\/uploads\/sites\/15\/2023\/01\/SDE-REBPF-IlluTotales-Enseignement-ProToiture-1200x900.png 1200w, https:\/\/www.service-public.pf\/sde\/wp-content\/uploads\/sites\/15\/2023\/01\/SDE-REBPF-IlluTotales-Enseignement-ProToiture.png 1453w\" sizes=\"(max-width: 300px) 100vw, 300px\" \/><\/td>\n<\/tr>\n<\/tbody>\n<\/table>\n<p style=\"color: #000000\"><strong><span style=\"text-decoration: underline\">Seuils \u00e0 respecter : <\/span><\/strong><\/p>\n<table class=\"table table-bordered\" style=\"width: 100%\">\n<tbody>\n<tr>\n<td style=\"width: 24.0317%\"><strong>Mesure<\/strong><\/td>\n<td style=\"width: 4.78677%\"><strong>Seuil<\/strong><\/td>\n<td style=\"width: 58.7865%\"><strong>Exemples de solutions<\/strong><\/td>\n<\/tr>\n<tr>\n<td style=\"width: 24.0317%\">Facteur solaire maximal de la toiture<\/td>\n<td style=\"width: 4.78677%\">2,5%<\/td>\n<td style=\"width: 58.7865%\">\n<ul>\n<li>Toiture (avec combles) en t\u00f4le de teinte claire avec 3 cm de laine min\u00e9rale minimum<\/li>\n<li>Toiture (avec combles) en t\u00f4le de teinte moyenne avec 5 cm de laine min\u00e9rale minimum<\/li>\n<li>Toiture (avec combles) en t\u00f4le de teinte sombre avec 7,5 cm de laine min\u00e9rale minimum<\/li>\n<li>Toiture terrasse en b\u00e9ton de teinte moyenne avec 6 cm de polystyr\u00e8ne expans\u00e9 minimum<\/li>\n<li>Toiture terrasse en b\u00e9ton avec sur-toiture largement ventil\u00e9e<\/li>\n<\/ul>\n<\/td>\n<\/tr>\n<\/tbody>\n<\/table>\n<p style=\"color: #000000\"><strong>Pour plus d'informations sur l'application de ces th\u00e9matiques, consultez la fiche suivante :<\/strong><\/p>\n<ul>\n<li><a href=\"https:\/\/www.service-public.pf\/sde\/wp-content\/uploads\/sites\/15\/2023\/09\/Fiche-02-Protection-solaire-des-parois-opaques-horizontales-Toitures.pdf\">Fiche d\u2019application \u00ab\u00a0Protection solaire de la toiture\u00a0\u00bb<\/a><\/li>\n<\/ul>\n<\/div><\/div><\/div><\/div><\/div><div class=\"fusion-text fusion-text-225\" style=\"--awb-margin-top:10px;\"><p><span style=\"color: #000000\"><strong>Informations relatives aux demandes de permis de construire et au certificat de conformit\u00e9<\/strong><\/span><\/p>\n<p>Le p\u00e9titionnaire remplit les nouveaux formulaires de demande de permis de construire et de certificat de conformit\u00e9 de la DCA qui int\u00e8grent la d\u00e9claration du respect de la r\u00e9glementation.<\/p>\n<p><strong>Si les surfaces de plancher construites cumul\u00e9es* sont sup\u00e9rieures \u00e0 250 m\u00b2 de plancher, les demandes de permis de construire et de certificat de conformit\u00e9 doivent \u00eatre accompagn\u00e9es de l\u2019avis d\u2019un organisme agr\u00e9\u00e9<\/strong><\/p>\n<ul>\n<li><a href=\"https:\/\/www.service-public.pf\/sde\/organismes-agrees\/\">Parcourir la page d\u00e9di\u00e9e aux organismes agr\u00e9\u00e9s<\/a><\/li>\n<\/ul>\n<p><em><span style=\"font-size: 10pt\">* Les surfaces de plancher \u00e0 consid\u00e9rer sont celles de n\u2019importe quel b\u00e2timent neuf rattach\u00e9 au projet de construction, d\u00e8s lors que la typologie associ\u00e9e est bureaux, enseignement, \u00e9tablissement de soin, h\u00f4tellerie ou logement collectif.<\/span><\/em><\/p>\n<p><span style=\"color: #000000\"><strong>Informations sur les dispositions applicables \u00e0 la typologie <\/strong>(ne consulter que les rubriques des th\u00e9matiques concernant le projet de construction)<strong>\u00a0:<\/strong><\/span><\/p>\n<ul>\n<li><a href=\"https:\/\/www.service-public.pf\/sde\/wp-content\/uploads\/sites\/15\/2023\/04\/REPBF_Depliants_EtablissmentEnseignement_Pages-V2.pdf\">D\u00e9pliant \u00ab\u00a0Enseignement \u00bb<\/a><\/li>\n<\/ul>\n<\/div>\n<\/div><\/div><\/div><\/div><\/div><\/div><\/div><input type=\"hidden\" name=\"fusion_privacy_expiration_interval\" value=\"48\"><input type=\"hidden\" name=\"privacy_expiration_action\" value=\"anonymize\"><\/form><\/div><div class=\"fusion-form fusion-form-builder fusion-form-form-wrapper fusion-form-3633 vct_form_archipel\" style=\"--awb-tooltip-text-color:#ffffff;--awb-tooltip-background-color:#333333;\" data-form-id=\"3633\" id=\"archipel_australes\" data-config=\"{&quot;form_id&quot;:&quot;3633&quot;,&quot;form_post_id&quot;:&quot;3633&quot;,&quot;post_id&quot;:3355,&quot;form_type&quot;:&quot;ajax&quot;,&quot;confirmation_type&quot;:&quot;message&quot;,&quot;redirect_url&quot;:&quot;&quot;,&quot;redirect_timeout&quot;:&quot;0&quot;,&quot;field_labels&quot;:{&quot;typologie_batiment_australes&quot;:&quot;S\\u00e9lectionnez la typologie associ\\u00e9e \\u00e0 votre b\\u00e2timent ou partie de b\\u00e2timent&quot;},&quot;field_logics&quot;:{&quot;typologie_batiment_australes&quot;:&quot;[]&quot;},&quot;field_types&quot;:{&quot;typologie_batiment_australes&quot;:&quot;image_select&quot;},&quot;nonce_method&quot;:&quot;ajax&quot;,&quot;form_views&quot;:&quot;ajax&quot;,&quot;form_views_counting&quot;:&quot;all&quot;}\"><form action=\"https:\/\/www.service-public.pf\/sde\/simulateur\/\" method=\"post\" class=\"fusion-form fusion-form-3633\"><div class=\"fusion-fullwidth fullwidth-box fusion-builder-row-5-10 fusion-flex-container has-pattern-background has-mask-background nonhundred-percent-fullwidth non-hundred-percent-height-scrolling\" style=\"--awb-border-radius-top-left:0px;--awb-border-radius-top-right:0px;--awb-border-radius-bottom-right:0px;--awb-border-radius-bottom-left:0px;--awb-flex-wrap:wrap;\" ><div class=\"fusion-builder-row fusion-row fusion-flex-align-items-center fusion-flex-justify-content-center fusion-flex-content-wrap\" style=\"width:104% !important;max-width:104% !important;margin-left: calc(-4% \/ 2 );margin-right: calc(-4% \/ 2 );\"><div class=\"fusion-layout-column fusion_builder_column fusion-builder-column-71 fusion_builder_column_5_6 5_6 fusion-flex-column\" style=\"--awb-bg-size:cover;--awb-width-large:83.333333333333%;--awb-flex-grow:0;--awb-flex-shrink:0;--awb-margin-top-large:0px;--awb-spacing-right-large:2.304%;--awb-margin-bottom-large:20px;--awb-spacing-left-large:2.304%;--awb-width-medium:100%;--awb-order-medium:0;--awb-flex-grow-medium:0;--awb-flex-shrink-medium:0;--awb-spacing-right-medium:1.92%;--awb-spacing-left-medium:1.92%;--awb-width-small:100%;--awb-order-small:0;--awb-flex-grow-small:0;--awb-flex-shrink-small:0;--awb-spacing-right-small:1.92%;--awb-spacing-left-small:1.92%;\"><div class=\"fusion-column-wrapper fusion-column-has-shadow fusion-flex-justify-content-flex-start fusion-content-layout-column\"><div id=\"vct_typologie_batiment_australes\" class=\"fusion-form-field fusion-form-image-select-field fusion-form-label-above fusion-form-field-fusion-form-image-select-11 option-inline\" data-form-id=\"3633\" style=\"--awb-active-color:#bdd547;--awb-inactive-color:#26a147;--awb-height:150px;--awb-width:100%;--awb-padding-top:10px;--awb-padding-right:20px;--awb-padding-bottom:10px;--awb-padding-left:20px;--awb-border-size-top:2px;--awb-border-size-right:2px;--awb-border-size-bottom:2px;--awb-border-size-left:2px;--awb-hover-color:rgba(189,213,71,0.5);\"><fieldset><legend class=\"fusion-form-label-wrapper\"><span class=\"label\">S\u00e9lectionnez la typologie associ\u00e9e \u00e0 votre b\u00e2timent ou partie de b\u00e2timent<\/span><\/legend><div class=\"fusion-form-image-select\"><input tabindex=\"\" id=\"image-select-logement_individuel63\" type=\"radio\" value=\"logement_individuel\" name=\"typologie_batiment_australes[]\" class=\"fusion-form-input\" data-holds-private-data=\"false\"\/><label for=\"image-select-logement_individuel63\"><span>Logement individuel<\/span><picture class=\"fusion-form-image-wrapper\"><img decoding=\"async\" width=\"1453\" height=\"1090\" src=\"https:\/\/www.service-public.pf\/sde\/wp-content\/uploads\/sites\/15\/2023\/01\/SDE-REBPF-IlluTotales-Logement-Individuel.png\" class=\"attachment-full size-full\" alt=\"\" srcset=\"https:\/\/www.service-public.pf\/sde\/wp-content\/uploads\/sites\/15\/2023\/01\/SDE-REBPF-IlluTotales-Logement-Individuel-200x150.png 200w, https:\/\/www.service-public.pf\/sde\/wp-content\/uploads\/sites\/15\/2023\/01\/SDE-REBPF-IlluTotales-Logement-Individuel-300x225.png 300w, https:\/\/www.service-public.pf\/sde\/wp-content\/uploads\/sites\/15\/2023\/01\/SDE-REBPF-IlluTotales-Logement-Individuel-400x300.png 400w, https:\/\/www.service-public.pf\/sde\/wp-content\/uploads\/sites\/15\/2023\/01\/SDE-REBPF-IlluTotales-Logement-Individuel-600x450.png 600w, https:\/\/www.service-public.pf\/sde\/wp-content\/uploads\/sites\/15\/2023\/01\/SDE-REBPF-IlluTotales-Logement-Individuel-768x576.png 768w, https:\/\/www.service-public.pf\/sde\/wp-content\/uploads\/sites\/15\/2023\/01\/SDE-REBPF-IlluTotales-Logement-Individuel-800x600.png 800w, https:\/\/www.service-public.pf\/sde\/wp-content\/uploads\/sites\/15\/2023\/01\/SDE-REBPF-IlluTotales-Logement-Individuel-1024x768.png 1024w, https:\/\/www.service-public.pf\/sde\/wp-content\/uploads\/sites\/15\/2023\/01\/SDE-REBPF-IlluTotales-Logement-Individuel-1200x900.png 1200w, https:\/\/www.service-public.pf\/sde\/wp-content\/uploads\/sites\/15\/2023\/01\/SDE-REBPF-IlluTotales-Logement-Individuel.png 1453w\" sizes=\"(max-width: 1453px) 100vw, 1453px\" \/><\/picture><\/label><\/div><div class=\"fusion-form-image-select\"><input tabindex=\"\" id=\"image-select-logement_collectif64\" type=\"radio\" value=\"logement_collectif\" name=\"typologie_batiment_australes[]\" class=\"fusion-form-input\" data-holds-private-data=\"false\"\/><label for=\"image-select-logement_collectif64\"><span>Logement collectif<\/span><picture class=\"fusion-form-image-wrapper\"><img decoding=\"async\" width=\"1453\" height=\"1090\" src=\"https:\/\/www.service-public.pf\/sde\/wp-content\/uploads\/sites\/15\/2023\/01\/SDE-REBPF-IlluTotales-Logement-Collectif.png\" class=\"attachment-full size-full\" alt=\"\" srcset=\"https:\/\/www.service-public.pf\/sde\/wp-content\/uploads\/sites\/15\/2023\/01\/SDE-REBPF-IlluTotales-Logement-Collectif-200x150.png 200w, https:\/\/www.service-public.pf\/sde\/wp-content\/uploads\/sites\/15\/2023\/01\/SDE-REBPF-IlluTotales-Logement-Collectif-300x225.png 300w, https:\/\/www.service-public.pf\/sde\/wp-content\/uploads\/sites\/15\/2023\/01\/SDE-REBPF-IlluTotales-Logement-Collectif-400x300.png 400w, https:\/\/www.service-public.pf\/sde\/wp-content\/uploads\/sites\/15\/2023\/01\/SDE-REBPF-IlluTotales-Logement-Collectif-600x450.png 600w, https:\/\/www.service-public.pf\/sde\/wp-content\/uploads\/sites\/15\/2023\/01\/SDE-REBPF-IlluTotales-Logement-Collectif-768x576.png 768w, https:\/\/www.service-public.pf\/sde\/wp-content\/uploads\/sites\/15\/2023\/01\/SDE-REBPF-IlluTotales-Logement-Collectif-800x600.png 800w, https:\/\/www.service-public.pf\/sde\/wp-content\/uploads\/sites\/15\/2023\/01\/SDE-REBPF-IlluTotales-Logement-Collectif-1024x768.png 1024w, https:\/\/www.service-public.pf\/sde\/wp-content\/uploads\/sites\/15\/2023\/01\/SDE-REBPF-IlluTotales-Logement-Collectif-1200x900.png 1200w, https:\/\/www.service-public.pf\/sde\/wp-content\/uploads\/sites\/15\/2023\/01\/SDE-REBPF-IlluTotales-Logement-Collectif.png 1453w\" sizes=\"(max-width: 1453px) 100vw, 1453px\" \/><\/picture><\/label><\/div><div class=\"fusion-form-image-select\"><input tabindex=\"\" id=\"image-select-batiment_de_bureaux65\" type=\"radio\" value=\"batiment_de_bureaux\" name=\"typologie_batiment_australes[]\" class=\"fusion-form-input\" data-holds-private-data=\"false\"\/><label for=\"image-select-batiment_de_bureaux65\"><span>B\u00e2timent de bureaux<\/span><picture class=\"fusion-form-image-wrapper\"><img decoding=\"async\" width=\"1453\" height=\"1090\" src=\"https:\/\/www.service-public.pf\/sde\/wp-content\/uploads\/sites\/15\/2023\/01\/SDE-REBPF-IlluTotales-Bureau.png\" class=\"attachment-full size-full\" alt=\"\" srcset=\"https:\/\/www.service-public.pf\/sde\/wp-content\/uploads\/sites\/15\/2023\/01\/SDE-REBPF-IlluTotales-Bureau-200x150.png 200w, https:\/\/www.service-public.pf\/sde\/wp-content\/uploads\/sites\/15\/2023\/01\/SDE-REBPF-IlluTotales-Bureau-300x225.png 300w, https:\/\/www.service-public.pf\/sde\/wp-content\/uploads\/sites\/15\/2023\/01\/SDE-REBPF-IlluTotales-Bureau-400x300.png 400w, https:\/\/www.service-public.pf\/sde\/wp-content\/uploads\/sites\/15\/2023\/01\/SDE-REBPF-IlluTotales-Bureau-600x450.png 600w, https:\/\/www.service-public.pf\/sde\/wp-content\/uploads\/sites\/15\/2023\/01\/SDE-REBPF-IlluTotales-Bureau-768x576.png 768w, https:\/\/www.service-public.pf\/sde\/wp-content\/uploads\/sites\/15\/2023\/01\/SDE-REBPF-IlluTotales-Bureau-800x600.png 800w, https:\/\/www.service-public.pf\/sde\/wp-content\/uploads\/sites\/15\/2023\/01\/SDE-REBPF-IlluTotales-Bureau-1024x768.png 1024w, https:\/\/www.service-public.pf\/sde\/wp-content\/uploads\/sites\/15\/2023\/01\/SDE-REBPF-IlluTotales-Bureau-1200x900.png 1200w, https:\/\/www.service-public.pf\/sde\/wp-content\/uploads\/sites\/15\/2023\/01\/SDE-REBPF-IlluTotales-Bureau.png 1453w\" sizes=\"(max-width: 1453px) 100vw, 1453px\" \/><\/picture><\/label><\/div><div class=\"fusion-form-image-select\"><input tabindex=\"\" id=\"image-select-hotellerie66\" type=\"radio\" value=\"hotellerie\" name=\"typologie_batiment_australes[]\" class=\"fusion-form-input\" data-holds-private-data=\"false\"\/><label for=\"image-select-hotellerie66\"><span>H\u00f4tellerie<\/span><picture class=\"fusion-form-image-wrapper\"><img decoding=\"async\" width=\"1453\" height=\"1090\" src=\"https:\/\/www.service-public.pf\/sde\/wp-content\/uploads\/sites\/15\/2023\/01\/SDE-REBPF-IlluTotales-Hotel-Pension.png\" class=\"attachment-full size-full\" alt=\"\" srcset=\"https:\/\/www.service-public.pf\/sde\/wp-content\/uploads\/sites\/15\/2023\/01\/SDE-REBPF-IlluTotales-Hotel-Pension-200x150.png 200w, https:\/\/www.service-public.pf\/sde\/wp-content\/uploads\/sites\/15\/2023\/01\/SDE-REBPF-IlluTotales-Hotel-Pension-300x225.png 300w, https:\/\/www.service-public.pf\/sde\/wp-content\/uploads\/sites\/15\/2023\/01\/SDE-REBPF-IlluTotales-Hotel-Pension-400x300.png 400w, https:\/\/www.service-public.pf\/sde\/wp-content\/uploads\/sites\/15\/2023\/01\/SDE-REBPF-IlluTotales-Hotel-Pension-600x450.png 600w, https:\/\/www.service-public.pf\/sde\/wp-content\/uploads\/sites\/15\/2023\/01\/SDE-REBPF-IlluTotales-Hotel-Pension-768x576.png 768w, https:\/\/www.service-public.pf\/sde\/wp-content\/uploads\/sites\/15\/2023\/01\/SDE-REBPF-IlluTotales-Hotel-Pension-800x600.png 800w, https:\/\/www.service-public.pf\/sde\/wp-content\/uploads\/sites\/15\/2023\/01\/SDE-REBPF-IlluTotales-Hotel-Pension-1024x768.png 1024w, https:\/\/www.service-public.pf\/sde\/wp-content\/uploads\/sites\/15\/2023\/01\/SDE-REBPF-IlluTotales-Hotel-Pension-1200x900.png 1200w, https:\/\/www.service-public.pf\/sde\/wp-content\/uploads\/sites\/15\/2023\/01\/SDE-REBPF-IlluTotales-Hotel-Pension.png 1453w\" sizes=\"(max-width: 1453px) 100vw, 1453px\" \/><\/picture><\/label><\/div><div class=\"fusion-form-image-select\"><input tabindex=\"\" id=\"image-select-etablissement_d_enseignement67\" type=\"radio\" value=\"etablissement_d_enseignement\" name=\"typologie_batiment_australes[]\" class=\"fusion-form-input\" data-holds-private-data=\"false\"\/><label for=\"image-select-etablissement_d_enseignement67\"><span>\u00c9tablissement d&#039;enseignement<\/span><picture class=\"fusion-form-image-wrapper\"><img decoding=\"async\" width=\"1453\" height=\"1090\" src=\"https:\/\/www.service-public.pf\/sde\/wp-content\/uploads\/sites\/15\/2023\/01\/SDE-REBPF-IlluTotales-Enseignement.png\" class=\"attachment-full size-full\" alt=\"\" srcset=\"https:\/\/www.service-public.pf\/sde\/wp-content\/uploads\/sites\/15\/2023\/01\/SDE-REBPF-IlluTotales-Enseignement-200x150.png 200w, https:\/\/www.service-public.pf\/sde\/wp-content\/uploads\/sites\/15\/2023\/01\/SDE-REBPF-IlluTotales-Enseignement-300x225.png 300w, https:\/\/www.service-public.pf\/sde\/wp-content\/uploads\/sites\/15\/2023\/01\/SDE-REBPF-IlluTotales-Enseignement-400x300.png 400w, https:\/\/www.service-public.pf\/sde\/wp-content\/uploads\/sites\/15\/2023\/01\/SDE-REBPF-IlluTotales-Enseignement-600x450.png 600w, https:\/\/www.service-public.pf\/sde\/wp-content\/uploads\/sites\/15\/2023\/01\/SDE-REBPF-IlluTotales-Enseignement-768x576.png 768w, https:\/\/www.service-public.pf\/sde\/wp-content\/uploads\/sites\/15\/2023\/01\/SDE-REBPF-IlluTotales-Enseignement-800x600.png 800w, https:\/\/www.service-public.pf\/sde\/wp-content\/uploads\/sites\/15\/2023\/01\/SDE-REBPF-IlluTotales-Enseignement-1024x768.png 1024w, https:\/\/www.service-public.pf\/sde\/wp-content\/uploads\/sites\/15\/2023\/01\/SDE-REBPF-IlluTotales-Enseignement-1200x900.png 1200w, https:\/\/www.service-public.pf\/sde\/wp-content\/uploads\/sites\/15\/2023\/01\/SDE-REBPF-IlluTotales-Enseignement.png 1453w\" sizes=\"(max-width: 1453px) 100vw, 1453px\" \/><\/picture><\/label><\/div><div class=\"fusion-form-image-select\"><input tabindex=\"\" id=\"image-select-etablissement_de_soin68\" type=\"radio\" value=\"etablissement_de_soin\" name=\"typologie_batiment_australes[]\" class=\"fusion-form-input\" data-holds-private-data=\"false\"\/><label for=\"image-select-etablissement_de_soin68\"><span>\u00c9tablissement de soin<\/span><picture class=\"fusion-form-image-wrapper\"><img decoding=\"async\" width=\"1453\" height=\"1090\" src=\"https:\/\/www.service-public.pf\/sde\/wp-content\/uploads\/sites\/15\/2023\/01\/SDE-REBPF-IlluTotales-Etablissement-Soin.png\" class=\"attachment-full size-full\" alt=\"\" srcset=\"https:\/\/www.service-public.pf\/sde\/wp-content\/uploads\/sites\/15\/2023\/01\/SDE-REBPF-IlluTotales-Etablissement-Soin-200x150.png 200w, https:\/\/www.service-public.pf\/sde\/wp-content\/uploads\/sites\/15\/2023\/01\/SDE-REBPF-IlluTotales-Etablissement-Soin-300x225.png 300w, https:\/\/www.service-public.pf\/sde\/wp-content\/uploads\/sites\/15\/2023\/01\/SDE-REBPF-IlluTotales-Etablissement-Soin-400x300.png 400w, https:\/\/www.service-public.pf\/sde\/wp-content\/uploads\/sites\/15\/2023\/01\/SDE-REBPF-IlluTotales-Etablissement-Soin-600x450.png 600w, https:\/\/www.service-public.pf\/sde\/wp-content\/uploads\/sites\/15\/2023\/01\/SDE-REBPF-IlluTotales-Etablissement-Soin-768x576.png 768w, https:\/\/www.service-public.pf\/sde\/wp-content\/uploads\/sites\/15\/2023\/01\/SDE-REBPF-IlluTotales-Etablissement-Soin-800x600.png 800w, https:\/\/www.service-public.pf\/sde\/wp-content\/uploads\/sites\/15\/2023\/01\/SDE-REBPF-IlluTotales-Etablissement-Soin-1024x768.png 1024w, https:\/\/www.service-public.pf\/sde\/wp-content\/uploads\/sites\/15\/2023\/01\/SDE-REBPF-IlluTotales-Etablissement-Soin-1200x900.png 1200w, https:\/\/www.service-public.pf\/sde\/wp-content\/uploads\/sites\/15\/2023\/01\/SDE-REBPF-IlluTotales-Etablissement-Soin.png 1453w\" sizes=\"(max-width: 1453px) 100vw, 1453px\" \/><\/picture><\/label><\/div><div class=\"fusion-form-image-select\"><input tabindex=\"\" id=\"image-select-restauration69\" type=\"radio\" value=\"restauration\" name=\"typologie_batiment_australes[]\" class=\"fusion-form-input\" data-holds-private-data=\"false\"\/><label for=\"image-select-restauration69\"><span>Restauration<\/span><picture class=\"fusion-form-image-wrapper\"><img decoding=\"async\" width=\"1453\" height=\"1090\" src=\"https:\/\/www.service-public.pf\/sde\/wp-content\/uploads\/sites\/15\/2023\/01\/SDE-REBPF-IlluTotales-Restaurant.png\" class=\"attachment-full size-full\" alt=\"\" srcset=\"https:\/\/www.service-public.pf\/sde\/wp-content\/uploads\/sites\/15\/2023\/01\/SDE-REBPF-IlluTotales-Restaurant-200x150.png 200w, https:\/\/www.service-public.pf\/sde\/wp-content\/uploads\/sites\/15\/2023\/01\/SDE-REBPF-IlluTotales-Restaurant-300x225.png 300w, https:\/\/www.service-public.pf\/sde\/wp-content\/uploads\/sites\/15\/2023\/01\/SDE-REBPF-IlluTotales-Restaurant-400x300.png 400w, https:\/\/www.service-public.pf\/sde\/wp-content\/uploads\/sites\/15\/2023\/01\/SDE-REBPF-IlluTotales-Restaurant-600x450.png 600w, https:\/\/www.service-public.pf\/sde\/wp-content\/uploads\/sites\/15\/2023\/01\/SDE-REBPF-IlluTotales-Restaurant-768x576.png 768w, https:\/\/www.service-public.pf\/sde\/wp-content\/uploads\/sites\/15\/2023\/01\/SDE-REBPF-IlluTotales-Restaurant-800x600.png 800w, https:\/\/www.service-public.pf\/sde\/wp-content\/uploads\/sites\/15\/2023\/01\/SDE-REBPF-IlluTotales-Restaurant-1024x768.png 1024w, https:\/\/www.service-public.pf\/sde\/wp-content\/uploads\/sites\/15\/2023\/01\/SDE-REBPF-IlluTotales-Restaurant-1200x900.png 1200w, https:\/\/www.service-public.pf\/sde\/wp-content\/uploads\/sites\/15\/2023\/01\/SDE-REBPF-IlluTotales-Restaurant.png 1453w\" sizes=\"(max-width: 1453px) 100vw, 1453px\" \/><\/picture><\/label><\/div><div class=\"fusion-form-image-select\"><input tabindex=\"\" id=\"image-select-autre_batiment70\" type=\"radio\" value=\"autre_batiment\" name=\"typologie_batiment_australes[]\" class=\"fusion-form-input\" data-holds-private-data=\"false\"\/><label for=\"image-select-autre_batiment70\"><span>Autre b\u00e2timent<\/span><picture class=\"fusion-form-image-wrapper\"><img decoding=\"async\" width=\"1453\" height=\"1090\" src=\"https:\/\/www.service-public.pf\/sde\/wp-content\/uploads\/sites\/15\/2023\/01\/SDE-REBPF-IlluTotales-Divers.png\" class=\"attachment-full size-full\" alt=\"\" srcset=\"https:\/\/www.service-public.pf\/sde\/wp-content\/uploads\/sites\/15\/2023\/01\/SDE-REBPF-IlluTotales-Divers-200x150.png 200w, https:\/\/www.service-public.pf\/sde\/wp-content\/uploads\/sites\/15\/2023\/01\/SDE-REBPF-IlluTotales-Divers-300x225.png 300w, https:\/\/www.service-public.pf\/sde\/wp-content\/uploads\/sites\/15\/2023\/01\/SDE-REBPF-IlluTotales-Divers-400x300.png 400w, https:\/\/www.service-public.pf\/sde\/wp-content\/uploads\/sites\/15\/2023\/01\/SDE-REBPF-IlluTotales-Divers-600x450.png 600w, https:\/\/www.service-public.pf\/sde\/wp-content\/uploads\/sites\/15\/2023\/01\/SDE-REBPF-IlluTotales-Divers-768x576.png 768w, https:\/\/www.service-public.pf\/sde\/wp-content\/uploads\/sites\/15\/2023\/01\/SDE-REBPF-IlluTotales-Divers-800x600.png 800w, https:\/\/www.service-public.pf\/sde\/wp-content\/uploads\/sites\/15\/2023\/01\/SDE-REBPF-IlluTotales-Divers-1024x768.png 1024w, https:\/\/www.service-public.pf\/sde\/wp-content\/uploads\/sites\/15\/2023\/01\/SDE-REBPF-IlluTotales-Divers-1200x900.png 1200w, https:\/\/www.service-public.pf\/sde\/wp-content\/uploads\/sites\/15\/2023\/01\/SDE-REBPF-IlluTotales-Divers.png 1453w\" sizes=\"(max-width: 1453px) 100vw, 1453px\" \/><\/picture><\/label><\/div><\/fieldset><\/div><\/div><\/div><div class=\"fusion-layout-column fusion_builder_column fusion-builder-column-72 fusion_builder_column_4_5 4_5 fusion-flex-column vct_australes_content\" style=\"--awb-bg-size:cover;--awb-width-large:80%;--awb-flex-grow:0;--awb-flex-shrink:0;--awb-margin-top-large:0px;--awb-spacing-right-large:2.4%;--awb-margin-bottom-large:20px;--awb-spacing-left-large:2.4%;--awb-width-medium:100%;--awb-order-medium:0;--awb-flex-grow-medium:0;--awb-flex-shrink-medium:0;--awb-spacing-right-medium:1.92%;--awb-spacing-left-medium:1.92%;--awb-width-small:100%;--awb-order-small:0;--awb-flex-grow-small:0;--awb-flex-shrink-small:0;--awb-spacing-right-small:1.92%;--awb-spacing-left-small:1.92%;\" id=\"vct_australes_autrebatiment_content\"><div class=\"fusion-column-wrapper fusion-column-has-shadow fusion-flex-justify-content-flex-start fusion-content-layout-column\"><div class=\"fusion-title title fusion-title-60 fusion-sep-none fusion-title-center fusion-title-text fusion-title-size-two hidden\" style=\"--awb-margin-top-small:0px;--awb-margin-right-small:0px;--awb-margin-bottom-small:20px;--awb-margin-left-small:0px;\"><h2 class=\"fusion-title-heading title-heading-center\" style=\"margin:0;\">Protection solaire de la toiture + D\u00e9pliant Autre + Formulaire 1-AGMT<\/h2><\/div><div class=\"fusion-text fusion-text-226 vct_description_typologie\"><p>Il s\u2019agit de tout b\u00e2timent ou toute partie de b\u00e2timent, qui est concern\u00e9 par la r\u00e9glementation mais<br \/>\nqui n\u2019est pas associ\u00e9 \u00e0 une typologie particuli\u00e8re.<\/p>\n<p>Pour rappel, les b\u00e2timents ou parties de b\u00e2timents non concern\u00e9s par la r\u00e9glementation sont :<\/p>\n<ul>\n<li>Les constructions neuves totalement ouvertes ;<\/li>\n<li>Les constructions neuves et partiellement ou totalement close mais inoccup\u00e9es et non<br \/>\nclimatis\u00e9es ;<\/li>\n<li>Les habitations de style traditionnel polyn\u00e9sien telles que d\u00e9finies \u00e0 l\u2019article D.370-1 et<br \/>\nsuivants du code de l\u2019am\u00e9nagement de Polyn\u00e9sie fran\u00e7aise ;<\/li>\n<li>Les \u00e9tablissements recevant du public (ERP) suivants\u00a0: b\u00e2timents de culte\u00a0; \u00e9tablissements de<br \/>\nplein air\u00a0; chapiteaux, tentes, structures\u00a0; structures gonflables\u00a0; stationnements couverts\u00a0;<br \/>\ngares\u00a0; \u00e9tablissements flottants.<\/li>\n<\/ul>\n<\/div><div class=\"fusion-builder-row fusion-builder-row-inner fusion-row fusion-flex-align-items-center fusion-flex-justify-content-center fusion-flex-content-wrap\" style=\"--awb-flex-grow:0;--awb-flex-grow-medium:0;--awb-flex-grow-small:0;--awb-flex-shrink:0;--awb-flex-shrink-medium:0;--awb-flex-shrink-small:0;width:104% !important;max-width:104% !important;margin-left: calc(-4% \/ 2 );margin-right: calc(-4% \/ 2 );\"><div class=\"fusion-layout-column fusion_builder_column_inner fusion-builder-nested-column-288 fusion_builder_column_inner_1_1 1_1 fusion-flex-column\" style=\"--awb-bg-size:cover;--awb-width-large:100%;--awb-margin-top-large:0px;--awb-spacing-right-large:1.92%;--awb-margin-bottom-large:20px;--awb-spacing-left-large:1.92%;--awb-width-medium:100%;--awb-order-medium:0;--awb-spacing-right-medium:1.92%;--awb-spacing-left-medium:1.92%;--awb-width-small:100%;--awb-order-small:0;--awb-spacing-right-small:1.92%;--awb-spacing-left-small:1.92%;\"><div class=\"fusion-column-wrapper fusion-column-has-shadow fusion-flex-justify-content-flex-start fusion-content-layout-column\"><div class=\"fusion-separator fusion-full-width-sep\" style=\"align-self: center;margin-left: auto;margin-right: auto;width:100%;\"><div class=\"fusion-separator-border sep-shadow\" style=\"--awb-height:20px;--awb-amount:20px;background:radial-gradient(ellipse at 50% -50% , #e0dede 0px, rgba(255, 255, 255, 0) 80%) repeat scroll 0 0 rgba(0, 0, 0, 0);background:-webkit-radial-gradient(ellipse at 50% -50% , #e0dede 0px, rgba(255, 255, 255, 0) 80%) repeat scroll 0 0 rgba(0, 0, 0, 0);background:-moz-radial-gradient(ellipse at 50% -50% , #e0dede 0px, rgba(255, 255, 255, 0) 80%) repeat scroll 0 0 rgba(0, 0, 0, 0);background:-o-radial-gradient(ellipse at 50% -50% , #e0dede 0px, rgba(255, 255, 255, 0) 80%) repeat scroll 0 0 rgba(0, 0, 0, 0);\"><\/div><\/div><\/div><\/div><div class=\"fusion-layout-column fusion_builder_column_inner fusion-builder-nested-column-289 fusion_builder_column_inner_1_3 1_3 fusion-flex-column\" style=\"--awb-bg-size:cover;--awb-width-large:33.333333333333%;--awb-margin-top-large:0px;--awb-spacing-right-large:2vw;--awb-margin-bottom-large:20px;--awb-spacing-left-large:5.76%;--awb-width-medium:100%;--awb-order-medium:0;--awb-spacing-right-medium:1.92%;--awb-spacing-left-medium:1.92%;--awb-width-small:100%;--awb-order-small:0;--awb-spacing-right-small:1.92%;--awb-spacing-left-small:1.92%;\"><div class=\"fusion-column-wrapper fusion-column-has-shadow fusion-flex-justify-content-flex-start fusion-content-layout-column\"><div class=\"fusion-image-element \" style=\"text-align:right;--awb-max-width:450px;--awb-caption-title-font-family:var(--h2_typography-font-family);--awb-caption-title-font-weight:var(--h2_typography-font-weight);--awb-caption-title-font-style:var(--h2_typography-font-style);--awb-caption-title-size:var(--h2_typography-font-size);--awb-caption-title-transform:var(--h2_typography-text-transform);--awb-caption-title-line-height:var(--h2_typography-line-height);--awb-caption-title-letter-spacing:var(--h2_typography-letter-spacing);\"><span class=\" fusion-imageframe imageframe-none imageframe-57 hover-type-none\"><img decoding=\"async\" width=\"300\" height=\"225\" title=\"SDE REBPF IlluTotales Divers\" src=\"https:\/\/www.service-public.pf\/sde\/wp-content\/uploads\/sites\/15\/2023\/01\/SDE-REBPF-IlluTotales-Divers-300x225.png\" alt class=\"img-responsive wp-image-3435\" srcset=\"https:\/\/www.service-public.pf\/sde\/wp-content\/uploads\/sites\/15\/2023\/01\/SDE-REBPF-IlluTotales-Divers-200x150.png 200w, https:\/\/www.service-public.pf\/sde\/wp-content\/uploads\/sites\/15\/2023\/01\/SDE-REBPF-IlluTotales-Divers-400x300.png 400w, https:\/\/www.service-public.pf\/sde\/wp-content\/uploads\/sites\/15\/2023\/01\/SDE-REBPF-IlluTotales-Divers-600x450.png 600w, https:\/\/www.service-public.pf\/sde\/wp-content\/uploads\/sites\/15\/2023\/01\/SDE-REBPF-IlluTotales-Divers-800x600.png 800w, https:\/\/www.service-public.pf\/sde\/wp-content\/uploads\/sites\/15\/2023\/01\/SDE-REBPF-IlluTotales-Divers-1200x900.png 1200w, https:\/\/www.service-public.pf\/sde\/wp-content\/uploads\/sites\/15\/2023\/01\/SDE-REBPF-IlluTotales-Divers.png 1453w\" sizes=\"(max-width: 1024px) 100vw, (max-width: 640px) 100vw, 800px\" \/><\/span><\/div><\/div><\/div><div class=\"fusion-layout-column fusion_builder_column_inner fusion-builder-nested-column-290 fusion_builder_column_inner_2_3 2_3 fusion-flex-column\" style=\"--awb-bg-size:cover;--awb-width-large:66.666666666667%;--awb-margin-top-large:0px;--awb-spacing-right-large:2.88%;--awb-margin-bottom-large:20px;--awb-spacing-left-large:2.88%;--awb-width-medium:100%;--awb-order-medium:0;--awb-spacing-right-medium:1.92%;--awb-spacing-left-medium:1.92%;--awb-width-small:100%;--awb-order-small:0;--awb-spacing-right-small:1.92%;--awb-spacing-left-small:1.92%;\"><div class=\"fusion-column-wrapper fusion-column-has-shadow fusion-flex-justify-content-center fusion-content-layout-column\"><div class=\"fusion-text fusion-text-227\" style=\"--awb-content-alignment:center;--awb-font-size:24pt;\"><p>Localisation\u00a0du projet : <strong>Australes<\/strong><\/p>\n<p>Typologie de la construction\u00a0: <strong>Pas de typologie particuli\u00e8re au sens de la REBPf<\/strong><\/p>\n<\/div><\/div><\/div><div class=\"fusion-layout-column fusion_builder_column_inner fusion-builder-nested-column-291 fusion_builder_column_inner_1_1 1_1 fusion-flex-column\" style=\"--awb-bg-size:cover;--awb-width-large:100%;--awb-margin-top-large:0px;--awb-spacing-right-large:1.92%;--awb-margin-bottom-large:20px;--awb-spacing-left-large:1.92%;--awb-width-medium:100%;--awb-order-medium:0;--awb-spacing-right-medium:1.92%;--awb-spacing-left-medium:1.92%;--awb-width-small:100%;--awb-order-small:0;--awb-spacing-right-small:1.92%;--awb-spacing-left-small:1.92%;\"><div class=\"fusion-column-wrapper fusion-column-has-shadow fusion-flex-justify-content-flex-start fusion-content-layout-column\"><div class=\"fusion-separator fusion-full-width-sep\" style=\"align-self: center;margin-left: auto;margin-right: auto;margin-bottom:20px;width:100%;\"><div class=\"fusion-separator-border sep-shadow\" style=\"--awb-height:20px;--awb-amount:20px;background:radial-gradient(ellipse at 50% -50% , #e0dede 0px, rgba(255, 255, 255, 0) 80%) repeat scroll 0 0 rgba(0, 0, 0, 0);background:-webkit-radial-gradient(ellipse at 50% -50% , #e0dede 0px, rgba(255, 255, 255, 0) 80%) repeat scroll 0 0 rgba(0, 0, 0, 0);background:-moz-radial-gradient(ellipse at 50% -50% , #e0dede 0px, rgba(255, 255, 255, 0) 80%) repeat scroll 0 0 rgba(0, 0, 0, 0);background:-o-radial-gradient(ellipse at 50% -50% , #e0dede 0px, rgba(255, 255, 255, 0) 80%) repeat scroll 0 0 rgba(0, 0, 0, 0);\"><\/div><\/div><\/div><\/div><div class=\"fusion-layout-column fusion_builder_column_inner fusion-builder-nested-column-292 fusion_builder_column_inner_1_1 1_1 fusion-flex-column\" style=\"--awb-bg-color:#ffffff;--awb-bg-color-hover:#ffffff;--awb-bg-size:cover;--awb-width-large:100%;--awb-margin-top-large:0px;--awb-spacing-right-large:1.92%;--awb-margin-bottom-large:20px;--awb-spacing-left-large:1.92%;--awb-width-medium:100%;--awb-order-medium:0;--awb-spacing-right-medium:1.92%;--awb-spacing-left-medium:1.92%;--awb-width-small:100%;--awb-order-small:0;--awb-spacing-right-small:1.92%;--awb-spacing-left-small:1.92%;\"><div class=\"fusion-column-wrapper fusion-column-has-shadow fusion-flex-justify-content-flex-start fusion-content-layout-column\"><div class=\"fusion-text fusion-text-228\" style=\"--awb-text-color:#000000;\"><p><strong>Th\u00e9matiques applicables :<\/strong><\/p>\n<\/div><div class=\"accordian fusion-accordian\" style=\"--awb-border-size:1px;--awb-icon-size:13px;--awb-content-font-size:13px;--awb-icon-alignment:left;--awb-hover-color:#f9f9f9;--awb-border-color:#cccccc;--awb-background-color:#ffffff;--awb-divider-color:#e0dede;--awb-divider-hover-color:#e0dede;--awb-icon-color:#ffffff;--awb-title-color:#333333;--awb-content-color:#747474;--awb-icon-box-color:#333333;--awb-toggle-hover-accent-color:#26a147;--awb-title-font-family:&quot;PT Sans&quot;;--awb-title-font-weight:400;--awb-title-font-style:normal;--awb-title-font-size:13px;--awb-content-font-family:&quot;PT Sans&quot;;--awb-content-font-style:normal;--awb-content-font-weight:400;\"><div class=\"panel-group fusion-toggle-icon-boxed\" id=\"accordion-3355-57\"><div class=\"fusion-panel panel-default panel-8c20b64f4261accf3 fusion-toggle-has-divider\" style=\"--awb-title-color:#333333;--awb-content-color:#747474;\"><div class=\"panel-heading\"><h4 class=\"panel-title toggle\" id=\"toggle_8c20b64f4261accf3\"><a aria-expanded=\"false\" aria-controls=\"8c20b64f4261accf3\" role=\"button\" data-toggle=\"collapse\" data-parent=\"#accordion-3355-57\" data-target=\"#8c20b64f4261accf3\" href=\"#8c20b64f4261accf3\"><span class=\"fusion-toggle-icon-wrapper\" aria-hidden=\"true\"><i class=\"fa-fusion-box active-icon awb-icon-minus\" aria-hidden=\"true\"><\/i><i class=\"fa-fusion-box inactive-icon awb-icon-plus\" aria-hidden=\"true\"><\/i><\/span><span class=\"fusion-toggle-heading\">Protection solaire de la toiture<\/span><\/a><\/h4><\/div><div id=\"8c20b64f4261accf3\" class=\"panel-collapse collapse \" aria-labelledby=\"toggle_8c20b64f4261accf3\"><div class=\"panel-body toggle-content fusion-clearfix\">\n<table style=\"width: 100%;height: 187px\">\n<tbody>\n<tr style=\"height: 187px\">\n<td style=\"height: 187px\"><span style=\"color: #000000\"><strong><span style=\"text-decoration: underline\">Locaux concern\u00e9s<\/span> :<\/strong><\/span><\/p>\n<ul>\n<li>Locaux clos et climatis\u00e9s ou occup\u00e9s<\/li>\n<li>Locaux clos non-occup\u00e9s donnant <u>directement<\/u> sur les locaux clos et climatis\u00e9s ou occup\u00e9s, \u00e0 l\u2019exception des locaux techniques, des stationnements et des espaces de stockage non climatis\u00e9s<\/li>\n<\/ul>\n<\/td>\n<td style=\"height: 187px\"><img decoding=\"async\" class=\"alignright wp-image-3430\" src=\"https:\/\/www.service-public.pf\/sde\/wp-content\/uploads\/sites\/15\/2023\/01\/SDE-REBPF-IlluTotales-Divers-ProToiture.png\" alt=\"\" width=\"300\" height=\"225\" \/><\/td>\n<\/tr>\n<\/tbody>\n<\/table>\n<p style=\"color: #000000\"><strong><span style=\"text-decoration: underline\">Seuils \u00e0 respecter<\/span> :<\/strong><\/p>\n<table class=\"table table-bordered\">\n<tbody>\n<tr>\n<td style=\"width: 25%\"><strong>Mesure<\/strong><\/td>\n<td style=\"width: 7.0755%\"><strong>Seuil<\/strong><\/td>\n<td style=\"width: 55.6175%\"><strong>Exemples de solutions<\/strong><\/td>\n<\/tr>\n<tr>\n<td style=\"width: 25%\">Facteur solaire maximal de la toiture<\/td>\n<td style=\"width: 7.0755%\">2,5%<\/td>\n<td style=\"width: 55.6175%\">\n<ul>\n<li>Toiture (avec combles) en t\u00f4le de teinte claire avec 3 cm de laine min\u00e9rale minimum<\/li>\n<li>Toiture (avec combles) en t\u00f4le de teinte moyenne avec 5 cm de laine min\u00e9rale minimum<\/li>\n<li>Toiture (avec combles) en t\u00f4le de teinte sombre avec 7,5 cm de laine min\u00e9rale minimum<\/li>\n<li>Toiture terrasse en b\u00e9ton de teinte moyenne avec 6 cm de polystyr\u00e8ne expans\u00e9 minimum<\/li>\n<li>Toiture terrasse en b\u00e9ton avec sur-toiture largement ventil\u00e9e<\/li>\n<\/ul>\n<\/td>\n<\/tr>\n<\/tbody>\n<\/table>\n<p><span style=\"color: #000000\"><strong>Pour plus d\u2019informations sur l\u2019application de la th\u00e9matique, consultez la fiche en question\u00a0:<\/strong><\/span><\/p>\n<ul>\n<li><a href=\"https:\/\/www.service-public.pf\/sde\/wp-content\/uploads\/sites\/15\/2023\/09\/Fiche-02-Protection-solaire-des-parois-opaques-horizontales-Toitures.pdf\">Fiche d\u2019application \u00ab\u00a0Protection solaire de la toiture\u00a0\u00bb<\/a><\/li>\n<\/ul>\n<p>Nota bene : les informations diffus\u00e9es dans le d\u00e9pliant mis \u00e0 disposition ci-dessous sont normalement suffisantes pour s'assurer de la conformit\u00e9 de son projet sans rentrer dans les d\u00e9tails techniques de la th\u00e9matique.<\/p>\n<\/div><\/div><\/div><\/div><\/div><div class=\"fusion-text fusion-text-229\" style=\"--awb-margin-top:10px;\"><p><span style=\"color: #000000\"><strong>Informations relatives aux demandes de permis de construire et au certificat de conformit\u00e9<\/strong><\/span><\/p>\n<p>Le p\u00e9titionnaire remplit les nouveaux formulaires de demande de permis de construire et de certificat de conformit\u00e9 de la DCA qui int\u00e8grent la d\u00e9claration du respect de la r\u00e9glementation.<\/p>\n<p><span style=\"color: #000000\"><strong>Informations sur les dispositions applicables \u00e0 la typologie :<\/strong><\/span><\/p>\n<ul>\n<li><a href=\"https:\/\/www.service-public.pf\/sde\/wp-content\/uploads\/sites\/15\/2023\/03\/REPBF_Depliants_Autres_Pages.pdf\">D\u00e9pliant \u00ab\u00a0Tous les b\u00e2timents\u00a0\u00bb<\/a><\/li>\n<\/ul>\n<\/div><\/div><\/div><\/div><\/div><\/div><div class=\"fusion-layout-column fusion_builder_column fusion-builder-column-73 fusion_builder_column_4_5 4_5 fusion-flex-column vct_australes_content\" style=\"--awb-bg-size:cover;--awb-width-large:80%;--awb-flex-grow:0;--awb-flex-shrink:0;--awb-margin-top-large:0px;--awb-spacing-right-large:2.4%;--awb-margin-bottom-large:20px;--awb-spacing-left-large:2.4%;--awb-width-medium:100%;--awb-order-medium:0;--awb-flex-grow-medium:0;--awb-flex-shrink-medium:0;--awb-spacing-right-medium:1.92%;--awb-spacing-left-medium:1.92%;--awb-width-small:100%;--awb-order-small:0;--awb-flex-grow-small:0;--awb-flex-shrink-small:0;--awb-spacing-right-small:1.92%;--awb-spacing-left-small:1.92%;\" id=\"vct_australes_logementindividuel_content\"><div class=\"fusion-column-wrapper fusion-column-has-shadow fusion-flex-justify-content-flex-start fusion-content-layout-column\"><div class=\"fusion-title title fusion-title-61 fusion-sep-none fusion-title-center fusion-title-text fusion-title-size-two hidden\" style=\"--awb-margin-top-small:0px;--awb-margin-right-small:0px;--awb-margin-bottom-small:20px;--awb-margin-left-small:0px;\"><h2 class=\"fusion-title-heading title-heading-center\" style=\"margin:0;\">Protection solaire de la toiture + D\u00e9pliant logement individuel + Fiche d'information logement individuel + Formulaire 1-AGMT<\/h2><\/div><div class=\"fusion-text fusion-text-230 vct_description_typologie\"><p>Un logement individuel correspond \u00e0 la notion de maison individuelle telle que d\u00e9finie par le code de<br \/>\nl\u2019am\u00e9nagement, \u00e0 savoir un b\u00e2timent \u00e0 usage d\u2019habitation comprenant au plus deux logements<br \/>\nsuperpos\u00e9s ou accol\u00e9s.<\/p>\n<p>On assimile \u00e9galement au logement individuel les structures d\u2019h\u00e9bergement de tourisme et<br \/>\nchambres chez l\u2019habitant dont le nombre d\u2019unit\u00e9s d\u2019h\u00e9bergement est inf\u00e9rieur ou \u00e9gal \u00e0 cinq ou dont<br \/>\nl\u2019effectif est inf\u00e9rieur \u00e0 vingt personnes (ERP du 2\u00e8me groupe - cat\u00e9gorie 5)<\/p>\n<\/div><div class=\"fusion-builder-row fusion-builder-row-inner fusion-row fusion-flex-align-items-center fusion-flex-justify-content-center fusion-flex-content-wrap\" style=\"--awb-flex-grow:0;--awb-flex-grow-medium:0;--awb-flex-grow-small:0;--awb-flex-shrink:0;--awb-flex-shrink-medium:0;--awb-flex-shrink-small:0;width:104% !important;max-width:104% !important;margin-left: calc(-4% \/ 2 );margin-right: calc(-4% \/ 2 );\"><div class=\"fusion-layout-column fusion_builder_column_inner fusion-builder-nested-column-293 fusion_builder_column_inner_1_1 1_1 fusion-flex-column\" style=\"--awb-bg-size:cover;--awb-width-large:100%;--awb-margin-top-large:0px;--awb-spacing-right-large:1.92%;--awb-margin-bottom-large:20px;--awb-spacing-left-large:1.92%;--awb-width-medium:100%;--awb-order-medium:0;--awb-spacing-right-medium:1.92%;--awb-spacing-left-medium:1.92%;--awb-width-small:100%;--awb-order-small:0;--awb-spacing-right-small:1.92%;--awb-spacing-left-small:1.92%;\"><div class=\"fusion-column-wrapper fusion-column-has-shadow fusion-flex-justify-content-flex-start fusion-content-layout-column\"><div class=\"fusion-separator fusion-full-width-sep\" style=\"align-self: center;margin-left: auto;margin-right: auto;width:100%;\"><div class=\"fusion-separator-border sep-shadow\" style=\"--awb-height:20px;--awb-amount:20px;background:radial-gradient(ellipse at 50% -50% , #e0dede 0px, rgba(255, 255, 255, 0) 80%) repeat scroll 0 0 rgba(0, 0, 0, 0);background:-webkit-radial-gradient(ellipse at 50% -50% , #e0dede 0px, rgba(255, 255, 255, 0) 80%) repeat scroll 0 0 rgba(0, 0, 0, 0);background:-moz-radial-gradient(ellipse at 50% -50% , #e0dede 0px, rgba(255, 255, 255, 0) 80%) repeat scroll 0 0 rgba(0, 0, 0, 0);background:-o-radial-gradient(ellipse at 50% -50% , #e0dede 0px, rgba(255, 255, 255, 0) 80%) repeat scroll 0 0 rgba(0, 0, 0, 0);\"><\/div><\/div><\/div><\/div><div class=\"fusion-layout-column fusion_builder_column_inner fusion-builder-nested-column-294 fusion_builder_column_inner_1_3 1_3 fusion-flex-column\" style=\"--awb-bg-size:cover;--awb-width-large:33.333333333333%;--awb-margin-top-large:0px;--awb-spacing-right-large:2vw;--awb-margin-bottom-large:20px;--awb-spacing-left-large:5.76%;--awb-width-medium:100%;--awb-order-medium:0;--awb-spacing-right-medium:1.92%;--awb-spacing-left-medium:1.92%;--awb-width-small:100%;--awb-order-small:0;--awb-spacing-right-small:1.92%;--awb-spacing-left-small:1.92%;\"><div class=\"fusion-column-wrapper fusion-column-has-shadow fusion-flex-justify-content-flex-start fusion-content-layout-column\"><div class=\"fusion-image-element \" style=\"text-align:right;--awb-max-width:450px;--awb-caption-title-font-family:var(--h2_typography-font-family);--awb-caption-title-font-weight:var(--h2_typography-font-weight);--awb-caption-title-font-style:var(--h2_typography-font-style);--awb-caption-title-size:var(--h2_typography-font-size);--awb-caption-title-transform:var(--h2_typography-text-transform);--awb-caption-title-line-height:var(--h2_typography-line-height);--awb-caption-title-letter-spacing:var(--h2_typography-letter-spacing);\"><span class=\" fusion-imageframe imageframe-none imageframe-58 hover-type-none\"><img decoding=\"async\" width=\"300\" height=\"225\" title=\"SDE REBPF IlluTotales Logement Individuel\" src=\"https:\/\/www.service-public.pf\/sde\/wp-content\/uploads\/sites\/15\/2023\/01\/SDE-REBPF-IlluTotales-Logement-Individuel-300x225.png\" alt class=\"img-responsive wp-image-3460\" srcset=\"https:\/\/www.service-public.pf\/sde\/wp-content\/uploads\/sites\/15\/2023\/01\/SDE-REBPF-IlluTotales-Logement-Individuel-200x150.png 200w, https:\/\/www.service-public.pf\/sde\/wp-content\/uploads\/sites\/15\/2023\/01\/SDE-REBPF-IlluTotales-Logement-Individuel-400x300.png 400w, https:\/\/www.service-public.pf\/sde\/wp-content\/uploads\/sites\/15\/2023\/01\/SDE-REBPF-IlluTotales-Logement-Individuel-600x450.png 600w, https:\/\/www.service-public.pf\/sde\/wp-content\/uploads\/sites\/15\/2023\/01\/SDE-REBPF-IlluTotales-Logement-Individuel-800x600.png 800w, https:\/\/www.service-public.pf\/sde\/wp-content\/uploads\/sites\/15\/2023\/01\/SDE-REBPF-IlluTotales-Logement-Individuel-1200x900.png 1200w, https:\/\/www.service-public.pf\/sde\/wp-content\/uploads\/sites\/15\/2023\/01\/SDE-REBPF-IlluTotales-Logement-Individuel.png 1453w\" sizes=\"(max-width: 1024px) 100vw, (max-width: 640px) 100vw, 800px\" \/><\/span><\/div><\/div><\/div><div class=\"fusion-layout-column fusion_builder_column_inner fusion-builder-nested-column-295 fusion_builder_column_inner_2_3 2_3 fusion-flex-column\" style=\"--awb-bg-size:cover;--awb-width-large:66.666666666667%;--awb-margin-top-large:0px;--awb-spacing-right-large:2.88%;--awb-margin-bottom-large:20px;--awb-spacing-left-large:2.88%;--awb-width-medium:100%;--awb-order-medium:0;--awb-spacing-right-medium:1.92%;--awb-spacing-left-medium:1.92%;--awb-width-small:100%;--awb-order-small:0;--awb-spacing-right-small:1.92%;--awb-spacing-left-small:1.92%;\"><div class=\"fusion-column-wrapper fusion-column-has-shadow fusion-flex-justify-content-center fusion-content-layout-column\"><div class=\"fusion-text fusion-text-231\" style=\"--awb-content-alignment:center;--awb-font-size:24pt;\"><p>Localisation\u00a0du projet : <strong>Australes<\/strong><\/p>\n<p>Typologie de la construction\u00a0: <strong>Logement individuel<\/strong><\/p>\n<\/div><\/div><\/div><div class=\"fusion-layout-column fusion_builder_column_inner fusion-builder-nested-column-296 fusion_builder_column_inner_1_1 1_1 fusion-flex-column\" style=\"--awb-bg-size:cover;--awb-width-large:100%;--awb-margin-top-large:0px;--awb-spacing-right-large:1.92%;--awb-margin-bottom-large:20px;--awb-spacing-left-large:1.92%;--awb-width-medium:100%;--awb-order-medium:0;--awb-spacing-right-medium:1.92%;--awb-spacing-left-medium:1.92%;--awb-width-small:100%;--awb-order-small:0;--awb-spacing-right-small:1.92%;--awb-spacing-left-small:1.92%;\"><div class=\"fusion-column-wrapper fusion-column-has-shadow fusion-flex-justify-content-flex-start fusion-content-layout-column\"><div class=\"fusion-separator fusion-full-width-sep\" style=\"align-self: center;margin-left: auto;margin-right: auto;margin-bottom:20px;width:100%;\"><div class=\"fusion-separator-border sep-shadow\" style=\"--awb-height:20px;--awb-amount:20px;background:radial-gradient(ellipse at 50% -50% , #e0dede 0px, rgba(255, 255, 255, 0) 80%) repeat scroll 0 0 rgba(0, 0, 0, 0);background:-webkit-radial-gradient(ellipse at 50% -50% , #e0dede 0px, rgba(255, 255, 255, 0) 80%) repeat scroll 0 0 rgba(0, 0, 0, 0);background:-moz-radial-gradient(ellipse at 50% -50% , #e0dede 0px, rgba(255, 255, 255, 0) 80%) repeat scroll 0 0 rgba(0, 0, 0, 0);background:-o-radial-gradient(ellipse at 50% -50% , #e0dede 0px, rgba(255, 255, 255, 0) 80%) repeat scroll 0 0 rgba(0, 0, 0, 0);\"><\/div><\/div><\/div><\/div><div class=\"fusion-layout-column fusion_builder_column_inner fusion-builder-nested-column-297 fusion_builder_column_inner_1_1 1_1 fusion-flex-column\" style=\"--awb-bg-color:#ffffff;--awb-bg-color-hover:#ffffff;--awb-bg-size:cover;--awb-width-large:100%;--awb-margin-top-large:0px;--awb-spacing-right-large:1.92%;--awb-margin-bottom-large:20px;--awb-spacing-left-large:1.92%;--awb-width-medium:100%;--awb-order-medium:0;--awb-spacing-right-medium:1.92%;--awb-spacing-left-medium:1.92%;--awb-width-small:100%;--awb-order-small:0;--awb-spacing-right-small:1.92%;--awb-spacing-left-small:1.92%;\"><div class=\"fusion-column-wrapper fusion-column-has-shadow fusion-flex-justify-content-flex-start fusion-content-layout-column\"><div class=\"fusion-text fusion-text-232\" style=\"--awb-text-color:#000000;\"><p><strong>Th\u00e9matiques applicables :<\/strong><\/p>\n<\/div><div class=\"accordian fusion-accordian\" style=\"--awb-border-size:1px;--awb-icon-size:13px;--awb-content-font-size:13px;--awb-icon-alignment:left;--awb-hover-color:#f9f9f9;--awb-border-color:#cccccc;--awb-background-color:#ffffff;--awb-divider-color:#e0dede;--awb-divider-hover-color:#e0dede;--awb-icon-color:#ffffff;--awb-title-color:#333333;--awb-content-color:#747474;--awb-icon-box-color:#333333;--awb-toggle-hover-accent-color:#26a147;--awb-title-font-family:&quot;PT Sans&quot;;--awb-title-font-weight:400;--awb-title-font-style:normal;--awb-title-font-size:13px;--awb-content-font-family:&quot;PT Sans&quot;;--awb-content-font-style:normal;--awb-content-font-weight:400;\"><div class=\"panel-group fusion-toggle-icon-boxed\" id=\"accordion-3355-58\"><div class=\"fusion-panel panel-default panel-1276f715d83106f84 fusion-toggle-has-divider\" style=\"--awb-title-color:#333333;--awb-content-color:#747474;\"><div class=\"panel-heading\"><h4 class=\"panel-title toggle\" id=\"toggle_1276f715d83106f84\"><a aria-expanded=\"false\" aria-controls=\"1276f715d83106f84\" role=\"button\" data-toggle=\"collapse\" data-parent=\"#accordion-3355-58\" data-target=\"#1276f715d83106f84\" href=\"#1276f715d83106f84\"><span class=\"fusion-toggle-icon-wrapper\" aria-hidden=\"true\"><i class=\"fa-fusion-box active-icon awb-icon-minus\" aria-hidden=\"true\"><\/i><i class=\"fa-fusion-box inactive-icon awb-icon-plus\" aria-hidden=\"true\"><\/i><\/span><span class=\"fusion-toggle-heading\">Protection solaire de la toiture<\/span><\/a><\/h4><\/div><div id=\"1276f715d83106f84\" class=\"panel-collapse collapse \" aria-labelledby=\"toggle_1276f715d83106f84\"><div class=\"panel-body toggle-content fusion-clearfix\">\n<table style=\"width: 100%;height: 187px\">\n<tbody>\n<tr style=\"height: 187px\">\n<td style=\"height: 187px\"><span style=\"color: #000000\"><strong><span style=\"text-decoration: underline\">Locaux concern\u00e9s<\/span> :<\/strong><\/span><\/p>\n<ul>\n<li>Locaux clos et climatis\u00e9s ou occup\u00e9s (exemples\u00a0: chambre, s\u00e9jour, bureau, \u2026)<\/li>\n<li>Locaux clos non-occup\u00e9s donnant <u>directement<\/u> sur les locaux ci-dessus, hors locaux techniques, stationnements et espaces de stockage non climatis\u00e9s (exemples : sanitaires, salle de bain, buanderie, \u2026)<\/li>\n<\/ul>\n<\/td>\n<td style=\"height: 187px\"><img decoding=\"async\" class=\"alignright wp-image-3430\" src=\"https:\/\/www.service-public.pf\/sde\/wp-content\/uploads\/sites\/15\/2023\/01\/SDE-REBPF-IlluTotales-Logement-Individuel-ProToiture.png\" alt=\"\" width=\"300\" height=\"225\" \/><\/td>\n<\/tr>\n<\/tbody>\n<\/table>\n<p style=\"color: #000000\"><strong><span style=\"text-decoration: underline\">Seuils \u00e0 respecter<\/span> :<\/strong><\/p>\n<table class=\"table table-bordered\">\n<tbody>\n<tr>\n<td style=\"width: 25%\"><strong>Mesure<\/strong><\/td>\n<td style=\"width: 7.0755%\"><strong>Seuil<\/strong><\/td>\n<td style=\"width: 55.6175%\"><strong>Exemples de solutions<\/strong><\/td>\n<\/tr>\n<tr>\n<td style=\"width: 25%\">Facteur solaire maximal de la toiture<\/td>\n<td style=\"width: 7.0755%\">2,5%<\/td>\n<td style=\"width: 55.6175%\">\n<ul>\n<li>Toiture (avec combles) en t\u00f4le de teinte claire avec 3 cm de laine min\u00e9rale minimum<\/li>\n<li>Toiture (avec combles) en t\u00f4le de teinte moyenne avec 5 cm de laine min\u00e9rale minimum<\/li>\n<li>Toiture (avec combles) en t\u00f4le de teinte sombre avec 7,5 cm de laine min\u00e9rale minimum<\/li>\n<li>Toiture terrasse en b\u00e9ton de teinte moyenne avec 6 cm de polystyr\u00e8ne expans\u00e9 minimum<\/li>\n<li>Toiture terrasse en b\u00e9ton avec sur-toiture largement ventil\u00e9e<\/li>\n<\/ul>\n<\/td>\n<\/tr>\n<\/tbody>\n<\/table>\n<p><span style=\"color: #000000\"><strong>Pour plus d\u2019informations sur l\u2019application de la th\u00e9matique, consultez la fiche en question\u00a0:<\/strong><\/span><\/p>\n<ul>\n<li><a href=\"https:\/\/www.service-public.pf\/sde\/wp-content\/uploads\/sites\/15\/2023\/09\/Fiche-02-Protection-solaire-des-parois-opaques-horizontales-Toitures.pdf\">Fiche d\u2019application \u00ab\u00a0Protection solaire de la toiture\u00a0\u00bb<\/a><\/li>\n<\/ul>\n<p>Nota bene : les informations diffus\u00e9es dans le d\u00e9pliant et les guides mis \u00e0 disposition ci-dessous sont normalement suffisantes pour s'assurer de la conformit\u00e9 de son projet sans rentrer dans les d\u00e9tails techniques de la th\u00e9matique.<\/p>\n<\/div><\/div><\/div><div class=\"fusion-panel panel-default panel-e614e8ee0c1fa1ff1 fusion-toggle-has-divider\" style=\"--awb-title-color:#333333;--awb-content-color:#747474;\"><div class=\"panel-heading\"><h4 class=\"panel-title toggle\" id=\"toggle_e614e8ee0c1fa1ff1\"><a aria-expanded=\"false\" aria-controls=\"e614e8ee0c1fa1ff1\" role=\"button\" data-toggle=\"collapse\" data-parent=\"#accordion-3355-58\" data-target=\"#e614e8ee0c1fa1ff1\" href=\"#e614e8ee0c1fa1ff1\"><span class=\"fusion-toggle-icon-wrapper\" aria-hidden=\"true\"><i class=\"fa-fusion-box active-icon awb-icon-minus\" aria-hidden=\"true\"><\/i><i class=\"fa-fusion-box inactive-icon awb-icon-plus\" aria-hidden=\"true\"><\/i><\/span><span class=\"fusion-toggle-heading\">Protection solaire des baies<\/span><\/a><\/h4><\/div><div id=\"e614e8ee0c1fa1ff1\" class=\"panel-collapse collapse \" aria-labelledby=\"toggle_e614e8ee0c1fa1ff1\"><div class=\"panel-body toggle-content fusion-clearfix\">\n<table style=\"width: 100%;height: 187px\">\n<tbody>\n<tr style=\"height: 187px\">\n<td style=\"height: 187px\"><span style=\"color: #000000\"><strong><span style=\"text-decoration: underline\">Locaux concern\u00e9s<\/span> :<\/strong><\/span><\/p>\n<ul>\n<li>Locaux clos et climatis\u00e9s ou occup\u00e9s (exemples\u00a0: chambre, s\u00e9jour, bureau, \u2026)<\/li>\n<li>Locaux clos non-occup\u00e9s donnant <u>directement<\/u> sur les locaux ci-dessus, hors locaux techniques, stationnements et espaces de stockage non climatis\u00e9s (exemples : sanitaires, salle de bain, buanderie, \u2026)<\/li>\n<\/ul>\n<\/td>\n<td style=\"height: 187px\"><img decoding=\"async\" class=\"alignright wp-image-3430\" src=\"https:\/\/www.service-public.pf\/sde\/wp-content\/uploads\/sites\/15\/2023\/03\/Picture1.png\" alt=\"\" width=\"300\" height=\"225\" \/><\/td>\n<\/tr>\n<\/tbody>\n<\/table>\n<p style=\"color: #000000\"><strong><span style=\"text-decoration: underline\">Seuils, r\u00e8gles de conception et caract\u00e9ristiques techniques \u00e0 respecter : <\/span><\/strong><\/p>\n<table class=\"table table-bordered\">\n<tbody>\n<tr>\n<td style=\"width: 25%\"><strong>R\u00e8gle de conception<\/strong><\/td>\n<td style=\"width: 55.6175%\"><strong>Exemple de solution<\/strong><\/td>\n<\/tr>\n<tr>\n<td style=\"width: 25%\">La mise en \u0153uvre de baies horizontales* est interdite dans les locaux concern\u00e9s par la disposition<\/td>\n<td style=\"width: 55.6175%\">Afin de conserver un apport de lumi\u00e8re naturelle dans les espaces sous-toiture, il est possible de mettre en place des baies verticales \u00e0 la place (ex : chien assis)<\/td>\n<\/tr>\n<\/tbody>\n<\/table>\n<p>* Une baie est consid\u00e9r\u00e9e comme horizontale si son inclinaison est inf\u00e9rieure \u00e0 60\u00b0 par rapport au plan horizontal.<\/p>\n<\/div><\/div><\/div><\/div><\/div><div class=\"fusion-text fusion-text-233\" style=\"--awb-margin-top:10px;\"><p><span style=\"color: #000000\"><strong>Informations relatives aux demandes de permis de construire et au certificat de conformit\u00e9<\/strong><\/span><\/p>\n<p>Le p\u00e9titionnaire remplit les nouveaux formulaires de demande de permis de construire et de certificat de conformit\u00e9 de la DCA qui int\u00e8grent la d\u00e9claration du respect de la r\u00e9glementation.<\/p>\n<p><span style=\"color: #000000\"><strong>Informations sur les dispositions applicables \u00e0 la typologie <\/strong>(ne consulter que les rubriques des th\u00e9matiques concernant le projet de construction)<strong> :<\/strong><\/span><\/p>\n<ul>\n<li><a href=\"https:\/\/www.service-public.pf\/sde\/wp-content\/uploads\/sites\/15\/2023\/03\/REPBF_Depliants_LogementIndividuel_Pages.pdf\">D\u00e9pliant \u00ab\u00a0Logement individuel\u00a0\u00bb<\/a><\/li>\n<li><a href=\"https:\/\/www.service-public.pf\/sde\/wp-content\/uploads\/sites\/15\/2023\/09\/REBPf-Guide-logement-individuel-version-simplifiee.pdf\">Guide simplifi\u00e9 pour le respect de la r\u00e9glementation - Logement individuel<\/a><\/li>\n<li><a href=\"https:\/\/www.service-public.pf\/sde\/wp-content\/uploads\/sites\/15\/2023\/09\/REBPf-Guide-logement-individuel-version-simplifiee-tahitien.pdf\">Guide simplifi\u00e9 pour le respect de la r\u00e9glementation - Logement individuel - reo tahiti<\/a><\/li>\n<li><a href=\"https:\/\/www.service-public.pf\/sde\/wp-content\/uploads\/sites\/15\/2023\/06\/REBPf-Guide-logement-individuel-version-detaillee.pdf\">Guide d\u00e9taill\u00e9 pour le respect de la r\u00e9glementation - Logement individuel<\/a><\/li>\n<\/ul>\n<\/div><\/div><\/div><\/div><\/div><\/div><div class=\"fusion-layout-column fusion_builder_column fusion-builder-column-74 fusion_builder_column_4_5 4_5 fusion-flex-column vct_australes_content\" style=\"--awb-bg-size:cover;--awb-width-large:80%;--awb-flex-grow:0;--awb-flex-shrink:0;--awb-margin-top-large:0px;--awb-spacing-right-large:2.4%;--awb-margin-bottom-large:20px;--awb-spacing-left-large:2.4%;--awb-width-medium:100%;--awb-order-medium:0;--awb-flex-grow-medium:0;--awb-flex-shrink-medium:0;--awb-spacing-right-medium:1.92%;--awb-spacing-left-medium:1.92%;--awb-width-small:100%;--awb-order-small:0;--awb-flex-grow-small:0;--awb-flex-shrink-small:0;--awb-spacing-right-small:1.92%;--awb-spacing-left-small:1.92%;\" id=\"vct_australes_hotellerie_content\"><div class=\"fusion-column-wrapper fusion-column-has-shadow fusion-flex-justify-content-flex-start fusion-content-layout-column\"><div class=\"fusion-title title fusion-title-62 fusion-sep-none fusion-title-center fusion-title-text fusion-title-size-two hidden\" style=\"--awb-margin-top-small:0px;--awb-margin-right-small:0px;--awb-margin-bottom-small:20px;--awb-margin-left-small:0px;\"><h2 class=\"fusion-title-heading title-heading-center\" style=\"margin:0;\">Protection solaire de la toiture + D\u00e9pliant h\u00f4tellerie + Fiche d'information h\u00f4tellerie + Formulaire 2-AG<\/h2><\/div><div class=\"fusion-text fusion-text-234 vct_description_typologie\"><p>Il s\u2019agit d\u2019un b\u00e2timent ou d\u2019une partie de b\u00e2timent \u00e0 usage d\u2019h\u00f4tel de tourisme, pension de familles,<br \/>\nmeubl\u00e9 de tourisme, auberge de jeunesse, village de vacances, villa de luxe, bungalow ainsi que tout<br \/>\nautre h\u00e9bergement \u00e0 vocation touristique, comprenant \u00e9galement leurs locaux accessoires.<\/p>\n<p>Pour rappel, les projets de construction d\u2019une structure d\u2019h\u00e9bergement de tourisme et chambres<br \/>\nchez l\u2019habitant dont le nombre d\u2019unit\u00e9s d\u2019h\u00e9bergement est inf\u00e9rieur ou \u00e9gal \u00e0 cinq ou dont l\u2019effectif<br \/>\nest inf\u00e9rieur \u00e0 vingt personnes sont assimil\u00e9es \u00e0 la typologie logement individuel.<\/p>\n<\/div><div class=\"fusion-builder-row fusion-builder-row-inner fusion-row fusion-flex-align-items-center fusion-flex-justify-content-center fusion-flex-content-wrap\" style=\"--awb-flex-grow:0;--awb-flex-grow-medium:0;--awb-flex-grow-small:0;--awb-flex-shrink:0;--awb-flex-shrink-medium:0;--awb-flex-shrink-small:0;width:104% !important;max-width:104% !important;margin-left: calc(-4% \/ 2 );margin-right: calc(-4% \/ 2 );\"><div class=\"fusion-layout-column fusion_builder_column_inner fusion-builder-nested-column-298 fusion_builder_column_inner_1_1 1_1 fusion-flex-column\" style=\"--awb-bg-size:cover;--awb-width-large:100%;--awb-margin-top-large:0px;--awb-spacing-right-large:1.92%;--awb-margin-bottom-large:20px;--awb-spacing-left-large:1.92%;--awb-width-medium:100%;--awb-order-medium:0;--awb-spacing-right-medium:1.92%;--awb-spacing-left-medium:1.92%;--awb-width-small:100%;--awb-order-small:0;--awb-spacing-right-small:1.92%;--awb-spacing-left-small:1.92%;\"><div class=\"fusion-column-wrapper fusion-column-has-shadow fusion-flex-justify-content-flex-start fusion-content-layout-column\"><div class=\"fusion-separator fusion-full-width-sep\" style=\"align-self: center;margin-left: auto;margin-right: auto;width:100%;\"><div class=\"fusion-separator-border sep-shadow\" style=\"--awb-height:20px;--awb-amount:20px;background:radial-gradient(ellipse at 50% -50% , #e0dede 0px, rgba(255, 255, 255, 0) 80%) repeat scroll 0 0 rgba(0, 0, 0, 0);background:-webkit-radial-gradient(ellipse at 50% -50% , #e0dede 0px, rgba(255, 255, 255, 0) 80%) repeat scroll 0 0 rgba(0, 0, 0, 0);background:-moz-radial-gradient(ellipse at 50% -50% , #e0dede 0px, rgba(255, 255, 255, 0) 80%) repeat scroll 0 0 rgba(0, 0, 0, 0);background:-o-radial-gradient(ellipse at 50% -50% , #e0dede 0px, rgba(255, 255, 255, 0) 80%) repeat scroll 0 0 rgba(0, 0, 0, 0);\"><\/div><\/div><\/div><\/div><div class=\"fusion-layout-column fusion_builder_column_inner fusion-builder-nested-column-299 fusion_builder_column_inner_1_3 1_3 fusion-flex-column\" style=\"--awb-bg-size:cover;--awb-width-large:33.333333333333%;--awb-margin-top-large:0px;--awb-spacing-right-large:2vw;--awb-margin-bottom-large:20px;--awb-spacing-left-large:5.76%;--awb-width-medium:100%;--awb-order-medium:0;--awb-spacing-right-medium:1.92%;--awb-spacing-left-medium:1.92%;--awb-width-small:100%;--awb-order-small:0;--awb-spacing-right-small:1.92%;--awb-spacing-left-small:1.92%;\"><div class=\"fusion-column-wrapper fusion-column-has-shadow fusion-flex-justify-content-flex-start fusion-content-layout-column\"><div class=\"fusion-image-element \" style=\"text-align:right;--awb-max-width:450px;--awb-caption-title-font-family:var(--h2_typography-font-family);--awb-caption-title-font-weight:var(--h2_typography-font-weight);--awb-caption-title-font-style:var(--h2_typography-font-style);--awb-caption-title-size:var(--h2_typography-font-size);--awb-caption-title-transform:var(--h2_typography-text-transform);--awb-caption-title-line-height:var(--h2_typography-line-height);--awb-caption-title-letter-spacing:var(--h2_typography-letter-spacing);\"><span class=\" fusion-imageframe imageframe-none imageframe-59 hover-type-none\"><img decoding=\"async\" width=\"300\" height=\"225\" title=\"SDE REBPF IlluTotales Hotel Pension\" src=\"https:\/\/www.service-public.pf\/sde\/wp-content\/uploads\/sites\/15\/2023\/01\/SDE-REBPF-IlluTotales-Hotel-Pension-300x225.png\" alt class=\"img-responsive wp-image-3446\" srcset=\"https:\/\/www.service-public.pf\/sde\/wp-content\/uploads\/sites\/15\/2023\/01\/SDE-REBPF-IlluTotales-Hotel-Pension-200x150.png 200w, https:\/\/www.service-public.pf\/sde\/wp-content\/uploads\/sites\/15\/2023\/01\/SDE-REBPF-IlluTotales-Hotel-Pension-400x300.png 400w, https:\/\/www.service-public.pf\/sde\/wp-content\/uploads\/sites\/15\/2023\/01\/SDE-REBPF-IlluTotales-Hotel-Pension-600x450.png 600w, https:\/\/www.service-public.pf\/sde\/wp-content\/uploads\/sites\/15\/2023\/01\/SDE-REBPF-IlluTotales-Hotel-Pension-800x600.png 800w, https:\/\/www.service-public.pf\/sde\/wp-content\/uploads\/sites\/15\/2023\/01\/SDE-REBPF-IlluTotales-Hotel-Pension-1200x900.png 1200w, https:\/\/www.service-public.pf\/sde\/wp-content\/uploads\/sites\/15\/2023\/01\/SDE-REBPF-IlluTotales-Hotel-Pension.png 1453w\" sizes=\"(max-width: 1024px) 100vw, (max-width: 640px) 100vw, 800px\" \/><\/span><\/div><\/div><\/div><div class=\"fusion-layout-column fusion_builder_column_inner fusion-builder-nested-column-300 fusion_builder_column_inner_2_3 2_3 fusion-flex-column\" style=\"--awb-bg-size:cover;--awb-width-large:66.666666666667%;--awb-margin-top-large:0px;--awb-spacing-right-large:2.88%;--awb-margin-bottom-large:20px;--awb-spacing-left-large:2.88%;--awb-width-medium:100%;--awb-order-medium:0;--awb-spacing-right-medium:1.92%;--awb-spacing-left-medium:1.92%;--awb-width-small:100%;--awb-order-small:0;--awb-spacing-right-small:1.92%;--awb-spacing-left-small:1.92%;\"><div class=\"fusion-column-wrapper fusion-column-has-shadow fusion-flex-justify-content-center fusion-content-layout-column\"><div class=\"fusion-text fusion-text-235\" style=\"--awb-content-alignment:center;--awb-font-size:24pt;\"><p>Localisation\u00a0du projet : <strong>Australes<\/strong><\/p>\n<p>Typologie de la construction\u00a0: <strong>H\u00f4tellerie<\/strong><\/p>\n<\/div><\/div><\/div><div class=\"fusion-layout-column fusion_builder_column_inner fusion-builder-nested-column-301 fusion_builder_column_inner_1_1 1_1 fusion-flex-column\" style=\"--awb-bg-size:cover;--awb-width-large:100%;--awb-margin-top-large:0px;--awb-spacing-right-large:1.92%;--awb-margin-bottom-large:20px;--awb-spacing-left-large:1.92%;--awb-width-medium:100%;--awb-order-medium:0;--awb-spacing-right-medium:1.92%;--awb-spacing-left-medium:1.92%;--awb-width-small:100%;--awb-order-small:0;--awb-spacing-right-small:1.92%;--awb-spacing-left-small:1.92%;\"><div class=\"fusion-column-wrapper fusion-column-has-shadow fusion-flex-justify-content-flex-start fusion-content-layout-column\"><div class=\"fusion-separator fusion-full-width-sep\" style=\"align-self: center;margin-left: auto;margin-right: auto;margin-bottom:20px;width:100%;\"><div class=\"fusion-separator-border sep-shadow\" style=\"--awb-height:20px;--awb-amount:20px;background:radial-gradient(ellipse at 50% -50% , #e0dede 0px, rgba(255, 255, 255, 0) 80%) repeat scroll 0 0 rgba(0, 0, 0, 0);background:-webkit-radial-gradient(ellipse at 50% -50% , #e0dede 0px, rgba(255, 255, 255, 0) 80%) repeat scroll 0 0 rgba(0, 0, 0, 0);background:-moz-radial-gradient(ellipse at 50% -50% , #e0dede 0px, rgba(255, 255, 255, 0) 80%) repeat scroll 0 0 rgba(0, 0, 0, 0);background:-o-radial-gradient(ellipse at 50% -50% , #e0dede 0px, rgba(255, 255, 255, 0) 80%) repeat scroll 0 0 rgba(0, 0, 0, 0);\"><\/div><\/div><\/div><\/div><div class=\"fusion-layout-column fusion_builder_column_inner fusion-builder-nested-column-302 fusion_builder_column_inner_1_1 1_1 fusion-flex-column\" style=\"--awb-bg-color:#ffffff;--awb-bg-color-hover:#ffffff;--awb-bg-size:cover;--awb-width-large:100%;--awb-margin-top-large:0px;--awb-spacing-right-large:1.92%;--awb-margin-bottom-large:20px;--awb-spacing-left-large:1.92%;--awb-width-medium:100%;--awb-order-medium:0;--awb-spacing-right-medium:1.92%;--awb-spacing-left-medium:1.92%;--awb-width-small:100%;--awb-order-small:0;--awb-spacing-right-small:1.92%;--awb-spacing-left-small:1.92%;\"><div class=\"fusion-column-wrapper fusion-column-has-shadow fusion-flex-justify-content-flex-start fusion-content-layout-column\"><div class=\"fusion-text fusion-text-236\" style=\"--awb-text-color:#000000;\"><p><strong>Th\u00e9matiques applicables :<\/strong><\/p>\n<\/div><div class=\"accordian fusion-accordian\" style=\"--awb-border-size:1px;--awb-icon-size:13px;--awb-content-font-size:13px;--awb-icon-alignment:left;--awb-hover-color:#f9f9f9;--awb-border-color:#cccccc;--awb-background-color:#ffffff;--awb-divider-color:#e0dede;--awb-divider-hover-color:#e0dede;--awb-icon-color:#ffffff;--awb-title-color:#333333;--awb-content-color:#747474;--awb-icon-box-color:#333333;--awb-toggle-hover-accent-color:#26a147;--awb-title-font-family:&quot;PT Sans&quot;;--awb-title-font-weight:400;--awb-title-font-style:normal;--awb-title-font-size:13px;--awb-content-font-family:&quot;PT Sans&quot;;--awb-content-font-style:normal;--awb-content-font-weight:400;\"><div class=\"panel-group fusion-toggle-icon-boxed\" id=\"accordion-3355-59\"><div class=\"fusion-panel panel-default panel-9570a8fa7f57187f5 fusion-toggle-has-divider\" style=\"--awb-title-color:#333333;--awb-content-color:#747474;\"><div class=\"panel-heading\"><h4 class=\"panel-title toggle\" id=\"toggle_9570a8fa7f57187f5\"><a aria-expanded=\"false\" aria-controls=\"9570a8fa7f57187f5\" role=\"button\" data-toggle=\"collapse\" data-parent=\"#accordion-3355-59\" data-target=\"#9570a8fa7f57187f5\" href=\"#9570a8fa7f57187f5\"><span class=\"fusion-toggle-icon-wrapper\" aria-hidden=\"true\"><i class=\"fa-fusion-box active-icon awb-icon-minus\" aria-hidden=\"true\"><\/i><i class=\"fa-fusion-box inactive-icon awb-icon-plus\" aria-hidden=\"true\"><\/i><\/span><span class=\"fusion-toggle-heading\">Protection solaire de la toiture<\/span><\/a><\/h4><\/div><div id=\"9570a8fa7f57187f5\" class=\"panel-collapse collapse \" aria-labelledby=\"toggle_9570a8fa7f57187f5\"><div class=\"panel-body toggle-content fusion-clearfix\">\n<table style=\"width: 100%;height: 187px\">\n<tbody>\n<tr style=\"height: 187px\">\n<td style=\"height: 187px\"><span style=\"color: #000000\"><strong><span style=\"text-decoration: underline\">Locaux concern\u00e9s<\/span> :<\/strong><\/span><\/p>\n<ul>\n<li>Locaux clos et climatis\u00e9s ou occup\u00e9s (exemples\u00a0: chambre, s\u00e9jour, bureau, espace polyvalent, salle de sport, restaurant, buanderie professionnelle, \u2026)<\/li>\n<li>Locaux clos non-occup\u00e9s donnant <u>directement<\/u> sur les locaux ci-dessus, hors locaux techniques, stationnements et espaces de stockage non climatis\u00e9s (exemples : sanitaires, salle de bain, vestiaires, d\u00e9gagement, circulation \u2026)<\/li>\n<\/ul>\n<\/td>\n<td style=\"height: 187px\"><img decoding=\"async\" class=\"alignright wp-image-3430\" src=\"https:\/\/www.service-public.pf\/sde\/wp-content\/uploads\/sites\/15\/2023\/01\/SDE-REBPF-IlluTotales-Hotel-Pension-0-copie.png\" alt=\"\" width=\"300\" height=\"225\" \/><\/td>\n<\/tr>\n<\/tbody>\n<\/table>\n<p style=\"color: #000000\"><strong><span style=\"text-decoration: underline\">Seuils \u00e0 respecter<\/span> :<\/strong><\/p>\n<table class=\"table table-bordered\">\n<tbody>\n<tr>\n<td style=\"width: 25%\"><strong>Mesure<\/strong><\/td>\n<td style=\"width: 7.0755%\"><strong>Seuil<\/strong><\/td>\n<td style=\"width: 55.6175%\"><strong>Exemples de solutions<\/strong><\/td>\n<\/tr>\n<tr>\n<td style=\"width: 25%\">Facteur solaire maximal de la toiture<\/td>\n<td style=\"width: 7.0755%\">2,5%<\/td>\n<td style=\"width: 55.6175%\">\n<ul>\n<li>Toiture (avec combles) en t\u00f4le de teinte claire avec 3 cm de laine min\u00e9rale minimum<\/li>\n<li>Toiture (avec combles) en t\u00f4le de teinte moyenne avec 5 cm de laine min\u00e9rale minimum<\/li>\n<li>Toiture (avec combles) en t\u00f4le de teinte sombre avec 7,5 cm de laine min\u00e9rale minimum<\/li>\n<li>Toiture terrasse en b\u00e9ton de teinte moyenne avec 6 cm de polystyr\u00e8ne expans\u00e9 minimum<\/li>\n<li>Toiture terrasse en b\u00e9ton avec sur-toiture largement ventil\u00e9e<\/li>\n<li>Toiture en bardeau de bois apparents correspondant \u00e0 une toiture \u00ab\u00a0ventil\u00e9e\u00a0\u00bb<\/li>\n<li>Toiture en pandanus dont l\u2019\u00e9paisseur totale est sup\u00e9rieure ou \u00e9gale \u00e0 10 cm<\/li>\n<\/ul>\n<\/td>\n<\/tr>\n<\/tbody>\n<\/table>\n<p><span style=\"color: #000000\"><strong>Pour plus d\u2019informations sur l\u2019application de la th\u00e9matique, consultez la fiche en question\u00a0:<\/strong><\/span><\/p>\n<ul>\n<li><a href=\"https:\/\/www.service-public.pf\/sde\/wp-content\/uploads\/sites\/15\/2023\/09\/Fiche-02-Protection-solaire-des-parois-opaques-horizontales-Toitures.pdf\">Fiche d\u2019application \u00ab\u00a0Protection solaire de la toiture\u00a0\u00bb<\/a><\/li>\n<\/ul>\n<\/div><\/div><\/div><\/div><\/div><div class=\"fusion-text fusion-text-237\" style=\"--awb-margin-top:10px;\"><p><span style=\"color: #000000\"><strong>Informations relatives aux demandes de permis de construire et au certificat de conformit\u00e9<\/strong><\/span><\/p>\n<p>Le p\u00e9titionnaire remplit les nouveaux formulaires de demande de permis de construire et de certificat de conformit\u00e9 de la DCA qui int\u00e8grent la d\u00e9claration du respect de la r\u00e9glementation.<\/p>\n<p><strong>Si les surfaces de plancher construites cumul\u00e9es* sont sup\u00e9rieures \u00e0 250 m\u00b2 de plancher, les demandes de permis de construire et de certificat de conformit\u00e9 doivent \u00eatre accompagn\u00e9es de l\u2019avis d\u2019un organisme agr\u00e9\u00e9<\/strong><\/p>\n<ul>\n<li><a href=\"https:\/\/www.service-public.pf\/sde\/organismes-agrees\/\">Parcourir la page d\u00e9di\u00e9e aux organismes agr\u00e9\u00e9s<\/a><\/li>\n<\/ul>\n<p><em><span style=\"font-size: 10pt\">* Les surfaces de plancher \u00e0 consid\u00e9rer sont celles de n\u2019importe quel b\u00e2timent neuf rattach\u00e9 au projet de construction, d\u00e8s lors que la typologie associ\u00e9e est bureaux, enseignement, \u00e9tablissement de soin, h\u00f4tellerie ou logement collectif.<\/span><\/em><\/p>\n<p><span style=\"color: #000000\"><strong>Informations sur les dispositions applicables \u00e0 la typologie <\/strong>(ne consulter que les rubriques des th\u00e9matiques concernant le projet de construction)<strong> :<\/strong><\/span><\/p>\n<ul>\n<li><a href=\"https:\/\/www.service-public.pf\/sde\/wp-content\/uploads\/sites\/15\/2023\/04\/REPBF_Depliants_Hotellerie_Pages-V2.pdf\">D\u00e9pliant \u00ab\u00a0H\u00f4tellerie\u00a0\u00bb<\/a><\/li>\n<\/ul>\n<\/div><\/div><\/div><\/div><\/div><\/div><div class=\"fusion-layout-column fusion_builder_column fusion-builder-column-75 fusion_builder_column_4_5 4_5 fusion-flex-column vct_australes_content\" style=\"--awb-bg-size:cover;--awb-width-large:80%;--awb-flex-grow:0;--awb-flex-shrink:0;--awb-margin-top-large:0px;--awb-spacing-right-large:2.4%;--awb-margin-bottom-large:20px;--awb-spacing-left-large:2.4%;--awb-width-medium:100%;--awb-order-medium:0;--awb-flex-grow-medium:0;--awb-flex-shrink-medium:0;--awb-spacing-right-medium:1.92%;--awb-spacing-left-medium:1.92%;--awb-width-small:100%;--awb-order-small:0;--awb-flex-grow-small:0;--awb-flex-shrink-small:0;--awb-spacing-right-small:1.92%;--awb-spacing-left-small:1.92%;\" id=\"vct_australes_logementcollectif_content\"><div class=\"fusion-column-wrapper fusion-column-has-shadow fusion-flex-justify-content-flex-start fusion-content-layout-column\"><div class=\"fusion-title title fusion-title-63 fusion-sep-none fusion-title-center fusion-title-text fusion-title-size-two hidden\" style=\"--awb-margin-top-small:0px;--awb-margin-right-small:0px;--awb-margin-bottom-small:20px;--awb-margin-left-small:0px;\"><h2 class=\"fusion-title-heading title-heading-center\" style=\"margin:0;\">Protection solaire de la toiture + D\u00e9pliant logement collectif + Fiche d'information logement collectif + Formulaire 2-AG<\/h2><\/div><div class=\"fusion-text fusion-text-238 vct_description_typologie\"><p>Un logement collectif correspond \u00e0 un b\u00e2timent \u00e0 usage d\u2019habitation comprenant au moins trois<br \/>\nlogements superpos\u00e9s ou accol\u00e9s.<\/p>\n<p>On assimile \u00e9galement au logement collectif les locaux \u00e0 sommeil et les internats (locaux \u00e0 sommeil<br \/>\net espaces de vie) des \u00e9tablissements d\u2019enseignement.<\/p>\n<\/div><div class=\"fusion-builder-row fusion-builder-row-inner fusion-row fusion-flex-align-items-center fusion-flex-justify-content-center fusion-flex-content-wrap\" style=\"--awb-flex-grow:0;--awb-flex-grow-medium:0;--awb-flex-grow-small:0;--awb-flex-shrink:0;--awb-flex-shrink-medium:0;--awb-flex-shrink-small:0;width:104% !important;max-width:104% !important;margin-left: calc(-4% \/ 2 );margin-right: calc(-4% \/ 2 );\"><div class=\"fusion-layout-column fusion_builder_column_inner fusion-builder-nested-column-303 fusion_builder_column_inner_1_1 1_1 fusion-flex-column\" style=\"--awb-bg-size:cover;--awb-width-large:100%;--awb-margin-top-large:0px;--awb-spacing-right-large:1.92%;--awb-margin-bottom-large:20px;--awb-spacing-left-large:1.92%;--awb-width-medium:100%;--awb-order-medium:0;--awb-spacing-right-medium:1.92%;--awb-spacing-left-medium:1.92%;--awb-width-small:100%;--awb-order-small:0;--awb-spacing-right-small:1.92%;--awb-spacing-left-small:1.92%;\"><div class=\"fusion-column-wrapper fusion-column-has-shadow fusion-flex-justify-content-flex-start fusion-content-layout-column\"><div class=\"fusion-separator fusion-full-width-sep\" style=\"align-self: center;margin-left: auto;margin-right: auto;width:100%;\"><div class=\"fusion-separator-border sep-shadow\" style=\"--awb-height:20px;--awb-amount:20px;background:radial-gradient(ellipse at 50% -50% , #e0dede 0px, rgba(255, 255, 255, 0) 80%) repeat scroll 0 0 rgba(0, 0, 0, 0);background:-webkit-radial-gradient(ellipse at 50% -50% , #e0dede 0px, rgba(255, 255, 255, 0) 80%) repeat scroll 0 0 rgba(0, 0, 0, 0);background:-moz-radial-gradient(ellipse at 50% -50% , #e0dede 0px, rgba(255, 255, 255, 0) 80%) repeat scroll 0 0 rgba(0, 0, 0, 0);background:-o-radial-gradient(ellipse at 50% -50% , #e0dede 0px, rgba(255, 255, 255, 0) 80%) repeat scroll 0 0 rgba(0, 0, 0, 0);\"><\/div><\/div><\/div><\/div><div class=\"fusion-layout-column fusion_builder_column_inner fusion-builder-nested-column-304 fusion_builder_column_inner_1_3 1_3 fusion-flex-column\" style=\"--awb-bg-size:cover;--awb-width-large:33.333333333333%;--awb-margin-top-large:0px;--awb-spacing-right-large:2vw;--awb-margin-bottom-large:20px;--awb-spacing-left-large:5.76%;--awb-width-medium:100%;--awb-order-medium:0;--awb-spacing-right-medium:1.92%;--awb-spacing-left-medium:1.92%;--awb-width-small:100%;--awb-order-small:0;--awb-spacing-right-small:1.92%;--awb-spacing-left-small:1.92%;\"><div class=\"fusion-column-wrapper fusion-column-has-shadow fusion-flex-justify-content-flex-start fusion-content-layout-column\"><div class=\"fusion-image-element \" style=\"text-align:right;--awb-max-width:450px;--awb-caption-title-font-family:var(--h2_typography-font-family);--awb-caption-title-font-weight:var(--h2_typography-font-weight);--awb-caption-title-font-style:var(--h2_typography-font-style);--awb-caption-title-size:var(--h2_typography-font-size);--awb-caption-title-transform:var(--h2_typography-text-transform);--awb-caption-title-line-height:var(--h2_typography-line-height);--awb-caption-title-letter-spacing:var(--h2_typography-letter-spacing);\"><span class=\" fusion-imageframe imageframe-none imageframe-60 hover-type-none\"><img decoding=\"async\" width=\"300\" height=\"225\" title=\"SDE REBPF IlluTotales Logement Collectif\" src=\"https:\/\/www.service-public.pf\/sde\/wp-content\/uploads\/sites\/15\/2023\/01\/SDE-REBPF-IlluTotales-Logement-Collectif-1-300x225.png\" alt class=\"img-responsive wp-image-3533\" srcset=\"https:\/\/www.service-public.pf\/sde\/wp-content\/uploads\/sites\/15\/2023\/01\/SDE-REBPF-IlluTotales-Logement-Collectif-1-200x150.png 200w, https:\/\/www.service-public.pf\/sde\/wp-content\/uploads\/sites\/15\/2023\/01\/SDE-REBPF-IlluTotales-Logement-Collectif-1-400x300.png 400w, https:\/\/www.service-public.pf\/sde\/wp-content\/uploads\/sites\/15\/2023\/01\/SDE-REBPF-IlluTotales-Logement-Collectif-1-600x450.png 600w, https:\/\/www.service-public.pf\/sde\/wp-content\/uploads\/sites\/15\/2023\/01\/SDE-REBPF-IlluTotales-Logement-Collectif-1-800x600.png 800w, https:\/\/www.service-public.pf\/sde\/wp-content\/uploads\/sites\/15\/2023\/01\/SDE-REBPF-IlluTotales-Logement-Collectif-1-1200x900.png 1200w, https:\/\/www.service-public.pf\/sde\/wp-content\/uploads\/sites\/15\/2023\/01\/SDE-REBPF-IlluTotales-Logement-Collectif-1.png 1453w\" sizes=\"(max-width: 1024px) 100vw, (max-width: 640px) 100vw, 800px\" \/><\/span><\/div><\/div><\/div><div class=\"fusion-layout-column fusion_builder_column_inner fusion-builder-nested-column-305 fusion_builder_column_inner_2_3 2_3 fusion-flex-column\" style=\"--awb-bg-size:cover;--awb-width-large:66.666666666667%;--awb-margin-top-large:0px;--awb-spacing-right-large:2.88%;--awb-margin-bottom-large:20px;--awb-spacing-left-large:2.88%;--awb-width-medium:100%;--awb-order-medium:0;--awb-spacing-right-medium:1.92%;--awb-spacing-left-medium:1.92%;--awb-width-small:100%;--awb-order-small:0;--awb-spacing-right-small:1.92%;--awb-spacing-left-small:1.92%;\"><div class=\"fusion-column-wrapper fusion-column-has-shadow fusion-flex-justify-content-center fusion-content-layout-column\"><div class=\"fusion-text fusion-text-239\" style=\"--awb-content-alignment:center;--awb-font-size:24pt;\"><p>Localisation\u00a0du projet : <strong>Australes<\/strong><\/p>\n<p>Typologie de la construction\u00a0: <strong>Logement collectif<\/strong><\/p>\n<\/div><\/div><\/div><div class=\"fusion-layout-column fusion_builder_column_inner fusion-builder-nested-column-306 fusion_builder_column_inner_1_1 1_1 fusion-flex-column\" style=\"--awb-bg-size:cover;--awb-width-large:100%;--awb-margin-top-large:0px;--awb-spacing-right-large:1.92%;--awb-margin-bottom-large:20px;--awb-spacing-left-large:1.92%;--awb-width-medium:100%;--awb-order-medium:0;--awb-spacing-right-medium:1.92%;--awb-spacing-left-medium:1.92%;--awb-width-small:100%;--awb-order-small:0;--awb-spacing-right-small:1.92%;--awb-spacing-left-small:1.92%;\"><div class=\"fusion-column-wrapper fusion-column-has-shadow fusion-flex-justify-content-flex-start fusion-content-layout-column\"><div class=\"fusion-separator fusion-full-width-sep\" style=\"align-self: center;margin-left: auto;margin-right: auto;margin-bottom:20px;width:100%;\"><div class=\"fusion-separator-border sep-shadow\" style=\"--awb-height:20px;--awb-amount:20px;background:radial-gradient(ellipse at 50% -50% , #e0dede 0px, rgba(255, 255, 255, 0) 80%) repeat scroll 0 0 rgba(0, 0, 0, 0);background:-webkit-radial-gradient(ellipse at 50% -50% , #e0dede 0px, rgba(255, 255, 255, 0) 80%) repeat scroll 0 0 rgba(0, 0, 0, 0);background:-moz-radial-gradient(ellipse at 50% -50% , #e0dede 0px, rgba(255, 255, 255, 0) 80%) repeat scroll 0 0 rgba(0, 0, 0, 0);background:-o-radial-gradient(ellipse at 50% -50% , #e0dede 0px, rgba(255, 255, 255, 0) 80%) repeat scroll 0 0 rgba(0, 0, 0, 0);\"><\/div><\/div><\/div><\/div><div class=\"fusion-layout-column fusion_builder_column_inner fusion-builder-nested-column-307 fusion_builder_column_inner_1_1 1_1 fusion-flex-column\" style=\"--awb-bg-color:#ffffff;--awb-bg-color-hover:#ffffff;--awb-bg-size:cover;--awb-width-large:100%;--awb-margin-top-large:0px;--awb-spacing-right-large:1.92%;--awb-margin-bottom-large:20px;--awb-spacing-left-large:1.92%;--awb-width-medium:100%;--awb-order-medium:0;--awb-spacing-right-medium:1.92%;--awb-spacing-left-medium:1.92%;--awb-width-small:100%;--awb-order-small:0;--awb-spacing-right-small:1.92%;--awb-spacing-left-small:1.92%;\"><div class=\"fusion-column-wrapper fusion-column-has-shadow fusion-flex-justify-content-flex-start fusion-content-layout-column\"><div class=\"fusion-text fusion-text-240\" style=\"--awb-text-color:#000000;\"><p><strong>Th\u00e9matiques applicables :<\/strong><\/p>\n<\/div><div class=\"accordian fusion-accordian\" style=\"--awb-border-size:1px;--awb-icon-size:13px;--awb-content-font-size:13px;--awb-icon-alignment:left;--awb-hover-color:#f9f9f9;--awb-border-color:#cccccc;--awb-background-color:#ffffff;--awb-divider-color:#e0dede;--awb-divider-hover-color:#e0dede;--awb-icon-color:#ffffff;--awb-title-color:#333333;--awb-content-color:#747474;--awb-icon-box-color:#333333;--awb-toggle-hover-accent-color:#26a147;--awb-title-font-family:&quot;PT Sans&quot;;--awb-title-font-weight:400;--awb-title-font-style:normal;--awb-title-font-size:13px;--awb-content-font-family:&quot;PT Sans&quot;;--awb-content-font-style:normal;--awb-content-font-weight:400;\"><div class=\"panel-group fusion-toggle-icon-boxed\" id=\"accordion-3355-60\"><div class=\"fusion-panel panel-default panel-4e6456b7dd7be413a fusion-toggle-has-divider\" style=\"--awb-title-color:#333333;--awb-content-color:#747474;\"><div class=\"panel-heading\"><h4 class=\"panel-title toggle\" id=\"toggle_4e6456b7dd7be413a\"><a aria-expanded=\"false\" aria-controls=\"4e6456b7dd7be413a\" role=\"button\" data-toggle=\"collapse\" data-parent=\"#accordion-3355-60\" data-target=\"#4e6456b7dd7be413a\" href=\"#4e6456b7dd7be413a\"><span class=\"fusion-toggle-icon-wrapper\" aria-hidden=\"true\"><i class=\"fa-fusion-box active-icon awb-icon-minus\" aria-hidden=\"true\"><\/i><i class=\"fa-fusion-box inactive-icon awb-icon-plus\" aria-hidden=\"true\"><\/i><\/span><span class=\"fusion-toggle-heading\">Protection solaire de la toiture<\/span><\/a><\/h4><\/div><div id=\"4e6456b7dd7be413a\" class=\"panel-collapse collapse \" aria-labelledby=\"toggle_4e6456b7dd7be413a\"><div class=\"panel-body toggle-content fusion-clearfix\">\n<table style=\"width: 100%;height: 187px\">\n<tbody>\n<tr style=\"height: 187px\">\n<td style=\"height: 187px\"><span style=\"color: #000000\"><strong><span style=\"text-decoration: underline\">Locaux concern\u00e9s<\/span> :<\/strong><\/span><\/p>\n<ul>\n<li>Locaux clos et climatis\u00e9s ou occup\u00e9s (exemples\u00a0: chambre, s\u00e9jour, bureau, \u2026)<\/li>\n<li>Locaux clos non-occup\u00e9s donnant <u>directement<\/u> sur les locaux ci-dessus, hors locaux techniques, stationnements et espaces de stockage non climatis\u00e9s (exemples : sanitaires, salle de bain, buanderie, local poubelle, \u2026)<\/li>\n<\/ul>\n<\/td>\n<td style=\"height: 187px\"><img decoding=\"async\" class=\"alignright wp-image-3430\" src=\"https:\/\/www.service-public.pf\/sde\/wp-content\/uploads\/sites\/15\/2023\/01\/SDE-REBPF-IlluTotales-Logement-Collectif-ProToiture-1.png\" alt=\"\" width=\"300\" height=\"225\" \/><\/td>\n<\/tr>\n<\/tbody>\n<\/table>\n<p style=\"color: #000000\"><strong><span style=\"text-decoration: underline\">Seuils \u00e0 respecter : <\/span><\/strong><\/p>\n<table class=\"table table-bordered\" style=\"width: 100%\">\n<tbody>\n<tr>\n<td style=\"width: 24.0317%\"><strong>Mesure<\/strong><\/td>\n<td style=\"width: 4.78677%\"><strong>Seuil<\/strong><\/td>\n<td style=\"width: 58.7865%\"><strong>Exemples de solutions<\/strong><\/td>\n<\/tr>\n<tr>\n<td style=\"width: 24.0317%\">Facteur solaire maximal de la toiture<\/td>\n<td style=\"width: 4.78677%\">2,5%<\/td>\n<td style=\"width: 58.7865%\">\n<ul>\n<li>Toiture (avec combles) en t\u00f4le de teinte claire avec 3 cm de laine min\u00e9rale minimum<\/li>\n<li>Toiture (avec combles) en t\u00f4le de teinte moyenne avec 5 cm de laine min\u00e9rale minimum<\/li>\n<li>Toiture (avec combles) en t\u00f4le de teinte sombre avec 7,5 cm de laine min\u00e9rale minimum<\/li>\n<li>Toiture terrasse en b\u00e9ton de teinte moyenne avec 6 cm de polystyr\u00e8ne expans\u00e9 minimum<\/li>\n<li>Toiture terrasse en b\u00e9ton avec sur-toiture largement ventil\u00e9e<\/li>\n<\/ul>\n<\/td>\n<\/tr>\n<\/tbody>\n<\/table>\n<p><span style=\"color: #000000\"><strong>Pour plus d\u2019informations sur l\u2019application de la th\u00e9matique, consultez la fiche en question\u00a0:<\/strong><\/span><\/p>\n<ul>\n<li><a href=\"https:\/\/www.service-public.pf\/sde\/wp-content\/uploads\/sites\/15\/2023\/09\/Fiche-02-Protection-solaire-des-parois-opaques-horizontales-Toitures.pdf\">Fiche d\u2019application \u00ab\u00a0Protection solaire de la toiture\u00a0\u00bb<\/a><\/li>\n<\/ul>\n<\/div><\/div><\/div><\/div><\/div><div class=\"fusion-text fusion-text-241\" style=\"--awb-margin-top:10px;\"><p><span style=\"color: #000000\"><strong>Informations relatives aux demandes de permis de construire et au certificat de conformit\u00e9<\/strong><\/span><\/p>\n<p>Le p\u00e9titionnaire remplit les nouveaux formulaires de demande de permis de construire et de certificat de conformit\u00e9 de la DCA qui int\u00e8grent la d\u00e9claration du respect de la r\u00e9glementation.<\/p>\n<p><strong>Si les surfaces de plancher construites cumul\u00e9es* sont sup\u00e9rieures \u00e0 250 m\u00b2 de plancher, les demandes de permis de construire et de certificat de conformit\u00e9 doivent \u00eatre accompagn\u00e9es de l\u2019avis d\u2019un organisme agr\u00e9\u00e9<\/strong><\/p>\n<ul>\n<li><a href=\"https:\/\/www.service-public.pf\/sde\/organismes-agrees\/\">Parcourir la page d\u00e9di\u00e9e aux organismes agr\u00e9\u00e9s<\/a><\/li>\n<\/ul>\n<p><span style=\"font-size: 10pt\"><strong><i><span style=\"font-weight: 400\">* Les surfaces de plancher \u00e0 consid\u00e9rer sont celles de n\u2019importe quel b\u00e2timent neuf rattach\u00e9 au projet de construction, d\u00e8s lors que la typologie associ\u00e9e est bureaux, enseignement, \u00e9tablissement de soin, h\u00f4tellerie ou logement collectif.<\/span><\/i><\/strong><\/span><\/p>\n<p><span style=\"color: #000000\"><strong>Informations sur les dispositions applicables \u00e0 la typologie <\/strong>(ne consulter que les rubriques des th\u00e9matiques concernant le projet de construction)<strong>\u00a0:<\/strong><\/span><\/p>\n<ul>\n<li><a href=\"https:\/\/www.service-public.pf\/sde\/wp-content\/uploads\/sites\/15\/2023\/04\/REPBF_Depliants_LogementCollectif_Pages-V2.pdf\">D\u00e9pliant \u00ab\u00a0Logement collectif\u00a0\u00bb<\/a><\/li>\n<\/ul>\n<\/div><\/div><\/div><\/div><\/div><\/div><div class=\"fusion-layout-column fusion_builder_column fusion-builder-column-76 fusion_builder_column_4_5 4_5 fusion-flex-column vct_australes_content\" style=\"--awb-bg-size:cover;--awb-width-large:80%;--awb-flex-grow:0;--awb-flex-shrink:0;--awb-margin-top-large:0px;--awb-spacing-right-large:2.4%;--awb-margin-bottom-large:20px;--awb-spacing-left-large:2.4%;--awb-width-medium:100%;--awb-order-medium:0;--awb-flex-grow-medium:0;--awb-flex-shrink-medium:0;--awb-spacing-right-medium:1.92%;--awb-spacing-left-medium:1.92%;--awb-width-small:100%;--awb-order-small:0;--awb-flex-grow-small:0;--awb-flex-shrink-small:0;--awb-spacing-right-small:1.92%;--awb-spacing-left-small:1.92%;\" id=\"vct_australes_batimentdebureaux_content\"><div class=\"fusion-column-wrapper fusion-column-has-shadow fusion-flex-justify-content-flex-start fusion-content-layout-column\"><div class=\"fusion-title title fusion-title-64 fusion-sep-none fusion-title-center fusion-title-text fusion-title-size-two hidden\" style=\"--awb-margin-top-small:0px;--awb-margin-right-small:0px;--awb-margin-bottom-small:20px;--awb-margin-left-small:0px;\"><h2 class=\"fusion-title-heading title-heading-center\" style=\"margin:0;\">Protection solaire de la toiture + D\u00e9pliant bureaux + Fiche d'information bureaux + Formulaire 2-AG<\/h2><\/div><div class=\"fusion-text fusion-text-242 vct_description_typologie\"><p>Il s\u2019agit d\u2019un b\u00e2timent ou d\u2019une partie de b\u00e2timent \u00e0 usage de bureaux, banque, administration,<br \/>\nespace de coworking comprenant \u00e9galement leurs locaux accessoires (sanitaires, salles de r\u00e9union,<br \/>\ncaf\u00e9taria, \u2026).<\/p>\n<p><em>A noter que le ou les locaux de bureaux qui se rattachent \u00e0 une autre destination ne sont pas associ\u00e9s<\/em><br \/>\n<em>\u00e0 la typologie \u00ab bureaux \u00bb mais \u00e0 la typologie du b\u00e2timent ou de la partie de b\u00e2timent. Par exemple,<\/em><br \/>\n<em>le bureau d\u2019un garage automobile est associ\u00e9 au garage, qui ne correspond pas \u00e0 une typologie<\/em><br \/>\n<em>particuli\u00e8re et correspond donc \u00e0 la section \u00ab\u00a0autre b\u00e2timent\u00a0\u00bb. M\u00eame chose pour un bureau<\/em><br \/>\n<em>administratif d\u2019une salle de sport.<\/em><\/p>\n<\/div><div class=\"fusion-builder-row fusion-builder-row-inner fusion-row fusion-flex-align-items-center fusion-flex-justify-content-center fusion-flex-content-wrap\" style=\"--awb-flex-grow:0;--awb-flex-grow-medium:0;--awb-flex-grow-small:0;--awb-flex-shrink:0;--awb-flex-shrink-medium:0;--awb-flex-shrink-small:0;width:104% !important;max-width:104% !important;margin-left: calc(-4% \/ 2 );margin-right: calc(-4% \/ 2 );\"><div class=\"fusion-layout-column fusion_builder_column_inner fusion-builder-nested-column-308 fusion_builder_column_inner_1_1 1_1 fusion-flex-column\" style=\"--awb-bg-size:cover;--awb-width-large:100%;--awb-margin-top-large:0px;--awb-spacing-right-large:1.92%;--awb-margin-bottom-large:20px;--awb-spacing-left-large:1.92%;--awb-width-medium:100%;--awb-order-medium:0;--awb-spacing-right-medium:1.92%;--awb-spacing-left-medium:1.92%;--awb-width-small:100%;--awb-order-small:0;--awb-spacing-right-small:1.92%;--awb-spacing-left-small:1.92%;\"><div class=\"fusion-column-wrapper fusion-column-has-shadow fusion-flex-justify-content-flex-start fusion-content-layout-column\"><div class=\"fusion-separator fusion-full-width-sep\" style=\"align-self: center;margin-left: auto;margin-right: auto;width:100%;\"><div class=\"fusion-separator-border sep-shadow\" style=\"--awb-height:20px;--awb-amount:20px;background:radial-gradient(ellipse at 50% -50% , #e0dede 0px, rgba(255, 255, 255, 0) 80%) repeat scroll 0 0 rgba(0, 0, 0, 0);background:-webkit-radial-gradient(ellipse at 50% -50% , #e0dede 0px, rgba(255, 255, 255, 0) 80%) repeat scroll 0 0 rgba(0, 0, 0, 0);background:-moz-radial-gradient(ellipse at 50% -50% , #e0dede 0px, rgba(255, 255, 255, 0) 80%) repeat scroll 0 0 rgba(0, 0, 0, 0);background:-o-radial-gradient(ellipse at 50% -50% , #e0dede 0px, rgba(255, 255, 255, 0) 80%) repeat scroll 0 0 rgba(0, 0, 0, 0);\"><\/div><\/div><\/div><\/div><div class=\"fusion-layout-column fusion_builder_column_inner fusion-builder-nested-column-309 fusion_builder_column_inner_1_3 1_3 fusion-flex-column\" style=\"--awb-bg-size:cover;--awb-width-large:33.333333333333%;--awb-margin-top-large:0px;--awb-spacing-right-large:2vw;--awb-margin-bottom-large:20px;--awb-spacing-left-large:5.76%;--awb-width-medium:100%;--awb-order-medium:0;--awb-spacing-right-medium:1.92%;--awb-spacing-left-medium:1.92%;--awb-width-small:100%;--awb-order-small:0;--awb-spacing-right-small:1.92%;--awb-spacing-left-small:1.92%;\"><div class=\"fusion-column-wrapper fusion-column-has-shadow fusion-flex-justify-content-flex-start fusion-content-layout-column\"><div class=\"fusion-image-element \" style=\"text-align:right;--awb-max-width:450px;--awb-caption-title-font-family:var(--h2_typography-font-family);--awb-caption-title-font-weight:var(--h2_typography-font-weight);--awb-caption-title-font-style:var(--h2_typography-font-style);--awb-caption-title-size:var(--h2_typography-font-size);--awb-caption-title-transform:var(--h2_typography-text-transform);--awb-caption-title-line-height:var(--h2_typography-line-height);--awb-caption-title-letter-spacing:var(--h2_typography-letter-spacing);\"><span class=\" fusion-imageframe imageframe-none imageframe-61 hover-type-none\"><img decoding=\"async\" width=\"300\" height=\"225\" title=\"SDE REBPF IlluTotales Bureau\" src=\"https:\/\/www.service-public.pf\/sde\/wp-content\/uploads\/sites\/15\/2023\/01\/SDE-REBPF-IlluTotales-Bureau-300x225.png\" alt class=\"img-responsive wp-image-3431\" srcset=\"https:\/\/www.service-public.pf\/sde\/wp-content\/uploads\/sites\/15\/2023\/01\/SDE-REBPF-IlluTotales-Bureau-200x150.png 200w, https:\/\/www.service-public.pf\/sde\/wp-content\/uploads\/sites\/15\/2023\/01\/SDE-REBPF-IlluTotales-Bureau-400x300.png 400w, https:\/\/www.service-public.pf\/sde\/wp-content\/uploads\/sites\/15\/2023\/01\/SDE-REBPF-IlluTotales-Bureau-600x450.png 600w, https:\/\/www.service-public.pf\/sde\/wp-content\/uploads\/sites\/15\/2023\/01\/SDE-REBPF-IlluTotales-Bureau-800x600.png 800w, https:\/\/www.service-public.pf\/sde\/wp-content\/uploads\/sites\/15\/2023\/01\/SDE-REBPF-IlluTotales-Bureau-1200x900.png 1200w, https:\/\/www.service-public.pf\/sde\/wp-content\/uploads\/sites\/15\/2023\/01\/SDE-REBPF-IlluTotales-Bureau.png 1453w\" sizes=\"(max-width: 1024px) 100vw, (max-width: 640px) 100vw, 800px\" \/><\/span><\/div><\/div><\/div><div class=\"fusion-layout-column fusion_builder_column_inner fusion-builder-nested-column-310 fusion_builder_column_inner_2_3 2_3 fusion-flex-column\" style=\"--awb-bg-size:cover;--awb-width-large:66.666666666667%;--awb-margin-top-large:0px;--awb-spacing-right-large:2.88%;--awb-margin-bottom-large:20px;--awb-spacing-left-large:2.88%;--awb-width-medium:100%;--awb-order-medium:0;--awb-spacing-right-medium:1.92%;--awb-spacing-left-medium:1.92%;--awb-width-small:100%;--awb-order-small:0;--awb-spacing-right-small:1.92%;--awb-spacing-left-small:1.92%;\"><div class=\"fusion-column-wrapper fusion-column-has-shadow fusion-flex-justify-content-center fusion-content-layout-column\"><div class=\"fusion-text fusion-text-243\" style=\"--awb-content-alignment:center;--awb-font-size:24pt;\"><p>Localisation\u00a0du projet : <strong>Australes<\/strong><\/p>\n<p>Typologie de la construction\u00a0: <strong>Bureaux<\/strong><\/p>\n<\/div><\/div><\/div><div class=\"fusion-layout-column fusion_builder_column_inner fusion-builder-nested-column-311 fusion_builder_column_inner_1_1 1_1 fusion-flex-column\" style=\"--awb-bg-size:cover;--awb-width-large:100%;--awb-margin-top-large:0px;--awb-spacing-right-large:1.92%;--awb-margin-bottom-large:20px;--awb-spacing-left-large:1.92%;--awb-width-medium:100%;--awb-order-medium:0;--awb-spacing-right-medium:1.92%;--awb-spacing-left-medium:1.92%;--awb-width-small:100%;--awb-order-small:0;--awb-spacing-right-small:1.92%;--awb-spacing-left-small:1.92%;\"><div class=\"fusion-column-wrapper fusion-column-has-shadow fusion-flex-justify-content-flex-start fusion-content-layout-column\"><div class=\"fusion-separator fusion-full-width-sep\" style=\"align-self: center;margin-left: auto;margin-right: auto;margin-bottom:20px;width:100%;\"><div class=\"fusion-separator-border sep-shadow\" style=\"--awb-height:20px;--awb-amount:20px;background:radial-gradient(ellipse at 50% -50% , #e0dede 0px, rgba(255, 255, 255, 0) 80%) repeat scroll 0 0 rgba(0, 0, 0, 0);background:-webkit-radial-gradient(ellipse at 50% -50% , #e0dede 0px, rgba(255, 255, 255, 0) 80%) repeat scroll 0 0 rgba(0, 0, 0, 0);background:-moz-radial-gradient(ellipse at 50% -50% , #e0dede 0px, rgba(255, 255, 255, 0) 80%) repeat scroll 0 0 rgba(0, 0, 0, 0);background:-o-radial-gradient(ellipse at 50% -50% , #e0dede 0px, rgba(255, 255, 255, 0) 80%) repeat scroll 0 0 rgba(0, 0, 0, 0);\"><\/div><\/div><\/div><\/div><div class=\"fusion-layout-column fusion_builder_column_inner fusion-builder-nested-column-312 fusion_builder_column_inner_1_1 1_1 fusion-flex-column\" style=\"--awb-bg-color:#ffffff;--awb-bg-color-hover:#ffffff;--awb-bg-size:cover;--awb-width-large:100%;--awb-margin-top-large:0px;--awb-spacing-right-large:1.92%;--awb-margin-bottom-large:20px;--awb-spacing-left-large:1.92%;--awb-width-medium:100%;--awb-order-medium:0;--awb-spacing-right-medium:1.92%;--awb-spacing-left-medium:1.92%;--awb-width-small:100%;--awb-order-small:0;--awb-spacing-right-small:1.92%;--awb-spacing-left-small:1.92%;\"><div class=\"fusion-column-wrapper fusion-column-has-shadow fusion-flex-justify-content-flex-start fusion-content-layout-column\"><div class=\"fusion-text fusion-text-244\" style=\"--awb-text-color:#000000;\"><p><strong>Th\u00e9matiques applicables :<\/strong><\/p>\n<\/div><div class=\"accordian fusion-accordian\" style=\"--awb-border-size:1px;--awb-icon-size:13px;--awb-content-font-size:13px;--awb-icon-alignment:left;--awb-hover-color:#f9f9f9;--awb-border-color:#cccccc;--awb-background-color:#ffffff;--awb-divider-color:#e0dede;--awb-divider-hover-color:#e0dede;--awb-icon-color:#ffffff;--awb-title-color:#333333;--awb-content-color:#747474;--awb-icon-box-color:#333333;--awb-toggle-hover-accent-color:#26a147;--awb-title-font-family:&quot;PT Sans&quot;;--awb-title-font-weight:400;--awb-title-font-style:normal;--awb-title-font-size:13px;--awb-content-font-family:&quot;PT Sans&quot;;--awb-content-font-style:normal;--awb-content-font-weight:400;\"><div class=\"panel-group fusion-toggle-icon-boxed\" id=\"accordion-3355-61\"><div class=\"fusion-panel panel-default panel-6e3c38f0b854f035c fusion-toggle-has-divider\" style=\"--awb-title-color:#333333;--awb-content-color:#747474;\"><div class=\"panel-heading\"><h4 class=\"panel-title toggle\" id=\"toggle_6e3c38f0b854f035c\"><a aria-expanded=\"false\" aria-controls=\"6e3c38f0b854f035c\" role=\"button\" data-toggle=\"collapse\" data-parent=\"#accordion-3355-61\" data-target=\"#6e3c38f0b854f035c\" href=\"#6e3c38f0b854f035c\"><span class=\"fusion-toggle-icon-wrapper\" aria-hidden=\"true\"><i class=\"fa-fusion-box active-icon awb-icon-minus\" aria-hidden=\"true\"><\/i><i class=\"fa-fusion-box inactive-icon awb-icon-plus\" aria-hidden=\"true\"><\/i><\/span><span class=\"fusion-toggle-heading\">Protection solaire de la toiture<\/span><\/a><\/h4><\/div><div id=\"6e3c38f0b854f035c\" class=\"panel-collapse collapse \" aria-labelledby=\"toggle_6e3c38f0b854f035c\"><div class=\"panel-body toggle-content fusion-clearfix\">\n<table style=\"width: 100%;height: 187px\">\n<tbody>\n<tr style=\"height: 187px\">\n<td style=\"height: 187px\"><span style=\"color: #000000\"><strong><span style=\"text-decoration: underline\">Locaux concern\u00e9s<\/span> :<\/strong><\/span><\/p>\n<ul>\n<li>Locaux clos et climatis\u00e9s ou occup\u00e9s (exemples\u00a0: bureau, salle de r\u00e9union, espace d\u2019accueil avec personnel permanent, locaux d\u2019activit\u00e9s diverses\u00a0: caf\u00e9taria, r\u00e9fectoire, salle de sport, \u2026)<\/li>\n<li>Locaux clos non-occup\u00e9s donnant <u>directement<\/u> sur les locaux ci-dessus, hors locaux techniques, stationnements et espaces de stockage non climatis\u00e9s (exemples : sanitaires, circulation, hall, \u2026)<\/li>\n<\/ul>\n<\/td>\n<td style=\"height: 187px\"><img decoding=\"async\" class=\"alignright wp-image-3430\" src=\"https:\/\/www.service-public.pf\/sde\/wp-content\/uploads\/sites\/15\/2023\/01\/SDE-REBPF-IlluTotales-Bureau-ProToiture.png\" alt=\"\" width=\"300\" height=\"225\" \/><\/td>\n<\/tr>\n<\/tbody>\n<\/table>\n<p style=\"color: #000000\"><strong><span style=\"text-decoration: underline\">Seuils \u00e0 respecter : <\/span><\/strong><\/p>\n<table class=\"table table-bordered\" style=\"width: 100%\">\n<tbody>\n<tr>\n<td style=\"width: 24.0317%\"><strong>Mesure<\/strong><\/td>\n<td style=\"width: 4.78677%\"><strong>Seuil<\/strong><\/td>\n<td style=\"width: 58.7865%\"><strong>Exemples de solutions<\/strong><\/td>\n<\/tr>\n<tr>\n<td style=\"width: 24.0317%\">Facteur solaire maximal de la toiture<\/td>\n<td style=\"width: 4.78677%\">2,5%<\/td>\n<td style=\"width: 58.7865%\">\n<ul>\n<li>Toiture (avec combles) en t\u00f4le de teinte claire avec 3 cm de laine min\u00e9rale minimum<\/li>\n<li>Toiture (avec combles) en t\u00f4le de teinte moyenne avec 5 cm de laine min\u00e9rale minimum<\/li>\n<li>Toiture (avec combles) en t\u00f4le de teinte sombre avec 7,5 cm de laine min\u00e9rale minimum<\/li>\n<li>Toiture terrasse en b\u00e9ton de teinte moyenne avec 6 cm de polystyr\u00e8ne expans\u00e9 minimum<\/li>\n<li>Toiture terrasse en b\u00e9ton avec sur-toiture largement ventil\u00e9e<\/li>\n<\/ul>\n<\/td>\n<\/tr>\n<\/tbody>\n<\/table>\n<p><span style=\"color: #000000\"><strong>Pour plus d\u2019informations sur l\u2019application de la th\u00e9matique, consultez la fiche en question\u00a0:<\/strong><\/span><\/p>\n<ul>\n<li><a href=\"https:\/\/www.service-public.pf\/sde\/wp-content\/uploads\/sites\/15\/2023\/09\/Fiche-02-Protection-solaire-des-parois-opaques-horizontales-Toitures.pdf\">Fiche d\u2019application \u00ab\u00a0Protection solaire de la toiture\u00a0\u00bb<\/a><\/li>\n<\/ul>\n<\/div><\/div><\/div><\/div><\/div><div class=\"fusion-text fusion-text-245\" style=\"--awb-margin-top:10px;\"><p><span style=\"color: #000000\"><strong>Informations relatives aux demandes de permis de construire et au certificat de conformit\u00e9<\/strong><\/span><\/p>\n<p>Le p\u00e9titionnaire remplit les nouveaux formulaires de demande de permis de construire et de certificat de conformit\u00e9 de la DCA qui int\u00e8grent la d\u00e9claration du respect de la r\u00e9glementation.<\/p>\n<p><strong>Si les surfaces de plancher construites cumul\u00e9es* sont sup\u00e9rieures \u00e0 250 m\u00b2 de plancher, les demandes de permis de construire et de certificat de conformit\u00e9 doivent \u00eatre accompagn\u00e9es de l\u2019avis d\u2019un organisme agr\u00e9\u00e9<\/strong><\/p>\n<ul>\n<li><a href=\"https:\/\/www.service-public.pf\/sde\/organismes-agrees\/\">Parcourir la page d\u00e9di\u00e9e aux organismes agr\u00e9\u00e9s<\/a><\/li>\n<\/ul>\n<p><em><span style=\"font-size: 10pt\">* Les surfaces de plancher \u00e0 consid\u00e9rer sont celles de n\u2019importe quel b\u00e2timent neuf rattach\u00e9 au projet de construction, d\u00e8s lors que la typologie associ\u00e9e est bureaux, enseignement, \u00e9tablissement de soin, h\u00f4tellerie ou logement collectif.<\/span><\/em><\/p>\n<p><span style=\"color: #000000\"><strong>Informations sur les dispositions applicables \u00e0 la typologie <\/strong>(ne consulter que les rubriques des th\u00e9matiques concernant le projet de construction)<strong>\u00a0:<\/strong><\/span><\/p>\n<ul>\n<li><a href=\"https:\/\/www.service-public.pf\/sde\/wp-content\/uploads\/sites\/15\/2023\/04\/REPBF_Depliants_Bureaux_Pages-V2.pdf\">D\u00e9pliant \u00ab\u00a0Bureaux\u00a0\u00bb<\/a><\/li>\n<\/ul>\n<\/div><\/div><\/div><\/div><\/div><\/div><div class=\"fusion-layout-column fusion_builder_column fusion-builder-column-77 fusion_builder_column_4_5 4_5 fusion-flex-column vct_australes_content\" style=\"--awb-bg-size:cover;--awb-width-large:80%;--awb-flex-grow:0;--awb-flex-shrink:0;--awb-margin-top-large:0px;--awb-spacing-right-large:2.4%;--awb-margin-bottom-large:20px;--awb-spacing-left-large:2.4%;--awb-width-medium:100%;--awb-order-medium:0;--awb-flex-grow-medium:0;--awb-flex-shrink-medium:0;--awb-spacing-right-medium:1.92%;--awb-spacing-left-medium:1.92%;--awb-width-small:100%;--awb-order-small:0;--awb-flex-grow-small:0;--awb-flex-shrink-small:0;--awb-spacing-right-small:1.92%;--awb-spacing-left-small:1.92%;\" id=\"vct_australes_etablissementdesoin_content\"><div class=\"fusion-column-wrapper fusion-column-has-shadow fusion-flex-justify-content-flex-start fusion-content-layout-column\"><div class=\"fusion-title title fusion-title-65 fusion-sep-none fusion-title-center fusion-title-text fusion-title-size-two hidden\" style=\"--awb-margin-top-small:0px;--awb-margin-right-small:0px;--awb-margin-bottom-small:20px;--awb-margin-left-small:0px;\"><h2 class=\"fusion-title-heading title-heading-center\" style=\"margin:0;\">Protection solaire de la toiture + D\u00e9pliant \u00e9tablissement de soin + Fiche d'information \u00e9tablissement de soin + Formulaire 2-AG<\/h2><\/div><div class=\"fusion-text fusion-text-246 vct_description_typologie\"><p>Il s\u2019agit d\u2019un b\u00e2timent ou d\u2019une partie de b\u00e2timent \u00e0 usage d\u2019h\u00f4pital, clinique et tout autre<br \/>\n\u00e9tablissement de service public ou d\u2019int\u00e9r\u00eat collectif de la sant\u00e9 et leurs locaux accessoires ; ainsi que<br \/>\nles structures d\u2019accueil pour personnes \u00e2g\u00e9es et personnes handicap\u00e9es et leurs locaux accessoires.<\/p>\n<\/div><div class=\"fusion-builder-row fusion-builder-row-inner fusion-row fusion-flex-align-items-center fusion-flex-justify-content-center fusion-flex-content-wrap\" style=\"--awb-flex-grow:0;--awb-flex-grow-medium:0;--awb-flex-grow-small:0;--awb-flex-shrink:0;--awb-flex-shrink-medium:0;--awb-flex-shrink-small:0;width:104% !important;max-width:104% !important;margin-left: calc(-4% \/ 2 );margin-right: calc(-4% \/ 2 );\"><div class=\"fusion-layout-column fusion_builder_column_inner fusion-builder-nested-column-313 fusion_builder_column_inner_1_1 1_1 fusion-flex-column\" style=\"--awb-bg-size:cover;--awb-width-large:100%;--awb-margin-top-large:0px;--awb-spacing-right-large:1.92%;--awb-margin-bottom-large:20px;--awb-spacing-left-large:1.92%;--awb-width-medium:100%;--awb-order-medium:0;--awb-spacing-right-medium:1.92%;--awb-spacing-left-medium:1.92%;--awb-width-small:100%;--awb-order-small:0;--awb-spacing-right-small:1.92%;--awb-spacing-left-small:1.92%;\"><div class=\"fusion-column-wrapper fusion-column-has-shadow fusion-flex-justify-content-flex-start fusion-content-layout-column\"><div class=\"fusion-separator fusion-full-width-sep\" style=\"align-self: center;margin-left: auto;margin-right: auto;width:100%;\"><div class=\"fusion-separator-border sep-shadow\" style=\"--awb-height:20px;--awb-amount:20px;background:radial-gradient(ellipse at 50% -50% , #e0dede 0px, rgba(255, 255, 255, 0) 80%) repeat scroll 0 0 rgba(0, 0, 0, 0);background:-webkit-radial-gradient(ellipse at 50% -50% , #e0dede 0px, rgba(255, 255, 255, 0) 80%) repeat scroll 0 0 rgba(0, 0, 0, 0);background:-moz-radial-gradient(ellipse at 50% -50% , #e0dede 0px, rgba(255, 255, 255, 0) 80%) repeat scroll 0 0 rgba(0, 0, 0, 0);background:-o-radial-gradient(ellipse at 50% -50% , #e0dede 0px, rgba(255, 255, 255, 0) 80%) repeat scroll 0 0 rgba(0, 0, 0, 0);\"><\/div><\/div><\/div><\/div><div class=\"fusion-layout-column fusion_builder_column_inner fusion-builder-nested-column-314 fusion_builder_column_inner_1_3 1_3 fusion-flex-column\" style=\"--awb-bg-size:cover;--awb-width-large:33.333333333333%;--awb-margin-top-large:0px;--awb-spacing-right-large:2vw;--awb-margin-bottom-large:20px;--awb-spacing-left-large:5.76%;--awb-width-medium:100%;--awb-order-medium:0;--awb-spacing-right-medium:1.92%;--awb-spacing-left-medium:1.92%;--awb-width-small:100%;--awb-order-small:0;--awb-spacing-right-small:1.92%;--awb-spacing-left-small:1.92%;\"><div class=\"fusion-column-wrapper fusion-column-has-shadow fusion-flex-justify-content-flex-start fusion-content-layout-column\"><div class=\"fusion-image-element \" style=\"text-align:right;--awb-max-width:450px;--awb-caption-title-font-family:var(--h2_typography-font-family);--awb-caption-title-font-weight:var(--h2_typography-font-weight);--awb-caption-title-font-style:var(--h2_typography-font-style);--awb-caption-title-size:var(--h2_typography-font-size);--awb-caption-title-transform:var(--h2_typography-text-transform);--awb-caption-title-line-height:var(--h2_typography-line-height);--awb-caption-title-letter-spacing:var(--h2_typography-letter-spacing);\"><span class=\" fusion-imageframe imageframe-none imageframe-62 hover-type-none\"><img decoding=\"async\" width=\"300\" height=\"225\" title=\"SDE REBPF IlluTotales Etablissement Soin\" src=\"https:\/\/www.service-public.pf\/sde\/wp-content\/uploads\/sites\/15\/2023\/01\/SDE-REBPF-IlluTotales-Etablissement-Soin-300x225.png\" alt class=\"img-responsive wp-image-3441\" srcset=\"https:\/\/www.service-public.pf\/sde\/wp-content\/uploads\/sites\/15\/2023\/01\/SDE-REBPF-IlluTotales-Etablissement-Soin-200x150.png 200w, https:\/\/www.service-public.pf\/sde\/wp-content\/uploads\/sites\/15\/2023\/01\/SDE-REBPF-IlluTotales-Etablissement-Soin-400x300.png 400w, https:\/\/www.service-public.pf\/sde\/wp-content\/uploads\/sites\/15\/2023\/01\/SDE-REBPF-IlluTotales-Etablissement-Soin-600x450.png 600w, https:\/\/www.service-public.pf\/sde\/wp-content\/uploads\/sites\/15\/2023\/01\/SDE-REBPF-IlluTotales-Etablissement-Soin-800x600.png 800w, https:\/\/www.service-public.pf\/sde\/wp-content\/uploads\/sites\/15\/2023\/01\/SDE-REBPF-IlluTotales-Etablissement-Soin-1200x900.png 1200w, https:\/\/www.service-public.pf\/sde\/wp-content\/uploads\/sites\/15\/2023\/01\/SDE-REBPF-IlluTotales-Etablissement-Soin.png 1453w\" sizes=\"(max-width: 1024px) 100vw, (max-width: 640px) 100vw, 800px\" \/><\/span><\/div><\/div><\/div><div class=\"fusion-layout-column fusion_builder_column_inner fusion-builder-nested-column-315 fusion_builder_column_inner_2_3 2_3 fusion-flex-column\" style=\"--awb-bg-size:cover;--awb-width-large:66.666666666667%;--awb-margin-top-large:0px;--awb-spacing-right-large:2.88%;--awb-margin-bottom-large:20px;--awb-spacing-left-large:2.88%;--awb-width-medium:100%;--awb-order-medium:0;--awb-spacing-right-medium:1.92%;--awb-spacing-left-medium:1.92%;--awb-width-small:100%;--awb-order-small:0;--awb-spacing-right-small:1.92%;--awb-spacing-left-small:1.92%;\"><div class=\"fusion-column-wrapper fusion-column-has-shadow fusion-flex-justify-content-center fusion-content-layout-column\"><div class=\"fusion-text fusion-text-247\" style=\"--awb-content-alignment:center;--awb-font-size:24pt;\"><p>Localisation\u00a0du projet : <strong>Australes<\/strong><\/p>\n<p>Typologie de la construction\u00a0: <strong>\u00c9tablissement de soin<\/strong><\/p>\n<\/div><\/div><\/div><div class=\"fusion-layout-column fusion_builder_column_inner fusion-builder-nested-column-316 fusion_builder_column_inner_1_1 1_1 fusion-flex-column\" style=\"--awb-bg-size:cover;--awb-width-large:100%;--awb-margin-top-large:0px;--awb-spacing-right-large:1.92%;--awb-margin-bottom-large:20px;--awb-spacing-left-large:1.92%;--awb-width-medium:100%;--awb-order-medium:0;--awb-spacing-right-medium:1.92%;--awb-spacing-left-medium:1.92%;--awb-width-small:100%;--awb-order-small:0;--awb-spacing-right-small:1.92%;--awb-spacing-left-small:1.92%;\"><div class=\"fusion-column-wrapper fusion-column-has-shadow fusion-flex-justify-content-flex-start fusion-content-layout-column\"><div class=\"fusion-separator fusion-full-width-sep\" style=\"align-self: center;margin-left: auto;margin-right: auto;margin-bottom:20px;width:100%;\"><div class=\"fusion-separator-border sep-shadow\" style=\"--awb-height:20px;--awb-amount:20px;background:radial-gradient(ellipse at 50% -50% , #e0dede 0px, rgba(255, 255, 255, 0) 80%) repeat scroll 0 0 rgba(0, 0, 0, 0);background:-webkit-radial-gradient(ellipse at 50% -50% , #e0dede 0px, rgba(255, 255, 255, 0) 80%) repeat scroll 0 0 rgba(0, 0, 0, 0);background:-moz-radial-gradient(ellipse at 50% -50% , #e0dede 0px, rgba(255, 255, 255, 0) 80%) repeat scroll 0 0 rgba(0, 0, 0, 0);background:-o-radial-gradient(ellipse at 50% -50% , #e0dede 0px, rgba(255, 255, 255, 0) 80%) repeat scroll 0 0 rgba(0, 0, 0, 0);\"><\/div><\/div><\/div><\/div><div class=\"fusion-layout-column fusion_builder_column_inner fusion-builder-nested-column-317 fusion_builder_column_inner_1_1 1_1 fusion-flex-column\" style=\"--awb-bg-color:#ffffff;--awb-bg-color-hover:#ffffff;--awb-bg-size:cover;--awb-width-large:100%;--awb-margin-top-large:0px;--awb-spacing-right-large:1.92%;--awb-margin-bottom-large:20px;--awb-spacing-left-large:1.92%;--awb-width-medium:100%;--awb-order-medium:0;--awb-spacing-right-medium:1.92%;--awb-spacing-left-medium:1.92%;--awb-width-small:100%;--awb-order-small:0;--awb-spacing-right-small:1.92%;--awb-spacing-left-small:1.92%;\"><div class=\"fusion-column-wrapper fusion-column-has-shadow fusion-flex-justify-content-flex-start fusion-content-layout-column\"><div class=\"fusion-text fusion-text-248\" style=\"--awb-text-color:#000000;\"><p><strong>Th\u00e9matiques applicables :<\/strong><\/p>\n<\/div><div class=\"accordian fusion-accordian\" style=\"--awb-border-size:1px;--awb-icon-size:13px;--awb-content-font-size:13px;--awb-icon-alignment:left;--awb-hover-color:#f9f9f9;--awb-border-color:#cccccc;--awb-background-color:#ffffff;--awb-divider-color:#e0dede;--awb-divider-hover-color:#e0dede;--awb-icon-color:#ffffff;--awb-title-color:#333333;--awb-content-color:#747474;--awb-icon-box-color:#333333;--awb-toggle-hover-accent-color:#26a147;--awb-title-font-family:&quot;PT Sans&quot;;--awb-title-font-weight:400;--awb-title-font-style:normal;--awb-title-font-size:13px;--awb-content-font-family:&quot;PT Sans&quot;;--awb-content-font-style:normal;--awb-content-font-weight:400;\"><div class=\"panel-group fusion-toggle-icon-boxed\" id=\"accordion-3355-62\"><div class=\"fusion-panel panel-default panel-f5d9b75b882909c06 fusion-toggle-has-divider\" style=\"--awb-title-color:#333333;--awb-content-color:#747474;\"><div class=\"panel-heading\"><h4 class=\"panel-title toggle\" id=\"toggle_f5d9b75b882909c06\"><a aria-expanded=\"false\" aria-controls=\"f5d9b75b882909c06\" role=\"button\" data-toggle=\"collapse\" data-parent=\"#accordion-3355-62\" data-target=\"#f5d9b75b882909c06\" href=\"#f5d9b75b882909c06\"><span class=\"fusion-toggle-icon-wrapper\" aria-hidden=\"true\"><i class=\"fa-fusion-box active-icon awb-icon-minus\" aria-hidden=\"true\"><\/i><i class=\"fa-fusion-box inactive-icon awb-icon-plus\" aria-hidden=\"true\"><\/i><\/span><span class=\"fusion-toggle-heading\">Protection solaire de la toiture<\/span><\/a><\/h4><\/div><div id=\"f5d9b75b882909c06\" class=\"panel-collapse collapse \" aria-labelledby=\"toggle_f5d9b75b882909c06\"><div class=\"panel-body toggle-content fusion-clearfix\">\n<table style=\"width: 100%;height: 187px\">\n<tbody>\n<tr style=\"height: 187px\">\n<td style=\"height: 187px\"><span style=\"color: #000000\"><strong><span style=\"text-decoration: underline\">Locaux concern\u00e9s<\/span> :<\/strong><\/span><\/p>\n<ul>\n<li>Locaux clos et climatis\u00e9s ou occup\u00e9s (exemples : salle de consultation, bloc op\u00e9ratoire, bureau, salle de r\u00e9union, chambre, espace d\u2019accueil avec personnel permanent, locaux d\u2019activit\u00e9s diverses : caf\u00e9t\u00e9ria, r\u00e9fectoire, \u2026)<\/li>\n<li>Locaux clos non-occup\u00e9s donnant <u>directement<\/u> sur les locaux ci-dessus, hors locaux techniques, stationnements et espaces de stockage non climatis\u00e9s (exemples : sanitaires, circulation, hall, vestiaires, \u2026)<\/li>\n<\/ul>\n<\/td>\n<td style=\"height: 187px\"><img decoding=\"async\" class=\"alignright wp-image-3430\" src=\"https:\/\/www.service-public.pf\/sde\/wp-content\/uploads\/sites\/15\/2023\/01\/SDE-REBPF-IlluTotales-Etablissement-Soin-ProToiture.png\" alt=\"\" width=\"300\" height=\"225\" \/><\/td>\n<\/tr>\n<\/tbody>\n<\/table>\n<p style=\"color: #000000\"><strong><span style=\"text-decoration: underline\">Seuils \u00e0 respecter : <\/span><\/strong><\/p>\n<table class=\"table table-bordered\" style=\"width: 100%\">\n<tbody>\n<tr>\n<td style=\"width: 24.0317%\"><strong>Mesure<\/strong><\/td>\n<td style=\"width: 4.78677%\"><strong>Seuil<\/strong><\/td>\n<td style=\"width: 58.7865%\"><strong>Exemples de solutions<\/strong><\/td>\n<\/tr>\n<tr>\n<td style=\"width: 24.0317%\">Facteur solaire maximal de la toiture<\/td>\n<td style=\"width: 4.78677%\">2,5%<\/td>\n<td style=\"width: 58.7865%\">\n<ul>\n<li>Toiture (avec combles) en t\u00f4le de teinte claire avec 3 cm de laine min\u00e9rale minimum<\/li>\n<li>Toiture (avec combles) en t\u00f4le de teinte moyenne avec 5 cm de laine min\u00e9rale minimum<\/li>\n<li>Toiture (avec combles) en t\u00f4le de teinte sombre avec 7,5 cm de laine min\u00e9rale minimum<\/li>\n<li>Toiture terrasse en b\u00e9ton de teinte moyenne avec 6 cm de polystyr\u00e8ne expans\u00e9 minimum<\/li>\n<li>Toiture terrasse en b\u00e9ton avec sur-toiture largement ventil\u00e9e<\/li>\n<\/ul>\n<\/td>\n<\/tr>\n<\/tbody>\n<\/table>\n<p><span style=\"color: #000000\"><strong>Pour plus d\u2019informations sur l\u2019application de la th\u00e9matique, consultez la fiche en question\u00a0:<\/strong><\/span><\/p>\n<ul>\n<li><a href=\"https:\/\/www.service-public.pf\/sde\/wp-content\/uploads\/sites\/15\/2023\/09\/Fiche-02-Protection-solaire-des-parois-opaques-horizontales-Toitures.pdf\">Fiche d\u2019application \u00ab\u00a0Protection solaire de la toiture\u00a0\u00bb<\/a><\/li>\n<\/ul>\n<\/div><\/div><\/div><\/div><\/div><div class=\"fusion-text fusion-text-249\" style=\"--awb-margin-top:10px;\"><p><span style=\"color: #000000\"><strong>Informations relatives aux demandes de permis de construire et au certificat de conformit\u00e9<\/strong><\/span><\/p>\n<p>Le p\u00e9titionnaire remplit les nouveaux formulaires de demande de permis de construire et de certificat de conformit\u00e9 de la DCA qui int\u00e8grent la d\u00e9claration du respect de la r\u00e9glementation.<\/p>\n<p><strong>Si les surfaces de plancher construites cumul\u00e9es* sont sup\u00e9rieures \u00e0 250 m\u00b2 de plancher, les demandes de permis de construire et de certificat de conformit\u00e9 doivent \u00eatre accompagn\u00e9es de l\u2019avis d\u2019un organisme agr\u00e9\u00e9<\/strong><\/p>\n<ul>\n<li><a href=\"https:\/\/www.service-public.pf\/sde\/organismes-agrees\/\">Parcourir la page d\u00e9di\u00e9e aux organismes agr\u00e9\u00e9s<\/a><\/li>\n<\/ul>\n<p><em><span style=\"font-size: 10pt\">* Les surfaces de plancher \u00e0 consid\u00e9rer sont celles de n\u2019importe quel b\u00e2timent neuf rattach\u00e9 au projet de construction, d\u00e8s lors que la typologie associ\u00e9e est bureaux, enseignement, \u00e9tablissement de soin, h\u00f4tellerie ou logement collectif.<\/span><\/em><\/p>\n<p><span style=\"color: #000000\"><strong>Informations sur les dispositions applicables \u00e0 la typologie <\/strong>(ne consulter que les rubriques des th\u00e9matiques concernant le projet de construction)<strong>\u00a0:<\/strong><\/span><\/p>\n<ul>\n<li><a href=\"https:\/\/www.service-public.pf\/sde\/wp-content\/uploads\/sites\/15\/2023\/04\/REPBF_Depliants_EtablissmentDeSoin_Pages-V2.pdf\">D\u00e9pliant \u00ab\u00a0Etablissement de soin \u00bb<\/a><\/li>\n<\/ul>\n<\/div><\/div><\/div><\/div><\/div><\/div><div class=\"fusion-layout-column fusion_builder_column fusion-builder-column-78 fusion_builder_column_4_5 4_5 fusion-flex-column vct_australes_content\" style=\"--awb-bg-size:cover;--awb-width-large:80%;--awb-flex-grow:0;--awb-flex-shrink:0;--awb-margin-top-large:0px;--awb-spacing-right-large:2.4%;--awb-margin-bottom-large:20px;--awb-spacing-left-large:2.4%;--awb-width-medium:100%;--awb-order-medium:0;--awb-flex-grow-medium:0;--awb-flex-shrink-medium:0;--awb-spacing-right-medium:1.92%;--awb-spacing-left-medium:1.92%;--awb-width-small:100%;--awb-order-small:0;--awb-flex-grow-small:0;--awb-flex-shrink-small:0;--awb-spacing-right-small:1.92%;--awb-spacing-left-small:1.92%;\" id=\"vct_australes_etablissementdenseignement_content\"><div class=\"fusion-column-wrapper fusion-column-has-shadow fusion-flex-justify-content-flex-start fusion-content-layout-column\"><div class=\"fusion-title title fusion-title-66 fusion-sep-none fusion-title-center fusion-title-text fusion-title-size-two hidden\" style=\"--awb-margin-top-small:0px;--awb-margin-right-small:0px;--awb-margin-bottom-small:20px;--awb-margin-left-small:0px;\"><h2 class=\"fusion-title-heading title-heading-center\" style=\"margin:0;\">Protection solaire de la toiture + D\u00e9pliant \u00e9tablissement d'enseignement + Fiche d'information \u00e9tablissement d'enseignement + Formulaire 2-AG<\/h2><\/div><div class=\"fusion-text fusion-text-250 vct_description_typologie\"><p>Il s\u2019agit d\u2019un b\u00e2timent ou d\u2019une partie de b\u00e2timent \u00e0 usage de cr\u00e8che et garderie, \u00e9cole maternelle,<br \/>\n\u00e9cole primaire, coll\u00e8ge, lyc\u00e9e, \u00e9tablissement d\u2019enseignement sup\u00e9rieur et tout autre b\u00e2timent de<br \/>\nservice public ou d\u2019int\u00e9r\u00eat collectif de l\u2019enseignement, comprenant \u00e9galement leurs locaux<br \/>\naccessoires.<\/p>\n<p>Pour rappel, les locaux \u00e0 sommeil et les internats sont assimil\u00e9s \u00e0 la typologie \u00ab logement collectif \u00bb.<\/p>\n<\/div><div class=\"fusion-builder-row fusion-builder-row-inner fusion-row fusion-flex-align-items-center fusion-flex-justify-content-center fusion-flex-content-wrap\" style=\"--awb-flex-grow:0;--awb-flex-grow-medium:0;--awb-flex-grow-small:0;--awb-flex-shrink:0;--awb-flex-shrink-medium:0;--awb-flex-shrink-small:0;width:104% !important;max-width:104% !important;margin-left: calc(-4% \/ 2 );margin-right: calc(-4% \/ 2 );\"><div class=\"fusion-layout-column fusion_builder_column_inner fusion-builder-nested-column-318 fusion_builder_column_inner_1_1 1_1 fusion-flex-column\" style=\"--awb-bg-size:cover;--awb-width-large:100%;--awb-margin-top-large:0px;--awb-spacing-right-large:1.92%;--awb-margin-bottom-large:20px;--awb-spacing-left-large:1.92%;--awb-width-medium:100%;--awb-order-medium:0;--awb-spacing-right-medium:1.92%;--awb-spacing-left-medium:1.92%;--awb-width-small:100%;--awb-order-small:0;--awb-spacing-right-small:1.92%;--awb-spacing-left-small:1.92%;\"><div class=\"fusion-column-wrapper fusion-column-has-shadow fusion-flex-justify-content-flex-start fusion-content-layout-column\"><div class=\"fusion-separator fusion-full-width-sep\" style=\"align-self: center;margin-left: auto;margin-right: auto;width:100%;\"><div class=\"fusion-separator-border sep-shadow\" style=\"--awb-height:20px;--awb-amount:20px;background:radial-gradient(ellipse at 50% -50% , #e0dede 0px, rgba(255, 255, 255, 0) 80%) repeat scroll 0 0 rgba(0, 0, 0, 0);background:-webkit-radial-gradient(ellipse at 50% -50% , #e0dede 0px, rgba(255, 255, 255, 0) 80%) repeat scroll 0 0 rgba(0, 0, 0, 0);background:-moz-radial-gradient(ellipse at 50% -50% , #e0dede 0px, rgba(255, 255, 255, 0) 80%) repeat scroll 0 0 rgba(0, 0, 0, 0);background:-o-radial-gradient(ellipse at 50% -50% , #e0dede 0px, rgba(255, 255, 255, 0) 80%) repeat scroll 0 0 rgba(0, 0, 0, 0);\"><\/div><\/div><\/div><\/div><div class=\"fusion-layout-column fusion_builder_column_inner fusion-builder-nested-column-319 fusion_builder_column_inner_1_3 1_3 fusion-flex-column\" style=\"--awb-bg-size:cover;--awb-width-large:33.333333333333%;--awb-margin-top-large:0px;--awb-spacing-right-large:2vw;--awb-margin-bottom-large:20px;--awb-spacing-left-large:5.76%;--awb-width-medium:100%;--awb-order-medium:0;--awb-spacing-right-medium:1.92%;--awb-spacing-left-medium:1.92%;--awb-width-small:100%;--awb-order-small:0;--awb-spacing-right-small:1.92%;--awb-spacing-left-small:1.92%;\"><div class=\"fusion-column-wrapper fusion-column-has-shadow fusion-flex-justify-content-flex-start fusion-content-layout-column\"><div class=\"fusion-image-element \" style=\"text-align:right;--awb-max-width:450px;--awb-caption-title-font-family:var(--h2_typography-font-family);--awb-caption-title-font-weight:var(--h2_typography-font-weight);--awb-caption-title-font-style:var(--h2_typography-font-style);--awb-caption-title-size:var(--h2_typography-font-size);--awb-caption-title-transform:var(--h2_typography-text-transform);--awb-caption-title-line-height:var(--h2_typography-line-height);--awb-caption-title-letter-spacing:var(--h2_typography-letter-spacing);\"><span class=\" fusion-imageframe imageframe-none imageframe-63 hover-type-none\"><img decoding=\"async\" width=\"300\" height=\"225\" title=\"SDE REBPF IlluTotales Enseignement\" src=\"https:\/\/www.service-public.pf\/sde\/wp-content\/uploads\/sites\/15\/2023\/01\/SDE-REBPF-IlluTotales-Enseignement-300x225.png\" alt class=\"img-responsive wp-image-3429\" srcset=\"https:\/\/www.service-public.pf\/sde\/wp-content\/uploads\/sites\/15\/2023\/01\/SDE-REBPF-IlluTotales-Enseignement-200x150.png 200w, https:\/\/www.service-public.pf\/sde\/wp-content\/uploads\/sites\/15\/2023\/01\/SDE-REBPF-IlluTotales-Enseignement-400x300.png 400w, https:\/\/www.service-public.pf\/sde\/wp-content\/uploads\/sites\/15\/2023\/01\/SDE-REBPF-IlluTotales-Enseignement-600x450.png 600w, https:\/\/www.service-public.pf\/sde\/wp-content\/uploads\/sites\/15\/2023\/01\/SDE-REBPF-IlluTotales-Enseignement-800x600.png 800w, https:\/\/www.service-public.pf\/sde\/wp-content\/uploads\/sites\/15\/2023\/01\/SDE-REBPF-IlluTotales-Enseignement-1200x900.png 1200w, https:\/\/www.service-public.pf\/sde\/wp-content\/uploads\/sites\/15\/2023\/01\/SDE-REBPF-IlluTotales-Enseignement.png 1453w\" sizes=\"(max-width: 1024px) 100vw, (max-width: 640px) 100vw, 800px\" \/><\/span><\/div><\/div><\/div><div class=\"fusion-layout-column fusion_builder_column_inner fusion-builder-nested-column-320 fusion_builder_column_inner_2_3 2_3 fusion-flex-column\" style=\"--awb-bg-size:cover;--awb-width-large:66.666666666667%;--awb-margin-top-large:0px;--awb-spacing-right-large:2.88%;--awb-margin-bottom-large:20px;--awb-spacing-left-large:2.88%;--awb-width-medium:100%;--awb-order-medium:0;--awb-spacing-right-medium:1.92%;--awb-spacing-left-medium:1.92%;--awb-width-small:100%;--awb-order-small:0;--awb-spacing-right-small:1.92%;--awb-spacing-left-small:1.92%;\"><div class=\"fusion-column-wrapper fusion-column-has-shadow fusion-flex-justify-content-center fusion-content-layout-column\"><div class=\"fusion-text fusion-text-251\" style=\"--awb-content-alignment:center;--awb-font-size:24pt;\"><p>Localisation\u00a0du projet : <strong>Australes<\/strong><\/p>\n<p>Typologie de la construction\u00a0: <strong>Enseignement<\/strong><\/p>\n<\/div><\/div><\/div><div class=\"fusion-layout-column fusion_builder_column_inner fusion-builder-nested-column-321 fusion_builder_column_inner_1_1 1_1 fusion-flex-column\" style=\"--awb-bg-size:cover;--awb-width-large:100%;--awb-margin-top-large:0px;--awb-spacing-right-large:1.92%;--awb-margin-bottom-large:20px;--awb-spacing-left-large:1.92%;--awb-width-medium:100%;--awb-order-medium:0;--awb-spacing-right-medium:1.92%;--awb-spacing-left-medium:1.92%;--awb-width-small:100%;--awb-order-small:0;--awb-spacing-right-small:1.92%;--awb-spacing-left-small:1.92%;\"><div class=\"fusion-column-wrapper fusion-column-has-shadow fusion-flex-justify-content-flex-start fusion-content-layout-column\"><div class=\"fusion-separator fusion-full-width-sep\" style=\"align-self: center;margin-left: auto;margin-right: auto;margin-bottom:20px;width:100%;\"><div class=\"fusion-separator-border sep-shadow\" style=\"--awb-height:20px;--awb-amount:20px;background:radial-gradient(ellipse at 50% -50% , #e0dede 0px, rgba(255, 255, 255, 0) 80%) repeat scroll 0 0 rgba(0, 0, 0, 0);background:-webkit-radial-gradient(ellipse at 50% -50% , #e0dede 0px, rgba(255, 255, 255, 0) 80%) repeat scroll 0 0 rgba(0, 0, 0, 0);background:-moz-radial-gradient(ellipse at 50% -50% , #e0dede 0px, rgba(255, 255, 255, 0) 80%) repeat scroll 0 0 rgba(0, 0, 0, 0);background:-o-radial-gradient(ellipse at 50% -50% , #e0dede 0px, rgba(255, 255, 255, 0) 80%) repeat scroll 0 0 rgba(0, 0, 0, 0);\"><\/div><\/div><\/div><\/div><div class=\"fusion-layout-column fusion_builder_column_inner fusion-builder-nested-column-322 fusion_builder_column_inner_1_1 1_1 fusion-flex-column\" style=\"--awb-bg-color:#ffffff;--awb-bg-color-hover:#ffffff;--awb-bg-size:cover;--awb-width-large:100%;--awb-margin-top-large:0px;--awb-spacing-right-large:1.92%;--awb-margin-bottom-large:20px;--awb-spacing-left-large:1.92%;--awb-width-medium:100%;--awb-order-medium:0;--awb-spacing-right-medium:1.92%;--awb-spacing-left-medium:1.92%;--awb-width-small:100%;--awb-order-small:0;--awb-spacing-right-small:1.92%;--awb-spacing-left-small:1.92%;\"><div class=\"fusion-column-wrapper fusion-column-has-shadow fusion-flex-justify-content-flex-start fusion-content-layout-column\"><div class=\"fusion-text fusion-text-252\" style=\"--awb-text-color:#000000;\"><p><strong>Th\u00e9matiques applicables :<\/strong><\/p>\n<\/div><div class=\"accordian fusion-accordian\" style=\"--awb-border-size:1px;--awb-icon-size:13px;--awb-content-font-size:13px;--awb-icon-alignment:left;--awb-hover-color:#f9f9f9;--awb-border-color:#cccccc;--awb-background-color:#ffffff;--awb-divider-color:#e0dede;--awb-divider-hover-color:#e0dede;--awb-icon-color:#ffffff;--awb-title-color:#333333;--awb-content-color:#747474;--awb-icon-box-color:#333333;--awb-toggle-hover-accent-color:#26a147;--awb-title-font-family:&quot;PT Sans&quot;;--awb-title-font-weight:400;--awb-title-font-style:normal;--awb-title-font-size:13px;--awb-content-font-family:&quot;PT Sans&quot;;--awb-content-font-style:normal;--awb-content-font-weight:400;\"><div class=\"panel-group fusion-toggle-icon-boxed\" id=\"accordion-3355-63\"><div class=\"fusion-panel panel-default panel-5139874a879db6ac1 fusion-toggle-has-divider\" style=\"--awb-title-color:#333333;--awb-content-color:#747474;\"><div class=\"panel-heading\"><h4 class=\"panel-title toggle\" id=\"toggle_5139874a879db6ac1\"><a aria-expanded=\"false\" aria-controls=\"5139874a879db6ac1\" role=\"button\" data-toggle=\"collapse\" data-parent=\"#accordion-3355-63\" data-target=\"#5139874a879db6ac1\" href=\"#5139874a879db6ac1\"><span class=\"fusion-toggle-icon-wrapper\" aria-hidden=\"true\"><i class=\"fa-fusion-box active-icon awb-icon-minus\" aria-hidden=\"true\"><\/i><i class=\"fa-fusion-box inactive-icon awb-icon-plus\" aria-hidden=\"true\"><\/i><\/span><span class=\"fusion-toggle-heading\">Protection solaire de la toiture<\/span><\/a><\/h4><\/div><div id=\"5139874a879db6ac1\" class=\"panel-collapse collapse \" aria-labelledby=\"toggle_5139874a879db6ac1\"><div class=\"panel-body toggle-content fusion-clearfix\">\n<table style=\"width: 100%;height: 187px\">\n<tbody>\n<tr style=\"height: 187px\">\n<td style=\"height: 187px\"><span style=\"color: #000000\"><strong><span style=\"text-decoration: underline\">Locaux concern\u00e9s<\/span> :<\/strong><\/span><\/p>\n<ul>\n<li>Locaux clos et climatis\u00e9s ou occup\u00e9s (exemples\u00a0: salle de classe, infirmerie, biblioth\u00e8que, salle de r\u00e9union, espace d\u2019accueil avec personnel permanent, \u2026)<\/li>\n<li>Locaux clos non-occup\u00e9s donnant <u>directement<\/u> sur les locaux ci-dessus, hors locaux techniques, stationnements et espaces de stockage non climatis\u00e9s (exemples : sanitaires, vestiaire, circulation close, \u2026)<\/li>\n<\/ul>\n<\/td>\n<td style=\"height: 187px\"><img decoding=\"async\" class=\"alignright wp-image-3430\" src=\"https:\/\/www.service-public.pf\/sde\/wp-content\/uploads\/sites\/15\/2023\/01\/SDE-REBPF-IlluTotales-Enseignement-ProToiture.png\" alt=\"\" width=\"300\" height=\"225\" srcset=\"https:\/\/www.service-public.pf\/sde\/wp-content\/uploads\/sites\/15\/2023\/01\/SDE-REBPF-IlluTotales-Enseignement-ProToiture-200x150.png 200w, https:\/\/www.service-public.pf\/sde\/wp-content\/uploads\/sites\/15\/2023\/01\/SDE-REBPF-IlluTotales-Enseignement-ProToiture-300x225.png 300w, https:\/\/www.service-public.pf\/sde\/wp-content\/uploads\/sites\/15\/2023\/01\/SDE-REBPF-IlluTotales-Enseignement-ProToiture-400x300.png 400w, https:\/\/www.service-public.pf\/sde\/wp-content\/uploads\/sites\/15\/2023\/01\/SDE-REBPF-IlluTotales-Enseignement-ProToiture-600x450.png 600w, https:\/\/www.service-public.pf\/sde\/wp-content\/uploads\/sites\/15\/2023\/01\/SDE-REBPF-IlluTotales-Enseignement-ProToiture-768x576.png 768w, https:\/\/www.service-public.pf\/sde\/wp-content\/uploads\/sites\/15\/2023\/01\/SDE-REBPF-IlluTotales-Enseignement-ProToiture-800x600.png 800w, https:\/\/www.service-public.pf\/sde\/wp-content\/uploads\/sites\/15\/2023\/01\/SDE-REBPF-IlluTotales-Enseignement-ProToiture-1024x768.png 1024w, https:\/\/www.service-public.pf\/sde\/wp-content\/uploads\/sites\/15\/2023\/01\/SDE-REBPF-IlluTotales-Enseignement-ProToiture-1200x900.png 1200w, https:\/\/www.service-public.pf\/sde\/wp-content\/uploads\/sites\/15\/2023\/01\/SDE-REBPF-IlluTotales-Enseignement-ProToiture.png 1453w\" sizes=\"(max-width: 300px) 100vw, 300px\" \/><\/td>\n<\/tr>\n<\/tbody>\n<\/table>\n<p style=\"color: #000000\"><strong><span style=\"text-decoration: underline\">Seuils \u00e0 respecter : <\/span><\/strong><\/p>\n<table class=\"table table-bordered\" style=\"width: 100%\">\n<tbody>\n<tr>\n<td style=\"width: 24.0317%\"><strong>Mesure<\/strong><\/td>\n<td style=\"width: 4.78677%\"><strong>Seuil<\/strong><\/td>\n<td style=\"width: 58.7865%\"><strong>Exemples de solutions<\/strong><\/td>\n<\/tr>\n<tr>\n<td style=\"width: 24.0317%\">Facteur solaire maximal de la toiture<\/td>\n<td style=\"width: 4.78677%\">2,5%<\/td>\n<td style=\"width: 58.7865%\">\n<ul>\n<li>Toiture (avec combles) en t\u00f4le de teinte claire avec 3 cm de laine min\u00e9rale minimum<\/li>\n<li>Toiture (avec combles) en t\u00f4le de teinte moyenne avec 5 cm de laine min\u00e9rale minimum<\/li>\n<li>Toiture (avec combles) en t\u00f4le de teinte sombre avec 7,5 cm de laine min\u00e9rale minimum<\/li>\n<\/ul>\n<\/td>\n<\/tr>\n<\/tbody>\n<\/table>\n<p><span style=\"color: #000000\"><strong>Pour plus d\u2019informations sur l\u2019application de la th\u00e9matique, consultez la fiche en question\u00a0:<\/strong><\/span><\/p>\n<ul>\n<li><a href=\"https:\/\/www.service-public.pf\/sde\/wp-content\/uploads\/sites\/15\/2023\/09\/Fiche-02-Protection-solaire-des-parois-opaques-horizontales-Toitures.pdf\">Fiche d\u2019application \u00ab\u00a0Protection solaire de la toiture\u00a0\u00bb<\/a><\/li>\n<\/ul>\n<\/div><\/div><\/div><\/div><\/div><div class=\"fusion-text fusion-text-253\" style=\"--awb-margin-top:10px;\"><p><span style=\"color: #000000\"><strong>Informations relatives aux demandes de permis de construire et au certificat de conformit\u00e9<\/strong><\/span><\/p>\n<p>Le p\u00e9titionnaire remplit les nouveaux formulaires de demande de permis de construire et de certificat de conformit\u00e9 de la DCA qui int\u00e8grent la d\u00e9claration du respect de la r\u00e9glementation.<\/p>\n<p><strong>Si les surfaces de plancher construites cumul\u00e9es* sont sup\u00e9rieures \u00e0 250 m\u00b2 de plancher, les demandes de permis de construire et de certificat de conformit\u00e9 doivent \u00eatre accompagn\u00e9es de l\u2019avis d\u2019un organisme agr\u00e9\u00e9<\/strong><\/p>\n<ul>\n<li><a href=\"https:\/\/www.service-public.pf\/sde\/organismes-agrees\/\">Parcourir la page d\u00e9di\u00e9e aux organismes agr\u00e9\u00e9s<\/a><\/li>\n<\/ul>\n<p><em><span style=\"font-size: 10pt\">* Les surfaces de plancher \u00e0 consid\u00e9rer sont celles de n\u2019importe quel b\u00e2timent neuf rattach\u00e9 au projet de construction, d\u00e8s lors que la typologie associ\u00e9e est bureaux, enseignement, \u00e9tablissement de soin, h\u00f4tellerie ou logement collectif.<\/span><\/em><\/p>\n<p><span style=\"color: #000000\"><strong>Informations sur les dispositions applicables \u00e0 la typologie <\/strong>(ne consulter que les rubriques des th\u00e9matiques concernant le projet de construction)<strong>\u00a0:<\/strong><\/span><\/p>\n<ul>\n<li><a href=\"https:\/\/www.service-public.pf\/sde\/wp-content\/uploads\/sites\/15\/2023\/04\/REPBF_Depliants_EtablissmentEnseignement_Pages-V2.pdf\">D\u00e9pliant \u00ab\u00a0Enseignement \u00bb<\/a><\/li>\n<\/ul>\n<\/div><\/div><\/div><\/div><\/div><\/div><div class=\"fusion-layout-column fusion_builder_column fusion-builder-column-79 fusion_builder_column_4_5 4_5 fusion-flex-column vct_australes_content\" style=\"--awb-bg-size:cover;--awb-width-large:80%;--awb-flex-grow:0;--awb-flex-shrink:0;--awb-margin-top-large:0px;--awb-spacing-right-large:2.4%;--awb-margin-bottom-large:20px;--awb-spacing-left-large:2.4%;--awb-width-medium:100%;--awb-order-medium:0;--awb-flex-grow-medium:0;--awb-flex-shrink-medium:0;--awb-spacing-right-medium:1.92%;--awb-spacing-left-medium:1.92%;--awb-width-small:100%;--awb-order-small:0;--awb-flex-grow-small:0;--awb-flex-shrink-small:0;--awb-spacing-right-small:1.92%;--awb-spacing-left-small:1.92%;\" id=\"vct_australes_restauration_content\"><div class=\"fusion-column-wrapper fusion-column-has-shadow fusion-flex-justify-content-flex-start fusion-content-layout-column\"><div class=\"fusion-title title fusion-title-67 fusion-sep-none fusion-title-center fusion-title-text fusion-title-size-two hidden\" style=\"--awb-margin-top-small:0px;--awb-margin-right-small:0px;--awb-margin-bottom-small:20px;--awb-margin-left-small:0px;\"><h2 class=\"fusion-title-heading title-heading-center\" style=\"margin:0;\">Protection solaire de la toiture + D\u00e9pliant Restauration + Fiche d'information Restauration + Formulaire 1-AGMT<\/h2><\/div><div class=\"fusion-text fusion-text-254 vct_description_typologie\"><p>Il s\u2019agit d\u2019un b\u00e2timent ou d\u2019une partie de b\u00e2timent \u00e0 destination de restaurant ou de d\u00e9bit de<br \/>\nboisson, ainsi que leurs locaux accessoires.<\/p>\n<\/div><div class=\"fusion-builder-row fusion-builder-row-inner fusion-row fusion-flex-align-items-center fusion-flex-justify-content-center fusion-flex-content-wrap\" style=\"--awb-flex-grow:0;--awb-flex-grow-medium:0;--awb-flex-grow-small:0;--awb-flex-shrink:0;--awb-flex-shrink-medium:0;--awb-flex-shrink-small:0;width:104% !important;max-width:104% !important;margin-left: calc(-4% \/ 2 );margin-right: calc(-4% \/ 2 );\"><div class=\"fusion-layout-column fusion_builder_column_inner fusion-builder-nested-column-323 fusion_builder_column_inner_1_1 1_1 fusion-flex-column\" style=\"--awb-bg-size:cover;--awb-width-large:100%;--awb-margin-top-large:0px;--awb-spacing-right-large:1.92%;--awb-margin-bottom-large:20px;--awb-spacing-left-large:1.92%;--awb-width-medium:100%;--awb-order-medium:0;--awb-spacing-right-medium:1.92%;--awb-spacing-left-medium:1.92%;--awb-width-small:100%;--awb-order-small:0;--awb-spacing-right-small:1.92%;--awb-spacing-left-small:1.92%;\"><div class=\"fusion-column-wrapper fusion-column-has-shadow fusion-flex-justify-content-flex-start fusion-content-layout-column\"><div class=\"fusion-separator fusion-full-width-sep\" style=\"align-self: center;margin-left: auto;margin-right: auto;width:100%;\"><div class=\"fusion-separator-border sep-shadow\" style=\"--awb-height:20px;--awb-amount:20px;background:radial-gradient(ellipse at 50% -50% , #e0dede 0px, rgba(255, 255, 255, 0) 80%) repeat scroll 0 0 rgba(0, 0, 0, 0);background:-webkit-radial-gradient(ellipse at 50% -50% , #e0dede 0px, rgba(255, 255, 255, 0) 80%) repeat scroll 0 0 rgba(0, 0, 0, 0);background:-moz-radial-gradient(ellipse at 50% -50% , #e0dede 0px, rgba(255, 255, 255, 0) 80%) repeat scroll 0 0 rgba(0, 0, 0, 0);background:-o-radial-gradient(ellipse at 50% -50% , #e0dede 0px, rgba(255, 255, 255, 0) 80%) repeat scroll 0 0 rgba(0, 0, 0, 0);\"><\/div><\/div><\/div><\/div><div class=\"fusion-layout-column fusion_builder_column_inner fusion-builder-nested-column-324 fusion_builder_column_inner_1_3 1_3 fusion-flex-column\" style=\"--awb-bg-size:cover;--awb-width-large:33.333333333333%;--awb-margin-top-large:0px;--awb-spacing-right-large:2vw;--awb-margin-bottom-large:20px;--awb-spacing-left-large:5.76%;--awb-width-medium:100%;--awb-order-medium:0;--awb-spacing-right-medium:1.92%;--awb-spacing-left-medium:1.92%;--awb-width-small:100%;--awb-order-small:0;--awb-spacing-right-small:1.92%;--awb-spacing-left-small:1.92%;\"><div class=\"fusion-column-wrapper fusion-column-has-shadow fusion-flex-justify-content-flex-start fusion-content-layout-column\"><div class=\"fusion-image-element \" style=\"text-align:right;--awb-max-width:450px;--awb-caption-title-font-family:var(--h2_typography-font-family);--awb-caption-title-font-weight:var(--h2_typography-font-weight);--awb-caption-title-font-style:var(--h2_typography-font-style);--awb-caption-title-size:var(--h2_typography-font-size);--awb-caption-title-transform:var(--h2_typography-text-transform);--awb-caption-title-line-height:var(--h2_typography-line-height);--awb-caption-title-letter-spacing:var(--h2_typography-letter-spacing);\"><span class=\" fusion-imageframe imageframe-none imageframe-64 hover-type-none\"><img decoding=\"async\" width=\"300\" height=\"225\" title=\"SDE REBPF IlluTotales Restaurant\" src=\"https:\/\/www.service-public.pf\/sde\/wp-content\/uploads\/sites\/15\/2023\/01\/SDE-REBPF-IlluTotales-Restaurant-300x225.png\" alt class=\"img-responsive wp-image-3464\" srcset=\"https:\/\/www.service-public.pf\/sde\/wp-content\/uploads\/sites\/15\/2023\/01\/SDE-REBPF-IlluTotales-Restaurant-200x150.png 200w, https:\/\/www.service-public.pf\/sde\/wp-content\/uploads\/sites\/15\/2023\/01\/SDE-REBPF-IlluTotales-Restaurant-400x300.png 400w, https:\/\/www.service-public.pf\/sde\/wp-content\/uploads\/sites\/15\/2023\/01\/SDE-REBPF-IlluTotales-Restaurant-600x450.png 600w, https:\/\/www.service-public.pf\/sde\/wp-content\/uploads\/sites\/15\/2023\/01\/SDE-REBPF-IlluTotales-Restaurant-800x600.png 800w, https:\/\/www.service-public.pf\/sde\/wp-content\/uploads\/sites\/15\/2023\/01\/SDE-REBPF-IlluTotales-Restaurant-1200x900.png 1200w, https:\/\/www.service-public.pf\/sde\/wp-content\/uploads\/sites\/15\/2023\/01\/SDE-REBPF-IlluTotales-Restaurant.png 1453w\" sizes=\"(max-width: 1024px) 100vw, (max-width: 640px) 100vw, 800px\" \/><\/span><\/div><\/div><\/div><div class=\"fusion-layout-column fusion_builder_column_inner fusion-builder-nested-column-325 fusion_builder_column_inner_2_3 2_3 fusion-flex-column\" style=\"--awb-bg-size:cover;--awb-width-large:66.666666666667%;--awb-margin-top-large:0px;--awb-spacing-right-large:2.88%;--awb-margin-bottom-large:20px;--awb-spacing-left-large:2.88%;--awb-width-medium:100%;--awb-order-medium:0;--awb-spacing-right-medium:1.92%;--awb-spacing-left-medium:1.92%;--awb-width-small:100%;--awb-order-small:0;--awb-spacing-right-small:1.92%;--awb-spacing-left-small:1.92%;\"><div class=\"fusion-column-wrapper fusion-column-has-shadow fusion-flex-justify-content-center fusion-content-layout-column\"><div class=\"fusion-text fusion-text-255\" style=\"--awb-content-alignment:center;--awb-font-size:24pt;\"><p>Localisation\u00a0du projet : <strong>Australes<\/strong><\/p>\n<p>Typologie de la construction\u00a0: <strong>Restauration<\/strong><\/p>\n<\/div><\/div><\/div><div class=\"fusion-layout-column fusion_builder_column_inner fusion-builder-nested-column-326 fusion_builder_column_inner_1_1 1_1 fusion-flex-column\" style=\"--awb-bg-size:cover;--awb-width-large:100%;--awb-margin-top-large:0px;--awb-spacing-right-large:1.92%;--awb-margin-bottom-large:20px;--awb-spacing-left-large:1.92%;--awb-width-medium:100%;--awb-order-medium:0;--awb-spacing-right-medium:1.92%;--awb-spacing-left-medium:1.92%;--awb-width-small:100%;--awb-order-small:0;--awb-spacing-right-small:1.92%;--awb-spacing-left-small:1.92%;\"><div class=\"fusion-column-wrapper fusion-column-has-shadow fusion-flex-justify-content-flex-start fusion-content-layout-column\"><div class=\"fusion-separator fusion-full-width-sep\" style=\"align-self: center;margin-left: auto;margin-right: auto;margin-bottom:20px;width:100%;\"><div class=\"fusion-separator-border sep-shadow\" style=\"--awb-height:20px;--awb-amount:20px;background:radial-gradient(ellipse at 50% -50% , #e0dede 0px, rgba(255, 255, 255, 0) 80%) repeat scroll 0 0 rgba(0, 0, 0, 0);background:-webkit-radial-gradient(ellipse at 50% -50% , #e0dede 0px, rgba(255, 255, 255, 0) 80%) repeat scroll 0 0 rgba(0, 0, 0, 0);background:-moz-radial-gradient(ellipse at 50% -50% , #e0dede 0px, rgba(255, 255, 255, 0) 80%) repeat scroll 0 0 rgba(0, 0, 0, 0);background:-o-radial-gradient(ellipse at 50% -50% , #e0dede 0px, rgba(255, 255, 255, 0) 80%) repeat scroll 0 0 rgba(0, 0, 0, 0);\"><\/div><\/div><\/div><\/div><div class=\"fusion-layout-column fusion_builder_column_inner fusion-builder-nested-column-327 fusion_builder_column_inner_1_1 1_1 fusion-flex-column\" style=\"--awb-bg-color:#ffffff;--awb-bg-color-hover:#ffffff;--awb-bg-size:cover;--awb-width-large:100%;--awb-margin-top-large:0px;--awb-spacing-right-large:1.92%;--awb-margin-bottom-large:20px;--awb-spacing-left-large:1.92%;--awb-width-medium:100%;--awb-order-medium:0;--awb-spacing-right-medium:1.92%;--awb-spacing-left-medium:1.92%;--awb-width-small:100%;--awb-order-small:0;--awb-spacing-right-small:1.92%;--awb-spacing-left-small:1.92%;\"><div class=\"fusion-column-wrapper fusion-column-has-shadow fusion-flex-justify-content-flex-start fusion-content-layout-column\"><div class=\"fusion-text fusion-text-256\" style=\"--awb-text-color:#000000;\"><p><strong>Th\u00e9matiques applicables :<\/strong><\/p>\n<\/div><div class=\"accordian fusion-accordian\" style=\"--awb-border-size:1px;--awb-icon-size:13px;--awb-content-font-size:13px;--awb-icon-alignment:left;--awb-hover-color:#f9f9f9;--awb-border-color:#cccccc;--awb-background-color:#ffffff;--awb-divider-color:#e0dede;--awb-divider-hover-color:#e0dede;--awb-icon-color:#ffffff;--awb-title-color:#333333;--awb-content-color:#747474;--awb-icon-box-color:#333333;--awb-toggle-hover-accent-color:#26a147;--awb-title-font-family:&quot;PT Sans&quot;;--awb-title-font-weight:400;--awb-title-font-style:normal;--awb-title-font-size:13px;--awb-content-font-family:&quot;PT Sans&quot;;--awb-content-font-style:normal;--awb-content-font-weight:400;\"><div class=\"panel-group fusion-toggle-icon-boxed\" id=\"accordion-3355-64\"><div class=\"fusion-panel panel-default panel-b88ed2abb08354d3a fusion-toggle-has-divider\" style=\"--awb-title-color:#333333;--awb-content-color:#747474;\"><div class=\"panel-heading\"><h4 class=\"panel-title toggle\" id=\"toggle_b88ed2abb08354d3a\"><a aria-expanded=\"false\" aria-controls=\"b88ed2abb08354d3a\" role=\"button\" data-toggle=\"collapse\" data-parent=\"#accordion-3355-64\" data-target=\"#b88ed2abb08354d3a\" href=\"#b88ed2abb08354d3a\"><span class=\"fusion-toggle-icon-wrapper\" aria-hidden=\"true\"><i class=\"fa-fusion-box active-icon awb-icon-minus\" aria-hidden=\"true\"><\/i><i class=\"fa-fusion-box inactive-icon awb-icon-plus\" aria-hidden=\"true\"><\/i><\/span><span class=\"fusion-toggle-heading\">Protection solaire de la toiture<\/span><\/a><\/h4><\/div><div id=\"b88ed2abb08354d3a\" class=\"panel-collapse collapse \" aria-labelledby=\"toggle_b88ed2abb08354d3a\"><div class=\"panel-body toggle-content fusion-clearfix\">\n<table style=\"width: 100%;height: 187px\">\n<tbody>\n<tr style=\"height: 187px\">\n<td style=\"height: 187px\"><span style=\"color: #000000\"><strong><span style=\"text-decoration: underline\">Locaux concern\u00e9s<\/span> :<\/strong><\/span><\/p>\n<ul>\n<li>Locaux clos et climatis\u00e9s ou occup\u00e9s (exemples\u00a0: cuisine, salle de restauration, r\u00e9serve climatis\u00e9e, \u2026)<\/li>\n<li>Locaux clos non-occup\u00e9s donnant <u>directement<\/u> sur les locaux ci-dessus, hors locaux techniques, stationnements et espaces de stockage non climatis\u00e9s (exemples : sanitaires, circulation, \u2026)<\/li>\n<\/ul>\n<\/td>\n<td style=\"height: 187px\"><img decoding=\"async\" class=\"alignright wp-image-3430\" src=\"https:\/\/www.service-public.pf\/sde\/wp-content\/uploads\/sites\/15\/2023\/01\/SDE-REBPF-IlluTotales-Restaurant-ProToiture.png\" alt=\"\" width=\"300\" height=\"225\" \/><\/td>\n<\/tr>\n<\/tbody>\n<\/table>\n<p style=\"color: #000000\"><strong><span style=\"text-decoration: underline\">Seuils \u00e0 respecter : <\/span><\/strong><\/p>\n<table class=\"table table-bordered\" style=\"width: 100%\">\n<tbody>\n<tr>\n<td style=\"width: 24.0317%\"><strong>Mesure<\/strong><\/td>\n<td style=\"width: 4.78677%\"><strong>Seuil<\/strong><\/td>\n<td style=\"width: 58.7865%\"><strong>Exemples de solutions<\/strong><\/td>\n<\/tr>\n<tr>\n<td style=\"width: 24.0317%\">Facteur solaire maximal de la toiture<\/td>\n<td style=\"width: 4.78677%\">2,5%<\/td>\n<td style=\"width: 58.7865%\">\n<ul>\n<li>Toiture (avec combles) en t\u00f4le de teinte claire avec 3 cm de laine min\u00e9rale minimum<\/li>\n<li>Toiture (avec combles) en t\u00f4le de teinte moyenne avec 5 cm de laine min\u00e9rale minimum<\/li>\n<li>Toiture (avec combles) en t\u00f4le de teinte sombre avec 7,5 cm de laine min\u00e9rale minimum<\/li>\n<li>Toiture terrasse en b\u00e9ton de teinte moyenne avec 6 cm de polystyr\u00e8ne expans\u00e9 minimum<\/li>\n<li>Toiture en bardeau de bois apparents correspondant \u00e0 une toiture \u00ab ventil\u00e9e \u00bb<\/li>\n<li>Toiture terrasse en b\u00e9ton avec sur-toiture largement ventil\u00e9e<\/li>\n<\/ul>\n<\/td>\n<\/tr>\n<\/tbody>\n<\/table>\n<p><span style=\"color: #000000\"><strong>Pour plus d\u2019informations sur l\u2019application de la th\u00e9matique, consultez la fiche en question\u00a0:<\/strong><\/span><\/p>\n<ul>\n<li><a href=\"https:\/\/www.service-public.pf\/sde\/wp-content\/uploads\/sites\/15\/2023\/09\/Fiche-02-Protection-solaire-des-parois-opaques-horizontales-Toitures.pdf\">Fiche d\u2019application \u00ab\u00a0Protection solaire de la toiture\u00a0\u00bb<\/a><\/li>\n<\/ul>\n<p>Nota bene : les informations diffus\u00e9es dans le d\u00e9pliant mis \u00e0 disposition ci-dessous sont normalement suffisantes pour s'assurer de la conformit\u00e9 de son projet sans rentrer dans les d\u00e9tails techniques de la th\u00e9matique.<\/p>\n<\/div><\/div><\/div><\/div><\/div><div class=\"fusion-text fusion-text-257\" style=\"--awb-margin-top:10px;\"><p><span style=\"color: #000000\"><strong>Informations relatives aux demandes de permis de construire et au certificat de conformit\u00e9<\/strong><\/span><\/p>\n<p>Le p\u00e9titionnaire remplit les nouveaux formulaires de demande de permis de construire et de certificat de conformit\u00e9 de la DCA qui int\u00e8grent la d\u00e9claration du respect de la r\u00e9glementation.<\/p>\n<p><span style=\"color: #000000\"><strong>Informations sur les dispositions applicables \u00e0 la typologie <\/strong><strong>:<\/strong><\/span><\/p>\n<ul>\n<li><a href=\"https:\/\/www.service-public.pf\/sde\/wp-content\/uploads\/sites\/15\/2023\/03\/REPBF_Depliants_Restauration_Pages.pdf\">D\u00e9pliant \u00ab\u00a0Restauration \u00bb<\/a><\/li>\n<\/ul>\n<\/div>\n<\/div><\/div><\/div><\/div><\/div><\/div><\/div><input type=\"hidden\" name=\"fusion_privacy_expiration_interval\" value=\"48\"><input type=\"hidden\" name=\"privacy_expiration_action\" value=\"anonymize\"><\/form><\/div><div class=\"fusion-form fusion-form-builder fusion-form-form-wrapper fusion-form-3642 vct_form_archipel\" style=\"--awb-tooltip-text-color:#ffffff;--awb-tooltip-background-color:#333333;\" data-form-id=\"3642\" id=\"archipel_gambier\" data-config=\"{&quot;form_id&quot;:&quot;3642&quot;,&quot;form_post_id&quot;:&quot;3642&quot;,&quot;post_id&quot;:3355,&quot;form_type&quot;:&quot;ajax&quot;,&quot;confirmation_type&quot;:&quot;message&quot;,&quot;redirect_url&quot;:&quot;&quot;,&quot;redirect_timeout&quot;:&quot;0&quot;,&quot;field_labels&quot;:{&quot;typologie_batiment_gambier&quot;:&quot;S\\u00e9lectionnez la typologie associ\\u00e9e \\u00e0 votre b\\u00e2timent ou partie de b\\u00e2timent&quot;},&quot;field_logics&quot;:{&quot;typologie_batiment_gambier&quot;:&quot;[]&quot;},&quot;field_types&quot;:{&quot;typologie_batiment_gambier&quot;:&quot;image_select&quot;},&quot;nonce_method&quot;:&quot;ajax&quot;,&quot;form_views&quot;:&quot;ajax&quot;,&quot;form_views_counting&quot;:&quot;all&quot;}\"><form action=\"https:\/\/www.service-public.pf\/sde\/simulateur\/\" method=\"post\" class=\"fusion-form fusion-form-3642\"><div class=\"fusion-fullwidth fullwidth-box fusion-builder-row-5-11 fusion-flex-container has-pattern-background has-mask-background nonhundred-percent-fullwidth non-hundred-percent-height-scrolling\" style=\"--awb-border-radius-top-left:0px;--awb-border-radius-top-right:0px;--awb-border-radius-bottom-right:0px;--awb-border-radius-bottom-left:0px;--awb-flex-wrap:wrap;\" ><div class=\"fusion-builder-row fusion-row fusion-flex-align-items-center fusion-flex-justify-content-center fusion-flex-content-wrap\" style=\"width:104% !important;max-width:104% !important;margin-left: calc(-4% \/ 2 );margin-right: calc(-4% \/ 2 );\"><div class=\"fusion-layout-column fusion_builder_column fusion-builder-column-80 fusion_builder_column_5_6 5_6 fusion-flex-column\" style=\"--awb-bg-size:cover;--awb-width-large:83.333333333333%;--awb-flex-grow:0;--awb-flex-shrink:0;--awb-margin-top-large:0px;--awb-spacing-right-large:2.304%;--awb-margin-bottom-large:20px;--awb-spacing-left-large:2.304%;--awb-width-medium:100%;--awb-order-medium:0;--awb-flex-grow-medium:0;--awb-flex-shrink-medium:0;--awb-spacing-right-medium:1.92%;--awb-spacing-left-medium:1.92%;--awb-width-small:100%;--awb-order-small:0;--awb-flex-grow-small:0;--awb-flex-shrink-small:0;--awb-spacing-right-small:1.92%;--awb-spacing-left-small:1.92%;\"><div class=\"fusion-column-wrapper fusion-column-has-shadow fusion-flex-justify-content-flex-start fusion-content-layout-column\"><div id=\"vct_typologie_batiment_gambier\" class=\"fusion-form-field fusion-form-image-select-field fusion-form-label-above fusion-form-field-fusion-form-image-select-12 option-inline\" data-form-id=\"3642\" style=\"--awb-active-color:#bdd547;--awb-inactive-color:#26a147;--awb-height:150px;--awb-width:100%;--awb-padding-top:10px;--awb-padding-right:20px;--awb-padding-bottom:10px;--awb-padding-left:20px;--awb-border-size-top:2px;--awb-border-size-right:2px;--awb-border-size-bottom:2px;--awb-border-size-left:2px;--awb-hover-color:rgba(189,213,71,0.5);\"><fieldset><legend class=\"fusion-form-label-wrapper\"><span class=\"label\">S\u00e9lectionnez la typologie associ\u00e9e \u00e0 votre b\u00e2timent ou partie de b\u00e2timent<\/span><\/legend><div class=\"fusion-form-image-select\"><input tabindex=\"\" id=\"image-select-logement_individuel71\" type=\"radio\" value=\"logement_individuel\" name=\"typologie_batiment_gambier[]\" class=\"fusion-form-input\" data-holds-private-data=\"false\"\/><label for=\"image-select-logement_individuel71\"><span>Logement individuel<\/span><picture class=\"fusion-form-image-wrapper\"><img decoding=\"async\" width=\"1453\" height=\"1090\" src=\"https:\/\/www.service-public.pf\/sde\/wp-content\/uploads\/sites\/15\/2023\/01\/SDE-REBPF-IlluTotales-Logement-Individuel.png\" class=\"attachment-full size-full\" alt=\"\" srcset=\"https:\/\/www.service-public.pf\/sde\/wp-content\/uploads\/sites\/15\/2023\/01\/SDE-REBPF-IlluTotales-Logement-Individuel-200x150.png 200w, https:\/\/www.service-public.pf\/sde\/wp-content\/uploads\/sites\/15\/2023\/01\/SDE-REBPF-IlluTotales-Logement-Individuel-300x225.png 300w, https:\/\/www.service-public.pf\/sde\/wp-content\/uploads\/sites\/15\/2023\/01\/SDE-REBPF-IlluTotales-Logement-Individuel-400x300.png 400w, https:\/\/www.service-public.pf\/sde\/wp-content\/uploads\/sites\/15\/2023\/01\/SDE-REBPF-IlluTotales-Logement-Individuel-600x450.png 600w, https:\/\/www.service-public.pf\/sde\/wp-content\/uploads\/sites\/15\/2023\/01\/SDE-REBPF-IlluTotales-Logement-Individuel-768x576.png 768w, https:\/\/www.service-public.pf\/sde\/wp-content\/uploads\/sites\/15\/2023\/01\/SDE-REBPF-IlluTotales-Logement-Individuel-800x600.png 800w, https:\/\/www.service-public.pf\/sde\/wp-content\/uploads\/sites\/15\/2023\/01\/SDE-REBPF-IlluTotales-Logement-Individuel-1024x768.png 1024w, https:\/\/www.service-public.pf\/sde\/wp-content\/uploads\/sites\/15\/2023\/01\/SDE-REBPF-IlluTotales-Logement-Individuel-1200x900.png 1200w, https:\/\/www.service-public.pf\/sde\/wp-content\/uploads\/sites\/15\/2023\/01\/SDE-REBPF-IlluTotales-Logement-Individuel.png 1453w\" sizes=\"(max-width: 1453px) 100vw, 1453px\" \/><\/picture><\/label><\/div><div class=\"fusion-form-image-select\"><input tabindex=\"\" id=\"image-select-logement_collectif72\" type=\"radio\" value=\"logement_collectif\" name=\"typologie_batiment_gambier[]\" class=\"fusion-form-input\" data-holds-private-data=\"false\"\/><label for=\"image-select-logement_collectif72\"><span>Logement collectif<\/span><picture class=\"fusion-form-image-wrapper\"><img decoding=\"async\" width=\"1453\" height=\"1090\" src=\"https:\/\/www.service-public.pf\/sde\/wp-content\/uploads\/sites\/15\/2023\/01\/SDE-REBPF-IlluTotales-Logement-Collectif.png\" class=\"attachment-full size-full\" alt=\"\" srcset=\"https:\/\/www.service-public.pf\/sde\/wp-content\/uploads\/sites\/15\/2023\/01\/SDE-REBPF-IlluTotales-Logement-Collectif-200x150.png 200w, https:\/\/www.service-public.pf\/sde\/wp-content\/uploads\/sites\/15\/2023\/01\/SDE-REBPF-IlluTotales-Logement-Collectif-300x225.png 300w, https:\/\/www.service-public.pf\/sde\/wp-content\/uploads\/sites\/15\/2023\/01\/SDE-REBPF-IlluTotales-Logement-Collectif-400x300.png 400w, https:\/\/www.service-public.pf\/sde\/wp-content\/uploads\/sites\/15\/2023\/01\/SDE-REBPF-IlluTotales-Logement-Collectif-600x450.png 600w, https:\/\/www.service-public.pf\/sde\/wp-content\/uploads\/sites\/15\/2023\/01\/SDE-REBPF-IlluTotales-Logement-Collectif-768x576.png 768w, https:\/\/www.service-public.pf\/sde\/wp-content\/uploads\/sites\/15\/2023\/01\/SDE-REBPF-IlluTotales-Logement-Collectif-800x600.png 800w, https:\/\/www.service-public.pf\/sde\/wp-content\/uploads\/sites\/15\/2023\/01\/SDE-REBPF-IlluTotales-Logement-Collectif-1024x768.png 1024w, https:\/\/www.service-public.pf\/sde\/wp-content\/uploads\/sites\/15\/2023\/01\/SDE-REBPF-IlluTotales-Logement-Collectif-1200x900.png 1200w, https:\/\/www.service-public.pf\/sde\/wp-content\/uploads\/sites\/15\/2023\/01\/SDE-REBPF-IlluTotales-Logement-Collectif.png 1453w\" sizes=\"(max-width: 1453px) 100vw, 1453px\" \/><\/picture><\/label><\/div><div class=\"fusion-form-image-select\"><input tabindex=\"\" id=\"image-select-batiment_de_bureaux73\" type=\"radio\" value=\"batiment_de_bureaux\" name=\"typologie_batiment_gambier[]\" class=\"fusion-form-input\" data-holds-private-data=\"false\"\/><label for=\"image-select-batiment_de_bureaux73\"><span>B\u00e2timent de bureaux<\/span><picture class=\"fusion-form-image-wrapper\"><img decoding=\"async\" width=\"1453\" height=\"1090\" src=\"https:\/\/www.service-public.pf\/sde\/wp-content\/uploads\/sites\/15\/2023\/01\/SDE-REBPF-IlluTotales-Bureau.png\" class=\"attachment-full size-full\" alt=\"\" srcset=\"https:\/\/www.service-public.pf\/sde\/wp-content\/uploads\/sites\/15\/2023\/01\/SDE-REBPF-IlluTotales-Bureau-200x150.png 200w, https:\/\/www.service-public.pf\/sde\/wp-content\/uploads\/sites\/15\/2023\/01\/SDE-REBPF-IlluTotales-Bureau-300x225.png 300w, https:\/\/www.service-public.pf\/sde\/wp-content\/uploads\/sites\/15\/2023\/01\/SDE-REBPF-IlluTotales-Bureau-400x300.png 400w, https:\/\/www.service-public.pf\/sde\/wp-content\/uploads\/sites\/15\/2023\/01\/SDE-REBPF-IlluTotales-Bureau-600x450.png 600w, https:\/\/www.service-public.pf\/sde\/wp-content\/uploads\/sites\/15\/2023\/01\/SDE-REBPF-IlluTotales-Bureau-768x576.png 768w, https:\/\/www.service-public.pf\/sde\/wp-content\/uploads\/sites\/15\/2023\/01\/SDE-REBPF-IlluTotales-Bureau-800x600.png 800w, https:\/\/www.service-public.pf\/sde\/wp-content\/uploads\/sites\/15\/2023\/01\/SDE-REBPF-IlluTotales-Bureau-1024x768.png 1024w, https:\/\/www.service-public.pf\/sde\/wp-content\/uploads\/sites\/15\/2023\/01\/SDE-REBPF-IlluTotales-Bureau-1200x900.png 1200w, https:\/\/www.service-public.pf\/sde\/wp-content\/uploads\/sites\/15\/2023\/01\/SDE-REBPF-IlluTotales-Bureau.png 1453w\" sizes=\"(max-width: 1453px) 100vw, 1453px\" \/><\/picture><\/label><\/div><div class=\"fusion-form-image-select\"><input tabindex=\"\" id=\"image-select-hotellerie74\" type=\"radio\" value=\"hotellerie\" name=\"typologie_batiment_gambier[]\" class=\"fusion-form-input\" data-holds-private-data=\"false\"\/><label for=\"image-select-hotellerie74\"><span>H\u00f4tellerie<\/span><picture class=\"fusion-form-image-wrapper\"><img decoding=\"async\" width=\"1453\" height=\"1090\" src=\"https:\/\/www.service-public.pf\/sde\/wp-content\/uploads\/sites\/15\/2023\/01\/SDE-REBPF-IlluTotales-Hotel-Pension.png\" class=\"attachment-full size-full\" alt=\"\" srcset=\"https:\/\/www.service-public.pf\/sde\/wp-content\/uploads\/sites\/15\/2023\/01\/SDE-REBPF-IlluTotales-Hotel-Pension-200x150.png 200w, https:\/\/www.service-public.pf\/sde\/wp-content\/uploads\/sites\/15\/2023\/01\/SDE-REBPF-IlluTotales-Hotel-Pension-300x225.png 300w, https:\/\/www.service-public.pf\/sde\/wp-content\/uploads\/sites\/15\/2023\/01\/SDE-REBPF-IlluTotales-Hotel-Pension-400x300.png 400w, https:\/\/www.service-public.pf\/sde\/wp-content\/uploads\/sites\/15\/2023\/01\/SDE-REBPF-IlluTotales-Hotel-Pension-600x450.png 600w, https:\/\/www.service-public.pf\/sde\/wp-content\/uploads\/sites\/15\/2023\/01\/SDE-REBPF-IlluTotales-Hotel-Pension-768x576.png 768w, https:\/\/www.service-public.pf\/sde\/wp-content\/uploads\/sites\/15\/2023\/01\/SDE-REBPF-IlluTotales-Hotel-Pension-800x600.png 800w, https:\/\/www.service-public.pf\/sde\/wp-content\/uploads\/sites\/15\/2023\/01\/SDE-REBPF-IlluTotales-Hotel-Pension-1024x768.png 1024w, https:\/\/www.service-public.pf\/sde\/wp-content\/uploads\/sites\/15\/2023\/01\/SDE-REBPF-IlluTotales-Hotel-Pension-1200x900.png 1200w, https:\/\/www.service-public.pf\/sde\/wp-content\/uploads\/sites\/15\/2023\/01\/SDE-REBPF-IlluTotales-Hotel-Pension.png 1453w\" sizes=\"(max-width: 1453px) 100vw, 1453px\" \/><\/picture><\/label><\/div><div class=\"fusion-form-image-select\"><input tabindex=\"\" id=\"image-select-etablissement_d_enseignement75\" type=\"radio\" value=\"etablissement_d_enseignement\" name=\"typologie_batiment_gambier[]\" class=\"fusion-form-input\" data-holds-private-data=\"false\"\/><label for=\"image-select-etablissement_d_enseignement75\"><span>\u00c9tablissement d&#039;enseignement<\/span><picture class=\"fusion-form-image-wrapper\"><img decoding=\"async\" width=\"1453\" height=\"1090\" src=\"https:\/\/www.service-public.pf\/sde\/wp-content\/uploads\/sites\/15\/2023\/01\/SDE-REBPF-IlluTotales-Enseignement.png\" class=\"attachment-full size-full\" alt=\"\" srcset=\"https:\/\/www.service-public.pf\/sde\/wp-content\/uploads\/sites\/15\/2023\/01\/SDE-REBPF-IlluTotales-Enseignement-200x150.png 200w, https:\/\/www.service-public.pf\/sde\/wp-content\/uploads\/sites\/15\/2023\/01\/SDE-REBPF-IlluTotales-Enseignement-300x225.png 300w, https:\/\/www.service-public.pf\/sde\/wp-content\/uploads\/sites\/15\/2023\/01\/SDE-REBPF-IlluTotales-Enseignement-400x300.png 400w, https:\/\/www.service-public.pf\/sde\/wp-content\/uploads\/sites\/15\/2023\/01\/SDE-REBPF-IlluTotales-Enseignement-600x450.png 600w, https:\/\/www.service-public.pf\/sde\/wp-content\/uploads\/sites\/15\/2023\/01\/SDE-REBPF-IlluTotales-Enseignement-768x576.png 768w, https:\/\/www.service-public.pf\/sde\/wp-content\/uploads\/sites\/15\/2023\/01\/SDE-REBPF-IlluTotales-Enseignement-800x600.png 800w, https:\/\/www.service-public.pf\/sde\/wp-content\/uploads\/sites\/15\/2023\/01\/SDE-REBPF-IlluTotales-Enseignement-1024x768.png 1024w, https:\/\/www.service-public.pf\/sde\/wp-content\/uploads\/sites\/15\/2023\/01\/SDE-REBPF-IlluTotales-Enseignement-1200x900.png 1200w, https:\/\/www.service-public.pf\/sde\/wp-content\/uploads\/sites\/15\/2023\/01\/SDE-REBPF-IlluTotales-Enseignement.png 1453w\" sizes=\"(max-width: 1453px) 100vw, 1453px\" \/><\/picture><\/label><\/div><div class=\"fusion-form-image-select\"><input tabindex=\"\" id=\"image-select-etablissement_de_soin76\" type=\"radio\" value=\"etablissement_de_soin\" name=\"typologie_batiment_gambier[]\" class=\"fusion-form-input\" data-holds-private-data=\"false\"\/><label for=\"image-select-etablissement_de_soin76\"><span>\u00c9tablissement de soin<\/span><picture class=\"fusion-form-image-wrapper\"><img decoding=\"async\" width=\"1453\" height=\"1090\" src=\"https:\/\/www.service-public.pf\/sde\/wp-content\/uploads\/sites\/15\/2023\/01\/SDE-REBPF-IlluTotales-Etablissement-Soin.png\" class=\"attachment-full size-full\" alt=\"\" srcset=\"https:\/\/www.service-public.pf\/sde\/wp-content\/uploads\/sites\/15\/2023\/01\/SDE-REBPF-IlluTotales-Etablissement-Soin-200x150.png 200w, https:\/\/www.service-public.pf\/sde\/wp-content\/uploads\/sites\/15\/2023\/01\/SDE-REBPF-IlluTotales-Etablissement-Soin-300x225.png 300w, https:\/\/www.service-public.pf\/sde\/wp-content\/uploads\/sites\/15\/2023\/01\/SDE-REBPF-IlluTotales-Etablissement-Soin-400x300.png 400w, https:\/\/www.service-public.pf\/sde\/wp-content\/uploads\/sites\/15\/2023\/01\/SDE-REBPF-IlluTotales-Etablissement-Soin-600x450.png 600w, https:\/\/www.service-public.pf\/sde\/wp-content\/uploads\/sites\/15\/2023\/01\/SDE-REBPF-IlluTotales-Etablissement-Soin-768x576.png 768w, https:\/\/www.service-public.pf\/sde\/wp-content\/uploads\/sites\/15\/2023\/01\/SDE-REBPF-IlluTotales-Etablissement-Soin-800x600.png 800w, https:\/\/www.service-public.pf\/sde\/wp-content\/uploads\/sites\/15\/2023\/01\/SDE-REBPF-IlluTotales-Etablissement-Soin-1024x768.png 1024w, https:\/\/www.service-public.pf\/sde\/wp-content\/uploads\/sites\/15\/2023\/01\/SDE-REBPF-IlluTotales-Etablissement-Soin-1200x900.png 1200w, https:\/\/www.service-public.pf\/sde\/wp-content\/uploads\/sites\/15\/2023\/01\/SDE-REBPF-IlluTotales-Etablissement-Soin.png 1453w\" sizes=\"(max-width: 1453px) 100vw, 1453px\" \/><\/picture><\/label><\/div><div class=\"fusion-form-image-select\"><input tabindex=\"\" id=\"image-select-restauration77\" type=\"radio\" value=\"restauration\" name=\"typologie_batiment_gambier[]\" class=\"fusion-form-input\" data-holds-private-data=\"false\"\/><label for=\"image-select-restauration77\"><span>Restauration<\/span><picture class=\"fusion-form-image-wrapper\"><img decoding=\"async\" width=\"1453\" height=\"1090\" src=\"https:\/\/www.service-public.pf\/sde\/wp-content\/uploads\/sites\/15\/2023\/01\/SDE-REBPF-IlluTotales-Restaurant.png\" class=\"attachment-full size-full\" alt=\"\" srcset=\"https:\/\/www.service-public.pf\/sde\/wp-content\/uploads\/sites\/15\/2023\/01\/SDE-REBPF-IlluTotales-Restaurant-200x150.png 200w, https:\/\/www.service-public.pf\/sde\/wp-content\/uploads\/sites\/15\/2023\/01\/SDE-REBPF-IlluTotales-Restaurant-300x225.png 300w, https:\/\/www.service-public.pf\/sde\/wp-content\/uploads\/sites\/15\/2023\/01\/SDE-REBPF-IlluTotales-Restaurant-400x300.png 400w, https:\/\/www.service-public.pf\/sde\/wp-content\/uploads\/sites\/15\/2023\/01\/SDE-REBPF-IlluTotales-Restaurant-600x450.png 600w, https:\/\/www.service-public.pf\/sde\/wp-content\/uploads\/sites\/15\/2023\/01\/SDE-REBPF-IlluTotales-Restaurant-768x576.png 768w, https:\/\/www.service-public.pf\/sde\/wp-content\/uploads\/sites\/15\/2023\/01\/SDE-REBPF-IlluTotales-Restaurant-800x600.png 800w, https:\/\/www.service-public.pf\/sde\/wp-content\/uploads\/sites\/15\/2023\/01\/SDE-REBPF-IlluTotales-Restaurant-1024x768.png 1024w, https:\/\/www.service-public.pf\/sde\/wp-content\/uploads\/sites\/15\/2023\/01\/SDE-REBPF-IlluTotales-Restaurant-1200x900.png 1200w, https:\/\/www.service-public.pf\/sde\/wp-content\/uploads\/sites\/15\/2023\/01\/SDE-REBPF-IlluTotales-Restaurant.png 1453w\" sizes=\"(max-width: 1453px) 100vw, 1453px\" \/><\/picture><\/label><\/div><div class=\"fusion-form-image-select\"><input tabindex=\"\" id=\"image-select-autre_batiment78\" type=\"radio\" value=\"autre_batiment\" name=\"typologie_batiment_gambier[]\" class=\"fusion-form-input\" data-holds-private-data=\"false\"\/><label for=\"image-select-autre_batiment78\"><span>Autre b\u00e2timent<\/span><picture class=\"fusion-form-image-wrapper\"><img decoding=\"async\" width=\"1453\" height=\"1090\" src=\"https:\/\/www.service-public.pf\/sde\/wp-content\/uploads\/sites\/15\/2023\/01\/SDE-REBPF-IlluTotales-Divers.png\" class=\"attachment-full size-full\" alt=\"\" srcset=\"https:\/\/www.service-public.pf\/sde\/wp-content\/uploads\/sites\/15\/2023\/01\/SDE-REBPF-IlluTotales-Divers-200x150.png 200w, https:\/\/www.service-public.pf\/sde\/wp-content\/uploads\/sites\/15\/2023\/01\/SDE-REBPF-IlluTotales-Divers-300x225.png 300w, https:\/\/www.service-public.pf\/sde\/wp-content\/uploads\/sites\/15\/2023\/01\/SDE-REBPF-IlluTotales-Divers-400x300.png 400w, https:\/\/www.service-public.pf\/sde\/wp-content\/uploads\/sites\/15\/2023\/01\/SDE-REBPF-IlluTotales-Divers-600x450.png 600w, https:\/\/www.service-public.pf\/sde\/wp-content\/uploads\/sites\/15\/2023\/01\/SDE-REBPF-IlluTotales-Divers-768x576.png 768w, https:\/\/www.service-public.pf\/sde\/wp-content\/uploads\/sites\/15\/2023\/01\/SDE-REBPF-IlluTotales-Divers-800x600.png 800w, https:\/\/www.service-public.pf\/sde\/wp-content\/uploads\/sites\/15\/2023\/01\/SDE-REBPF-IlluTotales-Divers-1024x768.png 1024w, https:\/\/www.service-public.pf\/sde\/wp-content\/uploads\/sites\/15\/2023\/01\/SDE-REBPF-IlluTotales-Divers-1200x900.png 1200w, https:\/\/www.service-public.pf\/sde\/wp-content\/uploads\/sites\/15\/2023\/01\/SDE-REBPF-IlluTotales-Divers.png 1453w\" sizes=\"(max-width: 1453px) 100vw, 1453px\" \/><\/picture><\/label><\/div><\/fieldset><\/div><\/div><\/div><div class=\"fusion-layout-column fusion_builder_column fusion-builder-column-81 fusion_builder_column_4_5 4_5 fusion-flex-column vct_gambier_content\" style=\"--awb-bg-size:cover;--awb-width-large:80%;--awb-flex-grow:0;--awb-flex-shrink:0;--awb-margin-top-large:0px;--awb-spacing-right-large:2.4%;--awb-margin-bottom-large:20px;--awb-spacing-left-large:2.4%;--awb-width-medium:100%;--awb-order-medium:0;--awb-flex-grow-medium:0;--awb-flex-shrink-medium:0;--awb-spacing-right-medium:1.92%;--awb-spacing-left-medium:1.92%;--awb-width-small:100%;--awb-order-small:0;--awb-flex-grow-small:0;--awb-flex-shrink-small:0;--awb-spacing-right-small:1.92%;--awb-spacing-left-small:1.92%;\" id=\"vct_gambier_autrebatiment_content\"><div class=\"fusion-column-wrapper fusion-column-has-shadow fusion-flex-justify-content-flex-start fusion-content-layout-column\"><div class=\"fusion-title title fusion-title-68 fusion-sep-none fusion-title-center fusion-title-text fusion-title-size-four hidden\" style=\"--awb-margin-top-small:0px;--awb-margin-right-small:0px;--awb-margin-bottom-small:20px;--awb-margin-left-small:0px;\"><h4 class=\"fusion-title-heading title-heading-center\" style=\"margin:0;\">Protection solaire de la toiture + D\u00e9pliant Autre + Formulaire 1-AGMT<\/h4><\/div><div class=\"fusion-text fusion-text-258 vct_description_typologie\"><p>Il s\u2019agit de tout b\u00e2timent ou toute partie de b\u00e2timent, qui est concern\u00e9 par la r\u00e9glementation mais<br \/>\nqui n\u2019est pas associ\u00e9 \u00e0 une typologie particuli\u00e8re.<\/p>\n<p>Pour rappel, les b\u00e2timents ou parties de b\u00e2timents non concern\u00e9s par la r\u00e9glementation sont :<\/p>\n<ul>\n<li>Les constructions neuves totalement ouvertes ;<\/li>\n<li>Les constructions neuves et partiellement ou totalement close mais inoccup\u00e9es et non<br \/>\nclimatis\u00e9es ;<\/li>\n<li>Les habitations de style traditionnel polyn\u00e9sien telles que d\u00e9finies \u00e0 l\u2019article D.370-1 et<br \/>\nsuivants du code de l\u2019am\u00e9nagement de Polyn\u00e9sie fran\u00e7aise ;<\/li>\n<li>Les \u00e9tablissements recevant du public (ERP) suivants\u00a0: b\u00e2timents de culte\u00a0; \u00e9tablissements de<br \/>\nplein air\u00a0; chapiteaux, tentes, structures\u00a0; structures gonflables\u00a0; stationnements couverts\u00a0;<br \/>\ngares\u00a0; \u00e9tablissements flottants.<\/li>\n<\/ul>\n<\/div><div class=\"fusion-builder-row fusion-builder-row-inner fusion-row fusion-flex-align-items-center fusion-flex-justify-content-center fusion-flex-content-wrap\" style=\"--awb-flex-grow:0;--awb-flex-grow-medium:0;--awb-flex-grow-small:0;--awb-flex-shrink:0;--awb-flex-shrink-medium:0;--awb-flex-shrink-small:0;width:104% !important;max-width:104% !important;margin-left: calc(-4% \/ 2 );margin-right: calc(-4% \/ 2 );\"><div class=\"fusion-layout-column fusion_builder_column_inner fusion-builder-nested-column-328 fusion_builder_column_inner_1_1 1_1 fusion-flex-column\" style=\"--awb-bg-size:cover;--awb-width-large:100%;--awb-margin-top-large:0px;--awb-spacing-right-large:1.92%;--awb-margin-bottom-large:20px;--awb-spacing-left-large:1.92%;--awb-width-medium:100%;--awb-order-medium:0;--awb-spacing-right-medium:1.92%;--awb-spacing-left-medium:1.92%;--awb-width-small:100%;--awb-order-small:0;--awb-spacing-right-small:1.92%;--awb-spacing-left-small:1.92%;\"><div class=\"fusion-column-wrapper fusion-column-has-shadow fusion-flex-justify-content-flex-start fusion-content-layout-column\"><div class=\"fusion-separator fusion-full-width-sep\" style=\"align-self: center;margin-left: auto;margin-right: auto;width:100%;\"><div class=\"fusion-separator-border sep-shadow\" style=\"--awb-height:20px;--awb-amount:20px;background:radial-gradient(ellipse at 50% -50% , #e0dede 0px, rgba(255, 255, 255, 0) 80%) repeat scroll 0 0 rgba(0, 0, 0, 0);background:-webkit-radial-gradient(ellipse at 50% -50% , #e0dede 0px, rgba(255, 255, 255, 0) 80%) repeat scroll 0 0 rgba(0, 0, 0, 0);background:-moz-radial-gradient(ellipse at 50% -50% , #e0dede 0px, rgba(255, 255, 255, 0) 80%) repeat scroll 0 0 rgba(0, 0, 0, 0);background:-o-radial-gradient(ellipse at 50% -50% , #e0dede 0px, rgba(255, 255, 255, 0) 80%) repeat scroll 0 0 rgba(0, 0, 0, 0);\"><\/div><\/div><\/div><\/div><div class=\"fusion-layout-column fusion_builder_column_inner fusion-builder-nested-column-329 fusion_builder_column_inner_1_3 1_3 fusion-flex-column\" style=\"--awb-bg-size:cover;--awb-width-large:33.333333333333%;--awb-margin-top-large:0px;--awb-spacing-right-large:2vw;--awb-margin-bottom-large:20px;--awb-spacing-left-large:5.76%;--awb-width-medium:100%;--awb-order-medium:0;--awb-spacing-right-medium:1.92%;--awb-spacing-left-medium:1.92%;--awb-width-small:100%;--awb-order-small:0;--awb-spacing-right-small:1.92%;--awb-spacing-left-small:1.92%;\"><div class=\"fusion-column-wrapper fusion-column-has-shadow fusion-flex-justify-content-flex-start fusion-content-layout-column\"><div class=\"fusion-image-element \" style=\"text-align:right;--awb-max-width:450px;--awb-caption-title-font-family:var(--h2_typography-font-family);--awb-caption-title-font-weight:var(--h2_typography-font-weight);--awb-caption-title-font-style:var(--h2_typography-font-style);--awb-caption-title-size:var(--h2_typography-font-size);--awb-caption-title-transform:var(--h2_typography-text-transform);--awb-caption-title-line-height:var(--h2_typography-line-height);--awb-caption-title-letter-spacing:var(--h2_typography-letter-spacing);\"><span class=\" fusion-imageframe imageframe-none imageframe-65 hover-type-none\"><img decoding=\"async\" width=\"300\" height=\"225\" title=\"SDE REBPF IlluTotales Divers\" src=\"https:\/\/www.service-public.pf\/sde\/wp-content\/uploads\/sites\/15\/2023\/01\/SDE-REBPF-IlluTotales-Divers-300x225.png\" alt class=\"img-responsive wp-image-3435\" srcset=\"https:\/\/www.service-public.pf\/sde\/wp-content\/uploads\/sites\/15\/2023\/01\/SDE-REBPF-IlluTotales-Divers-200x150.png 200w, https:\/\/www.service-public.pf\/sde\/wp-content\/uploads\/sites\/15\/2023\/01\/SDE-REBPF-IlluTotales-Divers-400x300.png 400w, https:\/\/www.service-public.pf\/sde\/wp-content\/uploads\/sites\/15\/2023\/01\/SDE-REBPF-IlluTotales-Divers-600x450.png 600w, https:\/\/www.service-public.pf\/sde\/wp-content\/uploads\/sites\/15\/2023\/01\/SDE-REBPF-IlluTotales-Divers-800x600.png 800w, https:\/\/www.service-public.pf\/sde\/wp-content\/uploads\/sites\/15\/2023\/01\/SDE-REBPF-IlluTotales-Divers-1200x900.png 1200w, https:\/\/www.service-public.pf\/sde\/wp-content\/uploads\/sites\/15\/2023\/01\/SDE-REBPF-IlluTotales-Divers.png 1453w\" sizes=\"(max-width: 1024px) 100vw, (max-width: 640px) 100vw, 800px\" \/><\/span><\/div><\/div><\/div><div class=\"fusion-layout-column fusion_builder_column_inner fusion-builder-nested-column-330 fusion_builder_column_inner_2_3 2_3 fusion-flex-column\" style=\"--awb-bg-size:cover;--awb-width-large:66.666666666667%;--awb-margin-top-large:0px;--awb-spacing-right-large:2.88%;--awb-margin-bottom-large:20px;--awb-spacing-left-large:2.88%;--awb-width-medium:100%;--awb-order-medium:0;--awb-spacing-right-medium:1.92%;--awb-spacing-left-medium:1.92%;--awb-width-small:100%;--awb-order-small:0;--awb-spacing-right-small:1.92%;--awb-spacing-left-small:1.92%;\"><div class=\"fusion-column-wrapper fusion-column-has-shadow fusion-flex-justify-content-center fusion-content-layout-column\"><div class=\"fusion-text fusion-text-259\" style=\"--awb-content-alignment:center;--awb-font-size:24pt;\"><p>Localisation\u00a0du projet : <strong>Gambier<\/strong><\/p>\n<p>Typologie de la construction\u00a0: <strong>Pas de typologie particuli\u00e8re au sens de la REBPf<\/strong><\/p>\n<\/div><\/div><\/div><div class=\"fusion-layout-column fusion_builder_column_inner fusion-builder-nested-column-331 fusion_builder_column_inner_1_1 1_1 fusion-flex-column\" style=\"--awb-bg-size:cover;--awb-width-large:100%;--awb-margin-top-large:0px;--awb-spacing-right-large:1.92%;--awb-margin-bottom-large:20px;--awb-spacing-left-large:1.92%;--awb-width-medium:100%;--awb-order-medium:0;--awb-spacing-right-medium:1.92%;--awb-spacing-left-medium:1.92%;--awb-width-small:100%;--awb-order-small:0;--awb-spacing-right-small:1.92%;--awb-spacing-left-small:1.92%;\"><div class=\"fusion-column-wrapper fusion-column-has-shadow fusion-flex-justify-content-flex-start fusion-content-layout-column\"><div class=\"fusion-separator fusion-full-width-sep\" style=\"align-self: center;margin-left: auto;margin-right: auto;margin-bottom:20px;width:100%;\"><div class=\"fusion-separator-border sep-shadow\" style=\"--awb-height:20px;--awb-amount:20px;background:radial-gradient(ellipse at 50% -50% , #e0dede 0px, rgba(255, 255, 255, 0) 80%) repeat scroll 0 0 rgba(0, 0, 0, 0);background:-webkit-radial-gradient(ellipse at 50% -50% , #e0dede 0px, rgba(255, 255, 255, 0) 80%) repeat scroll 0 0 rgba(0, 0, 0, 0);background:-moz-radial-gradient(ellipse at 50% -50% , #e0dede 0px, rgba(255, 255, 255, 0) 80%) repeat scroll 0 0 rgba(0, 0, 0, 0);background:-o-radial-gradient(ellipse at 50% -50% , #e0dede 0px, rgba(255, 255, 255, 0) 80%) repeat scroll 0 0 rgba(0, 0, 0, 0);\"><\/div><\/div><\/div><\/div><div class=\"fusion-layout-column fusion_builder_column_inner fusion-builder-nested-column-332 fusion_builder_column_inner_1_1 1_1 fusion-flex-column\" style=\"--awb-bg-color:#ffffff;--awb-bg-color-hover:#ffffff;--awb-bg-size:cover;--awb-width-large:100%;--awb-margin-top-large:0px;--awb-spacing-right-large:1.92%;--awb-margin-bottom-large:20px;--awb-spacing-left-large:1.92%;--awb-width-medium:100%;--awb-order-medium:0;--awb-spacing-right-medium:1.92%;--awb-spacing-left-medium:1.92%;--awb-width-small:100%;--awb-order-small:0;--awb-spacing-right-small:1.92%;--awb-spacing-left-small:1.92%;\"><div class=\"fusion-column-wrapper fusion-column-has-shadow fusion-flex-justify-content-flex-start fusion-content-layout-column\"><div class=\"fusion-text fusion-text-260\" style=\"--awb-text-color:#000000;\"><p><strong>Th\u00e9matiques applicables :<\/strong><\/p>\n<\/div><div class=\"accordian fusion-accordian\" style=\"--awb-border-size:1px;--awb-icon-size:13px;--awb-content-font-size:13px;--awb-icon-alignment:left;--awb-hover-color:#f9f9f9;--awb-border-color:#cccccc;--awb-background-color:#ffffff;--awb-divider-color:#e0dede;--awb-divider-hover-color:#e0dede;--awb-icon-color:#ffffff;--awb-title-color:#333333;--awb-content-color:#747474;--awb-icon-box-color:#333333;--awb-toggle-hover-accent-color:#26a147;--awb-title-font-family:&quot;PT Sans&quot;;--awb-title-font-weight:400;--awb-title-font-style:normal;--awb-title-font-size:13px;--awb-content-font-family:&quot;PT Sans&quot;;--awb-content-font-style:normal;--awb-content-font-weight:400;\"><div class=\"panel-group fusion-toggle-icon-boxed\" id=\"accordion-3355-65\"><div class=\"fusion-panel panel-default panel-bc0491f3bbb197e9b fusion-toggle-has-divider\" style=\"--awb-title-color:#333333;--awb-content-color:#747474;\"><div class=\"panel-heading\"><h4 class=\"panel-title toggle\" id=\"toggle_bc0491f3bbb197e9b\"><a aria-expanded=\"false\" aria-controls=\"bc0491f3bbb197e9b\" role=\"button\" data-toggle=\"collapse\" data-parent=\"#accordion-3355-65\" data-target=\"#bc0491f3bbb197e9b\" href=\"#bc0491f3bbb197e9b\"><span class=\"fusion-toggle-icon-wrapper\" aria-hidden=\"true\"><i class=\"fa-fusion-box active-icon awb-icon-minus\" aria-hidden=\"true\"><\/i><i class=\"fa-fusion-box inactive-icon awb-icon-plus\" aria-hidden=\"true\"><\/i><\/span><span class=\"fusion-toggle-heading\">Protection solaire de la toiture<\/span><\/a><\/h4><\/div><div id=\"bc0491f3bbb197e9b\" class=\"panel-collapse collapse \" aria-labelledby=\"toggle_bc0491f3bbb197e9b\"><div class=\"panel-body toggle-content fusion-clearfix\">\n<table style=\"width: 100%;height: 187px\">\n<tbody>\n<tr style=\"height: 187px\">\n<td style=\"height: 187px\"><span style=\"color: #000000\"><strong><span style=\"text-decoration: underline\">Locaux concern\u00e9s<\/span> :<\/strong><\/span><\/p>\n<ul>\n<li>Locaux clos et climatis\u00e9s ou occup\u00e9s<\/li>\n<li>Locaux clos non-occup\u00e9s donnant <u>directement<\/u> sur les locaux clos et climatis\u00e9s ou occup\u00e9s, \u00e0 l\u2019exception des locaux techniques, des stationnements et des espaces de stockage non climatis\u00e9s<\/li>\n<\/ul>\n<\/td>\n<td style=\"height: 187px\"><img decoding=\"async\" class=\"alignright wp-image-3430\" src=\"https:\/\/www.service-public.pf\/sde\/wp-content\/uploads\/sites\/15\/2023\/01\/SDE-REBPF-IlluTotales-Divers-ProToiture.png\" alt=\"\" width=\"300\" height=\"225\" \/><\/td>\n<\/tr>\n<\/tbody>\n<\/table>\n<p style=\"color: #000000\"><strong><span style=\"text-decoration: underline\">Seuils \u00e0 respecter<\/span> :<\/strong><\/p>\n<table class=\"table table-bordered\">\n<tbody>\n<tr>\n<td style=\"width: 25%\"><strong>Mesure<\/strong><\/td>\n<td style=\"width: 7.0755%\"><strong>Seuil<\/strong><\/td>\n<td style=\"width: 55.6175%\"><strong>Exemples de solutions<\/strong><\/td>\n<\/tr>\n<tr>\n<td style=\"width: 25%\">Facteur solaire maximal de la toiture<\/td>\n<td style=\"width: 7.0755%\">2,5%<\/td>\n<td style=\"width: 55.6175%\">\n<ul>\n<li>Toiture (avec combles) en t\u00f4le de teinte claire avec 3 cm de laine min\u00e9rale minimum<\/li>\n<li>Toiture (avec combles) en t\u00f4le de teinte moyenne avec 5 cm de laine min\u00e9rale minimum<\/li>\n<li>Toiture (avec combles) en t\u00f4le de teinte sombre avec 7,5 cm de laine min\u00e9rale minimum<\/li>\n<li>Toiture terrasse en b\u00e9ton de teinte moyenne avec 6 cm de polystyr\u00e8ne expans\u00e9 minimum<\/li>\n<li>Toiture terrasse en b\u00e9ton avec sur-toiture largement ventil\u00e9e<\/li>\n<\/ul>\n<\/td>\n<\/tr>\n<\/tbody>\n<\/table>\n<p><span style=\"color: #000000\"><strong>Pour plus d\u2019informations sur l\u2019application de la th\u00e9matique, consultez la fiche en question\u00a0:<\/strong><\/span><\/p>\n<ul>\n<li><a href=\"https:\/\/www.service-public.pf\/sde\/wp-content\/uploads\/sites\/15\/2023\/09\/Fiche-02-Protection-solaire-des-parois-opaques-horizontales-Toitures.pdf\">Fiche d\u2019application \u00ab\u00a0Protection solaire de la toiture\u00a0\u00bb<\/a><\/li>\n<\/ul>\n<p>Nota bene : les informations diffus\u00e9es dans le d\u00e9pliant mis \u00e0 disposition ci-dessous sont normalement suffisantes pour s'assurer de la conformit\u00e9 de son projet sans rentrer dans les d\u00e9tails techniques de la th\u00e9matique.<\/p>\n<\/div><\/div><\/div><\/div><\/div><div class=\"fusion-text fusion-text-261\" style=\"--awb-margin-top:10px;\"><p><span style=\"color: #000000\"><strong>Informations relatives aux demandes de permis de construire et au certificat de conformit\u00e9<\/strong><\/span><\/p>\n<p>Le p\u00e9titionnaire remplit les nouveaux formulaires de demande de permis de construire et de certificat de conformit\u00e9 de la DCA qui int\u00e8grent la d\u00e9claration du respect de la r\u00e9glementation.<\/p>\n<p><span style=\"color: #000000\"><strong>Informations sur les dispositions applicables \u00e0 la typologie :<\/strong><\/span><\/p>\n<ul>\n<li><a href=\"https:\/\/www.service-public.pf\/sde\/wp-content\/uploads\/sites\/15\/2023\/03\/REPBF_Depliants_Autres_Pages.pdf\">D\u00e9pliant \u00ab\u00a0Tous les b\u00e2timents\u00a0\u00bb<\/a><\/li>\n<\/ul>\n<\/div><\/div><\/div><\/div><\/div><\/div><div class=\"fusion-layout-column fusion_builder_column fusion-builder-column-82 fusion_builder_column_4_5 4_5 fusion-flex-column vct_gambier_content\" style=\"--awb-bg-size:cover;--awb-width-large:80%;--awb-flex-grow:0;--awb-flex-shrink:0;--awb-margin-top-large:0px;--awb-spacing-right-large:2.4%;--awb-margin-bottom-large:20px;--awb-spacing-left-large:2.4%;--awb-width-medium:100%;--awb-order-medium:0;--awb-flex-grow-medium:0;--awb-flex-shrink-medium:0;--awb-spacing-right-medium:1.92%;--awb-spacing-left-medium:1.92%;--awb-width-small:100%;--awb-order-small:0;--awb-flex-grow-small:0;--awb-flex-shrink-small:0;--awb-spacing-right-small:1.92%;--awb-spacing-left-small:1.92%;\" id=\"vct_gambier_logementindividuel_content\"><div class=\"fusion-column-wrapper fusion-column-has-shadow fusion-flex-justify-content-flex-start fusion-content-layout-column\"><div class=\"fusion-title title fusion-title-69 fusion-sep-none fusion-title-center fusion-title-text fusion-title-size-two hidden\" style=\"--awb-margin-top-small:0px;--awb-margin-right-small:0px;--awb-margin-bottom-small:20px;--awb-margin-left-small:0px;\"><h2 class=\"fusion-title-heading title-heading-center\" style=\"margin:0;\">Protection solaire de la toiture + D\u00e9pliant logement individuel + Fiche d'information logement individuel + Formulaire 1-AGMT<\/h2><\/div><div class=\"fusion-text fusion-text-262 vct_description_typologie\"><p>Un logement individuel correspond \u00e0 la notion de maison individuelle telle que d\u00e9finie par le code de<br \/>\nl\u2019am\u00e9nagement, \u00e0 savoir un b\u00e2timent \u00e0 usage d\u2019habitation comprenant au plus deux logements<br \/>\nsuperpos\u00e9s ou accol\u00e9s.<\/p>\n<p>On assimile \u00e9galement au logement individuel les structures d\u2019h\u00e9bergement de tourisme et<br \/>\nchambres chez l\u2019habitant dont le nombre d\u2019unit\u00e9s d\u2019h\u00e9bergement est inf\u00e9rieur ou \u00e9gal \u00e0 cinq ou dont<br \/>\nl\u2019effectif est inf\u00e9rieur \u00e0 vingt personnes (ERP du 2\u00e8me groupe - cat\u00e9gorie 5)<\/p>\n<\/div><div class=\"fusion-builder-row fusion-builder-row-inner fusion-row fusion-flex-align-items-center fusion-flex-justify-content-center fusion-flex-content-wrap\" style=\"--awb-flex-grow:0;--awb-flex-grow-medium:0;--awb-flex-grow-small:0;--awb-flex-shrink:0;--awb-flex-shrink-medium:0;--awb-flex-shrink-small:0;width:104% !important;max-width:104% !important;margin-left: calc(-4% \/ 2 );margin-right: calc(-4% \/ 2 );\"><div class=\"fusion-layout-column fusion_builder_column_inner fusion-builder-nested-column-333 fusion_builder_column_inner_1_1 1_1 fusion-flex-column\" style=\"--awb-bg-size:cover;--awb-width-large:100%;--awb-margin-top-large:0px;--awb-spacing-right-large:1.92%;--awb-margin-bottom-large:20px;--awb-spacing-left-large:1.92%;--awb-width-medium:100%;--awb-order-medium:0;--awb-spacing-right-medium:1.92%;--awb-spacing-left-medium:1.92%;--awb-width-small:100%;--awb-order-small:0;--awb-spacing-right-small:1.92%;--awb-spacing-left-small:1.92%;\"><div class=\"fusion-column-wrapper fusion-column-has-shadow fusion-flex-justify-content-flex-start fusion-content-layout-column\"><div class=\"fusion-separator fusion-full-width-sep\" style=\"align-self: center;margin-left: auto;margin-right: auto;width:100%;\"><div class=\"fusion-separator-border sep-shadow\" style=\"--awb-height:20px;--awb-amount:20px;background:radial-gradient(ellipse at 50% -50% , #e0dede 0px, rgba(255, 255, 255, 0) 80%) repeat scroll 0 0 rgba(0, 0, 0, 0);background:-webkit-radial-gradient(ellipse at 50% -50% , #e0dede 0px, rgba(255, 255, 255, 0) 80%) repeat scroll 0 0 rgba(0, 0, 0, 0);background:-moz-radial-gradient(ellipse at 50% -50% , #e0dede 0px, rgba(255, 255, 255, 0) 80%) repeat scroll 0 0 rgba(0, 0, 0, 0);background:-o-radial-gradient(ellipse at 50% -50% , #e0dede 0px, rgba(255, 255, 255, 0) 80%) repeat scroll 0 0 rgba(0, 0, 0, 0);\"><\/div><\/div><\/div><\/div><div class=\"fusion-layout-column fusion_builder_column_inner fusion-builder-nested-column-334 fusion_builder_column_inner_1_3 1_3 fusion-flex-column\" style=\"--awb-bg-size:cover;--awb-width-large:33.333333333333%;--awb-margin-top-large:0px;--awb-spacing-right-large:2vw;--awb-margin-bottom-large:20px;--awb-spacing-left-large:5.76%;--awb-width-medium:100%;--awb-order-medium:0;--awb-spacing-right-medium:1.92%;--awb-spacing-left-medium:1.92%;--awb-width-small:100%;--awb-order-small:0;--awb-spacing-right-small:1.92%;--awb-spacing-left-small:1.92%;\"><div class=\"fusion-column-wrapper fusion-column-has-shadow fusion-flex-justify-content-flex-start fusion-content-layout-column\"><div class=\"fusion-image-element \" style=\"text-align:right;--awb-max-width:450px;--awb-caption-title-font-family:var(--h2_typography-font-family);--awb-caption-title-font-weight:var(--h2_typography-font-weight);--awb-caption-title-font-style:var(--h2_typography-font-style);--awb-caption-title-size:var(--h2_typography-font-size);--awb-caption-title-transform:var(--h2_typography-text-transform);--awb-caption-title-line-height:var(--h2_typography-line-height);--awb-caption-title-letter-spacing:var(--h2_typography-letter-spacing);\"><span class=\" fusion-imageframe imageframe-none imageframe-66 hover-type-none\"><img decoding=\"async\" width=\"300\" height=\"225\" title=\"SDE REBPF IlluTotales Logement Individuel\" src=\"https:\/\/www.service-public.pf\/sde\/wp-content\/uploads\/sites\/15\/2023\/01\/SDE-REBPF-IlluTotales-Logement-Individuel-300x225.png\" alt class=\"img-responsive wp-image-3460\" srcset=\"https:\/\/www.service-public.pf\/sde\/wp-content\/uploads\/sites\/15\/2023\/01\/SDE-REBPF-IlluTotales-Logement-Individuel-200x150.png 200w, https:\/\/www.service-public.pf\/sde\/wp-content\/uploads\/sites\/15\/2023\/01\/SDE-REBPF-IlluTotales-Logement-Individuel-400x300.png 400w, https:\/\/www.service-public.pf\/sde\/wp-content\/uploads\/sites\/15\/2023\/01\/SDE-REBPF-IlluTotales-Logement-Individuel-600x450.png 600w, https:\/\/www.service-public.pf\/sde\/wp-content\/uploads\/sites\/15\/2023\/01\/SDE-REBPF-IlluTotales-Logement-Individuel-800x600.png 800w, https:\/\/www.service-public.pf\/sde\/wp-content\/uploads\/sites\/15\/2023\/01\/SDE-REBPF-IlluTotales-Logement-Individuel-1200x900.png 1200w, https:\/\/www.service-public.pf\/sde\/wp-content\/uploads\/sites\/15\/2023\/01\/SDE-REBPF-IlluTotales-Logement-Individuel.png 1453w\" sizes=\"(max-width: 1024px) 100vw, (max-width: 640px) 100vw, 800px\" \/><\/span><\/div><\/div><\/div><div class=\"fusion-layout-column fusion_builder_column_inner fusion-builder-nested-column-335 fusion_builder_column_inner_2_3 2_3 fusion-flex-column\" style=\"--awb-bg-size:cover;--awb-width-large:66.666666666667%;--awb-margin-top-large:0px;--awb-spacing-right-large:2.88%;--awb-margin-bottom-large:20px;--awb-spacing-left-large:2.88%;--awb-width-medium:100%;--awb-order-medium:0;--awb-spacing-right-medium:1.92%;--awb-spacing-left-medium:1.92%;--awb-width-small:100%;--awb-order-small:0;--awb-spacing-right-small:1.92%;--awb-spacing-left-small:1.92%;\"><div class=\"fusion-column-wrapper fusion-column-has-shadow fusion-flex-justify-content-center fusion-content-layout-column\"><div class=\"fusion-text fusion-text-263\" style=\"--awb-content-alignment:center;--awb-font-size:24pt;\"><p>Localisation\u00a0du projet : <strong>Gambier<\/strong><\/p>\n<p>Typologie de la construction\u00a0: <strong>Logement individuel<\/strong><\/p>\n<\/div><\/div><\/div><div class=\"fusion-layout-column fusion_builder_column_inner fusion-builder-nested-column-336 fusion_builder_column_inner_1_1 1_1 fusion-flex-column\" style=\"--awb-bg-size:cover;--awb-width-large:100%;--awb-margin-top-large:0px;--awb-spacing-right-large:1.92%;--awb-margin-bottom-large:20px;--awb-spacing-left-large:1.92%;--awb-width-medium:100%;--awb-order-medium:0;--awb-spacing-right-medium:1.92%;--awb-spacing-left-medium:1.92%;--awb-width-small:100%;--awb-order-small:0;--awb-spacing-right-small:1.92%;--awb-spacing-left-small:1.92%;\"><div class=\"fusion-column-wrapper fusion-column-has-shadow fusion-flex-justify-content-flex-start fusion-content-layout-column\"><div class=\"fusion-separator fusion-full-width-sep\" style=\"align-self: center;margin-left: auto;margin-right: auto;margin-bottom:20px;width:100%;\"><div class=\"fusion-separator-border sep-shadow\" style=\"--awb-height:20px;--awb-amount:20px;background:radial-gradient(ellipse at 50% -50% , #e0dede 0px, rgba(255, 255, 255, 0) 80%) repeat scroll 0 0 rgba(0, 0, 0, 0);background:-webkit-radial-gradient(ellipse at 50% -50% , #e0dede 0px, rgba(255, 255, 255, 0) 80%) repeat scroll 0 0 rgba(0, 0, 0, 0);background:-moz-radial-gradient(ellipse at 50% -50% , #e0dede 0px, rgba(255, 255, 255, 0) 80%) repeat scroll 0 0 rgba(0, 0, 0, 0);background:-o-radial-gradient(ellipse at 50% -50% , #e0dede 0px, rgba(255, 255, 255, 0) 80%) repeat scroll 0 0 rgba(0, 0, 0, 0);\"><\/div><\/div><\/div><\/div><div class=\"fusion-layout-column fusion_builder_column_inner fusion-builder-nested-column-337 fusion_builder_column_inner_1_1 1_1 fusion-flex-column\" style=\"--awb-bg-color:#ffffff;--awb-bg-color-hover:#ffffff;--awb-bg-size:cover;--awb-width-large:100%;--awb-margin-top-large:0px;--awb-spacing-right-large:1.92%;--awb-margin-bottom-large:20px;--awb-spacing-left-large:1.92%;--awb-width-medium:100%;--awb-order-medium:0;--awb-spacing-right-medium:1.92%;--awb-spacing-left-medium:1.92%;--awb-width-small:100%;--awb-order-small:0;--awb-spacing-right-small:1.92%;--awb-spacing-left-small:1.92%;\"><div class=\"fusion-column-wrapper fusion-column-has-shadow fusion-flex-justify-content-flex-start fusion-content-layout-column\"><div class=\"fusion-text fusion-text-264\" style=\"--awb-text-color:#000000;\"><p><strong>Th\u00e9matiques applicables :<\/strong><\/p>\n<\/div><div class=\"accordian fusion-accordian\" style=\"--awb-border-size:1px;--awb-icon-size:13px;--awb-content-font-size:13px;--awb-icon-alignment:left;--awb-hover-color:#f9f9f9;--awb-border-color:#cccccc;--awb-background-color:#ffffff;--awb-divider-color:#e0dede;--awb-divider-hover-color:#e0dede;--awb-icon-color:#ffffff;--awb-title-color:#333333;--awb-content-color:#747474;--awb-icon-box-color:#333333;--awb-toggle-hover-accent-color:#26a147;--awb-title-font-family:&quot;PT Sans&quot;;--awb-title-font-weight:400;--awb-title-font-style:normal;--awb-title-font-size:13px;--awb-content-font-family:&quot;PT Sans&quot;;--awb-content-font-style:normal;--awb-content-font-weight:400;\"><div class=\"panel-group fusion-toggle-icon-boxed\" id=\"accordion-3355-66\"><div class=\"fusion-panel panel-default panel-986ae7f25f683133d fusion-toggle-has-divider\" style=\"--awb-title-color:#333333;--awb-content-color:#747474;\"><div class=\"panel-heading\"><h4 class=\"panel-title toggle\" id=\"toggle_986ae7f25f683133d\"><a aria-expanded=\"false\" aria-controls=\"986ae7f25f683133d\" role=\"button\" data-toggle=\"collapse\" data-parent=\"#accordion-3355-66\" data-target=\"#986ae7f25f683133d\" href=\"#986ae7f25f683133d\"><span class=\"fusion-toggle-icon-wrapper\" aria-hidden=\"true\"><i class=\"fa-fusion-box active-icon awb-icon-minus\" aria-hidden=\"true\"><\/i><i class=\"fa-fusion-box inactive-icon awb-icon-plus\" aria-hidden=\"true\"><\/i><\/span><span class=\"fusion-toggle-heading\">Protection solaire de la toiture<\/span><\/a><\/h4><\/div><div id=\"986ae7f25f683133d\" class=\"panel-collapse collapse \" aria-labelledby=\"toggle_986ae7f25f683133d\"><div class=\"panel-body toggle-content fusion-clearfix\">\n<table style=\"width: 100%;height: 187px\">\n<tbody>\n<tr style=\"height: 187px\">\n<td style=\"height: 187px\"><span style=\"color: #000000\"><strong><span style=\"text-decoration: underline\">Locaux concern\u00e9s<\/span> :<\/strong><\/span><\/p>\n<ul>\n<li>Locaux clos et climatis\u00e9s ou occup\u00e9s (exemples\u00a0: chambre, s\u00e9jour, bureau, \u2026)<\/li>\n<li>Locaux clos non-occup\u00e9s donnant <u>directement<\/u> sur les locaux ci-dessus, hors locaux techniques, stationnements et espaces de stockage non climatis\u00e9s (exemples : sanitaires, salle de bain, buanderie, \u2026)<\/li>\n<\/ul>\n<\/td>\n<td style=\"height: 187px\"><img decoding=\"async\" class=\"alignright wp-image-3430\" src=\"https:\/\/www.service-public.pf\/sde\/wp-content\/uploads\/sites\/15\/2023\/01\/SDE-REBPF-IlluTotales-Logement-Individuel-ProToiture.png\" alt=\"\" width=\"300\" height=\"225\" \/><\/td>\n<\/tr>\n<\/tbody>\n<\/table>\n<p style=\"color: #000000\"><strong><span style=\"text-decoration: underline\">Seuils \u00e0 respecter<\/span> :<\/strong><\/p>\n<table class=\"table table-bordered\">\n<tbody>\n<tr>\n<td style=\"width: 25%\"><strong>Mesure<\/strong><\/td>\n<td style=\"width: 7.0755%\"><strong>Seuil<\/strong><\/td>\n<td style=\"width: 55.6175%\"><strong>Exemples de solutions<\/strong><\/td>\n<\/tr>\n<tr>\n<td style=\"width: 25%\">Facteur solaire maximal de la toiture<\/td>\n<td style=\"width: 7.0755%\">2,5%<\/td>\n<td style=\"width: 55.6175%\">\n<ul>\n<li>Toiture (avec combles) en t\u00f4le de teinte claire avec 3 cm de laine min\u00e9rale minimum<\/li>\n<li>Toiture (avec combles) en t\u00f4le de teinte moyenne avec 5 cm de laine min\u00e9rale minimum<\/li>\n<li>Toiture (avec combles) en t\u00f4le de teinte sombre avec 7,5 cm de laine min\u00e9rale minimum<\/li>\n<li>Toiture terrasse en b\u00e9ton de teinte moyenne avec 6 cm de polystyr\u00e8ne expans\u00e9 minimum<\/li>\n<li>Toiture terrasse en b\u00e9ton avec sur-toiture largement ventil\u00e9e<\/li>\n<\/ul>\n<\/td>\n<\/tr>\n<\/tbody>\n<\/table>\n<p><span style=\"color: #000000\"><strong>Pour plus d\u2019informations sur l\u2019application de la th\u00e9matique, consultez la fiche en question\u00a0:<\/strong><\/span><\/p>\n<ul>\n<li><a href=\"https:\/\/www.service-public.pf\/sde\/wp-content\/uploads\/sites\/15\/2023\/09\/Fiche-02-Protection-solaire-des-parois-opaques-horizontales-Toitures.pdf\">Fiche d\u2019application \u00ab\u00a0Protection solaire de la toiture\u00a0\u00bb<\/a><\/li>\n<\/ul>\n<p>Nota bene : les informations diffus\u00e9es dans le d\u00e9pliant et les guides mis \u00e0 disposition ci-dessous sont normalement suffisantes pour s'assurer de la conformit\u00e9 de son projet sans rentrer dans les d\u00e9tails techniques de la th\u00e9matique.<\/p>\n<\/div><\/div><\/div><div class=\"fusion-panel panel-default panel-926c4e4e6218c821b fusion-toggle-has-divider\" style=\"--awb-title-color:#333333;--awb-content-color:#747474;\"><div class=\"panel-heading\"><h4 class=\"panel-title toggle\" id=\"toggle_926c4e4e6218c821b\"><a aria-expanded=\"false\" aria-controls=\"926c4e4e6218c821b\" role=\"button\" data-toggle=\"collapse\" data-parent=\"#accordion-3355-66\" data-target=\"#926c4e4e6218c821b\" href=\"#926c4e4e6218c821b\"><span class=\"fusion-toggle-icon-wrapper\" aria-hidden=\"true\"><i class=\"fa-fusion-box active-icon awb-icon-minus\" aria-hidden=\"true\"><\/i><i class=\"fa-fusion-box inactive-icon awb-icon-plus\" aria-hidden=\"true\"><\/i><\/span><span class=\"fusion-toggle-heading\">Protection solaire des baies<\/span><\/a><\/h4><\/div><div id=\"926c4e4e6218c821b\" class=\"panel-collapse collapse \" aria-labelledby=\"toggle_926c4e4e6218c821b\"><div class=\"panel-body toggle-content fusion-clearfix\">\n<table style=\"width: 100%;height: 187px\">\n<tbody>\n<tr style=\"height: 187px\">\n<td style=\"height: 187px\"><span style=\"color: #000000\"><strong><span style=\"text-decoration: underline\">Locaux concern\u00e9s<\/span> :<\/strong><\/span><\/p>\n<ul>\n<li>Locaux clos et climatis\u00e9s ou occup\u00e9s (exemples\u00a0: chambre, s\u00e9jour, bureau, \u2026)<\/li>\n<li>Locaux clos non-occup\u00e9s donnant <u>directement<\/u> sur les locaux ci-dessus, hors locaux techniques, stationnements et espaces de stockage non climatis\u00e9s (exemples : sanitaires, salle de bain, buanderie, \u2026)<\/li>\n<\/ul>\n<\/td>\n<td style=\"height: 187px\"><img decoding=\"async\" class=\"alignright wp-image-3430\" src=\"https:\/\/www.service-public.pf\/sde\/wp-content\/uploads\/sites\/15\/2023\/03\/Picture1.png\" alt=\"\" width=\"300\" height=\"225\" \/><\/td>\n<\/tr>\n<\/tbody>\n<\/table>\n<p style=\"color: #000000\"><strong><span style=\"text-decoration: underline\">Seuils, r\u00e8gles de conception et caract\u00e9ristiques techniques \u00e0 respecter : <\/span><\/strong><\/p>\n<table class=\"table table-bordered\">\n<tbody>\n<tr>\n<td style=\"width: 25%\"><strong>R\u00e8gle de conception<\/strong><\/td>\n<td style=\"width: 55.6175%\"><strong>Exemple de solution<\/strong><\/td>\n<\/tr>\n<tr>\n<td style=\"width: 25%\">La mise en \u0153uvre de baies horizontales* est interdite dans les locaux concern\u00e9s par la disposition<\/td>\n<td style=\"width: 55.6175%\">Afin de conserver un apport de lumi\u00e8re naturelle dans les espaces sous-toiture, il est possible de mettre en place des baies verticales \u00e0 la place (ex : chien assis)<\/td>\n<\/tr>\n<\/tbody>\n<\/table>\n<p>* Une baie est consid\u00e9r\u00e9e comme horizontale si son inclinaison est inf\u00e9rieure \u00e0 60\u00b0 par rapport au plan horizontal.<\/p>\n<\/div><\/div><\/div><\/div><\/div><div class=\"fusion-text fusion-text-265\" style=\"--awb-margin-top:10px;\"><p><span style=\"color: #000000\"><strong>Informations relatives aux demandes de permis de construire et au certificat de conformit\u00e9<\/strong><\/span><\/p>\n<p>Le p\u00e9titionnaire remplit les nouveaux formulaires de demande de permis de construire et de certificat de conformit\u00e9 de la DCA qui int\u00e8grent la d\u00e9claration du respect de la r\u00e9glementation.<\/p>\n<p><span style=\"color: #000000\"><strong>Informations sur les dispositions applicables \u00e0 la typologie <\/strong>(ne consulter que les rubriques des th\u00e9matiques concernant le projet de construction)<strong> :<\/strong><\/span><\/p>\n<ul>\n<li><a href=\"https:\/\/www.service-public.pf\/sde\/wp-content\/uploads\/sites\/15\/2023\/03\/REPBF_Depliants_LogementIndividuel_Pages.pdf\">D\u00e9pliant \u00ab\u00a0Logement individuel\u00a0\u00bb<\/a><\/li>\n<li><a href=\"https:\/\/www.service-public.pf\/sde\/wp-content\/uploads\/sites\/15\/2023\/09\/REBPf-Guide-logement-individuel-version-simplifiee.pdf\">Guide simplifi\u00e9 pour le respect de la r\u00e9glementation - Logement individuel<\/a><\/li>\n<li><a href=\"https:\/\/www.service-public.pf\/sde\/wp-content\/uploads\/sites\/15\/2023\/09\/REBPf-Guide-logement-individuel-version-simplifiee-tahitien.pdf\">Guide simplifi\u00e9 pour le respect de la r\u00e9glementation - Logement individuel - reo tahiti<\/a><\/li>\n<li><a href=\"https:\/\/www.service-public.pf\/sde\/wp-content\/uploads\/sites\/15\/2023\/06\/REBPf-Guide-logement-individuel-version-detaillee.pdf\">Guide d\u00e9taill\u00e9 pour le respect de la r\u00e9glementation - Logement individuel<\/a><\/li>\n<\/ul>\n<\/div><\/div><\/div><\/div><\/div><\/div><div class=\"fusion-layout-column fusion_builder_column fusion-builder-column-83 fusion_builder_column_4_5 4_5 fusion-flex-column vct_gambier_content\" style=\"--awb-bg-size:cover;--awb-width-large:80%;--awb-flex-grow:0;--awb-flex-shrink:0;--awb-margin-top-large:0px;--awb-spacing-right-large:2.4%;--awb-margin-bottom-large:20px;--awb-spacing-left-large:2.4%;--awb-width-medium:100%;--awb-order-medium:0;--awb-flex-grow-medium:0;--awb-flex-shrink-medium:0;--awb-spacing-right-medium:1.92%;--awb-spacing-left-medium:1.92%;--awb-width-small:100%;--awb-order-small:0;--awb-flex-grow-small:0;--awb-flex-shrink-small:0;--awb-spacing-right-small:1.92%;--awb-spacing-left-small:1.92%;\" id=\"vct_gambier_hotellerie_content\"><div class=\"fusion-column-wrapper fusion-column-has-shadow fusion-flex-justify-content-flex-start fusion-content-layout-column\"><div class=\"fusion-title title fusion-title-70 fusion-sep-none fusion-title-center fusion-title-text fusion-title-size-two hidden\" style=\"--awb-margin-top-small:0px;--awb-margin-right-small:0px;--awb-margin-bottom-small:20px;--awb-margin-left-small:0px;\"><h2 class=\"fusion-title-heading title-heading-center\" style=\"margin:0;\">Protection solaire de la toiture + D\u00e9pliant h\u00f4tellerie + Fiche d'information h\u00f4tellerie + Formulaire 2-AG<\/h2><\/div><div class=\"fusion-text fusion-text-266 vct_description_typologie\"><p>Il s\u2019agit d\u2019un b\u00e2timent ou d\u2019une partie de b\u00e2timent \u00e0 usage d\u2019h\u00f4tel de tourisme, pension de familles,<br \/>\nmeubl\u00e9 de tourisme, auberge de jeunesse, village de vacances, villa de luxe, bungalow ainsi que tout<br \/>\nautre h\u00e9bergement \u00e0 vocation touristique, comprenant \u00e9galement leurs locaux accessoires.<\/p>\n<p>Pour rappel, les projets de construction d\u2019une structure d\u2019h\u00e9bergement de tourisme et chambres<br \/>\nchez l\u2019habitant dont le nombre d\u2019unit\u00e9s d\u2019h\u00e9bergement est inf\u00e9rieur ou \u00e9gal \u00e0 cinq ou dont l\u2019effectif<br \/>\nest inf\u00e9rieur \u00e0 vingt personnes sont assimil\u00e9es \u00e0 la typologie logement individuel.<\/p>\n<\/div><div class=\"fusion-builder-row fusion-builder-row-inner fusion-row fusion-flex-align-items-center fusion-flex-justify-content-center fusion-flex-content-wrap\" style=\"--awb-flex-grow:0;--awb-flex-grow-medium:0;--awb-flex-grow-small:0;--awb-flex-shrink:0;--awb-flex-shrink-medium:0;--awb-flex-shrink-small:0;width:104% !important;max-width:104% !important;margin-left: calc(-4% \/ 2 );margin-right: calc(-4% \/ 2 );\"><div class=\"fusion-layout-column fusion_builder_column_inner fusion-builder-nested-column-338 fusion_builder_column_inner_1_1 1_1 fusion-flex-column\" style=\"--awb-bg-size:cover;--awb-width-large:100%;--awb-margin-top-large:0px;--awb-spacing-right-large:1.92%;--awb-margin-bottom-large:20px;--awb-spacing-left-large:1.92%;--awb-width-medium:100%;--awb-order-medium:0;--awb-spacing-right-medium:1.92%;--awb-spacing-left-medium:1.92%;--awb-width-small:100%;--awb-order-small:0;--awb-spacing-right-small:1.92%;--awb-spacing-left-small:1.92%;\"><div class=\"fusion-column-wrapper fusion-column-has-shadow fusion-flex-justify-content-flex-start fusion-content-layout-column\"><div class=\"fusion-separator fusion-full-width-sep\" style=\"align-self: center;margin-left: auto;margin-right: auto;width:100%;\"><div class=\"fusion-separator-border sep-shadow\" style=\"--awb-height:20px;--awb-amount:20px;background:radial-gradient(ellipse at 50% -50% , #e0dede 0px, rgba(255, 255, 255, 0) 80%) repeat scroll 0 0 rgba(0, 0, 0, 0);background:-webkit-radial-gradient(ellipse at 50% -50% , #e0dede 0px, rgba(255, 255, 255, 0) 80%) repeat scroll 0 0 rgba(0, 0, 0, 0);background:-moz-radial-gradient(ellipse at 50% -50% , #e0dede 0px, rgba(255, 255, 255, 0) 80%) repeat scroll 0 0 rgba(0, 0, 0, 0);background:-o-radial-gradient(ellipse at 50% -50% , #e0dede 0px, rgba(255, 255, 255, 0) 80%) repeat scroll 0 0 rgba(0, 0, 0, 0);\"><\/div><\/div><\/div><\/div><div class=\"fusion-layout-column fusion_builder_column_inner fusion-builder-nested-column-339 fusion_builder_column_inner_1_3 1_3 fusion-flex-column\" style=\"--awb-bg-size:cover;--awb-width-large:33.333333333333%;--awb-margin-top-large:0px;--awb-spacing-right-large:2vw;--awb-margin-bottom-large:20px;--awb-spacing-left-large:5.76%;--awb-width-medium:100%;--awb-order-medium:0;--awb-spacing-right-medium:1.92%;--awb-spacing-left-medium:1.92%;--awb-width-small:100%;--awb-order-small:0;--awb-spacing-right-small:1.92%;--awb-spacing-left-small:1.92%;\"><div class=\"fusion-column-wrapper fusion-column-has-shadow fusion-flex-justify-content-flex-start fusion-content-layout-column\"><div class=\"fusion-image-element \" style=\"text-align:right;--awb-max-width:450px;--awb-caption-title-font-family:var(--h2_typography-font-family);--awb-caption-title-font-weight:var(--h2_typography-font-weight);--awb-caption-title-font-style:var(--h2_typography-font-style);--awb-caption-title-size:var(--h2_typography-font-size);--awb-caption-title-transform:var(--h2_typography-text-transform);--awb-caption-title-line-height:var(--h2_typography-line-height);--awb-caption-title-letter-spacing:var(--h2_typography-letter-spacing);\"><span class=\" fusion-imageframe imageframe-none imageframe-67 hover-type-none\"><img decoding=\"async\" width=\"300\" height=\"225\" title=\"SDE REBPF IlluTotales Hotel Pension\" src=\"https:\/\/www.service-public.pf\/sde\/wp-content\/uploads\/sites\/15\/2023\/01\/SDE-REBPF-IlluTotales-Hotel-Pension-300x225.png\" alt class=\"img-responsive wp-image-3446\" srcset=\"https:\/\/www.service-public.pf\/sde\/wp-content\/uploads\/sites\/15\/2023\/01\/SDE-REBPF-IlluTotales-Hotel-Pension-200x150.png 200w, https:\/\/www.service-public.pf\/sde\/wp-content\/uploads\/sites\/15\/2023\/01\/SDE-REBPF-IlluTotales-Hotel-Pension-400x300.png 400w, https:\/\/www.service-public.pf\/sde\/wp-content\/uploads\/sites\/15\/2023\/01\/SDE-REBPF-IlluTotales-Hotel-Pension-600x450.png 600w, https:\/\/www.service-public.pf\/sde\/wp-content\/uploads\/sites\/15\/2023\/01\/SDE-REBPF-IlluTotales-Hotel-Pension-800x600.png 800w, https:\/\/www.service-public.pf\/sde\/wp-content\/uploads\/sites\/15\/2023\/01\/SDE-REBPF-IlluTotales-Hotel-Pension-1200x900.png 1200w, https:\/\/www.service-public.pf\/sde\/wp-content\/uploads\/sites\/15\/2023\/01\/SDE-REBPF-IlluTotales-Hotel-Pension.png 1453w\" sizes=\"(max-width: 1024px) 100vw, (max-width: 640px) 100vw, 800px\" \/><\/span><\/div><\/div><\/div><div class=\"fusion-layout-column fusion_builder_column_inner fusion-builder-nested-column-340 fusion_builder_column_inner_2_3 2_3 fusion-flex-column\" style=\"--awb-bg-size:cover;--awb-width-large:66.666666666667%;--awb-margin-top-large:0px;--awb-spacing-right-large:2.88%;--awb-margin-bottom-large:20px;--awb-spacing-left-large:2.88%;--awb-width-medium:100%;--awb-order-medium:0;--awb-spacing-right-medium:1.92%;--awb-spacing-left-medium:1.92%;--awb-width-small:100%;--awb-order-small:0;--awb-spacing-right-small:1.92%;--awb-spacing-left-small:1.92%;\"><div class=\"fusion-column-wrapper fusion-column-has-shadow fusion-flex-justify-content-center fusion-content-layout-column\"><div class=\"fusion-text fusion-text-267\" style=\"--awb-content-alignment:center;--awb-font-size:24pt;\"><p>Localisation\u00a0du projet : <strong>Gambier<\/strong><\/p>\n<p>Typologie de la construction\u00a0: <strong>H\u00f4tellerie<\/strong><\/p>\n<\/div><\/div><\/div><div class=\"fusion-layout-column fusion_builder_column_inner fusion-builder-nested-column-341 fusion_builder_column_inner_1_1 1_1 fusion-flex-column\" style=\"--awb-bg-size:cover;--awb-width-large:100%;--awb-margin-top-large:0px;--awb-spacing-right-large:1.92%;--awb-margin-bottom-large:20px;--awb-spacing-left-large:1.92%;--awb-width-medium:100%;--awb-order-medium:0;--awb-spacing-right-medium:1.92%;--awb-spacing-left-medium:1.92%;--awb-width-small:100%;--awb-order-small:0;--awb-spacing-right-small:1.92%;--awb-spacing-left-small:1.92%;\"><div class=\"fusion-column-wrapper fusion-column-has-shadow fusion-flex-justify-content-flex-start fusion-content-layout-column\"><div class=\"fusion-separator fusion-full-width-sep\" style=\"align-self: center;margin-left: auto;margin-right: auto;margin-bottom:20px;width:100%;\"><div class=\"fusion-separator-border sep-shadow\" style=\"--awb-height:20px;--awb-amount:20px;background:radial-gradient(ellipse at 50% -50% , #e0dede 0px, rgba(255, 255, 255, 0) 80%) repeat scroll 0 0 rgba(0, 0, 0, 0);background:-webkit-radial-gradient(ellipse at 50% -50% , #e0dede 0px, rgba(255, 255, 255, 0) 80%) repeat scroll 0 0 rgba(0, 0, 0, 0);background:-moz-radial-gradient(ellipse at 50% -50% , #e0dede 0px, rgba(255, 255, 255, 0) 80%) repeat scroll 0 0 rgba(0, 0, 0, 0);background:-o-radial-gradient(ellipse at 50% -50% , #e0dede 0px, rgba(255, 255, 255, 0) 80%) repeat scroll 0 0 rgba(0, 0, 0, 0);\"><\/div><\/div><\/div><\/div><div class=\"fusion-layout-column fusion_builder_column_inner fusion-builder-nested-column-342 fusion_builder_column_inner_1_1 1_1 fusion-flex-column\" style=\"--awb-bg-color:#ffffff;--awb-bg-color-hover:#ffffff;--awb-bg-size:cover;--awb-width-large:100%;--awb-margin-top-large:0px;--awb-spacing-right-large:1.92%;--awb-margin-bottom-large:20px;--awb-spacing-left-large:1.92%;--awb-width-medium:100%;--awb-order-medium:0;--awb-spacing-right-medium:1.92%;--awb-spacing-left-medium:1.92%;--awb-width-small:100%;--awb-order-small:0;--awb-spacing-right-small:1.92%;--awb-spacing-left-small:1.92%;\"><div class=\"fusion-column-wrapper fusion-column-has-shadow fusion-flex-justify-content-flex-start fusion-content-layout-column\"><div class=\"fusion-text fusion-text-268\" style=\"--awb-text-color:#000000;\"><p><strong>Th\u00e9matiques applicables :<\/strong><\/p>\n<\/div><div class=\"accordian fusion-accordian\" style=\"--awb-border-size:1px;--awb-icon-size:13px;--awb-content-font-size:13px;--awb-icon-alignment:left;--awb-hover-color:#f9f9f9;--awb-border-color:#cccccc;--awb-background-color:#ffffff;--awb-divider-color:#e0dede;--awb-divider-hover-color:#e0dede;--awb-icon-color:#ffffff;--awb-title-color:#333333;--awb-content-color:#747474;--awb-icon-box-color:#333333;--awb-toggle-hover-accent-color:#26a147;--awb-title-font-family:&quot;PT Sans&quot;;--awb-title-font-weight:400;--awb-title-font-style:normal;--awb-title-font-size:13px;--awb-content-font-family:&quot;PT Sans&quot;;--awb-content-font-style:normal;--awb-content-font-weight:400;\"><div class=\"panel-group fusion-toggle-icon-boxed\" id=\"accordion-3355-67\"><div class=\"fusion-panel panel-default panel-f250cb904405bb47b fusion-toggle-has-divider\" style=\"--awb-title-color:#333333;--awb-content-color:#747474;\"><div class=\"panel-heading\"><h4 class=\"panel-title toggle\" id=\"toggle_f250cb904405bb47b\"><a aria-expanded=\"false\" aria-controls=\"f250cb904405bb47b\" role=\"button\" data-toggle=\"collapse\" data-parent=\"#accordion-3355-67\" data-target=\"#f250cb904405bb47b\" href=\"#f250cb904405bb47b\"><span class=\"fusion-toggle-icon-wrapper\" aria-hidden=\"true\"><i class=\"fa-fusion-box active-icon awb-icon-minus\" aria-hidden=\"true\"><\/i><i class=\"fa-fusion-box inactive-icon awb-icon-plus\" aria-hidden=\"true\"><\/i><\/span><span class=\"fusion-toggle-heading\">Protection solaire de la toiture<\/span><\/a><\/h4><\/div><div id=\"f250cb904405bb47b\" class=\"panel-collapse collapse \" aria-labelledby=\"toggle_f250cb904405bb47b\"><div class=\"panel-body toggle-content fusion-clearfix\">\n<table style=\"width: 100%;height: 187px\">\n<tbody>\n<tr style=\"height: 187px\">\n<td style=\"height: 187px\"><span style=\"color: #000000\"><strong><span style=\"text-decoration: underline\">Locaux concern\u00e9s<\/span> :<\/strong><\/span><\/p>\n<ul>\n<li>Locaux clos et climatis\u00e9s ou occup\u00e9s (exemples\u00a0: chambre, s\u00e9jour, bureau, espace polyvalent, salle de sport, restaurant, buanderie professionnelle, \u2026)<\/li>\n<li>Locaux clos non-occup\u00e9s donnant <u>directement<\/u> sur les locaux ci-dessus, hors locaux techniques, stationnements et espaces de stockage non climatis\u00e9s (exemples : sanitaires, salle de bain, vestiaires, d\u00e9gagement, circulation \u2026)<\/li>\n<\/ul>\n<\/td>\n<td style=\"height: 187px\"><img decoding=\"async\" class=\"alignright wp-image-3430\" src=\"https:\/\/www.service-public.pf\/sde\/wp-content\/uploads\/sites\/15\/2023\/01\/SDE-REBPF-IlluTotales-Hotel-Pension-0-copie.png\" alt=\"\" width=\"300\" height=\"225\" \/><\/td>\n<\/tr>\n<\/tbody>\n<\/table>\n<p style=\"color: #000000\"><strong><span style=\"text-decoration: underline\">Seuils \u00e0 respecter<\/span> :<\/strong><\/p>\n<table class=\"table table-bordered\">\n<tbody>\n<tr>\n<td style=\"width: 25%\"><strong>Mesure<\/strong><\/td>\n<td style=\"width: 7.0755%\"><strong>Seuil<\/strong><\/td>\n<td style=\"width: 55.6175%\"><strong>Exemples de solutions<\/strong><\/td>\n<\/tr>\n<tr>\n<td style=\"width: 25%\">Facteur solaire maximal de la toiture<\/td>\n<td style=\"width: 7.0755%\">2,5%<\/td>\n<td style=\"width: 55.6175%\">\n<ul>\n<li>Toiture (avec combles) en t\u00f4le de teinte claire avec 3 cm de laine min\u00e9rale minimum<\/li>\n<li>Toiture (avec combles) en t\u00f4le de teinte moyenne avec 5 cm de laine min\u00e9rale minimum<\/li>\n<li>Toiture (avec combles) en t\u00f4le de teinte sombre avec 7,5 cm de laine min\u00e9rale minimum<\/li>\n<li>Toiture terrasse en b\u00e9ton de teinte moyenne avec 6 cm de polystyr\u00e8ne expans\u00e9 minimum<\/li>\n<li>Toiture terrasse en b\u00e9ton avec sur-toiture largement ventil\u00e9e<\/li>\n<li>Toiture en bardeau de bois apparents correspondant \u00e0 une toiture \u00ab\u00a0ventil\u00e9e\u00a0\u00bb<\/li>\n<li>Toiture en pandanus dont l\u2019\u00e9paisseur totale est sup\u00e9rieure ou \u00e9gale \u00e0 10 cm<\/li>\n<\/ul>\n<\/td>\n<\/tr>\n<\/tbody>\n<\/table>\n<p><span style=\"color: #000000\"><strong>Pour plus d\u2019informations sur l\u2019application de la th\u00e9matique, consultez la fiche en question\u00a0:<\/strong><\/span><\/p>\n<ul>\n<li><a href=\"https:\/\/www.service-public.pf\/sde\/wp-content\/uploads\/sites\/15\/2023\/09\/Fiche-02-Protection-solaire-des-parois-opaques-horizontales-Toitures.pdf\">Fiche d\u2019application \u00ab\u00a0Protection solaire de la toiture\u00a0\u00bb<\/a><\/li>\n<\/ul>\n<\/div><\/div><\/div><\/div><\/div><div class=\"fusion-text fusion-text-269\" style=\"--awb-margin-top:10px;\"><p><span style=\"color: #000000\"><strong>Informations relatives aux demandes de permis de construire et au certificat de conformit\u00e9<\/strong><\/span><\/p>\n<p>Le p\u00e9titionnaire remplit les nouveaux formulaires de demande de permis de construire et de certificat de conformit\u00e9 de la DCA qui int\u00e8grent la d\u00e9claration du respect de la r\u00e9glementation.<\/p>\n<p><strong>Si les surfaces de plancher construites cumul\u00e9es* sont sup\u00e9rieures \u00e0 250 m\u00b2 de plancher, les demandes de permis de construire et de certificat de conformit\u00e9 doivent \u00eatre accompagn\u00e9es de l\u2019avis d\u2019un organisme agr\u00e9\u00e9<\/strong><\/p>\n<ul>\n<li><a href=\"https:\/\/www.service-public.pf\/sde\/organismes-agrees\/\">Parcourir la page d\u00e9di\u00e9e aux organismes agr\u00e9\u00e9s<\/a><\/li>\n<\/ul>\n<p><em><span style=\"font-size: 10pt\">* Les surfaces de plancher \u00e0 consid\u00e9rer sont celles de n\u2019importe quel b\u00e2timent neuf rattach\u00e9 au projet de construction, d\u00e8s lors que la typologie associ\u00e9e est bureaux, enseignement, \u00e9tablissement de soin, h\u00f4tellerie ou logement collectif.<\/span><\/em><\/p>\n<p><span style=\"color: #000000\"><strong>Informations sur les dispositions applicables \u00e0 la typologie <\/strong> (ne consulter que les rubriques des th\u00e9matiques concernant le projet de construction)<strong> :<\/strong><\/span><\/p>\n<ul>\n<li><a href=\"https:\/\/www.service-public.pf\/sde\/wp-content\/uploads\/sites\/15\/2023\/04\/REPBF_Depliants_Hotellerie_Pages-V2.pdf\">D\u00e9pliant \u00ab\u00a0H\u00f4tellerie\u00a0\u00bb<\/a><\/li>\n<\/ul>\n<\/div><\/div><\/div><\/div><\/div><\/div><div class=\"fusion-layout-column fusion_builder_column fusion-builder-column-84 fusion_builder_column_4_5 4_5 fusion-flex-column vct_gambier_content\" style=\"--awb-bg-size:cover;--awb-width-large:80%;--awb-flex-grow:0;--awb-flex-shrink:0;--awb-margin-top-large:0px;--awb-spacing-right-large:2.4%;--awb-margin-bottom-large:20px;--awb-spacing-left-large:2.4%;--awb-width-medium:100%;--awb-order-medium:0;--awb-flex-grow-medium:0;--awb-flex-shrink-medium:0;--awb-spacing-right-medium:1.92%;--awb-spacing-left-medium:1.92%;--awb-width-small:100%;--awb-order-small:0;--awb-flex-grow-small:0;--awb-flex-shrink-small:0;--awb-spacing-right-small:1.92%;--awb-spacing-left-small:1.92%;\" id=\"vct_gambier_logementcollectif_content\"><div class=\"fusion-column-wrapper fusion-column-has-shadow fusion-flex-justify-content-flex-start fusion-content-layout-column\"><div class=\"fusion-title title fusion-title-71 fusion-sep-none fusion-title-center fusion-title-text fusion-title-size-two hidden\" style=\"--awb-margin-top-small:0px;--awb-margin-right-small:0px;--awb-margin-bottom-small:20px;--awb-margin-left-small:0px;\"><h2 class=\"fusion-title-heading title-heading-center\" style=\"margin:0;\">Protection solaire de la toiture + D\u00e9pliant logement collectif + Fiche d'information logement collectif + Formulaire 2-AG<\/h2><\/div><div class=\"fusion-text fusion-text-270 vct_description_typologie\"><p>Un logement collectif correspond \u00e0 un b\u00e2timent \u00e0 usage d\u2019habitation comprenant au moins trois<br \/>\nlogements superpos\u00e9s ou accol\u00e9s.<\/p>\n<p>On assimile \u00e9galement au logement collectif les locaux \u00e0 sommeil et les internats (locaux \u00e0 sommeil<br \/>\net espaces de vie) des \u00e9tablissements d\u2019enseignement.<\/p>\n<\/div><div class=\"fusion-builder-row fusion-builder-row-inner fusion-row fusion-flex-align-items-center fusion-flex-justify-content-center fusion-flex-content-wrap\" style=\"--awb-flex-grow:0;--awb-flex-grow-medium:0;--awb-flex-grow-small:0;--awb-flex-shrink:0;--awb-flex-shrink-medium:0;--awb-flex-shrink-small:0;width:104% !important;max-width:104% !important;margin-left: calc(-4% \/ 2 );margin-right: calc(-4% \/ 2 );\"><div class=\"fusion-layout-column fusion_builder_column_inner fusion-builder-nested-column-343 fusion_builder_column_inner_1_1 1_1 fusion-flex-column\" style=\"--awb-bg-size:cover;--awb-width-large:100%;--awb-margin-top-large:0px;--awb-spacing-right-large:1.92%;--awb-margin-bottom-large:20px;--awb-spacing-left-large:1.92%;--awb-width-medium:100%;--awb-order-medium:0;--awb-spacing-right-medium:1.92%;--awb-spacing-left-medium:1.92%;--awb-width-small:100%;--awb-order-small:0;--awb-spacing-right-small:1.92%;--awb-spacing-left-small:1.92%;\"><div class=\"fusion-column-wrapper fusion-column-has-shadow fusion-flex-justify-content-flex-start fusion-content-layout-column\"><div class=\"fusion-separator fusion-full-width-sep\" style=\"align-self: center;margin-left: auto;margin-right: auto;width:100%;\"><div class=\"fusion-separator-border sep-shadow\" style=\"--awb-height:20px;--awb-amount:20px;background:radial-gradient(ellipse at 50% -50% , #e0dede 0px, rgba(255, 255, 255, 0) 80%) repeat scroll 0 0 rgba(0, 0, 0, 0);background:-webkit-radial-gradient(ellipse at 50% -50% , #e0dede 0px, rgba(255, 255, 255, 0) 80%) repeat scroll 0 0 rgba(0, 0, 0, 0);background:-moz-radial-gradient(ellipse at 50% -50% , #e0dede 0px, rgba(255, 255, 255, 0) 80%) repeat scroll 0 0 rgba(0, 0, 0, 0);background:-o-radial-gradient(ellipse at 50% -50% , #e0dede 0px, rgba(255, 255, 255, 0) 80%) repeat scroll 0 0 rgba(0, 0, 0, 0);\"><\/div><\/div><\/div><\/div><div class=\"fusion-layout-column fusion_builder_column_inner fusion-builder-nested-column-344 fusion_builder_column_inner_1_3 1_3 fusion-flex-column\" style=\"--awb-bg-size:cover;--awb-width-large:33.333333333333%;--awb-margin-top-large:0px;--awb-spacing-right-large:2vw;--awb-margin-bottom-large:20px;--awb-spacing-left-large:5.76%;--awb-width-medium:100%;--awb-order-medium:0;--awb-spacing-right-medium:1.92%;--awb-spacing-left-medium:1.92%;--awb-width-small:100%;--awb-order-small:0;--awb-spacing-right-small:1.92%;--awb-spacing-left-small:1.92%;\"><div class=\"fusion-column-wrapper fusion-column-has-shadow fusion-flex-justify-content-flex-start fusion-content-layout-column\"><div class=\"fusion-image-element \" style=\"text-align:right;--awb-max-width:450px;--awb-caption-title-font-family:var(--h2_typography-font-family);--awb-caption-title-font-weight:var(--h2_typography-font-weight);--awb-caption-title-font-style:var(--h2_typography-font-style);--awb-caption-title-size:var(--h2_typography-font-size);--awb-caption-title-transform:var(--h2_typography-text-transform);--awb-caption-title-line-height:var(--h2_typography-line-height);--awb-caption-title-letter-spacing:var(--h2_typography-letter-spacing);\"><span class=\" fusion-imageframe imageframe-none imageframe-68 hover-type-none\"><img decoding=\"async\" width=\"300\" height=\"225\" title=\"SDE REBPF IlluTotales Logement Collectif\" src=\"https:\/\/www.service-public.pf\/sde\/wp-content\/uploads\/sites\/15\/2023\/01\/SDE-REBPF-IlluTotales-Logement-Collectif-1-300x225.png\" alt class=\"img-responsive wp-image-3533\" srcset=\"https:\/\/www.service-public.pf\/sde\/wp-content\/uploads\/sites\/15\/2023\/01\/SDE-REBPF-IlluTotales-Logement-Collectif-1-200x150.png 200w, https:\/\/www.service-public.pf\/sde\/wp-content\/uploads\/sites\/15\/2023\/01\/SDE-REBPF-IlluTotales-Logement-Collectif-1-400x300.png 400w, https:\/\/www.service-public.pf\/sde\/wp-content\/uploads\/sites\/15\/2023\/01\/SDE-REBPF-IlluTotales-Logement-Collectif-1-600x450.png 600w, https:\/\/www.service-public.pf\/sde\/wp-content\/uploads\/sites\/15\/2023\/01\/SDE-REBPF-IlluTotales-Logement-Collectif-1-800x600.png 800w, https:\/\/www.service-public.pf\/sde\/wp-content\/uploads\/sites\/15\/2023\/01\/SDE-REBPF-IlluTotales-Logement-Collectif-1-1200x900.png 1200w, https:\/\/www.service-public.pf\/sde\/wp-content\/uploads\/sites\/15\/2023\/01\/SDE-REBPF-IlluTotales-Logement-Collectif-1.png 1453w\" sizes=\"(max-width: 1024px) 100vw, (max-width: 640px) 100vw, 800px\" \/><\/span><\/div><\/div><\/div><div class=\"fusion-layout-column fusion_builder_column_inner fusion-builder-nested-column-345 fusion_builder_column_inner_2_3 2_3 fusion-flex-column\" style=\"--awb-bg-size:cover;--awb-width-large:66.666666666667%;--awb-margin-top-large:0px;--awb-spacing-right-large:2.88%;--awb-margin-bottom-large:20px;--awb-spacing-left-large:2.88%;--awb-width-medium:100%;--awb-order-medium:0;--awb-spacing-right-medium:1.92%;--awb-spacing-left-medium:1.92%;--awb-width-small:100%;--awb-order-small:0;--awb-spacing-right-small:1.92%;--awb-spacing-left-small:1.92%;\"><div class=\"fusion-column-wrapper fusion-column-has-shadow fusion-flex-justify-content-center fusion-content-layout-column\"><div class=\"fusion-text fusion-text-271\" style=\"--awb-content-alignment:center;--awb-font-size:24pt;\"><p>Localisation\u00a0du projet : <strong>Gambier<\/strong><\/p>\n<p>Typologie de la construction\u00a0: <strong>Logement collectif<\/strong><\/p>\n<\/div><\/div><\/div><div class=\"fusion-layout-column fusion_builder_column_inner fusion-builder-nested-column-346 fusion_builder_column_inner_1_1 1_1 fusion-flex-column\" style=\"--awb-bg-size:cover;--awb-width-large:100%;--awb-margin-top-large:0px;--awb-spacing-right-large:1.92%;--awb-margin-bottom-large:20px;--awb-spacing-left-large:1.92%;--awb-width-medium:100%;--awb-order-medium:0;--awb-spacing-right-medium:1.92%;--awb-spacing-left-medium:1.92%;--awb-width-small:100%;--awb-order-small:0;--awb-spacing-right-small:1.92%;--awb-spacing-left-small:1.92%;\"><div class=\"fusion-column-wrapper fusion-column-has-shadow fusion-flex-justify-content-flex-start fusion-content-layout-column\"><div class=\"fusion-separator fusion-full-width-sep\" style=\"align-self: center;margin-left: auto;margin-right: auto;margin-bottom:20px;width:100%;\"><div class=\"fusion-separator-border sep-shadow\" style=\"--awb-height:20px;--awb-amount:20px;background:radial-gradient(ellipse at 50% -50% , #e0dede 0px, rgba(255, 255, 255, 0) 80%) repeat scroll 0 0 rgba(0, 0, 0, 0);background:-webkit-radial-gradient(ellipse at 50% -50% , #e0dede 0px, rgba(255, 255, 255, 0) 80%) repeat scroll 0 0 rgba(0, 0, 0, 0);background:-moz-radial-gradient(ellipse at 50% -50% , #e0dede 0px, rgba(255, 255, 255, 0) 80%) repeat scroll 0 0 rgba(0, 0, 0, 0);background:-o-radial-gradient(ellipse at 50% -50% , #e0dede 0px, rgba(255, 255, 255, 0) 80%) repeat scroll 0 0 rgba(0, 0, 0, 0);\"><\/div><\/div><\/div><\/div><div class=\"fusion-layout-column fusion_builder_column_inner fusion-builder-nested-column-347 fusion_builder_column_inner_1_1 1_1 fusion-flex-column\" style=\"--awb-bg-color:#ffffff;--awb-bg-color-hover:#ffffff;--awb-bg-size:cover;--awb-width-large:100%;--awb-margin-top-large:0px;--awb-spacing-right-large:1.92%;--awb-margin-bottom-large:20px;--awb-spacing-left-large:1.92%;--awb-width-medium:100%;--awb-order-medium:0;--awb-spacing-right-medium:1.92%;--awb-spacing-left-medium:1.92%;--awb-width-small:100%;--awb-order-small:0;--awb-spacing-right-small:1.92%;--awb-spacing-left-small:1.92%;\"><div class=\"fusion-column-wrapper fusion-column-has-shadow fusion-flex-justify-content-flex-start fusion-content-layout-column\"><div class=\"fusion-text fusion-text-272\" style=\"--awb-text-color:#000000;\"><p><strong>Th\u00e9matiques applicables :<\/strong><\/p>\n<\/div><div class=\"accordian fusion-accordian\" style=\"--awb-border-size:1px;--awb-icon-size:13px;--awb-content-font-size:13px;--awb-icon-alignment:left;--awb-hover-color:#f9f9f9;--awb-border-color:#cccccc;--awb-background-color:#ffffff;--awb-divider-color:#e0dede;--awb-divider-hover-color:#e0dede;--awb-icon-color:#ffffff;--awb-title-color:#333333;--awb-content-color:#747474;--awb-icon-box-color:#333333;--awb-toggle-hover-accent-color:#26a147;--awb-title-font-family:&quot;PT Sans&quot;;--awb-title-font-weight:400;--awb-title-font-style:normal;--awb-title-font-size:13px;--awb-content-font-family:&quot;PT Sans&quot;;--awb-content-font-style:normal;--awb-content-font-weight:400;\"><div class=\"panel-group fusion-toggle-icon-boxed\" id=\"accordion-3355-68\"><div class=\"fusion-panel panel-default panel-c84268cbd50990dac fusion-toggle-has-divider\" style=\"--awb-title-color:#333333;--awb-content-color:#747474;\"><div class=\"panel-heading\"><h4 class=\"panel-title toggle\" id=\"toggle_c84268cbd50990dac\"><a aria-expanded=\"false\" aria-controls=\"c84268cbd50990dac\" role=\"button\" data-toggle=\"collapse\" data-parent=\"#accordion-3355-68\" data-target=\"#c84268cbd50990dac\" href=\"#c84268cbd50990dac\"><span class=\"fusion-toggle-icon-wrapper\" aria-hidden=\"true\"><i class=\"fa-fusion-box active-icon awb-icon-minus\" aria-hidden=\"true\"><\/i><i class=\"fa-fusion-box inactive-icon awb-icon-plus\" aria-hidden=\"true\"><\/i><\/span><span class=\"fusion-toggle-heading\">Protection solaire de la toiture<\/span><\/a><\/h4><\/div><div id=\"c84268cbd50990dac\" class=\"panel-collapse collapse \" aria-labelledby=\"toggle_c84268cbd50990dac\"><div class=\"panel-body toggle-content fusion-clearfix\">\n<table style=\"width: 100%;height: 187px\">\n<tbody>\n<tr style=\"height: 187px\">\n<td style=\"height: 187px\"><span style=\"color: #000000\"><strong><span style=\"text-decoration: underline\">Locaux concern\u00e9s<\/span> :<\/strong><\/span><\/p>\n<ul>\n<li>Locaux clos et climatis\u00e9s ou occup\u00e9s (exemples\u00a0: chambre, s\u00e9jour, bureau, \u2026)<\/li>\n<li>Locaux clos non-occup\u00e9s donnant <u>directement<\/u> sur les locaux ci-dessus, hors locaux techniques, stationnements et espaces de stockage non climatis\u00e9s (exemples : sanitaires, salle de bain, buanderie, local poubelle, \u2026)<\/li>\n<\/ul>\n<\/td>\n<td style=\"height: 187px\"><img decoding=\"async\" class=\"alignright wp-image-3430\" src=\"https:\/\/www.service-public.pf\/sde\/wp-content\/uploads\/sites\/15\/2023\/01\/SDE-REBPF-IlluTotales-Logement-Collectif-ProToiture-1.png\" alt=\"\" width=\"300\" height=\"225\" \/><\/td>\n<\/tr>\n<\/tbody>\n<\/table>\n<p style=\"color: #000000\"><strong><span style=\"text-decoration: underline\">Seuils \u00e0 respecter : <\/span><\/strong><\/p>\n<table class=\"table table-bordered\" style=\"width: 100%\">\n<tbody>\n<tr>\n<td style=\"width: 24.0317%\"><strong>Mesure<\/strong><\/td>\n<td style=\"width: 4.78677%\"><strong>Seuil<\/strong><\/td>\n<td style=\"width: 58.7865%\"><strong>Exemples de solutions<\/strong><\/td>\n<\/tr>\n<tr>\n<td style=\"width: 24.0317%\">Facteur solaire maximal de la toiture<\/td>\n<td style=\"width: 4.78677%\">2,5%<\/td>\n<td style=\"width: 58.7865%\">\n<ul>\n<li>Toiture (avec combles) en t\u00f4le de teinte claire avec 3 cm de laine min\u00e9rale minimum<\/li>\n<li>Toiture (avec combles) en t\u00f4le de teinte moyenne avec 5 cm de laine min\u00e9rale minimum<\/li>\n<li>Toiture (avec combles) en t\u00f4le de teinte sombre avec 7,5 cm de laine min\u00e9rale minimum<\/li>\n<li>Toiture terrasse en b\u00e9ton de teinte moyenne avec 6 cm de polystyr\u00e8ne expans\u00e9 minimum<\/li>\n<li>Toiture terrasse en b\u00e9ton avec sur-toiture largement ventil\u00e9e<\/li>\n<\/ul>\n<\/td>\n<\/tr>\n<\/tbody>\n<\/table>\n<p><span style=\"color: #000000\"><strong>Pour plus d\u2019informations sur l\u2019application de la th\u00e9matique, consultez la fiche en question\u00a0:<\/strong><\/span><\/p>\n<ul>\n<li><a href=\"https:\/\/www.service-public.pf\/sde\/wp-content\/uploads\/sites\/15\/2023\/09\/Fiche-02-Protection-solaire-des-parois-opaques-horizontales-Toitures.pdf\">Fiche d\u2019application \u00ab\u00a0Protection solaire de la toiture\u00a0\u00bb<\/a><\/li>\n<\/ul>\n<\/div><\/div><\/div><\/div><\/div><div class=\"fusion-text fusion-text-273\" style=\"--awb-margin-top:10px;\"><p><span style=\"color: #000000\"><strong>Informations relatives aux demandes de permis de construire et au certificat de conformit\u00e9<\/strong><\/span><\/p>\n<p>Le p\u00e9titionnaire remplit les nouveaux formulaires de demande de permis de construire et de certificat de conformit\u00e9 de la DCA qui int\u00e8grent la d\u00e9claration du respect de la r\u00e9glementation.<\/p>\n<p><strong>Si les surfaces de plancher construites cumul\u00e9es* sont sup\u00e9rieures \u00e0 250 m\u00b2 de plancher, les demandes de permis de construire et de certificat de conformit\u00e9 doivent \u00eatre accompagn\u00e9es de l\u2019avis d\u2019un organisme agr\u00e9\u00e9<\/strong><\/p>\n<ul>\n<li><a href=\"https:\/\/www.service-public.pf\/sde\/organismes-agrees\/\">Parcourir la page d\u00e9di\u00e9e aux organismes agr\u00e9\u00e9s<\/a><\/li>\n<\/ul>\n<p><em><span style=\"font-size: 10pt\">* Les surfaces de plancher \u00e0 consid\u00e9rer sont celles de n\u2019importe quel b\u00e2timent neuf rattach\u00e9 au projet de construction, d\u00e8s lors que la typologie associ\u00e9e est bureaux, enseignement, \u00e9tablissement de soin, h\u00f4tellerie ou logement collectif.<\/span><\/em><\/p>\n<p><span style=\"color: #000000\"><strong>Informations sur les dispositions applicables \u00e0 la typologie <\/strong>(ne consulter que les rubriques des th\u00e9matiques concernant le projet de construction)<strong>\u00a0:<\/strong><\/span><\/p>\n<ul>\n<li><a href=\"https:\/\/www.service-public.pf\/sde\/wp-content\/uploads\/sites\/15\/2023\/04\/REPBF_Depliants_LogementCollectif_Pages-V2.pdf\">D\u00e9pliant concernant la typologie Logement collectif<br \/>\n<\/a><\/li>\n<\/ul>\n<\/div><\/div><\/div><\/div><\/div><\/div><div class=\"fusion-layout-column fusion_builder_column fusion-builder-column-85 fusion_builder_column_4_5 4_5 fusion-flex-column vct_gambier_content\" style=\"--awb-bg-size:cover;--awb-width-large:80%;--awb-flex-grow:0;--awb-flex-shrink:0;--awb-margin-top-large:0px;--awb-spacing-right-large:2.4%;--awb-margin-bottom-large:20px;--awb-spacing-left-large:2.4%;--awb-width-medium:100%;--awb-order-medium:0;--awb-flex-grow-medium:0;--awb-flex-shrink-medium:0;--awb-spacing-right-medium:1.92%;--awb-spacing-left-medium:1.92%;--awb-width-small:100%;--awb-order-small:0;--awb-flex-grow-small:0;--awb-flex-shrink-small:0;--awb-spacing-right-small:1.92%;--awb-spacing-left-small:1.92%;\" id=\"vct_gambier_batimentdebureaux_content\"><div class=\"fusion-column-wrapper fusion-column-has-shadow fusion-flex-justify-content-flex-start fusion-content-layout-column\"><div class=\"fusion-title title fusion-title-72 fusion-sep-none fusion-title-center fusion-title-text fusion-title-size-two hidden\" style=\"--awb-margin-top-small:0px;--awb-margin-right-small:0px;--awb-margin-bottom-small:20px;--awb-margin-left-small:0px;\"><h2 class=\"fusion-title-heading title-heading-center\" style=\"margin:0;\">Protection solaire de la toiture + D\u00e9pliant bureaux + Fiche d'information bureaux + Formulaire 2-AG<\/h2><\/div><div class=\"fusion-text fusion-text-274 vct_description_typologie\"><p>Il s\u2019agit d\u2019un b\u00e2timent ou d\u2019une partie de b\u00e2timent \u00e0 usage de bureaux, banque, administration,<br \/>\nespace de coworking comprenant \u00e9galement leurs locaux accessoires (sanitaires, salles de r\u00e9union,<br \/>\ncaf\u00e9taria, \u2026).<\/p>\n<p><em>A noter que le ou les locaux de bureaux qui se rattachent \u00e0 une autre destination ne sont pas associ\u00e9s<\/em><br \/>\n<em>\u00e0 la typologie \u00ab bureaux \u00bb mais \u00e0 la typologie du b\u00e2timent ou de la partie de b\u00e2timent. Par exemple,<\/em><br \/>\n<em>le bureau d\u2019un garage automobile est associ\u00e9 au garage, qui ne correspond pas \u00e0 une typologie<\/em><br \/>\n<em>particuli\u00e8re et correspond donc \u00e0 la section \u00ab\u00a0autre b\u00e2timent\u00a0\u00bb. M\u00eame chose pour un bureau<\/em><br \/>\n<em>administratif d\u2019une salle de sport.<\/em><\/p>\n<\/div><div class=\"fusion-builder-row fusion-builder-row-inner fusion-row fusion-flex-align-items-center fusion-flex-justify-content-center fusion-flex-content-wrap\" style=\"--awb-flex-grow:0;--awb-flex-grow-medium:0;--awb-flex-grow-small:0;--awb-flex-shrink:0;--awb-flex-shrink-medium:0;--awb-flex-shrink-small:0;width:104% !important;max-width:104% !important;margin-left: calc(-4% \/ 2 );margin-right: calc(-4% \/ 2 );\"><div class=\"fusion-layout-column fusion_builder_column_inner fusion-builder-nested-column-348 fusion_builder_column_inner_1_1 1_1 fusion-flex-column\" style=\"--awb-bg-size:cover;--awb-width-large:100%;--awb-margin-top-large:0px;--awb-spacing-right-large:1.92%;--awb-margin-bottom-large:20px;--awb-spacing-left-large:1.92%;--awb-width-medium:100%;--awb-order-medium:0;--awb-spacing-right-medium:1.92%;--awb-spacing-left-medium:1.92%;--awb-width-small:100%;--awb-order-small:0;--awb-spacing-right-small:1.92%;--awb-spacing-left-small:1.92%;\"><div class=\"fusion-column-wrapper fusion-column-has-shadow fusion-flex-justify-content-flex-start fusion-content-layout-column\"><div class=\"fusion-separator fusion-full-width-sep\" style=\"align-self: center;margin-left: auto;margin-right: auto;width:100%;\"><div class=\"fusion-separator-border sep-shadow\" style=\"--awb-height:20px;--awb-amount:20px;background:radial-gradient(ellipse at 50% -50% , #e0dede 0px, rgba(255, 255, 255, 0) 80%) repeat scroll 0 0 rgba(0, 0, 0, 0);background:-webkit-radial-gradient(ellipse at 50% -50% , #e0dede 0px, rgba(255, 255, 255, 0) 80%) repeat scroll 0 0 rgba(0, 0, 0, 0);background:-moz-radial-gradient(ellipse at 50% -50% , #e0dede 0px, rgba(255, 255, 255, 0) 80%) repeat scroll 0 0 rgba(0, 0, 0, 0);background:-o-radial-gradient(ellipse at 50% -50% , #e0dede 0px, rgba(255, 255, 255, 0) 80%) repeat scroll 0 0 rgba(0, 0, 0, 0);\"><\/div><\/div><\/div><\/div><div class=\"fusion-layout-column fusion_builder_column_inner fusion-builder-nested-column-349 fusion_builder_column_inner_1_3 1_3 fusion-flex-column\" style=\"--awb-bg-size:cover;--awb-width-large:33.333333333333%;--awb-margin-top-large:0px;--awb-spacing-right-large:2vw;--awb-margin-bottom-large:20px;--awb-spacing-left-large:5.76%;--awb-width-medium:100%;--awb-order-medium:0;--awb-spacing-right-medium:1.92%;--awb-spacing-left-medium:1.92%;--awb-width-small:100%;--awb-order-small:0;--awb-spacing-right-small:1.92%;--awb-spacing-left-small:1.92%;\"><div class=\"fusion-column-wrapper fusion-column-has-shadow fusion-flex-justify-content-flex-start fusion-content-layout-column\"><div class=\"fusion-image-element \" style=\"text-align:right;--awb-max-width:450px;--awb-caption-title-font-family:var(--h2_typography-font-family);--awb-caption-title-font-weight:var(--h2_typography-font-weight);--awb-caption-title-font-style:var(--h2_typography-font-style);--awb-caption-title-size:var(--h2_typography-font-size);--awb-caption-title-transform:var(--h2_typography-text-transform);--awb-caption-title-line-height:var(--h2_typography-line-height);--awb-caption-title-letter-spacing:var(--h2_typography-letter-spacing);\"><span class=\" fusion-imageframe imageframe-none imageframe-69 hover-type-none\"><img decoding=\"async\" width=\"300\" height=\"225\" title=\"SDE REBPF IlluTotales Bureau\" src=\"https:\/\/www.service-public.pf\/sde\/wp-content\/uploads\/sites\/15\/2023\/01\/SDE-REBPF-IlluTotales-Bureau-300x225.png\" alt class=\"img-responsive wp-image-3431\" srcset=\"https:\/\/www.service-public.pf\/sde\/wp-content\/uploads\/sites\/15\/2023\/01\/SDE-REBPF-IlluTotales-Bureau-200x150.png 200w, https:\/\/www.service-public.pf\/sde\/wp-content\/uploads\/sites\/15\/2023\/01\/SDE-REBPF-IlluTotales-Bureau-400x300.png 400w, https:\/\/www.service-public.pf\/sde\/wp-content\/uploads\/sites\/15\/2023\/01\/SDE-REBPF-IlluTotales-Bureau-600x450.png 600w, https:\/\/www.service-public.pf\/sde\/wp-content\/uploads\/sites\/15\/2023\/01\/SDE-REBPF-IlluTotales-Bureau-800x600.png 800w, https:\/\/www.service-public.pf\/sde\/wp-content\/uploads\/sites\/15\/2023\/01\/SDE-REBPF-IlluTotales-Bureau-1200x900.png 1200w, https:\/\/www.service-public.pf\/sde\/wp-content\/uploads\/sites\/15\/2023\/01\/SDE-REBPF-IlluTotales-Bureau.png 1453w\" sizes=\"(max-width: 1024px) 100vw, (max-width: 640px) 100vw, 800px\" \/><\/span><\/div><\/div><\/div><div class=\"fusion-layout-column fusion_builder_column_inner fusion-builder-nested-column-350 fusion_builder_column_inner_2_3 2_3 fusion-flex-column\" style=\"--awb-bg-size:cover;--awb-width-large:66.666666666667%;--awb-margin-top-large:0px;--awb-spacing-right-large:2.88%;--awb-margin-bottom-large:20px;--awb-spacing-left-large:2.88%;--awb-width-medium:100%;--awb-order-medium:0;--awb-spacing-right-medium:1.92%;--awb-spacing-left-medium:1.92%;--awb-width-small:100%;--awb-order-small:0;--awb-spacing-right-small:1.92%;--awb-spacing-left-small:1.92%;\"><div class=\"fusion-column-wrapper fusion-column-has-shadow fusion-flex-justify-content-center fusion-content-layout-column\"><div class=\"fusion-text fusion-text-275\" style=\"--awb-content-alignment:center;--awb-font-size:24pt;\"><p>Localisation\u00a0du projet : <strong>Gambier<\/strong><\/p>\n<p>Typologie de la construction\u00a0: <strong>Bureaux<\/strong><\/p>\n<\/div><\/div><\/div><div class=\"fusion-layout-column fusion_builder_column_inner fusion-builder-nested-column-351 fusion_builder_column_inner_1_1 1_1 fusion-flex-column\" style=\"--awb-bg-size:cover;--awb-width-large:100%;--awb-margin-top-large:0px;--awb-spacing-right-large:1.92%;--awb-margin-bottom-large:20px;--awb-spacing-left-large:1.92%;--awb-width-medium:100%;--awb-order-medium:0;--awb-spacing-right-medium:1.92%;--awb-spacing-left-medium:1.92%;--awb-width-small:100%;--awb-order-small:0;--awb-spacing-right-small:1.92%;--awb-spacing-left-small:1.92%;\"><div class=\"fusion-column-wrapper fusion-column-has-shadow fusion-flex-justify-content-flex-start fusion-content-layout-column\"><div class=\"fusion-separator fusion-full-width-sep\" style=\"align-self: center;margin-left: auto;margin-right: auto;margin-bottom:20px;width:100%;\"><div class=\"fusion-separator-border sep-shadow\" style=\"--awb-height:20px;--awb-amount:20px;background:radial-gradient(ellipse at 50% -50% , #e0dede 0px, rgba(255, 255, 255, 0) 80%) repeat scroll 0 0 rgba(0, 0, 0, 0);background:-webkit-radial-gradient(ellipse at 50% -50% , #e0dede 0px, rgba(255, 255, 255, 0) 80%) repeat scroll 0 0 rgba(0, 0, 0, 0);background:-moz-radial-gradient(ellipse at 50% -50% , #e0dede 0px, rgba(255, 255, 255, 0) 80%) repeat scroll 0 0 rgba(0, 0, 0, 0);background:-o-radial-gradient(ellipse at 50% -50% , #e0dede 0px, rgba(255, 255, 255, 0) 80%) repeat scroll 0 0 rgba(0, 0, 0, 0);\"><\/div><\/div><\/div><\/div><div class=\"fusion-layout-column fusion_builder_column_inner fusion-builder-nested-column-352 fusion_builder_column_inner_1_1 1_1 fusion-flex-column\" style=\"--awb-bg-color:#ffffff;--awb-bg-color-hover:#ffffff;--awb-bg-size:cover;--awb-width-large:100%;--awb-margin-top-large:0px;--awb-spacing-right-large:1.92%;--awb-margin-bottom-large:20px;--awb-spacing-left-large:1.92%;--awb-width-medium:100%;--awb-order-medium:0;--awb-spacing-right-medium:1.92%;--awb-spacing-left-medium:1.92%;--awb-width-small:100%;--awb-order-small:0;--awb-spacing-right-small:1.92%;--awb-spacing-left-small:1.92%;\"><div class=\"fusion-column-wrapper fusion-column-has-shadow fusion-flex-justify-content-flex-start fusion-content-layout-column\"><div class=\"fusion-text fusion-text-276\" style=\"--awb-text-color:#000000;\"><p><strong>Th\u00e9matiques applicables :<\/strong><\/p>\n<\/div><div class=\"accordian fusion-accordian\" style=\"--awb-border-size:1px;--awb-icon-size:13px;--awb-content-font-size:13px;--awb-icon-alignment:left;--awb-hover-color:#f9f9f9;--awb-border-color:#cccccc;--awb-background-color:#ffffff;--awb-divider-color:#e0dede;--awb-divider-hover-color:#e0dede;--awb-icon-color:#ffffff;--awb-title-color:#333333;--awb-content-color:#747474;--awb-icon-box-color:#333333;--awb-toggle-hover-accent-color:#26a147;--awb-title-font-family:&quot;PT Sans&quot;;--awb-title-font-weight:400;--awb-title-font-style:normal;--awb-title-font-size:13px;--awb-content-font-family:&quot;PT Sans&quot;;--awb-content-font-style:normal;--awb-content-font-weight:400;\"><div class=\"panel-group fusion-toggle-icon-boxed\" id=\"accordion-3355-69\"><div class=\"fusion-panel panel-default panel-9a3b86f8833c1b4ac fusion-toggle-has-divider\" style=\"--awb-title-color:#333333;--awb-content-color:#747474;\"><div class=\"panel-heading\"><h4 class=\"panel-title toggle\" id=\"toggle_9a3b86f8833c1b4ac\"><a aria-expanded=\"false\" aria-controls=\"9a3b86f8833c1b4ac\" role=\"button\" data-toggle=\"collapse\" data-parent=\"#accordion-3355-69\" data-target=\"#9a3b86f8833c1b4ac\" href=\"#9a3b86f8833c1b4ac\"><span class=\"fusion-toggle-icon-wrapper\" aria-hidden=\"true\"><i class=\"fa-fusion-box active-icon awb-icon-minus\" aria-hidden=\"true\"><\/i><i class=\"fa-fusion-box inactive-icon awb-icon-plus\" aria-hidden=\"true\"><\/i><\/span><span class=\"fusion-toggle-heading\">Protection solaire de la toiture<\/span><\/a><\/h4><\/div><div id=\"9a3b86f8833c1b4ac\" class=\"panel-collapse collapse \" aria-labelledby=\"toggle_9a3b86f8833c1b4ac\"><div class=\"panel-body toggle-content fusion-clearfix\">\n<table style=\"width: 100%;height: 187px\">\n<tbody>\n<tr style=\"height: 187px\">\n<td style=\"height: 187px\"><span style=\"color: #000000\"><strong><span style=\"text-decoration: underline\">Locaux concern\u00e9s<\/span> :<\/strong><\/span><\/p>\n<ul>\n<li>Locaux clos et climatis\u00e9s ou occup\u00e9s (exemples\u00a0: bureau, salle de r\u00e9union, espace d\u2019accueil avec personnel permanent, locaux d\u2019activit\u00e9s diverses\u00a0: caf\u00e9taria, r\u00e9fectoire, salle de sport, \u2026)<\/li>\n<li>Locaux clos non-occup\u00e9s donnant <u>directement<\/u> sur les locaux ci-dessus, hors locaux techniques, stationnements et espaces de stockage non climatis\u00e9s (exemples : sanitaires, circulation, hall, \u2026)<\/li>\n<\/ul>\n<\/td>\n<td style=\"height: 187px\"><img decoding=\"async\" class=\"alignright wp-image-3430\" src=\"https:\/\/www.service-public.pf\/sde\/wp-content\/uploads\/sites\/15\/2023\/01\/SDE-REBPF-IlluTotales-Bureau-ProToiture.png\" alt=\"\" width=\"300\" height=\"225\" \/><\/td>\n<\/tr>\n<\/tbody>\n<\/table>\n<p style=\"color: #000000\"><strong><span style=\"text-decoration: underline\">Seuils \u00e0 respecter : <\/span><\/strong><\/p>\n<table class=\"table table-bordered\" style=\"width: 100%\">\n<tbody>\n<tr>\n<td style=\"width: 24.0317%\"><strong>Mesure<\/strong><\/td>\n<td style=\"width: 4.78677%\"><strong>Seuil<\/strong><\/td>\n<td style=\"width: 58.7865%\"><strong>Exemples de solutions<\/strong><\/td>\n<\/tr>\n<tr>\n<td style=\"width: 24.0317%\">Facteur solaire maximal de la toiture<\/td>\n<td style=\"width: 4.78677%\">2,5%<\/td>\n<td style=\"width: 58.7865%\">\n<ul>\n<li>Toiture (avec combles) en t\u00f4le de teinte claire avec 3 cm de laine min\u00e9rale minimum<\/li>\n<li>Toiture (avec combles) en t\u00f4le de teinte moyenne avec 5 cm de laine min\u00e9rale minimum<\/li>\n<li>Toiture (avec combles) en t\u00f4le de teinte sombre avec 7,5 cm de laine min\u00e9rale minimum<\/li>\n<li>Toiture terrasse en b\u00e9ton de teinte moyenne avec 6 cm de polystyr\u00e8ne expans\u00e9 minimum<\/li>\n<li>Toiture terrasse en b\u00e9ton avec sur-toiture largement ventil\u00e9e<\/li>\n<\/ul>\n<\/td>\n<\/tr>\n<\/tbody>\n<\/table>\n<p><span style=\"color: #000000\"><strong>Pour plus d\u2019informations sur l\u2019application de la th\u00e9matique, consultez la fiche en question\u00a0:<\/strong><\/span><\/p>\n<ul>\n<li><a href=\"https:\/\/www.service-public.pf\/sde\/wp-content\/uploads\/sites\/15\/2023\/09\/Fiche-02-Protection-solaire-des-parois-opaques-horizontales-Toitures.pdf\">Fiche d\u2019application \u00ab\u00a0Protection solaire de la toiture\u00a0\u00bb<\/a><\/li>\n<\/ul>\n<\/div><\/div><\/div><\/div><\/div><div class=\"fusion-text fusion-text-277\" style=\"--awb-margin-top:10px;\"><p><span style=\"color: #000000\"><strong>Informations relatives aux demandes de permis de construire et au certificat de conformit\u00e9<\/strong><\/span><\/p>\n<p>Le p\u00e9titionnaire remplit les nouveaux formulaires de demande de permis de construire et de certificat de conformit\u00e9 de la DCA qui int\u00e8grent la d\u00e9claration du respect de la r\u00e9glementation.<\/p>\n<p><strong>Si les surfaces de plancher construites cumul\u00e9es* sont sup\u00e9rieures \u00e0 250 m\u00b2 de plancher, les demandes de permis de construire et de certificat de conformit\u00e9 doivent \u00eatre accompagn\u00e9es de l\u2019avis d\u2019un organisme agr\u00e9\u00e9<\/strong><\/p>\n<ul>\n<li><a href=\"https:\/\/www.service-public.pf\/sde\/organismes-agrees\/\">Parcourir la page d\u00e9di\u00e9e aux organismes agr\u00e9\u00e9s<\/a><\/li>\n<\/ul>\n<p><em><span style=\"font-size: 10pt\">* Les surfaces de plancher \u00e0 consid\u00e9rer sont celles de n\u2019importe quel b\u00e2timent neuf rattach\u00e9 au projet de construction, d\u00e8s lors que la typologie associ\u00e9e est bureaux, enseignement, \u00e9tablissement de soin, h\u00f4tellerie ou logement collectif.<\/span><\/em><\/p>\n<p><span style=\"color: #000000\"><strong>Informations sur les dispositions applicables \u00e0 la typologie <\/strong>(ne consulter que les rubriques des th\u00e9matiques concernant le projet de construction)<strong>\u00a0:<\/strong><\/span><\/p>\n<ul>\n<li><a href=\"https:\/\/www.service-public.pf\/sde\/wp-content\/uploads\/sites\/15\/2023\/04\/REPBF_Depliants_Bureaux_Pages-V2.pdf\">D\u00e9pliant \u00ab\u00a0Bureaux\u00a0\u00bb<\/a><\/li>\n<\/ul>\n<\/div><\/div><\/div><\/div><\/div><\/div><div class=\"fusion-layout-column fusion_builder_column fusion-builder-column-86 fusion_builder_column_4_5 4_5 fusion-flex-column vct_gambier_content\" style=\"--awb-bg-size:cover;--awb-width-large:80%;--awb-flex-grow:0;--awb-flex-shrink:0;--awb-margin-top-large:0px;--awb-spacing-right-large:2.4%;--awb-margin-bottom-large:20px;--awb-spacing-left-large:2.4%;--awb-width-medium:100%;--awb-order-medium:0;--awb-flex-grow-medium:0;--awb-flex-shrink-medium:0;--awb-spacing-right-medium:1.92%;--awb-spacing-left-medium:1.92%;--awb-width-small:100%;--awb-order-small:0;--awb-flex-grow-small:0;--awb-flex-shrink-small:0;--awb-spacing-right-small:1.92%;--awb-spacing-left-small:1.92%;\" id=\"vct_gambier_etablissementdesoin_content\"><div class=\"fusion-column-wrapper fusion-column-has-shadow fusion-flex-justify-content-flex-start fusion-content-layout-column\"><div class=\"fusion-title title fusion-title-73 fusion-sep-none fusion-title-center fusion-title-text fusion-title-size-two hidden\" style=\"--awb-margin-top-small:0px;--awb-margin-right-small:0px;--awb-margin-bottom-small:20px;--awb-margin-left-small:0px;\"><h2 class=\"fusion-title-heading title-heading-center\" style=\"margin:0;\">Protection solaire de la toiture + D\u00e9pliant \u00e9tablissement de soin + Fiche d'information \u00e9tablissement de soin + Formulaire 2-AG<\/h2><\/div><div class=\"fusion-text fusion-text-278 vct_description_typologie\"><p>Il s\u2019agit d\u2019un b\u00e2timent ou d\u2019une partie de b\u00e2timent \u00e0 usage d\u2019h\u00f4pital, clinique et tout autre<br \/>\n\u00e9tablissement de service public ou d\u2019int\u00e9r\u00eat collectif de la sant\u00e9 et leurs locaux accessoires ; ainsi que<br \/>\nles structures d\u2019accueil pour personnes \u00e2g\u00e9es et personnes handicap\u00e9es et leurs locaux accessoires.<\/p>\n<\/div><div class=\"fusion-builder-row fusion-builder-row-inner fusion-row fusion-flex-align-items-center fusion-flex-justify-content-center fusion-flex-content-wrap\" style=\"--awb-flex-grow:0;--awb-flex-grow-medium:0;--awb-flex-grow-small:0;--awb-flex-shrink:0;--awb-flex-shrink-medium:0;--awb-flex-shrink-small:0;width:104% !important;max-width:104% !important;margin-left: calc(-4% \/ 2 );margin-right: calc(-4% \/ 2 );\"><div class=\"fusion-layout-column fusion_builder_column_inner fusion-builder-nested-column-353 fusion_builder_column_inner_1_1 1_1 fusion-flex-column\" style=\"--awb-bg-size:cover;--awb-width-large:100%;--awb-margin-top-large:0px;--awb-spacing-right-large:1.92%;--awb-margin-bottom-large:20px;--awb-spacing-left-large:1.92%;--awb-width-medium:100%;--awb-order-medium:0;--awb-spacing-right-medium:1.92%;--awb-spacing-left-medium:1.92%;--awb-width-small:100%;--awb-order-small:0;--awb-spacing-right-small:1.92%;--awb-spacing-left-small:1.92%;\"><div class=\"fusion-column-wrapper fusion-column-has-shadow fusion-flex-justify-content-flex-start fusion-content-layout-column\"><div class=\"fusion-separator fusion-full-width-sep\" style=\"align-self: center;margin-left: auto;margin-right: auto;width:100%;\"><div class=\"fusion-separator-border sep-shadow\" style=\"--awb-height:20px;--awb-amount:20px;background:radial-gradient(ellipse at 50% -50% , #e0dede 0px, rgba(255, 255, 255, 0) 80%) repeat scroll 0 0 rgba(0, 0, 0, 0);background:-webkit-radial-gradient(ellipse at 50% -50% , #e0dede 0px, rgba(255, 255, 255, 0) 80%) repeat scroll 0 0 rgba(0, 0, 0, 0);background:-moz-radial-gradient(ellipse at 50% -50% , #e0dede 0px, rgba(255, 255, 255, 0) 80%) repeat scroll 0 0 rgba(0, 0, 0, 0);background:-o-radial-gradient(ellipse at 50% -50% , #e0dede 0px, rgba(255, 255, 255, 0) 80%) repeat scroll 0 0 rgba(0, 0, 0, 0);\"><\/div><\/div><\/div><\/div><div class=\"fusion-layout-column fusion_builder_column_inner fusion-builder-nested-column-354 fusion_builder_column_inner_1_3 1_3 fusion-flex-column\" style=\"--awb-bg-size:cover;--awb-width-large:33.333333333333%;--awb-margin-top-large:0px;--awb-spacing-right-large:2vw;--awb-margin-bottom-large:20px;--awb-spacing-left-large:5.76%;--awb-width-medium:100%;--awb-order-medium:0;--awb-spacing-right-medium:1.92%;--awb-spacing-left-medium:1.92%;--awb-width-small:100%;--awb-order-small:0;--awb-spacing-right-small:1.92%;--awb-spacing-left-small:1.92%;\"><div class=\"fusion-column-wrapper fusion-column-has-shadow fusion-flex-justify-content-flex-start fusion-content-layout-column\"><div class=\"fusion-image-element \" style=\"text-align:right;--awb-max-width:450px;--awb-caption-title-font-family:var(--h2_typography-font-family);--awb-caption-title-font-weight:var(--h2_typography-font-weight);--awb-caption-title-font-style:var(--h2_typography-font-style);--awb-caption-title-size:var(--h2_typography-font-size);--awb-caption-title-transform:var(--h2_typography-text-transform);--awb-caption-title-line-height:var(--h2_typography-line-height);--awb-caption-title-letter-spacing:var(--h2_typography-letter-spacing);\"><span class=\" fusion-imageframe imageframe-none imageframe-70 hover-type-none\"><img decoding=\"async\" width=\"300\" height=\"225\" title=\"SDE REBPF IlluTotales Etablissement Soin\" src=\"https:\/\/www.service-public.pf\/sde\/wp-content\/uploads\/sites\/15\/2023\/01\/SDE-REBPF-IlluTotales-Etablissement-Soin-300x225.png\" alt class=\"img-responsive wp-image-3441\" srcset=\"https:\/\/www.service-public.pf\/sde\/wp-content\/uploads\/sites\/15\/2023\/01\/SDE-REBPF-IlluTotales-Etablissement-Soin-200x150.png 200w, https:\/\/www.service-public.pf\/sde\/wp-content\/uploads\/sites\/15\/2023\/01\/SDE-REBPF-IlluTotales-Etablissement-Soin-400x300.png 400w, https:\/\/www.service-public.pf\/sde\/wp-content\/uploads\/sites\/15\/2023\/01\/SDE-REBPF-IlluTotales-Etablissement-Soin-600x450.png 600w, https:\/\/www.service-public.pf\/sde\/wp-content\/uploads\/sites\/15\/2023\/01\/SDE-REBPF-IlluTotales-Etablissement-Soin-800x600.png 800w, https:\/\/www.service-public.pf\/sde\/wp-content\/uploads\/sites\/15\/2023\/01\/SDE-REBPF-IlluTotales-Etablissement-Soin-1200x900.png 1200w, https:\/\/www.service-public.pf\/sde\/wp-content\/uploads\/sites\/15\/2023\/01\/SDE-REBPF-IlluTotales-Etablissement-Soin.png 1453w\" sizes=\"(max-width: 1024px) 100vw, (max-width: 640px) 100vw, 800px\" \/><\/span><\/div><\/div><\/div><div class=\"fusion-layout-column fusion_builder_column_inner fusion-builder-nested-column-355 fusion_builder_column_inner_2_3 2_3 fusion-flex-column\" style=\"--awb-bg-size:cover;--awb-width-large:66.666666666667%;--awb-margin-top-large:0px;--awb-spacing-right-large:2.88%;--awb-margin-bottom-large:20px;--awb-spacing-left-large:2.88%;--awb-width-medium:100%;--awb-order-medium:0;--awb-spacing-right-medium:1.92%;--awb-spacing-left-medium:1.92%;--awb-width-small:100%;--awb-order-small:0;--awb-spacing-right-small:1.92%;--awb-spacing-left-small:1.92%;\"><div class=\"fusion-column-wrapper fusion-column-has-shadow fusion-flex-justify-content-center fusion-content-layout-column\"><div class=\"fusion-text fusion-text-279\" style=\"--awb-content-alignment:center;--awb-font-size:24pt;\"><p>Localisation\u00a0du projet : <strong>Gambier<\/strong><\/p>\n<p>Typologie de la construction\u00a0: <strong>\u00c9tablissement de soin<\/strong><\/p>\n<\/div><\/div><\/div><div class=\"fusion-layout-column fusion_builder_column_inner fusion-builder-nested-column-356 fusion_builder_column_inner_1_1 1_1 fusion-flex-column\" style=\"--awb-bg-size:cover;--awb-width-large:100%;--awb-margin-top-large:0px;--awb-spacing-right-large:1.92%;--awb-margin-bottom-large:20px;--awb-spacing-left-large:1.92%;--awb-width-medium:100%;--awb-order-medium:0;--awb-spacing-right-medium:1.92%;--awb-spacing-left-medium:1.92%;--awb-width-small:100%;--awb-order-small:0;--awb-spacing-right-small:1.92%;--awb-spacing-left-small:1.92%;\"><div class=\"fusion-column-wrapper fusion-column-has-shadow fusion-flex-justify-content-flex-start fusion-content-layout-column\"><div class=\"fusion-separator fusion-full-width-sep\" style=\"align-self: center;margin-left: auto;margin-right: auto;margin-bottom:20px;width:100%;\"><div class=\"fusion-separator-border sep-shadow\" style=\"--awb-height:20px;--awb-amount:20px;background:radial-gradient(ellipse at 50% -50% , #e0dede 0px, rgba(255, 255, 255, 0) 80%) repeat scroll 0 0 rgba(0, 0, 0, 0);background:-webkit-radial-gradient(ellipse at 50% -50% , #e0dede 0px, rgba(255, 255, 255, 0) 80%) repeat scroll 0 0 rgba(0, 0, 0, 0);background:-moz-radial-gradient(ellipse at 50% -50% , #e0dede 0px, rgba(255, 255, 255, 0) 80%) repeat scroll 0 0 rgba(0, 0, 0, 0);background:-o-radial-gradient(ellipse at 50% -50% , #e0dede 0px, rgba(255, 255, 255, 0) 80%) repeat scroll 0 0 rgba(0, 0, 0, 0);\"><\/div><\/div><\/div><\/div><div class=\"fusion-layout-column fusion_builder_column_inner fusion-builder-nested-column-357 fusion_builder_column_inner_1_1 1_1 fusion-flex-column\" style=\"--awb-bg-color:#ffffff;--awb-bg-color-hover:#ffffff;--awb-bg-size:cover;--awb-width-large:100%;--awb-margin-top-large:0px;--awb-spacing-right-large:1.92%;--awb-margin-bottom-large:20px;--awb-spacing-left-large:1.92%;--awb-width-medium:100%;--awb-order-medium:0;--awb-spacing-right-medium:1.92%;--awb-spacing-left-medium:1.92%;--awb-width-small:100%;--awb-order-small:0;--awb-spacing-right-small:1.92%;--awb-spacing-left-small:1.92%;\"><div class=\"fusion-column-wrapper fusion-column-has-shadow fusion-flex-justify-content-flex-start fusion-content-layout-column\"><div class=\"fusion-text fusion-text-280\" style=\"--awb-text-color:#000000;\"><p><strong>Th\u00e9matiques applicables :<\/strong><\/p>\n<\/div><div class=\"accordian fusion-accordian\" style=\"--awb-border-size:1px;--awb-icon-size:13px;--awb-content-font-size:13px;--awb-icon-alignment:left;--awb-hover-color:#f9f9f9;--awb-border-color:#cccccc;--awb-background-color:#ffffff;--awb-divider-color:#e0dede;--awb-divider-hover-color:#e0dede;--awb-icon-color:#ffffff;--awb-title-color:#333333;--awb-content-color:#747474;--awb-icon-box-color:#333333;--awb-toggle-hover-accent-color:#26a147;--awb-title-font-family:&quot;PT Sans&quot;;--awb-title-font-weight:400;--awb-title-font-style:normal;--awb-title-font-size:13px;--awb-content-font-family:&quot;PT Sans&quot;;--awb-content-font-style:normal;--awb-content-font-weight:400;\"><div class=\"panel-group fusion-toggle-icon-boxed\" id=\"accordion-3355-70\"><div class=\"fusion-panel panel-default panel-009b9335566db07a4 fusion-toggle-has-divider\" style=\"--awb-title-color:#333333;--awb-content-color:#747474;\"><div class=\"panel-heading\"><h4 class=\"panel-title toggle\" id=\"toggle_009b9335566db07a4\"><a aria-expanded=\"false\" aria-controls=\"009b9335566db07a4\" role=\"button\" data-toggle=\"collapse\" data-parent=\"#accordion-3355-70\" data-target=\"#009b9335566db07a4\" href=\"#009b9335566db07a4\"><span class=\"fusion-toggle-icon-wrapper\" aria-hidden=\"true\"><i class=\"fa-fusion-box active-icon awb-icon-minus\" aria-hidden=\"true\"><\/i><i class=\"fa-fusion-box inactive-icon awb-icon-plus\" aria-hidden=\"true\"><\/i><\/span><span class=\"fusion-toggle-heading\">Protection solaire de la toiture<\/span><\/a><\/h4><\/div><div id=\"009b9335566db07a4\" class=\"panel-collapse collapse \" aria-labelledby=\"toggle_009b9335566db07a4\"><div class=\"panel-body toggle-content fusion-clearfix\">\n<table style=\"width: 100%;height: 187px\">\n<tbody>\n<tr style=\"height: 187px\">\n<td style=\"height: 187px\"><span style=\"color: #000000\"><strong><span style=\"text-decoration: underline\">Locaux concern\u00e9s<\/span> :<\/strong><\/span><\/p>\n<ul>\n<li>Locaux clos et climatis\u00e9s ou occup\u00e9s (exemples : salle de consultation, bloc op\u00e9ratoire, bureau, salle de r\u00e9union, chambre, espace d\u2019accueil avec personnel permanent, locaux d\u2019activit\u00e9s diverses : caf\u00e9t\u00e9ria, r\u00e9fectoire, \u2026)<\/li>\n<li>Locaux clos non-occup\u00e9s donnant <u>directement<\/u> sur les locaux ci-dessus, hors locaux techniques, stationnements et espaces de stockage non climatis\u00e9s (exemples : sanitaires, circulation, hall, vestiaires, \u2026)<\/li>\n<\/ul>\n<\/td>\n<td style=\"height: 187px\"><img decoding=\"async\" class=\"alignright wp-image-3430\" src=\"https:\/\/www.service-public.pf\/sde\/wp-content\/uploads\/sites\/15\/2023\/01\/SDE-REBPF-IlluTotales-Etablissement-Soin-ProToiture.png\" alt=\"\" width=\"300\" height=\"225\" \/><\/td>\n<\/tr>\n<\/tbody>\n<\/table>\n<p style=\"color: #000000\"><strong><span style=\"text-decoration: underline\">Seuils \u00e0 respecter : <\/span><\/strong><\/p>\n<table class=\"table table-bordered\" style=\"width: 100%\">\n<tbody>\n<tr>\n<td style=\"width: 24.0317%\"><strong>Mesure<\/strong><\/td>\n<td style=\"width: 4.78677%\"><strong>Seuil<\/strong><\/td>\n<td style=\"width: 58.7865%\"><strong>Exemples de solutions<\/strong><\/td>\n<\/tr>\n<tr>\n<td style=\"width: 24.0317%\">Facteur solaire maximal de la toiture<\/td>\n<td style=\"width: 4.78677%\">2,5%<\/td>\n<td style=\"width: 58.7865%\">\n<ul>\n<li>Toiture (avec combles) en t\u00f4le de teinte claire avec 3 cm de laine min\u00e9rale minimum<\/li>\n<li>Toiture (avec combles) en t\u00f4le de teinte moyenne avec 5 cm de laine min\u00e9rale minimum<\/li>\n<li>Toiture (avec combles) en t\u00f4le de teinte sombre avec 7,5 cm de laine min\u00e9rale minimum<\/li>\n<li>Toiture terrasse en b\u00e9ton de teinte moyenne avec 6 cm de polystyr\u00e8ne expans\u00e9 minimum<\/li>\n<li>Toiture terrasse en b\u00e9ton avec sur-toiture largement ventil\u00e9e<\/li>\n<\/ul>\n<\/td>\n<\/tr>\n<\/tbody>\n<\/table>\n<p><span style=\"color: #000000\"><strong>Pour plus d\u2019informations sur l\u2019application de la th\u00e9matique, consultez la fiche en question\u00a0:<\/strong><\/span><\/p>\n<ul>\n<li><a href=\"https:\/\/www.service-public.pf\/sde\/wp-content\/uploads\/sites\/15\/2023\/09\/Fiche-02-Protection-solaire-des-parois-opaques-horizontales-Toitures.pdf\">Fiche d\u2019application \u00ab\u00a0Protection solaire de la toiture\u00a0\u00bb<\/a><\/li>\n<\/ul>\n<\/div><\/div><\/div><\/div><\/div><div class=\"fusion-text fusion-text-281\" style=\"--awb-margin-top:10px;\"><p><span style=\"color: #000000\"><strong>Informations relatives aux demandes de permis de construire et au certificat de conformit\u00e9<\/strong><\/span><\/p>\n<p>Le p\u00e9titionnaire remplit les nouveaux formulaires de demande de permis de construire et de certificat de conformit\u00e9 de la DCA qui int\u00e8grent la d\u00e9claration du respect de la r\u00e9glementation.<\/p>\n<p><strong>Si les surfaces de plancher construites cumul\u00e9es* sont sup\u00e9rieures \u00e0 250 m\u00b2 de plancher, les demandes de permis de construire et de certificat de conformit\u00e9 doivent \u00eatre accompagn\u00e9es de l\u2019avis d\u2019un organisme agr\u00e9\u00e9<\/strong><\/p>\n<ul>\n<li><a href=\"https:\/\/www.service-public.pf\/sde\/organismes-agrees\/\">Parcourir la page d\u00e9di\u00e9e aux organismes agr\u00e9\u00e9s<\/a><\/li>\n<\/ul>\n<p><em><span style=\"font-size: 10pt\">* Les surfaces de plancher \u00e0 consid\u00e9rer sont celles de n\u2019importe quel b\u00e2timent neuf rattach\u00e9 au projet de construction, d\u00e8s lors que la typologie associ\u00e9e est bureaux, enseignement, \u00e9tablissement de soin, h\u00f4tellerie ou logement collectif.<\/span><\/em><\/p>\n<p><span style=\"color: #000000\"><strong>Informations sur les dispositions applicables \u00e0 la typologie <\/strong>(ne consulter que les rubriques des th\u00e9matiques concernant le projet de construction)<strong>\u00a0:<\/strong><\/span><\/p>\n<ul>\n<li><a href=\"https:\/\/www.service-public.pf\/sde\/wp-content\/uploads\/sites\/15\/2023\/04\/REPBF_Depliants_EtablissmentDeSoin_Pages-V2.pdf\">D\u00e9pliant \u00ab\u00a0Etablissement de soin \u00bb<\/a><\/li>\n<\/ul>\n<\/div><\/div><\/div><\/div><\/div><\/div><div class=\"fusion-layout-column fusion_builder_column fusion-builder-column-87 fusion_builder_column_4_5 4_5 fusion-flex-column vct_gambier_content\" style=\"--awb-bg-size:cover;--awb-width-large:80%;--awb-flex-grow:0;--awb-flex-shrink:0;--awb-margin-top-large:0px;--awb-spacing-right-large:2.4%;--awb-margin-bottom-large:20px;--awb-spacing-left-large:2.4%;--awb-width-medium:100%;--awb-order-medium:0;--awb-flex-grow-medium:0;--awb-flex-shrink-medium:0;--awb-spacing-right-medium:1.92%;--awb-spacing-left-medium:1.92%;--awb-width-small:100%;--awb-order-small:0;--awb-flex-grow-small:0;--awb-flex-shrink-small:0;--awb-spacing-right-small:1.92%;--awb-spacing-left-small:1.92%;\" id=\"vct_gambier_etablissementdenseignement_content\"><div class=\"fusion-column-wrapper fusion-column-has-shadow fusion-flex-justify-content-flex-start fusion-content-layout-column\"><div class=\"fusion-title title fusion-title-74 fusion-sep-none fusion-title-center fusion-title-text fusion-title-size-two hidden\" style=\"--awb-margin-top-small:0px;--awb-margin-right-small:0px;--awb-margin-bottom-small:20px;--awb-margin-left-small:0px;\"><h2 class=\"fusion-title-heading title-heading-center\" style=\"margin:0;\">Protection solaire de la toiture + D\u00e9pliant \u00e9tablissement d'enseignement + Fiche d'information \u00e9tablissement d'enseignement + Formulaire 2-AG<\/h2><\/div><div class=\"fusion-text fusion-text-282 vct_description_typologie\"><p>Il s\u2019agit d\u2019un b\u00e2timent ou d\u2019une partie de b\u00e2timent \u00e0 usage de cr\u00e8che et garderie, \u00e9cole maternelle,<br \/>\n\u00e9cole primaire, coll\u00e8ge, lyc\u00e9e, \u00e9tablissement d\u2019enseignement sup\u00e9rieur et tout autre b\u00e2timent de<br \/>\nservice public ou d\u2019int\u00e9r\u00eat collectif de l\u2019enseignement, comprenant \u00e9galement leurs locaux<br \/>\naccessoires.<\/p>\n<p>Pour rappel, les locaux \u00e0 sommeil et les internats sont assimil\u00e9s \u00e0 la typologie \u00ab logement collectif \u00bb.<\/p>\n<\/div><div class=\"fusion-builder-row fusion-builder-row-inner fusion-row fusion-flex-align-items-center fusion-flex-justify-content-center fusion-flex-content-wrap\" style=\"--awb-flex-grow:0;--awb-flex-grow-medium:0;--awb-flex-grow-small:0;--awb-flex-shrink:0;--awb-flex-shrink-medium:0;--awb-flex-shrink-small:0;width:104% !important;max-width:104% !important;margin-left: calc(-4% \/ 2 );margin-right: calc(-4% \/ 2 );\"><div class=\"fusion-layout-column fusion_builder_column_inner fusion-builder-nested-column-358 fusion_builder_column_inner_1_1 1_1 fusion-flex-column\" style=\"--awb-bg-size:cover;--awb-width-large:100%;--awb-margin-top-large:0px;--awb-spacing-right-large:1.92%;--awb-margin-bottom-large:20px;--awb-spacing-left-large:1.92%;--awb-width-medium:100%;--awb-order-medium:0;--awb-spacing-right-medium:1.92%;--awb-spacing-left-medium:1.92%;--awb-width-small:100%;--awb-order-small:0;--awb-spacing-right-small:1.92%;--awb-spacing-left-small:1.92%;\"><div class=\"fusion-column-wrapper fusion-column-has-shadow fusion-flex-justify-content-flex-start fusion-content-layout-column\"><div class=\"fusion-separator fusion-full-width-sep\" style=\"align-self: center;margin-left: auto;margin-right: auto;width:100%;\"><div class=\"fusion-separator-border sep-shadow\" style=\"--awb-height:20px;--awb-amount:20px;background:radial-gradient(ellipse at 50% -50% , #e0dede 0px, rgba(255, 255, 255, 0) 80%) repeat scroll 0 0 rgba(0, 0, 0, 0);background:-webkit-radial-gradient(ellipse at 50% -50% , #e0dede 0px, rgba(255, 255, 255, 0) 80%) repeat scroll 0 0 rgba(0, 0, 0, 0);background:-moz-radial-gradient(ellipse at 50% -50% , #e0dede 0px, rgba(255, 255, 255, 0) 80%) repeat scroll 0 0 rgba(0, 0, 0, 0);background:-o-radial-gradient(ellipse at 50% -50% , #e0dede 0px, rgba(255, 255, 255, 0) 80%) repeat scroll 0 0 rgba(0, 0, 0, 0);\"><\/div><\/div><\/div><\/div><div class=\"fusion-layout-column fusion_builder_column_inner fusion-builder-nested-column-359 fusion_builder_column_inner_1_3 1_3 fusion-flex-column\" style=\"--awb-bg-size:cover;--awb-width-large:33.333333333333%;--awb-margin-top-large:0px;--awb-spacing-right-large:2vw;--awb-margin-bottom-large:20px;--awb-spacing-left-large:5.76%;--awb-width-medium:100%;--awb-order-medium:0;--awb-spacing-right-medium:1.92%;--awb-spacing-left-medium:1.92%;--awb-width-small:100%;--awb-order-small:0;--awb-spacing-right-small:1.92%;--awb-spacing-left-small:1.92%;\"><div class=\"fusion-column-wrapper fusion-column-has-shadow fusion-flex-justify-content-flex-start fusion-content-layout-column\"><div class=\"fusion-image-element \" style=\"text-align:right;--awb-max-width:450px;--awb-caption-title-font-family:var(--h2_typography-font-family);--awb-caption-title-font-weight:var(--h2_typography-font-weight);--awb-caption-title-font-style:var(--h2_typography-font-style);--awb-caption-title-size:var(--h2_typography-font-size);--awb-caption-title-transform:var(--h2_typography-text-transform);--awb-caption-title-line-height:var(--h2_typography-line-height);--awb-caption-title-letter-spacing:var(--h2_typography-letter-spacing);\"><span class=\" fusion-imageframe imageframe-none imageframe-71 hover-type-none\"><img decoding=\"async\" width=\"300\" height=\"225\" title=\"SDE REBPF IlluTotales Enseignement\" src=\"https:\/\/www.service-public.pf\/sde\/wp-content\/uploads\/sites\/15\/2023\/01\/SDE-REBPF-IlluTotales-Enseignement-300x225.png\" alt class=\"img-responsive wp-image-3429\" srcset=\"https:\/\/www.service-public.pf\/sde\/wp-content\/uploads\/sites\/15\/2023\/01\/SDE-REBPF-IlluTotales-Enseignement-200x150.png 200w, https:\/\/www.service-public.pf\/sde\/wp-content\/uploads\/sites\/15\/2023\/01\/SDE-REBPF-IlluTotales-Enseignement-400x300.png 400w, https:\/\/www.service-public.pf\/sde\/wp-content\/uploads\/sites\/15\/2023\/01\/SDE-REBPF-IlluTotales-Enseignement-600x450.png 600w, https:\/\/www.service-public.pf\/sde\/wp-content\/uploads\/sites\/15\/2023\/01\/SDE-REBPF-IlluTotales-Enseignement-800x600.png 800w, https:\/\/www.service-public.pf\/sde\/wp-content\/uploads\/sites\/15\/2023\/01\/SDE-REBPF-IlluTotales-Enseignement-1200x900.png 1200w, https:\/\/www.service-public.pf\/sde\/wp-content\/uploads\/sites\/15\/2023\/01\/SDE-REBPF-IlluTotales-Enseignement.png 1453w\" sizes=\"(max-width: 1024px) 100vw, (max-width: 640px) 100vw, 800px\" \/><\/span><\/div><\/div><\/div><div class=\"fusion-layout-column fusion_builder_column_inner fusion-builder-nested-column-360 fusion_builder_column_inner_2_3 2_3 fusion-flex-column\" style=\"--awb-bg-size:cover;--awb-width-large:66.666666666667%;--awb-margin-top-large:0px;--awb-spacing-right-large:2.88%;--awb-margin-bottom-large:20px;--awb-spacing-left-large:2.88%;--awb-width-medium:100%;--awb-order-medium:0;--awb-spacing-right-medium:1.92%;--awb-spacing-left-medium:1.92%;--awb-width-small:100%;--awb-order-small:0;--awb-spacing-right-small:1.92%;--awb-spacing-left-small:1.92%;\"><div class=\"fusion-column-wrapper fusion-column-has-shadow fusion-flex-justify-content-center fusion-content-layout-column\"><div class=\"fusion-text fusion-text-283\" style=\"--awb-content-alignment:center;--awb-font-size:24pt;\"><p>Localisation\u00a0du projet : <strong>Gambier<\/strong><\/p>\n<p>Typologie de la construction\u00a0: <strong>Enseignement<\/strong><\/p>\n<\/div><\/div><\/div><div class=\"fusion-layout-column fusion_builder_column_inner fusion-builder-nested-column-361 fusion_builder_column_inner_1_1 1_1 fusion-flex-column\" style=\"--awb-bg-size:cover;--awb-width-large:100%;--awb-margin-top-large:0px;--awb-spacing-right-large:1.92%;--awb-margin-bottom-large:20px;--awb-spacing-left-large:1.92%;--awb-width-medium:100%;--awb-order-medium:0;--awb-spacing-right-medium:1.92%;--awb-spacing-left-medium:1.92%;--awb-width-small:100%;--awb-order-small:0;--awb-spacing-right-small:1.92%;--awb-spacing-left-small:1.92%;\"><div class=\"fusion-column-wrapper fusion-column-has-shadow fusion-flex-justify-content-flex-start fusion-content-layout-column\"><div class=\"fusion-separator fusion-full-width-sep\" style=\"align-self: center;margin-left: auto;margin-right: auto;margin-bottom:20px;width:100%;\"><div class=\"fusion-separator-border sep-shadow\" style=\"--awb-height:20px;--awb-amount:20px;background:radial-gradient(ellipse at 50% -50% , #e0dede 0px, rgba(255, 255, 255, 0) 80%) repeat scroll 0 0 rgba(0, 0, 0, 0);background:-webkit-radial-gradient(ellipse at 50% -50% , #e0dede 0px, rgba(255, 255, 255, 0) 80%) repeat scroll 0 0 rgba(0, 0, 0, 0);background:-moz-radial-gradient(ellipse at 50% -50% , #e0dede 0px, rgba(255, 255, 255, 0) 80%) repeat scroll 0 0 rgba(0, 0, 0, 0);background:-o-radial-gradient(ellipse at 50% -50% , #e0dede 0px, rgba(255, 255, 255, 0) 80%) repeat scroll 0 0 rgba(0, 0, 0, 0);\"><\/div><\/div><\/div><\/div><div class=\"fusion-layout-column fusion_builder_column_inner fusion-builder-nested-column-362 fusion_builder_column_inner_1_1 1_1 fusion-flex-column\" style=\"--awb-bg-color:#ffffff;--awb-bg-color-hover:#ffffff;--awb-bg-size:cover;--awb-width-large:100%;--awb-margin-top-large:0px;--awb-spacing-right-large:1.92%;--awb-margin-bottom-large:20px;--awb-spacing-left-large:1.92%;--awb-width-medium:100%;--awb-order-medium:0;--awb-spacing-right-medium:1.92%;--awb-spacing-left-medium:1.92%;--awb-width-small:100%;--awb-order-small:0;--awb-spacing-right-small:1.92%;--awb-spacing-left-small:1.92%;\"><div class=\"fusion-column-wrapper fusion-column-has-shadow fusion-flex-justify-content-flex-start fusion-content-layout-column\"><div class=\"fusion-text fusion-text-284\" style=\"--awb-text-color:#000000;\"><p><strong>Th\u00e9matiques applicables :<\/strong><\/p>\n<\/div><div class=\"accordian fusion-accordian\" style=\"--awb-border-size:1px;--awb-icon-size:13px;--awb-content-font-size:13px;--awb-icon-alignment:left;--awb-hover-color:#f9f9f9;--awb-border-color:#cccccc;--awb-background-color:#ffffff;--awb-divider-color:#e0dede;--awb-divider-hover-color:#e0dede;--awb-icon-color:#ffffff;--awb-title-color:#333333;--awb-content-color:#747474;--awb-icon-box-color:#333333;--awb-toggle-hover-accent-color:#26a147;--awb-title-font-family:&quot;PT Sans&quot;;--awb-title-font-weight:400;--awb-title-font-style:normal;--awb-title-font-size:13px;--awb-content-font-family:&quot;PT Sans&quot;;--awb-content-font-style:normal;--awb-content-font-weight:400;\"><div class=\"panel-group fusion-toggle-icon-boxed\" id=\"accordion-3355-71\"><div class=\"fusion-panel panel-default panel-e5eec0f2e44184ae7 fusion-toggle-has-divider\" style=\"--awb-title-color:#333333;--awb-content-color:#747474;\"><div class=\"panel-heading\"><h4 class=\"panel-title toggle\" id=\"toggle_e5eec0f2e44184ae7\"><a aria-expanded=\"false\" aria-controls=\"e5eec0f2e44184ae7\" role=\"button\" data-toggle=\"collapse\" data-parent=\"#accordion-3355-71\" data-target=\"#e5eec0f2e44184ae7\" href=\"#e5eec0f2e44184ae7\"><span class=\"fusion-toggle-icon-wrapper\" aria-hidden=\"true\"><i class=\"fa-fusion-box active-icon awb-icon-minus\" aria-hidden=\"true\"><\/i><i class=\"fa-fusion-box inactive-icon awb-icon-plus\" aria-hidden=\"true\"><\/i><\/span><span class=\"fusion-toggle-heading\">Protection solaire de la toiture<\/span><\/a><\/h4><\/div><div id=\"e5eec0f2e44184ae7\" class=\"panel-collapse collapse \" aria-labelledby=\"toggle_e5eec0f2e44184ae7\"><div class=\"panel-body toggle-content fusion-clearfix\">\n<table style=\"width: 100%;height: 187px\">\n<tbody>\n<tr style=\"height: 187px\">\n<td style=\"height: 187px\"><span style=\"color: #000000\"><strong><span style=\"text-decoration: underline\">Locaux concern\u00e9s<\/span> :<\/strong><\/span><\/p>\n<ul>\n<li>Locaux clos et climatis\u00e9s ou occup\u00e9s (exemples\u00a0: salle de classe, infirmerie, biblioth\u00e8que, salle de r\u00e9union, espace d\u2019accueil avec personnel permanent, \u2026)<\/li>\n<li>Locaux clos non-occup\u00e9s donnant <u>directement<\/u> sur les locaux ci-dessus, hors locaux techniques, stationnements et espaces de stockage non climatis\u00e9s (exemples : sanitaires, vestiaire, circulation close, \u2026)<\/li>\n<\/ul>\n<\/td>\n<td style=\"height: 187px\"><img decoding=\"async\" class=\"alignright wp-image-3430\" src=\"https:\/\/www.service-public.pf\/sde\/wp-content\/uploads\/sites\/15\/2023\/01\/SDE-REBPF-IlluTotales-Enseignement-ProToiture.png\" alt=\"\" width=\"300\" height=\"225\" srcset=\"https:\/\/www.service-public.pf\/sde\/wp-content\/uploads\/sites\/15\/2023\/01\/SDE-REBPF-IlluTotales-Enseignement-ProToiture-200x150.png 200w, https:\/\/www.service-public.pf\/sde\/wp-content\/uploads\/sites\/15\/2023\/01\/SDE-REBPF-IlluTotales-Enseignement-ProToiture-300x225.png 300w, https:\/\/www.service-public.pf\/sde\/wp-content\/uploads\/sites\/15\/2023\/01\/SDE-REBPF-IlluTotales-Enseignement-ProToiture-400x300.png 400w, https:\/\/www.service-public.pf\/sde\/wp-content\/uploads\/sites\/15\/2023\/01\/SDE-REBPF-IlluTotales-Enseignement-ProToiture-600x450.png 600w, https:\/\/www.service-public.pf\/sde\/wp-content\/uploads\/sites\/15\/2023\/01\/SDE-REBPF-IlluTotales-Enseignement-ProToiture-768x576.png 768w, https:\/\/www.service-public.pf\/sde\/wp-content\/uploads\/sites\/15\/2023\/01\/SDE-REBPF-IlluTotales-Enseignement-ProToiture-800x600.png 800w, https:\/\/www.service-public.pf\/sde\/wp-content\/uploads\/sites\/15\/2023\/01\/SDE-REBPF-IlluTotales-Enseignement-ProToiture-1024x768.png 1024w, https:\/\/www.service-public.pf\/sde\/wp-content\/uploads\/sites\/15\/2023\/01\/SDE-REBPF-IlluTotales-Enseignement-ProToiture-1200x900.png 1200w, https:\/\/www.service-public.pf\/sde\/wp-content\/uploads\/sites\/15\/2023\/01\/SDE-REBPF-IlluTotales-Enseignement-ProToiture.png 1453w\" sizes=\"(max-width: 300px) 100vw, 300px\" \/><\/td>\n<\/tr>\n<\/tbody>\n<\/table>\n<p style=\"color: #000000\"><strong><span style=\"text-decoration: underline\">Seuils \u00e0 respecter : <\/span><\/strong><\/p>\n<table class=\"table table-bordered\" style=\"width: 100%\">\n<tbody>\n<tr>\n<td style=\"width: 24.0317%\"><strong>Mesure<\/strong><\/td>\n<td style=\"width: 4.78677%\"><strong>Seuil<\/strong><\/td>\n<td style=\"width: 58.7865%\"><strong>Exemples de solutions<\/strong><\/td>\n<\/tr>\n<tr>\n<td style=\"width: 24.0317%\">Facteur solaire maximal de la toiture<\/td>\n<td style=\"width: 4.78677%\">2,5%<\/td>\n<td style=\"width: 58.7865%\">\n<ul>\n<li>Toiture (avec combles) en t\u00f4le de teinte claire avec 3 cm de laine min\u00e9rale minimum<\/li>\n<li>Toiture (avec combles) en t\u00f4le de teinte moyenne avec 5 cm de laine min\u00e9rale minimum<\/li>\n<li>Toiture (avec combles) en t\u00f4le de teinte sombre avec 7,5 cm de laine min\u00e9rale minimum<\/li>\n<\/ul>\n<\/td>\n<\/tr>\n<\/tbody>\n<\/table>\n<p><span style=\"color: #000000\"><strong>Pour plus d\u2019informations sur l\u2019application de la th\u00e9matique, consultez la fiche en question\u00a0:<\/strong><\/span><\/p>\n<ul>\n<li><a href=\"https:\/\/www.service-public.pf\/sde\/wp-content\/uploads\/sites\/15\/2023\/09\/Fiche-02-Protection-solaire-des-parois-opaques-horizontales-Toitures.pdf\">Fiche d\u2019application \u00ab\u00a0Protection solaire de la toiture\u00a0\u00bb<\/a><\/li>\n<\/ul>\n<\/div><\/div><\/div><\/div><\/div><div class=\"fusion-text fusion-text-285\" style=\"--awb-margin-top:10px;\"><p><span style=\"color: #000000\"><strong>Informations relatives aux demandes de permis de construire et au certificat de conformit\u00e9<\/strong><\/span><\/p>\n<p>Le p\u00e9titionnaire remplit les nouveaux formulaires de demande de permis de construire et de certificat de conformit\u00e9 de la DCA qui int\u00e8grent la d\u00e9claration du respect de la r\u00e9glementation.<\/p>\n<p><strong>Si les surfaces de plancher construites cumul\u00e9es* sont sup\u00e9rieures \u00e0 250 m\u00b2 de plancher, les demandes de permis de construire et de certificat de conformit\u00e9 doivent \u00eatre accompagn\u00e9es de l\u2019avis d\u2019un organisme agr\u00e9\u00e9<\/strong><\/p>\n<ul>\n<li><a href=\"https:\/\/www.service-public.pf\/sde\/organismes-agrees\/\">Parcourir la page d\u00e9di\u00e9e aux organismes agr\u00e9\u00e9s<\/a><\/li>\n<\/ul>\n<p><em><span style=\"font-size: 10pt\">* Les surfaces de plancher \u00e0 consid\u00e9rer sont celles de n\u2019importe quel b\u00e2timent neuf rattach\u00e9 au projet de construction, d\u00e8s lors que la typologie associ\u00e9e est bureaux, enseignement, \u00e9tablissement de soin, h\u00f4tellerie ou logement collectif.<\/span><\/em><\/p>\n<p><span style=\"color: #000000\"><strong>Informations sur les dispositions applicables \u00e0 la typologie <\/strong>(ne consulter que les rubriques des th\u00e9matiques concernant le projet de construction)<strong>\u00a0:<\/strong><\/span><\/p>\n<ul>\n<li><a href=\"https:\/\/www.service-public.pf\/sde\/wp-content\/uploads\/sites\/15\/2023\/04\/REPBF_Depliants_EtablissmentEnseignement_Pages-V2.pdf\">D\u00e9pliant \u00ab\u00a0Enseignement \u00bb<\/a><\/li>\n<\/ul>\n<\/div><\/div><\/div><\/div><\/div><\/div><div class=\"fusion-layout-column fusion_builder_column fusion-builder-column-88 fusion_builder_column_4_5 4_5 fusion-flex-column vct_gambier_content\" style=\"--awb-bg-size:cover;--awb-width-large:80%;--awb-flex-grow:0;--awb-flex-shrink:0;--awb-margin-top-large:0px;--awb-spacing-right-large:2.4%;--awb-margin-bottom-large:20px;--awb-spacing-left-large:2.4%;--awb-width-medium:100%;--awb-order-medium:0;--awb-flex-grow-medium:0;--awb-flex-shrink-medium:0;--awb-spacing-right-medium:1.92%;--awb-spacing-left-medium:1.92%;--awb-width-small:100%;--awb-order-small:0;--awb-flex-grow-small:0;--awb-flex-shrink-small:0;--awb-spacing-right-small:1.92%;--awb-spacing-left-small:1.92%;\" id=\"vct_gambier_restauration_content\"><div class=\"fusion-column-wrapper fusion-column-has-shadow fusion-flex-justify-content-flex-start fusion-content-layout-column\"><div class=\"fusion-title title fusion-title-75 fusion-sep-none fusion-title-center fusion-title-text fusion-title-size-two hidden\" style=\"--awb-margin-top-small:0px;--awb-margin-right-small:0px;--awb-margin-bottom-small:20px;--awb-margin-left-small:0px;\"><h2 class=\"fusion-title-heading title-heading-center\" style=\"margin:0;\">Protection solaire de la toiture + D\u00e9pliant Restauration + Fiche d'information Restauration + Formulaire 1-AGMT<\/h2><\/div><div class=\"fusion-text fusion-text-286 vct_description_typologie\"><p>Il s\u2019agit d\u2019un b\u00e2timent ou d\u2019une partie de b\u00e2timent \u00e0 destination de restaurant ou de d\u00e9bit de<br \/>\nboisson, ainsi que leurs locaux accessoires.<\/p>\n<\/div><div class=\"fusion-builder-row fusion-builder-row-inner fusion-row fusion-flex-align-items-center fusion-flex-justify-content-center fusion-flex-content-wrap\" style=\"--awb-flex-grow:0;--awb-flex-grow-medium:0;--awb-flex-grow-small:0;--awb-flex-shrink:0;--awb-flex-shrink-medium:0;--awb-flex-shrink-small:0;width:104% !important;max-width:104% !important;margin-left: calc(-4% \/ 2 );margin-right: calc(-4% \/ 2 );\"><div class=\"fusion-layout-column fusion_builder_column_inner fusion-builder-nested-column-363 fusion_builder_column_inner_1_1 1_1 fusion-flex-column\" style=\"--awb-bg-size:cover;--awb-width-large:100%;--awb-margin-top-large:0px;--awb-spacing-right-large:1.92%;--awb-margin-bottom-large:20px;--awb-spacing-left-large:1.92%;--awb-width-medium:100%;--awb-order-medium:0;--awb-spacing-right-medium:1.92%;--awb-spacing-left-medium:1.92%;--awb-width-small:100%;--awb-order-small:0;--awb-spacing-right-small:1.92%;--awb-spacing-left-small:1.92%;\"><div class=\"fusion-column-wrapper fusion-column-has-shadow fusion-flex-justify-content-flex-start fusion-content-layout-column\"><div class=\"fusion-separator fusion-full-width-sep\" style=\"align-self: center;margin-left: auto;margin-right: auto;width:100%;\"><div class=\"fusion-separator-border sep-shadow\" style=\"--awb-height:20px;--awb-amount:20px;background:radial-gradient(ellipse at 50% -50% , #e0dede 0px, rgba(255, 255, 255, 0) 80%) repeat scroll 0 0 rgba(0, 0, 0, 0);background:-webkit-radial-gradient(ellipse at 50% -50% , #e0dede 0px, rgba(255, 255, 255, 0) 80%) repeat scroll 0 0 rgba(0, 0, 0, 0);background:-moz-radial-gradient(ellipse at 50% -50% , #e0dede 0px, rgba(255, 255, 255, 0) 80%) repeat scroll 0 0 rgba(0, 0, 0, 0);background:-o-radial-gradient(ellipse at 50% -50% , #e0dede 0px, rgba(255, 255, 255, 0) 80%) repeat scroll 0 0 rgba(0, 0, 0, 0);\"><\/div><\/div><\/div><\/div><div class=\"fusion-layout-column fusion_builder_column_inner fusion-builder-nested-column-364 fusion_builder_column_inner_1_3 1_3 fusion-flex-column\" style=\"--awb-bg-size:cover;--awb-width-large:33.333333333333%;--awb-margin-top-large:0px;--awb-spacing-right-large:2vw;--awb-margin-bottom-large:20px;--awb-spacing-left-large:5.76%;--awb-width-medium:100%;--awb-order-medium:0;--awb-spacing-right-medium:1.92%;--awb-spacing-left-medium:1.92%;--awb-width-small:100%;--awb-order-small:0;--awb-spacing-right-small:1.92%;--awb-spacing-left-small:1.92%;\"><div class=\"fusion-column-wrapper fusion-column-has-shadow fusion-flex-justify-content-flex-start fusion-content-layout-column\"><div class=\"fusion-image-element \" style=\"text-align:right;--awb-max-width:450px;--awb-caption-title-font-family:var(--h2_typography-font-family);--awb-caption-title-font-weight:var(--h2_typography-font-weight);--awb-caption-title-font-style:var(--h2_typography-font-style);--awb-caption-title-size:var(--h2_typography-font-size);--awb-caption-title-transform:var(--h2_typography-text-transform);--awb-caption-title-line-height:var(--h2_typography-line-height);--awb-caption-title-letter-spacing:var(--h2_typography-letter-spacing);\"><span class=\" fusion-imageframe imageframe-none imageframe-72 hover-type-none\"><img decoding=\"async\" width=\"300\" height=\"225\" title=\"SDE REBPF IlluTotales Restaurant\" src=\"https:\/\/www.service-public.pf\/sde\/wp-content\/uploads\/sites\/15\/2023\/01\/SDE-REBPF-IlluTotales-Restaurant-300x225.png\" alt class=\"img-responsive wp-image-3464\" srcset=\"https:\/\/www.service-public.pf\/sde\/wp-content\/uploads\/sites\/15\/2023\/01\/SDE-REBPF-IlluTotales-Restaurant-200x150.png 200w, https:\/\/www.service-public.pf\/sde\/wp-content\/uploads\/sites\/15\/2023\/01\/SDE-REBPF-IlluTotales-Restaurant-400x300.png 400w, https:\/\/www.service-public.pf\/sde\/wp-content\/uploads\/sites\/15\/2023\/01\/SDE-REBPF-IlluTotales-Restaurant-600x450.png 600w, https:\/\/www.service-public.pf\/sde\/wp-content\/uploads\/sites\/15\/2023\/01\/SDE-REBPF-IlluTotales-Restaurant-800x600.png 800w, https:\/\/www.service-public.pf\/sde\/wp-content\/uploads\/sites\/15\/2023\/01\/SDE-REBPF-IlluTotales-Restaurant-1200x900.png 1200w, https:\/\/www.service-public.pf\/sde\/wp-content\/uploads\/sites\/15\/2023\/01\/SDE-REBPF-IlluTotales-Restaurant.png 1453w\" sizes=\"(max-width: 1024px) 100vw, (max-width: 640px) 100vw, 800px\" \/><\/span><\/div><\/div><\/div><div class=\"fusion-layout-column fusion_builder_column_inner fusion-builder-nested-column-365 fusion_builder_column_inner_2_3 2_3 fusion-flex-column\" style=\"--awb-bg-size:cover;--awb-width-large:66.666666666667%;--awb-margin-top-large:0px;--awb-spacing-right-large:2.88%;--awb-margin-bottom-large:20px;--awb-spacing-left-large:2.88%;--awb-width-medium:100%;--awb-order-medium:0;--awb-spacing-right-medium:1.92%;--awb-spacing-left-medium:1.92%;--awb-width-small:100%;--awb-order-small:0;--awb-spacing-right-small:1.92%;--awb-spacing-left-small:1.92%;\"><div class=\"fusion-column-wrapper fusion-column-has-shadow fusion-flex-justify-content-center fusion-content-layout-column\"><div class=\"fusion-text fusion-text-287\" style=\"--awb-content-alignment:center;--awb-font-size:24pt;\"><p>Localisation\u00a0du projet : <strong>Gambier<\/strong><\/p>\n<p>Typologie de la construction\u00a0: <strong>Restauration<\/strong><\/p>\n<\/div><\/div><\/div><div class=\"fusion-layout-column fusion_builder_column_inner fusion-builder-nested-column-366 fusion_builder_column_inner_1_1 1_1 fusion-flex-column\" style=\"--awb-bg-size:cover;--awb-width-large:100%;--awb-margin-top-large:0px;--awb-spacing-right-large:1.92%;--awb-margin-bottom-large:20px;--awb-spacing-left-large:1.92%;--awb-width-medium:100%;--awb-order-medium:0;--awb-spacing-right-medium:1.92%;--awb-spacing-left-medium:1.92%;--awb-width-small:100%;--awb-order-small:0;--awb-spacing-right-small:1.92%;--awb-spacing-left-small:1.92%;\"><div class=\"fusion-column-wrapper fusion-column-has-shadow fusion-flex-justify-content-flex-start fusion-content-layout-column\"><div class=\"fusion-separator fusion-full-width-sep\" style=\"align-self: center;margin-left: auto;margin-right: auto;margin-bottom:20px;width:100%;\"><div class=\"fusion-separator-border sep-shadow\" style=\"--awb-height:20px;--awb-amount:20px;background:radial-gradient(ellipse at 50% -50% , #e0dede 0px, rgba(255, 255, 255, 0) 80%) repeat scroll 0 0 rgba(0, 0, 0, 0);background:-webkit-radial-gradient(ellipse at 50% -50% , #e0dede 0px, rgba(255, 255, 255, 0) 80%) repeat scroll 0 0 rgba(0, 0, 0, 0);background:-moz-radial-gradient(ellipse at 50% -50% , #e0dede 0px, rgba(255, 255, 255, 0) 80%) repeat scroll 0 0 rgba(0, 0, 0, 0);background:-o-radial-gradient(ellipse at 50% -50% , #e0dede 0px, rgba(255, 255, 255, 0) 80%) repeat scroll 0 0 rgba(0, 0, 0, 0);\"><\/div><\/div><\/div><\/div><div class=\"fusion-layout-column fusion_builder_column_inner fusion-builder-nested-column-367 fusion_builder_column_inner_1_1 1_1 fusion-flex-column\" style=\"--awb-bg-color:#ffffff;--awb-bg-color-hover:#ffffff;--awb-bg-size:cover;--awb-width-large:100%;--awb-margin-top-large:0px;--awb-spacing-right-large:1.92%;--awb-margin-bottom-large:20px;--awb-spacing-left-large:1.92%;--awb-width-medium:100%;--awb-order-medium:0;--awb-spacing-right-medium:1.92%;--awb-spacing-left-medium:1.92%;--awb-width-small:100%;--awb-order-small:0;--awb-spacing-right-small:1.92%;--awb-spacing-left-small:1.92%;\"><div class=\"fusion-column-wrapper fusion-column-has-shadow fusion-flex-justify-content-flex-start fusion-content-layout-column\"><div class=\"fusion-text fusion-text-288\" style=\"--awb-text-color:#000000;\"><p><strong>Th\u00e9matiques applicables :<\/strong><\/p>\n<\/div><div class=\"accordian fusion-accordian\" style=\"--awb-border-size:1px;--awb-icon-size:13px;--awb-content-font-size:13px;--awb-icon-alignment:left;--awb-hover-color:#f9f9f9;--awb-border-color:#cccccc;--awb-background-color:#ffffff;--awb-divider-color:#e0dede;--awb-divider-hover-color:#e0dede;--awb-icon-color:#ffffff;--awb-title-color:#333333;--awb-content-color:#747474;--awb-icon-box-color:#333333;--awb-toggle-hover-accent-color:#26a147;--awb-title-font-family:&quot;PT Sans&quot;;--awb-title-font-weight:400;--awb-title-font-style:normal;--awb-title-font-size:13px;--awb-content-font-family:&quot;PT Sans&quot;;--awb-content-font-style:normal;--awb-content-font-weight:400;\"><div class=\"panel-group fusion-toggle-icon-boxed\" id=\"accordion-3355-72\"><div class=\"fusion-panel panel-default panel-ac2da74d3ba760bcc fusion-toggle-has-divider\" style=\"--awb-title-color:#333333;--awb-content-color:#747474;\"><div class=\"panel-heading\"><h4 class=\"panel-title toggle\" id=\"toggle_ac2da74d3ba760bcc\"><a aria-expanded=\"false\" aria-controls=\"ac2da74d3ba760bcc\" role=\"button\" data-toggle=\"collapse\" data-parent=\"#accordion-3355-72\" data-target=\"#ac2da74d3ba760bcc\" href=\"#ac2da74d3ba760bcc\"><span class=\"fusion-toggle-icon-wrapper\" aria-hidden=\"true\"><i class=\"fa-fusion-box active-icon awb-icon-minus\" aria-hidden=\"true\"><\/i><i class=\"fa-fusion-box inactive-icon awb-icon-plus\" aria-hidden=\"true\"><\/i><\/span><span class=\"fusion-toggle-heading\">Protection solaire de la toiture<\/span><\/a><\/h4><\/div><div id=\"ac2da74d3ba760bcc\" class=\"panel-collapse collapse \" aria-labelledby=\"toggle_ac2da74d3ba760bcc\"><div class=\"panel-body toggle-content fusion-clearfix\">\n<table style=\"width: 100%;height: 187px\">\n<tbody>\n<tr style=\"height: 187px\">\n<td style=\"height: 187px\"><span style=\"color: #000000\"><strong><span style=\"text-decoration: underline\">Locaux concern\u00e9s<\/span> :<\/strong><\/span><\/p>\n<ul>\n<li>Locaux clos et climatis\u00e9s ou occup\u00e9s (exemples\u00a0: cuisine, salle de restauration, r\u00e9serve climatis\u00e9e, \u2026)<\/li>\n<li>Locaux clos non-occup\u00e9s donnant <u>directement<\/u> sur les locaux ci-dessus, hors locaux techniques, stationnements et espaces de stockage non climatis\u00e9s (exemples : sanitaires, circulation, \u2026)<\/li>\n<\/ul>\n<\/td>\n<td style=\"height: 187px\"><img decoding=\"async\" class=\"alignright wp-image-3430\" src=\"https:\/\/www.service-public.pf\/sde\/wp-content\/uploads\/sites\/15\/2023\/01\/SDE-REBPF-IlluTotales-Restaurant-ProToiture.png\" alt=\"\" width=\"300\" height=\"225\" \/><\/td>\n<\/tr>\n<\/tbody>\n<\/table>\n<p style=\"color: #000000\"><strong><span style=\"text-decoration: underline\">Seuils \u00e0 respecter : <\/span><\/strong><\/p>\n<table class=\"table table-bordered\" style=\"width: 100%\">\n<tbody>\n<tr>\n<td style=\"width: 24.0317%\"><strong>Mesure<\/strong><\/td>\n<td style=\"width: 4.78677%\"><strong>Seuil<\/strong><\/td>\n<td style=\"width: 58.7865%\"><strong>Exemples de solutions<\/strong><\/td>\n<\/tr>\n<tr>\n<td style=\"width: 24.0317%\">Facteur solaire maximal de la toiture<\/td>\n<td style=\"width: 4.78677%\">2,5%<\/td>\n<td style=\"width: 58.7865%\">\n<ul>\n<li>Toiture (avec combles) en t\u00f4le de teinte claire avec 3 cm de laine min\u00e9rale minimum<\/li>\n<li>Toiture (avec combles) en t\u00f4le de teinte moyenne avec 5 cm de laine min\u00e9rale minimum<\/li>\n<li>Toiture (avec combles) en t\u00f4le de teinte sombre avec 7,5 cm de laine min\u00e9rale minimum<\/li>\n<li>Toiture terrasse en b\u00e9ton de teinte moyenne avec 6 cm de polystyr\u00e8ne expans\u00e9 minimum<\/li>\n<li>Toiture en bardeau de bois apparents correspondant \u00e0 une toiture \u00ab ventil\u00e9e \u00bb<\/li>\n<li>Toiture terrasse en b\u00e9ton avec sur-toiture largement ventil\u00e9e<\/li>\n<\/ul>\n<\/td>\n<\/tr>\n<\/tbody>\n<\/table>\n<p><span style=\"color: #000000\"><strong>Pour plus d\u2019informations sur l\u2019application de la th\u00e9matique, consultez la fiche en question\u00a0:<\/strong><\/span><\/p>\n<ul>\n<li><a href=\"https:\/\/www.service-public.pf\/sde\/wp-content\/uploads\/sites\/15\/2023\/09\/Fiche-02-Protection-solaire-des-parois-opaques-horizontales-Toitures.pdf\">Fiche d\u2019application \u00ab\u00a0Protection solaire de la toiture\u00a0\u00bb<\/a><\/li>\n<\/ul>\n<p>Nota bene : les informations diffus\u00e9es dans le d\u00e9pliant mis \u00e0 disposition ci-dessous sont normalement suffisantes pour s'assurer de la conformit\u00e9 de son projet sans rentrer dans les d\u00e9tails techniques de la th\u00e9matique.<\/p>\n<\/div><\/div><\/div><\/div><\/div><div class=\"fusion-text fusion-text-289\" style=\"--awb-margin-top:10px;\"><p><span style=\"color: #000000\"><strong>Informations relatives aux demandes de permis de construire et au certificat de conformit\u00e9<\/strong><\/span><\/p>\n<p>Le p\u00e9titionnaire remplit les nouveaux formulaires de demande de permis de construire et de certificat de conformit\u00e9 de la DCA qui int\u00e8grent la d\u00e9claration du respect de la r\u00e9glementation.<\/p>\n<p><span style=\"color: #000000\"><strong>Informations sur les dispositions applicables \u00e0 la typologie <\/strong><strong>:<\/strong><\/span><\/p>\n<ul>\n<li><a href=\"https:\/\/www.service-public.pf\/sde\/wp-content\/uploads\/sites\/15\/2023\/03\/REPBF_Depliants_Restauration_Pages.pdf\">D\u00e9pliant \u00ab\u00a0Restauration \u00bb<\/a><\/li>\n<\/ul>\n<\/div>\n<\/div><\/div><\/div><\/div><\/div><\/div><\/div><input type=\"hidden\" name=\"fusion_privacy_expiration_interval\" value=\"48\"><input type=\"hidden\" name=\"privacy_expiration_action\" value=\"anonymize\"><\/form><\/div><\/div><\/div><\/div><\/div><\/p>\n","protected":false},"excerpt":{"rendered":"","protected":false},"author":310,"featured_media":0,"parent":0,"menu_order":0,"comment_status":"closed","ping_status":"closed","template":"","meta":{"_seopress_robots_primary_cat":"","_seopress_titles_title":"","_seopress_titles_desc":"","_seopress_robots_index":"","footnotes":""},"class_list":["post-3355","page","type-page","status-publish","hentry"],"_links":{"self":[{"href":"https:\/\/www.service-public.pf\/sde\/wp-json\/wp\/v2\/pages\/3355","targetHints":{"allow":["GET"]}}],"collection":[{"href":"https:\/\/www.service-public.pf\/sde\/wp-json\/wp\/v2\/pages"}],"about":[{"href":"https:\/\/www.service-public.pf\/sde\/wp-json\/wp\/v2\/types\/page"}],"author":[{"embeddable":true,"href":"https:\/\/www.service-public.pf\/sde\/wp-json\/wp\/v2\/users\/310"}],"replies":[{"embeddable":true,"href":"https:\/\/www.service-public.pf\/sde\/wp-json\/wp\/v2\/comments?post=3355"}],"version-history":[{"count":1,"href":"https:\/\/www.service-public.pf\/sde\/wp-json\/wp\/v2\/pages\/3355\/revisions"}],"predecessor-version":[{"id":4574,"href":"https:\/\/www.service-public.pf\/sde\/wp-json\/wp\/v2\/pages\/3355\/revisions\/4574"}],"wp:attachment":[{"href":"https:\/\/www.service-public.pf\/sde\/wp-json\/wp\/v2\/media?parent=3355"}],"curies":[{"name":"wp","href":"https:\/\/api.w.org\/{rel}","templated":true}]}}